{"id":1105,"date":"2019-07-08T20:58:31","date_gmt":"2019-07-08T18:58:31","guid":{"rendered":"http:\/\/ipag.dk-tech.fr\/?page_id=1105"},"modified":"2023-09-18T13:41:03","modified_gmt":"2023-09-18T11:41:03","slug":"nos-missions","status":"publish","type":"page","link":"https:\/\/saisonsculturelleschaumont.fr\/mdxpuixt\/nos-missions\/","title":{"rendered":"Nos missions"},"content":{"rendered":"\t\t<div data-elementor-type=\"wp-post\" data-elementor-id=\"1105\" class=\"elementor elementor-1105\">\n\t\t\t\t\t\t<div class=\"elementor-inner\">\n\t\t\t\t<div class=\"elementor-section-wrap\">\n\t\t\t\t\t\t\t\t\t<section class=\"elementor-section elementor-top-section elementor-element elementor-element-595af86 elementor-section-boxed elementor-section-height-default elementor-section-height-default\" data-id=\"595af86\" data-element_type=\"section\">\n\t\t\t\t\t\t<div class=\"elementor-container elementor-column-gap-default\">\n\t\t\t\t\t\t\t<div class=\"elementor-row\">\n\t\t\t\t\t<div class=\"elementor-column elementor-col-100 elementor-top-column elementor-element elementor-element-10f69b84\" data-id=\"10f69b84\" data-element_type=\"column\">\n\t\t\t<div class=\"elementor-column-wrap elementor-element-populated\">\n\t\t\t\t\t\t\t<div class=\"elementor-widget-wrap\">\n\t\t\t\t\t\t<div class=\"elementor-element elementor-element-7260f8db elementor-widget elementor-widget-text-editor\" data-id=\"7260f8db\" data-element_type=\"widget\" data-widget_type=\"text-editor.default\">\n\t\t\t\t<div class=\"elementor-widget-container\">\n\t\t\t\t\t\t\t\t<div class=\"elementor-text-editor elementor-clearfix\">\n\t\t\t\t<h1><span data-contrast=\"auto\">nos missions<\/span><\/h1><p><span data-contrast=\"auto\">La ville de chaumont renouvelle sa volont\u00e9<\/span><span data-contrast=\"auto\"> de placer la culture au c\u0153ur de son<\/span><span data-contrast=\"auto\"> projet <\/span><span data-contrast=\"auto\">politique et citoyen afin <\/span><span data-contrast=\"auto\">de construire ensemble une ville <\/span><span data-contrast=\"auto\">cr\u00e9ative, durable et solidaire.<\/span><span data-ccp-props=\"{\">\u00a0<\/span><\/p><p><span data-contrast=\"auto\">M<\/span><span data-contrast=\"auto\">usiques, arts visuels, spectacle vivant, cin\u00e9ma, <\/span><span data-contrast=\"auto\">livre et particularit\u00e9 du territoire\u00a0<\/span><span data-contrast=\"auto\">\u202f<\/span><span data-contrast=\"auto\">: graphisme<\/span><span data-contrast=\"auto\">, la ville de chaumont <\/span><span data-contrast=\"auto\">porte et <\/span><span data-contrast=\"auto\">accompagne<\/span> <span data-contrast=\"auto\">un large programme d\u2019\u00e9ducation artistique et de diffusion <\/span><span data-contrast=\"auto\">culturelle<\/span><span data-contrast=\"auto\">.\u00a0\u00a0\u00a0\u00a0<\/span><span data-ccp-props=\"{\">\u00a0<\/span><\/p><p><span data-contrast=\"auto\">Les<\/span><span data-contrast=\"auto\"> saisons culturelles<\/span> <span data-contrast=\"auto\">aspirent \u00e0 donner<\/span><span data-contrast=\"auto\"> la par<\/span><span data-contrast=\"auto\">ole aux artistes investis par des<\/span><span data-contrast=\"auto\"> th\u00e9matique<\/span><span data-contrast=\"auto\">s<\/span><span data-contrast=\"auto\"> choisi<\/span><span data-contrast=\"auto\">e<\/span><span data-contrast=\"auto\">s<\/span><span data-contrast=\"auto\">. L<\/span><span data-contrast=\"auto\">\u2019occasion<\/span><span data-contrast=\"auto\">, le temps d\u2019une saison, de se pencher sur <\/span><span data-contrast=\"auto\">un s<\/span><span data-contrast=\"auto\">ujet qui<\/span><span data-contrast=\"auto\"> inspire, fascine, <\/span><span data-contrast=\"auto\">inqui\u00e8te<\/span><span data-contrast=\"auto\"> ou<\/span><span data-contrast=\"auto\"> laisse a priori indiff\u00e9rent<\/span><span data-contrast=\"auto\">. <\/span><span data-contrast=\"auto\">Chaque saison permet <\/span><span data-contrast=\"auto\">de d\u00e9couvrir,<\/span><span data-contrast=\"auto\"> \u00e0 travers diff\u00e9rentes disciplines<\/span><span data-contrast=\"auto\"> artistiques, des approches toujours singuli\u00e8res.\u00a0<\/span><span data-ccp-props=\"{\">\u00a0<\/span><\/p><p><span data-contrast=\"auto\">Par ailleurs, f<\/span><span data-contrast=\"auto\">orts de leur mission de service public, les \u00e9tablissements cu<\/span><span data-contrast=\"auto\">lturels de la ville de chaumont, sur le mod\u00e8le d\u2019<\/span><span data-contrast=\"auto\">autres villes, veillent \u00e0 la mise en <\/span><span data-contrast=\"auto\">\u0153uvre <\/span><span data-contrast=\"auto\">d\u2019une<\/span><span data-contrast=\"auto\"> c<\/span><span data-contrast=\"auto\">harte <\/span><span data-contrast=\"auto\">de c<\/span><span data-contrast=\"auto\">oop\u00e9ration <\/span><span data-contrast=\"auto\">pour une culture r<\/span><span data-contrast=\"auto\">esponsable<\/span><span data-contrast=\"auto\">, <\/span><span data-contrast=\"auto\">dont les fondements reposent sur <\/span><span data-contrast=\"auto\">des a<\/span><span data-contrast=\"auto\">ctions <\/span><span data-contrast=\"auto\">concr\u00e8tes et lisibles en faveur <\/span><span data-contrast=\"auto\">:<\/span><span data-ccp-props=\"{\">\u00a0<\/span><\/p><ul><li><span data-contrast=\"auto\">de<\/span> <span data-contrast=\"auto\">tous les territoires de la ville, de ses quartiers les plus \u00e9loign\u00e9s et de ses zone<\/span><span data-contrast=\"auto\">s<\/span><span data-contrast=\"auto\"> rurales, jusqu\u2019au <\/span><span data-contrast=\"auto\">c\u0153ur <\/span><span data-contrast=\"auto\">du centre-ville<\/span><span data-ccp-props=\"{\">\u00a0<\/span><\/li><li><span data-contrast=\"auto\">de<\/span> <span data-contrast=\"auto\">l\u2019\u00e9ducation artistique, en tant que pratique accessible \u00e0 tous, indispensable \u00e0 la d\u00e9mocratisation culturelle et \u00e0 l\u2019\u00e9galit\u00e9 des chances<\/span><span data-ccp-props=\"{\">\u00a0<\/span><\/li><li><span data-contrast=\"auto\">du<\/span><span data-contrast=\"auto\"> d\u00e9veloppement solidaire et participatif, destin\u00e9 aux populations les plus vuln\u00e9rables, ainsi qu\u2019\u00e0 celles en situation d\u2019insertion sociale et professionnelle<\/span><span data-ccp-props=\"{\">\u00a0<\/span><\/li><li><span data-contrast=\"auto\">de<\/span><span data-contrast=\"auto\"> la diversit\u00e9 culturelle et de l\u2019\u00e9galit\u00e9 pour tous, contre les discriminations de genre, d\u2019origine sociale, professionnelle ou culturelle<\/span><span data-ccp-props=\"{\">\u00a0<\/span><\/li><li><span data-contrast=\"auto\">de<\/span><span data-contrast=\"auto\"> la pr\u00e9servation des m\u00e9moires et des patrimoines chaumontais, pour partager notre histoire commune et individuelle, mettre en valeur nos monuments et comprendre ainsi notre pass\u00e9 pour mieux appr\u00e9hender notre pr\u00e9sent et b\u00e2tir ensemble notre futur<\/span><span data-ccp-props=\"{\">\u00a0<\/span><\/li><li><span data-contrast=\"auto\">de<\/span><span data-contrast=\"auto\"> notre engagement pour une ville \u00e9coresponsable, en d\u00e9veloppant des actions qui sensibilisent nos usagers, au respect de l\u2019environnement, de notre Nature ; mais \u00e9galement en ayant de bonnes pratiques au sein m\u00eame de nos \u00e9tablissements<\/span><span data-ccp-props=\"{\">\u00a0<\/span><\/li><li><span data-contrast=\"auto\">de<\/span><span data-contrast=\"auto\"> la cr\u00e9ativit\u00e9 et de l\u2019innovation, et participer \u00e0 la mise en <\/span><span data-contrast=\"auto\">\u0153uvre <\/span><span data-contrast=\"auto\">d\u2019id\u00e9es nouvelles et originales tout en impulsant des moyens novateurs et l\u2019usage de nouvelles technologies appliqu\u00e9es aux disciplines artistiques et culturelles.<\/span><span data-ccp-props=\"{\">\u00a0<\/span><\/li><\/ul><p><span data-contrast=\"auto\">L<\/span><span data-contrast=\"auto\">e<\/span><span data-contrast=\"auto\">s<\/span><span data-contrast=\"auto\"> saisons culturelles <\/span><span data-contrast=\"auto\">et <\/span><span data-contrast=\"auto\">la<\/span><span data-contrast=\"auto\"> charte de coop\u00e9rat<\/span><span data-contrast=\"auto\">ion culturelle ont pour objet<\/span><span data-contrast=\"auto\"> de <\/span><span data-contrast=\"auto\">f\u00e9d\u00e9rer, autour d\u2019une politique culturelle commune,<\/span><span data-contrast=\"auto\"> tous les acteurs du territoir<\/span><span data-contrast=\"auto\">e. <\/span><span data-contrast=\"auto\">Comme<\/span><span data-contrast=\"auto\"> les <\/span><span data-contrast=\"auto\">\u00e9<\/span><span data-contrast=\"auto\">quipements municipaux<\/span><span data-contrast=\"auto\">,<\/span> <span data-contrast=\"auto\">les \u00e9tablissements <\/span><span data-contrast=\"auto\">autonomes subventionn\u00e9s par la ville,<\/span><span data-contrast=\"auto\"> compagnies professionnelles locales et associations <\/span><span data-contrast=\"auto\">culturelles <\/span><span data-contrast=\"auto\">chaumontaises<\/span> <span data-contrast=\"auto\">sont invit\u00e9s \u00e0 adh\u00e9rer<\/span><span data-contrast=\"auto\"> au projet culturel de la ville<\/span><span data-contrast=\"auto\"> \u00e0 travers sa charte de c<\/span><span data-contrast=\"auto\">oop\u00e9ration <\/span><span data-contrast=\"auto\">et ses appels \u00e0 projets.<\/span><\/p><p><span data-contrast=\"auto\">\u00a0<\/span><\/p><p><span data-contrast=\"auto\">charte de coop\u00e9ration <a href=\"https:\/\/saisonsculturelleschaumont.fr\/mdxpuixt\/wp-content\/uploads\/2019\/10\/CHARTE.pdf\">\u00e0 t\u00e9l\u00e9charger.<\/a><\/span><\/p><p><span data-contrast=\"auto\">bulletin d&rsquo;adh\u00e9sion <a href=\"https:\/\/saisonsculturelleschaumont.fr\/mdxpuixt\/wp-content\/uploads\/2019\/10\/Bulletin-dinscription-Projet.pdf\">\u00e0 t\u00e9l\u00e9charger.<\/a><\/span><\/p>\t\t\t\t\t<\/div>\n\t\t\t\t\t\t<\/div>\n\t\t\t\t<\/div>\n\t\t\t\t\t\t<\/div>\n\t\t\t\t\t<\/div>\n\t\t<\/div>\n\t\t\t\t\t\t\t\t<\/div>\n\t\t\t\t\t<\/div>\n\t\t<\/section>\n\t\t\t\t<section class=\"elementor-section elementor-top-section elementor-element elementor-element-15d6469 elementor-section-boxed elementor-section-height-default elementor-section-height-default\" data-id=\"15d6469\" data-element_type=\"section\">\n\t\t\t\t\t\t<div class=\"elementor-container elementor-column-gap-default\">\n\t\t\t\t\t\t\t<div class=\"elementor-row\">\n\t\t\t\t\t<div class=\"elementor-column elementor-col-100 elementor-top-column elementor-element elementor-element-f3fc1fd\" data-id=\"f3fc1fd\" data-element_type=\"column\">\n\t\t\t<div class=\"elementor-column-wrap elementor-element-populated\">\n\t\t\t\t\t\t\t<div class=\"elementor-widget-wrap\">\n\t\t\t\t\t\t<div class=\"elementor-element elementor-element-a324116 elementor-widget elementor-widget-text-editor\" data-id=\"a324116\" data-element_type=\"widget\" data-widget_type=\"text-editor.default\">\n\t\t\t\t<div class=\"elementor-widget-container\">\n\t\t\t\t\t\t\t\t<div class=\"elementor-text-editor elementor-clearfix\">\n\t\t\t\t<p><strong>\u2022 \u00a0les \u00e9lus<\/strong><\/p>\t\t\t\t\t<\/div>\n\t\t\t\t\t\t<\/div>\n\t\t\t\t<\/div>\n\t\t\t\t\t\t<\/div>\n\t\t\t\t\t<\/div>\n\t\t<\/div>\n\t\t\t\t\t\t\t\t<\/div>\n\t\t\t\t\t<\/div>\n\t\t<\/section>\n\t\t\t\t<section class=\"elementor-section elementor-top-section elementor-element elementor-element-5f88825f elementor-section-boxed elementor-section-height-default elementor-section-height-default\" data-id=\"5f88825f\" data-element_type=\"section\">\n\t\t\t\t\t\t<div class=\"elementor-container elementor-column-gap-default\">\n\t\t\t\t\t\t\t<div class=\"elementor-row\">\n\t\t\t\t\t<div class=\"elementor-column elementor-col-100 elementor-top-column elementor-element elementor-element-42f865b2\" data-id=\"42f865b2\" data-element_type=\"column\">\n\t\t\t<div class=\"elementor-column-wrap elementor-element-populated\">\n\t\t\t\t\t\t\t<div class=\"elementor-widget-wrap\">\n\t\t\t\t\t\t<div class=\"elementor-element elementor-element-120b83cb elementor-widget elementor-widget-text-editor\" data-id=\"120b83cb\" data-element_type=\"widget\" data-widget_type=\"text-editor.default\">\n\t\t\t\t<div class=\"elementor-widget-container\">\n\t\t\t\t\t\t\t\t<div class=\"elementor-text-editor elementor-clearfix\">\n\t\t\t\t<p><span data-contrast=\"auto\">Christine <strong>Guillemy<\/strong><\/span><span data-ccp-props=\"{\"><br \/><\/span><span data-contrast=\"auto\">maire de la ville de chaumont<\/span><span data-ccp-props=\"{\">\u00a0<\/span><\/p><p><span data-ccp-props=\"{\">Paul <strong>Fourni\u00e9<\/strong><br \/><\/span><span data-contrast=\"auto\">premier adjoint au maire<br \/><\/span><span data-contrast=\"auto\">adjoint \u00e0 la culture<\/span><\/p><p><span data-contrast=\"auto\">V\u00e9ronique <strong>Nickels<\/strong><\/span><span data-ccp-props=\"{\"><br \/><\/span><span data-contrast=\"auto\">adjointe aux animations, aux festivit\u00e9s et \u00e0 l\u2019\u00e9v\u00e8nementiel<\/span><span data-ccp-props=\"{\">\u00a0<\/span>\u00a0<\/p>\t\t\t\t\t<\/div>\n\t\t\t\t\t\t<\/div>\n\t\t\t\t<\/div>\n\t\t\t\t\t\t<\/div>\n\t\t\t\t\t<\/div>\n\t\t<\/div>\n\t\t\t\t\t\t\t\t<\/div>\n\t\t\t\t\t<\/div>\n\t\t<\/section>\n\t\t\t\t<section class=\"elementor-section elementor-top-section elementor-element elementor-element-775246d4 elementor-section-boxed elementor-section-height-default elementor-section-height-default\" data-id=\"775246d4\" data-element_type=\"section\">\n\t\t\t\t\t\t<div class=\"elementor-container elementor-column-gap-default\">\n\t\t\t\t\t\t\t<div class=\"elementor-row\">\n\t\t\t\t\t<div class=\"elementor-column elementor-col-100 elementor-top-column elementor-element elementor-element-4e436242\" data-id=\"4e436242\" data-element_type=\"column\">\n\t\t\t<div class=\"elementor-column-wrap elementor-element-populated\">\n\t\t\t\t\t\t\t<div class=\"elementor-widget-wrap\">\n\t\t\t\t\t\t<div class=\"elementor-element elementor-element-6a84eae4 elementor-widget elementor-widget-text-editor\" data-id=\"6a84eae4\" data-element_type=\"widget\" data-widget_type=\"text-editor.default\">\n\t\t\t\t<div class=\"elementor-widget-container\">\n\t\t\t\t\t\t\t\t<div class=\"elementor-text-editor elementor-clearfix\">\n\t\t\t\t<p><strong>\u2022 \u00a0direction des politiques culturelles de la ville de chaumont<\/strong><\/p>\t\t\t\t\t<\/div>\n\t\t\t\t\t\t<\/div>\n\t\t\t\t<\/div>\n\t\t\t\t\t\t<\/div>\n\t\t\t\t\t<\/div>\n\t\t<\/div>\n\t\t\t\t\t\t\t\t<\/div>\n\t\t\t\t\t<\/div>\n\t\t<\/section>\n\t\t\t\t<section class=\"elementor-section elementor-top-section elementor-element elementor-element-e9f0d67 elementor-section-boxed elementor-section-height-default elementor-section-height-default\" data-id=\"e9f0d67\" data-element_type=\"section\">\n\t\t\t\t\t\t<div class=\"elementor-container elementor-column-gap-default\">\n\t\t\t\t\t\t\t<div class=\"elementor-row\">\n\t\t\t\t\t<div class=\"elementor-column elementor-col-100 elementor-top-column elementor-element elementor-element-be74489\" data-id=\"be74489\" data-element_type=\"column\">\n\t\t\t<div class=\"elementor-column-wrap elementor-element-populated\">\n\t\t\t\t\t\t\t<div class=\"elementor-widget-wrap\">\n\t\t\t\t\t\t<div class=\"elementor-element elementor-element-829f9da elementor-widget elementor-widget-premium-addon-image-hotspots\" data-id=\"829f9da\" data-element_type=\"widget\" data-widget_type=\"premium-addon-image-hotspots.default\">\n\t\t\t\t<div class=\"elementor-widget-container\">\n\t\t\t\n\t<div id=\"premium-image-hotspots-829f9da\" class=\"premium-image-hotspots-container\" data-settings=\"{&quot;anim&quot;:&quot;grow&quot;,&quot;animDur&quot;:500,&quot;delay&quot;:10,&quot;arrow&quot;:true,&quot;distance&quot;:5,&quot;minWidth&quot;:0,&quot;maxWidth&quot;:800,&quot;side&quot;:[&quot;bottom&quot;],&quot;hideMobiles&quot;:false,&quot;active&quot;:true,&quot;trigger&quot;:&quot;hover&quot;,&quot;id&quot;:&quot;829f9da&quot;,&quot;iconHover&quot;:&quot;pulse&quot;}\">\n\t\t<div class=\"premium-image-hotspots-img-wrap\">\n\t\t\t<img decoding=\"async\" src=\"https:\/\/saisonsculturelleschaumont.fr\/mdxpuixt\/wp-content\/uploads\/2023\/02\/Chaumont-team-20230208.jpg\" title=\"Chaumont-team-20230208\" alt=\"Chaumont-team-20230208\" loading=\"lazy\" \/>\t\t\t\t\t\t\t<div class=\"premium-image-hotspots-main-icons tooltip-wrapper premium-image-hotspots-anim  elementor-repeater-item-7df83f1 premium-image-hotspots-main-icons-7df83f1\" data-tooltip-content=\"#tooltip_content\">\n\t\t\t\t\t\n\t\t\t\t\t<div class=\"premium-hotsot-icon-wrap\">\n\t\t\t\t\t\t<i class=\"premium-image-hotspots-icon fas fa-bullseye\" aria-hidden=\"true\"><\/i>\t\t\t\t\t\t\t\t\t\t\t<\/div>\n\n\t\t\t\t\t\n\t\t\t\t\t\n\t\t\t\t\t<div class=\"premium-image-hotspots-tooltips-wrapper\">\n\t\t\t\t\t\t<div id=\"tooltip_content\" class=\"premium-image-hotspots-tooltips-text\">\n\t\t\t\t\t\t\t<p><span data-contrast=\"auto\">justine<\/span> <span data-contrast=\"auto\">an<\/span><span data-contrast=\"auto\">sel<\/span><\/p><p><span data-contrast=\"auto\">\u2192 charg\u00e9e de communication<\/span><\/p><p><span data-contrast=\"auto\">p\u00f4le communication, d\u00e9veloppement des publics et partenariats<\/span><span data-ccp-props=\"{\"><br \/><\/span><span data-contrast=\"auto\">06.08.87.63.21 \u2022 jansel@ville-chaumont.fr<\/span><span data-ccp-props=\"{\">\u00a0<\/span><\/p>\t\t\t\t\t\t<\/div>\n\t\t\t\t\t<\/div>\n\t\t\t\t<\/div>\n\t\t\t\t\t\t\t<div class=\"premium-image-hotspots-main-icons tooltip-wrapper premium-image-hotspots-anim  elementor-repeater-item-e18172c premium-image-hotspots-main-icons-e18172c\" data-tooltip-content=\"#tooltip_content\">\n\t\t\t\t\t\n\t\t\t\t\t<div class=\"premium-hotsot-icon-wrap\">\n\t\t\t\t\t\t<i class=\"premium-image-hotspots-icon fas fa-bullseye\" aria-hidden=\"true\"><\/i>\t\t\t\t\t\t\t\t\t\t\t<\/div>\n\n\t\t\t\t\t\n\t\t\t\t\t\n\t\t\t\t\t<div class=\"premium-image-hotspots-tooltips-wrapper\">\n\t\t\t\t\t\t<div id=\"tooltip_content\" class=\"premium-image-hotspots-tooltips-text\">\n\t\t\t\t\t\t\t<p><span data-contrast=\"auto\">jeannine<\/span> <span data-contrast=\"auto\">jurvillier<\/span><\/p><p><span data-contrast=\"auto\">\u2192 assistante logistique et administrative<\/span><\/p><p>p\u00f4le actions culturelles dans la ville<\/p><p><span data-contrast=\"auto\">03.25.30.60.53<\/span><span data-contrast=\"auto\"> \u2022 <\/span><span data-contrast=\"auto\">jjurvillier@ville-chaumont.fr<\/span><span data-ccp-props=\"{\">\u00a0<\/span><\/p>\t\t\t\t\t\t<\/div>\n\t\t\t\t\t<\/div>\n\t\t\t\t<\/div>\n\t\t\t\t\t\t\t<div class=\"premium-image-hotspots-main-icons tooltip-wrapper premium-image-hotspots-anim  elementor-repeater-item-f05cd3e premium-image-hotspots-main-icons-f05cd3e\" data-tooltip-content=\"#tooltip_content\">\n\t\t\t\t\t\n\t\t\t\t\t<div class=\"premium-hotsot-icon-wrap\">\n\t\t\t\t\t\t<i class=\"premium-image-hotspots-icon fas fa-bullseye\" aria-hidden=\"true\"><\/i>\t\t\t\t\t\t\t\t\t\t\t<\/div>\n\n\t\t\t\t\t\n\t\t\t\t\t\n\t\t\t\t\t<div class=\"premium-image-hotspots-tooltips-wrapper\">\n\t\t\t\t\t\t<div id=\"tooltip_content\" class=\"premium-image-hotspots-tooltips-text\">\n\t\t\t\t\t\t\t<p><span data-contrast=\"auto\">virginie <\/span><span data-contrast=\"auto\">capon-courtaux<\/span><\/p><p><span data-contrast=\"auto\">\u2192 responsable du p\u00f4le\u00a0<\/span><span data-ccp-props=\"{\">actions culturelles dans la ville<br \/><\/span><span data-contrast=\"auto\">03.25.30.60.58 \u2022 vcaponcourtaux@ville-chaumont.fr<\/span><span data-ccp-props=\"{\">\u00a0<\/span><\/p>\t\t\t\t\t\t<\/div>\n\t\t\t\t\t<\/div>\n\t\t\t\t<\/div>\n\t\t\t\t\t\t\t<div class=\"premium-image-hotspots-main-icons tooltip-wrapper premium-image-hotspots-anim  elementor-repeater-item-b4bbe5c premium-image-hotspots-main-icons-b4bbe5c\" data-tooltip-content=\"#tooltip_content\">\n\t\t\t\t\t\n\t\t\t\t\t<div class=\"premium-hotsot-icon-wrap\">\n\t\t\t\t\t\t<i class=\"premium-image-hotspots-icon fas fa-bullseye\" aria-hidden=\"true\"><\/i>\t\t\t\t\t\t\t\t\t\t\t<\/div>\n\n\t\t\t\t\t\n\t\t\t\t\t\n\t\t\t\t\t<div class=\"premium-image-hotspots-tooltips-wrapper\">\n\t\t\t\t\t\t<div id=\"tooltip_content\" class=\"premium-image-hotspots-tooltips-text\">\n\t\t\t\t\t\t\t<p><span data-contrast=\"auto\">didier<\/span> <span data-contrast=\"auto\">remond<\/span><\/p><p><span data-contrast=\"auto\">\u2192 <\/span>technicien du spectacle<\/p><p>p\u00f4le production<\/p>\t\t\t\t\t\t<\/div>\n\t\t\t\t\t<\/div>\n\t\t\t\t<\/div>\n\t\t\t\t\t\t\t<div class=\"premium-image-hotspots-main-icons tooltip-wrapper premium-image-hotspots-anim  elementor-repeater-item-994cbac premium-image-hotspots-main-icons-994cbac\" data-tooltip-content=\"#tooltip_content\">\n\t\t\t\t\t\n\t\t\t\t\t<div class=\"premium-hotsot-icon-wrap\">\n\t\t\t\t\t\t<i class=\"premium-image-hotspots-icon fas fa-bullseye\" aria-hidden=\"true\"><\/i>\t\t\t\t\t\t\t\t\t\t\t<\/div>\n\n\t\t\t\t\t\n\t\t\t\t\t\n\t\t\t\t\t<div class=\"premium-image-hotspots-tooltips-wrapper\">\n\t\t\t\t\t\t<div id=\"tooltip_content\" class=\"premium-image-hotspots-tooltips-text\">\n\t\t\t\t\t\t\t<p><span data-contrast=\"auto\">anne-<\/span><span data-contrast=\"auto\">catherine<\/span> <span data-contrast=\"auto\">simioni-lallement\u00a0<\/span><\/p><p><span data-contrast=\"auto\">\u2192 charg\u00e9e des finances et de l\u2019administration<\/span><\/p><p><span data-ccp-props=\"{\">p\u00f4le administration, finances et suivi de projets<\/span><\/p><p><span data-contrast=\"auto\">03.25.30.60.57<\/span><span data-contrast=\"auto\"> \u2022 asimioni<\/span><span data-contrast=\"auto\">@ville-chaumont.fr<\/span><span data-ccp-props=\"{\">\u00a0<\/span><\/p>\t\t\t\t\t\t<\/div>\n\t\t\t\t\t<\/div>\n\t\t\t\t<\/div>\n\t\t\t\t\t\t\t<div class=\"premium-image-hotspots-main-icons tooltip-wrapper premium-image-hotspots-anim  elementor-repeater-item-f757874 premium-image-hotspots-main-icons-f757874\" data-tooltip-content=\"#tooltip_content\">\n\t\t\t\t\t\n\t\t\t\t\t<div class=\"premium-hotsot-icon-wrap\">\n\t\t\t\t\t\t<i class=\"premium-image-hotspots-icon fas fa-bullseye\" aria-hidden=\"true\"><\/i>\t\t\t\t\t\t\t\t\t\t\t<\/div>\n\n\t\t\t\t\t\n\t\t\t\t\t\n\t\t\t\t\t<div class=\"premium-image-hotspots-tooltips-wrapper\">\n\t\t\t\t\t\t<div id=\"tooltip_content\" class=\"premium-image-hotspots-tooltips-text\">\n\t\t\t\t\t\t\t<p><span data-contrast=\"auto\">nathalie<\/span> <span data-contrast=\"auto\">ferreira<\/span><\/p><p><span data-contrast=\"auto\">\u2192 directrice<\/span><\/p><p>direction des politiques culturelles de la Ville de Chaumont<\/p>\t\t\t\t\t\t<\/div>\n\t\t\t\t\t<\/div>\n\t\t\t\t<\/div>\n\t\t\t\t\t\t\t<div class=\"premium-image-hotspots-main-icons tooltip-wrapper premium-image-hotspots-anim  elementor-repeater-item-4bede87 premium-image-hotspots-main-icons-4bede87\" data-tooltip-content=\"#tooltip_content\">\n\t\t\t\t\t\n\t\t\t\t\t<div class=\"premium-hotsot-icon-wrap\">\n\t\t\t\t\t\t<i class=\"premium-image-hotspots-icon fas fa-bullseye\" aria-hidden=\"true\"><\/i>\t\t\t\t\t\t\t\t\t\t\t<\/div>\n\n\t\t\t\t\t\n\t\t\t\t\t\n\t\t\t\t\t<div class=\"premium-image-hotspots-tooltips-wrapper\">\n\t\t\t\t\t\t<div id=\"tooltip_content\" class=\"premium-image-hotspots-tooltips-text\">\n\t\t\t\t\t\t\t<p><span data-contrast=\"auto\">g\u00e9rald<\/span><span data-contrast=\"auto\"> meunier<\/span><\/p><p><span data-contrast=\"auto\">\u2192 <\/span>technicien du spectacle<\/p><p>p\u00f4le production<\/p>\t\t\t\t\t\t<\/div>\n\t\t\t\t\t<\/div>\n\t\t\t\t<\/div>\n\t\t\t\t\t\t\t<div class=\"premium-image-hotspots-main-icons tooltip-wrapper premium-image-hotspots-anim  elementor-repeater-item-f0d2778 premium-image-hotspots-main-icons-f0d2778\" data-tooltip-content=\"#tooltip_content\">\n\t\t\t\t\t\n\t\t\t\t\t<div class=\"premium-hotsot-icon-wrap\">\n\t\t\t\t\t\t<i class=\"premium-image-hotspots-icon fas fa-bullseye\" aria-hidden=\"true\"><\/i>\t\t\t\t\t\t\t\t\t\t\t<\/div>\n\n\t\t\t\t\t\n\t\t\t\t\t\n\t\t\t\t\t<div class=\"premium-image-hotspots-tooltips-wrapper\">\n\t\t\t\t\t\t<div id=\"tooltip_content\" class=\"premium-image-hotspots-tooltips-text\">\n\t\t\t\t\t\t\t<p>romain stark<\/p><p><span data-contrast=\"auto\">\u2192 technicien du spectacle<br \/>p\u00f4le\u00a0<\/span>production<\/p>\t\t\t\t\t\t<\/div>\n\t\t\t\t\t<\/div>\n\t\t\t\t<\/div>\n\t\t\t\t\t\t\t<div class=\"premium-image-hotspots-main-icons tooltip-wrapper premium-image-hotspots-anim  elementor-repeater-item-db01b3f premium-image-hotspots-main-icons-db01b3f\" data-tooltip-content=\"#tooltip_content\">\n\t\t\t\t\t\n\t\t\t\t\t<div class=\"premium-hotsot-icon-wrap\">\n\t\t\t\t\t\t<i class=\"premium-image-hotspots-icon fas fa-bullseye\" aria-hidden=\"true\"><\/i>\t\t\t\t\t\t\t\t\t\t\t<\/div>\n\n\t\t\t\t\t\n\t\t\t\t\t\n\t\t\t\t\t<div class=\"premium-image-hotspots-tooltips-wrapper\">\n\t\t\t\t\t\t<div id=\"tooltip_content\" class=\"premium-image-hotspots-tooltips-text\">\n\t\t\t\t\t\t\t<p><span data-contrast=\"auto\">alexandra<\/span><span data-contrast=\"auto\"> chevalier <\/span><\/p><p><span data-contrast=\"auto\">\u2192 responsable du p\u00f4le\u00a0<\/span>administration, finances et suivi de projets<\/p><p><span data-contrast=\"auto\">03.25.30.60.56 \u2022 achevalier@ville-chaumont.fr<\/span><span data-ccp-props=\"{\">\u00a0<\/span><\/p>\t\t\t\t\t\t<\/div>\n\t\t\t\t\t<\/div>\n\t\t\t\t<\/div>\n\t\t\t\t\t<\/div>\n\t<\/div>\n\t\t\t\t<\/div>\n\t\t\t\t<\/div>\n\t\t\t\t\t\t<\/div>\n\t\t\t\t\t<\/div>\n\t\t<\/div>\n\t\t\t\t\t\t\t\t<\/div>\n\t\t\t\t\t<\/div>\n\t\t<\/section>\n\t\t\t\t<section class=\"elementor-section elementor-top-section elementor-element elementor-element-ea97dfc elementor-section-boxed elementor-section-height-default elementor-section-height-default\" data-id=\"ea97dfc\" data-element_type=\"section\">\n\t\t\t\t\t\t<div class=\"elementor-container elementor-column-gap-default\">\n\t\t\t\t\t\t\t<div class=\"elementor-row\">\n\t\t\t\t\t<div class=\"elementor-column elementor-col-100 elementor-top-column elementor-element elementor-element-fac0304\" data-id=\"fac0304\" data-element_type=\"column\">\n\t\t\t<div class=\"elementor-column-wrap elementor-element-populated\">\n\t\t\t\t\t\t\t<div class=\"elementor-widget-wrap\">\n\t\t\t\t\t\t<div class=\"elementor-element elementor-element-ebf77dc elementor-widget elementor-widget-text-editor\" data-id=\"ebf77dc\" data-element_type=\"widget\" data-widget_type=\"text-editor.default\">\n\t\t\t\t<div class=\"elementor-widget-container\">\n\t\t\t\t\t\t\t\t<div class=\"elementor-text-editor elementor-clearfix\">\n\t\t\t\t<p><strong>\u2022 \u00a0les \u00e9tablissements culturels<\/strong><\/p>\t\t\t\t\t<\/div>\n\t\t\t\t\t\t<\/div>\n\t\t\t\t<\/div>\n\t\t\t\t\t\t<\/div>\n\t\t\t\t\t<\/div>\n\t\t<\/div>\n\t\t\t\t\t\t\t\t<\/div>\n\t\t\t\t\t<\/div>\n\t\t<\/section>\n\t\t\t\t<section class=\"elementor-section elementor-top-section elementor-element elementor-element-3ab15a5 elementor-section-boxed elementor-section-height-default elementor-section-height-default\" data-id=\"3ab15a5\" data-element_type=\"section\">\n\t\t\t\t\t\t<div class=\"elementor-container elementor-column-gap-default\">\n\t\t\t\t\t\t\t<div class=\"elementor-row\">\n\t\t\t\t\t<div class=\"elementor-column elementor-col-100 elementor-top-column elementor-element elementor-element-3ed1667\" data-id=\"3ed1667\" data-element_type=\"column\">\n\t\t\t<div class=\"elementor-column-wrap elementor-element-populated\">\n\t\t\t\t\t\t\t<div class=\"elementor-widget-wrap\">\n\t\t\t\t\t\t<div class=\"elementor-element elementor-element-a5d94e7 elementor-widget elementor-widget-text-editor\" data-id=\"a5d94e7\" data-element_type=\"widget\" data-widget_type=\"text-editor.default\">\n\t\t\t\t<div class=\"elementor-widget-container\">\n\t\t\t\t\t\t\t\t<div class=\"elementor-text-editor elementor-clearfix\">\n\t\t\t\t<ul>\n<li><b><span data-contrast=\"auto\">le conservatoire<\/span><\/b><\/li>\n<\/ul>\n<p><span data-contrast=\"auto\">Olivier<\/span>&nbsp;<strong>Cordelle<\/strong>&nbsp;<span data-contrast=\"auto\">\u2192 directeur<\/span><span data-ccp-props=\"{\"><br><\/span><span data-contrast=\"auto\">03.25.30.60.50 \u2022 ocordelle@ville-chaumont.fr<\/span><span data-ccp-props=\"{\">&nbsp;<\/span><\/p>\n<ul>\n<li><b><span data-contrast=\"auto\"> les mus\u00e9es<\/span><\/b><\/li>\n<\/ul>\n<p><span data-contrast=\"auto\">Rapha\u00eble<\/span><span data-contrast=\"auto\"><strong>&nbsp;Carreau<\/strong> \u2192 directrice<\/span><span data-ccp-props=\"{\"><br><\/span><span data-contrast=\"auto\">03.25.03.86.80<\/span> <span data-contrast=\"auto\">\u2022 rcarreau@ville-chaumont.fr<\/span><span data-ccp-props=\"{\">&nbsp;<\/span><\/p>\n<ul>\n<li><b><span data-contrast=\"auto\"> les silos<\/span><\/b><\/li>\n<\/ul>\n<p><span data-contrast=\"auto\">Sandrine<\/span>&nbsp;<strong>Bresolin<\/strong><span data-contrast=\"auto\"> \u2192 directrice<\/span><span data-ccp-props=\"{\"><br><\/span><span data-contrast=\"auto\">03.25.03.86.89 \u2022 <\/span><span data-contrast=\"auto\">sbresolin@ville-chaumont.fr<\/span><span data-ccp-props=\"{\">&nbsp;<\/span><\/p>\n<ul>\n<li><b><span data-contrast=\"auto\"> la chapelle<\/span><\/b><\/li>\n<\/ul>\n<p><span data-contrast=\"auto\">Philippe<\/span><span data-contrast=\"auto\"><strong>&nbsp;Poulot<\/strong> \u2192 responsable<br><\/span><span data-contrast=\"auto\">03.25.02.44.91 \u2022 ppoulot@ville-chaumont.fr<\/span><span data-ccp-props=\"{\">&nbsp;<\/span><\/p>\t\t\t\t\t<\/div>\n\t\t\t\t\t\t<\/div>\n\t\t\t\t<\/div>\n\t\t\t\t\t\t<\/div>\n\t\t\t\t\t<\/div>\n\t\t<\/div>\n\t\t\t\t\t\t\t\t<\/div>\n\t\t\t\t\t<\/div>\n\t\t<\/section>\n\t\t\t\t\t\t\t\t\t<\/div>\n\t\t\t<\/div>\n\t\t\t\t\t<\/div>\n\t\t","protected":false},"excerpt":{"rendered":"<p>nos missions La ville de chaumont renouvelle sa volont\u00e9 de placer la culture au c\u0153ur de son projet politique et citoyen afin de construire ensemble une ville cr\u00e9ative, durable et [&hellip;]<\/p>\n","protected":false},"author":1,"featured_media":0,"parent":0,"menu_order":0,"comment_status":"closed","ping_status":"closed","template":"","meta":{"_uag_custom_page_level_css":"","footnotes":""},"yoast_head":"<!-- This site is optimized with the Yoast SEO plugin v21.1 - https:\/\/yoast.com\/wordpress\/plugins\/seo\/ -->\n<title>Nos missions - Les Saisons Culturelles de Chaumont<\/title>\n<meta name=\"robots\" content=\"noindex, follow, max-snippet:-1, max-image-preview:large, max-video-preview:-1\" \/>\n<meta property=\"og:locale\" content=\"fr_FR\" \/>\n<meta property=\"og:type\" content=\"article\" \/>\n<meta property=\"og:title\" content=\"Nos missions - Les Saisons Culturelles de Chaumont\" \/>\n<meta property=\"og:description\" content=\"nos missions La ville de chaumont renouvelle sa volont\u00e9 de placer la culture au c\u0153ur de son projet politique et citoyen afin de construire ensemble une ville cr\u00e9ative, durable et [&hellip;]\" \/>\n<meta property=\"og:url\" content=\"https:\/\/saisonsculturelleschaumont.fr\/mdxpuixt\/nos-missions\/\" \/>\n<meta property=\"og:site_name\" content=\"Les Saisons Culturelles de Chaumont\" \/>\n<meta property=\"article:publisher\" content=\"https:\/\/www.facebook.com\/saisonsculturelleschaumont\/\" \/>\n<meta property=\"article:modified_time\" content=\"2023-09-18T11:41:03+00:00\" \/>\n<meta property=\"og:image\" content=\"https:\/\/saisonsculturelleschaumont.fr\/mdxpuixt\/wp-content\/uploads\/2023\/02\/Chaumont-team-20230208.jpg\" \/>\n<meta name=\"twitter:card\" content=\"summary_large_image\" \/>\n<meta name=\"twitter:label1\" content=\"Dur\u00e9e de lecture estim\u00e9e\" \/>\n\t<meta name=\"twitter:data1\" content=\"3 minutes\" \/>\n<script type=\"application\/ld+json\" class=\"yoast-schema-graph\">{\"@context\":\"https:\/\/schema.org\",\"@graph\":[{\"@type\":\"WebPage\",\"@id\":\"https:\/\/saisonsculturelleschaumont.fr\/mdxpuixt\/nos-missions\/\",\"url\":\"https:\/\/saisonsculturelleschaumont.fr\/mdxpuixt\/nos-missions\/\",\"name\":\"Nos missions - Les Saisons Culturelles de Chaumont\",\"isPartOf\":{\"@id\":\"https:\/\/saisonsculturelleschaumont.fr\/mdxpuixt\/#website\"},\"datePublished\":\"2019-07-08T18:58:31+00:00\",\"dateModified\":\"2023-09-18T11:41:03+00:00\",\"breadcrumb\":{\"@id\":\"https:\/\/saisonsculturelleschaumont.fr\/mdxpuixt\/nos-missions\/#breadcrumb\"},\"inLanguage\":\"fr-FR\",\"potentialAction\":[{\"@type\":\"ReadAction\",\"target\":[\"https:\/\/saisonsculturelleschaumont.fr\/mdxpuixt\/nos-missions\/\"]}]},{\"@type\":\"BreadcrumbList\",\"@id\":\"https:\/\/saisonsculturelleschaumont.fr\/mdxpuixt\/nos-missions\/#breadcrumb\",\"itemListElement\":[{\"@type\":\"ListItem\",\"position\":1,\"name\":\"Accueil\",\"item\":\"https:\/\/saisonsculturelleschaumont.fr\/mdxpuixt\/\"},{\"@type\":\"ListItem\",\"position\":2,\"name\":\"Nos missions\"}]},{\"@type\":\"WebSite\",\"@id\":\"https:\/\/saisonsculturelleschaumont.fr\/mdxpuixt\/#website\",\"url\":\"https:\/\/saisonsculturelleschaumont.fr\/mdxpuixt\/\",\"name\":\"Les Saisons Culturelles de Chaumont\",\"description\":\"\",\"potentialAction\":[{\"@type\":\"SearchAction\",\"target\":{\"@type\":\"EntryPoint\",\"urlTemplate\":\"https:\/\/saisonsculturelleschaumont.fr\/mdxpuixt\/?s={search_term_string}\"},\"query-input\":\"required name=search_term_string\"}],\"inLanguage\":\"fr-FR\"}]}<\/script>\n<!-- \/ Yoast SEO plugin. -->","yoast_head_json":{"title":"Nos missions - Les Saisons Culturelles de Chaumont","robots":{"index":"noindex","follow":"follow","max-snippet":"max-snippet:-1","max-image-preview":"max-image-preview:large","max-video-preview":"max-video-preview:-1"},"og_locale":"fr_FR","og_type":"article","og_title":"Nos missions - Les Saisons Culturelles de Chaumont","og_description":"nos missions La ville de chaumont renouvelle sa volont\u00e9 de placer la culture au c\u0153ur de son projet politique et citoyen afin de construire ensemble une ville cr\u00e9ative, durable et [&hellip;]","og_url":"https:\/\/saisonsculturelleschaumont.fr\/mdxpuixt\/nos-missions\/","og_site_name":"Les Saisons Culturelles de Chaumont","article_publisher":"https:\/\/www.facebook.com\/saisonsculturelleschaumont\/","article_modified_time":"2023-09-18T11:41:03+00:00","og_image":[{"url":"https:\/\/saisonsculturelleschaumont.fr\/mdxpuixt\/wp-content\/uploads\/2023\/02\/Chaumont-team-20230208.jpg"}],"twitter_card":"summary_large_image","twitter_misc":{"Dur\u00e9e de lecture estim\u00e9e":"3 minutes"},"schema":{"@context":"https:\/\/schema.org","@graph":[{"@type":"WebPage","@id":"https:\/\/saisonsculturelleschaumont.fr\/mdxpuixt\/nos-missions\/","url":"https:\/\/saisonsculturelleschaumont.fr\/mdxpuixt\/nos-missions\/","name":"Nos missions - Les Saisons Culturelles de Chaumont","isPartOf":{"@id":"https:\/\/saisonsculturelleschaumont.fr\/mdxpuixt\/#website"},"datePublished":"2019-07-08T18:58:31+00:00","dateModified":"2023-09-18T11:41:03+00:00","breadcrumb":{"@id":"https:\/\/saisonsculturelleschaumont.fr\/mdxpuixt\/nos-missions\/#breadcrumb"},"inLanguage":"fr-FR","potentialAction":[{"@type":"ReadAction","target":["https:\/\/saisonsculturelleschaumont.fr\/mdxpuixt\/nos-missions\/"]}]},{"@type":"BreadcrumbList","@id":"https:\/\/saisonsculturelleschaumont.fr\/mdxpuixt\/nos-missions\/#breadcrumb","itemListElement":[{"@type":"ListItem","position":1,"name":"Accueil","item":"https:\/\/saisonsculturelleschaumont.fr\/mdxpuixt\/"},{"@type":"ListItem","position":2,"name":"Nos missions"}]},{"@type":"WebSite","@id":"https:\/\/saisonsculturelleschaumont.fr\/mdxpuixt\/#website","url":"https:\/\/saisonsculturelleschaumont.fr\/mdxpuixt\/","name":"Les Saisons Culturelles de Chaumont","description":"","potentialAction":[{"@type":"SearchAction","target":{"@type":"EntryPoint","urlTemplate":"https:\/\/saisonsculturelleschaumont.fr\/mdxpuixt\/?s={search_term_string}"},"query-input":"required name=search_term_string"}],"inLanguage":"fr-FR"}]}},"uagb_featured_image_src":{"full":false,"thumbnail":false,"medium":false,"medium_large":false,"large":false,"1536x1536":false,"2048x2048":false,"widget":false,"square":false,"featured":false,"featured_large":false,"extra_large":false,"portfolio":false,"portfolio_small":false,"gallery":false,"magazine":false,"masonry":false,"entry_with_sidebar":false,"entry_without_sidebar":false},"uagb_author_info":{"display_name":"danielkolski","author_link":"https:\/\/saisonsculturelleschaumont.fr\/mdxpuixt\/author\/danielkolski\/"},"uagb_comment_info":0,"uagb_excerpt":"nos missions La ville de chaumont renouvelle sa volont\u00e9 de placer la culture au c\u0153ur de son projet politique et citoyen afin de construire ensemble une ville cr\u00e9ative, durable et [&hellip;]","_links":{"self":[{"href":"https:\/\/saisonsculturelleschaumont.fr\/mdxpuixt\/wp-json\/wp\/v2\/pages\/1105"}],"collection":[{"href":"https:\/\/saisonsculturelleschaumont.fr\/mdxpuixt\/wp-json\/wp\/v2\/pages"}],"about":[{"href":"https:\/\/saisonsculturelleschaumont.fr\/mdxpuixt\/wp-json\/wp\/v2\/types\/page"}],"author":[{"embeddable":true,"href":"https:\/\/saisonsculturelleschaumont.fr\/mdxpuixt\/wp-json\/wp\/v2\/users\/1"}],"replies":[{"embeddable":true,"href":"https:\/\/saisonsculturelleschaumont.fr\/mdxpuixt\/wp-json\/wp\/v2\/comments?post=1105"}],"version-history":[{"count":0,"href":"https:\/\/saisonsculturelleschaumont.fr\/mdxpuixt\/wp-json\/wp\/v2\/pages\/1105\/revisions"}],"wp:attachment":[{"href":"https:\/\/saisonsculturelleschaumont.fr\/mdxpuixt\/wp-json\/wp\/v2\/media?parent=1105"}],"curies":[{"name":"wp","href":"https:\/\/api.w.org\/{rel}","templated":true}]}}