{"id":3241,"date":"2019-08-02T15:43:56","date_gmt":"2019-08-02T13:43:56","guid":{"rendered":"https:\/\/saisonsculturelleschaumont.fr\/mdxpuixt\/?page_id=3241"},"modified":"2024-01-23T17:20:29","modified_gmt":"2024-01-23T16:20:29","slug":"participez","status":"publish","type":"page","link":"https:\/\/saisonsculturelleschaumont.fr\/mdxpuixt\/participez\/","title":{"rendered":"participez"},"content":{"rendered":"\t\t<div data-elementor-type=\"wp-post\" data-elementor-id=\"3241\" class=\"elementor elementor-3241\">\n\t\t\t\t\t\t<div class=\"elementor-inner\">\n\t\t\t\t<div class=\"elementor-section-wrap\">\n\t\t\t\t\t\t\t\t\t<section class=\"elementor-section elementor-top-section elementor-element elementor-element-70dbf5c2 elementor-section-boxed elementor-section-height-default elementor-section-height-default\" data-id=\"70dbf5c2\" data-element_type=\"section\">\n\t\t\t\t\t\t<div class=\"elementor-container elementor-column-gap-default\">\n\t\t\t\t\t\t\t<div class=\"elementor-row\">\n\t\t\t\t\t<div class=\"elementor-column elementor-col-100 elementor-top-column elementor-element elementor-element-79a33883\" data-id=\"79a33883\" data-element_type=\"column\">\n\t\t\t<div class=\"elementor-column-wrap elementor-element-populated\">\n\t\t\t\t\t\t\t<div class=\"elementor-widget-wrap\">\n\t\t\t\t\t\t<div class=\"elementor-element elementor-element-572a7709 premium-tabs-icon-row elementor-widget elementor-widget-premium-addon-tabs\" data-id=\"572a7709\" data-element_type=\"widget\" data-settings=\"{&quot;premium_tabs_repeater&quot;:[{&quot;premium_tabs_icon&quot;:&quot;fa fa-star&quot;,&quot;premium_tabs_title&quot;:&quot;aux saisons&quot;,&quot;premium_tabs_content_text&quot;:&quot;&lt;p&gt;Vous souhaitez participer \\u00e0 une saison culturelle\\u00a0? Une ou plusieurs th\\u00e9matiques \\u00e0 venir vous inspirent\\u00a0? Envoyez-nous une pr\\u00e9sentation d\\u00e9taill\\u00e9e de votre projet \\u00e0 l&#039;adresse mail suivante : &lt;a href=\\&quot;mailto:admin.culture@ville-chaumont.fr\\&quot;&gt;admin.culture@ville-chaumont.fr&lt;\\\/a&gt;&lt;\\\/p&gt;&lt;h3&gt;&lt;span style=\\&quot;text-align: inherit;\\&quot;&gt;saison 9 - septembre 2024 \\u00e0 juin 2025 : visions sonores&lt;\\\/span&gt;&lt;\\\/h3&gt;&lt;h3&gt;\\u00a0&lt;\\\/h3&gt;&lt;h3&gt;&lt;b&gt;\\u2192 demandes de subvention\\u00a0&lt;\\\/b&gt;&lt;\\\/h3&gt;&lt;div&gt;&lt;hr \\\/&gt;&lt;p style=\\&quot;font-weight: 400;\\&quot;&gt;N\\u2019oubliez pas, si vous \\u00eates\\u00a0:&lt;\\\/p&gt;&lt;p style=\\&quot;font-weight: 400;\\&quot;&gt;- &lt;strong&gt;une association chaumontaise&lt;\\\/strong&gt;, vous avez la possibilit\\u00e9 de solliciter une subvention en remplissant le Dossier de Demande de subvention des Associations Culturelles en &lt;a href=\\&quot;https:\\\/\\\/saisonsculturelleschaumont.fr\\\/mdxpuixt\\\/wp-content\\\/uploads\\\/2024\\\/01\\\/Subventions-Associations-2024.docx\\&quot;&gt;Word&lt;\\\/a&gt;\\u00a0ou en &lt;a href=\\&quot;https:\\\/\\\/saisonsculturelleschaumont.fr\\\/mdxpuixt\\\/wp-content\\\/uploads\\\/2024\\\/01\\\/Subventions-Associations-2024.pdf\\&quot;&gt;PDF&lt;\\\/a&gt;.&lt;\\\/p&gt;&lt;p style=\\&quot;font-weight: 400;\\&quot;&gt;- &lt;strong&gt;une compagnie artistique professionnelle de Chaumont&lt;\\\/strong&gt;, vous avez la possibilit\\u00e9 de solliciter une subvention en remplissant le Dossier de Demande de subvention des Compagnies Artistiques en &lt;a href=\\&quot;https:\\\/\\\/saisonsculturelleschaumont.fr\\\/mdxpuixt\\\/wp-content\\\/uploads\\\/2024\\\/01\\\/Subventions-Compagnie-2024.docx\\&quot;&gt;Word &lt;\\\/a&gt;ou en &lt;a href=\\&quot;https:\\\/\\\/saisonsculturelleschaumont.fr\\\/mdxpuixt\\\/wp-content\\\/uploads\\\/2024\\\/01\\\/Subventions-Compagnie-2024.pdf\\&quot;&gt;PDF.&lt;\\\/a&gt;&lt;\\\/p&gt;&lt;\\\/div&gt;&lt;p&gt;ATTENTION : \\u00a0Les dossiers \\u00e9tant \\u00e9crits avec la police DINA CHAUMONT, nous vous conseillons de privil\\u00e9gier le t\\u00e9l\\u00e9chargement en PDF afin de ne pas rencontrer d&#039;incompatibilit\\u00e9. Sinon, nous vous invitons \\u00e0 t\\u00e9l\\u00e9charger la nouvelle police de la Ville de Chaumont qui est libre de droits &lt;a href=\\&quot;https:\\\/\\\/l.instagram.com\\\/?u=https%3A%2F%2Fbvhtype.com%2Fcustom%2Fdina-chaumont&amp;e=AT02s923BhDWeawpLMmxklFmSsAXe7n1mrmc0q6iu-teyKr1wYu3ytuiECqBOaYG-TX6Y5d6VFazw_ePXJ_17CkfYa1HBQdK\\&quot; target=\\&quot;_blank\\&quot; rel=\\&quot;me nofollow noopener noreferrer\\&quot;&gt;&lt;span class=\\&quot;x1lliihq x1plvlek xryxfnj x1n2onr6 x193iq5w xeuugli x1fj9vlw x13faqbe x1vvkbs x1s928wv xhkezso x1gmr53x x1cpjm7i x1fgarty x1943h6x x1i0vuye xvs91rp x1s688f x7l2uk3 x10wh9bi x1wdrske x8viiok x18hxmgj\\&quot; dir=\\&quot;auto\\&quot;&gt;&lt;span class=\\&quot;x1lliihq x193iq5w x6ikm8r x10wlt62 xlyipyv xuxw1ft\\&quot;&gt;bvhtype.com\\\/custom\\\/dina-chaumont&lt;\\\/span&gt;&lt;\\\/span&gt;&lt;\\\/a&gt;&lt;\\\/p&gt;&lt;div&gt;&lt;p style=\\&quot;font-weight: 400;\\&quot;&gt;Les projets qui rentreront dans le cadre des saisons culturelles seront subventionn\\u00e9s en priorit\\u00e9.&lt;\\\/p&gt;&lt;p style=\\&quot;font-weight: 400;\\&quot;&gt;Les demandes de subvention sont \\u00e0 retourner par voie postale \\u00e0 l\\u2019adresse\\u00a0:&lt;\\\/p&gt;&lt;\\\/div&gt;&lt;div&gt;&lt;p&gt;&lt;strong&gt;Maison des Associations - P\\u00f4le Rostand&lt;\\\/strong&gt;&lt;\\\/p&gt;&lt;\\\/div&gt;&lt;div&gt;&lt;p&gt;Service administratif&lt;br \\\/&gt;24 rue des Platanes&lt;span class=\\&quot;apple-converted-space\\&quot;&gt;\\u00a0&lt;\\\/span&gt;&lt;br \\\/&gt;52000 Chaumont&lt;\\\/p&gt;&lt;\\\/div&gt;&lt;div&gt;&lt;p&gt;03 25 30 59 60&lt;\\\/p&gt;&lt;\\\/div&gt;&lt;div&gt;&lt;p&gt;Ou par mail\\u00a0:&lt;span class=\\&quot;apple-converted-space\\&quot;&gt;\\u00a0&lt;\\\/span&gt;&lt;a href=\\&quot;mailto:associations@ville-chaumont.fr\\&quot;&gt;associations@ville-chaumont.fr&lt;\\\/a&gt;&lt;\\\/p&gt;&lt;\\\/div&gt;&lt;div&gt;&lt;p&gt;N\\u2019h\\u00e9sitez pas \\u00e0 vous rapprocher de la Direction des Politiques Culturelles au 03 25 30 60 56 ou \\u00e0&lt;span class=\\&quot;apple-converted-space\\&quot;&gt;\\u00a0&lt;\\\/span&gt;&lt;a href=\\&quot;mailto:associationsculturelles@saisonsculturelleschaumont.fr\\&quot;&gt;associationsculturelles@saisonsculturelleschaumont.fr&lt;\\\/a&gt;&lt;span class=\\&quot;apple-converted-space\\&quot;&gt;\\u00a0&lt;\\\/span&gt;pour toute pr\\u00e9cision.&lt;\\\/p&gt;&lt;\\\/div&gt;&lt;div&gt;\\u00a0&lt;\\\/div&gt;&lt;p&gt;&lt;strong&gt;\\u00a0&lt;\\\/strong&gt;&lt;\\\/p&gt;&quot;,&quot;premium_tabs_content_temp&quot;:null,&quot;__fa4_migrated&quot;:{&quot;premium_tabs_icon_updated&quot;:true},&quot;_id&quot;:&quot;124284f&quot;,&quot;premium_tabs_icon_switcher&quot;:&quot;&quot;,&quot;icon_type&quot;:null,&quot;premium_tabs_icon_updated&quot;:null,&quot;image_upload&quot;:null,&quot;custom_svg&quot;:null,&quot;lottie_url&quot;:null,&quot;draw_svg&quot;:null,&quot;lottie_loop&quot;:null,&quot;lottie_reverse&quot;:null,&quot;premium_tabs_content&quot;:&quot;text_editor&quot;,&quot;live_temp_content&quot;:null,&quot;custom_tab_navigation&quot;:&quot;&quot;},{&quot;premium_tabs_icon&quot;:&quot;fa fa-star&quot;,&quot;premium_tabs_title&quot;:&quot;au graphisme dans la ville&quot;,&quot;premium_tabs_content_text&quot;:&quot;&lt;p&gt;Participez au graphisme dans la ville \\u00e0 travers :&lt;\\\/p&gt;&lt;ul&gt;&lt;li&gt;&lt;a href=\\&quot;https:\\\/\\\/saisonsculturelleschaumont.fr\\\/mdxpuixt\\\/participez\\\/parcours-graphique\\\/\\&quot;&gt;le parcours graphique - 5 artistes - 5 fresques&lt;\\\/a&gt;&lt;\\\/li&gt;&lt;li&gt;&lt;a href=\\&quot;https:\\\/\\\/saisonsculturelleschaumont.fr\\\/mdxpuixt\\\/participez\\\/nos-parcours-graphiques\\\/\\&quot;&gt;parcours &#039;d\\u00e9tours&#039; d&#039;Eltono&lt;\\\/a&gt;&lt;\\\/li&gt;&lt;li&gt;&lt;a href=\\&quot;https:\\\/\\\/saisonsculturelleschaumont.fr\\\/mdxpuixt\\\/participez\\\/vos-projets\\\/\\&quot;&gt;vos projets&lt;\\\/a&gt;&lt;\\\/li&gt;&lt;\\\/ul&gt;&quot;,&quot;premium_tabs_content_temp&quot;:null,&quot;_id&quot;:&quot;3e326ab&quot;,&quot;__fa4_migrated&quot;:{&quot;premium_tabs_icon_updated&quot;:true},&quot;premium_tabs_icon_switcher&quot;:&quot;&quot;,&quot;icon_type&quot;:null,&quot;premium_tabs_icon_updated&quot;:null,&quot;image_upload&quot;:null,&quot;custom_svg&quot;:null,&quot;lottie_url&quot;:null,&quot;draw_svg&quot;:null,&quot;lottie_loop&quot;:null,&quot;lottie_reverse&quot;:null,&quot;premium_tabs_content&quot;:&quot;text_editor&quot;,&quot;live_temp_content&quot;:null,&quot;custom_tab_navigation&quot;:&quot;&quot;},{&quot;premium_tabs_icon&quot;:&quot;fa fa-star&quot;,&quot;premium_tabs_title&quot;:&quot;aux grands rendez-vous&quot;,&quot;premium_tabs_content_text&quot;:&quot;&lt;ul&gt;&lt;li&gt;&lt;a href=\\&quot;https:\\\/\\\/saisonsculturelleschaumont.fr\\\/mdxpuixt\\\/participez\\\/journees-europeennes-du-patrimoine\\\/\\&quot;&gt;journ\\u00e9es europ\\u00e9ennes du patrimoine&lt;\\\/a&gt;&lt;\\\/li&gt;&lt;li&gt;&lt;a href=\\&quot;https:\\\/\\\/saisonsculturelleschaumont.fr\\\/mdxpuixt\\\/participez\\\/rencontres-des-artistes-haut-marnais-chapelle-des-jesuites\\\/\\&quot;&gt;rencontres des artistes haut-marnais&lt;\\\/a&gt;&lt;\\\/li&gt;&lt;li&gt;&lt;a href=\\&quot;https:\\\/\\\/saisonsculturelleschaumont.fr\\\/mdxpuixt\\\/participez\\\/fete_de_la_musique\\\/\\&quot;&gt;f\\u00eate de la musique&lt;\\\/a&gt;&lt;\\\/li&gt;&lt;\\\/ul&gt;&quot;,&quot;premium_tabs_content_temp&quot;:null,&quot;__fa4_migrated&quot;:{&quot;premium_tabs_icon_updated&quot;:true},&quot;_id&quot;:&quot;206d449&quot;,&quot;premium_tabs_icon_switcher&quot;:&quot;&quot;,&quot;icon_type&quot;:null,&quot;premium_tabs_icon_updated&quot;:null,&quot;image_upload&quot;:null,&quot;custom_svg&quot;:null,&quot;lottie_url&quot;:null,&quot;draw_svg&quot;:null,&quot;lottie_loop&quot;:null,&quot;lottie_reverse&quot;:null,&quot;premium_tabs_content&quot;:&quot;text_editor&quot;,&quot;live_temp_content&quot;:null,&quot;custom_tab_navigation&quot;:&quot;&quot;}],&quot;premium_tab_active_background_color&quot;:&quot;rgba(160,211,213,0.28)&quot;,&quot;premium_tab_background_color&quot;:&quot;rgba(0,0,0,0)&quot;,&quot;default_tab_index&quot;:0,&quot;premium_tab_type&quot;:&quot;horizontal&quot;,&quot;premium_tab_style_selected&quot;:&quot;style1&quot;}\" data-widget_type=\"premium-addon-tabs.default\">\n\t\t\t\t<div class=\"elementor-widget-container\">\n\t\t\t\r\n\t\t\t<div data-navigation=\"[&quot;&quot;,&quot;&quot;,&quot;&quot;]\" id=\"premium-tabs-572a7709\" class=\"premium-tabs premium-tabs-style-iconbox premium-tabs-horizontal\">\r\n\t\t\t\t<div class=\"premium-tabs-nav horizontal\">\r\n\t\t\t\t\t<ul class=\"premium-tabs-nav-list premium-tabs-horizontal\">\r\n\t\t\t\t\t\t\t\t\t\t\t\t\t<li class=\"premium-tabs-nav-list-item elementor-repeater-item-124284f\" data-list-index=\"0\" data-content-id=\"#premium-accordion-content-0\">\r\n\t\t\t\t\t\t\t\t<a class=\"premium-tab-link\" aria-label=\"#section-0-572a7709\" href=\"#section-iconbox-0-572a7709\">\r\n\r\n\t\t\t\t\t\t\t\t\t\t\t\t\t\t\t\t\t\t\t<p class=\"premium-tab-title\">\r\n\t\t\t\t\t\t\t\t\t\t\taux saisons\t\t\t\t\t\t\t\t\t\t<\/p>\r\n\t\t\t\t\t\t\t\t\t\t\t\t\t\t\t\t\t<\/a>\r\n\r\n\t\t\t\t\t\t\t\t\t\t\t\t\t\t\t\t\t<div class=\"premium-tab-arrow-wrap\">\r\n\t\t\t\t\t\t\t\t\t\t<div class=\"premium-tab-arrow-border\"><\/div>\r\n\t\t\t\t\t\t\t\t\t\t<div class=\"premium-tab-arrow\"><\/div>\r\n\t\t\t\t\t\t\t\t\t<\/div>\r\n\t\t\t\t\t\t\t\t\r\n\t\t\t\t\t\t\t<\/li>\r\n\t\t\t\t\t\t\t\t\t\t\t\t\t\t\t\t\t\t\t\t<li class=\"premium-tabs-nav-list-item elementor-repeater-item-3e326ab\" data-list-index=\"1\" data-content-id=\"#premium-accordion-content-1\">\r\n\t\t\t\t\t\t\t\t<a class=\"premium-tab-link\" aria-label=\"#section-1-572a7709\" href=\"#section-iconbox-1-572a7709\">\r\n\r\n\t\t\t\t\t\t\t\t\t\t\t\t\t\t\t\t\t\t\t<p class=\"premium-tab-title\">\r\n\t\t\t\t\t\t\t\t\t\t\tau graphisme dans la ville\t\t\t\t\t\t\t\t\t\t<\/p>\r\n\t\t\t\t\t\t\t\t\t\t\t\t\t\t\t\t\t<\/a>\r\n\r\n\t\t\t\t\t\t\t\t\t\t\t\t\t\t\t\t\t<div class=\"premium-tab-arrow-wrap\">\r\n\t\t\t\t\t\t\t\t\t\t<div class=\"premium-tab-arrow-border\"><\/div>\r\n\t\t\t\t\t\t\t\t\t\t<div class=\"premium-tab-arrow\"><\/div>\r\n\t\t\t\t\t\t\t\t\t<\/div>\r\n\t\t\t\t\t\t\t\t\r\n\t\t\t\t\t\t\t<\/li>\r\n\t\t\t\t\t\t\t\t\t\t\t\t\t\t\t\t\t\t\t\t<li class=\"premium-tabs-nav-list-item elementor-repeater-item-206d449\" data-list-index=\"2\" data-content-id=\"#premium-accordion-content-2\">\r\n\t\t\t\t\t\t\t\t<a class=\"premium-tab-link\" aria-label=\"#section-2-572a7709\" href=\"#section-iconbox-2-572a7709\">\r\n\r\n\t\t\t\t\t\t\t\t\t\t\t\t\t\t\t\t\t\t\t<p class=\"premium-tab-title\">\r\n\t\t\t\t\t\t\t\t\t\t\taux grands rendez-vous\t\t\t\t\t\t\t\t\t\t<\/p>\r\n\t\t\t\t\t\t\t\t\t\t\t\t\t\t\t\t\t<\/a>\r\n\r\n\t\t\t\t\t\t\t\t\t\t\t\t\t\t\t\t\t<div class=\"premium-tab-arrow-wrap\">\r\n\t\t\t\t\t\t\t\t\t\t<div class=\"premium-tab-arrow-border\"><\/div>\r\n\t\t\t\t\t\t\t\t\t\t<div class=\"premium-tab-arrow\"><\/div>\r\n\t\t\t\t\t\t\t\t\t<\/div>\r\n\t\t\t\t\t\t\t\t\r\n\t\t\t\t\t\t\t<\/li>\r\n\t\t\t\t\t\t\t\t\t\t\t\t\t\t\t\t\t\t<\/ul>\r\n\t\t\t\t<\/div>\r\n\r\n\t\t\t\t<div class=\"premium-content-wrap premium-tabs-horizontal\">\r\n\t\t\t\t\t\r\n\t\t\t\t\t\t<section id=\"section-iconbox-0-572a7709\" class=\"premium-tabs-content-section\">\r\n\t\t\t\t\t\t\t<div class=\"premium-tab-content\">\r\n\r\n\t\t\t\t\t\t\t\t\t\t\t\t\t\t\t\t\t\t\t\t<p>Vous souhaitez participer \u00e0 une saison culturelle\u00a0? Une ou plusieurs th\u00e9matiques \u00e0 venir vous inspirent\u00a0? Envoyez-nous une pr\u00e9sentation d\u00e9taill\u00e9e de votre projet \u00e0 l&rsquo;adresse mail suivante : <a href=\"mailto:admin.culture@ville-chaumont.fr\">admin.culture@ville-chaumont.fr<\/a><\/p><h3><span style=\"text-align: inherit;\">saison 9 &#8211; septembre 2024 \u00e0 juin 2025 : visions sonores<\/span><\/h3><h3>\u00a0<\/h3><h3><b>\u2192 demandes de subvention\u00a0<\/b><\/h3><div><hr \/><p style=\"font-weight: 400;\">N\u2019oubliez pas, si vous \u00eates\u00a0:<\/p><p style=\"font-weight: 400;\">&#8211; <strong>une association chaumontaise<\/strong>, vous avez la possibilit\u00e9 de solliciter une subvention en remplissant le Dossier de Demande de subvention des Associations Culturelles en <a href=\"https:\/\/saisonsculturelleschaumont.fr\/mdxpuixt\/wp-content\/uploads\/2024\/01\/Subventions-Associations-2024.docx\">Word<\/a>\u00a0ou en <a href=\"https:\/\/saisonsculturelleschaumont.fr\/mdxpuixt\/wp-content\/uploads\/2024\/01\/Subventions-Associations-2024.pdf\">PDF<\/a>.<\/p><p style=\"font-weight: 400;\">&#8211; <strong>une compagnie artistique professionnelle de Chaumont<\/strong>, vous avez la possibilit\u00e9 de solliciter une subvention en remplissant le Dossier de Demande de subvention des Compagnies Artistiques en <a href=\"https:\/\/saisonsculturelleschaumont.fr\/mdxpuixt\/wp-content\/uploads\/2024\/01\/Subventions-Compagnie-2024.docx\">Word <\/a>ou en <a href=\"https:\/\/saisonsculturelleschaumont.fr\/mdxpuixt\/wp-content\/uploads\/2024\/01\/Subventions-Compagnie-2024.pdf\">PDF.<\/a><\/p><\/div><p>ATTENTION : \u00a0Les dossiers \u00e9tant \u00e9crits avec la police DINA CHAUMONT, nous vous conseillons de privil\u00e9gier le t\u00e9l\u00e9chargement en PDF afin de ne pas rencontrer d&rsquo;incompatibilit\u00e9. Sinon, nous vous invitons \u00e0 t\u00e9l\u00e9charger la nouvelle police de la Ville de Chaumont qui est libre de droits <a href=\"https:\/\/l.instagram.com\/?u=https%3A%2F%2Fbvhtype.com%2Fcustom%2Fdina-chaumont&amp;e=AT02s923BhDWeawpLMmxklFmSsAXe7n1mrmc0q6iu-teyKr1wYu3ytuiECqBOaYG-TX6Y5d6VFazw_ePXJ_17CkfYa1HBQdK\" target=\"_blank\" rel=\"me nofollow noopener noreferrer\"><span class=\"x1lliihq x1plvlek xryxfnj x1n2onr6 x193iq5w xeuugli x1fj9vlw x13faqbe x1vvkbs x1s928wv xhkezso x1gmr53x x1cpjm7i x1fgarty x1943h6x x1i0vuye xvs91rp x1s688f x7l2uk3 x10wh9bi x1wdrske x8viiok x18hxmgj\" dir=\"auto\"><span class=\"x1lliihq x193iq5w x6ikm8r x10wlt62 xlyipyv xuxw1ft\">bvhtype.com\/custom\/dina-chaumont<\/span><\/span><\/a><\/p><div><p style=\"font-weight: 400;\">Les projets qui rentreront dans le cadre des saisons culturelles seront subventionn\u00e9s en priorit\u00e9.<\/p><p style=\"font-weight: 400;\">Les demandes de subvention sont \u00e0 retourner par voie postale \u00e0 l\u2019adresse\u00a0:<\/p><\/div><div><p><strong>Maison des Associations &#8211; P\u00f4le Rostand<\/strong><\/p><\/div><div><p>Service administratif<br \/>24 rue des Platanes<span class=\"apple-converted-space\">\u00a0<\/span><br \/>52000 Chaumont<\/p><\/div><div><p>03 25 30 59 60<\/p><\/div><div><p>Ou par mail\u00a0:<span class=\"apple-converted-space\">\u00a0<\/span><a href=\"mailto:associations@ville-chaumont.fr\">associations@ville-chaumont.fr<\/a><\/p><\/div><div><p>N\u2019h\u00e9sitez pas \u00e0 vous rapprocher de la Direction des Politiques Culturelles au 03 25 30 60 56 ou \u00e0<span class=\"apple-converted-space\">\u00a0<\/span><a href=\"mailto:associationsculturelles@saisonsculturelleschaumont.fr\">associationsculturelles@saisonsculturelleschaumont.fr<\/a><span class=\"apple-converted-space\">\u00a0<\/span>pour toute pr\u00e9cision.<\/p><\/div><div>\u00a0<\/div><p><strong>\u00a0<\/strong><\/p>\t\t\t\t\t\t\t\t\t\t\t\t\t\t\t\t\t<\/div>\r\n\t\t\t\t\t\t<\/section>\r\n\r\n\t\t\t\t\t\r\n\t\t\t\t\t\t<section id=\"section-iconbox-1-572a7709\" class=\"premium-tabs-content-section\">\r\n\t\t\t\t\t\t\t<div class=\"premium-tab-content\">\r\n\r\n\t\t\t\t\t\t\t\t\t\t\t\t\t\t\t\t\t\t\t\t<p>Participez au graphisme dans la ville \u00e0 travers :<\/p><ul><li><a href=\"https:\/\/saisonsculturelleschaumont.fr\/mdxpuixt\/participez\/parcours-graphique\/\">le parcours graphique &#8211; 5 artistes &#8211; 5 fresques<\/a><\/li><li><a href=\"https:\/\/saisonsculturelleschaumont.fr\/mdxpuixt\/participez\/nos-parcours-graphiques\/\">parcours &lsquo;d\u00e9tours&rsquo; d&rsquo;Eltono<\/a><\/li><li><a href=\"https:\/\/saisonsculturelleschaumont.fr\/mdxpuixt\/participez\/vos-projets\/\">vos projets<\/a><\/li><\/ul>\t\t\t\t\t\t\t\t\t\t\t\t\t\t\t\t\t<\/div>\r\n\t\t\t\t\t\t<\/section>\r\n\r\n\t\t\t\t\t\r\n\t\t\t\t\t\t<section id=\"section-iconbox-2-572a7709\" class=\"premium-tabs-content-section\">\r\n\t\t\t\t\t\t\t<div class=\"premium-tab-content\">\r\n\r\n\t\t\t\t\t\t\t\t\t\t\t\t\t\t\t\t\t\t\t\t<ul><li><a href=\"https:\/\/saisonsculturelleschaumont.fr\/mdxpuixt\/participez\/journees-europeennes-du-patrimoine\/\">journ\u00e9es europ\u00e9ennes du patrimoine<\/a><\/li><li><a href=\"https:\/\/saisonsculturelleschaumont.fr\/mdxpuixt\/participez\/rencontres-des-artistes-haut-marnais-chapelle-des-jesuites\/\">rencontres des artistes haut-marnais<\/a><\/li><li><a href=\"https:\/\/saisonsculturelleschaumont.fr\/mdxpuixt\/participez\/fete_de_la_musique\/\">f\u00eate de la musique<\/a><\/li><\/ul>\t\t\t\t\t\t\t\t\t\t\t\t\t\t\t\t\t<\/div>\r\n\t\t\t\t\t\t<\/section>\r\n\r\n\t\t\t\t\t\t\t\t\t<\/div>\r\n\t\t\t<\/div>\r\n\r\n\t\t\t\t<\/div>\n\t\t\t\t<\/div>\n\t\t\t\t\t\t<\/div>\n\t\t\t\t\t<\/div>\n\t\t<\/div>\n\t\t\t\t\t\t\t\t<\/div>\n\t\t\t\t\t<\/div>\n\t\t<\/section>\n\t\t\t\t<section class=\"elementor-section elementor-top-section elementor-element elementor-element-63db5b1 elementor-section-boxed elementor-section-height-default elementor-section-height-default\" data-id=\"63db5b1\" data-element_type=\"section\">\n\t\t\t\t\t\t<div class=\"elementor-container elementor-column-gap-default\">\n\t\t\t\t\t\t\t<div class=\"elementor-row\">\n\t\t\t\t\t<div class=\"elementor-column elementor-col-100 elementor-top-column elementor-element elementor-element-e0f6c49\" data-id=\"e0f6c49\" data-element_type=\"column\">\n\t\t\t<div class=\"elementor-column-wrap elementor-element-populated\">\n\t\t\t\t\t\t\t<div class=\"elementor-widget-wrap\">\n\t\t\t\t\t\t<div class=\"elementor-element elementor-element-dfc43cb elementor-widget elementor-widget-spacer\" data-id=\"dfc43cb\" data-element_type=\"widget\" data-widget_type=\"spacer.default\">\n\t\t\t\t<div class=\"elementor-widget-container\">\n\t\t\t\t\t<div class=\"elementor-spacer\">\n\t\t\t<div class=\"elementor-spacer-inner\"><\/div>\n\t\t<\/div>\n\t\t\t\t<\/div>\n\t\t\t\t<\/div>\n\t\t\t\t\t\t<\/div>\n\t\t\t\t\t<\/div>\n\t\t<\/div>\n\t\t\t\t\t\t\t\t<\/div>\n\t\t\t\t\t<\/div>\n\t\t<\/section>\n\t\t\t\t\t\t\t\t\t<\/div>\n\t\t\t<\/div>\n\t\t\t\t\t<\/div>\n\t\t","protected":false},"excerpt":{"rendered":"<p>aux saisons au graphisme dans la ville aux grands rendez-vous Vous souhaitez participer \u00e0 une saison culturelle\u00a0? Une ou plusieurs th\u00e9matiques \u00e0 venir vous inspirent\u00a0? Envoyez-nous une pr\u00e9sentation d\u00e9taill\u00e9e de [&hellip;]<\/p>\n","protected":false},"author":1,"featured_media":0,"parent":0,"menu_order":0,"comment_status":"closed","ping_status":"closed","template":"","meta":{"_uag_custom_page_level_css":"","footnotes":""},"yoast_head":"<!-- This site is optimized with the Yoast SEO plugin v21.1 - https:\/\/yoast.com\/wordpress\/plugins\/seo\/ -->\n<title>participez - Les Saisons Culturelles de Chaumont<\/title>\n<meta name=\"robots\" content=\"noindex, follow, max-snippet:-1, max-image-preview:large, max-video-preview:-1\" \/>\n<meta property=\"og:locale\" content=\"fr_FR\" \/>\n<meta property=\"og:type\" content=\"article\" \/>\n<meta property=\"og:title\" content=\"participez - Les Saisons Culturelles de Chaumont\" \/>\n<meta property=\"og:description\" content=\"aux saisons au graphisme dans la ville aux grands rendez-vous Vous souhaitez participer \u00e0 une saison culturelle\u00a0? Une ou plusieurs th\u00e9matiques \u00e0 venir vous inspirent\u00a0? Envoyez-nous une pr\u00e9sentation d\u00e9taill\u00e9e de [&hellip;]\" \/>\n<meta property=\"og:url\" content=\"https:\/\/saisonsculturelleschaumont.fr\/mdxpuixt\/participez\/\" \/>\n<meta property=\"og:site_name\" content=\"Les Saisons Culturelles de Chaumont\" \/>\n<meta property=\"article:publisher\" content=\"https:\/\/www.facebook.com\/saisonsculturelleschaumont\/\" \/>\n<meta property=\"article:modified_time\" content=\"2024-01-23T16:20:29+00:00\" \/>\n<meta property=\"og:image\" content=\"https:\/\/saisonsculturelleschaumont.fr\/mdxpuixt\/wp-content\/uploads\/2023\/09\/Bandeau-de-couverture_FB-_SCC8.png\" \/>\n\t<meta property=\"og:image:width\" content=\"3396\" \/>\n\t<meta property=\"og:image:height\" content=\"1313\" \/>\n\t<meta property=\"og:image:type\" content=\"image\/png\" \/>\n<meta name=\"twitter:card\" content=\"summary_large_image\" \/>\n<meta name=\"twitter:label1\" content=\"Dur\u00e9e de lecture estim\u00e9e\" \/>\n\t<meta name=\"twitter:data1\" content=\"2 minutes\" \/>\n<script type=\"application\/ld+json\" class=\"yoast-schema-graph\">{\"@context\":\"https:\/\/schema.org\",\"@graph\":[{\"@type\":\"WebPage\",\"@id\":\"https:\/\/saisonsculturelleschaumont.fr\/mdxpuixt\/participez\/\",\"url\":\"https:\/\/saisonsculturelleschaumont.fr\/mdxpuixt\/participez\/\",\"name\":\"participez - Les Saisons Culturelles de Chaumont\",\"isPartOf\":{\"@id\":\"https:\/\/saisonsculturelleschaumont.fr\/mdxpuixt\/#website\"},\"datePublished\":\"2019-08-02T13:43:56+00:00\",\"dateModified\":\"2024-01-23T16:20:29+00:00\",\"breadcrumb\":{\"@id\":\"https:\/\/saisonsculturelleschaumont.fr\/mdxpuixt\/participez\/#breadcrumb\"},\"inLanguage\":\"fr-FR\",\"potentialAction\":[{\"@type\":\"ReadAction\",\"target\":[\"https:\/\/saisonsculturelleschaumont.fr\/mdxpuixt\/participez\/\"]}]},{\"@type\":\"BreadcrumbList\",\"@id\":\"https:\/\/saisonsculturelleschaumont.fr\/mdxpuixt\/participez\/#breadcrumb\",\"itemListElement\":[{\"@type\":\"ListItem\",\"position\":1,\"name\":\"Accueil\",\"item\":\"https:\/\/saisonsculturelleschaumont.fr\/mdxpuixt\/\"},{\"@type\":\"ListItem\",\"position\":2,\"name\":\"participez\"}]},{\"@type\":\"WebSite\",\"@id\":\"https:\/\/saisonsculturelleschaumont.fr\/mdxpuixt\/#website\",\"url\":\"https:\/\/saisonsculturelleschaumont.fr\/mdxpuixt\/\",\"name\":\"Les Saisons Culturelles de Chaumont\",\"description\":\"\",\"potentialAction\":[{\"@type\":\"SearchAction\",\"target\":{\"@type\":\"EntryPoint\",\"urlTemplate\":\"https:\/\/saisonsculturelleschaumont.fr\/mdxpuixt\/?s={search_term_string}\"},\"query-input\":\"required name=search_term_string\"}],\"inLanguage\":\"fr-FR\"}]}<\/script>\n<!-- \/ Yoast SEO plugin. -->","yoast_head_json":{"title":"participez - Les Saisons Culturelles de Chaumont","robots":{"index":"noindex","follow":"follow","max-snippet":"max-snippet:-1","max-image-preview":"max-image-preview:large","max-video-preview":"max-video-preview:-1"},"og_locale":"fr_FR","og_type":"article","og_title":"participez - Les Saisons Culturelles de Chaumont","og_description":"aux saisons au graphisme dans la ville aux grands rendez-vous Vous souhaitez participer \u00e0 une saison culturelle\u00a0? Une ou plusieurs th\u00e9matiques \u00e0 venir vous inspirent\u00a0? Envoyez-nous une pr\u00e9sentation d\u00e9taill\u00e9e de [&hellip;]","og_url":"https:\/\/saisonsculturelleschaumont.fr\/mdxpuixt\/participez\/","og_site_name":"Les Saisons Culturelles de Chaumont","article_publisher":"https:\/\/www.facebook.com\/saisonsculturelleschaumont\/","article_modified_time":"2024-01-23T16:20:29+00:00","og_image":[{"width":3396,"height":1313,"url":"https:\/\/saisonsculturelleschaumont.fr\/mdxpuixt\/wp-content\/uploads\/2023\/09\/Bandeau-de-couverture_FB-_SCC8.png","type":"image\/png"}],"twitter_card":"summary_large_image","twitter_misc":{"Dur\u00e9e de lecture estim\u00e9e":"2 minutes"},"schema":{"@context":"https:\/\/schema.org","@graph":[{"@type":"WebPage","@id":"https:\/\/saisonsculturelleschaumont.fr\/mdxpuixt\/participez\/","url":"https:\/\/saisonsculturelleschaumont.fr\/mdxpuixt\/participez\/","name":"participez - Les Saisons Culturelles de Chaumont","isPartOf":{"@id":"https:\/\/saisonsculturelleschaumont.fr\/mdxpuixt\/#website"},"datePublished":"2019-08-02T13:43:56+00:00","dateModified":"2024-01-23T16:20:29+00:00","breadcrumb":{"@id":"https:\/\/saisonsculturelleschaumont.fr\/mdxpuixt\/participez\/#breadcrumb"},"inLanguage":"fr-FR","potentialAction":[{"@type":"ReadAction","target":["https:\/\/saisonsculturelleschaumont.fr\/mdxpuixt\/participez\/"]}]},{"@type":"BreadcrumbList","@id":"https:\/\/saisonsculturelleschaumont.fr\/mdxpuixt\/participez\/#breadcrumb","itemListElement":[{"@type":"ListItem","position":1,"name":"Accueil","item":"https:\/\/saisonsculturelleschaumont.fr\/mdxpuixt\/"},{"@type":"ListItem","position":2,"name":"participez"}]},{"@type":"WebSite","@id":"https:\/\/saisonsculturelleschaumont.fr\/mdxpuixt\/#website","url":"https:\/\/saisonsculturelleschaumont.fr\/mdxpuixt\/","name":"Les Saisons Culturelles de Chaumont","description":"","potentialAction":[{"@type":"SearchAction","target":{"@type":"EntryPoint","urlTemplate":"https:\/\/saisonsculturelleschaumont.fr\/mdxpuixt\/?s={search_term_string}"},"query-input":"required name=search_term_string"}],"inLanguage":"fr-FR"}]}},"uagb_featured_image_src":{"full":false,"thumbnail":false,"medium":false,"medium_large":false,"large":false,"1536x1536":false,"2048x2048":false,"widget":false,"square":false,"featured":false,"featured_large":false,"extra_large":false,"portfolio":false,"portfolio_small":false,"gallery":false,"magazine":false,"masonry":false,"entry_with_sidebar":false,"entry_without_sidebar":false},"uagb_author_info":{"display_name":"danielkolski","author_link":"https:\/\/saisonsculturelleschaumont.fr\/mdxpuixt\/author\/danielkolski\/"},"uagb_comment_info":0,"uagb_excerpt":"aux saisons au graphisme dans la ville aux grands rendez-vous Vous souhaitez participer \u00e0 une saison culturelle\u00a0? Une ou plusieurs th\u00e9matiques \u00e0 venir vous inspirent\u00a0? Envoyez-nous une pr\u00e9sentation d\u00e9taill\u00e9e de [&hellip;]","_links":{"self":[{"href":"https:\/\/saisonsculturelleschaumont.fr\/mdxpuixt\/wp-json\/wp\/v2\/pages\/3241"}],"collection":[{"href":"https:\/\/saisonsculturelleschaumont.fr\/mdxpuixt\/wp-json\/wp\/v2\/pages"}],"about":[{"href":"https:\/\/saisonsculturelleschaumont.fr\/mdxpuixt\/wp-json\/wp\/v2\/types\/page"}],"author":[{"embeddable":true,"href":"https:\/\/saisonsculturelleschaumont.fr\/mdxpuixt\/wp-json\/wp\/v2\/users\/1"}],"replies":[{"embeddable":true,"href":"https:\/\/saisonsculturelleschaumont.fr\/mdxpuixt\/wp-json\/wp\/v2\/comments?post=3241"}],"version-history":[{"count":0,"href":"https:\/\/saisonsculturelleschaumont.fr\/mdxpuixt\/wp-json\/wp\/v2\/pages\/3241\/revisions"}],"wp:attachment":[{"href":"https:\/\/saisonsculturelleschaumont.fr\/mdxpuixt\/wp-json\/wp\/v2\/media?parent=3241"}],"curies":[{"name":"wp","href":"https:\/\/api.w.org\/{rel}","templated":true}]}}