{"id":4490,"date":"2019-12-18T20:08:04","date_gmt":"2019-12-18T19:08:04","guid":{"rendered":"https:\/\/saisonsculturelleschaumont.fr\/mdxpuixt\/?page_id=4490"},"modified":"2023-12-04T09:03:13","modified_gmt":"2023-12-04T08:03:13","slug":"nos-lieux-culturels","status":"publish","type":"page","link":"https:\/\/saisonsculturelleschaumont.fr\/mdxpuixt\/nos-lieux-culturels\/","title":{"rendered":"nos lieux culturels"},"content":{"rendered":"\t\t<div data-elementor-type=\"wp-post\" data-elementor-id=\"4490\" class=\"elementor elementor-4490\">\n\t\t\t\t\t\t<div class=\"elementor-inner\">\n\t\t\t\t<div class=\"elementor-section-wrap\">\n\t\t\t\t\t\t\t\t\t<section class=\"elementor-section elementor-top-section elementor-element elementor-element-7755b6df elementor-section-boxed elementor-section-height-default elementor-section-height-default\" data-id=\"7755b6df\" data-element_type=\"section\">\n\t\t\t\t\t\t<div class=\"elementor-container elementor-column-gap-default\">\n\t\t\t\t\t\t\t<div class=\"elementor-row\">\n\t\t\t\t\t<div class=\"elementor-column elementor-col-100 elementor-top-column elementor-element elementor-element-744e3cfe\" data-id=\"744e3cfe\" data-element_type=\"column\">\n\t\t\t<div class=\"elementor-column-wrap elementor-element-populated\">\n\t\t\t\t\t\t\t<div class=\"elementor-widget-wrap\">\n\t\t\t\t\t\t<div class=\"elementor-element elementor-element-572a7709 premium-tabs-icon-row elementor-widget elementor-widget-premium-addon-tabs\" data-id=\"572a7709\" data-element_type=\"widget\" data-settings=\"{&quot;premium_tabs_repeater&quot;:[{&quot;premium_tabs_icon&quot;:&quot;fa fa-star&quot;,&quot;premium_tabs_title&quot;:&quot;Chapelle&lt;br&gt;des J\\u00e9suites&quot;,&quot;premium_tabs_content_text&quot;:&quot;&lt;p style=\\&quot;text-align: left;\\&quot;&gt;&lt;img class=\\&quot;alignnone wp-image-10277 size-full\\&quot; src=\\&quot;https:\\\/\\\/saisonsculturelleschaumont.fr\\\/mdxpuixt\\\/wp-content\\\/uploads\\\/2023\\\/08\\\/etablissements_logos_site-05.png\\&quot; alt=\\&quot;\\&quot; width=\\&quot;1830\\&quot; height=\\&quot;809\\&quot; \\\/&gt;&lt;\\\/p&gt;&lt;p style=\\&quot;text-align: right;\\&quot;&gt;&lt;a href=\\&quot;https:\\\/\\\/saisonsculturelleschaumont.fr\\\/mdxpuixt\\\/agenda\\\/?tribe_organizers=1191\\&quot;&gt;voir les \\u00e9v\\u00e9nements&lt;\\\/a&gt;&lt;\\\/p&gt;&lt;p&gt;&lt;div data-post-id=&quot;&#039;la-chapelle&#039;&quot; class=&quot;insert-page insert-page-&#039;la-chapelle&#039; &quot;&gt;&lt;a href=&quot;https:\/\/saisonsculturelleschaumont.fr\/mdxpuixt\/qui\/la-chapelle\/&quot;&gt;la chapelle des j\u00e9suites&lt;\/a&gt;\n\t\t\t\t\t\t\t\t&lt;\/div&gt;&lt;\\\/p&gt;&quot;,&quot;premium_tabs_content_temp&quot;:null,&quot;_id&quot;:&quot;bf7174b&quot;,&quot;__fa4_migrated&quot;:{&quot;premium_tabs_icon_updated&quot;:true},&quot;premium_tabs_icon_switcher&quot;:&quot;&quot;,&quot;icon_type&quot;:null,&quot;premium_tabs_icon_updated&quot;:null,&quot;image_upload&quot;:null,&quot;custom_svg&quot;:null,&quot;lottie_url&quot;:null,&quot;draw_svg&quot;:null,&quot;lottie_loop&quot;:null,&quot;lottie_reverse&quot;:null,&quot;premium_tabs_content&quot;:&quot;text_editor&quot;,&quot;live_temp_content&quot;:null,&quot;custom_tab_navigation&quot;:&quot;&quot;},{&quot;premium_tabs_icon&quot;:&quot;fa fa-star&quot;,&quot;premium_tabs_title&quot;:&quot;Conservatoire&lt;br&gt;de Musique&quot;,&quot;premium_tabs_content_text&quot;:&quot;&lt;p style=\\&quot;text-align: left;\\&quot;&gt;&lt;img class=\\&quot;alignnone wp-image-10273 size-full\\&quot; src=\\&quot;https:\\\/\\\/saisonsculturelleschaumont.fr\\\/mdxpuixt\\\/wp-content\\\/uploads\\\/2023\\\/08\\\/etablissements_logos_site_Plan-de-travail-1.png\\&quot; alt=\\&quot;\\&quot; width=\\&quot;1831\\&quot; height=\\&quot;809\\&quot; \\\/&gt;&lt;\\\/p&gt;&lt;p style=\\&quot;text-align: right;\\&quot;&gt;&lt;a href=\\&quot;https:\\\/\\\/saisonsculturelleschaumont.fr\\\/mdxpuixt\\\/agenda\\\/?tribe_organizers=2911\\&quot;&gt;voir les \\u00e9v\\u00e9nements&lt;\\\/a&gt;&lt;\\\/p&gt;&lt;p&gt;&lt;div data-post-id=&quot;&#039;le-conservatoire&#039;&quot; class=&quot;insert-page insert-page-&#039;le-conservatoire&#039; &quot;&gt;&lt;a href=&quot;https:\/\/saisonsculturelleschaumont.fr\/mdxpuixt\/qui\/le-conservatoire\/&quot;&gt;le conservatoire de musique&lt;\/a&gt;\n\t\t\t\t\t\t\t\t&lt;\/div&gt;&lt;\\\/p&gt;&quot;,&quot;_id&quot;:&quot;d96e0c8&quot;,&quot;__fa4_migrated&quot;:{&quot;premium_tabs_icon_updated&quot;:true},&quot;premium_tabs_icon_switcher&quot;:&quot;&quot;,&quot;icon_type&quot;:null,&quot;premium_tabs_icon_updated&quot;:null,&quot;image_upload&quot;:null,&quot;custom_svg&quot;:null,&quot;lottie_url&quot;:null,&quot;draw_svg&quot;:null,&quot;lottie_loop&quot;:null,&quot;lottie_reverse&quot;:null,&quot;premium_tabs_content&quot;:&quot;text_editor&quot;,&quot;live_temp_content&quot;:null,&quot;premium_tabs_content_temp&quot;:null,&quot;custom_tab_navigation&quot;:&quot;&quot;},{&quot;premium_tabs_icon&quot;:&quot;fa fa-star&quot;,&quot;premium_tabs_title&quot;:&quot;Mus\\u00e9es&quot;,&quot;premium_tabs_content_text&quot;:&quot;&lt;p style=\\&quot;text-align: left;\\&quot;&gt;&lt;img class=\\&quot;alignnone wp-image-10275 size-full\\&quot; src=\\&quot;https:\\\/\\\/saisonsculturelleschaumont.fr\\\/mdxpuixt\\\/wp-content\\\/uploads\\\/2023\\\/08\\\/etablissements_logos_site-03.png\\&quot; alt=\\&quot;\\&quot; width=\\&quot;1830\\&quot; height=\\&quot;809\\&quot; \\\/&gt;&lt;\\\/p&gt;&lt;p style=\\&quot;text-align: right;\\&quot;&gt;&lt;a href=\\&quot;https:\\\/\\\/saisonsculturelleschaumont.fr\\\/mdxpuixt\\\/agenda\\\/?tribe_organizers=1194\\&quot;&gt;voir les \\u00e9v\\u00e9nements&lt;\\\/a&gt;&lt;\\\/p&gt;&lt;p&gt;&lt;div data-post-id=&quot;&#039;les-musees&#039;&quot; class=&quot;insert-page insert-page-&#039;les-musees&#039; &quot;&gt;&lt;a href=&quot;https:\/\/saisonsculturelleschaumont.fr\/mdxpuixt\/qui\/les-musees\/&quot;&gt;mus\u00e9es&lt;\/a&gt;\n\t\t\t\t\t\t\t\t&lt;\/div&gt;\\u200b&lt;\\\/p&gt;&quot;,&quot;_id&quot;:&quot;dfcb60c&quot;,&quot;__fa4_migrated&quot;:{&quot;premium_tabs_icon_updated&quot;:true},&quot;premium_tabs_icon_switcher&quot;:&quot;&quot;,&quot;icon_type&quot;:null,&quot;premium_tabs_icon_updated&quot;:null,&quot;image_upload&quot;:null,&quot;custom_svg&quot;:null,&quot;lottie_url&quot;:null,&quot;draw_svg&quot;:null,&quot;lottie_loop&quot;:null,&quot;lottie_reverse&quot;:null,&quot;premium_tabs_content&quot;:&quot;text_editor&quot;,&quot;live_temp_content&quot;:null,&quot;premium_tabs_content_temp&quot;:null,&quot;custom_tab_navigation&quot;:&quot;&quot;},{&quot;premium_tabs_icon&quot;:&quot;fa fa-star&quot;,&quot;premium_tabs_title&quot;:&quot;M\\u00e9diath\\u00e8que&lt;br&gt;les Silos&quot;,&quot;premium_tabs_content_text&quot;:&quot;&lt;p style=\\&quot;text-align: left;\\&quot;&gt;&lt;img class=\\&quot;alignnone wp-image-10274 size-full\\&quot; src=\\&quot;https:\\\/\\\/saisonsculturelleschaumont.fr\\\/mdxpuixt\\\/wp-content\\\/uploads\\\/2023\\\/08\\\/etablissements_logos_site-02.png\\&quot; alt=\\&quot;\\&quot; width=\\&quot;1831\\&quot; height=\\&quot;809\\&quot; \\\/&gt;&lt;\\\/p&gt;&lt;p style=\\&quot;text-align: right;\\&quot;&gt;&lt;a href=\\&quot;https:\\\/\\\/saisonsculturelleschaumont.fr\\\/mdxpuixt\\\/agenda\\\/?tribe_organizers=1190\\&quot;&gt;voir les \\u00e9v\\u00e9nements&lt;\\\/a&gt;&lt;\\\/p&gt;&lt;p&gt;&lt;div data-post-id=&quot;&#039;les-silos&#039;&quot; class=&quot;insert-page insert-page-&#039;les-silos&#039; &quot;&gt;&lt;a href=&quot;https:\/\/saisonsculturelleschaumont.fr\/mdxpuixt\/qui\/les-silos\/&quot;&gt;m\u00e9diath\u00e8que les silos&lt;\/a&gt;\n\t\t\t\t\t\t\t\t&lt;\/div&gt;&lt;\\\/p&gt;&quot;,&quot;__fa4_migrated&quot;:{&quot;premium_tabs_icon_updated&quot;:true},&quot;_id&quot;:&quot;db04421&quot;,&quot;premium_tabs_icon_switcher&quot;:&quot;&quot;,&quot;icon_type&quot;:null,&quot;premium_tabs_icon_updated&quot;:null,&quot;image_upload&quot;:null,&quot;custom_svg&quot;:null,&quot;lottie_url&quot;:null,&quot;draw_svg&quot;:null,&quot;lottie_loop&quot;:null,&quot;lottie_reverse&quot;:null,&quot;premium_tabs_content&quot;:&quot;text_editor&quot;,&quot;live_temp_content&quot;:null,&quot;premium_tabs_content_temp&quot;:null,&quot;custom_tab_navigation&quot;:&quot;&quot;},{&quot;premium_tabs_icon&quot;:&quot;fa fa-star&quot;,&quot;premium_tabs_title&quot;:&quot;dans la Ville&quot;,&quot;premium_tabs_content_text&quot;:&quot;&lt;p style=\\&quot;text-align: left;\\&quot;&gt;&lt;img class=\\&quot;alignnone wp-image-10276 size-full\\&quot; src=\\&quot;https:\\\/\\\/saisonsculturelleschaumont.fr\\\/mdxpuixt\\\/wp-content\\\/uploads\\\/2023\\\/08\\\/etablissements_logos_site-04.png\\&quot; alt=\\&quot;\\&quot; width=\\&quot;1830\\&quot; height=\\&quot;809\\&quot; \\\/&gt;&lt;\\\/p&gt;&lt;p style=\\&quot;text-align: right;\\&quot;&gt;&lt;a href=\\&quot;https:\\\/\\\/saisonsculturelleschaumont.fr\\\/mdxpuixt\\\/agenda\\\/?tribe_organizers=2804\\&quot;&gt;voir les \\u00e9v\\u00e9nements&lt;\\\/a&gt;&lt;\\\/p&gt;&lt;p&gt;&lt;div data-post-id=&quot;&#039;actions-dans-la-ville&#039;&quot; class=&quot;insert-page insert-page-&#039;actions-dans-la-ville&#039; &quot;&gt;&lt;a href=&quot;https:\/\/saisonsculturelleschaumont.fr\/mdxpuixt\/qui\/actions-dans-la-ville\/&quot;&gt;dans la ville&lt;\/a&gt;\n\t\t\t\t\t\t\t\t&lt;\/div&gt;&lt;\\\/p&gt;&quot;,&quot;_id&quot;:&quot;4d72405&quot;,&quot;__fa4_migrated&quot;:{&quot;premium_tabs_icon_updated&quot;:true},&quot;premium_tabs_icon_switcher&quot;:&quot;&quot;,&quot;icon_type&quot;:null,&quot;premium_tabs_icon_updated&quot;:null,&quot;image_upload&quot;:null,&quot;custom_svg&quot;:null,&quot;lottie_url&quot;:null,&quot;draw_svg&quot;:null,&quot;lottie_loop&quot;:null,&quot;lottie_reverse&quot;:null,&quot;premium_tabs_content&quot;:&quot;text_editor&quot;,&quot;live_temp_content&quot;:null,&quot;premium_tabs_content_temp&quot;:null,&quot;custom_tab_navigation&quot;:&quot;&quot;}],&quot;premium_tab_active_background_color&quot;:&quot;#A0D3D547&quot;,&quot;premium_tab_background_color&quot;:&quot;rgba(0,0,0,0)&quot;,&quot;accordion_tabs&quot;:&quot;true&quot;,&quot;accordion_tabs_devices&quot;:[&quot;mobile&quot;],&quot;default_tab_index&quot;:0,&quot;premium_tab_type&quot;:&quot;horizontal&quot;,&quot;premium_tab_style_selected&quot;:&quot;style1&quot;,&quot;accordion_tabs_anim_duration&quot;:&quot;fast&quot;}\" data-widget_type=\"premium-addon-tabs.default\">\n\t\t\t\t<div class=\"elementor-widget-container\">\n\t\t\t\r\n\t\t\t<div data-navigation=\"[&quot;&quot;,&quot;&quot;,&quot;&quot;,&quot;&quot;,&quot;&quot;]\" id=\"premium-tabs-572a7709\" class=\"premium-tabs premium-tabs-style-iconbox premium-tabs-horizontal\">\r\n\t\t\t\t<div class=\"premium-tabs-nav horizontal\">\r\n\t\t\t\t\t<ul class=\"premium-tabs-nav-list premium-tabs-horizontal\">\r\n\t\t\t\t\t\t\t\t\t\t\t\t\t<li class=\"premium-tabs-nav-list-item elementor-repeater-item-bf7174b\" data-list-index=\"0\" data-content-id=\"#premium-accordion-content-0\">\r\n\t\t\t\t\t\t\t\t<a class=\"premium-tab-link\" aria-label=\"#section-0-572a7709\" href=\"#section-iconbox-0-572a7709\">\r\n\r\n\t\t\t\t\t\t\t\t\t\t\t\t\t\t\t\t\t\t\t<p class=\"premium-tab-title\">\r\n\t\t\t\t\t\t\t\t\t\t\tChapelle<br>des J\u00e9suites\t\t\t\t\t\t\t\t\t\t<\/p>\r\n\t\t\t\t\t\t\t\t\t\t\t\t\t\t\t\t\t<\/a>\r\n\r\n\t\t\t\t\t\t\t\t\t\t\t\t\t\t\t\t\t<div class=\"premium-tab-arrow-wrap\">\r\n\t\t\t\t\t\t\t\t\t\t<div class=\"premium-tab-arrow-border\"><\/div>\r\n\t\t\t\t\t\t\t\t\t\t<div class=\"premium-tab-arrow\"><\/div>\r\n\t\t\t\t\t\t\t\t\t<\/div>\r\n\t\t\t\t\t\t\t\t\r\n\t\t\t\t\t\t\t<\/li>\r\n\t\t\t\t\t\t\t\t\t\t\t\t\t\t\t\t<li class=\"premium-accordion-tab-content\" id=\"premium-accordion-content-0\">\r\n\t\t\t\t\t\t\t\t\t\t<section id=\"section-iconbox-0-572a7709\" class=\"premium-tabs-content-section\">\r\n\t\t\t\t\t\t\t\t\t\t\t<div class=\"premium-tab-content\">\r\n\r\n\t\t\t\t\t\t\t\t\t\t\t\t\t\t\t\t\t\t\t\t\t\t\t\t\t<p style=\"text-align: left;\"><img decoding=\"async\" loading=\"lazy\" class=\"alignnone wp-image-10277 size-full\" src=\"https:\/\/saisonsculturelleschaumont.fr\/mdxpuixt\/wp-content\/uploads\/2023\/08\/etablissements_logos_site-05.png\" alt=\"\" width=\"1830\" height=\"809\" srcset=\"https:\/\/saisonsculturelleschaumont.fr\/mdxpuixt\/wp-content\/uploads\/2023\/08\/etablissements_logos_site-05.png 1830w, https:\/\/saisonsculturelleschaumont.fr\/mdxpuixt\/wp-content\/uploads\/2023\/08\/etablissements_logos_site-05-1536x679.png 1536w, https:\/\/saisonsculturelleschaumont.fr\/mdxpuixt\/wp-content\/uploads\/2023\/08\/etablissements_logos_site-05-1500x663.png 1500w, https:\/\/saisonsculturelleschaumont.fr\/mdxpuixt\/wp-content\/uploads\/2023\/08\/etablissements_logos_site-05-705x312.png 705w\" sizes=\"(max-width: 1830px) 100vw, 1830px\" \/><\/p><p style=\"text-align: right;\"><a href=\"https:\/\/saisonsculturelleschaumont.fr\/mdxpuixt\/agenda\/?tribe_organizers=1191\">voir les \u00e9v\u00e9nements<\/a><\/p><p><div data-post-id=\"1191\" class=\"insert-page insert-page-1191 \">\t\t<div data-elementor-type=\"wp-post\" data-elementor-id=\"1191\" class=\"elementor elementor-1191\">\n\t\t\t\t\t\t<div class=\"elementor-inner\">\n\t\t\t\t<div class=\"elementor-section-wrap\">\n\t\t\t\t\t\t\t\t\t<section class=\"elementor-section elementor-top-section elementor-element elementor-element-4cceea34 elementor-section-boxed elementor-section-height-default elementor-section-height-default\" data-id=\"4cceea34\" data-element_type=\"section\">\n\t\t\t\t\t\t<div class=\"elementor-container elementor-column-gap-default\">\n\t\t\t\t\t\t\t<div class=\"elementor-row\">\n\t\t\t\t\t<div class=\"elementor-column elementor-col-100 elementor-top-column elementor-element elementor-element-6a376d25\" data-id=\"6a376d25\" data-element_type=\"column\">\n\t\t\t<div class=\"elementor-column-wrap elementor-element-populated\">\n\t\t\t\t\t\t\t<div class=\"elementor-widget-wrap\">\n\t\t\t\t\t\t<div class=\"elementor-element elementor-element-495beceb elementor-widget elementor-widget-spacer\" data-id=\"495beceb\" data-element_type=\"widget\" data-widget_type=\"spacer.default\">\n\t\t\t\t<div class=\"elementor-widget-container\">\n\t\t\t\t\t<div class=\"elementor-spacer\">\n\t\t\t<div class=\"elementor-spacer-inner\"><\/div>\n\t\t<\/div>\n\t\t\t\t<\/div>\n\t\t\t\t<\/div>\n\t\t\t\t\t\t<\/div>\n\t\t\t\t\t<\/div>\n\t\t<\/div>\n\t\t\t\t\t\t\t\t<\/div>\n\t\t\t\t\t<\/div>\n\t\t<\/section>\n\t\t\t\t<section class=\"elementor-section elementor-top-section elementor-element elementor-element-176be05d elementor-section-full_width elementor-section-height-default elementor-section-height-default\" data-id=\"176be05d\" data-element_type=\"section\">\n\t\t\t\t\t\t<div class=\"elementor-container elementor-column-gap-no\">\n\t\t\t\t\t\t\t<div class=\"elementor-row\">\n\t\t\t\t\t<div class=\"elementor-column elementor-col-33 elementor-top-column elementor-element elementor-element-2c96851 dk-font-alterne\" data-id=\"2c96851\" data-element_type=\"column\">\n\t\t\t<div class=\"elementor-column-wrap elementor-element-populated\">\n\t\t\t\t\t\t\t<div class=\"elementor-widget-wrap\">\n\t\t\t\t\t\t<div class=\"elementor-element elementor-element-7e38d0fc elementor-widget elementor-widget-text-editor\" data-id=\"7e38d0fc\" data-element_type=\"widget\" data-widget_type=\"text-editor.default\">\n\t\t\t\t<div class=\"elementor-widget-container\">\n\t\t\t\t\t\t\t\t<div class=\"elementor-text-editor elementor-clearfix\">\n\t\t\t\t<h5>galerie d&rsquo;art contemporain<\/h5><p>rue victoire de la marne<br \/>52000\u00a0chaumont<br \/>03 25 30 44 91<\/p><h5>horaires<\/h5><ul><li><span class=\"TextRun SCXW83774884 BCX4\" lang=\"FR-FR\" xml:lang=\"FR-FR\" data-contrast=\"auto\"><span class=\"NormalTextRun SCXW83774884 BCX4\">ouvert tous les jours de <\/span><\/span><span class=\"TextRun SCXW83774884 BCX4\" lang=\"FR-FR\" xml:lang=\"FR-FR\" data-contrast=\"auto\"><span class=\"NormalTextRun SCXW83774884 BCX4\">14h \u00e0 18h30<\/span><\/span><span class=\"TextRun SCXW83774884 BCX4\" lang=\"FR-FR\" xml:lang=\"FR-FR\" data-contrast=\"auto\"><span class=\"NormalTextRun SCXW83774884 BCX4\">\u00a0<\/span><\/span><span class=\"TextRun SCXW83774884 BCX4\" lang=\"FR-FR\" xml:lang=\"FR-FR\" data-contrast=\"auto\"><span class=\"NormalTextRun SCXW83774884 BCX4\">et \u00e9galement de\u00a0<\/span><\/span><span class=\"TextRun SCXW83774884 BCX4\" lang=\"FR-FR\" xml:lang=\"FR-FR\" data-contrast=\"auto\"><span class=\"NormalTextRun SCXW83774884 BCX4\">10h \u00e0 12h30<\/span><\/span><span class=\"TextRun SCXW83774884 BCX4\" lang=\"FR-FR\" xml:lang=\"FR-FR\" data-contrast=\"auto\"><span class=\"NormalTextRun SCXW83774884 BCX4\">\u00a0le mercredi et samedi. Fermeture le mardi.<\/span><\/span><span class=\"EOP SCXW83774884 BCX4\" data-ccp-props=\"{\">\u00a0<\/span>\u200b<\/li><\/ul>\t\t\t\t\t<\/div>\n\t\t\t\t\t\t<\/div>\n\t\t\t\t<\/div>\n\t\t\t\t\t\t<\/div>\n\t\t\t\t\t<\/div>\n\t\t<\/div>\n\t\t\t\t<div class=\"elementor-column elementor-col-66 elementor-top-column elementor-element elementor-element-1de275ff\" data-id=\"1de275ff\" data-element_type=\"column\">\n\t\t\t<div class=\"elementor-column-wrap elementor-element-populated\">\n\t\t\t\t\t\t\t<div class=\"elementor-widget-wrap\">\n\t\t\t\t\t\t<div class=\"elementor-element elementor-element-ecb62d7 elementor-widget elementor-widget-text-editor\" data-id=\"ecb62d7\" data-element_type=\"widget\" data-widget_type=\"text-editor.default\">\n\t\t\t\t<div class=\"elementor-widget-container\">\n\t\t\t\t\t\t\t\t<div class=\"elementor-text-editor elementor-clearfix\">\n\t\t\t\t<p><span data-contrast=\"auto\">B\u00e2tie en c\u0153ur de ville \u00e0 partir de 1629, la chapelle des j\u00e9suites, class\u00e9e monument historique, est un des plus rem<\/span><span data-contrast=\"auto\">arquables \u00e9difices de chaumont.&nbsp;<\/span><span data-ccp-props=\"{\">&nbsp;<\/span><\/p>\n<p><span data-contrast=\"auto\">Le monumental retable du ch\u0153ur, \u0153uvre du sculpteur lorrain claude collignon, constitu\u00e9 d\u2019un haut relief de pierre dor\u00e9e et sculpt\u00e9e, ex\u00e9cut\u00e9 en 1712 par jean-bap<\/span><span data-contrast=\"auto\">tiste bouchardon, est le joyau <\/span><span data-contrast=\"auto\">d<\/span><span data-contrast=\"auto\">\u2019une riche ornementation int\u00e9rieure<\/span><span data-contrast=\"auto\">.<\/span><span data-ccp-props=\"{\">&nbsp;<\/span><\/p>\n<p><span data-contrast=\"auto\">Aujourd\u2019hui, la chapelle<\/span><span data-contrast=\"auto\"> est un lieu d\u2019exposition d\u00e9di\u00e9 \u00e0 l\u2019ar<\/span><span data-contrast=\"auto\">t contemporain. Elle accueille <strong>2 \u00e0 3<\/strong><\/span><strong> expositions par an<\/strong><span data-contrast=\"auto\">. <\/span><span data-contrast=\"auto\">D&rsquo;une surface <\/span><span data-contrast=\"auto\">de 400 m2, la c<\/span><span data-contrast=\"auto\">hapelle expose des \u0153uvres <\/span><span data-contrast=\"auto\">individuelles ou collectives d\u2019<\/span><span data-contrast=\"auto\">artistes <\/span><span data-contrast=\"auto\">fran\u00e7ais ou \u00e9trangers<\/span><span data-contrast=\"auto\">.<\/span><span data-ccp-props=\"{\">&nbsp;<\/span><\/p>\n<p><span data-contrast=\"auto\">Elle<\/span><span data-contrast=\"auto\"> devient le salon des \u00e9diteurs d\u2019art et de graphisme le temps d\u2019une semaine pendant <\/span><span data-contrast=\"auto\">la biennale du design graphique organis\u00e9e<\/span><span data-contrast=\"auto\"> par le signe. La prochaine \u00e9dition aura lieu en mai 2021.<\/span><span data-contrast=\"auto\">&nbsp;<\/span><span data-ccp-props=\"{\">&nbsp;<\/span><\/p>\n<p><span data-contrast=\"auto\">La biennale des artistes haut<\/span><span data-contrast=\"auto\">-m<\/span><span data-contrast=\"auto\">arnais<\/span><span data-contrast=\"auto\">, organis\u00e9e par la ville, <\/span><span data-contrast=\"auto\">y <\/span><span data-contrast=\"auto\">pr\u00e9sente autour de 50 artistes s\u00e9lectionn\u00e9s par un jury d&rsquo;exp<\/span><span data-contrast=\"auto\">erts afin de pr\u00e9senter leurs derni\u00e8res cr\u00e9ations. Un prix municipal et un autre d\u00e9partemental sont d\u00e9cern\u00e9s \u00e0 cette occasion.<\/span><span data-ccp-props=\"{\">&nbsp;<\/span><\/p>\n<p><span data-contrast=\"auto\">La c<\/span><span data-contrast=\"auto\">hapelle accueille un large public et propose, tout au long de l&rsquo;ann\u00e9e, des visites comment\u00e9es.<\/span><span data-ccp-props=\"{\">&nbsp;<\/span><\/p>\n<p><strong>\u2192 entr\u00e9e libre pour tous les publics&nbsp;<\/strong><\/p>\n<p><strong><br><\/strong><\/p>\n<p><\/p>\n<p><font color=\"#451255\"><span style=\"caret-color: rgb(69, 18, 85);\"><b>ACTUELLEMENT&nbsp;<\/b><\/span><\/font><\/p><p><font color=\"#451255\"><span style=\"caret-color: rgb(69, 18, 85);\"><b>Exposition ODYSS\u00c9ES, DANS LES UNIVERS D&rsquo;\u00c9TIENNE CHAIZE<\/b><\/span><\/font><\/p><p><font color=\"#451255\"><span style=\"caret-color: rgb(69, 18, 85);\"><b>Jusqu&rsquo;au 18 ao\u00fbt<\/b><\/span><\/font><\/p>\t\t\t\t\t<\/div>\n\t\t\t\t\t\t<\/div>\n\t\t\t\t<\/div>\n\t\t\t\t\t\t<\/div>\n\t\t\t\t\t<\/div>\n\t\t<\/div>\n\t\t\t\t\t\t\t\t<\/div>\n\t\t\t\t\t<\/div>\n\t\t<\/section>\n\t\t\t\t<section class=\"elementor-section elementor-top-section elementor-element elementor-element-4eac498c elementor-section-boxed elementor-section-height-default elementor-section-height-default\" data-id=\"4eac498c\" data-element_type=\"section\">\n\t\t\t\t\t\t<div class=\"elementor-container elementor-column-gap-default\">\n\t\t\t\t\t\t\t<div class=\"elementor-row\">\n\t\t\t\t\t<div class=\"elementor-column elementor-col-100 elementor-top-column elementor-element elementor-element-262b3c16\" data-id=\"262b3c16\" data-element_type=\"column\">\n\t\t\t<div class=\"elementor-column-wrap elementor-element-populated\">\n\t\t\t\t\t\t\t<div class=\"elementor-widget-wrap\">\n\t\t\t\t\t\t<div class=\"elementor-element elementor-element-2d2b7dce elementor-widget elementor-widget-spacer\" data-id=\"2d2b7dce\" data-element_type=\"widget\" data-widget_type=\"spacer.default\">\n\t\t\t\t<div class=\"elementor-widget-container\">\n\t\t\t\t\t<div class=\"elementor-spacer\">\n\t\t\t<div class=\"elementor-spacer-inner\"><\/div>\n\t\t<\/div>\n\t\t\t\t<\/div>\n\t\t\t\t<\/div>\n\t\t\t\t\t\t<\/div>\n\t\t\t\t\t<\/div>\n\t\t<\/div>\n\t\t\t\t\t\t\t\t<\/div>\n\t\t\t\t\t<\/div>\n\t\t<\/section>\n\t\t\t\t\t\t\t\t\t<\/div>\n\t\t\t<\/div>\n\t\t\t\t\t<\/div>\n\t\t<\/div><\/p>\t\t\t\t\t\t\t\t\t\t\t\t\t\t\t\t\t\t\t\t\t\t\t\t<\/div>\r\n\t\t\t\t\t\t\t\t\t\t<\/section>\r\n\t\t\t\t\t\t\t\t\t<\/li>\r\n\t\t\t\t\t\t\t\t\t\t\t\t\t\t\t\t\t\t\t\t<li class=\"premium-tabs-nav-list-item elementor-repeater-item-d96e0c8\" data-list-index=\"1\" data-content-id=\"#premium-accordion-content-1\">\r\n\t\t\t\t\t\t\t\t<a class=\"premium-tab-link\" aria-label=\"#section-1-572a7709\" href=\"#section-iconbox-1-572a7709\">\r\n\r\n\t\t\t\t\t\t\t\t\t\t\t\t\t\t\t\t\t\t\t<p class=\"premium-tab-title\">\r\n\t\t\t\t\t\t\t\t\t\t\tConservatoire<br>de Musique\t\t\t\t\t\t\t\t\t\t<\/p>\r\n\t\t\t\t\t\t\t\t\t\t\t\t\t\t\t\t\t<\/a>\r\n\r\n\t\t\t\t\t\t\t\t\t\t\t\t\t\t\t\t\t<div class=\"premium-tab-arrow-wrap\">\r\n\t\t\t\t\t\t\t\t\t\t<div class=\"premium-tab-arrow-border\"><\/div>\r\n\t\t\t\t\t\t\t\t\t\t<div class=\"premium-tab-arrow\"><\/div>\r\n\t\t\t\t\t\t\t\t\t<\/div>\r\n\t\t\t\t\t\t\t\t\r\n\t\t\t\t\t\t\t<\/li>\r\n\t\t\t\t\t\t\t\t\t\t\t\t\t\t\t\t<li class=\"premium-accordion-tab-content\" id=\"premium-accordion-content-1\">\r\n\t\t\t\t\t\t\t\t\t\t<section id=\"section-iconbox-1-572a7709\" class=\"premium-tabs-content-section\">\r\n\t\t\t\t\t\t\t\t\t\t\t<div class=\"premium-tab-content\">\r\n\r\n\t\t\t\t\t\t\t\t\t\t\t\t\t\t\t\t\t\t\t\t\t\t\t\t\t<p style=\"text-align: left;\"><img decoding=\"async\" loading=\"lazy\" class=\"alignnone wp-image-10273 size-full\" src=\"https:\/\/saisonsculturelleschaumont.fr\/mdxpuixt\/wp-content\/uploads\/2023\/08\/etablissements_logos_site_Plan-de-travail-1.png\" alt=\"\" width=\"1831\" height=\"809\" srcset=\"https:\/\/saisonsculturelleschaumont.fr\/mdxpuixt\/wp-content\/uploads\/2023\/08\/etablissements_logos_site_Plan-de-travail-1.png 1831w, https:\/\/saisonsculturelleschaumont.fr\/mdxpuixt\/wp-content\/uploads\/2023\/08\/etablissements_logos_site_Plan-de-travail-1-1536x679.png 1536w, https:\/\/saisonsculturelleschaumont.fr\/mdxpuixt\/wp-content\/uploads\/2023\/08\/etablissements_logos_site_Plan-de-travail-1-1500x663.png 1500w, https:\/\/saisonsculturelleschaumont.fr\/mdxpuixt\/wp-content\/uploads\/2023\/08\/etablissements_logos_site_Plan-de-travail-1-705x311.png 705w\" sizes=\"(max-width: 1831px) 100vw, 1831px\" \/><\/p><p style=\"text-align: right;\"><a href=\"https:\/\/saisonsculturelleschaumont.fr\/mdxpuixt\/agenda\/?tribe_organizers=2911\">voir les \u00e9v\u00e9nements<\/a><\/p><p><div data-post-id=\"2911\" class=\"insert-page insert-page-2911 \">\t\t<div data-elementor-type=\"wp-post\" data-elementor-id=\"2911\" class=\"elementor elementor-2911\">\n\t\t\t\t\t\t<div class=\"elementor-inner\">\n\t\t\t\t<div class=\"elementor-section-wrap\">\n\t\t\t\t\t\t\t\t\t<section class=\"elementor-section elementor-top-section elementor-element elementor-element-3719931b elementor-section-boxed elementor-section-height-default elementor-section-height-default\" data-id=\"3719931b\" data-element_type=\"section\">\n\t\t\t\t\t\t<div class=\"elementor-container elementor-column-gap-default\">\n\t\t\t\t\t\t\t<div class=\"elementor-row\">\n\t\t\t\t\t<div class=\"elementor-column elementor-col-100 elementor-top-column elementor-element elementor-element-4b2a180f\" data-id=\"4b2a180f\" data-element_type=\"column\">\n\t\t\t<div class=\"elementor-column-wrap elementor-element-populated\">\n\t\t\t\t\t\t\t<div class=\"elementor-widget-wrap\">\n\t\t\t\t\t\t<div class=\"elementor-element elementor-element-2b3cf22b elementor-widget elementor-widget-spacer\" data-id=\"2b3cf22b\" data-element_type=\"widget\" data-widget_type=\"spacer.default\">\n\t\t\t\t<div class=\"elementor-widget-container\">\n\t\t\t\t\t<div class=\"elementor-spacer\">\n\t\t\t<div class=\"elementor-spacer-inner\"><\/div>\n\t\t<\/div>\n\t\t\t\t<\/div>\n\t\t\t\t<\/div>\n\t\t\t\t\t\t<\/div>\n\t\t\t\t\t<\/div>\n\t\t<\/div>\n\t\t\t\t\t\t\t\t<\/div>\n\t\t\t\t\t<\/div>\n\t\t<\/section>\n\t\t\t\t<section class=\"elementor-section elementor-top-section elementor-element elementor-element-353ec642 elementor-section-full_width elementor-section-height-default elementor-section-height-default\" data-id=\"353ec642\" data-element_type=\"section\">\n\t\t\t\t\t\t<div class=\"elementor-container elementor-column-gap-no\">\n\t\t\t\t\t\t\t<div class=\"elementor-row\">\n\t\t\t\t\t<div class=\"elementor-column elementor-col-33 elementor-top-column elementor-element elementor-element-2d165c0a dk-font-alterne\" data-id=\"2d165c0a\" data-element_type=\"column\">\n\t\t\t<div class=\"elementor-column-wrap elementor-element-populated\">\n\t\t\t\t\t\t\t<div class=\"elementor-widget-wrap\">\n\t\t\t\t\t\t<div class=\"elementor-element elementor-element-27fd9756 elementor-widget elementor-widget-text-editor\" data-id=\"27fd9756\" data-element_type=\"widget\" data-widget_type=\"text-editor.default\">\n\t\t\t\t<div class=\"elementor-widget-container\">\n\t\t\t\t\t\t\t\t<div class=\"elementor-text-editor elementor-clearfix\">\n\t\t\t\t<h5>le conservatoire de musique<\/h5><p>12 rue dutailly<br \/>52000 chaumont<br \/>03 25 30 60 50<\/p><h5>horaires<\/h5><div class=\"page\" title=\"Page 1\"><div class=\"section\"><div class=\"layoutArea\"><div class=\"column\"><ul><li>ouvert du lundi au vendredi de 9h a\u0300 11h30 &amp; de 14h a\u0300 18h samedi de 9h a\u0300 11h\u00a0<\/li><\/ul><\/div><\/div><\/div><\/div>\t\t\t\t\t<\/div>\n\t\t\t\t\t\t<\/div>\n\t\t\t\t<\/div>\n\t\t\t\t\t\t<\/div>\n\t\t\t\t\t<\/div>\n\t\t<\/div>\n\t\t\t\t<div class=\"elementor-column elementor-col-66 elementor-top-column elementor-element elementor-element-7936f4f9\" data-id=\"7936f4f9\" data-element_type=\"column\">\n\t\t\t<div class=\"elementor-column-wrap elementor-element-populated\">\n\t\t\t\t\t\t\t<div class=\"elementor-widget-wrap\">\n\t\t\t\t\t\t<div class=\"elementor-element elementor-element-11e1b3e elementor-widget elementor-widget-text-editor\" data-id=\"11e1b3e\" data-element_type=\"widget\" data-widget_type=\"text-editor.default\">\n\t\t\t\t<div class=\"elementor-widget-container\">\n\t\t\t\t\t\t\t\t<div class=\"elementor-text-editor elementor-clearfix\">\n\t\t\t\t<p><span data-contrast=\"auto\">Le c<\/span><span data-contrast=\"auto\">onservatoire de musique <\/span><span data-contrast=\"auto\">situ\u00e9 au<\/span> <span data-contrast=\"auto\">c\u0153ur <\/span><span data-contrast=\"auto\">de la vieille ville, a deux champs d<\/span><span data-contrast=\"auto\">\u2019<\/span><span data-contrast=\"auto\">action prioritaires : la <\/span><span data-contrast=\"auto\">formation et la diffusion musicales et artistiques. Il occupe une place pr\u00e9pond\u00e9r<\/span><span data-contrast=\"auto\">ante dans la vie culturelle de la ville et du<\/span><span data-contrast=\"auto\">\u202f\u00a0<\/span><span data-contrast=\"auto\">d<\/span><span data-contrast=\"auto\">\u00e9<\/span><span data-contrast=\"auto\">partement<\/span><span data-contrast=\"auto\">,<\/span><span data-contrast=\"auto\"> dans le cadre du sch<\/span><span data-contrast=\"auto\">\u00e9<\/span><span data-contrast=\"auto\">ma d<\/span><span data-contrast=\"auto\">\u00e9<\/span><span data-contrast=\"auto\">partemental des enseignements artistiques.<\/span> <span data-contrast=\"auto\">Ses <\/span><span data-contrast=\"auto\">missions<\/span><span data-contrast=\"auto\">\u202f<\/span><span data-contrast=\"auto\">sont renforc<\/span><span data-contrast=\"auto\">\u00e9<\/span><span data-contrast=\"auto\">es, enrichies et \u00e9tay\u00e9es par de nombreux partenariats privil\u00e9gi\u00e9s.<\/span><span data-ccp-props=\"{\">\u00a0<\/span><\/p><p><span data-contrast=\"auto\">Pr\u00e8s de <strong>500 \u00e9l\u00e8<\/strong><\/span><span data-contrast=\"auto\"><strong>ves<\/strong> s\u2019y rendent chaque semaine.<\/span><span data-contrast=\"auto\"> L\u2019\u00e9quipe p\u00e9dagogique est constitu\u00e9e de <strong>32\u00a0<\/strong><\/span><strong>\u202fprof<\/strong><span data-contrast=\"auto\"><strong>esseurs<\/strong> qui enseignent <\/span><span data-contrast=\"auto\"><strong>35 disciplines<\/strong> diff<\/span><span data-contrast=\"auto\">\u00e9<\/span><span data-contrast=\"auto\">rentes dans une grande diversit<\/span><span data-contrast=\"auto\">\u00e9<\/span><span data-contrast=\"auto\"> de<\/span><span data-contrast=\"auto\"> genres<\/span><span data-contrast=\"auto\">,<\/span><span data-contrast=\"auto\"> allant de la musique ancienne aux musiques actuelles.<\/span><span data-ccp-props=\"{\">\u00a0<\/span><\/p><p><strong>Clarinette, fl\u00fbte traversi\u00e8re, hautbois, saxophone, trompette, trombone, saxhorn, cor, violon, alto, violoncelle, contrebasse, clavecin, orgue, piano, guitare, percussions, chant, batterie, guitare \u00e9lectrique, basse \u00e9lectrique, jazz\u2026\u00a0<\/strong><\/p><p><span data-contrast=\"auto\">Et pratiques collectives aussi : <strong>ch\u0153ur d\u2019enfants, classe d\u2019orchestre, b<\/strong><\/span><strong>ig<\/strong><span data-contrast=\"auto\"><strong>\u00a0band, atelier de chanson fran\u00e7aise, atelier chanson d\u2019ici et d\u2019ailleurs, atelier jazz, atelier rock et ensembles instrumentaux<\/strong>.<\/span><span data-ccp-props=\"{\">\u00a0<\/span><\/p><p><span data-contrast=\"auto\">De l\u2019\u00e9veil musical d\u00e8s 6 ans gr\u00e2ce aux jeux, chants ou activit\u00e9s ludiques, jusqu\u2019\u00e0 la formation musicale pour adultes, le conservatoire offre un \u00e9ventail d\u2019activit\u00e9s et une exp\u00e9rience unique, celui de l\u2019appartenance \u00e0 une maison qui a vu na\u00eetre de grands talents et qui a su faire aimer la musique aux plus petits comme aux plus grands.\u00a0\u00a0<\/span><span data-ccp-props=\"{\">\u00a0<\/span><\/p><p><span data-contrast=\"auto\">Plus de <strong>70 concerts<\/strong> sont donn\u00e9s chaque ann\u00e9e scolaire.<\/span> <span data-contrast=\"auto\">Les concerts d<\/span><span data-contrast=\"auto\">\u2019\u00e9l\u00e8ves sont en acc\u00e8s libre<\/span><span data-contrast=\"auto\">.<\/span><span data-ccp-props=\"{\">\u00a0<\/span><\/p><p><span data-contrast=\"auto\"><strong>\u2192 Les inscriptions au conservatoire ont lieu \u00e0 partir de la fin du mois d\u2019ao\u00fbt de chaque ann\u00e9e<\/strong>.<\/span><span data-ccp-props=\"{\">\u00a0<\/span><\/p>\t\t\t\t\t<\/div>\n\t\t\t\t\t\t<\/div>\n\t\t\t\t<\/div>\n\t\t\t\t\t\t<\/div>\n\t\t\t\t\t<\/div>\n\t\t<\/div>\n\t\t\t\t\t\t\t\t<\/div>\n\t\t\t\t\t<\/div>\n\t\t<\/section>\n\t\t\t\t<section class=\"elementor-section elementor-top-section elementor-element elementor-element-64c8b919 elementor-section-boxed elementor-section-height-default elementor-section-height-default\" data-id=\"64c8b919\" data-element_type=\"section\">\n\t\t\t\t\t\t<div class=\"elementor-container elementor-column-gap-default\">\n\t\t\t\t\t\t\t<div class=\"elementor-row\">\n\t\t\t\t\t<div class=\"elementor-column elementor-col-100 elementor-top-column elementor-element elementor-element-364c3b60\" data-id=\"364c3b60\" data-element_type=\"column\">\n\t\t\t<div class=\"elementor-column-wrap elementor-element-populated\">\n\t\t\t\t\t\t\t<div class=\"elementor-widget-wrap\">\n\t\t\t\t\t\t<div class=\"elementor-element elementor-element-60834c5a elementor-widget elementor-widget-text-editor\" data-id=\"60834c5a\" data-element_type=\"widget\" data-widget_type=\"text-editor.default\">\n\t\t\t\t<div class=\"elementor-widget-container\">\n\t\t\t\t\t\t\t\t<div class=\"elementor-text-editor elementor-clearfix\">\n\t\t\t\t\t\t\t\t\t<\/div>\n\t\t\t\t\t\t<\/div>\n\t\t\t\t<\/div>\n\t\t\t\t\t\t<\/div>\n\t\t\t\t\t<\/div>\n\t\t<\/div>\n\t\t\t\t\t\t\t\t<\/div>\n\t\t\t\t\t<\/div>\n\t\t<\/section>\n\t\t\t\t\t\t\t\t\t<\/div>\n\t\t\t<\/div>\n\t\t\t\t\t<\/div>\n\t\t<\/div><\/p>\t\t\t\t\t\t\t\t\t\t\t\t\t\t\t\t\t\t\t\t\t\t\t\t<\/div>\r\n\t\t\t\t\t\t\t\t\t\t<\/section>\r\n\t\t\t\t\t\t\t\t\t<\/li>\r\n\t\t\t\t\t\t\t\t\t\t\t\t\t\t\t\t\t\t\t\t<li class=\"premium-tabs-nav-list-item elementor-repeater-item-dfcb60c\" data-list-index=\"2\" data-content-id=\"#premium-accordion-content-2\">\r\n\t\t\t\t\t\t\t\t<a class=\"premium-tab-link\" aria-label=\"#section-2-572a7709\" href=\"#section-iconbox-2-572a7709\">\r\n\r\n\t\t\t\t\t\t\t\t\t\t\t\t\t\t\t\t\t\t\t<p class=\"premium-tab-title\">\r\n\t\t\t\t\t\t\t\t\t\t\tMus\u00e9es\t\t\t\t\t\t\t\t\t\t<\/p>\r\n\t\t\t\t\t\t\t\t\t\t\t\t\t\t\t\t\t<\/a>\r\n\r\n\t\t\t\t\t\t\t\t\t\t\t\t\t\t\t\t\t<div class=\"premium-tab-arrow-wrap\">\r\n\t\t\t\t\t\t\t\t\t\t<div class=\"premium-tab-arrow-border\"><\/div>\r\n\t\t\t\t\t\t\t\t\t\t<div class=\"premium-tab-arrow\"><\/div>\r\n\t\t\t\t\t\t\t\t\t<\/div>\r\n\t\t\t\t\t\t\t\t\r\n\t\t\t\t\t\t\t<\/li>\r\n\t\t\t\t\t\t\t\t\t\t\t\t\t\t\t\t<li class=\"premium-accordion-tab-content\" id=\"premium-accordion-content-2\">\r\n\t\t\t\t\t\t\t\t\t\t<section id=\"section-iconbox-2-572a7709\" class=\"premium-tabs-content-section\">\r\n\t\t\t\t\t\t\t\t\t\t\t<div class=\"premium-tab-content\">\r\n\r\n\t\t\t\t\t\t\t\t\t\t\t\t\t\t\t\t\t\t\t\t\t\t\t\t\t<p style=\"text-align: left;\"><img decoding=\"async\" loading=\"lazy\" class=\"alignnone wp-image-10275 size-full\" src=\"https:\/\/saisonsculturelleschaumont.fr\/mdxpuixt\/wp-content\/uploads\/2023\/08\/etablissements_logos_site-03.png\" alt=\"\" width=\"1830\" height=\"809\" srcset=\"https:\/\/saisonsculturelleschaumont.fr\/mdxpuixt\/wp-content\/uploads\/2023\/08\/etablissements_logos_site-03.png 1830w, https:\/\/saisonsculturelleschaumont.fr\/mdxpuixt\/wp-content\/uploads\/2023\/08\/etablissements_logos_site-03-1536x679.png 1536w, https:\/\/saisonsculturelleschaumont.fr\/mdxpuixt\/wp-content\/uploads\/2023\/08\/etablissements_logos_site-03-1500x663.png 1500w, https:\/\/saisonsculturelleschaumont.fr\/mdxpuixt\/wp-content\/uploads\/2023\/08\/etablissements_logos_site-03-705x312.png 705w\" sizes=\"(max-width: 1830px) 100vw, 1830px\" \/><\/p><p style=\"text-align: right;\"><a href=\"https:\/\/saisonsculturelleschaumont.fr\/mdxpuixt\/agenda\/?tribe_organizers=1194\">voir les \u00e9v\u00e9nements<\/a><\/p><p><div data-post-id=\"1194\" class=\"insert-page insert-page-1194 \">\t\t<div data-elementor-type=\"wp-post\" data-elementor-id=\"1194\" class=\"elementor elementor-1194\">\n\t\t\t\t\t\t<div class=\"elementor-inner\">\n\t\t\t\t<div class=\"elementor-section-wrap\">\n\t\t\t\t\t\t\t\t\t<section class=\"elementor-section elementor-top-section elementor-element elementor-element-d095900 elementor-section-boxed elementor-section-height-default elementor-section-height-default\" data-id=\"d095900\" data-element_type=\"section\">\n\t\t\t\t\t\t<div class=\"elementor-container elementor-column-gap-default\">\n\t\t\t\t\t\t\t<div class=\"elementor-row\">\n\t\t\t\t\t<div class=\"elementor-column elementor-col-100 elementor-top-column elementor-element elementor-element-15a2878\" data-id=\"15a2878\" data-element_type=\"column\">\n\t\t\t<div class=\"elementor-column-wrap elementor-element-populated\">\n\t\t\t\t\t\t\t<div class=\"elementor-widget-wrap\">\n\t\t\t\t\t\t<div class=\"elementor-element elementor-element-4512824 elementor-widget elementor-widget-spacer\" data-id=\"4512824\" data-element_type=\"widget\" data-widget_type=\"spacer.default\">\n\t\t\t\t<div class=\"elementor-widget-container\">\n\t\t\t\t\t<div class=\"elementor-spacer\">\n\t\t\t<div class=\"elementor-spacer-inner\"><\/div>\n\t\t<\/div>\n\t\t\t\t<\/div>\n\t\t\t\t<\/div>\n\t\t\t\t\t\t<\/div>\n\t\t\t\t\t<\/div>\n\t\t<\/div>\n\t\t\t\t\t\t\t\t<\/div>\n\t\t\t\t\t<\/div>\n\t\t<\/section>\n\t\t\t\t<section class=\"elementor-section elementor-top-section elementor-element elementor-element-32a9fa03 elementor-section-full_width elementor-section-height-default elementor-section-height-default\" data-id=\"32a9fa03\" data-element_type=\"section\">\n\t\t\t\t\t\t<div class=\"elementor-container elementor-column-gap-no\">\n\t\t\t\t\t\t\t<div class=\"elementor-row\">\n\t\t\t\t\t<div class=\"elementor-column elementor-col-33 elementor-top-column elementor-element elementor-element-26fe10be dk-font-alterne\" data-id=\"26fe10be\" data-element_type=\"column\">\n\t\t\t<div class=\"elementor-column-wrap elementor-element-populated\">\n\t\t\t\t\t\t\t<div class=\"elementor-widget-wrap\">\n\t\t\t\t\t\t<div class=\"elementor-element elementor-element-19a51afa elementor-widget elementor-widget-text-editor\" data-id=\"19a51afa\" data-element_type=\"widget\" data-widget_type=\"text-editor.default\">\n\t\t\t\t<div class=\"elementor-widget-container\">\n\t\t\t\t\t\t\t\t<div class=\"elementor-text-editor elementor-clearfix\">\n\t\t\t\t<h5>le mus\u00e9e d&rsquo;art et d&rsquo;histoire<\/h5><p>place du palais de justice<br \/>52000 chaumont<\/p><h5>le mus\u00e9e de la cr\u00e8che<\/h5><p>1 rue des fr\u00e8res mistarlet<br \/>52000 chaumont<\/p><p>03 25 03 86 80<\/p><h5>horaires<\/h5><ul><li>ouverts tous les jours de 14h \u00e0 18h sauf le mardi.\u00a0Fermeture annuelle les 1er janvier, 1er mai et 25 d\u00e9cembre<\/li><\/ul><p>\u00a0<\/p>\t\t\t\t\t<\/div>\n\t\t\t\t\t\t<\/div>\n\t\t\t\t<\/div>\n\t\t\t\t\t\t<\/div>\n\t\t\t\t\t<\/div>\n\t\t<\/div>\n\t\t\t\t<div class=\"elementor-column elementor-col-66 elementor-top-column elementor-element elementor-element-028a074\" data-id=\"028a074\" data-element_type=\"column\">\n\t\t\t<div class=\"elementor-column-wrap elementor-element-populated\">\n\t\t\t\t\t\t\t<div class=\"elementor-widget-wrap\">\n\t\t\t\t\t\t<div class=\"elementor-element elementor-element-fae83f7 elementor-widget elementor-widget-text-editor\" data-id=\"fae83f7\" data-element_type=\"widget\" data-widget_type=\"text-editor.default\">\n\t\t\t\t<div class=\"elementor-widget-container\">\n\t\t\t\t\t\t\t\t<div class=\"elementor-text-editor elementor-clearfix\">\n\t\t\t\t<p><span data-contrast=\"auto\">Les mus\u00e9es de chaumont &#8211; <\/span><strong>le mus\u00e9e d\u2019art et d\u2019histoire et<\/strong><span data-contrast=\"auto\"><strong> le mus\u00e9e de la cr\u00e8che<\/strong> &#8211; <\/span><span data-contrast=\"auto\">conservent depuis leur origine r\u00e9volutionnaire des collections vari\u00e9es dans les domaines des beaux-arts (peinture, sculpture, arts graphiques), de l\u2019arch\u00e9ologie, des arts d\u00e9coratifs, de l\u2019art asiatique et des arts et traditions populaires.\u00a0<\/span><span data-ccp-props=\"{\">\u00a0<\/span><\/p><p><span data-contrast=\"auto\">Les mus\u00e9es valorisent leur fonds par des expositions temporaires, un roulement th\u00e9matique de l\u2019accrochage des peintures, des restaurations d\u2019<\/span><span data-contrast=\"auto\">\u0153uvres<\/span><span data-contrast=\"auto\">, des pr\u00e9sentations ponctuelles d\u2019<\/span><span data-contrast=\"auto\">\u0153uvres <\/span><span data-contrast=\"auto\">ou d\u2019objets d\u2019art. Des <\/span><span data-contrast=\"auto\">\u0153uvres <\/span><span data-contrast=\"auto\">sont en permanence \u00e9tudi\u00e9es et restaur\u00e9es afin d\u2019\u00eatre pr\u00e9sent\u00e9es au public. Les recherches sont accompagn\u00e9es de publications diffusant l\u2019existence et la signification des <\/span><span data-contrast=\"auto\">\u0153uvres.\u00a0<\/span><span data-ccp-props=\"{\">\u00a0<\/span><\/p><p><span data-contrast=\"auto\">Les mus\u00e9es organisent aussi un cycle annuel de conf\u00e9rences en partenariat avec les archives d\u00e9partement<\/span><span data-contrast=\"auto\">ales. Ils proposent \u00e9galement, depuis 2018, <\/span><span data-contrast=\"auto\">par le biais de leur charg\u00e9e des publics<\/span><span data-contrast=\"auto\">,<\/span><span data-contrast=\"auto\"> une offre d\u2019actions de m\u00e9diation (visites guid\u00e9es et ateliers p\u00e9dagogiques) vari\u00e9e.\u00a0<\/span><span data-ccp-props=\"{\">\u00a0<\/span><\/p><p><span data-contrast=\"auto\">Les mus\u00e9es sont ouverts au dialogue entre les arts et accueillent ponctuellement musiciens, danseurs, et conteurs ainsi qu<\/span><span data-contrast=\"auto\">\u2019au dialogue entre les \u00e9poques, <\/span><span data-contrast=\"auto\">en organisant par exemple des expositions d\u2019art contemporain qui entrent en r\u00e9sonance av<\/span><span data-contrast=\"auto\">ec les collections patrimoniales<\/span><span data-contrast=\"auto\">.<\/span><span data-ccp-props=\"{\">\u00a0<\/span><\/p><p><strong>\u2192 plein tarif : 2 \u20ac pour les 2 mus\u00e9es (billet coupl\u00e9)\u00a0<\/strong><\/p><p><strong>\u2192 demi-tarif : 1 \u20ac par personne pour les groupes de 10 personnes et plus\u00a0<\/strong><\/p><p><strong>\u2192 gratuit\u00e9 : moins de 18 ans, \u00e9tudiants, ch\u00f4meurs et allocataires des minima sociaux ; appliqu\u00e9e \u00e0 tous le 1er dimanche de chaque mois\u00a0<\/strong><\/p><p><strong>\u2192 ateliers p\u00e9dagogiques : 4 \u20ac\u00a0<\/strong><\/p><p><span data-contrast=\"auto\">Des <\/span><span data-contrast=\"auto\">visites guid\u00e9es et <\/span><span data-contrast=\"auto\">des <\/span><span data-contrast=\"auto\">ateliers p\u00e9dagogiques <\/span><span data-contrast=\"auto\">sont \u00e9galement propos\u00e9s <\/span><span data-contrast=\"auto\">en dehors des horaires d\u2019ouverture au public (tous les matins et le mardi apr\u00e8s-midi).<\/span> <span data-contrast=\"auto\">Ainsi qu\u2019une pr\u00e9paration de<\/span><span data-contrast=\"auto\"> visites ou ateliers avec les enseignants, <\/span><span data-contrast=\"auto\">avec la <\/span><span data-contrast=\"auto\">possibilit\u00e9 de r\u00e9pondre \u00e0 un souhait de th\u00e8me pr\u00e9cis de la part de ceux-ci.<\/span><span data-ccp-props=\"{\">\u00a0<\/span><\/p><p><span data-contrast=\"auto\">M\u00e9diation adapt\u00e9e aux enfants e<\/span><span data-contrast=\"auto\">n bas-\u00e2ge, aux personnes \u00e2g\u00e9es ainsi qu\u2019<\/span><span data-contrast=\"auto\">aux personnes en situation de handicap mental.<\/span><span data-ccp-props=\"{\">\u00a0<\/span><\/p>\t\t\t\t\t<\/div>\n\t\t\t\t\t\t<\/div>\n\t\t\t\t<\/div>\n\t\t\t\t\t\t<\/div>\n\t\t\t\t\t<\/div>\n\t\t<\/div>\n\t\t\t\t\t\t\t\t<\/div>\n\t\t\t\t\t<\/div>\n\t\t<\/section>\n\t\t\t\t\t\t\t\t\t<\/div>\n\t\t\t<\/div>\n\t\t\t\t\t<\/div>\n\t\t<\/div>\u200b<\/p>\t\t\t\t\t\t\t\t\t\t\t\t\t\t\t\t\t\t\t\t\t\t\t\t<\/div>\r\n\t\t\t\t\t\t\t\t\t\t<\/section>\r\n\t\t\t\t\t\t\t\t\t<\/li>\r\n\t\t\t\t\t\t\t\t\t\t\t\t\t\t\t\t\t\t\t\t<li class=\"premium-tabs-nav-list-item elementor-repeater-item-db04421\" data-list-index=\"3\" data-content-id=\"#premium-accordion-content-3\">\r\n\t\t\t\t\t\t\t\t<a class=\"premium-tab-link\" aria-label=\"#section-3-572a7709\" href=\"#section-iconbox-3-572a7709\">\r\n\r\n\t\t\t\t\t\t\t\t\t\t\t\t\t\t\t\t\t\t\t<p class=\"premium-tab-title\">\r\n\t\t\t\t\t\t\t\t\t\t\tM\u00e9diath\u00e8que<br>les Silos\t\t\t\t\t\t\t\t\t\t<\/p>\r\n\t\t\t\t\t\t\t\t\t\t\t\t\t\t\t\t\t<\/a>\r\n\r\n\t\t\t\t\t\t\t\t\t\t\t\t\t\t\t\t\t<div class=\"premium-tab-arrow-wrap\">\r\n\t\t\t\t\t\t\t\t\t\t<div class=\"premium-tab-arrow-border\"><\/div>\r\n\t\t\t\t\t\t\t\t\t\t<div class=\"premium-tab-arrow\"><\/div>\r\n\t\t\t\t\t\t\t\t\t<\/div>\r\n\t\t\t\t\t\t\t\t\r\n\t\t\t\t\t\t\t<\/li>\r\n\t\t\t\t\t\t\t\t\t\t\t\t\t\t\t\t<li class=\"premium-accordion-tab-content\" id=\"premium-accordion-content-3\">\r\n\t\t\t\t\t\t\t\t\t\t<section id=\"section-iconbox-3-572a7709\" class=\"premium-tabs-content-section\">\r\n\t\t\t\t\t\t\t\t\t\t\t<div class=\"premium-tab-content\">\r\n\r\n\t\t\t\t\t\t\t\t\t\t\t\t\t\t\t\t\t\t\t\t\t\t\t\t\t<p style=\"text-align: left;\"><img decoding=\"async\" loading=\"lazy\" class=\"alignnone wp-image-10274 size-full\" src=\"https:\/\/saisonsculturelleschaumont.fr\/mdxpuixt\/wp-content\/uploads\/2023\/08\/etablissements_logos_site-02.png\" alt=\"\" width=\"1831\" height=\"809\" srcset=\"https:\/\/saisonsculturelleschaumont.fr\/mdxpuixt\/wp-content\/uploads\/2023\/08\/etablissements_logos_site-02.png 1831w, https:\/\/saisonsculturelleschaumont.fr\/mdxpuixt\/wp-content\/uploads\/2023\/08\/etablissements_logos_site-02-1536x679.png 1536w, https:\/\/saisonsculturelleschaumont.fr\/mdxpuixt\/wp-content\/uploads\/2023\/08\/etablissements_logos_site-02-1500x663.png 1500w, https:\/\/saisonsculturelleschaumont.fr\/mdxpuixt\/wp-content\/uploads\/2023\/08\/etablissements_logos_site-02-705x311.png 705w\" sizes=\"(max-width: 1831px) 100vw, 1831px\" \/><\/p><p style=\"text-align: right;\"><a href=\"https:\/\/saisonsculturelleschaumont.fr\/mdxpuixt\/agenda\/?tribe_organizers=1190\">voir les \u00e9v\u00e9nements<\/a><\/p><p><div data-post-id=\"1190\" class=\"insert-page insert-page-1190 \">\t\t<div data-elementor-type=\"wp-post\" data-elementor-id=\"1190\" class=\"elementor elementor-1190\">\n\t\t\t\t\t\t<div class=\"elementor-inner\">\n\t\t\t\t<div class=\"elementor-section-wrap\">\n\t\t\t\t\t\t\t\t\t<section class=\"elementor-section elementor-top-section elementor-element elementor-element-28c7aee9 elementor-section-full_width elementor-section-height-default elementor-section-height-default\" data-id=\"28c7aee9\" data-element_type=\"section\">\n\t\t\t\t\t\t<div class=\"elementor-container elementor-column-gap-no\">\n\t\t\t\t\t\t\t<div class=\"elementor-row\">\n\t\t\t\t\t<div class=\"elementor-column elementor-col-33 elementor-top-column elementor-element elementor-element-4a8e9321 dk-font-alterne\" data-id=\"4a8e9321\" data-element_type=\"column\">\n\t\t\t<div class=\"elementor-column-wrap elementor-element-populated\">\n\t\t\t\t\t\t\t<div class=\"elementor-widget-wrap\">\n\t\t\t\t\t\t<div class=\"elementor-element elementor-element-32cbed5b elementor-widget elementor-widget-text-editor\" data-id=\"32cbed5b\" data-element_type=\"widget\" data-widget_type=\"text-editor.default\">\n\t\t\t\t<div class=\"elementor-widget-container\">\n\t\t\t\t\t\t\t\t<div class=\"elementor-text-editor elementor-clearfix\">\n\t\t\t\t<p>Pendant les travaux du b\u00e2timent avenue Foch, la m\u00e9diath\u00e8que les Silos vient \u00e0 votre rencontre gr\u00e2ce aux SILOS \u00c9PH\u00c9M\u00c8RES !<\/p><ul><li>l&rsquo;espace Bouchardon <br \/><em>mar., jeu. &amp; ven.\u00a0de 13h30 \u2794 18h30<\/em><br \/><em>mer. &amp; sam. de 9h30 \u2794 12h &amp; de 13h30 \u2794 18h30<\/em><\/li><\/ul><div class=\"xdj266r x11i5rnm xat24cr x1mh8g0r x1vvkbs x126k92a\"><div dir=\"auto\">ATTENTION<br \/><br \/>Les silos \u00e9ph\u00e9m\u00e8res, rue Victoire de la marne, fermeront leurs portes le samedi 24 ao\u00fbt \u00e0 18h30, afin de pr\u00e9parer le d\u00e9m\u00e9nagement et la r\u00e9ouverture des silos, avenue Foch.<\/div><div dir=\"auto\">\u00a0<\/div><\/div><div class=\"x11i5rnm xat24cr x1mh8g0r x1vvkbs xtlvy1s x126k92a\"><div dir=\"auto\">La r\u00e9ouverture des silos aura lieu au cours de l\u2019automne.\u00a0<\/div><div dir=\"auto\">\u00a0<\/div><\/div><div class=\"x11i5rnm xat24cr x1mh8g0r x1vvkbs xtlvy1s x126k92a\"><div dir=\"auto\">A compter du jeudi 18 juillet, votre nombre de documents empruntable est doubl\u00e9 : jusqu\u2019\u00e0 16 documents pour une carte emprunteur de 8 documents et jusqu\u2019\u00e0 40 documents pour une carte emprunteur de 20 documents.<\/div><div dir=\"auto\">\u00a0<\/div><\/div><div class=\"x11i5rnm xat24cr x1mh8g0r x1vvkbs xtlvy1s x126k92a\"><div dir=\"auto\">La dur\u00e9e du pr\u00eat s&rsquo;\u00e9tendra sur 3 mois.<\/div><div dir=\"auto\">\u00a0<\/div><\/div><div class=\"x11i5rnm xat24cr x1mh8g0r x1vvkbs xtlvy1s x126k92a\"><div dir=\"auto\">Pendant la fermeture de la m\u00e9diath\u00e8que, vous pourrez d\u00e9poser vos retours dans la bo\u00eete situ\u00e9e dans la cour de l&rsquo;espace Bouchardon.<\/div><div dir=\"auto\">\u00a0<\/div><\/div>\t\t\t\t\t<\/div>\n\t\t\t\t\t\t<\/div>\n\t\t\t\t<\/div>\n\t\t\t\t<div class=\"elementor-element elementor-element-48a09e1 elementor-widget elementor-widget-image\" data-id=\"48a09e1\" data-element_type=\"widget\" data-widget_type=\"image.default\">\n\t\t\t\t<div class=\"elementor-widget-container\">\n\t\t\t\t\t\t\t\t<div class=\"elementor-image\">\n\t\t\t\t\t\t\t\t\t\t\t\t<img decoding=\"async\" width=\"768\" height=\"768\" src=\"https:\/\/saisonsculturelleschaumont.fr\/mdxpuixt\/wp-content\/uploads\/2019\/07\/DSC_6477-768x768.jpg\" class=\"avia-img-lazy-loading-9937 attachment-medium_large size-medium_large wp-image-9937\" alt=\"\" loading=\"lazy\" srcset=\"https:\/\/saisonsculturelleschaumont.fr\/mdxpuixt\/wp-content\/uploads\/2019\/07\/DSC_6477-768x768.jpg 768w, https:\/\/saisonsculturelleschaumont.fr\/mdxpuixt\/wp-content\/uploads\/2019\/07\/DSC_6477-300x300.jpg 300w, https:\/\/saisonsculturelleschaumont.fr\/mdxpuixt\/wp-content\/uploads\/2019\/07\/DSC_6477-1030x1030.jpg 1030w, https:\/\/saisonsculturelleschaumont.fr\/mdxpuixt\/wp-content\/uploads\/2019\/07\/DSC_6477-80x80.jpg 80w, https:\/\/saisonsculturelleschaumont.fr\/mdxpuixt\/wp-content\/uploads\/2019\/07\/DSC_6477-60x60.jpg 60w, https:\/\/saisonsculturelleschaumont.fr\/mdxpuixt\/wp-content\/uploads\/2019\/07\/DSC_6477-36x36.jpg 36w, https:\/\/saisonsculturelleschaumont.fr\/mdxpuixt\/wp-content\/uploads\/2019\/07\/DSC_6477-180x180.jpg 180w\" sizes=\"(max-width: 768px) 100vw, 768px\" \/>\t\t\t\t\t\t\t\t\t\t\t\t\t\t<\/div>\n\t\t\t\t\t\t<\/div>\n\t\t\t\t<\/div>\n\t\t\t\t\t\t<\/div>\n\t\t\t\t\t<\/div>\n\t\t<\/div>\n\t\t\t\t<div class=\"elementor-column elementor-col-66 elementor-top-column elementor-element elementor-element-4693c2b1\" data-id=\"4693c2b1\" data-element_type=\"column\">\n\t\t\t<div class=\"elementor-column-wrap elementor-element-populated\">\n\t\t\t\t\t\t\t<div class=\"elementor-widget-wrap\">\n\t\t\t\t\t\t<div class=\"elementor-element elementor-element-3550871c elementor-widget elementor-widget-text-editor\" data-id=\"3550871c\" data-element_type=\"widget\" data-widget_type=\"text-editor.default\">\n\t\t\t\t<div class=\"elementor-widget-container\">\n\t\t\t\t\t\t\t\t<div class=\"elementor-text-editor elementor-clearfix\">\n\t\t\t\t<p><span data-contrast=\"auto\">Situ\u00e9s <\/span><span data-contrast=\"auto\">au c\u0153ur du quartier de la<\/span><span data-contrast=\"auto\"> gare de chaumont<\/span><span data-contrast=\"auto\">, le<\/span><span data-contrast=\"auto\">s s<\/span><span data-contrast=\"auto\">ilos abritent <\/span><span data-contrast=\"auto\">depuis 1994 <\/span><span data-contrast=\"auto\">une <strong>m\u00e9diath\u00e8que<\/strong><\/span><span data-contrast=\"auto\"> riche et insolite<\/span><span data-contrast=\"auto\">. La d\u00e9nomination rappelle qu\u2019\u00e0 l\u2019origine, le b\u00e2timent \u00e9tait une coop\u00e9rative agricole, caract\u00e9ristique de l\u2019architecture des ann\u00e9es 1930. Le p<\/span><span data-contrast=\"auto\">rojet de r\u00e9habilitation <\/span><span data-contrast=\"auto\">a permis de conserver les anciennes tr\u00e9mies \u00e0 grain, qui traversent les \u00e9tages de part en part r\u00e9v\u00e9lant un b\u00e2timent de verre impressionnant, tant \u00e0 l\u2019int\u00e9rieur qu\u2019\u00e0 l\u2019ext\u00e9rieur. Le b\u00e2timent a obtenu en 2011 le label \u00ab patrimoine du XX\u00e8me si\u00e8cle \u00bb d\u00e9livr\u00e9 par le minist\u00e8re de la culture et de la communication.<\/span><span data-ccp-props=\"{\">\u00a0<\/span><\/p><p><span data-contrast=\"auto\">Les s<\/span><span data-contrast=\"auto\">ilos proposent une offre multiple et coh\u00e9rente de <\/span><strong>130 000 documents<\/strong><span data-contrast=\"auto\">, dont 84 0<\/span><span data-contrast=\"auto\">00 en acc\u00e8s libre r\u00e9partis sur 3<\/span><span data-contrast=\"auto\"> niveaux, accessible au public 30h par semaine. <\/span><span data-contrast=\"auto\">Au premier niveau <\/span><span data-contrast=\"auto\">se trouvent tous les documents concernant <strong>l\u2019audio-visuel et la presse<\/strong>, au deuxi\u00e8me <strong>la section adulte<\/strong> et au troisi\u00e8me \u00e9tage <strong>la section jeunesse<\/strong>. Le catalogue est consultable en ligne \u00e0 travers le portail <\/span><span data-contrast=\"auto\">flora<\/span><span data-contrast=\"auto\">, <\/span><a href=\"http:\/\/silos.ville-chaumont.fr\/flora\/\"><span data-contrast=\"none\">http:\/\/silos.ville-chaumont.fr\/flora\/<\/span><\/a><span data-contrast=\"auto\">ou sur place.\u00a0<\/span><span data-ccp-props=\"{\">\u00a0<\/span><\/p><p><span data-contrast=\"auto\">Les s<\/span><span data-contrast=\"auto\">ilos<\/span><span data-contrast=\"auto\"> veillent \u00e9galement sur un fonds prestigieux de<strong> 285 manuscrits<\/strong> et <strong>200 incunables<\/strong> et plus de 30 000 documents anciens divers.<\/span><span data-contrast=\"auto\"> Ils<\/span><span data-contrast=\"auto\"> accueillent \u00e9galement les r\u00e9serves de la <strong>collection d\u2019affiches anciennes et contemporaines<\/strong> de la ville de chaumont sous la responsabilit\u00e9 du signe \u2013 centre national du graphisme. <\/span><span data-contrast=\"auto\">Ces fonds ne sont, quant \u00e0 eux, pas accessibles au public.<\/span><span data-contrast=\"auto\"> A<\/span><span data-contrast=\"auto\">u 2\u00e8me \u00e9tage, une table tactile invite \u00e0 d\u00e9couvrir les collections n<\/span><span data-contrast=\"auto\">um\u00e9ris\u00e9es des silos : <\/span><span data-contrast=\"auto\">cartes postales des ann\u00e9es 1900, plans anciens de chaumont, cartes publicitaires du 19e si\u00e8cle, \u00e9tiquettes de rhum et autres documents.<\/span><span data-ccp-props=\"{\">\u00a0<\/span><\/p><p>Profitez des nouveaux services mis en place par la m\u00e9diath\u00e8que :\u00a0<\/p><ul><li>les Silos \u00e0 domicile<\/li><li>les Silos \u00e0 emporter<\/li><\/ul><p><img decoding=\"async\" loading=\"lazy\" class=\"alignnone wp-image-8474 size-extra_large\" src=\"https:\/\/saisonsculturelleschaumont.fr\/mdxpuixt\/wp-content\/uploads\/2022\/04\/Les-silos-a-domicile-notice-copie-1500x696.jpg\" alt=\"\" width=\"1500\" height=\"696\" srcset=\"https:\/\/saisonsculturelleschaumont.fr\/mdxpuixt\/wp-content\/uploads\/2022\/04\/Les-silos-a-domicile-notice-copie-1500x696.jpg 1500w, https:\/\/saisonsculturelleschaumont.fr\/mdxpuixt\/wp-content\/uploads\/2022\/04\/Les-silos-a-domicile-notice-copie-1536x712.jpg 1536w, https:\/\/saisonsculturelleschaumont.fr\/mdxpuixt\/wp-content\/uploads\/2022\/04\/Les-silos-a-domicile-notice-copie-2048x950.jpg 2048w, https:\/\/saisonsculturelleschaumont.fr\/mdxpuixt\/wp-content\/uploads\/2022\/04\/Les-silos-a-domicile-notice-copie-705x327.jpg 705w\" sizes=\"(max-width: 1500px) 100vw, 1500px\" \/><\/p><p><img decoding=\"async\" loading=\"lazy\" class=\"alignnone wp-image-8473 size-full\" src=\"https:\/\/saisonsculturelleschaumont.fr\/mdxpuixt\/wp-content\/uploads\/2022\/04\/Les-silos-a-emporter-notice-copie-scaled.jpg\" alt=\"\" width=\"2560\" height=\"1160\" srcset=\"https:\/\/saisonsculturelleschaumont.fr\/mdxpuixt\/wp-content\/uploads\/2022\/04\/Les-silos-a-emporter-notice-copie-scaled.jpg 2560w, https:\/\/saisonsculturelleschaumont.fr\/mdxpuixt\/wp-content\/uploads\/2022\/04\/Les-silos-a-emporter-notice-copie-1536x696.jpg 1536w, https:\/\/saisonsculturelleschaumont.fr\/mdxpuixt\/wp-content\/uploads\/2022\/04\/Les-silos-a-emporter-notice-copie-2048x928.jpg 2048w, https:\/\/saisonsculturelleschaumont.fr\/mdxpuixt\/wp-content\/uploads\/2022\/04\/Les-silos-a-emporter-notice-copie-1500x680.jpg 1500w, https:\/\/saisonsculturelleschaumont.fr\/mdxpuixt\/wp-content\/uploads\/2022\/04\/Les-silos-a-emporter-notice-copie-705x319.jpg 705w\" sizes=\"(max-width: 2560px) 100vw, 2560px\" \/><\/p>\t\t\t\t\t<\/div>\n\t\t\t\t\t\t<\/div>\n\t\t\t\t<\/div>\n\t\t\t\t\t\t<\/div>\n\t\t\t\t\t<\/div>\n\t\t<\/div>\n\t\t\t\t\t\t\t\t<\/div>\n\t\t\t\t\t<\/div>\n\t\t<\/section>\n\t\t\t\t<section class=\"elementor-section elementor-top-section elementor-element elementor-element-6a46a6b9 elementor-section-boxed elementor-section-height-default elementor-section-height-default\" data-id=\"6a46a6b9\" data-element_type=\"section\">\n\t\t\t\t\t\t<div class=\"elementor-container elementor-column-gap-default\">\n\t\t\t\t\t\t\t<div class=\"elementor-row\">\n\t\t\t\t\t<div class=\"elementor-column elementor-col-100 elementor-top-column elementor-element elementor-element-71430302\" data-id=\"71430302\" data-element_type=\"column\">\n\t\t\t<div class=\"elementor-column-wrap elementor-element-populated\">\n\t\t\t\t\t\t\t<div class=\"elementor-widget-wrap\">\n\t\t\t\t\t\t<div class=\"elementor-element elementor-element-814537a elementor-widget elementor-widget-text-editor\" data-id=\"814537a\" data-element_type=\"widget\" data-widget_type=\"text-editor.default\">\n\t\t\t\t<div class=\"elementor-widget-container\">\n\t\t\t\t\t\t\t\t<div class=\"elementor-text-editor elementor-clearfix\">\n\t\t\t\t<p><b>Politique Tarifaire<\/b><\/p><table border=\"0\" width=\"737\" cellspacing=\"0\" cellpadding=\"0\"><colgroup> <col width=\"289\" \/> <col width=\"316\" \/> <col width=\"132\" \/><\/colgroup><tbody><tr><td class=\"xl73\" width=\"289\" height=\"40\">Chaumontais et Brottais de plus de 18 ans titulaire de la carte familiale (cat. A \u00e0 E)<\/td><td class=\"xl74\" width=\"316\">20 documents<\/td><td class=\"xl75\" width=\"132\">Gratuit<\/td><\/tr><tr><td class=\"xl65\" width=\"289\" height=\"21\">Chaumontais et Brottais de moins de 18 ans, scolaris\u00e9s et \u00e9tudiants \u00e0 Chaumont<\/td><td class=\"xl66\" width=\"316\">8 documents<\/td><td class=\"xl66\" width=\"132\">Gratuit<\/td><\/tr><tr><td class=\"xl67\" width=\"289\" height=\"21\">Demandeurs d\u2019emploi<\/td><td class=\"xl68\" width=\"316\">8 documents<\/td><td class=\"xl68\" width=\"132\">Gratuit<\/td><\/tr><tr><td class=\"xl69\" width=\"289\" height=\"21\">Non Chaumontais de moins de 18 ans<\/td><td class=\"xl70\" width=\"316\">8 documents<\/td><td class=\"xl71\" width=\"132\">5,10 \u20ac<\/td><\/tr><tr><td class=\"xl67\" width=\"289\" height=\"21\">Non Chaumontais de plus de 18 ans<\/td><td class=\"xl68\" width=\"316\">20 documents<\/td><td class=\"xl72\" width=\"132\">26,50 \u20ac<\/td><\/tr><tr><td class=\"xl69\" width=\"289\" height=\"21\">Collectivit\u00e9s<\/td><td class=\"xl70\" width=\"316\">30 \u00e0 50 documents selon convention<\/td><td class=\"xl70\" width=\"132\">Gratuit<\/td><\/tr><tr><td class=\"xl67\" width=\"289\" height=\"21\">Enseignants \u00e0 Chaumont<\/td><td class=\"xl68\" width=\"316\">30 documents pour un usage en classe<\/td><td class=\"xl68\" width=\"132\">Gratuit<\/td><\/tr><\/tbody><\/table>\t\t\t\t\t<\/div>\n\t\t\t\t\t\t<\/div>\n\t\t\t\t<\/div>\n\t\t\t\t\t\t<\/div>\n\t\t\t\t\t<\/div>\n\t\t<\/div>\n\t\t\t\t\t\t\t\t<\/div>\n\t\t\t\t\t<\/div>\n\t\t<\/section>\n\t\t\t\t\t\t\t\t\t<\/div>\n\t\t\t<\/div>\n\t\t\t\t\t<\/div>\n\t\t<\/div><\/p>\t\t\t\t\t\t\t\t\t\t\t\t\t\t\t\t\t\t\t\t\t\t\t\t<\/div>\r\n\t\t\t\t\t\t\t\t\t\t<\/section>\r\n\t\t\t\t\t\t\t\t\t<\/li>\r\n\t\t\t\t\t\t\t\t\t\t\t\t\t\t\t\t\t\t\t\t<li class=\"premium-tabs-nav-list-item elementor-repeater-item-4d72405\" data-list-index=\"4\" data-content-id=\"#premium-accordion-content-4\">\r\n\t\t\t\t\t\t\t\t<a class=\"premium-tab-link\" aria-label=\"#section-4-572a7709\" href=\"#section-iconbox-4-572a7709\">\r\n\r\n\t\t\t\t\t\t\t\t\t\t\t\t\t\t\t\t\t\t\t<p class=\"premium-tab-title\">\r\n\t\t\t\t\t\t\t\t\t\t\tdans la Ville\t\t\t\t\t\t\t\t\t\t<\/p>\r\n\t\t\t\t\t\t\t\t\t\t\t\t\t\t\t\t\t<\/a>\r\n\r\n\t\t\t\t\t\t\t\t\t\t\t\t\t\t\t\t\t<div class=\"premium-tab-arrow-wrap\">\r\n\t\t\t\t\t\t\t\t\t\t<div class=\"premium-tab-arrow-border\"><\/div>\r\n\t\t\t\t\t\t\t\t\t\t<div class=\"premium-tab-arrow\"><\/div>\r\n\t\t\t\t\t\t\t\t\t<\/div>\r\n\t\t\t\t\t\t\t\t\r\n\t\t\t\t\t\t\t<\/li>\r\n\t\t\t\t\t\t\t\t\t\t\t\t\t\t\t\t<li class=\"premium-accordion-tab-content\" id=\"premium-accordion-content-4\">\r\n\t\t\t\t\t\t\t\t\t\t<section id=\"section-iconbox-4-572a7709\" class=\"premium-tabs-content-section\">\r\n\t\t\t\t\t\t\t\t\t\t\t<div class=\"premium-tab-content\">\r\n\r\n\t\t\t\t\t\t\t\t\t\t\t\t\t\t\t\t\t\t\t\t\t\t\t\t\t<p style=\"text-align: left;\"><img decoding=\"async\" loading=\"lazy\" class=\"alignnone wp-image-10276 size-full\" src=\"https:\/\/saisonsculturelleschaumont.fr\/mdxpuixt\/wp-content\/uploads\/2023\/08\/etablissements_logos_site-04.png\" alt=\"\" width=\"1830\" height=\"809\" srcset=\"https:\/\/saisonsculturelleschaumont.fr\/mdxpuixt\/wp-content\/uploads\/2023\/08\/etablissements_logos_site-04.png 1830w, https:\/\/saisonsculturelleschaumont.fr\/mdxpuixt\/wp-content\/uploads\/2023\/08\/etablissements_logos_site-04-1536x679.png 1536w, https:\/\/saisonsculturelleschaumont.fr\/mdxpuixt\/wp-content\/uploads\/2023\/08\/etablissements_logos_site-04-1500x663.png 1500w, https:\/\/saisonsculturelleschaumont.fr\/mdxpuixt\/wp-content\/uploads\/2023\/08\/etablissements_logos_site-04-705x312.png 705w\" sizes=\"(max-width: 1830px) 100vw, 1830px\" \/><\/p><p style=\"text-align: right;\"><a href=\"https:\/\/saisonsculturelleschaumont.fr\/mdxpuixt\/agenda\/?tribe_organizers=2804\">voir les \u00e9v\u00e9nements<\/a><\/p><p><div data-post-id=\"2804\" class=\"insert-page insert-page-2804 \">\t\t<div data-elementor-type=\"wp-post\" data-elementor-id=\"2804\" class=\"elementor elementor-2804\">\n\t\t\t\t\t\t<div class=\"elementor-inner\">\n\t\t\t\t<div class=\"elementor-section-wrap\">\n\t\t\t\t\t\t\t\t\t<section class=\"elementor-section elementor-top-section elementor-element elementor-element-37d7fdd9 elementor-section-boxed elementor-section-height-default elementor-section-height-default\" data-id=\"37d7fdd9\" data-element_type=\"section\">\n\t\t\t\t\t\t<div class=\"elementor-container elementor-column-gap-default\">\n\t\t\t\t\t\t\t<div class=\"elementor-row\">\n\t\t\t\t\t<div class=\"elementor-column elementor-col-100 elementor-top-column elementor-element elementor-element-76d89bbe\" data-id=\"76d89bbe\" data-element_type=\"column\">\n\t\t\t<div class=\"elementor-column-wrap elementor-element-populated\">\n\t\t\t\t\t\t\t<div class=\"elementor-widget-wrap\">\n\t\t\t\t\t\t<div class=\"elementor-element elementor-element-78604799 elementor-widget elementor-widget-spacer\" data-id=\"78604799\" data-element_type=\"widget\" data-widget_type=\"spacer.default\">\n\t\t\t\t<div class=\"elementor-widget-container\">\n\t\t\t\t\t<div class=\"elementor-spacer\">\n\t\t\t<div class=\"elementor-spacer-inner\"><\/div>\n\t\t<\/div>\n\t\t\t\t<\/div>\n\t\t\t\t<\/div>\n\t\t\t\t\t\t<\/div>\n\t\t\t\t\t<\/div>\n\t\t<\/div>\n\t\t\t\t\t\t\t\t<\/div>\n\t\t\t\t\t<\/div>\n\t\t<\/section>\n\t\t\t\t<section class=\"elementor-section elementor-top-section elementor-element elementor-element-5736eb5d elementor-section-full_width elementor-section-height-default elementor-section-height-default\" data-id=\"5736eb5d\" data-element_type=\"section\">\n\t\t\t\t\t\t<div class=\"elementor-container elementor-column-gap-no\">\n\t\t\t\t\t\t\t<div class=\"elementor-row\">\n\t\t\t\t\t<div class=\"elementor-column elementor-col-33 elementor-top-column elementor-element elementor-element-2fc2f91 dk-font-alterne\" data-id=\"2fc2f91\" data-element_type=\"column\">\n\t\t\t<div class=\"elementor-column-wrap\">\n\t\t\t\t\t\t\t<div class=\"elementor-widget-wrap\">\n\t\t\t\t\t\t\t\t<\/div>\n\t\t\t\t\t<\/div>\n\t\t<\/div>\n\t\t\t\t<div class=\"elementor-column elementor-col-66 elementor-top-column elementor-element elementor-element-70b030ff\" data-id=\"70b030ff\" data-element_type=\"column\">\n\t\t\t<div class=\"elementor-column-wrap elementor-element-populated\">\n\t\t\t\t\t\t\t<div class=\"elementor-widget-wrap\">\n\t\t\t\t\t\t<div class=\"elementor-element elementor-element-d5ea1b3 elementor-widget elementor-widget-text-editor\" data-id=\"d5ea1b3\" data-element_type=\"widget\" data-widget_type=\"text-editor.default\">\n\t\t\t\t<div class=\"elementor-widget-container\">\n\t\t\t\t\t\t\t\t<div class=\"elementor-text-editor elementor-clearfix\">\n\t\t\t\t<p><span data-contrast=\"auto\">Amener la culture dans l\u2019espace public, hors les murs, la rendre accessible \u00e0 tous, fait partie de la politique culturelle men\u00e9e par la Ville de Chaumont.<\/span><span data-ccp-props=\"{&quot;201341983&quot;:0,&quot;335559739&quot;:200,&quot;335559740&quot;:276}\">\u00a0<\/span><\/p><p><span data-contrast=\"auto\">Concerts, cin\u00e9ma en plein air, th\u00e9\u00e2tre et cirque de rue, installations <\/span><span data-contrast=\"auto\">artistiques et interventions graphiques<\/span><span data-contrast=\"auto\">\u202f;<\/span> <span data-contrast=\"auto\">place de l\u2019h\u00f4tel de ville, place des arts, march\u00e9 couvert, square du boulingrin, jardin <\/span><span data-contrast=\"auto\">agathe<\/span> <span data-contrast=\"auto\">roul<\/span><span data-contrast=\"auto\">l<\/span><span data-contrast=\"auto\">ot<\/span><span data-contrast=\"auto\">\u202f<\/span><span data-contrast=\"auto\">: les disciplines et les lieux sont nombreux et <\/span><span data-contrast=\"auto\">vari\u00e9s.\u00a0<\/span><span data-ccp-props=\"{&quot;201341983&quot;:0,&quot;335559739&quot;:200,&quot;335559740&quot;:276}\">\u00a0<\/span><\/p><p><span data-contrast=\"auto\">Les projets se veulent inclusifs, en lien avec le territoire, men\u00e9s avec<\/span><span data-contrast=\"auto\"> tous les services de la collectivit\u00e9 pour faciliter leur mise en \u0153uvre, mais \u00e9galement avec <\/span><span data-contrast=\"auto\">le tissu associatif, les jeunes \u00e9tudiants et les commer\u00e7ants de C<\/span><span data-contrast=\"auto\">haumont. Ils animent la ville,<\/span><span data-contrast=\"auto\"> mettent en valeur le patrimoine local, <\/span><span data-contrast=\"auto\">et <\/span><span data-contrast=\"auto\">am\u00e8nent<\/span><span data-contrast=\"auto\"> un v\u00e9ritable dialogue<\/span><span data-contrast=\"auto\">\u202f<\/span><span data-contrast=\"auto\">:<\/span> <span data-contrast=\"auto\">une autre fa\u00e7on d\u2019\u00eatre ensemble<\/span><span data-contrast=\"auto\">, un pas vers la d\u00e9mocratisation culturelle.<\/span><span data-ccp-props=\"{&quot;201341983&quot;:0,&quot;335559739&quot;:200,&quot;335559740&quot;:276}\">\u00a0<\/span><\/p><p><span data-contrast=\"auto\">Une mani\u00e8re d\u2019enrayer les d\u00e9terminismes sociaux, culturels ou \u00e9ducatifs comme l\u2019<\/span><span data-contrast=\"auto\">a promulgu\u00e9 le rapport de la<\/span> <span data-contrast=\"auto\">MNACEP<\/span><span data-contrast=\"auto\"> \u2013 Mission Nationale pour l\u2019Art et la Culture dans l\u2019Espace Public <\/span><span data-contrast=\"auto\">\u2013<\/span> <span data-contrast=\"auto\">mise en place par le<\/span><span data-contrast=\"auto\"> Minist\u00e8re de la Culture en <\/span><span data-contrast=\"auto\">2014<\/span><span data-contrast=\"auto\">. <\/span><span data-contrast=\"auto\">C\u2019est a<\/span><span data-contrast=\"auto\">ller continuellement du dedans au dehors et vice et versa pour d\u00e9cloisonner les pratiques culturelles et investir les lieux<\/span><span data-contrast=\"auto\"> les plus divers<\/span> <span data-contrast=\"auto\">de tous types de formes <\/span><span data-contrast=\"auto\">d\u2019expression artistique<\/span><span data-contrast=\"auto\">.<\/span><span data-ccp-props=\"{&quot;201341983&quot;:0,&quot;335559739&quot;:200,&quot;335559740&quot;:276}\">\u00a0<\/span><\/p>\t\t\t\t\t<\/div>\n\t\t\t\t\t\t<\/div>\n\t\t\t\t<\/div>\n\t\t\t\t\t\t<\/div>\n\t\t\t\t\t<\/div>\n\t\t<\/div>\n\t\t\t\t\t\t\t\t<\/div>\n\t\t\t\t\t<\/div>\n\t\t<\/section>\n\t\t\t\t\t\t\t\t\t<\/div>\n\t\t\t<\/div>\n\t\t\t\t\t<\/div>\n\t\t<\/div><\/p>\t\t\t\t\t\t\t\t\t\t\t\t\t\t\t\t\t\t\t\t\t\t\t\t<\/div>\r\n\t\t\t\t\t\t\t\t\t\t<\/section>\r\n\t\t\t\t\t\t\t\t\t<\/li>\r\n\t\t\t\t\t\t\t\t\t\t\t\t\t\t\t\t\t\t<\/ul>\r\n\t\t\t\t<\/div>\r\n\r\n\t\t\t\t<div class=\"premium-content-wrap premium-tabs-horizontal\">\r\n\t\t\t\t\t\r\n\t\t\t\t\t\t<section id=\"section-iconbox-0-572a7709\" class=\"premium-tabs-content-section\">\r\n\t\t\t\t\t\t\t<div class=\"premium-tab-content\">\r\n\r\n\t\t\t\t\t\t\t\t\t\t\t\t\t\t\t\t\t\t\t\t<p style=\"text-align: left;\"><img decoding=\"async\" loading=\"lazy\" class=\"alignnone wp-image-10277 size-full\" src=\"https:\/\/saisonsculturelleschaumont.fr\/mdxpuixt\/wp-content\/uploads\/2023\/08\/etablissements_logos_site-05.png\" alt=\"\" width=\"1830\" height=\"809\" srcset=\"https:\/\/saisonsculturelleschaumont.fr\/mdxpuixt\/wp-content\/uploads\/2023\/08\/etablissements_logos_site-05.png 1830w, https:\/\/saisonsculturelleschaumont.fr\/mdxpuixt\/wp-content\/uploads\/2023\/08\/etablissements_logos_site-05-1536x679.png 1536w, https:\/\/saisonsculturelleschaumont.fr\/mdxpuixt\/wp-content\/uploads\/2023\/08\/etablissements_logos_site-05-1500x663.png 1500w, https:\/\/saisonsculturelleschaumont.fr\/mdxpuixt\/wp-content\/uploads\/2023\/08\/etablissements_logos_site-05-705x312.png 705w\" sizes=\"(max-width: 1830px) 100vw, 1830px\" \/><\/p><p style=\"text-align: right;\"><a href=\"https:\/\/saisonsculturelleschaumont.fr\/mdxpuixt\/agenda\/?tribe_organizers=1191\">voir les \u00e9v\u00e9nements<\/a><\/p><p><div data-post-id=\"1191\" class=\"insert-page insert-page-1191 \">\t\t<div data-elementor-type=\"wp-post\" data-elementor-id=\"1191\" class=\"elementor elementor-1191\">\n\t\t\t\t\t\t<div class=\"elementor-inner\">\n\t\t\t\t<div class=\"elementor-section-wrap\">\n\t\t\t\t\t\t\t\t\t<section class=\"elementor-section elementor-top-section elementor-element elementor-element-4cceea34 elementor-section-boxed elementor-section-height-default elementor-section-height-default\" data-id=\"4cceea34\" data-element_type=\"section\">\n\t\t\t\t\t\t<div class=\"elementor-container elementor-column-gap-default\">\n\t\t\t\t\t\t\t<div class=\"elementor-row\">\n\t\t\t\t\t<div class=\"elementor-column elementor-col-100 elementor-top-column elementor-element elementor-element-6a376d25\" data-id=\"6a376d25\" data-element_type=\"column\">\n\t\t\t<div class=\"elementor-column-wrap elementor-element-populated\">\n\t\t\t\t\t\t\t<div class=\"elementor-widget-wrap\">\n\t\t\t\t\t\t<div class=\"elementor-element elementor-element-495beceb elementor-widget elementor-widget-spacer\" data-id=\"495beceb\" data-element_type=\"widget\" data-widget_type=\"spacer.default\">\n\t\t\t\t<div class=\"elementor-widget-container\">\n\t\t\t\t\t<div class=\"elementor-spacer\">\n\t\t\t<div class=\"elementor-spacer-inner\"><\/div>\n\t\t<\/div>\n\t\t\t\t<\/div>\n\t\t\t\t<\/div>\n\t\t\t\t\t\t<\/div>\n\t\t\t\t\t<\/div>\n\t\t<\/div>\n\t\t\t\t\t\t\t\t<\/div>\n\t\t\t\t\t<\/div>\n\t\t<\/section>\n\t\t\t\t<section class=\"elementor-section elementor-top-section elementor-element elementor-element-176be05d elementor-section-full_width elementor-section-height-default elementor-section-height-default\" data-id=\"176be05d\" data-element_type=\"section\">\n\t\t\t\t\t\t<div class=\"elementor-container elementor-column-gap-no\">\n\t\t\t\t\t\t\t<div class=\"elementor-row\">\n\t\t\t\t\t<div class=\"elementor-column elementor-col-33 elementor-top-column elementor-element elementor-element-2c96851 dk-font-alterne\" data-id=\"2c96851\" data-element_type=\"column\">\n\t\t\t<div class=\"elementor-column-wrap elementor-element-populated\">\n\t\t\t\t\t\t\t<div class=\"elementor-widget-wrap\">\n\t\t\t\t\t\t<div class=\"elementor-element elementor-element-7e38d0fc elementor-widget elementor-widget-text-editor\" data-id=\"7e38d0fc\" data-element_type=\"widget\" data-widget_type=\"text-editor.default\">\n\t\t\t\t<div class=\"elementor-widget-container\">\n\t\t\t\t\t\t\t\t<div class=\"elementor-text-editor elementor-clearfix\">\n\t\t\t\t<h5>galerie d&rsquo;art contemporain<\/h5><p>rue victoire de la marne<br \/>52000\u00a0chaumont<br \/>03 25 30 44 91<\/p><h5>horaires<\/h5><ul><li><span class=\"TextRun SCXW83774884 BCX4\" lang=\"FR-FR\" xml:lang=\"FR-FR\" data-contrast=\"auto\"><span class=\"NormalTextRun SCXW83774884 BCX4\">ouvert tous les jours de <\/span><\/span><span class=\"TextRun SCXW83774884 BCX4\" lang=\"FR-FR\" xml:lang=\"FR-FR\" data-contrast=\"auto\"><span class=\"NormalTextRun SCXW83774884 BCX4\">14h \u00e0 18h30<\/span><\/span><span class=\"TextRun SCXW83774884 BCX4\" lang=\"FR-FR\" xml:lang=\"FR-FR\" data-contrast=\"auto\"><span class=\"NormalTextRun SCXW83774884 BCX4\">\u00a0<\/span><\/span><span class=\"TextRun SCXW83774884 BCX4\" lang=\"FR-FR\" xml:lang=\"FR-FR\" data-contrast=\"auto\"><span class=\"NormalTextRun SCXW83774884 BCX4\">et \u00e9galement de\u00a0<\/span><\/span><span class=\"TextRun SCXW83774884 BCX4\" lang=\"FR-FR\" xml:lang=\"FR-FR\" data-contrast=\"auto\"><span class=\"NormalTextRun SCXW83774884 BCX4\">10h \u00e0 12h30<\/span><\/span><span class=\"TextRun SCXW83774884 BCX4\" lang=\"FR-FR\" xml:lang=\"FR-FR\" data-contrast=\"auto\"><span class=\"NormalTextRun SCXW83774884 BCX4\">\u00a0le mercredi et samedi. Fermeture le mardi.<\/span><\/span><span class=\"EOP SCXW83774884 BCX4\" data-ccp-props=\"{\">\u00a0<\/span>\u200b<\/li><\/ul>\t\t\t\t\t<\/div>\n\t\t\t\t\t\t<\/div>\n\t\t\t\t<\/div>\n\t\t\t\t\t\t<\/div>\n\t\t\t\t\t<\/div>\n\t\t<\/div>\n\t\t\t\t<div class=\"elementor-column elementor-col-66 elementor-top-column elementor-element elementor-element-1de275ff\" data-id=\"1de275ff\" data-element_type=\"column\">\n\t\t\t<div class=\"elementor-column-wrap elementor-element-populated\">\n\t\t\t\t\t\t\t<div class=\"elementor-widget-wrap\">\n\t\t\t\t\t\t<div class=\"elementor-element elementor-element-ecb62d7 elementor-widget elementor-widget-text-editor\" data-id=\"ecb62d7\" data-element_type=\"widget\" data-widget_type=\"text-editor.default\">\n\t\t\t\t<div class=\"elementor-widget-container\">\n\t\t\t\t\t\t\t\t<div class=\"elementor-text-editor elementor-clearfix\">\n\t\t\t\t<p><span data-contrast=\"auto\">B\u00e2tie en c\u0153ur de ville \u00e0 partir de 1629, la chapelle des j\u00e9suites, class\u00e9e monument historique, est un des plus rem<\/span><span data-contrast=\"auto\">arquables \u00e9difices de chaumont.&nbsp;<\/span><span data-ccp-props=\"{\">&nbsp;<\/span><\/p>\n<p><span data-contrast=\"auto\">Le monumental retable du ch\u0153ur, \u0153uvre du sculpteur lorrain claude collignon, constitu\u00e9 d\u2019un haut relief de pierre dor\u00e9e et sculpt\u00e9e, ex\u00e9cut\u00e9 en 1712 par jean-bap<\/span><span data-contrast=\"auto\">tiste bouchardon, est le joyau <\/span><span data-contrast=\"auto\">d<\/span><span data-contrast=\"auto\">\u2019une riche ornementation int\u00e9rieure<\/span><span data-contrast=\"auto\">.<\/span><span data-ccp-props=\"{\">&nbsp;<\/span><\/p>\n<p><span data-contrast=\"auto\">Aujourd\u2019hui, la chapelle<\/span><span data-contrast=\"auto\"> est un lieu d\u2019exposition d\u00e9di\u00e9 \u00e0 l\u2019ar<\/span><span data-contrast=\"auto\">t contemporain. Elle accueille <strong>2 \u00e0 3<\/strong><\/span><strong> expositions par an<\/strong><span data-contrast=\"auto\">. <\/span><span data-contrast=\"auto\">D&rsquo;une surface <\/span><span data-contrast=\"auto\">de 400 m2, la c<\/span><span data-contrast=\"auto\">hapelle expose des \u0153uvres <\/span><span data-contrast=\"auto\">individuelles ou collectives d\u2019<\/span><span data-contrast=\"auto\">artistes <\/span><span data-contrast=\"auto\">fran\u00e7ais ou \u00e9trangers<\/span><span data-contrast=\"auto\">.<\/span><span data-ccp-props=\"{\">&nbsp;<\/span><\/p>\n<p><span data-contrast=\"auto\">Elle<\/span><span data-contrast=\"auto\"> devient le salon des \u00e9diteurs d\u2019art et de graphisme le temps d\u2019une semaine pendant <\/span><span data-contrast=\"auto\">la biennale du design graphique organis\u00e9e<\/span><span data-contrast=\"auto\"> par le signe. La prochaine \u00e9dition aura lieu en mai 2021.<\/span><span data-contrast=\"auto\">&nbsp;<\/span><span data-ccp-props=\"{\">&nbsp;<\/span><\/p>\n<p><span data-contrast=\"auto\">La biennale des artistes haut<\/span><span data-contrast=\"auto\">-m<\/span><span data-contrast=\"auto\">arnais<\/span><span data-contrast=\"auto\">, organis\u00e9e par la ville, <\/span><span data-contrast=\"auto\">y <\/span><span data-contrast=\"auto\">pr\u00e9sente autour de 50 artistes s\u00e9lectionn\u00e9s par un jury d&rsquo;exp<\/span><span data-contrast=\"auto\">erts afin de pr\u00e9senter leurs derni\u00e8res cr\u00e9ations. Un prix municipal et un autre d\u00e9partemental sont d\u00e9cern\u00e9s \u00e0 cette occasion.<\/span><span data-ccp-props=\"{\">&nbsp;<\/span><\/p>\n<p><span data-contrast=\"auto\">La c<\/span><span data-contrast=\"auto\">hapelle accueille un large public et propose, tout au long de l&rsquo;ann\u00e9e, des visites comment\u00e9es.<\/span><span data-ccp-props=\"{\">&nbsp;<\/span><\/p>\n<p><strong>\u2192 entr\u00e9e libre pour tous les publics&nbsp;<\/strong><\/p>\n<p><strong><br><\/strong><\/p>\n<p><\/p>\n<p><font color=\"#451255\"><span style=\"caret-color: rgb(69, 18, 85);\"><b>ACTUELLEMENT&nbsp;<\/b><\/span><\/font><\/p><p><font color=\"#451255\"><span style=\"caret-color: rgb(69, 18, 85);\"><b>Exposition ODYSS\u00c9ES, DANS LES UNIVERS D&rsquo;\u00c9TIENNE CHAIZE<\/b><\/span><\/font><\/p><p><font color=\"#451255\"><span style=\"caret-color: rgb(69, 18, 85);\"><b>Jusqu&rsquo;au 18 ao\u00fbt<\/b><\/span><\/font><\/p>\t\t\t\t\t<\/div>\n\t\t\t\t\t\t<\/div>\n\t\t\t\t<\/div>\n\t\t\t\t\t\t<\/div>\n\t\t\t\t\t<\/div>\n\t\t<\/div>\n\t\t\t\t\t\t\t\t<\/div>\n\t\t\t\t\t<\/div>\n\t\t<\/section>\n\t\t\t\t<section class=\"elementor-section elementor-top-section elementor-element elementor-element-4eac498c elementor-section-boxed elementor-section-height-default elementor-section-height-default\" data-id=\"4eac498c\" data-element_type=\"section\">\n\t\t\t\t\t\t<div class=\"elementor-container elementor-column-gap-default\">\n\t\t\t\t\t\t\t<div class=\"elementor-row\">\n\t\t\t\t\t<div class=\"elementor-column elementor-col-100 elementor-top-column elementor-element elementor-element-262b3c16\" data-id=\"262b3c16\" data-element_type=\"column\">\n\t\t\t<div class=\"elementor-column-wrap elementor-element-populated\">\n\t\t\t\t\t\t\t<div class=\"elementor-widget-wrap\">\n\t\t\t\t\t\t<div class=\"elementor-element elementor-element-2d2b7dce elementor-widget elementor-widget-spacer\" data-id=\"2d2b7dce\" data-element_type=\"widget\" data-widget_type=\"spacer.default\">\n\t\t\t\t<div class=\"elementor-widget-container\">\n\t\t\t\t\t<div class=\"elementor-spacer\">\n\t\t\t<div class=\"elementor-spacer-inner\"><\/div>\n\t\t<\/div>\n\t\t\t\t<\/div>\n\t\t\t\t<\/div>\n\t\t\t\t\t\t<\/div>\n\t\t\t\t\t<\/div>\n\t\t<\/div>\n\t\t\t\t\t\t\t\t<\/div>\n\t\t\t\t\t<\/div>\n\t\t<\/section>\n\t\t\t\t\t\t\t\t\t<\/div>\n\t\t\t<\/div>\n\t\t\t\t\t<\/div>\n\t\t<\/div><\/p>\t\t\t\t\t\t\t\t\t\t\t\t\t\t\t\t\t<\/div>\r\n\t\t\t\t\t\t<\/section>\r\n\r\n\t\t\t\t\t\r\n\t\t\t\t\t\t<section id=\"section-iconbox-1-572a7709\" class=\"premium-tabs-content-section\">\r\n\t\t\t\t\t\t\t<div class=\"premium-tab-content\">\r\n\r\n\t\t\t\t\t\t\t\t\t\t\t\t\t\t\t\t\t\t\t\t<p style=\"text-align: left;\"><img decoding=\"async\" loading=\"lazy\" class=\"alignnone wp-image-10273 size-full\" src=\"https:\/\/saisonsculturelleschaumont.fr\/mdxpuixt\/wp-content\/uploads\/2023\/08\/etablissements_logos_site_Plan-de-travail-1.png\" alt=\"\" width=\"1831\" height=\"809\" srcset=\"https:\/\/saisonsculturelleschaumont.fr\/mdxpuixt\/wp-content\/uploads\/2023\/08\/etablissements_logos_site_Plan-de-travail-1.png 1831w, https:\/\/saisonsculturelleschaumont.fr\/mdxpuixt\/wp-content\/uploads\/2023\/08\/etablissements_logos_site_Plan-de-travail-1-1536x679.png 1536w, https:\/\/saisonsculturelleschaumont.fr\/mdxpuixt\/wp-content\/uploads\/2023\/08\/etablissements_logos_site_Plan-de-travail-1-1500x663.png 1500w, https:\/\/saisonsculturelleschaumont.fr\/mdxpuixt\/wp-content\/uploads\/2023\/08\/etablissements_logos_site_Plan-de-travail-1-705x311.png 705w\" sizes=\"(max-width: 1831px) 100vw, 1831px\" \/><\/p><p style=\"text-align: right;\"><a href=\"https:\/\/saisonsculturelleschaumont.fr\/mdxpuixt\/agenda\/?tribe_organizers=2911\">voir les \u00e9v\u00e9nements<\/a><\/p><p><div data-post-id=\"2911\" class=\"insert-page insert-page-2911 \">\t\t<div data-elementor-type=\"wp-post\" data-elementor-id=\"2911\" class=\"elementor elementor-2911\">\n\t\t\t\t\t\t<div class=\"elementor-inner\">\n\t\t\t\t<div class=\"elementor-section-wrap\">\n\t\t\t\t\t\t\t\t\t<section class=\"elementor-section elementor-top-section elementor-element elementor-element-3719931b elementor-section-boxed elementor-section-height-default elementor-section-height-default\" data-id=\"3719931b\" data-element_type=\"section\">\n\t\t\t\t\t\t<div class=\"elementor-container elementor-column-gap-default\">\n\t\t\t\t\t\t\t<div class=\"elementor-row\">\n\t\t\t\t\t<div class=\"elementor-column elementor-col-100 elementor-top-column elementor-element elementor-element-4b2a180f\" data-id=\"4b2a180f\" data-element_type=\"column\">\n\t\t\t<div class=\"elementor-column-wrap elementor-element-populated\">\n\t\t\t\t\t\t\t<div class=\"elementor-widget-wrap\">\n\t\t\t\t\t\t<div class=\"elementor-element elementor-element-2b3cf22b elementor-widget elementor-widget-spacer\" data-id=\"2b3cf22b\" data-element_type=\"widget\" data-widget_type=\"spacer.default\">\n\t\t\t\t<div class=\"elementor-widget-container\">\n\t\t\t\t\t<div class=\"elementor-spacer\">\n\t\t\t<div class=\"elementor-spacer-inner\"><\/div>\n\t\t<\/div>\n\t\t\t\t<\/div>\n\t\t\t\t<\/div>\n\t\t\t\t\t\t<\/div>\n\t\t\t\t\t<\/div>\n\t\t<\/div>\n\t\t\t\t\t\t\t\t<\/div>\n\t\t\t\t\t<\/div>\n\t\t<\/section>\n\t\t\t\t<section class=\"elementor-section elementor-top-section elementor-element elementor-element-353ec642 elementor-section-full_width elementor-section-height-default elementor-section-height-default\" data-id=\"353ec642\" data-element_type=\"section\">\n\t\t\t\t\t\t<div class=\"elementor-container elementor-column-gap-no\">\n\t\t\t\t\t\t\t<div class=\"elementor-row\">\n\t\t\t\t\t<div class=\"elementor-column elementor-col-33 elementor-top-column elementor-element elementor-element-2d165c0a dk-font-alterne\" data-id=\"2d165c0a\" data-element_type=\"column\">\n\t\t\t<div class=\"elementor-column-wrap elementor-element-populated\">\n\t\t\t\t\t\t\t<div class=\"elementor-widget-wrap\">\n\t\t\t\t\t\t<div class=\"elementor-element elementor-element-27fd9756 elementor-widget elementor-widget-text-editor\" data-id=\"27fd9756\" data-element_type=\"widget\" data-widget_type=\"text-editor.default\">\n\t\t\t\t<div class=\"elementor-widget-container\">\n\t\t\t\t\t\t\t\t<div class=\"elementor-text-editor elementor-clearfix\">\n\t\t\t\t<h5>le conservatoire de musique<\/h5><p>12 rue dutailly<br \/>52000 chaumont<br \/>03 25 30 60 50<\/p><h5>horaires<\/h5><div class=\"page\" title=\"Page 1\"><div class=\"section\"><div class=\"layoutArea\"><div class=\"column\"><ul><li>ouvert du lundi au vendredi de 9h a\u0300 11h30 &amp; de 14h a\u0300 18h samedi de 9h a\u0300 11h\u00a0<\/li><\/ul><\/div><\/div><\/div><\/div>\t\t\t\t\t<\/div>\n\t\t\t\t\t\t<\/div>\n\t\t\t\t<\/div>\n\t\t\t\t\t\t<\/div>\n\t\t\t\t\t<\/div>\n\t\t<\/div>\n\t\t\t\t<div class=\"elementor-column elementor-col-66 elementor-top-column elementor-element elementor-element-7936f4f9\" data-id=\"7936f4f9\" data-element_type=\"column\">\n\t\t\t<div class=\"elementor-column-wrap elementor-element-populated\">\n\t\t\t\t\t\t\t<div class=\"elementor-widget-wrap\">\n\t\t\t\t\t\t<div class=\"elementor-element elementor-element-11e1b3e elementor-widget elementor-widget-text-editor\" data-id=\"11e1b3e\" data-element_type=\"widget\" data-widget_type=\"text-editor.default\">\n\t\t\t\t<div class=\"elementor-widget-container\">\n\t\t\t\t\t\t\t\t<div class=\"elementor-text-editor elementor-clearfix\">\n\t\t\t\t<p><span data-contrast=\"auto\">Le c<\/span><span data-contrast=\"auto\">onservatoire de musique <\/span><span data-contrast=\"auto\">situ\u00e9 au<\/span> <span data-contrast=\"auto\">c\u0153ur <\/span><span data-contrast=\"auto\">de la vieille ville, a deux champs d<\/span><span data-contrast=\"auto\">\u2019<\/span><span data-contrast=\"auto\">action prioritaires : la <\/span><span data-contrast=\"auto\">formation et la diffusion musicales et artistiques. Il occupe une place pr\u00e9pond\u00e9r<\/span><span data-contrast=\"auto\">ante dans la vie culturelle de la ville et du<\/span><span data-contrast=\"auto\">\u202f\u00a0<\/span><span data-contrast=\"auto\">d<\/span><span data-contrast=\"auto\">\u00e9<\/span><span data-contrast=\"auto\">partement<\/span><span data-contrast=\"auto\">,<\/span><span data-contrast=\"auto\"> dans le cadre du sch<\/span><span data-contrast=\"auto\">\u00e9<\/span><span data-contrast=\"auto\">ma d<\/span><span data-contrast=\"auto\">\u00e9<\/span><span data-contrast=\"auto\">partemental des enseignements artistiques.<\/span> <span data-contrast=\"auto\">Ses <\/span><span data-contrast=\"auto\">missions<\/span><span data-contrast=\"auto\">\u202f<\/span><span data-contrast=\"auto\">sont renforc<\/span><span data-contrast=\"auto\">\u00e9<\/span><span data-contrast=\"auto\">es, enrichies et \u00e9tay\u00e9es par de nombreux partenariats privil\u00e9gi\u00e9s.<\/span><span data-ccp-props=\"{\">\u00a0<\/span><\/p><p><span data-contrast=\"auto\">Pr\u00e8s de <strong>500 \u00e9l\u00e8<\/strong><\/span><span data-contrast=\"auto\"><strong>ves<\/strong> s\u2019y rendent chaque semaine.<\/span><span data-contrast=\"auto\"> L\u2019\u00e9quipe p\u00e9dagogique est constitu\u00e9e de <strong>32\u00a0<\/strong><\/span><strong>\u202fprof<\/strong><span data-contrast=\"auto\"><strong>esseurs<\/strong> qui enseignent <\/span><span data-contrast=\"auto\"><strong>35 disciplines<\/strong> diff<\/span><span data-contrast=\"auto\">\u00e9<\/span><span data-contrast=\"auto\">rentes dans une grande diversit<\/span><span data-contrast=\"auto\">\u00e9<\/span><span data-contrast=\"auto\"> de<\/span><span data-contrast=\"auto\"> genres<\/span><span data-contrast=\"auto\">,<\/span><span data-contrast=\"auto\"> allant de la musique ancienne aux musiques actuelles.<\/span><span data-ccp-props=\"{\">\u00a0<\/span><\/p><p><strong>Clarinette, fl\u00fbte traversi\u00e8re, hautbois, saxophone, trompette, trombone, saxhorn, cor, violon, alto, violoncelle, contrebasse, clavecin, orgue, piano, guitare, percussions, chant, batterie, guitare \u00e9lectrique, basse \u00e9lectrique, jazz\u2026\u00a0<\/strong><\/p><p><span data-contrast=\"auto\">Et pratiques collectives aussi : <strong>ch\u0153ur d\u2019enfants, classe d\u2019orchestre, b<\/strong><\/span><strong>ig<\/strong><span data-contrast=\"auto\"><strong>\u00a0band, atelier de chanson fran\u00e7aise, atelier chanson d\u2019ici et d\u2019ailleurs, atelier jazz, atelier rock et ensembles instrumentaux<\/strong>.<\/span><span data-ccp-props=\"{\">\u00a0<\/span><\/p><p><span data-contrast=\"auto\">De l\u2019\u00e9veil musical d\u00e8s 6 ans gr\u00e2ce aux jeux, chants ou activit\u00e9s ludiques, jusqu\u2019\u00e0 la formation musicale pour adultes, le conservatoire offre un \u00e9ventail d\u2019activit\u00e9s et une exp\u00e9rience unique, celui de l\u2019appartenance \u00e0 une maison qui a vu na\u00eetre de grands talents et qui a su faire aimer la musique aux plus petits comme aux plus grands.\u00a0\u00a0<\/span><span data-ccp-props=\"{\">\u00a0<\/span><\/p><p><span data-contrast=\"auto\">Plus de <strong>70 concerts<\/strong> sont donn\u00e9s chaque ann\u00e9e scolaire.<\/span> <span data-contrast=\"auto\">Les concerts d<\/span><span data-contrast=\"auto\">\u2019\u00e9l\u00e8ves sont en acc\u00e8s libre<\/span><span data-contrast=\"auto\">.<\/span><span data-ccp-props=\"{\">\u00a0<\/span><\/p><p><span data-contrast=\"auto\"><strong>\u2192 Les inscriptions au conservatoire ont lieu \u00e0 partir de la fin du mois d\u2019ao\u00fbt de chaque ann\u00e9e<\/strong>.<\/span><span data-ccp-props=\"{\">\u00a0<\/span><\/p>\t\t\t\t\t<\/div>\n\t\t\t\t\t\t<\/div>\n\t\t\t\t<\/div>\n\t\t\t\t\t\t<\/div>\n\t\t\t\t\t<\/div>\n\t\t<\/div>\n\t\t\t\t\t\t\t\t<\/div>\n\t\t\t\t\t<\/div>\n\t\t<\/section>\n\t\t\t\t<section class=\"elementor-section elementor-top-section elementor-element elementor-element-64c8b919 elementor-section-boxed elementor-section-height-default elementor-section-height-default\" data-id=\"64c8b919\" data-element_type=\"section\">\n\t\t\t\t\t\t<div class=\"elementor-container elementor-column-gap-default\">\n\t\t\t\t\t\t\t<div class=\"elementor-row\">\n\t\t\t\t\t<div class=\"elementor-column elementor-col-100 elementor-top-column elementor-element elementor-element-364c3b60\" data-id=\"364c3b60\" data-element_type=\"column\">\n\t\t\t<div class=\"elementor-column-wrap elementor-element-populated\">\n\t\t\t\t\t\t\t<div class=\"elementor-widget-wrap\">\n\t\t\t\t\t\t<div class=\"elementor-element elementor-element-60834c5a elementor-widget elementor-widget-text-editor\" data-id=\"60834c5a\" data-element_type=\"widget\" data-widget_type=\"text-editor.default\">\n\t\t\t\t<div class=\"elementor-widget-container\">\n\t\t\t\t\t\t\t\t<div class=\"elementor-text-editor elementor-clearfix\">\n\t\t\t\t\t\t\t\t\t<\/div>\n\t\t\t\t\t\t<\/div>\n\t\t\t\t<\/div>\n\t\t\t\t\t\t<\/div>\n\t\t\t\t\t<\/div>\n\t\t<\/div>\n\t\t\t\t\t\t\t\t<\/div>\n\t\t\t\t\t<\/div>\n\t\t<\/section>\n\t\t\t\t\t\t\t\t\t<\/div>\n\t\t\t<\/div>\n\t\t\t\t\t<\/div>\n\t\t<\/div><\/p>\t\t\t\t\t\t\t\t\t\t\t\t\t\t\t\t\t<\/div>\r\n\t\t\t\t\t\t<\/section>\r\n\r\n\t\t\t\t\t\r\n\t\t\t\t\t\t<section id=\"section-iconbox-2-572a7709\" class=\"premium-tabs-content-section\">\r\n\t\t\t\t\t\t\t<div class=\"premium-tab-content\">\r\n\r\n\t\t\t\t\t\t\t\t\t\t\t\t\t\t\t\t\t\t\t\t<p style=\"text-align: left;\"><img decoding=\"async\" loading=\"lazy\" class=\"alignnone wp-image-10275 size-full\" src=\"https:\/\/saisonsculturelleschaumont.fr\/mdxpuixt\/wp-content\/uploads\/2023\/08\/etablissements_logos_site-03.png\" alt=\"\" width=\"1830\" height=\"809\" srcset=\"https:\/\/saisonsculturelleschaumont.fr\/mdxpuixt\/wp-content\/uploads\/2023\/08\/etablissements_logos_site-03.png 1830w, https:\/\/saisonsculturelleschaumont.fr\/mdxpuixt\/wp-content\/uploads\/2023\/08\/etablissements_logos_site-03-1536x679.png 1536w, https:\/\/saisonsculturelleschaumont.fr\/mdxpuixt\/wp-content\/uploads\/2023\/08\/etablissements_logos_site-03-1500x663.png 1500w, https:\/\/saisonsculturelleschaumont.fr\/mdxpuixt\/wp-content\/uploads\/2023\/08\/etablissements_logos_site-03-705x312.png 705w\" sizes=\"(max-width: 1830px) 100vw, 1830px\" \/><\/p><p style=\"text-align: right;\"><a href=\"https:\/\/saisonsculturelleschaumont.fr\/mdxpuixt\/agenda\/?tribe_organizers=1194\">voir les \u00e9v\u00e9nements<\/a><\/p><p><div data-post-id=\"1194\" class=\"insert-page insert-page-1194 \">\t\t<div data-elementor-type=\"wp-post\" data-elementor-id=\"1194\" class=\"elementor elementor-1194\">\n\t\t\t\t\t\t<div class=\"elementor-inner\">\n\t\t\t\t<div class=\"elementor-section-wrap\">\n\t\t\t\t\t\t\t\t\t<section class=\"elementor-section elementor-top-section elementor-element elementor-element-d095900 elementor-section-boxed elementor-section-height-default elementor-section-height-default\" data-id=\"d095900\" data-element_type=\"section\">\n\t\t\t\t\t\t<div class=\"elementor-container elementor-column-gap-default\">\n\t\t\t\t\t\t\t<div class=\"elementor-row\">\n\t\t\t\t\t<div class=\"elementor-column elementor-col-100 elementor-top-column elementor-element elementor-element-15a2878\" data-id=\"15a2878\" data-element_type=\"column\">\n\t\t\t<div class=\"elementor-column-wrap elementor-element-populated\">\n\t\t\t\t\t\t\t<div class=\"elementor-widget-wrap\">\n\t\t\t\t\t\t<div class=\"elementor-element elementor-element-4512824 elementor-widget elementor-widget-spacer\" data-id=\"4512824\" data-element_type=\"widget\" data-widget_type=\"spacer.default\">\n\t\t\t\t<div class=\"elementor-widget-container\">\n\t\t\t\t\t<div class=\"elementor-spacer\">\n\t\t\t<div class=\"elementor-spacer-inner\"><\/div>\n\t\t<\/div>\n\t\t\t\t<\/div>\n\t\t\t\t<\/div>\n\t\t\t\t\t\t<\/div>\n\t\t\t\t\t<\/div>\n\t\t<\/div>\n\t\t\t\t\t\t\t\t<\/div>\n\t\t\t\t\t<\/div>\n\t\t<\/section>\n\t\t\t\t<section class=\"elementor-section elementor-top-section elementor-element elementor-element-32a9fa03 elementor-section-full_width elementor-section-height-default elementor-section-height-default\" data-id=\"32a9fa03\" data-element_type=\"section\">\n\t\t\t\t\t\t<div class=\"elementor-container elementor-column-gap-no\">\n\t\t\t\t\t\t\t<div class=\"elementor-row\">\n\t\t\t\t\t<div class=\"elementor-column elementor-col-33 elementor-top-column elementor-element elementor-element-26fe10be dk-font-alterne\" data-id=\"26fe10be\" data-element_type=\"column\">\n\t\t\t<div class=\"elementor-column-wrap elementor-element-populated\">\n\t\t\t\t\t\t\t<div class=\"elementor-widget-wrap\">\n\t\t\t\t\t\t<div class=\"elementor-element elementor-element-19a51afa elementor-widget elementor-widget-text-editor\" data-id=\"19a51afa\" data-element_type=\"widget\" data-widget_type=\"text-editor.default\">\n\t\t\t\t<div class=\"elementor-widget-container\">\n\t\t\t\t\t\t\t\t<div class=\"elementor-text-editor elementor-clearfix\">\n\t\t\t\t<h5>le mus\u00e9e d&rsquo;art et d&rsquo;histoire<\/h5><p>place du palais de justice<br \/>52000 chaumont<\/p><h5>le mus\u00e9e de la cr\u00e8che<\/h5><p>1 rue des fr\u00e8res mistarlet<br \/>52000 chaumont<\/p><p>03 25 03 86 80<\/p><h5>horaires<\/h5><ul><li>ouverts tous les jours de 14h \u00e0 18h sauf le mardi.\u00a0Fermeture annuelle les 1er janvier, 1er mai et 25 d\u00e9cembre<\/li><\/ul><p>\u00a0<\/p>\t\t\t\t\t<\/div>\n\t\t\t\t\t\t<\/div>\n\t\t\t\t<\/div>\n\t\t\t\t\t\t<\/div>\n\t\t\t\t\t<\/div>\n\t\t<\/div>\n\t\t\t\t<div class=\"elementor-column elementor-col-66 elementor-top-column elementor-element elementor-element-028a074\" data-id=\"028a074\" data-element_type=\"column\">\n\t\t\t<div class=\"elementor-column-wrap elementor-element-populated\">\n\t\t\t\t\t\t\t<div class=\"elementor-widget-wrap\">\n\t\t\t\t\t\t<div class=\"elementor-element elementor-element-fae83f7 elementor-widget elementor-widget-text-editor\" data-id=\"fae83f7\" data-element_type=\"widget\" data-widget_type=\"text-editor.default\">\n\t\t\t\t<div class=\"elementor-widget-container\">\n\t\t\t\t\t\t\t\t<div class=\"elementor-text-editor elementor-clearfix\">\n\t\t\t\t<p><span data-contrast=\"auto\">Les mus\u00e9es de chaumont &#8211; <\/span><strong>le mus\u00e9e d\u2019art et d\u2019histoire et<\/strong><span data-contrast=\"auto\"><strong> le mus\u00e9e de la cr\u00e8che<\/strong> &#8211; <\/span><span data-contrast=\"auto\">conservent depuis leur origine r\u00e9volutionnaire des collections vari\u00e9es dans les domaines des beaux-arts (peinture, sculpture, arts graphiques), de l\u2019arch\u00e9ologie, des arts d\u00e9coratifs, de l\u2019art asiatique et des arts et traditions populaires.\u00a0<\/span><span data-ccp-props=\"{\">\u00a0<\/span><\/p><p><span data-contrast=\"auto\">Les mus\u00e9es valorisent leur fonds par des expositions temporaires, un roulement th\u00e9matique de l\u2019accrochage des peintures, des restaurations d\u2019<\/span><span data-contrast=\"auto\">\u0153uvres<\/span><span data-contrast=\"auto\">, des pr\u00e9sentations ponctuelles d\u2019<\/span><span data-contrast=\"auto\">\u0153uvres <\/span><span data-contrast=\"auto\">ou d\u2019objets d\u2019art. Des <\/span><span data-contrast=\"auto\">\u0153uvres <\/span><span data-contrast=\"auto\">sont en permanence \u00e9tudi\u00e9es et restaur\u00e9es afin d\u2019\u00eatre pr\u00e9sent\u00e9es au public. Les recherches sont accompagn\u00e9es de publications diffusant l\u2019existence et la signification des <\/span><span data-contrast=\"auto\">\u0153uvres.\u00a0<\/span><span data-ccp-props=\"{\">\u00a0<\/span><\/p><p><span data-contrast=\"auto\">Les mus\u00e9es organisent aussi un cycle annuel de conf\u00e9rences en partenariat avec les archives d\u00e9partement<\/span><span data-contrast=\"auto\">ales. Ils proposent \u00e9galement, depuis 2018, <\/span><span data-contrast=\"auto\">par le biais de leur charg\u00e9e des publics<\/span><span data-contrast=\"auto\">,<\/span><span data-contrast=\"auto\"> une offre d\u2019actions de m\u00e9diation (visites guid\u00e9es et ateliers p\u00e9dagogiques) vari\u00e9e.\u00a0<\/span><span data-ccp-props=\"{\">\u00a0<\/span><\/p><p><span data-contrast=\"auto\">Les mus\u00e9es sont ouverts au dialogue entre les arts et accueillent ponctuellement musiciens, danseurs, et conteurs ainsi qu<\/span><span data-contrast=\"auto\">\u2019au dialogue entre les \u00e9poques, <\/span><span data-contrast=\"auto\">en organisant par exemple des expositions d\u2019art contemporain qui entrent en r\u00e9sonance av<\/span><span data-contrast=\"auto\">ec les collections patrimoniales<\/span><span data-contrast=\"auto\">.<\/span><span data-ccp-props=\"{\">\u00a0<\/span><\/p><p><strong>\u2192 plein tarif : 2 \u20ac pour les 2 mus\u00e9es (billet coupl\u00e9)\u00a0<\/strong><\/p><p><strong>\u2192 demi-tarif : 1 \u20ac par personne pour les groupes de 10 personnes et plus\u00a0<\/strong><\/p><p><strong>\u2192 gratuit\u00e9 : moins de 18 ans, \u00e9tudiants, ch\u00f4meurs et allocataires des minima sociaux ; appliqu\u00e9e \u00e0 tous le 1er dimanche de chaque mois\u00a0<\/strong><\/p><p><strong>\u2192 ateliers p\u00e9dagogiques : 4 \u20ac\u00a0<\/strong><\/p><p><span data-contrast=\"auto\">Des <\/span><span data-contrast=\"auto\">visites guid\u00e9es et <\/span><span data-contrast=\"auto\">des <\/span><span data-contrast=\"auto\">ateliers p\u00e9dagogiques <\/span><span data-contrast=\"auto\">sont \u00e9galement propos\u00e9s <\/span><span data-contrast=\"auto\">en dehors des horaires d\u2019ouverture au public (tous les matins et le mardi apr\u00e8s-midi).<\/span> <span data-contrast=\"auto\">Ainsi qu\u2019une pr\u00e9paration de<\/span><span data-contrast=\"auto\"> visites ou ateliers avec les enseignants, <\/span><span data-contrast=\"auto\">avec la <\/span><span data-contrast=\"auto\">possibilit\u00e9 de r\u00e9pondre \u00e0 un souhait de th\u00e8me pr\u00e9cis de la part de ceux-ci.<\/span><span data-ccp-props=\"{\">\u00a0<\/span><\/p><p><span data-contrast=\"auto\">M\u00e9diation adapt\u00e9e aux enfants e<\/span><span data-contrast=\"auto\">n bas-\u00e2ge, aux personnes \u00e2g\u00e9es ainsi qu\u2019<\/span><span data-contrast=\"auto\">aux personnes en situation de handicap mental.<\/span><span data-ccp-props=\"{\">\u00a0<\/span><\/p>\t\t\t\t\t<\/div>\n\t\t\t\t\t\t<\/div>\n\t\t\t\t<\/div>\n\t\t\t\t\t\t<\/div>\n\t\t\t\t\t<\/div>\n\t\t<\/div>\n\t\t\t\t\t\t\t\t<\/div>\n\t\t\t\t\t<\/div>\n\t\t<\/section>\n\t\t\t\t\t\t\t\t\t<\/div>\n\t\t\t<\/div>\n\t\t\t\t\t<\/div>\n\t\t<\/div>\u200b<\/p>\t\t\t\t\t\t\t\t\t\t\t\t\t\t\t\t\t<\/div>\r\n\t\t\t\t\t\t<\/section>\r\n\r\n\t\t\t\t\t\r\n\t\t\t\t\t\t<section id=\"section-iconbox-3-572a7709\" class=\"premium-tabs-content-section\">\r\n\t\t\t\t\t\t\t<div class=\"premium-tab-content\">\r\n\r\n\t\t\t\t\t\t\t\t\t\t\t\t\t\t\t\t\t\t\t\t<p style=\"text-align: left;\"><img decoding=\"async\" loading=\"lazy\" class=\"alignnone wp-image-10274 size-full\" src=\"https:\/\/saisonsculturelleschaumont.fr\/mdxpuixt\/wp-content\/uploads\/2023\/08\/etablissements_logos_site-02.png\" alt=\"\" width=\"1831\" height=\"809\" srcset=\"https:\/\/saisonsculturelleschaumont.fr\/mdxpuixt\/wp-content\/uploads\/2023\/08\/etablissements_logos_site-02.png 1831w, https:\/\/saisonsculturelleschaumont.fr\/mdxpuixt\/wp-content\/uploads\/2023\/08\/etablissements_logos_site-02-1536x679.png 1536w, https:\/\/saisonsculturelleschaumont.fr\/mdxpuixt\/wp-content\/uploads\/2023\/08\/etablissements_logos_site-02-1500x663.png 1500w, https:\/\/saisonsculturelleschaumont.fr\/mdxpuixt\/wp-content\/uploads\/2023\/08\/etablissements_logos_site-02-705x311.png 705w\" sizes=\"(max-width: 1831px) 100vw, 1831px\" \/><\/p><p style=\"text-align: right;\"><a href=\"https:\/\/saisonsculturelleschaumont.fr\/mdxpuixt\/agenda\/?tribe_organizers=1190\">voir les \u00e9v\u00e9nements<\/a><\/p><p><div data-post-id=\"1190\" class=\"insert-page insert-page-1190 \">\t\t<div data-elementor-type=\"wp-post\" data-elementor-id=\"1190\" class=\"elementor elementor-1190\">\n\t\t\t\t\t\t<div class=\"elementor-inner\">\n\t\t\t\t<div class=\"elementor-section-wrap\">\n\t\t\t\t\t\t\t\t\t<section class=\"elementor-section elementor-top-section elementor-element elementor-element-28c7aee9 elementor-section-full_width elementor-section-height-default elementor-section-height-default\" data-id=\"28c7aee9\" data-element_type=\"section\">\n\t\t\t\t\t\t<div class=\"elementor-container elementor-column-gap-no\">\n\t\t\t\t\t\t\t<div class=\"elementor-row\">\n\t\t\t\t\t<div class=\"elementor-column elementor-col-33 elementor-top-column elementor-element elementor-element-4a8e9321 dk-font-alterne\" data-id=\"4a8e9321\" data-element_type=\"column\">\n\t\t\t<div class=\"elementor-column-wrap elementor-element-populated\">\n\t\t\t\t\t\t\t<div class=\"elementor-widget-wrap\">\n\t\t\t\t\t\t<div class=\"elementor-element elementor-element-32cbed5b elementor-widget elementor-widget-text-editor\" data-id=\"32cbed5b\" data-element_type=\"widget\" data-widget_type=\"text-editor.default\">\n\t\t\t\t<div class=\"elementor-widget-container\">\n\t\t\t\t\t\t\t\t<div class=\"elementor-text-editor elementor-clearfix\">\n\t\t\t\t<p>Pendant les travaux du b\u00e2timent avenue Foch, la m\u00e9diath\u00e8que les Silos vient \u00e0 votre rencontre gr\u00e2ce aux SILOS \u00c9PH\u00c9M\u00c8RES !<\/p><ul><li>l&rsquo;espace Bouchardon <br \/><em>mar., jeu. &amp; ven.\u00a0de 13h30 \u2794 18h30<\/em><br \/><em>mer. &amp; sam. de 9h30 \u2794 12h &amp; de 13h30 \u2794 18h30<\/em><\/li><\/ul><div class=\"xdj266r x11i5rnm xat24cr x1mh8g0r x1vvkbs x126k92a\"><div dir=\"auto\">ATTENTION<br \/><br \/>Les silos \u00e9ph\u00e9m\u00e8res, rue Victoire de la marne, fermeront leurs portes le samedi 24 ao\u00fbt \u00e0 18h30, afin de pr\u00e9parer le d\u00e9m\u00e9nagement et la r\u00e9ouverture des silos, avenue Foch.<\/div><div dir=\"auto\">\u00a0<\/div><\/div><div class=\"x11i5rnm xat24cr x1mh8g0r x1vvkbs xtlvy1s x126k92a\"><div dir=\"auto\">La r\u00e9ouverture des silos aura lieu au cours de l\u2019automne.\u00a0<\/div><div dir=\"auto\">\u00a0<\/div><\/div><div class=\"x11i5rnm xat24cr x1mh8g0r x1vvkbs xtlvy1s x126k92a\"><div dir=\"auto\">A compter du jeudi 18 juillet, votre nombre de documents empruntable est doubl\u00e9 : jusqu\u2019\u00e0 16 documents pour une carte emprunteur de 8 documents et jusqu\u2019\u00e0 40 documents pour une carte emprunteur de 20 documents.<\/div><div dir=\"auto\">\u00a0<\/div><\/div><div class=\"x11i5rnm xat24cr x1mh8g0r x1vvkbs xtlvy1s x126k92a\"><div dir=\"auto\">La dur\u00e9e du pr\u00eat s&rsquo;\u00e9tendra sur 3 mois.<\/div><div dir=\"auto\">\u00a0<\/div><\/div><div class=\"x11i5rnm xat24cr x1mh8g0r x1vvkbs xtlvy1s x126k92a\"><div dir=\"auto\">Pendant la fermeture de la m\u00e9diath\u00e8que, vous pourrez d\u00e9poser vos retours dans la bo\u00eete situ\u00e9e dans la cour de l&rsquo;espace Bouchardon.<\/div><div dir=\"auto\">\u00a0<\/div><\/div>\t\t\t\t\t<\/div>\n\t\t\t\t\t\t<\/div>\n\t\t\t\t<\/div>\n\t\t\t\t<div class=\"elementor-element elementor-element-48a09e1 elementor-widget elementor-widget-image\" data-id=\"48a09e1\" data-element_type=\"widget\" data-widget_type=\"image.default\">\n\t\t\t\t<div class=\"elementor-widget-container\">\n\t\t\t\t\t\t\t\t<div class=\"elementor-image\">\n\t\t\t\t\t\t\t\t\t\t\t\t<img decoding=\"async\" width=\"768\" height=\"768\" src=\"https:\/\/saisonsculturelleschaumont.fr\/mdxpuixt\/wp-content\/uploads\/2019\/07\/DSC_6477-768x768.jpg\" class=\"avia-img-lazy-loading-9937 attachment-medium_large size-medium_large wp-image-9937\" alt=\"\" loading=\"lazy\" srcset=\"https:\/\/saisonsculturelleschaumont.fr\/mdxpuixt\/wp-content\/uploads\/2019\/07\/DSC_6477-768x768.jpg 768w, https:\/\/saisonsculturelleschaumont.fr\/mdxpuixt\/wp-content\/uploads\/2019\/07\/DSC_6477-300x300.jpg 300w, https:\/\/saisonsculturelleschaumont.fr\/mdxpuixt\/wp-content\/uploads\/2019\/07\/DSC_6477-1030x1030.jpg 1030w, https:\/\/saisonsculturelleschaumont.fr\/mdxpuixt\/wp-content\/uploads\/2019\/07\/DSC_6477-80x80.jpg 80w, https:\/\/saisonsculturelleschaumont.fr\/mdxpuixt\/wp-content\/uploads\/2019\/07\/DSC_6477-60x60.jpg 60w, https:\/\/saisonsculturelleschaumont.fr\/mdxpuixt\/wp-content\/uploads\/2019\/07\/DSC_6477-36x36.jpg 36w, https:\/\/saisonsculturelleschaumont.fr\/mdxpuixt\/wp-content\/uploads\/2019\/07\/DSC_6477-180x180.jpg 180w\" sizes=\"(max-width: 768px) 100vw, 768px\" \/>\t\t\t\t\t\t\t\t\t\t\t\t\t\t<\/div>\n\t\t\t\t\t\t<\/div>\n\t\t\t\t<\/div>\n\t\t\t\t\t\t<\/div>\n\t\t\t\t\t<\/div>\n\t\t<\/div>\n\t\t\t\t<div class=\"elementor-column elementor-col-66 elementor-top-column elementor-element elementor-element-4693c2b1\" data-id=\"4693c2b1\" data-element_type=\"column\">\n\t\t\t<div class=\"elementor-column-wrap elementor-element-populated\">\n\t\t\t\t\t\t\t<div class=\"elementor-widget-wrap\">\n\t\t\t\t\t\t<div class=\"elementor-element elementor-element-3550871c elementor-widget elementor-widget-text-editor\" data-id=\"3550871c\" data-element_type=\"widget\" data-widget_type=\"text-editor.default\">\n\t\t\t\t<div class=\"elementor-widget-container\">\n\t\t\t\t\t\t\t\t<div class=\"elementor-text-editor elementor-clearfix\">\n\t\t\t\t<p><span data-contrast=\"auto\">Situ\u00e9s <\/span><span data-contrast=\"auto\">au c\u0153ur du quartier de la<\/span><span data-contrast=\"auto\"> gare de chaumont<\/span><span data-contrast=\"auto\">, le<\/span><span data-contrast=\"auto\">s s<\/span><span data-contrast=\"auto\">ilos abritent <\/span><span data-contrast=\"auto\">depuis 1994 <\/span><span data-contrast=\"auto\">une <strong>m\u00e9diath\u00e8que<\/strong><\/span><span data-contrast=\"auto\"> riche et insolite<\/span><span data-contrast=\"auto\">. La d\u00e9nomination rappelle qu\u2019\u00e0 l\u2019origine, le b\u00e2timent \u00e9tait une coop\u00e9rative agricole, caract\u00e9ristique de l\u2019architecture des ann\u00e9es 1930. Le p<\/span><span data-contrast=\"auto\">rojet de r\u00e9habilitation <\/span><span data-contrast=\"auto\">a permis de conserver les anciennes tr\u00e9mies \u00e0 grain, qui traversent les \u00e9tages de part en part r\u00e9v\u00e9lant un b\u00e2timent de verre impressionnant, tant \u00e0 l\u2019int\u00e9rieur qu\u2019\u00e0 l\u2019ext\u00e9rieur. Le b\u00e2timent a obtenu en 2011 le label \u00ab patrimoine du XX\u00e8me si\u00e8cle \u00bb d\u00e9livr\u00e9 par le minist\u00e8re de la culture et de la communication.<\/span><span data-ccp-props=\"{\">\u00a0<\/span><\/p><p><span data-contrast=\"auto\">Les s<\/span><span data-contrast=\"auto\">ilos proposent une offre multiple et coh\u00e9rente de <\/span><strong>130 000 documents<\/strong><span data-contrast=\"auto\">, dont 84 0<\/span><span data-contrast=\"auto\">00 en acc\u00e8s libre r\u00e9partis sur 3<\/span><span data-contrast=\"auto\"> niveaux, accessible au public 30h par semaine. <\/span><span data-contrast=\"auto\">Au premier niveau <\/span><span data-contrast=\"auto\">se trouvent tous les documents concernant <strong>l\u2019audio-visuel et la presse<\/strong>, au deuxi\u00e8me <strong>la section adulte<\/strong> et au troisi\u00e8me \u00e9tage <strong>la section jeunesse<\/strong>. Le catalogue est consultable en ligne \u00e0 travers le portail <\/span><span data-contrast=\"auto\">flora<\/span><span data-contrast=\"auto\">, <\/span><a href=\"http:\/\/silos.ville-chaumont.fr\/flora\/\"><span data-contrast=\"none\">http:\/\/silos.ville-chaumont.fr\/flora\/<\/span><\/a><span data-contrast=\"auto\">ou sur place.\u00a0<\/span><span data-ccp-props=\"{\">\u00a0<\/span><\/p><p><span data-contrast=\"auto\">Les s<\/span><span data-contrast=\"auto\">ilos<\/span><span data-contrast=\"auto\"> veillent \u00e9galement sur un fonds prestigieux de<strong> 285 manuscrits<\/strong> et <strong>200 incunables<\/strong> et plus de 30 000 documents anciens divers.<\/span><span data-contrast=\"auto\"> Ils<\/span><span data-contrast=\"auto\"> accueillent \u00e9galement les r\u00e9serves de la <strong>collection d\u2019affiches anciennes et contemporaines<\/strong> de la ville de chaumont sous la responsabilit\u00e9 du signe \u2013 centre national du graphisme. <\/span><span data-contrast=\"auto\">Ces fonds ne sont, quant \u00e0 eux, pas accessibles au public.<\/span><span data-contrast=\"auto\"> A<\/span><span data-contrast=\"auto\">u 2\u00e8me \u00e9tage, une table tactile invite \u00e0 d\u00e9couvrir les collections n<\/span><span data-contrast=\"auto\">um\u00e9ris\u00e9es des silos : <\/span><span data-contrast=\"auto\">cartes postales des ann\u00e9es 1900, plans anciens de chaumont, cartes publicitaires du 19e si\u00e8cle, \u00e9tiquettes de rhum et autres documents.<\/span><span data-ccp-props=\"{\">\u00a0<\/span><\/p><p>Profitez des nouveaux services mis en place par la m\u00e9diath\u00e8que :\u00a0<\/p><ul><li>les Silos \u00e0 domicile<\/li><li>les Silos \u00e0 emporter<\/li><\/ul><p><img decoding=\"async\" loading=\"lazy\" class=\"alignnone wp-image-8474 size-extra_large\" src=\"https:\/\/saisonsculturelleschaumont.fr\/mdxpuixt\/wp-content\/uploads\/2022\/04\/Les-silos-a-domicile-notice-copie-1500x696.jpg\" alt=\"\" width=\"1500\" height=\"696\" srcset=\"https:\/\/saisonsculturelleschaumont.fr\/mdxpuixt\/wp-content\/uploads\/2022\/04\/Les-silos-a-domicile-notice-copie-1500x696.jpg 1500w, https:\/\/saisonsculturelleschaumont.fr\/mdxpuixt\/wp-content\/uploads\/2022\/04\/Les-silos-a-domicile-notice-copie-1536x712.jpg 1536w, https:\/\/saisonsculturelleschaumont.fr\/mdxpuixt\/wp-content\/uploads\/2022\/04\/Les-silos-a-domicile-notice-copie-2048x950.jpg 2048w, https:\/\/saisonsculturelleschaumont.fr\/mdxpuixt\/wp-content\/uploads\/2022\/04\/Les-silos-a-domicile-notice-copie-705x327.jpg 705w\" sizes=\"(max-width: 1500px) 100vw, 1500px\" \/><\/p><p><img decoding=\"async\" loading=\"lazy\" class=\"alignnone wp-image-8473 size-full\" src=\"https:\/\/saisonsculturelleschaumont.fr\/mdxpuixt\/wp-content\/uploads\/2022\/04\/Les-silos-a-emporter-notice-copie-scaled.jpg\" alt=\"\" width=\"2560\" height=\"1160\" srcset=\"https:\/\/saisonsculturelleschaumont.fr\/mdxpuixt\/wp-content\/uploads\/2022\/04\/Les-silos-a-emporter-notice-copie-scaled.jpg 2560w, https:\/\/saisonsculturelleschaumont.fr\/mdxpuixt\/wp-content\/uploads\/2022\/04\/Les-silos-a-emporter-notice-copie-1536x696.jpg 1536w, https:\/\/saisonsculturelleschaumont.fr\/mdxpuixt\/wp-content\/uploads\/2022\/04\/Les-silos-a-emporter-notice-copie-2048x928.jpg 2048w, https:\/\/saisonsculturelleschaumont.fr\/mdxpuixt\/wp-content\/uploads\/2022\/04\/Les-silos-a-emporter-notice-copie-1500x680.jpg 1500w, https:\/\/saisonsculturelleschaumont.fr\/mdxpuixt\/wp-content\/uploads\/2022\/04\/Les-silos-a-emporter-notice-copie-705x319.jpg 705w\" sizes=\"(max-width: 2560px) 100vw, 2560px\" \/><\/p>\t\t\t\t\t<\/div>\n\t\t\t\t\t\t<\/div>\n\t\t\t\t<\/div>\n\t\t\t\t\t\t<\/div>\n\t\t\t\t\t<\/div>\n\t\t<\/div>\n\t\t\t\t\t\t\t\t<\/div>\n\t\t\t\t\t<\/div>\n\t\t<\/section>\n\t\t\t\t<section class=\"elementor-section elementor-top-section elementor-element elementor-element-6a46a6b9 elementor-section-boxed elementor-section-height-default elementor-section-height-default\" data-id=\"6a46a6b9\" data-element_type=\"section\">\n\t\t\t\t\t\t<div class=\"elementor-container elementor-column-gap-default\">\n\t\t\t\t\t\t\t<div class=\"elementor-row\">\n\t\t\t\t\t<div class=\"elementor-column elementor-col-100 elementor-top-column elementor-element elementor-element-71430302\" data-id=\"71430302\" data-element_type=\"column\">\n\t\t\t<div class=\"elementor-column-wrap elementor-element-populated\">\n\t\t\t\t\t\t\t<div class=\"elementor-widget-wrap\">\n\t\t\t\t\t\t<div class=\"elementor-element elementor-element-814537a elementor-widget elementor-widget-text-editor\" data-id=\"814537a\" data-element_type=\"widget\" data-widget_type=\"text-editor.default\">\n\t\t\t\t<div class=\"elementor-widget-container\">\n\t\t\t\t\t\t\t\t<div class=\"elementor-text-editor elementor-clearfix\">\n\t\t\t\t<p><b>Politique Tarifaire<\/b><\/p><table border=\"0\" width=\"737\" cellspacing=\"0\" cellpadding=\"0\"><colgroup> <col width=\"289\" \/> <col width=\"316\" \/> <col width=\"132\" \/><\/colgroup><tbody><tr><td class=\"xl73\" width=\"289\" height=\"40\">Chaumontais et Brottais de plus de 18 ans titulaire de la carte familiale (cat. A \u00e0 E)<\/td><td class=\"xl74\" width=\"316\">20 documents<\/td><td class=\"xl75\" width=\"132\">Gratuit<\/td><\/tr><tr><td class=\"xl65\" width=\"289\" height=\"21\">Chaumontais et Brottais de moins de 18 ans, scolaris\u00e9s et \u00e9tudiants \u00e0 Chaumont<\/td><td class=\"xl66\" width=\"316\">8 documents<\/td><td class=\"xl66\" width=\"132\">Gratuit<\/td><\/tr><tr><td class=\"xl67\" width=\"289\" height=\"21\">Demandeurs d\u2019emploi<\/td><td class=\"xl68\" width=\"316\">8 documents<\/td><td class=\"xl68\" width=\"132\">Gratuit<\/td><\/tr><tr><td class=\"xl69\" width=\"289\" height=\"21\">Non Chaumontais de moins de 18 ans<\/td><td class=\"xl70\" width=\"316\">8 documents<\/td><td class=\"xl71\" width=\"132\">5,10 \u20ac<\/td><\/tr><tr><td class=\"xl67\" width=\"289\" height=\"21\">Non Chaumontais de plus de 18 ans<\/td><td class=\"xl68\" width=\"316\">20 documents<\/td><td class=\"xl72\" width=\"132\">26,50 \u20ac<\/td><\/tr><tr><td class=\"xl69\" width=\"289\" height=\"21\">Collectivit\u00e9s<\/td><td class=\"xl70\" width=\"316\">30 \u00e0 50 documents selon convention<\/td><td class=\"xl70\" width=\"132\">Gratuit<\/td><\/tr><tr><td class=\"xl67\" width=\"289\" height=\"21\">Enseignants \u00e0 Chaumont<\/td><td class=\"xl68\" width=\"316\">30 documents pour un usage en classe<\/td><td class=\"xl68\" width=\"132\">Gratuit<\/td><\/tr><\/tbody><\/table>\t\t\t\t\t<\/div>\n\t\t\t\t\t\t<\/div>\n\t\t\t\t<\/div>\n\t\t\t\t\t\t<\/div>\n\t\t\t\t\t<\/div>\n\t\t<\/div>\n\t\t\t\t\t\t\t\t<\/div>\n\t\t\t\t\t<\/div>\n\t\t<\/section>\n\t\t\t\t\t\t\t\t\t<\/div>\n\t\t\t<\/div>\n\t\t\t\t\t<\/div>\n\t\t<\/div><\/p>\t\t\t\t\t\t\t\t\t\t\t\t\t\t\t\t\t<\/div>\r\n\t\t\t\t\t\t<\/section>\r\n\r\n\t\t\t\t\t\r\n\t\t\t\t\t\t<section id=\"section-iconbox-4-572a7709\" class=\"premium-tabs-content-section\">\r\n\t\t\t\t\t\t\t<div class=\"premium-tab-content\">\r\n\r\n\t\t\t\t\t\t\t\t\t\t\t\t\t\t\t\t\t\t\t\t<p style=\"text-align: left;\"><img decoding=\"async\" loading=\"lazy\" class=\"alignnone wp-image-10276 size-full\" src=\"https:\/\/saisonsculturelleschaumont.fr\/mdxpuixt\/wp-content\/uploads\/2023\/08\/etablissements_logos_site-04.png\" alt=\"\" width=\"1830\" height=\"809\" srcset=\"https:\/\/saisonsculturelleschaumont.fr\/mdxpuixt\/wp-content\/uploads\/2023\/08\/etablissements_logos_site-04.png 1830w, https:\/\/saisonsculturelleschaumont.fr\/mdxpuixt\/wp-content\/uploads\/2023\/08\/etablissements_logos_site-04-1536x679.png 1536w, https:\/\/saisonsculturelleschaumont.fr\/mdxpuixt\/wp-content\/uploads\/2023\/08\/etablissements_logos_site-04-1500x663.png 1500w, https:\/\/saisonsculturelleschaumont.fr\/mdxpuixt\/wp-content\/uploads\/2023\/08\/etablissements_logos_site-04-705x312.png 705w\" sizes=\"(max-width: 1830px) 100vw, 1830px\" \/><\/p><p style=\"text-align: right;\"><a href=\"https:\/\/saisonsculturelleschaumont.fr\/mdxpuixt\/agenda\/?tribe_organizers=2804\">voir les \u00e9v\u00e9nements<\/a><\/p><p><div data-post-id=\"2804\" class=\"insert-page insert-page-2804 \">\t\t<div data-elementor-type=\"wp-post\" data-elementor-id=\"2804\" class=\"elementor elementor-2804\">\n\t\t\t\t\t\t<div class=\"elementor-inner\">\n\t\t\t\t<div class=\"elementor-section-wrap\">\n\t\t\t\t\t\t\t\t\t<section class=\"elementor-section elementor-top-section elementor-element elementor-element-37d7fdd9 elementor-section-boxed elementor-section-height-default elementor-section-height-default\" data-id=\"37d7fdd9\" data-element_type=\"section\">\n\t\t\t\t\t\t<div class=\"elementor-container elementor-column-gap-default\">\n\t\t\t\t\t\t\t<div class=\"elementor-row\">\n\t\t\t\t\t<div class=\"elementor-column elementor-col-100 elementor-top-column elementor-element elementor-element-76d89bbe\" data-id=\"76d89bbe\" data-element_type=\"column\">\n\t\t\t<div class=\"elementor-column-wrap elementor-element-populated\">\n\t\t\t\t\t\t\t<div class=\"elementor-widget-wrap\">\n\t\t\t\t\t\t<div class=\"elementor-element elementor-element-78604799 elementor-widget elementor-widget-spacer\" data-id=\"78604799\" data-element_type=\"widget\" data-widget_type=\"spacer.default\">\n\t\t\t\t<div class=\"elementor-widget-container\">\n\t\t\t\t\t<div class=\"elementor-spacer\">\n\t\t\t<div class=\"elementor-spacer-inner\"><\/div>\n\t\t<\/div>\n\t\t\t\t<\/div>\n\t\t\t\t<\/div>\n\t\t\t\t\t\t<\/div>\n\t\t\t\t\t<\/div>\n\t\t<\/div>\n\t\t\t\t\t\t\t\t<\/div>\n\t\t\t\t\t<\/div>\n\t\t<\/section>\n\t\t\t\t<section class=\"elementor-section elementor-top-section elementor-element elementor-element-5736eb5d elementor-section-full_width elementor-section-height-default elementor-section-height-default\" data-id=\"5736eb5d\" data-element_type=\"section\">\n\t\t\t\t\t\t<div class=\"elementor-container elementor-column-gap-no\">\n\t\t\t\t\t\t\t<div class=\"elementor-row\">\n\t\t\t\t\t<div class=\"elementor-column elementor-col-33 elementor-top-column elementor-element elementor-element-2fc2f91 dk-font-alterne\" data-id=\"2fc2f91\" data-element_type=\"column\">\n\t\t\t<div class=\"elementor-column-wrap\">\n\t\t\t\t\t\t\t<div class=\"elementor-widget-wrap\">\n\t\t\t\t\t\t\t\t<\/div>\n\t\t\t\t\t<\/div>\n\t\t<\/div>\n\t\t\t\t<div class=\"elementor-column elementor-col-66 elementor-top-column elementor-element elementor-element-70b030ff\" data-id=\"70b030ff\" data-element_type=\"column\">\n\t\t\t<div class=\"elementor-column-wrap elementor-element-populated\">\n\t\t\t\t\t\t\t<div class=\"elementor-widget-wrap\">\n\t\t\t\t\t\t<div class=\"elementor-element elementor-element-d5ea1b3 elementor-widget elementor-widget-text-editor\" data-id=\"d5ea1b3\" data-element_type=\"widget\" data-widget_type=\"text-editor.default\">\n\t\t\t\t<div class=\"elementor-widget-container\">\n\t\t\t\t\t\t\t\t<div class=\"elementor-text-editor elementor-clearfix\">\n\t\t\t\t<p><span data-contrast=\"auto\">Amener la culture dans l\u2019espace public, hors les murs, la rendre accessible \u00e0 tous, fait partie de la politique culturelle men\u00e9e par la Ville de Chaumont.<\/span><span data-ccp-props=\"{&quot;201341983&quot;:0,&quot;335559739&quot;:200,&quot;335559740&quot;:276}\">\u00a0<\/span><\/p><p><span data-contrast=\"auto\">Concerts, cin\u00e9ma en plein air, th\u00e9\u00e2tre et cirque de rue, installations <\/span><span data-contrast=\"auto\">artistiques et interventions graphiques<\/span><span data-contrast=\"auto\">\u202f;<\/span> <span data-contrast=\"auto\">place de l\u2019h\u00f4tel de ville, place des arts, march\u00e9 couvert, square du boulingrin, jardin <\/span><span data-contrast=\"auto\">agathe<\/span> <span data-contrast=\"auto\">roul<\/span><span data-contrast=\"auto\">l<\/span><span data-contrast=\"auto\">ot<\/span><span data-contrast=\"auto\">\u202f<\/span><span data-contrast=\"auto\">: les disciplines et les lieux sont nombreux et <\/span><span data-contrast=\"auto\">vari\u00e9s.\u00a0<\/span><span data-ccp-props=\"{&quot;201341983&quot;:0,&quot;335559739&quot;:200,&quot;335559740&quot;:276}\">\u00a0<\/span><\/p><p><span data-contrast=\"auto\">Les projets se veulent inclusifs, en lien avec le territoire, men\u00e9s avec<\/span><span data-contrast=\"auto\"> tous les services de la collectivit\u00e9 pour faciliter leur mise en \u0153uvre, mais \u00e9galement avec <\/span><span data-contrast=\"auto\">le tissu associatif, les jeunes \u00e9tudiants et les commer\u00e7ants de C<\/span><span data-contrast=\"auto\">haumont. Ils animent la ville,<\/span><span data-contrast=\"auto\"> mettent en valeur le patrimoine local, <\/span><span data-contrast=\"auto\">et <\/span><span data-contrast=\"auto\">am\u00e8nent<\/span><span data-contrast=\"auto\"> un v\u00e9ritable dialogue<\/span><span data-contrast=\"auto\">\u202f<\/span><span data-contrast=\"auto\">:<\/span> <span data-contrast=\"auto\">une autre fa\u00e7on d\u2019\u00eatre ensemble<\/span><span data-contrast=\"auto\">, un pas vers la d\u00e9mocratisation culturelle.<\/span><span data-ccp-props=\"{&quot;201341983&quot;:0,&quot;335559739&quot;:200,&quot;335559740&quot;:276}\">\u00a0<\/span><\/p><p><span data-contrast=\"auto\">Une mani\u00e8re d\u2019enrayer les d\u00e9terminismes sociaux, culturels ou \u00e9ducatifs comme l\u2019<\/span><span data-contrast=\"auto\">a promulgu\u00e9 le rapport de la<\/span> <span data-contrast=\"auto\">MNACEP<\/span><span data-contrast=\"auto\"> \u2013 Mission Nationale pour l\u2019Art et la Culture dans l\u2019Espace Public <\/span><span data-contrast=\"auto\">\u2013<\/span> <span data-contrast=\"auto\">mise en place par le<\/span><span data-contrast=\"auto\"> Minist\u00e8re de la Culture en <\/span><span data-contrast=\"auto\">2014<\/span><span data-contrast=\"auto\">. <\/span><span data-contrast=\"auto\">C\u2019est a<\/span><span data-contrast=\"auto\">ller continuellement du dedans au dehors et vice et versa pour d\u00e9cloisonner les pratiques culturelles et investir les lieux<\/span><span data-contrast=\"auto\"> les plus divers<\/span> <span data-contrast=\"auto\">de tous types de formes <\/span><span data-contrast=\"auto\">d\u2019expression artistique<\/span><span data-contrast=\"auto\">.<\/span><span data-ccp-props=\"{&quot;201341983&quot;:0,&quot;335559739&quot;:200,&quot;335559740&quot;:276}\">\u00a0<\/span><\/p>\t\t\t\t\t<\/div>\n\t\t\t\t\t\t<\/div>\n\t\t\t\t<\/div>\n\t\t\t\t\t\t<\/div>\n\t\t\t\t\t<\/div>\n\t\t<\/div>\n\t\t\t\t\t\t\t\t<\/div>\n\t\t\t\t\t<\/div>\n\t\t<\/section>\n\t\t\t\t\t\t\t\t\t<\/div>\n\t\t\t<\/div>\n\t\t\t\t\t<\/div>\n\t\t<\/div><\/p>\t\t\t\t\t\t\t\t\t\t\t\t\t\t\t\t\t<\/div>\r\n\t\t\t\t\t\t<\/section>\r\n\r\n\t\t\t\t\t\t\t\t\t<\/div>\r\n\t\t\t<\/div>\r\n\r\n\t\t\t\t<\/div>\n\t\t\t\t<\/div>\n\t\t\t\t\t\t<\/div>\n\t\t\t\t\t<\/div>\n\t\t<\/div>\n\t\t\t\t\t\t\t\t<\/div>\n\t\t\t\t\t<\/div>\n\t\t<\/section>\n\t\t\t\t<section class=\"elementor-section elementor-top-section elementor-element elementor-element-1853236 elementor-section-boxed elementor-section-height-default elementor-section-height-default\" data-id=\"1853236\" data-element_type=\"section\">\n\t\t\t\t\t\t<div class=\"elementor-container elementor-column-gap-default\">\n\t\t\t\t\t\t\t<div class=\"elementor-row\">\n\t\t\t\t\t<div class=\"elementor-column elementor-col-100 elementor-top-column elementor-element elementor-element-15d1a6e\" data-id=\"15d1a6e\" data-element_type=\"column\">\n\t\t\t<div class=\"elementor-column-wrap elementor-element-populated\">\n\t\t\t\t\t\t\t<div class=\"elementor-widget-wrap\">\n\t\t\t\t\t\t<div class=\"elementor-element elementor-element-28d3d13 elementor-widget elementor-widget-text-editor\" data-id=\"28d3d13\" data-element_type=\"widget\" data-widget_type=\"text-editor.default\">\n\t\t\t\t<div class=\"elementor-widget-container\">\n\t\t\t\t\t\t\t\t<div class=\"elementor-text-editor elementor-clearfix\">\n\t\t\t\t<h2>autres lieux<\/h2>\t\t\t\t\t<\/div>\n\t\t\t\t\t\t<\/div>\n\t\t\t\t<\/div>\n\t\t\t\t\t\t<\/div>\n\t\t\t\t\t<\/div>\n\t\t<\/div>\n\t\t\t\t\t\t\t\t<\/div>\n\t\t\t\t\t<\/div>\n\t\t<\/section>\n\t\t\t\t<section class=\"elementor-section elementor-top-section elementor-element elementor-element-714ce0e elementor-section-boxed elementor-section-height-default elementor-section-height-default\" data-id=\"714ce0e\" data-element_type=\"section\">\n\t\t\t\t\t\t<div class=\"elementor-container elementor-column-gap-default\">\n\t\t\t\t\t\t\t<div class=\"elementor-row\">\n\t\t\t\t\t<div class=\"elementor-column elementor-col-33 elementor-top-column elementor-element elementor-element-368974ed\" data-id=\"368974ed\" data-element_type=\"column\">\n\t\t\t<div class=\"elementor-column-wrap elementor-element-populated\">\n\t\t\t\t\t\t\t<div class=\"elementor-widget-wrap\">\n\t\t\t\t\t\t<div class=\"elementor-element elementor-element-6d67a951 elementor-widget elementor-widget-premium-addon-banner\" data-id=\"6d67a951\" data-element_type=\"widget\" data-widget_type=\"premium-addon-banner.default\">\n\t\t\t\t<div class=\"elementor-widget-container\">\n\t\t\t\t\t<div class=\"premium-banner-ib premium-banner-min-height premium-banner-animation1 none active\">\r\n\t\t\t\t\t\t\t\t\t\t\t\t\t\t\t<div class=\"premium-banner-img-wrap\">\r\n\t\t\t\t\t\t\t\t\t<img decoding=\"async\" loading=\"lazy\" width=\"720\" height=\"540\" src=\"https:\/\/saisonsculturelleschaumont.fr\/mdxpuixt\/wp-content\/uploads\/2019\/07\/cinema-a-laffiche.jpg\" class=\"attachment-full size-full wp-image-2519\" alt=\"\" srcset=\"https:\/\/saisonsculturelleschaumont.fr\/mdxpuixt\/wp-content\/uploads\/2019\/07\/cinema-a-laffiche.jpg 720w, https:\/\/saisonsculturelleschaumont.fr\/mdxpuixt\/wp-content\/uploads\/2019\/07\/cinema-a-laffiche-705x529.jpg 705w, https:\/\/saisonsculturelleschaumont.fr\/mdxpuixt\/wp-content\/uploads\/2019\/07\/cinema-a-laffiche-450x338.jpg 450w\" sizes=\"(max-width: 720px) 100vw, 720px\" \/>\t\t\t\t\t\t\t\t\t<\/div>\r\n\t\t\t\t\t\t\t\t\t\t\t<div class=\"premium-banner-ib-desc\">\r\n\t\t\t\t\t\t\t\t\t<h3 class=\"premium-banner-ib-title premium_banner_title\">le cin\u00e9ma \u00e0 l'affiche<\/h3>\t\t\t\t\t\t\t\t\t\t\t\t<\/div>\r\n\t\t\t\t\t\t\t<a href=\"https:\/\/www.chaumont-cinemas.com\" class=\"premium-banner-ib-link\"><\/a>\r\n\t\t\t\t\t<\/div>\r\n\t\t\t\t\t\t<\/div>\n\t\t\t\t<\/div>\n\t\t\t\t\t\t<\/div>\n\t\t\t\t\t<\/div>\n\t\t<\/div>\n\t\t\t\t<div class=\"elementor-column elementor-col-33 elementor-top-column elementor-element elementor-element-c462ca7\" data-id=\"c462ca7\" data-element_type=\"column\">\n\t\t\t<div class=\"elementor-column-wrap elementor-element-populated\">\n\t\t\t\t\t\t\t<div class=\"elementor-widget-wrap\">\n\t\t\t\t\t\t<div class=\"elementor-element elementor-element-5cac828 elementor-widget elementor-widget-premium-addon-banner\" data-id=\"5cac828\" data-element_type=\"widget\" data-widget_type=\"premium-addon-banner.default\">\n\t\t\t\t<div class=\"elementor-widget-container\">\n\t\t\t\t\t<div class=\"premium-banner-ib premium-banner-min-height premium-banner-animation1 none active\">\r\n\t\t\t\t\t\t\t\t\t\t\t\t\t\t\t<div class=\"premium-banner-img-wrap\">\r\n\t\t\t\t\t\t\t\t\t<img decoding=\"async\" loading=\"lazy\" width=\"599\" height=\"450\" src=\"https:\/\/saisonsculturelleschaumont.fr\/mdxpuixt\/wp-content\/uploads\/2019\/07\/le-relax-e1563704203741.jpg\" class=\"attachment-full size-full wp-image-2526\" alt=\"\" srcset=\"https:\/\/saisonsculturelleschaumont.fr\/mdxpuixt\/wp-content\/uploads\/2019\/07\/le-relax-e1563704203741.jpg 599w, https:\/\/saisonsculturelleschaumont.fr\/mdxpuixt\/wp-content\/uploads\/2019\/07\/le-relax-e1563704203741-450x338.jpg 450w\" sizes=\"(max-width: 599px) 100vw, 599px\" \/>\t\t\t\t\t\t\t\t\t<\/div>\r\n\t\t\t\t\t\t\t\t\t\t\t<div class=\"premium-banner-ib-desc\">\r\n\t\t\t\t\t\t\t\t\t<h3 class=\"premium-banner-ib-title premium_banner_title\">le nouveau relax<\/h3>\t\t\t\t\t\t\t\t\t\t\t\t<\/div>\r\n\t\t\t\t\t\t\t<a href=\"https:\/\/www.lenouveaurelax.fr\" class=\"premium-banner-ib-link\"><\/a>\r\n\t\t\t\t\t<\/div>\r\n\t\t\t\t\t\t<\/div>\n\t\t\t\t<\/div>\n\t\t\t\t\t\t<\/div>\n\t\t\t\t\t<\/div>\n\t\t<\/div>\n\t\t\t\t<div class=\"elementor-column elementor-col-33 elementor-top-column elementor-element elementor-element-303c3550\" data-id=\"303c3550\" data-element_type=\"column\">\n\t\t\t<div class=\"elementor-column-wrap elementor-element-populated\">\n\t\t\t\t\t\t\t<div class=\"elementor-widget-wrap\">\n\t\t\t\t\t\t<div class=\"elementor-element elementor-element-2cd340f0 elementor-widget elementor-widget-premium-addon-banner\" data-id=\"2cd340f0\" data-element_type=\"widget\" data-widget_type=\"premium-addon-banner.default\">\n\t\t\t\t<div class=\"elementor-widget-container\">\n\t\t\t\t\t<div class=\"premium-banner-ib premium-banner-min-height premium-banner-animation1 none active\">\r\n\t\t\t\t\t\t\t\t\t\t\t\t\t\t\t<div class=\"premium-banner-img-wrap\">\r\n\t\t\t\t\t\t\t\t\t<img decoding=\"async\" loading=\"lazy\" width=\"385\" height=\"326\" src=\"https:\/\/saisonsculturelleschaumont.fr\/mdxpuixt\/wp-content\/uploads\/2019\/07\/16-Le-Signe-Chaumont-affiches_Societe-consommation-e1563707579711.jpg\" class=\"attachment-full size-full wp-image-2531\" alt=\"\" \/>\t\t\t\t\t\t\t\t\t<\/div>\r\n\t\t\t\t\t\t\t\t\t\t\t<div class=\"premium-banner-ib-desc\">\r\n\t\t\t\t\t\t\t\t\t<h3 class=\"premium-banner-ib-title premium_banner_title\">le signe<\/h3>\t\t\t\t\t\t\t\t\t\t\t\t<\/div>\r\n\t\t\t\t\t\t\t<a href=\"https:\/\/www.centrenationaldugraphisme.fr\" class=\"premium-banner-ib-link\"><\/a>\r\n\t\t\t\t\t<\/div>\r\n\t\t\t\t\t\t<\/div>\n\t\t\t\t<\/div>\n\t\t\t\t\t\t<\/div>\n\t\t\t\t\t<\/div>\n\t\t<\/div>\n\t\t\t\t\t\t\t\t<\/div>\n\t\t\t\t\t<\/div>\n\t\t<\/section>\n\t\t\t\t<section class=\"elementor-section elementor-top-section elementor-element elementor-element-54bf522 elementor-section-boxed elementor-section-height-default elementor-section-height-default\" data-id=\"54bf522\" data-element_type=\"section\">\n\t\t\t\t\t\t<div class=\"elementor-container elementor-column-gap-default\">\n\t\t\t\t\t\t\t<div class=\"elementor-row\">\n\t\t\t\t\t<div class=\"elementor-column elementor-col-100 elementor-top-column elementor-element elementor-element-7200924\" data-id=\"7200924\" data-element_type=\"column\">\n\t\t\t<div class=\"elementor-column-wrap elementor-element-populated\">\n\t\t\t\t\t\t\t<div class=\"elementor-widget-wrap\">\n\t\t\t\t\t\t<div class=\"elementor-element elementor-element-7aa9de3 elementor-widget elementor-widget-spacer\" data-id=\"7aa9de3\" data-element_type=\"widget\" data-widget_type=\"spacer.default\">\n\t\t\t\t<div class=\"elementor-widget-container\">\n\t\t\t\t\t<div class=\"elementor-spacer\">\n\t\t\t<div class=\"elementor-spacer-inner\"><\/div>\n\t\t<\/div>\n\t\t\t\t<\/div>\n\t\t\t\t<\/div>\n\t\t\t\t\t\t<\/div>\n\t\t\t\t\t<\/div>\n\t\t<\/div>\n\t\t\t\t\t\t\t\t<\/div>\n\t\t\t\t\t<\/div>\n\t\t<\/section>\n\t\t\t\t<section class=\"elementor-section elementor-top-section elementor-element elementor-element-79d5852 elementor-section-boxed elementor-section-height-default elementor-section-height-default\" data-id=\"79d5852\" data-element_type=\"section\">\n\t\t\t\t\t\t<div class=\"elementor-container elementor-column-gap-default\">\n\t\t\t\t\t\t\t<div class=\"elementor-row\">\n\t\t\t\t\t<div class=\"elementor-column elementor-col-100 elementor-top-column elementor-element elementor-element-613636af\" data-id=\"613636af\" data-element_type=\"column\">\n\t\t\t<div class=\"elementor-column-wrap elementor-element-populated\">\n\t\t\t\t\t\t\t<div class=\"elementor-widget-wrap\">\n\t\t\t\t\t\t<div class=\"elementor-element elementor-element-6395fc9 elementor-widget elementor-widget-image\" data-id=\"6395fc9\" data-element_type=\"widget\" data-widget_type=\"image.default\">\n\t\t\t\t<div class=\"elementor-widget-container\">\n\t\t\t\t\t\t\t\t<div class=\"elementor-image\">\n\t\t\t\t\t\t\t\t\t\t\t\t<img decoding=\"async\" loading=\"lazy\" width=\"3756\" height=\"3091\" src=\"https:\/\/saisonsculturelleschaumont.fr\/mdxpuixt\/wp-content\/uploads\/2023\/08\/CARTE-VILLE_lieux-culturels_site-Internet_2023.png\" class=\"attachment-full size-full wp-image-10278\" alt=\"\" srcset=\"https:\/\/saisonsculturelleschaumont.fr\/mdxpuixt\/wp-content\/uploads\/2023\/08\/CARTE-VILLE_lieux-culturels_site-Internet_2023.png 3756w, https:\/\/saisonsculturelleschaumont.fr\/mdxpuixt\/wp-content\/uploads\/2023\/08\/CARTE-VILLE_lieux-culturels_site-Internet_2023-1536x1264.png 1536w, https:\/\/saisonsculturelleschaumont.fr\/mdxpuixt\/wp-content\/uploads\/2023\/08\/CARTE-VILLE_lieux-culturels_site-Internet_2023-2048x1685.png 2048w, https:\/\/saisonsculturelleschaumont.fr\/mdxpuixt\/wp-content\/uploads\/2023\/08\/CARTE-VILLE_lieux-culturels_site-Internet_2023-1500x1234.png 1500w, https:\/\/saisonsculturelleschaumont.fr\/mdxpuixt\/wp-content\/uploads\/2023\/08\/CARTE-VILLE_lieux-culturels_site-Internet_2023-705x580.png 705w\" sizes=\"(max-width: 3756px) 100vw, 3756px\" \/>\t\t\t\t\t\t\t\t\t\t\t\t\t\t<\/div>\n\t\t\t\t\t\t<\/div>\n\t\t\t\t<\/div>\n\t\t\t\t\t\t<\/div>\n\t\t\t\t\t<\/div>\n\t\t<\/div>\n\t\t\t\t\t\t\t\t<\/div>\n\t\t\t\t\t<\/div>\n\t\t<\/section>\n\t\t\t\t\t\t\t\t\t<\/div>\n\t\t\t<\/div>\n\t\t\t\t\t<\/div>\n\t\t","protected":false},"excerpt":{"rendered":"<p>Chapelledes J\u00e9suites voir les \u00e9v\u00e9nements galerie d&rsquo;art contemporain rue victoire de la marne52000\u00a0chaumont03 25 30 44 91 horaires ouvert tous les jours de 14h \u00e0 18h30\u00a0et \u00e9galement de\u00a010h \u00e0 12h30\u00a0le [&hellip;]<\/p>\n","protected":false},"author":1,"featured_media":0,"parent":0,"menu_order":0,"comment_status":"closed","ping_status":"closed","template":"","meta":{"_uag_custom_page_level_css":"","footnotes":""},"yoast_head":"<!-- This site is optimized with the Yoast SEO plugin v21.1 - https:\/\/yoast.com\/wordpress\/plugins\/seo\/ -->\n<title>nos lieux culturels - Les Saisons Culturelles de Chaumont<\/title>\n<meta name=\"robots\" content=\"noindex, follow, max-snippet:-1, max-image-preview:large, max-video-preview:-1\" \/>\n<meta property=\"og:locale\" content=\"fr_FR\" \/>\n<meta property=\"og:type\" content=\"article\" \/>\n<meta property=\"og:title\" content=\"nos lieux culturels - Les Saisons Culturelles de Chaumont\" \/>\n<meta property=\"og:description\" content=\"Chapelledes J\u00e9suites voir les \u00e9v\u00e9nements galerie d&rsquo;art contemporain rue victoire de la marne52000\u00a0chaumont03 25 30 44 91 horaires ouvert tous les jours de 14h \u00e0 18h30\u00a0et \u00e9galement de\u00a010h \u00e0 12h30\u00a0le [&hellip;]\" \/>\n<meta property=\"og:url\" content=\"https:\/\/saisonsculturelleschaumont.fr\/mdxpuixt\/nos-lieux-culturels\/\" \/>\n<meta property=\"og:site_name\" content=\"Les Saisons Culturelles de Chaumont\" \/>\n<meta property=\"article:publisher\" content=\"https:\/\/www.facebook.com\/saisonsculturelleschaumont\/\" \/>\n<meta property=\"article:modified_time\" content=\"2023-12-04T08:03:13+00:00\" \/>\n<meta property=\"og:image\" content=\"https:\/\/saisonsculturelleschaumont.fr\/mdxpuixt\/wp-content\/uploads\/2023\/08\/etablissements_logos_site-05.png\" \/>\n<meta name=\"twitter:card\" content=\"summary_large_image\" \/>\n<meta name=\"twitter:label1\" content=\"Dur\u00e9e de lecture estim\u00e9e\" \/>\n\t<meta name=\"twitter:data1\" content=\"19 minutes\" \/>\n<script type=\"application\/ld+json\" class=\"yoast-schema-graph\">{\"@context\":\"https:\/\/schema.org\",\"@graph\":[{\"@type\":\"WebPage\",\"@id\":\"https:\/\/saisonsculturelleschaumont.fr\/mdxpuixt\/nos-lieux-culturels\/\",\"url\":\"https:\/\/saisonsculturelleschaumont.fr\/mdxpuixt\/nos-lieux-culturels\/\",\"name\":\"nos lieux culturels - Les Saisons Culturelles de Chaumont\",\"isPartOf\":{\"@id\":\"https:\/\/saisonsculturelleschaumont.fr\/mdxpuixt\/#website\"},\"datePublished\":\"2019-12-18T19:08:04+00:00\",\"dateModified\":\"2023-12-04T08:03:13+00:00\",\"breadcrumb\":{\"@id\":\"https:\/\/saisonsculturelleschaumont.fr\/mdxpuixt\/nos-lieux-culturels\/#breadcrumb\"},\"inLanguage\":\"fr-FR\",\"potentialAction\":[{\"@type\":\"ReadAction\",\"target\":[\"https:\/\/saisonsculturelleschaumont.fr\/mdxpuixt\/nos-lieux-culturels\/\"]}]},{\"@type\":\"BreadcrumbList\",\"@id\":\"https:\/\/saisonsculturelleschaumont.fr\/mdxpuixt\/nos-lieux-culturels\/#breadcrumb\",\"itemListElement\":[{\"@type\":\"ListItem\",\"position\":1,\"name\":\"Accueil\",\"item\":\"https:\/\/saisonsculturelleschaumont.fr\/mdxpuixt\/\"},{\"@type\":\"ListItem\",\"position\":2,\"name\":\"nos lieux culturels\"}]},{\"@type\":\"WebSite\",\"@id\":\"https:\/\/saisonsculturelleschaumont.fr\/mdxpuixt\/#website\",\"url\":\"https:\/\/saisonsculturelleschaumont.fr\/mdxpuixt\/\",\"name\":\"Les Saisons Culturelles de Chaumont\",\"description\":\"\",\"potentialAction\":[{\"@type\":\"SearchAction\",\"target\":{\"@type\":\"EntryPoint\",\"urlTemplate\":\"https:\/\/saisonsculturelleschaumont.fr\/mdxpuixt\/?s={search_term_string}\"},\"query-input\":\"required name=search_term_string\"}],\"inLanguage\":\"fr-FR\"}]}<\/script>\n<!-- \/ Yoast SEO plugin. -->","yoast_head_json":{"title":"nos lieux culturels - Les Saisons Culturelles de Chaumont","robots":{"index":"noindex","follow":"follow","max-snippet":"max-snippet:-1","max-image-preview":"max-image-preview:large","max-video-preview":"max-video-preview:-1"},"og_locale":"fr_FR","og_type":"article","og_title":"nos lieux culturels - Les Saisons Culturelles de Chaumont","og_description":"Chapelledes J\u00e9suites voir les \u00e9v\u00e9nements galerie d&rsquo;art contemporain rue victoire de la marne52000\u00a0chaumont03 25 30 44 91 horaires ouvert tous les jours de 14h \u00e0 18h30\u00a0et \u00e9galement de\u00a010h \u00e0 12h30\u00a0le [&hellip;]","og_url":"https:\/\/saisonsculturelleschaumont.fr\/mdxpuixt\/nos-lieux-culturels\/","og_site_name":"Les Saisons Culturelles de Chaumont","article_publisher":"https:\/\/www.facebook.com\/saisonsculturelleschaumont\/","article_modified_time":"2023-12-04T08:03:13+00:00","og_image":[{"url":"https:\/\/saisonsculturelleschaumont.fr\/mdxpuixt\/wp-content\/uploads\/2023\/08\/etablissements_logos_site-05.png"}],"twitter_card":"summary_large_image","twitter_misc":{"Dur\u00e9e de lecture estim\u00e9e":"19 minutes"},"schema":{"@context":"https:\/\/schema.org","@graph":[{"@type":"WebPage","@id":"https:\/\/saisonsculturelleschaumont.fr\/mdxpuixt\/nos-lieux-culturels\/","url":"https:\/\/saisonsculturelleschaumont.fr\/mdxpuixt\/nos-lieux-culturels\/","name":"nos lieux culturels - Les Saisons Culturelles de Chaumont","isPartOf":{"@id":"https:\/\/saisonsculturelleschaumont.fr\/mdxpuixt\/#website"},"datePublished":"2019-12-18T19:08:04+00:00","dateModified":"2023-12-04T08:03:13+00:00","breadcrumb":{"@id":"https:\/\/saisonsculturelleschaumont.fr\/mdxpuixt\/nos-lieux-culturels\/#breadcrumb"},"inLanguage":"fr-FR","potentialAction":[{"@type":"ReadAction","target":["https:\/\/saisonsculturelleschaumont.fr\/mdxpuixt\/nos-lieux-culturels\/"]}]},{"@type":"BreadcrumbList","@id":"https:\/\/saisonsculturelleschaumont.fr\/mdxpuixt\/nos-lieux-culturels\/#breadcrumb","itemListElement":[{"@type":"ListItem","position":1,"name":"Accueil","item":"https:\/\/saisonsculturelleschaumont.fr\/mdxpuixt\/"},{"@type":"ListItem","position":2,"name":"nos lieux culturels"}]},{"@type":"WebSite","@id":"https:\/\/saisonsculturelleschaumont.fr\/mdxpuixt\/#website","url":"https:\/\/saisonsculturelleschaumont.fr\/mdxpuixt\/","name":"Les Saisons Culturelles de Chaumont","description":"","potentialAction":[{"@type":"SearchAction","target":{"@type":"EntryPoint","urlTemplate":"https:\/\/saisonsculturelleschaumont.fr\/mdxpuixt\/?s={search_term_string}"},"query-input":"required name=search_term_string"}],"inLanguage":"fr-FR"}]}},"uagb_featured_image_src":{"full":false,"thumbnail":false,"medium":false,"medium_large":false,"large":false,"1536x1536":false,"2048x2048":false,"widget":false,"square":false,"featured":false,"featured_large":false,"extra_large":false,"portfolio":false,"portfolio_small":false,"gallery":false,"magazine":false,"masonry":false,"entry_with_sidebar":false,"entry_without_sidebar":false},"uagb_author_info":{"display_name":"danielkolski","author_link":"https:\/\/saisonsculturelleschaumont.fr\/mdxpuixt\/author\/danielkolski\/"},"uagb_comment_info":0,"uagb_excerpt":"Chapelledes J\u00e9suites voir les \u00e9v\u00e9nements galerie d&rsquo;art contemporain rue victoire de la marne52000\u00a0chaumont03 25 30 44 91 horaires ouvert tous les jours de 14h \u00e0 18h30\u00a0et \u00e9galement de\u00a010h \u00e0 12h30\u00a0le [&hellip;]","_links":{"self":[{"href":"https:\/\/saisonsculturelleschaumont.fr\/mdxpuixt\/wp-json\/wp\/v2\/pages\/4490"}],"collection":[{"href":"https:\/\/saisonsculturelleschaumont.fr\/mdxpuixt\/wp-json\/wp\/v2\/pages"}],"about":[{"href":"https:\/\/saisonsculturelleschaumont.fr\/mdxpuixt\/wp-json\/wp\/v2\/types\/page"}],"author":[{"embeddable":true,"href":"https:\/\/saisonsculturelleschaumont.fr\/mdxpuixt\/wp-json\/wp\/v2\/users\/1"}],"replies":[{"embeddable":true,"href":"https:\/\/saisonsculturelleschaumont.fr\/mdxpuixt\/wp-json\/wp\/v2\/comments?post=4490"}],"version-history":[{"count":0,"href":"https:\/\/saisonsculturelleschaumont.fr\/mdxpuixt\/wp-json\/wp\/v2\/pages\/4490\/revisions"}],"wp:attachment":[{"href":"https:\/\/saisonsculturelleschaumont.fr\/mdxpuixt\/wp-json\/wp\/v2\/media?parent=4490"}],"curies":[{"name":"wp","href":"https:\/\/api.w.org\/{rel}","templated":true}]}}