{"id":4615,"date":"2020-01-25T23:16:34","date_gmt":"2020-01-25T22:16:34","guid":{"rendered":"https:\/\/staging.saisonsculturelleschaumont.fr\/?page_id=4615"},"modified":"2022-01-05T11:05:31","modified_gmt":"2022-01-05T10:05:31","slug":"saison-01","status":"publish","type":"page","link":"https:\/\/saisonsculturelleschaumont.fr\/mdxpuixt\/autres-saisons\/saison-01\/","title":{"rendered":"Saison 01"},"content":{"rendered":"\t\t<div data-elementor-type=\"wp-post\" data-elementor-id=\"4615\" class=\"elementor elementor-4615\">\n\t\t\t\t\t\t<div class=\"elementor-inner\">\n\t\t\t\t<div class=\"elementor-section-wrap\">\n\t\t\t\t\t\t\t\t\t<section class=\"elementor-section elementor-top-section elementor-element elementor-element-209c46a5 elementor-section-content-top elementor-section-boxed elementor-section-height-default elementor-section-height-default\" data-id=\"209c46a5\" data-element_type=\"section\">\n\t\t\t\t\t\t<div class=\"elementor-container elementor-column-gap-default\">\n\t\t\t\t\t\t\t<div class=\"elementor-row\">\n\t\t\t\t\t<div class=\"elementor-column elementor-col-50 elementor-top-column elementor-element elementor-element-293fd7ff\" data-id=\"293fd7ff\" data-element_type=\"column\">\n\t\t\t<div class=\"elementor-column-wrap elementor-element-populated\">\n\t\t\t\t\t\t\t<div class=\"elementor-widget-wrap\">\n\t\t\t\t\t\t<div class=\"elementor-element elementor-element-d4cb84d elementor-widget elementor-widget-image\" data-id=\"d4cb84d\" data-element_type=\"widget\" data-widget_type=\"image.default\">\n\t\t\t\t<div class=\"elementor-widget-container\">\n\t\t\t\t\t\t\t\t<div class=\"elementor-image\">\n\t\t\t\t\t\t\t\t\t\t\t\t<img decoding=\"async\" loading=\"lazy\" width=\"842\" height=\"1191\" src=\"https:\/\/saisonsculturelleschaumont.fr\/mdxpuixt\/wp-content\/uploads\/2019\/08\/Affiche-Saison-01-A3.jpg\" class=\"attachment-full size-full wp-image-3469\" alt=\"\" srcset=\"https:\/\/saisonsculturelleschaumont.fr\/mdxpuixt\/wp-content\/uploads\/2019\/08\/Affiche-Saison-01-A3.jpg 842w, https:\/\/saisonsculturelleschaumont.fr\/mdxpuixt\/wp-content\/uploads\/2019\/08\/Affiche-Saison-01-A3-498x705.jpg 498w, https:\/\/saisonsculturelleschaumont.fr\/mdxpuixt\/wp-content\/uploads\/2019\/08\/Affiche-Saison-01-A3-450x637.jpg 450w\" sizes=\"(max-width: 842px) 100vw, 842px\" \/>\t\t\t\t\t\t\t\t\t\t\t\t\t\t<\/div>\n\t\t\t\t\t\t<\/div>\n\t\t\t\t<\/div>\n\t\t\t\t\t\t<\/div>\n\t\t\t\t\t<\/div>\n\t\t<\/div>\n\t\t\t\t<div class=\"elementor-column elementor-col-50 elementor-top-column elementor-element elementor-element-7c58acce\" data-id=\"7c58acce\" data-element_type=\"column\">\n\t\t\t<div class=\"elementor-column-wrap elementor-element-populated\">\n\t\t\t\t\t\t\t<div class=\"elementor-widget-wrap\">\n\t\t\t\t\t\t<div class=\"elementor-element elementor-element-6a31efd6 elementor-widget elementor-widget-heading\" data-id=\"6a31efd6\" data-element_type=\"widget\" data-widget_type=\"heading.default\">\n\t\t\t\t<div class=\"elementor-widget-container\">\n\t\t\t<h2 class=\"elementor-heading-title elementor-size-xl\">saison 01\n<\/h2>\t\t<\/div>\n\t\t\t\t<\/div>\n\t\t\t\t<div class=\"elementor-element elementor-element-6cea6bfe elementor-widget elementor-widget-heading\" data-id=\"6cea6bfe\" data-element_type=\"widget\" data-widget_type=\"heading.default\">\n\t\t\t\t<div class=\"elementor-widget-container\">\n\t\t\t<h2 class=\"elementor-heading-title elementor-size-default\"><span class=\"elementor-heading-title elementor-size-default elementor-inline-editing pen\" data-elementor-setting-key=\"title\" data-pen-placeholder=\"\u00c9crivez ici...\" style=\"font-family: &quot;open sans&quot;, HelveticaNeue, &quot;Helvetica Neue&quot;, Helvetica-Neue, Helvetica, Arial, sans-serif; font-size: 18px; font-style: normal; font-variant-caps: normal; font-weight: 600; letter-spacing: normal; text-transform: none;\">LA NATURE<\/span><\/h2>\t\t<\/div>\n\t\t\t\t<\/div>\n\t\t\t\t<div class=\"elementor-element elementor-element-4e43bab4 elementor-widget elementor-widget-text-editor\" data-id=\"4e43bab4\" data-element_type=\"widget\" data-widget_type=\"text-editor.default\">\n\t\t\t\t<div class=\"elementor-widget-container\">\n\t\t\t\t\t\t\t\t<div class=\"elementor-text-editor elementor-clearfix\">\n\t\t\t\t<p>Penser la Nature comme une n\u00e9cessit\u00e9, un besoin, un plaisir \u00e9videmment, mais avant tout un droit pour les nouvelles g\u00e9n\u00e9rations, c\u2019est se rendre responsable de ce que nous avons d\u00e9cid\u00e9 d\u2019en faire.<\/p>\n<p><!-- \/wp:paragraph --><\/p>\n<p><!-- wp:paragraph --><\/p>\n<p>La responsabilit\u00e9 environnementale est un \u00e9tat de conscience r\u00e9elle, des cons\u00e9quences de nos habitudes individuelles et collectives.<\/p>\n<p><!-- \/wp:paragraph --><\/p>\n<p><!-- wp:paragraph --><\/p>\n<p>Dans la vie culturelle, c\u2019est l\u2019apparition de nouveaux collectifs d\u2019\u00e9co-artistes, d\u2019un art vert, celui qui s\u2019int\u00e9resse \u00e0 la Nature, qui la respecte, la prot\u00e8ge, en parle, s\u2019en inqui\u00e8te. C\u2019est l\u2019\u00e9chec des politiques internationales, le triomphe du langage artistique.<\/p>\n<p><!-- \/wp:paragraph --><\/p>\n<p><!-- wp:paragraph --><\/p>\n<p>De septembre \u00e0 d\u00e9cembre 2019, la programmation culturelle donnera la parole \u00e0 des artistes venus de divers horizons. Ils d\u00e9livreront leurs messages \u00e0 travers des expositions, des installations, des concerts, des lectures ou encore des d\u00e9bats afin de cr\u00e9er un dialogue et faire na\u00eetre de nouvelles consciences \u00e9cologiques.<\/p>\n<p><a href=\"https:\/\/saisonsculturelleschaumont.fr\/mdxpuixt\/wp-content\/uploads\/2019\/09\/Journal-Septembre-2019-Haute-Def.pdf\">journal \u00e0 t\u00e9l\u00e9charger au fil des saisons #1<\/a><\/p>\t\t\t\t\t<\/div>\n\t\t\t\t\t\t<\/div>\n\t\t\t\t<\/div>\n\t\t\t\t<div class=\"elementor-element elementor-element-3ebdaab elementor-widget elementor-widget-premium-addon-button\" data-id=\"3ebdaab\" data-element_type=\"widget\" data-widget_type=\"premium-addon-button.default\">\n\t\t\t\t<div class=\"elementor-widget-container\">\n\t\t\t\r\n\r\n\t\t<a class=\"premium-button premium-button-none premium-btn-lg premium-button-none\" href=\"https:\/\/saisonsculturelleschaumont.fr\/mdxpuixt\/autres-saisons\/\">\r\n\t\t\t<div class=\"premium-button-text-icon-wrapper\">\r\n\t\t\t\t\t\t\t\t<span >\r\n\t\t\t\t\tautres saisons\t\t\t\t<\/span>\r\n\t\t\t\t\t\t\t<\/div>\r\n\t\t\t\t\t\t\t\t<\/a>\r\n\r\n\r\n\t\t\t\t<\/div>\n\t\t\t\t<\/div>\n\t\t\t\t\t\t<\/div>\n\t\t\t\t\t<\/div>\n\t\t<\/div>\n\t\t\t\t\t\t\t\t<\/div>\n\t\t\t\t\t<\/div>\n\t\t<\/section>\n\t\t\t\t<section class=\"elementor-section elementor-top-section elementor-element elementor-element-4e17ff0 elementor-section-boxed elementor-section-height-default elementor-section-height-default\" data-id=\"4e17ff0\" data-element_type=\"section\">\n\t\t\t\t\t\t<div class=\"elementor-container elementor-column-gap-default\">\n\t\t\t\t\t\t\t<div class=\"elementor-row\">\n\t\t\t\t\t<div class=\"elementor-column elementor-col-100 elementor-top-column elementor-element elementor-element-027f6a7\" data-id=\"027f6a7\" data-element_type=\"column\">\n\t\t\t<div class=\"elementor-column-wrap elementor-element-populated\">\n\t\t\t\t\t\t\t<div class=\"elementor-widget-wrap\">\n\t\t\t\t\t\t<div class=\"elementor-element elementor-element-313bc2d elementor-widget elementor-widget-wp-widget-ipw\" data-id=\"313bc2d\" data-element_type=\"widget\" data-widget_type=\"wp-widget-ipw.default\">\n\t\t\t\t<div class=\"elementor-widget-container\">\n\t\t\t<div data-post-id=\"4602\" class=\"insert-page insert-page-4602 \">\n<style type=\"text\/css\" data-created_by=\"avia_inline_auto\" id=\"style-css-av-jyhtyvi9-c472173ad61115fa27e237f275a93df0\">\n#top .av_textblock_section.av-jyhtyvi9-c472173ad61115fa27e237f275a93df0 .avia_textblock{\nfont-size:24px;\n}\n<\/style>\n<section  class='av_textblock_section av-jyhtyvi9-c472173ad61115fa27e237f275a93df0 '   itemscope=\"itemscope\" itemtype=\"https:\/\/schema.org\/CreativeWork\" ><div class='avia_textblock'  itemprop=\"text\" ><p>\u2022 arts visuels<\/p>\n<\/div><\/section>\n\n<style type=\"text\/css\" data-created_by=\"avia_inline_auto\" id=\"style-css-av-r7jg-a2a37e95637f5b1b440c8c6c21e046e8\">\n#top .flex_column.av-r7jg-a2a37e95637f5b1b440c8c6c21e046e8{\nmargin-top:0px;\nmargin-bottom:20px;\n}\n.flex_column.av-r7jg-a2a37e95637f5b1b440c8c6c21e046e8{\nborder-radius:0px 0px 0px 0px;\npadding:0px 0px 0px 0px;\n}\n.responsive #top #wrap_all .flex_column.av-r7jg-a2a37e95637f5b1b440c8c6c21e046e8{\nmargin-top:0px;\nmargin-bottom:20px;\n}\n<\/style>\n<div  class='flex_column av-r7jg-a2a37e95637f5b1b440c8c6c21e046e8 av_one_full  avia-builder-el-1  el_after_av_textblock  el_before_av_textblock  first flex_column_div av-zero-column-padding  column-top-margin'     ><div id='grille-ala-une' class='av-masonry av-jxpefprf-05629b1ee92b48b0b7384d0f758d1dfc noHover av-fixed-size av-1px-gap av-hover-overlay- av-masonry-animation- av-masonry-col-3 av-caption-on-hover av-caption-style-overlay av-masonry-entries av-medium-columns-overwrite av-medium-columns-2 av-small-columns-overwrite av-small-columns-2 av-mini-columns-overwrite av-mini-columns-1 ' data-post_id=\"4602\"><div class=\"av-masonry-container isotope av-js-disabled\"><div class='av-masonry-entry isotope-item av-masonry-item-no-image '><\/div><a href=\"https:\/\/saisonsculturelleschaumont.fr\/mdxpuixt\/evenement\/textile\/\"  id='av-masonry-1-item-3515' data-av-masonry-item='3515' class='av-masonry-entry isotope-item post-3515 tribe_events type-tribe_events status-publish has-post-thumbnail hentry tag-exposition tag-signe tribe_events_cat-arts-visuels  av-masonry-item-with-image' title=\"0001 copie\"   itemscope=\"itemscope\" itemtype=\"https:\/\/schema.org\/CreativeWork\" ><div class='av-inner-masonry-sizer'><\/div><figure class='av-inner-masonry main_color'><div class=\"av-masonry-outerimage-container\"><div class='av-masonry-image-container' style=\"background-image: url(https:\/\/saisonsculturelleschaumont.fr\/mdxpuixt\/wp-content\/uploads\/2019\/08\/0001-copie-705x643.jpg);\"  title=\"0001 copie\"  ><\/div><\/div><figcaption class='av-inner-masonry-content site-background'><div class='av-inner-masonry-content-pos'><div class='av-inner-masonry-content-pos-content'><div class='avia-arrow'><\/div><span class=\"tribe-event-date-start\">17 Oct 2019<\/span> - <span class=\"tribe-event-date-end\">31 D\u00e9c 2019<\/span><br><span class=\"tribe-event-categories\">arts visuels<\/span><h3 class='av-masonry-entry-title entry-title '  itemprop=\"headline\" >De toutes fa\u00e7ons &#8230; Design graphique et textile<\/h3><\/div><\/div><\/figcaption><\/figure><\/a><!--end av-masonry entry--><a href=\"https:\/\/saisonsculturelleschaumont.fr\/mdxpuixt\/evenement\/visite-guidee-le-tour-de-loeuvre\/\"  id='av-masonry-1-item-4726' data-av-masonry-item='4726' class='av-masonry-entry isotope-item post-4726 tribe_events type-tribe_events status-publish has-post-thumbnail hentry tag-atelier tag-musee tag-visite tag-visite-guidee tribe_events_cat-arts-visuels  av-masonry-item-with-image' title=\"Mus\u00e9es\"   itemscope=\"itemscope\" itemtype=\"https:\/\/schema.org\/CreativeWork\" ><div class='av-inner-masonry-sizer'><\/div><figure class='av-inner-masonry main_color'><div class=\"av-masonry-outerimage-container\"><div class='av-masonry-image-container' style=\"background-image: url(https:\/\/saisonsculturelleschaumont.fr\/mdxpuixt\/wp-content\/uploads\/2019\/08\/fond-mus\u00e9e.jpg);\"  title=\"Mus\u00e9es\"   alt=\"mus\u00e9es\" ><\/div><\/div><figcaption class='av-inner-masonry-content site-background'><div class='av-inner-masonry-content-pos'><div class='av-inner-masonry-content-pos-content'><div class='avia-arrow'><\/div><span class=\"tribe-event-date-start\">27 Nov 2019  17:00<\/span> - <span class=\"tribe-event-time\">17:45<\/span><br><span class=\"tribe-event-categories\">arts visuels<\/span><h3 class='av-masonry-entry-title entry-title '  itemprop=\"headline\" >Visite guid\u00e9e \u2013 Le Tour de l\u2019oeuvre<\/h3><\/div><\/div><\/figcaption><\/figure><\/a><!--end av-masonry entry--><a href=\"https:\/\/saisonsculturelleschaumont.fr\/mdxpuixt\/evenement\/atelier-pour-adulte-couronne-de-saison\/\"  id='av-masonry-1-item-4077' data-av-masonry-item='4077' class='av-masonry-entry isotope-item post-4077 tribe_events type-tribe_events status-publish has-post-thumbnail hentry tag-atelier tag-musee tribe_events_cat-arts-visuels  av-masonry-item-with-image' title=\"Couronne de saison atelier adultes\"   itemscope=\"itemscope\" itemtype=\"https:\/\/schema.org\/CreativeWork\" ><div class='av-inner-masonry-sizer'><\/div><figure class='av-inner-masonry main_color'><div class=\"av-masonry-outerimage-container\"><div class='av-masonry-image-container' style=\"background-image: url(https:\/\/saisonsculturelleschaumont.fr\/mdxpuixt\/wp-content\/uploads\/2019\/09\/Couronne-de-saison-atelier-adultes-624x705.jpg);\"  title=\"Couronne de saison atelier adultes\"  ><\/div><\/div><figcaption class='av-inner-masonry-content site-background'><div class='av-inner-masonry-content-pos'><div class='av-inner-masonry-content-pos-content'><div class='avia-arrow'><\/div><span class=\"tribe-event-date-start\">23 Nov 2019  15:00<\/span> - <span class=\"tribe-event-time\">17:00<\/span><br><span class=\"tribe-event-categories\">arts visuels<\/span><h3 class='av-masonry-entry-title entry-title '  itemprop=\"headline\" >Atelier pour adulte &#8211; Couronne de saison<\/h3><\/div><\/div><\/figcaption><\/figure><\/a><!--end av-masonry entry--><a href=\"https:\/\/saisonsculturelleschaumont.fr\/mdxpuixt\/evenement\/a-laffut-cafe-photo\/\"  id='av-masonry-1-item-4472' data-av-masonry-item='4472' class='av-masonry-entry isotope-item post-4472 tribe_events type-tribe_events status-publish has-post-thumbnail hentry tag-cafe tag-decouverte tag-photo tag-rencontre tribe_events_cat-arts-visuels  av-masonry-item-with-image' title=\"\u00e0 l&rsquo;aff\u00fbt\"   itemscope=\"itemscope\" itemtype=\"https:\/\/schema.org\/CreativeWork\" ><div class='av-inner-masonry-sizer'><\/div><figure class='av-inner-masonry main_color'><div class=\"av-masonry-outerimage-container\"><div class='av-masonry-image-container' style=\"background-image: url(https:\/\/saisonsculturelleschaumont.fr\/mdxpuixt\/wp-content\/uploads\/2019\/12\/caf\u00c7-photo-\u00d6-laff\u00f1t-4tier-copie-705x529.jpg);\"  title=\"\u00e0 l&rsquo;aff\u00fbt\"  ><\/div><\/div><figcaption class='av-inner-masonry-content site-background'><div class='av-inner-masonry-content-pos'><div class='av-inner-masonry-content-pos-content'><div class='avia-arrow'><\/div><span class=\"tribe-event-date-start\">19 D\u00e9c 2019  18:30<\/span> - <span class=\"tribe-event-time\">20:30<\/span><br><span class=\"tribe-event-categories\">arts visuels<\/span><h3 class='av-masonry-entry-title entry-title '  itemprop=\"headline\" >\u00c0 l&rsquo;aff\u00fbt !  Caf\u00e9 Photo<\/h3><\/div><\/div><\/figcaption><\/figure><\/a><!--end av-masonry entry--><a href=\"https:\/\/saisonsculturelleschaumont.fr\/mdxpuixt\/evenement\/exposition-aqua\/\"  id='av-masonry-1-item-4357' data-av-masonry-item='4357' class='av-masonry-entry isotope-item post-4357 tribe_events type-tribe_events status-publish has-post-thumbnail hentry tag-creation tag-exposition tag-nature tribe_events_cat-arts-visuels  av-masonry-item-with-image' title=\"exposition aqua\"   itemscope=\"itemscope\" itemtype=\"https:\/\/schema.org\/CreativeWork\" ><div class='av-inner-masonry-sizer'><\/div><figure class='av-inner-masonry main_color'><div class=\"av-masonry-outerimage-container\"><div class='av-masonry-image-container' style=\"background-image: url(https:\/\/saisonsculturelleschaumont.fr\/mdxpuixt\/wp-content\/uploads\/2019\/10\/72526112_573237093415896_3669805535865077760_n-705x705.jpg);\"  title=\"exposition aqua\"  ><\/div><\/div><figcaption class='av-inner-masonry-content site-background'><div class='av-inner-masonry-content-pos'><div class='av-inner-masonry-content-pos-content'><div class='avia-arrow'><\/div><span class=\"tribe-event-date-start\">6 Nov 2019<\/span> - <span class=\"tribe-event-date-end\">17 Nov 2019<\/span><br><span class=\"tribe-event-categories\">arts visuels<\/span><h3 class='av-masonry-entry-title entry-title '  itemprop=\"headline\" >Exposition \u00ab\u00a0Aqua\u00a0\u00bb<\/h3><\/div><\/div><\/figcaption><\/figure><\/a><!--end av-masonry entry--><a href=\"https:\/\/saisonsculturelleschaumont.fr\/mdxpuixt\/evenement\/atelier-les-signaux-le-signe\/\"  id='av-masonry-1-item-4252' data-av-masonry-item='4252' class='av-masonry-entry isotope-item post-4252 tribe_events type-tribe_events status-publish has-post-thumbnail hentry tag-atelier tag-creation tag-enfant tribe_events_cat-arts-visuels  av-masonry-item-with-image' title=\"Les Signaux\"   itemscope=\"itemscope\" itemtype=\"https:\/\/schema.org\/CreativeWork\" ><div class='av-inner-masonry-sizer'><\/div><figure class='av-inner-masonry main_color'><div class=\"av-masonry-outerimage-container\"><div class='av-masonry-image-container' style=\"background-image: url(https:\/\/saisonsculturelleschaumont.fr\/mdxpuixt\/wp-content\/uploads\/2019\/09\/img_ateliers_4.jpg);\"  title=\"Les Signaux\"  ><\/div><\/div><figcaption class='av-inner-masonry-content site-background'><div class='av-inner-masonry-content-pos'><div class='av-inner-masonry-content-pos-content'><div class='avia-arrow'><\/div><span class=\"tribe-event-date-start\">23 Oct 2019<\/span> - <span class=\"tribe-event-date-end\">30 Oct 2019<\/span><br><span class=\"tribe-event-categories\">arts visuels<\/span><h3 class='av-masonry-entry-title entry-title '  itemprop=\"headline\" >Atelier \u00ab\u00a0Signaux\u00a0\u00bb &#8211; Le Signe<\/h3><\/div><\/div><\/figcaption><\/figure><\/a><!--end av-masonry entry--><\/div><a class='av-masonry-pagination av-masonry-load-more' href='#load-more'  data-link='tribe_events_cat, 42'  data-term_rel='IN'  data-wc_prod_visible=''  data-wc_prod_hidden=''  data-wc_prod_featured=''  data-prod_order_by=''  data-prod_order=''  data-date_filter='date_filter'  data-date_filter_start='2019\/01\/01'  data-date_filter_end='2019\/12\/31'  data-date_filter_format='yy\/mm\/dd'  data-period_filter_unit_1=''  data-period_filter_unit_2=''  data-page_element_filter=''  data-sort='no'  data-query_orderby='date'  data-query_order='ASC'  data-caption_elements='title'  data-caption_styling='overlay'  data-caption_display='on-hover'  data-img_copyright=''  data-size='fixed'  data-orientation=''  data-image_size='masonry'  data-gap='1px'  data-columns='3'  data-av-desktop-columns=''  data-av-medium-columns='2'  data-av-small-columns='2'  data-av-mini-columns='1'  data-items='6'  data-paginate='load_more'  data-color='custom'  data-custom_bg=''  data-img_copyright_font=''  data-av-desktop-font-img_copyright_font=''  data-av-medium-font-img_copyright_font=''  data-av-small-font-img_copyright_font=''  data-av-mini-font-img_copyright_font=''  data-img_copyright_color=''  data-img_copyright_bg=''  data-animation=''  data-animation_duration=''  data-animation_custom_bg_color=''  data-animation_custom_bg_color_multi_list=''  data-animation_z_index_curtain='100'  data-overlay_fx=''  data-img_scrset=''  data-lazy_loading='disabled'  data-av-desktop-hide=''  data-av-medium-hide=''  data-av-small-hide=''  data-av-mini-hide=''  data-alb_description=''  data-id='grille-ala-une'  data-custom_class=''  data-template_class=''  data-av_uid='av-jxpefprf'  data-sc_version='1.0'  data-ids=''  data-action=''  data-post_type='post, page, attachment, revision, nav_menu_item, custom_css, customize_changeset, oembed_cache, user_request, wp_block, wp_template, wp_template_part, wp_global_styles, wp_navigation, e-landing-page, elementor_library, tribe_event_series, wpcf7_contact_form, tribe_venue, tribe_organizer, tribe_events, tribe-ea-record, deleted_event, spectra-popup, portfolio, avia_framework_post, popupbuilder'  data-offset='0'  data-container_links='active'  data-link_dest=''  data-lightbox_text=''  data-container_class='av-masonry-entries'  data-auto_ratio='1.7'  data-set_breadcrumb='1'  data-custom_markup=''  data-taxonomy='tribe_events_cat'  data-categories='42'  data-avno='d7051b306b'>Charger plus<\/a><\/div><\/div>\n\n<style type=\"text\/css\" data-created_by=\"avia_inline_auto\" id=\"style-css-av-jyhtyvi9-15-84f98217221f9b65858bfc93ea3a34dc\">\n#top .av_textblock_section.av-jyhtyvi9-15-84f98217221f9b65858bfc93ea3a34dc .avia_textblock{\nfont-size:24px;\n}\n<\/style>\n<section  class='av_textblock_section av-jyhtyvi9-15-84f98217221f9b65858bfc93ea3a34dc '   itemscope=\"itemscope\" itemtype=\"https:\/\/schema.org\/CreativeWork\" ><div class='avia_textblock'  itemprop=\"text\" ><p>\u2022 graphisme dans la ville<\/p>\n<\/div><\/section>\n\n<style type=\"text\/css\" data-created_by=\"avia_inline_auto\" id=\"style-css-av-r7jg-14-3393e343b22b816fae27aef8c26ece93\">\n#top .flex_column.av-r7jg-14-3393e343b22b816fae27aef8c26ece93{\nmargin-top:0px;\nmargin-bottom:20px;\n}\n.flex_column.av-r7jg-14-3393e343b22b816fae27aef8c26ece93{\nborder-radius:0px 0px 0px 0px;\npadding:0px 0px 0px 0px;\n}\n.responsive #top #wrap_all .flex_column.av-r7jg-14-3393e343b22b816fae27aef8c26ece93{\nmargin-top:0px;\nmargin-bottom:20px;\n}\n<\/style>\n<div  class='flex_column av-r7jg-14-3393e343b22b816fae27aef8c26ece93 av_one_full  avia-builder-el-4  el_after_av_textblock  el_before_av_textblock  first flex_column_div av-zero-column-padding  column-top-margin'     ><div id='grille-ala-une' class='av-masonry av-jxpefprf-13-28e08a0b9bb50cd08ca8f22b71cea77b noHover av-fixed-size av-1px-gap av-hover-overlay- av-masonry-animation- av-masonry-col-3 av-caption-on-hover av-caption-style-overlay av-masonry-entries av-medium-columns-overwrite av-medium-columns-2 av-small-columns-overwrite av-small-columns-2 av-mini-columns-overwrite av-mini-columns-1 ' data-post_id=\"4602\"><div class=\"av-masonry-container isotope av-js-disabled\"><div class='av-masonry-entry isotope-item av-masonry-item-no-image '><\/div><a href=\"https:\/\/saisonsculturelleschaumont.fr\/mdxpuixt\/evenement\/vanessa-vannier\/\"  id='av-masonry-2-item-1269' data-av-masonry-item='1269' class='av-masonry-entry isotope-item post-1269 tribe_events type-tribe_events status-publish has-post-thumbnail hentry tag-commerce tag-decor tag-fleur tag-parcours tag-vegetal tag-vitrine tag-vitrophanie tribe_events_cat-graphisme-dans-la-ville  av-masonry-item-with-image' title=\"IMG_E5241\"   itemscope=\"itemscope\" itemtype=\"https:\/\/schema.org\/CreativeWork\" ><div class='av-inner-masonry-sizer'><\/div><figure class='av-inner-masonry main_color'><div class=\"av-masonry-outerimage-container\"><div class='av-masonry-image-container' style=\"background-image: url(https:\/\/saisonsculturelleschaumont.fr\/mdxpuixt\/wp-content\/uploads\/2019\/07\/IMG_E5241.jpeg);\"  title=\"IMG_E5241\"  ><\/div><\/div><figcaption class='av-inner-masonry-content site-background'><div class='av-inner-masonry-content-pos'><div class='av-inner-masonry-content-pos-content'><div class='avia-arrow'><\/div><span class=\"tribe-event-date-start\">7 Sep 2019<\/span> - <span class=\"tribe-event-date-end\">31 D\u00e9c 2019<\/span><br><span class=\"tribe-event-categories\">graphisme dans la ville<\/span><h3 class='av-masonry-entry-title entry-title '  itemprop=\"headline\" >Vanessa Vannier<\/h3><\/div><\/div><\/figcaption><\/figure><\/a><!--end av-masonry entry--><a href=\"https:\/\/saisonsculturelleschaumont.fr\/mdxpuixt\/evenement\/mr-plant\/\"  id='av-masonry-2-item-1270' data-av-masonry-item='1270' class='av-masonry-entry isotope-item post-1270 tribe_events type-tribe_events status-publish has-post-thumbnail hentry tag-intervention-murale tribe_events_cat-graphisme-dans-la-ville  av-masonry-item-with-image' title=\"Mr plant\"   itemscope=\"itemscope\" itemtype=\"https:\/\/schema.org\/CreativeWork\" ><div class='av-inner-masonry-sizer'><\/div><figure class='av-inner-masonry main_color'><div class=\"av-masonry-outerimage-container\"><div class='av-masonry-image-container' style=\"background-image: url(https:\/\/saisonsculturelleschaumont.fr\/mdxpuixt\/wp-content\/uploads\/2019\/07\/Mr-plant-705x470.jpg);\"  title=\"Mr plant\"  ><\/div><\/div><figcaption class='av-inner-masonry-content site-background'><div class='av-inner-masonry-content-pos'><div class='av-inner-masonry-content-pos-content'><div class='avia-arrow'><\/div><span class=\"tribe-event-date-start\">7 Sep 2019<\/span> - <span class=\"tribe-event-date-end\">31 D\u00e9c 2019<\/span><br><span class=\"tribe-event-categories\">graphisme dans la ville<\/span><h3 class='av-masonry-entry-title entry-title '  itemprop=\"headline\" >Mr Plant<\/h3><\/div><\/div><\/figcaption><\/figure><\/a><!--end av-masonry entry--><a href=\"https:\/\/saisonsculturelleschaumont.fr\/mdxpuixt\/evenement\/intervention-murale\/\"  id='av-masonry-2-item-1271' data-av-masonry-item='1271' class='av-masonry-entry isotope-item post-1271 tribe_events type-tribe_events status-publish has-post-thumbnail hentry tag-fresque tag-graph tag-intervention-murale tag-paysage tag-peinture tag-street-art tribe_events_cat-graphisme-dans-la-ville  av-masonry-item-with-image' title=\"Victoria Roussel\"   itemscope=\"itemscope\" itemtype=\"https:\/\/schema.org\/CreativeWork\" ><div class='av-inner-masonry-sizer'><\/div><figure class='av-inner-masonry main_color'><div class=\"av-masonry-outerimage-container\"><div class='av-masonry-image-container' style=\"background-image: url(https:\/\/saisonsculturelleschaumont.fr\/mdxpuixt\/wp-content\/uploads\/2019\/07\/photo_Victoria_Roussel_hello-1024x708-705x487.jpg);\"  title=\"Victoria Roussel\"  ><\/div><\/div><figcaption class='av-inner-masonry-content site-background'><div class='av-inner-masonry-content-pos'><div class='av-inner-masonry-content-pos-content'><div class='avia-arrow'><\/div><span class=\"tribe-event-date-start\">7 Sep 2019<\/span> - <span class=\"tribe-event-date-end\">31 D\u00e9c 2019<\/span><br><span class=\"tribe-event-categories\">graphisme dans la ville<\/span><h3 class='av-masonry-entry-title entry-title '  itemprop=\"headline\" >Victoria Roussel<\/h3><\/div><\/div><\/figcaption><\/figure><\/a><!--end av-masonry entry--><a href=\"https:\/\/saisonsculturelleschaumont.fr\/mdxpuixt\/evenement\/son-et-lumiere\/\"  id='av-masonry-2-item-1273' data-av-masonry-item='1273' class='av-masonry-entry isotope-item post-1273 tribe_events type-tribe_events status-publish has-post-thumbnail hentry tag-etudiant tag-mapping tag-son-et-lumiere tag-spectacle tribe_events_cat-graphisme-dans-la-ville  av-masonry-item-with-image' title=\"Mapping\"   itemscope=\"itemscope\" itemtype=\"https:\/\/schema.org\/CreativeWork\" ><div class='av-inner-masonry-sizer'><\/div><figure class='av-inner-masonry main_color'><div class=\"av-masonry-outerimage-container\"><div class='av-masonry-image-container' style=\"background-image: url(https:\/\/saisonsculturelleschaumont.fr\/mdxpuixt\/wp-content\/uploads\/2019\/07\/DSC_8083-1.jpg);\"  title=\"Mapping\"  ><\/div><\/div><figcaption class='av-inner-masonry-content site-background'><div class='av-inner-masonry-content-pos'><div class='av-inner-masonry-content-pos-content'><div class='avia-arrow'><\/div><span class=\"tribe-event-date-start\">8 Nov 2019  18:00<\/span><br><span class=\"tribe-event-categories\">graphisme dans la ville<\/span><h3 class='av-masonry-entry-title entry-title '  itemprop=\"headline\" >Les Nuits Graphiques<\/h3><\/div><\/div><\/figcaption><\/figure><\/a><!--end av-masonry entry--><a href=\"https:\/\/saisonsculturelleschaumont.fr\/mdxpuixt\/evenement\/julien-nonnon-2\/\"  id='av-masonry-2-item-3234' data-av-masonry-item='3234' class='av-masonry-entry isotope-item post-3234 tribe_events type-tribe_events status-publish has-post-thumbnail hentry tag-animal tag-mapping tag-projection tag-son-et-lumiere tag-spectacle tag-video-mapping tribe_events_cat-graphisme-dans-la-ville  av-masonry-item-with-image' title=\"Crying Animals\"   itemscope=\"itemscope\" itemtype=\"https:\/\/schema.org\/CreativeWork\" ><div class='av-inner-masonry-sizer'><\/div><figure class='av-inner-masonry main_color'><div class=\"av-masonry-outerimage-container\"><div class='av-masonry-image-container' style=\"background-image: url(https:\/\/saisonsculturelleschaumont.fr\/mdxpuixt\/wp-content\/uploads\/2019\/08\/Le-Cri-du-Loup-The-Crying-Wolf-1-1.jpg);\"  title=\"Crying Animals\"  ><\/div><\/div><figcaption class='av-inner-masonry-content site-background'><div class='av-inner-masonry-content-pos'><div class='av-inner-masonry-content-pos-content'><div class='avia-arrow'><\/div><span class=\"tribe-event-date-start\">9 Nov 2019<\/span> - <span class=\"tribe-event-date-end\">16 Nov 2019<\/span><br><span class=\"tribe-event-categories\">graphisme dans la ville<\/span><h3 class='av-masonry-entry-title entry-title '  itemprop=\"headline\" >Crying animals<\/h3><\/div><\/div><\/figcaption><\/figure><\/a><!--end av-masonry entry--><\/div><\/div><\/div>\n\n<style type=\"text\/css\" data-created_by=\"avia_inline_auto\" id=\"style-css-av-jyhtyvi9-12-f13ee616ba9fe1abe5e2f09a40122a04\">\n#top .av_textblock_section.av-jyhtyvi9-12-f13ee616ba9fe1abe5e2f09a40122a04 .avia_textblock{\nfont-size:24px;\n}\n<\/style>\n<section  class='av_textblock_section av-jyhtyvi9-12-f13ee616ba9fe1abe5e2f09a40122a04 '   itemscope=\"itemscope\" itemtype=\"https:\/\/schema.org\/CreativeWork\" ><div class='avia_textblock'  itemprop=\"text\" ><p>\u2022 livre et rencontres<\/p>\n<\/div><\/section>\n\n<style type=\"text\/css\" data-created_by=\"avia_inline_auto\" id=\"style-css-av-r7jg-11-3bcb5feaa1ea2fd0f265f6a37c1cf53e\">\n#top .flex_column.av-r7jg-11-3bcb5feaa1ea2fd0f265f6a37c1cf53e{\nmargin-top:0px;\nmargin-bottom:20px;\n}\n.flex_column.av-r7jg-11-3bcb5feaa1ea2fd0f265f6a37c1cf53e{\nborder-radius:0px 0px 0px 0px;\npadding:0px 0px 0px 0px;\n}\n.responsive #top #wrap_all .flex_column.av-r7jg-11-3bcb5feaa1ea2fd0f265f6a37c1cf53e{\nmargin-top:0px;\nmargin-bottom:20px;\n}\n<\/style>\n<div  class='flex_column av-r7jg-11-3bcb5feaa1ea2fd0f265f6a37c1cf53e av_one_full  avia-builder-el-7  el_after_av_textblock  el_before_av_textblock  first flex_column_div av-zero-column-padding  column-top-margin'     ><div id='grille-ala-une' class='av-masonry av-jxpefprf-10-462fd3297505b9cc29206400a1ac07db noHover av-fixed-size av-1px-gap av-hover-overlay- av-masonry-animation- av-masonry-col-3 av-caption-on-hover av-caption-style-overlay av-masonry-entries av-medium-columns-overwrite av-medium-columns-2 av-small-columns-overwrite av-small-columns-2 av-mini-columns-overwrite av-mini-columns-1 ' data-post_id=\"4602\"><div class=\"av-masonry-container isotope av-js-disabled\"><div class='av-masonry-entry isotope-item av-masonry-item-no-image '><\/div><a href=\"https:\/\/saisonsculturelleschaumont.fr\/mdxpuixt\/evenement\/croqualbums-le-doux-parfum-des-fleurs\/\"  id='av-masonry-3-item-3733' data-av-masonry-item='3733' class='av-masonry-entry isotope-item post-3733 tribe_events type-tribe_events status-publish has-post-thumbnail hentry tag-jeunesse tag-lecture tag-livre tag-parfum tribe_events_cat-livre-et-rencontres  av-masonry-item-with-image' title=\"Fragrances\"   itemscope=\"itemscope\" itemtype=\"https:\/\/schema.org\/CreativeWork\" ><div class='av-inner-masonry-sizer'><\/div><figure class='av-inner-masonry main_color'><div class=\"av-masonry-outerimage-container\"><div class='av-masonry-image-container' style=\"background-image: url(https:\/\/saisonsculturelleschaumont.fr\/mdxpuixt\/wp-content\/uploads\/2019\/08\/fond-aff2.jpg);\"  title=\"Fragrances\"  ><\/div><\/div><figcaption class='av-inner-masonry-content site-background'><div class='av-inner-masonry-content-pos'><div class='av-inner-masonry-content-pos-content'><div class='avia-arrow'><\/div><span class=\"tribe-event-date-start\">18 Sep 2019  16:30<\/span><br><span class=\"tribe-event-categories\">livre et rencontres<\/span><h3 class='av-masonry-entry-title entry-title '  itemprop=\"headline\" >Croqu&rsquo;albums &#8211; Le doux parfum des fleurs<\/h3><\/div><\/div><\/figcaption><\/figure><\/a><!--end av-masonry entry--><a href=\"https:\/\/saisonsculturelleschaumont.fr\/mdxpuixt\/evenement\/visite-personnalisee-4\/\"  id='av-masonry-3-item-3769' data-av-masonry-item='3769' class='av-masonry-entry isotope-item post-3769 tribe_events type-tribe_events status-publish has-post-thumbnail hentry tag-visite tribe_events_cat-livre-et-rencontres  av-masonry-item-with-image' title=\"Fragrances\"   itemscope=\"itemscope\" itemtype=\"https:\/\/schema.org\/CreativeWork\" ><div class='av-inner-masonry-sizer'><\/div><figure class='av-inner-masonry main_color'><div class=\"av-masonry-outerimage-container\"><div class='av-masonry-image-container' style=\"background-image: url(https:\/\/saisonsculturelleschaumont.fr\/mdxpuixt\/wp-content\/uploads\/2019\/08\/fond-aff2.jpg);\"  title=\"Fragrances\"  ><\/div><\/div><figcaption class='av-inner-masonry-content site-background'><div class='av-inner-masonry-content-pos'><div class='av-inner-masonry-content-pos-content'><div class='avia-arrow'><\/div><span class=\"tribe-event-date-start\">14 Sep 2019<\/span> - <span class=\"tribe-event-date-end\">13 D\u00e9c 2019<\/span><br><span class=\"tribe-event-categories\">livre et rencontres<\/span><h3 class='av-masonry-entry-title entry-title '  itemprop=\"headline\" >Visite personnalis\u00e9e<\/h3><\/div><\/div><\/figcaption><\/figure><\/a><!--end av-masonry entry--><a href=\"https:\/\/saisonsculturelleschaumont.fr\/mdxpuixt\/evenement\/la-webotheque-sinvite-chez-vous\/\"  id='av-masonry-3-item-3760' data-av-masonry-item='3760' class='av-masonry-entry isotope-item post-3760 tribe_events type-tribe_events status-publish has-post-thumbnail hentry tag-formation tag-livre tag-presentation tag-ressources tag-webotheque tribe_events_cat-livre-et-rencontres  av-masonry-item-with-image' title=\"Fragrances\"   itemscope=\"itemscope\" itemtype=\"https:\/\/schema.org\/CreativeWork\" ><div class='av-inner-masonry-sizer'><\/div><figure class='av-inner-masonry main_color'><div class=\"av-masonry-outerimage-container\"><div class='av-masonry-image-container' style=\"background-image: url(https:\/\/saisonsculturelleschaumont.fr\/mdxpuixt\/wp-content\/uploads\/2019\/08\/fond-aff2.jpg);\"  title=\"Fragrances\"  ><\/div><\/div><figcaption class='av-inner-masonry-content site-background'><div class='av-inner-masonry-content-pos'><div class='av-inner-masonry-content-pos-content'><div class='avia-arrow'><\/div><span class=\"tribe-event-date-start\">16 Oct 2019<\/span> - <span class=\"tribe-event-date-end\">11 D\u00e9c 2019<\/span><br><span class=\"tribe-event-categories\">livre et rencontres<\/span><h3 class='av-masonry-entry-title entry-title '  itemprop=\"headline\" >La Weboth\u00e8que s\u2019invite chez vous<\/h3><\/div><\/div><\/figcaption><\/figure><\/a><!--end av-masonry entry--><a href=\"https:\/\/saisonsculturelleschaumont.fr\/mdxpuixt\/evenement\/qwirkle-jeu-de-societe\/\"  id='av-masonry-3-item-3754' data-av-masonry-item='3754' class='av-masonry-entry isotope-item post-3754 tribe_events type-tribe_events status-publish has-post-thumbnail hentry tag-jeu tag-jeunesse tag-societe tribe_events_cat-livre-et-rencontres  av-masonry-item-with-image' title=\"Fragrances\"   itemscope=\"itemscope\" itemtype=\"https:\/\/schema.org\/CreativeWork\" ><div class='av-inner-masonry-sizer'><\/div><figure class='av-inner-masonry main_color'><div class=\"av-masonry-outerimage-container\"><div class='av-masonry-image-container' style=\"background-image: url(https:\/\/saisonsculturelleschaumont.fr\/mdxpuixt\/wp-content\/uploads\/2019\/08\/fond-aff2.jpg);\"  title=\"Fragrances\"  ><\/div><\/div><figcaption class='av-inner-masonry-content site-background'><div class='av-inner-masonry-content-pos'><div class='av-inner-masonry-content-pos-content'><div class='avia-arrow'><\/div><span class=\"tribe-event-date-start\">16 Nov 2019<\/span> - <span class=\"tribe-event-date-end\">7 D\u00e9c 2019<\/span><br><span class=\"tribe-event-categories\">livre et rencontres<\/span><h3 class='av-masonry-entry-title entry-title '  itemprop=\"headline\" >Qwirkle, jeu de soci\u00e9t\u00e9<\/h3><\/div><\/div><\/figcaption><\/figure><\/a><!--end av-masonry entry--><a href=\"https:\/\/saisonsculturelleschaumont.fr\/mdxpuixt\/evenement\/croqualbums-halloween\/\"  id='av-masonry-3-item-3748' data-av-masonry-item='3748' class='av-masonry-entry isotope-item post-3748 tribe_events type-tribe_events status-publish has-post-thumbnail hentry tag-halloween tag-jeunesse tag-lecture tag-livre tribe_events_cat-livre-et-rencontres  av-masonry-item-with-image' title=\"Fragrances\"   itemscope=\"itemscope\" itemtype=\"https:\/\/schema.org\/CreativeWork\" ><div class='av-inner-masonry-sizer'><\/div><figure class='av-inner-masonry main_color'><div class=\"av-masonry-outerimage-container\"><div class='av-masonry-image-container' style=\"background-image: url(https:\/\/saisonsculturelleschaumont.fr\/mdxpuixt\/wp-content\/uploads\/2019\/08\/fond-aff2.jpg);\"  title=\"Fragrances\"  ><\/div><\/div><figcaption class='av-inner-masonry-content site-background'><div class='av-inner-masonry-content-pos'><div class='av-inner-masonry-content-pos-content'><div class='avia-arrow'><\/div><span class=\"tribe-event-date-start\">30 Oct 2019  16:30<\/span><br><span class=\"tribe-event-categories\">livre et rencontres<\/span><h3 class='av-masonry-entry-title entry-title '  itemprop=\"headline\" >Croqu&rsquo;albums &#8211; Halloween<\/h3><\/div><\/div><\/figcaption><\/figure><\/a><!--end av-masonry entry--><a href=\"https:\/\/saisonsculturelleschaumont.fr\/mdxpuixt\/evenement\/fragrances\/\"  id='av-masonry-3-item-3745' data-av-masonry-item='3745' class='av-masonry-entry isotope-item post-3745 tribe_events type-tribe_events status-publish has-post-thumbnail hentry tag-atelier tag-concert tag-conference tag-fragrances tag-lecture tag-livre tag-parfum tag-rencontre tribe_events_cat-livre-et-rencontres  av-masonry-item-with-image' title=\"Fragrances\"   itemscope=\"itemscope\" itemtype=\"https:\/\/schema.org\/CreativeWork\" ><div class='av-inner-masonry-sizer'><\/div><figure class='av-inner-masonry main_color'><div class=\"av-masonry-outerimage-container\"><div class='av-masonry-image-container' style=\"background-image: url(https:\/\/saisonsculturelleschaumont.fr\/mdxpuixt\/wp-content\/uploads\/2019\/08\/fond-aff2.jpg);\"  title=\"Fragrances\"  ><\/div><\/div><figcaption class='av-inner-masonry-content site-background'><div class='av-inner-masonry-content-pos'><div class='av-inner-masonry-content-pos-content'><div class='avia-arrow'><\/div><span class=\"tribe-event-date-start\">7 Sep 2019<\/span> - <span class=\"tribe-event-date-end\">30 Nov 2019<\/span><br><span class=\"tribe-event-categories\">livre et rencontres<\/span><h3 class='av-masonry-entry-title entry-title '  itemprop=\"headline\" >Fragrances<\/h3><\/div><\/div><\/figcaption><\/figure><\/a><!--end av-masonry entry--><\/div><a class='av-masonry-pagination av-masonry-load-more' href='#load-more'  data-link='tribe_events_cat, 45'  data-term_rel='IN'  data-wc_prod_visible=''  data-wc_prod_hidden=''  data-wc_prod_featured=''  data-prod_order_by=''  data-prod_order=''  data-date_filter='date_filter'  data-date_filter_start='2019\/01\/01'  data-date_filter_end='2019\/12\/31'  data-date_filter_format='yy\/mm\/dd'  data-period_filter_unit_1=''  data-period_filter_unit_2=''  data-page_element_filter=''  data-sort='no'  data-query_orderby='date'  data-query_order='ASC'  data-caption_elements='title'  data-caption_styling='overlay'  data-caption_display='on-hover'  data-img_copyright=''  data-size='fixed'  data-orientation=''  data-image_size='masonry'  data-gap='1px'  data-columns='3'  data-av-desktop-columns=''  data-av-medium-columns='2'  data-av-small-columns='2'  data-av-mini-columns='1'  data-items='6'  data-paginate='load_more'  data-color='custom'  data-custom_bg=''  data-img_copyright_font=''  data-av-desktop-font-img_copyright_font=''  data-av-medium-font-img_copyright_font=''  data-av-small-font-img_copyright_font=''  data-av-mini-font-img_copyright_font=''  data-img_copyright_color=''  data-img_copyright_bg=''  data-animation=''  data-animation_duration=''  data-animation_custom_bg_color=''  data-animation_custom_bg_color_multi_list=''  data-animation_z_index_curtain='100'  data-overlay_fx=''  data-img_scrset=''  data-lazy_loading='disabled'  data-av-desktop-hide=''  data-av-medium-hide=''  data-av-small-hide=''  data-av-mini-hide=''  data-alb_description=''  data-id='grille-ala-une'  data-custom_class=''  data-template_class=''  data-av_uid='av-jxpefprf-10'  data-sc_version='1.0'  data-ids=''  data-action=''  data-post_type='post, page, attachment, revision, nav_menu_item, custom_css, customize_changeset, oembed_cache, user_request, wp_block, wp_template, wp_template_part, wp_global_styles, wp_navigation, e-landing-page, elementor_library, tribe_event_series, wpcf7_contact_form, tribe_venue, tribe_organizer, tribe_events, tribe-ea-record, deleted_event, spectra-popup, portfolio, avia_framework_post, popupbuilder'  data-offset='0'  data-container_links='active'  data-link_dest=''  data-lightbox_text=''  data-container_class='av-masonry-entries'  data-auto_ratio='1.7'  data-set_breadcrumb='1'  data-custom_markup=''  data-taxonomy='tribe_events_cat'  data-categories='45'  data-avno='d7051b306b'>Charger plus<\/a><\/div><\/div>\n\n<style type=\"text\/css\" data-created_by=\"avia_inline_auto\" id=\"style-css-av-jyhtyvi9-9-755ed6fea14682cb83f5be4e4de1d36a\">\n#top .av_textblock_section.av-jyhtyvi9-9-755ed6fea14682cb83f5be4e4de1d36a .avia_textblock{\nfont-size:24px;\n}\n<\/style>\n<section  class='av_textblock_section av-jyhtyvi9-9-755ed6fea14682cb83f5be4e4de1d36a '   itemscope=\"itemscope\" itemtype=\"https:\/\/schema.org\/CreativeWork\" ><div class='avia_textblock'  itemprop=\"text\" ><p>\u2022 multidisciplinaire<\/p>\n<\/div><\/section>\n\n<style type=\"text\/css\" data-created_by=\"avia_inline_auto\" id=\"style-css-av-r7jg-8-d802c59567bf944ddc961e431b22a512\">\n#top .flex_column.av-r7jg-8-d802c59567bf944ddc961e431b22a512{\nmargin-top:0px;\nmargin-bottom:20px;\n}\n.flex_column.av-r7jg-8-d802c59567bf944ddc961e431b22a512{\nborder-radius:0px 0px 0px 0px;\npadding:0px 0px 0px 0px;\n}\n.responsive #top #wrap_all .flex_column.av-r7jg-8-d802c59567bf944ddc961e431b22a512{\nmargin-top:0px;\nmargin-bottom:20px;\n}\n<\/style>\n<div  class='flex_column av-r7jg-8-d802c59567bf944ddc961e431b22a512 av_one_full  avia-builder-el-10  el_after_av_textblock  el_before_av_textblock  first flex_column_div av-zero-column-padding  column-top-margin'     ><div id='grille-ala-une' class='av-masonry av-jxpefprf-7-00cbb94adef13579dc914ad22475f671 noHover av-fixed-size av-1px-gap av-hover-overlay- av-masonry-animation- av-masonry-col-3 av-caption-on-hover av-caption-style-overlay av-masonry-entries av-medium-columns-overwrite av-medium-columns-2 av-small-columns-overwrite av-small-columns-2 av-mini-columns-overwrite av-mini-columns-1 ' data-post_id=\"4602\"><div class=\"av-masonry-container isotope av-js-disabled\"><div class='av-masonry-entry isotope-item av-masonry-item-no-image '><\/div><a href=\"https:\/\/saisonsculturelleschaumont.fr\/mdxpuixt\/evenement\/tricot-the\/\"  id='av-masonry-4-item-3614' data-av-masonry-item='3614' class='av-masonry-entry isotope-item post-3614 tribe_events type-tribe_events status-publish has-post-thumbnail hentry tag-animation tag-point-commun tag-tricot tribe_events_cat-multidisciplinaire  av-masonry-item-with-image' title=\"Mus\u00e9es\"   itemscope=\"itemscope\" itemtype=\"https:\/\/schema.org\/CreativeWork\" ><div class='av-inner-masonry-sizer'><\/div><figure class='av-inner-masonry main_color'><div class=\"av-masonry-outerimage-container\"><div class='av-masonry-image-container' style=\"background-image: url(https:\/\/saisonsculturelleschaumont.fr\/mdxpuixt\/wp-content\/uploads\/2019\/08\/fond-mus\u00e9e.jpg);\"  title=\"Mus\u00e9es\"   alt=\"mus\u00e9es\" ><\/div><\/div><figcaption class='av-inner-masonry-content site-background'><div class='av-inner-masonry-content-pos'><div class='av-inner-masonry-content-pos-content'><div class='avia-arrow'><\/div><span class=\"tribe-event-date-start\">28 Sep 2019  14:30<\/span><br><span class=\"tribe-event-categories\">multidisciplinaire<\/span><h3 class='av-masonry-entry-title entry-title '  itemprop=\"headline\" >Tricot th\u00e9<\/h3><\/div><\/div><\/figcaption><\/figure><\/a><!--end av-masonry entry--><a href=\"https:\/\/saisonsculturelleschaumont.fr\/mdxpuixt\/evenement\/journees-europeennes-du-patrimoine\/\"  id='av-masonry-4-item-3793' data-av-masonry-item='3793' class='av-masonry-entry isotope-item post-3793 tribe_events type-tribe_events status-publish has-post-thumbnail hentry tag-culture tag-exposition tag-journees-du-patrimoine tag-patrimoine tag-visite tribe_events_cat-multidisciplinaire  av-masonry-item-with-image' title=\"Journ\u00e9es du Patrimoine\"   itemscope=\"itemscope\" itemtype=\"https:\/\/schema.org\/CreativeWork\" ><div class='av-inner-masonry-sizer'><\/div><figure class='av-inner-masonry main_color'><div class=\"av-masonry-outerimage-container\"><div class='av-masonry-image-container' style=\"background-image: url(https:\/\/saisonsculturelleschaumont.fr\/mdxpuixt\/wp-content\/uploads\/2019\/08\/fond-jep.jpg);\"  title=\"Journ\u00e9es du Patrimoine\"  ><\/div><\/div><figcaption class='av-inner-masonry-content site-background'><div class='av-inner-masonry-content-pos'><div class='av-inner-masonry-content-pos-content'><div class='avia-arrow'><\/div><span class=\"tribe-event-date-start\">21 Sep 2019<\/span> - <span class=\"tribe-event-date-end\">22 Sep 2019<\/span><br><span class=\"tribe-event-categories\">multidisciplinaire<\/span><h3 class='av-masonry-entry-title entry-title '  itemprop=\"headline\" >Journ\u00e9es Europ\u00e9ennes du Patrimoine<\/h3><\/div><\/div><\/figcaption><\/figure><\/a><!--end av-masonry entry--><\/div><\/div><\/div>\n\n<style type=\"text\/css\" data-created_by=\"avia_inline_auto\" id=\"style-css-av-jyhtyvi9-6-5c802f0433ea4fa4fd95eb967858c6ef\">\n#top .av_textblock_section.av-jyhtyvi9-6-5c802f0433ea4fa4fd95eb967858c6ef .avia_textblock{\nfont-size:24px;\n}\n<\/style>\n<section  class='av_textblock_section av-jyhtyvi9-6-5c802f0433ea4fa4fd95eb967858c6ef '   itemscope=\"itemscope\" itemtype=\"https:\/\/schema.org\/CreativeWork\" ><div class='avia_textblock'  itemprop=\"text\" ><p>\u2022 musique<\/p>\n<\/div><\/section>\n\n<style type=\"text\/css\" data-created_by=\"avia_inline_auto\" id=\"style-css-av-r7jg-5-880b5dca5fa94ee87f68396aa6cb740b\">\n#top .flex_column.av-r7jg-5-880b5dca5fa94ee87f68396aa6cb740b{\nmargin-top:0px;\nmargin-bottom:20px;\n}\n.flex_column.av-r7jg-5-880b5dca5fa94ee87f68396aa6cb740b{\nborder-radius:0px 0px 0px 0px;\npadding:0px 0px 0px 0px;\n}\n.responsive #top #wrap_all .flex_column.av-r7jg-5-880b5dca5fa94ee87f68396aa6cb740b{\nmargin-top:0px;\nmargin-bottom:20px;\n}\n<\/style>\n<div  class='flex_column av-r7jg-5-880b5dca5fa94ee87f68396aa6cb740b av_one_full  avia-builder-el-13  el_after_av_textblock  el_before_av_textblock  first flex_column_div av-zero-column-padding  column-top-margin'     ><div id='grille-ala-une' class='av-masonry av-jxpefprf-4-cb738aea7f6b6c32bff14923af410333 noHover av-fixed-size av-1px-gap av-hover-overlay- av-masonry-animation- av-masonry-col-3 av-caption-on-hover av-caption-style-overlay av-masonry-entries av-medium-columns-overwrite av-medium-columns-2 av-small-columns-overwrite av-small-columns-2 av-mini-columns-overwrite av-mini-columns-1 ' data-post_id=\"4602\"><div class=\"av-masonry-container isotope av-js-disabled\"><div class='av-masonry-entry isotope-item av-masonry-item-no-image '><\/div><a href=\"https:\/\/saisonsculturelleschaumont.fr\/mdxpuixt\/evenement\/miossec\/\"  id='av-masonry-5-item-1276' data-av-masonry-item='1276' class='av-masonry-entry isotope-item post-1276 tribe_events type-tribe_events status-publish has-post-thumbnail hentry tag-concert tag-miossec tag-musique tribe_events_cat-musique  av-masonry-item-with-image' title=\"Miossec\"   itemscope=\"itemscope\" itemtype=\"https:\/\/schema.org\/CreativeWork\" ><div class='av-inner-masonry-sizer'><\/div><figure class='av-inner-masonry main_color'><div class=\"av-masonry-outerimage-container\"><div class='av-masonry-image-container' style=\"background-image: url(https:\/\/saisonsculturelleschaumont.fr\/mdxpuixt\/wp-content\/uploads\/2019\/07\/014-Miossec-\u220fJulien-T-Hamon-3.jpg);\"  title=\"Miossec\"  ><\/div><\/div><figcaption class='av-inner-masonry-content site-background'><div class='av-inner-masonry-content-pos'><div class='av-inner-masonry-content-pos-content'><div class='avia-arrow'><\/div><span class=\"tribe-event-date-start\">11 Oct 2019  21:00<\/span><br><span class=\"tribe-event-categories\">musique<\/span><h3 class='av-masonry-entry-title entry-title '  itemprop=\"headline\" >Miossec<\/h3><\/div><\/div><\/figcaption><\/figure><\/a><!--end av-masonry entry--><a href=\"https:\/\/saisonsculturelleschaumont.fr\/mdxpuixt\/evenement\/high-tone\/\"  id='av-masonry-5-item-1277' data-av-masonry-item='1277' class='av-masonry-entry isotope-item post-1277 tribe_events type-tribe_events status-publish has-post-thumbnail hentry tag-concert tag-groupe tag-high-tone tag-musique tribe_events_cat-musique  av-masonry-item-with-image' title=\"High Tone\"   itemscope=\"itemscope\" itemtype=\"https:\/\/schema.org\/CreativeWork\" ><div class='av-inner-masonry-sizer'><\/div><figure class='av-inner-masonry main_color'><div class=\"av-masonry-outerimage-container\"><div class='av-masonry-image-container' style=\"background-image: url(https:\/\/saisonsculturelleschaumont.fr\/mdxpuixt\/wp-content\/uploads\/2019\/07\/Y76A3229-copie.jpg);\"  title=\"High Tone\"  ><\/div><\/div><figcaption class='av-inner-masonry-content site-background'><div class='av-inner-masonry-content-pos'><div class='av-inner-masonry-content-pos-content'><div class='avia-arrow'><\/div><span class=\"tribe-event-date-start\">29 Nov 2019  21:00<\/span><br><span class=\"tribe-event-categories\">musique<\/span><h3 class='av-masonry-entry-title entry-title '  itemprop=\"headline\" >High Tone<\/h3><\/div><\/div><\/figcaption><\/figure><\/a><!--end av-masonry entry--><a href=\"https:\/\/saisonsculturelleschaumont.fr\/mdxpuixt\/evenement\/concert-de-noel\/\"  id='av-masonry-5-item-1278' data-av-masonry-item='1278' class='av-masonry-entry isotope-item post-1278 tribe_events type-tribe_events status-publish has-post-thumbnail hentry tag-basilique tag-concert tag-eleve tribe_events_cat-musique  av-masonry-item-with-image' title=\"Concert de No\u00ebl\"   itemscope=\"itemscope\" itemtype=\"https:\/\/schema.org\/CreativeWork\" ><div class='av-inner-masonry-sizer'><\/div><figure class='av-inner-masonry main_color'><div class=\"av-masonry-outerimage-container\"><div class='av-masonry-image-container' style=\"background-image: url(https:\/\/saisonsculturelleschaumont.fr\/mdxpuixt\/wp-content\/uploads\/2019\/07\/DSC_9324.jpg);\"  title=\"Concert de No\u00ebl\"  ><\/div><\/div><figcaption class='av-inner-masonry-content site-background'><div class='av-inner-masonry-content-pos'><div class='av-inner-masonry-content-pos-content'><div class='avia-arrow'><\/div><span class=\"tribe-event-date-start\">8 D\u00e9c 2019  17:00<\/span><br><span class=\"tribe-event-categories\">musique<\/span><h3 class='av-masonry-entry-title entry-title '  itemprop=\"headline\" >Concert de No\u00ebl<\/h3><\/div><\/div><\/figcaption><\/figure><\/a><!--end av-masonry entry--><a href=\"https:\/\/saisonsculturelleschaumont.fr\/mdxpuixt\/evenement\/heure-musicale\/\"  id='av-masonry-5-item-1279' data-av-masonry-item='1279' class='av-masonry-entry isotope-item post-1279 tribe_events type-tribe_events status-publish has-post-thumbnail hentry tag-concert tribe_events_cat-musique  av-masonry-item-with-image' title=\"Conservatoire\"   itemscope=\"itemscope\" itemtype=\"https:\/\/schema.org\/CreativeWork\" ><div class='av-inner-masonry-sizer'><\/div><figure class='av-inner-masonry main_color'><div class=\"av-masonry-outerimage-container\"><div class='av-masonry-image-container' style=\"background-image: url(https:\/\/saisonsculturelleschaumont.fr\/mdxpuixt\/wp-content\/uploads\/2019\/07\/fond-cons.jpg);\"  title=\"Conservatoire\"  ><\/div><\/div><figcaption class='av-inner-masonry-content site-background'><div class='av-inner-masonry-content-pos'><div class='av-inner-masonry-content-pos-content'><div class='avia-arrow'><\/div><span class=\"tribe-event-date-start\">17 D\u00e9c 2019<\/span><br><span class=\"tribe-event-categories\">musique<\/span><h3 class='av-masonry-entry-title entry-title '  itemprop=\"headline\" >Heure Musicale<\/h3><\/div><\/div><\/figcaption><\/figure><\/a><!--end av-masonry entry--><a href=\"https:\/\/saisonsculturelleschaumont.fr\/mdxpuixt\/evenement\/les-rencontres-a-laffiche\/\"  id='av-masonry-5-item-3526' data-av-masonry-item='3526' class='av-masonry-entry isotope-item post-3526 tribe_events type-tribe_events status-publish has-post-thumbnail hentry tag-cinema tag-debat tag-documentaire tag-echange tag-film tag-rencontre tag-table-ronde tribe_events_cat-musique  av-masonry-item-with-image' title=\"Cin\u00e9ma \u00e0 l&rsquo;Affiche\"   itemscope=\"itemscope\" itemtype=\"https:\/\/schema.org\/CreativeWork\" ><div class='av-inner-masonry-sizer'><\/div><figure class='av-inner-masonry main_color'><div class=\"av-masonry-outerimage-container\"><div class='av-masonry-image-container' style=\"background-image: url(https:\/\/saisonsculturelleschaumont.fr\/mdxpuixt\/wp-content\/uploads\/2019\/08\/20120823a0206-1.jpg);\"  title=\"Cin\u00e9ma \u00e0 l&rsquo;Affiche\"  ><\/div><\/div><figcaption class='av-inner-masonry-content site-background'><div class='av-inner-masonry-content-pos'><div class='av-inner-masonry-content-pos-content'><div class='avia-arrow'><\/div><span class=\"tribe-event-date-start\">17 Oct 2019  15:30<\/span> - <span class=\"tribe-event-time\">16:00<\/span><br><span class=\"tribe-event-categories\">musique<\/span><h3 class='av-masonry-entry-title entry-title '  itemprop=\"headline\" >Les Rencontres \u00c0 l&rsquo;affiche<\/h3><\/div><\/div><\/figcaption><\/figure><\/a><!--end av-masonry entry--><a href=\"https:\/\/saisonsculturelleschaumont.fr\/mdxpuixt\/evenement\/la-mjc-fait-son-cinema\/\"  id='av-masonry-5-item-3530' data-av-masonry-item='3530' class='av-masonry-entry isotope-item post-3530 tribe_events type-tribe_events status-publish has-post-thumbnail hentry tag-cinema tag-film tag-rencontre tribe_events_cat-musique  av-masonry-item-with-image' title=\"la MJC fait son cin\u00e9ma\"   itemscope=\"itemscope\" itemtype=\"https:\/\/schema.org\/CreativeWork\" ><div class='av-inner-masonry-sizer'><\/div><figure class='av-inner-masonry main_color'><div class=\"av-masonry-outerimage-container\"><div class='av-masonry-image-container' style=\"background-image: url(https:\/\/saisonsculturelleschaumont.fr\/mdxpuixt\/wp-content\/uploads\/2019\/08\/la-MJC-fait-son-cin\u00e9ma-705x705.jpg);\"  title=\"la MJC fait son cin\u00e9ma\"  ><\/div><\/div><figcaption class='av-inner-masonry-content site-background'><div class='av-inner-masonry-content-pos'><div class='av-inner-masonry-content-pos-content'><div class='avia-arrow'><\/div><span class=\"tribe-event-date-start\">6 Nov 2019<\/span> - <span class=\"tribe-event-date-end\">17 Nov 2019<\/span><br><span class=\"tribe-event-categories\">musique<\/span><h3 class='av-masonry-entry-title entry-title '  itemprop=\"headline\" >La MJC fait son cin\u00e9ma<\/h3><\/div><\/div><\/figcaption><\/figure><\/a><!--end av-masonry entry--><\/div><a class='av-masonry-pagination av-masonry-load-more' href='#load-more'  data-link='tribe_events_cat, 305'  data-term_rel='IN'  data-wc_prod_visible=''  data-wc_prod_hidden=''  data-wc_prod_featured=''  data-prod_order_by=''  data-prod_order=''  data-date_filter='date_filter'  data-date_filter_start='2019\/01\/01'  data-date_filter_end='2019\/12\/31'  data-date_filter_format='yy\/mm\/dd'  data-period_filter_unit_1=''  data-period_filter_unit_2=''  data-page_element_filter=''  data-sort='no'  data-query_orderby='date'  data-query_order='ASC'  data-caption_elements='title'  data-caption_styling='overlay'  data-caption_display='on-hover'  data-img_copyright=''  data-size='fixed'  data-orientation=''  data-image_size='masonry'  data-gap='1px'  data-columns='3'  data-av-desktop-columns=''  data-av-medium-columns='2'  data-av-small-columns='2'  data-av-mini-columns='1'  data-items='6'  data-paginate='load_more'  data-color='custom'  data-custom_bg=''  data-img_copyright_font=''  data-av-desktop-font-img_copyright_font=''  data-av-medium-font-img_copyright_font=''  data-av-small-font-img_copyright_font=''  data-av-mini-font-img_copyright_font=''  data-img_copyright_color=''  data-img_copyright_bg=''  data-animation=''  data-animation_duration=''  data-animation_custom_bg_color=''  data-animation_custom_bg_color_multi_list=''  data-animation_z_index_curtain='100'  data-overlay_fx=''  data-img_scrset=''  data-lazy_loading='disabled'  data-av-desktop-hide=''  data-av-medium-hide=''  data-av-small-hide=''  data-av-mini-hide=''  data-alb_description=''  data-id='grille-ala-une'  data-custom_class=''  data-template_class=''  data-av_uid='av-jxpefprf-4'  data-sc_version='1.0'  data-ids=''  data-action=''  data-post_type='post, page, attachment, revision, nav_menu_item, custom_css, customize_changeset, oembed_cache, user_request, wp_block, wp_template, wp_template_part, wp_global_styles, wp_navigation, e-landing-page, elementor_library, tribe_event_series, wpcf7_contact_form, tribe_venue, tribe_organizer, tribe_events, tribe-ea-record, deleted_event, spectra-popup, portfolio, avia_framework_post, popupbuilder'  data-offset='0'  data-container_links='active'  data-link_dest=''  data-lightbox_text=''  data-container_class='av-masonry-entries'  data-auto_ratio='1.7'  data-set_breadcrumb='1'  data-custom_markup=''  data-taxonomy='tribe_events_cat'  data-categories='305'  data-avno='d7051b306b'>Charger plus<\/a><\/div><\/div>\n\n<style type=\"text\/css\" data-created_by=\"avia_inline_auto\" id=\"style-css-av-jyhtyvi9-3-a4f61fca87c0a8ab077ea270b3a85439\">\n#top .av_textblock_section.av-jyhtyvi9-3-a4f61fca87c0a8ab077ea270b3a85439 .avia_textblock{\nfont-size:24px;\n}\n<\/style>\n<section  class='av_textblock_section av-jyhtyvi9-3-a4f61fca87c0a8ab077ea270b3a85439 '   itemscope=\"itemscope\" itemtype=\"https:\/\/schema.org\/CreativeWork\" ><div class='avia_textblock'  itemprop=\"text\" ><p>\u2022 spectacle vivant<\/p>\n<\/div><\/section>\n\n<style type=\"text\/css\" data-created_by=\"avia_inline_auto\" id=\"style-css-av-r7jg-2-82cdd8a84472d9cfff1f858890533058\">\n#top .flex_column.av-r7jg-2-82cdd8a84472d9cfff1f858890533058{\nmargin-top:0px;\nmargin-bottom:20px;\n}\n.flex_column.av-r7jg-2-82cdd8a84472d9cfff1f858890533058{\nborder-radius:0px 0px 0px 0px;\npadding:0px 0px 0px 0px;\n}\n.responsive #top #wrap_all .flex_column.av-r7jg-2-82cdd8a84472d9cfff1f858890533058{\nmargin-top:0px;\nmargin-bottom:20px;\n}\n<\/style>\n<div  class='flex_column av-r7jg-2-82cdd8a84472d9cfff1f858890533058 av_one_full  avia-builder-el-16  el_after_av_textblock  avia-builder-el-last  first flex_column_div av-zero-column-padding  column-top-margin'     ><div id='grille-ala-une' class='av-masonry av-jxpefprf-1-480590ce7570ae7afe66f5f1d4439de1 noHover av-fixed-size av-1px-gap av-hover-overlay- av-masonry-animation- av-masonry-col-3 av-caption-on-hover av-caption-style-overlay av-masonry-entries av-medium-columns-overwrite av-medium-columns-2 av-small-columns-overwrite av-small-columns-2 av-mini-columns-overwrite av-mini-columns-1 ' data-post_id=\"4602\"><div class=\"av-masonry-container isotope av-js-disabled\"><div class='av-masonry-entry isotope-item av-masonry-item-no-image '><\/div><a href=\"https:\/\/saisonsculturelleschaumont.fr\/mdxpuixt\/evenement\/transe-express\/\"  id='av-masonry-6-item-1280' data-av-masonry-item='1280' class='av-masonry-entry isotope-item post-1280 tribe_events type-tribe_events status-publish has-post-thumbnail hentry tag-animation tag-deambulation tag-spectacle tag-spectacle-de-rue tribe_events_cat-spectacle-vivant  av-masonry-item-with-image' title=\"Tambours de la Muerte\"   itemscope=\"itemscope\" itemtype=\"https:\/\/schema.org\/CreativeWork\" ><div class='av-inner-masonry-sizer'><\/div><figure class='av-inner-masonry main_color'><div class=\"av-masonry-outerimage-container\"><div class='av-masonry-image-container' style=\"background-image: url(https:\/\/saisonsculturelleschaumont.fr\/mdxpuixt\/wp-content\/uploads\/2019\/07\/20.TM\u00a9Emilie_Poir\u00e9-copie.jpg);\"  title=\"Tambours de la Muerte\"  ><\/div><\/div><figcaption class='av-inner-masonry-content site-background'><div class='av-inner-masonry-content-pos'><div class='av-inner-masonry-content-pos-content'><div class='avia-arrow'><\/div><span class=\"tribe-event-date-start\">5 Oct 2019  18:30<\/span><br><span class=\"tribe-event-categories\">spectacle vivant<\/span><h3 class='av-masonry-entry-title entry-title '  itemprop=\"headline\" >Cie Transe Express<\/h3><\/div><\/div><\/figcaption><\/figure><\/a><!--end av-masonry entry--><a href=\"https:\/\/saisonsculturelleschaumont.fr\/mdxpuixt\/evenement\/alors-on-a-demenage\/\"  id='av-masonry-6-item-3553' data-av-masonry-item='3553' class='av-masonry-entry isotope-item post-3553 tribe_events type-tribe_events status-publish has-post-thumbnail hentry tag-piece-de-theatre tag-representation tag-spectacle tag-theatre tribe_events_cat-spectacle-vivant  av-masonry-item-with-image' title=\"ALORS ON A D\u00c9M\u00c9NAG\u00c9 2\"   itemscope=\"itemscope\" itemtype=\"https:\/\/schema.org\/CreativeWork\" ><div class='av-inner-masonry-sizer'><\/div><figure class='av-inner-masonry main_color'><div class=\"av-masonry-outerimage-container\"><div class='av-masonry-image-container' style=\"background-image: url(https:\/\/saisonsculturelleschaumont.fr\/mdxpuixt\/wp-content\/uploads\/2019\/08\/ALORS-ON-A-D\u00c9M\u00c9NAG\u00c9-2.jpg);\"  title=\"ALORS ON A D\u00c9M\u00c9NAG\u00c9 2\"  ><\/div><\/div><figcaption class='av-inner-masonry-content site-background'><div class='av-inner-masonry-content-pos'><div class='av-inner-masonry-content-pos-content'><div class='avia-arrow'><\/div><span class=\"tribe-event-date-start\">30 Sep 2019<\/span> - <span class=\"tribe-event-date-end\">1 Oct 2019<\/span><br><span class=\"tribe-event-categories\">spectacle vivant<\/span><h3 class='av-masonry-entry-title entry-title '  itemprop=\"headline\" >Alors on a d\u00e9m\u00e9nag\u00e9<\/h3><\/div><\/div><\/figcaption><\/figure><\/a><!--end av-masonry entry--><a href=\"https:\/\/saisonsculturelleschaumont.fr\/mdxpuixt\/evenement\/la-curiosite-des-anges\/\"  id='av-masonry-6-item-3562' data-av-masonry-item='3562' class='av-masonry-entry isotope-item post-3562 tribe_events type-tribe_events status-publish has-post-thumbnail hentry tag-piece tag-piece-de-theatre tag-representation tag-spectacle tag-theatre tribe_events_cat-spectacle-vivant  av-masonry-item-with-image' title=\"\u00ab\u00a0La Curiosit\u00e9 des Anges\u00a0\u00bb de Fran\u00e7ois Cervant\u00e9savec Catherine Germain et Dominique Chevalier\"   itemscope=\"itemscope\" itemtype=\"https:\/\/schema.org\/CreativeWork\" ><div class='av-inner-masonry-sizer'><\/div><figure class='av-inner-masonry main_color'><div class=\"av-masonry-outerimage-container\"><div class='av-masonry-image-container' style=\"background-image: url(https:\/\/saisonsculturelleschaumont.fr\/mdxpuixt\/wp-content\/uploads\/2019\/08\/LA-CURIOSIT\u00c9-DES-ANGES-2.jpg);\"  title=\"\u00ab\u00a0La Curiosit\u00e9 des Anges\u00a0\u00bb de Fran\u00e7ois Cervant\u00e9savec Catherine Germain et Dominique Chevalier\"  ><\/div><\/div><figcaption class='av-inner-masonry-content site-background'><div class='av-inner-masonry-content-pos'><div class='av-inner-masonry-content-pos-content'><div class='avia-arrow'><\/div><span class=\"tribe-event-date-start\">3 Oct 2019  20:00<\/span> - <span class=\"tribe-event-time\">21:10<\/span><br><span class=\"tribe-event-categories\">spectacle vivant<\/span><h3 class='av-masonry-entry-title entry-title '  itemprop=\"headline\" >La curiosit\u00e9 des anges<\/h3><\/div><\/div><\/figcaption><\/figure><\/a><!--end av-masonry entry--><a href=\"https:\/\/saisonsculturelleschaumont.fr\/mdxpuixt\/evenement\/dans-le-sens-contraire-au-sens-du-vent\/\"  id='av-masonry-6-item-3565' data-av-masonry-item='3565' class='av-masonry-entry isotope-item post-3565 tribe_events type-tribe_events status-publish has-post-thumbnail hentry tag-piece tag-piece-de-theatre tag-representation tag-theatre tribe_events_cat-spectacle-vivant  av-masonry-item-with-image' title=\"danslesenscontraire_Porte27_2\"   itemscope=\"itemscope\" itemtype=\"https:\/\/schema.org\/CreativeWork\" ><div class='av-inner-masonry-sizer'><\/div><figure class='av-inner-masonry main_color'><div class=\"av-masonry-outerimage-container\"><div class='av-masonry-image-container' style=\"background-image: url(https:\/\/saisonsculturelleschaumont.fr\/mdxpuixt\/wp-content\/uploads\/2019\/08\/danslesenscontraire_Porte27_2.jpg);\"  title=\"danslesenscontraire_Porte27_2\"  ><\/div><\/div><figcaption class='av-inner-masonry-content site-background'><div class='av-inner-masonry-content-pos'><div class='av-inner-masonry-content-pos-content'><div class='avia-arrow'><\/div><span class=\"tribe-event-date-start\">9 Oct 2019  14:15<\/span> - <span class=\"tribe-event-time\">14:55<\/span><br><span class=\"tribe-event-categories\">spectacle vivant<\/span><h3 class='av-masonry-entry-title entry-title '  itemprop=\"headline\" >Dans le sens contraire au sens du vent<\/h3><\/div><\/div><\/figcaption><\/figure><\/a><!--end av-masonry entry--><a href=\"https:\/\/saisonsculturelleschaumont.fr\/mdxpuixt\/evenement\/la-princesse-de-cleves\/\"  id='av-masonry-6-item-3568' data-av-masonry-item='3568' class='av-masonry-entry isotope-item post-3568 tribe_events type-tribe_events status-publish has-post-thumbnail hentry tag-piece tag-representation tag-spectacle tag-theatre tribe_events_cat-spectacle-vivant  av-masonry-item-with-image' title=\"princesse de cl\u00e8ve\"   itemscope=\"itemscope\" itemtype=\"https:\/\/schema.org\/CreativeWork\" ><div class='av-inner-masonry-sizer'><\/div><figure class='av-inner-masonry main_color'><div class=\"av-masonry-outerimage-container\"><div class='av-masonry-image-container' style=\"background-image: url(https:\/\/saisonsculturelleschaumont.fr\/mdxpuixt\/wp-content\/uploads\/2019\/08\/princesse-de-cl\u00e8ve.jpg);\"  title=\"princesse de cl\u00e8ve\"  ><\/div><\/div><figcaption class='av-inner-masonry-content site-background'><div class='av-inner-masonry-content-pos'><div class='av-inner-masonry-content-pos-content'><div class='avia-arrow'><\/div><span class=\"tribe-event-date-start\">15 Oct 2019  19:00<\/span> - <span class=\"tribe-event-time\">20:00<\/span><br><span class=\"tribe-event-categories\">spectacle vivant<\/span><h3 class='av-masonry-entry-title entry-title '  itemprop=\"headline\" >La princesse de Cl\u00e8ves<\/h3><\/div><\/div><\/figcaption><\/figure><\/a><!--end av-masonry entry--><a href=\"https:\/\/saisonsculturelleschaumont.fr\/mdxpuixt\/evenement\/ma-vie-est-un-clip\/\"  id='av-masonry-6-item-3571' data-av-masonry-item='3571' class='av-masonry-entry isotope-item post-3571 tribe_events type-tribe_events status-publish has-post-thumbnail hentry tag-piece tag-piece-de-theatre tag-representation tag-spectacle tag-theatre tribe_events_cat-spectacle-vivant  av-masonry-item-with-image' title=\"Ma vie est un clip\"   itemscope=\"itemscope\" itemtype=\"https:\/\/schema.org\/CreativeWork\" ><div class='av-inner-masonry-sizer'><\/div><figure class='av-inner-masonry main_color'><div class=\"av-masonry-outerimage-container\"><div class='av-masonry-image-container' style=\"background-image: url(https:\/\/saisonsculturelleschaumont.fr\/mdxpuixt\/wp-content\/uploads\/2019\/08\/Ma-vie-est-un-clip\u00a9AlainJulien.jpg);\"  title=\"Ma vie est un clip\"  ><\/div><\/div><figcaption class='av-inner-masonry-content site-background'><div class='av-inner-masonry-content-pos'><div class='av-inner-masonry-content-pos-content'><div class='avia-arrow'><\/div><span class=\"tribe-event-date-start\">7 Nov 2019  20:00<\/span> - <span class=\"tribe-event-time\">21:20<\/span><br><span class=\"tribe-event-categories\">spectacle vivant<\/span><h3 class='av-masonry-entry-title entry-title '  itemprop=\"headline\" >Ma vie est un clip<\/h3><\/div><\/div><\/figcaption><\/figure><\/a><!--end av-masonry entry--><\/div><a class='av-masonry-pagination av-masonry-load-more' href='#load-more'  data-link='tribe_events_cat, 44'  data-term_rel='IN'  data-wc_prod_visible=''  data-wc_prod_hidden=''  data-wc_prod_featured=''  data-prod_order_by=''  data-prod_order=''  data-date_filter='date_filter'  data-date_filter_start='2019\/01\/01'  data-date_filter_end='2019\/12\/31'  data-date_filter_format='yy\/mm\/dd'  data-period_filter_unit_1=''  data-period_filter_unit_2=''  data-page_element_filter=''  data-sort='no'  data-query_orderby='date'  data-query_order='ASC'  data-caption_elements='title'  data-caption_styling='overlay'  data-caption_display='on-hover'  data-img_copyright=''  data-size='fixed'  data-orientation=''  data-image_size='masonry'  data-gap='1px'  data-columns='3'  data-av-desktop-columns=''  data-av-medium-columns='2'  data-av-small-columns='2'  data-av-mini-columns='1'  data-items='6'  data-paginate='load_more'  data-color='custom'  data-custom_bg=''  data-img_copyright_font=''  data-av-desktop-font-img_copyright_font=''  data-av-medium-font-img_copyright_font=''  data-av-small-font-img_copyright_font=''  data-av-mini-font-img_copyright_font=''  data-img_copyright_color=''  data-img_copyright_bg=''  data-animation=''  data-animation_duration=''  data-animation_custom_bg_color=''  data-animation_custom_bg_color_multi_list=''  data-animation_z_index_curtain='100'  data-overlay_fx=''  data-img_scrset=''  data-lazy_loading='disabled'  data-av-desktop-hide=''  data-av-medium-hide=''  data-av-small-hide=''  data-av-mini-hide=''  data-alb_description=''  data-id='grille-ala-une'  data-custom_class=''  data-template_class=''  data-av_uid='av-jxpefprf-1'  data-sc_version='1.0'  data-ids=''  data-action=''  data-post_type='post, page, attachment, revision, nav_menu_item, custom_css, customize_changeset, oembed_cache, user_request, wp_block, wp_template, wp_template_part, wp_global_styles, wp_navigation, e-landing-page, elementor_library, tribe_event_series, wpcf7_contact_form, tribe_venue, tribe_organizer, tribe_events, tribe-ea-record, deleted_event, spectra-popup, portfolio, avia_framework_post, popupbuilder'  data-offset='0'  data-container_links='active'  data-link_dest=''  data-lightbox_text=''  data-container_class='av-masonry-entries'  data-auto_ratio='1.7'  data-set_breadcrumb='1'  data-custom_markup=''  data-taxonomy='tribe_events_cat'  data-categories='44'  data-avno='d7051b306b'>Charger plus<\/a><\/div><\/div>\n<\/div>\t\t<\/div>\n\t\t\t\t<\/div>\n\t\t\t\t\t\t<\/div>\n\t\t\t\t\t<\/div>\n\t\t<\/div>\n\t\t\t\t\t\t\t\t<\/div>\n\t\t\t\t\t<\/div>\n\t\t<\/section>\n\t\t\t\t\t\t\t\t\t<\/div>\n\t\t\t<\/div>\n\t\t\t\t\t<\/div>\n\t\t","protected":false},"excerpt":{"rendered":"<p>saison 01 LA NATURE Penser la Nature comme une n\u00e9cessit\u00e9, un besoin, un plaisir \u00e9videmment, mais avant tout un droit pour les nouvelles g\u00e9n\u00e9rations, c\u2019est se rendre responsable de ce [&hellip;]<\/p>\n","protected":false},"author":1,"featured_media":0,"parent":6006,"menu_order":0,"comment_status":"closed","ping_status":"closed","template":"","meta":{"_uag_custom_page_level_css":"","footnotes":""},"yoast_head":"<!-- This site is optimized with the Yoast SEO plugin v21.1 - https:\/\/yoast.com\/wordpress\/plugins\/seo\/ -->\n<title>Saison 01 - Les Saisons Culturelles de Chaumont<\/title>\n<meta name=\"robots\" content=\"noindex, follow, max-snippet:-1, max-image-preview:large, max-video-preview:-1\" \/>\n<meta property=\"og:locale\" content=\"fr_FR\" \/>\n<meta property=\"og:type\" content=\"article\" \/>\n<meta property=\"og:title\" content=\"Saison 01 - Les Saisons Culturelles de Chaumont\" \/>\n<meta property=\"og:description\" content=\"saison 01 LA NATURE Penser la Nature comme une n\u00e9cessit\u00e9, un besoin, un plaisir \u00e9videmment, mais avant tout un droit pour les nouvelles g\u00e9n\u00e9rations, c\u2019est se rendre responsable de ce [&hellip;]\" \/>\n<meta property=\"og:url\" content=\"https:\/\/saisonsculturelleschaumont.fr\/mdxpuixt\/autres-saisons\/saison-01\/\" \/>\n<meta property=\"og:site_name\" content=\"Les Saisons Culturelles de Chaumont\" \/>\n<meta property=\"article:publisher\" content=\"https:\/\/www.facebook.com\/saisonsculturelleschaumont\/\" \/>\n<meta property=\"article:modified_time\" content=\"2022-01-05T10:05:31+00:00\" \/>\n<meta property=\"og:image\" content=\"https:\/\/saisonsculturelleschaumont.fr\/mdxpuixt\/wp-content\/uploads\/2019\/08\/Affiche-Saison-01-A3.jpg\" \/>\n<meta name=\"twitter:card\" content=\"summary_large_image\" \/>\n<meta name=\"twitter:label1\" content=\"Dur\u00e9e de lecture estim\u00e9e\" \/>\n\t<meta name=\"twitter:data1\" content=\"1 minute\" \/>\n<script type=\"application\/ld+json\" class=\"yoast-schema-graph\">{\"@context\":\"https:\/\/schema.org\",\"@graph\":[{\"@type\":\"WebPage\",\"@id\":\"https:\/\/saisonsculturelleschaumont.fr\/mdxpuixt\/autres-saisons\/saison-01\/\",\"url\":\"https:\/\/saisonsculturelleschaumont.fr\/mdxpuixt\/autres-saisons\/saison-01\/\",\"name\":\"Saison 01 - Les Saisons Culturelles de Chaumont\",\"isPartOf\":{\"@id\":\"https:\/\/saisonsculturelleschaumont.fr\/mdxpuixt\/#website\"},\"datePublished\":\"2020-01-25T22:16:34+00:00\",\"dateModified\":\"2022-01-05T10:05:31+00:00\",\"breadcrumb\":{\"@id\":\"https:\/\/saisonsculturelleschaumont.fr\/mdxpuixt\/autres-saisons\/saison-01\/#breadcrumb\"},\"inLanguage\":\"fr-FR\",\"potentialAction\":[{\"@type\":\"ReadAction\",\"target\":[\"https:\/\/saisonsculturelleschaumont.fr\/mdxpuixt\/autres-saisons\/saison-01\/\"]}]},{\"@type\":\"BreadcrumbList\",\"@id\":\"https:\/\/saisonsculturelleschaumont.fr\/mdxpuixt\/autres-saisons\/saison-01\/#breadcrumb\",\"itemListElement\":[{\"@type\":\"ListItem\",\"position\":1,\"name\":\"Accueil\",\"item\":\"https:\/\/saisonsculturelleschaumont.fr\/mdxpuixt\/\"},{\"@type\":\"ListItem\",\"position\":2,\"name\":\"Autres saisons\",\"item\":\"https:\/\/saisonsculturelleschaumont.fr\/mdxpuixt\/autres-saisons\/\"},{\"@type\":\"ListItem\",\"position\":3,\"name\":\"Saison 01\"}]},{\"@type\":\"WebSite\",\"@id\":\"https:\/\/saisonsculturelleschaumont.fr\/mdxpuixt\/#website\",\"url\":\"https:\/\/saisonsculturelleschaumont.fr\/mdxpuixt\/\",\"name\":\"Les Saisons Culturelles de Chaumont\",\"description\":\"\",\"potentialAction\":[{\"@type\":\"SearchAction\",\"target\":{\"@type\":\"EntryPoint\",\"urlTemplate\":\"https:\/\/saisonsculturelleschaumont.fr\/mdxpuixt\/?s={search_term_string}\"},\"query-input\":\"required name=search_term_string\"}],\"inLanguage\":\"fr-FR\"}]}<\/script>\n<!-- \/ Yoast SEO plugin. -->","yoast_head_json":{"title":"Saison 01 - Les Saisons Culturelles de Chaumont","robots":{"index":"noindex","follow":"follow","max-snippet":"max-snippet:-1","max-image-preview":"max-image-preview:large","max-video-preview":"max-video-preview:-1"},"og_locale":"fr_FR","og_type":"article","og_title":"Saison 01 - Les Saisons Culturelles de Chaumont","og_description":"saison 01 LA NATURE Penser la Nature comme une n\u00e9cessit\u00e9, un besoin, un plaisir \u00e9videmment, mais avant tout un droit pour les nouvelles g\u00e9n\u00e9rations, c\u2019est se rendre responsable de ce [&hellip;]","og_url":"https:\/\/saisonsculturelleschaumont.fr\/mdxpuixt\/autres-saisons\/saison-01\/","og_site_name":"Les Saisons Culturelles de Chaumont","article_publisher":"https:\/\/www.facebook.com\/saisonsculturelleschaumont\/","article_modified_time":"2022-01-05T10:05:31+00:00","og_image":[{"url":"https:\/\/saisonsculturelleschaumont.fr\/mdxpuixt\/wp-content\/uploads\/2019\/08\/Affiche-Saison-01-A3.jpg"}],"twitter_card":"summary_large_image","twitter_misc":{"Dur\u00e9e de lecture estim\u00e9e":"1 minute"},"schema":{"@context":"https:\/\/schema.org","@graph":[{"@type":"WebPage","@id":"https:\/\/saisonsculturelleschaumont.fr\/mdxpuixt\/autres-saisons\/saison-01\/","url":"https:\/\/saisonsculturelleschaumont.fr\/mdxpuixt\/autres-saisons\/saison-01\/","name":"Saison 01 - Les Saisons Culturelles de Chaumont","isPartOf":{"@id":"https:\/\/saisonsculturelleschaumont.fr\/mdxpuixt\/#website"},"datePublished":"2020-01-25T22:16:34+00:00","dateModified":"2022-01-05T10:05:31+00:00","breadcrumb":{"@id":"https:\/\/saisonsculturelleschaumont.fr\/mdxpuixt\/autres-saisons\/saison-01\/#breadcrumb"},"inLanguage":"fr-FR","potentialAction":[{"@type":"ReadAction","target":["https:\/\/saisonsculturelleschaumont.fr\/mdxpuixt\/autres-saisons\/saison-01\/"]}]},{"@type":"BreadcrumbList","@id":"https:\/\/saisonsculturelleschaumont.fr\/mdxpuixt\/autres-saisons\/saison-01\/#breadcrumb","itemListElement":[{"@type":"ListItem","position":1,"name":"Accueil","item":"https:\/\/saisonsculturelleschaumont.fr\/mdxpuixt\/"},{"@type":"ListItem","position":2,"name":"Autres saisons","item":"https:\/\/saisonsculturelleschaumont.fr\/mdxpuixt\/autres-saisons\/"},{"@type":"ListItem","position":3,"name":"Saison 01"}]},{"@type":"WebSite","@id":"https:\/\/saisonsculturelleschaumont.fr\/mdxpuixt\/#website","url":"https:\/\/saisonsculturelleschaumont.fr\/mdxpuixt\/","name":"Les Saisons Culturelles de Chaumont","description":"","potentialAction":[{"@type":"SearchAction","target":{"@type":"EntryPoint","urlTemplate":"https:\/\/saisonsculturelleschaumont.fr\/mdxpuixt\/?s={search_term_string}"},"query-input":"required name=search_term_string"}],"inLanguage":"fr-FR"}]}},"uagb_featured_image_src":{"full":false,"thumbnail":false,"medium":false,"medium_large":false,"large":false,"1536x1536":false,"2048x2048":false,"widget":false,"square":false,"featured":false,"featured_large":false,"extra_large":false,"portfolio":false,"portfolio_small":false,"gallery":false,"magazine":false,"masonry":false,"entry_with_sidebar":false,"entry_without_sidebar":false},"uagb_author_info":{"display_name":"danielkolski","author_link":"https:\/\/saisonsculturelleschaumont.fr\/mdxpuixt\/author\/danielkolski\/"},"uagb_comment_info":0,"uagb_excerpt":"saison 01 LA NATURE Penser la Nature comme une n\u00e9cessit\u00e9, un besoin, un plaisir \u00e9videmment, mais avant tout un droit pour les nouvelles g\u00e9n\u00e9rations, c\u2019est se rendre responsable de ce [&hellip;]","_links":{"self":[{"href":"https:\/\/saisonsculturelleschaumont.fr\/mdxpuixt\/wp-json\/wp\/v2\/pages\/4615"}],"collection":[{"href":"https:\/\/saisonsculturelleschaumont.fr\/mdxpuixt\/wp-json\/wp\/v2\/pages"}],"about":[{"href":"https:\/\/saisonsculturelleschaumont.fr\/mdxpuixt\/wp-json\/wp\/v2\/types\/page"}],"author":[{"embeddable":true,"href":"https:\/\/saisonsculturelleschaumont.fr\/mdxpuixt\/wp-json\/wp\/v2\/users\/1"}],"replies":[{"embeddable":true,"href":"https:\/\/saisonsculturelleschaumont.fr\/mdxpuixt\/wp-json\/wp\/v2\/comments?post=4615"}],"version-history":[{"count":0,"href":"https:\/\/saisonsculturelleschaumont.fr\/mdxpuixt\/wp-json\/wp\/v2\/pages\/4615\/revisions"}],"up":[{"embeddable":true,"href":"https:\/\/saisonsculturelleschaumont.fr\/mdxpuixt\/wp-json\/wp\/v2\/pages\/6006"}],"wp:attachment":[{"href":"https:\/\/saisonsculturelleschaumont.fr\/mdxpuixt\/wp-json\/wp\/v2\/media?parent=4615"}],"curies":[{"name":"wp","href":"https:\/\/api.w.org\/{rel}","templated":true}]}}