{"id":4791,"date":"2020-02-11T01:46:37","date_gmt":"2020-02-11T00:46:37","guid":{"rendered":"https:\/\/saisonsculturelleschaumont.fr\/mdxpuixt\/?page_id=4791"},"modified":"2022-01-05T11:05:31","modified_gmt":"2022-01-05T10:05:31","slug":"saison-02","status":"publish","type":"page","link":"https:\/\/saisonsculturelleschaumont.fr\/mdxpuixt\/autres-saisons\/saison-02\/","title":{"rendered":"Saison 02"},"content":{"rendered":"\t\t<div data-elementor-type=\"wp-post\" data-elementor-id=\"4791\" class=\"elementor elementor-4791\">\n\t\t\t\t\t\t<div class=\"elementor-inner\">\n\t\t\t\t<div class=\"elementor-section-wrap\">\n\t\t\t\t\t\t\t\t\t<section class=\"elementor-section elementor-top-section elementor-element elementor-element-209c46a5 elementor-section-content-top elementor-section-boxed elementor-section-height-default elementor-section-height-default\" data-id=\"209c46a5\" data-element_type=\"section\">\n\t\t\t\t\t\t<div class=\"elementor-container elementor-column-gap-default\">\n\t\t\t\t\t\t\t<div class=\"elementor-row\">\n\t\t\t\t\t<div class=\"elementor-column elementor-col-50 elementor-top-column elementor-element elementor-element-293fd7ff\" data-id=\"293fd7ff\" data-element_type=\"column\">\n\t\t\t<div class=\"elementor-column-wrap elementor-element-populated\">\n\t\t\t\t\t\t\t<div class=\"elementor-widget-wrap\">\n\t\t\t\t\t\t<div class=\"elementor-element elementor-element-d4cb84d elementor-widget elementor-widget-image\" data-id=\"d4cb84d\" data-element_type=\"widget\" data-widget_type=\"image.default\">\n\t\t\t\t<div class=\"elementor-widget-container\">\n\t\t\t\t\t\t\t\t<div class=\"elementor-image\">\n\t\t\t\t\t\t\t\t\t\t\t\t<img decoding=\"async\" loading=\"lazy\" width=\"604\" height=\"852\" src=\"https:\/\/saisonsculturelleschaumont.fr\/mdxpuixt\/wp-content\/uploads\/2020\/02\/SCC2-AFF-A3-LOT-1.png\" class=\"attachment-full size-full wp-image-4793\" alt=\"\" srcset=\"https:\/\/saisonsculturelleschaumont.fr\/mdxpuixt\/wp-content\/uploads\/2020\/02\/SCC2-AFF-A3-LOT-1.png 604w, https:\/\/saisonsculturelleschaumont.fr\/mdxpuixt\/wp-content\/uploads\/2020\/02\/SCC2-AFF-A3-LOT-1-500x705.png 500w\" sizes=\"(max-width: 604px) 100vw, 604px\" \/>\t\t\t\t\t\t\t\t\t\t\t\t\t\t<\/div>\n\t\t\t\t\t\t<\/div>\n\t\t\t\t<\/div>\n\t\t\t\t\t\t<\/div>\n\t\t\t\t\t<\/div>\n\t\t<\/div>\n\t\t\t\t<div class=\"elementor-column elementor-col-50 elementor-top-column elementor-element elementor-element-7c58acce\" data-id=\"7c58acce\" data-element_type=\"column\">\n\t\t\t<div class=\"elementor-column-wrap elementor-element-populated\">\n\t\t\t\t\t\t\t<div class=\"elementor-widget-wrap\">\n\t\t\t\t\t\t<div class=\"elementor-element elementor-element-6a31efd6 elementor-widget elementor-widget-heading\" data-id=\"6a31efd6\" data-element_type=\"widget\" data-widget_type=\"heading.default\">\n\t\t\t\t<div class=\"elementor-widget-container\">\n\t\t\t<h2 class=\"elementor-heading-title elementor-size-xl\">saison 02\n<\/h2>\t\t<\/div>\n\t\t\t\t<\/div>\n\t\t\t\t<div class=\"elementor-element elementor-element-6cea6bfe elementor-widget elementor-widget-heading\" data-id=\"6cea6bfe\" data-element_type=\"widget\" data-widget_type=\"heading.default\">\n\t\t\t\t<div class=\"elementor-widget-container\">\n\t\t\t<h2 class=\"elementor-heading-title elementor-size-default\"><h2 data-elementor-setting-key=\"title\" data-pen-placeholder=\"\u00c9crivez ici...\" style=\"font-style: normal; font-variant-caps: normal; font-variant-ligatures: normal; font-variant-numeric: inherit; font-variant-east-asian: inherit; orphans: 2; widows: 2;\"><strong style=\"font-style: normal; font-variant-ligatures: normal; font-variant-caps: normal; font-variant-numeric: inherit; font-variant-east-asian: inherit; font-size: 15px; font-family: ehnormal, HelveticaNeue, &quot;Helvetica Neue&quot;, Helvetica-Neue, Helvetica, Arial, sans-serif; white-space: normal;\">ART ET NOUVELLES TECHNOLOGIES<\/strong><span style=\"font-family: ehnormal, HelveticaNeue, &quot;Helvetica Neue&quot;, Helvetica-Neue, Helvetica, Arial, sans-serif; font-size: 28px; font-weight: 600;\"><\/span><\/h2><\/h2>\t\t<\/div>\n\t\t\t\t<\/div>\n\t\t\t\t<div class=\"elementor-element elementor-element-4e43bab4 elementor-widget elementor-widget-text-editor\" data-id=\"4e43bab4\" data-element_type=\"widget\" data-widget_type=\"text-editor.default\">\n\t\t\t\t<div class=\"elementor-widget-container\">\n\t\t\t\t\t\t\t\t<div class=\"elementor-text-editor elementor-clearfix\">\n\t\t\t\t<p>Recevoir, \u00e9mettre, traiter, stocker, \u00e9diter\u00a0: c\u2019est sur le mod\u00e8le de son propre fonctionnement que l\u2019homme a cr\u00e9\u00e9 les machines. En leur retransmettant le propre du vivant, nous nous sommes contraints \u00e0 red\u00e9finir les notions de temps, d\u2019espace et d\u2019individu. Nous avons externalis\u00e9, en les sortant de nos t\u00eates et en les confiant \u00e0 des machines, les facult\u00e9s de m\u00e9moire, d\u2019imagination et de raison\u00a0; nous avons modifi\u00e9 notre rapport \u00e0 l\u2019espace g\u00e9opolitique en ouvrant les r\u00e9seaux de communication de mani\u00e8re illimit\u00e9e\u00a0; nous avons fait \u00e9voluer notre langage vers une autre forme d\u2019\u00e9criture. Faut-il, pour autant, avoir peur des nouvelles technologies\u00a0? A la lecture des romans de George Orwell (1984), Aldous Huxley (Le meilleur des mondes), Samuel Butler (Erewhon), ou plus r\u00e9cemment Margaret Atwood (La servante \u00e9carlate) et Kazuo Ishiguro (Never let me go), oui, assur\u00e9ment lorsque la technologie nous \u00e9chappe et qu\u2019elle est utilis\u00e9e \u00e0 d\u2019autres fins moins nobles que celle d\u2019am\u00e9liorer la qualit\u00e9 de vie de l\u2019\u00eatre humain. Les d\u00e9rives du progr\u00e8s de la science et des technologies posent, dans tous les cas, la question de nos libert\u00e9s fondamentales. Auteurs de romans d\u2019anticipation dystopique et scientifiques s\u2019accordent pour dire que les machines r\u00e9interrogent notre regard sur nous-m\u00eames. Philosophe et math\u00e9maticien, Pierre Cassou-Nogu\u00e8s, souligne dans Technofictions (Cerf, 2019)\u00a0: \u00ab\u00a0c\u2019est parce que la technologie contemporaine modifie notre forme de vie, que son sens doit \u00eatre interrog\u00e9\u00a0\u00bb. C\u2019est ce que nous nous efforcerons de faire tout au long de cette nouvelle saison culturelle, en portant notre regard sur le r\u00f4le de l\u2019art et sur l\u2019usage que font nos artistes invit\u00e9s des nouvelles technologies.\u00a0<\/p><p><a href=\"https:\/\/saisonsculturelleschaumont.fr\/mdxpuixt\/wp-content\/uploads\/2020\/02\/SCC-2-Journal-pages.pdf\">t\u00e9l\u00e9charger le journal de la saison 02<\/a><\/p>\t\t\t\t\t<\/div>\n\t\t\t\t\t\t<\/div>\n\t\t\t\t<\/div>\n\t\t\t\t<div class=\"elementor-element elementor-element-3ebdaab elementor-widget elementor-widget-premium-addon-button\" data-id=\"3ebdaab\" data-element_type=\"widget\" data-widget_type=\"premium-addon-button.default\">\n\t\t\t\t<div class=\"elementor-widget-container\">\n\t\t\t\r\n\r\n\t\t<a class=\"premium-button premium-button-none premium-btn-lg premium-button-none\" href=\"https:\/\/saisonsculturelleschaumont.fr\/mdxpuixt\/autres-saisons\/\">\r\n\t\t\t<div class=\"premium-button-text-icon-wrapper\">\r\n\t\t\t\t\t\t\t\t<span >\r\n\t\t\t\t\tautres saisons\t\t\t\t<\/span>\r\n\t\t\t\t\t\t\t<\/div>\r\n\t\t\t\t\t\t\t\t<\/a>\r\n\r\n\r\n\t\t\t\t<\/div>\n\t\t\t\t<\/div>\n\t\t\t\t\t\t<\/div>\n\t\t\t\t\t<\/div>\n\t\t<\/div>\n\t\t\t\t\t\t\t\t<\/div>\n\t\t\t\t\t<\/div>\n\t\t<\/section>\n\t\t\t\t<section class=\"elementor-section elementor-top-section elementor-element elementor-element-4e17ff0 elementor-section-boxed elementor-section-height-default elementor-section-height-default\" data-id=\"4e17ff0\" data-element_type=\"section\">\n\t\t\t\t\t\t<div class=\"elementor-container elementor-column-gap-default\">\n\t\t\t\t\t\t\t<div class=\"elementor-row\">\n\t\t\t\t\t<div class=\"elementor-column elementor-col-100 elementor-top-column elementor-element elementor-element-027f6a7\" data-id=\"027f6a7\" data-element_type=\"column\">\n\t\t\t<div class=\"elementor-column-wrap elementor-element-populated\">\n\t\t\t\t\t\t\t<div class=\"elementor-widget-wrap\">\n\t\t\t\t\t\t<div class=\"elementor-element elementor-element-313bc2d elementor-widget elementor-widget-wp-widget-ipw\" data-id=\"313bc2d\" data-element_type=\"widget\" data-widget_type=\"wp-widget-ipw.default\">\n\t\t\t\t<div class=\"elementor-widget-container\">\n\t\t\t<div data-post-id=\"5603\" class=\"insert-page insert-page-5603 \">\n<style type=\"text\/css\" data-created_by=\"avia_inline_auto\" id=\"style-css-av-jyhtyvi9-c472173ad61115fa27e237f275a93df0\">\n#top .av_textblock_section.av-jyhtyvi9-c472173ad61115fa27e237f275a93df0 .avia_textblock{\nfont-size:24px;\n}\n<\/style>\n<section  class='av_textblock_section av-jyhtyvi9-c472173ad61115fa27e237f275a93df0 '   itemscope=\"itemscope\" itemtype=\"https:\/\/schema.org\/CreativeWork\" ><div class='avia_textblock'  itemprop=\"text\" ><p>\u2022 arts visuels<\/p>\n<\/div><\/section>\n\n<style type=\"text\/css\" data-created_by=\"avia_inline_auto\" id=\"style-css-av-r7jg-a2a37e95637f5b1b440c8c6c21e046e8\">\n#top .flex_column.av-r7jg-a2a37e95637f5b1b440c8c6c21e046e8{\nmargin-top:0px;\nmargin-bottom:20px;\n}\n.flex_column.av-r7jg-a2a37e95637f5b1b440c8c6c21e046e8{\nborder-radius:0px 0px 0px 0px;\npadding:0px 0px 0px 0px;\n}\n.responsive #top #wrap_all .flex_column.av-r7jg-a2a37e95637f5b1b440c8c6c21e046e8{\nmargin-top:0px;\nmargin-bottom:20px;\n}\n<\/style>\n<div  class='flex_column av-r7jg-a2a37e95637f5b1b440c8c6c21e046e8 av_one_full  avia-builder-el-1  el_after_av_textblock  el_before_av_textblock  first flex_column_div av-zero-column-padding  column-top-margin'     ><div id='grille-ala-une' class='av-masonry av-jxpefprf-f70ba466323558a09a793dd10750b8dd noHover av-fixed-size av-1px-gap av-hover-overlay- av-masonry-animation- av-masonry-col-3 av-caption-on-hover av-caption-style-overlay av-masonry-entries av-medium-columns-overwrite av-medium-columns-2 av-small-columns-overwrite av-small-columns-2 av-mini-columns-overwrite av-mini-columns-1 ' data-post_id=\"5603\"><div class=\"av-masonry-container isotope av-js-disabled\"><div class='av-masonry-entry isotope-item av-masonry-item-no-image '><\/div><a href=\"https:\/\/saisonsculturelleschaumont.fr\/mdxpuixt\/evenement\/conferences-du-mardi-3\/\"  id='av-masonry-1-item-4576' data-av-masonry-item='4576' class='av-masonry-entry isotope-item post-4576 tribe_events type-tribe_events status-publish has-post-thumbnail hentry tag-adulte tag-conference tag-paysage tribe_events_cat-arts-visuels  av-masonry-item-with-image' title=\"conf\u00e9rence du mardi\"   itemscope=\"itemscope\" itemtype=\"https:\/\/schema.org\/CreativeWork\" ><div class='av-inner-masonry-sizer'><\/div><figure class='av-inner-masonry main_color'><div class=\"av-masonry-outerimage-container\"><div class='av-masonry-image-container' style=\"background-image: url(https:\/\/saisonsculturelleschaumont.fr\/mdxpuixt\/wp-content\/uploads\/2020\/01\/F3B214B2-B6FD-4C19-B48B-0C3CA8F6B18E-2-705x529.jpeg);\"  title=\"conf\u00e9rence du mardi\"  ><\/div><\/div><figcaption class='av-inner-masonry-content site-background'><div class='av-inner-masonry-content-pos'><div class='av-inner-masonry-content-pos-content'><div class='avia-arrow'><\/div><span class=\"tribe-event-date-start\">11 F\u00e9v 2020  20:30<\/span> - <span class=\"tribe-event-time\">22:30<\/span><br><span class=\"tribe-event-categories\">arts visuels<\/span><h3 class='av-masonry-entry-title entry-title '  itemprop=\"headline\" >Conf\u00e9rences du mardi<\/h3><\/div><\/div><\/figcaption><\/figure><\/a><!--end av-masonry entry--><a href=\"https:\/\/saisonsculturelleschaumont.fr\/mdxpuixt\/evenement\/de-toutes-facons-design-graphique-et-textile\/\"  id='av-masonry-1-item-4782' data-av-masonry-item='4782' class='av-masonry-entry isotope-item post-4782 tribe_events type-tribe_events status-publish has-post-thumbnail hentry tag-exposition tag-signe tribe_events_cat-arts-visuels  av-masonry-item-with-image' title=\"0001 copie\"   itemscope=\"itemscope\" itemtype=\"https:\/\/schema.org\/CreativeWork\" ><div class='av-inner-masonry-sizer'><\/div><figure class='av-inner-masonry main_color'><div class=\"av-masonry-outerimage-container\"><div class='av-masonry-image-container' style=\"background-image: url(https:\/\/saisonsculturelleschaumont.fr\/mdxpuixt\/wp-content\/uploads\/2019\/08\/0001-copie-705x643.jpg);\"  title=\"0001 copie\"  ><\/div><\/div><figcaption class='av-inner-masonry-content site-background'><div class='av-inner-masonry-content-pos'><div class='av-inner-masonry-content-pos-content'><div class='avia-arrow'><\/div><span class=\"tribe-event-date-start\">1 Jan 2020<\/span> - <span class=\"tribe-event-date-end\">22 Mar 2020<\/span><br><span class=\"tribe-event-categories\">arts visuels<\/span><h3 class='av-masonry-entry-title entry-title '  itemprop=\"headline\" >De toutes fa\u00e7ons &#8230; Design graphique et textile<\/h3><\/div><\/div><\/figcaption><\/figure><\/a><!--end av-masonry entry--><a href=\"https:\/\/saisonsculturelleschaumont.fr\/mdxpuixt\/evenement\/visite-atelier-a-vos-masques\/\"  id='av-masonry-1-item-4830' data-av-masonry-item='4830' class='av-masonry-entry isotope-item post-4830 tribe_events type-tribe_events status-publish has-post-thumbnail hentry tag-atelier tag-enfant tag-visite-guidee tribe_events_cat-arts-visuels  av-masonry-item-with-image' title=\"Visite atelier A vos masques\"   itemscope=\"itemscope\" itemtype=\"https:\/\/schema.org\/CreativeWork\" ><div class='av-inner-masonry-sizer'><\/div><figure class='av-inner-masonry main_color'><div class=\"av-masonry-outerimage-container\"><div class='av-masonry-image-container' style=\"background-image: url(https:\/\/saisonsculturelleschaumont.fr\/mdxpuixt\/wp-content\/uploads\/2020\/02\/Visite-atelier-A-vos-masques-705x588.jpg);\"  title=\"Visite atelier A vos masques\"  ><\/div><\/div><figcaption class='av-inner-masonry-content site-background'><div class='av-inner-masonry-content-pos'><div class='av-inner-masonry-content-pos-content'><div class='avia-arrow'><\/div><span class=\"tribe-event-date-start\">12 F\u00e9v 2020  14:30<\/span> - <span class=\"tribe-event-date-end\">4 Mar 2020  16:00<\/span><br><span class=\"tribe-event-categories\">arts visuels<\/span><h3 class='av-masonry-entry-title entry-title '  itemprop=\"headline\" >Visite-atelier A vos masques !<\/h3><\/div><\/div><\/figcaption><\/figure><\/a><!--end av-masonry entry--><a href=\"https:\/\/saisonsculturelleschaumont.fr\/mdxpuixt\/evenement\/conferences-du-mardi-4\/\"  id='av-masonry-1-item-4831' data-av-masonry-item='4831' class='av-masonry-entry isotope-item post-4831 tribe_events type-tribe_events status-publish has-post-thumbnail hentry tag-adulte tag-conference tag-paysage tribe_events_cat-arts-visuels  av-masonry-item-with-image' title=\"Paysage +\u00e1 la vengeance de Diane, Italie, XVII\"   itemscope=\"itemscope\" itemtype=\"https:\/\/schema.org\/CreativeWork\" ><div class='av-inner-masonry-sizer'><\/div><figure class='av-inner-masonry main_color'><div class=\"av-masonry-outerimage-container\"><div class='av-masonry-image-container' style=\"background-image: url(https:\/\/saisonsculturelleschaumont.fr\/mdxpuixt\/wp-content\/uploads\/2020\/02\/Paysage-\u00e1-la-vengeance-de-Diane-Italie-XVII-705x634.jpg);\"  title=\"Paysage +\u00e1 la vengeance de Diane, Italie, XVII\"  ><\/div><\/div><figcaption class='av-inner-masonry-content site-background'><div class='av-inner-masonry-content-pos'><div class='av-inner-masonry-content-pos-content'><div class='avia-arrow'><\/div><span class=\"tribe-event-date-start\">7 Avr 2020  20:30<\/span> - <span class=\"tribe-event-time\">22:30<\/span><br><span class=\"tribe-event-categories\">arts visuels<\/span><h3 class='av-masonry-entry-title entry-title '  itemprop=\"headline\" >Conf\u00e9rences du mardi &#8211; report\u00e9e<\/h3><\/div><\/div><\/figcaption><\/figure><\/a><!--end av-masonry entry--><a href=\"https:\/\/saisonsculturelleschaumont.fr\/mdxpuixt\/evenement\/nuit-des-musees\/\"  id='av-masonry-1-item-4832' data-av-masonry-item='4832' class='av-masonry-entry isotope-item post-4832 tribe_events type-tribe_events status-publish has-post-thumbnail hentry tag-adulte tag-enfant tag-visite tag-visite-guidee tribe_events_cat-arts-visuels  av-masonry-item-with-image' title=\"Mus\u00e9es\"   itemscope=\"itemscope\" itemtype=\"https:\/\/schema.org\/CreativeWork\" ><div class='av-inner-masonry-sizer'><\/div><figure class='av-inner-masonry main_color'><div class=\"av-masonry-outerimage-container\"><div class='av-masonry-image-container' style=\"background-image: url(https:\/\/saisonsculturelleschaumont.fr\/mdxpuixt\/wp-content\/uploads\/2020\/02\/Mus\u00e9es-705x470.jpg);\"  title=\"Mus\u00e9es\"  ><\/div><\/div><figcaption class='av-inner-masonry-content site-background'><div class='av-inner-masonry-content-pos'><div class='av-inner-masonry-content-pos-content'><div class='avia-arrow'><\/div><span class=\"tribe-event-date-start\">16 Mai 2020  20:00<\/span> - <span class=\"tribe-event-time\">23:00<\/span><br><span class=\"tribe-event-categories\">arts visuels<\/span><h3 class='av-masonry-entry-title entry-title '  itemprop=\"headline\" >Nuit des Mus\u00e9es &#8211; report\u00e9e<\/h3><\/div><\/div><\/figcaption><\/figure><\/a><!--end av-masonry entry--><a href=\"https:\/\/saisonsculturelleschaumont.fr\/mdxpuixt\/evenement\/visite-guidee-le-tour-de-loeuvre-3\/\"  id='av-masonry-1-item-4828' data-av-masonry-item='4828' class='av-masonry-entry isotope-item post-4828 tribe_events type-tribe_events status-publish has-post-thumbnail hentry tag-adulte tag-peinture tag-visite-guidee tribe_events_cat-arts-visuels  av-masonry-item-with-image' title=\"Ferrari, Hercule et Omphale, copyright Th. Peters\"   itemscope=\"itemscope\" itemtype=\"https:\/\/schema.org\/CreativeWork\" ><div class='av-inner-masonry-sizer'><\/div><figure class='av-inner-masonry main_color'><div class=\"av-masonry-outerimage-container\"><div class='av-masonry-image-container' style=\"background-image: url(https:\/\/saisonsculturelleschaumont.fr\/mdxpuixt\/wp-content\/uploads\/2020\/02\/Ferrari-Hercule-et-Omphale-copyright-Th.-Peters-705x565.jpg);\"  title=\"Ferrari, Hercule et Omphale, copyright Th. Peters\"  ><\/div><\/div><figcaption class='av-inner-masonry-content site-background'><div class='av-inner-masonry-content-pos'><div class='av-inner-masonry-content-pos-content'><div class='avia-arrow'><\/div><span class=\"tribe-event-date-start\">29 Jan 2020  17:00<\/span> - <span class=\"tribe-event-time\">17:45<\/span><br><span class=\"tribe-event-categories\">arts visuels<\/span><h3 class='av-masonry-entry-title entry-title '  itemprop=\"headline\" >Visite guid\u00e9e Le Tour de l&rsquo;\u0153uvre<\/h3><\/div><\/div><\/figcaption><\/figure><\/a><!--end av-masonry entry--><\/div><a class='av-masonry-pagination av-masonry-load-more' href='#load-more'  data-link='tribe_events_cat, 42'  data-term_rel='IN'  data-wc_prod_visible=''  data-wc_prod_hidden=''  data-wc_prod_featured=''  data-prod_order_by=''  data-prod_order=''  data-date_filter='date_filter'  data-date_filter_start='2020\/01\/01'  data-date_filter_end='2020\/07\/31'  data-date_filter_format='yy\/mm\/dd'  data-period_filter_unit_1=''  data-period_filter_unit_2=''  data-page_element_filter=''  data-sort='no'  data-query_orderby='date'  data-query_order='ASC'  data-caption_elements='title'  data-caption_styling='overlay'  data-caption_display='on-hover'  data-img_copyright=''  data-size='fixed'  data-orientation=''  data-image_size='masonry'  data-gap='1px'  data-columns='3'  data-av-desktop-columns=''  data-av-medium-columns='2'  data-av-small-columns='2'  data-av-mini-columns='1'  data-items='6'  data-paginate='load_more'  data-color='custom'  data-custom_bg=''  data-img_copyright_font=''  data-av-desktop-font-img_copyright_font=''  data-av-medium-font-img_copyright_font=''  data-av-small-font-img_copyright_font=''  data-av-mini-font-img_copyright_font=''  data-img_copyright_color=''  data-img_copyright_bg=''  data-animation=''  data-animation_duration=''  data-animation_custom_bg_color=''  data-animation_custom_bg_color_multi_list=''  data-animation_z_index_curtain='100'  data-overlay_fx=''  data-img_scrset=''  data-lazy_loading='disabled'  data-av-desktop-hide=''  data-av-medium-hide=''  data-av-small-hide=''  data-av-mini-hide=''  data-alb_description=''  data-id='grille-ala-une'  data-custom_class=''  data-template_class=''  data-av_uid='av-jxpefprf'  data-sc_version='1.0'  data-ids=''  data-action=''  data-post_type='post, page, attachment, revision, nav_menu_item, custom_css, customize_changeset, oembed_cache, user_request, wp_block, wp_template, wp_template_part, wp_global_styles, wp_navigation, e-landing-page, elementor_library, tribe_event_series, wpcf7_contact_form, tribe_venue, tribe_organizer, tribe_events, tribe-ea-record, deleted_event, spectra-popup, portfolio, avia_framework_post, popupbuilder'  data-offset='0'  data-container_links='active'  data-link_dest=''  data-lightbox_text=''  data-container_class='av-masonry-entries'  data-auto_ratio='1.7'  data-set_breadcrumb='1'  data-custom_markup=''  data-taxonomy='tribe_events_cat'  data-categories='42'  data-avno='d7051b306b'>Charger plus<\/a><\/div><\/div>\n\n<style type=\"text\/css\" data-created_by=\"avia_inline_auto\" id=\"style-css-av-jyhtyvi9-15-84f98217221f9b65858bfc93ea3a34dc\">\n#top .av_textblock_section.av-jyhtyvi9-15-84f98217221f9b65858bfc93ea3a34dc .avia_textblock{\nfont-size:24px;\n}\n<\/style>\n<section  class='av_textblock_section av-jyhtyvi9-15-84f98217221f9b65858bfc93ea3a34dc '   itemscope=\"itemscope\" itemtype=\"https:\/\/schema.org\/CreativeWork\" ><div class='avia_textblock'  itemprop=\"text\" ><p>\u2022 graphisme dans la ville<\/p>\n<\/div><\/section>\n\n<style type=\"text\/css\" data-created_by=\"avia_inline_auto\" id=\"style-css-av-r7jg-14-3393e343b22b816fae27aef8c26ece93\">\n#top .flex_column.av-r7jg-14-3393e343b22b816fae27aef8c26ece93{\nmargin-top:0px;\nmargin-bottom:20px;\n}\n.flex_column.av-r7jg-14-3393e343b22b816fae27aef8c26ece93{\nborder-radius:0px 0px 0px 0px;\npadding:0px 0px 0px 0px;\n}\n.responsive #top #wrap_all .flex_column.av-r7jg-14-3393e343b22b816fae27aef8c26ece93{\nmargin-top:0px;\nmargin-bottom:20px;\n}\n<\/style>\n<div  class='flex_column av-r7jg-14-3393e343b22b816fae27aef8c26ece93 av_one_full  avia-builder-el-4  el_after_av_textblock  el_before_av_textblock  first flex_column_div av-zero-column-padding  column-top-margin'     ><div id='grille-ala-une' class='av-masonry av-jxpefprf-13-0dd33df0fe5f0431df97eab6493f80cf noHover av-fixed-size av-1px-gap av-hover-overlay- av-masonry-animation- av-masonry-col-3 av-caption-on-hover av-caption-style-overlay av-masonry-entries av-medium-columns-overwrite av-medium-columns-2 av-small-columns-overwrite av-small-columns-2 av-mini-columns-overwrite av-mini-columns-1 ' data-post_id=\"5603\"><div class=\"av-masonry-container isotope av-js-disabled\"><div class='av-masonry-entry isotope-item av-masonry-item-no-image '><\/div><a href=\"https:\/\/saisonsculturelleschaumont.fr\/mdxpuixt\/evenement\/interface-tangible-aurelien-jeanney\/\"  id='av-masonry-2-item-4963' data-av-masonry-item='4963' class='av-masonry-entry isotope-item post-4963 tribe_events type-tribe_events status-publish has-post-thumbnail hentry tag-art tag-fresque tribe_events_cat-graphisme-dans-la-ville  av-masonry-item-with-image' title=\"AurelienJeanney\"   itemscope=\"itemscope\" itemtype=\"https:\/\/schema.org\/CreativeWork\" ><div class='av-inner-masonry-sizer'><\/div><figure class='av-inner-masonry main_color'><div class=\"av-masonry-outerimage-container\"><div class='av-masonry-image-container' style=\"background-image: url(https:\/\/saisonsculturelleschaumont.fr\/mdxpuixt\/wp-content\/uploads\/2020\/02\/AurelienJeanney-705x334.jpg);\"  title=\"AurelienJeanney\"  ><\/div><\/div><figcaption class='av-inner-masonry-content site-background'><div class='av-inner-masonry-content-pos'><div class='av-inner-masonry-content-pos-content'><div class='avia-arrow'><\/div><span class=\"tribe-event-date-start\">13 F\u00e9v 2020<\/span> - <span class=\"tribe-event-date-end\">30 Juin 2020<\/span><br><span class=\"tribe-event-categories\">graphisme dans la ville<\/span><h3 class='av-masonry-entry-title entry-title '  itemprop=\"headline\" >Interface Tangible &#8211; Aur\u00e9lien Jeanney<\/h3><\/div><\/div><\/figcaption><\/figure><\/a><!--end av-masonry entry--><\/div><\/div><\/div>\n\n<style type=\"text\/css\" data-created_by=\"avia_inline_auto\" id=\"style-css-av-jyhtyvi9-12-f13ee616ba9fe1abe5e2f09a40122a04\">\n#top .av_textblock_section.av-jyhtyvi9-12-f13ee616ba9fe1abe5e2f09a40122a04 .avia_textblock{\nfont-size:24px;\n}\n<\/style>\n<section  class='av_textblock_section av-jyhtyvi9-12-f13ee616ba9fe1abe5e2f09a40122a04 '   itemscope=\"itemscope\" itemtype=\"https:\/\/schema.org\/CreativeWork\" ><div class='avia_textblock'  itemprop=\"text\" ><p>\u2022 livre et rencontres<\/p>\n<\/div><\/section>\n\n<style type=\"text\/css\" data-created_by=\"avia_inline_auto\" id=\"style-css-av-r7jg-11-3bcb5feaa1ea2fd0f265f6a37c1cf53e\">\n#top .flex_column.av-r7jg-11-3bcb5feaa1ea2fd0f265f6a37c1cf53e{\nmargin-top:0px;\nmargin-bottom:20px;\n}\n.flex_column.av-r7jg-11-3bcb5feaa1ea2fd0f265f6a37c1cf53e{\nborder-radius:0px 0px 0px 0px;\npadding:0px 0px 0px 0px;\n}\n.responsive #top #wrap_all .flex_column.av-r7jg-11-3bcb5feaa1ea2fd0f265f6a37c1cf53e{\nmargin-top:0px;\nmargin-bottom:20px;\n}\n<\/style>\n<div  class='flex_column av-r7jg-11-3bcb5feaa1ea2fd0f265f6a37c1cf53e av_one_full  avia-builder-el-7  el_after_av_textblock  el_before_av_textblock  first flex_column_div av-zero-column-padding  column-top-margin'     ><div id='grille-ala-une' class='av-masonry av-jxpefprf-10-bf616ddf437e9c73cf5d6a4cc19fad59 noHover av-fixed-size av-1px-gap av-hover-overlay- av-masonry-animation- av-masonry-col-3 av-caption-on-hover av-caption-style-overlay av-masonry-entries av-medium-columns-overwrite av-medium-columns-2 av-small-columns-overwrite av-small-columns-2 av-mini-columns-overwrite av-mini-columns-1 ' data-post_id=\"5603\"><div class=\"av-masonry-container isotope av-js-disabled\"><div class='av-masonry-entry isotope-item av-masonry-item-no-image '><\/div><a href=\"https:\/\/saisonsculturelleschaumont.fr\/mdxpuixt\/evenement\/baru-rocknroll-band-exposition\/\"  id='av-masonry-3-item-5138' data-av-masonry-item='5138' class='av-masonry-entry isotope-item post-5138 tribe_events type-tribe_events status-publish has-post-thumbnail hentry tribe_events_cat-livre-et-rencontres  av-masonry-item-with-image' title=\"BARU 5\"   itemscope=\"itemscope\" itemtype=\"https:\/\/schema.org\/CreativeWork\" ><div class='av-inner-masonry-sizer'><\/div><figure class='av-inner-masonry main_color'><div class=\"av-masonry-outerimage-container\"><div class='av-masonry-image-container' style=\"background-image: url(https:\/\/saisonsculturelleschaumont.fr\/mdxpuixt\/wp-content\/uploads\/2020\/02\/BARU-5.jpg);\"  title=\"BARU 5\"  ><\/div><\/div><figcaption class='av-inner-masonry-content site-background'><div class='av-inner-masonry-content-pos'><div class='av-inner-masonry-content-pos-content'><div class='avia-arrow'><\/div><span class=\"tribe-event-date-start\">11 F\u00e9v 2020<\/span> - <span class=\"tribe-event-date-end\">28 F\u00e9v 2020<\/span><br><span class=\"tribe-event-categories\">livre et rencontres<\/span><h3 class='av-masonry-entry-title entry-title '  itemprop=\"headline\" >BARU Rock&rsquo;n&rsquo;roll Band &#8211; Exposition<\/h3><\/div><\/div><\/figcaption><\/figure><\/a><!--end av-masonry entry--><a href=\"https:\/\/saisonsculturelleschaumont.fr\/mdxpuixt\/evenement\/baru-rocknroll-band-visite-guidee-de-lexposition-avec-baru\/\"  id='av-masonry-3-item-5139' data-av-masonry-item='5139' class='av-masonry-entry isotope-item post-5139 tribe_events type-tribe_events status-publish has-post-thumbnail hentry tribe_events_cat-livre-et-rencontres  av-masonry-item-with-image' title=\"BARU 1\"   itemscope=\"itemscope\" itemtype=\"https:\/\/schema.org\/CreativeWork\" ><div class='av-inner-masonry-sizer'><\/div><figure class='av-inner-masonry main_color'><div class=\"av-masonry-outerimage-container\"><div class='av-masonry-image-container' style=\"background-image: url(https:\/\/saisonsculturelleschaumont.fr\/mdxpuixt\/wp-content\/uploads\/2020\/02\/BARU-1.jpg);\"  title=\"BARU 1\"  ><\/div><\/div><figcaption class='av-inner-masonry-content site-background'><div class='av-inner-masonry-content-pos'><div class='av-inner-masonry-content-pos-content'><div class='avia-arrow'><\/div><span class=\"tribe-event-date-start\">15 F\u00e9v 2020  14:00<\/span><br><span class=\"tribe-event-categories\">livre et rencontres<\/span><h3 class='av-masonry-entry-title entry-title '  itemprop=\"headline\" >BARU Rock&rsquo;n&rsquo;roll Band &#8211; Visite guid\u00e9e de l&rsquo;exposition avec Baru<\/h3><\/div><\/div><\/figcaption><\/figure><\/a><!--end av-masonry entry--><a href=\"https:\/\/saisonsculturelleschaumont.fr\/mdxpuixt\/evenement\/baru-rocknroll-band-king-automatic\/\"  id='av-masonry-3-item-5141' data-av-masonry-item='5141' class='av-masonry-entry isotope-item post-5141 tribe_events type-tribe_events status-publish has-post-thumbnail hentry tribe_events_cat-livre-et-rencontres  av-masonry-item-with-image' title=\"BANDEAUX SIlos-10\"   itemscope=\"itemscope\" itemtype=\"https:\/\/schema.org\/CreativeWork\" ><div class='av-inner-masonry-sizer'><\/div><figure class='av-inner-masonry main_color'><div class=\"av-masonry-outerimage-container\"><div class='av-masonry-image-container' style=\"background-image: url(https:\/\/saisonsculturelleschaumont.fr\/mdxpuixt\/wp-content\/uploads\/2019\/07\/BANDEAUX-SIlos-10-705x420.png);\"  title=\"BANDEAUX SIlos-10\"  ><\/div><\/div><figcaption class='av-inner-masonry-content site-background'><div class='av-inner-masonry-content-pos'><div class='av-inner-masonry-content-pos-content'><div class='avia-arrow'><\/div><span class=\"tribe-event-date-start\">15 F\u00e9v 2020  18:00<\/span><br><span class=\"tribe-event-categories\">livre et rencontres<\/span><h3 class='av-masonry-entry-title entry-title '  itemprop=\"headline\" >BARU Rock&rsquo;n&rsquo;roll Band &#8211; King Automatic<\/h3><\/div><\/div><\/figcaption><\/figure><\/a><!--end av-masonry entry--><a href=\"https:\/\/saisonsculturelleschaumont.fr\/mdxpuixt\/evenement\/baru-rocknroll-band-dedicaces-avec-baru\/\"  id='av-masonry-3-item-5140' data-av-masonry-item='5140' class='av-masonry-entry isotope-item post-5140 tribe_events type-tribe_events status-publish has-post-thumbnail hentry tribe_events_cat-livre-et-rencontres  av-masonry-item-with-image' title=\"BANDEAUX SIlos-10\"   itemscope=\"itemscope\" itemtype=\"https:\/\/schema.org\/CreativeWork\" ><div class='av-inner-masonry-sizer'><\/div><figure class='av-inner-masonry main_color'><div class=\"av-masonry-outerimage-container\"><div class='av-masonry-image-container' style=\"background-image: url(https:\/\/saisonsculturelleschaumont.fr\/mdxpuixt\/wp-content\/uploads\/2019\/07\/BANDEAUX-SIlos-10-705x420.png);\"  title=\"BANDEAUX SIlos-10\"  ><\/div><\/div><figcaption class='av-inner-masonry-content site-background'><div class='av-inner-masonry-content-pos'><div class='av-inner-masonry-content-pos-content'><div class='avia-arrow'><\/div><span class=\"tribe-event-date-start\">15 F\u00e9v 2020  15:00<\/span><br><span class=\"tribe-event-categories\">livre et rencontres<\/span><h3 class='av-masonry-entry-title entry-title '  itemprop=\"headline\" >BARU Rock&rsquo;n&rsquo;roll Band &#8211; D\u00e9dicaces avec Baru<\/h3><\/div><\/div><\/figcaption><\/figure><\/a><!--end av-masonry entry--><a href=\"https:\/\/saisonsculturelleschaumont.fr\/mdxpuixt\/evenement\/atelier-anime-ta-bd\/\"  id='av-masonry-3-item-5142' data-av-masonry-item='5142' class='av-masonry-entry isotope-item post-5142 tribe_events type-tribe_events status-publish has-post-thumbnail hentry tag-atelier tag-enfant tribe_events_cat-livre-et-rencontres  av-masonry-item-with-image' title=\"BANDEAUX SIlos-10\"   itemscope=\"itemscope\" itemtype=\"https:\/\/schema.org\/CreativeWork\" ><div class='av-inner-masonry-sizer'><\/div><figure class='av-inner-masonry main_color'><div class=\"av-masonry-outerimage-container\"><div class='av-masonry-image-container' style=\"background-image: url(https:\/\/saisonsculturelleschaumont.fr\/mdxpuixt\/wp-content\/uploads\/2019\/07\/BANDEAUX-SIlos-10-705x420.png);\"  title=\"BANDEAUX SIlos-10\"  ><\/div><\/div><figcaption class='av-inner-masonry-content site-background'><div class='av-inner-masonry-content-pos'><div class='av-inner-masonry-content-pos-content'><div class='avia-arrow'><\/div><span class=\"tribe-event-date-start\">18 F\u00e9v 2020  15:00<\/span> - <span class=\"tribe-event-time\">16:30<\/span><br><span class=\"tribe-event-categories\">livre et rencontres<\/span><h3 class='av-masonry-entry-title entry-title '  itemprop=\"headline\" >Atelier \u00ab\u00a0Anime ta BD\u00a0\u00bb<\/h3><\/div><\/div><\/figcaption><\/figure><\/a><!--end av-masonry entry--><a href=\"https:\/\/saisonsculturelleschaumont.fr\/mdxpuixt\/evenement\/atelier-anime-ta-bd-2\/\"  id='av-masonry-3-item-5143' data-av-masonry-item='5143' class='av-masonry-entry isotope-item post-5143 tribe_events type-tribe_events status-publish has-post-thumbnail hentry tag-atelier tag-enfant tribe_events_cat-livre-et-rencontres  av-masonry-item-with-image' title=\"BANDEAUX SIlos-10\"   itemscope=\"itemscope\" itemtype=\"https:\/\/schema.org\/CreativeWork\" ><div class='av-inner-masonry-sizer'><\/div><figure class='av-inner-masonry main_color'><div class=\"av-masonry-outerimage-container\"><div class='av-masonry-image-container' style=\"background-image: url(https:\/\/saisonsculturelleschaumont.fr\/mdxpuixt\/wp-content\/uploads\/2019\/07\/BANDEAUX-SIlos-10-705x420.png);\"  title=\"BANDEAUX SIlos-10\"  ><\/div><\/div><figcaption class='av-inner-masonry-content site-background'><div class='av-inner-masonry-content-pos'><div class='av-inner-masonry-content-pos-content'><div class='avia-arrow'><\/div><span class=\"tribe-event-date-start\">26 F\u00e9v 2020  15:00<\/span> - <span class=\"tribe-event-time\">16:30<\/span><br><span class=\"tribe-event-categories\">livre et rencontres<\/span><h3 class='av-masonry-entry-title entry-title '  itemprop=\"headline\" >Atelier \u00ab\u00a0Anime ta BD\u00a0\u00bb<\/h3><\/div><\/div><\/figcaption><\/figure><\/a><!--end av-masonry entry--><\/div><a class='av-masonry-pagination av-masonry-load-more' href='#load-more'  data-link='tribe_events_cat, 45'  data-term_rel='IN'  data-wc_prod_visible=''  data-wc_prod_hidden=''  data-wc_prod_featured=''  data-prod_order_by=''  data-prod_order=''  data-date_filter='date_filter'  data-date_filter_start='2020\/01\/01'  data-date_filter_end='2020\/07\/31'  data-date_filter_format='yy\/mm\/dd'  data-period_filter_unit_1=''  data-period_filter_unit_2=''  data-page_element_filter=''  data-sort='no'  data-query_orderby='date'  data-query_order='ASC'  data-caption_elements='title'  data-caption_styling='overlay'  data-caption_display='on-hover'  data-img_copyright=''  data-size='fixed'  data-orientation=''  data-image_size='masonry'  data-gap='1px'  data-columns='3'  data-av-desktop-columns=''  data-av-medium-columns='2'  data-av-small-columns='2'  data-av-mini-columns='1'  data-items='6'  data-paginate='load_more'  data-color='custom'  data-custom_bg=''  data-img_copyright_font=''  data-av-desktop-font-img_copyright_font=''  data-av-medium-font-img_copyright_font=''  data-av-small-font-img_copyright_font=''  data-av-mini-font-img_copyright_font=''  data-img_copyright_color=''  data-img_copyright_bg=''  data-animation=''  data-animation_duration=''  data-animation_custom_bg_color=''  data-animation_custom_bg_color_multi_list=''  data-animation_z_index_curtain='100'  data-overlay_fx=''  data-img_scrset=''  data-lazy_loading='disabled'  data-av-desktop-hide=''  data-av-medium-hide=''  data-av-small-hide=''  data-av-mini-hide=''  data-alb_description=''  data-id='grille-ala-une'  data-custom_class=''  data-template_class=''  data-av_uid='av-jxpefprf-10'  data-sc_version='1.0'  data-ids=''  data-action=''  data-post_type='post, page, attachment, revision, nav_menu_item, custom_css, customize_changeset, oembed_cache, user_request, wp_block, wp_template, wp_template_part, wp_global_styles, wp_navigation, e-landing-page, elementor_library, tribe_event_series, wpcf7_contact_form, tribe_venue, tribe_organizer, tribe_events, tribe-ea-record, deleted_event, spectra-popup, portfolio, avia_framework_post, popupbuilder'  data-offset='0'  data-container_links='active'  data-link_dest=''  data-lightbox_text=''  data-container_class='av-masonry-entries'  data-auto_ratio='1.7'  data-set_breadcrumb='1'  data-custom_markup=''  data-taxonomy='tribe_events_cat'  data-categories='45'  data-avno='d7051b306b'>Charger plus<\/a><\/div><\/div>\n\n<style type=\"text\/css\" data-created_by=\"avia_inline_auto\" id=\"style-css-av-jyhtyvi9-9-755ed6fea14682cb83f5be4e4de1d36a\">\n#top .av_textblock_section.av-jyhtyvi9-9-755ed6fea14682cb83f5be4e4de1d36a .avia_textblock{\nfont-size:24px;\n}\n<\/style>\n<section  class='av_textblock_section av-jyhtyvi9-9-755ed6fea14682cb83f5be4e4de1d36a '   itemscope=\"itemscope\" itemtype=\"https:\/\/schema.org\/CreativeWork\" ><div class='avia_textblock'  itemprop=\"text\" ><p>\u2022 multidisciplinaire<\/p>\n<\/div><\/section>\n\n<style type=\"text\/css\" data-created_by=\"avia_inline_auto\" id=\"style-css-av-r7jg-8-d802c59567bf944ddc961e431b22a512\">\n#top .flex_column.av-r7jg-8-d802c59567bf944ddc961e431b22a512{\nmargin-top:0px;\nmargin-bottom:20px;\n}\n.flex_column.av-r7jg-8-d802c59567bf944ddc961e431b22a512{\nborder-radius:0px 0px 0px 0px;\npadding:0px 0px 0px 0px;\n}\n.responsive #top #wrap_all .flex_column.av-r7jg-8-d802c59567bf944ddc961e431b22a512{\nmargin-top:0px;\nmargin-bottom:20px;\n}\n<\/style>\n<div  class='flex_column av-r7jg-8-d802c59567bf944ddc961e431b22a512 av_one_full  avia-builder-el-10  el_after_av_textblock  el_before_av_textblock  first flex_column_div av-zero-column-padding  column-top-margin'     ><div id='grille-ala-une' class='av-masonry av-jxpefprf-7-42bd043bf63d8795ab564328f0c1ce0d noHover av-fixed-size av-1px-gap av-hover-overlay- av-masonry-animation- av-masonry-col-3 av-caption-on-hover av-caption-style-overlay av-masonry-entries av-medium-columns-overwrite av-medium-columns-2 av-small-columns-overwrite av-small-columns-2 av-mini-columns-overwrite av-mini-columns-1 ' data-post_id=\"5603\"><div class=\"av-masonry-container isotope av-js-disabled\"><div class='av-masonry-entry isotope-item av-masonry-item-no-image '><\/div><a href=\"https:\/\/saisonsculturelleschaumont.fr\/mdxpuixt\/evenement\/visite-du-theatre-lenvers-du-decor\/\"  id='av-masonry-4-item-4919' data-av-masonry-item='4919' class='av-masonry-entry isotope-item post-4919 tribe_events type-tribe_events status-publish has-post-thumbnail hentry tag-visite-guidee tribe_events_cat-multidisciplinaire  av-masonry-item-with-image' title=\"Nouveau Relax\"   itemscope=\"itemscope\" itemtype=\"https:\/\/schema.org\/CreativeWork\" ><div class='av-inner-masonry-sizer'><\/div><figure class='av-inner-masonry main_color'><div class=\"av-masonry-outerimage-container\"><div class='av-masonry-image-container' style=\"background-image: url(https:\/\/saisonsculturelleschaumont.fr\/mdxpuixt\/wp-content\/uploads\/2020\/02\/Nouveau-Relax-705x419.jpg);\"  title=\"Nouveau Relax\"  ><\/div><\/div><figcaption class='av-inner-masonry-content site-background'><div class='av-inner-masonry-content-pos'><div class='av-inner-masonry-content-pos-content'><div class='avia-arrow'><\/div><span class=\"tribe-event-date-start\">6 Jan 2020  10:00<\/span> - <span class=\"tribe-event-date-end\">30 Juin 2020  17:00<\/span><br><span class=\"tribe-event-categories\">multidisciplinaire<\/span><h3 class='av-masonry-entry-title entry-title '  itemprop=\"headline\" >Visite du th\u00e9\u00e2tre \/ L&rsquo;envers du d\u00e9cor<\/h3><\/div><\/div><\/figcaption><\/figure><\/a><!--end av-masonry entry--><a href=\"https:\/\/saisonsculturelleschaumont.fr\/mdxpuixt\/evenement\/ecrire-le-fil-2\/\"  id='av-masonry-4-item-4907' data-av-masonry-item='4907' class='av-masonry-entry isotope-item post-4907 tribe_events type-tribe_events status-publish has-post-thumbnail hentry tag-atelier tag-creation tag-echange tag-enfant tag-formation tag-rencontre tribe_events_cat-multidisciplinaire  av-masonry-item-with-image' title=\"Nouveau Relax\"   itemscope=\"itemscope\" itemtype=\"https:\/\/schema.org\/CreativeWork\" ><div class='av-inner-masonry-sizer'><\/div><figure class='av-inner-masonry main_color'><div class=\"av-masonry-outerimage-container\"><div class='av-masonry-image-container' style=\"background-image: url(https:\/\/saisonsculturelleschaumont.fr\/mdxpuixt\/wp-content\/uploads\/2020\/02\/Nouveau-Relax-705x419.jpg);\"  title=\"Nouveau Relax\"  ><\/div><\/div><figcaption class='av-inner-masonry-content site-background'><div class='av-inner-masonry-content-pos'><div class='av-inner-masonry-content-pos-content'><div class='avia-arrow'><\/div><span class=\"tribe-event-date-start\">4 Mar 2020  13:30<\/span> - <span class=\"tribe-event-date-end\">13 Mai 2020  17:30<\/span><br><span class=\"tribe-event-categories\">multidisciplinaire<\/span><h3 class='av-masonry-entry-title entry-title '  itemprop=\"headline\" >\u00c9crire le fil #2<\/h3><\/div><\/div><\/figcaption><\/figure><\/a><!--end av-masonry entry--><a href=\"https:\/\/saisonsculturelleschaumont.fr\/mdxpuixt\/evenement\/la-mjc-fait-son-stream\/\"  id='av-masonry-4-item-4974' data-av-masonry-item='4974' class='av-masonry-entry isotope-item post-4974 tribe_events type-tribe_events status-publish has-post-thumbnail hentry tag-atelier tag-emission tag-montage tag-scene tribe_events_cat-multidisciplinaire  av-masonry-item-with-image' title=\"Mjc fait son stream\"   itemscope=\"itemscope\" itemtype=\"https:\/\/schema.org\/CreativeWork\" ><div class='av-inner-masonry-sizer'><\/div><figure class='av-inner-masonry main_color'><div class=\"av-masonry-outerimage-container\"><div class='av-masonry-image-container' style=\"background-image: url(https:\/\/saisonsculturelleschaumont.fr\/mdxpuixt\/wp-content\/uploads\/2020\/02\/Mjc-fait-son-stream.jpg);\"  title=\"Mjc fait son stream\"  ><\/div><\/div><figcaption class='av-inner-masonry-content site-background'><div class='av-inner-masonry-content-pos'><div class='av-inner-masonry-content-pos-content'><div class='avia-arrow'><\/div><span class=\"tribe-event-date-start\">14 Avr 2020  14:00<\/span> - <span class=\"tribe-event-date-end\">17 Avr 2020  17:00<\/span><br><span class=\"tribe-event-categories\">multidisciplinaire<\/span><h3 class='av-masonry-entry-title entry-title '  itemprop=\"headline\" >La MJC fait son stream &#8211; report\u00e9<\/h3><\/div><\/div><\/figcaption><\/figure><\/a><!--end av-masonry entry--><\/div><\/div><\/div>\n\n<style type=\"text\/css\" data-created_by=\"avia_inline_auto\" id=\"style-css-av-jyhtyvi9-6-5c802f0433ea4fa4fd95eb967858c6ef\">\n#top .av_textblock_section.av-jyhtyvi9-6-5c802f0433ea4fa4fd95eb967858c6ef .avia_textblock{\nfont-size:24px;\n}\n<\/style>\n<section  class='av_textblock_section av-jyhtyvi9-6-5c802f0433ea4fa4fd95eb967858c6ef '   itemscope=\"itemscope\" itemtype=\"https:\/\/schema.org\/CreativeWork\" ><div class='avia_textblock'  itemprop=\"text\" ><p>\u2022 musique<\/p>\n<\/div><\/section>\n\n<style type=\"text\/css\" data-created_by=\"avia_inline_auto\" id=\"style-css-av-r7jg-5-880b5dca5fa94ee87f68396aa6cb740b\">\n#top .flex_column.av-r7jg-5-880b5dca5fa94ee87f68396aa6cb740b{\nmargin-top:0px;\nmargin-bottom:20px;\n}\n.flex_column.av-r7jg-5-880b5dca5fa94ee87f68396aa6cb740b{\nborder-radius:0px 0px 0px 0px;\npadding:0px 0px 0px 0px;\n}\n.responsive #top #wrap_all .flex_column.av-r7jg-5-880b5dca5fa94ee87f68396aa6cb740b{\nmargin-top:0px;\nmargin-bottom:20px;\n}\n<\/style>\n<div  class='flex_column av-r7jg-5-880b5dca5fa94ee87f68396aa6cb740b av_one_full  avia-builder-el-13  el_after_av_textblock  el_before_av_textblock  first flex_column_div av-zero-column-padding  column-top-margin'     ><div id='av-masonry-5' class='av-masonry av-jxpefprf-4-c4142f2cc1aad29a461c640f8badd94c noHover av-fixed-size av-1px-gap av-hover-overlay- av-masonry-animation- av-masonry-col-3 av-caption-on-hover av-caption-style-overlay av-masonry-entries av-medium-columns-overwrite av-medium-columns-2 av-small-columns-overwrite av-small-columns-2 av-mini-columns-overwrite av-mini-columns-1 ' data-post_id=\"5603\"><div class=\"av-masonry-container isotope av-js-disabled\"><div class='av-masonry-entry isotope-item av-masonry-item-no-image '><\/div><a href=\"https:\/\/saisonsculturelleschaumont.fr\/mdxpuixt\/evenement\/concert-des-professeurs-du-conservatoire\/\"  id='av-masonry-5-item-4523' data-av-masonry-item='4523' class='av-masonry-entry isotope-item post-4523 tribe_events type-tribe_events status-publish has-post-thumbnail hentry tag-concert tag-musique tag-professeur tribe_events_cat-musique  av-masonry-item-with-image' title=\"concert prof\"   itemscope=\"itemscope\" itemtype=\"https:\/\/schema.org\/CreativeWork\" ><div class='av-inner-masonry-sizer'><\/div><figure class='av-inner-masonry main_color'><div class=\"av-masonry-outerimage-container\"><div class='av-masonry-image-container' style=\"background-image: url(https:\/\/saisonsculturelleschaumont.fr\/mdxpuixt\/wp-content\/uploads\/2020\/02\/concert-prof-1.jpg);\"  title=\"concert prof\"  ><\/div><\/div><figcaption class='av-inner-masonry-content site-background'><div class='av-inner-masonry-content-pos'><div class='av-inner-masonry-content-pos-content'><div class='avia-arrow'><\/div><span class=\"tribe-event-date-start\">4 F\u00e9v 2020  20:00<\/span> - <span class=\"tribe-event-time\">22:00<\/span><br><span class=\"tribe-event-categories\">musique<\/span><h3 class='av-masonry-entry-title entry-title '  itemprop=\"headline\" >Concert des Professeurs du Conservatoire<\/h3><\/div><\/div><\/figcaption><\/figure><\/a><!--end av-masonry entry--><a href=\"https:\/\/saisonsculturelleschaumont.fr\/mdxpuixt\/evenement\/femmes-femmes-femmes-fugue-a-lopera\/\"  id='av-masonry-5-item-4534' data-av-masonry-item='4534' class='av-masonry-entry isotope-item post-4534 tribe_events type-tribe_events status-publish has-post-thumbnail hentry tag-concert tag-spectacle tribe_events_cat-musique  av-masonry-item-with-image' title=\"FemmesFemmes\"   itemscope=\"itemscope\" itemtype=\"https:\/\/schema.org\/CreativeWork\" ><div class='av-inner-masonry-sizer'><\/div><figure class='av-inner-masonry main_color'><div class=\"av-masonry-outerimage-container\"><div class='av-masonry-image-container' style=\"background-image: url(https:\/\/saisonsculturelleschaumont.fr\/mdxpuixt\/wp-content\/uploads\/2019\/12\/FemmesFemmes-705x470.jpg);\"  title=\"FemmesFemmes\"  ><\/div><\/div><figcaption class='av-inner-masonry-content site-background'><div class='av-inner-masonry-content-pos'><div class='av-inner-masonry-content-pos-content'><div class='avia-arrow'><\/div><span class=\"tribe-event-date-start\">3 Jan 2020  20:30<\/span> - <span class=\"tribe-event-time\">22:30<\/span><br><span class=\"tribe-event-categories\">musique<\/span><h3 class='av-masonry-entry-title entry-title '  itemprop=\"headline\" >Femmes, femmes, femmes &#8211; Fugue \u00e0 l&rsquo;op\u00e9ra<\/h3><\/div><\/div><\/figcaption><\/figure><\/a><!--end av-masonry entry--><a href=\"https:\/\/saisonsculturelleschaumont.fr\/mdxpuixt\/evenement\/heroines-fugue-a-lopera\/\"  id='av-masonry-5-item-4540' data-av-masonry-item='4540' class='av-masonry-entry isotope-item post-4540 tribe_events type-tribe_events status-publish has-post-thumbnail hentry tag-concert tag-musique tag-spectacle tribe_events_cat-musique  av-masonry-item-with-image' title=\"h\u00e9ro\u00efnes\"   itemscope=\"itemscope\" itemtype=\"https:\/\/schema.org\/CreativeWork\" ><div class='av-inner-masonry-sizer'><\/div><figure class='av-inner-masonry main_color'><div class=\"av-masonry-outerimage-container\"><div class='av-masonry-image-container' style=\"background-image: url(https:\/\/saisonsculturelleschaumont.fr\/mdxpuixt\/wp-content\/uploads\/2020\/01\/AFFICHE-3-1-705x396.png);\"  title=\"h\u00e9ro\u00efnes\"  ><\/div><\/div><figcaption class='av-inner-masonry-content site-background'><div class='av-inner-masonry-content-pos'><div class='av-inner-masonry-content-pos-content'><div class='avia-arrow'><\/div><span class=\"tribe-event-date-start\">20 Jan 2020<\/span><br><span class=\"tribe-event-categories\">musique<\/span><h3 class='av-masonry-entry-title entry-title '  itemprop=\"headline\" >H\u00e9ro\u00efnes &#8211; Fugue \u00e0 l&rsquo;op\u00e9ra<\/h3><\/div><\/div><\/figcaption><\/figure><\/a><!--end av-masonry entry--><a href=\"https:\/\/saisonsculturelleschaumont.fr\/mdxpuixt\/evenement\/audition-des-classes-de-flute\/\"  id='av-masonry-5-item-4508' data-av-masonry-item='4508' class='av-masonry-entry isotope-item post-4508 tribe_events type-tribe_events status-publish has-post-thumbnail hentry tag-adulte tag-audition tag-concert tag-conservatoire tag-culture tag-eleves tag-musique tribe_events_cat-musique  av-masonry-item-with-image' title=\"Conservatoire\"   itemscope=\"itemscope\" itemtype=\"https:\/\/schema.org\/CreativeWork\" ><div class='av-inner-masonry-sizer'><\/div><figure class='av-inner-masonry main_color'><div class=\"av-masonry-outerimage-container\"><div class='av-masonry-image-container' style=\"background-image: url(https:\/\/saisonsculturelleschaumont.fr\/mdxpuixt\/wp-content\/uploads\/2019\/07\/fond-cons.jpg);\"  title=\"Conservatoire\"  ><\/div><\/div><figcaption class='av-inner-masonry-content site-background'><div class='av-inner-masonry-content-pos'><div class='av-inner-masonry-content-pos-content'><div class='avia-arrow'><\/div><span class=\"tribe-event-date-start\">29 Jan 2020  18:30<\/span> - <span class=\"tribe-event-time\">19:30<\/span><br><span class=\"tribe-event-categories\">musique<\/span><h3 class='av-masonry-entry-title entry-title '  itemprop=\"headline\" >Audition fl\u00fbte<\/h3><\/div><\/div><\/figcaption><\/figure><\/a><!--end av-masonry entry--><a href=\"https:\/\/saisonsculturelleschaumont.fr\/mdxpuixt\/evenement\/soiree-de-fin-dannee\/\"  id='av-masonry-5-item-4824' data-av-masonry-item='4824' class='av-masonry-entry isotope-item post-4824 tribe_events type-tribe_events status-publish has-post-thumbnail hentry tag-adulte tag-audition tag-concert tag-conservatoire tag-culture tag-eleves tag-musique tribe_events_cat-musique  av-masonry-item-with-image' title=\"conservatoire-org\"   itemscope=\"itemscope\" itemtype=\"https:\/\/schema.org\/CreativeWork\" ><div class='av-inner-masonry-sizer'><\/div><figure class='av-inner-masonry main_color'><div class=\"av-masonry-outerimage-container\"><div class='av-masonry-image-container' style=\"background-image: url(https:\/\/saisonsculturelleschaumont.fr\/mdxpuixt\/wp-content\/uploads\/2019\/08\/conservatoire-org-705x419.png);\"  title=\"conservatoire-org\"  ><\/div><\/div><figcaption class='av-inner-masonry-content site-background'><div class='av-inner-masonry-content-pos'><div class='av-inner-masonry-content-pos-content'><div class='avia-arrow'><\/div><span class=\"tribe-event-date-start\">30 Juin 2020  18:30<\/span> - <span class=\"tribe-event-time\">19:30<\/span><br><span class=\"tribe-event-categories\">musique<\/span><h3 class='av-masonry-entry-title entry-title '  itemprop=\"headline\" >Soir\u00e9e de fin d&rsquo;ann\u00e9e<\/h3><\/div><\/div><\/figcaption><\/figure><\/a><!--end av-masonry entry--><a href=\"https:\/\/saisonsculturelleschaumont.fr\/mdxpuixt\/evenement\/soiree-jazz\/\"  id='av-masonry-5-item-4825' data-av-masonry-item='4825' class='av-masonry-entry isotope-item post-4825 tribe_events type-tribe_events status-publish has-post-thumbnail hentry tag-adulte tag-audition tag-concert tag-conservatoire tag-culture tag-eleves tag-musique tribe_events_cat-musique  av-masonry-item-with-image' title=\"jazz\"   itemscope=\"itemscope\" itemtype=\"https:\/\/schema.org\/CreativeWork\" ><div class='av-inner-masonry-sizer'><\/div><figure class='av-inner-masonry main_color'><div class=\"av-masonry-outerimage-container\"><div class='av-masonry-image-container' style=\"background-image: url(https:\/\/saisonsculturelleschaumont.fr\/mdxpuixt\/wp-content\/uploads\/2020\/02\/jazz.jpg);\"  title=\"jazz\"  ><\/div><\/div><figcaption class='av-inner-masonry-content site-background'><div class='av-inner-masonry-content-pos'><div class='av-inner-masonry-content-pos-content'><div class='avia-arrow'><\/div><span class=\"tribe-event-date-start\">12 Juin 2020  20:30<\/span> - <span class=\"tribe-event-time\">22:30<\/span><br><span class=\"tribe-event-categories\">musique<\/span><h3 class='av-masonry-entry-title entry-title '  itemprop=\"headline\" >Soir\u00e9e Jazz &#8211; annul\u00e9e<\/h3><\/div><\/div><\/figcaption><\/figure><\/a><!--end av-masonry entry--><\/div><a class='av-masonry-pagination av-masonry-load-more' href='#load-more'  data-link='tribe_events_cat, 305'  data-term_rel='IN'  data-wc_prod_visible=''  data-wc_prod_hidden=''  data-wc_prod_featured=''  data-prod_order_by=''  data-prod_order=''  data-date_filter='date_filter'  data-date_filter_start='2020\/01\/01'  data-date_filter_end='2020\/07\/31'  data-date_filter_format='yy\/mm\/dd'  data-period_filter_unit_1=''  data-period_filter_unit_2=''  data-page_element_filter=''  data-sort='no'  data-query_orderby='date'  data-query_order='ASC'  data-caption_elements='title'  data-caption_styling='overlay'  data-caption_display='on-hover'  data-img_copyright=''  data-size='fixed'  data-orientation=''  data-image_size='masonry'  data-gap='1px'  data-columns='3'  data-av-desktop-columns=''  data-av-medium-columns='2'  data-av-small-columns='2'  data-av-mini-columns='1'  data-items='6'  data-paginate='load_more'  data-color='custom'  data-custom_bg=''  data-img_copyright_font=''  data-av-desktop-font-img_copyright_font=''  data-av-medium-font-img_copyright_font=''  data-av-small-font-img_copyright_font=''  data-av-mini-font-img_copyright_font=''  data-img_copyright_color=''  data-img_copyright_bg=''  data-animation=''  data-animation_duration=''  data-animation_custom_bg_color=''  data-animation_custom_bg_color_multi_list=''  data-animation_z_index_curtain='100'  data-overlay_fx=''  data-img_scrset=''  data-lazy_loading='disabled'  data-av-desktop-hide=''  data-av-medium-hide=''  data-av-small-hide=''  data-av-mini-hide=''  data-alb_description=''  data-id=''  data-custom_class=''  data-template_class=''  data-av_uid='av-jxpefprf-4'  data-sc_version='1.0'  data-ids=''  data-action=''  data-post_type='post, page, attachment, revision, nav_menu_item, custom_css, customize_changeset, oembed_cache, user_request, wp_block, wp_template, wp_template_part, wp_global_styles, wp_navigation, e-landing-page, elementor_library, tribe_event_series, wpcf7_contact_form, tribe_venue, tribe_organizer, tribe_events, tribe-ea-record, deleted_event, spectra-popup, portfolio, avia_framework_post, popupbuilder'  data-offset='0'  data-container_links='active'  data-link_dest=''  data-lightbox_text=''  data-container_class='av-masonry-entries'  data-auto_ratio='1.7'  data-set_breadcrumb='1'  data-custom_markup=''  data-taxonomy='tribe_events_cat'  data-categories='305'  data-avno='d7051b306b'>Charger plus<\/a><\/div><\/div>\n\n<style type=\"text\/css\" data-created_by=\"avia_inline_auto\" id=\"style-css-av-jyhtyvi9-3-a4f61fca87c0a8ab077ea270b3a85439\">\n#top .av_textblock_section.av-jyhtyvi9-3-a4f61fca87c0a8ab077ea270b3a85439 .avia_textblock{\nfont-size:24px;\n}\n<\/style>\n<section  class='av_textblock_section av-jyhtyvi9-3-a4f61fca87c0a8ab077ea270b3a85439 '   itemscope=\"itemscope\" itemtype=\"https:\/\/schema.org\/CreativeWork\" ><div class='avia_textblock'  itemprop=\"text\" ><p>\u2022 spectacle vivant<\/p>\n<\/div><\/section>\n\n<style type=\"text\/css\" data-created_by=\"avia_inline_auto\" id=\"style-css-av-r7jg-2-82cdd8a84472d9cfff1f858890533058\">\n#top .flex_column.av-r7jg-2-82cdd8a84472d9cfff1f858890533058{\nmargin-top:0px;\nmargin-bottom:20px;\n}\n.flex_column.av-r7jg-2-82cdd8a84472d9cfff1f858890533058{\nborder-radius:0px 0px 0px 0px;\npadding:0px 0px 0px 0px;\n}\n.responsive #top #wrap_all .flex_column.av-r7jg-2-82cdd8a84472d9cfff1f858890533058{\nmargin-top:0px;\nmargin-bottom:20px;\n}\n<\/style>\n<div  class='flex_column av-r7jg-2-82cdd8a84472d9cfff1f858890533058 av_one_full  avia-builder-el-16  el_after_av_textblock  avia-builder-el-last  first flex_column_div av-zero-column-padding  column-top-margin'     ><div id='grille-ala-une' class='av-masonry av-jxpefprf-1-24d789946839dea4d2b0fe8add77f438 noHover av-fixed-size av-1px-gap av-hover-overlay- av-masonry-animation- av-masonry-col-3 av-caption-on-hover av-caption-style-overlay av-masonry-entries av-medium-columns-overwrite av-medium-columns-2 av-small-columns-overwrite av-small-columns-2 av-mini-columns-overwrite av-mini-columns-1 ' data-post_id=\"5603\"><div class=\"av-masonry-container isotope av-js-disabled\"><div class='av-masonry-entry isotope-item av-masonry-item-no-image '><\/div><a href=\"https:\/\/saisonsculturelleschaumont.fr\/mdxpuixt\/evenement\/oikos-logos\/\"  id='av-masonry-6-item-4908' data-av-masonry-item='4908' class='av-masonry-entry isotope-item post-4908 tribe_events type-tribe_events status-publish has-post-thumbnail hentry tag-musique tag-piece tag-spectacle tribe_events_cat-spectacle-vivant  av-masonry-item-with-image' title=\"Oikos logos\"   itemscope=\"itemscope\" itemtype=\"https:\/\/schema.org\/CreativeWork\" ><div class='av-inner-masonry-sizer'><\/div><figure class='av-inner-masonry main_color'><div class=\"av-masonry-outerimage-container\"><div class='av-masonry-image-container' style=\"background-image: url(https:\/\/saisonsculturelleschaumont.fr\/mdxpuixt\/wp-content\/uploads\/2020\/02\/Oikos-logos-705x473.jpg);\"  title=\"Oikos logos\"  ><\/div><\/div><figcaption class='av-inner-masonry-content site-background'><div class='av-inner-masonry-content-pos'><div class='av-inner-masonry-content-pos-content'><div class='avia-arrow'><\/div><span class=\"tribe-event-date-start\">5 Mar 2020  20:00<\/span> - <span class=\"tribe-event-time\">21:00<\/span><br><span class=\"tribe-event-categories\">spectacle vivant<\/span><h3 class='av-masonry-entry-title entry-title '  itemprop=\"headline\" >O\u00efkos logos<\/h3><\/div><\/div><\/figcaption><\/figure><\/a><!--end av-masonry entry--><a href=\"https:\/\/saisonsculturelleschaumont.fr\/mdxpuixt\/evenement\/concert-sandwichchristophe-remy\/\"  id='av-masonry-6-item-4909' data-av-masonry-item='4909' class='av-masonry-entry isotope-item post-4909 tribe_events type-tribe_events status-publish has-post-thumbnail hentry tag-concert tag-musique tag-pause-dej tribe_events_cat-spectacle-vivant  av-masonry-item-with-image' title=\"Nouveau Relax\"   itemscope=\"itemscope\" itemtype=\"https:\/\/schema.org\/CreativeWork\" ><div class='av-inner-masonry-sizer'><\/div><figure class='av-inner-masonry main_color'><div class=\"av-masonry-outerimage-container\"><div class='av-masonry-image-container' style=\"background-image: url(https:\/\/saisonsculturelleschaumont.fr\/mdxpuixt\/wp-content\/uploads\/2020\/02\/Nouveau-Relax-705x419.jpg);\"  title=\"Nouveau Relax\"  ><\/div><\/div><figcaption class='av-inner-masonry-content site-background'><div class='av-inner-masonry-content-pos'><div class='av-inner-masonry-content-pos-content'><div class='avia-arrow'><\/div><span class=\"tribe-event-date-start\">10 Mar 2020  12:30<\/span> - <span class=\"tribe-event-time\">13:30<\/span><br><span class=\"tribe-event-categories\">spectacle vivant<\/span><h3 class='av-masonry-entry-title entry-title '  itemprop=\"headline\" >Concert sandwich &#8211; Christophe R\u00e9my<\/h3><\/div><\/div><\/figcaption><\/figure><\/a><!--end av-masonry entry--><a href=\"https:\/\/saisonsculturelleschaumont.fr\/mdxpuixt\/evenement\/louise\/\"  id='av-masonry-6-item-4910' data-av-masonry-item='4910' class='av-masonry-entry isotope-item post-4910 tribe_events type-tribe_events status-publish has-post-thumbnail hentry tag-enfant tag-jeunesse tag-livre tag-musique tribe_events_cat-spectacle-vivant  av-masonry-item-with-image' title=\"louise\"   itemscope=\"itemscope\" itemtype=\"https:\/\/schema.org\/CreativeWork\" ><div class='av-inner-masonry-sizer'><\/div><figure class='av-inner-masonry main_color'><div class=\"av-masonry-outerimage-container\"><div class='av-masonry-image-container' style=\"background-image: url(https:\/\/saisonsculturelleschaumont.fr\/mdxpuixt\/wp-content\/uploads\/2020\/02\/louise-705x469.png);\"  title=\"louise\"  ><\/div><\/div><figcaption class='av-inner-masonry-content site-background'><div class='av-inner-masonry-content-pos'><div class='av-inner-masonry-content-pos-content'><div class='avia-arrow'><\/div><span class=\"tribe-event-date-start\">11 Mar 2020  18:00<\/span> - <span class=\"tribe-event-time\">19:00<\/span><br><span class=\"tribe-event-categories\">spectacle vivant<\/span><h3 class='av-masonry-entry-title entry-title '  itemprop=\"headline\" >Louise<\/h3><\/div><\/div><\/figcaption><\/figure><\/a><!--end av-masonry entry--><a href=\"https:\/\/saisonsculturelleschaumont.fr\/mdxpuixt\/evenement\/seisme\/\"  id='av-masonry-6-item-4911' data-av-masonry-item='4911' class='av-masonry-entry isotope-item post-4911 tribe_events type-tribe_events status-publish has-post-thumbnail hentry tag-adulte tag-spectacle tag-theatre tribe_events_cat-spectacle-vivant  av-masonry-item-with-image' title=\"seisme\u00a9Charly Desoubry\"   itemscope=\"itemscope\" itemtype=\"https:\/\/schema.org\/CreativeWork\" ><div class='av-inner-masonry-sizer'><\/div><figure class='av-inner-masonry main_color'><div class=\"av-masonry-outerimage-container\"><div class='av-masonry-image-container' style=\"background-image: url(https:\/\/saisonsculturelleschaumont.fr\/mdxpuixt\/wp-content\/uploads\/2020\/02\/seisme\u00a9Charly-Desoubry-686x705.jpg);\"  title=\"seisme\u00a9Charly Desoubry\"  ><\/div><\/div><figcaption class='av-inner-masonry-content site-background'><div class='av-inner-masonry-content-pos'><div class='av-inner-masonry-content-pos-content'><div class='avia-arrow'><\/div><span class=\"tribe-event-date-start\">17 Mar 2020  20:00<\/span> - <span class=\"tribe-event-time\">21:20<\/span><br><span class=\"tribe-event-categories\">spectacle vivant<\/span><h3 class='av-masonry-entry-title entry-title '  itemprop=\"headline\" >S\u00e9isme &#8211; annul\u00e9<\/h3><\/div><\/div><\/figcaption><\/figure><\/a><!--end av-masonry entry--><a href=\"https:\/\/saisonsculturelleschaumont.fr\/mdxpuixt\/evenement\/chaque-jour-une-petite-vie\/\"  id='av-masonry-6-item-4912' data-av-masonry-item='4912' class='av-masonry-entry isotope-item post-4912 tribe_events type-tribe_events status-publish has-post-thumbnail hentry tag-enfant tag-jeunesse tag-musique tag-spectacle tribe_events_cat-spectacle-vivant  av-masonry-item-with-image' title=\"chaque jour une petite vie\u00a9Gregoire Edouard\"   itemscope=\"itemscope\" itemtype=\"https:\/\/schema.org\/CreativeWork\" ><div class='av-inner-masonry-sizer'><\/div><figure class='av-inner-masonry main_color'><div class=\"av-masonry-outerimage-container\"><div class='av-masonry-image-container' style=\"background-image: url(https:\/\/saisonsculturelleschaumont.fr\/mdxpuixt\/wp-content\/uploads\/2020\/02\/chaque-jour-une-pettie-vie\u00a9Gregoire-Edouard-705x470.jpg);\"  title=\"chaque jour une petite vie\u00a9Gregoire Edouard\"  ><\/div><\/div><figcaption class='av-inner-masonry-content site-background'><div class='av-inner-masonry-content-pos'><div class='av-inner-masonry-content-pos-content'><div class='avia-arrow'><\/div><span class=\"tribe-event-date-start\">21 Mar 2020  11:00<\/span> - <span class=\"tribe-event-time\">11:35<\/span><br><span class=\"tribe-event-categories\">spectacle vivant<\/span><h3 class='av-masonry-entry-title entry-title '  itemprop=\"headline\" >Chaque jour une petite vie &#8211; annul\u00e9<\/h3><\/div><\/div><\/figcaption><\/figure><\/a><!--end av-masonry entry--><a href=\"https:\/\/saisonsculturelleschaumont.fr\/mdxpuixt\/evenement\/quitter-la-terre\/\"  id='av-masonry-6-item-4913' data-av-masonry-item='4913' class='av-masonry-entry isotope-item post-4913 tribe_events type-tribe_events status-publish has-post-thumbnail hentry tag-adulte tag-projection tag-spectacle tag-theatre tribe_events_cat-spectacle-vivant  av-masonry-item-with-image' title=\"Quitter la terre\u00a9AlexandreMorel\"   itemscope=\"itemscope\" itemtype=\"https:\/\/schema.org\/CreativeWork\" ><div class='av-inner-masonry-sizer'><\/div><figure class='av-inner-masonry main_color'><div class=\"av-masonry-outerimage-container\"><div class='av-masonry-image-container' style=\"background-image: url(https:\/\/saisonsculturelleschaumont.fr\/mdxpuixt\/wp-content\/uploads\/2020\/02\/Quitter-la-terre\u00a9AlexandreMorel-705x469.jpg);\"  title=\"Quitter la terre\u00a9AlexandreMorel\"  ><\/div><\/div><figcaption class='av-inner-masonry-content site-background'><div class='av-inner-masonry-content-pos'><div class='av-inner-masonry-content-pos-content'><div class='avia-arrow'><\/div><span class=\"tribe-event-date-start\">26 Mar 2020  20:00<\/span> - <span class=\"tribe-event-time\">21:30<\/span><br><span class=\"tribe-event-categories\">spectacle vivant<\/span><h3 class='av-masonry-entry-title entry-title '  itemprop=\"headline\" >Quitter la terre &#8211; annul\u00e9<\/h3><\/div><\/div><\/figcaption><\/figure><\/a><!--end av-masonry entry--><\/div><a class='av-masonry-pagination av-masonry-load-more' href='#load-more'  data-link='tribe_events_cat, 44'  data-term_rel='IN'  data-wc_prod_visible=''  data-wc_prod_hidden=''  data-wc_prod_featured=''  data-prod_order_by=''  data-prod_order=''  data-date_filter='date_filter'  data-date_filter_start='2020\/01\/01'  data-date_filter_end='2020\/07\/31'  data-date_filter_format='yy\/mm\/dd'  data-period_filter_unit_1=''  data-period_filter_unit_2=''  data-page_element_filter=''  data-sort='no'  data-query_orderby='date'  data-query_order='ASC'  data-caption_elements='title'  data-caption_styling='overlay'  data-caption_display='on-hover'  data-img_copyright=''  data-size='fixed'  data-orientation=''  data-image_size='masonry'  data-gap='1px'  data-columns='3'  data-av-desktop-columns=''  data-av-medium-columns='2'  data-av-small-columns='2'  data-av-mini-columns='1'  data-items='6'  data-paginate='load_more'  data-color='custom'  data-custom_bg=''  data-img_copyright_font=''  data-av-desktop-font-img_copyright_font=''  data-av-medium-font-img_copyright_font=''  data-av-small-font-img_copyright_font=''  data-av-mini-font-img_copyright_font=''  data-img_copyright_color=''  data-img_copyright_bg=''  data-animation=''  data-animation_duration=''  data-animation_custom_bg_color=''  data-animation_custom_bg_color_multi_list=''  data-animation_z_index_curtain='100'  data-overlay_fx=''  data-img_scrset=''  data-lazy_loading='disabled'  data-av-desktop-hide=''  data-av-medium-hide=''  data-av-small-hide=''  data-av-mini-hide=''  data-alb_description=''  data-id='grille-ala-une'  data-custom_class=''  data-template_class=''  data-av_uid='av-jxpefprf-1'  data-sc_version='1.0'  data-ids=''  data-action=''  data-post_type='post, page, attachment, revision, nav_menu_item, custom_css, customize_changeset, oembed_cache, user_request, wp_block, wp_template, wp_template_part, wp_global_styles, wp_navigation, e-landing-page, elementor_library, tribe_event_series, wpcf7_contact_form, tribe_venue, tribe_organizer, tribe_events, tribe-ea-record, deleted_event, spectra-popup, portfolio, avia_framework_post, popupbuilder'  data-offset='0'  data-container_links='active'  data-link_dest=''  data-lightbox_text=''  data-container_class='av-masonry-entries'  data-auto_ratio='1.7'  data-set_breadcrumb='1'  data-custom_markup=''  data-taxonomy='tribe_events_cat'  data-categories='44'  data-avno='d7051b306b'>Charger plus<\/a><\/div><\/div>\n<\/div>\t\t<\/div>\n\t\t\t\t<\/div>\n\t\t\t\t\t\t<\/div>\n\t\t\t\t\t<\/div>\n\t\t<\/div>\n\t\t\t\t\t\t\t\t<\/div>\n\t\t\t\t\t<\/div>\n\t\t<\/section>\n\t\t\t\t\t\t\t\t\t<\/div>\n\t\t\t<\/div>\n\t\t\t\t\t<\/div>\n\t\t","protected":false},"excerpt":{"rendered":"<p>saison 02 ART ET NOUVELLES TECHNOLOGIES Recevoir, \u00e9mettre, traiter, stocker, \u00e9diter\u00a0: c\u2019est sur le mod\u00e8le de son propre fonctionnement que l\u2019homme a cr\u00e9\u00e9 les machines. En leur retransmettant le propre [&hellip;]<\/p>\n","protected":false},"author":1,"featured_media":0,"parent":6006,"menu_order":0,"comment_status":"closed","ping_status":"closed","template":"","meta":{"_uag_custom_page_level_css":"","footnotes":""},"yoast_head":"<!-- This site is optimized with the Yoast SEO plugin v21.1 - https:\/\/yoast.com\/wordpress\/plugins\/seo\/ -->\n<title>Saison 02 - Les Saisons Culturelles de Chaumont<\/title>\n<meta name=\"robots\" content=\"noindex, follow, max-snippet:-1, max-image-preview:large, max-video-preview:-1\" \/>\n<meta property=\"og:locale\" content=\"fr_FR\" \/>\n<meta property=\"og:type\" content=\"article\" \/>\n<meta property=\"og:title\" content=\"Saison 02 - Les Saisons Culturelles de Chaumont\" \/>\n<meta property=\"og:description\" content=\"saison 02 ART ET NOUVELLES TECHNOLOGIES Recevoir, \u00e9mettre, traiter, stocker, \u00e9diter\u00a0: c\u2019est sur le mod\u00e8le de son propre fonctionnement que l\u2019homme a cr\u00e9\u00e9 les machines. En leur retransmettant le propre [&hellip;]\" \/>\n<meta property=\"og:url\" content=\"https:\/\/saisonsculturelleschaumont.fr\/mdxpuixt\/autres-saisons\/saison-02\/\" \/>\n<meta property=\"og:site_name\" content=\"Les Saisons Culturelles de Chaumont\" \/>\n<meta property=\"article:publisher\" content=\"https:\/\/www.facebook.com\/saisonsculturelleschaumont\/\" \/>\n<meta property=\"article:modified_time\" content=\"2022-01-05T10:05:31+00:00\" \/>\n<meta property=\"og:image\" content=\"https:\/\/saisonsculturelleschaumont.fr\/mdxpuixt\/wp-content\/uploads\/2020\/02\/SCC2-AFF-A3-LOT-1.png\" \/>\n<meta name=\"twitter:card\" content=\"summary_large_image\" \/>\n<meta name=\"twitter:label1\" content=\"Dur\u00e9e de lecture estim\u00e9e\" \/>\n\t<meta name=\"twitter:data1\" content=\"2 minutes\" \/>\n<script type=\"application\/ld+json\" class=\"yoast-schema-graph\">{\"@context\":\"https:\/\/schema.org\",\"@graph\":[{\"@type\":\"WebPage\",\"@id\":\"https:\/\/saisonsculturelleschaumont.fr\/mdxpuixt\/autres-saisons\/saison-02\/\",\"url\":\"https:\/\/saisonsculturelleschaumont.fr\/mdxpuixt\/autres-saisons\/saison-02\/\",\"name\":\"Saison 02 - Les Saisons Culturelles de Chaumont\",\"isPartOf\":{\"@id\":\"https:\/\/saisonsculturelleschaumont.fr\/mdxpuixt\/#website\"},\"datePublished\":\"2020-02-11T00:46:37+00:00\",\"dateModified\":\"2022-01-05T10:05:31+00:00\",\"breadcrumb\":{\"@id\":\"https:\/\/saisonsculturelleschaumont.fr\/mdxpuixt\/autres-saisons\/saison-02\/#breadcrumb\"},\"inLanguage\":\"fr-FR\",\"potentialAction\":[{\"@type\":\"ReadAction\",\"target\":[\"https:\/\/saisonsculturelleschaumont.fr\/mdxpuixt\/autres-saisons\/saison-02\/\"]}]},{\"@type\":\"BreadcrumbList\",\"@id\":\"https:\/\/saisonsculturelleschaumont.fr\/mdxpuixt\/autres-saisons\/saison-02\/#breadcrumb\",\"itemListElement\":[{\"@type\":\"ListItem\",\"position\":1,\"name\":\"Accueil\",\"item\":\"https:\/\/saisonsculturelleschaumont.fr\/mdxpuixt\/\"},{\"@type\":\"ListItem\",\"position\":2,\"name\":\"Autres saisons\",\"item\":\"https:\/\/saisonsculturelleschaumont.fr\/mdxpuixt\/autres-saisons\/\"},{\"@type\":\"ListItem\",\"position\":3,\"name\":\"Saison 02\"}]},{\"@type\":\"WebSite\",\"@id\":\"https:\/\/saisonsculturelleschaumont.fr\/mdxpuixt\/#website\",\"url\":\"https:\/\/saisonsculturelleschaumont.fr\/mdxpuixt\/\",\"name\":\"Les Saisons Culturelles de Chaumont\",\"description\":\"\",\"potentialAction\":[{\"@type\":\"SearchAction\",\"target\":{\"@type\":\"EntryPoint\",\"urlTemplate\":\"https:\/\/saisonsculturelleschaumont.fr\/mdxpuixt\/?s={search_term_string}\"},\"query-input\":\"required name=search_term_string\"}],\"inLanguage\":\"fr-FR\"}]}<\/script>\n<!-- \/ Yoast SEO plugin. -->","yoast_head_json":{"title":"Saison 02 - Les Saisons Culturelles de Chaumont","robots":{"index":"noindex","follow":"follow","max-snippet":"max-snippet:-1","max-image-preview":"max-image-preview:large","max-video-preview":"max-video-preview:-1"},"og_locale":"fr_FR","og_type":"article","og_title":"Saison 02 - Les Saisons Culturelles de Chaumont","og_description":"saison 02 ART ET NOUVELLES TECHNOLOGIES Recevoir, \u00e9mettre, traiter, stocker, \u00e9diter\u00a0: c\u2019est sur le mod\u00e8le de son propre fonctionnement que l\u2019homme a cr\u00e9\u00e9 les machines. En leur retransmettant le propre [&hellip;]","og_url":"https:\/\/saisonsculturelleschaumont.fr\/mdxpuixt\/autres-saisons\/saison-02\/","og_site_name":"Les Saisons Culturelles de Chaumont","article_publisher":"https:\/\/www.facebook.com\/saisonsculturelleschaumont\/","article_modified_time":"2022-01-05T10:05:31+00:00","og_image":[{"url":"https:\/\/saisonsculturelleschaumont.fr\/mdxpuixt\/wp-content\/uploads\/2020\/02\/SCC2-AFF-A3-LOT-1.png"}],"twitter_card":"summary_large_image","twitter_misc":{"Dur\u00e9e de lecture estim\u00e9e":"2 minutes"},"schema":{"@context":"https:\/\/schema.org","@graph":[{"@type":"WebPage","@id":"https:\/\/saisonsculturelleschaumont.fr\/mdxpuixt\/autres-saisons\/saison-02\/","url":"https:\/\/saisonsculturelleschaumont.fr\/mdxpuixt\/autres-saisons\/saison-02\/","name":"Saison 02 - Les Saisons Culturelles de Chaumont","isPartOf":{"@id":"https:\/\/saisonsculturelleschaumont.fr\/mdxpuixt\/#website"},"datePublished":"2020-02-11T00:46:37+00:00","dateModified":"2022-01-05T10:05:31+00:00","breadcrumb":{"@id":"https:\/\/saisonsculturelleschaumont.fr\/mdxpuixt\/autres-saisons\/saison-02\/#breadcrumb"},"inLanguage":"fr-FR","potentialAction":[{"@type":"ReadAction","target":["https:\/\/saisonsculturelleschaumont.fr\/mdxpuixt\/autres-saisons\/saison-02\/"]}]},{"@type":"BreadcrumbList","@id":"https:\/\/saisonsculturelleschaumont.fr\/mdxpuixt\/autres-saisons\/saison-02\/#breadcrumb","itemListElement":[{"@type":"ListItem","position":1,"name":"Accueil","item":"https:\/\/saisonsculturelleschaumont.fr\/mdxpuixt\/"},{"@type":"ListItem","position":2,"name":"Autres saisons","item":"https:\/\/saisonsculturelleschaumont.fr\/mdxpuixt\/autres-saisons\/"},{"@type":"ListItem","position":3,"name":"Saison 02"}]},{"@type":"WebSite","@id":"https:\/\/saisonsculturelleschaumont.fr\/mdxpuixt\/#website","url":"https:\/\/saisonsculturelleschaumont.fr\/mdxpuixt\/","name":"Les Saisons Culturelles de Chaumont","description":"","potentialAction":[{"@type":"SearchAction","target":{"@type":"EntryPoint","urlTemplate":"https:\/\/saisonsculturelleschaumont.fr\/mdxpuixt\/?s={search_term_string}"},"query-input":"required name=search_term_string"}],"inLanguage":"fr-FR"}]}},"uagb_featured_image_src":{"full":false,"thumbnail":false,"medium":false,"medium_large":false,"large":false,"1536x1536":false,"2048x2048":false,"widget":false,"square":false,"featured":false,"featured_large":false,"extra_large":false,"portfolio":false,"portfolio_small":false,"gallery":false,"magazine":false,"masonry":false,"entry_with_sidebar":false,"entry_without_sidebar":false},"uagb_author_info":{"display_name":"danielkolski","author_link":"https:\/\/saisonsculturelleschaumont.fr\/mdxpuixt\/author\/danielkolski\/"},"uagb_comment_info":0,"uagb_excerpt":"saison 02 ART ET NOUVELLES TECHNOLOGIES Recevoir, \u00e9mettre, traiter, stocker, \u00e9diter\u00a0: c\u2019est sur le mod\u00e8le de son propre fonctionnement que l\u2019homme a cr\u00e9\u00e9 les machines. En leur retransmettant le propre [&hellip;]","_links":{"self":[{"href":"https:\/\/saisonsculturelleschaumont.fr\/mdxpuixt\/wp-json\/wp\/v2\/pages\/4791"}],"collection":[{"href":"https:\/\/saisonsculturelleschaumont.fr\/mdxpuixt\/wp-json\/wp\/v2\/pages"}],"about":[{"href":"https:\/\/saisonsculturelleschaumont.fr\/mdxpuixt\/wp-json\/wp\/v2\/types\/page"}],"author":[{"embeddable":true,"href":"https:\/\/saisonsculturelleschaumont.fr\/mdxpuixt\/wp-json\/wp\/v2\/users\/1"}],"replies":[{"embeddable":true,"href":"https:\/\/saisonsculturelleschaumont.fr\/mdxpuixt\/wp-json\/wp\/v2\/comments?post=4791"}],"version-history":[{"count":0,"href":"https:\/\/saisonsculturelleschaumont.fr\/mdxpuixt\/wp-json\/wp\/v2\/pages\/4791\/revisions"}],"up":[{"embeddable":true,"href":"https:\/\/saisonsculturelleschaumont.fr\/mdxpuixt\/wp-json\/wp\/v2\/pages\/6006"}],"wp:attachment":[{"href":"https:\/\/saisonsculturelleschaumont.fr\/mdxpuixt\/wp-json\/wp\/v2\/media?parent=4791"}],"curies":[{"name":"wp","href":"https:\/\/api.w.org\/{rel}","templated":true}]}}