{"id":5484,"date":"2020-07-02T16:34:44","date_gmt":"2020-07-02T14:34:44","guid":{"rendered":"https:\/\/saisonsculturelleschaumont.fr\/mdxpuixt\/?page_id=5484"},"modified":"2024-07-15T16:46:36","modified_gmt":"2024-07-15T14:46:36","slug":"journees-europeennes-du-patrimoine","status":"publish","type":"page","link":"https:\/\/saisonsculturelleschaumont.fr\/mdxpuixt\/participez\/journees-europeennes-du-patrimoine\/","title":{"rendered":"Journ\u00e9es europ\u00e9ennes du patrimoine"},"content":{"rendered":"\t\t<div data-elementor-type=\"wp-page\" data-elementor-id=\"5484\" class=\"elementor elementor-5484\">\n\t\t\t\t\t\t<div class=\"elementor-inner\">\n\t\t\t\t<div class=\"elementor-section-wrap\">\n\t\t\t\t\t\t\t\t\t<section class=\"elementor-section elementor-top-section elementor-element elementor-element-2b2c6bcc elementor-section-boxed elementor-section-height-default elementor-section-height-default\" data-id=\"2b2c6bcc\" data-element_type=\"section\">\n\t\t\t\t\t\t<div class=\"elementor-container elementor-column-gap-default\">\n\t\t\t\t\t\t\t<div class=\"elementor-row\">\n\t\t\t\t\t<div class=\"elementor-column elementor-col-100 elementor-top-column elementor-element elementor-element-67228983\" data-id=\"67228983\" data-element_type=\"column\">\n\t\t\t<div class=\"elementor-column-wrap elementor-element-populated\">\n\t\t\t\t\t\t\t<div class=\"elementor-widget-wrap\">\n\t\t\t\t\t\t<div class=\"elementor-element elementor-element-1c5bc3 elementor-widget elementor-widget-text-editor\" data-id=\"1c5bc3\" data-element_type=\"widget\" data-widget_type=\"text-editor.default\">\n\t\t\t\t<div class=\"elementor-widget-container\">\n\t\t\t\t\t\t\t\t<div class=\"elementor-text-editor elementor-clearfix\">\n\t\t\t\t<h2><b>participez aux journ\u00e9es europ\u00e9ennes du patrimoine<\/b><\/h2>\t\t\t\t\t<\/div>\n\t\t\t\t\t\t<\/div>\n\t\t\t\t<\/div>\n\t\t\t\t\t\t<\/div>\n\t\t\t\t\t<\/div>\n\t\t<\/div>\n\t\t\t\t\t\t\t\t<\/div>\n\t\t\t\t\t<\/div>\n\t\t<\/section>\n\t\t\t\t<section class=\"elementor-section elementor-top-section elementor-element elementor-element-b23faff elementor-section-boxed elementor-section-height-default elementor-section-height-default\" data-id=\"b23faff\" data-element_type=\"section\">\n\t\t\t\t\t\t<div class=\"elementor-container elementor-column-gap-default\">\n\t\t\t\t\t\t\t<div class=\"elementor-row\">\n\t\t\t\t\t<div class=\"elementor-column elementor-col-100 elementor-top-column elementor-element elementor-element-6f1047f\" data-id=\"6f1047f\" data-element_type=\"column\">\n\t\t\t<div class=\"elementor-column-wrap elementor-element-populated\">\n\t\t\t\t\t\t\t<div class=\"elementor-widget-wrap\">\n\t\t\t\t\t\t<div class=\"elementor-element elementor-element-143ba59 elementor-widget elementor-widget-text-editor\" data-id=\"143ba59\" data-element_type=\"widget\" data-widget_type=\"text-editor.default\">\n\t\t\t\t<div class=\"elementor-widget-container\">\n\t\t\t\t\t\t\t\t<div class=\"elementor-text-editor elementor-clearfix\">\n\t\t\t\t<p>Cr\u00e9\u00e9es en 1984, les journ\u00e9es europ\u00e9ennes du patrimoine ont lieu chaque ann\u00e9e le 3\u00e8me week-end de septembre. Cette ann\u00e9e, la quaranti\u00e8me \u00e9dition des Journ\u00e9es europ\u00e9ennes du patrimoine aura lieu les <strong>samedi 21 et dimanche 22 septembre 2024<\/strong>\u00a0sur les th\u00e8mes \u00ab Patrimoine des itin\u00e9raires, des r\u00e9seaux et des connexions \u00bb et \u00ab Patrimoine maritime \u00bb.<\/p><p>Vous \u00eates un lieu patrimonial ou une association et vous souhaitez organiser des \u00e9v\u00e9nements dans le cadre des journ\u00e9es europ\u00e9ennes du patrimoine \u00e0 chaumont ? La ville vous propose de vous inscrire via notre formulaire afin de figurer sur le programme de chaumont.<\/p><p>Date limite d\u2019inscription\u00a0: 31 ao\u00fbt.<br \/>Si vous n&rsquo;avez pas re\u00e7u de mail de bonne r\u00e9ception, merci de nous contacter au 03 25 30 60 53<\/p><p>\n<div class=\"wpcf7 no-js\" id=\"wpcf7-f5479-o1\" lang=\"fr-FR\" dir=\"ltr\">\n<div class=\"screen-reader-response\"><p role=\"status\" aria-live=\"polite\" aria-atomic=\"true\"><\/p> <ul><\/ul><\/div>\n<form action=\"\/mdxpuixt\/wp-json\/wp\/v2\/pages\/5484#wpcf7-f5479-o1\" method=\"post\" class=\"wpcf7-form init cf7skins cf7t-contact cf7s-default\" aria-label=\"Formulaire de contact\" novalidate=\"novalidate\" data-status=\"init\">\n<div style=\"display: none;\">\n<input type=\"hidden\" name=\"_wpcf7\" value=\"5479\" \/>\n<input type=\"hidden\" name=\"_wpcf7_version\" value=\"5.8\" \/>\n<input type=\"hidden\" name=\"_wpcf7_locale\" value=\"fr_FR\" \/>\n<input type=\"hidden\" name=\"_wpcf7_unit_tag\" value=\"wpcf7-f5479-o1\" \/>\n<input type=\"hidden\" name=\"_wpcf7_container_post\" value=\"0\" \/>\n<input type=\"hidden\" name=\"_wpcf7_posted_data_hash\" value=\"\" \/>\n<input type=\"hidden\" name=\"_wpcf7_recaptcha_response\" value=\"\" \/>\n<\/div>\n<fieldset>\n\t<legend>inscrivez-vous<\/legend><br>\n\t<ol>\n\t\t<li><label for=''> nom de votre association, de votre \u00e9tablissement : <em class=\"cf7s-reqd\">*<\/em> <\/label><span class=\"wpcf7-form-control-wrap\" data-name=\"cf7s-name\"><input size=\"40\" class=\"wpcf7-form-control wpcf7-text wpcf7-validates-as-required\" aria-required=\"true\" aria-invalid=\"false\" value=\"\" type=\"text\" name=\"cf7s-name\" \/><\/span> <\/li>\n\n\t\t<li><label for=''> titre de votre \u00e9v\u00e9nement :  <em class=\"cf7s-reqd\">*<\/em> <\/label><span class=\"wpcf7-form-control-wrap\" data-name=\"cf7s-titre\"><input size=\"40\" class=\"wpcf7-form-control wpcf7-text wpcf7-validates-as-required\" aria-required=\"true\" aria-invalid=\"false\" value=\"\" type=\"text\" name=\"cf7s-titre\" \/><\/span> <\/li>\n<li><label for=''>lieu : <em class=\"cf7s-reqd\">*<\/em> <\/label><span class=\"wpcf7-form-control-wrap\" data-name=\"cf7s-lieu\"><input size=\"40\" class=\"wpcf7-form-control wpcf7-text wpcf7-validates-as-required\" aria-required=\"true\" aria-invalid=\"false\" value=\"\" type=\"text\" name=\"cf7s-lieu\" \/><\/span><\/li>\n<li><label for=''>date : <em class=\"cf7s-reqd\">*<\/em> <\/label><span class=\"wpcf7-form-control-wrap\" data-name=\"cf7s-date\"><input size=\"40\" class=\"wpcf7-form-control wpcf7-text wpcf7-validates-as-required\" aria-required=\"true\" aria-invalid=\"false\" value=\"\" type=\"text\" name=\"cf7s-date\" \/><\/span><\/li>\n<li><label for=''>heure : <em class=\"cf7s-reqd\">*<\/em> <\/label><span class=\"wpcf7-form-control-wrap\" data-name=\"cf7s-heure\"><input size=\"40\" class=\"wpcf7-form-control wpcf7-text wpcf7-validates-as-required\" aria-required=\"true\" aria-invalid=\"false\" value=\"\" type=\"text\" name=\"cf7s-heure\" \/><\/span><\/li>\n<li><label for=''>dur\u00e9e : <em class=\"cf7s-reqd\">*<\/em> <\/label><span class=\"wpcf7-form-control-wrap\" data-name=\"cf7s-duree\"><input size=\"40\" class=\"wpcf7-form-control wpcf7-text wpcf7-validates-as-required\" aria-required=\"true\" aria-invalid=\"false\" value=\"\" type=\"text\" name=\"cf7s-duree\" \/><\/span><\/li>\n\n<li><label for=''> texte descriptif : <em class=\"cf7s-reqd\">*<\/em> <\/label><span class=\"wpcf7-form-control-wrap\" data-name=\"cf7s-descriptif\"><textarea cols=\"40\" rows=\"10\" class=\"wpcf7-form-control wpcf7-textarea wpcf7-validates-as-required\" aria-required=\"true\" aria-invalid=\"false\" name=\"cf7s-descriptif\"><\/textarea><\/span> <\/li>\n<br>\n<b>conditions particuli\u00e8res :<\/b>\n<br>\n\u25cf \u00e9v\u00e9nement payant ? <span class=\"wpcf7-form-control-wrap\" data-name=\"payant-134\"><span class=\"wpcf7-form-control wpcf7-checkbox wpcf7-validates-as-required\"><span class=\"wpcf7-list-item first\"><span class=\"wpcf7-list-item-label\">oui<\/span><input type=\"checkbox\" name=\"payant-134[]\" value=\"oui\" \/><\/span><span class=\"wpcf7-list-item last\"><span class=\"wpcf7-list-item-label\">non<\/span><input type=\"checkbox\" name=\"payant-134[]\" value=\"non\" \/><\/span><\/span><\/span>\n\u25cf r\u00e9servation ou inscription obligatoire ? <span class=\"wpcf7-form-control-wrap\" data-name=\"reservation-134\"><span class=\"wpcf7-form-control wpcf7-checkbox wpcf7-validates-as-required\"><span class=\"wpcf7-list-item first\"><span class=\"wpcf7-list-item-label\">oui<\/span><input type=\"checkbox\" name=\"reservation-134[]\" value=\"oui\" \/><\/span><span class=\"wpcf7-list-item last\"><span class=\"wpcf7-list-item-label\">non<\/span><input type=\"checkbox\" name=\"reservation-134[]\" value=\"non\" \/><\/span><\/span><\/span>\n\u25cf nombre de places limit\u00e9es ? <span class=\"wpcf7-form-control-wrap\" data-name=\"limite-134\"><span class=\"wpcf7-form-control wpcf7-checkbox wpcf7-validates-as-required\"><span class=\"wpcf7-list-item first\"><span class=\"wpcf7-list-item-label\">oui<\/span><input type=\"checkbox\" name=\"limite-134[]\" value=\"oui\" \/><\/span><span class=\"wpcf7-list-item last\"><span class=\"wpcf7-list-item-label\">non<\/span><input type=\"checkbox\" name=\"limite-134[]\" value=\"non\" \/><\/span><\/span><\/span>\n\u25cf Nombre de places (si limit\u00e9) : <span class=\"wpcf7-form-control-wrap\" data-name=\"cf7s-nombre\"><input class=\"wpcf7-form-control wpcf7-number wpcf7-validates-as-number\" aria-invalid=\"false\" value=\"\" type=\"number\" name=\"cf7s-nombre\" \/><\/span>\n<\/li>\n<li><b>contact :<\/b>\n<br>\n<li><label for=''>nom : <em class=\"cf7s-reqd\">*<\/em> <\/label><span class=\"wpcf7-form-control-wrap\" data-name=\"cf7s-nom\"><input size=\"40\" class=\"wpcf7-form-control wpcf7-text wpcf7-validates-as-required\" aria-required=\"true\" aria-invalid=\"false\" value=\"\" type=\"text\" name=\"cf7s-nom\" \/><\/span><\/li>\n<li><label for=''>pr\u00e9nom : <em class=\"cf7s-reqd\">*<\/em> <\/label><span class=\"wpcf7-form-control-wrap\" data-name=\"cf7s-prenom\"><input size=\"40\" class=\"wpcf7-form-control wpcf7-text wpcf7-validates-as-required\" aria-required=\"true\" aria-invalid=\"false\" value=\"\" type=\"text\" name=\"cf7s-prenom\" \/><\/span><\/li>\n<li><label for=''>email : <em class=\"cf7s-reqd\">*<\/em> <\/label><span class=\"wpcf7-form-control-wrap\" data-name=\"cf7s-email-address\"><input size=\"40\" class=\"wpcf7-form-control wpcf7-email wpcf7-validates-as-required wpcf7-text wpcf7-validates-as-email\" aria-required=\"true\" aria-invalid=\"false\" value=\"\" type=\"email\" name=\"cf7s-email-address\" \/><\/span> <\/li>\n<li><label for=''>t\u00e9l : <em class=\"cf7s-reqd\">*<\/em> <\/label><span class=\"wpcf7-form-control-wrap\" data-name=\"cf7s-tel\"><input size=\"40\" class=\"wpcf7-form-control wpcf7-tel wpcf7-validates-as-required wpcf7-text wpcf7-validates-as-tel\" aria-required=\"true\" aria-invalid=\"false\" value=\"\" type=\"tel\" name=\"cf7s-tel\" \/><\/span><\/li> \n<\/ol>\n<br>\n<span class=\"wpcf7-form-control-wrap\" data-name=\"upload-file-222\"><input size=\"40\" class=\"wpcf7-form-control wpcf7-drag-n-drop-file d-none\" aria-invalid=\"false\" type=\"file\" multiple=\"multiple\" data-name=\"upload-file-222\" data-type=\"jpeg|png|jpg|gif|pdf|zip\" data-limit=\"30000000\" data-id=\"5479\" data-version=\"free version 1.3.7.2\" accept=\".jpeg, .png, .jpg, .gif, .pdf, .zip\" \/><\/span>\n<br>\n<input class=\"wpcf7-form-control wpcf7-submit has-spinner\" type=\"submit\" value=\"envoyer\" \/>\t\n<\/fieldset>\n<style>\ninput[type=\"number\"] {width: 100px !important;}\ninput[type=\"tel\"] {width: 200px !important;}\ninput[type=\"text\"],input[type=\"email\"]{ width: 400px !important;}\n<\/style><div class=\"wpcf7-response-output\" aria-hidden=\"true\"><\/div>\n<\/form>\n<\/div>\n<\/p>\t\t\t\t\t<\/div>\n\t\t\t\t\t\t<\/div>\n\t\t\t\t<\/div>\n\t\t\t\t\t\t<\/div>\n\t\t\t\t\t<\/div>\n\t\t<\/div>\n\t\t\t\t\t\t\t\t<\/div>\n\t\t\t\t\t<\/div>\n\t\t<\/section>\n\t\t\t\t\t\t\t\t\t<\/div>\n\t\t\t<\/div>\n\t\t\t\t\t<\/div>\n\t\t","protected":false},"excerpt":{"rendered":"<p>participez aux journ\u00e9es europ\u00e9ennes du patrimoine Cr\u00e9\u00e9es en 1984, les journ\u00e9es europ\u00e9ennes du patrimoine ont lieu chaque ann\u00e9e le 3\u00e8me week-end de septembre. Cette ann\u00e9e, la quaranti\u00e8me \u00e9dition des Journ\u00e9es [&hellip;]<\/p>\n","protected":false},"author":1,"featured_media":0,"parent":3241,"menu_order":0,"comment_status":"closed","ping_status":"closed","template":"","meta":{"_uag_custom_page_level_css":"","footnotes":""},"yoast_head":"<!-- This site is optimized with the Yoast SEO plugin v21.1 - https:\/\/yoast.com\/wordpress\/plugins\/seo\/ -->\n<title>Journ\u00e9es europ\u00e9ennes du patrimoine - Les Saisons Culturelles de Chaumont<\/title>\n<meta name=\"robots\" content=\"noindex, follow, max-snippet:-1, max-image-preview:large, max-video-preview:-1\" \/>\n<meta property=\"og:locale\" content=\"fr_FR\" \/>\n<meta property=\"og:type\" content=\"article\" \/>\n<meta property=\"og:title\" content=\"Journ\u00e9es europ\u00e9ennes du patrimoine - Les Saisons Culturelles de Chaumont\" \/>\n<meta property=\"og:description\" content=\"participez aux journ\u00e9es europ\u00e9ennes du patrimoine Cr\u00e9\u00e9es en 1984, les journ\u00e9es europ\u00e9ennes du patrimoine ont lieu chaque ann\u00e9e le 3\u00e8me week-end de septembre. Cette ann\u00e9e, la quaranti\u00e8me \u00e9dition des Journ\u00e9es [&hellip;]\" \/>\n<meta property=\"og:url\" content=\"https:\/\/saisonsculturelleschaumont.fr\/mdxpuixt\/participez\/journees-europeennes-du-patrimoine\/\" \/>\n<meta property=\"og:site_name\" content=\"Les Saisons Culturelles de Chaumont\" \/>\n<meta property=\"article:publisher\" content=\"https:\/\/www.facebook.com\/saisonsculturelleschaumont\/\" \/>\n<meta property=\"article:modified_time\" content=\"2024-07-15T14:46:36+00:00\" \/>\n<meta property=\"og:image\" content=\"https:\/\/saisonsculturelleschaumont.fr\/mdxpuixt\/wp-content\/uploads\/2023\/09\/Bandeau-de-couverture_FB-_SCC8.png\" \/>\n\t<meta property=\"og:image:width\" content=\"3396\" \/>\n\t<meta property=\"og:image:height\" content=\"1313\" \/>\n\t<meta property=\"og:image:type\" content=\"image\/png\" \/>\n<meta name=\"twitter:card\" content=\"summary_large_image\" \/>\n<meta name=\"twitter:label1\" content=\"Dur\u00e9e de lecture estim\u00e9e\" \/>\n\t<meta name=\"twitter:data1\" content=\"1 minute\" \/>\n<script type=\"application\/ld+json\" class=\"yoast-schema-graph\">{\"@context\":\"https:\/\/schema.org\",\"@graph\":[{\"@type\":\"WebPage\",\"@id\":\"https:\/\/saisonsculturelleschaumont.fr\/mdxpuixt\/participez\/journees-europeennes-du-patrimoine\/\",\"url\":\"https:\/\/saisonsculturelleschaumont.fr\/mdxpuixt\/participez\/journees-europeennes-du-patrimoine\/\",\"name\":\"Journ\u00e9es europ\u00e9ennes du patrimoine - Les Saisons Culturelles de Chaumont\",\"isPartOf\":{\"@id\":\"https:\/\/saisonsculturelleschaumont.fr\/mdxpuixt\/#website\"},\"datePublished\":\"2020-07-02T14:34:44+00:00\",\"dateModified\":\"2024-07-15T14:46:36+00:00\",\"breadcrumb\":{\"@id\":\"https:\/\/saisonsculturelleschaumont.fr\/mdxpuixt\/participez\/journees-europeennes-du-patrimoine\/#breadcrumb\"},\"inLanguage\":\"fr-FR\",\"potentialAction\":[{\"@type\":\"ReadAction\",\"target\":[\"https:\/\/saisonsculturelleschaumont.fr\/mdxpuixt\/participez\/journees-europeennes-du-patrimoine\/\"]}]},{\"@type\":\"BreadcrumbList\",\"@id\":\"https:\/\/saisonsculturelleschaumont.fr\/mdxpuixt\/participez\/journees-europeennes-du-patrimoine\/#breadcrumb\",\"itemListElement\":[{\"@type\":\"ListItem\",\"position\":1,\"name\":\"Accueil\",\"item\":\"https:\/\/saisonsculturelleschaumont.fr\/mdxpuixt\/\"},{\"@type\":\"ListItem\",\"position\":2,\"name\":\"participez\",\"item\":\"https:\/\/saisonsculturelleschaumont.fr\/mdxpuixt\/participez\/\"},{\"@type\":\"ListItem\",\"position\":3,\"name\":\"Journ\u00e9es europ\u00e9ennes du patrimoine\"}]},{\"@type\":\"WebSite\",\"@id\":\"https:\/\/saisonsculturelleschaumont.fr\/mdxpuixt\/#website\",\"url\":\"https:\/\/saisonsculturelleschaumont.fr\/mdxpuixt\/\",\"name\":\"Les Saisons Culturelles de Chaumont\",\"description\":\"\",\"potentialAction\":[{\"@type\":\"SearchAction\",\"target\":{\"@type\":\"EntryPoint\",\"urlTemplate\":\"https:\/\/saisonsculturelleschaumont.fr\/mdxpuixt\/?s={search_term_string}\"},\"query-input\":\"required name=search_term_string\"}],\"inLanguage\":\"fr-FR\"}]}<\/script>\n<!-- \/ Yoast SEO plugin. -->","yoast_head_json":{"title":"Journ\u00e9es europ\u00e9ennes du patrimoine - Les Saisons Culturelles de Chaumont","robots":{"index":"noindex","follow":"follow","max-snippet":"max-snippet:-1","max-image-preview":"max-image-preview:large","max-video-preview":"max-video-preview:-1"},"og_locale":"fr_FR","og_type":"article","og_title":"Journ\u00e9es europ\u00e9ennes du patrimoine - Les Saisons Culturelles de Chaumont","og_description":"participez aux journ\u00e9es europ\u00e9ennes du patrimoine Cr\u00e9\u00e9es en 1984, les journ\u00e9es europ\u00e9ennes du patrimoine ont lieu chaque ann\u00e9e le 3\u00e8me week-end de septembre. Cette ann\u00e9e, la quaranti\u00e8me \u00e9dition des Journ\u00e9es [&hellip;]","og_url":"https:\/\/saisonsculturelleschaumont.fr\/mdxpuixt\/participez\/journees-europeennes-du-patrimoine\/","og_site_name":"Les Saisons Culturelles de Chaumont","article_publisher":"https:\/\/www.facebook.com\/saisonsculturelleschaumont\/","article_modified_time":"2024-07-15T14:46:36+00:00","og_image":[{"width":3396,"height":1313,"url":"https:\/\/saisonsculturelleschaumont.fr\/mdxpuixt\/wp-content\/uploads\/2023\/09\/Bandeau-de-couverture_FB-_SCC8.png","type":"image\/png"}],"twitter_card":"summary_large_image","twitter_misc":{"Dur\u00e9e de lecture estim\u00e9e":"1 minute"},"schema":{"@context":"https:\/\/schema.org","@graph":[{"@type":"WebPage","@id":"https:\/\/saisonsculturelleschaumont.fr\/mdxpuixt\/participez\/journees-europeennes-du-patrimoine\/","url":"https:\/\/saisonsculturelleschaumont.fr\/mdxpuixt\/participez\/journees-europeennes-du-patrimoine\/","name":"Journ\u00e9es europ\u00e9ennes du patrimoine - Les Saisons Culturelles de Chaumont","isPartOf":{"@id":"https:\/\/saisonsculturelleschaumont.fr\/mdxpuixt\/#website"},"datePublished":"2020-07-02T14:34:44+00:00","dateModified":"2024-07-15T14:46:36+00:00","breadcrumb":{"@id":"https:\/\/saisonsculturelleschaumont.fr\/mdxpuixt\/participez\/journees-europeennes-du-patrimoine\/#breadcrumb"},"inLanguage":"fr-FR","potentialAction":[{"@type":"ReadAction","target":["https:\/\/saisonsculturelleschaumont.fr\/mdxpuixt\/participez\/journees-europeennes-du-patrimoine\/"]}]},{"@type":"BreadcrumbList","@id":"https:\/\/saisonsculturelleschaumont.fr\/mdxpuixt\/participez\/journees-europeennes-du-patrimoine\/#breadcrumb","itemListElement":[{"@type":"ListItem","position":1,"name":"Accueil","item":"https:\/\/saisonsculturelleschaumont.fr\/mdxpuixt\/"},{"@type":"ListItem","position":2,"name":"participez","item":"https:\/\/saisonsculturelleschaumont.fr\/mdxpuixt\/participez\/"},{"@type":"ListItem","position":3,"name":"Journ\u00e9es europ\u00e9ennes du patrimoine"}]},{"@type":"WebSite","@id":"https:\/\/saisonsculturelleschaumont.fr\/mdxpuixt\/#website","url":"https:\/\/saisonsculturelleschaumont.fr\/mdxpuixt\/","name":"Les Saisons Culturelles de Chaumont","description":"","potentialAction":[{"@type":"SearchAction","target":{"@type":"EntryPoint","urlTemplate":"https:\/\/saisonsculturelleschaumont.fr\/mdxpuixt\/?s={search_term_string}"},"query-input":"required name=search_term_string"}],"inLanguage":"fr-FR"}]}},"uagb_featured_image_src":{"full":false,"thumbnail":false,"medium":false,"medium_large":false,"large":false,"1536x1536":false,"2048x2048":false,"widget":false,"square":false,"featured":false,"featured_large":false,"extra_large":false,"portfolio":false,"portfolio_small":false,"gallery":false,"magazine":false,"masonry":false,"entry_with_sidebar":false,"entry_without_sidebar":false},"uagb_author_info":{"display_name":"danielkolski","author_link":"https:\/\/saisonsculturelleschaumont.fr\/mdxpuixt\/author\/danielkolski\/"},"uagb_comment_info":0,"uagb_excerpt":"participez aux journ\u00e9es europ\u00e9ennes du patrimoine Cr\u00e9\u00e9es en 1984, les journ\u00e9es europ\u00e9ennes du patrimoine ont lieu chaque ann\u00e9e le 3\u00e8me week-end de septembre. Cette ann\u00e9e, la quaranti\u00e8me \u00e9dition des Journ\u00e9es [&hellip;]","_links":{"self":[{"href":"https:\/\/saisonsculturelleschaumont.fr\/mdxpuixt\/wp-json\/wp\/v2\/pages\/5484"}],"collection":[{"href":"https:\/\/saisonsculturelleschaumont.fr\/mdxpuixt\/wp-json\/wp\/v2\/pages"}],"about":[{"href":"https:\/\/saisonsculturelleschaumont.fr\/mdxpuixt\/wp-json\/wp\/v2\/types\/page"}],"author":[{"embeddable":true,"href":"https:\/\/saisonsculturelleschaumont.fr\/mdxpuixt\/wp-json\/wp\/v2\/users\/1"}],"replies":[{"embeddable":true,"href":"https:\/\/saisonsculturelleschaumont.fr\/mdxpuixt\/wp-json\/wp\/v2\/comments?post=5484"}],"version-history":[{"count":3,"href":"https:\/\/saisonsculturelleschaumont.fr\/mdxpuixt\/wp-json\/wp\/v2\/pages\/5484\/revisions"}],"predecessor-version":[{"id":11799,"href":"https:\/\/saisonsculturelleschaumont.fr\/mdxpuixt\/wp-json\/wp\/v2\/pages\/5484\/revisions\/11799"}],"up":[{"embeddable":true,"href":"https:\/\/saisonsculturelleschaumont.fr\/mdxpuixt\/wp-json\/wp\/v2\/pages\/3241"}],"wp:attachment":[{"href":"https:\/\/saisonsculturelleschaumont.fr\/mdxpuixt\/wp-json\/wp\/v2\/media?parent=5484"}],"curies":[{"name":"wp","href":"https:\/\/api.w.org\/{rel}","templated":true}]}}