{"id":6001,"date":"2021-03-01T17:53:36","date_gmt":"2021-03-01T16:53:36","guid":{"rendered":"https:\/\/saisonsculturelleschaumont.fr\/mdxpuixt\/?page_id=6001"},"modified":"2022-01-05T11:05:31","modified_gmt":"2022-01-05T10:05:31","slug":"saison-03","status":"publish","type":"page","link":"https:\/\/saisonsculturelleschaumont.fr\/mdxpuixt\/autres-saisons\/saison-03\/","title":{"rendered":"Saison 03"},"content":{"rendered":"\t\t<div data-elementor-type=\"wp-post\" data-elementor-id=\"6001\" class=\"elementor elementor-6001\">\n\t\t\t\t\t\t<div class=\"elementor-inner\">\n\t\t\t\t<div class=\"elementor-section-wrap\">\n\t\t\t\t\t\t\t\t\t<section class=\"elementor-section elementor-top-section elementor-element elementor-element-7be01fc6 elementor-section-content-top elementor-section-boxed elementor-section-height-default elementor-section-height-default\" data-id=\"7be01fc6\" data-element_type=\"section\" id=\"dk-saison02\">\n\t\t\t\t\t\t<div class=\"elementor-container elementor-column-gap-default\">\n\t\t\t\t\t\t\t<div class=\"elementor-row\">\n\t\t\t\t\t<div class=\"elementor-column elementor-col-50 elementor-top-column elementor-element elementor-element-7333b452\" data-id=\"7333b452\" data-element_type=\"column\">\n\t\t\t<div class=\"elementor-column-wrap elementor-element-populated\">\n\t\t\t\t\t\t\t<div class=\"elementor-widget-wrap\">\n\t\t\t\t\t\t<div class=\"elementor-element elementor-element-6bf5942c elementor-widget elementor-widget-image\" data-id=\"6bf5942c\" data-element_type=\"widget\" data-widget_type=\"image.default\">\n\t\t\t\t<div class=\"elementor-widget-container\">\n\t\t\t\t\t\t\t\t<div class=\"elementor-image\">\n\t\t\t\t\t\t\t\t\t\t\t\t<img decoding=\"async\" loading=\"lazy\" width=\"870\" height=\"1218\" src=\"https:\/\/saisonsculturelleschaumont.fr\/mdxpuixt\/wp-content\/uploads\/2020\/09\/aff-g\u00e9n\u00e9rale-saison3.png\" class=\"attachment-full size-full wp-image-5799\" alt=\"\" srcset=\"https:\/\/saisonsculturelleschaumont.fr\/mdxpuixt\/wp-content\/uploads\/2020\/09\/aff-g\u00e9n\u00e9rale-saison3.png 870w, https:\/\/saisonsculturelleschaumont.fr\/mdxpuixt\/wp-content\/uploads\/2020\/09\/aff-g\u00e9n\u00e9rale-saison3-504x705.png 504w\" sizes=\"(max-width: 870px) 100vw, 870px\" \/>\t\t\t\t\t\t\t\t\t\t\t\t\t\t<\/div>\n\t\t\t\t\t\t<\/div>\n\t\t\t\t<\/div>\n\t\t\t\t\t\t<\/div>\n\t\t\t\t\t<\/div>\n\t\t<\/div>\n\t\t\t\t<div class=\"elementor-column elementor-col-50 elementor-top-column elementor-element elementor-element-246751ef\" data-id=\"246751ef\" data-element_type=\"column\">\n\t\t\t<div class=\"elementor-column-wrap elementor-element-populated\">\n\t\t\t\t\t\t\t<div class=\"elementor-widget-wrap\">\n\t\t\t\t\t\t<div class=\"elementor-element elementor-element-6da0a009 elementor-widget elementor-widget-heading\" data-id=\"6da0a009\" data-element_type=\"widget\" data-widget_type=\"heading.default\">\n\t\t\t\t<div class=\"elementor-widget-container\">\n\t\t\t<h2 class=\"elementor-heading-title elementor-size-xl\">saison 03<\/h2>\t\t<\/div>\n\t\t\t\t<\/div>\n\t\t\t\t<div class=\"elementor-element elementor-element-5f934721 elementor-widget elementor-widget-heading\" data-id=\"5f934721\" data-element_type=\"widget\" data-widget_type=\"heading.default\">\n\t\t\t\t<div class=\"elementor-widget-container\">\n\t\t\t<h2 class=\"elementor-heading-title elementor-size-default\"><h2 data-elementor-setting-key=\"title\" data-pen-placeholder=\"\u00c9crivez ici...\" style=\"font-style: normal; font-variant-caps: normal; font-variant-ligatures: normal; font-variant-numeric: inherit; font-variant-east-asian: inherit; orphans: 2; widows: 2;\"><strong style=\"font-style: normal; font-variant-ligatures: normal; font-variant-caps: normal; font-variant-numeric: inherit; font-variant-east-asian: inherit; font-size: 15px; font-family: ehnormal, HelveticaNeue, &quot;Helvetica Neue&quot;, Helvetica-Neue, Helvetica, Arial, sans-serif; white-space: normal;\">SPORT ET CULTURE<\/strong><span style=\"font-family: ehnormal, HelveticaNeue, &quot;Helvetica Neue&quot;, Helvetica-Neue, Helvetica, Arial, sans-serif; font-size: 28px; font-weight: 600;\"><\/span><\/h2><\/h2>\t\t<\/div>\n\t\t\t\t<\/div>\n\t\t\t\t<div class=\"elementor-element elementor-element-387e65d2 elementor-widget elementor-widget-text-editor\" data-id=\"387e65d2\" data-element_type=\"widget\" data-widget_type=\"text-editor.default\">\n\t\t\t\t<div class=\"elementor-widget-container\">\n\t\t\t\t\t\t\t\t<div class=\"elementor-text-editor elementor-clearfix\">\n\t\t\t\t<p>Consid\u00e9r\u00e9 par certains sociologues contemporains comme l\u2019opium du peuple, qui, a contrario de la critique et la pens\u00e9e individuelle, favorise le mouvement hyst\u00e9rique de masse, le sport est \u00e9galement associ\u00e9, depuis l\u2019antiquit\u00e9, \u00e0 l\u2019art. Culture du corps et de l\u2019esprit, le sport et l\u2019art ont sculpt\u00e9 \u00e0 travers les \u00e9poques la notion de beaut\u00e9, celle de l\u2019athl\u00e8te, admir\u00e9 par la foule, mais aussi celle plus r\u00e9cente de l\u2019homme r\u00e9volt\u00e9, le poing lev\u00e9.<\/p><p>Rarement empreint de l\u2019esprit de performance et de comp\u00e9titivit\u00e9 du sport, l\u2019art a cependant parfois \u00e9t\u00e9 compar\u00e9 \u00e0 un sport de combat. Le corps muscl\u00e9 du c\u00e9l\u00e8bre penseur est-il une all\u00e9gorie de la lutte que m\u00e8ne l\u2019artiste pour exprimer sa vision du monde ? Quel coin occupe l\u2019artiste sur le ring de nos soci\u00e9t\u00e9s\u00a0? Et vous, plut\u00f4t coup de poing ou coup de crayon\u00a0?<\/p><p>Apr\u00e8s des semaines d\u2019enfermement, accapar\u00e9s par nos \u00e9crans, limit\u00e9s dans nos d\u00e9placements, la saison culturelle 03 pr\u00e9tend d\u00e9livrer nos corps et nos esprits, \u00e0 travers la rencontre naturelle ou provoqu\u00e9e de ces deux pratiques\u00a0: le sport et la culture.<\/p><p>Sports de glisse sur fond de hip hop avec bad fat, &lsquo;d\u00e9tours&rsquo; graphiques avec l\u2019artiste eltono, chronique dessin\u00e9e du cvb52 par yannick grosset\u00eate, mapping th\u00e9matique avec le graphiste patrick conus et les \u00e9tudiants du lyc\u00e9e cdg, vitrines en tenue sportive gr\u00e2ce \u00e0 notre incontournable fonds d\u2019affiches,\u00a0 fresque &lsquo;agilit\u00e9s&rsquo; de loraine motti, \u00e9loge de la marche avec l\u2019\u00e9crivain david le breton et bien d\u2019autres invit\u00e9s \u00e0 d\u00e9couvrir sur le fil tendu de cette acrobatique saison.\u00a0\u00a0<\/p><p><a href=\"https:\/\/saisonsculturelleschaumont.fr\/mdxpuixt\/wp-content\/uploads\/2020\/09\/SCC3-Journal-VF.pdf\">t\u00e9l\u00e9chargez le journal de la saison 03<\/a><\/p>\t\t\t\t\t<\/div>\n\t\t\t\t\t\t<\/div>\n\t\t\t\t<\/div>\n\t\t\t\t<div class=\"elementor-element elementor-element-86a1446 elementor-widget elementor-widget-premium-addon-button\" data-id=\"86a1446\" data-element_type=\"widget\" data-widget_type=\"premium-addon-button.default\">\n\t\t\t\t<div class=\"elementor-widget-container\">\n\t\t\t\r\n\r\n\t\t<a class=\"premium-button premium-button-none premium-btn-lg premium-button-none\" href=\"https:\/\/saisonsculturelleschaumont.fr\/mdxpuixt\/autres-saisons\/\">\r\n\t\t\t<div class=\"premium-button-text-icon-wrapper\">\r\n\t\t\t\t\t\t\t\t<span >\r\n\t\t\t\t\tautres saisons\t\t\t\t<\/span>\r\n\t\t\t\t\t\t\t<\/div>\r\n\t\t\t\t\t\t\t\t<\/a>\r\n\r\n\r\n\t\t\t\t<\/div>\n\t\t\t\t<\/div>\n\t\t\t\t\t\t<\/div>\n\t\t\t\t\t<\/div>\n\t\t<\/div>\n\t\t\t\t\t\t\t\t<\/div>\n\t\t\t\t\t<\/div>\n\t\t<\/section>\n\t\t\t\t<section class=\"elementor-section elementor-top-section elementor-element elementor-element-34be8b67 elementor-section-boxed elementor-section-height-default elementor-section-height-default\" data-id=\"34be8b67\" data-element_type=\"section\">\n\t\t\t\t\t\t<div class=\"elementor-container elementor-column-gap-default\">\n\t\t\t\t\t\t\t<div class=\"elementor-row\">\n\t\t\t\t\t<div class=\"elementor-column elementor-col-100 elementor-top-column elementor-element elementor-element-2a46a0a\" data-id=\"2a46a0a\" data-element_type=\"column\">\n\t\t\t<div class=\"elementor-column-wrap elementor-element-populated\">\n\t\t\t\t\t\t\t<div class=\"elementor-widget-wrap\">\n\t\t\t\t\t\t<div class=\"elementor-element elementor-element-46945a82 elementor-widget elementor-widget-wp-widget-ipw\" data-id=\"46945a82\" data-element_type=\"widget\" data-widget_type=\"wp-widget-ipw.default\">\n\t\t\t\t<div class=\"elementor-widget-container\">\n\t\t\t<div data-post-id=\"6003\" class=\"insert-page insert-page-6003 \">\n<style type=\"text\/css\" data-created_by=\"avia_inline_auto\" id=\"style-css-av-jyhtyvi9-c472173ad61115fa27e237f275a93df0\">\n#top .av_textblock_section.av-jyhtyvi9-c472173ad61115fa27e237f275a93df0 .avia_textblock{\nfont-size:24px;\n}\n<\/style>\n<section  class='av_textblock_section av-jyhtyvi9-c472173ad61115fa27e237f275a93df0 '   itemscope=\"itemscope\" itemtype=\"https:\/\/schema.org\/CreativeWork\" ><div class='avia_textblock'  itemprop=\"text\" ><p>\u2022 arts visuels<\/p>\n<\/div><\/section>\n\n<style type=\"text\/css\" data-created_by=\"avia_inline_auto\" id=\"style-css-av-r7jg-a2a37e95637f5b1b440c8c6c21e046e8\">\n#top .flex_column.av-r7jg-a2a37e95637f5b1b440c8c6c21e046e8{\nmargin-top:0px;\nmargin-bottom:20px;\n}\n.flex_column.av-r7jg-a2a37e95637f5b1b440c8c6c21e046e8{\nborder-radius:0px 0px 0px 0px;\npadding:0px 0px 0px 0px;\n}\n.responsive #top #wrap_all .flex_column.av-r7jg-a2a37e95637f5b1b440c8c6c21e046e8{\nmargin-top:0px;\nmargin-bottom:20px;\n}\n<\/style>\n<div  class='flex_column av-r7jg-a2a37e95637f5b1b440c8c6c21e046e8 av_one_full  avia-builder-el-1  el_after_av_textblock  el_before_av_textblock  first flex_column_div av-zero-column-padding  column-top-margin'     ><div id='grille-ala-une' class='av-masonry av-jxpefprf-b823e6f6c6635b88588446b31f5ce3c8 noHover av-fixed-size av-1px-gap av-hover-overlay- av-masonry-animation- av-masonry-col-3 av-caption-on-hover av-caption-style-overlay av-masonry-entries av-medium-columns-overwrite av-medium-columns-2 av-small-columns-overwrite av-small-columns-2 av-mini-columns-overwrite av-mini-columns-1 ' data-post_id=\"6003\"><div class=\"av-masonry-container isotope av-js-disabled\"><div class='av-masonry-entry isotope-item av-masonry-item-no-image '><\/div><a href=\"https:\/\/saisonsculturelleschaumont.fr\/mdxpuixt\/evenement\/mobiles-de-jean-michel-melliere\/\"  id='av-masonry-1-item-5510' data-av-masonry-item='5510' class='av-masonry-entry isotope-item post-5510 tribe_events type-tribe_events status-publish has-post-thumbnail hentry tag-art tag-culture tag-design tag-exposition tag-mobile tag-pierre tag-sculpture tribe_events_cat-arts-visuels  av-masonry-item-with-image' title=\"Jean-Michel Melli\u00e8re \u00a9droits r\u00e9serv\u00e9s\"   itemscope=\"itemscope\" itemtype=\"https:\/\/schema.org\/CreativeWork\" ><div class='av-inner-masonry-sizer'><\/div><figure class='av-inner-masonry main_color'><div class=\"av-masonry-outerimage-container\"><div class='av-masonry-image-container' style=\"background-image: url(https:\/\/saisonsculturelleschaumont.fr\/mdxpuixt\/wp-content\/uploads\/2020\/07\/Jean-Michel-Melli\u00e8re-\u00a9droits-r\u00e9serv\u00e9s-705x698.jpg);\"  title=\"Jean-Michel Melli\u00e8re \u00a9droits r\u00e9serv\u00e9s\"  ><\/div><\/div><figcaption class='av-inner-masonry-content site-background'><div class='av-inner-masonry-content-pos'><div class='av-inner-masonry-content-pos-content'><div class='avia-arrow'><\/div><span class=\"tribe-event-date-start\">15 Sep 2020<\/span> - <span class=\"tribe-event-date-end\">15 D\u00e9c 2020<\/span><br><span class=\"tribe-event-categories\">arts visuels<\/span><h3 class='av-masonry-entry-title entry-title '  itemprop=\"headline\" >Mobiles de Jean-Michel Melli\u00e8re<\/h3><\/div><\/div><\/figcaption><\/figure><\/a><!--end av-masonry entry--><a href=\"https:\/\/saisonsculturelleschaumont.fr\/mdxpuixt\/evenement\/mademoiselle-maurice\/\"  id='av-masonry-1-item-5511' data-av-masonry-item='5511' class='av-masonry-entry isotope-item post-5511 tribe_events type-tribe_events status-publish has-post-thumbnail hentry tag-art tag-art-contemporain tag-couleurs tag-installation tag-visite tag-visite-commentee tribe_events_cat-arts-visuels  av-masonry-item-with-image' title=\"Trois petits temps de suspension\"   itemscope=\"itemscope\" itemtype=\"https:\/\/schema.org\/CreativeWork\" ><div class='av-inner-masonry-sizer'><\/div><figure class='av-inner-masonry main_color'><div class=\"av-masonry-outerimage-container\"><div class='av-masonry-image-container' style=\"background-image: url(https:\/\/saisonsculturelleschaumont.fr\/mdxpuixt\/wp-content\/uploads\/2020\/10\/DSC_3036-610x705.jpg);\"  title=\"Trois petits temps de suspension\"  ><\/div><\/div><figcaption class='av-inner-masonry-content site-background'><div class='av-inner-masonry-content-pos'><div class='av-inner-masonry-content-pos-content'><div class='avia-arrow'><\/div><span class=\"tribe-event-date-start\">10 Oct 2020  10:00<\/span> - <span class=\"tribe-event-date-end\">27 D\u00e9c 2020  18:00<\/span><br><span class=\"tribe-event-categories\">arts visuels<\/span><h3 class='av-masonry-entry-title entry-title '  itemprop=\"headline\" >Mademoiselle Maurice<\/h3><\/div><\/div><\/figcaption><\/figure><\/a><!--end av-masonry entry--><a href=\"https:\/\/saisonsculturelleschaumont.fr\/mdxpuixt\/evenement\/traverser-le-paysage-le-musee-sans-reserves-v-2\/\"  id='av-masonry-1-item-4786' data-av-masonry-item='4786' class='av-masonry-entry isotope-item post-4786 tribe_events type-tribe_events status-publish has-post-thumbnail hentry tag-art tag-exposition tag-musee tag-paysage tag-peinture tribe_events_cat-arts-visuels  av-masonry-item-with-image' title=\"traverser le paysage\"   itemscope=\"itemscope\" itemtype=\"https:\/\/schema.org\/CreativeWork\" ><div class='av-inner-masonry-sizer'><\/div><figure class='av-inner-masonry main_color'><div class=\"av-masonry-outerimage-container\"><div class='av-masonry-image-container' style=\"background-image: url(https:\/\/saisonsculturelleschaumont.fr\/mdxpuixt\/wp-content\/uploads\/2019\/08\/Esbrat-Les-Bords-de-Seine-jpeg-Th.-Peters-copie.jpg);\"  title=\"traverser le paysage\"  ><\/div><\/div><figcaption class='av-inner-masonry-content site-background'><div class='av-inner-masonry-content-pos'><div class='av-inner-masonry-content-pos-content'><div class='avia-arrow'><\/div><span class=\"tribe-event-date-start\">21 D\u00e9c 2019<\/span> - <span class=\"tribe-event-date-end\">1 Jan 2021<\/span><br><span class=\"tribe-event-categories\">arts visuels<\/span><h3 class='av-masonry-entry-title entry-title '  itemprop=\"headline\" >Traverser le paysage, le mus\u00e9e sans r\u00e9serve(s) V<\/h3><\/div><\/div><\/figcaption><\/figure><\/a><!--end av-masonry entry--><a href=\"https:\/\/saisonsculturelleschaumont.fr\/mdxpuixt\/evenement\/futurs-anterieurs-pascal-dombis\/\"  id='av-masonry-1-item-4962' data-av-masonry-item='4962' class='av-masonry-entry isotope-item post-4962 tribe_events type-tribe_events status-publish has-post-thumbnail hentry tag-art tag-exposition tribe_events_cat-arts-visuels  av-masonry-item-with-image' title=\"1_FA_2070 copie\"   itemscope=\"itemscope\" itemtype=\"https:\/\/schema.org\/CreativeWork\" ><div class='av-inner-masonry-sizer'><\/div><figure class='av-inner-masonry main_color'><div class=\"av-masonry-outerimage-container\"><div class='av-masonry-image-container' style=\"background-image: url(https:\/\/saisonsculturelleschaumont.fr\/mdxpuixt\/wp-content\/uploads\/2020\/08\/1_FA_2070-copie-705x470.jpg);\"  title=\"1_FA_2070 copie\"  ><\/div><\/div><figcaption class='av-inner-masonry-content site-background'><div class='av-inner-masonry-content-pos'><div class='av-inner-masonry-content-pos-content'><div class='avia-arrow'><\/div><span class=\"tribe-event-date-start\">10 Juil 2020  14:00<\/span> - <span class=\"tribe-event-date-end\">27 Sep 2020  18:00<\/span><br><span class=\"tribe-event-categories\">arts visuels<\/span><h3 class='av-masonry-entry-title entry-title '  itemprop=\"headline\" >Futurs Ant\u00e9rieurs &#8211; Pascal Dombis<\/h3><\/div><\/div><\/figcaption><\/figure><\/a><!--end av-masonry entry--><a href=\"https:\/\/saisonsculturelleschaumont.fr\/mdxpuixt\/evenement\/jean-francois-rey-typographie-et-bandes-dessinees\/\"  id='av-masonry-1-item-5586' data-av-masonry-item='5586' class='av-masonry-entry isotope-item post-5586 tribe_events type-tribe_events status-publish has-post-thumbnail hentry tag-art tag-auteur tag-creation tag-culture tag-exposition tag-graphisme tag-installation tag-presentation tag-signe tag-typographie tag-visite tribe_events_cat-arts-visuels  av-masonry-item-with-image' title=\"Jean-Fran\u00e7ois Rey \u00a9 Marc Domage copie\"   itemscope=\"itemscope\" itemtype=\"https:\/\/schema.org\/CreativeWork\" ><div class='av-inner-masonry-sizer'><\/div><figure class='av-inner-masonry main_color'><div class=\"av-masonry-outerimage-container\"><div class='av-masonry-image-container' style=\"background-image: url(https:\/\/saisonsculturelleschaumont.fr\/mdxpuixt\/wp-content\/uploads\/2020\/08\/Jean-Fran\u00e7ois-Rey-\u00a9-Marc-Domage-copie-705x459.jpg);\"  title=\"Jean-Fran\u00e7ois Rey \u00a9 Marc Domage copie\"  ><\/div><\/div><figcaption class='av-inner-masonry-content site-background'><div class='av-inner-masonry-content-pos'><div class='av-inner-masonry-content-pos-content'><div class='avia-arrow'><\/div><span class=\"tribe-event-date-start\">11 Juil 2020  14:00<\/span> - <span class=\"tribe-event-date-end\">4 Oct 2020  18:00<\/span><br><span class=\"tribe-event-categories\">arts visuels<\/span><h3 class='av-masonry-entry-title entry-title '  itemprop=\"headline\" >Jean-Fran\u00e7ois Rey, Typographie et Bandes Dessin\u00e9es<\/h3><\/div><\/div><\/figcaption><\/figure><\/a><!--end av-masonry entry--><a href=\"https:\/\/saisonsculturelleschaumont.fr\/mdxpuixt\/evenement\/anja-kaiser-undisciplined-toolkit-feminisme-et-design-graphique\/\"  id='av-masonry-1-item-5587' data-av-masonry-item='5587' class='av-masonry-entry isotope-item post-5587 tribe_events type-tribe_events status-publish has-post-thumbnail hentry tag-affiche tag-art tag-auteur tag-creation tag-culture tag-debat tag-echange tag-exposition tag-feminisme tag-graphisme tag-installation tag-numerique tag-projection tag-signe tag-societe tribe_events_cat-arts-visuels  av-masonry-item-with-image' title=\"Anja Kaiser \u00a9 Marc Domage copie\"   itemscope=\"itemscope\" itemtype=\"https:\/\/schema.org\/CreativeWork\" ><div class='av-inner-masonry-sizer'><\/div><figure class='av-inner-masonry main_color'><div class=\"av-masonry-outerimage-container\"><div class='av-masonry-image-container' style=\"background-image: url(https:\/\/saisonsculturelleschaumont.fr\/mdxpuixt\/wp-content\/uploads\/2020\/08\/Anja-Kaiser-\u00a9-Marc-Domage-copie-705x469.jpg);\"  title=\"Anja Kaiser \u00a9 Marc Domage copie\"  ><\/div><\/div><figcaption class='av-inner-masonry-content site-background'><div class='av-inner-masonry-content-pos'><div class='av-inner-masonry-content-pos-content'><div class='avia-arrow'><\/div><span class=\"tribe-event-date-start\">11 Juil 2020  14:00<\/span> - <span class=\"tribe-event-date-end\">1 Nov 2020  18:00<\/span><br><span class=\"tribe-event-categories\">arts visuels<\/span><h3 class='av-masonry-entry-title entry-title '  itemprop=\"headline\" >Anja Kaiser, Undisciplined Toolkit, F\u00e9minisme et Design graphique<\/h3><\/div><\/div><\/figcaption><\/figure><\/a><!--end av-masonry entry--><\/div><a class='av-masonry-pagination av-masonry-load-more' href='#load-more'  data-link='tribe_events_cat, 42'  data-term_rel='IN'  data-wc_prod_visible=''  data-wc_prod_hidden=''  data-wc_prod_featured=''  data-prod_order_by=''  data-prod_order=''  data-date_filter='date_filter'  data-date_filter_start='2020\/08\/01'  data-date_filter_end='2020\/12\/31'  data-date_filter_format='yy\/mm\/dd'  data-period_filter_unit_1=''  data-period_filter_unit_2=''  data-page_element_filter=''  data-sort='no'  data-query_orderby='date'  data-query_order='ASC'  data-caption_elements='title'  data-caption_styling='overlay'  data-caption_display='on-hover'  data-img_copyright=''  data-size='fixed'  data-orientation=''  data-image_size='masonry'  data-gap='1px'  data-columns='3'  data-av-desktop-columns=''  data-av-medium-columns='2'  data-av-small-columns='2'  data-av-mini-columns='1'  data-items='6'  data-paginate='load_more'  data-color='custom'  data-custom_bg=''  data-img_copyright_font=''  data-av-desktop-font-img_copyright_font=''  data-av-medium-font-img_copyright_font=''  data-av-small-font-img_copyright_font=''  data-av-mini-font-img_copyright_font=''  data-img_copyright_color=''  data-img_copyright_bg=''  data-animation=''  data-animation_duration=''  data-animation_custom_bg_color=''  data-animation_custom_bg_color_multi_list=''  data-animation_z_index_curtain='100'  data-overlay_fx=''  data-img_scrset=''  data-lazy_loading='disabled'  data-av-desktop-hide=''  data-av-medium-hide=''  data-av-small-hide=''  data-av-mini-hide=''  data-alb_description=''  data-id='grille-ala-une'  data-custom_class=''  data-template_class=''  data-av_uid='av-jxpefprf'  data-sc_version='1.0'  data-ids=''  data-action=''  data-post_type='post, page, attachment, revision, nav_menu_item, custom_css, customize_changeset, oembed_cache, user_request, wp_block, wp_template, wp_template_part, wp_global_styles, wp_navigation, e-landing-page, elementor_library, tribe_event_series, wpcf7_contact_form, tribe_venue, tribe_organizer, tribe_events, tribe-ea-record, deleted_event, spectra-popup, portfolio, avia_framework_post, popupbuilder'  data-offset='0'  data-container_links='active'  data-link_dest=''  data-lightbox_text=''  data-container_class='av-masonry-entries'  data-auto_ratio='1.7'  data-set_breadcrumb='1'  data-custom_markup=''  data-taxonomy='tribe_events_cat'  data-categories='42'  data-avno='d7051b306b'>Charger plus<\/a><\/div><\/div>\n\n<style type=\"text\/css\" data-created_by=\"avia_inline_auto\" id=\"style-css-av-jyhtyvi9-15-84f98217221f9b65858bfc93ea3a34dc\">\n#top .av_textblock_section.av-jyhtyvi9-15-84f98217221f9b65858bfc93ea3a34dc .avia_textblock{\nfont-size:24px;\n}\n<\/style>\n<section  class='av_textblock_section av-jyhtyvi9-15-84f98217221f9b65858bfc93ea3a34dc '   itemscope=\"itemscope\" itemtype=\"https:\/\/schema.org\/CreativeWork\" ><div class='avia_textblock'  itemprop=\"text\" ><p>\u2022 graphisme dans la ville<\/p>\n<\/div><\/section>\n\n<style type=\"text\/css\" data-created_by=\"avia_inline_auto\" id=\"style-css-av-r7jg-14-3393e343b22b816fae27aef8c26ece93\">\n#top .flex_column.av-r7jg-14-3393e343b22b816fae27aef8c26ece93{\nmargin-top:0px;\nmargin-bottom:20px;\n}\n.flex_column.av-r7jg-14-3393e343b22b816fae27aef8c26ece93{\nborder-radius:0px 0px 0px 0px;\npadding:0px 0px 0px 0px;\n}\n.responsive #top #wrap_all .flex_column.av-r7jg-14-3393e343b22b816fae27aef8c26ece93{\nmargin-top:0px;\nmargin-bottom:20px;\n}\n<\/style>\n<div  class='flex_column av-r7jg-14-3393e343b22b816fae27aef8c26ece93 av_one_full  avia-builder-el-4  el_after_av_textblock  el_before_av_textblock  first flex_column_div av-zero-column-padding  column-top-margin'     ><div id='grille-ala-une' class='av-masonry av-jxpefprf-13-64f079c3640108049bf3ac57cc016bec noHover av-fixed-size av-1px-gap av-hover-overlay- av-masonry-animation- av-masonry-col-3 av-caption-on-hover av-caption-style-overlay av-masonry-entries av-medium-columns-overwrite av-medium-columns-2 av-small-columns-overwrite av-small-columns-2 av-mini-columns-overwrite av-mini-columns-1 ' data-post_id=\"6003\"><div class=\"av-masonry-container isotope av-js-disabled\"><div class='av-masonry-entry isotope-item av-masonry-item-no-image '><\/div><a href=\"https:\/\/saisonsculturelleschaumont.fr\/mdxpuixt\/evenement\/agilites-loraine-motti\/\"  id='av-masonry-2-item-5512' data-av-masonry-item='5512' class='av-masonry-entry isotope-item post-5512 tribe_events type-tribe_events status-publish has-post-thumbnail hentry tag-aerosol tag-art tag-creation tag-culture tag-fresque tag-graphisme tag-intervention-murale tag-peinture tag-surrealisme tribe_events_cat-graphisme-dans-la-ville  av-masonry-item-with-image' title=\"\u00a9 Loraine Motti\"   itemscope=\"itemscope\" itemtype=\"https:\/\/schema.org\/CreativeWork\" ><div class='av-inner-masonry-sizer'><\/div><figure class='av-inner-masonry main_color'><div class=\"av-masonry-outerimage-container\"><div class='av-masonry-image-container' style=\"background-image: url(https:\/\/saisonsculturelleschaumont.fr\/mdxpuixt\/wp-content\/uploads\/2020\/07\/\u00a9-Loraine-Motti.jpg);\"  title=\"\u00a9 Loraine Motti\"  ><\/div><\/div><figcaption class='av-inner-masonry-content site-background'><div class='av-inner-masonry-content-pos'><div class='av-inner-masonry-content-pos-content'><div class='avia-arrow'><\/div><span class=\"tribe-event-date-start\">12 Sep 2020<\/span> - <span class=\"tribe-event-date-end\">31 D\u00e9c 2020<\/span><br><span class=\"tribe-event-categories\">graphisme dans la ville<\/span><h3 class='av-masonry-entry-title entry-title '  itemprop=\"headline\" >Agilit\u00e9s &#8211; Loraine Motti<\/h3><\/div><\/div><\/figcaption><\/figure><\/a><!--end av-masonry entry--><a href=\"https:\/\/saisonsculturelleschaumont.fr\/mdxpuixt\/evenement\/detours-eltono\/\"  id='av-masonry-2-item-5513' data-av-masonry-item='5513' class='av-masonry-entry isotope-item post-5513 tribe_events type-tribe_events status-publish has-post-thumbnail hentry tag-abstrait tag-art tag-creation tag-culture tag-deambulation tag-graphisme tag-intervention-murale tag-parcours tag-patrimoine tag-peinture tribe_events_cat-graphisme-dans-la-ville  av-masonry-item-with-image' title=\"Eltono \u00a9droits r\u00e9serv\u00e9s\"   itemscope=\"itemscope\" itemtype=\"https:\/\/schema.org\/CreativeWork\" ><div class='av-inner-masonry-sizer'><\/div><figure class='av-inner-masonry main_color'><div class=\"av-masonry-outerimage-container\"><div class='av-masonry-image-container' style=\"background-image: url(https:\/\/saisonsculturelleschaumont.fr\/mdxpuixt\/wp-content\/uploads\/2020\/07\/Eltono-\u00a9droits-r\u00e9serv\u00e9s-705x529.jpg);\"  title=\"Eltono \u00a9droits r\u00e9serv\u00e9s\"  ><\/div><\/div><figcaption class='av-inner-masonry-content site-background'><div class='av-inner-masonry-content-pos'><div class='av-inner-masonry-content-pos-content'><div class='avia-arrow'><\/div><span class=\"tribe-event-date-start\">12 Sep 2020<\/span> - <span class=\"tribe-event-date-end\">31 D\u00e9c 2020<\/span><br><span class=\"tribe-event-categories\">graphisme dans la ville<\/span><h3 class='av-masonry-entry-title entry-title '  itemprop=\"headline\" >D\u00e9tours &#8211; Eltono<\/h3><\/div><\/div><\/figcaption><\/figure><\/a><!--end av-masonry entry--><a href=\"https:\/\/saisonsculturelleschaumont.fr\/mdxpuixt\/evenement\/les-nuits-graphiques-2\/\"  id='av-masonry-2-item-5514' data-av-masonry-item='5514' class='av-masonry-entry isotope-item post-5514 tribe_events type-tribe_events status-publish has-post-thumbnail hentry tag-animation tag-art tag-creation tag-ecole tag-etudiant tag-graphisme tag-mapping tag-presentation tag-projection tag-son-et-lumiere tag-spectacle tag-video-mapping tribe_events_cat-graphisme-dans-la-ville  av-masonry-item-with-image' title=\"Mapping\"   itemscope=\"itemscope\" itemtype=\"https:\/\/schema.org\/CreativeWork\" ><div class='av-inner-masonry-sizer'><\/div><figure class='av-inner-masonry main_color'><div class=\"av-masonry-outerimage-container\"><div class='av-masonry-image-container' style=\"background-image: url(https:\/\/saisonsculturelleschaumont.fr\/mdxpuixt\/wp-content\/uploads\/2020\/02\/Mapping-705x410.jpg);\"  title=\"Mapping\"  ><\/div><\/div><figcaption class='av-inner-masonry-content site-background'><div class='av-inner-masonry-content-pos'><div class='av-inner-masonry-content-pos-content'><div class='avia-arrow'><\/div><span class=\"tribe-event-date-start\">12 Nov 2020  21:00<\/span> - <span class=\"tribe-event-time\">22:00<\/span><br><span class=\"tribe-event-categories\">graphisme dans la ville<\/span><h3 class='av-masonry-entry-title entry-title '  itemprop=\"headline\" >Les Nuits Graphiques<\/h3><\/div><\/div><\/figcaption><\/figure><\/a><!--end av-masonry entry--><\/div><\/div><\/div>\n\n<style type=\"text\/css\" data-created_by=\"avia_inline_auto\" id=\"style-css-av-jyhtyvi9-12-f13ee616ba9fe1abe5e2f09a40122a04\">\n#top .av_textblock_section.av-jyhtyvi9-12-f13ee616ba9fe1abe5e2f09a40122a04 .avia_textblock{\nfont-size:24px;\n}\n<\/style>\n<section  class='av_textblock_section av-jyhtyvi9-12-f13ee616ba9fe1abe5e2f09a40122a04 '   itemscope=\"itemscope\" itemtype=\"https:\/\/schema.org\/CreativeWork\" ><div class='avia_textblock'  itemprop=\"text\" ><p>\u2022 livre et rencontres<\/p>\n<\/div><\/section>\n\n<style type=\"text\/css\" data-created_by=\"avia_inline_auto\" id=\"style-css-av-r7jg-11-3bcb5feaa1ea2fd0f265f6a37c1cf53e\">\n#top .flex_column.av-r7jg-11-3bcb5feaa1ea2fd0f265f6a37c1cf53e{\nmargin-top:0px;\nmargin-bottom:20px;\n}\n.flex_column.av-r7jg-11-3bcb5feaa1ea2fd0f265f6a37c1cf53e{\nborder-radius:0px 0px 0px 0px;\npadding:0px 0px 0px 0px;\n}\n.responsive #top #wrap_all .flex_column.av-r7jg-11-3bcb5feaa1ea2fd0f265f6a37c1cf53e{\nmargin-top:0px;\nmargin-bottom:20px;\n}\n<\/style>\n<div  class='flex_column av-r7jg-11-3bcb5feaa1ea2fd0f265f6a37c1cf53e av_one_full  avia-builder-el-7  el_after_av_textblock  el_before_av_textblock  first flex_column_div av-zero-column-padding  column-top-margin'     ><div id='grille-ala-une' class='av-masonry av-jxpefprf-10-4659c386dcf8d938ba201c6250aae423 noHover av-fixed-size av-1px-gap av-hover-overlay- av-masonry-animation- av-masonry-col-3 av-caption-on-hover av-caption-style-overlay av-masonry-entries av-medium-columns-overwrite av-medium-columns-2 av-small-columns-overwrite av-small-columns-2 av-mini-columns-overwrite av-mini-columns-1 ' data-post_id=\"6003\"><div class=\"av-masonry-container isotope av-js-disabled\"><div class='av-masonry-entry isotope-item av-masonry-item-no-image '><\/div><a href=\"https:\/\/saisonsculturelleschaumont.fr\/mdxpuixt\/evenement\/salon-du-livre-de-chaumont\/\"  id='av-masonry-3-item-5515' data-av-masonry-item='5515' class='av-masonry-entry isotope-item post-5515 tribe_events type-tribe_events status-publish has-post-thumbnail hentry tag-auteur tag-culture tag-echange tag-lecture tag-livre tag-rencontre tribe_events_cat-livre-et-rencontres  av-masonry-item-with-image' title=\"visuel vierge_salon du livre_carte postale\"   itemscope=\"itemscope\" itemtype=\"https:\/\/schema.org\/CreativeWork\" ><div class='av-inner-masonry-sizer'><\/div><figure class='av-inner-masonry main_color'><div class=\"av-masonry-outerimage-container\"><div class='av-masonry-image-container' style=\"background-image: url(https:\/\/saisonsculturelleschaumont.fr\/mdxpuixt\/wp-content\/uploads\/2020\/08\/visuel-vierge_salon-du-livre_carte-postale-705x513.png);\"  title=\"visuel vierge_salon du livre_carte postale\"  ><\/div><\/div><figcaption class='av-inner-masonry-content site-background'><div class='av-inner-masonry-content-pos'><div class='av-inner-masonry-content-pos-content'><div class='avia-arrow'><\/div><span class=\"tribe-event-date-start\">5 D\u00e9c 2020<\/span> - <span class=\"tribe-event-date-end\">6 F\u00e9v 2021<\/span><br><span class=\"tribe-event-categories\">livre et rencontres<\/span><h3 class='av-masonry-entry-title entry-title '  itemprop=\"headline\" >Salon du livre de Chaumont<\/h3><\/div><\/div><\/figcaption><\/figure><\/a><!--end av-masonry entry--><\/div><\/div><\/div>\n\n<style type=\"text\/css\" data-created_by=\"avia_inline_auto\" id=\"style-css-av-jyhtyvi9-9-755ed6fea14682cb83f5be4e4de1d36a\">\n#top .av_textblock_section.av-jyhtyvi9-9-755ed6fea14682cb83f5be4e4de1d36a .avia_textblock{\nfont-size:24px;\n}\n<\/style>\n<section  class='av_textblock_section av-jyhtyvi9-9-755ed6fea14682cb83f5be4e4de1d36a '   itemscope=\"itemscope\" itemtype=\"https:\/\/schema.org\/CreativeWork\" ><div class='avia_textblock'  itemprop=\"text\" ><p>\u2022 multidisciplinaire<\/p>\n<\/div><\/section>\n\n<style type=\"text\/css\" data-created_by=\"avia_inline_auto\" id=\"style-css-av-r7jg-8-d802c59567bf944ddc961e431b22a512\">\n#top .flex_column.av-r7jg-8-d802c59567bf944ddc961e431b22a512{\nmargin-top:0px;\nmargin-bottom:20px;\n}\n.flex_column.av-r7jg-8-d802c59567bf944ddc961e431b22a512{\nborder-radius:0px 0px 0px 0px;\npadding:0px 0px 0px 0px;\n}\n.responsive #top #wrap_all .flex_column.av-r7jg-8-d802c59567bf944ddc961e431b22a512{\nmargin-top:0px;\nmargin-bottom:20px;\n}\n<\/style>\n<div  class='flex_column av-r7jg-8-d802c59567bf944ddc961e431b22a512 av_one_full  avia-builder-el-10  el_after_av_textblock  el_before_av_textblock  first flex_column_div av-zero-column-padding  column-top-margin'     ><div id='grille-ala-une' class='av-masonry av-jxpefprf-7-2392b33be2ac4aaf6d03b21d6444c278 noHover av-fixed-size av-1px-gap av-hover-overlay- av-masonry-animation- av-masonry-col-3 av-caption-on-hover av-caption-style-overlay av-masonry-entries av-medium-columns-overwrite av-medium-columns-2 av-small-columns-overwrite av-small-columns-2 av-mini-columns-overwrite av-mini-columns-1 ' data-post_id=\"6003\"><div class=\"av-masonry-container isotope av-js-disabled\"><div class='av-masonry-entry isotope-item av-masonry-item-no-image '><\/div><a href=\"https:\/\/saisonsculturelleschaumont.fr\/mdxpuixt\/evenement\/journees-europeennes-du-patrimoine-2\/\"  id='av-masonry-4-item-5522' data-av-masonry-item='5522' class='av-masonry-entry isotope-item post-5522 tribe_events type-tribe_events status-publish has-post-thumbnail hentry tag-art tag-culture tag-exposition tag-journees-du-parcours tag-visite tribe_events_cat-multidisciplinaire  av-masonry-item-with-image' title=\"Journ\u00e9es du Patrimoine\"   itemscope=\"itemscope\" itemtype=\"https:\/\/schema.org\/CreativeWork\" ><div class='av-inner-masonry-sizer'><\/div><figure class='av-inner-masonry main_color'><div class=\"av-masonry-outerimage-container\"><div class='av-masonry-image-container' style=\"background-image: url(https:\/\/saisonsculturelleschaumont.fr\/mdxpuixt\/wp-content\/uploads\/2020\/07\/Journ\u00e9es-du-Patrimoine.jpg);\"  title=\"Journ\u00e9es du Patrimoine\"  ><\/div><\/div><figcaption class='av-inner-masonry-content site-background'><div class='av-inner-masonry-content-pos'><div class='av-inner-masonry-content-pos-content'><div class='avia-arrow'><\/div><span class=\"tribe-event-date-start\">18 Sep 2020<\/span> - <span class=\"tribe-event-date-end\">20 Sep 2020<\/span><br><span class=\"tribe-event-categories\">multidisciplinaire<\/span><h3 class='av-masonry-entry-title entry-title '  itemprop=\"headline\" >Journ\u00e9es Europ\u00e9ennes du Patrimoine<\/h3><\/div><\/div><\/figcaption><\/figure><\/a><!--end av-masonry entry--><a href=\"https:\/\/saisonsculturelleschaumont.fr\/mdxpuixt\/evenement\/ouverture-de-la-saison-03\/\"  id='av-masonry-4-item-5736' data-av-masonry-item='5736' class='av-masonry-entry isotope-item post-5736 tribe_events type-tribe_events status-publish has-post-thumbnail hentry tag-activites tag-cultures-urbaines tag-manifestation tag-ouverture-de-saison tag-sport tribe_events_cat-multidisciplinaire  av-masonry-item-with-image' title=\"photo-skate ouverture\"   itemscope=\"itemscope\" itemtype=\"https:\/\/schema.org\/CreativeWork\" ><div class='av-inner-masonry-sizer'><\/div><figure class='av-inner-masonry main_color'><div class=\"av-masonry-outerimage-container\"><div class='av-masonry-image-container' style=\"background-image: url(https:\/\/saisonsculturelleschaumont.fr\/mdxpuixt\/wp-content\/uploads\/2020\/09\/photo-skate-ouverture-705x470.jpg);\"  title=\"photo-skate ouverture\"  ><\/div><\/div><figcaption class='av-inner-masonry-content site-background'><div class='av-inner-masonry-content-pos'><div class='av-inner-masonry-content-pos-content'><div class='avia-arrow'><\/div><span class=\"tribe-event-date-start\">12 Sep 2020  14:00<\/span> - <span class=\"tribe-event-time\">23:00<\/span><br><span class=\"tribe-event-categories\">multidisciplinaire<\/span><h3 class='av-masonry-entry-title entry-title '  itemprop=\"headline\" >Ouverture de la saison 03<\/h3><\/div><\/div><\/figcaption><\/figure><\/a><!--end av-masonry entry--><\/div><\/div><\/div>\n\n<style type=\"text\/css\" data-created_by=\"avia_inline_auto\" id=\"style-css-av-jyhtyvi9-6-5c802f0433ea4fa4fd95eb967858c6ef\">\n#top .av_textblock_section.av-jyhtyvi9-6-5c802f0433ea4fa4fd95eb967858c6ef .avia_textblock{\nfont-size:24px;\n}\n<\/style>\n<section  class='av_textblock_section av-jyhtyvi9-6-5c802f0433ea4fa4fd95eb967858c6ef '   itemscope=\"itemscope\" itemtype=\"https:\/\/schema.org\/CreativeWork\" ><div class='avia_textblock'  itemprop=\"text\" ><p>\u2022 musique<\/p>\n<\/div><\/section>\n\n<style type=\"text\/css\" data-created_by=\"avia_inline_auto\" id=\"style-css-av-r7jg-5-880b5dca5fa94ee87f68396aa6cb740b\">\n#top .flex_column.av-r7jg-5-880b5dca5fa94ee87f68396aa6cb740b{\nmargin-top:0px;\nmargin-bottom:20px;\n}\n.flex_column.av-r7jg-5-880b5dca5fa94ee87f68396aa6cb740b{\nborder-radius:0px 0px 0px 0px;\npadding:0px 0px 0px 0px;\n}\n.responsive #top #wrap_all .flex_column.av-r7jg-5-880b5dca5fa94ee87f68396aa6cb740b{\nmargin-top:0px;\nmargin-bottom:20px;\n}\n<\/style>\n<div  class='flex_column av-r7jg-5-880b5dca5fa94ee87f68396aa6cb740b av_one_full  avia-builder-el-13  el_after_av_textblock  el_before_av_textblock  first flex_column_div av-zero-column-padding  column-top-margin'     ><div id='av-masonry-5' class='av-masonry av-jxpefprf-4-b2872ab3da9be0cde47274cf38f2d8df noHover av-fixed-size av-1px-gap av-hover-overlay- av-masonry-animation- av-masonry-col-3 av-caption-on-hover av-caption-style-overlay av-masonry-entries av-medium-columns-overwrite av-medium-columns-2 av-small-columns-overwrite av-small-columns-2 av-mini-columns-overwrite av-mini-columns-1 ' data-post_id=\"6003\"><div class=\"av-masonry-container isotope av-js-disabled\"><div class='av-masonry-entry isotope-item av-masonry-item-no-image '><\/div><a href=\"https:\/\/saisonsculturelleschaumont.fr\/mdxpuixt\/evenement\/dj-fly\/\"  id='av-masonry-5-item-5516' data-av-masonry-item='5516' class='av-masonry-entry isotope-item post-5516 tribe_events type-tribe_events status-publish has-post-thumbnail hentry tag-concert tag-dj tag-electro tag-musique tribe_events_cat-musique  av-masonry-item-with-image' title=\"DJ Fly \u00a9Johan Faure\"   itemscope=\"itemscope\" itemtype=\"https:\/\/schema.org\/CreativeWork\" ><div class='av-inner-masonry-sizer'><\/div><figure class='av-inner-masonry main_color'><div class=\"av-masonry-outerimage-container\"><div class='av-masonry-image-container' style=\"background-image: url(https:\/\/saisonsculturelleschaumont.fr\/mdxpuixt\/wp-content\/uploads\/2020\/07\/DJ-Fly-\u00a9Johan-Faure-705x471.jpg);\"  title=\"DJ Fly \u00a9Johan Faure\"  ><\/div><\/div><figcaption class='av-inner-masonry-content site-background'><div class='av-inner-masonry-content-pos'><div class='av-inner-masonry-content-pos-content'><div class='avia-arrow'><\/div><span class=\"tribe-event-date-start\">12 Sep 2020  14:00<\/span> - <span class=\"tribe-event-time\">21:00<\/span><br><span class=\"tribe-event-categories\">musique<\/span><h3 class='av-masonry-entry-title entry-title '  itemprop=\"headline\" >DJ Fly<\/h3><\/div><\/div><\/figcaption><\/figure><\/a><!--end av-masonry entry--><a href=\"https:\/\/saisonsculturelleschaumont.fr\/mdxpuixt\/evenement\/bad-fat\/\"  id='av-masonry-5-item-5517' data-av-masonry-item='5517' class='av-masonry-entry isotope-item post-5517 tribe_events type-tribe_events status-publish has-post-thumbnail hentry tag-beatbox tag-concert tag-hip-hop tag-jazz tag-musique tribe_events_cat-musique  av-masonry-item-with-image' title=\"Bad Fat \u00a9droits r\u00e9serv\u00e9s\"   itemscope=\"itemscope\" itemtype=\"https:\/\/schema.org\/CreativeWork\" ><div class='av-inner-masonry-sizer'><\/div><figure class='av-inner-masonry main_color'><div class=\"av-masonry-outerimage-container\"><div class='av-masonry-image-container' style=\"background-image: url(https:\/\/saisonsculturelleschaumont.fr\/mdxpuixt\/wp-content\/uploads\/2020\/07\/Bad-Fat-\u00a9droits-r\u00e9serv\u00e9s-705x469.jpg);\"  title=\"Bad Fat \u00a9droits r\u00e9serv\u00e9s\"  ><\/div><\/div><figcaption class='av-inner-masonry-content site-background'><div class='av-inner-masonry-content-pos'><div class='av-inner-masonry-content-pos-content'><div class='avia-arrow'><\/div><span class=\"tribe-event-date-start\">12 Sep 2020  22:00<\/span> - <span class=\"tribe-event-time\">23:00<\/span><br><span class=\"tribe-event-categories\">musique<\/span><h3 class='av-masonry-entry-title entry-title '  itemprop=\"headline\" >Bad Fat<\/h3><\/div><\/div><\/figcaption><\/figure><\/a><!--end av-masonry entry--><a href=\"https:\/\/saisonsculturelleschaumont.fr\/mdxpuixt\/evenement\/ma-boite-a-jazz-1\/\"  id='av-masonry-5-item-5519' data-av-masonry-item='5519' class='av-masonry-entry isotope-item post-5519 tribe_events type-tribe_events status-publish has-post-thumbnail hentry tag-concert tag-jazz tag-musique tribe_events_cat-musique  av-masonry-item-with-image' title=\"Trio Fox\"   itemscope=\"itemscope\" itemtype=\"https:\/\/schema.org\/CreativeWork\" ><div class='av-inner-masonry-sizer'><\/div><figure class='av-inner-masonry main_color'><div class=\"av-masonry-outerimage-container\"><div class='av-masonry-image-container' style=\"background-image: url(https:\/\/saisonsculturelleschaumont.fr\/mdxpuixt\/wp-content\/uploads\/2020\/07\/Fox-Trio-02-\u00a9-Eric-Garault-1-705x586.jpg);\"  title=\"Trio Fox\"  ><\/div><\/div><figcaption class='av-inner-masonry-content site-background'><div class='av-inner-masonry-content-pos'><div class='av-inner-masonry-content-pos-content'><div class='avia-arrow'><\/div><span class=\"tribe-event-date-start\">16 Oct 2020  21:00<\/span> - <span class=\"tribe-event-time\">23:00<\/span><br><span class=\"tribe-event-categories\">musique<\/span><h3 class='av-masonry-entry-title entry-title '  itemprop=\"headline\" >Ma Bo\u00eete \u00e0 Jazz #1<\/h3><\/div><\/div><\/figcaption><\/figure><\/a><!--end av-masonry entry--><a href=\"https:\/\/saisonsculturelleschaumont.fr\/mdxpuixt\/evenement\/ma-boite-a-jazz-2\/\"  id='av-masonry-5-item-5520' data-av-masonry-item='5520' class='av-masonry-entry isotope-item post-5520 tribe_events type-tribe_events status-publish has-post-thumbnail hentry tag-concert tag-jazz tag-musique tribe_events_cat-musique  av-masonry-item-with-image' title=\"KS2 \u00a9 droits r\u00e9serv\u00e9s\"   itemscope=\"itemscope\" itemtype=\"https:\/\/schema.org\/CreativeWork\" ><div class='av-inner-masonry-sizer'><\/div><figure class='av-inner-masonry main_color'><div class=\"av-masonry-outerimage-container\"><div class='av-masonry-image-container' style=\"background-image: url(https:\/\/saisonsculturelleschaumont.fr\/mdxpuixt\/wp-content\/uploads\/2020\/07\/KS2-\u00a9-droits-r\u00e9serv\u00e9s-705x537.jpg);\"  title=\"KS2 \u00a9 droits r\u00e9serv\u00e9s\"  ><\/div><\/div><figcaption class='av-inner-masonry-content site-background'><div class='av-inner-masonry-content-pos'><div class='av-inner-masonry-content-pos-content'><div class='avia-arrow'><\/div><span class=\"tribe-event-date-start\">13 Nov 2020  21:00<\/span> - <span class=\"tribe-event-time\">23:00<\/span><br><span class=\"tribe-event-categories\">musique<\/span><h3 class='av-masonry-entry-title entry-title '  itemprop=\"headline\" >Ma Bo\u00eete \u00e0 Jazz #2<\/h3><\/div><\/div><\/figcaption><\/figure><\/a><!--end av-masonry entry--><a href=\"https:\/\/saisonsculturelleschaumont.fr\/mdxpuixt\/evenement\/scene-locale-22-2\/\"  id='av-masonry-5-item-5521' data-av-masonry-item='5521' class='av-masonry-entry isotope-item post-5521 tribe_events type-tribe_events status-publish has-post-thumbnail hentry tag-concert tag-decouverte-musicale tag-groupe-local tag-musique tag-scene-locale tribe_events_cat-musique  av-masonry-item-with-image' title=\"arti \u00a9droits r\u00e9serv\u00e9s\"   itemscope=\"itemscope\" itemtype=\"https:\/\/schema.org\/CreativeWork\" ><div class='av-inner-masonry-sizer'><\/div><figure class='av-inner-masonry main_color'><div class=\"av-masonry-outerimage-container\"><div class='av-masonry-image-container' style=\"background-image: url(https:\/\/saisonsculturelleschaumont.fr\/mdxpuixt\/wp-content\/uploads\/2020\/07\/arti-\u00a9droits-r\u00e9serv\u00e9s-1.jpg);\"  title=\"arti \u00a9droits r\u00e9serv\u00e9s\"  ><\/div><\/div><figcaption class='av-inner-masonry-content site-background'><div class='av-inner-masonry-content-pos'><div class='av-inner-masonry-content-pos-content'><div class='avia-arrow'><\/div><span class=\"tribe-event-date-start\">4 D\u00e9c 2020  21:00<\/span> - <span class=\"tribe-event-time\">23:00<\/span><br><span class=\"tribe-event-categories\">musique<\/span><h3 class='av-masonry-entry-title entry-title '  itemprop=\"headline\" >Sc\u00e8ne Locale #22<\/h3><\/div><\/div><\/figcaption><\/figure><\/a><!--end av-masonry entry--><a href=\"https:\/\/saisonsculturelleschaumont.fr\/mdxpuixt\/evenement\/concert-sandwich-avec-psicky-osino-le-brame\/\"  id='av-masonry-5-item-5660' data-av-masonry-item='5660' class='av-masonry-entry isotope-item post-5660 tribe_events type-tribe_events status-publish has-post-thumbnail hentry tag-concert tag-pause-dej tribe_events_cat-musique  av-masonry-item-with-image' title=\"SIGNE-LOGO-org\"   itemscope=\"itemscope\" itemtype=\"https:\/\/schema.org\/CreativeWork\" ><div class='av-inner-masonry-sizer'><\/div><figure class='av-inner-masonry main_color'><div class=\"av-masonry-outerimage-container\"><div class='av-masonry-image-container' style=\"background-image: url(https:\/\/saisonsculturelleschaumont.fr\/mdxpuixt\/wp-content\/uploads\/2020\/02\/SIGNE-LOGO-org.jpg);\"  title=\"SIGNE-LOGO-org\"  ><\/div><\/div><figcaption class='av-inner-masonry-content site-background'><div class='av-inner-masonry-content-pos'><div class='av-inner-masonry-content-pos-content'><div class='avia-arrow'><\/div><span class=\"tribe-event-date-start\">2 Oct 2020  12:30<\/span> - <span class=\"tribe-event-time\">13:30<\/span><br><span class=\"tribe-event-categories\">musique<\/span><h3 class='av-masonry-entry-title entry-title '  itemprop=\"headline\" >Concert Sandwich avec Psicky \/ Osino \/ Le Brame<\/h3><\/div><\/div><\/figcaption><\/figure><\/a><!--end av-masonry entry--><\/div><a class='av-masonry-pagination av-masonry-load-more' href='#load-more'  data-link='tribe_events_cat, 305'  data-term_rel='IN'  data-wc_prod_visible=''  data-wc_prod_hidden=''  data-wc_prod_featured=''  data-prod_order_by=''  data-prod_order=''  data-date_filter='date_filter'  data-date_filter_start='2020\/08\/01'  data-date_filter_end='2020\/12\/31'  data-date_filter_format='yy\/mm\/dd'  data-period_filter_unit_1=''  data-period_filter_unit_2=''  data-page_element_filter=''  data-sort='no'  data-query_orderby='date'  data-query_order='ASC'  data-caption_elements='title'  data-caption_styling='overlay'  data-caption_display='on-hover'  data-img_copyright=''  data-size='fixed'  data-orientation=''  data-image_size='masonry'  data-gap='1px'  data-columns='3'  data-av-desktop-columns=''  data-av-medium-columns='2'  data-av-small-columns='2'  data-av-mini-columns='1'  data-items='6'  data-paginate='load_more'  data-color='custom'  data-custom_bg=''  data-img_copyright_font=''  data-av-desktop-font-img_copyright_font=''  data-av-medium-font-img_copyright_font=''  data-av-small-font-img_copyright_font=''  data-av-mini-font-img_copyright_font=''  data-img_copyright_color=''  data-img_copyright_bg=''  data-animation=''  data-animation_duration=''  data-animation_custom_bg_color=''  data-animation_custom_bg_color_multi_list=''  data-animation_z_index_curtain='100'  data-overlay_fx=''  data-img_scrset=''  data-lazy_loading='disabled'  data-av-desktop-hide=''  data-av-medium-hide=''  data-av-small-hide=''  data-av-mini-hide=''  data-alb_description=''  data-id=''  data-custom_class=''  data-template_class=''  data-av_uid='av-jxpefprf-4'  data-sc_version='1.0'  data-ids=''  data-action=''  data-post_type='post, page, attachment, revision, nav_menu_item, custom_css, customize_changeset, oembed_cache, user_request, wp_block, wp_template, wp_template_part, wp_global_styles, wp_navigation, e-landing-page, elementor_library, tribe_event_series, wpcf7_contact_form, tribe_venue, tribe_organizer, tribe_events, tribe-ea-record, deleted_event, spectra-popup, portfolio, avia_framework_post, popupbuilder'  data-offset='0'  data-container_links='active'  data-link_dest=''  data-lightbox_text=''  data-container_class='av-masonry-entries'  data-auto_ratio='1.7'  data-set_breadcrumb='1'  data-custom_markup=''  data-taxonomy='tribe_events_cat'  data-categories='305'  data-avno='d7051b306b'>Charger plus<\/a><\/div><\/div>\n\n<style type=\"text\/css\" data-created_by=\"avia_inline_auto\" id=\"style-css-av-jyhtyvi9-3-a4f61fca87c0a8ab077ea270b3a85439\">\n#top .av_textblock_section.av-jyhtyvi9-3-a4f61fca87c0a8ab077ea270b3a85439 .avia_textblock{\nfont-size:24px;\n}\n<\/style>\n<section  class='av_textblock_section av-jyhtyvi9-3-a4f61fca87c0a8ab077ea270b3a85439 '   itemscope=\"itemscope\" itemtype=\"https:\/\/schema.org\/CreativeWork\" ><div class='avia_textblock'  itemprop=\"text\" ><p>\u2022 spectacle vivant<\/p>\n<\/div><\/section>\n\n<style type=\"text\/css\" data-created_by=\"avia_inline_auto\" id=\"style-css-av-r7jg-2-82cdd8a84472d9cfff1f858890533058\">\n#top .flex_column.av-r7jg-2-82cdd8a84472d9cfff1f858890533058{\nmargin-top:0px;\nmargin-bottom:20px;\n}\n.flex_column.av-r7jg-2-82cdd8a84472d9cfff1f858890533058{\nborder-radius:0px 0px 0px 0px;\npadding:0px 0px 0px 0px;\n}\n.responsive #top #wrap_all .flex_column.av-r7jg-2-82cdd8a84472d9cfff1f858890533058{\nmargin-top:0px;\nmargin-bottom:20px;\n}\n<\/style>\n<div  class='flex_column av-r7jg-2-82cdd8a84472d9cfff1f858890533058 av_one_full  avia-builder-el-16  el_after_av_textblock  avia-builder-el-last  first flex_column_div av-zero-column-padding  column-top-margin'     ><div id='grille-ala-une' class='av-masonry av-jxpefprf-1-e5e738f5c391c3773f0442e73296fd7c noHover av-fixed-size av-1px-gap av-hover-overlay- av-masonry-animation- av-masonry-col-3 av-caption-on-hover av-caption-style-overlay av-masonry-entries av-medium-columns-overwrite av-medium-columns-2 av-small-columns-overwrite av-small-columns-2 av-mini-columns-overwrite av-mini-columns-1 ' data-post_id=\"6003\"><div class=\"av-masonry-container isotope av-js-disabled\"><div class='av-masonry-entry isotope-item av-masonry-item-no-image '><\/div><a href=\"https:\/\/saisonsculturelleschaumont.fr\/mdxpuixt\/evenement\/quitter-la-terre-2\/\"  id='av-masonry-6-item-5659' data-av-masonry-item='5659' class='av-masonry-entry isotope-item post-5659 tribe_events type-tribe_events status-publish has-post-thumbnail hentry tag-piece-de-theatre tribe_events_cat-spectacle-vivant  av-masonry-item-with-image' title=\"QLT_SNAUT\u00a9AlexandreMorel_JeanneQuattropani-018\"   itemscope=\"itemscope\" itemtype=\"https:\/\/schema.org\/CreativeWork\" ><div class='av-inner-masonry-sizer'><\/div><figure class='av-inner-masonry main_color'><div class=\"av-masonry-outerimage-container\"><div class='av-masonry-image-container' style=\"background-image: url(https:\/\/saisonsculturelleschaumont.fr\/mdxpuixt\/wp-content\/uploads\/2020\/08\/QLT_SNAUT\u00a9AlexandreMorel_JeanneQuattropani-018-705x469.jpg);\"  title=\"QLT_SNAUT\u00a9AlexandreMorel_JeanneQuattropani-018\"  ><\/div><\/div><figcaption class='av-inner-masonry-content site-background'><div class='av-inner-masonry-content-pos'><div class='av-inner-masonry-content-pos-content'><div class='avia-arrow'><\/div><span class=\"tribe-event-date-start\">29 Sep 2020  20:00<\/span> - <span class=\"tribe-event-time\">21:30<\/span><br><span class=\"tribe-event-categories\">spectacle vivant<\/span><h3 class='av-masonry-entry-title entry-title '  itemprop=\"headline\" >Quitter la terre<\/h3><\/div><\/div><\/figcaption><\/figure><\/a><!--end av-masonry entry--><a href=\"https:\/\/saisonsculturelleschaumont.fr\/mdxpuixt\/evenement\/presentation-de-la-saison-20-21\/\"  id='av-masonry-6-item-5658' data-av-masonry-item='5658' class='av-masonry-entry isotope-item post-5658 tribe_events type-tribe_events status-publish has-post-thumbnail hentry tag-ouverture tag-spectacle tribe_events_cat-spectacle-vivant  av-masonry-item-with-image' title=\"Le Nouveau Relax\"   itemscope=\"itemscope\" itemtype=\"https:\/\/schema.org\/CreativeWork\" ><div class='av-inner-masonry-sizer'><\/div><figure class='av-inner-masonry main_color'><div class=\"av-masonry-outerimage-container\"><div class='av-masonry-image-container' style=\"background-image: url(https:\/\/saisonsculturelleschaumont.fr\/mdxpuixt\/wp-content\/uploads\/2019\/08\/relax-e1598541555795.jpg);\"  title=\"Le Nouveau Relax\"  ><\/div><\/div><figcaption class='av-inner-masonry-content site-background'><div class='av-inner-masonry-content-pos'><div class='av-inner-masonry-content-pos-content'><div class='avia-arrow'><\/div><span class=\"tribe-event-date-start\">15 Sep 2020  18:30<\/span> - <span class=\"tribe-event-time\">21:00<\/span><br><span class=\"tribe-event-categories\">spectacle vivant<\/span><h3 class='av-masonry-entry-title entry-title '  itemprop=\"headline\" >Pr\u00e9sentation de la saison 20\/21<\/h3><\/div><\/div><\/figcaption><\/figure><\/a><!--end av-masonry entry--><a href=\"https:\/\/saisonsculturelleschaumont.fr\/mdxpuixt\/evenement\/vestiges\/\"  id='av-masonry-6-item-5661' data-av-masonry-item='5661' class='av-masonry-entry isotope-item post-5661 tribe_events type-tribe_events status-publish has-post-thumbnail hentry tag-culture tag-musique tag-spectacle-de-rue tribe_events_cat-spectacle-vivant  av-masonry-item-with-image' title=\"VESTIGES 1\"   itemscope=\"itemscope\" itemtype=\"https:\/\/schema.org\/CreativeWork\" ><div class='av-inner-masonry-sizer'><\/div><figure class='av-inner-masonry main_color'><div class=\"av-masonry-outerimage-container\"><div class='av-masonry-image-container' style=\"background-image: url(https:\/\/saisonsculturelleschaumont.fr\/mdxpuixt\/wp-content\/uploads\/2020\/08\/VESTIGES-1-705x407.jpeg);\"  title=\"VESTIGES 1\"  ><\/div><\/div><figcaption class='av-inner-masonry-content site-background'><div class='av-inner-masonry-content-pos'><div class='av-inner-masonry-content-pos-content'><div class='avia-arrow'><\/div><span class=\"tribe-event-date-start\">7 Oct 2020  20:00<\/span> - <span class=\"tribe-event-time\">21:30<\/span><br><span class=\"tribe-event-categories\">spectacle vivant<\/span><h3 class='av-masonry-entry-title entry-title '  itemprop=\"headline\" >Vestiges<\/h3><\/div><\/div><\/figcaption><\/figure><\/a><!--end av-masonry entry--><a href=\"https:\/\/saisonsculturelleschaumont.fr\/mdxpuixt\/evenement\/lendormi\/\"  id='av-masonry-6-item-5662' data-av-masonry-item='5662' class='av-masonry-entry isotope-item post-5662 tribe_events type-tribe_events status-publish has-post-thumbnail hentry tag-concert tag-culture tag-jeunesse tag-musique tag-piece-de-theatre tag-societe tag-spectacle tribe_events_cat-spectacle-vivant  av-masonry-item-with-image' title=\"L&rsquo;ENDORMI \u00a9 Jeanne Roualet\"   itemscope=\"itemscope\" itemtype=\"https:\/\/schema.org\/CreativeWork\" ><div class='av-inner-masonry-sizer'><\/div><figure class='av-inner-masonry main_color'><div class=\"av-masonry-outerimage-container\"><div class='av-masonry-image-container' style=\"background-image: url(https:\/\/saisonsculturelleschaumont.fr\/mdxpuixt\/wp-content\/uploads\/2020\/08\/LENDORMI-\u00a9-Jeanne-Roualet-661x705.jpg);\"  title=\"L&rsquo;ENDORMI \u00a9 Jeanne Roualet\"  ><\/div><\/div><figcaption class='av-inner-masonry-content site-background'><div class='av-inner-masonry-content-pos'><div class='av-inner-masonry-content-pos-content'><div class='avia-arrow'><\/div><span class=\"tribe-event-date-start\">14 Oct 2020  18:15<\/span> - <span class=\"tribe-event-time\">19:15<\/span><br><span class=\"tribe-event-categories\">spectacle vivant<\/span><h3 class='av-masonry-entry-title entry-title '  itemprop=\"headline\" >L\u2019endormi<\/h3><\/div><\/div><\/figcaption><\/figure><\/a><!--end av-masonry entry--><a href=\"https:\/\/saisonsculturelleschaumont.fr\/mdxpuixt\/evenement\/concert-sandwich-avec-clara-sanchez\/\"  id='av-masonry-6-item-5663' data-av-masonry-item='5663' class='av-masonry-entry isotope-item post-5663 tribe_events type-tribe_events status-publish has-post-thumbnail hentry tag-concert tag-pause-dej tribe_events_cat-spectacle-vivant  av-masonry-item-with-image' title=\"Le Nouveau Relax\"   itemscope=\"itemscope\" itemtype=\"https:\/\/schema.org\/CreativeWork\" ><div class='av-inner-masonry-sizer'><\/div><figure class='av-inner-masonry main_color'><div class=\"av-masonry-outerimage-container\"><div class='av-masonry-image-container' style=\"background-image: url(https:\/\/saisonsculturelleschaumont.fr\/mdxpuixt\/wp-content\/uploads\/2019\/08\/relax-e1598541555795.jpg);\"  title=\"Le Nouveau Relax\"  ><\/div><\/div><figcaption class='av-inner-masonry-content site-background'><div class='av-inner-masonry-content-pos'><div class='av-inner-masonry-content-pos-content'><div class='avia-arrow'><\/div><span class=\"tribe-event-date-start\">3 Nov 2020  12:30<\/span> - <span class=\"tribe-event-time\">13:30<\/span><br><span class=\"tribe-event-categories\">spectacle vivant<\/span><h3 class='av-masonry-entry-title entry-title '  itemprop=\"headline\" >Concert Sandwich avec Clara Sanchez<\/h3><\/div><\/div><\/figcaption><\/figure><\/a><!--end av-masonry entry--><a href=\"https:\/\/saisonsculturelleschaumont.fr\/mdxpuixt\/evenement\/diktat\/\"  id='av-masonry-6-item-5664' data-av-masonry-item='5664' class='av-masonry-entry isotope-item post-5664 tribe_events type-tribe_events status-publish has-post-thumbnail hentry tag-art tag-culture tag-spectacle tribe_events_cat-spectacle-vivant  av-masonry-item-with-image' title=\"Diktat \u00a9enrico Bartollucci 1\"   itemscope=\"itemscope\" itemtype=\"https:\/\/schema.org\/CreativeWork\" ><div class='av-inner-masonry-sizer'><\/div><figure class='av-inner-masonry main_color'><div class=\"av-masonry-outerimage-container\"><div class='av-masonry-image-container' style=\"background-image: url(https:\/\/saisonsculturelleschaumont.fr\/mdxpuixt\/wp-content\/uploads\/2020\/08\/Diktat-\u00a9enrico-Bartollucci-1-705x470.jpg);\"  title=\"Diktat \u00a9enrico Bartollucci 1\"  ><\/div><\/div><figcaption class='av-inner-masonry-content site-background'><div class='av-inner-masonry-content-pos'><div class='av-inner-masonry-content-pos-content'><div class='avia-arrow'><\/div><span class=\"tribe-event-date-start\">5 Nov 2020  20:00<\/span> - <span class=\"tribe-event-time\">21:00<\/span><br><span class=\"tribe-event-categories\">spectacle vivant<\/span><h3 class='av-masonry-entry-title entry-title '  itemprop=\"headline\" >Diktat<\/h3><\/div><\/div><\/figcaption><\/figure><\/a><!--end av-masonry entry--><\/div><a class='av-masonry-pagination av-masonry-load-more' href='#load-more'  data-link='tribe_events_cat, 44'  data-term_rel='IN'  data-wc_prod_visible=''  data-wc_prod_hidden=''  data-wc_prod_featured=''  data-prod_order_by=''  data-prod_order=''  data-date_filter='date_filter'  data-date_filter_start='2020\/08\/01'  data-date_filter_end='2020\/12\/31'  data-date_filter_format='yy\/mm\/dd'  data-period_filter_unit_1=''  data-period_filter_unit_2=''  data-page_element_filter=''  data-sort='no'  data-query_orderby='date'  data-query_order='ASC'  data-caption_elements='title'  data-caption_styling='overlay'  data-caption_display='on-hover'  data-img_copyright=''  data-size='fixed'  data-orientation=''  data-image_size='masonry'  data-gap='1px'  data-columns='3'  data-av-desktop-columns=''  data-av-medium-columns='2'  data-av-small-columns='2'  data-av-mini-columns='1'  data-items='6'  data-paginate='load_more'  data-color='custom'  data-custom_bg=''  data-img_copyright_font=''  data-av-desktop-font-img_copyright_font=''  data-av-medium-font-img_copyright_font=''  data-av-small-font-img_copyright_font=''  data-av-mini-font-img_copyright_font=''  data-img_copyright_color=''  data-img_copyright_bg=''  data-animation=''  data-animation_duration=''  data-animation_custom_bg_color=''  data-animation_custom_bg_color_multi_list=''  data-animation_z_index_curtain='100'  data-overlay_fx=''  data-img_scrset=''  data-lazy_loading='disabled'  data-av-desktop-hide=''  data-av-medium-hide=''  data-av-small-hide=''  data-av-mini-hide=''  data-alb_description=''  data-id='grille-ala-une'  data-custom_class=''  data-template_class=''  data-av_uid='av-jxpefprf-1'  data-sc_version='1.0'  data-ids=''  data-action=''  data-post_type='post, page, attachment, revision, nav_menu_item, custom_css, customize_changeset, oembed_cache, user_request, wp_block, wp_template, wp_template_part, wp_global_styles, wp_navigation, e-landing-page, elementor_library, tribe_event_series, wpcf7_contact_form, tribe_venue, tribe_organizer, tribe_events, tribe-ea-record, deleted_event, spectra-popup, portfolio, avia_framework_post, popupbuilder'  data-offset='0'  data-container_links='active'  data-link_dest=''  data-lightbox_text=''  data-container_class='av-masonry-entries'  data-auto_ratio='1.7'  data-set_breadcrumb='1'  data-custom_markup=''  data-taxonomy='tribe_events_cat'  data-categories='44'  data-avno='d7051b306b'>Charger plus<\/a><\/div><\/div>\n<\/div>\t\t<\/div>\n\t\t\t\t<\/div>\n\t\t\t\t\t\t<\/div>\n\t\t\t\t\t<\/div>\n\t\t<\/div>\n\t\t\t\t\t\t\t\t<\/div>\n\t\t\t\t\t<\/div>\n\t\t<\/section>\n\t\t\t\t\t\t\t\t\t<\/div>\n\t\t\t<\/div>\n\t\t\t\t\t<\/div>\n\t\t","protected":false},"excerpt":{"rendered":"<p>saison 03 SPORT ET CULTURE Consid\u00e9r\u00e9 par certains sociologues contemporains comme l\u2019opium du peuple, qui, a contrario de la critique et la pens\u00e9e individuelle, favorise le mouvement hyst\u00e9rique de masse, [&hellip;]<\/p>\n","protected":false},"author":1,"featured_media":0,"parent":6006,"menu_order":0,"comment_status":"closed","ping_status":"closed","template":"","meta":{"_uag_custom_page_level_css":"","footnotes":""},"yoast_head":"<!-- This site is optimized with the Yoast SEO plugin v21.1 - https:\/\/yoast.com\/wordpress\/plugins\/seo\/ -->\n<title>Saison 03 - Les Saisons Culturelles de Chaumont<\/title>\n<meta name=\"robots\" content=\"noindex, follow, max-snippet:-1, max-image-preview:large, max-video-preview:-1\" \/>\n<meta property=\"og:locale\" content=\"fr_FR\" \/>\n<meta property=\"og:type\" content=\"article\" \/>\n<meta property=\"og:title\" content=\"Saison 03 - Les Saisons Culturelles de Chaumont\" \/>\n<meta property=\"og:description\" content=\"saison 03 SPORT ET CULTURE Consid\u00e9r\u00e9 par certains sociologues contemporains comme l\u2019opium du peuple, qui, a contrario de la critique et la pens\u00e9e individuelle, favorise le mouvement hyst\u00e9rique de masse, [&hellip;]\" \/>\n<meta property=\"og:url\" content=\"https:\/\/saisonsculturelleschaumont.fr\/mdxpuixt\/autres-saisons\/saison-03\/\" \/>\n<meta property=\"og:site_name\" content=\"Les Saisons Culturelles de Chaumont\" \/>\n<meta property=\"article:publisher\" content=\"https:\/\/www.facebook.com\/saisonsculturelleschaumont\/\" \/>\n<meta property=\"article:modified_time\" content=\"2022-01-05T10:05:31+00:00\" \/>\n<meta property=\"og:image\" content=\"https:\/\/saisonsculturelleschaumont.fr\/mdxpuixt\/wp-content\/uploads\/2023\/09\/Bandeau-de-couverture_FB-_SCC8.png\" \/>\n\t<meta property=\"og:image:width\" content=\"3396\" \/>\n\t<meta property=\"og:image:height\" content=\"1313\" \/>\n\t<meta property=\"og:image:type\" content=\"image\/png\" \/>\n<meta name=\"twitter:card\" content=\"summary_large_image\" \/>\n<meta name=\"twitter:label1\" content=\"Dur\u00e9e de lecture estim\u00e9e\" \/>\n\t<meta name=\"twitter:data1\" content=\"3 minutes\" \/>\n<script type=\"application\/ld+json\" class=\"yoast-schema-graph\">{\"@context\":\"https:\/\/schema.org\",\"@graph\":[{\"@type\":\"WebPage\",\"@id\":\"https:\/\/saisonsculturelleschaumont.fr\/mdxpuixt\/autres-saisons\/saison-03\/\",\"url\":\"https:\/\/saisonsculturelleschaumont.fr\/mdxpuixt\/autres-saisons\/saison-03\/\",\"name\":\"Saison 03 - Les Saisons Culturelles de Chaumont\",\"isPartOf\":{\"@id\":\"https:\/\/saisonsculturelleschaumont.fr\/mdxpuixt\/#website\"},\"datePublished\":\"2021-03-01T16:53:36+00:00\",\"dateModified\":\"2022-01-05T10:05:31+00:00\",\"breadcrumb\":{\"@id\":\"https:\/\/saisonsculturelleschaumont.fr\/mdxpuixt\/autres-saisons\/saison-03\/#breadcrumb\"},\"inLanguage\":\"fr-FR\",\"potentialAction\":[{\"@type\":\"ReadAction\",\"target\":[\"https:\/\/saisonsculturelleschaumont.fr\/mdxpuixt\/autres-saisons\/saison-03\/\"]}]},{\"@type\":\"BreadcrumbList\",\"@id\":\"https:\/\/saisonsculturelleschaumont.fr\/mdxpuixt\/autres-saisons\/saison-03\/#breadcrumb\",\"itemListElement\":[{\"@type\":\"ListItem\",\"position\":1,\"name\":\"Accueil\",\"item\":\"https:\/\/saisonsculturelleschaumont.fr\/mdxpuixt\/\"},{\"@type\":\"ListItem\",\"position\":2,\"name\":\"Autres saisons\",\"item\":\"https:\/\/saisonsculturelleschaumont.fr\/mdxpuixt\/autres-saisons\/\"},{\"@type\":\"ListItem\",\"position\":3,\"name\":\"Saison 03\"}]},{\"@type\":\"WebSite\",\"@id\":\"https:\/\/saisonsculturelleschaumont.fr\/mdxpuixt\/#website\",\"url\":\"https:\/\/saisonsculturelleschaumont.fr\/mdxpuixt\/\",\"name\":\"Les Saisons Culturelles de Chaumont\",\"description\":\"\",\"potentialAction\":[{\"@type\":\"SearchAction\",\"target\":{\"@type\":\"EntryPoint\",\"urlTemplate\":\"https:\/\/saisonsculturelleschaumont.fr\/mdxpuixt\/?s={search_term_string}\"},\"query-input\":\"required name=search_term_string\"}],\"inLanguage\":\"fr-FR\"}]}<\/script>\n<!-- \/ Yoast SEO plugin. -->","yoast_head_json":{"title":"Saison 03 - Les Saisons Culturelles de Chaumont","robots":{"index":"noindex","follow":"follow","max-snippet":"max-snippet:-1","max-image-preview":"max-image-preview:large","max-video-preview":"max-video-preview:-1"},"og_locale":"fr_FR","og_type":"article","og_title":"Saison 03 - Les Saisons Culturelles de Chaumont","og_description":"saison 03 SPORT ET CULTURE Consid\u00e9r\u00e9 par certains sociologues contemporains comme l\u2019opium du peuple, qui, a contrario de la critique et la pens\u00e9e individuelle, favorise le mouvement hyst\u00e9rique de masse, [&hellip;]","og_url":"https:\/\/saisonsculturelleschaumont.fr\/mdxpuixt\/autres-saisons\/saison-03\/","og_site_name":"Les Saisons Culturelles de Chaumont","article_publisher":"https:\/\/www.facebook.com\/saisonsculturelleschaumont\/","article_modified_time":"2022-01-05T10:05:31+00:00","og_image":[{"width":3396,"height":1313,"url":"https:\/\/saisonsculturelleschaumont.fr\/mdxpuixt\/wp-content\/uploads\/2023\/09\/Bandeau-de-couverture_FB-_SCC8.png","type":"image\/png"}],"twitter_card":"summary_large_image","twitter_misc":{"Dur\u00e9e de lecture estim\u00e9e":"3 minutes"},"schema":{"@context":"https:\/\/schema.org","@graph":[{"@type":"WebPage","@id":"https:\/\/saisonsculturelleschaumont.fr\/mdxpuixt\/autres-saisons\/saison-03\/","url":"https:\/\/saisonsculturelleschaumont.fr\/mdxpuixt\/autres-saisons\/saison-03\/","name":"Saison 03 - Les Saisons Culturelles de Chaumont","isPartOf":{"@id":"https:\/\/saisonsculturelleschaumont.fr\/mdxpuixt\/#website"},"datePublished":"2021-03-01T16:53:36+00:00","dateModified":"2022-01-05T10:05:31+00:00","breadcrumb":{"@id":"https:\/\/saisonsculturelleschaumont.fr\/mdxpuixt\/autres-saisons\/saison-03\/#breadcrumb"},"inLanguage":"fr-FR","potentialAction":[{"@type":"ReadAction","target":["https:\/\/saisonsculturelleschaumont.fr\/mdxpuixt\/autres-saisons\/saison-03\/"]}]},{"@type":"BreadcrumbList","@id":"https:\/\/saisonsculturelleschaumont.fr\/mdxpuixt\/autres-saisons\/saison-03\/#breadcrumb","itemListElement":[{"@type":"ListItem","position":1,"name":"Accueil","item":"https:\/\/saisonsculturelleschaumont.fr\/mdxpuixt\/"},{"@type":"ListItem","position":2,"name":"Autres saisons","item":"https:\/\/saisonsculturelleschaumont.fr\/mdxpuixt\/autres-saisons\/"},{"@type":"ListItem","position":3,"name":"Saison 03"}]},{"@type":"WebSite","@id":"https:\/\/saisonsculturelleschaumont.fr\/mdxpuixt\/#website","url":"https:\/\/saisonsculturelleschaumont.fr\/mdxpuixt\/","name":"Les Saisons Culturelles de Chaumont","description":"","potentialAction":[{"@type":"SearchAction","target":{"@type":"EntryPoint","urlTemplate":"https:\/\/saisonsculturelleschaumont.fr\/mdxpuixt\/?s={search_term_string}"},"query-input":"required name=search_term_string"}],"inLanguage":"fr-FR"}]}},"uagb_featured_image_src":{"full":false,"thumbnail":false,"medium":false,"medium_large":false,"large":false,"1536x1536":false,"2048x2048":false,"widget":false,"square":false,"featured":false,"featured_large":false,"extra_large":false,"portfolio":false,"portfolio_small":false,"gallery":false,"magazine":false,"masonry":false,"entry_with_sidebar":false,"entry_without_sidebar":false},"uagb_author_info":{"display_name":"danielkolski","author_link":"https:\/\/saisonsculturelleschaumont.fr\/mdxpuixt\/author\/danielkolski\/"},"uagb_comment_info":0,"uagb_excerpt":"saison 03 SPORT ET CULTURE Consid\u00e9r\u00e9 par certains sociologues contemporains comme l\u2019opium du peuple, qui, a contrario de la critique et la pens\u00e9e individuelle, favorise le mouvement hyst\u00e9rique de masse, [&hellip;]","_links":{"self":[{"href":"https:\/\/saisonsculturelleschaumont.fr\/mdxpuixt\/wp-json\/wp\/v2\/pages\/6001"}],"collection":[{"href":"https:\/\/saisonsculturelleschaumont.fr\/mdxpuixt\/wp-json\/wp\/v2\/pages"}],"about":[{"href":"https:\/\/saisonsculturelleschaumont.fr\/mdxpuixt\/wp-json\/wp\/v2\/types\/page"}],"author":[{"embeddable":true,"href":"https:\/\/saisonsculturelleschaumont.fr\/mdxpuixt\/wp-json\/wp\/v2\/users\/1"}],"replies":[{"embeddable":true,"href":"https:\/\/saisonsculturelleschaumont.fr\/mdxpuixt\/wp-json\/wp\/v2\/comments?post=6001"}],"version-history":[{"count":0,"href":"https:\/\/saisonsculturelleschaumont.fr\/mdxpuixt\/wp-json\/wp\/v2\/pages\/6001\/revisions"}],"up":[{"embeddable":true,"href":"https:\/\/saisonsculturelleschaumont.fr\/mdxpuixt\/wp-json\/wp\/v2\/pages\/6006"}],"wp:attachment":[{"href":"https:\/\/saisonsculturelleschaumont.fr\/mdxpuixt\/wp-json\/wp\/v2\/media?parent=6001"}],"curies":[{"name":"wp","href":"https:\/\/api.w.org\/{rel}","templated":true}]}}