{"id":6446,"date":"2021-05-19T17:55:26","date_gmt":"2021-05-19T15:55:26","guid":{"rendered":"https:\/\/saisonsculturelleschaumont.fr\/mdxpuixt\/?page_id=6446"},"modified":"2022-08-19T14:34:43","modified_gmt":"2022-08-19T12:34:43","slug":"nos-parcours-graphiques","status":"publish","type":"page","link":"https:\/\/saisonsculturelleschaumont.fr\/mdxpuixt\/participez\/nos-parcours-graphiques\/","title":{"rendered":"nos parcours graphiques"},"content":{"rendered":"\t\t<div data-elementor-type=\"wp-page\" data-elementor-id=\"6446\" class=\"elementor elementor-6446\">\n\t\t\t\t\t\t<div class=\"elementor-inner\">\n\t\t\t\t<div class=\"elementor-section-wrap\">\n\t\t\t\t\t\t\t\t\t<section class=\"elementor-section elementor-top-section elementor-element elementor-element-369b729e elementor-section-boxed elementor-section-height-default elementor-section-height-default\" data-id=\"369b729e\" data-element_type=\"section\">\n\t\t\t\t\t\t<div class=\"elementor-container elementor-column-gap-default\">\n\t\t\t\t\t\t\t<div class=\"elementor-row\">\n\t\t\t\t\t<div class=\"elementor-column elementor-col-100 elementor-top-column elementor-element elementor-element-2446f576\" data-id=\"2446f576\" data-element_type=\"column\">\n\t\t\t<div class=\"elementor-column-wrap elementor-element-populated\">\n\t\t\t\t\t\t\t<div class=\"elementor-widget-wrap\">\n\t\t\t\t\t\t<div class=\"elementor-element elementor-element-7165198c elementor-widget elementor-widget-text-editor\" data-id=\"7165198c\" data-element_type=\"widget\" data-widget_type=\"text-editor.default\">\n\t\t\t\t<div class=\"elementor-widget-container\">\n\t\t\t\t\t\t\t\t<div class=\"elementor-text-editor elementor-clearfix\">\n\t\t\t\t<h2><strong>parcours urbain &lsquo;d\u00e9tours&rsquo; d&rsquo;eltono<\/strong><\/h2>\n<h5>\u00a0<\/h5>\n<h5>Cherchez les peintures !<\/h5>\n<p>&lsquo;D\u00e9tours&rsquo; est un parcours urbain graphique imagin\u00e9 par l&rsquo;artiste eltono dans le cadre de la saison culturelle 03. Au fil des rues de chaumont, eltono a r\u00e9alis\u00e9 de petites interventions graphiques discr\u00e8tes et subtiles qui s&rsquo;int\u00e8grent \u00e0 la g\u00e9om\u00e9trie accidentelle urbaine. Elles incitent le promeneur \u00e0 prendre son temps et \u00e0 emprunter des <em>d\u00e9tours<\/em>&#8230;<\/p>\n<p>55 peintures sont \u00e0 d\u00e9couvrir. Elles sont r\u00e9parties en 5 parcours couleurs (rouge, bleu, vert, jaune et violet), chaque parcours regroupant 11 peintures. Vous avez la possibilit\u00e9 de partir \u00e0 la recherche des 55 peintures ou d&rsquo;\u00e9voluer en parcours. \u00c0 vous de choisir !<br \/>\u00c0 chaque parcours compl\u00e9t\u00e9, une surprise vous attend !<\/p>\n<p>Afin de vous accompagner dans votre qu\u00eate artistique, venez retirer votre livret \u00e0 l&rsquo;h\u00f4tel de ville, la m\u00e9diath\u00e8que les silos, ou encore dans les librairies chaumontaises : \u00e0 la une, le pythagore, apostrophe. Vous y trouverez les r\u00e8gles du jeu-concours.<\/p>\n<p>Il est \u00e9galement possible de le t\u00e9l\u00e9charger <a href=\"https:\/\/saisonsculturelleschaumont.fr\/mdxpuixt\/wp-content\/uploads\/2022\/08\/Detours-Livret-20pagesA5.pdf\">ici<\/a> !<\/p>\n<p>La ville de chaumont tient \u00e0 remercier l&rsquo;association du vieux chaumont pour leur contribution \u00e0 l&rsquo;\u00e9laboration du parcours.<\/p>\n<p><a href=\"https:\/\/saisonsculturelleschaumont.fr\/mdxpuixt\/wp-content\/uploads\/2020\/12\/Eltono-d\u00e9tours-n28-scaled.jpg\"><img decoding=\"async\" loading=\"lazy\" class=\"alignnone wp-image-5901 size-medium\" src=\"https:\/\/saisonsculturelleschaumont.fr\/mdxpuixt\/wp-content\/uploads\/2020\/12\/Eltono-d\u00e9tours-n28-300x300.jpg\" alt=\"\" width=\"300\" height=\"300\" srcset=\"https:\/\/saisonsculturelleschaumont.fr\/mdxpuixt\/wp-content\/uploads\/2020\/12\/Eltono-d\u00e9tours-n28-300x300.jpg 300w, https:\/\/saisonsculturelleschaumont.fr\/mdxpuixt\/wp-content\/uploads\/2020\/12\/Eltono-d\u00e9tours-n28-1030x1030.jpg 1030w, https:\/\/saisonsculturelleschaumont.fr\/mdxpuixt\/wp-content\/uploads\/2020\/12\/Eltono-d\u00e9tours-n28-80x80.jpg 80w, https:\/\/saisonsculturelleschaumont.fr\/mdxpuixt\/wp-content\/uploads\/2020\/12\/Eltono-d\u00e9tours-n28-768x768.jpg 768w, https:\/\/saisonsculturelleschaumont.fr\/mdxpuixt\/wp-content\/uploads\/2020\/12\/Eltono-d\u00e9tours-n28-60x60.jpg 60w, https:\/\/saisonsculturelleschaumont.fr\/mdxpuixt\/wp-content\/uploads\/2020\/12\/Eltono-d\u00e9tours-n28-36x36.jpg 36w, https:\/\/saisonsculturelleschaumont.fr\/mdxpuixt\/wp-content\/uploads\/2020\/12\/Eltono-d\u00e9tours-n28-180x180.jpg 180w\" sizes=\"(max-width: 300px) 100vw, 300px\" \/><\/a> <a href=\"https:\/\/saisonsculturelleschaumont.fr\/mdxpuixt\/wp-content\/uploads\/2020\/12\/Eltono-d\u00e9tours-n11.jpg\"><img decoding=\"async\" loading=\"lazy\" class=\"alignnone wp-image-5902 size-medium\" src=\"https:\/\/saisonsculturelleschaumont.fr\/mdxpuixt\/wp-content\/uploads\/2020\/12\/Eltono-d\u00e9tours-n11-300x300.jpg\" alt=\"\" width=\"300\" height=\"300\" srcset=\"https:\/\/saisonsculturelleschaumont.fr\/mdxpuixt\/wp-content\/uploads\/2020\/12\/Eltono-d\u00e9tours-n11-300x300.jpg 300w, https:\/\/saisonsculturelleschaumont.fr\/mdxpuixt\/wp-content\/uploads\/2020\/12\/Eltono-d\u00e9tours-n11-1030x1030.jpg 1030w, https:\/\/saisonsculturelleschaumont.fr\/mdxpuixt\/wp-content\/uploads\/2020\/12\/Eltono-d\u00e9tours-n11-80x80.jpg 80w, https:\/\/saisonsculturelleschaumont.fr\/mdxpuixt\/wp-content\/uploads\/2020\/12\/Eltono-d\u00e9tours-n11-768x768.jpg 768w, https:\/\/saisonsculturelleschaumont.fr\/mdxpuixt\/wp-content\/uploads\/2020\/12\/Eltono-d\u00e9tours-n11-60x60.jpg 60w, https:\/\/saisonsculturelleschaumont.fr\/mdxpuixt\/wp-content\/uploads\/2020\/12\/Eltono-d\u00e9tours-n11-36x36.jpg 36w, https:\/\/saisonsculturelleschaumont.fr\/mdxpuixt\/wp-content\/uploads\/2020\/12\/Eltono-d\u00e9tours-n11-180x180.jpg 180w\" sizes=\"(max-width: 300px) 100vw, 300px\" \/><\/a><\/p>\n<p>Les 10 premiers \u00e0 avoir compl\u00e9t\u00e9 enti\u00e8rement le livret et donc \u00e0 avoir retrouv\u00e9 les 55 peintures\u00a0se sont vu remettre une s\u00e9rigraphie sign\u00e9e de l\u2019artiste. Un tirage limit\u00e9 de seulement 10 exemplaires ! F\u00e9licitations aux gagnants !<\/p>\n<p><div class=\"su-image-carousel  su-image-carousel-has-spacing su-image-carousel-has-outline su-image-carousel-adaptive su-image-carousel-slides-style-photo su-image-carousel-controls-style-light su-image-carousel-align-none\" style=\"max-width:500px\" data-flickity-options='{\"groupCells\":true,\"cellSelector\":\".su-image-carousel-item\",\"adaptiveHeight\":true,\"cellAlign\":\"left\",\"prevNextButtons\":true,\"pageDots\":false,\"autoPlay\":3000,\"imagesLoaded\":true,\"contain\":false,\"selectedAttraction\":0.025,\"friction\":0.28}' id=\"su_image_carousel_69f53bd920d65\"><div class=\"su-image-carousel-item\"><div class=\"su-image-carousel-item-content\"><img width=\"1030\" height=\"1030\" src=\"https:\/\/saisonsculturelleschaumont.fr\/mdxpuixt\/wp-content\/uploads\/2021\/02\/DSC_5901-1030x1030.jpg\" class=\"avia-img-lazy-loading-5929 \" alt=\"\" decoding=\"async\" loading=\"lazy\" srcset=\"https:\/\/saisonsculturelleschaumont.fr\/mdxpuixt\/wp-content\/uploads\/2021\/02\/DSC_5901-1030x1030.jpg 1030w, https:\/\/saisonsculturelleschaumont.fr\/mdxpuixt\/wp-content\/uploads\/2021\/02\/DSC_5901-300x300.jpg 300w, https:\/\/saisonsculturelleschaumont.fr\/mdxpuixt\/wp-content\/uploads\/2021\/02\/DSC_5901-80x80.jpg 80w, https:\/\/saisonsculturelleschaumont.fr\/mdxpuixt\/wp-content\/uploads\/2021\/02\/DSC_5901-768x768.jpg 768w, https:\/\/saisonsculturelleschaumont.fr\/mdxpuixt\/wp-content\/uploads\/2021\/02\/DSC_5901-60x60.jpg 60w, https:\/\/saisonsculturelleschaumont.fr\/mdxpuixt\/wp-content\/uploads\/2021\/02\/DSC_5901-36x36.jpg 36w, https:\/\/saisonsculturelleschaumont.fr\/mdxpuixt\/wp-content\/uploads\/2021\/02\/DSC_5901-180x180.jpg 180w\" sizes=\"(max-width: 1030px) 100vw, 1030px\" \/><span>\u2192 victor et arthur taillefumier javaux<\/span><\/div><\/div><div class=\"su-image-carousel-item\"><div class=\"su-image-carousel-item-content\"><img width=\"1030\" height=\"1030\" src=\"https:\/\/saisonsculturelleschaumont.fr\/mdxpuixt\/wp-content\/uploads\/2021\/02\/DSC_5909-1030x1030.jpg\" class=\"avia-img-lazy-loading-5930 \" alt=\"\" decoding=\"async\" loading=\"lazy\" srcset=\"https:\/\/saisonsculturelleschaumont.fr\/mdxpuixt\/wp-content\/uploads\/2021\/02\/DSC_5909-1030x1030.jpg 1030w, https:\/\/saisonsculturelleschaumont.fr\/mdxpuixt\/wp-content\/uploads\/2021\/02\/DSC_5909-300x300.jpg 300w, https:\/\/saisonsculturelleschaumont.fr\/mdxpuixt\/wp-content\/uploads\/2021\/02\/DSC_5909-80x80.jpg 80w, https:\/\/saisonsculturelleschaumont.fr\/mdxpuixt\/wp-content\/uploads\/2021\/02\/DSC_5909-768x768.jpg 768w, https:\/\/saisonsculturelleschaumont.fr\/mdxpuixt\/wp-content\/uploads\/2021\/02\/DSC_5909-60x60.jpg 60w, https:\/\/saisonsculturelleschaumont.fr\/mdxpuixt\/wp-content\/uploads\/2021\/02\/DSC_5909-36x36.jpg 36w, https:\/\/saisonsculturelleschaumont.fr\/mdxpuixt\/wp-content\/uploads\/2021\/02\/DSC_5909-180x180.jpg 180w\" sizes=\"(max-width: 1030px) 100vw, 1030px\" \/><span>\u2192 ma\u00ebva pirot mariadassou<\/span><\/div><\/div><div class=\"su-image-carousel-item\"><div class=\"su-image-carousel-item-content\"><img width=\"1030\" height=\"1030\" src=\"https:\/\/saisonsculturelleschaumont.fr\/mdxpuixt\/wp-content\/uploads\/2021\/02\/DSC_5912-1030x1030.jpg\" class=\"avia-img-lazy-loading-5931 \" alt=\"\" decoding=\"async\" loading=\"lazy\" srcset=\"https:\/\/saisonsculturelleschaumont.fr\/mdxpuixt\/wp-content\/uploads\/2021\/02\/DSC_5912-1030x1030.jpg 1030w, https:\/\/saisonsculturelleschaumont.fr\/mdxpuixt\/wp-content\/uploads\/2021\/02\/DSC_5912-300x300.jpg 300w, https:\/\/saisonsculturelleschaumont.fr\/mdxpuixt\/wp-content\/uploads\/2021\/02\/DSC_5912-80x80.jpg 80w, https:\/\/saisonsculturelleschaumont.fr\/mdxpuixt\/wp-content\/uploads\/2021\/02\/DSC_5912-768x768.jpg 768w, https:\/\/saisonsculturelleschaumont.fr\/mdxpuixt\/wp-content\/uploads\/2021\/02\/DSC_5912-60x60.jpg 60w, https:\/\/saisonsculturelleschaumont.fr\/mdxpuixt\/wp-content\/uploads\/2021\/02\/DSC_5912-36x36.jpg 36w, https:\/\/saisonsculturelleschaumont.fr\/mdxpuixt\/wp-content\/uploads\/2021\/02\/DSC_5912-180x180.jpg 180w\" sizes=\"(max-width: 1030px) 100vw, 1030px\" \/><span>\u2192 louis et manon thirion<\/span><\/div><\/div><div class=\"su-image-carousel-item\"><div class=\"su-image-carousel-item-content\"><img width=\"1030\" height=\"1030\" src=\"https:\/\/saisonsculturelleschaumont.fr\/mdxpuixt\/wp-content\/uploads\/2021\/02\/DSC_5923-1030x1030.jpg\" class=\"avia-img-lazy-loading-5933 \" alt=\"\" decoding=\"async\" loading=\"lazy\" srcset=\"https:\/\/saisonsculturelleschaumont.fr\/mdxpuixt\/wp-content\/uploads\/2021\/02\/DSC_5923-1030x1030.jpg 1030w, https:\/\/saisonsculturelleschaumont.fr\/mdxpuixt\/wp-content\/uploads\/2021\/02\/DSC_5923-300x300.jpg 300w, https:\/\/saisonsculturelleschaumont.fr\/mdxpuixt\/wp-content\/uploads\/2021\/02\/DSC_5923-80x80.jpg 80w, https:\/\/saisonsculturelleschaumont.fr\/mdxpuixt\/wp-content\/uploads\/2021\/02\/DSC_5923-768x768.jpg 768w, https:\/\/saisonsculturelleschaumont.fr\/mdxpuixt\/wp-content\/uploads\/2021\/02\/DSC_5923-60x60.jpg 60w, https:\/\/saisonsculturelleschaumont.fr\/mdxpuixt\/wp-content\/uploads\/2021\/02\/DSC_5923-36x36.jpg 36w, https:\/\/saisonsculturelleschaumont.fr\/mdxpuixt\/wp-content\/uploads\/2021\/02\/DSC_5923-180x180.jpg 180w\" sizes=\"(max-width: 1030px) 100vw, 1030px\" \/><span>\u2192 luis vitre<\/span><\/div><\/div><div class=\"su-image-carousel-item\"><div class=\"su-image-carousel-item-content\"><img width=\"1030\" height=\"1030\" src=\"https:\/\/saisonsculturelleschaumont.fr\/mdxpuixt\/wp-content\/uploads\/2021\/02\/DSC_5925-1030x1030.jpg\" class=\"avia-img-lazy-loading-5934 \" alt=\"\" decoding=\"async\" loading=\"lazy\" srcset=\"https:\/\/saisonsculturelleschaumont.fr\/mdxpuixt\/wp-content\/uploads\/2021\/02\/DSC_5925-1030x1030.jpg 1030w, https:\/\/saisonsculturelleschaumont.fr\/mdxpuixt\/wp-content\/uploads\/2021\/02\/DSC_5925-300x300.jpg 300w, https:\/\/saisonsculturelleschaumont.fr\/mdxpuixt\/wp-content\/uploads\/2021\/02\/DSC_5925-80x80.jpg 80w, https:\/\/saisonsculturelleschaumont.fr\/mdxpuixt\/wp-content\/uploads\/2021\/02\/DSC_5925-768x768.jpg 768w, https:\/\/saisonsculturelleschaumont.fr\/mdxpuixt\/wp-content\/uploads\/2021\/02\/DSC_5925-60x60.jpg 60w, https:\/\/saisonsculturelleschaumont.fr\/mdxpuixt\/wp-content\/uploads\/2021\/02\/DSC_5925-36x36.jpg 36w, https:\/\/saisonsculturelleschaumont.fr\/mdxpuixt\/wp-content\/uploads\/2021\/02\/DSC_5925-180x180.jpg 180w\" sizes=\"(max-width: 1030px) 100vw, 1030px\" \/><span>\u2192 victor mercier<\/span><\/div><\/div><div class=\"su-image-carousel-item\"><div class=\"su-image-carousel-item-content\"><img width=\"1030\" height=\"1030\" src=\"https:\/\/saisonsculturelleschaumont.fr\/mdxpuixt\/wp-content\/uploads\/2021\/02\/DSC_5927-1030x1030.jpg\" class=\"avia-img-lazy-loading-5935 \" alt=\"\" decoding=\"async\" loading=\"lazy\" srcset=\"https:\/\/saisonsculturelleschaumont.fr\/mdxpuixt\/wp-content\/uploads\/2021\/02\/DSC_5927-1030x1030.jpg 1030w, https:\/\/saisonsculturelleschaumont.fr\/mdxpuixt\/wp-content\/uploads\/2021\/02\/DSC_5927-300x300.jpg 300w, https:\/\/saisonsculturelleschaumont.fr\/mdxpuixt\/wp-content\/uploads\/2021\/02\/DSC_5927-80x80.jpg 80w, https:\/\/saisonsculturelleschaumont.fr\/mdxpuixt\/wp-content\/uploads\/2021\/02\/DSC_5927-768x768.jpg 768w, https:\/\/saisonsculturelleschaumont.fr\/mdxpuixt\/wp-content\/uploads\/2021\/02\/DSC_5927-60x60.jpg 60w, https:\/\/saisonsculturelleschaumont.fr\/mdxpuixt\/wp-content\/uploads\/2021\/02\/DSC_5927-36x36.jpg 36w, https:\/\/saisonsculturelleschaumont.fr\/mdxpuixt\/wp-content\/uploads\/2021\/02\/DSC_5927-180x180.jpg 180w\" sizes=\"(max-width: 1030px) 100vw, 1030px\" \/><span>\u2192 chlo\u00e9 oiselet<\/span><\/div><\/div><div class=\"su-image-carousel-item\"><div class=\"su-image-carousel-item-content\"><img width=\"1030\" height=\"1030\" src=\"https:\/\/saisonsculturelleschaumont.fr\/mdxpuixt\/wp-content\/uploads\/2021\/02\/DSC_5945-1030x1030.jpg\" class=\"avia-img-lazy-loading-5937 \" alt=\"\" decoding=\"async\" loading=\"lazy\" srcset=\"https:\/\/saisonsculturelleschaumont.fr\/mdxpuixt\/wp-content\/uploads\/2021\/02\/DSC_5945-1030x1030.jpg 1030w, https:\/\/saisonsculturelleschaumont.fr\/mdxpuixt\/wp-content\/uploads\/2021\/02\/DSC_5945-300x300.jpg 300w, https:\/\/saisonsculturelleschaumont.fr\/mdxpuixt\/wp-content\/uploads\/2021\/02\/DSC_5945-80x80.jpg 80w, https:\/\/saisonsculturelleschaumont.fr\/mdxpuixt\/wp-content\/uploads\/2021\/02\/DSC_5945-768x768.jpg 768w, https:\/\/saisonsculturelleschaumont.fr\/mdxpuixt\/wp-content\/uploads\/2021\/02\/DSC_5945-60x60.jpg 60w, https:\/\/saisonsculturelleschaumont.fr\/mdxpuixt\/wp-content\/uploads\/2021\/02\/DSC_5945-36x36.jpg 36w, https:\/\/saisonsculturelleschaumont.fr\/mdxpuixt\/wp-content\/uploads\/2021\/02\/DSC_5945-180x180.jpg 180w\" sizes=\"(max-width: 1030px) 100vw, 1030px\" \/><span>\u2192 aminthe caussin<\/span><\/div><\/div><div class=\"su-image-carousel-item\"><div class=\"su-image-carousel-item-content\"><img width=\"1030\" height=\"1030\" src=\"https:\/\/saisonsculturelleschaumont.fr\/mdxpuixt\/wp-content\/uploads\/2021\/02\/DSC_5949-1030x1030.jpg\" class=\"avia-img-lazy-loading-5938 \" alt=\"\" decoding=\"async\" loading=\"lazy\" srcset=\"https:\/\/saisonsculturelleschaumont.fr\/mdxpuixt\/wp-content\/uploads\/2021\/02\/DSC_5949-1030x1030.jpg 1030w, https:\/\/saisonsculturelleschaumont.fr\/mdxpuixt\/wp-content\/uploads\/2021\/02\/DSC_5949-300x300.jpg 300w, https:\/\/saisonsculturelleschaumont.fr\/mdxpuixt\/wp-content\/uploads\/2021\/02\/DSC_5949-80x80.jpg 80w, https:\/\/saisonsculturelleschaumont.fr\/mdxpuixt\/wp-content\/uploads\/2021\/02\/DSC_5949-768x768.jpg 768w, https:\/\/saisonsculturelleschaumont.fr\/mdxpuixt\/wp-content\/uploads\/2021\/02\/DSC_5949-60x60.jpg 60w, https:\/\/saisonsculturelleschaumont.fr\/mdxpuixt\/wp-content\/uploads\/2021\/02\/DSC_5949-36x36.jpg 36w, https:\/\/saisonsculturelleschaumont.fr\/mdxpuixt\/wp-content\/uploads\/2021\/02\/DSC_5949-180x180.jpg 180w\" sizes=\"(max-width: 1030px) 100vw, 1030px\" \/><span>\u2192 louise dos santos<\/span><\/div><\/div><div class=\"su-image-carousel-item\"><div class=\"su-image-carousel-item-content\"><img width=\"1030\" height=\"1030\" src=\"https:\/\/saisonsculturelleschaumont.fr\/mdxpuixt\/wp-content\/uploads\/2021\/03\/IMG-5018-1030x1030.jpg\" class=\"avia-img-lazy-loading-6071 \" alt=\"\" decoding=\"async\" loading=\"lazy\" srcset=\"https:\/\/saisonsculturelleschaumont.fr\/mdxpuixt\/wp-content\/uploads\/2021\/03\/IMG-5018-1030x1030.jpg 1030w, https:\/\/saisonsculturelleschaumont.fr\/mdxpuixt\/wp-content\/uploads\/2021\/03\/IMG-5018-300x300.jpg 300w, https:\/\/saisonsculturelleschaumont.fr\/mdxpuixt\/wp-content\/uploads\/2021\/03\/IMG-5018-80x80.jpg 80w, https:\/\/saisonsculturelleschaumont.fr\/mdxpuixt\/wp-content\/uploads\/2021\/03\/IMG-5018-768x768.jpg 768w, https:\/\/saisonsculturelleschaumont.fr\/mdxpuixt\/wp-content\/uploads\/2021\/03\/IMG-5018-60x60.jpg 60w, https:\/\/saisonsculturelleschaumont.fr\/mdxpuixt\/wp-content\/uploads\/2021\/03\/IMG-5018-36x36.jpg 36w, https:\/\/saisonsculturelleschaumont.fr\/mdxpuixt\/wp-content\/uploads\/2021\/03\/IMG-5018-180x180.jpg 180w\" sizes=\"(max-width: 1030px) 100vw, 1030px\" \/><span>\u2192 emma dupontreue<\/span><\/div><\/div><div class=\"su-image-carousel-item\"><div class=\"su-image-carousel-item-content\"><img width=\"1030\" height=\"1030\" src=\"https:\/\/saisonsculturelleschaumont.fr\/mdxpuixt\/wp-content\/uploads\/2021\/03\/unnamed-1030x1030.jpg\" class=\"avia-img-lazy-loading-6072 \" alt=\"\" decoding=\"async\" loading=\"lazy\" srcset=\"https:\/\/saisonsculturelleschaumont.fr\/mdxpuixt\/wp-content\/uploads\/2021\/03\/unnamed-1030x1030.jpg 1030w, https:\/\/saisonsculturelleschaumont.fr\/mdxpuixt\/wp-content\/uploads\/2021\/03\/unnamed-300x300.jpg 300w, https:\/\/saisonsculturelleschaumont.fr\/mdxpuixt\/wp-content\/uploads\/2021\/03\/unnamed-80x80.jpg 80w, https:\/\/saisonsculturelleschaumont.fr\/mdxpuixt\/wp-content\/uploads\/2021\/03\/unnamed-768x768.jpg 768w, https:\/\/saisonsculturelleschaumont.fr\/mdxpuixt\/wp-content\/uploads\/2021\/03\/unnamed-60x60.jpg 60w, https:\/\/saisonsculturelleschaumont.fr\/mdxpuixt\/wp-content\/uploads\/2021\/03\/unnamed-36x36.jpg 36w, https:\/\/saisonsculturelleschaumont.fr\/mdxpuixt\/wp-content\/uploads\/2021\/03\/unnamed-180x180.jpg 180w\" sizes=\"(max-width: 1030px) 100vw, 1030px\" \/><span>\u2192 nicole waeber<\/span><\/div><\/div><\/div><script id=\"su_image_carousel_69f53bd920d65_script\">if(window.SUImageCarousel){setTimeout(function() {window.SUImageCarousel.initGallery(document.getElementById(\"su_image_carousel_69f53bd920d65\"))}, 0);}var su_image_carousel_69f53bd920d65_script=document.getElementById(\"su_image_carousel_69f53bd920d65_script\");if(su_image_carousel_69f53bd920d65_script){su_image_carousel_69f53bd920d65_script.parentNode.removeChild(su_image_carousel_69f53bd920d65_script);}<\/script><\/p>\n<p><!-- wp:paragraph --><\/p>\n<p><!-- \/wp:paragraph --><\/p>\t\t\t\t\t<\/div>\n\t\t\t\t\t\t<\/div>\n\t\t\t\t<\/div>\n\t\t\t\t\t\t<\/div>\n\t\t\t\t\t<\/div>\n\t\t<\/div>\n\t\t\t\t\t\t\t\t<\/div>\n\t\t\t\t\t<\/div>\n\t\t<\/section>\n\t\t\t\t\t\t\t\t\t<\/div>\n\t\t\t<\/div>\n\t\t\t\t\t<\/div>\n\t\t","protected":false},"excerpt":{"rendered":"<p>parcours urbain &lsquo;d\u00e9tours&rsquo; d&rsquo;eltono \u00a0 Cherchez les peintures ! &lsquo;D\u00e9tours&rsquo; est un parcours urbain graphique imagin\u00e9 par l&rsquo;artiste eltono dans le cadre de la saison culturelle 03. Au fil des [&hellip;]<\/p>\n","protected":false},"author":1,"featured_media":0,"parent":3241,"menu_order":0,"comment_status":"closed","ping_status":"closed","template":"","meta":{"_uag_custom_page_level_css":"","footnotes":""},"yoast_head":"<!-- This site is optimized with the Yoast SEO plugin v21.1 - https:\/\/yoast.com\/wordpress\/plugins\/seo\/ -->\n<title>nos parcours graphiques - Les Saisons Culturelles de Chaumont<\/title>\n<meta name=\"robots\" content=\"noindex, follow, max-snippet:-1, max-image-preview:large, max-video-preview:-1\" \/>\n<meta property=\"og:locale\" content=\"fr_FR\" \/>\n<meta property=\"og:type\" content=\"article\" \/>\n<meta property=\"og:title\" content=\"nos parcours graphiques - Les Saisons Culturelles de Chaumont\" \/>\n<meta property=\"og:description\" content=\"parcours urbain &lsquo;d\u00e9tours&rsquo; d&rsquo;eltono \u00a0 Cherchez les peintures ! &lsquo;D\u00e9tours&rsquo; est un parcours urbain graphique imagin\u00e9 par l&rsquo;artiste eltono dans le cadre de la saison culturelle 03. Au fil des [&hellip;]\" \/>\n<meta property=\"og:url\" content=\"https:\/\/saisonsculturelleschaumont.fr\/mdxpuixt\/participez\/nos-parcours-graphiques\/\" \/>\n<meta property=\"og:site_name\" content=\"Les Saisons Culturelles de Chaumont\" \/>\n<meta property=\"article:publisher\" content=\"https:\/\/www.facebook.com\/saisonsculturelleschaumont\/\" \/>\n<meta property=\"article:modified_time\" content=\"2022-08-19T12:34:43+00:00\" \/>\n<meta property=\"og:image\" content=\"https:\/\/saisonsculturelleschaumont.fr\/mdxpuixt\/wp-content\/uploads\/2023\/09\/Bandeau-de-couverture_FB-_SCC8.png\" \/>\n\t<meta property=\"og:image:width\" content=\"3396\" \/>\n\t<meta property=\"og:image:height\" content=\"1313\" \/>\n\t<meta property=\"og:image:type\" content=\"image\/png\" \/>\n<meta name=\"twitter:card\" content=\"summary_large_image\" \/>\n<meta name=\"twitter:label1\" content=\"Dur\u00e9e de lecture estim\u00e9e\" \/>\n\t<meta name=\"twitter:data1\" content=\"2 minutes\" \/>\n<script type=\"application\/ld+json\" class=\"yoast-schema-graph\">{\"@context\":\"https:\/\/schema.org\",\"@graph\":[{\"@type\":\"WebPage\",\"@id\":\"https:\/\/saisonsculturelleschaumont.fr\/mdxpuixt\/participez\/nos-parcours-graphiques\/\",\"url\":\"https:\/\/saisonsculturelleschaumont.fr\/mdxpuixt\/participez\/nos-parcours-graphiques\/\",\"name\":\"nos parcours graphiques - Les Saisons Culturelles de Chaumont\",\"isPartOf\":{\"@id\":\"https:\/\/saisonsculturelleschaumont.fr\/mdxpuixt\/#website\"},\"datePublished\":\"2021-05-19T15:55:26+00:00\",\"dateModified\":\"2022-08-19T12:34:43+00:00\",\"breadcrumb\":{\"@id\":\"https:\/\/saisonsculturelleschaumont.fr\/mdxpuixt\/participez\/nos-parcours-graphiques\/#breadcrumb\"},\"inLanguage\":\"fr-FR\",\"potentialAction\":[{\"@type\":\"ReadAction\",\"target\":[\"https:\/\/saisonsculturelleschaumont.fr\/mdxpuixt\/participez\/nos-parcours-graphiques\/\"]}]},{\"@type\":\"BreadcrumbList\",\"@id\":\"https:\/\/saisonsculturelleschaumont.fr\/mdxpuixt\/participez\/nos-parcours-graphiques\/#breadcrumb\",\"itemListElement\":[{\"@type\":\"ListItem\",\"position\":1,\"name\":\"Accueil\",\"item\":\"https:\/\/saisonsculturelleschaumont.fr\/mdxpuixt\/\"},{\"@type\":\"ListItem\",\"position\":2,\"name\":\"participez\",\"item\":\"https:\/\/saisonsculturelleschaumont.fr\/mdxpuixt\/participez\/\"},{\"@type\":\"ListItem\",\"position\":3,\"name\":\"nos parcours graphiques\"}]},{\"@type\":\"WebSite\",\"@id\":\"https:\/\/saisonsculturelleschaumont.fr\/mdxpuixt\/#website\",\"url\":\"https:\/\/saisonsculturelleschaumont.fr\/mdxpuixt\/\",\"name\":\"Les Saisons Culturelles de Chaumont\",\"description\":\"\",\"potentialAction\":[{\"@type\":\"SearchAction\",\"target\":{\"@type\":\"EntryPoint\",\"urlTemplate\":\"https:\/\/saisonsculturelleschaumont.fr\/mdxpuixt\/?s={search_term_string}\"},\"query-input\":\"required name=search_term_string\"}],\"inLanguage\":\"fr-FR\"}]}<\/script>\n<!-- \/ Yoast SEO plugin. -->","yoast_head_json":{"title":"nos parcours graphiques - Les Saisons Culturelles de Chaumont","robots":{"index":"noindex","follow":"follow","max-snippet":"max-snippet:-1","max-image-preview":"max-image-preview:large","max-video-preview":"max-video-preview:-1"},"og_locale":"fr_FR","og_type":"article","og_title":"nos parcours graphiques - Les Saisons Culturelles de Chaumont","og_description":"parcours urbain &lsquo;d\u00e9tours&rsquo; d&rsquo;eltono \u00a0 Cherchez les peintures ! &lsquo;D\u00e9tours&rsquo; est un parcours urbain graphique imagin\u00e9 par l&rsquo;artiste eltono dans le cadre de la saison culturelle 03. Au fil des [&hellip;]","og_url":"https:\/\/saisonsculturelleschaumont.fr\/mdxpuixt\/participez\/nos-parcours-graphiques\/","og_site_name":"Les Saisons Culturelles de Chaumont","article_publisher":"https:\/\/www.facebook.com\/saisonsculturelleschaumont\/","article_modified_time":"2022-08-19T12:34:43+00:00","og_image":[{"width":3396,"height":1313,"url":"https:\/\/saisonsculturelleschaumont.fr\/mdxpuixt\/wp-content\/uploads\/2023\/09\/Bandeau-de-couverture_FB-_SCC8.png","type":"image\/png"}],"twitter_card":"summary_large_image","twitter_misc":{"Dur\u00e9e de lecture estim\u00e9e":"2 minutes"},"schema":{"@context":"https:\/\/schema.org","@graph":[{"@type":"WebPage","@id":"https:\/\/saisonsculturelleschaumont.fr\/mdxpuixt\/participez\/nos-parcours-graphiques\/","url":"https:\/\/saisonsculturelleschaumont.fr\/mdxpuixt\/participez\/nos-parcours-graphiques\/","name":"nos parcours graphiques - Les Saisons Culturelles de Chaumont","isPartOf":{"@id":"https:\/\/saisonsculturelleschaumont.fr\/mdxpuixt\/#website"},"datePublished":"2021-05-19T15:55:26+00:00","dateModified":"2022-08-19T12:34:43+00:00","breadcrumb":{"@id":"https:\/\/saisonsculturelleschaumont.fr\/mdxpuixt\/participez\/nos-parcours-graphiques\/#breadcrumb"},"inLanguage":"fr-FR","potentialAction":[{"@type":"ReadAction","target":["https:\/\/saisonsculturelleschaumont.fr\/mdxpuixt\/participez\/nos-parcours-graphiques\/"]}]},{"@type":"BreadcrumbList","@id":"https:\/\/saisonsculturelleschaumont.fr\/mdxpuixt\/participez\/nos-parcours-graphiques\/#breadcrumb","itemListElement":[{"@type":"ListItem","position":1,"name":"Accueil","item":"https:\/\/saisonsculturelleschaumont.fr\/mdxpuixt\/"},{"@type":"ListItem","position":2,"name":"participez","item":"https:\/\/saisonsculturelleschaumont.fr\/mdxpuixt\/participez\/"},{"@type":"ListItem","position":3,"name":"nos parcours graphiques"}]},{"@type":"WebSite","@id":"https:\/\/saisonsculturelleschaumont.fr\/mdxpuixt\/#website","url":"https:\/\/saisonsculturelleschaumont.fr\/mdxpuixt\/","name":"Les Saisons Culturelles de Chaumont","description":"","potentialAction":[{"@type":"SearchAction","target":{"@type":"EntryPoint","urlTemplate":"https:\/\/saisonsculturelleschaumont.fr\/mdxpuixt\/?s={search_term_string}"},"query-input":"required name=search_term_string"}],"inLanguage":"fr-FR"}]}},"uagb_featured_image_src":{"full":false,"thumbnail":false,"medium":false,"medium_large":false,"large":false,"1536x1536":false,"2048x2048":false,"widget":false,"square":false,"featured":false,"featured_large":false,"extra_large":false,"portfolio":false,"portfolio_small":false,"gallery":false,"magazine":false,"masonry":false,"entry_with_sidebar":false,"entry_without_sidebar":false},"uagb_author_info":{"display_name":"danielkolski","author_link":"https:\/\/saisonsculturelleschaumont.fr\/mdxpuixt\/author\/danielkolski\/"},"uagb_comment_info":0,"uagb_excerpt":"parcours urbain &lsquo;d\u00e9tours&rsquo; d&rsquo;eltono \u00a0 Cherchez les peintures ! &lsquo;D\u00e9tours&rsquo; est un parcours urbain graphique imagin\u00e9 par l&rsquo;artiste eltono dans le cadre de la saison culturelle 03. Au fil des [&hellip;]","_links":{"self":[{"href":"https:\/\/saisonsculturelleschaumont.fr\/mdxpuixt\/wp-json\/wp\/v2\/pages\/6446"}],"collection":[{"href":"https:\/\/saisonsculturelleschaumont.fr\/mdxpuixt\/wp-json\/wp\/v2\/pages"}],"about":[{"href":"https:\/\/saisonsculturelleschaumont.fr\/mdxpuixt\/wp-json\/wp\/v2\/types\/page"}],"author":[{"embeddable":true,"href":"https:\/\/saisonsculturelleschaumont.fr\/mdxpuixt\/wp-json\/wp\/v2\/users\/1"}],"replies":[{"embeddable":true,"href":"https:\/\/saisonsculturelleschaumont.fr\/mdxpuixt\/wp-json\/wp\/v2\/comments?post=6446"}],"version-history":[{"count":0,"href":"https:\/\/saisonsculturelleschaumont.fr\/mdxpuixt\/wp-json\/wp\/v2\/pages\/6446\/revisions"}],"up":[{"embeddable":true,"href":"https:\/\/saisonsculturelleschaumont.fr\/mdxpuixt\/wp-json\/wp\/v2\/pages\/3241"}],"wp:attachment":[{"href":"https:\/\/saisonsculturelleschaumont.fr\/mdxpuixt\/wp-json\/wp\/v2\/media?parent=6446"}],"curies":[{"name":"wp","href":"https:\/\/api.w.org\/{rel}","templated":true}]}}