{"id":6824,"date":"2021-09-07T10:38:40","date_gmt":"2021-09-07T08:38:40","guid":{"rendered":"https:\/\/saisonsculturelleschaumont.fr\/mdxpuixt\/?page_id=6824"},"modified":"2022-01-05T11:05:30","modified_gmt":"2022-01-05T10:05:30","slug":"saison-04","status":"publish","type":"page","link":"https:\/\/saisonsculturelleschaumont.fr\/mdxpuixt\/autres-saisons\/saison-04\/","title":{"rendered":"Saison 04"},"content":{"rendered":"\t\t<div data-elementor-type=\"wp-post\" data-elementor-id=\"6824\" class=\"elementor elementor-6824\">\n\t\t\t\t\t\t<div class=\"elementor-inner\">\n\t\t\t\t<div class=\"elementor-section-wrap\">\n\t\t\t\t\t\t\t\t\t<section class=\"elementor-section elementor-top-section elementor-element elementor-element-7be01fc6 elementor-section-content-top elementor-section-boxed elementor-section-height-default elementor-section-height-default\" data-id=\"7be01fc6\" data-element_type=\"section\" id=\"dk-saison02\">\n\t\t\t\t\t\t<div class=\"elementor-container elementor-column-gap-default\">\n\t\t\t\t\t\t\t<div class=\"elementor-row\">\n\t\t\t\t\t<div class=\"elementor-column elementor-col-50 elementor-top-column elementor-element elementor-element-7333b452\" data-id=\"7333b452\" data-element_type=\"column\">\n\t\t\t<div class=\"elementor-column-wrap elementor-element-populated\">\n\t\t\t\t\t\t\t<div class=\"elementor-widget-wrap\">\n\t\t\t\t\t\t<div class=\"elementor-element elementor-element-6bf5942c elementor-widget elementor-widget-image\" data-id=\"6bf5942c\" data-element_type=\"widget\" data-widget_type=\"image.default\">\n\t\t\t\t<div class=\"elementor-widget-container\">\n\t\t\t\t\t\t\t\t<div class=\"elementor-image\">\n\t\t\t\t\t\t\t\t\t\t\t\t<img decoding=\"async\" loading=\"lazy\" width=\"841\" height=\"1190\" src=\"https:\/\/saisonsculturelleschaumont.fr\/mdxpuixt\/wp-content\/uploads\/2021\/05\/SCC4_AFFICHES-A31-1.jpg\" class=\"attachment-full size-full wp-image-6498\" alt=\"\" srcset=\"https:\/\/saisonsculturelleschaumont.fr\/mdxpuixt\/wp-content\/uploads\/2021\/05\/SCC4_AFFICHES-A31-1.jpg 841w, https:\/\/saisonsculturelleschaumont.fr\/mdxpuixt\/wp-content\/uploads\/2021\/05\/SCC4_AFFICHES-A31-1-498x705.jpg 498w\" sizes=\"(max-width: 841px) 100vw, 841px\" \/>\t\t\t\t\t\t\t\t\t\t\t\t\t\t<\/div>\n\t\t\t\t\t\t<\/div>\n\t\t\t\t<\/div>\n\t\t\t\t\t\t<\/div>\n\t\t\t\t\t<\/div>\n\t\t<\/div>\n\t\t\t\t<div class=\"elementor-column elementor-col-50 elementor-top-column elementor-element elementor-element-246751ef\" data-id=\"246751ef\" data-element_type=\"column\">\n\t\t\t<div class=\"elementor-column-wrap elementor-element-populated\">\n\t\t\t\t\t\t\t<div class=\"elementor-widget-wrap\">\n\t\t\t\t\t\t<div class=\"elementor-element elementor-element-6da0a009 elementor-widget elementor-widget-heading\" data-id=\"6da0a009\" data-element_type=\"widget\" data-widget_type=\"heading.default\">\n\t\t\t\t<div class=\"elementor-widget-container\">\n\t\t\t<h2 class=\"elementor-heading-title elementor-size-xl\">saison 04<\/h2>\t\t<\/div>\n\t\t\t\t<\/div>\n\t\t\t\t<div class=\"elementor-element elementor-element-5f934721 elementor-widget elementor-widget-heading\" data-id=\"5f934721\" data-element_type=\"widget\" data-widget_type=\"heading.default\">\n\t\t\t\t<div class=\"elementor-widget-container\">\n\t\t\t<h2 class=\"elementor-heading-title elementor-size-default\"><h2 data-elementor-setting-key=\"title\" data-pen-placeholder=\"\u00c9crivez ici...\" style=\"font-style: normal; font-variant-caps: normal; font-variant-ligatures: normal; font-variant-numeric: inherit; font-variant-east-asian: inherit; orphans: 2; widows: 2;\"><strong style=\"font-style: normal; font-variant-ligatures: normal; font-variant-caps: normal; font-variant-numeric: inherit; font-variant-east-asian: inherit; font-size: 15px; font-family: ehnormal, HelveticaNeue, &quot;Helvetica Neue&quot;, Helvetica-Neue, Helvetica, Arial, sans-serif; white-space: normal;\"> \u00c9CRITURE ET IMAGE<\/strong><span style=\"font-family: ehnormal, HelveticaNeue, &quot;Helvetica Neue&quot;, Helvetica-Neue, Helvetica, Arial, sans-serif; font-size: 28px; font-weight: 600;\"><\/span><\/h2><\/h2>\t\t<\/div>\n\t\t\t\t<\/div>\n\t\t\t\t<div class=\"elementor-element elementor-element-387e65d2 elementor-widget elementor-widget-text-editor\" data-id=\"387e65d2\" data-element_type=\"widget\" data-widget_type=\"text-editor.default\">\n\t\t\t\t<div class=\"elementor-widget-container\">\n\t\t\t\t\t\t\t\t<div class=\"elementor-text-editor elementor-clearfix\">\n\t\t\t\t<p>Pratique universelle qui unit l\u2019humanit\u00e9 plus que toute autre invention et vieille d\u2019\u00e0 peine 5 000 ans \u2013 alors que notre esp\u00e8ce a plus de 300 000 ans \u2013 l\u2019\u00e9criture fait parler les images, elle t\u00e9moigne et fa\u00e7onne l\u2019existence des hommes \u00e0 travers les si\u00e8cles. D\u2019abord pictogrammes puis r\u00e9bus, les hi\u00e9roglyphes \u00e9gyptiens sont probablement le premier syst\u00e8me d\u2019\u00e9criture connu, mais ce sont des travailleurs migrants canan\u00e9ens (vers 1850 avant J.-C.) qui, en voulant adapter le syst\u00e8me du r\u00e9bus \u00e0 leur propre langue, sont \u00e0 l\u2019origine des lettres et de toutes les \u00e9critures. <br \/>Ce n\u2019est donc pas un d\u00e9bat qu\u2019il suffit de mener dans des amphith\u00e9\u00e2tres ou des h\u00e9micycles, les pratiques et les usages seuls d\u00e9finissent l\u2019\u00e9volution de l\u2019\u00e9criture. Ainsi, alors que certains dirigeants se sont efforc\u00e9s au d\u00e9but du si\u00e8cle dernier d\u2019imposer des r\u00e9formes de leur alphabet, le plus souvent au profit d\u2019une latinisation destin\u00e9e \u00e0 combattre l\u2019analphab\u00e9tisme ou \u00e0 inscrire leur pays dans une course \u00e0 l\u2019occidentalisation, le lien puissant entre \u00e9criture et identit\u00e9 a rendu totalement vaines leurs tentatives.<br \/>Il faut cependant constater que pr\u00e8s d\u2019un si\u00e8cle plus tard, l\u2019arriv\u00e9e des nouvelles technologies avec notamment les claviers universels de nos ordinateurs ou la reconnaissance vocale de nos smartphones, interroge sur l\u2019impact de ces outils d\u2019\u00e9criture sur le devenir de notre patrimoine culturel. Omnipr\u00e9sentes dans nos soci\u00e9t\u00e9s actuelles, les images, quant \u00e0 elles, donnent un langage commun \u00e0 l\u2019humanit\u00e9. Des mill\u00e9naires les s\u00e9parent de l\u2019\u00e9criture. Mais elles aussi ont fa\u00e7onn\u00e9 nos esprits. La lecture instantan\u00e9e qu\u2019elles offrent du monde n\u2019en reste pas moins qu\u2019un reflet, la repr\u00e9sentation sensible d\u2019une certaine r\u00e9alit\u00e9. Alors, ombre dans la caverne ou Narcisse grandiose ? Suraliment\u00e9s par les m\u00eames images, sommes-nous destin\u00e9s \u00e0 une pens\u00e9e unique ? Les artistes invit\u00e9s de cette saison 04, nous racontent, ici, leur mani\u00e8re d\u2019appr\u00e9hender cette \u00e9poque si singuli\u00e8re, \u00e0 travers leurs \u00e9critures, qu\u2019elles soient graphiques, musicales ou litt\u00e9raires.<\/p><p>T\u00e9l\u00e9chargez le journal de la saison 04 <a href=\"https:\/\/saisonsculturelleschaumont.fr\/mdxpuixt\/wp-content\/uploads\/2021\/03\/Journal-au-fil-des-saisons-4_web_compressed.pdf\">ici<\/a> !<\/p>\t\t\t\t\t<\/div>\n\t\t\t\t\t\t<\/div>\n\t\t\t\t<\/div>\n\t\t\t\t<div class=\"elementor-element elementor-element-86a1446 elementor-widget elementor-widget-premium-addon-button\" data-id=\"86a1446\" data-element_type=\"widget\" data-widget_type=\"premium-addon-button.default\">\n\t\t\t\t<div class=\"elementor-widget-container\">\n\t\t\t\r\n\r\n\t\t<a class=\"premium-button premium-button-none premium-btn-lg premium-button-none\" href=\"https:\/\/saisonsculturelleschaumont.fr\/mdxpuixt\/autres-saisons\/\">\r\n\t\t\t<div class=\"premium-button-text-icon-wrapper\">\r\n\t\t\t\t\t\t\t\t<span >\r\n\t\t\t\t\tautres saisons\t\t\t\t<\/span>\r\n\t\t\t\t\t\t\t<\/div>\r\n\t\t\t\t\t\t\t\t<\/a>\r\n\r\n\r\n\t\t\t\t<\/div>\n\t\t\t\t<\/div>\n\t\t\t\t\t\t<\/div>\n\t\t\t\t\t<\/div>\n\t\t<\/div>\n\t\t\t\t\t\t\t\t<\/div>\n\t\t\t\t\t<\/div>\n\t\t<\/section>\n\t\t\t\t<section class=\"elementor-section elementor-top-section elementor-element elementor-element-34be8b67 elementor-section-boxed elementor-section-height-default elementor-section-height-default\" data-id=\"34be8b67\" data-element_type=\"section\">\n\t\t\t\t\t\t<div class=\"elementor-container elementor-column-gap-default\">\n\t\t\t\t\t\t\t<div class=\"elementor-row\">\n\t\t\t\t\t<div class=\"elementor-column elementor-col-100 elementor-top-column elementor-element elementor-element-2a46a0a\" data-id=\"2a46a0a\" data-element_type=\"column\">\n\t\t\t<div class=\"elementor-column-wrap elementor-element-populated\">\n\t\t\t\t\t\t\t<div class=\"elementor-widget-wrap\">\n\t\t\t\t\t\t<div class=\"elementor-element elementor-element-46945a82 elementor-widget elementor-widget-wp-widget-ipw\" data-id=\"46945a82\" data-element_type=\"widget\" data-widget_type=\"wp-widget-ipw.default\">\n\t\t\t\t<div class=\"elementor-widget-container\">\n\t\t\t<div data-post-id=\"6822\" class=\"insert-page insert-page-6822 \">\n<style type=\"text\/css\" data-created_by=\"avia_inline_auto\" id=\"style-css-av-jyhtyvi9-c472173ad61115fa27e237f275a93df0\">\n#top .av_textblock_section.av-jyhtyvi9-c472173ad61115fa27e237f275a93df0 .avia_textblock{\nfont-size:24px;\n}\n<\/style>\n<section  class='av_textblock_section av-jyhtyvi9-c472173ad61115fa27e237f275a93df0 '   itemscope=\"itemscope\" itemtype=\"https:\/\/schema.org\/CreativeWork\" ><div class='avia_textblock'  itemprop=\"text\" ><p>\u2022 arts visuels<\/p>\n<\/div><\/section>\n\n<style type=\"text\/css\" data-created_by=\"avia_inline_auto\" id=\"style-css-av-r7jg-a2a37e95637f5b1b440c8c6c21e046e8\">\n#top .flex_column.av-r7jg-a2a37e95637f5b1b440c8c6c21e046e8{\nmargin-top:0px;\nmargin-bottom:20px;\n}\n.flex_column.av-r7jg-a2a37e95637f5b1b440c8c6c21e046e8{\nborder-radius:0px 0px 0px 0px;\npadding:0px 0px 0px 0px;\n}\n.responsive #top #wrap_all .flex_column.av-r7jg-a2a37e95637f5b1b440c8c6c21e046e8{\nmargin-top:0px;\nmargin-bottom:20px;\n}\n<\/style>\n<div  class='flex_column av-r7jg-a2a37e95637f5b1b440c8c6c21e046e8 av_one_full  avia-builder-el-1  el_after_av_textblock  el_before_av_textblock  first flex_column_div av-zero-column-padding  column-top-margin'     ><div id='grille-ala-une' class='av-masonry av-jxpefprf-585c55ee10e6523c8d4ce64386b89e30 noHover av-fixed-size av-1px-gap av-hover-overlay- av-masonry-animation- av-masonry-col-3 av-caption-on-hover av-caption-style-overlay av-masonry-entries av-medium-columns-overwrite av-medium-columns-2 av-small-columns-overwrite av-small-columns-2 av-mini-columns-overwrite av-mini-columns-1 ' data-post_id=\"6822\"><div class=\"av-masonry-container isotope av-js-disabled\"><div class='av-masonry-entry isotope-item av-masonry-item-no-image '><\/div><a href=\"https:\/\/saisonsculturelleschaumont.fr\/mdxpuixt\/evenement\/artbracadabra-lexposition-raphael-garnier\/\"  id='av-masonry-1-item-6079' data-av-masonry-item='6079' class='av-masonry-entry isotope-item post-6079 tribe_events type-tribe_events status-publish has-post-thumbnail hentry tag-art tag-creation tag-exposition tribe_events_cat-arts-visuels  av-masonry-item-with-image' title=\"Capture d\u2019\u00e9cran 2021-03-10 \u00e0 11.52.34\"   itemscope=\"itemscope\" itemtype=\"https:\/\/schema.org\/CreativeWork\" ><div class='av-inner-masonry-sizer'><\/div><figure class='av-inner-masonry main_color'><div class=\"av-masonry-outerimage-container\"><div class='av-masonry-image-container' style=\"background-image: url(https:\/\/saisonsculturelleschaumont.fr\/mdxpuixt\/wp-content\/uploads\/2021\/03\/Capture-decran-2021-03-10-a-11.52.34-705x436.png);\"  title=\"Capture d\u2019\u00e9cran 2021-03-10 \u00e0 11.52.34\"  ><\/div><\/div><figcaption class='av-inner-masonry-content site-background'><div class='av-inner-masonry-content-pos'><div class='av-inner-masonry-content-pos-content'><div class='avia-arrow'><\/div><span class=\"tribe-event-date-start\">12 Mar 2021<\/span> - <span class=\"tribe-event-date-end\">22 Ao\u00fbt 2021<\/span><br><span class=\"tribe-event-categories\">arts visuels<\/span><h3 class='av-masonry-entry-title entry-title '  itemprop=\"headline\" >art&rsquo;bracadabra, l&rsquo;exposition &#8211; Rapha\u00ebl Garnier<\/h3><\/div><\/div><\/figcaption><\/figure><\/a><!--end av-masonry entry--><a href=\"https:\/\/saisonsculturelleschaumont.fr\/mdxpuixt\/evenement\/conference-du-mardi-les-caprices-dhubert-robert\/\"  id='av-masonry-1-item-6167' data-av-masonry-item='6167' class='av-masonry-entry isotope-item post-6167 tribe_events type-tribe_events status-publish has-post-thumbnail hentry tag-conference tag-peinture tribe_events_cat-arts-visuels  av-masonry-item-with-image' title=\"caprices_conf\u00e9rence du mardi copie\"   itemscope=\"itemscope\" itemtype=\"https:\/\/schema.org\/CreativeWork\" ><div class='av-inner-masonry-sizer'><\/div><figure class='av-inner-masonry main_color'><div class=\"av-masonry-outerimage-container\"><div class='av-masonry-image-container' style=\"background-image: url(https:\/\/saisonsculturelleschaumont.fr\/mdxpuixt\/wp-content\/uploads\/2021\/03\/caprices_conference-du-mardi-copie-705x615.jpg);\"  title=\"caprices_conf\u00e9rence du mardi copie\"  ><\/div><\/div><figcaption class='av-inner-masonry-content site-background'><div class='av-inner-masonry-content-pos'><div class='av-inner-masonry-content-pos-content'><div class='avia-arrow'><\/div><span class=\"tribe-event-date-start\">13 Avr 2021  20:30<\/span><br><span class=\"tribe-event-categories\">arts visuels<\/span><h3 class='av-masonry-entry-title entry-title '  itemprop=\"headline\" >conf\u00e9rence du mardi : les &lsquo;caprices&rsquo; d\u2019Hubert Robert &#8211; report\u00e9<\/h3><\/div><\/div><\/figcaption><\/figure><\/a><!--end av-masonry entry--><a href=\"https:\/\/saisonsculturelleschaumont.fr\/mdxpuixt\/evenement\/visite-atelier-sgraffito\/\"  id='av-masonry-1-item-6171' data-av-masonry-item='6171' class='av-masonry-entry isotope-item post-6171 tribe_events type-tribe_events status-publish has-post-thumbnail hentry tag-atelier tag-enfant tag-visite tribe_events_cat-arts-visuels  av-masonry-item-with-image' title=\"motifs a sgraffito sur reliquaire 16e s_atelier ss la peiture\"   itemscope=\"itemscope\" itemtype=\"https:\/\/schema.org\/CreativeWork\" ><div class='av-inner-masonry-sizer'><\/div><figure class='av-inner-masonry main_color'><div class=\"av-masonry-outerimage-container\"><div class='av-masonry-image-container' style=\"background-image: url(https:\/\/saisonsculturelleschaumont.fr\/mdxpuixt\/wp-content\/uploads\/2021\/03\/motifs-a-sgraffito-sur-reliquaire-16e-s_atelier-ss-la-peiture-705x529.jpg);\"  title=\"motifs a sgraffito sur reliquaire 16e s_atelier ss la peiture\"  ><\/div><\/div><figcaption class='av-inner-masonry-content site-background'><div class='av-inner-masonry-content-pos'><div class='av-inner-masonry-content-pos-content'><div class='avia-arrow'><\/div><span class=\"tribe-event-date-start\">28 Avr 2021  10:00<\/span> - <span class=\"tribe-event-date-end\">7 Mai 2021  16:00<\/span><br><span class=\"tribe-event-categories\">arts visuels<\/span><h3 class='av-masonry-entry-title entry-title '  itemprop=\"headline\" >visite-atelier &lsquo;Sgraffito !&rsquo; &#8211; report\u00e9<\/h3><\/div><\/div><\/figcaption><\/figure><\/a><!--end av-masonry entry--><a href=\"https:\/\/saisonsculturelleschaumont.fr\/mdxpuixt\/evenement\/michel-le-petit-didier-aller-voir-pouvoir-faire\/\"  id='av-masonry-1-item-6291' data-av-masonry-item='6291' class='av-masonry-entry isotope-item post-6291 tribe_events type-tribe_events status-publish has-post-thumbnail hentry tag-art tag-creation tag-culture tag-deambulation tag-exposition tag-graphisme tag-signe tribe_events_cat-arts-visuels  av-masonry-item-with-image' title=\"5.a Michel Le Petit Didier copie\"   itemscope=\"itemscope\" itemtype=\"https:\/\/schema.org\/CreativeWork\" ><div class='av-inner-masonry-sizer'><\/div><figure class='av-inner-masonry main_color'><div class=\"av-masonry-outerimage-container\"><div class='av-masonry-image-container' style=\"background-image: url(https:\/\/saisonsculturelleschaumont.fr\/mdxpuixt\/wp-content\/uploads\/2021\/03\/5.a-Michel-Le-Petit-Didier-copie-504x705.jpg);\"  title=\"5.a Michel Le Petit Didier copie\"  ><\/div><\/div><figcaption class='av-inner-masonry-content site-background'><div class='av-inner-masonry-content-pos'><div class='av-inner-masonry-content-pos-content'><div class='avia-arrow'><\/div><span class=\"tribe-event-date-start\">27 Mai 2021  14:00<\/span> - <span class=\"tribe-event-date-end\">7 Ao\u00fbt 2021  18:00<\/span><br><span class=\"tribe-event-categories\">arts visuels<\/span><h3 class='av-masonry-entry-title entry-title '  itemprop=\"headline\" >Michel Le Petit Didier &#8211; Aller \/ Voir \/ Pouvoir \/ Faire<\/h3><\/div><\/div><\/figcaption><\/figure><\/a><!--end av-masonry entry--><a href=\"https:\/\/saisonsculturelleschaumont.fr\/mdxpuixt\/evenement\/club-collecte\/\"  id='av-masonry-1-item-6290' data-av-masonry-item='6290' class='av-masonry-entry isotope-item post-6290 tribe_events type-tribe_events status-publish has-post-thumbnail hentry tag-art tag-creation tag-culture tag-deambulation tag-exposition tag-graphisme tag-signe tribe_events_cat-arts-visuels  av-masonry-item-with-image' title=\"7.a Club Collecte1\"   itemscope=\"itemscope\" itemtype=\"https:\/\/schema.org\/CreativeWork\" ><div class='av-inner-masonry-sizer'><\/div><figure class='av-inner-masonry main_color'><div class=\"av-masonry-outerimage-container\"><div class='av-masonry-image-container' style=\"background-image: url(https:\/\/saisonsculturelleschaumont.fr\/mdxpuixt\/wp-content\/uploads\/2021\/03\/7.a-Club-Collecte1-705x397.jpg);\"  title=\"7.a Club Collecte1\"  ><\/div><\/div><figcaption class='av-inner-masonry-content site-background'><div class='av-inner-masonry-content-pos'><div class='av-inner-masonry-content-pos-content'><div class='avia-arrow'><\/div><span class=\"tribe-event-date-start\">27 Mai 2021  14:00<\/span> - <span class=\"tribe-event-date-end\">7 Ao\u00fbt 2021  18:00<\/span><br><span class=\"tribe-event-categories\">arts visuels<\/span><h3 class='av-masonry-entry-title entry-title '  itemprop=\"headline\" >Club Collecte<\/h3><\/div><\/div><\/figcaption><\/figure><\/a><!--end av-masonry entry--><a href=\"https:\/\/saisonsculturelleschaumont.fr\/mdxpuixt\/evenement\/michiel-schuurman\/\"  id='av-masonry-1-item-6289' data-av-masonry-item='6289' class='av-masonry-entry isotope-item post-6289 tribe_events type-tribe_events status-publish has-post-thumbnail hentry tag-art tag-creation tag-culture tag-deambulation tag-exposition tag-graphisme tag-signe tribe_events_cat-arts-visuels  av-masonry-item-with-image' title=\"6.a Michiel Schuurman1 copie\"   itemscope=\"itemscope\" itemtype=\"https:\/\/schema.org\/CreativeWork\" ><div class='av-inner-masonry-sizer'><\/div><figure class='av-inner-masonry main_color'><div class=\"av-masonry-outerimage-container\"><div class='av-masonry-image-container' style=\"background-image: url(https:\/\/saisonsculturelleschaumont.fr\/mdxpuixt\/wp-content\/uploads\/2021\/03\/6.a-Michiel-Schuurman1-copie-705x609.jpg);\"  title=\"6.a Michiel Schuurman1 copie\"  ><\/div><\/div><figcaption class='av-inner-masonry-content site-background'><div class='av-inner-masonry-content-pos'><div class='av-inner-masonry-content-pos-content'><div class='avia-arrow'><\/div><span class=\"tribe-event-date-start\">27 Mai 2021  14:00<\/span> - <span class=\"tribe-event-date-end\">7 Ao\u00fbt 2021  18:00<\/span><br><span class=\"tribe-event-categories\">arts visuels<\/span><h3 class='av-masonry-entry-title entry-title '  itemprop=\"headline\" >Michiel Schuurman<\/h3><\/div><\/div><\/figcaption><\/figure><\/a><!--end av-masonry entry--><\/div><a class='av-masonry-pagination av-masonry-load-more' href='#load-more'  data-link='tribe_events_cat, 42'  data-term_rel='IN'  data-wc_prod_visible=''  data-wc_prod_hidden=''  data-wc_prod_featured=''  data-prod_order_by=''  data-prod_order=''  data-date_filter='date_filter'  data-date_filter_start='2021\/01\/01'  data-date_filter_end='2021\/09\/01'  data-date_filter_format='yy\/mm\/dd'  data-period_filter_unit_1=''  data-period_filter_unit_2=''  data-page_element_filter=''  data-sort='no'  data-query_orderby='date'  data-query_order='ASC'  data-caption_elements='title'  data-caption_styling='overlay'  data-caption_display='on-hover'  data-img_copyright=''  data-size='fixed'  data-orientation=''  data-image_size='masonry'  data-gap='1px'  data-columns='3'  data-av-desktop-columns=''  data-av-medium-columns='2'  data-av-small-columns='2'  data-av-mini-columns='1'  data-items='6'  data-paginate='load_more'  data-color='custom'  data-custom_bg=''  data-img_copyright_font=''  data-av-desktop-font-img_copyright_font=''  data-av-medium-font-img_copyright_font=''  data-av-small-font-img_copyright_font=''  data-av-mini-font-img_copyright_font=''  data-img_copyright_color=''  data-img_copyright_bg=''  data-animation=''  data-animation_duration=''  data-animation_custom_bg_color=''  data-animation_custom_bg_color_multi_list=''  data-animation_z_index_curtain='100'  data-overlay_fx=''  data-img_scrset=''  data-lazy_loading='disabled'  data-av-desktop-hide=''  data-av-medium-hide=''  data-av-small-hide=''  data-av-mini-hide=''  data-alb_description=''  data-id='grille-ala-une'  data-custom_class=''  data-template_class=''  data-av_uid='av-jxpefprf'  data-sc_version='1.0'  data-ids=''  data-action=''  data-post_type='post, page, attachment, revision, nav_menu_item, custom_css, customize_changeset, oembed_cache, user_request, wp_block, wp_template, wp_template_part, wp_global_styles, wp_navigation, e-landing-page, elementor_library, tribe_event_series, wpcf7_contact_form, tribe_venue, tribe_organizer, tribe_events, tribe-ea-record, deleted_event, spectra-popup, portfolio, avia_framework_post, popupbuilder'  data-offset='0'  data-container_links='active'  data-link_dest=''  data-lightbox_text=''  data-container_class='av-masonry-entries'  data-auto_ratio='1.7'  data-set_breadcrumb='1'  data-custom_markup=''  data-taxonomy='tribe_events_cat'  data-categories='42'  data-avno='d7051b306b'>Charger plus<\/a><\/div><\/div>\n\n<style type=\"text\/css\" data-created_by=\"avia_inline_auto\" id=\"style-css-av-jyhtyvi9-18-d9967de8e4b71ac626583459593dee70\">\n#top .av_textblock_section.av-jyhtyvi9-18-d9967de8e4b71ac626583459593dee70 .avia_textblock{\nfont-size:24px;\n}\n<\/style>\n<section  class='av_textblock_section av-jyhtyvi9-18-d9967de8e4b71ac626583459593dee70 '   itemscope=\"itemscope\" itemtype=\"https:\/\/schema.org\/CreativeWork\" ><div class='avia_textblock'  itemprop=\"text\" ><p>\u2022 beaux arts<\/p>\n<\/div><\/section>\n\n<style type=\"text\/css\" data-created_by=\"avia_inline_auto\" id=\"style-css-av-r7jg-17-ea590f3ee565bb8e4ac82d286ddb3bcd\">\n#top .flex_column.av-r7jg-17-ea590f3ee565bb8e4ac82d286ddb3bcd{\nmargin-top:0px;\nmargin-bottom:20px;\n}\n.flex_column.av-r7jg-17-ea590f3ee565bb8e4ac82d286ddb3bcd{\nborder-radius:0px 0px 0px 0px;\npadding:0px 0px 0px 0px;\n}\n.responsive #top #wrap_all .flex_column.av-r7jg-17-ea590f3ee565bb8e4ac82d286ddb3bcd{\nmargin-top:0px;\nmargin-bottom:20px;\n}\n<\/style>\n<div  class='flex_column av-r7jg-17-ea590f3ee565bb8e4ac82d286ddb3bcd av_one_full  avia-builder-el-4  el_after_av_textblock  el_before_av_textblock  first flex_column_div av-zero-column-padding  column-top-margin'     ><div id='grille-ala-une' class='av-masonry av-jxpefprf-16-07c4ec57abaa2f73322c75261724b291 noHover av-fixed-size av-1px-gap av-hover-overlay- av-masonry-animation- av-masonry-col-3 av-caption-on-hover av-caption-style-overlay av-masonry-entries av-medium-columns-overwrite av-medium-columns-2 av-small-columns-overwrite av-small-columns-2 av-mini-columns-overwrite av-mini-columns-1 ' data-post_id=\"6822\"><div class=\"av-masonry-container isotope av-js-disabled\"><div class='av-masonry-entry isotope-item av-masonry-item-no-image '><\/div><a href=\"https:\/\/saisonsculturelleschaumont.fr\/mdxpuixt\/evenement\/visite-atelier-sous-locean-fabrique-un-mobile\/\"  id='av-masonry-2-item-6632' data-av-masonry-item='6632' class='av-masonry-entry isotope-item post-6632 tribe_events type-tribe_events status-publish has-post-thumbnail hentry tag-atelier tag-enfant tag-musee tag-visite tribe_events_cat-beaux-arts  av-masonry-item-with-image' title=\"Atelier INDIV Sous l&rsquo;oc\u00e9an. Fabrique un mobile copie\"   itemscope=\"itemscope\" itemtype=\"https:\/\/schema.org\/CreativeWork\" ><div class='av-inner-masonry-sizer'><\/div><figure class='av-inner-masonry main_color'><div class=\"av-masonry-outerimage-container\"><div class='av-masonry-image-container' style=\"background-image: url(https:\/\/saisonsculturelleschaumont.fr\/mdxpuixt\/wp-content\/uploads\/2021\/06\/Atelier-INDIV-Sous-locean.-Fabrique-un-mobile-copie-705x705.jpg);\"  title=\"Atelier INDIV Sous l&rsquo;oc\u00e9an. Fabrique un mobile copie\"  ><\/div><\/div><figcaption class='av-inner-masonry-content site-background'><div class='av-inner-masonry-content-pos'><div class='av-inner-masonry-content-pos-content'><div class='avia-arrow'><\/div><span class=\"tribe-event-date-start\">21 Juil 2021<\/span> - <span class=\"tribe-event-date-end\">24 Ao\u00fbt 2021<\/span><br><span class=\"tribe-event-categories\">beaux arts<\/span><h3 class='av-masonry-entry-title entry-title '  itemprop=\"headline\" >Visite-atelier &lsquo;Sous l\u2019oc\u00e9an. Fabrique un mobile&rsquo;<\/h3><\/div><\/div><\/figcaption><\/figure><\/a><!--end av-masonry entry--><a href=\"https:\/\/saisonsculturelleschaumont.fr\/mdxpuixt\/evenement\/visite-atelier-sgraffito-2\/\"  id='av-masonry-2-item-6635' data-av-masonry-item='6635' class='av-masonry-entry isotope-item post-6635 tribe_events type-tribe_events status-publish has-post-thumbnail hentry tag-atelier tag-enfant tag-musee tag-visite tribe_events_cat-beaux-arts  av-masonry-item-with-image' title=\"Mus\u00e9es_Atelier Sgraffitto ! photo R. Pelletier\"   itemscope=\"itemscope\" itemtype=\"https:\/\/schema.org\/CreativeWork\" ><div class='av-inner-masonry-sizer'><\/div><figure class='av-inner-masonry main_color'><div class=\"av-masonry-outerimage-container\"><div class='av-masonry-image-container' style=\"background-image: url(https:\/\/saisonsculturelleschaumont.fr\/mdxpuixt\/wp-content\/uploads\/2021\/06\/Musees_Atelier-Sgraffitto-photo-R.-Pelletier-705x685.jpg);\"  title=\"Mus\u00e9es_Atelier Sgraffitto ! photo R. Pelletier\"  ><\/div><\/div><figcaption class='av-inner-masonry-content site-background'><div class='av-inner-masonry-content-pos'><div class='av-inner-masonry-content-pos-content'><div class='avia-arrow'><\/div><span class=\"tribe-event-date-start\">23 Juil 2021<\/span> - <span class=\"tribe-event-date-end\">27 Ao\u00fbt 2021<\/span><br><span class=\"tribe-event-categories\">beaux arts<\/span><h3 class='av-masonry-entry-title entry-title '  itemprop=\"headline\" >Visite-atelier &lsquo;Sgraffito !&rsquo;<\/h3><\/div><\/div><\/figcaption><\/figure><\/a><!--end av-masonry entry--><a href=\"https:\/\/saisonsculturelleschaumont.fr\/mdxpuixt\/evenement\/visite-atelier-mon-carnet-gaufre\/\"  id='av-masonry-2-item-6633' data-av-masonry-item='6633' class='av-masonry-entry isotope-item post-6633 tribe_events type-tribe_events status-publish has-post-thumbnail hentry tag-atelier tag-enfant tag-musee tag-visite tribe_events_cat-beaux-arts  av-masonry-item-with-image' title=\"Mus\u00e9es_Atelier Carnet gaufr\u00e9 photo R. Pelletier\"   itemscope=\"itemscope\" itemtype=\"https:\/\/schema.org\/CreativeWork\" ><div class='av-inner-masonry-sizer'><\/div><figure class='av-inner-masonry main_color'><div class=\"av-masonry-outerimage-container\"><div class='av-masonry-image-container' style=\"background-image: url(https:\/\/saisonsculturelleschaumont.fr\/mdxpuixt\/wp-content\/uploads\/2021\/06\/Musees_Atelier-Carnet-gaufre-photo-R.-Pelletier-705x656.jpg);\"  title=\"Mus\u00e9es_Atelier Carnet gaufr\u00e9 photo R. Pelletier\"  ><\/div><\/div><figcaption class='av-inner-masonry-content site-background'><div class='av-inner-masonry-content-pos'><div class='av-inner-masonry-content-pos-content'><div class='avia-arrow'><\/div><span class=\"tribe-event-date-start\">21 Juil 2021<\/span> - <span class=\"tribe-event-date-end\">25 Ao\u00fbt 2021<\/span><br><span class=\"tribe-event-categories\">beaux arts<\/span><h3 class='av-masonry-entry-title entry-title '  itemprop=\"headline\" >Visite-atelier &lsquo;Mon carnet gaufr\u00e9&rsquo;<\/h3><\/div><\/div><\/figcaption><\/figure><\/a><!--end av-masonry entry--><a href=\"https:\/\/saisonsculturelleschaumont.fr\/mdxpuixt\/evenement\/visites-guidees-de-laccrochage-traverser-le-paysage\/\"  id='av-masonry-2-item-6637' data-av-masonry-item='6637' class='av-masonry-entry isotope-item post-6637 tribe_events type-tribe_events status-publish has-post-thumbnail hentry tag-exposition tag-musee tag-visite tribe_events_cat-beaux-arts  av-masonry-item-with-image' title=\"Mus\u00e9es_visites guid\u00e9es Traverser le paysage\"   itemscope=\"itemscope\" itemtype=\"https:\/\/schema.org\/CreativeWork\" ><div class='av-inner-masonry-sizer'><\/div><figure class='av-inner-masonry main_color'><div class=\"av-masonry-outerimage-container\"><div class='av-masonry-image-container' style=\"background-image: url(https:\/\/saisonsculturelleschaumont.fr\/mdxpuixt\/wp-content\/uploads\/2021\/06\/Musees_visites-guidees-Traverser-le-paysage-705x529.jpg);\"  title=\"Mus\u00e9es_visites guid\u00e9es Traverser le paysage\"  ><\/div><\/div><figcaption class='av-inner-masonry-content site-background'><div class='av-inner-masonry-content-pos'><div class='av-inner-masonry-content-pos-content'><div class='avia-arrow'><\/div><span class=\"tribe-event-date-start\">1 Ao\u00fbt 2021<\/span><br><span class=\"tribe-event-categories\">beaux arts<\/span><h3 class='av-masonry-entry-title entry-title '  itemprop=\"headline\" >Visites guid\u00e9es de l&rsquo;accrochage &lsquo;Traverser le paysage&rsquo;<\/h3><\/div><\/div><\/figcaption><\/figure><\/a><!--end av-masonry entry--><\/div><\/div><\/div>\n\n<style type=\"text\/css\" data-created_by=\"avia_inline_auto\" id=\"style-css-av-jyhtyvi9-15-84f98217221f9b65858bfc93ea3a34dc\">\n#top .av_textblock_section.av-jyhtyvi9-15-84f98217221f9b65858bfc93ea3a34dc .avia_textblock{\nfont-size:24px;\n}\n<\/style>\n<section  class='av_textblock_section av-jyhtyvi9-15-84f98217221f9b65858bfc93ea3a34dc '   itemscope=\"itemscope\" itemtype=\"https:\/\/schema.org\/CreativeWork\" ><div class='avia_textblock'  itemprop=\"text\" ><p>\u2022 graphisme dans la ville<\/p>\n<\/div><\/section>\n\n<style type=\"text\/css\" data-created_by=\"avia_inline_auto\" id=\"style-css-av-r7jg-14-3393e343b22b816fae27aef8c26ece93\">\n#top .flex_column.av-r7jg-14-3393e343b22b816fae27aef8c26ece93{\nmargin-top:0px;\nmargin-bottom:20px;\n}\n.flex_column.av-r7jg-14-3393e343b22b816fae27aef8c26ece93{\nborder-radius:0px 0px 0px 0px;\npadding:0px 0px 0px 0px;\n}\n.responsive #top #wrap_all .flex_column.av-r7jg-14-3393e343b22b816fae27aef8c26ece93{\nmargin-top:0px;\nmargin-bottom:20px;\n}\n<\/style>\n<div  class='flex_column av-r7jg-14-3393e343b22b816fae27aef8c26ece93 av_one_full  avia-builder-el-7  el_after_av_textblock  el_before_av_textblock  first flex_column_div av-zero-column-padding  column-top-margin'     ><div id='grille-ala-une' class='av-masonry av-jxpefprf-13-9f090ae36c3bb0c51975e593059ee4b6 noHover av-fixed-size av-1px-gap av-hover-overlay- av-masonry-animation- av-masonry-col-3 av-caption-on-hover av-caption-style-overlay av-masonry-entries av-medium-columns-overwrite av-medium-columns-2 av-small-columns-overwrite av-small-columns-2 av-mini-columns-overwrite av-mini-columns-1 ' data-post_id=\"6822\"><div class=\"av-masonry-container isotope av-js-disabled\"><div class='av-masonry-entry isotope-item av-masonry-item-no-image '><\/div><a href=\"https:\/\/saisonsculturelleschaumont.fr\/mdxpuixt\/evenement\/fresque-gwen-keraval\/\"  id='av-masonry-3-item-6080' data-av-masonry-item='6080' class='av-masonry-entry isotope-item post-6080 tribe_events type-tribe_events status-publish has-post-thumbnail hentry tag-art tag-graphisme tag-peinture tribe_events_cat-graphisme-dans-la-ville  av-masonry-item-with-image' title=\"LA-Times-Cover-3_1340_c\"   itemscope=\"itemscope\" itemtype=\"https:\/\/schema.org\/CreativeWork\" ><div class='av-inner-masonry-sizer'><\/div><figure class='av-inner-masonry main_color'><div class=\"av-masonry-outerimage-container\"><div class='av-masonry-image-container' style=\"background-image: url(https:\/\/saisonsculturelleschaumont.fr\/mdxpuixt\/wp-content\/uploads\/2021\/03\/LA-Times-Cover-3_1340_c-663x705.jpg);\"  title=\"LA-Times-Cover-3_1340_c\"  ><\/div><\/div><figcaption class='av-inner-masonry-content site-background'><div class='av-inner-masonry-content-pos'><div class='av-inner-masonry-content-pos-content'><div class='avia-arrow'><\/div><span class=\"tribe-event-date-start\">29 Mar 2021<\/span> - <span class=\"tribe-event-date-end\">4 Sep 2021<\/span><br><span class=\"tribe-event-categories\">graphisme dans la ville<\/span><h3 class='av-masonry-entry-title entry-title '  itemprop=\"headline\" >fresque &#8211; Gwen Keraval<\/h3><\/div><\/div><\/figcaption><\/figure><\/a><!--end av-masonry entry--><a href=\"https:\/\/saisonsculturelleschaumont.fr\/mdxpuixt\/evenement\/vitrines-de-caracteres-lycee-cdg\/\"  id='av-masonry-3-item-6081' data-av-masonry-item='6081' class='av-masonry-entry isotope-item post-6081 tribe_events type-tribe_events status-publish has-post-thumbnail hentry tag-art tag-creation tag-etudiant tag-graphisme tag-parcours tribe_events_cat-graphisme-dans-la-ville  av-masonry-item-with-image' title=\"Fichier_006\"   itemscope=\"itemscope\" itemtype=\"https:\/\/schema.org\/CreativeWork\" ><div class='av-inner-masonry-sizer'><\/div><figure class='av-inner-masonry main_color'><div class=\"av-masonry-outerimage-container\"><div class='av-masonry-image-container' style=\"background-image: url(https:\/\/saisonsculturelleschaumont.fr\/mdxpuixt\/wp-content\/uploads\/2021\/03\/Fichier_006-529x705.jpeg);\"  title=\"Fichier_006\"  ><\/div><\/div><figcaption class='av-inner-masonry-content site-background'><div class='av-inner-masonry-content-pos'><div class='av-inner-masonry-content-pos-content'><div class='avia-arrow'><\/div><span class=\"tribe-event-date-start\">15 Mar 2021<\/span> - <span class=\"tribe-event-date-end\">23 Mai 2021<\/span><br><span class=\"tribe-event-categories\">graphisme dans la ville<\/span><h3 class='av-masonry-entry-title entry-title '  itemprop=\"headline\" >vitrines de caract\u00e8re &#8211; lyc\u00e9e CDG<\/h3><\/div><\/div><\/figcaption><\/figure><\/a><!--end av-masonry entry--><a href=\"https:\/\/saisonsculturelleschaumont.fr\/mdxpuixt\/evenement\/modo-n40-eltono\/\"  id='av-masonry-3-item-6082' data-av-masonry-item='6082' class='av-masonry-entry isotope-item post-6082 tribe_events type-tribe_events status-publish has-post-thumbnail hentry tag-art tag-atelier tag-creation tag-ecole tag-eleves tag-graphisme tag-participatif tag-peinture tribe_events_cat-graphisme-dans-la-ville  av-masonry-item-with-image' title=\"Eltono-CSB27-Yuma01\"   itemscope=\"itemscope\" itemtype=\"https:\/\/schema.org\/CreativeWork\" ><div class='av-inner-masonry-sizer'><\/div><figure class='av-inner-masonry main_color'><div class=\"av-masonry-outerimage-container\"><div class='av-masonry-image-container' style=\"background-image: url(https:\/\/saisonsculturelleschaumont.fr\/mdxpuixt\/wp-content\/uploads\/2021\/03\/Eltono-CSB27-Yuma01-705x471.jpg);\"  title=\"Eltono-CSB27-Yuma01\"  ><\/div><\/div><figcaption class='av-inner-masonry-content site-background'><div class='av-inner-masonry-content-pos'><div class='av-inner-masonry-content-pos-content'><div class='avia-arrow'><\/div><span class=\"tribe-event-date-start\">25 Mai 2021  00:00<\/span> - <span class=\"tribe-event-date-end\">18 Juin 2021  23:59<\/span><br><span class=\"tribe-event-categories\">graphisme dans la ville<\/span><h3 class='av-masonry-entry-title entry-title '  itemprop=\"headline\" >modo n\u00b040 &#8211; Eltono<\/h3><\/div><\/div><\/figcaption><\/figure><\/a><!--end av-masonry entry--><\/div><\/div><\/div>\n\n<style type=\"text\/css\" data-created_by=\"avia_inline_auto\" id=\"style-css-av-jyhtyvi9-12-f13ee616ba9fe1abe5e2f09a40122a04\">\n#top .av_textblock_section.av-jyhtyvi9-12-f13ee616ba9fe1abe5e2f09a40122a04 .avia_textblock{\nfont-size:24px;\n}\n<\/style>\n<section  class='av_textblock_section av-jyhtyvi9-12-f13ee616ba9fe1abe5e2f09a40122a04 '   itemscope=\"itemscope\" itemtype=\"https:\/\/schema.org\/CreativeWork\" ><div class='avia_textblock'  itemprop=\"text\" ><p>\u2022 livre et rencontres<\/p>\n<\/div><\/section>\n\n<style type=\"text\/css\" data-created_by=\"avia_inline_auto\" id=\"style-css-av-r7jg-11-3bcb5feaa1ea2fd0f265f6a37c1cf53e\">\n#top .flex_column.av-r7jg-11-3bcb5feaa1ea2fd0f265f6a37c1cf53e{\nmargin-top:0px;\nmargin-bottom:20px;\n}\n.flex_column.av-r7jg-11-3bcb5feaa1ea2fd0f265f6a37c1cf53e{\nborder-radius:0px 0px 0px 0px;\npadding:0px 0px 0px 0px;\n}\n.responsive #top #wrap_all .flex_column.av-r7jg-11-3bcb5feaa1ea2fd0f265f6a37c1cf53e{\nmargin-top:0px;\nmargin-bottom:20px;\n}\n<\/style>\n<div  class='flex_column av-r7jg-11-3bcb5feaa1ea2fd0f265f6a37c1cf53e av_one_full  avia-builder-el-10  el_after_av_textblock  el_before_av_textblock  first flex_column_div av-zero-column-padding  column-top-margin'     ><div id='grille-ala-une' class='av-masonry av-jxpefprf-10-872931b76b2a3d71bbc9cbf265b2f43c noHover av-fixed-size av-1px-gap av-hover-overlay- av-masonry-animation- av-masonry-col-3 av-caption-on-hover av-caption-style-overlay av-masonry-entries av-medium-columns-overwrite av-medium-columns-2 av-small-columns-overwrite av-small-columns-2 av-mini-columns-overwrite av-mini-columns-1 ' data-post_id=\"6822\"><div class=\"av-masonry-container isotope av-js-disabled\"><div class='av-masonry-entry isotope-item av-masonry-item-no-image '><\/div><a href=\"https:\/\/saisonsculturelleschaumont.fr\/mdxpuixt\/evenement\/rencontre-avec-benoit-coquart\/\"  id='av-masonry-4-item-6096' data-av-masonry-item='6096' class='av-masonry-entry isotope-item post-6096 tribe_events type-tribe_events status-publish has-post-thumbnail hentry tag-conference tag-echange tag-nature tag-rencontre tribe_events_cat-livre-et-rencontres  av-masonry-item-with-image' title=\"benoit2\"   itemscope=\"itemscope\" itemtype=\"https:\/\/schema.org\/CreativeWork\" ><div class='av-inner-masonry-sizer'><\/div><figure class='av-inner-masonry main_color'><div class=\"av-masonry-outerimage-container\"><div class='av-masonry-image-container' style=\"background-image: url(https:\/\/saisonsculturelleschaumont.fr\/mdxpuixt\/wp-content\/uploads\/2021\/03\/benoit2-705x518.jpg);\"  title=\"benoit2\"  ><\/div><\/div><figcaption class='av-inner-masonry-content site-background'><div class='av-inner-masonry-content-pos'><div class='av-inner-masonry-content-pos-content'><div class='avia-arrow'><\/div><span class=\"tribe-event-date-start\">27 Mai 2021  18:00<\/span> - <span class=\"tribe-event-time\">20:00<\/span><br><span class=\"tribe-event-categories\">livre et rencontres<\/span><h3 class='av-masonry-entry-title entry-title '  itemprop=\"headline\" >rencontre avec Beno\u00eet Coquard<\/h3><\/div><\/div><\/figcaption><\/figure><\/a><!--end av-masonry entry--><a href=\"https:\/\/saisonsculturelleschaumont.fr\/mdxpuixt\/evenement\/la-curieuse-etagere\/\"  id='av-masonry-4-item-6097' data-av-masonry-item='6097' class='av-masonry-entry isotope-item post-6097 tribe_events type-tribe_events status-publish has-post-thumbnail hentry tag-animation tag-creation tag-echange tag-numerique tribe_events_cat-livre-et-rencontres  av-masonry-item-with-image' title=\"curieuse \u00e9tag\u00e8re\"   itemscope=\"itemscope\" itemtype=\"https:\/\/schema.org\/CreativeWork\" ><div class='av-inner-masonry-sizer'><\/div><figure class='av-inner-masonry main_color'><div class=\"av-masonry-outerimage-container\"><div class='av-masonry-image-container' style=\"background-image: url(https:\/\/saisonsculturelleschaumont.fr\/mdxpuixt\/wp-content\/uploads\/2021\/03\/curieuse-etagere-e1615372580563.jpg);\"  title=\"curieuse \u00e9tag\u00e8re\"  ><\/div><\/div><figcaption class='av-inner-masonry-content site-background'><div class='av-inner-masonry-content-pos'><div class='av-inner-masonry-content-pos-content'><div class='avia-arrow'><\/div><span class=\"tribe-event-date-start\">29 Mai 2021<\/span> - <span class=\"tribe-event-date-end\">4 Juin 2021<\/span><br><span class=\"tribe-event-categories\">livre et rencontres<\/span><h3 class='av-masonry-entry-title entry-title '  itemprop=\"headline\" >la curieuse \u00e9tag\u00e8re<\/h3><\/div><\/div><\/figcaption><\/figure><\/a><!--end av-masonry entry--><a href=\"https:\/\/saisonsculturelleschaumont.fr\/mdxpuixt\/evenement\/on-ecrit-sur-les-murs\/\"  id='av-masonry-4-item-6095' data-av-masonry-item='6095' class='av-masonry-entry isotope-item post-6095 tribe_events type-tribe_events status-publish has-post-thumbnail hentry tag-animation tag-echange tag-memoire tag-photographie tribe_events_cat-livre-et-rencontres  av-masonry-item-with-image' title=\"ecriture\"   itemscope=\"itemscope\" itemtype=\"https:\/\/schema.org\/CreativeWork\" ><div class='av-inner-masonry-sizer'><\/div><figure class='av-inner-masonry main_color'><div class=\"av-masonry-outerimage-container\"><div class='av-masonry-image-container' style=\"background-image: url(https:\/\/saisonsculturelleschaumont.fr\/mdxpuixt\/wp-content\/uploads\/2021\/03\/ecriture-705x470.jpg);\"  title=\"ecriture\"  ><\/div><\/div><figcaption class='av-inner-masonry-content site-background'><div class='av-inner-masonry-content-pos'><div class='av-inner-masonry-content-pos-content'><div class='avia-arrow'><\/div><span class=\"tribe-event-date-start\">22 Mai 2021  15:00<\/span> - <span class=\"tribe-event-time\">17:00<\/span><br><span class=\"tribe-event-categories\">livre et rencontres<\/span><h3 class='av-masonry-entry-title entry-title '  itemprop=\"headline\" >on \u00e9crit sur les murs !<\/h3><\/div><\/div><\/figcaption><\/figure><\/a><!--end av-masonry entry--><a href=\"https:\/\/saisonsculturelleschaumont.fr\/mdxpuixt\/evenement\/ville-en-livres-croqualbums\/\"  id='av-masonry-4-item-6094' data-av-masonry-item='6094' class='av-masonry-entry isotope-item post-6094 tribe_events type-tribe_events status-publish has-post-thumbnail hentry tag-atelier tag-enfant tag-jeunesse tag-lecture tag-livre tribe_events_cat-livre-et-rencontres  av-masonry-item-with-image' title=\"croq album\"   itemscope=\"itemscope\" itemtype=\"https:\/\/schema.org\/CreativeWork\" ><div class='av-inner-masonry-sizer'><\/div><figure class='av-inner-masonry main_color'><div class=\"av-masonry-outerimage-container\"><div class='av-masonry-image-container' style=\"background-image: url(https:\/\/saisonsculturelleschaumont.fr\/mdxpuixt\/wp-content\/uploads\/2021\/03\/croq-album-705x529.jpg);\"  title=\"croq album\"  ><\/div><\/div><figcaption class='av-inner-masonry-content site-background'><div class='av-inner-masonry-content-pos'><div class='av-inner-masonry-content-pos-content'><div class='avia-arrow'><\/div><span class=\"tribe-event-date-start\">12 Juin 2021  16:30<\/span> - <span class=\"tribe-event-time\">17:30<\/span><br><span class=\"tribe-event-categories\">livre et rencontres<\/span><h3 class='av-masonry-entry-title entry-title '  itemprop=\"headline\" >ville en livres \/ croqu&rsquo;albums<\/h3><\/div><\/div><\/figcaption><\/figure><\/a><!--end av-masonry entry--><a href=\"https:\/\/saisonsculturelleschaumont.fr\/mdxpuixt\/evenement\/ville-en-livres-bebes-lecteurs\/\"  id='av-masonry-4-item-6093' data-av-masonry-item='6093' class='av-masonry-entry isotope-item post-6093 tribe_events type-tribe_events status-publish has-post-thumbnail hentry tag-atelier tag-bebe tag-enfant tag-jeunesse tag-lecture tag-livre tribe_events_cat-livre-et-rencontres  av-masonry-item-with-image' title=\"b\u00e9b\u00e9s lecteurs\"   itemscope=\"itemscope\" itemtype=\"https:\/\/schema.org\/CreativeWork\" ><div class='av-inner-masonry-sizer'><\/div><figure class='av-inner-masonry main_color'><div class=\"av-masonry-outerimage-container\"><div class='av-masonry-image-container' style=\"background-image: url(https:\/\/saisonsculturelleschaumont.fr\/mdxpuixt\/wp-content\/uploads\/2021\/03\/bebes-lecteurs-705x529.jpg);\"  title=\"b\u00e9b\u00e9s lecteurs\"  ><\/div><\/div><figcaption class='av-inner-masonry-content site-background'><div class='av-inner-masonry-content-pos'><div class='av-inner-masonry-content-pos-content'><div class='avia-arrow'><\/div><span class=\"tribe-event-date-start\">12 Juin 2021  10:30<\/span> - <span class=\"tribe-event-time\">11:30<\/span><br><span class=\"tribe-event-categories\">livre et rencontres<\/span><h3 class='av-masonry-entry-title entry-title '  itemprop=\"headline\" >ville en livres \/ b\u00e9b\u00e9s lecteurs<\/h3><\/div><\/div><\/figcaption><\/figure><\/a><!--end av-masonry entry--><a href=\"https:\/\/saisonsculturelleschaumont.fr\/mdxpuixt\/evenement\/ville-en-livres-imaginalivres\/\"  id='av-masonry-4-item-6092' data-av-masonry-item='6092' class='av-masonry-entry isotope-item post-6092 tribe_events type-tribe_events status-publish has-post-thumbnail hentry tag-atelier tag-enfant tag-jeunesse tag-lecture tag-livre tribe_events_cat-livre-et-rencontres  av-masonry-item-with-image' title=\"imagina livres\"   itemscope=\"itemscope\" itemtype=\"https:\/\/schema.org\/CreativeWork\" ><div class='av-inner-masonry-sizer'><\/div><figure class='av-inner-masonry main_color'><div class=\"av-masonry-outerimage-container\"><div class='av-masonry-image-container' style=\"background-image: url(https:\/\/saisonsculturelleschaumont.fr\/mdxpuixt\/wp-content\/uploads\/2021\/03\/imagina-livres-705x529.jpg);\"  title=\"imagina livres\"  ><\/div><\/div><figcaption class='av-inner-masonry-content site-background'><div class='av-inner-masonry-content-pos'><div class='av-inner-masonry-content-pos-content'><div class='avia-arrow'><\/div><span class=\"tribe-event-date-start\">19 Juin 2021  15:00<\/span> - <span class=\"tribe-event-time\">16:00<\/span><br><span class=\"tribe-event-categories\">livre et rencontres<\/span><h3 class='av-masonry-entry-title entry-title '  itemprop=\"headline\" >ville en livres \/ imagina&rsquo;livres<\/h3><\/div><\/div><\/figcaption><\/figure><\/a><!--end av-masonry entry--><\/div><a class='av-masonry-pagination av-masonry-load-more' href='#load-more'  data-link='tribe_events_cat, 45'  data-term_rel='IN'  data-wc_prod_visible=''  data-wc_prod_hidden=''  data-wc_prod_featured=''  data-prod_order_by=''  data-prod_order=''  data-date_filter='date_filter'  data-date_filter_start='2021\/01\/01'  data-date_filter_end='2021\/09\/01'  data-date_filter_format='yy\/mm\/dd'  data-period_filter_unit_1=''  data-period_filter_unit_2=''  data-page_element_filter=''  data-sort='no'  data-query_orderby='date'  data-query_order='ASC'  data-caption_elements='title'  data-caption_styling='overlay'  data-caption_display='on-hover'  data-img_copyright=''  data-size='fixed'  data-orientation=''  data-image_size='masonry'  data-gap='1px'  data-columns='3'  data-av-desktop-columns=''  data-av-medium-columns='2'  data-av-small-columns='2'  data-av-mini-columns='1'  data-items='6'  data-paginate='load_more'  data-color='custom'  data-custom_bg=''  data-img_copyright_font=''  data-av-desktop-font-img_copyright_font=''  data-av-medium-font-img_copyright_font=''  data-av-small-font-img_copyright_font=''  data-av-mini-font-img_copyright_font=''  data-img_copyright_color=''  data-img_copyright_bg=''  data-animation=''  data-animation_duration=''  data-animation_custom_bg_color=''  data-animation_custom_bg_color_multi_list=''  data-animation_z_index_curtain='100'  data-overlay_fx=''  data-img_scrset=''  data-lazy_loading='disabled'  data-av-desktop-hide=''  data-av-medium-hide=''  data-av-small-hide=''  data-av-mini-hide=''  data-alb_description=''  data-id='grille-ala-une'  data-custom_class=''  data-template_class=''  data-av_uid='av-jxpefprf-10'  data-sc_version='1.0'  data-ids=''  data-action=''  data-post_type='post, page, attachment, revision, nav_menu_item, custom_css, customize_changeset, oembed_cache, user_request, wp_block, wp_template, wp_template_part, wp_global_styles, wp_navigation, e-landing-page, elementor_library, tribe_event_series, wpcf7_contact_form, tribe_venue, tribe_organizer, tribe_events, tribe-ea-record, deleted_event, spectra-popup, portfolio, avia_framework_post, popupbuilder'  data-offset='0'  data-container_links='active'  data-link_dest=''  data-lightbox_text=''  data-container_class='av-masonry-entries'  data-auto_ratio='1.7'  data-set_breadcrumb='1'  data-custom_markup=''  data-taxonomy='tribe_events_cat'  data-categories='45'  data-avno='d7051b306b'>Charger plus<\/a><\/div><\/div>\n\n<style type=\"text\/css\" data-created_by=\"avia_inline_auto\" id=\"style-css-av-jyhtyvi9-9-755ed6fea14682cb83f5be4e4de1d36a\">\n#top .av_textblock_section.av-jyhtyvi9-9-755ed6fea14682cb83f5be4e4de1d36a .avia_textblock{\nfont-size:24px;\n}\n<\/style>\n<section  class='av_textblock_section av-jyhtyvi9-9-755ed6fea14682cb83f5be4e4de1d36a '   itemscope=\"itemscope\" itemtype=\"https:\/\/schema.org\/CreativeWork\" ><div class='avia_textblock'  itemprop=\"text\" ><p>\u2022 multidisciplinaire<\/p>\n<\/div><\/section>\n\n<style type=\"text\/css\" data-created_by=\"avia_inline_auto\" id=\"style-css-av-r7jg-8-d802c59567bf944ddc961e431b22a512\">\n#top .flex_column.av-r7jg-8-d802c59567bf944ddc961e431b22a512{\nmargin-top:0px;\nmargin-bottom:20px;\n}\n.flex_column.av-r7jg-8-d802c59567bf944ddc961e431b22a512{\nborder-radius:0px 0px 0px 0px;\npadding:0px 0px 0px 0px;\n}\n.responsive #top #wrap_all .flex_column.av-r7jg-8-d802c59567bf944ddc961e431b22a512{\nmargin-top:0px;\nmargin-bottom:20px;\n}\n<\/style>\n<div  class='flex_column av-r7jg-8-d802c59567bf944ddc961e431b22a512 av_one_full  avia-builder-el-13  el_after_av_textblock  el_before_av_textblock  first flex_column_div av-zero-column-padding  column-top-margin'     ><div id='grille-ala-une' class='av-masonry av-jxpefprf-7-890c8ed39ee591286f22f7fc142b4679 noHover av-fixed-size av-1px-gap av-hover-overlay- av-masonry-animation- av-masonry-col-3 av-caption-on-hover av-caption-style-overlay av-masonry-entries av-medium-columns-overwrite av-medium-columns-2 av-small-columns-overwrite av-small-columns-2 av-mini-columns-overwrite av-mini-columns-1 ' data-post_id=\"6822\"><div class=\"av-masonry-container isotope av-js-disabled\"><div class='av-masonry-entry isotope-item av-masonry-item-no-image '><\/div><a href=\"https:\/\/saisonsculturelleschaumont.fr\/mdxpuixt\/evenement\/lecture-concert-le-paysage-des-poetes-2\/\"  id='av-masonry-5-item-6623' data-av-masonry-item='6623' class='av-masonry-entry isotope-item post-6623 tribe_events type-tribe_events status-publish has-post-thumbnail hentry tag-concert tag-lecture tag-musee tribe_events_cat-multidisciplinaire  av-masonry-item-with-image' title=\"photo lecture concert Paysage de po\u00e8tes copie\"   itemscope=\"itemscope\" itemtype=\"https:\/\/schema.org\/CreativeWork\" ><div class='av-inner-masonry-sizer'><\/div><figure class='av-inner-masonry main_color'><div class=\"av-masonry-outerimage-container\"><div class='av-masonry-image-container' style=\"background-image: url(https:\/\/saisonsculturelleschaumont.fr\/mdxpuixt\/wp-content\/uploads\/2021\/03\/photo-lecture-concert-Paysage-de-poetes-copie.jpg);\"  title=\"photo lecture concert Paysage de po\u00e8tes copie\"  ><\/div><\/div><figcaption class='av-inner-masonry-content site-background'><div class='av-inner-masonry-content-pos'><div class='av-inner-masonry-content-pos-content'><div class='avia-arrow'><\/div><span class=\"tribe-event-date-start\">3 Juil 2021  20:30<\/span> - <span class=\"tribe-event-time\">22:00<\/span><br><span class=\"tribe-event-categories\">multidisciplinaire<\/span><h3 class='av-masonry-entry-title entry-title '  itemprop=\"headline\" >Lecture concert &lsquo;Le paysage des po\u00e8tes&rsquo;<\/h3><\/div><\/div><\/figcaption><\/figure><\/a><!--end av-masonry entry--><a href=\"https:\/\/saisonsculturelleschaumont.fr\/mdxpuixt\/evenement\/activites-a-la-mjc\/\"  id='av-masonry-5-item-6624' data-av-masonry-item='6624' class='av-masonry-entry isotope-item post-6624 tribe_events type-tribe_events status-publish has-post-thumbnail hentry tag-activite tag-adolescent tag-artistique tag-danse tag-enfant tag-jeune tag-musique tribe_events_cat-multidisciplinaire  av-masonry-item-with-image' title=\"Concert nos artistes t&rsquo;invitent\"   itemscope=\"itemscope\" itemtype=\"https:\/\/schema.org\/CreativeWork\" ><div class='av-inner-masonry-sizer'><\/div><figure class='av-inner-masonry main_color'><div class=\"av-masonry-outerimage-container\"><div class='av-masonry-image-container' style=\"background-image: url(https:\/\/saisonsculturelleschaumont.fr\/mdxpuixt\/wp-content\/uploads\/2021\/06\/Concert-nos-artistes-tinvitent-529x705.jpg);\"  title=\"Concert nos artistes t&rsquo;invitent\"  ><\/div><\/div><figcaption class='av-inner-masonry-content site-background'><div class='av-inner-masonry-content-pos'><div class='av-inner-masonry-content-pos-content'><div class='avia-arrow'><\/div><span class=\"tribe-event-date-start\">7 Juil 2021<\/span> - <span class=\"tribe-event-date-end\">12 Juil 2021<\/span><br><span class=\"tribe-event-categories\">multidisciplinaire<\/span><h3 class='av-masonry-entry-title entry-title '  itemprop=\"headline\" >Activit\u00e9s \u00e0 la MJC<\/h3><\/div><\/div><\/figcaption><\/figure><\/a><!--end av-masonry entry--><a href=\"https:\/\/saisonsculturelleschaumont.fr\/mdxpuixt\/evenement\/temps-de-partage-et-de-convivialite\/\"  id='av-masonry-5-item-6621' data-av-masonry-item='6621' class='av-masonry-entry isotope-item post-6621 tribe_events type-tribe_events status-publish has-post-thumbnail hentry tag-activite tag-adolescent tag-artistique tag-danse tag-decouvert tag-dessin tag-enfant tag-jeune tag-musique tag-numerique tribe_events_cat-multidisciplinaire  av-masonry-item-with-image' title=\"Musique NOS ARTISTES T&rsquo;INVITENT\"   itemscope=\"itemscope\" itemtype=\"https:\/\/schema.org\/CreativeWork\" ><div class='av-inner-masonry-sizer'><\/div><figure class='av-inner-masonry main_color'><div class=\"av-masonry-outerimage-container\"><div class='av-masonry-image-container' style=\"background-image: url(https:\/\/saisonsculturelleschaumont.fr\/mdxpuixt\/wp-content\/uploads\/2021\/06\/Musique-NOS-ARTISTES-TINVITENT-705x374.jpg);\"  title=\"Musique NOS ARTISTES T&rsquo;INVITENT\"  ><\/div><\/div><figcaption class='av-inner-masonry-content site-background'><div class='av-inner-masonry-content-pos'><div class='av-inner-masonry-content-pos-content'><div class='avia-arrow'><\/div><span class=\"tribe-event-date-start\">3 Juil 2021  10:00<\/span> - <span class=\"tribe-event-time\">18:00<\/span><br><span class=\"tribe-event-categories\">multidisciplinaire<\/span><h3 class='av-masonry-entry-title entry-title '  itemprop=\"headline\" >Temps de partage et de convivialit\u00e9<\/h3><\/div><\/div><\/figcaption><\/figure><\/a><!--end av-masonry entry--><a href=\"https:\/\/saisonsculturelleschaumont.fr\/mdxpuixt\/evenement\/les-transats-concert-cinema-en-plein-air\/\"  id='av-masonry-5-item-6634' data-av-masonry-item='6634' class='av-masonry-entry isotope-item post-6634 tribe_events type-tribe_events status-publish has-post-thumbnail hentry tag-cinema tag-concert tag-programmation-estivale tag-soiree-plein-air tribe_events_cat-multidisciplinaire  av-masonry-item-with-image' title=\"DSC_1204 copie\"   itemscope=\"itemscope\" itemtype=\"https:\/\/schema.org\/CreativeWork\" ><div class='av-inner-masonry-sizer'><\/div><figure class='av-inner-masonry main_color'><div class=\"av-masonry-outerimage-container\"><div class='av-masonry-image-container' style=\"background-image: url(https:\/\/saisonsculturelleschaumont.fr\/mdxpuixt\/wp-content\/uploads\/2021\/06\/DSC_1204-copie-705x471.jpg);\"  title=\"DSC_1204 copie\"  ><\/div><\/div><figcaption class='av-inner-masonry-content site-background'><div class='av-inner-masonry-content-pos'><div class='av-inner-masonry-content-pos-content'><div class='avia-arrow'><\/div><span class=\"tribe-event-date-start\">22 Juil 2021  21:00<\/span> - <span class=\"tribe-event-time\">23:30<\/span><br><span class=\"tribe-event-categories\">multidisciplinaire<\/span><h3 class='av-masonry-entry-title entry-title '  itemprop=\"headline\" >Soir\u00e9e Le Transat &#8211; Concert &amp; cin\u00e9ma en plein air<\/h3><\/div><\/div><\/figcaption><\/figure><\/a><!--end av-masonry entry--><a href=\"https:\/\/saisonsculturelleschaumont.fr\/mdxpuixt\/evenement\/les-transats-concert-cinema-en-plein-air-2\/\"  id='av-masonry-5-item-6641' data-av-masonry-item='6641' class='av-masonry-entry isotope-item post-6641 tribe_events type-tribe_events status-publish has-post-thumbnail hentry tag-cinema tag-concert tag-en-famille tag-film tag-programmation-estivale tag-soiree-plein-air tag-tout-public tribe_events_cat-multidisciplinaire  av-masonry-item-with-image' title=\"DSC_1204 copie\"   itemscope=\"itemscope\" itemtype=\"https:\/\/schema.org\/CreativeWork\" ><div class='av-inner-masonry-sizer'><\/div><figure class='av-inner-masonry main_color'><div class=\"av-masonry-outerimage-container\"><div class='av-masonry-image-container' style=\"background-image: url(https:\/\/saisonsculturelleschaumont.fr\/mdxpuixt\/wp-content\/uploads\/2021\/06\/DSC_1204-copie-705x471.jpg);\"  title=\"DSC_1204 copie\"  ><\/div><\/div><figcaption class='av-inner-masonry-content site-background'><div class='av-inner-masonry-content-pos'><div class='av-inner-masonry-content-pos-content'><div class='avia-arrow'><\/div><span class=\"tribe-event-date-start\">29 Juil 2021  21:00<\/span> - <span class=\"tribe-event-time\">23:30<\/span><br><span class=\"tribe-event-categories\">multidisciplinaire<\/span><h3 class='av-masonry-entry-title entry-title '  itemprop=\"headline\" >Soir\u00e9e Le transat &#8211; Concert &amp; cin\u00e9ma en plein air<\/h3><\/div><\/div><\/figcaption><\/figure><\/a><!--end av-masonry entry--><\/div><\/div><\/div>\n\n<style type=\"text\/css\" data-created_by=\"avia_inline_auto\" id=\"style-css-av-jyhtyvi9-6-5c802f0433ea4fa4fd95eb967858c6ef\">\n#top .av_textblock_section.av-jyhtyvi9-6-5c802f0433ea4fa4fd95eb967858c6ef .avia_textblock{\nfont-size:24px;\n}\n<\/style>\n<section  class='av_textblock_section av-jyhtyvi9-6-5c802f0433ea4fa4fd95eb967858c6ef '   itemscope=\"itemscope\" itemtype=\"https:\/\/schema.org\/CreativeWork\" ><div class='avia_textblock'  itemprop=\"text\" ><p>\u2022 musique<\/p>\n<\/div><\/section>\n\n<style type=\"text\/css\" data-created_by=\"avia_inline_auto\" id=\"style-css-av-r7jg-5-880b5dca5fa94ee87f68396aa6cb740b\">\n#top .flex_column.av-r7jg-5-880b5dca5fa94ee87f68396aa6cb740b{\nmargin-top:0px;\nmargin-bottom:20px;\n}\n.flex_column.av-r7jg-5-880b5dca5fa94ee87f68396aa6cb740b{\nborder-radius:0px 0px 0px 0px;\npadding:0px 0px 0px 0px;\n}\n.responsive #top #wrap_all .flex_column.av-r7jg-5-880b5dca5fa94ee87f68396aa6cb740b{\nmargin-top:0px;\nmargin-bottom:20px;\n}\n<\/style>\n<div  class='flex_column av-r7jg-5-880b5dca5fa94ee87f68396aa6cb740b av_one_full  avia-builder-el-16  el_after_av_textblock  el_before_av_textblock  first flex_column_div av-zero-column-padding  column-top-margin'     ><div id='av-masonry-6' class='av-masonry av-jxpefprf-4-a8d328d5c8da232b1dc12af2332ee69c noHover av-fixed-size av-1px-gap av-hover-overlay- av-masonry-animation- av-masonry-col-3 av-caption-on-hover av-caption-style-overlay av-masonry-entries av-medium-columns-overwrite av-medium-columns-2 av-small-columns-overwrite av-small-columns-2 av-mini-columns-overwrite av-mini-columns-1 ' data-post_id=\"6822\"><div class=\"av-masonry-container isotope av-js-disabled\"><div class='av-masonry-entry isotope-item av-masonry-item-no-image '><\/div><a href=\"https:\/\/saisonsculturelleschaumont.fr\/mdxpuixt\/evenement\/tardigrade-experience-2\/\"  id='av-masonry-6-item-6085' data-av-masonry-item='6085' class='av-masonry-entry isotope-item post-6085 tribe_events type-tribe_events status-publish has-post-thumbnail hentry tag-concert tag-contemporain tag-musique tribe_events_cat-musique  av-masonry-item-with-image' title=\"Emilie Skrijelj et Patricia Dallio \u00a9 Adeline Renard copie\"   itemscope=\"itemscope\" itemtype=\"https:\/\/schema.org\/CreativeWork\" ><div class='av-inner-masonry-sizer'><\/div><figure class='av-inner-masonry main_color'><div class=\"av-masonry-outerimage-container\"><div class='av-masonry-image-container' style=\"background-image: url(https:\/\/saisonsculturelleschaumont.fr\/mdxpuixt\/wp-content\/uploads\/2020\/02\/Emilie-Skrijelj-et-Patricia-Dallio-\u00a9-Adeline-Renard-copie-705x470.jpg);\"  title=\"Emilie Skrijelj et Patricia Dallio \u00a9 Adeline Renard copie\"  ><\/div><\/div><figcaption class='av-inner-masonry-content site-background'><div class='av-inner-masonry-content-pos'><div class='av-inner-masonry-content-pos-content'><div class='avia-arrow'><\/div><span class=\"tribe-event-date-start\">4 Mai 2021<\/span> - <span class=\"tribe-event-date-end\">7 Mai 2021<\/span><br><span class=\"tribe-event-categories\">musique<\/span><h3 class='av-masonry-entry-title entry-title '  itemprop=\"headline\" >tardigrade exp\u00e9rience &#8211; annul\u00e9<\/h3><\/div><\/div><\/figcaption><\/figure><\/a><!--end av-masonry entry--><a href=\"https:\/\/saisonsculturelleschaumont.fr\/mdxpuixt\/evenement\/extra-ball-2\/\"  id='av-masonry-6-item-6084' data-av-masonry-item='6084' class='av-masonry-entry isotope-item post-6084 tribe_events type-tribe_events status-publish has-post-thumbnail hentry tag-art tag-commerce tag-graphisme tag-jeu tag-musique tag-son-et-lumiere tribe_events_cat-musique  av-masonry-item-with-image' title=\"extraball\u00a9Sandrine Mulas copie\"   itemscope=\"itemscope\" itemtype=\"https:\/\/schema.org\/CreativeWork\" ><div class='av-inner-masonry-sizer'><\/div><figure class='av-inner-masonry main_color'><div class=\"av-masonry-outerimage-container\"><div class='av-masonry-image-container' style=\"background-image: url(https:\/\/saisonsculturelleschaumont.fr\/mdxpuixt\/wp-content\/uploads\/2020\/02\/extraball\u00a9Sandrine-Mulas-copie.jpg);\"  title=\"extraball\u00a9Sandrine Mulas copie\"  ><\/div><\/div><figcaption class='av-inner-masonry-content site-background'><div class='av-inner-masonry-content-pos'><div class='av-inner-masonry-content-pos-content'><div class='avia-arrow'><\/div><span class=\"tribe-event-date-start\">16 Avr 2021<\/span> - <span class=\"tribe-event-date-end\">17 Avr 2021<\/span><br><span class=\"tribe-event-categories\">musique<\/span><h3 class='av-masonry-entry-title entry-title '  itemprop=\"headline\" >extra ball &#8211; report\u00e9<\/h3><\/div><\/div><\/figcaption><\/figure><\/a><!--end av-masonry entry--><a href=\"https:\/\/saisonsculturelleschaumont.fr\/mdxpuixt\/evenement\/ma-boite-a-jazz-3-diego-imbert-alain-jean-marie\/\"  id='av-masonry-6-item-6083' data-av-masonry-item='6083' class='av-masonry-entry isotope-item post-6083 tribe_events type-tribe_events status-publish has-post-thumbnail hentry tag-captation tag-concert tag-jazz tag-musique tag-youtube tribe_events_cat-musique  av-masonry-item-with-image' title=\"\u00a9 Pierre Colletti\"   itemscope=\"itemscope\" itemtype=\"https:\/\/schema.org\/CreativeWork\" ><div class='av-inner-masonry-sizer'><\/div><figure class='av-inner-masonry main_color'><div class=\"av-masonry-outerimage-container\"><div class='av-masonry-image-container' style=\"background-image: url(https:\/\/saisonsculturelleschaumont.fr\/mdxpuixt\/wp-content\/uploads\/2021\/03\/\u00a9-Pierre-Colletti-529x705.jpg);\"  title=\"\u00a9 Pierre Colletti\"  ><\/div><\/div><figcaption class='av-inner-masonry-content site-background'><div class='av-inner-masonry-content-pos'><div class='av-inner-masonry-content-pos-content'><div class='avia-arrow'><\/div><span class=\"tribe-event-date-start\">26 Mar 2021  20:00<\/span> - <span class=\"tribe-event-time\">21:00<\/span><br><span class=\"tribe-event-categories\">musique<\/span><h3 class='av-masonry-entry-title entry-title '  itemprop=\"headline\" >ma bo\u00eete \u00e0 jazz #3 &#8211; Diego Imbert &amp; Alain Jean-Marie<\/h3><\/div><\/div><\/figcaption><\/figure><\/a><!--end av-masonry entry--><a href=\"https:\/\/saisonsculturelleschaumont.fr\/mdxpuixt\/evenement\/concert-cham\/\"  id='av-masonry-6-item-6184' data-av-masonry-item='6184' class='av-masonry-entry isotope-item post-6184 tribe_events type-tribe_events status-publish has-post-thumbnail hentry tag-concert tag-ecole tag-eleves tag-musique tribe_events_cat-musique  av-masonry-item-with-image' title=\"86493350_1566975103451046_5016371065555779584_o\"   itemscope=\"itemscope\" itemtype=\"https:\/\/schema.org\/CreativeWork\" ><div class='av-inner-masonry-sizer'><\/div><figure class='av-inner-masonry main_color'><div class=\"av-masonry-outerimage-container\"><div class='av-masonry-image-container' style=\"background-image: url(https:\/\/saisonsculturelleschaumont.fr\/mdxpuixt\/wp-content\/uploads\/2021\/03\/86493350_1566975103451046_5016371065555779584_o-705x470.jpg);\"  title=\"86493350_1566975103451046_5016371065555779584_o\"  ><\/div><\/div><figcaption class='av-inner-masonry-content site-background'><div class='av-inner-masonry-content-pos'><div class='av-inner-masonry-content-pos-content'><div class='avia-arrow'><\/div><span class=\"tribe-event-date-start\">1 Juin 2021  20:00<\/span> - <span class=\"tribe-event-time\">21:30<\/span><br><span class=\"tribe-event-categories\">musique<\/span><h3 class='av-masonry-entry-title entry-title '  itemprop=\"headline\" >concert CHAM<\/h3><\/div><\/div><\/figcaption><\/figure><\/a><!--end av-masonry entry--><a href=\"https:\/\/saisonsculturelleschaumont.fr\/mdxpuixt\/evenement\/kid-francescoli-concert\/\"  id='av-masonry-6-item-6502' data-av-masonry-item='6502' class='av-masonry-entry isotope-item post-6502 tribe_events type-tribe_events status-publish has-post-thumbnail hentry tag-concert tag-ete tag-gratuit tag-jardin tag-musique tag-plein-air tribe_events_cat-musique  av-masonry-item-with-image' title=\"Kid-Francescoli_Presse2020_credit_Vittorio-Bettini_1 copie\"   itemscope=\"itemscope\" itemtype=\"https:\/\/schema.org\/CreativeWork\" ><div class='av-inner-masonry-sizer'><\/div><figure class='av-inner-masonry main_color'><div class=\"av-masonry-outerimage-container\"><div class='av-masonry-image-container' style=\"background-image: url(https:\/\/saisonsculturelleschaumont.fr\/mdxpuixt\/wp-content\/uploads\/2021\/05\/Kid-Francescoli_Presse2020_credit_Vittorio-Bettini_1-copie-705x470.jpg);\"  title=\"Kid-Francescoli_Presse2020_credit_Vittorio-Bettini_1 copie\"  ><\/div><\/div><figcaption class='av-inner-masonry-content site-background'><div class='av-inner-masonry-content-pos'><div class='av-inner-masonry-content-pos-content'><div class='avia-arrow'><\/div><span class=\"tribe-event-date-start\">3 Juil 2021  21:00<\/span> - <span class=\"tribe-event-time\">23:00<\/span><br><span class=\"tribe-event-categories\">musique<\/span><h3 class='av-masonry-entry-title entry-title '  itemprop=\"headline\" >Concert &#8211; Kid Francescoli<\/h3><\/div><\/div><\/figcaption><\/figure><\/a><!--end av-masonry entry--><a href=\"https:\/\/saisonsculturelleschaumont.fr\/mdxpuixt\/evenement\/__trashed-4__trashed\/\"  id='av-masonry-6-item-6543' data-av-masonry-item='6543' class='av-masonry-entry isotope-item post-6543 tribe_events type-tribe_events status-publish has-post-thumbnail hentry tag-compagnie tag-concert tag-musique-contemporaine tag-musique-de-creation tag-performance tag-programmation-estivale tribe_events_cat-musique  av-masonry-item-with-image' title=\"DUO INSTANTANE_\u00a9Petrouchka Cyberflonflon\"   itemscope=\"itemscope\" itemtype=\"https:\/\/schema.org\/CreativeWork\" ><div class='av-inner-masonry-sizer'><\/div><figure class='av-inner-masonry main_color'><div class=\"av-masonry-outerimage-container\"><div class='av-masonry-image-container' style=\"background-image: url(https:\/\/saisonsculturelleschaumont.fr\/mdxpuixt\/wp-content\/uploads\/2021\/06\/DUO-INSTANTANE_\u00a9Petrouchka-Cyberflonflon-705x705.jpeg);\"  title=\"DUO INSTANTANE_\u00a9Petrouchka Cyberflonflon\"  ><\/div><\/div><figcaption class='av-inner-masonry-content site-background'><div class='av-inner-masonry-content-pos'><div class='av-inner-masonry-content-pos-content'><div class='avia-arrow'><\/div><span class=\"tribe-event-date-start\">7 Juil 2021  20:00<\/span> - <span class=\"tribe-event-time\">21:00<\/span><br><span class=\"tribe-event-categories\">musique<\/span><h3 class='av-masonry-entry-title entry-title '  itemprop=\"headline\" >Instantan\u00e9 Duo  &#8211; Compagnie Soundtrack<\/h3><\/div><\/div><\/figcaption><\/figure><\/a><!--end av-masonry entry--><\/div><a class='av-masonry-pagination av-masonry-load-more' href='#load-more'  data-link='tribe_events_cat, 305'  data-term_rel='IN'  data-wc_prod_visible=''  data-wc_prod_hidden=''  data-wc_prod_featured=''  data-prod_order_by=''  data-prod_order=''  data-date_filter='date_filter'  data-date_filter_start='2021\/01\/01'  data-date_filter_end='2021\/09\/01'  data-date_filter_format='yy\/mm\/dd'  data-period_filter_unit_1=''  data-period_filter_unit_2=''  data-page_element_filter=''  data-sort='no'  data-query_orderby='date'  data-query_order='ASC'  data-caption_elements='title'  data-caption_styling='overlay'  data-caption_display='on-hover'  data-img_copyright=''  data-size='fixed'  data-orientation=''  data-image_size='masonry'  data-gap='1px'  data-columns='3'  data-av-desktop-columns=''  data-av-medium-columns='2'  data-av-small-columns='2'  data-av-mini-columns='1'  data-items='6'  data-paginate='load_more'  data-color='custom'  data-custom_bg=''  data-img_copyright_font=''  data-av-desktop-font-img_copyright_font=''  data-av-medium-font-img_copyright_font=''  data-av-small-font-img_copyright_font=''  data-av-mini-font-img_copyright_font=''  data-img_copyright_color=''  data-img_copyright_bg=''  data-animation=''  data-animation_duration=''  data-animation_custom_bg_color=''  data-animation_custom_bg_color_multi_list=''  data-animation_z_index_curtain='100'  data-overlay_fx=''  data-img_scrset=''  data-lazy_loading='disabled'  data-av-desktop-hide=''  data-av-medium-hide=''  data-av-small-hide=''  data-av-mini-hide=''  data-alb_description=''  data-id=''  data-custom_class=''  data-template_class=''  data-av_uid='av-jxpefprf-4'  data-sc_version='1.0'  data-ids=''  data-action=''  data-post_type='post, page, attachment, revision, nav_menu_item, custom_css, customize_changeset, oembed_cache, user_request, wp_block, wp_template, wp_template_part, wp_global_styles, wp_navigation, e-landing-page, elementor_library, tribe_event_series, wpcf7_contact_form, tribe_venue, tribe_organizer, tribe_events, tribe-ea-record, deleted_event, spectra-popup, portfolio, avia_framework_post, popupbuilder'  data-offset='0'  data-container_links='active'  data-link_dest=''  data-lightbox_text=''  data-container_class='av-masonry-entries'  data-auto_ratio='1.7'  data-set_breadcrumb='1'  data-custom_markup=''  data-taxonomy='tribe_events_cat'  data-categories='305'  data-avno='d7051b306b'>Charger plus<\/a><\/div><\/div>\n\n<style type=\"text\/css\" data-created_by=\"avia_inline_auto\" id=\"style-css-av-jyhtyvi9-3-a4f61fca87c0a8ab077ea270b3a85439\">\n#top .av_textblock_section.av-jyhtyvi9-3-a4f61fca87c0a8ab077ea270b3a85439 .avia_textblock{\nfont-size:24px;\n}\n<\/style>\n<section  class='av_textblock_section av-jyhtyvi9-3-a4f61fca87c0a8ab077ea270b3a85439 '   itemscope=\"itemscope\" itemtype=\"https:\/\/schema.org\/CreativeWork\" ><div class='avia_textblock'  itemprop=\"text\" ><p>\u2022 spectacle vivant<\/p>\n<\/div><\/section>\n\n<style type=\"text\/css\" data-created_by=\"avia_inline_auto\" id=\"style-css-av-r7jg-2-82cdd8a84472d9cfff1f858890533058\">\n#top .flex_column.av-r7jg-2-82cdd8a84472d9cfff1f858890533058{\nmargin-top:0px;\nmargin-bottom:20px;\n}\n.flex_column.av-r7jg-2-82cdd8a84472d9cfff1f858890533058{\nborder-radius:0px 0px 0px 0px;\npadding:0px 0px 0px 0px;\n}\n.responsive #top #wrap_all .flex_column.av-r7jg-2-82cdd8a84472d9cfff1f858890533058{\nmargin-top:0px;\nmargin-bottom:20px;\n}\n<\/style>\n<div  class='flex_column av-r7jg-2-82cdd8a84472d9cfff1f858890533058 av_one_full  avia-builder-el-19  el_after_av_textblock  avia-builder-el-last  first flex_column_div av-zero-column-padding  column-top-margin'     ><div id='grille-ala-une' class='av-masonry av-jxpefprf-1-fb5bc9fd883e0a69cf6c52b6f89eb897 noHover av-fixed-size av-1px-gap av-hover-overlay- av-masonry-animation- av-masonry-col-3 av-caption-on-hover av-caption-style-overlay av-masonry-entries av-medium-columns-overwrite av-medium-columns-2 av-small-columns-overwrite av-small-columns-2 av-mini-columns-overwrite av-mini-columns-1 ' data-post_id=\"6822\"><div class=\"av-masonry-container isotope av-js-disabled\"><div class='av-masonry-entry isotope-item av-masonry-item-no-image '><\/div><a href=\"https:\/\/saisonsculturelleschaumont.fr\/mdxpuixt\/evenement\/lerrance-est-humaine\/\"  id='av-masonry-7-item-6205' data-av-masonry-item='6205' class='av-masonry-entry isotope-item post-6205 tribe_events type-tribe_events status-publish has-post-thumbnail hentry tag-art tag-culture tag-spectacle tag-theatre tribe_events_cat-spectacle-vivant  av-masonry-item-with-image' title=\"copyright: Geraldine Aresteanu\"   itemscope=\"itemscope\" itemtype=\"https:\/\/schema.org\/CreativeWork\" ><div class='av-inner-masonry-sizer'><\/div><figure class='av-inner-masonry main_color'><div class=\"av-masonry-outerimage-container\"><div class='av-masonry-image-container' style=\"background-image: url(https:\/\/saisonsculturelleschaumont.fr\/mdxpuixt\/wp-content\/uploads\/2021\/03\/ErranceEntree\u00a9GeralidineAresteanu-705x470.jpg);\"  title=\"copyright: Geraldine Aresteanu\"  ><\/div><\/div><figcaption class='av-inner-masonry-content site-background'><div class='av-inner-masonry-content-pos'><div class='av-inner-masonry-content-pos-content'><div class='avia-arrow'><\/div><span class=\"tribe-event-date-start\">1 Avr 2021  20:00<\/span> - <span class=\"tribe-event-time\">21:00<\/span><br><span class=\"tribe-event-categories\">spectacle vivant<\/span><h3 class='av-masonry-entry-title entry-title '  itemprop=\"headline\" >l&rsquo;errance est humaine<\/h3><\/div><\/div><\/figcaption><\/figure><\/a><!--end av-masonry entry--><a href=\"https:\/\/saisonsculturelleschaumont.fr\/mdxpuixt\/evenement\/pan\/\"  id='av-masonry-7-item-6206' data-av-masonry-item='6206' class='av-masonry-entry isotope-item post-6206 tribe_events type-tribe_events status-publish has-post-thumbnail hentry tag-art tag-culture tag-spectacle tag-theatre tribe_events_cat-spectacle-vivant  av-masonry-item-with-image' title=\"Pan\"   itemscope=\"itemscope\" itemtype=\"https:\/\/schema.org\/CreativeWork\" ><div class='av-inner-masonry-sizer'><\/div><figure class='av-inner-masonry main_color'><div class=\"av-masonry-outerimage-container\"><div class='av-masonry-image-container' style=\"background-image: url(https:\/\/saisonsculturelleschaumont.fr\/mdxpuixt\/wp-content\/uploads\/2021\/03\/Pan.jpeg);\"  title=\"Pan\"  ><\/div><\/div><figcaption class='av-inner-masonry-content site-background'><div class='av-inner-masonry-content-pos'><div class='av-inner-masonry-content-pos-content'><div class='avia-arrow'><\/div><span class=\"tribe-event-date-start\">8 Avr 2021  20:00<\/span> - <span class=\"tribe-event-time\">21:50<\/span><br><span class=\"tribe-event-categories\">spectacle vivant<\/span><h3 class='av-masonry-entry-title entry-title '  itemprop=\"headline\" >pan ! &#8211; report\u00e9<\/h3><\/div><\/div><\/figcaption><\/figure><\/a><!--end av-masonry entry--><a href=\"https:\/\/saisonsculturelleschaumont.fr\/mdxpuixt\/evenement\/ilan-lalouette\/\"  id='av-masonry-7-item-6207' data-av-masonry-item='6207' class='av-masonry-entry isotope-item post-6207 tribe_events type-tribe_events status-publish has-post-thumbnail hentry tag-concert tag-musique tag-pause-dej tribe_events_cat-spectacle-vivant  av-masonry-item-with-image' title=\"Le Nouveau Relax\"   itemscope=\"itemscope\" itemtype=\"https:\/\/schema.org\/CreativeWork\" ><div class='av-inner-masonry-sizer'><\/div><figure class='av-inner-masonry main_color'><div class=\"av-masonry-outerimage-container\"><div class='av-masonry-image-container' style=\"background-image: url(https:\/\/saisonsculturelleschaumont.fr\/mdxpuixt\/wp-content\/uploads\/2019\/08\/relax-e1598541555795.jpg);\"  title=\"Le Nouveau Relax\"  ><\/div><\/div><figcaption class='av-inner-masonry-content site-background'><div class='av-inner-masonry-content-pos'><div class='av-inner-masonry-content-pos-content'><div class='avia-arrow'><\/div><span class=\"tribe-event-date-start\">12 Avr 2021  12:30<\/span> - <span class=\"tribe-event-time\">13:30<\/span><br><span class=\"tribe-event-categories\">spectacle vivant<\/span><h3 class='av-masonry-entry-title entry-title '  itemprop=\"headline\" >ilan lalouette &#8211; report\u00e9<\/h3><\/div><\/div><\/figcaption><\/figure><\/a><!--end av-masonry entry--><a href=\"https:\/\/saisonsculturelleschaumont.fr\/mdxpuixt\/evenement\/les-lettres-damour-de-la-religieuse-portugaise\/\"  id='av-masonry-7-item-6208' data-av-masonry-item='6208' class='av-masonry-entry isotope-item post-6208 tribe_events type-tribe_events status-publish has-post-thumbnail hentry tag-art tag-culture tag-spectacle tag-theatre tribe_events_cat-spectacle-vivant  av-masonry-item-with-image' title=\"Les lettres d&rsquo;amour\"   itemscope=\"itemscope\" itemtype=\"https:\/\/schema.org\/CreativeWork\" ><div class='av-inner-masonry-sizer'><\/div><figure class='av-inner-masonry main_color'><div class=\"av-masonry-outerimage-container\"><div class='av-masonry-image-container' style=\"background-image: url(https:\/\/saisonsculturelleschaumont.fr\/mdxpuixt\/wp-content\/uploads\/2021\/03\/Les-lettres-damour-515x705.jpg);\"  title=\"Les lettres d&rsquo;amour\"  ><\/div><\/div><figcaption class='av-inner-masonry-content site-background'><div class='av-inner-masonry-content-pos'><div class='av-inner-masonry-content-pos-content'><div class='avia-arrow'><\/div><span class=\"tribe-event-date-start\">15 Avr 2021  20:00<\/span> - <span class=\"tribe-event-time\">21:00<\/span><br><span class=\"tribe-event-categories\">spectacle vivant<\/span><h3 class='av-masonry-entry-title entry-title '  itemprop=\"headline\" >les lettres d&rsquo;amour de la religieuse portugaise &#8211; report\u00e9<\/h3><\/div><\/div><\/figcaption><\/figure><\/a><!--end av-masonry entry--><a href=\"https:\/\/saisonsculturelleschaumont.fr\/mdxpuixt\/evenement\/animale\/\"  id='av-masonry-7-item-6209' data-av-masonry-item='6209' class='av-masonry-entry isotope-item post-6209 tribe_events type-tribe_events status-publish has-post-thumbnail hentry tag-art tag-culture tag-enfant tag-jeunesse tag-musique tag-spectacle tribe_events_cat-spectacle-vivant  av-masonry-item-with-image' title=\"Animale_Photo1@ClaudeJournu\"   itemscope=\"itemscope\" itemtype=\"https:\/\/schema.org\/CreativeWork\" ><div class='av-inner-masonry-sizer'><\/div><figure class='av-inner-masonry main_color'><div class=\"av-masonry-outerimage-container\"><div class='av-masonry-image-container' style=\"background-image: url(https:\/\/saisonsculturelleschaumont.fr\/mdxpuixt\/wp-content\/uploads\/2021\/03\/Animale_Photo1@ClaudeJournu-705x470.jpg);\"  title=\"Animale_Photo1@ClaudeJournu\"  ><\/div><\/div><figcaption class='av-inner-masonry-content site-background'><div class='av-inner-masonry-content-pos'><div class='av-inner-masonry-content-pos-content'><div class='avia-arrow'><\/div><span class=\"tribe-event-date-start\">20 Avr 2021  18:15<\/span> - <span class=\"tribe-event-time\">18:50<\/span><br><span class=\"tribe-event-categories\">spectacle vivant<\/span><h3 class='av-masonry-entry-title entry-title '  itemprop=\"headline\" >animale &#8211; report\u00e9<\/h3><\/div><\/div><\/figcaption><\/figure><\/a><!--end av-masonry entry--><a href=\"https:\/\/saisonsculturelleschaumont.fr\/mdxpuixt\/evenement\/la-memoire-de-leau\/\"  id='av-masonry-7-item-6210' data-av-masonry-item='6210' class='av-masonry-entry isotope-item post-6210 tribe_events type-tribe_events status-publish has-post-thumbnail hentry tag-art tag-culture tag-enfant tag-jeunesse tag-musique tag-spectacle tribe_events_cat-spectacle-vivant  av-masonry-item-with-image' title=\"M\u00e9moire de l&rsquo;eau 2@Melune\"   itemscope=\"itemscope\" itemtype=\"https:\/\/schema.org\/CreativeWork\" ><div class='av-inner-masonry-sizer'><\/div><figure class='av-inner-masonry main_color'><div class=\"av-masonry-outerimage-container\"><div class='av-masonry-image-container' style=\"background-image: url(https:\/\/saisonsculturelleschaumont.fr\/mdxpuixt\/wp-content\/uploads\/2021\/03\/Memoire-de-leau-2@Melune-705x397.jpg);\"  title=\"M\u00e9moire de l&rsquo;eau 2@Melune\"  ><\/div><\/div><figcaption class='av-inner-masonry-content site-background'><div class='av-inner-masonry-content-pos'><div class='av-inner-masonry-content-pos-content'><div class='avia-arrow'><\/div><span class=\"tribe-event-date-start\">21 Avr 2021  20:00<\/span> - <span class=\"tribe-event-time\">21:00<\/span><br><span class=\"tribe-event-categories\">spectacle vivant<\/span><h3 class='av-masonry-entry-title entry-title '  itemprop=\"headline\" >la m\u00e9moire de l&rsquo;eau &#8211; report\u00e9<\/h3><\/div><\/div><\/figcaption><\/figure><\/a><!--end av-masonry entry--><\/div><a class='av-masonry-pagination av-masonry-load-more' href='#load-more'  data-link='tribe_events_cat, 44'  data-term_rel='IN'  data-wc_prod_visible=''  data-wc_prod_hidden=''  data-wc_prod_featured=''  data-prod_order_by=''  data-prod_order=''  data-date_filter='date_filter'  data-date_filter_start='2021\/01\/01'  data-date_filter_end='2021\/09\/01'  data-date_filter_format='yy\/mm\/dd'  data-period_filter_unit_1=''  data-period_filter_unit_2=''  data-page_element_filter=''  data-sort='no'  data-query_orderby='date'  data-query_order='ASC'  data-caption_elements='title'  data-caption_styling='overlay'  data-caption_display='on-hover'  data-img_copyright=''  data-size='fixed'  data-orientation=''  data-image_size='masonry'  data-gap='1px'  data-columns='3'  data-av-desktop-columns=''  data-av-medium-columns='2'  data-av-small-columns='2'  data-av-mini-columns='1'  data-items='6'  data-paginate='load_more'  data-color='custom'  data-custom_bg=''  data-img_copyright_font=''  data-av-desktop-font-img_copyright_font=''  data-av-medium-font-img_copyright_font=''  data-av-small-font-img_copyright_font=''  data-av-mini-font-img_copyright_font=''  data-img_copyright_color=''  data-img_copyright_bg=''  data-animation=''  data-animation_duration=''  data-animation_custom_bg_color=''  data-animation_custom_bg_color_multi_list=''  data-animation_z_index_curtain='100'  data-overlay_fx=''  data-img_scrset=''  data-lazy_loading='disabled'  data-av-desktop-hide=''  data-av-medium-hide=''  data-av-small-hide=''  data-av-mini-hide=''  data-alb_description=''  data-id='grille-ala-une'  data-custom_class=''  data-template_class=''  data-av_uid='av-jxpefprf-1'  data-sc_version='1.0'  data-ids=''  data-action=''  data-post_type='post, page, attachment, revision, nav_menu_item, custom_css, customize_changeset, oembed_cache, user_request, wp_block, wp_template, wp_template_part, wp_global_styles, wp_navigation, e-landing-page, elementor_library, tribe_event_series, wpcf7_contact_form, tribe_venue, tribe_organizer, tribe_events, tribe-ea-record, deleted_event, spectra-popup, portfolio, avia_framework_post, popupbuilder'  data-offset='0'  data-container_links='active'  data-link_dest=''  data-lightbox_text=''  data-container_class='av-masonry-entries'  data-auto_ratio='1.7'  data-set_breadcrumb='1'  data-custom_markup=''  data-taxonomy='tribe_events_cat'  data-categories='44'  data-avno='d7051b306b'>Charger plus<\/a><\/div><\/div>\n<\/div>\t\t<\/div>\n\t\t\t\t<\/div>\n\t\t\t\t\t\t<\/div>\n\t\t\t\t\t<\/div>\n\t\t<\/div>\n\t\t\t\t\t\t\t\t<\/div>\n\t\t\t\t\t<\/div>\n\t\t<\/section>\n\t\t\t\t\t\t\t\t\t<\/div>\n\t\t\t<\/div>\n\t\t\t\t\t<\/div>\n\t\t","protected":false},"excerpt":{"rendered":"<p>saison 04 \u00c9CRITURE ET IMAGE Pratique universelle qui unit l\u2019humanit\u00e9 plus que toute autre invention et vieille d\u2019\u00e0 peine 5 000 ans \u2013 alors que notre esp\u00e8ce a plus de [&hellip;]<\/p>\n","protected":false},"author":1,"featured_media":0,"parent":6006,"menu_order":0,"comment_status":"closed","ping_status":"closed","template":"","meta":{"_uag_custom_page_level_css":"","footnotes":""},"yoast_head":"<!-- This site is optimized with the Yoast SEO plugin v21.1 - https:\/\/yoast.com\/wordpress\/plugins\/seo\/ -->\n<title>Saison 04 - Les Saisons Culturelles de Chaumont<\/title>\n<meta name=\"robots\" content=\"noindex, follow, max-snippet:-1, max-image-preview:large, max-video-preview:-1\" \/>\n<meta property=\"og:locale\" content=\"fr_FR\" \/>\n<meta property=\"og:type\" content=\"article\" \/>\n<meta property=\"og:title\" content=\"Saison 04 - Les Saisons Culturelles de Chaumont\" \/>\n<meta property=\"og:description\" content=\"saison 04 \u00c9CRITURE ET IMAGE Pratique universelle qui unit l\u2019humanit\u00e9 plus que toute autre invention et vieille d\u2019\u00e0 peine 5 000 ans \u2013 alors que notre esp\u00e8ce a plus de [&hellip;]\" \/>\n<meta property=\"og:url\" content=\"https:\/\/saisonsculturelleschaumont.fr\/mdxpuixt\/autres-saisons\/saison-04\/\" \/>\n<meta property=\"og:site_name\" content=\"Les Saisons Culturelles de Chaumont\" \/>\n<meta property=\"article:publisher\" content=\"https:\/\/www.facebook.com\/saisonsculturelleschaumont\/\" \/>\n<meta property=\"article:modified_time\" content=\"2022-01-05T10:05:30+00:00\" \/>\n<meta property=\"og:image\" content=\"https:\/\/saisonsculturelleschaumont.fr\/mdxpuixt\/wp-content\/uploads\/2021\/05\/SCC4_AFFICHES-A31-1.jpg\" \/>\n<meta name=\"twitter:card\" content=\"summary_large_image\" \/>\n<meta name=\"twitter:label1\" content=\"Dur\u00e9e de lecture estim\u00e9e\" \/>\n\t<meta name=\"twitter:data1\" content=\"2 minutes\" \/>\n<script type=\"application\/ld+json\" class=\"yoast-schema-graph\">{\"@context\":\"https:\/\/schema.org\",\"@graph\":[{\"@type\":\"WebPage\",\"@id\":\"https:\/\/saisonsculturelleschaumont.fr\/mdxpuixt\/autres-saisons\/saison-04\/\",\"url\":\"https:\/\/saisonsculturelleschaumont.fr\/mdxpuixt\/autres-saisons\/saison-04\/\",\"name\":\"Saison 04 - Les Saisons Culturelles de Chaumont\",\"isPartOf\":{\"@id\":\"https:\/\/saisonsculturelleschaumont.fr\/mdxpuixt\/#website\"},\"datePublished\":\"2021-09-07T08:38:40+00:00\",\"dateModified\":\"2022-01-05T10:05:30+00:00\",\"breadcrumb\":{\"@id\":\"https:\/\/saisonsculturelleschaumont.fr\/mdxpuixt\/autres-saisons\/saison-04\/#breadcrumb\"},\"inLanguage\":\"fr-FR\",\"potentialAction\":[{\"@type\":\"ReadAction\",\"target\":[\"https:\/\/saisonsculturelleschaumont.fr\/mdxpuixt\/autres-saisons\/saison-04\/\"]}]},{\"@type\":\"BreadcrumbList\",\"@id\":\"https:\/\/saisonsculturelleschaumont.fr\/mdxpuixt\/autres-saisons\/saison-04\/#breadcrumb\",\"itemListElement\":[{\"@type\":\"ListItem\",\"position\":1,\"name\":\"Accueil\",\"item\":\"https:\/\/saisonsculturelleschaumont.fr\/mdxpuixt\/\"},{\"@type\":\"ListItem\",\"position\":2,\"name\":\"Autres saisons\",\"item\":\"https:\/\/saisonsculturelleschaumont.fr\/mdxpuixt\/autres-saisons\/\"},{\"@type\":\"ListItem\",\"position\":3,\"name\":\"Saison 04\"}]},{\"@type\":\"WebSite\",\"@id\":\"https:\/\/saisonsculturelleschaumont.fr\/mdxpuixt\/#website\",\"url\":\"https:\/\/saisonsculturelleschaumont.fr\/mdxpuixt\/\",\"name\":\"Les Saisons Culturelles de Chaumont\",\"description\":\"\",\"potentialAction\":[{\"@type\":\"SearchAction\",\"target\":{\"@type\":\"EntryPoint\",\"urlTemplate\":\"https:\/\/saisonsculturelleschaumont.fr\/mdxpuixt\/?s={search_term_string}\"},\"query-input\":\"required name=search_term_string\"}],\"inLanguage\":\"fr-FR\"}]}<\/script>\n<!-- \/ Yoast SEO plugin. -->","yoast_head_json":{"title":"Saison 04 - Les Saisons Culturelles de Chaumont","robots":{"index":"noindex","follow":"follow","max-snippet":"max-snippet:-1","max-image-preview":"max-image-preview:large","max-video-preview":"max-video-preview:-1"},"og_locale":"fr_FR","og_type":"article","og_title":"Saison 04 - Les Saisons Culturelles de Chaumont","og_description":"saison 04 \u00c9CRITURE ET IMAGE Pratique universelle qui unit l\u2019humanit\u00e9 plus que toute autre invention et vieille d\u2019\u00e0 peine 5 000 ans \u2013 alors que notre esp\u00e8ce a plus de [&hellip;]","og_url":"https:\/\/saisonsculturelleschaumont.fr\/mdxpuixt\/autres-saisons\/saison-04\/","og_site_name":"Les Saisons Culturelles de Chaumont","article_publisher":"https:\/\/www.facebook.com\/saisonsculturelleschaumont\/","article_modified_time":"2022-01-05T10:05:30+00:00","og_image":[{"url":"https:\/\/saisonsculturelleschaumont.fr\/mdxpuixt\/wp-content\/uploads\/2021\/05\/SCC4_AFFICHES-A31-1.jpg"}],"twitter_card":"summary_large_image","twitter_misc":{"Dur\u00e9e de lecture estim\u00e9e":"2 minutes"},"schema":{"@context":"https:\/\/schema.org","@graph":[{"@type":"WebPage","@id":"https:\/\/saisonsculturelleschaumont.fr\/mdxpuixt\/autres-saisons\/saison-04\/","url":"https:\/\/saisonsculturelleschaumont.fr\/mdxpuixt\/autres-saisons\/saison-04\/","name":"Saison 04 - Les Saisons Culturelles de Chaumont","isPartOf":{"@id":"https:\/\/saisonsculturelleschaumont.fr\/mdxpuixt\/#website"},"datePublished":"2021-09-07T08:38:40+00:00","dateModified":"2022-01-05T10:05:30+00:00","breadcrumb":{"@id":"https:\/\/saisonsculturelleschaumont.fr\/mdxpuixt\/autres-saisons\/saison-04\/#breadcrumb"},"inLanguage":"fr-FR","potentialAction":[{"@type":"ReadAction","target":["https:\/\/saisonsculturelleschaumont.fr\/mdxpuixt\/autres-saisons\/saison-04\/"]}]},{"@type":"BreadcrumbList","@id":"https:\/\/saisonsculturelleschaumont.fr\/mdxpuixt\/autres-saisons\/saison-04\/#breadcrumb","itemListElement":[{"@type":"ListItem","position":1,"name":"Accueil","item":"https:\/\/saisonsculturelleschaumont.fr\/mdxpuixt\/"},{"@type":"ListItem","position":2,"name":"Autres saisons","item":"https:\/\/saisonsculturelleschaumont.fr\/mdxpuixt\/autres-saisons\/"},{"@type":"ListItem","position":3,"name":"Saison 04"}]},{"@type":"WebSite","@id":"https:\/\/saisonsculturelleschaumont.fr\/mdxpuixt\/#website","url":"https:\/\/saisonsculturelleschaumont.fr\/mdxpuixt\/","name":"Les Saisons Culturelles de Chaumont","description":"","potentialAction":[{"@type":"SearchAction","target":{"@type":"EntryPoint","urlTemplate":"https:\/\/saisonsculturelleschaumont.fr\/mdxpuixt\/?s={search_term_string}"},"query-input":"required name=search_term_string"}],"inLanguage":"fr-FR"}]}},"uagb_featured_image_src":{"full":false,"thumbnail":false,"medium":false,"medium_large":false,"large":false,"1536x1536":false,"2048x2048":false,"widget":false,"square":false,"featured":false,"featured_large":false,"extra_large":false,"portfolio":false,"portfolio_small":false,"gallery":false,"magazine":false,"masonry":false,"entry_with_sidebar":false,"entry_without_sidebar":false},"uagb_author_info":{"display_name":"danielkolski","author_link":"https:\/\/saisonsculturelleschaumont.fr\/mdxpuixt\/author\/danielkolski\/"},"uagb_comment_info":0,"uagb_excerpt":"saison 04 \u00c9CRITURE ET IMAGE Pratique universelle qui unit l\u2019humanit\u00e9 plus que toute autre invention et vieille d\u2019\u00e0 peine 5 000 ans \u2013 alors que notre esp\u00e8ce a plus de [&hellip;]","_links":{"self":[{"href":"https:\/\/saisonsculturelleschaumont.fr\/mdxpuixt\/wp-json\/wp\/v2\/pages\/6824"}],"collection":[{"href":"https:\/\/saisonsculturelleschaumont.fr\/mdxpuixt\/wp-json\/wp\/v2\/pages"}],"about":[{"href":"https:\/\/saisonsculturelleschaumont.fr\/mdxpuixt\/wp-json\/wp\/v2\/types\/page"}],"author":[{"embeddable":true,"href":"https:\/\/saisonsculturelleschaumont.fr\/mdxpuixt\/wp-json\/wp\/v2\/users\/1"}],"replies":[{"embeddable":true,"href":"https:\/\/saisonsculturelleschaumont.fr\/mdxpuixt\/wp-json\/wp\/v2\/comments?post=6824"}],"version-history":[{"count":0,"href":"https:\/\/saisonsculturelleschaumont.fr\/mdxpuixt\/wp-json\/wp\/v2\/pages\/6824\/revisions"}],"up":[{"embeddable":true,"href":"https:\/\/saisonsculturelleschaumont.fr\/mdxpuixt\/wp-json\/wp\/v2\/pages\/6006"}],"wp:attachment":[{"href":"https:\/\/saisonsculturelleschaumont.fr\/mdxpuixt\/wp-json\/wp\/v2\/media?parent=6824"}],"curies":[{"name":"wp","href":"https:\/\/api.w.org\/{rel}","templated":true}]}}