{"id":7330,"date":"2021-11-26T15:20:50","date_gmt":"2021-11-26T14:20:50","guid":{"rendered":"https:\/\/saisonsculturelleschaumont.fr\/mdxpuixt\/?page_id=7330"},"modified":"2024-01-15T15:07:10","modified_gmt":"2024-01-15T14:07:10","slug":"rencontres-des-artistes-haut-marnais-chapelle-des-jesuites","status":"publish","type":"page","link":"https:\/\/saisonsculturelleschaumont.fr\/mdxpuixt\/participez\/rencontres-des-artistes-haut-marnais-chapelle-des-jesuites\/","title":{"rendered":"Rencontres des Artistes Haut-Marnais Chapelle des J\u00e9suites"},"content":{"rendered":"\t\t<div data-elementor-type=\"wp-page\" data-elementor-id=\"7330\" class=\"elementor elementor-7330\">\n\t\t\t\t\t\t<div class=\"elementor-inner\">\n\t\t\t\t<div class=\"elementor-section-wrap\">\n\t\t\t\t\t\t\t\t\t<section class=\"elementor-section elementor-top-section elementor-element elementor-element-2b2c6bcc elementor-section-boxed elementor-section-height-default elementor-section-height-default\" data-id=\"2b2c6bcc\" data-element_type=\"section\">\n\t\t\t\t\t\t<div class=\"elementor-container elementor-column-gap-default\">\n\t\t\t\t\t\t\t<div class=\"elementor-row\">\n\t\t\t\t\t<div class=\"elementor-column elementor-col-100 elementor-top-column elementor-element elementor-element-67228983\" data-id=\"67228983\" data-element_type=\"column\">\n\t\t\t<div class=\"elementor-column-wrap elementor-element-populated\">\n\t\t\t\t\t\t\t<div class=\"elementor-widget-wrap\">\n\t\t\t\t\t\t<div class=\"elementor-element elementor-element-1c5bc3 elementor-widget elementor-widget-text-editor\" data-id=\"1c5bc3\" data-element_type=\"widget\" data-widget_type=\"text-editor.default\">\n\t\t\t\t<div class=\"elementor-widget-container\">\n\t\t\t\t\t\t\t\t<div class=\"elementor-text-editor elementor-clearfix\">\n\t\t\t\t<h2 style=\"text-align: left;\"><strong>participez aux Rencontres des artistes haut-marnais<br \/><\/strong><\/h2>\t\t\t\t\t<\/div>\n\t\t\t\t\t\t<\/div>\n\t\t\t\t<\/div>\n\t\t\t\t\t\t<\/div>\n\t\t\t\t\t<\/div>\n\t\t<\/div>\n\t\t\t\t\t\t\t\t<\/div>\n\t\t\t\t\t<\/div>\n\t\t<\/section>\n\t\t\t\t<section class=\"elementor-section elementor-top-section elementor-element elementor-element-b23faff elementor-section-boxed elementor-section-height-default elementor-section-height-default\" data-id=\"b23faff\" data-element_type=\"section\">\n\t\t\t\t\t\t<div class=\"elementor-container elementor-column-gap-default\">\n\t\t\t\t\t\t\t<div class=\"elementor-row\">\n\t\t\t\t\t<div class=\"elementor-column elementor-col-100 elementor-top-column elementor-element elementor-element-6f1047f\" data-id=\"6f1047f\" data-element_type=\"column\">\n\t\t\t<div class=\"elementor-column-wrap elementor-element-populated\">\n\t\t\t\t\t\t\t<div class=\"elementor-widget-wrap\">\n\t\t\t\t\t\t<div class=\"elementor-element elementor-element-0c057cd elementor-arrows-position-inside elementor-pagination-position-outside elementor-widget elementor-widget-image-carousel\" data-id=\"0c057cd\" data-element_type=\"widget\" data-settings=\"{&quot;navigation&quot;:&quot;both&quot;,&quot;autoplay&quot;:&quot;yes&quot;,&quot;pause_on_hover&quot;:&quot;yes&quot;,&quot;pause_on_interaction&quot;:&quot;yes&quot;,&quot;autoplay_speed&quot;:5000,&quot;infinite&quot;:&quot;yes&quot;,&quot;speed&quot;:500}\" data-widget_type=\"image-carousel.default\">\n\t\t\t\t<div class=\"elementor-widget-container\">\n\t\t\t\t\t<div class=\"elementor-image-carousel-wrapper swiper-container\" dir=\"ltr\">\n\t\t\t<div class=\"elementor-image-carousel swiper-wrapper\" aria-live=\"off\">\n\t\t\t\t\t\t\t\t<div class=\"swiper-slide\" role=\"group\" aria-roledescription=\"slide\" aria-label=\"1 sur 6\"><figure class=\"swiper-slide-inner\"><img decoding=\"async\" class=\"swiper-slide-image\" src=\"https:\/\/saisonsculturelleschaumont.fr\/mdxpuixt\/wp-content\/uploads\/2023\/06\/DSC_7342-768x768.jpg\" alt=\"DSC_7342\" \/><\/figure><\/div><div class=\"swiper-slide\" role=\"group\" aria-roledescription=\"slide\" aria-label=\"2 sur 6\"><figure class=\"swiper-slide-inner\"><img decoding=\"async\" class=\"swiper-slide-image\" src=\"https:\/\/saisonsculturelleschaumont.fr\/mdxpuixt\/wp-content\/uploads\/2023\/06\/DSC_7343-768x768.jpg\" alt=\"DSC_7343\" \/><\/figure><\/div><div class=\"swiper-slide\" role=\"group\" aria-roledescription=\"slide\" aria-label=\"3 sur 6\"><figure class=\"swiper-slide-inner\"><img decoding=\"async\" class=\"swiper-slide-image\" src=\"https:\/\/saisonsculturelleschaumont.fr\/mdxpuixt\/wp-content\/uploads\/2023\/06\/DSC_7336-768x768.jpg\" alt=\"DSC_7336\" \/><\/figure><\/div><div class=\"swiper-slide\" role=\"group\" aria-roledescription=\"slide\" aria-label=\"4 sur 6\"><figure class=\"swiper-slide-inner\"><img decoding=\"async\" class=\"swiper-slide-image\" src=\"https:\/\/saisonsculturelleschaumont.fr\/mdxpuixt\/wp-content\/uploads\/2021\/11\/DSC_0871-768x768.jpg\" alt=\"DSC_0871\" \/><\/figure><\/div><div class=\"swiper-slide\" role=\"group\" aria-roledescription=\"slide\" aria-label=\"5 sur 6\"><figure class=\"swiper-slide-inner\"><img decoding=\"async\" class=\"swiper-slide-image\" src=\"https:\/\/saisonsculturelleschaumont.fr\/mdxpuixt\/wp-content\/uploads\/2021\/11\/DSC_0887-768x768.jpg\" alt=\"DSC_0887\" \/><\/figure><\/div><div class=\"swiper-slide\" role=\"group\" aria-roledescription=\"slide\" aria-label=\"6 sur 6\"><figure class=\"swiper-slide-inner\"><img decoding=\"async\" class=\"swiper-slide-image\" src=\"https:\/\/saisonsculturelleschaumont.fr\/mdxpuixt\/wp-content\/uploads\/2021\/11\/DSC_1026-768x768.jpg\" alt=\"DSC_1026\" \/><\/figure><\/div>\t\t\t<\/div>\n\t\t\t\t\t\t\t\t\t\t\t\t<div class=\"elementor-swiper-button elementor-swiper-button-prev\" role=\"button\" tabindex=\"0\">\n\t\t\t\t\t\t<i aria-hidden=\"true\" class=\"eicon-chevron-left\"><\/i>\t\t\t\t\t<\/div>\n\t\t\t\t\t<div class=\"elementor-swiper-button elementor-swiper-button-next\" role=\"button\" tabindex=\"0\">\n\t\t\t\t\t\t<i aria-hidden=\"true\" class=\"eicon-chevron-right\"><\/i>\t\t\t\t\t<\/div>\n\t\t\t\t\n\t\t\t\t\t\t\t\t\t<div class=\"swiper-pagination\"><\/div>\n\t\t\t\t\t\t\t\t\t<\/div>\n\t\t\t\t<\/div>\n\t\t\t\t<\/div>\n\t\t\t\t<div class=\"elementor-element elementor-element-143ba59 elementor-widget elementor-widget-text-editor\" data-id=\"143ba59\" data-element_type=\"widget\" data-widget_type=\"text-editor.default\">\n\t\t\t\t<div class=\"elementor-widget-container\">\n\t\t\t\t\t\t\t\t<div class=\"elementor-text-editor elementor-clearfix\">\n\t\t\t\t<p style=\"font-weight: 400;\">Rendez-vous artistique incontournable pour la Ville de Chaumont depuis bient\u00f4t 25 ans, la Biennale des artistes haut-marnais s&rsquo;est transform\u00e9e en <strong>Rencontres des artistes haut-marnais <\/strong>en 2022<strong>. <\/strong>Pr\u00e9sent\u00e9es \u00e0 la Chapelle des J\u00e9suites \u00e0 partir <strong>du 9 mars et jusqu&rsquo;au 1er avril 2024<\/strong>, les Rencontres des artistes haut-marnais s\u2019adressent aux artistes de toutes disciplines et techniques (peinture, sculpture, photographie, dessin, vid\u00e9o, installation\u2026).<\/p><p style=\"font-weight: 400;\">Cette manifestation a pour objet de faire d\u00e9couvrir et conna\u00eetre des artistes et plus g\u00e9n\u00e9ralement faciliter la rencontre d\u2019un large public avec la cr\u00e9ation haut-marnaise dans sa diversit\u00e9 et sa qualit\u00e9. Des tables rondes, en leur pr\u00e9sence, seront d\u2019ailleurs propos\u00e9es \u00e0 cette occasion.<\/p><h2>\u00a0<\/h2><h2 style=\"font-weight: 400;\"><strong>\u2192<\/strong><strong>\u00a0le jury<\/strong><\/h2><p style=\"font-weight: 400;\">Les \u0153uvres seront pr\u00e9s\u00e9lectionn\u00e9es par un jury compos\u00e9 d\u2019\u00e9lus, d\u2019experts, de professionnels et d\u2019artistes\u00a0:<\/p><p style=\"font-weight: 400;\">\u2013 deux repr\u00e9sentants issus du Conseil municipal,\u00a0<strong>Christine GUILLEMY, Maire de Chaumont et Paul FOURNIE, Premier Adjoint \u00e9lu \u00e0 la culture<\/strong><\/p><p style=\"font-weight: 400;\">\u2013 la directrice des Politiques Culturelles de la ville de la Chaumont :\u00a0<strong>Nathalie FERREIRA<\/strong><\/p><p style=\"font-weight: 400;\">\u2013 le m\u00e9diateur de la Chapelle des J\u00e9suites\u00a0:\u00a0<strong>Philippe POULOT<\/strong><\/p><p style=\"font-weight: 400;\">\u2013 la directrice de la culture, des sports et du monde associatif du D\u00e9partement de la Haute-Marne : <strong>Caroline POINSOT FRECON<\/strong><\/p><p style=\"font-weight: 400;\">\u2013 les fondateurs de la Maison Laurentine \u2013 centre de recherche et de cr\u00e9ation artistique : <strong>Marie Solanges Dub\u00e8s &amp; Pierre Bongiovanni<\/strong><\/p><p style=\"font-weight: 400;\">\u2013 les laur\u00e9ats ex aequo du Prix de la Ville de Chaumont 2022 : <strong>Christophe ABOUT &amp; B\u00e9atrice CHANFRAULT<\/strong><\/p><p style=\"font-weight: 400;\">\u2013 un \u00e9tudiant en arts plastiques : <strong>\u00c9than DELPHAUT<\/strong><\/p><h2>\u00a0<\/h2><h2 style=\"font-weight: 400;\"><strong>\u2192<\/strong><strong>\u00a0crit\u00e8res de s\u00e9lection<\/strong><\/h2><ul><li>originalit\u00e9<\/li><li>d\u00e9marche artistique<\/li><li>technique ou support<\/li><\/ul><h2>\u00a0<\/h2><h2 style=\"font-weight: 400;\"><strong>\u2192<\/strong><strong>\u00a0conditions d\u2019inscription\u00a0<\/strong><\/h2><ul><li>\u00eatre un artiste amateur ou professionnel<\/li><li>\u00eatre originaire ou domicili\u00e9 en Haute-Marne (pr\u00e9senter un justificatif)<\/li><li>nombre d\u2019\u0153uvres \u00e0 pr\u00e9senter par artiste :\u00a0<strong>3<\/strong><\/li><\/ul><h2>\u00a0<\/h2><h2><strong>\u2192 Les artistes s\u00e9lectionn\u00e9s pour l&rsquo;\u00e9dition 2024 sont :<\/strong><\/h2><p style=\"padding-left: 120px;\">C\u00e9line BARRIA<\/p><p style=\"padding-left: 120px;\">Christopher BELL<\/p><p style=\"padding-left: 120px;\">Josette BERTHE<\/p><p style=\"padding-left: 120px;\">H\u00e9l\u00e8ne BLEYS<\/p><p style=\"padding-left: 120px;\">Bruno BOURLE<\/p><p style=\"padding-left: 120px;\">Jean-Pierre CHAUCHOT<\/p><p style=\"padding-left: 120px;\">Jocelyne LEMAIRE DARNAUD<\/p><p style=\"padding-left: 120px;\">Fr\u00e9d\u00e9ric DEBILLY<\/p><p style=\"padding-left: 120px;\">Cokky DIEPSTRATEN<\/p><p style=\"padding-left: 120px;\">Julien EUGENE<\/p><p style=\"padding-left: 120px;\">David GRAHAM CLARKE<\/p><p style=\"padding-left: 120px;\">Francis GURY<\/p><p style=\"padding-left: 120px;\">Cl\u00e9ment GY<\/p><p style=\"padding-left: 120px;\">B\u00e9atrice HAAG<\/p><p style=\"padding-left: 120px;\">M\u00e9lanie KURZ<\/p><p style=\"padding-left: 120px;\">Marcel Julius JOOSEN<\/p><p style=\"padding-left: 120px;\">Dominique KENNEL<\/p><p style=\"padding-left: 120px;\">Jacqueline LENO\u00cbL<\/p><p style=\"padding-left: 120px;\">Fabrice LIIRI<\/p><p style=\"padding-left: 120px;\">St\u00e9phan MAURER<\/p><p style=\"padding-left: 120px;\">Sylvie MEILLET<\/p><p style=\"padding-left: 120px;\">Willona MINOT<\/p><p style=\"padding-left: 120px;\">Michel PAGANI<\/p><p style=\"padding-left: 120px;\">Yann PRELAT<\/p><p style=\"padding-left: 120px;\">Jean-Pierre ROBINET<\/p><p style=\"padding-left: 120px;\">Pascale ROUSSELOT<\/p><p style=\"padding-left: 120px;\">Anne-Marie SIDO<\/p><p style=\"padding-left: 120px;\">Damien VALENTIN<\/p><p style=\"padding-left: 120px;\">Alice VAUGE<\/p><p style=\"padding-left: 120px;\">Fr\u00e9d\u00e9ric VAUGE<\/p><p style=\"padding-left: 120px;\">R\u00e9my VERROUST<\/p><p>F\u00e9licitations \u00e0 eux et un grand bravo \u00e9galement \u00e0 tous les artistes qui n&rsquo;ont pas \u00e9t\u00e9 retenus.\u00a0<\/p><h2 style=\"font-weight: 400;\"><strong>renseignements\u00a0<\/strong><\/h2><p style=\"font-weight: 400;\">Pour tout renseignement, s\u2019adresser \u00e0 la Direction des Politiques Culturelles au 03 25 30 60 56\u00a0<\/p>\t\t\t\t\t<\/div>\n\t\t\t\t\t\t<\/div>\n\t\t\t\t<\/div>\n\t\t\t\t\t\t<\/div>\n\t\t\t\t\t<\/div>\n\t\t<\/div>\n\t\t\t\t\t\t\t\t<\/div>\n\t\t\t\t\t<\/div>\n\t\t<\/section>\n\t\t\t\t<section class=\"elementor-section elementor-top-section elementor-element elementor-element-a7f735e elementor-section-boxed elementor-section-height-default elementor-section-height-default\" data-id=\"a7f735e\" data-element_type=\"section\">\n\t\t\t\t\t\t<div class=\"elementor-container elementor-column-gap-default\">\n\t\t\t\t\t\t\t<div class=\"elementor-row\">\n\t\t\t\t\t<div class=\"elementor-column elementor-col-100 elementor-top-column elementor-element elementor-element-9d237a9\" data-id=\"9d237a9\" data-element_type=\"column\">\n\t\t\t<div class=\"elementor-column-wrap\">\n\t\t\t\t\t\t\t<div class=\"elementor-widget-wrap\">\n\t\t\t\t\t\t\t\t<\/div>\n\t\t\t\t\t<\/div>\n\t\t<\/div>\n\t\t\t\t\t\t\t\t<\/div>\n\t\t\t\t\t<\/div>\n\t\t<\/section>\n\t\t\t\t\t\t\t\t\t<\/div>\n\t\t\t<\/div>\n\t\t\t\t\t<\/div>\n\t\t","protected":false},"excerpt":{"rendered":"<p>participez aux Rencontres des artistes haut-marnais Rendez-vous artistique incontournable pour la Ville de Chaumont depuis bient\u00f4t 25 ans, la Biennale des artistes haut-marnais s&rsquo;est transform\u00e9e en Rencontres des artistes haut-marnais [&hellip;]<\/p>\n","protected":false},"author":1,"featured_media":0,"parent":3241,"menu_order":0,"comment_status":"closed","ping_status":"closed","template":"","meta":{"_uag_custom_page_level_css":"","footnotes":""},"yoast_head":"<!-- This site is optimized with the Yoast SEO plugin v21.1 - https:\/\/yoast.com\/wordpress\/plugins\/seo\/ -->\n<title>Rencontres des Artistes Haut-Marnais Chapelle des J\u00e9suites - Les Saisons Culturelles de Chaumont<\/title>\n<meta name=\"robots\" content=\"noindex, follow, max-snippet:-1, max-image-preview:large, max-video-preview:-1\" \/>\n<meta property=\"og:locale\" content=\"fr_FR\" \/>\n<meta property=\"og:type\" content=\"article\" \/>\n<meta property=\"og:title\" content=\"Rencontres des Artistes Haut-Marnais Chapelle des J\u00e9suites - Les Saisons Culturelles de Chaumont\" \/>\n<meta property=\"og:description\" content=\"participez aux Rencontres des artistes haut-marnais Rendez-vous artistique incontournable pour la Ville de Chaumont depuis bient\u00f4t 25 ans, la Biennale des artistes haut-marnais s&rsquo;est transform\u00e9e en Rencontres des artistes haut-marnais [&hellip;]\" \/>\n<meta property=\"og:url\" content=\"https:\/\/saisonsculturelleschaumont.fr\/mdxpuixt\/participez\/rencontres-des-artistes-haut-marnais-chapelle-des-jesuites\/\" \/>\n<meta property=\"og:site_name\" content=\"Les Saisons Culturelles de Chaumont\" \/>\n<meta property=\"article:publisher\" content=\"https:\/\/www.facebook.com\/saisonsculturelleschaumont\/\" \/>\n<meta property=\"article:modified_time\" content=\"2024-01-15T14:07:10+00:00\" \/>\n<meta property=\"og:image\" content=\"https:\/\/saisonsculturelleschaumont.fr\/mdxpuixt\/wp-content\/uploads\/2023\/06\/DSC_7342-768x768.jpg\" \/>\n<meta name=\"twitter:card\" content=\"summary_large_image\" \/>\n<meta name=\"twitter:label1\" content=\"Dur\u00e9e de lecture estim\u00e9e\" \/>\n\t<meta name=\"twitter:data1\" content=\"4 minutes\" \/>\n<script type=\"application\/ld+json\" class=\"yoast-schema-graph\">{\"@context\":\"https:\/\/schema.org\",\"@graph\":[{\"@type\":\"WebPage\",\"@id\":\"https:\/\/saisonsculturelleschaumont.fr\/mdxpuixt\/participez\/rencontres-des-artistes-haut-marnais-chapelle-des-jesuites\/\",\"url\":\"https:\/\/saisonsculturelleschaumont.fr\/mdxpuixt\/participez\/rencontres-des-artistes-haut-marnais-chapelle-des-jesuites\/\",\"name\":\"Rencontres des Artistes Haut-Marnais Chapelle des J\u00e9suites - Les Saisons Culturelles de Chaumont\",\"isPartOf\":{\"@id\":\"https:\/\/saisonsculturelleschaumont.fr\/mdxpuixt\/#website\"},\"datePublished\":\"2021-11-26T14:20:50+00:00\",\"dateModified\":\"2024-01-15T14:07:10+00:00\",\"breadcrumb\":{\"@id\":\"https:\/\/saisonsculturelleschaumont.fr\/mdxpuixt\/participez\/rencontres-des-artistes-haut-marnais-chapelle-des-jesuites\/#breadcrumb\"},\"inLanguage\":\"fr-FR\",\"potentialAction\":[{\"@type\":\"ReadAction\",\"target\":[\"https:\/\/saisonsculturelleschaumont.fr\/mdxpuixt\/participez\/rencontres-des-artistes-haut-marnais-chapelle-des-jesuites\/\"]}]},{\"@type\":\"BreadcrumbList\",\"@id\":\"https:\/\/saisonsculturelleschaumont.fr\/mdxpuixt\/participez\/rencontres-des-artistes-haut-marnais-chapelle-des-jesuites\/#breadcrumb\",\"itemListElement\":[{\"@type\":\"ListItem\",\"position\":1,\"name\":\"Accueil\",\"item\":\"https:\/\/saisonsculturelleschaumont.fr\/mdxpuixt\/\"},{\"@type\":\"ListItem\",\"position\":2,\"name\":\"participez\",\"item\":\"https:\/\/saisonsculturelleschaumont.fr\/mdxpuixt\/participez\/\"},{\"@type\":\"ListItem\",\"position\":3,\"name\":\"Rencontres des Artistes Haut-Marnais Chapelle des J\u00e9suites\"}]},{\"@type\":\"WebSite\",\"@id\":\"https:\/\/saisonsculturelleschaumont.fr\/mdxpuixt\/#website\",\"url\":\"https:\/\/saisonsculturelleschaumont.fr\/mdxpuixt\/\",\"name\":\"Les Saisons Culturelles de Chaumont\",\"description\":\"\",\"potentialAction\":[{\"@type\":\"SearchAction\",\"target\":{\"@type\":\"EntryPoint\",\"urlTemplate\":\"https:\/\/saisonsculturelleschaumont.fr\/mdxpuixt\/?s={search_term_string}\"},\"query-input\":\"required name=search_term_string\"}],\"inLanguage\":\"fr-FR\"}]}<\/script>\n<!-- \/ Yoast SEO plugin. -->","yoast_head_json":{"title":"Rencontres des Artistes Haut-Marnais Chapelle des J\u00e9suites - Les Saisons Culturelles de Chaumont","robots":{"index":"noindex","follow":"follow","max-snippet":"max-snippet:-1","max-image-preview":"max-image-preview:large","max-video-preview":"max-video-preview:-1"},"og_locale":"fr_FR","og_type":"article","og_title":"Rencontres des Artistes Haut-Marnais Chapelle des J\u00e9suites - Les Saisons Culturelles de Chaumont","og_description":"participez aux Rencontres des artistes haut-marnais Rendez-vous artistique incontournable pour la Ville de Chaumont depuis bient\u00f4t 25 ans, la Biennale des artistes haut-marnais s&rsquo;est transform\u00e9e en Rencontres des artistes haut-marnais [&hellip;]","og_url":"https:\/\/saisonsculturelleschaumont.fr\/mdxpuixt\/participez\/rencontres-des-artistes-haut-marnais-chapelle-des-jesuites\/","og_site_name":"Les Saisons Culturelles de Chaumont","article_publisher":"https:\/\/www.facebook.com\/saisonsculturelleschaumont\/","article_modified_time":"2024-01-15T14:07:10+00:00","og_image":[{"url":"https:\/\/saisonsculturelleschaumont.fr\/mdxpuixt\/wp-content\/uploads\/2023\/06\/DSC_7342-768x768.jpg"}],"twitter_card":"summary_large_image","twitter_misc":{"Dur\u00e9e de lecture estim\u00e9e":"4 minutes"},"schema":{"@context":"https:\/\/schema.org","@graph":[{"@type":"WebPage","@id":"https:\/\/saisonsculturelleschaumont.fr\/mdxpuixt\/participez\/rencontres-des-artistes-haut-marnais-chapelle-des-jesuites\/","url":"https:\/\/saisonsculturelleschaumont.fr\/mdxpuixt\/participez\/rencontres-des-artistes-haut-marnais-chapelle-des-jesuites\/","name":"Rencontres des Artistes Haut-Marnais Chapelle des J\u00e9suites - Les Saisons Culturelles de Chaumont","isPartOf":{"@id":"https:\/\/saisonsculturelleschaumont.fr\/mdxpuixt\/#website"},"datePublished":"2021-11-26T14:20:50+00:00","dateModified":"2024-01-15T14:07:10+00:00","breadcrumb":{"@id":"https:\/\/saisonsculturelleschaumont.fr\/mdxpuixt\/participez\/rencontres-des-artistes-haut-marnais-chapelle-des-jesuites\/#breadcrumb"},"inLanguage":"fr-FR","potentialAction":[{"@type":"ReadAction","target":["https:\/\/saisonsculturelleschaumont.fr\/mdxpuixt\/participez\/rencontres-des-artistes-haut-marnais-chapelle-des-jesuites\/"]}]},{"@type":"BreadcrumbList","@id":"https:\/\/saisonsculturelleschaumont.fr\/mdxpuixt\/participez\/rencontres-des-artistes-haut-marnais-chapelle-des-jesuites\/#breadcrumb","itemListElement":[{"@type":"ListItem","position":1,"name":"Accueil","item":"https:\/\/saisonsculturelleschaumont.fr\/mdxpuixt\/"},{"@type":"ListItem","position":2,"name":"participez","item":"https:\/\/saisonsculturelleschaumont.fr\/mdxpuixt\/participez\/"},{"@type":"ListItem","position":3,"name":"Rencontres des Artistes Haut-Marnais Chapelle des J\u00e9suites"}]},{"@type":"WebSite","@id":"https:\/\/saisonsculturelleschaumont.fr\/mdxpuixt\/#website","url":"https:\/\/saisonsculturelleschaumont.fr\/mdxpuixt\/","name":"Les Saisons Culturelles de Chaumont","description":"","potentialAction":[{"@type":"SearchAction","target":{"@type":"EntryPoint","urlTemplate":"https:\/\/saisonsculturelleschaumont.fr\/mdxpuixt\/?s={search_term_string}"},"query-input":"required name=search_term_string"}],"inLanguage":"fr-FR"}]}},"uagb_featured_image_src":{"full":false,"thumbnail":false,"medium":false,"medium_large":false,"large":false,"1536x1536":false,"2048x2048":false,"widget":false,"square":false,"featured":false,"featured_large":false,"extra_large":false,"portfolio":false,"portfolio_small":false,"gallery":false,"magazine":false,"masonry":false,"entry_with_sidebar":false,"entry_without_sidebar":false},"uagb_author_info":{"display_name":"danielkolski","author_link":"https:\/\/saisonsculturelleschaumont.fr\/mdxpuixt\/author\/danielkolski\/"},"uagb_comment_info":0,"uagb_excerpt":"participez aux Rencontres des artistes haut-marnais Rendez-vous artistique incontournable pour la Ville de Chaumont depuis bient\u00f4t 25 ans, la Biennale des artistes haut-marnais s&rsquo;est transform\u00e9e en Rencontres des artistes haut-marnais [&hellip;]","_links":{"self":[{"href":"https:\/\/saisonsculturelleschaumont.fr\/mdxpuixt\/wp-json\/wp\/v2\/pages\/7330"}],"collection":[{"href":"https:\/\/saisonsculturelleschaumont.fr\/mdxpuixt\/wp-json\/wp\/v2\/pages"}],"about":[{"href":"https:\/\/saisonsculturelleschaumont.fr\/mdxpuixt\/wp-json\/wp\/v2\/types\/page"}],"author":[{"embeddable":true,"href":"https:\/\/saisonsculturelleschaumont.fr\/mdxpuixt\/wp-json\/wp\/v2\/users\/1"}],"replies":[{"embeddable":true,"href":"https:\/\/saisonsculturelleschaumont.fr\/mdxpuixt\/wp-json\/wp\/v2\/comments?post=7330"}],"version-history":[{"count":0,"href":"https:\/\/saisonsculturelleschaumont.fr\/mdxpuixt\/wp-json\/wp\/v2\/pages\/7330\/revisions"}],"up":[{"embeddable":true,"href":"https:\/\/saisonsculturelleschaumont.fr\/mdxpuixt\/wp-json\/wp\/v2\/pages\/3241"}],"wp:attachment":[{"href":"https:\/\/saisonsculturelleschaumont.fr\/mdxpuixt\/wp-json\/wp\/v2\/media?parent=7330"}],"curies":[{"name":"wp","href":"https:\/\/api.w.org\/{rel}","templated":true}]}}