{"id":7939,"date":"2022-02-18T11:16:32","date_gmt":"2022-02-18T10:16:32","guid":{"rendered":"https:\/\/saisonsculturelleschaumont.fr\/mdxpuixt\/?page_id=7939"},"modified":"2024-12-28T19:04:23","modified_gmt":"2024-12-28T18:04:23","slug":"parcours-graphique","status":"publish","type":"page","link":"https:\/\/saisonsculturelleschaumont.fr\/mdxpuixt\/participez\/parcours-graphique\/","title":{"rendered":"parcours graphique"},"content":{"rendered":"\t\t<div data-elementor-type=\"wp-post\" data-elementor-id=\"7939\" class=\"elementor elementor-7939\">\n\t\t\t\t\t\t<div class=\"elementor-inner\">\n\t\t\t\t<div class=\"elementor-section-wrap\">\n\t\t\t\t\t\t\t\t\t<section class=\"elementor-section elementor-top-section elementor-element elementor-element-595af86 elementor-section-boxed elementor-section-height-default elementor-section-height-default\" data-id=\"595af86\" data-element_type=\"section\">\n\t\t\t\t\t\t<div class=\"elementor-container elementor-column-gap-default\">\n\t\t\t\t\t\t\t<div class=\"elementor-row\">\n\t\t\t\t\t<div class=\"elementor-column elementor-col-100 elementor-top-column elementor-element elementor-element-10f69b84\" data-id=\"10f69b84\" data-element_type=\"column\">\n\t\t\t<div class=\"elementor-column-wrap elementor-element-populated\">\n\t\t\t\t\t\t\t<div class=\"elementor-widget-wrap\">\n\t\t\t\t\t\t<div class=\"elementor-element elementor-element-7260f8db elementor-widget elementor-widget-text-editor\" data-id=\"7260f8db\" data-element_type=\"widget\" data-widget_type=\"text-editor.default\">\n\t\t\t\t<div class=\"elementor-widget-container\">\n\t\t\t\t\t\t\t\t<div class=\"elementor-text-editor elementor-clearfix\">\n\t\t\t\t<h1><strong>parcours graphique <\/strong><strong>aux entr\u00e9es de la <\/strong><strong>Ville de Chaumont<\/strong><\/h1><h2>commande publique artistique 2021<\/h2><p>\u00a0<\/p><p>La reconnaissance, le d\u00e9veloppement et le rayonnement du design graphique sous ses formes les plus vari\u00e9es, pour le public le plus large, est une mission d\u2019int\u00e9r\u00eat public \u00e0 Chaumont. Dans ce contexte, et forte de son Centre national du graphisme \u2013 Le Signe, unique en France, la Ville de Chaumont a d\u00e9cid\u00e9 d\u2019initier un parcours graphique urbain afin de valoriser ses entr\u00e9es de Ville qu\u2019elle souhaite attractives et artistiques.<\/p><p>Pour cela, Chaumont, ville du Graphisme, a lanc\u00e9, en juin 2021, un appel \u00e0 l\u2019international aux talents de tous secteurs artistiques qui seraient s\u00e9duits par ce projet d\u2019envergure unique en France. Une soixantaine de candidatures ont \u00e9t\u00e9 \u00e9tudi\u00e9es par un jury de professionnels.\u00a0<\/p>\t\t\t\t\t<\/div>\n\t\t\t\t\t\t<\/div>\n\t\t\t\t<\/div>\n\t\t\t\t<div class=\"elementor-element elementor-element-890a396 elementor-widget elementor-widget-toggle\" data-id=\"890a396\" data-element_type=\"widget\" data-widget_type=\"toggle.default\">\n\t\t\t\t<div class=\"elementor-widget-container\">\n\t\t\t\t\t<div class=\"elementor-toggle\">\n\t\t\t\t\t\t\t<div class=\"elementor-toggle-item\">\n\t\t\t\t\t<div id=\"elementor-tab-title-1431\" class=\"elementor-tab-title\" data-tab=\"1\" role=\"button\" aria-controls=\"elementor-tab-content-1431\" aria-expanded=\"false\">\n\t\t\t\t\t\t\t\t\t\t\t\t<span class=\"elementor-toggle-icon elementor-toggle-icon-left\" aria-hidden=\"true\">\n\t\t\t\t\t\t\t\t\t\t\t\t\t\t\t<span class=\"elementor-toggle-icon-closed\"><i class=\"fas fa-plus\"><\/i><\/span>\n\t\t\t\t\t\t\t\t<span class=\"elementor-toggle-icon-opened\"><i class=\"elementor-toggle-icon-opened fas fa-minus\"><\/i><\/span>\n\t\t\t\t\t\t\t\t\t\t\t\t\t<\/span>\n\t\t\t\t\t\t\t\t\t\t\t\t<a class=\"elementor-toggle-title\" tabindex=\"0\">Membres du Jury<\/a>\n\t\t\t\t\t<\/div>\n\n\t\t\t\t\t<div id=\"elementor-tab-content-1431\" class=\"elementor-tab-content elementor-clearfix\" data-tab=\"1\" role=\"region\" aria-labelledby=\"elementor-tab-title-1431\"><ul><li><strong>Christine GUILLEMY<\/strong> \u2013 Maire de Chaumont<\/li><li><strong>Paul FOURNI\u00c9<\/strong> \u2013 Premier Adjoint en charge de la culture, des sports, des loisirs du monde associatif et de l\u2019\u00e9v\u00e8nementiel<\/li><li><strong>Nathalie FERREIRA<\/strong> \u2013 Directrice des Politiques Culturelles<\/li><li><strong>Thomas HUOT-MARCHAND<\/strong> \u2013 Directeur Atelier National de Recherche Typographique<\/li><li><strong>Laurent INNOCENZI<\/strong> \u2013 Conseiller arts visuels &amp; cin\u00e9ma DRAC Grand Est<\/li><li><strong>Francis GELIN<\/strong> \u2013 Directeur g\u00e9n\u00e9ral Agence culturelle Grand Est<\/li><li><strong>Jean-Michel GERIDAN<\/strong> \u2013 Directeur g\u00e9n\u00e9ral du Signe \u2013 Centre national du graphisme<\/li><li><strong>V\u00e9ronique MARRIER<\/strong> \u2013 Cheffe du service design graphique \u2013 Centre national des arts plastiques<\/li><li><strong>Caroline MARLOT<\/strong> \u2013 Architecte des b\u00e2timents de France \u2013 UDAP Haute-Marne\u00a0<\/li><li><strong>Caroline POINSOT-FRECON<\/strong> \u2013 Directrice de la culture, des sports et du monde associatif \u2013 P\u00f4le solidarit\u00e9s \u2013 Conseil d\u00e9partemental de la Haute-Marne<\/li><\/ul><\/div>\n\t\t\t\t<\/div>\n\t\t\t\t\t\t\t\t<\/div>\n\t\t\t\t<\/div>\n\t\t\t\t<\/div>\n\t\t\t\t<div class=\"elementor-element elementor-element-120b83cb elementor-widget elementor-widget-text-editor\" data-id=\"120b83cb\" data-element_type=\"widget\" data-widget_type=\"text-editor.default\">\n\t\t\t\t<div class=\"elementor-widget-container\">\n\t\t\t\t\t\t\t\t<div class=\"elementor-text-editor elementor-clearfix\">\n\t\t\t\t<p>Cinq artistes-graphistes ont \u00e9t\u00e9 s\u00e9lectionn\u00e9s :<\/p><ul><li><strong>l\u2019Atelier Baudelaire<\/strong><\/li><li><strong>Philippe Baudelocque<\/strong><\/li><li><strong>Justine Figueiredo<\/strong><\/li><li><strong>Simon Renaud<\/strong><\/li><li><strong>Gr\u00e9goire Romanet<\/strong><\/li><\/ul><p>Chacun a pr\u00e9sent\u00e9 son projet devant le Conseil national des \u0153uvres d\u2019art dans l\u2019espace public de la DGCA (Direction G\u00e9n\u00e9rale de la Cr\u00e9ation Artistique) du Minist\u00e8re de la Culture. Suite \u00e0 cette pr\u00e9sentation, le Minist\u00e8re de la Culture a d\u00e9cid\u00e9 d\u2019attribuer une subvention pour soutenir la Ville de Chaumont dans la mise en \u0153uvre du parcours.<\/p><p>D\u00e9couvrez le parcours graphique en cliquant sur les hotspots du plan ci-dessous ou sur les onglets situ\u00e9s en dessous du plan.<\/p>\t\t\t\t\t<\/div>\n\t\t\t\t\t\t<\/div>\n\t\t\t\t<\/div>\n\t\t\t\t\t\t<\/div>\n\t\t\t\t\t<\/div>\n\t\t<\/div>\n\t\t\t\t\t\t\t\t<\/div>\n\t\t\t\t\t<\/div>\n\t\t<\/section>\n\t\t\t\t<section class=\"elementor-section elementor-top-section elementor-element elementor-element-e9f0d67 elementor-section-boxed elementor-section-height-default elementor-section-height-default\" data-id=\"e9f0d67\" data-element_type=\"section\" id=\"dk-hotspot\">\n\t\t\t\t\t\t<div class=\"elementor-container elementor-column-gap-default\">\n\t\t\t\t\t\t\t<div class=\"elementor-row\">\n\t\t\t\t\t<div class=\"elementor-column elementor-col-100 elementor-top-column elementor-element elementor-element-be74489\" data-id=\"be74489\" data-element_type=\"column\">\n\t\t\t<div class=\"elementor-column-wrap elementor-element-populated\">\n\t\t\t\t\t\t\t<div class=\"elementor-widget-wrap\">\n\t\t\t\t\t\t<div class=\"elementor-element elementor-element-829f9da elementor-widget elementor-widget-premium-addon-image-hotspots\" data-id=\"829f9da\" data-element_type=\"widget\" data-widget_type=\"premium-addon-image-hotspots.default\">\n\t\t\t\t<div class=\"elementor-widget-container\">\n\t\t\t\n\t<div id=\"premium-image-hotspots-829f9da\" class=\"premium-image-hotspots-container\" data-settings=\"{&quot;anim&quot;:&quot;grow&quot;,&quot;animDur&quot;:500,&quot;delay&quot;:10,&quot;arrow&quot;:true,&quot;distance&quot;:5,&quot;minWidth&quot;:250,&quot;maxWidth&quot;:800,&quot;side&quot;:[&quot;bottom&quot;],&quot;hideMobiles&quot;:false,&quot;active&quot;:true,&quot;trigger&quot;:&quot;hover&quot;,&quot;id&quot;:&quot;829f9da&quot;,&quot;iconHover&quot;:&quot;&quot;}\">\n\t\t<div class=\"premium-image-hotspots-img-wrap\">\n\t\t\t<img decoding=\"async\" src=\"https:\/\/saisonsculturelleschaumont.fr\/mdxpuixt\/wp-content\/uploads\/2023\/08\/CARTE-VILLE_parcours-graphique_site-Internet_2023_Plan-de-travail-1.png\" title=\"CARTE VILLE_parcours graphique_site Internet_2023_Plan de travail 1\" alt=\"CARTE VILLE_parcours graphique_site Internet_2023_Plan de travail 1\" loading=\"lazy\" \/>\t\t\t\t\t\t\t<div class=\"premium-image-hotspots-main-icons tooltip-wrapper   elementor-repeater-item-7df83f1 premium-image-hotspots-main-icons-7df83f1\" data-tooltip-content=\"#tooltip_content\">\n\t\t\t\t\t\n\t\t\t\t\t<div class=\"premium-hotsot-icon-wrap\">\n\t\t\t\t\t\t\t\t\t\t\t\t\t<p class=\"premium-image-hotspots-text\">\n\t\t\t\t\t\t\t\t<a href=\"#dk-hotspot0\">1<\/a>\t\t\t\t\t\t\t<\/p>\n\t\t\t\t\t\t\t\t\t\t\t<\/div>\n\n\t\t\t\t\t\n\t\t\t\t\t\n\t\t\t\t\t<div class=\"premium-image-hotspots-tooltips-wrapper\">\n\t\t\t\t\t\t<div id=\"tooltip_content\" class=\"premium-image-hotspots-tooltips-text\">\n\t\t\t\t\t\t\t<p><img decoding=\"async\" loading=\"lazy\" class=\" wp-image-9846 alignleft\" src=\"https:\/\/saisonsculturelleschaumont.fr\/mdxpuixt\/wp-content\/uploads\/2023\/02\/DSC_4700-e1676279481329-300x300.jpg\" alt=\"\" width=\"95\" height=\"114\" \/>Atelier Baudelaire<br \/><em>Chaumont Amour<\/em><\/p><p>r\u00e9alis\u00e9e en 11\/22<\/p><p><a href=\"#dk-hotspot0\">en savoir plus<\/a><\/p>\t\t\t\t\t\t<\/div>\n\t\t\t\t\t<\/div>\n\t\t\t\t<\/div>\n\t\t\t\t\t\t\t<div class=\"premium-image-hotspots-main-icons tooltip-wrapper   elementor-repeater-item-cc83b63 premium-image-hotspots-main-icons-cc83b63\" data-tooltip-content=\"#tooltip_content\">\n\t\t\t\t\t\n\t\t\t\t\t<div class=\"premium-hotsot-icon-wrap\">\n\t\t\t\t\t\t\t\t\t\t\t\t\t<p class=\"premium-image-hotspots-text\">\n\t\t\t\t\t\t\t\t<a href=\"#dk-hotspot0\">2<\/a>\t\t\t\t\t\t\t<\/p>\n\t\t\t\t\t\t\t\t\t\t\t<\/div>\n\n\t\t\t\t\t\n\t\t\t\t\t\n\t\t\t\t\t<div class=\"premium-image-hotspots-tooltips-wrapper\">\n\t\t\t\t\t\t<div id=\"tooltip_content\" class=\"premium-image-hotspots-tooltips-text\">\n\t\t\t\t\t\t\t<p>Gr\u00e9goire Romanet<br \/><em>690 ronds<br \/><\/em>automne 2022<\/p><p><a href=\"#dk-hotspot0\">en savoir plus<\/a><\/p>\t\t\t\t\t\t<\/div>\n\t\t\t\t\t<\/div>\n\t\t\t\t<\/div>\n\t\t\t\t\t\t\t<div class=\"premium-image-hotspots-main-icons tooltip-wrapper   elementor-repeater-item-3e719c9 premium-image-hotspots-main-icons-3e719c9\" data-tooltip-content=\"#tooltip_content\">\n\t\t\t\t\t\n\t\t\t\t\t<div class=\"premium-hotsot-icon-wrap\">\n\t\t\t\t\t\t\t\t\t\t\t\t\t<p class=\"premium-image-hotspots-text\">\n\t\t\t\t\t\t\t\t<a href=\"#dk-hotspot0\">3<\/a>\t\t\t\t\t\t\t<\/p>\n\t\t\t\t\t\t\t\t\t\t\t<\/div>\n\n\t\t\t\t\t\n\t\t\t\t\t\n\t\t\t\t\t<div class=\"premium-image-hotspots-tooltips-wrapper\">\n\t\t\t\t\t\t<div id=\"tooltip_content\" class=\"premium-image-hotspots-tooltips-text\">\n\t\t\t\t\t\t\t<p><img decoding=\"async\" loading=\"lazy\" class=\"size-thumbnail wp-image-7842 alignleft\" src=\"https:\/\/saisonsculturelleschaumont.fr\/mdxpuixt\/wp-content\/uploads\/2022\/02\/JUSTINE-FIGUEIREDO.\u00a9RP-80x80.jpg\" alt=\"\" width=\"80\" height=\"80\" srcset=\"https:\/\/saisonsculturelleschaumont.fr\/mdxpuixt\/wp-content\/uploads\/2022\/02\/JUSTINE-FIGUEIREDO.\u00a9RP-80x80.jpg 80w, https:\/\/saisonsculturelleschaumont.fr\/mdxpuixt\/wp-content\/uploads\/2022\/02\/JUSTINE-FIGUEIREDO.\u00a9RP-300x300.jpg 300w, https:\/\/saisonsculturelleschaumont.fr\/mdxpuixt\/wp-content\/uploads\/2022\/02\/JUSTINE-FIGUEIREDO.\u00a9RP-768x768.jpg 768w, https:\/\/saisonsculturelleschaumont.fr\/mdxpuixt\/wp-content\/uploads\/2022\/02\/JUSTINE-FIGUEIREDO.\u00a9RP-60x60.jpg 60w, https:\/\/saisonsculturelleschaumont.fr\/mdxpuixt\/wp-content\/uploads\/2022\/02\/JUSTINE-FIGUEIREDO.\u00a9RP-36x36.jpg 36w, https:\/\/saisonsculturelleschaumont.fr\/mdxpuixt\/wp-content\/uploads\/2022\/02\/JUSTINE-FIGUEIREDO.\u00a9RP-180x180.jpg 180w\" sizes=\"(max-width: 80px) 100vw, 80px\" \/>Justine Figueiredo<br \/><em>Surface jouable<\/em><br \/>r\u00e9alis\u00e9e en 11\/21<br \/><a href=\"#dk-hotspot0\">en savoir plus<\/a><\/p>\t\t\t\t\t\t<\/div>\n\t\t\t\t\t<\/div>\n\t\t\t\t<\/div>\n\t\t\t\t\t\t\t<div class=\"premium-image-hotspots-main-icons tooltip-wrapper   elementor-repeater-item-2b55cec premium-image-hotspots-main-icons-2b55cec\" data-tooltip-content=\"#tooltip_content\">\n\t\t\t\t\t\n\t\t\t\t\t<div class=\"premium-hotsot-icon-wrap\">\n\t\t\t\t\t\t\t\t\t\t\t\t\t<p class=\"premium-image-hotspots-text\">\n\t\t\t\t\t\t\t\t<a href=\"#dk-hotspot0\">4<\/a>\t\t\t\t\t\t\t<\/p>\n\t\t\t\t\t\t\t\t\t\t\t<\/div>\n\n\t\t\t\t\t\n\t\t\t\t\t\n\t\t\t\t\t<div class=\"premium-image-hotspots-tooltips-wrapper\">\n\t\t\t\t\t\t<div id=\"tooltip_content\" class=\"premium-image-hotspots-tooltips-text\">\n\t\t\t\t\t\t\t<p><img decoding=\"async\" loading=\"lazy\" class=\"size-thumbnail wp-image-7843 alignleft\" src=\"https:\/\/saisonsculturelleschaumont.fr\/mdxpuixt\/wp-content\/uploads\/2022\/02\/SIMON-RENAUD-\u00a9RP-80x80.jpg\" alt=\"\" width=\"80\" height=\"80\" srcset=\"https:\/\/saisonsculturelleschaumont.fr\/mdxpuixt\/wp-content\/uploads\/2022\/02\/SIMON-RENAUD-\u00a9RP-80x80.jpg 80w, https:\/\/saisonsculturelleschaumont.fr\/mdxpuixt\/wp-content\/uploads\/2022\/02\/SIMON-RENAUD-\u00a9RP-300x300.jpg 300w, https:\/\/saisonsculturelleschaumont.fr\/mdxpuixt\/wp-content\/uploads\/2022\/02\/SIMON-RENAUD-\u00a9RP-768x768.jpg 768w, https:\/\/saisonsculturelleschaumont.fr\/mdxpuixt\/wp-content\/uploads\/2022\/02\/SIMON-RENAUD-\u00a9RP-60x60.jpg 60w, https:\/\/saisonsculturelleschaumont.fr\/mdxpuixt\/wp-content\/uploads\/2022\/02\/SIMON-RENAUD-\u00a9RP-36x36.jpg 36w, https:\/\/saisonsculturelleschaumont.fr\/mdxpuixt\/wp-content\/uploads\/2022\/02\/SIMON-RENAUD-\u00a9RP-180x180.jpg 180w\" sizes=\"(max-width: 80px) 100vw, 80px\" \/>Simon \u00a0Renaud<br \/><em>Le r\u00e9el s\u2019\u00e9crit dans \u2026<br \/><\/em>r\u00e9alis\u00e9e en 01\/22<br \/><a href=\"#dk-hotspot0\">en savoir plus<\/a><\/p>\t\t\t\t\t\t<\/div>\n\t\t\t\t\t<\/div>\n\t\t\t\t<\/div>\n\t\t\t\t\t\t\t<div class=\"premium-image-hotspots-main-icons tooltip-wrapper   elementor-repeater-item-1144e7a premium-image-hotspots-main-icons-1144e7a\" data-tooltip-content=\"#tooltip_content\">\n\t\t\t\t\t\n\t\t\t\t\t<div class=\"premium-hotsot-icon-wrap\">\n\t\t\t\t\t\t\t\t\t\t\t\t\t<p class=\"premium-image-hotspots-text\">\n\t\t\t\t\t\t\t\t<a href=\"#dk-hotspot0\">5<\/a>\t\t\t\t\t\t\t<\/p>\n\t\t\t\t\t\t\t\t\t\t\t<\/div>\n\n\t\t\t\t\t\n\t\t\t\t\t\n\t\t\t\t\t<div class=\"premium-image-hotspots-tooltips-wrapper\">\n\t\t\t\t\t\t<div id=\"tooltip_content\" class=\"premium-image-hotspots-tooltips-text\">\n\t\t\t\t\t\t\t<p>Philippe Baudelocque<\/p><p><em>Nadis<\/em><\/p><p>\u00e9t\u00e9 2022<\/p><p><a href=\"#dk-hotspot0\">en savoir plus<\/a><\/p>\t\t\t\t\t\t<\/div>\n\t\t\t\t\t<\/div>\n\t\t\t\t<\/div>\n\t\t\t\t\t<\/div>\n\t<\/div>\n\t\t\t\t<\/div>\n\t\t\t\t<\/div>\n\t\t\t\t\t\t<\/div>\n\t\t\t\t\t<\/div>\n\t\t<\/div>\n\t\t\t\t\t\t\t\t<\/div>\n\t\t\t\t\t<\/div>\n\t\t<\/section>\n\t\t\t\t<section class=\"elementor-section elementor-top-section elementor-element elementor-element-ea97dfc elementor-section-boxed elementor-section-height-default elementor-section-height-default\" data-id=\"ea97dfc\" data-element_type=\"section\" id=\"dk-hotspot0\">\n\t\t\t\t\t\t<div class=\"elementor-container elementor-column-gap-default\">\n\t\t\t\t\t\t\t<div class=\"elementor-row\">\n\t\t\t\t\t<div class=\"elementor-column elementor-col-100 elementor-top-column elementor-element elementor-element-fac0304\" data-id=\"fac0304\" data-element_type=\"column\">\n\t\t\t<div class=\"elementor-column-wrap elementor-element-populated\">\n\t\t\t\t\t\t\t<div class=\"elementor-widget-wrap\">\n\t\t\t\t\t\t<div class=\"elementor-element elementor-element-594efd1 elementor-widget elementor-widget-toggle\" data-id=\"594efd1\" data-element_type=\"widget\" data-widget_type=\"toggle.default\">\n\t\t\t\t<div class=\"elementor-widget-container\">\n\t\t\t\t\t<div class=\"elementor-toggle\">\n\t\t\t\t\t\t\t<div class=\"elementor-toggle-item\">\n\t\t\t\t\t<div id=\"elementor-tab-title-9361\" class=\"elementor-tab-title\" data-tab=\"1\" role=\"button\" aria-controls=\"elementor-tab-content-9361\" aria-expanded=\"false\">\n\t\t\t\t\t\t\t\t\t\t\t\t<span class=\"elementor-toggle-icon elementor-toggle-icon-left\" aria-hidden=\"true\">\n\t\t\t\t\t\t\t\t\t\t\t\t\t\t\t<span class=\"elementor-toggle-icon-closed\"><i class=\"fas fa-plus\"><\/i><\/span>\n\t\t\t\t\t\t\t\t<span class=\"elementor-toggle-icon-opened\"><i class=\"elementor-toggle-icon-opened fas fa-minus\"><\/i><\/span>\n\t\t\t\t\t\t\t\t\t\t\t\t\t<\/span>\n\t\t\t\t\t\t\t\t\t\t\t\t<a class=\"elementor-toggle-title\" tabindex=\"0\"><b>Atelier Baudelaire, <em>\"Chaumont Amour\"<\/em><\/b><br>mur d\u2019enceinte de l\u2019h\u00f4pital, avenue Carnot<\/a>\n\t\t\t\t\t<\/div>\n\n\t\t\t\t\t<div id=\"elementor-tab-content-9361\" class=\"elementor-tab-content elementor-clearfix\" data-tab=\"1\" role=\"region\" aria-labelledby=\"elementor-tab-title-9361\"><h2>\u00a0<\/h2><h2><img decoding=\"async\" loading=\"lazy\" class=\"alignnone wp-image-9846\" src=\"https:\/\/saisonsculturelleschaumont.fr\/mdxpuixt\/wp-content\/uploads\/2023\/02\/DSC_4700-e1676279481329-300x300.jpg\" alt=\"\" width=\"1500\" height=\"1001\" srcset=\"https:\/\/saisonsculturelleschaumont.fr\/mdxpuixt\/wp-content\/uploads\/2023\/02\/DSC_4700-e1676279481329-705x470.jpg 705w, https:\/\/saisonsculturelleschaumont.fr\/mdxpuixt\/wp-content\/uploads\/2023\/02\/DSC_4700-e1676279481329.jpg 1500w\" sizes=\"(max-width: 1500px) 100vw, 1500px\" \/><\/h2><h2>ARTISTE<\/h2><p>L\u2019Atelier Baudelaire est un studio de recherche et de cr\u00e9ation qui relie le signe \u00e0 l\u2019espace par le travail collectif autour de projets engag\u00e9s et innovants. Pour r\u00e9pondre \u00e0 l\u2019appel \u00e0 projet de la Ville de Chaumont, l\u2019Atelier Baudelaire a r\u00e9uni des designers pointus dans leurs disciplines et surtout compl\u00e9mentaires. Camille Baudelaire est designer graphique et directrice de cr\u00e9ation, sp\u00e9cialis\u00e9e dans la direction de projet collectif et la cr\u00e9ation transdisciplinaire. Olivia Grandperrin est designer graphique et directrice de cr\u00e9ation. Avec des comp\u00e9tences sp\u00e9cifiques en graphisme d\u2019utilit\u00e9 publique et en conception-r\u00e9daction, elle con\u00e7oit l\u2019identit\u00e9 de manifestations culturelles grand public et travaille sur plusieurs concepts de communication pour des campagnes lanc\u00e9es par la Ville de Paris. Eug\u00e9nie Bidaut, est actuellement \u00e9tudiante-chercheuse \u00e0 l\u2019ANRT (Atelier National de Recherche Typographique), travaille sur les questions d\u2019inclusivit\u00e9, de non-binarit\u00e9 et de post-binarit\u00e9 dans le langage par le biais de la typographie.<\/p><h2>D\u00c9MARCHE ARTISTIQUE<\/h2><p>Pour leur fresque, les graphistes de l\u2019Atelier Baudelaire ont pris comme point de d\u00e9part la perception qu\u2019ont les Chaumontais de leur ville. \u00c0 partir d\u2019anecdotes collect\u00e9es lors de plusieurs sessions d&rsquo;ateliers en f\u00e9vrier, les trois graphistes ont imagin\u00e9, avec les habitants de toutes g\u00e9n\u00e9rations confondues, des devises et slogans intimes qui repr\u00e9sentent \u00ab leur \u00bb ville. La fresque raconte ainsi Chaumont par le biais de celles et ceux qui y vivent, gr\u00e2ce \u00e0 des r\u00e9cits profond\u00e9ment vivants, et donne \u00e0 voir une forme alternative du patrimoine historique de la Ville de Chaumont.<span class=\"Apple-converted-space\">\u00a0<\/span><\/p><p>Cette fresque offre \u00e9galement aux pi\u00e9tons une exp\u00e9rience interactive puisque, en plus des slogans \u00e0 lire, des QR codes \u00e0 scanner am\u00e8nent l\u2019usager \u00e0 d\u00e9couvrir les t\u00e9moignages recueillis lors des ateliers sous la forme de podcasts. Il s\u2019agit l\u00e0 d\u2019un v\u00e9ritable prolongement de la fresque et d\u2019un moyen de conservation et de mise \u00e0 disposition d\u2019archives vivantes.<span class=\"Apple-converted-space\">\u00a0<\/span><\/p><p><span class=\"Apple-converted-space\"> <a href=\"https:\/\/chaumontamour.saisonsculturelleschaumont.fr\/\" class=\"su-button su-button-style-default\" style=\"color:#FFFFFF;background-color:#000000;border-color:#000000;border-radius:10px;-moz-border-radius:10px;-webkit-border-radius:10px\" target=\"_blank\" rel=\"noopener noreferrer\"><span style=\"color:#FFFFFF;padding:0px 26px;font-size:20px;line-height:40px;border-color:#4d4d4d;border-radius:10px;-moz-border-radius:10px;-webkit-border-radius:10px;text-shadow:none;-moz-text-shadow:none;-webkit-text-shadow:none\"> \u00e9couter les podcasts <\/span><\/a><\/span><\/p><h2>atelier<\/h2><p>La fresque de l\u2019Atelier Baudelaire est con\u00e7ue \u00e0 partir des t\u00e9moignages des habitants de Chaumont. Les ateliers ont \u00e9t\u00e9 r\u00e9alis\u00e9s en amont de la r\u00e9alisation graphique.<span class=\"Apple-converted-space\">\u00a0<\/span><\/p><p><span style=\"text-decoration: underline;\">Publics vis\u00e9s<\/span> : 3 types de publics (9-11 ans, 14-16 ans et s\u00e9niors)<\/p><p><span style=\"text-decoration: underline;\">Dates<\/span> : les 15 &amp; 16 f\u00e9vrier 2022<\/p><p><span style=\"text-decoration: underline;\">Modalit\u00e9s<\/span> : 2 sessions de 2h, ateliers film\u00e9s et enregistr\u00e9s<span class=\"Apple-converted-space\">\u00a0<\/span><\/p><p><span style=\"text-decoration: underline;\">Lieu<\/span> <b>: <\/b>Le Signe<span class=\"Apple-converted-space\">\u00a0<\/span><\/p><h2>balade graphique<\/h2><p>Vous avez envie de c\u00e9l\u00e9brer la fresque de l&rsquo;Atelier Baudelaire et, en m\u00eame temps, d&rsquo;en apprendre un peu plus sur ce projet graphique ? Accompagnez les artistes lors de la retraite aux drapeaux qui aura lieu lors de la Biennale Internationale de Design Graphique le dimanche 28 mai \u00e0 partir de 14h. La balade d\u00e9butera place des Arts pour rejoindre ensuite la fresque, \u00a0avenue Carnot.<\/p><p style=\"text-align: right;\"><a href=\"#dk-hotspot\">remonter au plan<\/a><\/p><\/div>\n\t\t\t\t<\/div>\n\t\t\t\t\t\t\t<div class=\"elementor-toggle-item\">\n\t\t\t\t\t<div id=\"elementor-tab-title-9362\" class=\"elementor-tab-title\" data-tab=\"2\" role=\"button\" aria-controls=\"elementor-tab-content-9362\" aria-expanded=\"false\">\n\t\t\t\t\t\t\t\t\t\t\t\t<span class=\"elementor-toggle-icon elementor-toggle-icon-left\" aria-hidden=\"true\">\n\t\t\t\t\t\t\t\t\t\t\t\t\t\t\t<span class=\"elementor-toggle-icon-closed\"><i class=\"fas fa-plus\"><\/i><\/span>\n\t\t\t\t\t\t\t\t<span class=\"elementor-toggle-icon-opened\"><i class=\"elementor-toggle-icon-opened fas fa-minus\"><\/i><\/span>\n\t\t\t\t\t\t\t\t\t\t\t\t\t<\/span>\n\t\t\t\t\t\t\t\t\t\t\t\t<a class=\"elementor-toggle-title\" tabindex=\"0\"><b>Gr\u00e9goire Romanet, <em>\"690 ronds\"<\/b><\/em><br>gymnase Jean Masson, rue Durant<\/a>\n\t\t\t\t\t<\/div>\n\n\t\t\t\t\t<div id=\"elementor-tab-content-9362\" class=\"elementor-tab-content elementor-clearfix\" data-tab=\"2\" role=\"region\" aria-labelledby=\"elementor-tab-title-9362\"><h2><span style=\"font-size: 28px; font-weight: 600;\">ARTISTE<\/span><\/h2><p>Apr\u00e8s un dipl\u00f4me de graphisme obtenu aux arts d\u00e9coratifs de Strasbourg en 2001, et quelques ann\u00e9es pass\u00e9es au sein de l\u2019atelier de cr\u00e9ation graphique (2002-2006), <strong>Gr\u00e9goire Romanet<\/strong> travaille aujourd\u2019hui avec des institutions culturelles, des associations, des \u00e9diteurs ou des artistes. Sa pratique s\u2019articule principalement autour de deux axes : le graphisme et la sc\u00e9nographie. \u00c0 cette double pratique s\u2019ajoute son travail d\u2019auteur : cr\u00e9ation d\u2019images, de mobilier et de caract\u00e8res typographiques.<\/p><h2>D\u00c9MARCHE ARTISTIQUE<\/h2><p>Pour Chaumont et son gymnase Jean Masson, v\u00e9ritable symbole du CVB, Gr\u00e9goire Romanet a imagin\u00e9 690 ballons, tous diff\u00e9rents, qui viendront, tel un motif de papier peint, recouvrir l\u2019une des fa\u00e7ades du gymnase. Sur cette grande surface, il s\u2019agit d\u2019une r\u00e9flexion quasi-architecturale, o\u00f9 un motif (le rond) r\u00e9p\u00e9t\u00e9 690 fois, mais diff\u00e9remment et \u00e0 des \u00e9chelles vari\u00e9es, va cr\u00e9er un rythme et proposer une lecture ludique. Le rond pour sa r\u00e9f\u00e9rence au jeu et au sport (ronde, balle, ballon, m\u00e9daille, disque\u2026) et son aspect universel en termes d\u2019imaginaire collectif (lune, soleil, Terre, roue, fruit\u2026). En plus de la dynamique des formes, la mise en couleur servira \u00e0 renforcer le rythme d\u2019ensemble, \u00e0 l\u2019image des signal\u00e9tiques et des codes sportifs : bandes, marquages, maillots\u2026 Enfin, cerise sur le ballon, l\u2019apparence nocturne de la fa\u00e7ade qui, gr\u00e2ce \u00e0 une peinture photoluminescente, apportera une dimension merveilleuse au projet et de nouvelles lectures plus elliptiques et plus r\u00eaveuses.<br \/>Pour r\u00e9aliser ces 690 ballons, l\u2019artiste a imagin\u00e9 une production collective, sportive par essence, qui impliquera les habitants de la Ville de Chaumont. Comme la fresque de l\u2019Atelier Baudelaire, celle de Gr\u00e9goire Romanet est donc participative. Au m\u00eame titre qu\u2019un arbitre de match, Gr\u00e9goire Romanet d\u00e9finira en amont les r\u00e8gles du jeu de fabrication des ballons puis encadrera les participants lors d\u2019ateliers de cr\u00e9ation graphique.<\/p><h2>atelier<\/h2><p>La fresque de Gr\u00e9goire Romanet est con\u00e7ue \u00e0 partir des 690 ballons r\u00e9alis\u00e9s par les participants aux ateliers de cr\u00e9ation graphique organis\u00e9s en amont.<\/p><p><span style=\"text-decoration: underline;\">Publics vis\u00e9s<\/span> : tout public<span class=\"Apple-converted-space\">\u00a0<\/span><\/p><p><span style=\"text-decoration: underline;\">Dates<\/span> : les 18 &amp; 25 juin et les 8 &amp; 15 octobre 2022<\/p><p><span style=\"text-decoration: underline;\">Modalit\u00e9s<\/span> : mod\u00e8les de ballons fa\u00e7onn\u00e9s par l\u2019artiste (patrons)<span class=\"Apple-converted-space\">\u00a0<\/span><\/p><p><span style=\"text-decoration: underline;\">Lieu<\/span> : Le Signe\u00a0<\/p><p style=\"text-align: right;\"><a href=\"#dk-hotspot\">remonter au plan<\/a><\/p><p style=\"text-align: right;\">\u00a0<\/p><\/div>\n\t\t\t\t<\/div>\n\t\t\t\t\t\t\t<div class=\"elementor-toggle-item\">\n\t\t\t\t\t<div id=\"elementor-tab-title-9363\" class=\"elementor-tab-title\" data-tab=\"3\" role=\"button\" aria-controls=\"elementor-tab-content-9363\" aria-expanded=\"false\">\n\t\t\t\t\t\t\t\t\t\t\t\t<span class=\"elementor-toggle-icon elementor-toggle-icon-left\" aria-hidden=\"true\">\n\t\t\t\t\t\t\t\t\t\t\t\t\t\t\t<span class=\"elementor-toggle-icon-closed\"><i class=\"fas fa-plus\"><\/i><\/span>\n\t\t\t\t\t\t\t\t<span class=\"elementor-toggle-icon-opened\"><i class=\"elementor-toggle-icon-opened fas fa-minus\"><\/i><\/span>\n\t\t\t\t\t\t\t\t\t\t\t\t\t<\/span>\n\t\t\t\t\t\t\t\t\t\t\t\t<a class=\"elementor-toggle-title\" tabindex=\"0\"><b>Justine Figueiredo, <em>\"Surface jouable\"<\/em><\/b><br>fa\u00e7ade haute rue du Docteur Michel<\/a>\n\t\t\t\t\t<\/div>\n\n\t\t\t\t\t<div id=\"elementor-tab-content-9363\" class=\"elementor-tab-content elementor-clearfix\" data-tab=\"3\" role=\"region\" aria-labelledby=\"elementor-tab-title-9363\"><h2><img decoding=\"async\" loading=\"lazy\" class=\"alignnone size-full wp-image-7842\" src=\"https:\/\/saisonsculturelleschaumont.fr\/mdxpuixt\/wp-content\/uploads\/2022\/02\/JUSTINE-FIGUEIREDO.\u00a9RP.jpg\" alt=\"\" width=\"1500\" height=\"1001\" srcset=\"https:\/\/saisonsculturelleschaumont.fr\/mdxpuixt\/wp-content\/uploads\/2022\/02\/JUSTINE-FIGUEIREDO.\u00a9RP.jpg 1500w, https:\/\/saisonsculturelleschaumont.fr\/mdxpuixt\/wp-content\/uploads\/2022\/02\/JUSTINE-FIGUEIREDO.\u00a9RP-705x470.jpg 705w\" sizes=\"(max-width: 1500px) 100vw, 1500px\" \/><\/h2><h2>ARTISTE<\/h2><p><strong>Justine Figueiredo<\/strong> est graphiste ind\u00e9pendante dipl\u00f4m\u00e9e de l\u2019\u00c9SAC Cambrai et l\u2019\u00c9SAD d\u2019Amiens. Son parcours professionnel est marqu\u00e9 par son implication active dans le milieu de la musique depuis 2015. En 2016, elle cr\u00e9e \u00ab Let\u2019s own the dancefloor \u00bb dans le cadre de son dipl\u00f4me de DNSEP \u00e0 l\u2019\u00c9SAC Cambrai. C\u2019est un projet de recherche qui s\u2019int\u00e9resse au statut des objets \u00e9dit\u00e9s par le label musical anglais Factory Records.<\/p><h2>D\u00c9MARCHE ARTISTIQUE<\/h2><p>Justine Figueiredo a puis\u00e9 son inspiration dans le graphisme des jeux de soci\u00e9t\u00e9s de notre enfance : les dames, les \u00e9checs, le backgammon, le morpion, le jeu du moulin, le nain jaune, un solitaire&#8230; Voulant m\u00ealer l\u2019univers du jeu \u00e0 celui des salles d\u2019arcade, la fresque est une invitation \u00e0 rejoindre un Championnat de Morpion exclusivement chaumontais et accessible via une application mobile gratuite d\u00e9velopp\u00e9e par Nicolas Rollinger et Yoan Castellani. Il suffit de flasher les QR codes diss\u00e9min\u00e9s aux abords de l\u2019\u0153uvre pour rejoindre le jeu en ligne. Gr\u00e2ce \u00e0 la g\u00e9olocalisation, le jeu n\u2019est accessible qu\u2019aux personnes physiquement pr\u00e9sentes \u00e0 Chaumont. L\u2019objectif est de rassembler autour d\u2019un jeu f\u00e9d\u00e9rateur\u00a0et connu de tous. Les r\u00e8gles sont simples, les parties sont rapides, c\u2019est un jeu universel auquel on peut tous participer, petits et grands. Comme \u00e0 l\u2019image des salles d\u2019arcades ou des flippers, l\u2019application de \u2018Surface Jouable\u2019 garde en m\u00e9moire tous les scores. Chaumontais et visiteurs peuvent retrouver leur position dans le classement. En effet, \u00e0 contrario de la participation, l\u2019acc\u00e8s au classement sera accessible aussi aux personnes localis\u00e9es hors de Chaumont.<\/p><p><a href=\"https:\/\/morpionnat.saisonsculturelleschaumont.fr\" class=\"su-button su-button-style-default\" style=\"color:#FFFFFF;background-color:#000000;border-color:#000000;border-radius:10px;-moz-border-radius:10px;-webkit-border-radius:10px\" target=\"_blank\" rel=\"noopener noreferrer\"><span style=\"color:#FFFFFF;padding:0px 26px;font-size:20px;line-height:40px;border-color:#4d4d4d;border-radius:10px;-moz-border-radius:10px;-webkit-border-radius:10px;text-shadow:none;-moz-text-shadow:none;-webkit-text-shadow:none\"> jouer au morpionnat <\/span><\/a><\/p><h2>ATELIER<\/h2><p>Des ateliers de cr\u00e9ation graphique (coloriage de fresques, cr\u00e9ation de pions, de kits de correspondance et de plateaux de jeux) seront propos\u00e9s en aval de la r\u00e9alisation de sa fresque. En alliant art et g\u00e9om\u00e9trie, l&rsquo;artiste proposera aussi de recr\u00e9er la fresque in situ dans les cours d\u2019\u00e9cole.<\/p><p><span style=\"text-decoration: underline;\">Publics vis\u00e9s<\/span> : scolaires (CP-CM1 &amp; coll\u00e9giens)<\/p><p><span style=\"text-decoration: underline;\">Dates<\/span> : \u00e0 partir de septembre 2022<\/p><p><span style=\"text-decoration: underline;\">Modalit\u00e9s<\/span> : interventions en milieu scolaire<\/p><p style=\"text-align: right;\"><a href=\"#dk-hotspot\">remonter au plan<\/a><\/p><p style=\"text-align: right;\">\u00a0<\/p><\/div>\n\t\t\t\t<\/div>\n\t\t\t\t\t\t\t<div class=\"elementor-toggle-item\">\n\t\t\t\t\t<div id=\"elementor-tab-title-9364\" class=\"elementor-tab-title\" data-tab=\"4\" role=\"button\" aria-controls=\"elementor-tab-content-9364\" aria-expanded=\"false\">\n\t\t\t\t\t\t\t\t\t\t\t\t<span class=\"elementor-toggle-icon elementor-toggle-icon-left\" aria-hidden=\"true\">\n\t\t\t\t\t\t\t\t\t\t\t\t\t\t\t<span class=\"elementor-toggle-icon-closed\"><i class=\"fas fa-plus\"><\/i><\/span>\n\t\t\t\t\t\t\t\t<span class=\"elementor-toggle-icon-opened\"><i class=\"elementor-toggle-icon-opened fas fa-minus\"><\/i><\/span>\n\t\t\t\t\t\t\t\t\t\t\t\t\t<\/span>\n\t\t\t\t\t\t\t\t\t\t\t\t<a class=\"elementor-toggle-title\" tabindex=\"0\"><b>Simon Renaud, <em>\"Le r\u00e9el s\u2019\u00e9crit dans \u2026\"<\/em><\/b><br>mur de sout\u00e8nement du parking sur l\u2019avenue Foch<\/a>\n\t\t\t\t\t<\/div>\n\n\t\t\t\t\t<div id=\"elementor-tab-content-9364\" class=\"elementor-tab-content elementor-clearfix\" data-tab=\"4\" role=\"region\" aria-labelledby=\"elementor-tab-title-9364\"><h2><img decoding=\"async\" loading=\"lazy\" class=\"alignnone size-full wp-image-7843\" src=\"https:\/\/saisonsculturelleschaumont.fr\/mdxpuixt\/wp-content\/uploads\/2022\/02\/SIMON-RENAUD-\u00a9RP.jpg\" alt=\"\" width=\"1500\" height=\"1001\" srcset=\"https:\/\/saisonsculturelleschaumont.fr\/mdxpuixt\/wp-content\/uploads\/2022\/02\/SIMON-RENAUD-\u00a9RP.jpg 1500w, https:\/\/saisonsculturelleschaumont.fr\/mdxpuixt\/wp-content\/uploads\/2022\/02\/SIMON-RENAUD-\u00a9RP-705x470.jpg 705w\" sizes=\"(max-width: 1500px) 100vw, 1500px\" \/><\/h2><h2>ARTISTE<\/h2><p><strong>Simon Renaud<\/strong> est un designer graphique, dessinateur de caract\u00e8res et enseignant aux Beaux-arts d\u2019Amiens. En 2010, il cr\u00e9e le collectif &lsquo;A is a name&rsquo; avec J\u00e9r\u00e9mie Nuel, designer graphique lui aussi. Apr\u00e8s une longue exp\u00e9rience en studio, il d\u00e9cide de se lancer en tant qu\u2019ind\u00e9pendant en 2015. Il explore diff\u00e9rents supports d\u2019expression du design graphique, comme l\u2019\u00e9dition de plusieurs monographies, la cr\u00e9ation d\u2019identit\u00e9s visuelles et de typographies ou encore la sc\u00e9nographie d\u2019exposition. Depuis plusieurs ann\u00e9es, Simon organise et anime le Colloque International de Typographie \u2018Fonts and Faces\u2019 en collaboration avec le Campus Fonderie de l\u2019Image de Bagnolet afin de sensibiliser les futurs graphistes aux enjeux contemporains de la typographie. En parall\u00e8le de ses activit\u00e9s professionnelles, Simon Renaud travaille sur sa th\u00e8se. Il y explore les signes graphiques utilis\u00e9s dans les syst\u00e8mes d\u2019\u00e9critures des r\u00e9seaux sociaux du type le \u2665 pour les likes, le \u25cf pour la pr\u00e9sence en ligne d\u2019un internaute ou encore le @ pour tagguer une personne.<\/p><h2>D\u00c9MARCHE ARTISTIQUE<\/h2><p>Pour sa fresque, Simon Renaud prend comme point de d\u00e9part la m\u00e9diath\u00e8que les Silos, son architecture et ses missions. L\u2019artiste part d\u2019un \u00e9l\u00e9ment du quotidien et familier : le code-barre (un signe graphique que nous regardons rarement car con\u00e7u et lu par des machines) afin de cr\u00e9er une \u0153uvre monumentale et questionner les transformations du num\u00e9rique sur l\u2019\u00e9criture. Sa fresque fait ainsi r\u00e9f\u00e9rence \u00e0 la num\u00e9risation des archives en convoquant l\u2019esth\u00e9tique des codes-barres, comme forme \u00e9crite du num\u00e9rique. Avec cette fresque, les Chaumontais doivent d\u00e9crypter une phrase cach\u00e9e. La cl\u00e9 pour lire les lettres la constituant : regarder les contres-formes de chaque signe pr\u00e9sent dans l\u2019\u0153uvre. L\u2019artiste souhaite appr\u00e9hender les limites de la st\u00e9ganographie (art de cacher du texte dans une image), autrement dit jusqu\u2019o\u00f9 peut-on aller pour continuer \u00e0 distinguer le texte dans l\u2019image ? Sur le principe de la r\u00e9alit\u00e9 augment\u00e9e, les passants auront la possibilit\u00e9 de scanner la fresque pour acc\u00e9der \u00e0 une extension virtuelle de l\u2019\u0153uvre.<\/p><p><span class=\"Apple-converted-space\"><a href=\"https:\/\/lereelsecrit.saisonsculturelleschaumont.fr\" class=\"su-button su-button-style-default\" style=\"color:#FFFFFF;background-color:#000000;border-color:#000000;border-radius:10px;-moz-border-radius:10px;-webkit-border-radius:10px\" target=\"_blank\" rel=\"noopener noreferrer\"><span style=\"color:#FFFFFF;padding:0px 26px;font-size:20px;line-height:40px;border-color:#4d4d4d;border-radius:10px;-moz-border-radius:10px;-webkit-border-radius:10px;text-shadow:none;-moz-text-shadow:none;-webkit-text-shadow:none\"> tester l&rsquo;exp\u00e9rience virtuelle<\/span><\/a><\/span><\/p><h2>ATELIER\u00a0<\/h2><p>Des ateliers graphiques et typographiques de conception d\u2019illusions d\u2019optique ont \u00e9t\u00e9 r\u00e9alis\u00e9s en aval de la r\u00e9alisation de la fresque.<\/p><p><span style=\"text-decoration: underline;\">Publics vis\u00e9s<\/span> : adolescents entre 12 et 15 ans<\/p><p><span style=\"text-decoration: underline;\">Dates<\/span> : les 14 &amp; 15 avril 2022<\/p><p><span style=\"text-decoration: underline;\">Modalit\u00e9s<\/span> : deux jours avec exposition des travaux des adolescents en cl\u00f4ture de l\u2019atelier<\/p><p><span style=\"text-decoration: underline;\">Lieu<\/span> : Le Signe<\/p><p style=\"text-align: right;\"><a href=\"#dk-hotspot\">remonter au plan<\/a><\/p><\/div>\n\t\t\t\t<\/div>\n\t\t\t\t\t\t\t<div class=\"elementor-toggle-item\">\n\t\t\t\t\t<div id=\"elementor-tab-title-9365\" class=\"elementor-tab-title\" data-tab=\"5\" role=\"button\" aria-controls=\"elementor-tab-content-9365\" aria-expanded=\"false\">\n\t\t\t\t\t\t\t\t\t\t\t\t<span class=\"elementor-toggle-icon elementor-toggle-icon-left\" aria-hidden=\"true\">\n\t\t\t\t\t\t\t\t\t\t\t\t\t\t\t<span class=\"elementor-toggle-icon-closed\"><i class=\"fas fa-plus\"><\/i><\/span>\n\t\t\t\t\t\t\t\t<span class=\"elementor-toggle-icon-opened\"><i class=\"elementor-toggle-icon-opened fas fa-minus\"><\/i><\/span>\n\t\t\t\t\t\t\t\t\t\t\t\t\t<\/span>\n\t\t\t\t\t\t\t\t\t\t\t\t<a class=\"elementor-toggle-title\" tabindex=\"0\"><b>Philippe Baudelocque, <em>\"Limpide\"<\/em><\/b><br>ch\u00e2teau d\u2019eau du rond-point avenue Ashton<\/a>\n\t\t\t\t\t<\/div>\n\n\t\t\t\t\t<div id=\"elementor-tab-content-9365\" class=\"elementor-tab-content elementor-clearfix\" data-tab=\"5\" role=\"region\" aria-labelledby=\"elementor-tab-title-9365\"><h2><img decoding=\"async\" loading=\"lazy\" class=\"alignnone wp-image-10041 size-full\" src=\"https:\/\/saisonsculturelleschaumont.fr\/mdxpuixt\/wp-content\/uploads\/2023\/05\/IMG-2200-scaled-e1685024160756.jpg\" alt=\"\" width=\"1500\" height=\"2000\" srcset=\"https:\/\/saisonsculturelleschaumont.fr\/mdxpuixt\/wp-content\/uploads\/2023\/05\/IMG-2200-scaled-e1685024160756.jpg 1500w, https:\/\/saisonsculturelleschaumont.fr\/mdxpuixt\/wp-content\/uploads\/2023\/05\/IMG-2200-scaled-e1685024160756-1152x1536.jpg 1152w, https:\/\/saisonsculturelleschaumont.fr\/mdxpuixt\/wp-content\/uploads\/2023\/05\/IMG-2200-scaled-e1685024160756-1125x1500.jpg 1125w, https:\/\/saisonsculturelleschaumont.fr\/mdxpuixt\/wp-content\/uploads\/2023\/05\/IMG-2200-scaled-e1685024160756-529x705.jpg 529w\" sizes=\"(max-width: 1500px) 100vw, 1500px\" \/><\/h2><h2>ARTISTE<\/h2><p><strong>Philippe Baudelocque<\/strong> est n\u00e9 en 1974 \u00e0 Yerres (91), o\u00f9 il vit et travaille. Son go\u00fbt pour le dessin lui vient de son p\u00e8re, peintre animalier et grand amateur de nature. Dans sa famille, on aime les balades en for\u00eat et tout ce qui touche \u00e0 la connaissance et aux savoirs. Il fait ses premiers pas artistiques dans la sc\u00e8ne graffiti de la fin des ann\u00e9es 1980 : il en gardera la passion du travail de la lettre, la monumentalit\u00e9 de la peinture, l\u2019\u00e9nergie et l\u2019envie de confronter l\u2019art \u00e0 l\u2019environnement. \u00ab Cosmic animals \u00bb, une s\u00e9rie de fresques \u00e0 la craie qui l\u2019ont fait conna\u00eetre. L\u2019esth\u00e9tique sophistiqu\u00e9e que l\u2019on retrouve dans l\u2019anatomie de ses animaux chim\u00e9riques est caract\u00e9ris\u00e9e par un amas de cellules. En 2014, il a \u00e9t\u00e9 expos\u00e9 au Salon du dessin contemporain \u00ab Drawing now \u00bb, au Museum of Modern Art MACRO (Rome) et a int\u00e9gr\u00e9 les collections du Museum d\u2019Histoire Naturelle d\u2019Orl\u00e9ans et du Centre Pompidou. En 2016, il participe au Projet Lasco du Palais de Tokyo \u00e0 Paris. Pour son premier projet d\u2019envergure dans un lieu culturel, Philippe Baudelocque d\u00e9friche un escalier monumental &#8211; entre une \u00e9l\u00e9vation spatiale et une chute dans les abysses. En 2018, la RATP lui confie la r\u00e9alisation de dessins muraux permanents dans la station Ch\u00e2telet \u2013 Les Halles. Au fil des ann\u00e9es, il multiplie les collaborations avec des marques telles que Herm\u00e8s, Diptyque et Pierre Herm\u00e9 pour des s\u00e9ries limit\u00e9es.<\/p><h2>D\u00c9MARCHE ARTISTIQUE<\/h2><p>Pour Chaumont, Philippe Baudelocque a imagin\u00e9 une fresque monumentale. Sur une surface d\u2019un blanc immacul\u00e9, l\u2019artiste a travaill\u00e9 une forme organique remplie de motifs multiples et vari\u00e9s. Ces motifs sont le fruit d\u2019une improvisation\u2026 codifi\u00e9e. En effet, chaque motif est pens\u00e9 en amont, mais le rendu final n\u2019est pas connu par l\u2019artiste lui-m\u00eame. Il a compos\u00e9 au fil du temps et a cr\u00e9\u00e9 ainsi une sorte de cartographie graphique avec diff\u00e9rents motifs comme des figures g\u00e9om\u00e9triques ou des symboles. En se basant sur l\u2019\u00e9l\u00e9ment de l\u2019eau, Philippe Baudelocque a repr\u00e9sent\u00e9 le vivant, tout en y incluant ses contradictions afin d\u2019exploiter graphiquement l\u2019\u00e9quilibre des deux. R\u00e9alis\u00e9e aux pastels \u00e0 l\u2019huile, cette fresque cosmique semble \u00e9ph\u00e9m\u00e8re, comme dessin\u00e9e \u00e0 la craie blanche.<\/p><h2>m\u00e9diation<\/h2><p>L\u2019artiste accueillera des enfants pendant la r\u00e9alisation de la fresque par l\u2019interm\u00e9diaire des centres de loisirs. Il souhaite une interaction avec le public (enfants, habitants du quartier, \u00e9tudiants&#8230;) pendant la r\u00e9alisation.<\/p><p style=\"text-align: right;\"><a href=\"#dk-hotspot\">remonter au plan<\/a><\/p><\/div>\n\t\t\t\t<\/div>\n\t\t\t\t\t\t\t\t<\/div>\n\t\t\t\t<\/div>\n\t\t\t\t<\/div>\n\t\t\t\t\t\t<\/div>\n\t\t\t\t\t<\/div>\n\t\t<\/div>\n\t\t\t\t\t\t\t\t<\/div>\n\t\t\t\t\t<\/div>\n\t\t<\/section>\n\t\t\t\t<section class=\"elementor-section elementor-top-section elementor-element elementor-element-6bab849 elementor-section-boxed elementor-section-height-default elementor-section-height-default\" data-id=\"6bab849\" data-element_type=\"section\">\n\t\t\t\t\t\t<div class=\"elementor-container elementor-column-gap-default\">\n\t\t\t\t\t\t\t<div class=\"elementor-row\">\n\t\t\t\t\t<div class=\"elementor-column elementor-col-100 elementor-top-column elementor-element elementor-element-5a2aa70\" data-id=\"5a2aa70\" data-element_type=\"column\">\n\t\t\t<div class=\"elementor-column-wrap elementor-element-populated\">\n\t\t\t\t\t\t\t<div class=\"elementor-widget-wrap\">\n\t\t\t\t\t\t<div class=\"elementor-element elementor-element-c22fb55 elementor-widget elementor-widget-spacer\" data-id=\"c22fb55\" data-element_type=\"widget\" data-widget_type=\"spacer.default\">\n\t\t\t\t<div class=\"elementor-widget-container\">\n\t\t\t\t\t<div class=\"elementor-spacer\">\n\t\t\t<div class=\"elementor-spacer-inner\"><\/div>\n\t\t<\/div>\n\t\t\t\t<\/div>\n\t\t\t\t<\/div>\n\t\t\t\t\t\t<\/div>\n\t\t\t\t\t<\/div>\n\t\t<\/div>\n\t\t\t\t\t\t\t\t<\/div>\n\t\t\t\t\t<\/div>\n\t\t<\/section>\n\t\t\t\t<section class=\"elementor-section elementor-top-section elementor-element elementor-element-76c329c elementor-section-boxed elementor-section-height-default elementor-section-height-default\" data-id=\"76c329c\" data-element_type=\"section\">\n\t\t\t\t\t\t<div class=\"elementor-container elementor-column-gap-default\">\n\t\t\t\t\t\t\t<div class=\"elementor-row\">\n\t\t\t\t\t<div class=\"elementor-column elementor-col-100 elementor-top-column elementor-element elementor-element-7ea5138\" data-id=\"7ea5138\" data-element_type=\"column\">\n\t\t\t<div class=\"elementor-column-wrap elementor-element-populated\">\n\t\t\t\t\t\t\t<div class=\"elementor-widget-wrap\">\n\t\t\t\t\t\t<div class=\"elementor-element elementor-element-8421014 elementor-widget elementor-widget-heading\" data-id=\"8421014\" data-element_type=\"widget\" data-widget_type=\"heading.default\">\n\t\t\t\t<div class=\"elementor-widget-container\">\n\t\t\t<h2 class=\"elementor-heading-title elementor-size-medium\">ce projet compte sur l'appui de<\/h2>\t\t<\/div>\n\t\t\t\t<\/div>\n\t\t\t\t\t\t<\/div>\n\t\t\t\t\t<\/div>\n\t\t<\/div>\n\t\t\t\t\t\t\t\t<\/div>\n\t\t\t\t\t<\/div>\n\t\t<\/section>\n\t\t\t\t<section class=\"elementor-section elementor-top-section elementor-element elementor-element-6b9cba8 elementor-section-boxed elementor-section-height-default elementor-section-height-default\" data-id=\"6b9cba8\" data-element_type=\"section\">\n\t\t\t\t\t\t<div class=\"elementor-container elementor-column-gap-default\">\n\t\t\t\t\t\t\t<div class=\"elementor-row\">\n\t\t\t\t\t<div class=\"elementor-column elementor-col-100 elementor-top-column elementor-element elementor-element-8c7234b\" data-id=\"8c7234b\" data-element_type=\"column\">\n\t\t\t<div class=\"elementor-column-wrap elementor-element-populated\">\n\t\t\t\t\t\t\t<div class=\"elementor-widget-wrap\">\n\t\t\t\t\t\t<div class=\"elementor-element elementor-element-ea98727 elementor-widget elementor-widget-image\" data-id=\"ea98727\" data-element_type=\"widget\" data-widget_type=\"image.default\">\n\t\t\t\t<div class=\"elementor-widget-container\">\n\t\t\t\t\t\t\t\t<div class=\"elementor-image\">\n\t\t\t\t\t\t\t\t\t\t\t\t<img decoding=\"async\" loading=\"lazy\" width=\"1772\" height=\"591\" src=\"https:\/\/saisonsculturelleschaumont.fr\/mdxpuixt\/wp-content\/uploads\/2022\/04\/logo-parcours-graphique.png\" class=\"attachment-full size-full wp-image-8435\" alt=\"\" srcset=\"https:\/\/saisonsculturelleschaumont.fr\/mdxpuixt\/wp-content\/uploads\/2022\/04\/logo-parcours-graphique.png 1772w, https:\/\/saisonsculturelleschaumont.fr\/mdxpuixt\/wp-content\/uploads\/2022\/04\/logo-parcours-graphique-1536x512.png 1536w, https:\/\/saisonsculturelleschaumont.fr\/mdxpuixt\/wp-content\/uploads\/2022\/04\/logo-parcours-graphique-1500x500.png 1500w, https:\/\/saisonsculturelleschaumont.fr\/mdxpuixt\/wp-content\/uploads\/2022\/04\/logo-parcours-graphique-705x235.png 705w\" sizes=\"(max-width: 1772px) 100vw, 1772px\" \/>\t\t\t\t\t\t\t\t\t\t\t\t\t\t<\/div>\n\t\t\t\t\t\t<\/div>\n\t\t\t\t<\/div>\n\t\t\t\t\t\t<\/div>\n\t\t\t\t\t<\/div>\n\t\t<\/div>\n\t\t\t\t\t\t\t\t<\/div>\n\t\t\t\t\t<\/div>\n\t\t<\/section>\n\t\t\t\t\t\t\t\t\t<\/div>\n\t\t\t<\/div>\n\t\t\t\t\t<\/div>\n\t\t","protected":false},"excerpt":{"rendered":"<p>parcours graphique aux entr\u00e9es de la Ville de Chaumont commande publique artistique 2021 \u00a0 La reconnaissance, le d\u00e9veloppement et le rayonnement du design graphique sous ses formes les plus vari\u00e9es, [&hellip;]<\/p>\n","protected":false},"author":1,"featured_media":0,"parent":3241,"menu_order":0,"comment_status":"closed","ping_status":"closed","template":"","meta":{"_uag_custom_page_level_css":"","footnotes":""},"yoast_head":"<!-- This site is optimized with the Yoast SEO plugin v21.1 - https:\/\/yoast.com\/wordpress\/plugins\/seo\/ -->\n<title>parcours graphique - Les Saisons Culturelles de Chaumont<\/title>\n<meta name=\"robots\" content=\"noindex, follow, max-snippet:-1, max-image-preview:large, max-video-preview:-1\" \/>\n<meta property=\"og:locale\" content=\"fr_FR\" \/>\n<meta property=\"og:type\" content=\"article\" \/>\n<meta property=\"og:title\" content=\"parcours graphique - Les Saisons Culturelles de Chaumont\" \/>\n<meta property=\"og:description\" content=\"parcours graphique aux entr\u00e9es de la Ville de Chaumont commande publique artistique 2021 \u00a0 La reconnaissance, le d\u00e9veloppement et le rayonnement du design graphique sous ses formes les plus vari\u00e9es, [&hellip;]\" \/>\n<meta property=\"og:url\" content=\"https:\/\/saisonsculturelleschaumont.fr\/mdxpuixt\/participez\/parcours-graphique\/\" \/>\n<meta property=\"og:site_name\" content=\"Les Saisons Culturelles de Chaumont\" \/>\n<meta property=\"article:publisher\" content=\"https:\/\/www.facebook.com\/saisonsculturelleschaumont\/\" \/>\n<meta property=\"article:modified_time\" content=\"2024-12-28T18:04:23+00:00\" \/>\n<meta property=\"og:image\" content=\"https:\/\/saisonsculturelleschaumont.fr\/mdxpuixt\/wp-content\/uploads\/2023\/08\/CARTE-VILLE_parcours-graphique_site-Internet_2023_Plan-de-travail-1.png\" \/>\n<meta name=\"twitter:card\" content=\"summary_large_image\" \/>\n<meta name=\"twitter:label1\" content=\"Dur\u00e9e de lecture estim\u00e9e\" \/>\n\t<meta name=\"twitter:data1\" content=\"13 minutes\" \/>\n<script type=\"application\/ld+json\" class=\"yoast-schema-graph\">{\"@context\":\"https:\/\/schema.org\",\"@graph\":[{\"@type\":\"WebPage\",\"@id\":\"https:\/\/saisonsculturelleschaumont.fr\/mdxpuixt\/participez\/parcours-graphique\/\",\"url\":\"https:\/\/saisonsculturelleschaumont.fr\/mdxpuixt\/participez\/parcours-graphique\/\",\"name\":\"parcours graphique - Les Saisons Culturelles de Chaumont\",\"isPartOf\":{\"@id\":\"https:\/\/saisonsculturelleschaumont.fr\/mdxpuixt\/#website\"},\"datePublished\":\"2022-02-18T10:16:32+00:00\",\"dateModified\":\"2024-12-28T18:04:23+00:00\",\"breadcrumb\":{\"@id\":\"https:\/\/saisonsculturelleschaumont.fr\/mdxpuixt\/participez\/parcours-graphique\/#breadcrumb\"},\"inLanguage\":\"fr-FR\",\"potentialAction\":[{\"@type\":\"ReadAction\",\"target\":[\"https:\/\/saisonsculturelleschaumont.fr\/mdxpuixt\/participez\/parcours-graphique\/\"]}]},{\"@type\":\"BreadcrumbList\",\"@id\":\"https:\/\/saisonsculturelleschaumont.fr\/mdxpuixt\/participez\/parcours-graphique\/#breadcrumb\",\"itemListElement\":[{\"@type\":\"ListItem\",\"position\":1,\"name\":\"Accueil\",\"item\":\"https:\/\/saisonsculturelleschaumont.fr\/mdxpuixt\/\"},{\"@type\":\"ListItem\",\"position\":2,\"name\":\"participez\",\"item\":\"https:\/\/saisonsculturelleschaumont.fr\/mdxpuixt\/participez\/\"},{\"@type\":\"ListItem\",\"position\":3,\"name\":\"parcours graphique\"}]},{\"@type\":\"WebSite\",\"@id\":\"https:\/\/saisonsculturelleschaumont.fr\/mdxpuixt\/#website\",\"url\":\"https:\/\/saisonsculturelleschaumont.fr\/mdxpuixt\/\",\"name\":\"Les Saisons Culturelles de Chaumont\",\"description\":\"\",\"potentialAction\":[{\"@type\":\"SearchAction\",\"target\":{\"@type\":\"EntryPoint\",\"urlTemplate\":\"https:\/\/saisonsculturelleschaumont.fr\/mdxpuixt\/?s={search_term_string}\"},\"query-input\":\"required name=search_term_string\"}],\"inLanguage\":\"fr-FR\"}]}<\/script>\n<!-- \/ Yoast SEO plugin. -->","yoast_head_json":{"title":"parcours graphique - Les Saisons Culturelles de Chaumont","robots":{"index":"noindex","follow":"follow","max-snippet":"max-snippet:-1","max-image-preview":"max-image-preview:large","max-video-preview":"max-video-preview:-1"},"og_locale":"fr_FR","og_type":"article","og_title":"parcours graphique - Les Saisons Culturelles de Chaumont","og_description":"parcours graphique aux entr\u00e9es de la Ville de Chaumont commande publique artistique 2021 \u00a0 La reconnaissance, le d\u00e9veloppement et le rayonnement du design graphique sous ses formes les plus vari\u00e9es, [&hellip;]","og_url":"https:\/\/saisonsculturelleschaumont.fr\/mdxpuixt\/participez\/parcours-graphique\/","og_site_name":"Les Saisons Culturelles de Chaumont","article_publisher":"https:\/\/www.facebook.com\/saisonsculturelleschaumont\/","article_modified_time":"2024-12-28T18:04:23+00:00","og_image":[{"url":"https:\/\/saisonsculturelleschaumont.fr\/mdxpuixt\/wp-content\/uploads\/2023\/08\/CARTE-VILLE_parcours-graphique_site-Internet_2023_Plan-de-travail-1.png"}],"twitter_card":"summary_large_image","twitter_misc":{"Dur\u00e9e de lecture estim\u00e9e":"13 minutes"},"schema":{"@context":"https:\/\/schema.org","@graph":[{"@type":"WebPage","@id":"https:\/\/saisonsculturelleschaumont.fr\/mdxpuixt\/participez\/parcours-graphique\/","url":"https:\/\/saisonsculturelleschaumont.fr\/mdxpuixt\/participez\/parcours-graphique\/","name":"parcours graphique - Les Saisons Culturelles de Chaumont","isPartOf":{"@id":"https:\/\/saisonsculturelleschaumont.fr\/mdxpuixt\/#website"},"datePublished":"2022-02-18T10:16:32+00:00","dateModified":"2024-12-28T18:04:23+00:00","breadcrumb":{"@id":"https:\/\/saisonsculturelleschaumont.fr\/mdxpuixt\/participez\/parcours-graphique\/#breadcrumb"},"inLanguage":"fr-FR","potentialAction":[{"@type":"ReadAction","target":["https:\/\/saisonsculturelleschaumont.fr\/mdxpuixt\/participez\/parcours-graphique\/"]}]},{"@type":"BreadcrumbList","@id":"https:\/\/saisonsculturelleschaumont.fr\/mdxpuixt\/participez\/parcours-graphique\/#breadcrumb","itemListElement":[{"@type":"ListItem","position":1,"name":"Accueil","item":"https:\/\/saisonsculturelleschaumont.fr\/mdxpuixt\/"},{"@type":"ListItem","position":2,"name":"participez","item":"https:\/\/saisonsculturelleschaumont.fr\/mdxpuixt\/participez\/"},{"@type":"ListItem","position":3,"name":"parcours graphique"}]},{"@type":"WebSite","@id":"https:\/\/saisonsculturelleschaumont.fr\/mdxpuixt\/#website","url":"https:\/\/saisonsculturelleschaumont.fr\/mdxpuixt\/","name":"Les Saisons Culturelles de Chaumont","description":"","potentialAction":[{"@type":"SearchAction","target":{"@type":"EntryPoint","urlTemplate":"https:\/\/saisonsculturelleschaumont.fr\/mdxpuixt\/?s={search_term_string}"},"query-input":"required name=search_term_string"}],"inLanguage":"fr-FR"}]}},"uagb_featured_image_src":{"full":false,"thumbnail":false,"medium":false,"medium_large":false,"large":false,"1536x1536":false,"2048x2048":false,"widget":false,"square":false,"featured":false,"featured_large":false,"extra_large":false,"portfolio":false,"portfolio_small":false,"gallery":false,"magazine":false,"masonry":false,"entry_with_sidebar":false,"entry_without_sidebar":false},"uagb_author_info":{"display_name":"danielkolski","author_link":"https:\/\/saisonsculturelleschaumont.fr\/mdxpuixt\/author\/danielkolski\/"},"uagb_comment_info":0,"uagb_excerpt":"parcours graphique aux entr\u00e9es de la Ville de Chaumont commande publique artistique 2021 \u00a0 La reconnaissance, le d\u00e9veloppement et le rayonnement du design graphique sous ses formes les plus vari\u00e9es, [&hellip;]","_links":{"self":[{"href":"https:\/\/saisonsculturelleschaumont.fr\/mdxpuixt\/wp-json\/wp\/v2\/pages\/7939"}],"collection":[{"href":"https:\/\/saisonsculturelleschaumont.fr\/mdxpuixt\/wp-json\/wp\/v2\/pages"}],"about":[{"href":"https:\/\/saisonsculturelleschaumont.fr\/mdxpuixt\/wp-json\/wp\/v2\/types\/page"}],"author":[{"embeddable":true,"href":"https:\/\/saisonsculturelleschaumont.fr\/mdxpuixt\/wp-json\/wp\/v2\/users\/1"}],"replies":[{"embeddable":true,"href":"https:\/\/saisonsculturelleschaumont.fr\/mdxpuixt\/wp-json\/wp\/v2\/comments?post=7939"}],"version-history":[{"count":6,"href":"https:\/\/saisonsculturelleschaumont.fr\/mdxpuixt\/wp-json\/wp\/v2\/pages\/7939\/revisions"}],"predecessor-version":[{"id":11850,"href":"https:\/\/saisonsculturelleschaumont.fr\/mdxpuixt\/wp-json\/wp\/v2\/pages\/7939\/revisions\/11850"}],"up":[{"embeddable":true,"href":"https:\/\/saisonsculturelleschaumont.fr\/mdxpuixt\/wp-json\/wp\/v2\/pages\/3241"}],"wp:attachment":[{"href":"https:\/\/saisonsculturelleschaumont.fr\/mdxpuixt\/wp-json\/wp\/v2\/media?parent=7939"}],"curies":[{"name":"wp","href":"https:\/\/api.w.org\/{rel}","templated":true}]}}