{"id":7999,"date":"2022-02-18T18:16:45","date_gmt":"2022-02-18T17:16:45","guid":{"rendered":"https:\/\/saisonsculturelleschaumont.fr\/mdxpuixt\/?page_id=7999"},"modified":"2022-09-04T14:49:33","modified_gmt":"2022-09-04T12:49:33","slug":"saison-05","status":"publish","type":"page","link":"https:\/\/saisonsculturelleschaumont.fr\/mdxpuixt\/autres-saisons\/saison-05\/","title":{"rendered":"saison 05"},"content":{"rendered":"\t\t<div data-elementor-type=\"wp-post\" data-elementor-id=\"7999\" class=\"elementor elementor-7999\">\n\t\t\t\t\t\t<div class=\"elementor-inner\">\n\t\t\t\t<div class=\"elementor-section-wrap\">\n\t\t\t\t\t\t\t\t\t<section class=\"elementor-section elementor-top-section elementor-element elementor-element-7be01fc6 elementor-section-content-top elementor-section-boxed elementor-section-height-default elementor-section-height-default\" data-id=\"7be01fc6\" data-element_type=\"section\" id=\"dk-saison02\">\n\t\t\t\t\t\t<div class=\"elementor-container elementor-column-gap-default\">\n\t\t\t\t\t\t\t<div class=\"elementor-row\">\n\t\t\t\t\t<div class=\"elementor-column elementor-col-50 elementor-top-column elementor-element elementor-element-7333b452\" data-id=\"7333b452\" data-element_type=\"column\">\n\t\t\t<div class=\"elementor-column-wrap elementor-element-populated\">\n\t\t\t\t\t\t\t<div class=\"elementor-widget-wrap\">\n\t\t\t\t\t\t<div class=\"elementor-element elementor-element-6bf5942c elementor-widget elementor-widget-image\" data-id=\"6bf5942c\" data-element_type=\"widget\" data-widget_type=\"image.default\">\n\t\t\t\t<div class=\"elementor-widget-container\">\n\t\t\t\t\t\t\t\t<div class=\"elementor-image\">\n\t\t\t\t\t\t\t\t\t\t\t\t<img decoding=\"async\" loading=\"lazy\" width=\"3508\" height=\"4961\" src=\"https:\/\/saisonsculturelleschaumont.fr\/mdxpuixt\/wp-content\/uploads\/2021\/09\/SCC5_-AFFICHES-A3.png\" class=\"attachment-full size-full wp-image-6861\" alt=\"\" srcset=\"https:\/\/saisonsculturelleschaumont.fr\/mdxpuixt\/wp-content\/uploads\/2021\/09\/SCC5_-AFFICHES-A3.png 3508w, https:\/\/saisonsculturelleschaumont.fr\/mdxpuixt\/wp-content\/uploads\/2021\/09\/SCC5_-AFFICHES-A3-1086x1536.png 1086w, https:\/\/saisonsculturelleschaumont.fr\/mdxpuixt\/wp-content\/uploads\/2021\/09\/SCC5_-AFFICHES-A3-1448x2048.png 1448w, https:\/\/saisonsculturelleschaumont.fr\/mdxpuixt\/wp-content\/uploads\/2021\/09\/SCC5_-AFFICHES-A3-1061x1500.png 1061w, https:\/\/saisonsculturelleschaumont.fr\/mdxpuixt\/wp-content\/uploads\/2021\/09\/SCC5_-AFFICHES-A3-499x705.png 499w\" sizes=\"(max-width: 3508px) 100vw, 3508px\" \/>\t\t\t\t\t\t\t\t\t\t\t\t\t\t<\/div>\n\t\t\t\t\t\t<\/div>\n\t\t\t\t<\/div>\n\t\t\t\t\t\t<\/div>\n\t\t\t\t\t<\/div>\n\t\t<\/div>\n\t\t\t\t<div class=\"elementor-column elementor-col-50 elementor-top-column elementor-element elementor-element-246751ef\" data-id=\"246751ef\" data-element_type=\"column\">\n\t\t\t<div class=\"elementor-column-wrap elementor-element-populated\">\n\t\t\t\t\t\t\t<div class=\"elementor-widget-wrap\">\n\t\t\t\t\t\t<div class=\"elementor-element elementor-element-6da0a009 elementor-widget elementor-widget-heading\" data-id=\"6da0a009\" data-element_type=\"widget\" data-widget_type=\"heading.default\">\n\t\t\t\t<div class=\"elementor-widget-container\">\n\t\t\t<h2 class=\"elementor-heading-title elementor-size-xl\">saison 05<\/h2>\t\t<\/div>\n\t\t\t\t<\/div>\n\t\t\t\t<div class=\"elementor-element elementor-element-5f934721 elementor-widget elementor-widget-heading\" data-id=\"5f934721\" data-element_type=\"widget\" data-widget_type=\"heading.default\">\n\t\t\t\t<div class=\"elementor-widget-container\">\n\t\t\t<h2 class=\"elementor-heading-title elementor-size-default\"><h2 data-elementor-setting-key=\"title\" data-pen-placeholder=\"\u00c9crivez ici...\" style=\"font-style: normal; font-variant-caps: normal; font-variant-ligatures: normal; font-variant-numeric: inherit; font-variant-east-asian: inherit; orphans: 2; widows: 2;\"><strong style=\"font-style: normal; font-variant-ligatures: normal; font-variant-caps: normal; font-variant-numeric: inherit; font-variant-east-asian: inherit; font-size: 15px; font-family: ehnormal, HelveticaNeue, &quot;Helvetica Neue&quot;, Helvetica-Neue, Helvetica, Arial, sans-serif; white-space: normal;\"> Patrimoine et H\u00e9ritage<\/strong><span style=\"font-family: ehnormal, HelveticaNeue, &quot;Helvetica Neue&quot;, Helvetica-Neue, Helvetica, Arial, sans-serif; font-size: 28px; font-weight: 600;\"><\/span><\/h2><\/h2>\t\t<\/div>\n\t\t\t\t<\/div>\n\t\t\t\t<div class=\"elementor-element elementor-element-387e65d2 elementor-widget elementor-widget-text-editor\" data-id=\"387e65d2\" data-element_type=\"widget\" data-widget_type=\"text-editor.default\">\n\t\t\t\t<div class=\"elementor-widget-container\">\n\t\t\t\t\t\t\t\t<div class=\"elementor-text-editor elementor-clearfix\">\n\t\t\t\t<p>La R\u00e9volution fran\u00e7aise est un moment fort de la construction de la notion de patrimoine. La reconnaissance des monuments &#8211; non plus consid\u00e9r\u00e9s comme des tombeaux servant \u00e0 flatter l\u2019orgueil des rois, comme l\u2019indiquait l\u2019Anacr\u00e9on de la guillotine, Bertrand Bar\u00e8re, \u00e0 la Convention en 1793 &#8211; n\u2019en reste pas moins, aujourd\u2019hui encore, une mani\u00e8re de faire l\u2019histoire. Car, en effet, ce n\u2019est pas sans rappeler le conflit politique qui suivi l\u2019inscription, en 2017, au patrimoine de l\u2019Unesco, du tombeau des patriarches d\u2019H\u00e9bron, suivi du retrait de deux Etats membres. Ni la destruction des mausol\u00e9es de Tombouctou, des bouddhas de Bamiyan ou des ruines de Palmyre.<\/p><p>Et si des millions de personnes se bousculent chaque ann\u00e9e aux \u2018Journ\u00e9es du Patrimoine\u2019 c\u2019est parce que ce dernier est devenu un des grands enjeux contemporains. Dans une interview r\u00e9cente l\u2019historien m\u00e9di\u00e9viste, Patrick Boucheron, r\u00e9pondait \u00e0 la question\u00a0: Que peut l\u2019histoire pour les villes ? Ne pas les encombrer.<\/p><p>C\u2019est ce d\u00e9fi que la Ville de Chaumont a voulu relever, en mettant \u00e0 l\u2019honneur un patrimoine qui s\u2019accomplit pleinement dans la transmission d\u2019un pr\u00e9sent que les Chaumontais sont invit\u00e9s \u00e0 construire collectivement. Ainsi nous aurons l\u2019occasion de voir dans la rue qui porte son nom mais \u00e9galement dans un nouvel espace d\u00e9di\u00e9 au Signe, labellis\u00e9 centre d\u2019art contemporain d\u2019int\u00e9r\u00eat national, les affiches du fonds Dutailly. Nous pourrons d\u00e9couvrir les raret\u00e9s du fonds de livres anciens conserv\u00e9s aux silos alors que le b\u00e2timent b\u00e9n\u00e9ficie actuellement d\u2019une grande r\u00e9novation \u00e9nerg\u00e9tique et technologique. Les travaux de la Basilique Saint-Jean Baptiste, class\u00e9e au titre des monuments historiques, se poursuivront en m\u00eame temps que nous verrons s\u2019\u00e9panouir les premi\u00e8res fresques des artistes s\u00e9lectionn\u00e9s pour le parcours des entr\u00e9es de ville. L\u2019art de transmettre, de raconter notre h\u00e9ritage et dessiner notre histoire, feront l\u2019objet de tables rondes et de d\u00e9bats toujours aussi passionn\u00e9s sous le chapiteau du salon du livre.\u00a0<\/p><p>Et pour ouvrir cette saison qui m\u00eale l\u2019histoire au monde contemporain, le compositeur Lo\u00efc Gu\u00e9nin et ses complices-interpr\u00e8tes vous emm\u00e8neront en balade sonore \u00e0 travers le patrimoine architectural, naturel et industriel de Chaumont &#8211; \u00e0 retrouver dans de fabuleuses partitions, m\u00e9moire graphique et sonore de notre ville.\u00a0<\/p><p>T\u00e9l\u00e9chargez le journal de la saison 05 <a href=\"https:\/\/saisonsculturelleschaumont.fr\/mdxpuixt\/wp-content\/uploads\/2021\/09\/SCC-5-Journal_numerique.pdf\">ici !<\/a><\/p><p>Bonne lecture !<\/p>\t\t\t\t\t<\/div>\n\t\t\t\t\t\t<\/div>\n\t\t\t\t<\/div>\n\t\t\t\t<div class=\"elementor-element elementor-element-86a1446 elementor-widget elementor-widget-premium-addon-button\" data-id=\"86a1446\" data-element_type=\"widget\" data-widget_type=\"premium-addon-button.default\">\n\t\t\t\t<div class=\"elementor-widget-container\">\n\t\t\t\r\n\r\n\t\t<a class=\"premium-button premium-button-none premium-btn-lg premium-button-none\" href=\"https:\/\/saisonsculturelleschaumont.fr\/mdxpuixt\/autres-saisons\/\">\r\n\t\t\t<div class=\"premium-button-text-icon-wrapper\">\r\n\t\t\t\t\t\t\t\t<span >\r\n\t\t\t\t\tautres saisons\t\t\t\t<\/span>\r\n\t\t\t\t\t\t\t<\/div>\r\n\t\t\t\t\t\t\t\t<\/a>\r\n\r\n\r\n\t\t\t\t<\/div>\n\t\t\t\t<\/div>\n\t\t\t\t\t\t<\/div>\n\t\t\t\t\t<\/div>\n\t\t<\/div>\n\t\t\t\t\t\t\t\t<\/div>\n\t\t\t\t\t<\/div>\n\t\t<\/section>\n\t\t\t\t<section class=\"elementor-section elementor-top-section elementor-element elementor-element-34be8b67 elementor-section-boxed elementor-section-height-default elementor-section-height-default\" data-id=\"34be8b67\" data-element_type=\"section\">\n\t\t\t\t\t\t<div class=\"elementor-container elementor-column-gap-default\">\n\t\t\t\t\t\t\t<div class=\"elementor-row\">\n\t\t\t\t\t<div class=\"elementor-column elementor-col-100 elementor-top-column elementor-element elementor-element-2a46a0a\" data-id=\"2a46a0a\" data-element_type=\"column\">\n\t\t\t<div class=\"elementor-column-wrap elementor-element-populated\">\n\t\t\t\t\t\t\t<div class=\"elementor-widget-wrap\">\n\t\t\t\t\t\t<div class=\"elementor-element elementor-element-46945a82 elementor-widget elementor-widget-wp-widget-ipw\" data-id=\"46945a82\" data-element_type=\"widget\" data-widget_type=\"wp-widget-ipw.default\">\n\t\t\t\t<div class=\"elementor-widget-container\">\n\t\t\t<div data-post-id=\"8001\" class=\"insert-page insert-page-8001 \">\n<style type=\"text\/css\" data-created_by=\"avia_inline_auto\" id=\"style-css-av-jyhtyvi9-c472173ad61115fa27e237f275a93df0\">\n#top .av_textblock_section.av-jyhtyvi9-c472173ad61115fa27e237f275a93df0 .avia_textblock{\nfont-size:24px;\n}\n<\/style>\n<section  class='av_textblock_section av-jyhtyvi9-c472173ad61115fa27e237f275a93df0 '   itemscope=\"itemscope\" itemtype=\"https:\/\/schema.org\/CreativeWork\" ><div class='avia_textblock'  itemprop=\"text\" ><p>\u2022 arts visuels<\/p>\n<\/div><\/section>\n\n<style type=\"text\/css\" data-created_by=\"avia_inline_auto\" id=\"style-css-av-r7jg-a2a37e95637f5b1b440c8c6c21e046e8\">\n#top .flex_column.av-r7jg-a2a37e95637f5b1b440c8c6c21e046e8{\nmargin-top:0px;\nmargin-bottom:20px;\n}\n.flex_column.av-r7jg-a2a37e95637f5b1b440c8c6c21e046e8{\nborder-radius:0px 0px 0px 0px;\npadding:0px 0px 0px 0px;\n}\n.responsive #top #wrap_all .flex_column.av-r7jg-a2a37e95637f5b1b440c8c6c21e046e8{\nmargin-top:0px;\nmargin-bottom:20px;\n}\n<\/style>\n<div  class='flex_column av-r7jg-a2a37e95637f5b1b440c8c6c21e046e8 av_one_full  avia-builder-el-1  el_after_av_textblock  el_before_av_textblock  first flex_column_div av-zero-column-padding  column-top-margin'     ><div id='grille-ala-une' class='av-masonry av-jxpefprf-6a66f1bb17385d6b5097667892440882 noHover av-fixed-size av-1px-gap av-hover-overlay- av-masonry-animation- av-masonry-col-3 av-caption-on-hover av-caption-style-overlay av-masonry-entries av-medium-columns-overwrite av-medium-columns-2 av-small-columns-overwrite av-small-columns-2 av-mini-columns-overwrite av-mini-columns-1 ' data-post_id=\"8001\"><div class=\"av-masonry-container isotope av-js-disabled\"><div class='av-masonry-entry isotope-item av-masonry-item-no-image '><\/div><a href=\"https:\/\/saisonsculturelleschaumont.fr\/mdxpuixt\/evenement\/concours-international-de-design-graphique\/\"  id='av-masonry-1-item-6283' data-av-masonry-item='6283' class='av-masonry-entry isotope-item post-6283 tribe_events type-tribe_events status-publish has-post-thumbnail hentry tag-art tag-creation tag-culture tag-deambulation tag-exposition tag-graphisme tag-signe tribe_events_cat-arts-visuels  av-masonry-item-with-image' title=\"10.a Concours international1\"   itemscope=\"itemscope\" itemtype=\"https:\/\/schema.org\/CreativeWork\" ><div class='av-inner-masonry-sizer'><\/div><figure class='av-inner-masonry main_color'><div class=\"av-masonry-outerimage-container\"><div class='av-masonry-image-container' style=\"background-image: url(https:\/\/saisonsculturelleschaumont.fr\/mdxpuixt\/wp-content\/uploads\/2021\/03\/10.a-Concours-international1-705x471.jpg);\"  title=\"10.a Concours international1\"  ><\/div><\/div><figcaption class='av-inner-masonry-content site-background'><div class='av-inner-masonry-content-pos'><div class='av-inner-masonry-content-pos-content'><div class='avia-arrow'><\/div><span class=\"tribe-event-date-start\">5 Mai 2021<\/span> - <span class=\"tribe-event-date-end\">21 Nov 2021<\/span><br><span class=\"tribe-event-categories\">arts visuels<\/span><h3 class='av-masonry-entry-title entry-title '  itemprop=\"headline\" >Concours international de design graphique<\/h3><\/div><\/div><\/figcaption><\/figure><\/a><!--end av-masonry entry--><a href=\"https:\/\/saisonsculturelleschaumont.fr\/mdxpuixt\/evenement\/viral\/\"  id='av-masonry-1-item-6282' data-av-masonry-item='6282' class='av-masonry-entry isotope-item post-6282 tribe_events type-tribe_events status-publish has-post-thumbnail hentry tag-art tag-creation tag-culture tag-deambulation tag-exposition tag-graphisme tag-signe tribe_events_cat-arts-visuels  av-masonry-item-with-image' title=\"1.a VIRAL1\"   itemscope=\"itemscope\" itemtype=\"https:\/\/schema.org\/CreativeWork\" ><div class='av-inner-masonry-sizer'><\/div><figure class='av-inner-masonry main_color'><div class=\"av-masonry-outerimage-container\"><div class='av-masonry-image-container' style=\"background-image: url(https:\/\/saisonsculturelleschaumont.fr\/mdxpuixt\/wp-content\/uploads\/2021\/03\/1.a-VIRAL1-705x440.jpg);\"  title=\"1.a VIRAL1\"  ><\/div><\/div><figcaption class='av-inner-masonry-content site-background'><div class='av-inner-masonry-content-pos'><div class='av-inner-masonry-content-pos-content'><div class='avia-arrow'><\/div><span class=\"tribe-event-date-start\">19 Mai 2021<\/span> - <span class=\"tribe-event-date-end\">21 Nov 2021<\/span><br><span class=\"tribe-event-categories\">arts visuels<\/span><h3 class='av-masonry-entry-title entry-title '  itemprop=\"headline\" >Viral<\/h3><\/div><\/div><\/figcaption><\/figure><\/a><!--end av-masonry entry--><a href=\"https:\/\/saisonsculturelleschaumont.fr\/mdxpuixt\/evenement\/concours-etudiant\/\"  id='av-masonry-1-item-6286' data-av-masonry-item='6286' class='av-masonry-entry isotope-item post-6286 tribe_events type-tribe_events status-publish has-post-thumbnail hentry tag-art tag-creation tag-culture tag-deambulation tag-exposition tag-graphisme tag-signe tribe_events_cat-arts-visuels  av-masonry-item-with-image' title=\"11. Concours \u00e9tudiant\"   itemscope=\"itemscope\" itemtype=\"https:\/\/schema.org\/CreativeWork\" ><div class='av-inner-masonry-sizer'><\/div><figure class='av-inner-masonry main_color'><div class=\"av-masonry-outerimage-container\"><div class='av-masonry-image-container' style=\"background-image: url(https:\/\/saisonsculturelleschaumont.fr\/mdxpuixt\/wp-content\/uploads\/2021\/03\/11.-Concours-etudiant-705x487.jpg);\"  title=\"11. Concours \u00e9tudiant\"  ><\/div><\/div><figcaption class='av-inner-masonry-content site-background'><div class='av-inner-masonry-content-pos'><div class='av-inner-masonry-content-pos-content'><div class='avia-arrow'><\/div><span class=\"tribe-event-date-start\">15 Oct 2021  14:00<\/span> - <span class=\"tribe-event-date-end\">21 Nov 2021  18:00<\/span><br><span class=\"tribe-event-categories\">arts visuels<\/span><h3 class='av-masonry-entry-title entry-title '  itemprop=\"headline\" >Concours \u00e9tudiant<\/h3><\/div><\/div><\/figcaption><\/figure><\/a><!--end av-masonry entry--><a href=\"https:\/\/saisonsculturelleschaumont.fr\/mdxpuixt\/evenement\/lettres-peintes-chantal-jacquet\/\"  id='av-masonry-1-item-6287' data-av-masonry-item='6287' class='av-masonry-entry isotope-item post-6287 tribe_events type-tribe_events status-publish has-post-thumbnail hentry tag-art tag-creation tag-culture tag-deambulation tag-exposition tag-graphisme tag-signe tribe_events_cat-arts-visuels  av-masonry-item-with-image' title=\"8.a Lettres peintes &#8211; Chantal Jacquet\"   itemscope=\"itemscope\" itemtype=\"https:\/\/schema.org\/CreativeWork\" ><div class='av-inner-masonry-sizer'><\/div><figure class='av-inner-masonry main_color'><div class=\"av-masonry-outerimage-container\"><div class='av-masonry-image-container' style=\"background-image: url(https:\/\/saisonsculturelleschaumont.fr\/mdxpuixt\/wp-content\/uploads\/2021\/03\/8.a-Lettres-peintes-Chantal-Jacquet-705x470.jpg);\"  title=\"8.a Lettres peintes &#8211; Chantal Jacquet\"  ><\/div><\/div><figcaption class='av-inner-masonry-content site-background'><div class='av-inner-masonry-content-pos'><div class='av-inner-masonry-content-pos-content'><div class='avia-arrow'><\/div><span class=\"tribe-event-date-start\">27 Mai 2021  14:00<\/span> - <span class=\"tribe-event-date-end\">21 Nov 2021  18:00<\/span><br><span class=\"tribe-event-categories\">arts visuels<\/span><h3 class='av-masonry-entry-title entry-title '  itemprop=\"headline\" >Lettres peintes &#8211; Chantal Jacquet<\/h3><\/div><\/div><\/figcaption><\/figure><\/a><!--end av-masonry entry--><a href=\"https:\/\/saisonsculturelleschaumont.fr\/mdxpuixt\/evenement\/formes-de-collaboration\/\"  id='av-masonry-1-item-6292' data-av-masonry-item='6292' class='av-masonry-entry isotope-item post-6292 tribe_events type-tribe_events status-publish has-post-thumbnail hentry tag-art tag-creation tag-culture tag-deambulation tag-exposition tag-graphisme tag-signe tribe_events_cat-arts-visuels  av-masonry-item-with-image' title=\"12.a Formes de collaboration1 copie\"   itemscope=\"itemscope\" itemtype=\"https:\/\/schema.org\/CreativeWork\" ><div class='av-inner-masonry-sizer'><\/div><figure class='av-inner-masonry main_color'><div class=\"av-masonry-outerimage-container\"><div class='av-masonry-image-container' style=\"background-image: url(https:\/\/saisonsculturelleschaumont.fr\/mdxpuixt\/wp-content\/uploads\/2021\/03\/12.a-Formes-de-collaboration1-copie-705x364.jpg);\"  title=\"12.a Formes de collaboration1 copie\"  ><\/div><\/div><figcaption class='av-inner-masonry-content site-background'><div class='av-inner-masonry-content-pos'><div class='av-inner-masonry-content-pos-content'><div class='avia-arrow'><\/div><span class=\"tribe-event-date-start\">26 Mai 2021  14:00<\/span> - <span class=\"tribe-event-date-end\">21 Nov 2021  18:00<\/span><br><span class=\"tribe-event-categories\">arts visuels<\/span><h3 class='av-masonry-entry-title entry-title '  itemprop=\"headline\" >Formes de collaboration<\/h3><\/div><\/div><\/figcaption><\/figure><\/a><!--end av-masonry entry--><a href=\"https:\/\/saisonsculturelleschaumont.fr\/mdxpuixt\/evenement\/tout-est-vanite-lunivers-apocalyptique-de-frederic-voisin\/\"  id='av-masonry-1-item-6854' data-av-masonry-item='6854' class='av-masonry-entry isotope-item post-6854 tribe_events type-tribe_events status-publish has-post-thumbnail hentry tag-art tag-contemporain tag-exposition tag-fantastique tag-gravure tribe_events_cat-arts-visuels  av-masonry-item-with-image' title=\"Danse avec la mort_1\"   itemscope=\"itemscope\" itemtype=\"https:\/\/schema.org\/CreativeWork\" ><div class='av-inner-masonry-sizer'><\/div><figure class='av-inner-masonry main_color'><div class=\"av-masonry-outerimage-container\"><div class='av-masonry-image-container' style=\"background-image: url(https:\/\/saisonsculturelleschaumont.fr\/mdxpuixt\/wp-content\/uploads\/2021\/09\/Danse-avec-la-mort_1-568x705.jpg);\"  title=\"Danse avec la mort_1\"  ><\/div><\/div><figcaption class='av-inner-masonry-content site-background'><div class='av-inner-masonry-content-pos'><div class='av-inner-masonry-content-pos-content'><div class='avia-arrow'><\/div><span class=\"tribe-event-date-start\">11 Sep 2021<\/span> - <span class=\"tribe-event-date-end\">25 D\u00e9c 2021<\/span><br><span class=\"tribe-event-categories\">arts visuels<\/span><h3 class='av-masonry-entry-title entry-title '  itemprop=\"headline\" >tout est vanit\u00e9, l&rsquo;univers apocalyptique de Fr\u00e9d\u00e9ric Voisin<\/h3><\/div><\/div><\/figcaption><\/figure><\/a><!--end av-masonry entry--><\/div><a class='av-masonry-pagination av-masonry-load-more' href='#load-more'  data-link='tribe_events_cat, 42'  data-term_rel='IN'  data-wc_prod_visible=''  data-wc_prod_hidden=''  data-wc_prod_featured=''  data-prod_order_by=''  data-prod_order=''  data-date_filter='date_filter'  data-date_filter_start='2021\/09\/01'  data-date_filter_end='2021\/12\/31'  data-date_filter_format='yy\/mm\/dd'  data-period_filter_unit_1=''  data-period_filter_unit_2=''  data-page_element_filter=''  data-sort='no'  data-query_orderby='date'  data-query_order='ASC'  data-caption_elements='title'  data-caption_styling='overlay'  data-caption_display='on-hover'  data-img_copyright=''  data-size='fixed'  data-orientation=''  data-image_size='masonry'  data-gap='1px'  data-columns='3'  data-av-desktop-columns=''  data-av-medium-columns='2'  data-av-small-columns='2'  data-av-mini-columns='1'  data-items='6'  data-paginate='load_more'  data-color='custom'  data-custom_bg=''  data-img_copyright_font=''  data-av-desktop-font-img_copyright_font=''  data-av-medium-font-img_copyright_font=''  data-av-small-font-img_copyright_font=''  data-av-mini-font-img_copyright_font=''  data-img_copyright_color=''  data-img_copyright_bg=''  data-animation=''  data-animation_duration=''  data-animation_custom_bg_color=''  data-animation_custom_bg_color_multi_list=''  data-animation_z_index_curtain='100'  data-overlay_fx=''  data-img_scrset=''  data-lazy_loading='disabled'  data-av-desktop-hide=''  data-av-medium-hide=''  data-av-small-hide=''  data-av-mini-hide=''  data-alb_description=''  data-id='grille-ala-une'  data-custom_class=''  data-template_class=''  data-av_uid='av-jxpefprf'  data-sc_version='1.0'  data-ids=''  data-action=''  data-post_type='post, page, attachment, revision, nav_menu_item, custom_css, customize_changeset, oembed_cache, user_request, wp_block, wp_template, wp_template_part, wp_global_styles, wp_navigation, e-landing-page, elementor_library, tribe_event_series, wpcf7_contact_form, tribe_venue, tribe_organizer, tribe_events, tribe-ea-record, deleted_event, spectra-popup, portfolio, avia_framework_post, popupbuilder'  data-offset='0'  data-container_links='active'  data-link_dest=''  data-lightbox_text=''  data-container_class='av-masonry-entries'  data-auto_ratio='1.7'  data-set_breadcrumb='1'  data-custom_markup=''  data-taxonomy='tribe_events_cat'  data-categories='42'  data-avno='d7051b306b'>Charger plus<\/a><\/div><\/div>\n\n<style type=\"text\/css\" data-created_by=\"avia_inline_auto\" id=\"style-css-av-jyhtyvi9-18-d9967de8e4b71ac626583459593dee70\">\n#top .av_textblock_section.av-jyhtyvi9-18-d9967de8e4b71ac626583459593dee70 .avia_textblock{\nfont-size:24px;\n}\n<\/style>\n<section  class='av_textblock_section av-jyhtyvi9-18-d9967de8e4b71ac626583459593dee70 '   itemscope=\"itemscope\" itemtype=\"https:\/\/schema.org\/CreativeWork\" ><div class='avia_textblock'  itemprop=\"text\" ><p>\u2022 beaux arts<\/p>\n<\/div><\/section>\n\n<style type=\"text\/css\" data-created_by=\"avia_inline_auto\" id=\"style-css-av-r7jg-17-ea590f3ee565bb8e4ac82d286ddb3bcd\">\n#top .flex_column.av-r7jg-17-ea590f3ee565bb8e4ac82d286ddb3bcd{\nmargin-top:0px;\nmargin-bottom:20px;\n}\n.flex_column.av-r7jg-17-ea590f3ee565bb8e4ac82d286ddb3bcd{\nborder-radius:0px 0px 0px 0px;\npadding:0px 0px 0px 0px;\n}\n.responsive #top #wrap_all .flex_column.av-r7jg-17-ea590f3ee565bb8e4ac82d286ddb3bcd{\nmargin-top:0px;\nmargin-bottom:20px;\n}\n<\/style>\n<div  class='flex_column av-r7jg-17-ea590f3ee565bb8e4ac82d286ddb3bcd av_one_full  avia-builder-el-4  el_after_av_textblock  el_before_av_textblock  first flex_column_div av-zero-column-padding  column-top-margin'     ><div id='grille-ala-une' class='av-masonry av-jxpefprf-16-3b8df59ede9d06eac0fc88e871bb460e noHover av-fixed-size av-1px-gap av-hover-overlay- av-masonry-animation- av-masonry-col-3 av-caption-on-hover av-caption-style-overlay av-masonry-entries av-medium-columns-overwrite av-medium-columns-2 av-small-columns-overwrite av-small-columns-2 av-mini-columns-overwrite av-mini-columns-1 ' data-post_id=\"8001\"><div class=\"av-masonry-container isotope av-js-disabled\"><div class='av-masonry-entry isotope-item av-masonry-item-no-image '><\/div><a href=\"https:\/\/saisonsculturelleschaumont.fr\/mdxpuixt\/evenement\/semaine-bleue-visite-guidee-traverser-le-paysage\/\"  id='av-masonry-2-item-6884' data-av-masonry-item='6884' class='av-masonry-entry isotope-item post-6884 tribe_events type-tribe_events status-publish has-post-thumbnail hentry tag-art tag-exposition tag-gratuit tag-musee tag-paysage tag-semaine-bleue tag-seniors tag-visite-guidee tribe_events_cat-beaux-arts  av-masonry-item-with-image' title=\"Mus\u00e9es de Chaumont_Semaine Bleue_Visite guid\u00e9e Traverser le payasage\"   itemscope=\"itemscope\" itemtype=\"https:\/\/schema.org\/CreativeWork\" ><div class='av-inner-masonry-sizer'><\/div><figure class='av-inner-masonry main_color'><div class=\"av-masonry-outerimage-container\"><div class='av-masonry-image-container' style=\"background-image: url(https:\/\/saisonsculturelleschaumont.fr\/mdxpuixt\/wp-content\/uploads\/2021\/09\/Musees-de-Chaumont_Semaine-Bleue_Visite-guidee-Traverser-le-payasage-705x529.jpg);\"  title=\"Mus\u00e9es de Chaumont_Semaine Bleue_Visite guid\u00e9e Traverser le payasage\"  ><\/div><\/div><figcaption class='av-inner-masonry-content site-background'><div class='av-inner-masonry-content-pos'><div class='av-inner-masonry-content-pos-content'><div class='avia-arrow'><\/div><span class=\"tribe-event-date-start\">4 Oct 2021<\/span> - <span class=\"tribe-event-date-end\">7 Oct 2021<\/span><br><span class=\"tribe-event-categories\">beaux arts<\/span><h3 class='av-masonry-entry-title entry-title '  itemprop=\"headline\" >SEMAINE BLEUE visite guid\u00e9e &lsquo;traverser le paysage&rsquo;<\/h3><\/div><\/div><\/figcaption><\/figure><\/a><!--end av-masonry entry--><a href=\"https:\/\/saisonsculturelleschaumont.fr\/mdxpuixt\/evenement\/semaine-bleue-atelier-a-la-mode-de-chez-nous\/\"  id='av-masonry-2-item-6885' data-av-masonry-item='6885' class='av-masonry-entry isotope-item post-6885 tribe_events type-tribe_events status-publish has-post-thumbnail hentry tag-atelier tag-gratuit tag-mode tag-musee tag-patrimoine tag-semaine-bleue tag-seniors tag-visite tribe_events_cat-beaux-arts  av-masonry-item-with-image' title=\"Mus\u00e9es de Chaumont_Semaine Bleue_Atelier A la mode de chez nous\"   itemscope=\"itemscope\" itemtype=\"https:\/\/schema.org\/CreativeWork\" ><div class='av-inner-masonry-sizer'><\/div><figure class='av-inner-masonry main_color'><div class=\"av-masonry-outerimage-container\"><div class='av-masonry-image-container' style=\"background-image: url(https:\/\/saisonsculturelleschaumont.fr\/mdxpuixt\/wp-content\/uploads\/2021\/09\/Musees-de-Chaumont_Semaine-Bleue_Atelier-A-la-mode-de-chez-nous-466x705.jpg);\"  title=\"Mus\u00e9es de Chaumont_Semaine Bleue_Atelier A la mode de chez nous\"  ><\/div><\/div><figcaption class='av-inner-masonry-content site-background'><div class='av-inner-masonry-content-pos'><div class='av-inner-masonry-content-pos-content'><div class='avia-arrow'><\/div><span class=\"tribe-event-date-start\">6 Oct 2021  14:30<\/span> - <span class=\"tribe-event-time\">17:00<\/span><br><span class=\"tribe-event-categories\">beaux arts<\/span><h3 class='av-masonry-entry-title entry-title '  itemprop=\"headline\" >SEMAINE BLEUE atelier &lsquo;\u00e0 la mode de chez nous&rsquo;<\/h3><\/div><\/div><\/figcaption><\/figure><\/a><!--end av-masonry entry--><a href=\"https:\/\/saisonsculturelleschaumont.fr\/mdxpuixt\/evenement\/semaine-du-gout-visite-atelier-pour-les-3-10-ans-les-petits-plats-dans-les-grands-2\/\"  id='av-masonry-2-item-6886' data-av-masonry-item='6886' class='av-masonry-entry isotope-item post-6886 tribe_events type-tribe_events status-publish has-post-thumbnail hentry tag-activite tag-art tag-atelier tag-en-famille tag-enfant tag-musee tag-patrimoine tag-visite tribe_events_cat-beaux-arts  av-masonry-item-with-image' title=\"Mus\u00e9es de Chaumont_Atelier Les petits plats dans les grands\"   itemscope=\"itemscope\" itemtype=\"https:\/\/schema.org\/CreativeWork\" ><div class='av-inner-masonry-sizer'><\/div><figure class='av-inner-masonry main_color'><div class=\"av-masonry-outerimage-container\"><div class='av-masonry-image-container' style=\"background-image: url(https:\/\/saisonsculturelleschaumont.fr\/mdxpuixt\/wp-content\/uploads\/2021\/09\/Musees-de-Chaumont_Atelier-Les-petits-plats-dans-les-grands-705x631.jpg);\"  title=\"Mus\u00e9es de Chaumont_Atelier Les petits plats dans les grands\"  ><\/div><\/div><figcaption class='av-inner-masonry-content site-background'><div class='av-inner-masonry-content-pos'><div class='av-inner-masonry-content-pos-content'><div class='avia-arrow'><\/div><span class=\"tribe-event-date-start\">13 Oct 2021  14:30<\/span> - <span class=\"tribe-event-time\">16:00<\/span><br><span class=\"tribe-event-categories\">beaux arts<\/span><h3 class='av-masonry-entry-title entry-title '  itemprop=\"headline\" >SEMAINE DU GOUT visite atelier pour les 3-10 ans &lsquo;les petits plats dans les grands&rsquo;<\/h3><\/div><\/div><\/figcaption><\/figure><\/a><!--end av-masonry entry--><a href=\"https:\/\/saisonsculturelleschaumont.fr\/mdxpuixt\/evenement\/journees-nationales-de-larchitecture-balade-urbaine-sur-les-pas-de-jean-baptiste-bouchardon-architecte-2\/\"  id='av-masonry-2-item-6887' data-av-masonry-item='6887' class='av-masonry-entry isotope-item post-6887 tribe_events type-tribe_events status-publish has-post-thumbnail hentry tag-architecture tag-decouverte tag-journees-nationales-de-larchitecture tag-musee tag-parcours tag-patrimoine tag-promenade tag-visite-guidee tribe_events_cat-beaux-arts  av-masonry-item-with-image' title=\"Mus\u00e9es de Chaumont_JNA_Balade urbaine Sur les pas de JBB architecte\"   itemscope=\"itemscope\" itemtype=\"https:\/\/schema.org\/CreativeWork\" ><div class='av-inner-masonry-sizer'><\/div><figure class='av-inner-masonry main_color'><div class=\"av-masonry-outerimage-container\"><div class='av-masonry-image-container' style=\"background-image: url(https:\/\/saisonsculturelleschaumont.fr\/mdxpuixt\/wp-content\/uploads\/2021\/09\/Musees-de-Chaumont_JNA_Balade-urbaine-Sur-les-pas-de-JBB-architecte-529x705.jpg);\"  title=\"Mus\u00e9es de Chaumont_JNA_Balade urbaine Sur les pas de JBB architecte\"  ><\/div><\/div><figcaption class='av-inner-masonry-content site-background'><div class='av-inner-masonry-content-pos'><div class='av-inner-masonry-content-pos-content'><div class='avia-arrow'><\/div><span class=\"tribe-event-date-start\">17 Oct 2021  15:00<\/span> - <span class=\"tribe-event-time\">16:00<\/span><br><span class=\"tribe-event-categories\">beaux arts<\/span><h3 class='av-masonry-entry-title entry-title '  itemprop=\"headline\" >JOURNEES NATIONALES DE L&rsquo;ARCHITECTURE balade urbaine &lsquo;sur les pas de Jean-Baptiste Bouchardon, architecte&rsquo;<\/h3><\/div><\/div><\/figcaption><\/figure><\/a><!--end av-masonry entry--><a href=\"https:\/\/saisonsculturelleschaumont.fr\/mdxpuixt\/evenement\/visite-atelier-pour-les-5-12-ans-apprenti-mosaiste\/\"  id='av-masonry-2-item-6888' data-av-masonry-item='6888' class='av-masonry-entry isotope-item post-6888 tribe_events type-tribe_events status-publish has-post-thumbnail hentry tag-activite tag-art tag-atelier tag-en-famille tag-enfant tag-musee tag-patrimoine tag-visite tribe_events_cat-beaux-arts  av-masonry-item-with-image' title=\"Mus\u00e9es de Chaumont_Atelier_Apprenti mosaiste\"   itemscope=\"itemscope\" itemtype=\"https:\/\/schema.org\/CreativeWork\" ><div class='av-inner-masonry-sizer'><\/div><figure class='av-inner-masonry main_color'><div class=\"av-masonry-outerimage-container\"><div class='av-masonry-image-container' style=\"background-image: url(https:\/\/saisonsculturelleschaumont.fr\/mdxpuixt\/wp-content\/uploads\/2021\/09\/Musees-de-Chaumont_Atelier_Apprenti-mosaiste-705x705.jpg);\"  title=\"Mus\u00e9es de Chaumont_Atelier_Apprenti mosaiste\"  ><\/div><\/div><figcaption class='av-inner-masonry-content site-background'><div class='av-inner-masonry-content-pos'><div class='av-inner-masonry-content-pos-content'><div class='avia-arrow'><\/div><span class=\"tribe-event-date-start\">27 Oct 2021<\/span> - <span class=\"tribe-event-date-end\">5 Nov 2021<\/span><br><span class=\"tribe-event-categories\">beaux arts<\/span><h3 class='av-masonry-entry-title entry-title '  itemprop=\"headline\" >visite-atelier pour les 5-12 ans &lsquo;apprenti mosa\u00efste&rsquo;<\/h3><\/div><\/div><\/figcaption><\/figure><\/a><!--end av-masonry entry--><a href=\"https:\/\/saisonsculturelleschaumont.fr\/mdxpuixt\/evenement\/visite-atelier-pour-les-adultes-et-les-adolescents-couronne-dhiver\/\"  id='av-masonry-2-item-6889' data-av-masonry-item='6889' class='av-masonry-entry isotope-item post-6889 tribe_events type-tribe_events status-publish has-post-thumbnail hentry tag-activite tag-adolescent tag-adulte tag-art tag-atelier tag-musee tag-visite tribe_events_cat-beaux-arts  av-masonry-item-with-image' title=\"Mus\u00e9es de Chaumont_Atelier adultes et ados_Couronne d&rsquo;hiver\"   itemscope=\"itemscope\" itemtype=\"https:\/\/schema.org\/CreativeWork\" ><div class='av-inner-masonry-sizer'><\/div><figure class='av-inner-masonry main_color'><div class=\"av-masonry-outerimage-container\"><div class='av-masonry-image-container' style=\"background-image: url(https:\/\/saisonsculturelleschaumont.fr\/mdxpuixt\/wp-content\/uploads\/2021\/09\/Musees-de-Chaumont_Atelier-adultes-et-ados_Couronne-dhiver-705x611.jpg);\"  title=\"Mus\u00e9es de Chaumont_Atelier adultes et ados_Couronne d&rsquo;hiver\"  ><\/div><\/div><figcaption class='av-inner-masonry-content site-background'><div class='av-inner-masonry-content-pos'><div class='av-inner-masonry-content-pos-content'><div class='avia-arrow'><\/div><span class=\"tribe-event-date-start\">5 D\u00e9c 2021<\/span> - <span class=\"tribe-event-date-end\">12 D\u00e9c 2021<\/span><br><span class=\"tribe-event-categories\">beaux arts<\/span><h3 class='av-masonry-entry-title entry-title '  itemprop=\"headline\" >visite-atelier pour les adultes et les adolescents &lsquo;couronne d&rsquo;hiver&rsquo;<\/h3><\/div><\/div><\/figcaption><\/figure><\/a><!--end av-masonry entry--><\/div><a class='av-masonry-pagination av-masonry-load-more' href='#load-more'  data-link='tribe_events_cat, 217'  data-term_rel='IN'  data-wc_prod_visible=''  data-wc_prod_hidden=''  data-wc_prod_featured=''  data-prod_order_by=''  data-prod_order=''  data-date_filter='date_filter'  data-date_filter_start='2021\/09\/01'  data-date_filter_end='2021\/12\/31'  data-date_filter_format='yy\/mm\/dd'  data-period_filter_unit_1=''  data-period_filter_unit_2=''  data-page_element_filter=''  data-sort='no'  data-query_orderby='date'  data-query_order='ASC'  data-caption_elements='title'  data-caption_styling='overlay'  data-caption_display='on-hover'  data-img_copyright=''  data-size='fixed'  data-orientation=''  data-image_size='masonry'  data-gap='1px'  data-columns='3'  data-av-desktop-columns=''  data-av-medium-columns='2'  data-av-small-columns='2'  data-av-mini-columns='1'  data-items='6'  data-paginate='load_more'  data-color='custom'  data-custom_bg=''  data-img_copyright_font=''  data-av-desktop-font-img_copyright_font=''  data-av-medium-font-img_copyright_font=''  data-av-small-font-img_copyright_font=''  data-av-mini-font-img_copyright_font=''  data-img_copyright_color=''  data-img_copyright_bg=''  data-animation=''  data-animation_duration=''  data-animation_custom_bg_color=''  data-animation_custom_bg_color_multi_list=''  data-animation_z_index_curtain='100'  data-overlay_fx=''  data-img_scrset=''  data-lazy_loading='disabled'  data-av-desktop-hide=''  data-av-medium-hide=''  data-av-small-hide=''  data-av-mini-hide=''  data-alb_description=''  data-id='grille-ala-une'  data-custom_class=''  data-template_class=''  data-av_uid='av-jxpefprf-16'  data-sc_version='1.0'  data-ids=''  data-action=''  data-post_type='post, page, attachment, revision, nav_menu_item, custom_css, customize_changeset, oembed_cache, user_request, wp_block, wp_template, wp_template_part, wp_global_styles, wp_navigation, e-landing-page, elementor_library, tribe_event_series, wpcf7_contact_form, tribe_venue, tribe_organizer, tribe_events, tribe-ea-record, deleted_event, spectra-popup, portfolio, avia_framework_post, popupbuilder'  data-offset='0'  data-container_links='active'  data-link_dest=''  data-lightbox_text=''  data-container_class='av-masonry-entries'  data-auto_ratio='1.7'  data-set_breadcrumb='1'  data-custom_markup=''  data-taxonomy='tribe_events_cat'  data-categories='217'  data-avno='d7051b306b'>Charger plus<\/a><\/div><\/div>\n\n<style type=\"text\/css\" data-created_by=\"avia_inline_auto\" id=\"style-css-av-jyhtyvi9-15-84f98217221f9b65858bfc93ea3a34dc\">\n#top .av_textblock_section.av-jyhtyvi9-15-84f98217221f9b65858bfc93ea3a34dc .avia_textblock{\nfont-size:24px;\n}\n<\/style>\n<section  class='av_textblock_section av-jyhtyvi9-15-84f98217221f9b65858bfc93ea3a34dc '   itemscope=\"itemscope\" itemtype=\"https:\/\/schema.org\/CreativeWork\" ><div class='avia_textblock'  itemprop=\"text\" ><p>\u2022 graphisme dans la ville<\/p>\n<\/div><\/section>\n\n<style type=\"text\/css\" data-created_by=\"avia_inline_auto\" id=\"style-css-av-r7jg-14-3393e343b22b816fae27aef8c26ece93\">\n#top .flex_column.av-r7jg-14-3393e343b22b816fae27aef8c26ece93{\nmargin-top:0px;\nmargin-bottom:20px;\n}\n.flex_column.av-r7jg-14-3393e343b22b816fae27aef8c26ece93{\nborder-radius:0px 0px 0px 0px;\npadding:0px 0px 0px 0px;\n}\n.responsive #top #wrap_all .flex_column.av-r7jg-14-3393e343b22b816fae27aef8c26ece93{\nmargin-top:0px;\nmargin-bottom:20px;\n}\n<\/style>\n<div  class='flex_column av-r7jg-14-3393e343b22b816fae27aef8c26ece93 av_one_full  avia-builder-el-7  el_after_av_textblock  el_before_av_textblock  first flex_column_div av-zero-column-padding  column-top-margin'     ><div id='grille-ala-une' class='av-masonry av-jxpefprf-13-8d2891b24bf3f7e7889e03c0bbf2ae97 noHover av-fixed-size av-1px-gap av-hover-overlay- av-masonry-animation- av-masonry-col-3 av-caption-on-hover av-caption-style-overlay av-masonry-entries av-medium-columns-overwrite av-medium-columns-2 av-small-columns-overwrite av-small-columns-2 av-mini-columns-overwrite av-mini-columns-1 ' data-post_id=\"8001\"><div class=\"av-masonry-container isotope av-js-disabled\"><div class='av-masonry-entry isotope-item av-masonry-item-no-image '><\/div><a href=\"https:\/\/saisonsculturelleschaumont.fr\/mdxpuixt\/evenement\/des-vivants-simon-roussin\/\"  id='av-masonry-3-item-6853' data-av-masonry-item='6853' class='av-masonry-entry isotope-item post-6853 tribe_events type-tribe_events status-publish has-post-thumbnail hentry tag-art tag-design tag-fresque tag-graphisme tag-intervention-murale tag-plein-air tribe_events_cat-graphisme-dans-la-ville  av-masonry-item-with-image' title=\"132-133_ok\"   itemscope=\"itemscope\" itemtype=\"https:\/\/schema.org\/CreativeWork\" ><div class='av-inner-masonry-sizer'><\/div><figure class='av-inner-masonry main_color'><div class=\"av-masonry-outerimage-container\"><div class='av-masonry-image-container' style=\"background-image: url(https:\/\/saisonsculturelleschaumont.fr\/mdxpuixt\/wp-content\/uploads\/2021\/09\/132-133_ok-705x428.jpg);\"  title=\"132-133_ok\"  ><\/div><\/div><figcaption class='av-inner-masonry-content site-background'><div class='av-inner-masonry-content-pos'><div class='av-inner-masonry-content-pos-content'><div class='avia-arrow'><\/div><span class=\"tribe-event-date-start\">10 Sep 2021<\/span> - <span class=\"tribe-event-date-end\">30 D\u00e9c 2021<\/span><br><span class=\"tribe-event-categories\">graphisme dans la ville<\/span><h3 class='av-masonry-entry-title entry-title '  itemprop=\"headline\" >des vivants &#8211; Simon Roussin<\/h3><\/div><\/div><\/figcaption><\/figure><\/a><!--end av-masonry entry--><\/div><\/div><\/div>\n\n<style type=\"text\/css\" data-created_by=\"avia_inline_auto\" id=\"style-css-av-jyhtyvi9-12-f13ee616ba9fe1abe5e2f09a40122a04\">\n#top .av_textblock_section.av-jyhtyvi9-12-f13ee616ba9fe1abe5e2f09a40122a04 .avia_textblock{\nfont-size:24px;\n}\n<\/style>\n<section  class='av_textblock_section av-jyhtyvi9-12-f13ee616ba9fe1abe5e2f09a40122a04 '   itemscope=\"itemscope\" itemtype=\"https:\/\/schema.org\/CreativeWork\" ><div class='avia_textblock'  itemprop=\"text\" ><p>\u2022 livre et rencontres<\/p>\n<\/div><\/section>\n\n<style type=\"text\/css\" data-created_by=\"avia_inline_auto\" id=\"style-css-av-r7jg-11-3bcb5feaa1ea2fd0f265f6a37c1cf53e\">\n#top .flex_column.av-r7jg-11-3bcb5feaa1ea2fd0f265f6a37c1cf53e{\nmargin-top:0px;\nmargin-bottom:20px;\n}\n.flex_column.av-r7jg-11-3bcb5feaa1ea2fd0f265f6a37c1cf53e{\nborder-radius:0px 0px 0px 0px;\npadding:0px 0px 0px 0px;\n}\n.responsive #top #wrap_all .flex_column.av-r7jg-11-3bcb5feaa1ea2fd0f265f6a37c1cf53e{\nmargin-top:0px;\nmargin-bottom:20px;\n}\n<\/style>\n<div  class='flex_column av-r7jg-11-3bcb5feaa1ea2fd0f265f6a37c1cf53e av_one_full  avia-builder-el-10  el_after_av_textblock  el_before_av_textblock  first flex_column_div av-zero-column-padding  column-top-margin'     ><div id='grille-ala-une' class='av-masonry av-jxpefprf-10-295bcb1061932b0c9573e51c59c50863 noHover av-fixed-size av-1px-gap av-hover-overlay- av-masonry-animation- av-masonry-col-3 av-caption-on-hover av-caption-style-overlay av-masonry-entries av-medium-columns-overwrite av-medium-columns-2 av-small-columns-overwrite av-small-columns-2 av-mini-columns-overwrite av-mini-columns-1 ' data-post_id=\"8001\"><div class=\"av-masonry-container isotope av-js-disabled\"><div class='av-masonry-entry isotope-item av-masonry-item-no-image '><\/div><a href=\"https:\/\/saisonsculturelleschaumont.fr\/mdxpuixt\/evenement\/balade-en-clic\/\"  id='av-masonry-4-item-6091' data-av-masonry-item='6091' class='av-masonry-entry isotope-item post-6091 tribe_events type-tribe_events status-publish has-post-thumbnail hentry tag-activite tag-numerique tag-promenade tribe_events_cat-livre-et-rencontres  av-masonry-item-with-image' title=\"balade clic\"   itemscope=\"itemscope\" itemtype=\"https:\/\/schema.org\/CreativeWork\" ><div class='av-inner-masonry-sizer'><\/div><figure class='av-inner-masonry main_color'><div class=\"av-masonry-outerimage-container\"><div class='av-masonry-image-container' style=\"background-image: url(https:\/\/saisonsculturelleschaumont.fr\/mdxpuixt\/wp-content\/uploads\/2021\/03\/balade-clic-705x401.jpg);\"  title=\"balade clic\"  ><\/div><\/div><figcaption class='av-inner-masonry-content site-background'><div class='av-inner-masonry-content-pos'><div class='av-inner-masonry-content-pos-content'><div class='avia-arrow'><\/div><span class=\"tribe-event-date-start\">1 Mai 2021<\/span> - <span class=\"tribe-event-date-end\">18 Sep 2021<\/span><br><span class=\"tribe-event-categories\">livre et rencontres<\/span><h3 class='av-masonry-entry-title entry-title '  itemprop=\"headline\" >balade en clic<\/h3><\/div><\/div><\/figcaption><\/figure><\/a><!--end av-masonry entry--><a href=\"https:\/\/saisonsculturelleschaumont.fr\/mdxpuixt\/evenement\/exposition-rare-remarquable\/\"  id='av-masonry-4-item-6950' data-av-masonry-item='6950' class='av-masonry-entry isotope-item post-6950 tribe_events type-tribe_events status-publish has-post-thumbnail hentry tag-exposition tag-livres-anciens tribe_events_cat-livre-et-rencontres  av-masonry-item-with-image' title=\"DSC_4199 copie\"   itemscope=\"itemscope\" itemtype=\"https:\/\/schema.org\/CreativeWork\" ><div class='av-inner-masonry-sizer'><\/div><figure class='av-inner-masonry main_color'><div class=\"av-masonry-outerimage-container\"><div class='av-masonry-image-container' style=\"background-image: url(https:\/\/saisonsculturelleschaumont.fr\/mdxpuixt\/wp-content\/uploads\/2021\/09\/DSC_4199-copie-470x705.jpg);\"  title=\"DSC_4199 copie\"  ><\/div><\/div><figcaption class='av-inner-masonry-content site-background'><div class='av-inner-masonry-content-pos'><div class='av-inner-masonry-content-pos-content'><div class='avia-arrow'><\/div><span class=\"tribe-event-date-start\">15 Oct 2021  13:30<\/span> - <span class=\"tribe-event-date-end\">31 D\u00e9c 2021  18:30<\/span><br><span class=\"tribe-event-categories\">livre et rencontres<\/span><h3 class='av-masonry-entry-title entry-title '  itemprop=\"headline\" >exposition Rare &amp; remarquable<\/h3><\/div><\/div><\/figcaption><\/figure><\/a><!--end av-masonry entry--><a href=\"https:\/\/saisonsculturelleschaumont.fr\/mdxpuixt\/evenement\/visite-guidee-de-lexposition-rare-remarquable\/\"  id='av-masonry-4-item-6951' data-av-masonry-item='6951' class='av-masonry-entry isotope-item post-6951 tribe_events type-tribe_events status-publish has-post-thumbnail hentry tag-exposition tag-visite tribe_events_cat-livre-et-rencontres  av-masonry-item-with-image' title=\"DSC_7197 copie\"   itemscope=\"itemscope\" itemtype=\"https:\/\/schema.org\/CreativeWork\" ><div class='av-inner-masonry-sizer'><\/div><figure class='av-inner-masonry main_color'><div class=\"av-masonry-outerimage-container\"><div class='av-masonry-image-container' style=\"background-image: url(https:\/\/saisonsculturelleschaumont.fr\/mdxpuixt\/wp-content\/uploads\/2021\/09\/DSC_7197-copie-705x471.jpg);\"  title=\"DSC_7197 copie\"  ><\/div><\/div><figcaption class='av-inner-masonry-content site-background'><div class='av-inner-masonry-content-pos'><div class='av-inner-masonry-content-pos-content'><div class='avia-arrow'><\/div><span class=\"tribe-event-date-start\">16 Oct 2021  16:00<\/span> - <span class=\"tribe-event-time\">17:30<\/span><br><span class=\"tribe-event-categories\">livre et rencontres<\/span><h3 class='av-masonry-entry-title entry-title '  itemprop=\"headline\" >vernissage et visite guid\u00e9e de l&rsquo;exposition Rare &amp; remarquable<\/h3><\/div><\/div><\/figcaption><\/figure><\/a><!--end av-masonry entry--><a href=\"https:\/\/saisonsculturelleschaumont.fr\/mdxpuixt\/evenement\/presentation-de-travaux-de-restauration-de-livres-anciens-et-de-reliure-dart\/\"  id='av-masonry-4-item-6952' data-av-masonry-item='6952' class='av-masonry-entry isotope-item post-6952 tribe_events type-tribe_events status-publish has-post-thumbnail hentry tag-atelier tag-livres-anciens tag-reliure tag-technique tribe_events_cat-livre-et-rencontres  av-masonry-item-with-image' title=\"DSC_4094 copie\"   itemscope=\"itemscope\" itemtype=\"https:\/\/schema.org\/CreativeWork\" ><div class='av-inner-masonry-sizer'><\/div><figure class='av-inner-masonry main_color'><div class=\"av-masonry-outerimage-container\"><div class='av-masonry-image-container' style=\"background-image: url(https:\/\/saisonsculturelleschaumont.fr\/mdxpuixt\/wp-content\/uploads\/2021\/09\/DSC_4094-copie-705x471.jpg);\"  title=\"DSC_4094 copie\"  ><\/div><\/div><figcaption class='av-inner-masonry-content site-background'><div class='av-inner-masonry-content-pos'><div class='av-inner-masonry-content-pos-content'><div class='avia-arrow'><\/div><span class=\"tribe-event-date-start\">30 Oct 2021  09:30<\/span> - <span class=\"tribe-event-time\">18:30<\/span><br><span class=\"tribe-event-categories\">livre et rencontres<\/span><h3 class='av-masonry-entry-title entry-title '  itemprop=\"headline\" >pr\u00e9sentation de travaux de restauration de livres anciens et de reliure d&rsquo;art<\/h3><\/div><\/div><\/figcaption><\/figure><\/a><!--end av-masonry entry--><a href=\"https:\/\/saisonsculturelleschaumont.fr\/mdxpuixt\/evenement\/visite-guidee-de-lexposition-rare-remarquable-2\/\"  id='av-masonry-4-item-6953' data-av-masonry-item='6953' class='av-masonry-entry isotope-item post-6953 tribe_events type-tribe_events status-publish has-post-thumbnail hentry tag-exposition tag-visite-guidee tribe_events_cat-livre-et-rencontres  av-masonry-item-with-image' title=\"DSC_4091\"   itemscope=\"itemscope\" itemtype=\"https:\/\/schema.org\/CreativeWork\" ><div class='av-inner-masonry-sizer'><\/div><figure class='av-inner-masonry main_color'><div class=\"av-masonry-outerimage-container\"><div class='av-masonry-image-container' style=\"background-image: url(https:\/\/saisonsculturelleschaumont.fr\/mdxpuixt\/wp-content\/uploads\/2021\/09\/DSC_4091-705x471.jpg);\"  title=\"DSC_4091\"  ><\/div><\/div><figcaption class='av-inner-masonry-content site-background'><div class='av-inner-masonry-content-pos'><div class='av-inner-masonry-content-pos-content'><div class='avia-arrow'><\/div><span class=\"tribe-event-date-start\">11 Nov 2021  10:30<\/span> - <span class=\"tribe-event-time\">11:30<\/span><br><span class=\"tribe-event-categories\">livre et rencontres<\/span><h3 class='av-masonry-entry-title entry-title '  itemprop=\"headline\" >visite guid\u00e9e de l&rsquo;exposition Rare &amp; remarquable<\/h3><\/div><\/div><\/figcaption><\/figure><\/a><!--end av-masonry entry--><a href=\"https:\/\/saisonsculturelleschaumont.fr\/mdxpuixt\/evenement\/19eme-salon-du-livre-de-chaumont-heritage-et-patrimoine\/\"  id='av-masonry-4-item-6954' data-av-masonry-item='6954' class='av-masonry-entry isotope-item post-6954 tribe_events type-tribe_events status-publish has-post-thumbnail hentry tag-auteur tag-conference tag-livre tag-rencontre tag-salon tribe_events_cat-livre-et-rencontres  av-masonry-item-with-image' title=\"Salon 2019 (4)\"   itemscope=\"itemscope\" itemtype=\"https:\/\/schema.org\/CreativeWork\" ><div class='av-inner-masonry-sizer'><\/div><figure class='av-inner-masonry main_color'><div class=\"av-masonry-outerimage-container\"><div class='av-masonry-image-container' style=\"background-image: url(https:\/\/saisonsculturelleschaumont.fr\/mdxpuixt\/wp-content\/uploads\/2021\/09\/Salon-2019-4-705x470.jpg);\"  title=\"Salon 2019 (4)\"  ><\/div><\/div><figcaption class='av-inner-masonry-content site-background'><div class='av-inner-masonry-content-pos'><div class='av-inner-masonry-content-pos-content'><div class='avia-arrow'><\/div><span class=\"tribe-event-date-start\">11 Nov 2021<\/span> - <span class=\"tribe-event-date-end\">14 Nov 2021<\/span><br><span class=\"tribe-event-categories\">livre et rencontres<\/span><h3 class='av-masonry-entry-title entry-title '  itemprop=\"headline\" >19\u00e8me Salon du livre de Chaumont &#8211; H\u00e9ritage et patrimoine<\/h3><\/div><\/div><\/figcaption><\/figure><\/a><!--end av-masonry entry--><\/div><a class='av-masonry-pagination av-masonry-load-more' href='#load-more'  data-link='tribe_events_cat, 45'  data-term_rel='IN'  data-wc_prod_visible=''  data-wc_prod_hidden=''  data-wc_prod_featured=''  data-prod_order_by=''  data-prod_order=''  data-date_filter='date_filter'  data-date_filter_start='2021\/09\/01'  data-date_filter_end='2021\/12\/31'  data-date_filter_format='yy\/mm\/dd'  data-period_filter_unit_1=''  data-period_filter_unit_2=''  data-page_element_filter=''  data-sort='no'  data-query_orderby='date'  data-query_order='ASC'  data-caption_elements='title'  data-caption_styling='overlay'  data-caption_display='on-hover'  data-img_copyright=''  data-size='fixed'  data-orientation=''  data-image_size='masonry'  data-gap='1px'  data-columns='3'  data-av-desktop-columns=''  data-av-medium-columns='2'  data-av-small-columns='2'  data-av-mini-columns='1'  data-items='6'  data-paginate='load_more'  data-color='custom'  data-custom_bg=''  data-img_copyright_font=''  data-av-desktop-font-img_copyright_font=''  data-av-medium-font-img_copyright_font=''  data-av-small-font-img_copyright_font=''  data-av-mini-font-img_copyright_font=''  data-img_copyright_color=''  data-img_copyright_bg=''  data-animation=''  data-animation_duration=''  data-animation_custom_bg_color=''  data-animation_custom_bg_color_multi_list=''  data-animation_z_index_curtain='100'  data-overlay_fx=''  data-img_scrset=''  data-lazy_loading='disabled'  data-av-desktop-hide=''  data-av-medium-hide=''  data-av-small-hide=''  data-av-mini-hide=''  data-alb_description=''  data-id='grille-ala-une'  data-custom_class=''  data-template_class=''  data-av_uid='av-jxpefprf-10'  data-sc_version='1.0'  data-ids=''  data-action=''  data-post_type='post, page, attachment, revision, nav_menu_item, custom_css, customize_changeset, oembed_cache, user_request, wp_block, wp_template, wp_template_part, wp_global_styles, wp_navigation, e-landing-page, elementor_library, tribe_event_series, wpcf7_contact_form, tribe_venue, tribe_organizer, tribe_events, tribe-ea-record, deleted_event, spectra-popup, portfolio, avia_framework_post, popupbuilder'  data-offset='0'  data-container_links='active'  data-link_dest=''  data-lightbox_text=''  data-container_class='av-masonry-entries'  data-auto_ratio='1.7'  data-set_breadcrumb='1'  data-custom_markup=''  data-taxonomy='tribe_events_cat'  data-categories='45'  data-avno='d7051b306b'>Charger plus<\/a><\/div><\/div>\n\n<style type=\"text\/css\" data-created_by=\"avia_inline_auto\" id=\"style-css-av-jyhtyvi9-9-755ed6fea14682cb83f5be4e4de1d36a\">\n#top .av_textblock_section.av-jyhtyvi9-9-755ed6fea14682cb83f5be4e4de1d36a .avia_textblock{\nfont-size:24px;\n}\n<\/style>\n<section  class='av_textblock_section av-jyhtyvi9-9-755ed6fea14682cb83f5be4e4de1d36a '   itemscope=\"itemscope\" itemtype=\"https:\/\/schema.org\/CreativeWork\" ><div class='avia_textblock'  itemprop=\"text\" ><p>\u2022 multidisciplinaire<\/p>\n<\/div><\/section>\n\n<style type=\"text\/css\" data-created_by=\"avia_inline_auto\" id=\"style-css-av-r7jg-8-d802c59567bf944ddc961e431b22a512\">\n#top .flex_column.av-r7jg-8-d802c59567bf944ddc961e431b22a512{\nmargin-top:0px;\nmargin-bottom:20px;\n}\n.flex_column.av-r7jg-8-d802c59567bf944ddc961e431b22a512{\nborder-radius:0px 0px 0px 0px;\npadding:0px 0px 0px 0px;\n}\n.responsive #top #wrap_all .flex_column.av-r7jg-8-d802c59567bf944ddc961e431b22a512{\nmargin-top:0px;\nmargin-bottom:20px;\n}\n<\/style>\n<div  class='flex_column av-r7jg-8-d802c59567bf944ddc961e431b22a512 av_one_full  avia-builder-el-13  el_after_av_textblock  el_before_av_textblock  first flex_column_div av-zero-column-padding  column-top-margin'     ><div id='grille-ala-une' class='av-masonry av-jxpefprf-7-295b1743243add40ac02683f50f82c49 noHover av-fixed-size av-1px-gap av-hover-overlay- av-masonry-animation- av-masonry-col-3 av-caption-on-hover av-caption-style-overlay av-masonry-entries av-medium-columns-overwrite av-medium-columns-2 av-small-columns-overwrite av-small-columns-2 av-mini-columns-overwrite av-mini-columns-1 ' data-post_id=\"8001\"><div class=\"av-masonry-container isotope av-js-disabled\"><div class='av-masonry-entry isotope-item av-masonry-item-no-image '><\/div><a href=\"https:\/\/saisonsculturelleschaumont.fr\/mdxpuixt\/evenement\/journees-europeennes-du-patrimoine-2021\/\"  id='av-masonry-5-item-6921' data-av-masonry-item='6921' class='av-masonry-entry isotope-item post-6921 tribe_events type-tribe_events status-publish has-post-thumbnail hentry tag-culture tag-journees tag-national tag-patrimoine tag-programme tag-rendez-vous tribe_events_cat-multidisciplinaire  av-masonry-item-with-image' title=\"Sans titre &#8211; 1_Plan de travail 1\"   itemscope=\"itemscope\" itemtype=\"https:\/\/schema.org\/CreativeWork\" ><div class='av-inner-masonry-sizer'><\/div><figure class='av-inner-masonry main_color'><div class=\"av-masonry-outerimage-container\"><div class='av-masonry-image-container' style=\"background-image: url(https:\/\/saisonsculturelleschaumont.fr\/mdxpuixt\/wp-content\/uploads\/2021\/09\/Sans-titre-1_Plan-de-travail-1-705x690.png);\"  title=\"Sans titre &#8211; 1_Plan de travail 1\"  ><\/div><\/div><figcaption class='av-inner-masonry-content site-background'><div class='av-inner-masonry-content-pos'><div class='av-inner-masonry-content-pos-content'><div class='avia-arrow'><\/div><span class=\"tribe-event-date-start\">17 Sep 2021  20:00<\/span> - <span class=\"tribe-event-date-end\">19 Sep 2021  20:00<\/span><br><span class=\"tribe-event-categories\">multidisciplinaire<\/span><h3 class='av-masonry-entry-title entry-title '  itemprop=\"headline\" >journ\u00e9es europ\u00e9ennes du patrimoine 2021<\/h3><\/div><\/div><\/figcaption><\/figure><\/a><!--end av-masonry entry--><a href=\"https:\/\/saisonsculturelleschaumont.fr\/mdxpuixt\/evenement\/cristal-palace-spectacle-de-noel\/\"  id='av-masonry-5-item-7396' data-av-masonry-item='7396' class='av-masonry-entry isotope-item post-7396 tribe_events type-tribe_events status-publish has-post-thumbnail hentry tag-acrobate tag-bal tag-exterieur tag-feerique tag-magique tag-musique tag-noel tag-spectacle tag-toutpublic tribe_events_cat-multidisciplinaire  av-masonry-item-with-image' title=\"Patrick Desbois (14) copie\"   itemscope=\"itemscope\" itemtype=\"https:\/\/schema.org\/CreativeWork\" ><div class='av-inner-masonry-sizer'><\/div><figure class='av-inner-masonry main_color'><div class=\"av-masonry-outerimage-container\"><div class='av-masonry-image-container' style=\"background-image: url(https:\/\/saisonsculturelleschaumont.fr\/mdxpuixt\/wp-content\/uploads\/2021\/12\/Patrick-Desbois-14-copie-705x504.jpg);\"  title=\"Patrick Desbois (14) copie\"  ><\/div><\/div><figcaption class='av-inner-masonry-content site-background'><div class='av-inner-masonry-content-pos'><div class='av-inner-masonry-content-pos-content'><div class='avia-arrow'><\/div><span class=\"tribe-event-date-start\">18 D\u00e9c 2021  18:00<\/span> - <span class=\"tribe-event-time\">19:00<\/span><br><span class=\"tribe-event-categories\">multidisciplinaire<\/span><h3 class='av-masonry-entry-title entry-title '  itemprop=\"headline\" >Cristal Palace &#8211; spectacle de No\u00ebl<\/h3><\/div><\/div><\/figcaption><\/figure><\/a><!--end av-masonry entry--><\/div><\/div><\/div>\n\n<style type=\"text\/css\" data-created_by=\"avia_inline_auto\" id=\"style-css-av-jyhtyvi9-6-5c802f0433ea4fa4fd95eb967858c6ef\">\n#top .av_textblock_section.av-jyhtyvi9-6-5c802f0433ea4fa4fd95eb967858c6ef .avia_textblock{\nfont-size:24px;\n}\n<\/style>\n<section  class='av_textblock_section av-jyhtyvi9-6-5c802f0433ea4fa4fd95eb967858c6ef '   itemscope=\"itemscope\" itemtype=\"https:\/\/schema.org\/CreativeWork\" ><div class='avia_textblock'  itemprop=\"text\" ><p>\u2022 musique<\/p>\n<\/div><\/section>\n\n<style type=\"text\/css\" data-created_by=\"avia_inline_auto\" id=\"style-css-av-r7jg-5-880b5dca5fa94ee87f68396aa6cb740b\">\n#top .flex_column.av-r7jg-5-880b5dca5fa94ee87f68396aa6cb740b{\nmargin-top:0px;\nmargin-bottom:20px;\n}\n.flex_column.av-r7jg-5-880b5dca5fa94ee87f68396aa6cb740b{\nborder-radius:0px 0px 0px 0px;\npadding:0px 0px 0px 0px;\n}\n.responsive #top #wrap_all .flex_column.av-r7jg-5-880b5dca5fa94ee87f68396aa6cb740b{\nmargin-top:0px;\nmargin-bottom:20px;\n}\n<\/style>\n<div  class='flex_column av-r7jg-5-880b5dca5fa94ee87f68396aa6cb740b av_one_full  avia-builder-el-16  el_after_av_textblock  el_before_av_textblock  first flex_column_div av-zero-column-padding  column-top-margin'     ><div id='av-masonry-6' class='av-masonry av-jxpefprf-4-f50ab5a34f8aed4457984fd1ae02ad4f noHover av-fixed-size av-1px-gap av-hover-overlay- av-masonry-animation- av-masonry-col-3 av-caption-on-hover av-caption-style-overlay av-masonry-entries av-medium-columns-overwrite av-medium-columns-2 av-small-columns-overwrite av-small-columns-2 av-mini-columns-overwrite av-mini-columns-1 ' data-post_id=\"8001\"><div class=\"av-masonry-container isotope av-js-disabled\"><div class='av-masonry-entry isotope-item av-masonry-item-no-image '><\/div><a href=\"https:\/\/saisonsculturelleschaumont.fr\/mdxpuixt\/evenement\/concert-tim-dup\/\"  id='av-masonry-6-item-6429' data-av-masonry-item='6429' class='av-masonry-entry isotope-item post-6429 tribe_events type-tribe_events status-publish has-post-thumbnail hentry tag-concert tag-musique tag-musique-francaise tag-reservation tag-tim-dup tribe_events_cat-musique  av-masonry-item-with-image' title=\"Credit Diane SagnierNAPOLY_000078690005_HD 2\"   itemscope=\"itemscope\" itemtype=\"https:\/\/schema.org\/CreativeWork\" ><div class='av-inner-masonry-sizer'><\/div><figure class='av-inner-masonry main_color'><div class=\"av-masonry-outerimage-container\"><div class='av-masonry-image-container' style=\"background-image: url(https:\/\/saisonsculturelleschaumont.fr\/mdxpuixt\/wp-content\/uploads\/2021\/04\/Credit-Diane-SagnierNAPOLY_000078690005_HD-2-705x468.jpg);\"  title=\"Credit Diane SagnierNAPOLY_000078690005_HD 2\"  ><\/div><\/div><figcaption class='av-inner-masonry-content site-background'><div class='av-inner-masonry-content-pos'><div class='av-inner-masonry-content-pos-content'><div class='avia-arrow'><\/div><span class=\"tribe-event-date-start\">1 Oct 2021  21:00<\/span> - <span class=\"tribe-event-time\">23:00<\/span><br><span class=\"tribe-event-categories\">musique<\/span><h3 class='av-masonry-entry-title entry-title '  itemprop=\"headline\" >concert &#8211; Tim Dup<\/h3><\/div><\/div><\/figcaption><\/figure><\/a><!--end av-masonry entry--><a href=\"https:\/\/saisonsculturelleschaumont.fr\/mdxpuixt\/evenement\/la-risee-des-augures-cie-sound-track\/\"  id='av-masonry-6-item-6852' data-av-masonry-item='6852' class='av-masonry-entry isotope-item post-6852 tribe_events type-tribe_events status-publish has-post-thumbnail hentry tag-adulte tag-art tag-artistique tag-concert tag-contemporain tag-creation tag-musique tag-son-et-lumiere tag-spectacle tribe_events_cat-musique  av-masonry-item-with-image' title=\"La Ris\u00e9e des Augures\"   itemscope=\"itemscope\" itemtype=\"https:\/\/schema.org\/CreativeWork\" ><div class='av-inner-masonry-sizer'><\/div><figure class='av-inner-masonry main_color'><div class=\"av-masonry-outerimage-container\"><div class='av-masonry-image-container' style=\"background-image: url(https:\/\/saisonsculturelleschaumont.fr\/mdxpuixt\/wp-content\/uploads\/2021\/09\/La-Risee-des-Augures-705x470.jpg);\"  title=\"La Ris\u00e9e des Augures\"  ><\/div><\/div><figcaption class='av-inner-masonry-content site-background'><div class='av-inner-masonry-content-pos'><div class='av-inner-masonry-content-pos-content'><div class='avia-arrow'><\/div><span class=\"tribe-event-date-start\">10 Sep 2021  21:00<\/span> - <span class=\"tribe-event-time\">23:00<\/span><br><span class=\"tribe-event-categories\">musique<\/span><h3 class='av-masonry-entry-title entry-title '  itemprop=\"headline\" >la ris\u00e9e des augures &#8211; cie sound track<\/h3><\/div><\/div><\/figcaption><\/figure><\/a><!--end av-masonry entry--><a href=\"https:\/\/saisonsculturelleschaumont.fr\/mdxpuixt\/evenement\/walden-chaumont-loic-guenin\/\"  id='av-masonry-6-item-6855' data-av-masonry-item='6855' class='av-masonry-entry isotope-item post-6855 tribe_events type-tribe_events status-publish has-post-thumbnail hentry tag-concert tag-contemporain tag-creation tag-mondiale tag-musique tag-parcours-musical tag-patrimoine tag-unique tribe_events_cat-musique  av-masonry-item-with-image' title=\"IMG-5258\"   itemscope=\"itemscope\" itemtype=\"https:\/\/schema.org\/CreativeWork\" ><div class='av-inner-masonry-sizer'><\/div><figure class='av-inner-masonry main_color'><div class=\"av-masonry-outerimage-container\"><div class='av-masonry-image-container' style=\"background-image: url(https:\/\/saisonsculturelleschaumont.fr\/mdxpuixt\/wp-content\/uploads\/2021\/09\/IMG-5258-529x705.jpg);\"  title=\"IMG-5258\"  ><\/div><\/div><figcaption class='av-inner-masonry-content site-background'><div class='av-inner-masonry-content-pos'><div class='av-inner-masonry-content-pos-content'><div class='avia-arrow'><\/div><span class=\"tribe-event-date-start\">18 Sep 2021  14:00<\/span> - <span class=\"tribe-event-time\">19:00<\/span><br><span class=\"tribe-event-categories\">musique<\/span><h3 class='av-masonry-entry-title entry-title '  itemprop=\"headline\" >Walden [Chaumont] &#8211; Lo\u00efc Gu\u00e9nin<\/h3><\/div><\/div><\/figcaption><\/figure><\/a><!--end av-masonry entry--><a href=\"https:\/\/saisonsculturelleschaumont.fr\/mdxpuixt\/evenement\/scene-locale-22-avec-lowtech-akira-le-sabbat-et-koem\/\"  id='av-masonry-6-item-6858' data-av-masonry-item='6858' class='av-masonry-entry isotope-item post-6858 tribe_events type-tribe_events status-publish has-post-thumbnail hentry tag-concert tag-decouverte tag-groupe tag-local tag-musicien tag-scene tribe_events_cat-musique  av-masonry-item-with-image' title=\"DSC_0290\"   itemscope=\"itemscope\" itemtype=\"https:\/\/schema.org\/CreativeWork\" ><div class='av-inner-masonry-sizer'><\/div><figure class='av-inner-masonry main_color'><div class=\"av-masonry-outerimage-container\"><div class='av-masonry-image-container' style=\"background-image: url(https:\/\/saisonsculturelleschaumont.fr\/mdxpuixt\/wp-content\/uploads\/2021\/09\/DSC_0290-705x470.jpg);\"  title=\"DSC_0290\"  ><\/div><\/div><figcaption class='av-inner-masonry-content site-background'><div class='av-inner-masonry-content-pos'><div class='av-inner-masonry-content-pos-content'><div class='avia-arrow'><\/div><span class=\"tribe-event-date-start\">10 D\u00e9c 2021  21:00<\/span> - <span class=\"tribe-event-time\">23:00<\/span><br><span class=\"tribe-event-categories\">musique<\/span><h3 class='av-masonry-entry-title entry-title '  itemprop=\"headline\" >sc\u00e8ne locale #22 avec LowTech, Akira &amp; le Sabbat et Ko\u00e8m<\/h3><\/div><\/div><\/figcaption><\/figure><\/a><!--end av-masonry entry--><a href=\"https:\/\/saisonsculturelleschaumont.fr\/mdxpuixt\/evenement\/ma-boite-a-jazz-5-avec-groovinhigh\/\"  id='av-masonry-6-item-6859' data-av-masonry-item='6859' class='av-masonry-entry isotope-item post-6859 tribe_events type-tribe_events status-publish has-post-thumbnail hentry tag-association tag-concert tag-jazz tag-musique tag-rendez-vous tribe_events_cat-musique  av-masonry-item-with-image' title=\"F8CCDF3B-BA4C-4FAD-8D7B-140156E121EB\"   itemscope=\"itemscope\" itemtype=\"https:\/\/schema.org\/CreativeWork\" ><div class='av-inner-masonry-sizer'><\/div><figure class='av-inner-masonry main_color'><div class=\"av-masonry-outerimage-container\"><div class='av-masonry-image-container' style=\"background-image: url(https:\/\/saisonsculturelleschaumont.fr\/mdxpuixt\/wp-content\/uploads\/2021\/09\/F8CCDF3B-BA4C-4FAD-8D7B-140156E121EB-e1631285148295.jpeg);\"  title=\"F8CCDF3B-BA4C-4FAD-8D7B-140156E121EB\"  ><\/div><\/div><figcaption class='av-inner-masonry-content site-background'><div class='av-inner-masonry-content-pos'><div class='av-inner-masonry-content-pos-content'><div class='avia-arrow'><\/div><span class=\"tribe-event-date-start\">17 D\u00e9c 2021  21:00<\/span> - <span class=\"tribe-event-time\">23:00<\/span><br><span class=\"tribe-event-categories\">musique<\/span><h3 class='av-masonry-entry-title entry-title '  itemprop=\"headline\" >ma bo\u00eete \u00e0 jazz #5 avec Groovin&rsquo;High<\/h3><\/div><\/div><\/figcaption><\/figure><\/a><!--end av-masonry entry--><a href=\"https:\/\/saisonsculturelleschaumont.fr\/mdxpuixt\/evenement\/soiree-folkchain\/\"  id='av-masonry-6-item-7061' data-av-masonry-item='7061' class='av-masonry-entry isotope-item post-7061 tribe_events type-tribe_events status-publish has-post-thumbnail hentry tag-affiche tag-animation tag-art tag-creation tag-culture tag-exposition tag-graphisme tag-musique tag-son-et-lumiere tribe_events_cat-musique  av-masonry-item-with-image' title=\"FOLCKCHAIN \u00a9 Adrien Tison\"   itemscope=\"itemscope\" itemtype=\"https:\/\/schema.org\/CreativeWork\" ><div class='av-inner-masonry-sizer'><\/div><figure class='av-inner-masonry main_color'><div class=\"av-masonry-outerimage-container\"><div class='av-masonry-image-container' style=\"background-image: url(https:\/\/saisonsculturelleschaumont.fr\/mdxpuixt\/wp-content\/uploads\/2021\/10\/FOLCKCHAIN-\u00a9-Adrien-Tison-705x397.jpg);\"  title=\"FOLCKCHAIN \u00a9 Adrien Tison\"  ><\/div><\/div><figcaption class='av-inner-masonry-content site-background'><div class='av-inner-masonry-content-pos'><div class='av-inner-masonry-content-pos-content'><div class='avia-arrow'><\/div><span class=\"tribe-event-date-start\">15 Oct 2021  21:00<\/span><br><span class=\"tribe-event-categories\">musique<\/span><h3 class='av-masonry-entry-title entry-title '  itemprop=\"headline\" >soir\u00e9e FOLKCHAIN<\/h3><\/div><\/div><\/figcaption><\/figure><\/a><!--end av-masonry entry--><\/div><a class='av-masonry-pagination av-masonry-load-more' href='#load-more'  data-link='tribe_events_cat, 305'  data-term_rel='IN'  data-wc_prod_visible=''  data-wc_prod_hidden=''  data-wc_prod_featured=''  data-prod_order_by=''  data-prod_order=''  data-date_filter='date_filter'  data-date_filter_start='2021\/09\/01'  data-date_filter_end='2021\/12\/31'  data-date_filter_format='yy\/mm\/dd'  data-period_filter_unit_1=''  data-period_filter_unit_2=''  data-page_element_filter=''  data-sort='no'  data-query_orderby='date'  data-query_order='ASC'  data-caption_elements='title'  data-caption_styling='overlay'  data-caption_display='on-hover'  data-img_copyright=''  data-size='fixed'  data-orientation=''  data-image_size='masonry'  data-gap='1px'  data-columns='3'  data-av-desktop-columns=''  data-av-medium-columns='2'  data-av-small-columns='2'  data-av-mini-columns='1'  data-items='6'  data-paginate='load_more'  data-color='custom'  data-custom_bg=''  data-img_copyright_font=''  data-av-desktop-font-img_copyright_font=''  data-av-medium-font-img_copyright_font=''  data-av-small-font-img_copyright_font=''  data-av-mini-font-img_copyright_font=''  data-img_copyright_color=''  data-img_copyright_bg=''  data-animation=''  data-animation_duration=''  data-animation_custom_bg_color=''  data-animation_custom_bg_color_multi_list=''  data-animation_z_index_curtain='100'  data-overlay_fx=''  data-img_scrset=''  data-lazy_loading='disabled'  data-av-desktop-hide=''  data-av-medium-hide=''  data-av-small-hide=''  data-av-mini-hide=''  data-alb_description=''  data-id=''  data-custom_class=''  data-template_class=''  data-av_uid='av-jxpefprf-4'  data-sc_version='1.0'  data-ids=''  data-action=''  data-post_type='post, page, attachment, revision, nav_menu_item, custom_css, customize_changeset, oembed_cache, user_request, wp_block, wp_template, wp_template_part, wp_global_styles, wp_navigation, e-landing-page, elementor_library, tribe_event_series, wpcf7_contact_form, tribe_venue, tribe_organizer, tribe_events, tribe-ea-record, deleted_event, spectra-popup, portfolio, avia_framework_post, popupbuilder'  data-offset='0'  data-container_links='active'  data-link_dest=''  data-lightbox_text=''  data-container_class='av-masonry-entries'  data-auto_ratio='1.7'  data-set_breadcrumb='1'  data-custom_markup=''  data-taxonomy='tribe_events_cat'  data-categories='305'  data-avno='d7051b306b'>Charger plus<\/a><\/div><\/div>\n\n<style type=\"text\/css\" data-created_by=\"avia_inline_auto\" id=\"style-css-av-jyhtyvi9-3-a4f61fca87c0a8ab077ea270b3a85439\">\n#top .av_textblock_section.av-jyhtyvi9-3-a4f61fca87c0a8ab077ea270b3a85439 .avia_textblock{\nfont-size:24px;\n}\n<\/style>\n<section  class='av_textblock_section av-jyhtyvi9-3-a4f61fca87c0a8ab077ea270b3a85439 '   itemscope=\"itemscope\" itemtype=\"https:\/\/schema.org\/CreativeWork\" ><div class='avia_textblock'  itemprop=\"text\" ><p>\u2022 spectacle vivant<\/p>\n<\/div><\/section>\n\n<style type=\"text\/css\" data-created_by=\"avia_inline_auto\" id=\"style-css-av-r7jg-2-82cdd8a84472d9cfff1f858890533058\">\n#top .flex_column.av-r7jg-2-82cdd8a84472d9cfff1f858890533058{\nmargin-top:0px;\nmargin-bottom:20px;\n}\n.flex_column.av-r7jg-2-82cdd8a84472d9cfff1f858890533058{\nborder-radius:0px 0px 0px 0px;\npadding:0px 0px 0px 0px;\n}\n.responsive #top #wrap_all .flex_column.av-r7jg-2-82cdd8a84472d9cfff1f858890533058{\nmargin-top:0px;\nmargin-bottom:20px;\n}\n<\/style>\n<div  class='flex_column av-r7jg-2-82cdd8a84472d9cfff1f858890533058 av_one_full  avia-builder-el-19  el_after_av_textblock  avia-builder-el-last  first flex_column_div av-zero-column-padding  column-top-margin'     ><div id='grille-ala-une' class='av-masonry av-jxpefprf-1-2f5e377f71d7f56b7cb9d6621ca635d6 noHover av-fixed-size av-1px-gap av-hover-overlay- av-masonry-animation- av-masonry-col-3 av-caption-on-hover av-caption-style-overlay av-masonry-entries av-medium-columns-overwrite av-medium-columns-2 av-small-columns-overwrite av-small-columns-2 av-mini-columns-overwrite av-mini-columns-1 ' data-post_id=\"8001\"><div class=\"av-masonry-container isotope av-js-disabled\"><div class='av-masonry-entry isotope-item av-masonry-item-no-image '><\/div><a href=\"https:\/\/saisonsculturelleschaumont.fr\/mdxpuixt\/evenement\/mimoun-et-zatopek-2\/\"  id='av-masonry-7-item-7159' data-av-masonry-item='7159' class='av-masonry-entry isotope-item post-7159 tribe_events type-tribe_events status-publish has-post-thumbnail hentry tag-theatre tribe_events_cat-spectacle-vivant  av-masonry-item-with-image' title=\"mimoun-vignette-850&#215;500-A\"   itemscope=\"itemscope\" itemtype=\"https:\/\/schema.org\/CreativeWork\" ><div class='av-inner-masonry-sizer'><\/div><figure class='av-inner-masonry main_color'><div class=\"av-masonry-outerimage-container\"><div class='av-masonry-image-container' style=\"background-image: url(https:\/\/saisonsculturelleschaumont.fr\/mdxpuixt\/wp-content\/uploads\/2021\/10\/mimoun-vignette-850x500-A-705x415.jpg);\"  title=\"mimoun-vignette-850&#215;500-A\"  ><\/div><\/div><figcaption class='av-inner-masonry-content site-background'><div class='av-inner-masonry-content-pos'><div class='av-inner-masonry-content-pos-content'><div class='avia-arrow'><\/div><span class=\"tribe-event-date-start\">30 Nov 2021  20:00<\/span> - <span class=\"tribe-event-time\">21:15<\/span><br><span class=\"tribe-event-categories\">spectacle vivant<\/span><h3 class='av-masonry-entry-title entry-title '  itemprop=\"headline\" >MIMOUN ET ZATOPEK<\/h3><\/div><\/div><\/figcaption><\/figure><\/a><!--end av-masonry entry--><a href=\"https:\/\/saisonsculturelleschaumont.fr\/mdxpuixt\/evenement\/les-poupees-2\/\"  id='av-masonry-7-item-7168' data-av-masonry-item='7168' class='av-masonry-entry isotope-item post-7168 tribe_events type-tribe_events status-publish has-post-thumbnail hentry tag-danse tribe_events_cat-spectacle-vivant  av-masonry-item-with-image' title=\"poupees-vignette-850&#215;500-A\"   itemscope=\"itemscope\" itemtype=\"https:\/\/schema.org\/CreativeWork\" ><div class='av-inner-masonry-sizer'><\/div><figure class='av-inner-masonry main_color'><div class=\"av-masonry-outerimage-container\"><div class='av-masonry-image-container' style=\"background-image: url(https:\/\/saisonsculturelleschaumont.fr\/mdxpuixt\/wp-content\/uploads\/2021\/10\/poupees-vignette-850x500-A-705x415.jpg);\"  title=\"poupees-vignette-850&#215;500-A\"  ><\/div><\/div><figcaption class='av-inner-masonry-content site-background'><div class='av-inner-masonry-content-pos'><div class='av-inner-masonry-content-pos-content'><div class='avia-arrow'><\/div><span class=\"tribe-event-date-start\">22 F\u00e9v 2022  18:30<\/span> - <span class=\"tribe-event-time\">19:30<\/span><br><span class=\"tribe-event-categories\">spectacle vivant<\/span><h3 class='av-masonry-entry-title entry-title '  itemprop=\"headline\" >LES POUP\u00c9ES<\/h3><\/div><\/div><\/figcaption><\/figure><\/a><!--end av-masonry entry--><a href=\"https:\/\/saisonsculturelleschaumont.fr\/mdxpuixt\/evenement\/burning-je-ne-mourus-pas-et-pourtant-nulle-vie-ne-demeura-2\/\"  id='av-masonry-7-item-7167' data-av-masonry-item='7167' class='av-masonry-entry isotope-item post-7167 tribe_events type-tribe_events status-publish has-post-thumbnail hentry tag-cirque tribe_events_cat-spectacle-vivant  av-masonry-item-with-image' title=\"BURNING-vignette-850&#215;500-B\"   itemscope=\"itemscope\" itemtype=\"https:\/\/schema.org\/CreativeWork\" ><div class='av-inner-masonry-sizer'><\/div><figure class='av-inner-masonry main_color'><div class=\"av-masonry-outerimage-container\"><div class='av-masonry-image-container' style=\"background-image: url(https:\/\/saisonsculturelleschaumont.fr\/mdxpuixt\/wp-content\/uploads\/2021\/10\/BURNING-vignette-850x500-B-705x415.jpg);\"  title=\"BURNING-vignette-850&#215;500-B\"  ><\/div><\/div><figcaption class='av-inner-masonry-content site-background'><div class='av-inner-masonry-content-pos'><div class='av-inner-masonry-content-pos-content'><div class='avia-arrow'><\/div><span class=\"tribe-event-date-start\">1 F\u00e9v 2022  20:00<\/span> - <span class=\"tribe-event-time\">21:00<\/span><br><span class=\"tribe-event-categories\">spectacle vivant<\/span><h3 class='av-masonry-entry-title entry-title '  itemprop=\"headline\" >BURNING (JE NE MOURUS PAS ET POURTANT NULLE VIE NE DEMEURA)<\/h3><\/div><\/div><\/figcaption><\/figure><\/a><!--end av-masonry entry--><a href=\"https:\/\/saisonsculturelleschaumont.fr\/mdxpuixt\/evenement\/services-2\/\"  id='av-masonry-7-item-7166' data-av-masonry-item='7166' class='av-masonry-entry isotope-item post-7166 tribe_events type-tribe_events status-publish has-post-thumbnail hentry tag-theatre tribe_events_cat-spectacle-vivant  av-masonry-item-with-image' title=\"services-vignette-850&#215;500-B\"   itemscope=\"itemscope\" itemtype=\"https:\/\/schema.org\/CreativeWork\" ><div class='av-inner-masonry-sizer'><\/div><figure class='av-inner-masonry main_color'><div class=\"av-masonry-outerimage-container\"><div class='av-masonry-image-container' style=\"background-image: url(https:\/\/saisonsculturelleschaumont.fr\/mdxpuixt\/wp-content\/uploads\/2021\/10\/services-vignette-850x500-B-705x415.jpg);\"  title=\"services-vignette-850&#215;500-B\"  ><\/div><\/div><figcaption class='av-inner-masonry-content site-background'><div class='av-inner-masonry-content-pos'><div class='av-inner-masonry-content-pos-content'><div class='avia-arrow'><\/div><span class=\"tribe-event-date-start\">27 Jan 2022  20:00<\/span> - <span class=\"tribe-event-time\">21:40<\/span><br><span class=\"tribe-event-categories\">spectacle vivant<\/span><h3 class='av-masonry-entry-title entry-title '  itemprop=\"headline\" >SERVICES<\/h3><\/div><\/div><\/figcaption><\/figure><\/a><!--end av-masonry entry--><a href=\"https:\/\/saisonsculturelleschaumont.fr\/mdxpuixt\/evenement\/cellule-2\/\"  id='av-masonry-7-item-7165' data-av-masonry-item='7165' class='av-masonry-entry isotope-item post-7165 tribe_events type-tribe_events status-publish has-post-thumbnail hentry tag-danse tribe_events_cat-spectacle-vivant  av-masonry-item-with-image' title=\"cellule-vignette-850&#215;500-C\"   itemscope=\"itemscope\" itemtype=\"https:\/\/schema.org\/CreativeWork\" ><div class='av-inner-masonry-sizer'><\/div><figure class='av-inner-masonry main_color'><div class=\"av-masonry-outerimage-container\"><div class='av-masonry-image-container' style=\"background-image: url(https:\/\/saisonsculturelleschaumont.fr\/mdxpuixt\/wp-content\/uploads\/2021\/10\/cellule-vignette-850x500-C-705x415.jpg);\"  title=\"cellule-vignette-850&#215;500-C\"  ><\/div><\/div><figcaption class='av-inner-masonry-content site-background'><div class='av-inner-masonry-content-pos'><div class='av-inner-masonry-content-pos-content'><div class='avia-arrow'><\/div><span class=\"tribe-event-date-start\">20 Jan 2022  20:00<\/span> - <span class=\"tribe-event-time\">21:00<\/span><br><span class=\"tribe-event-categories\">spectacle vivant<\/span><h3 class='av-masonry-entry-title entry-title '  itemprop=\"headline\" >CELLULE<\/h3><\/div><\/div><\/figcaption><\/figure><\/a><!--end av-masonry entry--><a href=\"https:\/\/saisonsculturelleschaumont.fr\/mdxpuixt\/evenement\/goupil-et-kosmao-2\/\"  id='av-masonry-7-item-7163' data-av-masonry-item='7163' class='av-masonry-entry isotope-item post-7163 tribe_events type-tribe_events status-publish has-post-thumbnail hentry tag-cirque tribe_events_cat-spectacle-vivant  av-masonry-item-with-image' title=\"goupil-vignette-850&#215;500-A\"   itemscope=\"itemscope\" itemtype=\"https:\/\/schema.org\/CreativeWork\" ><div class='av-inner-masonry-sizer'><\/div><figure class='av-inner-masonry main_color'><div class=\"av-masonry-outerimage-container\"><div class='av-masonry-image-container' style=\"background-image: url(https:\/\/saisonsculturelleschaumont.fr\/mdxpuixt\/wp-content\/uploads\/2021\/10\/goupil-vignette-850x500-A-705x415.jpg);\"  title=\"goupil-vignette-850&#215;500-A\"  ><\/div><\/div><figcaption class='av-inner-masonry-content site-background'><div class='av-inner-masonry-content-pos'><div class='av-inner-masonry-content-pos-content'><div class='avia-arrow'><\/div><span class=\"tribe-event-date-start\">11 Jan 2022  18:30<\/span> - <span class=\"tribe-event-time\">19:00<\/span><br><span class=\"tribe-event-categories\">spectacle vivant<\/span><h3 class='av-masonry-entry-title entry-title '  itemprop=\"headline\" >GOUPIL ET KOSMAO<\/h3><\/div><\/div><\/figcaption><\/figure><\/a><!--end av-masonry entry--><\/div><a class='av-masonry-pagination av-masonry-load-more' href='#load-more'  data-link='tribe_events_cat, 44'  data-term_rel='IN'  data-wc_prod_visible=''  data-wc_prod_hidden=''  data-wc_prod_featured=''  data-prod_order_by=''  data-prod_order=''  data-date_filter='date_filter'  data-date_filter_start='2021\/09\/01'  data-date_filter_end='2021\/12\/31'  data-date_filter_format='yy\/mm\/dd'  data-period_filter_unit_1=''  data-period_filter_unit_2=''  data-page_element_filter=''  data-sort='no'  data-query_orderby='date'  data-query_order='ASC'  data-caption_elements='title'  data-caption_styling='overlay'  data-caption_display='on-hover'  data-img_copyright=''  data-size='fixed'  data-orientation=''  data-image_size='masonry'  data-gap='1px'  data-columns='3'  data-av-desktop-columns=''  data-av-medium-columns='2'  data-av-small-columns='2'  data-av-mini-columns='1'  data-items='6'  data-paginate='load_more'  data-color='custom'  data-custom_bg=''  data-img_copyright_font=''  data-av-desktop-font-img_copyright_font=''  data-av-medium-font-img_copyright_font=''  data-av-small-font-img_copyright_font=''  data-av-mini-font-img_copyright_font=''  data-img_copyright_color=''  data-img_copyright_bg=''  data-animation=''  data-animation_duration=''  data-animation_custom_bg_color=''  data-animation_custom_bg_color_multi_list=''  data-animation_z_index_curtain='100'  data-overlay_fx=''  data-img_scrset=''  data-lazy_loading='disabled'  data-av-desktop-hide=''  data-av-medium-hide=''  data-av-small-hide=''  data-av-mini-hide=''  data-alb_description=''  data-id='grille-ala-une'  data-custom_class=''  data-template_class=''  data-av_uid='av-jxpefprf-1'  data-sc_version='1.0'  data-ids=''  data-action=''  data-post_type='post, page, attachment, revision, nav_menu_item, custom_css, customize_changeset, oembed_cache, user_request, wp_block, wp_template, wp_template_part, wp_global_styles, wp_navigation, e-landing-page, elementor_library, tribe_event_series, wpcf7_contact_form, tribe_venue, tribe_organizer, tribe_events, tribe-ea-record, deleted_event, spectra-popup, portfolio, avia_framework_post, popupbuilder'  data-offset='0'  data-container_links='active'  data-link_dest=''  data-lightbox_text=''  data-container_class='av-masonry-entries'  data-auto_ratio='1.7'  data-set_breadcrumb='1'  data-custom_markup=''  data-taxonomy='tribe_events_cat'  data-categories='44'  data-avno='d7051b306b'>Charger plus<\/a><\/div><\/div>\n<\/div>\t\t<\/div>\n\t\t\t\t<\/div>\n\t\t\t\t\t\t<\/div>\n\t\t\t\t\t<\/div>\n\t\t<\/div>\n\t\t\t\t\t\t\t\t<\/div>\n\t\t\t\t\t<\/div>\n\t\t<\/section>\n\t\t\t\t\t\t\t\t\t<\/div>\n\t\t\t<\/div>\n\t\t\t\t\t<\/div>\n\t\t","protected":false},"excerpt":{"rendered":"<p>saison 05 Patrimoine et H\u00e9ritage La R\u00e9volution fran\u00e7aise est un moment fort de la construction de la notion de patrimoine. La reconnaissance des monuments &#8211; non plus consid\u00e9r\u00e9s comme des [&hellip;]<\/p>\n","protected":false},"author":1,"featured_media":0,"parent":6006,"menu_order":0,"comment_status":"closed","ping_status":"closed","template":"","meta":{"_uag_custom_page_level_css":"","footnotes":""},"yoast_head":"<!-- This site is optimized with the Yoast SEO plugin v21.1 - https:\/\/yoast.com\/wordpress\/plugins\/seo\/ -->\n<title>saison 05 - Les Saisons Culturelles de Chaumont<\/title>\n<meta name=\"robots\" content=\"noindex, follow, max-snippet:-1, max-image-preview:large, max-video-preview:-1\" \/>\n<meta property=\"og:locale\" content=\"fr_FR\" \/>\n<meta property=\"og:type\" content=\"article\" \/>\n<meta property=\"og:title\" content=\"saison 05 - Les Saisons Culturelles de Chaumont\" \/>\n<meta property=\"og:description\" content=\"saison 05 Patrimoine et H\u00e9ritage La R\u00e9volution fran\u00e7aise est un moment fort de la construction de la notion de patrimoine. La reconnaissance des monuments &#8211; non plus consid\u00e9r\u00e9s comme des [&hellip;]\" \/>\n<meta property=\"og:url\" content=\"https:\/\/saisonsculturelleschaumont.fr\/mdxpuixt\/autres-saisons\/saison-05\/\" \/>\n<meta property=\"og:site_name\" content=\"Les Saisons Culturelles de Chaumont\" \/>\n<meta property=\"article:publisher\" content=\"https:\/\/www.facebook.com\/saisonsculturelleschaumont\/\" \/>\n<meta property=\"article:modified_time\" content=\"2022-09-04T12:49:33+00:00\" \/>\n<meta property=\"og:image\" content=\"https:\/\/saisonsculturelleschaumont.fr\/mdxpuixt\/wp-content\/uploads\/2021\/09\/SCC5_-AFFICHES-A3.png\" \/>\n<meta name=\"twitter:card\" content=\"summary_large_image\" \/>\n<meta name=\"twitter:label1\" content=\"Dur\u00e9e de lecture estim\u00e9e\" \/>\n\t<meta name=\"twitter:data1\" content=\"2 minutes\" \/>\n<script type=\"application\/ld+json\" class=\"yoast-schema-graph\">{\"@context\":\"https:\/\/schema.org\",\"@graph\":[{\"@type\":\"WebPage\",\"@id\":\"https:\/\/saisonsculturelleschaumont.fr\/mdxpuixt\/autres-saisons\/saison-05\/\",\"url\":\"https:\/\/saisonsculturelleschaumont.fr\/mdxpuixt\/autres-saisons\/saison-05\/\",\"name\":\"saison 05 - Les Saisons Culturelles de Chaumont\",\"isPartOf\":{\"@id\":\"https:\/\/saisonsculturelleschaumont.fr\/mdxpuixt\/#website\"},\"datePublished\":\"2022-02-18T17:16:45+00:00\",\"dateModified\":\"2022-09-04T12:49:33+00:00\",\"breadcrumb\":{\"@id\":\"https:\/\/saisonsculturelleschaumont.fr\/mdxpuixt\/autres-saisons\/saison-05\/#breadcrumb\"},\"inLanguage\":\"fr-FR\",\"potentialAction\":[{\"@type\":\"ReadAction\",\"target\":[\"https:\/\/saisonsculturelleschaumont.fr\/mdxpuixt\/autres-saisons\/saison-05\/\"]}]},{\"@type\":\"BreadcrumbList\",\"@id\":\"https:\/\/saisonsculturelleschaumont.fr\/mdxpuixt\/autres-saisons\/saison-05\/#breadcrumb\",\"itemListElement\":[{\"@type\":\"ListItem\",\"position\":1,\"name\":\"Accueil\",\"item\":\"https:\/\/saisonsculturelleschaumont.fr\/mdxpuixt\/\"},{\"@type\":\"ListItem\",\"position\":2,\"name\":\"Autres saisons\",\"item\":\"https:\/\/saisonsculturelleschaumont.fr\/mdxpuixt\/autres-saisons\/\"},{\"@type\":\"ListItem\",\"position\":3,\"name\":\"saison 05\"}]},{\"@type\":\"WebSite\",\"@id\":\"https:\/\/saisonsculturelleschaumont.fr\/mdxpuixt\/#website\",\"url\":\"https:\/\/saisonsculturelleschaumont.fr\/mdxpuixt\/\",\"name\":\"Les Saisons Culturelles de Chaumont\",\"description\":\"\",\"potentialAction\":[{\"@type\":\"SearchAction\",\"target\":{\"@type\":\"EntryPoint\",\"urlTemplate\":\"https:\/\/saisonsculturelleschaumont.fr\/mdxpuixt\/?s={search_term_string}\"},\"query-input\":\"required name=search_term_string\"}],\"inLanguage\":\"fr-FR\"}]}<\/script>\n<!-- \/ Yoast SEO plugin. -->","yoast_head_json":{"title":"saison 05 - Les Saisons Culturelles de Chaumont","robots":{"index":"noindex","follow":"follow","max-snippet":"max-snippet:-1","max-image-preview":"max-image-preview:large","max-video-preview":"max-video-preview:-1"},"og_locale":"fr_FR","og_type":"article","og_title":"saison 05 - Les Saisons Culturelles de Chaumont","og_description":"saison 05 Patrimoine et H\u00e9ritage La R\u00e9volution fran\u00e7aise est un moment fort de la construction de la notion de patrimoine. La reconnaissance des monuments &#8211; non plus consid\u00e9r\u00e9s comme des [&hellip;]","og_url":"https:\/\/saisonsculturelleschaumont.fr\/mdxpuixt\/autres-saisons\/saison-05\/","og_site_name":"Les Saisons Culturelles de Chaumont","article_publisher":"https:\/\/www.facebook.com\/saisonsculturelleschaumont\/","article_modified_time":"2022-09-04T12:49:33+00:00","og_image":[{"url":"https:\/\/saisonsculturelleschaumont.fr\/mdxpuixt\/wp-content\/uploads\/2021\/09\/SCC5_-AFFICHES-A3.png"}],"twitter_card":"summary_large_image","twitter_misc":{"Dur\u00e9e de lecture estim\u00e9e":"2 minutes"},"schema":{"@context":"https:\/\/schema.org","@graph":[{"@type":"WebPage","@id":"https:\/\/saisonsculturelleschaumont.fr\/mdxpuixt\/autres-saisons\/saison-05\/","url":"https:\/\/saisonsculturelleschaumont.fr\/mdxpuixt\/autres-saisons\/saison-05\/","name":"saison 05 - Les Saisons Culturelles de Chaumont","isPartOf":{"@id":"https:\/\/saisonsculturelleschaumont.fr\/mdxpuixt\/#website"},"datePublished":"2022-02-18T17:16:45+00:00","dateModified":"2022-09-04T12:49:33+00:00","breadcrumb":{"@id":"https:\/\/saisonsculturelleschaumont.fr\/mdxpuixt\/autres-saisons\/saison-05\/#breadcrumb"},"inLanguage":"fr-FR","potentialAction":[{"@type":"ReadAction","target":["https:\/\/saisonsculturelleschaumont.fr\/mdxpuixt\/autres-saisons\/saison-05\/"]}]},{"@type":"BreadcrumbList","@id":"https:\/\/saisonsculturelleschaumont.fr\/mdxpuixt\/autres-saisons\/saison-05\/#breadcrumb","itemListElement":[{"@type":"ListItem","position":1,"name":"Accueil","item":"https:\/\/saisonsculturelleschaumont.fr\/mdxpuixt\/"},{"@type":"ListItem","position":2,"name":"Autres saisons","item":"https:\/\/saisonsculturelleschaumont.fr\/mdxpuixt\/autres-saisons\/"},{"@type":"ListItem","position":3,"name":"saison 05"}]},{"@type":"WebSite","@id":"https:\/\/saisonsculturelleschaumont.fr\/mdxpuixt\/#website","url":"https:\/\/saisonsculturelleschaumont.fr\/mdxpuixt\/","name":"Les Saisons Culturelles de Chaumont","description":"","potentialAction":[{"@type":"SearchAction","target":{"@type":"EntryPoint","urlTemplate":"https:\/\/saisonsculturelleschaumont.fr\/mdxpuixt\/?s={search_term_string}"},"query-input":"required name=search_term_string"}],"inLanguage":"fr-FR"}]}},"uagb_featured_image_src":{"full":false,"thumbnail":false,"medium":false,"medium_large":false,"large":false,"1536x1536":false,"2048x2048":false,"widget":false,"square":false,"featured":false,"featured_large":false,"extra_large":false,"portfolio":false,"portfolio_small":false,"gallery":false,"magazine":false,"masonry":false,"entry_with_sidebar":false,"entry_without_sidebar":false},"uagb_author_info":{"display_name":"danielkolski","author_link":"https:\/\/saisonsculturelleschaumont.fr\/mdxpuixt\/author\/danielkolski\/"},"uagb_comment_info":0,"uagb_excerpt":"saison 05 Patrimoine et H\u00e9ritage La R\u00e9volution fran\u00e7aise est un moment fort de la construction de la notion de patrimoine. La reconnaissance des monuments &#8211; non plus consid\u00e9r\u00e9s comme des [&hellip;]","_links":{"self":[{"href":"https:\/\/saisonsculturelleschaumont.fr\/mdxpuixt\/wp-json\/wp\/v2\/pages\/7999"}],"collection":[{"href":"https:\/\/saisonsculturelleschaumont.fr\/mdxpuixt\/wp-json\/wp\/v2\/pages"}],"about":[{"href":"https:\/\/saisonsculturelleschaumont.fr\/mdxpuixt\/wp-json\/wp\/v2\/types\/page"}],"author":[{"embeddable":true,"href":"https:\/\/saisonsculturelleschaumont.fr\/mdxpuixt\/wp-json\/wp\/v2\/users\/1"}],"replies":[{"embeddable":true,"href":"https:\/\/saisonsculturelleschaumont.fr\/mdxpuixt\/wp-json\/wp\/v2\/comments?post=7999"}],"version-history":[{"count":0,"href":"https:\/\/saisonsculturelleschaumont.fr\/mdxpuixt\/wp-json\/wp\/v2\/pages\/7999\/revisions"}],"up":[{"embeddable":true,"href":"https:\/\/saisonsculturelleschaumont.fr\/mdxpuixt\/wp-json\/wp\/v2\/pages\/6006"}],"wp:attachment":[{"href":"https:\/\/saisonsculturelleschaumont.fr\/mdxpuixt\/wp-json\/wp\/v2\/media?parent=7999"}],"curies":[{"name":"wp","href":"https:\/\/api.w.org\/{rel}","templated":true}]}}