{"id":8020,"date":"2022-02-22T08:17:35","date_gmt":"2022-02-22T07:17:35","guid":{"rendered":"https:\/\/saisonsculturelleschaumont.fr\/mdxpuixt\/?page_id=8020"},"modified":"2024-02-05T14:08:27","modified_gmt":"2024-02-05T13:08:27","slug":"au-fil-des-saisons","status":"publish","type":"page","link":"https:\/\/saisonsculturelleschaumont.fr\/mdxpuixt\/au-fil-des-saisons\/","title":{"rendered":"au fil des saisons"},"content":{"rendered":"\t\t<div data-elementor-type=\"wp-post\" data-elementor-id=\"8020\" class=\"elementor elementor-8020\">\n\t\t\t\t\t\t<div class=\"elementor-inner\">\n\t\t\t\t<div class=\"elementor-section-wrap\">\n\t\t\t\t\t\t\t\t\t<section class=\"elementor-section elementor-top-section elementor-element elementor-element-598ea1a elementor-section-boxed elementor-section-height-default elementor-section-height-default\" data-id=\"598ea1a\" data-element_type=\"section\">\n\t\t\t\t\t\t<div class=\"elementor-container elementor-column-gap-default\">\n\t\t\t\t\t\t\t<div class=\"elementor-row\">\n\t\t\t\t\t<div class=\"elementor-column elementor-col-50 elementor-top-column elementor-element elementor-element-6b518f3\" data-id=\"6b518f3\" data-element_type=\"column\">\n\t\t\t<div class=\"elementor-column-wrap elementor-element-populated\">\n\t\t\t\t\t\t\t<div class=\"elementor-widget-wrap\">\n\t\t\t\t\t\t<div class=\"elementor-element elementor-element-6bf5942c elementor-widget elementor-widget-image\" data-id=\"6bf5942c\" data-element_type=\"widget\" data-widget_type=\"image.default\">\n\t\t\t\t<div class=\"elementor-widget-container\">\n\t\t\t\t\t\t\t\t<div class=\"elementor-image\">\n\t\t\t\t\t\t\t\t\t\t\t\t<img decoding=\"async\" src=\"https:\/\/saisonsculturelleschaumont.fr\/mdxpuixt\/wp-content\/uploads\/2023\/09\/affiche_S8_A3-scaled.jpg\" title=\"affiche_S8_A3\" alt=\"affiche_S8_A3\" loading=\"lazy\" \/>\t\t\t\t\t\t\t\t\t\t\t\t\t\t<\/div>\n\t\t\t\t\t\t<\/div>\n\t\t\t\t<\/div>\n\t\t\t\t\t\t<\/div>\n\t\t\t\t\t<\/div>\n\t\t<\/div>\n\t\t\t\t<div class=\"elementor-column elementor-col-50 elementor-top-column elementor-element elementor-element-4843750\" data-id=\"4843750\" data-element_type=\"column\">\n\t\t\t<div class=\"elementor-column-wrap elementor-element-populated\">\n\t\t\t\t\t\t\t<div class=\"elementor-widget-wrap\">\n\t\t\t\t\t\t<div class=\"elementor-element elementor-element-df6b35b elementor-widget elementor-widget-heading\" data-id=\"df6b35b\" data-element_type=\"widget\" data-widget_type=\"heading.default\">\n\t\t\t\t<div class=\"elementor-widget-container\">\n\t\t\t<h2 class=\"elementor-heading-title elementor-size-xl\">saison 08<\/h2>\t\t<\/div>\n\t\t\t\t<\/div>\n\t\t\t\t<div class=\"elementor-element elementor-element-80e9483 elementor-widget elementor-widget-heading\" data-id=\"80e9483\" data-element_type=\"widget\" data-widget_type=\"heading.default\">\n\t\t\t\t<div class=\"elementor-widget-container\">\n\t\t\t<h1 class=\"elementor-heading-title elementor-size-xxl\">la diversit\u00e9 \ndu vivant<\/h1>\t\t<\/div>\n\t\t\t\t<\/div>\n\t\t\t\t<div class=\"elementor-element elementor-element-a1782e8 elementor-widget elementor-widget-text-editor\" data-id=\"a1782e8\" data-element_type=\"widget\" data-widget_type=\"text-editor.default\">\n\t\t\t\t<div class=\"elementor-widget-container\">\n\t\t\t\t\t\t\t\t<div class=\"elementor-text-editor elementor-clearfix\">\n\t\t\t\t<p style=\"font-weight: 400;\">Votre journal culturel <em>Au fil des saisons<\/em> change de format et de graphisme avec la nouvelle identit\u00e9 de la ville et vient s\u2019encarter, toujours au rythme de deux num\u00e9ros par an, dans votre journal de ville, comme suppl\u00e9ment.<\/p><p style=\"font-weight: 400;\">Jusqu\u2019alors distribu\u00e9 dans vos commerces, vos \u00e9coles et \u00e9tablissements publics, j\u2019ai souhait\u00e9 qu\u2019il aille jusque dans vos bo\u00eetes aux lettres. Vous le savez, je porte une politique culturelle accessible \u00e0 tous et tourn\u00e9e vers tous les publics car je sais la Culture vecteur de lien social, de transmission des savoirs et de progr\u00e8s, mais aussi moteur du rayonnement et de l\u2019attractivit\u00e9 de notre territoire.<\/p><p style=\"font-weight: 400;\">C\u2019est d\u2019ailleurs la richesse culturelle de notre ville, de par son patrimoine, son histoire et ses habitants, qui m\u2019am\u00e8ne cette fois-ci \u00e0 vous proposer d\u2019aborder le th\u00e8me de la diversit\u00e9. Car pr\u00e9server la pluralit\u00e9 des esp\u00e8ces, des cultures, des expressions qui compose le monde et fa\u00e7onne le paysage des vivants, c\u2019est aussi sauvegarder notre pouvoir d\u2019\u00e9merveillement.<\/p><p style=\"font-weight: 400;\">Je vous invite donc, dans cette premi\u00e8re partie de saison, \u00e0 venir danser sur les rythmes afro-am\u00e9ricains du 79rs Gang venu de la Nouvelle-Orl\u00e9ans, \u00e0 vous enflammer avec les rappeurs ghan\u00e9ens du projet Agoro du Nancy Jazz Pulsations, \u00e0 partir \u00e0 la recherche des racines iraniennes de l\u2019autrice \u00c9milie Talon, ou encore \u00e0 \u00e9couter la biodiversit\u00e9 de nos for\u00eats racont\u00e9e par le jeune passionn\u00e9 Victor No\u00ebl !<\/p><p style=\"font-weight: 400;\">A l\u2019heure o\u00f9 la France se pr\u00e9pare \u00e0 recevoir des d\u00e9l\u00e9gations sportives du monde entier, aborder le sujet de la diversit\u00e9, c\u2019est aussi saisir l\u2019opportunit\u00e9 des Jeux Olympiques pour aller \u00e0 la rencontre d\u2019un peu moins de deux cents pays participants\u00a0: v\u00e9ritable portrait du monde pluriel dans lequel nous vivons.<\/p><p style=\"font-weight: 400;\">Tout comme le sport, la culture nous offre des moments d&rsquo;exception qui nous rassemblent autour des valeurs humanistes.<\/p><p style=\"font-weight: 400;\">Alors, en attendant le passage, dans notre ville, de la flamme olympique, symbole de l&rsquo;amiti\u00e9 entre les peuples, parcourons les mondes issus ou inspir\u00e9s d&rsquo;autres cultures, et non plus seulement imaginaires, de nos artistes invit\u00e9s.\u00a0<\/p><p style=\"font-weight: 400;\">Belle saison culturelle \u00e0 tous !<\/p><p style=\"font-weight: 400;\"><strong>Christine Guillemy<\/strong><br \/>Maire de Chaumont<\/p><p>T\u00e9l\u00e9chargez le journal <a href=\"https:\/\/saisonsculturelleschaumont.fr\/mdxpuixt\/wp-content\/uploads\/2023\/09\/CHA-Journal-Saisons-culturelles-A3-VF-WEB.pdf\">Au fil des saisons #9 ici !<\/a><\/p><p>T\u00e9l\u00e9chargez le journal <a href=\"https:\/\/saisonsculturelleschaumont.fr\/mdxpuixt\/wp-content\/uploads\/2024\/02\/CHA-Journal-Saisons-culturelles-10-A3-VF-WEB.pdf\">Au fil des saisons #10 ici !<\/a><\/p><p style=\"font-weight: 400;\">\u00a0<\/p>\t\t\t\t\t<\/div>\n\t\t\t\t\t\t<\/div>\n\t\t\t\t<\/div>\n\t\t\t\t\t\t<\/div>\n\t\t\t\t\t<\/div>\n\t\t<\/div>\n\t\t\t\t\t\t\t\t<\/div>\n\t\t\t\t\t<\/div>\n\t\t<\/section>\n\t\t\t\t<section class=\"elementor-section elementor-top-section elementor-element elementor-element-2e1b3aa elementor-section-content-top elementor-section-boxed elementor-section-height-default elementor-section-height-default\" data-id=\"2e1b3aa\" data-element_type=\"section\">\n\t\t\t\t\t\t<div class=\"elementor-container elementor-column-gap-default\">\n\t\t\t\t\t\t\t<div class=\"elementor-row\">\n\t\t\t\t\t<div class=\"elementor-column elementor-col-50 elementor-top-column elementor-element elementor-element-b73e544\" data-id=\"b73e544\" data-element_type=\"column\">\n\t\t\t<div class=\"elementor-column-wrap\">\n\t\t\t\t\t\t\t<div class=\"elementor-widget-wrap\">\n\t\t\t\t\t\t\t\t<\/div>\n\t\t\t\t\t<\/div>\n\t\t<\/div>\n\t\t\t\t<div class=\"elementor-column elementor-col-50 elementor-top-column elementor-element elementor-element-8272de7\" data-id=\"8272de7\" data-element_type=\"column\">\n\t\t\t<div class=\"elementor-column-wrap elementor-element-populated\">\n\t\t\t\t\t\t\t<div class=\"elementor-widget-wrap\">\n\t\t\t\t\t\t<div class=\"elementor-element elementor-element-30d47c3 elementor-widget elementor-widget-text-editor\" data-id=\"30d47c3\" data-element_type=\"widget\" data-widget_type=\"text-editor.default\">\n\t\t\t\t<div class=\"elementor-widget-container\">\n\t\t\t\t\t\t\t\t<div class=\"elementor-text-editor elementor-clearfix\">\n\t\t\t\t\t\t\t\t\t<\/div>\n\t\t\t\t\t\t<\/div>\n\t\t\t\t<\/div>\n\t\t\t\t<div class=\"elementor-element elementor-element-9434569 elementor-widget elementor-widget-premium-addon-button\" data-id=\"9434569\" data-element_type=\"widget\" data-widget_type=\"premium-addon-button.default\">\n\t\t\t\t<div class=\"elementor-widget-container\">\n\t\t\t\r\n\r\n\t\t<a class=\"premium-button premium-button-none premium-btn-lg premium-button-none\" href=\"https:\/\/saisonsculturelleschaumont.fr\/mdxpuixt\/autres-saisons\/\">\r\n\t\t\t<div class=\"premium-button-text-icon-wrapper\">\r\n\t\t\t\t\t\t\t\t<span >\r\n\t\t\t\t\tautres saisons\t\t\t\t<\/span>\r\n\t\t\t\t\t\t\t<\/div>\r\n\t\t\t\t\t\t\t\t<\/a>\r\n\r\n\r\n\t\t\t\t<\/div>\n\t\t\t\t<\/div>\n\t\t\t\t\t\t<\/div>\n\t\t\t\t\t<\/div>\n\t\t<\/div>\n\t\t\t\t\t\t\t\t<\/div>\n\t\t\t\t\t<\/div>\n\t\t<\/section>\n\t\t\t\t<section class=\"elementor-section elementor-top-section elementor-element elementor-element-34be8b67 elementor-section-boxed elementor-section-height-default elementor-section-height-default\" data-id=\"34be8b67\" data-element_type=\"section\">\n\t\t\t\t\t\t<div class=\"elementor-container elementor-column-gap-default\">\n\t\t\t\t\t\t\t<div class=\"elementor-row\">\n\t\t\t\t\t<div class=\"elementor-column elementor-col-100 elementor-top-column elementor-element elementor-element-2a46a0a\" data-id=\"2a46a0a\" data-element_type=\"column\">\n\t\t\t<div class=\"elementor-column-wrap elementor-element-populated\">\n\t\t\t\t\t\t\t<div class=\"elementor-widget-wrap\">\n\t\t\t\t\t\t<div class=\"elementor-element elementor-element-46945a82 elementor-widget elementor-widget-wp-widget-ipw\" data-id=\"46945a82\" data-element_type=\"widget\" data-widget_type=\"wp-widget-ipw.default\">\n\t\t\t\t<div class=\"elementor-widget-container\">\n\t\t\t<div data-post-id=\"10430\" class=\"insert-page insert-page-10430 \">\n<style type=\"text\/css\" data-created_by=\"avia_inline_auto\" id=\"style-css-av-jyhtyvi9-c472173ad61115fa27e237f275a93df0\">\n#top .av_textblock_section.av-jyhtyvi9-c472173ad61115fa27e237f275a93df0 .avia_textblock{\nfont-size:24px;\n}\n<\/style>\n<section  class='av_textblock_section av-jyhtyvi9-c472173ad61115fa27e237f275a93df0 '   itemscope=\"itemscope\" itemtype=\"https:\/\/schema.org\/CreativeWork\" ><div class='avia_textblock'  itemprop=\"text\" ><p>\u2022 arts visuels<\/p>\n<\/div><\/section>\n\n<style type=\"text\/css\" data-created_by=\"avia_inline_auto\" id=\"style-css-av-r7jg-a2a37e95637f5b1b440c8c6c21e046e8\">\n#top .flex_column.av-r7jg-a2a37e95637f5b1b440c8c6c21e046e8{\nmargin-top:0px;\nmargin-bottom:20px;\n}\n.flex_column.av-r7jg-a2a37e95637f5b1b440c8c6c21e046e8{\nborder-radius:0px 0px 0px 0px;\npadding:0px 0px 0px 0px;\n}\n.responsive #top #wrap_all .flex_column.av-r7jg-a2a37e95637f5b1b440c8c6c21e046e8{\nmargin-top:0px;\nmargin-bottom:20px;\n}\n<\/style>\n<div  class='flex_column av-r7jg-a2a37e95637f5b1b440c8c6c21e046e8 av_one_full  avia-builder-el-1  el_after_av_textblock  el_before_av_textblock  first flex_column_div av-zero-column-padding  column-top-margin'     ><div id='grille-ala-une' class='av-masonry av-jxpefprf-d6b911e95d2d1dc146be3dbd105a3569 noHover av-fixed-size av-1px-gap av-hover-overlay- av-masonry-animation- av-masonry-col-3 av-caption-on-hover av-caption-style-overlay av-masonry-entries av-medium-columns-overwrite av-medium-columns-2 av-small-columns-overwrite av-small-columns-2 av-mini-columns-overwrite av-mini-columns-1 ' data-post_id=\"10430\"><div class=\"av-masonry-container isotope av-js-disabled\"><div class='av-masonry-entry isotope-item av-masonry-item-no-image '><\/div><a href=\"https:\/\/saisonsculturelleschaumont.fr\/mdxpuixt\/evenement\/projection-du-film-animal-de-cyril-dion\/\"  id='av-masonry-1-item-10469' data-av-masonry-item='10469' class='av-masonry-entry isotope-item post-10469 tribe_events type-tribe_events status-publish has-post-thumbnail hentry tag-biodiversite tag-cinema tag-film tag-projection tribe_events_cat-arts-visuels  av-masonry-item-with-image' title=\"affiche ANIMAL\"   itemscope=\"itemscope\" itemtype=\"https:\/\/schema.org\/CreativeWork\" ><div class='av-inner-masonry-sizer'><\/div><figure class='av-inner-masonry main_color'><div class=\"av-masonry-outerimage-container\"><div class='av-masonry-image-container' style=\"background-image: url(https:\/\/saisonsculturelleschaumont.fr\/mdxpuixt\/wp-content\/uploads\/2023\/09\/affiche-ANIMAL-518x705.jpg);\"  title=\"affiche ANIMAL\"  ><\/div><\/div><figcaption class='av-inner-masonry-content site-background'><div class='av-inner-masonry-content-pos'><div class='av-inner-masonry-content-pos-content'><div class='avia-arrow'><\/div><span class=\"tribe-event-date-start\">9 Nov 2023  21:00<\/span> - <span class=\"tribe-event-time\">23:00<\/span><br><span class=\"tribe-event-categories\">arts visuels<\/span><h3 class='av-masonry-entry-title entry-title '  itemprop=\"headline\" >Projection du film Animal de Cyril Dion<\/h3><\/div><\/div><\/figcaption><\/figure><\/a><!--end av-masonry entry--><a href=\"https:\/\/saisonsculturelleschaumont.fr\/mdxpuixt\/evenement\/atelier-typographique-avec-les-commercants-chaumontais\/\"  id='av-masonry-1-item-10687' data-av-masonry-item='10687' class='av-masonry-entry isotope-item post-10687 tribe_events type-tribe_events status-publish has-post-thumbnail hentry tag-atelier tag-graphisme tag-typographie tribe_events_cat-arts-visuels  av-masonry-item-with-image' title=\"DSC_5667\"   itemscope=\"itemscope\" itemtype=\"https:\/\/schema.org\/CreativeWork\" ><div class='av-inner-masonry-sizer'><\/div><figure class='av-inner-masonry main_color'><div class=\"av-masonry-outerimage-container\"><div class='av-masonry-image-container' style=\"background-image: url(https:\/\/saisonsculturelleschaumont.fr\/mdxpuixt\/wp-content\/uploads\/2023\/10\/DSC_5667-e1698655322278-705x705.jpg);\"  title=\"DSC_5667\"  ><\/div><\/div><figcaption class='av-inner-masonry-content site-background'><div class='av-inner-masonry-content-pos'><div class='av-inner-masonry-content-pos-content'><div class='avia-arrow'><\/div><span class=\"tribe-event-date-start\">16 Oct 2023  10:00<\/span> - <span class=\"tribe-event-time\">12:00<\/span><br><span class=\"tribe-event-categories\">arts visuels<\/span><h3 class='av-masonry-entry-title entry-title '  itemprop=\"headline\" >Atelier typographique avec les commer\u00e7ants chaumontais<\/h3><\/div><\/div><\/figcaption><\/figure><\/a><!--end av-masonry entry--><a href=\"https:\/\/saisonsculturelleschaumont.fr\/mdxpuixt\/evenement\/atelier-typographique-pour-les-associations-chaumontaises\/\"  id='av-masonry-1-item-10691' data-av-masonry-item='10691' class='av-masonry-entry isotope-item post-10691 tribe_events type-tribe_events status-publish has-post-thumbnail hentry tag-atelier tag-graphisme tag-typographie tribe_events_cat-arts-visuels  av-masonry-item-with-image' title=\"DSC_5686\"   itemscope=\"itemscope\" itemtype=\"https:\/\/schema.org\/CreativeWork\" ><div class='av-inner-masonry-sizer'><\/div><figure class='av-inner-masonry main_color'><div class=\"av-masonry-outerimage-container\"><div class='av-masonry-image-container' style=\"background-image: url(https:\/\/saisonsculturelleschaumont.fr\/mdxpuixt\/wp-content\/uploads\/2023\/10\/DSC_5686-e1698655291671-705x705.jpg);\"  title=\"DSC_5686\"  ><\/div><\/div><figcaption class='av-inner-masonry-content site-background'><div class='av-inner-masonry-content-pos'><div class='av-inner-masonry-content-pos-content'><div class='avia-arrow'><\/div><span class=\"tribe-event-date-start\">16 Oct 2023  14:00<\/span> - <span class=\"tribe-event-time\">16:00<\/span><br><span class=\"tribe-event-categories\">arts visuels<\/span><h3 class='av-masonry-entry-title entry-title '  itemprop=\"headline\" >Atelier typographique pour les associations chaumontaises<\/h3><\/div><\/div><\/figcaption><\/figure><\/a><!--end av-masonry entry--><a href=\"https:\/\/saisonsculturelleschaumont.fr\/mdxpuixt\/evenement\/cine-vo-2\/\"  id='av-masonry-1-item-10812' data-av-masonry-item='10812' class='av-masonry-entry isotope-item post-10812 tribe_events type-tribe_events status-publish has-post-thumbnail hentry tag-biodiversite tag-cinema tag-cycle tag-film tag-mjc tribe_events_cat-arts-visuels  av-masonry-item-with-image' title=\"5501165\"   itemscope=\"itemscope\" itemtype=\"https:\/\/schema.org\/CreativeWork\" ><div class='av-inner-masonry-sizer'><\/div><figure class='av-inner-masonry main_color'><div class=\"av-masonry-outerimage-container\"><div class='av-masonry-image-container' style=\"background-image: url(https:\/\/saisonsculturelleschaumont.fr\/mdxpuixt\/wp-content\/uploads\/2023\/10\/5501165-476x705.jpg);\"  title=\"5501165\"  ><\/div><\/div><figcaption class='av-inner-masonry-content site-background'><div class='av-inner-masonry-content-pos'><div class='av-inner-masonry-content-pos-content'><div class='avia-arrow'><\/div><span class=\"tribe-event-date-start\">16 Nov 2023  19:00<\/span> - <span class=\"tribe-event-time\">21:00<\/span><br><span class=\"tribe-event-categories\">arts visuels<\/span><h3 class='av-masonry-entry-title entry-title '  itemprop=\"headline\" >cin\u00e9 VO<\/h3><\/div><\/div><\/figcaption><\/figure><\/a><!--end av-masonry entry--><a href=\"https:\/\/saisonsculturelleschaumont.fr\/mdxpuixt\/evenement\/cine-culture-decouverte\/\"  id='av-masonry-1-item-10821' data-av-masonry-item='10821' class='av-masonry-entry isotope-item post-10821 tribe_events type-tribe_events status-publish has-post-thumbnail hentry tag-cinema tag-festival tag-film tag-mjc tribe_events_cat-arts-visuels  av-masonry-item-with-image' title=\"5057490\"   itemscope=\"itemscope\" itemtype=\"https:\/\/schema.org\/CreativeWork\" ><div class='av-inner-masonry-sizer'><\/div><figure class='av-inner-masonry main_color'><div class=\"av-masonry-outerimage-container\"><div class='av-masonry-image-container' style=\"background-image: url(https:\/\/saisonsculturelleschaumont.fr\/mdxpuixt\/wp-content\/uploads\/2023\/10\/5057490-517x705.jpg);\"  title=\"5057490\"  ><\/div><\/div><figcaption class='av-inner-masonry-content site-background'><div class='av-inner-masonry-content-pos'><div class='av-inner-masonry-content-pos-content'><div class='avia-arrow'><\/div><span class=\"tribe-event-date-start\">17 Nov 2023  18:30<\/span> - <span class=\"tribe-event-time\">20:00<\/span><br><span class=\"tribe-event-categories\">arts visuels<\/span><h3 class='av-masonry-entry-title entry-title '  itemprop=\"headline\" >cin\u00e9 culture &#038; d\u00e9couverte<\/h3><\/div><\/div><\/figcaption><\/figure><\/a><!--end av-masonry entry--><a href=\"https:\/\/saisonsculturelleschaumont.fr\/mdxpuixt\/evenement\/cine-asso-ecologie\/\"  id='av-masonry-1-item-10825' data-av-masonry-item='10825' class='av-masonry-entry isotope-item post-10825 tribe_events type-tribe_events status-publish has-post-thumbnail hentry tag-cinema tag-festival tag-film tag-mjc tribe_events_cat-arts-visuels  av-masonry-item-with-image' title=\"Affiche_web_LOW-TECH\"   itemscope=\"itemscope\" itemtype=\"https:\/\/schema.org\/CreativeWork\" ><div class='av-inner-masonry-sizer'><\/div><figure class='av-inner-masonry main_color'><div class=\"av-masonry-outerimage-container\"><div class='av-masonry-image-container' style=\"background-image: url(https:\/\/saisonsculturelleschaumont.fr\/mdxpuixt\/wp-content\/uploads\/2023\/10\/Affiche_web_LOW-TECH-529x705.jpg);\"  title=\"Affiche_web_LOW-TECH\"  ><\/div><\/div><figcaption class='av-inner-masonry-content site-background'><div class='av-inner-masonry-content-pos'><div class='av-inner-masonry-content-pos-content'><div class='avia-arrow'><\/div><span class=\"tribe-event-date-start\">18 Nov 2023  14:00<\/span> - <span class=\"tribe-event-time\">16:00<\/span><br><span class=\"tribe-event-categories\">arts visuels<\/span><h3 class='av-masonry-entry-title entry-title '  itemprop=\"headline\" >cin\u00e9 asso \u00e9cologie<\/h3><\/div><\/div><\/figcaption><\/figure><\/a><!--end av-masonry entry--><\/div><a class='av-masonry-pagination av-masonry-load-more' href='#load-more'  data-link='tribe_events_cat, 42'  data-term_rel='IN'  data-wc_prod_visible=''  data-wc_prod_hidden=''  data-wc_prod_featured=''  data-prod_order_by=''  data-prod_order=''  data-date_filter='date_filter'  data-date_filter_start='2023\/08\/31'  data-date_filter_end='2024\/08\/31'  data-date_filter_format='yy\/mm\/dd'  data-period_filter_unit_1=''  data-period_filter_unit_2=''  data-page_element_filter=''  data-sort='no'  data-query_orderby='date'  data-query_order='ASC'  data-caption_elements='title'  data-caption_styling='overlay'  data-caption_display='on-hover'  data-img_copyright=''  data-size='fixed'  data-orientation=''  data-image_size='masonry'  data-gap='1px'  data-columns='3'  data-av-desktop-columns=''  data-av-medium-columns='2'  data-av-small-columns='2'  data-av-mini-columns='1'  data-items='6'  data-paginate='load_more'  data-color='custom'  data-custom_bg=''  data-img_copyright_font=''  data-av-desktop-font-img_copyright_font=''  data-av-medium-font-img_copyright_font=''  data-av-small-font-img_copyright_font=''  data-av-mini-font-img_copyright_font=''  data-img_copyright_color=''  data-img_copyright_bg=''  data-animation=''  data-animation_duration=''  data-animation_custom_bg_color=''  data-animation_custom_bg_color_multi_list=''  data-animation_z_index_curtain='100'  data-overlay_fx=''  data-img_scrset=''  data-lazy_loading='disabled'  data-av-desktop-hide=''  data-av-medium-hide=''  data-av-small-hide=''  data-av-mini-hide=''  data-alb_description=''  data-id='grille-ala-une'  data-custom_class=''  data-template_class=''  data-av_uid='av-jxpefprf'  data-sc_version='1.0'  data-ids=''  data-action=''  data-post_type='post, page, attachment, revision, nav_menu_item, custom_css, customize_changeset, oembed_cache, user_request, wp_block, wp_template, wp_template_part, wp_global_styles, wp_navigation, e-landing-page, elementor_library, tribe_event_series, wpcf7_contact_form, tribe_venue, tribe_organizer, tribe_events, tribe-ea-record, deleted_event, spectra-popup, portfolio, avia_framework_post, popupbuilder'  data-offset='0'  data-container_links='active'  data-link_dest=''  data-lightbox_text=''  data-container_class='av-masonry-entries'  data-auto_ratio='1.7'  data-set_breadcrumb='1'  data-custom_markup=''  data-taxonomy='tribe_events_cat'  data-categories='42'  data-avno='99ed80e13c'>Charger plus<\/a><\/div><\/div>\n\n<style type=\"text\/css\" data-created_by=\"avia_inline_auto\" id=\"style-css-av-jyhtyvi9-21-e3a3b3e306a55386747ced20b10b6dbf\">\n#top .av_textblock_section.av-jyhtyvi9-21-e3a3b3e306a55386747ced20b10b6dbf .avia_textblock{\nfont-size:24px;\n}\n<\/style>\n<section  class='av_textblock_section av-jyhtyvi9-21-e3a3b3e306a55386747ced20b10b6dbf '   itemscope=\"itemscope\" itemtype=\"https:\/\/schema.org\/CreativeWork\" ><div class='avia_textblock'  itemprop=\"text\" ><p>\u2022 beaux arts<\/p>\n<\/div><\/section>\n\n<style type=\"text\/css\" data-created_by=\"avia_inline_auto\" id=\"style-css-av-r7jg-20-a4bbc749bcd154329c206157b51cc69c\">\n#top .flex_column.av-r7jg-20-a4bbc749bcd154329c206157b51cc69c{\nmargin-top:0px;\nmargin-bottom:20px;\n}\n.flex_column.av-r7jg-20-a4bbc749bcd154329c206157b51cc69c{\nborder-radius:0px 0px 0px 0px;\npadding:0px 0px 0px 0px;\n}\n.responsive #top #wrap_all .flex_column.av-r7jg-20-a4bbc749bcd154329c206157b51cc69c{\nmargin-top:0px;\nmargin-bottom:20px;\n}\n<\/style>\n<div  class='flex_column av-r7jg-20-a4bbc749bcd154329c206157b51cc69c av_one_full  avia-builder-el-4  el_after_av_textblock  el_before_av_textblock  first flex_column_div av-zero-column-padding  column-top-margin'     ><div id='grille-ala-une' class='av-masonry av-jxpefprf-19-88521ff3d0f85365d191337ac88a3068 noHover av-fixed-size av-1px-gap av-hover-overlay- av-masonry-animation- av-masonry-col-3 av-caption-on-hover av-caption-style-overlay av-masonry-entries av-medium-columns-overwrite av-medium-columns-2 av-small-columns-overwrite av-small-columns-2 av-mini-columns-overwrite av-mini-columns-1 ' data-post_id=\"10430\"><div class=\"av-masonry-container isotope av-js-disabled\"><div class='av-masonry-entry isotope-item av-masonry-item-no-image '><\/div><a href=\"https:\/\/saisonsculturelleschaumont.fr\/mdxpuixt\/evenement\/conference-du-mardi-les-operations-archeologiques-autour-des-monuments-religieux\/\"  id='av-masonry-2-item-10553' data-av-masonry-item='10553' class='av-masonry-entry isotope-item post-10553 tribe_events type-tribe_events status-publish has-post-thumbnail hentry tag-archeologie tag-archives tag-conference tag-cycle tag-histoire tag-mardi tag-musee tag-patrimoine tribe_events_cat-beaux-arts  av-masonry-item-with-image' title=\"DSC_1371\"   itemscope=\"itemscope\" itemtype=\"https:\/\/schema.org\/CreativeWork\" ><div class='av-inner-masonry-sizer'><\/div><figure class='av-inner-masonry main_color'><div class=\"av-masonry-outerimage-container\"><div class='av-masonry-image-container' style=\"background-image: url(https:\/\/saisonsculturelleschaumont.fr\/mdxpuixt\/wp-content\/uploads\/2023\/09\/DSC_1371-705x471.jpg);\"  title=\"DSC_1371\"  ><\/div><\/div><figcaption class='av-inner-masonry-content site-background'><div class='av-inner-masonry-content-pos'><div class='av-inner-masonry-content-pos-content'><div class='avia-arrow'><\/div><span class=\"tribe-event-date-start\">14 Nov 2023  20:30<\/span> - <span class=\"tribe-event-time\">21:30<\/span><br><span class=\"tribe-event-categories\">beaux arts<\/span><h3 class='av-masonry-entry-title entry-title '  itemprop=\"headline\" >Conf\u00e9rence du mardi : Les op\u00e9rations arch\u00e9ologiques autour des monuments religieux<\/h3><\/div><\/div><\/figcaption><\/figure><\/a><!--end av-masonry entry--><a href=\"https:\/\/saisonsculturelleschaumont.fr\/mdxpuixt\/evenement\/etudier-la-sculpture-champenoise-un-enjeu-intellectuel-et-politique\/\"  id='av-masonry-2-item-11113' data-av-masonry-item='11113' class='av-masonry-entry isotope-item post-11113 tribe_events type-tribe_events status-publish has-post-thumbnail hentry tag-conference tag-histoire tag-musee tribe_events_cat-beaux-arts  av-masonry-item-with-image' title=\"242406115_878462142786733_8089214752953602476_n\"   itemscope=\"itemscope\" itemtype=\"https:\/\/schema.org\/CreativeWork\" ><div class='av-inner-masonry-sizer'><\/div><figure class='av-inner-masonry main_color'><div class=\"av-masonry-outerimage-container\"><div class='av-masonry-image-container' style=\"background-image: url(https:\/\/saisonsculturelleschaumont.fr\/mdxpuixt\/wp-content\/uploads\/2023\/06\/242406115_878462142786733_8089214752953602476_n-705x541.png);\"  title=\"242406115_878462142786733_8089214752953602476_n\"  ><\/div><\/div><figcaption class='av-inner-masonry-content site-background'><div class='av-inner-masonry-content-pos'><div class='av-inner-masonry-content-pos-content'><div class='avia-arrow'><\/div><span class=\"tribe-event-date-start\">16 Jan 2024  20:30<\/span> - <span class=\"tribe-event-time\">21:30<\/span><br><span class=\"tribe-event-categories\">beaux arts<\/span><h3 class='av-masonry-entry-title entry-title '  itemprop=\"headline\" >\u00c9tudier la sculpture champenoise : un enjeu intellectuel et politique ?<\/h3><\/div><\/div><\/figcaption><\/figure><\/a><!--end av-masonry entry--><a href=\"https:\/\/saisonsculturelleschaumont.fr\/mdxpuixt\/evenement\/la-resurrection-dantoine-caron\/\"  id='av-masonry-2-item-11116' data-av-masonry-item='11116' class='av-masonry-entry isotope-item post-11116 tribe_events type-tribe_events status-publish has-post-thumbnail hentry tag-conference tag-histoire tag-musee tribe_events_cat-beaux-arts  av-masonry-item-with-image' title=\"copie Caron JPEG\"   itemscope=\"itemscope\" itemtype=\"https:\/\/schema.org\/CreativeWork\" ><div class='av-inner-masonry-sizer'><\/div><figure class='av-inner-masonry main_color'><div class=\"av-masonry-outerimage-container\"><div class='av-masonry-image-container' style=\"background-image: url(https:\/\/saisonsculturelleschaumont.fr\/mdxpuixt\/wp-content\/uploads\/2024\/01\/copie-Caron-JPEG-528x705.jpg);\"  title=\"copie Caron JPEG\"  ><\/div><\/div><figcaption class='av-inner-masonry-content site-background'><div class='av-inner-masonry-content-pos'><div class='av-inner-masonry-content-pos-content'><div class='avia-arrow'><\/div><span class=\"tribe-event-date-start\">19 Mar 2024  20:30<\/span> - <span class=\"tribe-event-time\">21:30<\/span><br><span class=\"tribe-event-categories\">beaux arts<\/span><h3 class='av-masonry-entry-title entry-title '  itemprop=\"headline\" >La r\u00e9surrection d\u2019Antoine Caron<\/h3><\/div><\/div><\/figcaption><\/figure><\/a><!--end av-masonry entry--><a href=\"https:\/\/saisonsculturelleschaumont.fr\/mdxpuixt\/evenement\/des-ecrivains-et-des-ecritures-au-musee-pour-quels-regards\/\"  id='av-masonry-2-item-11119' data-av-masonry-item='11119' class='av-masonry-entry isotope-item post-11119 tribe_events type-tribe_events status-publish has-post-thumbnail hentry tag-conference tag-histoire tag-musee tribe_events_cat-beaux-arts  av-masonry-item-with-image' title=\"242406115_878462142786733_8089214752953602476_n\"   itemscope=\"itemscope\" itemtype=\"https:\/\/schema.org\/CreativeWork\" ><div class='av-inner-masonry-sizer'><\/div><figure class='av-inner-masonry main_color'><div class=\"av-masonry-outerimage-container\"><div class='av-masonry-image-container' style=\"background-image: url(https:\/\/saisonsculturelleschaumont.fr\/mdxpuixt\/wp-content\/uploads\/2023\/06\/242406115_878462142786733_8089214752953602476_n-705x541.png);\"  title=\"242406115_878462142786733_8089214752953602476_n\"  ><\/div><\/div><figcaption class='av-inner-masonry-content site-background'><div class='av-inner-masonry-content-pos'><div class='av-inner-masonry-content-pos-content'><div class='avia-arrow'><\/div><span class=\"tribe-event-date-start\">14 Mai 2024  20:30<\/span> - <span class=\"tribe-event-time\">21:30<\/span><br><span class=\"tribe-event-categories\">beaux arts<\/span><h3 class='av-masonry-entry-title entry-title '  itemprop=\"headline\" >Des \u00e9crivains et des \u00e9critures au mus\u00e9e : pour quels regards ?<\/h3><\/div><\/div><\/figcaption><\/figure><\/a><!--end av-masonry entry--><a href=\"https:\/\/saisonsculturelleschaumont.fr\/mdxpuixt\/evenement\/nuit-des-musees-7\/\"  id='av-masonry-2-item-11166' data-av-masonry-item='11166' class='av-masonry-entry isotope-item post-11166 tribe_events type-tribe_events status-publish has-post-thumbnail hentry tag-exposition tag-musee tag-musees tag-nocture tag-ouverture tag-visite tribe_events_cat-beaux-arts  av-masonry-item-with-image' title=\"72267052_443953446237607_5392547979494162432_n\"   itemscope=\"itemscope\" itemtype=\"https:\/\/schema.org\/CreativeWork\" ><div class='av-inner-masonry-sizer'><\/div><figure class='av-inner-masonry main_color'><div class=\"av-masonry-outerimage-container\"><div class='av-masonry-image-container' style=\"background-image: url(https:\/\/saisonsculturelleschaumont.fr\/mdxpuixt\/wp-content\/uploads\/2023\/06\/72267052_443953446237607_5392547979494162432_n-705x461.jpg);\"  title=\"72267052_443953446237607_5392547979494162432_n\"  ><\/div><\/div><figcaption class='av-inner-masonry-content site-background'><div class='av-inner-masonry-content-pos'><div class='av-inner-masonry-content-pos-content'><div class='avia-arrow'><\/div><span class=\"tribe-event-date-start\">18 Mai 2024  20:00<\/span> - <span class=\"tribe-event-time\">23:30<\/span><br><span class=\"tribe-event-categories\">beaux arts<\/span><h3 class='av-masonry-entry-title entry-title '  itemprop=\"headline\" >Nuit des Mus\u00e9es<\/h3><\/div><\/div><\/figcaption><\/figure><\/a><!--end av-masonry entry--><a href=\"https:\/\/saisonsculturelleschaumont.fr\/mdxpuixt\/evenement\/conference-les-enjeux-du-patrimoine-face-aux-changements-climatiques\/\"  id='av-masonry-2-item-11230' data-av-masonry-item='11230' class='av-masonry-entry isotope-item post-11230 tribe_events type-tribe_events status-publish has-post-thumbnail hentry tag-conference tag-patrimoine tribe_events_cat-beaux-arts  av-masonry-item-with-image' title=\"Capture d\u2019\u00e9cran 2024-02-16 \u00e0 10.50.06\"   itemscope=\"itemscope\" itemtype=\"https:\/\/schema.org\/CreativeWork\" ><div class='av-inner-masonry-sizer'><\/div><figure class='av-inner-masonry main_color'><div class=\"av-masonry-outerimage-container\"><div class='av-masonry-image-container' style=\"background-image: url(https:\/\/saisonsculturelleschaumont.fr\/mdxpuixt\/wp-content\/uploads\/2024\/02\/Capture-decran-2024-02-16-a-10.50.06-564x705.png);\"  title=\"Capture d\u2019\u00e9cran 2024-02-16 \u00e0 10.50.06\"  ><\/div><\/div><figcaption class='av-inner-masonry-content site-background'><div class='av-inner-masonry-content-pos'><div class='av-inner-masonry-content-pos-content'><div class='avia-arrow'><\/div><span class=\"tribe-event-date-start\">6 Mar 2024  18:00<\/span> - <span class=\"tribe-event-time\">20:00<\/span><br><span class=\"tribe-event-categories\">beaux arts<\/span><h3 class='av-masonry-entry-title entry-title '  itemprop=\"headline\" >Conf\u00e9rence &#8211; Les enjeux du patrimoine face aux changements climatiques<\/h3><\/div><\/div><\/figcaption><\/figure><\/a><!--end av-masonry entry--><\/div><\/div><\/div>\n\n<style type=\"text\/css\" data-created_by=\"avia_inline_auto\" id=\"style-css-av-jyhtyvi9-15-84f98217221f9b65858bfc93ea3a34dc\">\n#top .av_textblock_section.av-jyhtyvi9-15-84f98217221f9b65858bfc93ea3a34dc .avia_textblock{\nfont-size:24px;\n}\n<\/style>\n<section  class='av_textblock_section av-jyhtyvi9-15-84f98217221f9b65858bfc93ea3a34dc '   itemscope=\"itemscope\" itemtype=\"https:\/\/schema.org\/CreativeWork\" ><div class='avia_textblock'  itemprop=\"text\" ><p>\u2022 graphisme dans la ville<\/p>\n<\/div><\/section>\n\n<style type=\"text\/css\" data-created_by=\"avia_inline_auto\" id=\"style-css-av-r7jg-14-3393e343b22b816fae27aef8c26ece93\">\n#top .flex_column.av-r7jg-14-3393e343b22b816fae27aef8c26ece93{\nmargin-top:0px;\nmargin-bottom:20px;\n}\n.flex_column.av-r7jg-14-3393e343b22b816fae27aef8c26ece93{\nborder-radius:0px 0px 0px 0px;\npadding:0px 0px 0px 0px;\n}\n.responsive #top #wrap_all .flex_column.av-r7jg-14-3393e343b22b816fae27aef8c26ece93{\nmargin-top:0px;\nmargin-bottom:20px;\n}\n<\/style>\n<div  class='flex_column av-r7jg-14-3393e343b22b816fae27aef8c26ece93 av_one_full  avia-builder-el-7  el_after_av_textblock  el_before_av_textblock  first flex_column_div av-zero-column-padding  column-top-margin'     ><div id='grille-ala-une' class='av-masonry av-jxpefprf-13-c80cd38565ad3ae39a1b72d74d786c6f noHover av-fixed-size av-1px-gap av-hover-overlay- av-masonry-animation- av-masonry-col-3 av-caption-on-hover av-caption-style-overlay av-masonry-entries av-medium-columns-overwrite av-medium-columns-2 av-small-columns-overwrite av-small-columns-2 av-mini-columns-overwrite av-mini-columns-1 ' data-post_id=\"10430\"><div class=\"av-masonry-container isotope av-js-disabled\"><div class='av-masonry-entry isotope-item av-masonry-item-no-image '><\/div><a href=\"https:\/\/saisonsculturelleschaumont.fr\/mdxpuixt\/evenement\/atelier-pedagogique-et-ludique-avec-le-studio-baldinger-vu-huu\/\"  id='av-masonry-3-item-10465' data-av-masonry-item='10465' class='av-masonry-entry isotope-item post-10465 tribe_events type-tribe_events status-publish has-post-thumbnail hentry tag-atelier tag-graphisme tag-tout-public tag-typographie tribe_events_cat-graphisme-dans-la-ville  av-masonry-item-with-image' title=\"Capture d\u2019\u00e9cran 2023-09-07 \u00e0 10.57.27\"   itemscope=\"itemscope\" itemtype=\"https:\/\/schema.org\/CreativeWork\" ><div class='av-inner-masonry-sizer'><\/div><figure class='av-inner-masonry main_color'><div class=\"av-masonry-outerimage-container\"><div class='av-masonry-image-container' style=\"background-image: url(https:\/\/saisonsculturelleschaumont.fr\/mdxpuixt\/wp-content\/uploads\/2023\/09\/Capture-decran-2023-09-07-a-10.57.27-e1694684682901-603x705.png);\"  title=\"Capture d\u2019\u00e9cran 2023-09-07 \u00e0 10.57.27\"  ><\/div><\/div><figcaption class='av-inner-masonry-content site-background'><div class='av-inner-masonry-content-pos'><div class='av-inner-masonry-content-pos-content'><div class='avia-arrow'><\/div><span class=\"tribe-event-date-start\">16 Sep 2023  10:00<\/span> - <span class=\"tribe-event-time\">12:00<\/span><br><span class=\"tribe-event-categories\">graphisme dans la ville<\/span><h3 class='av-masonry-entry-title entry-title '  itemprop=\"headline\" >Atelier p\u00e9dagogique et ludique avec le Studio Baldinger Vu Huu<\/h3><\/div><\/div><\/figcaption><\/figure><\/a><!--end av-masonry entry--><a href=\"https:\/\/saisonsculturelleschaumont.fr\/mdxpuixt\/evenement\/chaumont-sens-dessus-dessous-portrait-dessine-de-la-ville\/\"  id='av-masonry-3-item-10466' data-av-masonry-item='10466' class='av-masonry-entry isotope-item post-10466 tribe_events type-tribe_events status-publish has-post-thumbnail hentry tag-dessin tag-parcours tag-urbain tribe_events_cat-graphisme-dans-la-ville  av-masonry-item-with-image' title=\"cha-01\"   itemscope=\"itemscope\" itemtype=\"https:\/\/schema.org\/CreativeWork\" ><div class='av-inner-masonry-sizer'><\/div><figure class='av-inner-masonry main_color'><div class=\"av-masonry-outerimage-container\"><div class='av-masonry-image-container' style=\"background-image: url(https:\/\/saisonsculturelleschaumont.fr\/mdxpuixt\/wp-content\/uploads\/2023\/09\/cha-01-scaled-e1694684897977-597x705.jpg);\"  title=\"cha-01\"  ><\/div><\/div><figcaption class='av-inner-masonry-content site-background'><div class='av-inner-masonry-content-pos'><div class='av-inner-masonry-content-pos-content'><div class='avia-arrow'><\/div><span class=\"tribe-event-date-start\">16 Sep 2023<\/span> - <span class=\"tribe-event-date-end\">30 Nov 2023<\/span><br><span class=\"tribe-event-categories\">graphisme dans la ville<\/span><h3 class='av-masonry-entry-title entry-title '  itemprop=\"headline\" >Chaumont sens dessus dessous : Portrait dessin\u00e9 de la ville<\/h3><\/div><\/div><\/figcaption><\/figure><\/a><!--end av-masonry entry--><a href=\"https:\/\/saisonsculturelleschaumont.fr\/mdxpuixt\/evenement\/fresque-dina-chaumont-du-studio-baldinger-vu-huu\/\"  id='av-masonry-3-item-10464' data-av-masonry-item='10464' class='av-masonry-entry isotope-item post-10464 tribe_events type-tribe_events status-publish has-post-thumbnail hentry tag-dans-la-rue tag-fresque tag-graphisme tag-typographie tribe_events_cat-graphisme-dans-la-ville  av-masonry-item-with-image' title=\"CHT-Panneaux_Serie1-125x192cm-CMJN-FAB_page-0001\"   itemscope=\"itemscope\" itemtype=\"https:\/\/schema.org\/CreativeWork\" ><div class='av-inner-masonry-sizer'><\/div><figure class='av-inner-masonry main_color'><div class=\"av-masonry-outerimage-container\"><div class='av-masonry-image-container' style=\"background-image: url(https:\/\/saisonsculturelleschaumont.fr\/mdxpuixt\/wp-content\/uploads\/2023\/09\/CHT-Panneaux_Serie1-125x192cm-CMJN-FAB_page-0001.jpg);\"  title=\"CHT-Panneaux_Serie1-125x192cm-CMJN-FAB_page-0001\"  ><\/div><\/div><figcaption class='av-inner-masonry-content site-background'><div class='av-inner-masonry-content-pos'><div class='av-inner-masonry-content-pos-content'><div class='avia-arrow'><\/div><span class=\"tribe-event-date-start\">16 Sep 2023<\/span> - <span class=\"tribe-event-date-end\">30 Juin 2024<\/span><br><span class=\"tribe-event-categories\">graphisme dans la ville<\/span><h3 class='av-masonry-entry-title entry-title '  itemprop=\"headline\" >Fresque Dina Chaumont du studio Baldinger Vu Huu<\/h3><\/div><\/div><\/figcaption><\/figure><\/a><!--end av-masonry entry--><\/div><\/div><\/div>\n\n<style type=\"text\/css\" data-created_by=\"avia_inline_auto\" id=\"style-css-av-jyhtyvi9-12-f13ee616ba9fe1abe5e2f09a40122a04\">\n#top .av_textblock_section.av-jyhtyvi9-12-f13ee616ba9fe1abe5e2f09a40122a04 .avia_textblock{\nfont-size:24px;\n}\n<\/style>\n<section  class='av_textblock_section av-jyhtyvi9-12-f13ee616ba9fe1abe5e2f09a40122a04 '   itemscope=\"itemscope\" itemtype=\"https:\/\/schema.org\/CreativeWork\" ><div class='avia_textblock'  itemprop=\"text\" ><p>\u2022 livre et rencontres<\/p>\n<\/div><\/section>\n\n<style type=\"text\/css\" data-created_by=\"avia_inline_auto\" id=\"style-css-av-r7jg-11-3bcb5feaa1ea2fd0f265f6a37c1cf53e\">\n#top .flex_column.av-r7jg-11-3bcb5feaa1ea2fd0f265f6a37c1cf53e{\nmargin-top:0px;\nmargin-bottom:20px;\n}\n.flex_column.av-r7jg-11-3bcb5feaa1ea2fd0f265f6a37c1cf53e{\nborder-radius:0px 0px 0px 0px;\npadding:0px 0px 0px 0px;\n}\n.responsive #top #wrap_all .flex_column.av-r7jg-11-3bcb5feaa1ea2fd0f265f6a37c1cf53e{\nmargin-top:0px;\nmargin-bottom:20px;\n}\n<\/style>\n<div  class='flex_column av-r7jg-11-3bcb5feaa1ea2fd0f265f6a37c1cf53e av_one_full  avia-builder-el-10  el_after_av_textblock  el_before_av_textblock  first flex_column_div av-zero-column-padding  column-top-margin'     ><div id='grille-ala-une' class='av-masonry av-jxpefprf-10-282a3f29ebf0ab588a2d461825005459 noHover av-fixed-size av-1px-gap av-hover-overlay- av-masonry-animation- av-masonry-col-3 av-caption-on-hover av-caption-style-overlay av-masonry-entries av-medium-columns-overwrite av-medium-columns-2 av-small-columns-overwrite av-small-columns-2 av-mini-columns-overwrite av-mini-columns-1 ' data-post_id=\"10430\"><div class=\"av-masonry-container isotope av-js-disabled\"><div class='av-masonry-entry isotope-item av-masonry-item-no-image '><\/div><a href=\"https:\/\/saisonsculturelleschaumont.fr\/mdxpuixt\/evenement\/lecture-dessinee-demilie-talon-autrice-et-lauriane-miara-illustratrice\/\"  id='av-masonry-4-item-10567' data-av-masonry-item='10567' class='av-masonry-entry isotope-item post-10567 tribe_events type-tribe_events status-publish has-post-thumbnail hentry tag-rencontre tribe_events_cat-livre-et-rencontres  av-masonry-item-with-image' title=\"OLYMPUS DIGITAL CAMERA\"   itemscope=\"itemscope\" itemtype=\"https:\/\/schema.org\/CreativeWork\" ><div class='av-inner-masonry-sizer'><\/div><figure class='av-inner-masonry main_color'><div class=\"av-masonry-outerimage-container\"><div class='av-masonry-image-container' style=\"background-image: url(https:\/\/saisonsculturelleschaumont.fr\/mdxpuixt\/wp-content\/uploads\/2023\/09\/Portrait-copie-scaled-e1698655351107-705x705.jpg);\"  title=\"OLYMPUS DIGITAL CAMERA\"  ><\/div><\/div><figcaption class='av-inner-masonry-content site-background'><div class='av-inner-masonry-content-pos'><div class='av-inner-masonry-content-pos-content'><div class='avia-arrow'><\/div><span class=\"tribe-event-date-start\">4 Nov 2023  15:00<\/span> - <span class=\"tribe-event-time\">16:00<\/span><br><span class=\"tribe-event-categories\">livre et rencontres<\/span><h3 class='av-masonry-entry-title entry-title '  itemprop=\"headline\" >Lecture dessin\u00e9e d\u2019Emilie Talon, autrice et Lauriane Miara, illustratrice<\/h3><\/div><\/div><\/figcaption><\/figure><\/a><!--end av-masonry entry--><a href=\"https:\/\/saisonsculturelleschaumont.fr\/mdxpuixt\/evenement\/rencontre-avec-emilie-talon-moderee-par-sonia-dechamps\/\"  id='av-masonry-4-item-10569' data-av-masonry-item='10569' class='av-masonry-entry isotope-item post-10569 tribe_events type-tribe_events status-publish has-post-thumbnail hentry tag-echanges tag-livres tag-rencontre tribe_events_cat-livre-et-rencontres  av-masonry-item-with-image' title=\"DSC_7913\"   itemscope=\"itemscope\" itemtype=\"https:\/\/schema.org\/CreativeWork\" ><div class='av-inner-masonry-sizer'><\/div><figure class='av-inner-masonry main_color'><div class=\"av-masonry-outerimage-container\"><div class='av-masonry-image-container' style=\"background-image: url(https:\/\/saisonsculturelleschaumont.fr\/mdxpuixt\/wp-content\/uploads\/2023\/09\/DSC_7913-scaled-e1698655404470-705x705.jpg);\"  title=\"DSC_7913\"  ><\/div><\/div><figcaption class='av-inner-masonry-content site-background'><div class='av-inner-masonry-content-pos'><div class='av-inner-masonry-content-pos-content'><div class='avia-arrow'><\/div><span class=\"tribe-event-date-start\">4 Nov 2023  16:30<\/span> - <span class=\"tribe-event-time\">17:30<\/span><br><span class=\"tribe-event-categories\">livre et rencontres<\/span><h3 class='av-masonry-entry-title entry-title '  itemprop=\"headline\" >Rencontre avec Emilie Talon mod\u00e9r\u00e9e par Sonia D\u00e9champs<\/h3><\/div><\/div><\/figcaption><\/figure><\/a><!--end av-masonry entry--><a href=\"https:\/\/saisonsculturelleschaumont.fr\/mdxpuixt\/evenement\/croqualbums-etre-different-une-grande-richesse\/\"  id='av-masonry-4-item-10571' data-av-masonry-item='10571' class='av-masonry-entry isotope-item post-10571 tribe_events type-tribe_events status-publish has-post-thumbnail hentry tag-au-fil-des-ailes tag-jeunesse tag-lecture tribe_events_cat-livre-et-rencontres  av-masonry-item-with-image' title=\"Croq_diversit\u00e9 cr\u00e9dit F Curinier\"   itemscope=\"itemscope\" itemtype=\"https:\/\/schema.org\/CreativeWork\" ><div class='av-inner-masonry-sizer'><\/div><figure class='av-inner-masonry main_color'><div class=\"av-masonry-outerimage-container\"><div class='av-masonry-image-container' style=\"background-image: url(https:\/\/saisonsculturelleschaumont.fr\/mdxpuixt\/wp-content\/uploads\/2023\/09\/Croq_diversite-credit-F-Curinier-scaled-e1698655908926-705x705.jpg);\"  title=\"Croq_diversit\u00e9 cr\u00e9dit F Curinier\"  ><\/div><\/div><figcaption class='av-inner-masonry-content site-background'><div class='av-inner-masonry-content-pos'><div class='av-inner-masonry-content-pos-content'><div class='avia-arrow'><\/div><span class=\"tribe-event-date-start\">18 Nov 2023  10:30<\/span> - <span class=\"tribe-event-time\">11:15<\/span><br><span class=\"tribe-event-categories\">livre et rencontres<\/span><h3 class='av-masonry-entry-title entry-title '  itemprop=\"headline\" >Croqu\u2019albums \u00ab\u00a0Etre diff\u00e9rent, une grande richesse !\u00a0\u00bb<\/h3><\/div><\/div><\/figcaption><\/figure><\/a><!--end av-masonry entry--><a href=\"https:\/\/saisonsculturelleschaumont.fr\/mdxpuixt\/evenement\/degustation-de-patisseries-iraniennes\/\"  id='av-masonry-4-item-10568' data-av-masonry-item='10568' class='av-masonry-entry isotope-item post-10568 tribe_events type-tribe_events status-publish has-post-thumbnail hentry tag-cuisine tribe_events_cat-livre-et-rencontres  av-masonry-item-with-image' title=\"20210808_070834 copie\"   itemscope=\"itemscope\" itemtype=\"https:\/\/schema.org\/CreativeWork\" ><div class='av-inner-masonry-sizer'><\/div><figure class='av-inner-masonry main_color'><div class=\"av-masonry-outerimage-container\"><div class='av-masonry-image-container' style=\"background-image: url(https:\/\/saisonsculturelleschaumont.fr\/mdxpuixt\/wp-content\/uploads\/2023\/09\/20210808_070834-copie-e1698655459508-705x705.jpg);\"  title=\"20210808_070834 copie\"  ><\/div><\/div><figcaption class='av-inner-masonry-content site-background'><div class='av-inner-masonry-content-pos'><div class='av-inner-masonry-content-pos-content'><div class='avia-arrow'><\/div><span class=\"tribe-event-date-start\">4 Nov 2023  16:00<\/span> - <span class=\"tribe-event-time\">18:30<\/span><br><span class=\"tribe-event-categories\">livre et rencontres<\/span><h3 class='av-masonry-entry-title entry-title '  itemprop=\"headline\" >D\u00e9gustation de p\u00e2tisseries iraniennes avec \u00c9milie Talon<\/h3><\/div><\/div><\/figcaption><\/figure><\/a><!--end av-masonry entry--><a href=\"https:\/\/saisonsculturelleschaumont.fr\/mdxpuixt\/evenement\/croqualbums-a-la-rencontre-des-maoris-et-autres-peuples-des-iles\/\"  id='av-masonry-4-item-10559' data-av-masonry-item='10559' class='av-masonry-entry isotope-item post-10559 tribe_events type-tribe_events status-publish has-post-thumbnail hentry tag-diseurs-dhistoires tribe_events_cat-livre-et-rencontres  av-masonry-item-with-image' title=\"Croq_maoris cr\u00e9dit F Curinier_E Petitfour\"   itemscope=\"itemscope\" itemtype=\"https:\/\/schema.org\/CreativeWork\" ><div class='av-inner-masonry-sizer'><\/div><figure class='av-inner-masonry main_color'><div class=\"av-masonry-outerimage-container\"><div class='av-masonry-image-container' style=\"background-image: url(https:\/\/saisonsculturelleschaumont.fr\/mdxpuixt\/wp-content\/uploads\/2023\/09\/Croq_maoris-credit-F-Curinier_E-Petitfour-scaled-e1698307082173-705x705.jpg);\"  title=\"Croq_maoris cr\u00e9dit F Curinier_E Petitfour\"  ><\/div><\/div><figcaption class='av-inner-masonry-content site-background'><div class='av-inner-masonry-content-pos'><div class='av-inner-masonry-content-pos-content'><div class='avia-arrow'><\/div><span class=\"tribe-event-date-start\">18 Oct 2023  16:00<\/span> - <span class=\"tribe-event-time\">16:45<\/span><br><span class=\"tribe-event-categories\">livre et rencontres<\/span><h3 class='av-masonry-entry-title entry-title '  itemprop=\"headline\" >Croqu&rsquo;albums  \u00ab\u00a0\u00c0 la rencontre des maoris et autres peuples des \u00celes\u00a0\u00bb<\/h3><\/div><\/div><\/figcaption><\/figure><\/a><!--end av-masonry entry--><a href=\"https:\/\/saisonsculturelleschaumont.fr\/mdxpuixt\/evenement\/brunch-avec-celine-ripoll-et-toi-cest-quoi-ta-vraie-langue\/\"  id='av-masonry-4-item-10560' data-av-masonry-item='10560' class='av-masonry-entry isotope-item post-10560 tribe_events type-tribe_events status-publish has-post-thumbnail hentry tag-diseurs-dhistoires tribe_events_cat-livre-et-rencontres  av-masonry-item-with-image' title=\"Conf\u00e9rence Et toi c&rsquo;est quoi ta vraie langue\u00a9andres-fernandez\"   itemscope=\"itemscope\" itemtype=\"https:\/\/schema.org\/CreativeWork\" ><div class='av-inner-masonry-sizer'><\/div><figure class='av-inner-masonry main_color'><div class=\"av-masonry-outerimage-container\"><div class='av-masonry-image-container' style=\"background-image: url(https:\/\/saisonsculturelleschaumont.fr\/mdxpuixt\/wp-content\/uploads\/2023\/09\/Conference-Et-toi-cest-quoi-ta-vraie-langue\u00a9andres-fernandez-scaled-e1698655934530-705x705.jpg);\"  title=\"Conf\u00e9rence Et toi c&rsquo;est quoi ta vraie langue\u00a9andres-fernandez\"  ><\/div><\/div><figcaption class='av-inner-masonry-content site-background'><div class='av-inner-masonry-content-pos'><div class='av-inner-masonry-content-pos-content'><div class='avia-arrow'><\/div><span class=\"tribe-event-date-start\">21 Oct 2023  11:00<\/span> - <span class=\"tribe-event-time\">13:00<\/span><br><span class=\"tribe-event-categories\">livre et rencontres<\/span><h3 class='av-masonry-entry-title entry-title '  itemprop=\"headline\" >Brunch avec C\u00e9line Ripoll \u00ab\u00a0Et toi, c&rsquo;est quoi ta vraie langue ?\u00a0\u00bb<\/h3><\/div><\/div><\/figcaption><\/figure><\/a><!--end av-masonry entry--><\/div><a class='av-masonry-pagination av-masonry-load-more' href='#load-more'  data-link='tribe_events_cat, 45'  data-term_rel='IN'  data-wc_prod_visible=''  data-wc_prod_hidden=''  data-wc_prod_featured=''  data-prod_order_by=''  data-prod_order=''  data-date_filter='date_filter'  data-date_filter_start='2023\/08\/31'  data-date_filter_end='2024\/08\/31'  data-date_filter_format='yy\/mm\/dd'  data-period_filter_unit_1=''  data-period_filter_unit_2=''  data-page_element_filter=''  data-sort='no'  data-query_orderby='date'  data-query_order='ASC'  data-caption_elements='title'  data-caption_styling='overlay'  data-caption_display='on-hover'  data-img_copyright=''  data-size='fixed'  data-orientation=''  data-image_size='masonry'  data-gap='1px'  data-columns='3'  data-av-desktop-columns=''  data-av-medium-columns='2'  data-av-small-columns='2'  data-av-mini-columns='1'  data-items='6'  data-paginate='load_more'  data-color='custom'  data-custom_bg=''  data-img_copyright_font=''  data-av-desktop-font-img_copyright_font=''  data-av-medium-font-img_copyright_font=''  data-av-small-font-img_copyright_font=''  data-av-mini-font-img_copyright_font=''  data-img_copyright_color=''  data-img_copyright_bg=''  data-animation=''  data-animation_duration=''  data-animation_custom_bg_color=''  data-animation_custom_bg_color_multi_list=''  data-animation_z_index_curtain='100'  data-overlay_fx=''  data-img_scrset=''  data-lazy_loading='disabled'  data-av-desktop-hide=''  data-av-medium-hide=''  data-av-small-hide=''  data-av-mini-hide=''  data-alb_description=''  data-id='grille-ala-une'  data-custom_class=''  data-template_class=''  data-av_uid='av-jxpefprf-10'  data-sc_version='1.0'  data-ids=''  data-action=''  data-post_type='post, page, attachment, revision, nav_menu_item, custom_css, customize_changeset, oembed_cache, user_request, wp_block, wp_template, wp_template_part, wp_global_styles, wp_navigation, e-landing-page, elementor_library, tribe_event_series, wpcf7_contact_form, tribe_venue, tribe_organizer, tribe_events, tribe-ea-record, deleted_event, spectra-popup, portfolio, avia_framework_post, popupbuilder'  data-offset='0'  data-container_links='active'  data-link_dest=''  data-lightbox_text=''  data-container_class='av-masonry-entries'  data-auto_ratio='1.7'  data-set_breadcrumb='1'  data-custom_markup=''  data-taxonomy='tribe_events_cat'  data-categories='45'  data-avno='99ed80e13c'>Charger plus<\/a><\/div><\/div>\n\n<style type=\"text\/css\" data-created_by=\"avia_inline_auto\" id=\"style-css-av-jyhtyvi9-9-755ed6fea14682cb83f5be4e4de1d36a\">\n#top .av_textblock_section.av-jyhtyvi9-9-755ed6fea14682cb83f5be4e4de1d36a .avia_textblock{\nfont-size:24px;\n}\n<\/style>\n<section  class='av_textblock_section av-jyhtyvi9-9-755ed6fea14682cb83f5be4e4de1d36a '   itemscope=\"itemscope\" itemtype=\"https:\/\/schema.org\/CreativeWork\" ><div class='avia_textblock'  itemprop=\"text\" ><p>\u2022 multidisciplinaire<\/p>\n<\/div><\/section>\n\n<style type=\"text\/css\" data-created_by=\"avia_inline_auto\" id=\"style-css-av-r7jg-8-d802c59567bf944ddc961e431b22a512\">\n#top .flex_column.av-r7jg-8-d802c59567bf944ddc961e431b22a512{\nmargin-top:0px;\nmargin-bottom:20px;\n}\n.flex_column.av-r7jg-8-d802c59567bf944ddc961e431b22a512{\nborder-radius:0px 0px 0px 0px;\npadding:0px 0px 0px 0px;\n}\n.responsive #top #wrap_all .flex_column.av-r7jg-8-d802c59567bf944ddc961e431b22a512{\nmargin-top:0px;\nmargin-bottom:20px;\n}\n<\/style>\n<div  class='flex_column av-r7jg-8-d802c59567bf944ddc961e431b22a512 av_one_full  avia-builder-el-13  el_after_av_textblock  el_before_av_textblock  first flex_column_div av-zero-column-padding  column-top-margin'     ><div id='grille-ala-une' class='av-masonry av-jxpefprf-7-4a3a1d203555bb7547d6a66099885092 noHover av-fixed-size av-1px-gap av-hover-overlay- av-masonry-animation- av-masonry-col-3 av-caption-on-hover av-caption-style-overlay av-masonry-entries av-medium-columns-overwrite av-medium-columns-2 av-small-columns-overwrite av-small-columns-2 av-mini-columns-overwrite av-mini-columns-1 ' data-post_id=\"10430\"><div class=\"av-masonry-container isotope av-js-disabled\"><div class='av-masonry-entry isotope-item av-masonry-item-no-image '><\/div><a href=\"https:\/\/saisonsculturelleschaumont.fr\/mdxpuixt\/evenement\/journees-europeennes-du-patrimoine-5\/\"  id='av-masonry-5-item-10463' data-av-masonry-item='10463' class='av-masonry-entry isotope-item post-10463 tribe_events type-tribe_events status-publish has-post-thumbnail hentry tag-activite tag-atelier tag-concert tag-patrimoine tag-visite tribe_events_cat-multidisciplinaire  av-masonry-item-with-image' title=\"D\u00e9votion Baroque\"   itemscope=\"itemscope\" itemtype=\"https:\/\/schema.org\/CreativeWork\" ><div class='av-inner-masonry-sizer'><\/div><figure class='av-inner-masonry main_color'><div class=\"av-masonry-outerimage-container\"><div class='av-masonry-image-container' style=\"background-image: url(https:\/\/saisonsculturelleschaumont.fr\/mdxpuixt\/wp-content\/uploads\/2022\/09\/Devotion-Baroque-705x470.jpg);\"  title=\"D\u00e9votion Baroque\"  ><\/div><\/div><figcaption class='av-inner-masonry-content site-background'><div class='av-inner-masonry-content-pos'><div class='av-inner-masonry-content-pos-content'><div class='avia-arrow'><\/div><span class=\"tribe-event-date-start\">15 Sep 2023<\/span> - <span class=\"tribe-event-date-end\">17 Sep 2023<\/span><br><span class=\"tribe-event-categories\">multidisciplinaire<\/span><h3 class='av-masonry-entry-title entry-title '  itemprop=\"headline\" >Journ\u00e9es Europ\u00e9ennes du Patrimoine<\/h3><\/div><\/div><\/figcaption><\/figure><\/a><!--end av-masonry entry--><a href=\"https:\/\/saisonsculturelleschaumont.fr\/mdxpuixt\/evenement\/gravitax\/\"  id='av-masonry-5-item-10566' data-av-masonry-item='10566' class='av-masonry-entry isotope-item post-10566 tribe_events type-tribe_events status-publish has-post-thumbnail hentry tag-jeu tribe_events_cat-multidisciplinaire  av-masonry-item-with-image' title=\"gravitrax cr\u00e9dit S Maigniez\"   itemscope=\"itemscope\" itemtype=\"https:\/\/schema.org\/CreativeWork\" ><div class='av-inner-masonry-sizer'><\/div><figure class='av-inner-masonry main_color'><div class=\"av-masonry-outerimage-container\"><div class='av-masonry-image-container' style=\"background-image: url(https:\/\/saisonsculturelleschaumont.fr\/mdxpuixt\/wp-content\/uploads\/2023\/09\/gravitrax-credit-S-Maigniez-scaled-e1698655722972-705x705.jpg);\"  title=\"gravitrax cr\u00e9dit S Maigniez\"  ><\/div><\/div><figcaption class='av-inner-masonry-content site-background'><div class='av-inner-masonry-content-pos'><div class='av-inner-masonry-content-pos-content'><div class='avia-arrow'><\/div><span class=\"tribe-event-date-start\">2 Nov 2023  15:00<\/span> - <span class=\"tribe-event-time\">17:00<\/span><br><span class=\"tribe-event-categories\">multidisciplinaire<\/span><h3 class='av-masonry-entry-title entry-title '  itemprop=\"headline\" >Gravitax<\/h3><\/div><\/div><\/figcaption><\/figure><\/a><!--end av-masonry entry--><a href=\"https:\/\/saisonsculturelleschaumont.fr\/mdxpuixt\/evenement\/performance-tardigrade-experience-avec-patricia-dallio-victor-noel\/\"  id='av-masonry-5-item-10470' data-av-masonry-item='10470' class='av-masonry-entry isotope-item post-10470 tribe_events type-tribe_events status-publish has-post-thumbnail hentry tag-cinema tag-conversation tag-film tag-musique tag-representation tag-sonore tribe_events_cat-multidisciplinaire  av-masonry-item-with-image' title=\"Patricia et Victor 2 copie\"   itemscope=\"itemscope\" itemtype=\"https:\/\/schema.org\/CreativeWork\" ><div class='av-inner-masonry-sizer'><\/div><figure class='av-inner-masonry main_color'><div class=\"av-masonry-outerimage-container\"><div class='av-masonry-image-container' style=\"background-image: url(https:\/\/saisonsculturelleschaumont.fr\/mdxpuixt\/wp-content\/uploads\/2023\/09\/Patricia-et-Victor-2-copie-705x705.jpg);\"  title=\"Patricia et Victor 2 copie\"  ><\/div><\/div><figcaption class='av-inner-masonry-content site-background'><div class='av-inner-masonry-content-pos'><div class='av-inner-masonry-content-pos-content'><div class='avia-arrow'><\/div><span class=\"tribe-event-date-start\">9 Nov 2023  20:00<\/span> - <span class=\"tribe-event-time\">23:00<\/span><br><span class=\"tribe-event-categories\">multidisciplinaire<\/span><h3 class='av-masonry-entry-title entry-title '  itemprop=\"headline\" >Tardigrade Exp\u00e9rience &#8211; Conversation sonore avec Patricia Dallio &amp; Victor No\u00ebl<\/h3><\/div><\/div><\/figcaption><\/figure><\/a><!--end av-masonry entry--><a href=\"https:\/\/saisonsculturelleschaumont.fr\/mdxpuixt\/evenement\/croqualbums-hallowween\/\"  id='av-masonry-5-item-10563' data-av-masonry-item='10563' class='av-masonry-entry isotope-item post-10563 tribe_events type-tribe_events status-publish has-post-thumbnail hentry tag-lecture tribe_events_cat-multidisciplinaire  av-masonry-item-with-image' title=\"Croqu&rsquo;album_halloween_1\"   itemscope=\"itemscope\" itemtype=\"https:\/\/schema.org\/CreativeWork\" ><div class='av-inner-masonry-sizer'><\/div><figure class='av-inner-masonry main_color'><div class=\"av-masonry-outerimage-container\"><div class='av-masonry-image-container' style=\"background-image: url(https:\/\/saisonsculturelleschaumont.fr\/mdxpuixt\/wp-content\/uploads\/2023\/09\/Croqualbum_halloween_1-scaled-e1698655867612-705x705.jpg);\"  title=\"Croqu&rsquo;album_halloween_1\"  ><\/div><\/div><figcaption class='av-inner-masonry-content site-background'><div class='av-inner-masonry-content-pos'><div class='av-inner-masonry-content-pos-content'><div class='avia-arrow'><\/div><span class=\"tribe-event-date-start\">25 Oct 2023  16:00<\/span> - <span class=\"tribe-event-time\">16:45<\/span><br><span class=\"tribe-event-categories\">multidisciplinaire<\/span><h3 class='av-masonry-entry-title entry-title '  itemprop=\"headline\" >Croqu&rsquo;albums  \u00ab\u00a0Hallowween\u00a0\u00bb<\/h3><\/div><\/div><\/figcaption><\/figure><\/a><!--end av-masonry entry--><a href=\"https:\/\/saisonsculturelleschaumont.fr\/mdxpuixt\/evenement\/realite-virtuelle-resident-evil-4\/\"  id='av-masonry-5-item-10564' data-av-masonry-item='10564' class='av-masonry-entry isotope-item post-10564 tribe_events type-tribe_events status-publish has-post-thumbnail hentry tag-jeu tribe_events_cat-multidisciplinaire  av-masonry-item-with-image' title=\"R\u00e9alit\u00e9 virtuelle cr\u00e9dit Q Auch\u00e8re\"   itemscope=\"itemscope\" itemtype=\"https:\/\/schema.org\/CreativeWork\" ><div class='av-inner-masonry-sizer'><\/div><figure class='av-inner-masonry main_color'><div class=\"av-masonry-outerimage-container\"><div class='av-masonry-image-container' style=\"background-image: url(https:\/\/saisonsculturelleschaumont.fr\/mdxpuixt\/wp-content\/uploads\/2023\/09\/Realite-virtuelle-credit-Q-Auchere-e1698655549448-705x705.jpg);\"  title=\"R\u00e9alit\u00e9 virtuelle cr\u00e9dit Q Auch\u00e8re\"  ><\/div><\/div><figcaption class='av-inner-masonry-content site-background'><div class='av-inner-masonry-content-pos'><div class='av-inner-masonry-content-pos-content'><div class='avia-arrow'><\/div><span class=\"tribe-event-date-start\">25 Oct 2023  10:00<\/span> - <span class=\"tribe-event-time\">18:00<\/span><br><span class=\"tribe-event-categories\">multidisciplinaire<\/span><h3 class='av-masonry-entry-title entry-title '  itemprop=\"headline\" >R\u00e9alit\u00e9 virtuelle \u00ab\u00a0R\u00e9sident Evil 4\u00a0\u00bb<\/h3><\/div><\/div><\/figcaption><\/figure><\/a><!--end av-masonry entry--><a href=\"https:\/\/saisonsculturelleschaumont.fr\/mdxpuixt\/evenement\/atelier-danse-haka-avec-celine-ripoll\/\"  id='av-masonry-5-item-10562' data-av-masonry-item='10562' class='av-masonry-entry isotope-item post-10562 tribe_events type-tribe_events status-publish has-post-thumbnail hentry tag-diseurs-dhistoires tribe_events_cat-livre-et-rencontres tribe_events_cat-multidisciplinaire  av-masonry-item-with-image' title=\"OLYMPUS DIGITAL CAMERA\"   itemscope=\"itemscope\" itemtype=\"https:\/\/schema.org\/CreativeWork\" ><div class='av-inner-masonry-sizer'><\/div><figure class='av-inner-masonry main_color'><div class=\"av-masonry-outerimage-container\"><div class='av-masonry-image-container' style=\"background-image: url(https:\/\/saisonsculturelleschaumont.fr\/mdxpuixt\/wp-content\/uploads\/2023\/09\/Atelier-haka-credit-CelineRipoll-scaled-e1698655981151-705x705.jpg);\"  title=\"OLYMPUS DIGITAL CAMERA\"  ><\/div><\/div><figcaption class='av-inner-masonry-content site-background'><div class='av-inner-masonry-content-pos'><div class='av-inner-masonry-content-pos-content'><div class='avia-arrow'><\/div><span class=\"tribe-event-date-start\">21 Oct 2023  17:30<\/span> - <span class=\"tribe-event-time\">18:30<\/span><br><span class=\"tribe-event-categories\">livre et rencontres<\/span><h3 class='av-masonry-entry-title entry-title '  itemprop=\"headline\" >Atelier danse haka avec C\u00e9line Ripoll<\/h3><\/div><\/div><\/figcaption><\/figure><\/a><!--end av-masonry entry--><\/div><a class='av-masonry-pagination av-masonry-load-more' href='#load-more'  data-link='tribe_events_cat, 111'  data-term_rel='IN'  data-wc_prod_visible=''  data-wc_prod_hidden=''  data-wc_prod_featured=''  data-prod_order_by=''  data-prod_order=''  data-date_filter='date_filter'  data-date_filter_start='2023\/08\/31'  data-date_filter_end='2024\/08\/31'  data-date_filter_format='yy\/mm\/dd'  data-period_filter_unit_1=''  data-period_filter_unit_2=''  data-page_element_filter=''  data-sort='no'  data-query_orderby='date'  data-query_order='ASC'  data-caption_elements='title'  data-caption_styling='overlay'  data-caption_display='on-hover'  data-img_copyright=''  data-size='fixed'  data-orientation=''  data-image_size='masonry'  data-gap='1px'  data-columns='3'  data-av-desktop-columns=''  data-av-medium-columns='2'  data-av-small-columns='2'  data-av-mini-columns='1'  data-items='6'  data-paginate='load_more'  data-color='custom'  data-custom_bg=''  data-img_copyright_font=''  data-av-desktop-font-img_copyright_font=''  data-av-medium-font-img_copyright_font=''  data-av-small-font-img_copyright_font=''  data-av-mini-font-img_copyright_font=''  data-img_copyright_color=''  data-img_copyright_bg=''  data-animation=''  data-animation_duration=''  data-animation_custom_bg_color=''  data-animation_custom_bg_color_multi_list=''  data-animation_z_index_curtain='100'  data-overlay_fx=''  data-img_scrset=''  data-lazy_loading='disabled'  data-av-desktop-hide=''  data-av-medium-hide=''  data-av-small-hide=''  data-av-mini-hide=''  data-alb_description=''  data-id='grille-ala-une'  data-custom_class=''  data-template_class=''  data-av_uid='av-jxpefprf-7'  data-sc_version='1.0'  data-ids=''  data-action=''  data-post_type='post, page, attachment, revision, nav_menu_item, custom_css, customize_changeset, oembed_cache, user_request, wp_block, wp_template, wp_template_part, wp_global_styles, wp_navigation, e-landing-page, elementor_library, tribe_event_series, wpcf7_contact_form, tribe_venue, tribe_organizer, tribe_events, tribe-ea-record, deleted_event, spectra-popup, portfolio, avia_framework_post, popupbuilder'  data-offset='0'  data-container_links='active'  data-link_dest=''  data-lightbox_text=''  data-container_class='av-masonry-entries'  data-auto_ratio='1.7'  data-set_breadcrumb='1'  data-custom_markup=''  data-taxonomy='tribe_events_cat'  data-categories='111'  data-avno='99ed80e13c'>Charger plus<\/a><\/div><\/div>\n\n<style type=\"text\/css\" data-created_by=\"avia_inline_auto\" id=\"style-css-av-jyhtyvi9-6-5c802f0433ea4fa4fd95eb967858c6ef\">\n#top .av_textblock_section.av-jyhtyvi9-6-5c802f0433ea4fa4fd95eb967858c6ef .avia_textblock{\nfont-size:24px;\n}\n<\/style>\n<section  class='av_textblock_section av-jyhtyvi9-6-5c802f0433ea4fa4fd95eb967858c6ef '   itemscope=\"itemscope\" itemtype=\"https:\/\/schema.org\/CreativeWork\" ><div class='avia_textblock'  itemprop=\"text\" ><p>\u2022 musique<\/p>\n<\/div><\/section>\n\n<style type=\"text\/css\" data-created_by=\"avia_inline_auto\" id=\"style-css-av-r7jg-5-880b5dca5fa94ee87f68396aa6cb740b\">\n#top .flex_column.av-r7jg-5-880b5dca5fa94ee87f68396aa6cb740b{\nmargin-top:0px;\nmargin-bottom:20px;\n}\n.flex_column.av-r7jg-5-880b5dca5fa94ee87f68396aa6cb740b{\nborder-radius:0px 0px 0px 0px;\npadding:0px 0px 0px 0px;\n}\n.responsive #top #wrap_all .flex_column.av-r7jg-5-880b5dca5fa94ee87f68396aa6cb740b{\nmargin-top:0px;\nmargin-bottom:20px;\n}\n<\/style>\n<div  class='flex_column av-r7jg-5-880b5dca5fa94ee87f68396aa6cb740b av_one_full  avia-builder-el-16  el_after_av_textblock  el_before_av_textblock  first flex_column_div av-zero-column-padding  column-top-margin'     ><div id='av-masonry-6' class='av-masonry av-jxpefprf-4-97d85812674d7a3aa077efed93883f51 noHover av-fixed-size av-1px-gap av-hover-overlay- av-masonry-animation- av-masonry-col-3 av-caption-on-hover av-caption-style-overlay av-masonry-entries av-medium-columns-overwrite av-medium-columns-2 av-small-columns-overwrite av-small-columns-2 av-mini-columns-overwrite av-mini-columns-1 ' data-post_id=\"10430\"><div class=\"av-masonry-container isotope av-js-disabled\"><div class='av-masonry-entry isotope-item av-masonry-item-no-image '><\/div><a href=\"https:\/\/saisonsculturelleschaumont.fr\/mdxpuixt\/evenement\/concert-du-duo-aujon\/\"  id='av-masonry-6-item-10467' data-av-masonry-item='10467' class='av-masonry-entry isotope-item post-10467 tribe_events type-tribe_events status-publish has-post-thumbnail hentry tag-concert tag-jazz-fusion tag-jep tag-plein-air tribe_events_cat-musique  av-masonry-item-with-image' title=\"AUJON &#8211; FORGE &#8211; Credit Philippe Chardon\"   itemscope=\"itemscope\" itemtype=\"https:\/\/schema.org\/CreativeWork\" ><div class='av-inner-masonry-sizer'><\/div><figure class='av-inner-masonry main_color'><div class=\"av-masonry-outerimage-container\"><div class='av-masonry-image-container' style=\"background-image: url(https:\/\/saisonsculturelleschaumont.fr\/mdxpuixt\/wp-content\/uploads\/2023\/09\/AUJON-FORGE-Credit-Philippe-Chardon-705x470.jpg);\"  title=\"AUJON &#8211; FORGE &#8211; Credit Philippe Chardon\"  ><\/div><\/div><figcaption class='av-inner-masonry-content site-background'><div class='av-inner-masonry-content-pos'><div class='av-inner-masonry-content-pos-content'><div class='avia-arrow'><\/div><span class=\"tribe-event-date-start\">17 Sep 2023  18:00<\/span> - <span class=\"tribe-event-time\">19:00<\/span><br><span class=\"tribe-event-categories\">musique<\/span><h3 class='av-masonry-entry-title entry-title '  itemprop=\"headline\" >Concert du duo Aujon<\/h3><\/div><\/div><\/figcaption><\/figure><\/a><!--end av-masonry entry--><a href=\"https:\/\/saisonsculturelleschaumont.fr\/mdxpuixt\/evenement\/concert-de-79-rs-gang-agoro\/\"  id='av-masonry-6-item-10468' data-av-masonry-item='10468' class='av-masonry-entry isotope-item post-10468 tribe_events type-tribe_events status-publish has-post-thumbnail hentry tag-concert tag-musique tag-partenariat tag-rap tribe_events_cat-musique  av-masonry-item-with-image' title=\"Big Chief Jermaine Bossier_7th Ward Creole Hunters 2\"   itemscope=\"itemscope\" itemtype=\"https:\/\/schema.org\/CreativeWork\" ><div class='av-inner-masonry-sizer'><\/div><figure class='av-inner-masonry main_color'><div class=\"av-masonry-outerimage-container\"><div class='av-masonry-image-container' style=\"background-image: url(https:\/\/saisonsculturelleschaumont.fr\/mdxpuixt\/wp-content\/uploads\/2023\/09\/Big-Chief-Jermaine-Bossier_7th-Ward-Creole-Hunters-2-705x705.jpg);\"  title=\"Big Chief Jermaine Bossier_7th Ward Creole Hunters 2\"  ><\/div><\/div><figcaption class='av-inner-masonry-content site-background'><div class='av-inner-masonry-content-pos'><div class='av-inner-masonry-content-pos-content'><div class='avia-arrow'><\/div><span class=\"tribe-event-date-start\">19 Oct 2023  21:00<\/span> - <span class=\"tribe-event-time\">23:59<\/span><br><span class=\"tribe-event-categories\">musique<\/span><h3 class='av-masonry-entry-title entry-title '  itemprop=\"headline\" >Concert de 79 rs Gang &amp; Agoro<\/h3><\/div><\/div><\/figcaption><\/figure><\/a><!--end av-masonry entry--><a href=\"https:\/\/saisonsculturelleschaumont.fr\/mdxpuixt\/evenement\/eleves-en-scene-5\/\"  id='av-masonry-6-item-10603' data-av-masonry-item='10603' class='av-masonry-entry isotope-item post-10603 tribe_events type-tribe_events status-publish has-post-thumbnail hentry tag-concert tag-musique tribe_events_cat-musique tribe_events_cat-musiques  av-masonry-item-with-image' title=\"DSC_3500\"   itemscope=\"itemscope\" itemtype=\"https:\/\/schema.org\/CreativeWork\" ><div class='av-inner-masonry-sizer'><\/div><figure class='av-inner-masonry main_color'><div class=\"av-masonry-outerimage-container\"><div class='av-masonry-image-container' style=\"background-image: url(https:\/\/saisonsculturelleschaumont.fr\/mdxpuixt\/wp-content\/uploads\/2022\/01\/DSC_3500-705x470.jpg);\"  title=\"DSC_3500\"  ><\/div><\/div><figcaption class='av-inner-masonry-content site-background'><div class='av-inner-masonry-content-pos'><div class='av-inner-masonry-content-pos-content'><div class='avia-arrow'><\/div><span class=\"tribe-event-date-start\">18 Oct 2023  18:30<\/span> - <span class=\"tribe-event-time\">19:30<\/span><br><span class=\"tribe-event-categories\">musique<\/span><h3 class='av-masonry-entry-title entry-title '  itemprop=\"headline\" >El\u00e8ves en sc\u00e8ne<\/h3><\/div><\/div><\/figcaption><\/figure><\/a><!--end av-masonry entry--><a href=\"https:\/\/saisonsculturelleschaumont.fr\/mdxpuixt\/evenement\/heure-musicale-7\/\"  id='av-masonry-6-item-10605' data-av-masonry-item='10605' class='av-masonry-entry isotope-item post-10605 tribe_events type-tribe_events status-publish has-post-thumbnail hentry tag-concert tribe_events_cat-musique tribe_events_cat-musiques  av-masonry-item-with-image' title=\"DSC_0274\"   itemscope=\"itemscope\" itemtype=\"https:\/\/schema.org\/CreativeWork\" ><div class='av-inner-masonry-sizer'><\/div><figure class='av-inner-masonry main_color'><div class=\"av-masonry-outerimage-container\"><div class='av-masonry-image-container' style=\"background-image: url(https:\/\/saisonsculturelleschaumont.fr\/mdxpuixt\/wp-content\/uploads\/2023\/04\/DSC_0274-705x471.jpg);\"  title=\"DSC_0274\"  ><\/div><\/div><figcaption class='av-inner-masonry-content site-background'><div class='av-inner-masonry-content-pos'><div class='av-inner-masonry-content-pos-content'><div class='avia-arrow'><\/div><span class=\"tribe-event-date-start\">19 D\u00e9c 2023  19:00<\/span> - <span class=\"tribe-event-time\">20:00<\/span><br><span class=\"tribe-event-categories\">musique<\/span><h3 class='av-masonry-entry-title entry-title '  itemprop=\"headline\" >Heure Musicale<\/h3><\/div><\/div><\/figcaption><\/figure><\/a><!--end av-masonry entry--><a href=\"https:\/\/saisonsculturelleschaumont.fr\/mdxpuixt\/evenement\/eleves-en-scene-4\/\"  id='av-masonry-6-item-10604' data-av-masonry-item='10604' class='av-masonry-entry isotope-item post-10604 tribe_events type-tribe_events status-publish has-post-thumbnail hentry tag-concert tribe_events_cat-musique tribe_events_cat-musiques  av-masonry-item-with-image' title=\"DSC_8966\"   itemscope=\"itemscope\" itemtype=\"https:\/\/schema.org\/CreativeWork\" ><div class='av-inner-masonry-sizer'><\/div><figure class='av-inner-masonry main_color'><div class=\"av-masonry-outerimage-container\"><div class='av-masonry-image-container' style=\"background-image: url(https:\/\/saisonsculturelleschaumont.fr\/mdxpuixt\/wp-content\/uploads\/2023\/01\/DSC_8966-705x471.jpg);\"  title=\"DSC_8966\"  ><\/div><\/div><figcaption class='av-inner-masonry-content site-background'><div class='av-inner-masonry-content-pos'><div class='av-inner-masonry-content-pos-content'><div class='avia-arrow'><\/div><span class=\"tribe-event-date-start\">30 Nov 2023  18:30<\/span> - <span class=\"tribe-event-time\">19:30<\/span><br><span class=\"tribe-event-categories\">musique<\/span><h3 class='av-masonry-entry-title entry-title '  itemprop=\"headline\" >El\u00e8ves en sc\u00e8ne<\/h3><\/div><\/div><\/figcaption><\/figure><\/a><!--end av-masonry entry--><a href=\"https:\/\/saisonsculturelleschaumont.fr\/mdxpuixt\/evenement\/beatles-baroque\/\"  id='av-masonry-6-item-10795' data-av-masonry-item='10795' class='av-masonry-entry isotope-item post-10795 tribe_events type-tribe_events status-publish has-post-thumbnail hentry tag-concert tag-musique-classique tribe_events_cat-musique tribe_events_cat-musiques  av-masonry-item-with-image' title=\"369604000_696386579172149_2677637359606429343_n\"   itemscope=\"itemscope\" itemtype=\"https:\/\/schema.org\/CreativeWork\" ><div class='av-inner-masonry-sizer'><\/div><figure class='av-inner-masonry main_color'><div class=\"av-masonry-outerimage-container\"><div class='av-masonry-image-container' style=\"background-image: url(https:\/\/saisonsculturelleschaumont.fr\/mdxpuixt\/wp-content\/uploads\/2023\/10\/369604000_696386579172149_2677637359606429343_n-705x470.jpg);\"  title=\"369604000_696386579172149_2677637359606429343_n\"  ><\/div><\/div><figcaption class='av-inner-masonry-content site-background'><div class='av-inner-masonry-content-pos'><div class='av-inner-masonry-content-pos-content'><div class='avia-arrow'><\/div><span class=\"tribe-event-date-start\">17 Nov 2023  20:30<\/span> - <span class=\"tribe-event-time\">22:30<\/span><br><span class=\"tribe-event-categories\">musique<\/span><h3 class='av-masonry-entry-title entry-title '  itemprop=\"headline\" >Beatles Baroque<\/h3><\/div><\/div><\/figcaption><\/figure><\/a><!--end av-masonry entry--><\/div><a class='av-masonry-pagination av-masonry-load-more' href='#load-more'  data-link='tribe_events_cat, 305'  data-term_rel='IN'  data-wc_prod_visible=''  data-wc_prod_hidden=''  data-wc_prod_featured=''  data-prod_order_by=''  data-prod_order=''  data-date_filter='date_filter'  data-date_filter_start='2023\/08\/31'  data-date_filter_end='2024\/08\/31'  data-date_filter_format='yy\/mm\/dd'  data-period_filter_unit_1=''  data-period_filter_unit_2=''  data-page_element_filter=''  data-sort='no'  data-query_orderby='date'  data-query_order='ASC'  data-caption_elements='title'  data-caption_styling='overlay'  data-caption_display='on-hover'  data-img_copyright=''  data-size='fixed'  data-orientation=''  data-image_size='masonry'  data-gap='1px'  data-columns='3'  data-av-desktop-columns=''  data-av-medium-columns='2'  data-av-small-columns='2'  data-av-mini-columns='1'  data-items='6'  data-paginate='load_more'  data-color='custom'  data-custom_bg=''  data-img_copyright_font=''  data-av-desktop-font-img_copyright_font=''  data-av-medium-font-img_copyright_font=''  data-av-small-font-img_copyright_font=''  data-av-mini-font-img_copyright_font=''  data-img_copyright_color=''  data-img_copyright_bg=''  data-animation=''  data-animation_duration=''  data-animation_custom_bg_color=''  data-animation_custom_bg_color_multi_list=''  data-animation_z_index_curtain='100'  data-overlay_fx=''  data-img_scrset=''  data-lazy_loading='disabled'  data-av-desktop-hide=''  data-av-medium-hide=''  data-av-small-hide=''  data-av-mini-hide=''  data-alb_description=''  data-id=''  data-custom_class=''  data-template_class=''  data-av_uid='av-jxpefprf-4'  data-sc_version='1.0'  data-ids=''  data-action=''  data-post_type='post, page, attachment, revision, nav_menu_item, custom_css, customize_changeset, oembed_cache, user_request, wp_block, wp_template, wp_template_part, wp_global_styles, wp_navigation, e-landing-page, elementor_library, tribe_event_series, wpcf7_contact_form, tribe_venue, tribe_organizer, tribe_events, tribe-ea-record, deleted_event, spectra-popup, portfolio, avia_framework_post, popupbuilder'  data-offset='0'  data-container_links='active'  data-link_dest=''  data-lightbox_text=''  data-container_class='av-masonry-entries'  data-auto_ratio='1.7'  data-set_breadcrumb='1'  data-custom_markup=''  data-taxonomy='tribe_events_cat'  data-categories='305'  data-avno='99ed80e13c'>Charger plus<\/a><\/div><\/div>\n\n<style type=\"text\/css\" data-created_by=\"avia_inline_auto\" id=\"style-css-av-jyhtyvi9-3-a4f61fca87c0a8ab077ea270b3a85439\">\n#top .av_textblock_section.av-jyhtyvi9-3-a4f61fca87c0a8ab077ea270b3a85439 .avia_textblock{\nfont-size:24px;\n}\n<\/style>\n<section  class='av_textblock_section av-jyhtyvi9-3-a4f61fca87c0a8ab077ea270b3a85439 '   itemscope=\"itemscope\" itemtype=\"https:\/\/schema.org\/CreativeWork\" ><div class='avia_textblock'  itemprop=\"text\" ><p>\u2022 spectacle vivant<\/p>\n<\/div><\/section>\n\n<style type=\"text\/css\" data-created_by=\"avia_inline_auto\" id=\"style-css-av-r7jg-2-82cdd8a84472d9cfff1f858890533058\">\n#top .flex_column.av-r7jg-2-82cdd8a84472d9cfff1f858890533058{\nmargin-top:0px;\nmargin-bottom:20px;\n}\n.flex_column.av-r7jg-2-82cdd8a84472d9cfff1f858890533058{\nborder-radius:0px 0px 0px 0px;\npadding:0px 0px 0px 0px;\n}\n.responsive #top #wrap_all .flex_column.av-r7jg-2-82cdd8a84472d9cfff1f858890533058{\nmargin-top:0px;\nmargin-bottom:20px;\n}\n<\/style>\n<div  class='flex_column av-r7jg-2-82cdd8a84472d9cfff1f858890533058 av_one_full  avia-builder-el-19  el_after_av_textblock  avia-builder-el-last  first flex_column_div av-zero-column-padding  column-top-margin'     ><div id='grille-ala-une' class='av-masonry av-jxpefprf-1-003581d4fefb0143b84f9e5090520f3b noHover av-fixed-size av-1px-gap av-hover-overlay- av-masonry-animation- av-masonry-col-3 av-caption-on-hover av-caption-style-overlay av-masonry-entries av-medium-columns-overwrite av-medium-columns-2 av-small-columns-overwrite av-small-columns-2 av-mini-columns-overwrite av-mini-columns-1 ' data-post_id=\"10430\"><div class=\"av-masonry-container isotope av-js-disabled\"><div class='av-masonry-entry isotope-item av-masonry-item-no-image '><\/div><a href=\"https:\/\/saisonsculturelleschaumont.fr\/mdxpuixt\/evenement\/touche-aire-de-jeux-2\/\"  id='av-masonry-7-item-10708' data-av-masonry-item='10708' class='av-masonry-entry isotope-item post-10708 tribe_events type-tribe_events status-publish has-post-thumbnail hentry tag-musique tag-spectacle tribe_events_cat-spectacle-vivant  av-masonry-item-with-image' title=\"21-10-touche-filage-michel-grasso-v2-33-1200x\"   itemscope=\"itemscope\" itemtype=\"https:\/\/schema.org\/CreativeWork\" ><div class='av-inner-masonry-sizer'><\/div><figure class='av-inner-masonry main_color'><div class=\"av-masonry-outerimage-container\"><div class='av-masonry-image-container' style=\"background-image: url(https:\/\/saisonsculturelleschaumont.fr\/mdxpuixt\/wp-content\/uploads\/2023\/10\/21-10-touche-filage-michel-grasso-v2-33-1200x-e1698655262829-705x705.jpg);\"  title=\"21-10-touche-filage-michel-grasso-v2-33-1200x\"  ><\/div><\/div><figcaption class='av-inner-masonry-content site-background'><div class='av-inner-masonry-content-pos'><div class='av-inner-masonry-content-pos-content'><div class='avia-arrow'><\/div><span class=\"tribe-event-date-start\">8 Nov 2023  10:30<\/span> - <span class=\"tribe-event-time\">11:15<\/span><br><span class=\"tribe-event-categories\">spectacle vivant<\/span><h3 class='av-masonry-entry-title entry-title '  itemprop=\"headline\" >TOUCHE Aire de jeu(x)<\/h3><\/div><\/div><\/figcaption><\/figure><\/a><!--end av-masonry entry--><a href=\"https:\/\/saisonsculturelleschaumont.fr\/mdxpuixt\/evenement\/sage-comme-singe\/\"  id='av-masonry-7-item-10703' data-av-masonry-item='10703' class='av-masonry-entry isotope-item post-10703 tribe_events type-tribe_events status-publish has-post-thumbnail hentry tag-musique tag-spectacle tribe_events_cat-spectacle-vivant  av-masonry-item-with-image' title=\"SAGE COMME SINGE 1 (c) Alessandro Clemenza HD\"   itemscope=\"itemscope\" itemtype=\"https:\/\/schema.org\/CreativeWork\" ><div class='av-inner-masonry-sizer'><\/div><figure class='av-inner-masonry main_color'><div class=\"av-masonry-outerimage-container\"><div class='av-masonry-image-container' style=\"background-image: url(https:\/\/saisonsculturelleschaumont.fr\/mdxpuixt\/wp-content\/uploads\/2023\/10\/SAGE-COMME-SINGE-1-c-Alessandro-Clemenza-HD--e1698655225231-705x705.jpg);\"  title=\"SAGE COMME SINGE 1 (c) Alessandro Clemenza HD\"  ><\/div><\/div><figcaption class='av-inner-masonry-content site-background'><div class='av-inner-masonry-content-pos'><div class='av-inner-masonry-content-pos-content'><div class='avia-arrow'><\/div><span class=\"tribe-event-date-start\">9 Nov 2023  18:30<\/span> - <span class=\"tribe-event-time\">19:30<\/span><br><span class=\"tribe-event-categories\">spectacle vivant<\/span><h3 class='av-masonry-entry-title entry-title '  itemprop=\"headline\" >Sage comme singe<\/h3><\/div><\/div><\/figcaption><\/figure><\/a><!--end av-masonry entry--><a href=\"https:\/\/saisonsculturelleschaumont.fr\/mdxpuixt\/evenement\/10711\/\"  id='av-masonry-7-item-10711' data-av-masonry-item='10711' class='av-masonry-entry isotope-item post-10711 tribe_events type-tribe_events status-publish has-post-thumbnail hentry tag-spectacle tag-theatre tribe_events_cat-spectacle-vivant  av-masonry-item-with-image' title=\"lm01-1600x\"   itemscope=\"itemscope\" itemtype=\"https:\/\/schema.org\/CreativeWork\" ><div class='av-inner-masonry-sizer'><\/div><figure class='av-inner-masonry main_color'><div class=\"av-masonry-outerimage-container\"><div class='av-masonry-image-container' style=\"background-image: url(https:\/\/saisonsculturelleschaumont.fr\/mdxpuixt\/wp-content\/uploads\/2023\/10\/lm01-1600x-e1698655194508-705x705.jpg);\"  title=\"lm01-1600x\"  ><\/div><\/div><figcaption class='av-inner-masonry-content site-background'><div class='av-inner-masonry-content-pos'><div class='av-inner-masonry-content-pos-content'><div class='avia-arrow'><\/div><span class=\"tribe-event-date-start\">16 Nov 2023  20:30<\/span> - <span class=\"tribe-event-time\">21:30<\/span><br><span class=\"tribe-event-categories\">spectacle vivant<\/span><h3 class='av-masonry-entry-title entry-title '  itemprop=\"headline\" >Maryvonne<\/h3><\/div><\/div><\/figcaption><\/figure><\/a><!--end av-masonry entry--><a href=\"https:\/\/saisonsculturelleschaumont.fr\/mdxpuixt\/evenement\/ouiiiii\/\"  id='av-masonry-7-item-10716' data-av-masonry-item='10716' class='av-masonry-entry isotope-item post-10716 tribe_events type-tribe_events status-publish has-post-thumbnail hentry tag-spectacle tag-theatre tribe_events_cat-spectacle-vivant  av-masonry-item-with-image' title=\"f28a6470-1600x\"   itemscope=\"itemscope\" itemtype=\"https:\/\/schema.org\/CreativeWork\" ><div class='av-inner-masonry-sizer'><\/div><figure class='av-inner-masonry main_color'><div class=\"av-masonry-outerimage-container\"><div class='av-masonry-image-container' style=\"background-image: url(https:\/\/saisonsculturelleschaumont.fr\/mdxpuixt\/wp-content\/uploads\/2023\/10\/f28a6470-1600x-e1698655166651-705x705.jpg);\"  title=\"f28a6470-1600x\"  ><\/div><\/div><figcaption class='av-inner-masonry-content site-background'><div class='av-inner-masonry-content-pos'><div class='av-inner-masonry-content-pos-content'><div class='avia-arrow'><\/div><span class=\"tribe-event-date-start\">21 Nov 2023  18:30<\/span> - <span class=\"tribe-event-time\">19:30<\/span><br><span class=\"tribe-event-categories\">spectacle vivant<\/span><h3 class='av-masonry-entry-title entry-title '  itemprop=\"headline\" >Ouiiiii !<\/h3><\/div><\/div><\/figcaption><\/figure><\/a><!--end av-masonry entry--><a href=\"https:\/\/saisonsculturelleschaumont.fr\/mdxpuixt\/evenement\/spectacle-aotearoa-terre-des-maoris-avec-celine-ripoll\/\"  id='av-masonry-7-item-10561' data-av-masonry-item='10561' class='av-masonry-entry isotope-item post-10561 tribe_events type-tribe_events status-publish has-post-thumbnail hentry tag-diseurs-dhistoires tribe_events_cat-livre-et-rencontres tribe_events_cat-spectacle-vivant  av-masonry-item-with-image' title=\"OLYMPUS DIGITAL CAMERA\"   itemscope=\"itemscope\" itemtype=\"https:\/\/schema.org\/CreativeWork\" ><div class='av-inner-masonry-sizer'><\/div><figure class='av-inner-masonry main_color'><div class=\"av-masonry-outerimage-container\"><div class='av-masonry-image-container' style=\"background-image: url(https:\/\/saisonsculturelleschaumont.fr\/mdxpuixt\/wp-content\/uploads\/2023\/09\/Spectacle-Aoterea-credit-CelineRipoll-scaled-e1698306625873-705x705.jpg);\"  title=\"OLYMPUS DIGITAL CAMERA\"  ><\/div><\/div><figcaption class='av-inner-masonry-content site-background'><div class='av-inner-masonry-content-pos'><div class='av-inner-masonry-content-pos-content'><div class='avia-arrow'><\/div><span class=\"tribe-event-date-start\">21 Oct 2023  16:00<\/span> - <span class=\"tribe-event-time\">17:00<\/span><br><span class=\"tribe-event-categories\">livre et rencontres<\/span><h3 class='av-masonry-entry-title entry-title '  itemprop=\"headline\" >Spectacle \u00ab\u00a0Aotearoa, terre des Maoris\u00a0\u00bb, avec C\u00e9line Ripoll<\/h3><\/div><\/div><\/figcaption><\/figure><\/a><!--end av-masonry entry--><a href=\"https:\/\/saisonsculturelleschaumont.fr\/mdxpuixt\/evenement\/touche-aire-de-jeux\/\"  id='av-masonry-7-item-10695' data-av-masonry-item='10695' class='av-masonry-entry isotope-item post-10695 tribe_events type-tribe_events status-publish has-post-thumbnail hentry tag-musique tag-spectacle tribe_events_cat-spectacle-vivant  av-masonry-item-with-image' title=\"21-10-touche-filage-michel-grasso-v2-33-1200x\"   itemscope=\"itemscope\" itemtype=\"https:\/\/schema.org\/CreativeWork\" ><div class='av-inner-masonry-sizer'><\/div><figure class='av-inner-masonry main_color'><div class=\"av-masonry-outerimage-container\"><div class='av-masonry-image-container' style=\"background-image: url(https:\/\/saisonsculturelleschaumont.fr\/mdxpuixt\/wp-content\/uploads\/2023\/10\/21-10-touche-filage-michel-grasso-v2-33-1200x-e1698655262829-705x705.jpg);\"  title=\"21-10-touche-filage-michel-grasso-v2-33-1200x\"  ><\/div><\/div><figcaption class='av-inner-masonry-content site-background'><div class='av-inner-masonry-content-pos'><div class='av-inner-masonry-content-pos-content'><div class='avia-arrow'><\/div><span class=\"tribe-event-date-start\">8 Nov 2023  16:30<\/span> - <span class=\"tribe-event-time\">17:15<\/span><br><span class=\"tribe-event-categories\">spectacle vivant<\/span><h3 class='av-masonry-entry-title entry-title '  itemprop=\"headline\" >TOUCHE Aire de jeu(x)<\/h3><\/div><\/div><\/figcaption><\/figure><\/a><!--end av-masonry entry--><\/div><a class='av-masonry-pagination av-masonry-load-more' href='#load-more'  data-link='tribe_events_cat, 44'  data-term_rel='IN'  data-wc_prod_visible=''  data-wc_prod_hidden=''  data-wc_prod_featured=''  data-prod_order_by=''  data-prod_order=''  data-date_filter='date_filter'  data-date_filter_start='2023\/08\/31'  data-date_filter_end='2024\/08\/31'  data-date_filter_format='yy\/mm\/dd'  data-period_filter_unit_1=''  data-period_filter_unit_2=''  data-page_element_filter=''  data-sort='no'  data-query_orderby='date'  data-query_order='ASC'  data-caption_elements='title'  data-caption_styling='overlay'  data-caption_display='on-hover'  data-img_copyright=''  data-size='fixed'  data-orientation=''  data-image_size='masonry'  data-gap='1px'  data-columns='3'  data-av-desktop-columns=''  data-av-medium-columns='2'  data-av-small-columns='2'  data-av-mini-columns='1'  data-items='6'  data-paginate='load_more'  data-color='custom'  data-custom_bg=''  data-img_copyright_font=''  data-av-desktop-font-img_copyright_font=''  data-av-medium-font-img_copyright_font=''  data-av-small-font-img_copyright_font=''  data-av-mini-font-img_copyright_font=''  data-img_copyright_color=''  data-img_copyright_bg=''  data-animation=''  data-animation_duration=''  data-animation_custom_bg_color=''  data-animation_custom_bg_color_multi_list=''  data-animation_z_index_curtain='100'  data-overlay_fx=''  data-img_scrset=''  data-lazy_loading='disabled'  data-av-desktop-hide=''  data-av-medium-hide=''  data-av-small-hide=''  data-av-mini-hide=''  data-alb_description=''  data-id='grille-ala-une'  data-custom_class=''  data-template_class=''  data-av_uid='av-jxpefprf-1'  data-sc_version='1.0'  data-ids=''  data-action=''  data-post_type='post, page, attachment, revision, nav_menu_item, custom_css, customize_changeset, oembed_cache, user_request, wp_block, wp_template, wp_template_part, wp_global_styles, wp_navigation, e-landing-page, elementor_library, tribe_event_series, wpcf7_contact_form, tribe_venue, tribe_organizer, tribe_events, tribe-ea-record, deleted_event, spectra-popup, portfolio, avia_framework_post, popupbuilder'  data-offset='0'  data-container_links='active'  data-link_dest=''  data-lightbox_text=''  data-container_class='av-masonry-entries'  data-auto_ratio='1.7'  data-set_breadcrumb='1'  data-custom_markup=''  data-taxonomy='tribe_events_cat'  data-categories='44'  data-avno='99ed80e13c'>Charger plus<\/a><\/div><\/div>\n<\/div>\t\t<\/div>\n\t\t\t\t<\/div>\n\t\t\t\t\t\t<\/div>\n\t\t\t\t\t<\/div>\n\t\t<\/div>\n\t\t\t\t\t\t\t\t<\/div>\n\t\t\t\t\t<\/div>\n\t\t<\/section>\n\t\t\t\t\t\t\t\t\t<\/div>\n\t\t\t<\/div>\n\t\t\t\t\t<\/div>\n\t\t","protected":false},"excerpt":{"rendered":"<p>saison 08 la diversit\u00e9 du vivant Votre journal culturel Au fil des saisons change de format et de graphisme avec la nouvelle identit\u00e9 de la ville et vient s\u2019encarter, toujours [&hellip;]<\/p>\n","protected":false},"author":1,"featured_media":0,"parent":0,"menu_order":0,"comment_status":"closed","ping_status":"closed","template":"","meta":{"_uag_custom_page_level_css":"","footnotes":""},"yoast_head":"<!-- This site is optimized with the Yoast SEO plugin v21.1 - https:\/\/yoast.com\/wordpress\/plugins\/seo\/ -->\n<title>au fil des saisons - Les Saisons Culturelles de Chaumont<\/title>\n<meta name=\"robots\" content=\"noindex, follow, max-snippet:-1, max-image-preview:large, max-video-preview:-1\" \/>\n<meta property=\"og:locale\" content=\"fr_FR\" \/>\n<meta property=\"og:type\" content=\"article\" \/>\n<meta property=\"og:title\" content=\"au fil des saisons - Les Saisons Culturelles de Chaumont\" \/>\n<meta property=\"og:description\" content=\"saison 08 la diversit\u00e9 du vivant Votre journal culturel Au fil des saisons change de format et de graphisme avec la nouvelle identit\u00e9 de la ville et vient s\u2019encarter, toujours [&hellip;]\" \/>\n<meta property=\"og:url\" content=\"https:\/\/saisonsculturelleschaumont.fr\/mdxpuixt\/au-fil-des-saisons\/\" \/>\n<meta property=\"og:site_name\" content=\"Les Saisons Culturelles de Chaumont\" \/>\n<meta property=\"article:publisher\" content=\"https:\/\/www.facebook.com\/saisonsculturelleschaumont\/\" \/>\n<meta property=\"article:modified_time\" content=\"2024-02-05T13:08:27+00:00\" \/>\n<meta property=\"og:image\" content=\"https:\/\/saisonsculturelleschaumont.fr\/mdxpuixt\/wp-content\/uploads\/2023\/09\/affiche_S8_A3-scaled.jpg\" \/>\n<meta name=\"twitter:card\" content=\"summary_large_image\" \/>\n<meta name=\"twitter:label1\" content=\"Dur\u00e9e de lecture estim\u00e9e\" \/>\n\t<meta name=\"twitter:data1\" content=\"8 minutes\" \/>\n<script type=\"application\/ld+json\" class=\"yoast-schema-graph\">{\"@context\":\"https:\/\/schema.org\",\"@graph\":[{\"@type\":\"WebPage\",\"@id\":\"https:\/\/saisonsculturelleschaumont.fr\/mdxpuixt\/au-fil-des-saisons\/\",\"url\":\"https:\/\/saisonsculturelleschaumont.fr\/mdxpuixt\/au-fil-des-saisons\/\",\"name\":\"au fil des saisons - Les Saisons Culturelles de Chaumont\",\"isPartOf\":{\"@id\":\"https:\/\/saisonsculturelleschaumont.fr\/mdxpuixt\/#website\"},\"datePublished\":\"2022-02-22T07:17:35+00:00\",\"dateModified\":\"2024-02-05T13:08:27+00:00\",\"breadcrumb\":{\"@id\":\"https:\/\/saisonsculturelleschaumont.fr\/mdxpuixt\/au-fil-des-saisons\/#breadcrumb\"},\"inLanguage\":\"fr-FR\",\"potentialAction\":[{\"@type\":\"ReadAction\",\"target\":[\"https:\/\/saisonsculturelleschaumont.fr\/mdxpuixt\/au-fil-des-saisons\/\"]}]},{\"@type\":\"BreadcrumbList\",\"@id\":\"https:\/\/saisonsculturelleschaumont.fr\/mdxpuixt\/au-fil-des-saisons\/#breadcrumb\",\"itemListElement\":[{\"@type\":\"ListItem\",\"position\":1,\"name\":\"Accueil\",\"item\":\"https:\/\/saisonsculturelleschaumont.fr\/mdxpuixt\/\"},{\"@type\":\"ListItem\",\"position\":2,\"name\":\"au fil des saisons\"}]},{\"@type\":\"WebSite\",\"@id\":\"https:\/\/saisonsculturelleschaumont.fr\/mdxpuixt\/#website\",\"url\":\"https:\/\/saisonsculturelleschaumont.fr\/mdxpuixt\/\",\"name\":\"Les Saisons Culturelles de Chaumont\",\"description\":\"\",\"potentialAction\":[{\"@type\":\"SearchAction\",\"target\":{\"@type\":\"EntryPoint\",\"urlTemplate\":\"https:\/\/saisonsculturelleschaumont.fr\/mdxpuixt\/?s={search_term_string}\"},\"query-input\":\"required name=search_term_string\"}],\"inLanguage\":\"fr-FR\"}]}<\/script>\n<!-- \/ Yoast SEO plugin. -->","yoast_head_json":{"title":"au fil des saisons - Les Saisons Culturelles de Chaumont","robots":{"index":"noindex","follow":"follow","max-snippet":"max-snippet:-1","max-image-preview":"max-image-preview:large","max-video-preview":"max-video-preview:-1"},"og_locale":"fr_FR","og_type":"article","og_title":"au fil des saisons - Les Saisons Culturelles de Chaumont","og_description":"saison 08 la diversit\u00e9 du vivant Votre journal culturel Au fil des saisons change de format et de graphisme avec la nouvelle identit\u00e9 de la ville et vient s\u2019encarter, toujours [&hellip;]","og_url":"https:\/\/saisonsculturelleschaumont.fr\/mdxpuixt\/au-fil-des-saisons\/","og_site_name":"Les Saisons Culturelles de Chaumont","article_publisher":"https:\/\/www.facebook.com\/saisonsculturelleschaumont\/","article_modified_time":"2024-02-05T13:08:27+00:00","og_image":[{"url":"https:\/\/saisonsculturelleschaumont.fr\/mdxpuixt\/wp-content\/uploads\/2023\/09\/affiche_S8_A3-scaled.jpg"}],"twitter_card":"summary_large_image","twitter_misc":{"Dur\u00e9e de lecture estim\u00e9e":"8 minutes"},"schema":{"@context":"https:\/\/schema.org","@graph":[{"@type":"WebPage","@id":"https:\/\/saisonsculturelleschaumont.fr\/mdxpuixt\/au-fil-des-saisons\/","url":"https:\/\/saisonsculturelleschaumont.fr\/mdxpuixt\/au-fil-des-saisons\/","name":"au fil des saisons - Les Saisons Culturelles de Chaumont","isPartOf":{"@id":"https:\/\/saisonsculturelleschaumont.fr\/mdxpuixt\/#website"},"datePublished":"2022-02-22T07:17:35+00:00","dateModified":"2024-02-05T13:08:27+00:00","breadcrumb":{"@id":"https:\/\/saisonsculturelleschaumont.fr\/mdxpuixt\/au-fil-des-saisons\/#breadcrumb"},"inLanguage":"fr-FR","potentialAction":[{"@type":"ReadAction","target":["https:\/\/saisonsculturelleschaumont.fr\/mdxpuixt\/au-fil-des-saisons\/"]}]},{"@type":"BreadcrumbList","@id":"https:\/\/saisonsculturelleschaumont.fr\/mdxpuixt\/au-fil-des-saisons\/#breadcrumb","itemListElement":[{"@type":"ListItem","position":1,"name":"Accueil","item":"https:\/\/saisonsculturelleschaumont.fr\/mdxpuixt\/"},{"@type":"ListItem","position":2,"name":"au fil des saisons"}]},{"@type":"WebSite","@id":"https:\/\/saisonsculturelleschaumont.fr\/mdxpuixt\/#website","url":"https:\/\/saisonsculturelleschaumont.fr\/mdxpuixt\/","name":"Les Saisons Culturelles de Chaumont","description":"","potentialAction":[{"@type":"SearchAction","target":{"@type":"EntryPoint","urlTemplate":"https:\/\/saisonsculturelleschaumont.fr\/mdxpuixt\/?s={search_term_string}"},"query-input":"required name=search_term_string"}],"inLanguage":"fr-FR"}]}},"uagb_featured_image_src":{"full":false,"thumbnail":false,"medium":false,"medium_large":false,"large":false,"1536x1536":false,"2048x2048":false,"widget":false,"square":false,"featured":false,"featured_large":false,"extra_large":false,"portfolio":false,"portfolio_small":false,"gallery":false,"magazine":false,"masonry":false,"entry_with_sidebar":false,"entry_without_sidebar":false},"uagb_author_info":{"display_name":"danielkolski","author_link":"https:\/\/saisonsculturelleschaumont.fr\/mdxpuixt\/author\/danielkolski\/"},"uagb_comment_info":0,"uagb_excerpt":"saison 08 la diversit\u00e9 du vivant Votre journal culturel Au fil des saisons change de format et de graphisme avec la nouvelle identit\u00e9 de la ville et vient s\u2019encarter, toujours [&hellip;]","_links":{"self":[{"href":"https:\/\/saisonsculturelleschaumont.fr\/mdxpuixt\/wp-json\/wp\/v2\/pages\/8020"}],"collection":[{"href":"https:\/\/saisonsculturelleschaumont.fr\/mdxpuixt\/wp-json\/wp\/v2\/pages"}],"about":[{"href":"https:\/\/saisonsculturelleschaumont.fr\/mdxpuixt\/wp-json\/wp\/v2\/types\/page"}],"author":[{"embeddable":true,"href":"https:\/\/saisonsculturelleschaumont.fr\/mdxpuixt\/wp-json\/wp\/v2\/users\/1"}],"replies":[{"embeddable":true,"href":"https:\/\/saisonsculturelleschaumont.fr\/mdxpuixt\/wp-json\/wp\/v2\/comments?post=8020"}],"version-history":[{"count":0,"href":"https:\/\/saisonsculturelleschaumont.fr\/mdxpuixt\/wp-json\/wp\/v2\/pages\/8020\/revisions"}],"wp:attachment":[{"href":"https:\/\/saisonsculturelleschaumont.fr\/mdxpuixt\/wp-json\/wp\/v2\/media?parent=8020"}],"curies":[{"name":"wp","href":"https:\/\/api.w.org\/{rel}","templated":true}]}}