{"id":8393,"date":"2022-04-04T09:51:16","date_gmt":"2022-04-04T07:51:16","guid":{"rendered":"https:\/\/saisonsculturelleschaumont.fr\/mdxpuixt\/?page_id=8393"},"modified":"2023-09-18T13:39:41","modified_gmt":"2023-09-18T11:39:41","slug":"fete_de_la_musique","status":"publish","type":"page","link":"https:\/\/saisonsculturelleschaumont.fr\/mdxpuixt\/participez\/fete_de_la_musique\/","title":{"rendered":"F\u00eate de la Musique"},"content":{"rendered":"\t\t<div data-elementor-type=\"wp-page\" data-elementor-id=\"8393\" class=\"elementor elementor-8393\">\n\t\t\t\t\t\t<div class=\"elementor-inner\">\n\t\t\t\t<div class=\"elementor-section-wrap\">\n\t\t\t\t\t\t\t\t\t<section class=\"elementor-section elementor-top-section elementor-element elementor-element-2b2c6bcc elementor-section-boxed elementor-section-height-default elementor-section-height-default\" data-id=\"2b2c6bcc\" data-element_type=\"section\">\n\t\t\t\t\t\t<div class=\"elementor-container elementor-column-gap-default\">\n\t\t\t\t\t\t\t<div class=\"elementor-row\">\n\t\t\t\t\t<div class=\"elementor-column elementor-col-100 elementor-top-column elementor-element elementor-element-67228983\" data-id=\"67228983\" data-element_type=\"column\">\n\t\t\t<div class=\"elementor-column-wrap elementor-element-populated\">\n\t\t\t\t\t\t\t<div class=\"elementor-widget-wrap\">\n\t\t\t\t\t\t<div class=\"elementor-element elementor-element-1c5bc3 elementor-widget elementor-widget-text-editor\" data-id=\"1c5bc3\" data-element_type=\"widget\" data-widget_type=\"text-editor.default\">\n\t\t\t\t<div class=\"elementor-widget-container\">\n\t\t\t\t\t\t\t\t<div class=\"elementor-text-editor elementor-clearfix\">\n\t\t\t\t<h2><b>participez \u00e0 la F\u00eate de la\u00a0Musique\u00a0<\/b><\/h2>\t\t\t\t\t<\/div>\n\t\t\t\t\t\t<\/div>\n\t\t\t\t<\/div>\n\t\t\t\t\t\t<\/div>\n\t\t\t\t\t<\/div>\n\t\t<\/div>\n\t\t\t\t\t\t\t\t<\/div>\n\t\t\t\t\t<\/div>\n\t\t<\/section>\n\t\t\t\t<section class=\"elementor-section elementor-top-section elementor-element elementor-element-b23faff elementor-section-boxed elementor-section-height-default elementor-section-height-default\" data-id=\"b23faff\" data-element_type=\"section\">\n\t\t\t\t\t\t<div class=\"elementor-container elementor-column-gap-default\">\n\t\t\t\t\t\t\t<div class=\"elementor-row\">\n\t\t\t\t\t<div class=\"elementor-column elementor-col-100 elementor-top-column elementor-element elementor-element-6f1047f\" data-id=\"6f1047f\" data-element_type=\"column\">\n\t\t\t<div class=\"elementor-column-wrap elementor-element-populated\">\n\t\t\t\t\t\t\t<div class=\"elementor-widget-wrap\">\n\t\t\t\t\t\t<div class=\"elementor-element elementor-element-143ba59 elementor-widget elementor-widget-text-editor\" data-id=\"143ba59\" data-element_type=\"widget\" data-widget_type=\"text-editor.default\">\n\t\t\t\t<div class=\"elementor-widget-container\">\n\t\t\t\t\t\t\t\t<div class=\"elementor-text-editor elementor-clearfix\">\n\t\t\t\t<p><strong>Vous \u00eates un artiste solo ou un groupe de musique, professionnel ou amateur du territoire, et vous r\u00eavez d\u2019exprimer votre talent a\u0300 l\u2019occasion de la Fe\u0302te de la Musique \u00e0 Chaumont qui aura lieu le mercredi 21 juin 2023 ? Compl\u00e9tez vite le formulaire d\u2019inscription\u00a0!\u00a0<\/strong><\/p><h3>attention, il n&rsquo;y a que 3 places de disponible !<\/h3><p>\u00a0<\/p><p style=\"text-align: left;\"><em>\u2192\u00a0Inscription \u00e0 envoyer <strong>avant le 01 mai 2023.<\/strong><\/em><\/p><p style=\"text-align: left;\"><em>\u2192 Remplir cette fiche ne garantit pas une proposition de cr\u00e9neau automatique sur la sc\u00e8ne de l&rsquo;H\u00f4tel de Ville.\u00a0<\/em><\/p><p>\n<div class=\"wpcf7 no-js\" id=\"wpcf7-f8403-o1\" lang=\"fr-FR\" dir=\"ltr\">\n<div class=\"screen-reader-response\"><p role=\"status\" aria-live=\"polite\" aria-atomic=\"true\"><\/p> <ul><\/ul><\/div>\n<form action=\"\/mdxpuixt\/wp-json\/wp\/v2\/pages\/8393#wpcf7-f8403-o1\" method=\"post\" class=\"wpcf7-form init cf7skins cf7t-contact cf7s-default\" aria-label=\"Formulaire de contact\" novalidate=\"novalidate\" data-status=\"init\">\n<div style=\"display: none;\">\n<input type=\"hidden\" name=\"_wpcf7\" value=\"8403\" \/>\n<input type=\"hidden\" name=\"_wpcf7_version\" value=\"5.8\" \/>\n<input type=\"hidden\" name=\"_wpcf7_locale\" value=\"fr_FR\" \/>\n<input type=\"hidden\" name=\"_wpcf7_unit_tag\" value=\"wpcf7-f8403-o1\" \/>\n<input type=\"hidden\" name=\"_wpcf7_container_post\" value=\"0\" \/>\n<input type=\"hidden\" name=\"_wpcf7_posted_data_hash\" value=\"\" \/>\n<input type=\"hidden\" name=\"_wpcf7_recaptcha_response\" value=\"\" \/>\n<\/div>\n<fieldset>\n\t<legend>inscrivez-vous<\/legend><br>\n\n<b>INFORMATION SUR LE GROUPE<\/b>\n<br>\n<li><label for=''> nom du groupe : <em class=\"cf7s-reqd\">*<\/em> <\/label><span class=\"wpcf7-form-control-wrap\" data-name=\"cf7s-name\"><input size=\"40\" class=\"wpcf7-form-control wpcf7-text wpcf7-validates-as-required\" aria-required=\"true\" aria-invalid=\"false\" value=\"\" type=\"text\" name=\"cf7s-name\" \/><\/span> <\/li>\n<li><label for='text-279'> style musical :  <em class=\"cf7s-reqd\">*<\/em> <\/label><span class=\"wpcf7-form-control-wrap\" data-name=\"text-279\"><input size=\"40\" class=\"wpcf7-form-control wpcf7-text wpcf7-validates-as-required\" aria-required=\"true\" aria-invalid=\"false\" value=\"\" type=\"text\" name=\"text-279\" \/><\/span> <\/li>\n<li><label for=''>date de cr\u00e9ation : <em class=\"cf7s-reqd\">*<\/em> <\/label><span class=\"wpcf7-form-control-wrap\" data-name=\"cf7s-date\"><input size=\"40\" class=\"wpcf7-form-control wpcf7-text wpcf7-validates-as-required\" aria-required=\"true\" aria-invalid=\"false\" value=\"\" type=\"text\" name=\"cf7s-date\" \/><\/span><\/li>\n<li><label for=''>temps de jeu possible maximum : <em class=\"cf7s-reqd\">*<\/em> <\/label><span class=\"wpcf7-form-control-wrap\" data-name=\"cf7s-duree\"><input size=\"40\" class=\"wpcf7-form-control wpcf7-text wpcf7-validates-as-required\" aria-required=\"true\" aria-invalid=\"false\" value=\"\" type=\"text\" name=\"cf7s-duree\" \/><\/span><\/li>\n<br>\n<li><label for=''> pr\u00e9sentez-vous en quelques mots : <em class=\"cf7s-reqd\">*<\/em> <\/label><span class=\"wpcf7-form-control-wrap\" data-name=\"cf7s-descriptif\"><textarea cols=\"40\" rows=\"10\" class=\"wpcf7-form-control wpcf7-textarea wpcf7-validates-as-required\" aria-required=\"true\" aria-invalid=\"false\" name=\"cf7s-descriptif\"><\/textarea><\/span> <\/li>\n<br>\n<b>COMPOSITION DU GROUPE<\/b>\n<br>\n<li><label for='number-742'> nombre de musiciens : <em class=\"cf7s-reqd\">*<\/em> <\/label><span class=\"wpcf7-form-control-wrap\" data-name=\"number-742\"><input class=\"wpcf7-form-control wpcf7-number wpcf7-validates-as-required wpcf7-validates-as-number\" min=\"1\" max=\"10\" aria-required=\"true\" aria-invalid=\"false\" value=\"\" type=\"number\" name=\"number-742\" \/><\/span> <\/li>\n<li><label for='text-279'> composition (batteur, bassiste&#8230;) :  <em class=\"cf7s-reqd\">*<\/em> <\/label><span class=\"wpcf7-form-control-wrap\" data-name=\"text-279\"><input size=\"40\" class=\"wpcf7-form-control wpcf7-text wpcf7-validates-as-required\" aria-required=\"true\" aria-invalid=\"false\" value=\"\" type=\"text\" name=\"text-279\" \/><\/span> <\/li>\n<li><label for='checkbox-687'> batteur gaucher  :  <em class=\"cf7s-reqd\">*<\/em> <\/label><span class=\"wpcf7-form-control-wrap\" data-name=\"checkbox-687\"><span class=\"wpcf7-form-control wpcf7-checkbox wpcf7-validates-as-required wpcf7-exclusive-checkbox\"><span class=\"wpcf7-list-item first\"><span class=\"wpcf7-list-item-label\">oui<\/span><input type=\"checkbox\" name=\"checkbox-687\" value=\"oui\" \/><\/span><span class=\"wpcf7-list-item last\"><span class=\"wpcf7-list-item-label\">non<\/span><input type=\"checkbox\" name=\"checkbox-687\" value=\"non\" \/><\/span><\/span><\/span> <\/li>\n<br>\n<li><label for='checkbox-701'> poss\u00e9dez-vous une fiche technique, un plan de sc\u00e8ne  :  <em class=\"cf7s-reqd\">*<\/em> <\/label><span class=\"wpcf7-form-control-wrap\" data-name=\"checkbox-701\"><span class=\"wpcf7-form-control wpcf7-checkbox wpcf7-validates-as-required wpcf7-exclusive-checkbox\"><span class=\"wpcf7-list-item first\"><span class=\"wpcf7-list-item-label\">oui<\/span><input type=\"checkbox\" name=\"checkbox-701\" value=\"oui\" \/><\/span><span class=\"wpcf7-list-item last\"><span class=\"wpcf7-list-item-label\">non<\/span><input type=\"checkbox\" name=\"checkbox-701\" value=\"non\" \/><\/span><\/span><\/span> <\/li> si oui, merci de nous l&rsquo;envoyer via le module de t\u00e9l\u00e9chargement ci-dessous (ainsi que tout autre document ou photo, que vous jugerez n\u00e9cessaire)\n<br>\n<b>CONTACT<\/b>\n<br>\n<li><label for=''>nom : <em class=\"cf7s-reqd\">*<\/em> <\/label><span class=\"wpcf7-form-control-wrap\" data-name=\"cf7s-nom\"><input size=\"40\" class=\"wpcf7-form-control wpcf7-text wpcf7-validates-as-required\" aria-required=\"true\" aria-invalid=\"false\" value=\"\" type=\"text\" name=\"cf7s-nom\" \/><\/span><\/li>\n<li><label for=''>pr\u00e9nom : <em class=\"cf7s-reqd\">*<\/em> <\/label><span class=\"wpcf7-form-control-wrap\" data-name=\"cf7s-prenom\"><input size=\"40\" class=\"wpcf7-form-control wpcf7-text wpcf7-validates-as-required\" aria-required=\"true\" aria-invalid=\"false\" value=\"\" type=\"text\" name=\"cf7s-prenom\" \/><\/span><\/li>\n<li><label for=''>adresse postale : <em class=\"cf7s-reqd\">*<\/em> <\/label><span class=\"wpcf7-form-control-wrap\" data-name=\"cf7s-adresse\"><input size=\"40\" class=\"wpcf7-form-control wpcf7-text wpcf7-validates-as-required\" aria-required=\"true\" aria-invalid=\"false\" value=\"\" type=\"text\" name=\"cf7s-adresse\" \/><\/span><\/li>\n<li><label for=''>email : <em class=\"cf7s-reqd\">*<\/em> <\/label><span class=\"wpcf7-form-control-wrap\" data-name=\"cf7s-email-address\"><input size=\"40\" class=\"wpcf7-form-control wpcf7-email wpcf7-validates-as-required wpcf7-text wpcf7-validates-as-email\" aria-required=\"true\" aria-invalid=\"false\" value=\"\" type=\"email\" name=\"cf7s-email-address\" \/><\/span><\/li>\n<li><label for=''>t\u00e9l : <em class=\"cf7s-reqd\">*<\/em> <\/label><span class=\"wpcf7-form-control-wrap\" data-name=\"cf7s-tel\"><input size=\"40\" class=\"wpcf7-form-control wpcf7-tel wpcf7-validates-as-required wpcf7-text wpcf7-validates-as-tel\" aria-required=\"true\" aria-invalid=\"false\" value=\"\" type=\"tel\" name=\"cf7s-tel\" \/><\/span><\/li> \n\n<li><label for=''>lien site Internet : <\/label><span class=\"wpcf7-form-control-wrap\" data-name=\"text-387\"><input size=\"40\" class=\"wpcf7-form-control wpcf7-text\" aria-invalid=\"false\" value=\"\" type=\"text\" name=\"text-387\" \/><\/span><\/li>\n<li><label for=''>lien Facebook : <\/label><span class=\"wpcf7-form-control-wrap\" data-name=\"text-388\"><input size=\"40\" class=\"wpcf7-form-control wpcf7-text\" aria-invalid=\"false\" value=\"\" type=\"text\" name=\"text-388\" \/><\/span><\/li>\n<li><label for=''>lien Instagram : <\/label><span class=\"wpcf7-form-control-wrap\" data-name=\"text-389\"><input size=\"40\" class=\"wpcf7-form-control wpcf7-text\" aria-invalid=\"false\" value=\"\" type=\"text\" name=\"text-389\" \/><\/span><\/li>\n<li><label for=''>lien Soundcloud : <\/label><span class=\"wpcf7-form-control-wrap\" data-name=\"text-390\"><input size=\"40\" class=\"wpcf7-form-control wpcf7-text\" aria-invalid=\"false\" value=\"\" type=\"text\" name=\"text-390\" \/><\/span><\/li>\n<li><label for=''>lien Bandcamp : <\/label><span class=\"wpcf7-form-control-wrap\" data-name=\"text-391\"><input size=\"40\" class=\"wpcf7-form-control wpcf7-text\" aria-invalid=\"false\" value=\"\" type=\"text\" name=\"text-391\" \/><\/span><\/li>\n<li><label for=''>lien YouTube : <\/label><span class=\"wpcf7-form-control-wrap\" data-name=\"text-392\"><input size=\"40\" class=\"wpcf7-form-control wpcf7-text\" aria-invalid=\"false\" value=\"\" type=\"text\" name=\"text-392\" \/><\/span><\/li>\n\n<\/ol>\n<br>\n<span class=\"wpcf7-form-control-wrap\" data-name=\"upload-file-222\"><input size=\"40\" class=\"wpcf7-form-control wpcf7-drag-n-drop-file d-none\" aria-invalid=\"false\" type=\"file\" multiple=\"multiple\" data-name=\"upload-file-222\" data-type=\"jpeg|docx|png|jpg|gif|pdf|zip\" data-limit=\"30000000\" data-id=\"8403\" data-version=\"free version 1.3.7.2\" accept=\".jpeg, .docx, .png, .jpg, .gif, .pdf, .zip\" \/><\/span>\n<br>\n<input class=\"wpcf7-form-control wpcf7-submit has-spinner\" type=\"submit\" value=\"envoyer\" \/>\t\n<\/fieldset>\n<style>\ninput[type=\"number\"] {width: 100px !important;}\ninput[type=\"tel\"] {width: 200px !important;}\ninput[type=\"text\"],input[type=\"email\"]{ width: 400px !important;}\n<\/style><div class=\"wpcf7-response-output\" aria-hidden=\"true\"><\/div>\n<\/form>\n<\/div>\n<\/p><p><i>\u2192\u00a0Les 3 groupes s\u00e9lectionn\u00e9s seront ensuite inform\u00e9s de la validation de leur participation,\u00a0ainsi que de leur heure de passage.<\/i><\/p><p>\u00a0<\/p><p><strong>Pour toute information compl\u00e9mentaire, veuillez-nous joindre par t\u00e9l\u00e9phone au 0325306053 ou par email\u00a0: <a href=\"mailto:admin.culture@ville-chaumont.fr\">admin.culture@ville-chaumont.fr<\/a><\/strong><\/p>\t\t\t\t\t<\/div>\n\t\t\t\t\t\t<\/div>\n\t\t\t\t<\/div>\n\t\t\t\t\t\t<\/div>\n\t\t\t\t\t<\/div>\n\t\t<\/div>\n\t\t\t\t\t\t\t\t<\/div>\n\t\t\t\t\t<\/div>\n\t\t<\/section>\n\t\t\t\t\t\t\t\t\t<\/div>\n\t\t\t<\/div>\n\t\t\t\t\t<\/div>\n\t\t","protected":false},"excerpt":{"rendered":"<p>participez \u00e0 la F\u00eate de la\u00a0Musique\u00a0 Vous \u00eates un artiste solo ou un groupe de musique, professionnel ou amateur du territoire, et vous r\u00eavez d\u2019exprimer votre talent a\u0300 l\u2019occasion de [&hellip;]<\/p>\n","protected":false},"author":3,"featured_media":0,"parent":3241,"menu_order":0,"comment_status":"closed","ping_status":"closed","template":"","meta":{"_uag_custom_page_level_css":"","footnotes":""},"yoast_head":"<!-- This site is optimized with the Yoast SEO plugin v21.1 - https:\/\/yoast.com\/wordpress\/plugins\/seo\/ -->\n<title>F\u00eate de la Musique - Les Saisons Culturelles de Chaumont<\/title>\n<meta name=\"robots\" content=\"noindex, follow, max-snippet:-1, max-image-preview:large, max-video-preview:-1\" \/>\n<meta property=\"og:locale\" content=\"fr_FR\" \/>\n<meta property=\"og:type\" content=\"article\" \/>\n<meta property=\"og:title\" content=\"F\u00eate de la Musique - Les Saisons Culturelles de Chaumont\" \/>\n<meta property=\"og:description\" content=\"participez \u00e0 la F\u00eate de la\u00a0Musique\u00a0 Vous \u00eates un artiste solo ou un groupe de musique, professionnel ou amateur du territoire, et vous r\u00eavez d\u2019exprimer votre talent a\u0300 l\u2019occasion de [&hellip;]\" \/>\n<meta property=\"og:url\" content=\"https:\/\/saisonsculturelleschaumont.fr\/mdxpuixt\/participez\/fete_de_la_musique\/\" \/>\n<meta property=\"og:site_name\" content=\"Les Saisons Culturelles de Chaumont\" \/>\n<meta property=\"article:publisher\" content=\"https:\/\/www.facebook.com\/saisonsculturelleschaumont\/\" \/>\n<meta property=\"article:modified_time\" content=\"2023-09-18T11:39:41+00:00\" \/>\n<meta property=\"og:image\" content=\"https:\/\/saisonsculturelleschaumont.fr\/mdxpuixt\/wp-content\/uploads\/2023\/09\/Bandeau-de-couverture_FB-_SCC8.png\" \/>\n\t<meta property=\"og:image:width\" content=\"3396\" \/>\n\t<meta property=\"og:image:height\" content=\"1313\" \/>\n\t<meta property=\"og:image:type\" content=\"image\/png\" \/>\n<meta name=\"twitter:card\" content=\"summary_large_image\" \/>\n<meta name=\"twitter:label1\" content=\"Dur\u00e9e de lecture estim\u00e9e\" \/>\n\t<meta name=\"twitter:data1\" content=\"1 minute\" \/>\n<script type=\"application\/ld+json\" class=\"yoast-schema-graph\">{\"@context\":\"https:\/\/schema.org\",\"@graph\":[{\"@type\":\"WebPage\",\"@id\":\"https:\/\/saisonsculturelleschaumont.fr\/mdxpuixt\/participez\/fete_de_la_musique\/\",\"url\":\"https:\/\/saisonsculturelleschaumont.fr\/mdxpuixt\/participez\/fete_de_la_musique\/\",\"name\":\"F\u00eate de la Musique - Les Saisons Culturelles de Chaumont\",\"isPartOf\":{\"@id\":\"https:\/\/saisonsculturelleschaumont.fr\/mdxpuixt\/#website\"},\"datePublished\":\"2022-04-04T07:51:16+00:00\",\"dateModified\":\"2023-09-18T11:39:41+00:00\",\"breadcrumb\":{\"@id\":\"https:\/\/saisonsculturelleschaumont.fr\/mdxpuixt\/participez\/fete_de_la_musique\/#breadcrumb\"},\"inLanguage\":\"fr-FR\",\"potentialAction\":[{\"@type\":\"ReadAction\",\"target\":[\"https:\/\/saisonsculturelleschaumont.fr\/mdxpuixt\/participez\/fete_de_la_musique\/\"]}]},{\"@type\":\"BreadcrumbList\",\"@id\":\"https:\/\/saisonsculturelleschaumont.fr\/mdxpuixt\/participez\/fete_de_la_musique\/#breadcrumb\",\"itemListElement\":[{\"@type\":\"ListItem\",\"position\":1,\"name\":\"Accueil\",\"item\":\"https:\/\/saisonsculturelleschaumont.fr\/mdxpuixt\/\"},{\"@type\":\"ListItem\",\"position\":2,\"name\":\"participez\",\"item\":\"https:\/\/saisonsculturelleschaumont.fr\/mdxpuixt\/participez\/\"},{\"@type\":\"ListItem\",\"position\":3,\"name\":\"F\u00eate de la Musique\"}]},{\"@type\":\"WebSite\",\"@id\":\"https:\/\/saisonsculturelleschaumont.fr\/mdxpuixt\/#website\",\"url\":\"https:\/\/saisonsculturelleschaumont.fr\/mdxpuixt\/\",\"name\":\"Les Saisons Culturelles de Chaumont\",\"description\":\"\",\"potentialAction\":[{\"@type\":\"SearchAction\",\"target\":{\"@type\":\"EntryPoint\",\"urlTemplate\":\"https:\/\/saisonsculturelleschaumont.fr\/mdxpuixt\/?s={search_term_string}\"},\"query-input\":\"required name=search_term_string\"}],\"inLanguage\":\"fr-FR\"}]}<\/script>\n<!-- \/ Yoast SEO plugin. -->","yoast_head_json":{"title":"F\u00eate de la Musique - Les Saisons Culturelles de Chaumont","robots":{"index":"noindex","follow":"follow","max-snippet":"max-snippet:-1","max-image-preview":"max-image-preview:large","max-video-preview":"max-video-preview:-1"},"og_locale":"fr_FR","og_type":"article","og_title":"F\u00eate de la Musique - Les Saisons Culturelles de Chaumont","og_description":"participez \u00e0 la F\u00eate de la\u00a0Musique\u00a0 Vous \u00eates un artiste solo ou un groupe de musique, professionnel ou amateur du territoire, et vous r\u00eavez d\u2019exprimer votre talent a\u0300 l\u2019occasion de [&hellip;]","og_url":"https:\/\/saisonsculturelleschaumont.fr\/mdxpuixt\/participez\/fete_de_la_musique\/","og_site_name":"Les Saisons Culturelles de Chaumont","article_publisher":"https:\/\/www.facebook.com\/saisonsculturelleschaumont\/","article_modified_time":"2023-09-18T11:39:41+00:00","og_image":[{"width":3396,"height":1313,"url":"https:\/\/saisonsculturelleschaumont.fr\/mdxpuixt\/wp-content\/uploads\/2023\/09\/Bandeau-de-couverture_FB-_SCC8.png","type":"image\/png"}],"twitter_card":"summary_large_image","twitter_misc":{"Dur\u00e9e de lecture estim\u00e9e":"1 minute"},"schema":{"@context":"https:\/\/schema.org","@graph":[{"@type":"WebPage","@id":"https:\/\/saisonsculturelleschaumont.fr\/mdxpuixt\/participez\/fete_de_la_musique\/","url":"https:\/\/saisonsculturelleschaumont.fr\/mdxpuixt\/participez\/fete_de_la_musique\/","name":"F\u00eate de la Musique - Les Saisons Culturelles de Chaumont","isPartOf":{"@id":"https:\/\/saisonsculturelleschaumont.fr\/mdxpuixt\/#website"},"datePublished":"2022-04-04T07:51:16+00:00","dateModified":"2023-09-18T11:39:41+00:00","breadcrumb":{"@id":"https:\/\/saisonsculturelleschaumont.fr\/mdxpuixt\/participez\/fete_de_la_musique\/#breadcrumb"},"inLanguage":"fr-FR","potentialAction":[{"@type":"ReadAction","target":["https:\/\/saisonsculturelleschaumont.fr\/mdxpuixt\/participez\/fete_de_la_musique\/"]}]},{"@type":"BreadcrumbList","@id":"https:\/\/saisonsculturelleschaumont.fr\/mdxpuixt\/participez\/fete_de_la_musique\/#breadcrumb","itemListElement":[{"@type":"ListItem","position":1,"name":"Accueil","item":"https:\/\/saisonsculturelleschaumont.fr\/mdxpuixt\/"},{"@type":"ListItem","position":2,"name":"participez","item":"https:\/\/saisonsculturelleschaumont.fr\/mdxpuixt\/participez\/"},{"@type":"ListItem","position":3,"name":"F\u00eate de la Musique"}]},{"@type":"WebSite","@id":"https:\/\/saisonsculturelleschaumont.fr\/mdxpuixt\/#website","url":"https:\/\/saisonsculturelleschaumont.fr\/mdxpuixt\/","name":"Les Saisons Culturelles de Chaumont","description":"","potentialAction":[{"@type":"SearchAction","target":{"@type":"EntryPoint","urlTemplate":"https:\/\/saisonsculturelleschaumont.fr\/mdxpuixt\/?s={search_term_string}"},"query-input":"required name=search_term_string"}],"inLanguage":"fr-FR"}]}},"uagb_featured_image_src":{"full":false,"thumbnail":false,"medium":false,"medium_large":false,"large":false,"1536x1536":false,"2048x2048":false,"widget":false,"square":false,"featured":false,"featured_large":false,"extra_large":false,"portfolio":false,"portfolio_small":false,"gallery":false,"magazine":false,"masonry":false,"entry_with_sidebar":false,"entry_without_sidebar":false},"uagb_author_info":{"display_name":"Justine Ansel","author_link":"https:\/\/saisonsculturelleschaumont.fr\/mdxpuixt\/author\/justine-ansel\/"},"uagb_comment_info":0,"uagb_excerpt":"participez \u00e0 la F\u00eate de la\u00a0Musique\u00a0 Vous \u00eates un artiste solo ou un groupe de musique, professionnel ou amateur du territoire, et vous r\u00eavez d\u2019exprimer votre talent a\u0300 l\u2019occasion de [&hellip;]","_links":{"self":[{"href":"https:\/\/saisonsculturelleschaumont.fr\/mdxpuixt\/wp-json\/wp\/v2\/pages\/8393"}],"collection":[{"href":"https:\/\/saisonsculturelleschaumont.fr\/mdxpuixt\/wp-json\/wp\/v2\/pages"}],"about":[{"href":"https:\/\/saisonsculturelleschaumont.fr\/mdxpuixt\/wp-json\/wp\/v2\/types\/page"}],"author":[{"embeddable":true,"href":"https:\/\/saisonsculturelleschaumont.fr\/mdxpuixt\/wp-json\/wp\/v2\/users\/3"}],"replies":[{"embeddable":true,"href":"https:\/\/saisonsculturelleschaumont.fr\/mdxpuixt\/wp-json\/wp\/v2\/comments?post=8393"}],"version-history":[{"count":0,"href":"https:\/\/saisonsculturelleschaumont.fr\/mdxpuixt\/wp-json\/wp\/v2\/pages\/8393\/revisions"}],"up":[{"embeddable":true,"href":"https:\/\/saisonsculturelleschaumont.fr\/mdxpuixt\/wp-json\/wp\/v2\/pages\/3241"}],"wp:attachment":[{"href":"https:\/\/saisonsculturelleschaumont.fr\/mdxpuixt\/wp-json\/wp\/v2\/media?parent=8393"}],"curies":[{"name":"wp","href":"https:\/\/api.w.org\/{rel}","templated":true}]}}