{"id":10001696,"date":"2023-02-27T14:07:05","date_gmt":"2023-02-27T13:07:05","guid":{"rendered":"https:\/\/saisonsculturelleschaumont.fr\/mdxpuixt\/?post_type=tribe_events&#038;p=9875"},"modified":"2023-05-11T18:18:43","modified_gmt":"2023-05-11T16:18:43","slug":"les-nuits-electro-3","status":"publish","type":"tribe_events","link":"https:\/\/saisonsculturelleschaumont.fr\/mdxpuixt\/evenement\/les-nuits-electro-3\/2023-05-11\/","title":{"rendered":"Les Nuits Electro"},"content":{"rendered":"<div class=\"x11i5rnm xat24cr x1mh8g0r x1vvkbs xdj266r\">Les Nuits Electro reviennent \u00e0 La Chapelle des J\u00e9suites de Chaumont !<\/div>\n<div class=\"x11i5rnm xat24cr x1mh8g0r x1vvkbs xtlvy1s\">Entre d\u00e9montage et montage d\u2019expositions, platines et baffles reviennent \u00e0 la Chapelle pour deux soir\u00e9es !<\/div>\n<div><\/div>\n<div class=\"x11i5rnm xat24cr x1mh8g0r x1vvkbs xtlvy1s\">Le collectif Scale est \u00e9galement de la partie avec une nouvelle installation lumineuse et futuriste \u2026<br \/>\n<a class=\"x1i10hfl xjbqb8w x6umtig x1b1mbwd xaqea5y xav7gou x9f619 x1ypdohk xt0psk2 xe8uvvx xdj266r x11i5rnm xat24cr x1mh8g0r xexx8yu x4uap5 x18d9i69 xkhd6sd x16tdsg8 x1hl2dhg xggy1nq x1a2a7pz xt0b8zv x1fey0fg\" tabindex=\"0\" role=\"link\" href=\"https:\/\/www.collectifscale.com\/?fbclid=IwAR0sXvW7qJTkQfqEB7_22fSzifoxwTo8xLUZQNnBC4-jklxs_QuuqjC1Q9Q\" target=\"_blank\" rel=\"nofollow noopener\">https:\/\/www.collectifscale.com<\/a><\/div>\n<div class=\"x11i5rnm xat24cr x1mh8g0r x1vvkbs xtlvy1s\"><\/div>\n<div class=\"x11i5rnm xat24cr x1mh8g0r x1vvkbs xtlvy1s\">\u00a0JEUDI 4 MAI : ARNAUD REBOTINI \/\/ MARTIN DECAEN<\/div>\n<div class=\"x11i5rnm xat24cr x1mh8g0r x1vvkbs xtlvy1s\">\u00a0JEUDI 11 MAI : ANTIGONE \/\/ MAELITA<\/div>\n<div class=\"x11i5rnm xat24cr x1mh8g0r x1vvkbs xtlvy1s\"><\/div>\n<div class=\"x11i5rnm xat24cr x1mh8g0r x1vvkbs xtlvy1s\">GRATUIT<\/div>\n<div class=\"x11i5rnm xat24cr x1mh8g0r x1vvkbs xtlvy1s\"><\/div>\n<div class=\"x11i5rnm xat24cr x1mh8g0r x1vvkbs xtlvy1s\">ARNAUD REBOTINI<br \/>\n<a class=\"x1i10hfl xjbqb8w x6umtig x1b1mbwd xaqea5y xav7gou x9f619 x1ypdohk xt0psk2 xe8uvvx xdj266r x11i5rnm xat24cr x1mh8g0r xexx8yu x4uap5 x18d9i69 xkhd6sd x16tdsg8 x1hl2dhg xggy1nq x1a2a7pz xt0b8zv xzsf02u x1s688f\" tabindex=\"0\" role=\"link\" href=\"https:\/\/www.facebook.com\/arebotini?__cft__[0]=AZXvKprPBr54BoQiye1SEnPtDXtQb1C6ae2BlN7eMhu290RBmCROAR2cNkYq9dLOGw0DoxVYd9h5G9KsvzorOheq7w1yQ9ncau0XNzJA1Nx6yvCJll5fLKYCUMW9OG5YEQU&amp;__tn__=q\"><span class=\"xt0psk2\">facebook.com\/arebotini<\/span><\/a><br \/>\n<a class=\"x1i10hfl xjbqb8w x6umtig x1b1mbwd xaqea5y xav7gou x9f619 x1ypdohk xt0psk2 xe8uvvx xdj266r x11i5rnm xat24cr x1mh8g0r xexx8yu x4uap5 x18d9i69 xkhd6sd x16tdsg8 x1hl2dhg xggy1nq x1a2a7pz xt0b8zv x1fey0fg\" tabindex=\"0\" role=\"link\" href=\"https:\/\/l.facebook.com\/l.php?u=https%3A%2F%2Finstagram.com%2Farnaud_rebotini%3Ffbclid%3DIwAR0K3F185h-L62hfuW1ez4kDg94UUMMU0gvcUe6tzZirGYdfdTqJRpvJivk&amp;h=AT0xDnTA6W551rNHeBiEUE0G-VWtJuEPrQHzXPaxipHRasmD8tPSAbSjX4HiC41j2XxcAUYy2h1k5At5y8BRtC4V1WruUsqDuuGUG40gG5g7UpNTJGgvEsrzKzYgqDf5Cy0hf7k&amp;__tn__=q&amp;c[0]=AT255mmQP3IWmNAxsu_ZAoNj3WVVsqa3hDOHGiIvsefC5gI8EQFoSVFphcUa1w1W4isnj5TDEt6qOak4YAokmFs_gPkQQ_GfEZRqluS_VHHYgecFcwfE5797dV9ZGdkNUCjdHyLCEAUrUXCuyOwfc2EAGQoD\" target=\"_blank\" rel=\"nofollow noopener\">instagram.com\/arnaud_rebotini<\/a><br \/>\n<a class=\"x1i10hfl xjbqb8w x6umtig x1b1mbwd xaqea5y xav7gou x9f619 x1ypdohk xt0psk2 xe8uvvx xdj266r x11i5rnm xat24cr x1mh8g0r xexx8yu x4uap5 x18d9i69 xkhd6sd x16tdsg8 x1hl2dhg xggy1nq x1a2a7pz xt0b8zv x1fey0fg\" tabindex=\"0\" role=\"link\" href=\"https:\/\/l.facebook.com\/l.php?u=https%3A%2F%2Fsoundcloud.com%2Farnaudrebotini%3Ffbclid%3DIwAR1QjQQ5yteldkrfQjZk-w2pLcYTCKYuBEsjeqADWkp4j5dDUknbuq2TfsI&amp;h=AT0pswapZMgBpwSVXrNObbO86_2cqBn6yTJzzZ15mbU6aUrdQwjjPi5yusl_oLKYP78y5PTHTBknJ2YjfI7xcktLa0LTYlTnVwXvjoR9x6DRF8nR7nTtfKuqfAR-wCLlhVzyeYA&amp;__tn__=q&amp;c[0]=AT255mmQP3IWmNAxsu_ZAoNj3WVVsqa3hDOHGiIvsefC5gI8EQFoSVFphcUa1w1W4isnj5TDEt6qOak4YAokmFs_gPkQQ_GfEZRqluS_VHHYgecFcwfE5797dV9ZGdkNUCjdHyLCEAUrUXCuyOwfc2EAGQoD\" target=\"_blank\" rel=\"nofollow noopener\">soundcloud.com\/arnaudrebotini<\/a><\/div>\n<div class=\"x11i5rnm xat24cr x1mh8g0r x1vvkbs xtlvy1s\">MARTIN DECAEN<br \/>\n<a class=\"x1i10hfl xjbqb8w x6umtig x1b1mbwd xaqea5y xav7gou x9f619 x1ypdohk xt0psk2 xe8uvvx xdj266r x11i5rnm xat24cr x1mh8g0r xexx8yu x4uap5 x18d9i69 xkhd6sd x16tdsg8 x1hl2dhg xggy1nq x1a2a7pz xt0b8zv xzsf02u x1s688f\" tabindex=\"0\" role=\"link\" href=\"https:\/\/www.facebook.com\/martin.decaen.officiel?__cft__[0]=AZXvKprPBr54BoQiye1SEnPtDXtQb1C6ae2BlN7eMhu290RBmCROAR2cNkYq9dLOGw0DoxVYd9h5G9KsvzorOheq7w1yQ9ncau0XNzJA1Nx6yvCJll5fLKYCUMW9OG5YEQU&amp;__tn__=q\"><span class=\"xt0psk2\">facebook.com\/martin.decaen.officiel<\/span><\/a><br \/>\n<a class=\"x1i10hfl xjbqb8w x6umtig x1b1mbwd xaqea5y xav7gou x9f619 x1ypdohk xt0psk2 xe8uvvx xdj266r x11i5rnm xat24cr x1mh8g0r xexx8yu x4uap5 x18d9i69 xkhd6sd x16tdsg8 x1hl2dhg xggy1nq x1a2a7pz xt0b8zv x1fey0fg\" tabindex=\"0\" role=\"link\" href=\"https:\/\/l.facebook.com\/l.php?u=https%3A%2F%2Finstagram.com%2Fmartin_decaen.officiel%3Ffbclid%3DIwAR025b_fe5lPPPgw995kEcwiL-0mq6MPYQ4KX1wvVIg2P5Dw6W9vDQ_B9Pg&amp;h=AT2Wed4M1bHbdQt-ZWJdHIsXKXvp_FiWUtiLCn6HVS7zZGleHD9H6SlRovgS7c4ePVqhkz5jDvcbiYFM1Vt7qGQTVgaQpF3S9u1clCBDAS9tV7O5-ODWlgCj6gXPDXSQ9NPyNAU&amp;__tn__=q&amp;c[0]=AT255mmQP3IWmNAxsu_ZAoNj3WVVsqa3hDOHGiIvsefC5gI8EQFoSVFphcUa1w1W4isnj5TDEt6qOak4YAokmFs_gPkQQ_GfEZRqluS_VHHYgecFcwfE5797dV9ZGdkNUCjdHyLCEAUrUXCuyOwfc2EAGQoD\" target=\"_blank\" rel=\"nofollow noopener\">instagram.com\/martin_decaen.officiel<\/a><br \/>\n<a class=\"x1i10hfl xjbqb8w x6umtig x1b1mbwd xaqea5y xav7gou x9f619 x1ypdohk xt0psk2 xe8uvvx xdj266r x11i5rnm xat24cr x1mh8g0r xexx8yu x4uap5 x18d9i69 xkhd6sd x16tdsg8 x1hl2dhg xggy1nq x1a2a7pz xt0b8zv x1fey0fg\" tabindex=\"0\" role=\"link\" href=\"https:\/\/l.facebook.com\/l.php?u=https%3A%2F%2Fsoundcloud.com%2Fmartin-decaen%3Ffbclid%3DIwAR0xdUU3k6sRiWRMixrdtbJwYUgbVZIkcy5y7y6mmUOB75Xl9M_ScU93rBE&amp;h=AT2P3rDjE6ZCb1Mt6Nray9Z0xOhVYl4XqqZ0usFWRBGptUeSO_JM3yuXWM0D-kicyPkkAnVROGLEK478MNisBVPEIyVst0845A6gfuEeCCyAu4r7JPH34wqB0xTTHAVDZrDJqmM&amp;__tn__=q&amp;c[0]=AT255mmQP3IWmNAxsu_ZAoNj3WVVsqa3hDOHGiIvsefC5gI8EQFoSVFphcUa1w1W4isnj5TDEt6qOak4YAokmFs_gPkQQ_GfEZRqluS_VHHYgecFcwfE5797dV9ZGdkNUCjdHyLCEAUrUXCuyOwfc2EAGQoD\" target=\"_blank\" rel=\"nofollow noopener\">soundcloud.com\/martin-decaen<\/a><\/div>\n<div class=\"x11i5rnm xat24cr x1mh8g0r x1vvkbs xtlvy1s\">ANTIGONE<br \/>\n<a class=\"x1i10hfl xjbqb8w x6umtig x1b1mbwd xaqea5y xav7gou x9f619 x1ypdohk xt0psk2 xe8uvvx xdj266r x11i5rnm xat24cr x1mh8g0r xexx8yu x4uap5 x18d9i69 xkhd6sd x16tdsg8 x1hl2dhg xggy1nq x1a2a7pz xt0b8zv xzsf02u x1s688f\" tabindex=\"0\" role=\"link\" href=\"https:\/\/www.facebook.com\/AntigoneDj?__cft__[0]=AZXvKprPBr54BoQiye1SEnPtDXtQb1C6ae2BlN7eMhu290RBmCROAR2cNkYq9dLOGw0DoxVYd9h5G9KsvzorOheq7w1yQ9ncau0XNzJA1Nx6yvCJll5fLKYCUMW9OG5YEQU&amp;__tn__=q\"><span class=\"xt0psk2\">facebook.com\/AntigoneDj<\/span><\/a><br \/>\n<a class=\"x1i10hfl xjbqb8w x6umtig x1b1mbwd xaqea5y xav7gou x9f619 x1ypdohk xt0psk2 xe8uvvx xdj266r x11i5rnm xat24cr x1mh8g0r xexx8yu x4uap5 x18d9i69 xkhd6sd x16tdsg8 x1hl2dhg xggy1nq x1a2a7pz xt0b8zv x1fey0fg\" tabindex=\"0\" role=\"link\" href=\"https:\/\/l.facebook.com\/l.php?u=https%3A%2F%2Finstagram.com%2Fantigone_dj%3Ffbclid%3DIwAR0sXvW7qJTkQfqEB7_22fSzifoxwTo8xLUZQNnBC4-jklxs_QuuqjC1Q9Q&amp;h=AT1XDRpH-T2CLQMYYU4Ev8H6caSz6XzxJuc11E_P72HoFpkW3-2030DdQLGh-N0zjqvx2KsgGi7H7cccbSJp10gf4ONOOBINqQV87HdyS5WcxHh8edIbupdxWPZ8o1Oq7hFgpIM&amp;__tn__=q&amp;c[0]=AT255mmQP3IWmNAxsu_ZAoNj3WVVsqa3hDOHGiIvsefC5gI8EQFoSVFphcUa1w1W4isnj5TDEt6qOak4YAokmFs_gPkQQ_GfEZRqluS_VHHYgecFcwfE5797dV9ZGdkNUCjdHyLCEAUrUXCuyOwfc2EAGQoD\" target=\"_blank\" rel=\"nofollow noopener\">instagram.com\/antigone_dj<\/a><br \/>\n<a class=\"x1i10hfl xjbqb8w x6umtig x1b1mbwd xaqea5y xav7gou x9f619 x1ypdohk xt0psk2 xe8uvvx xdj266r x11i5rnm xat24cr x1mh8g0r xexx8yu x4uap5 x18d9i69 xkhd6sd x16tdsg8 x1hl2dhg xggy1nq x1a2a7pz xt0b8zv x1fey0fg\" tabindex=\"0\" role=\"link\" href=\"https:\/\/l.facebook.com\/l.php?u=https%3A%2F%2Fsoundcloud.com%2Fantigone%3Ffbclid%3DIwAR1URv2sqIkbb1FXsn3WUwc4C7bOv4UIYXmMQsYOmyjhGTAaJ93GWspcvZ4&amp;h=AT2niELvVSQg8fDbJoauw23P_UNbYYu28TMDbaSZAP6UW1RgfZua19Fjq5Gk6kmBXL-94Cwo4DYTq_3JZGHCYF0ORradsnFHTdL-3nTJwiFxomYuKWU_aD2s8H6vye1jSOZziK4&amp;__tn__=q&amp;c[0]=AT255mmQP3IWmNAxsu_ZAoNj3WVVsqa3hDOHGiIvsefC5gI8EQFoSVFphcUa1w1W4isnj5TDEt6qOak4YAokmFs_gPkQQ_GfEZRqluS_VHHYgecFcwfE5797dV9ZGdkNUCjdHyLCEAUrUXCuyOwfc2EAGQoD\" target=\"_blank\" rel=\"nofollow noopener\">soundcloud.com\/antigone<\/a><\/div>\n<div class=\"x11i5rnm xat24cr x1mh8g0r x1vvkbs xtlvy1s\">MAELITA<br \/>\n<a class=\"x1i10hfl xjbqb8w x6umtig x1b1mbwd xaqea5y xav7gou x9f619 x1ypdohk xt0psk2 xe8uvvx xdj266r x11i5rnm xat24cr x1mh8g0r xexx8yu x4uap5 x18d9i69 xkhd6sd x16tdsg8 x1hl2dhg xggy1nq x1a2a7pz xt0b8zv xzsf02u x1s688f\" tabindex=\"0\" role=\"link\" href=\"https:\/\/www.facebook.com\/maelita.music?__cft__[0]=AZXvKprPBr54BoQiye1SEnPtDXtQb1C6ae2BlN7eMhu290RBmCROAR2cNkYq9dLOGw0DoxVYd9h5G9KsvzorOheq7w1yQ9ncau0XNzJA1Nx6yvCJll5fLKYCUMW9OG5YEQU&amp;__tn__=q\"><span class=\"xt0psk2\">facebook.com\/maelita.music<\/span><\/a><br \/>\n<a class=\"x1i10hfl xjbqb8w x6umtig x1b1mbwd xaqea5y xav7gou x9f619 x1ypdohk xt0psk2 xe8uvvx xdj266r x11i5rnm xat24cr x1mh8g0r xexx8yu x4uap5 x18d9i69 xkhd6sd x16tdsg8 x1hl2dhg xggy1nq x1a2a7pz xt0b8zv x1fey0fg\" tabindex=\"0\" role=\"link\" href=\"https:\/\/l.facebook.com\/l.php?u=https%3A%2F%2Finstagram.com%2Fmaelitaa%3Ffbclid%3DIwAR1JAfmHZAg2Bw0_9CigvCg8pxheUnunqu0o5bz8Xu962d5ete_wdOozmgM&amp;h=AT0GGpjgRJDrQq2jZP3RJL5i4iiso4F6iMAhEyA4LawC1fXiG26RwkahOa0Jp2Wz-GfMiNyI4auWYv5azZ2GR6KnT7Bq_oS94XptN057EZjcWFc31NW-ogCVbd0JA6ckU_V1x4s&amp;__tn__=q&amp;c[0]=AT255mmQP3IWmNAxsu_ZAoNj3WVVsqa3hDOHGiIvsefC5gI8EQFoSVFphcUa1w1W4isnj5TDEt6qOak4YAokmFs_gPkQQ_GfEZRqluS_VHHYgecFcwfE5797dV9ZGdkNUCjdHyLCEAUrUXCuyOwfc2EAGQoD\" target=\"_blank\" rel=\"nofollow noopener\">instagram.com\/maelitaa<\/a><br \/>\n<a class=\"x1i10hfl xjbqb8w x6umtig x1b1mbwd xaqea5y xav7gou x9f619 x1ypdohk xt0psk2 xe8uvvx xdj266r x11i5rnm xat24cr x1mh8g0r xexx8yu x4uap5 x18d9i69 xkhd6sd x16tdsg8 x1hl2dhg xggy1nq x1a2a7pz xt0b8zv x1fey0fg\" tabindex=\"0\" role=\"link\" href=\"https:\/\/l.facebook.com\/l.php?u=https%3A%2F%2Fsoundcloud.com%2Fmaelitaa%3Ffbclid%3DIwAR17r5jdbAoXRg8mTUCYQD5G57wRKobVdGmiB-2kEat_Rn6xH8CKr6BJVWQ&amp;h=AT3RK24e5psfLbkr5ePofUMrOdLcxGAHPvH-dcnKmJ8U7NKNk5U451TBtw-9GCmJIvekg2JoXHsXKxqBu1s1xdunRWsepa9JDJ-QBiixi4K2HeIN3xMUVgvU0jRn2iQN6j3SM_8&amp;__tn__=q&amp;c[0]=AT255mmQP3IWmNAxsu_ZAoNj3WVVsqa3hDOHGiIvsefC5gI8EQFoSVFphcUa1w1W4isnj5TDEt6qOak4YAokmFs_gPkQQ_GfEZRqluS_VHHYgecFcwfE5797dV9ZGdkNUCjdHyLCEAUrUXCuyOwfc2EAGQoD\" target=\"_blank\" rel=\"nofollow noopener\">soundcloud.com\/maelitaa<\/a><\/div>\n","protected":false},"excerpt":{"rendered":"<p>Les Nuits Electro reviennent \u00e0 La Chapelle des J\u00e9suites de Chaumont ! Entre d\u00e9montage et montage d\u2019expositions, platines et baffles reviennent \u00e0 la Chapelle pour deux soir\u00e9es ! Le collectif [&hellip;]<\/p>\n","protected":false},"author":3,"featured_media":9876,"comment_status":"open","ping_status":"closed","template":"","meta":{"_uag_custom_page_level_css":"","_tribe_events_status":"","_tribe_events_status_reason":""},"tags":[51,383,177,99],"tribe_events_cat":[305],"yoast_head":"<!-- This site is optimized with the Yoast SEO plugin v21.1 - https:\/\/yoast.com\/wordpress\/plugins\/seo\/ -->\n<title>Les Nuits Electro - Les Saisons Culturelles de Chaumont<\/title>\n<meta name=\"description\" content=\"D\u00e9couvrez la programmation culturelle de la saison culturelle de la ville de Chaumont. Expositions, visites, rencontres, ateliers, concerts, spectacles, animations et plus encore.\" \/>\n<meta name=\"robots\" content=\"noindex, follow, max-snippet:-1, max-image-preview:large, max-video-preview:-1\" \/>\n<meta property=\"og:locale\" content=\"fr_FR\" \/>\n<meta property=\"og:type\" content=\"article\" \/>\n<meta property=\"og:title\" content=\"Les Nuits Electro - Les Saisons Culturelles de Chaumont\" \/>\n<meta property=\"og:description\" content=\"D\u00e9couvrez la programmation culturelle de la saison culturelle de la ville de Chaumont. Expositions, visites, rencontres, ateliers, concerts, spectacles, animations et plus encore.\" \/>\n<meta property=\"og:url\" content=\"https:\/\/saisonsculturelleschaumont.fr\/mdxpuixt\/evenement\/les-nuits-electro-3\/2023-05-11\/\" \/>\n<meta property=\"og:site_name\" content=\"Les Saisons Culturelles de Chaumont\" \/>\n<meta property=\"article:publisher\" content=\"https:\/\/www.facebook.com\/saisonsculturelleschaumont\/\" \/>\n<meta property=\"article:modified_time\" content=\"2023-05-11T16:18:43+00:00\" \/>\n<meta property=\"og:image\" content=\"https:\/\/saisonsculturelleschaumont.fr\/mdxpuixt\/wp-content\/uploads\/2023\/02\/DSC_4791-e1677503180133.jpg\" \/>\n\t<meta property=\"og:image:width\" content=\"650\" \/>\n\t<meta property=\"og:image:height\" content=\"434\" \/>\n\t<meta property=\"og:image:type\" content=\"image\/jpeg\" \/>\n<meta name=\"twitter:card\" content=\"summary_large_image\" \/>\n<meta name=\"twitter:label1\" content=\"Dur\u00e9e de lecture estim\u00e9e\" \/>\n\t<meta name=\"twitter:data1\" content=\"1 minute\" \/>\n<script type=\"application\/ld+json\" class=\"yoast-schema-graph\">{\"@context\":\"https:\/\/schema.org\",\"@graph\":[{\"@type\":\"WebPage\",\"@id\":\"https:\/\/saisonsculturelleschaumont.fr\/mdxpuixt\/evenement\/les-nuits-electro-3\/2023-05-11\/\",\"url\":\"https:\/\/saisonsculturelleschaumont.fr\/mdxpuixt\/evenement\/les-nuits-electro-3\/2023-05-11\/\",\"name\":\"Les Nuits Electro - Les Saisons Culturelles de Chaumont\",\"isPartOf\":{\"@id\":\"https:\/\/saisonsculturelleschaumont.fr\/mdxpuixt\/#website\"},\"datePublished\":\"2023-02-27T13:07:05+00:00\",\"dateModified\":\"2023-05-11T16:18:43+00:00\",\"description\":\"D\u00e9couvrez la programmation culturelle de la saison culturelle de la ville de Chaumont. Expositions, visites, rencontres, ateliers, concerts, spectacles, animations et plus encore.\",\"breadcrumb\":{\"@id\":\"https:\/\/saisonsculturelleschaumont.fr\/mdxpuixt\/evenement\/les-nuits-electro-3\/2023-05-11\/#breadcrumb\"},\"inLanguage\":\"fr-FR\",\"potentialAction\":[{\"@type\":\"ReadAction\",\"target\":[\"https:\/\/saisonsculturelleschaumont.fr\/mdxpuixt\/evenement\/les-nuits-electro-3\/2023-05-11\/\"]}]},{\"@type\":\"BreadcrumbList\",\"@id\":\"https:\/\/saisonsculturelleschaumont.fr\/mdxpuixt\/evenement\/les-nuits-electro-3\/2023-05-11\/#breadcrumb\",\"itemListElement\":[{\"@type\":\"ListItem\",\"position\":1,\"name\":\"Accueil\",\"item\":\"https:\/\/saisonsculturelleschaumont.fr\/mdxpuixt\/\"},{\"@type\":\"ListItem\",\"position\":2,\"name\":\"\u00c9v\u00e8nements\",\"item\":\"https:\/\/saisonsculturelleschaumont.fr\/mdxpuixt\/agenda\/\"},{\"@type\":\"ListItem\",\"position\":3,\"name\":\"Les Nuits Electro\"}]},{\"@type\":\"WebSite\",\"@id\":\"https:\/\/saisonsculturelleschaumont.fr\/mdxpuixt\/#website\",\"url\":\"https:\/\/saisonsculturelleschaumont.fr\/mdxpuixt\/\",\"name\":\"Les Saisons Culturelles de Chaumont\",\"description\":\"\",\"potentialAction\":[{\"@type\":\"SearchAction\",\"target\":{\"@type\":\"EntryPoint\",\"urlTemplate\":\"https:\/\/saisonsculturelleschaumont.fr\/mdxpuixt\/?s={search_term_string}\"},\"query-input\":\"required name=search_term_string\"}],\"inLanguage\":\"fr-FR\"}]}<\/script>\n<!-- \/ Yoast SEO plugin. -->","yoast_head_json":{"title":"Les Nuits Electro - Les Saisons Culturelles de Chaumont","description":"D\u00e9couvrez la programmation culturelle de la saison culturelle de la ville de Chaumont. Expositions, visites, rencontres, ateliers, concerts, spectacles, animations et plus encore.","robots":{"index":"noindex","follow":"follow","max-snippet":"max-snippet:-1","max-image-preview":"max-image-preview:large","max-video-preview":"max-video-preview:-1"},"og_locale":"fr_FR","og_type":"article","og_title":"Les Nuits Electro - Les Saisons Culturelles de Chaumont","og_description":"D\u00e9couvrez la programmation culturelle de la saison culturelle de la ville de Chaumont. Expositions, visites, rencontres, ateliers, concerts, spectacles, animations et plus encore.","og_url":"https:\/\/saisonsculturelleschaumont.fr\/mdxpuixt\/evenement\/les-nuits-electro-3\/2023-05-11\/","og_site_name":"Les Saisons Culturelles de Chaumont","article_publisher":"https:\/\/www.facebook.com\/saisonsculturelleschaumont\/","article_modified_time":"2023-05-11T16:18:43+00:00","og_image":[{"width":650,"height":434,"url":"https:\/\/saisonsculturelleschaumont.fr\/mdxpuixt\/wp-content\/uploads\/2023\/02\/DSC_4791-e1677503180133.jpg","type":"image\/jpeg"}],"twitter_card":"summary_large_image","twitter_misc":{"Dur\u00e9e de lecture estim\u00e9e":"1 minute"},"schema":{"@context":"https:\/\/schema.org","@graph":[{"@type":"WebPage","@id":"https:\/\/saisonsculturelleschaumont.fr\/mdxpuixt\/evenement\/les-nuits-electro-3\/2023-05-11\/","url":"https:\/\/saisonsculturelleschaumont.fr\/mdxpuixt\/evenement\/les-nuits-electro-3\/2023-05-11\/","name":"Les Nuits Electro - Les Saisons Culturelles de Chaumont","isPartOf":{"@id":"https:\/\/saisonsculturelleschaumont.fr\/mdxpuixt\/#website"},"datePublished":"2023-02-27T13:07:05+00:00","dateModified":"2023-05-11T16:18:43+00:00","description":"D\u00e9couvrez la programmation culturelle de la saison culturelle de la ville de Chaumont. Expositions, visites, rencontres, ateliers, concerts, spectacles, animations et plus encore.","breadcrumb":{"@id":"https:\/\/saisonsculturelleschaumont.fr\/mdxpuixt\/evenement\/les-nuits-electro-3\/2023-05-11\/#breadcrumb"},"inLanguage":"fr-FR","potentialAction":[{"@type":"ReadAction","target":["https:\/\/saisonsculturelleschaumont.fr\/mdxpuixt\/evenement\/les-nuits-electro-3\/2023-05-11\/"]}]},{"@type":"BreadcrumbList","@id":"https:\/\/saisonsculturelleschaumont.fr\/mdxpuixt\/evenement\/les-nuits-electro-3\/2023-05-11\/#breadcrumb","itemListElement":[{"@type":"ListItem","position":1,"name":"Accueil","item":"https:\/\/saisonsculturelleschaumont.fr\/mdxpuixt\/"},{"@type":"ListItem","position":2,"name":"\u00c9v\u00e8nements","item":"https:\/\/saisonsculturelleschaumont.fr\/mdxpuixt\/agenda\/"},{"@type":"ListItem","position":3,"name":"Les Nuits Electro"}]},{"@type":"WebSite","@id":"https:\/\/saisonsculturelleschaumont.fr\/mdxpuixt\/#website","url":"https:\/\/saisonsculturelleschaumont.fr\/mdxpuixt\/","name":"Les Saisons Culturelles de Chaumont","description":"","potentialAction":[{"@type":"SearchAction","target":{"@type":"EntryPoint","urlTemplate":"https:\/\/saisonsculturelleschaumont.fr\/mdxpuixt\/?s={search_term_string}"},"query-input":"required name=search_term_string"}],"inLanguage":"fr-FR"}]}},"uagb_featured_image_src":{"full":["https:\/\/saisonsculturelleschaumont.fr\/mdxpuixt\/wp-content\/uploads\/2023\/02\/DSC_4791-e1677503180133.jpg",650,434,false],"thumbnail":["https:\/\/saisonsculturelleschaumont.fr\/mdxpuixt\/wp-content\/uploads\/2023\/02\/DSC_4791-e1677503180133-80x80.jpg",80,80,true],"medium":["https:\/\/saisonsculturelleschaumont.fr\/mdxpuixt\/wp-content\/uploads\/2023\/02\/DSC_4791-e1677503180133-300x300.jpg",300,300,true],"medium_large":["https:\/\/saisonsculturelleschaumont.fr\/mdxpuixt\/wp-content\/uploads\/2023\/02\/DSC_4791-768x768.jpg",768,768,true],"large":["https:\/\/saisonsculturelleschaumont.fr\/mdxpuixt\/wp-content\/uploads\/2023\/02\/DSC_4791-1030x1030.jpg",1030,1030,true],"1536x1536":["https:\/\/saisonsculturelleschaumont.fr\/mdxpuixt\/wp-content\/uploads\/2023\/02\/DSC_4791-1536x1025.jpg",1536,1025,true],"2048x2048":["https:\/\/saisonsculturelleschaumont.fr\/mdxpuixt\/wp-content\/uploads\/2023\/02\/DSC_4791-e1677503180133.jpg",650,434,false],"widget":["https:\/\/saisonsculturelleschaumont.fr\/mdxpuixt\/wp-content\/uploads\/2023\/02\/DSC_4791-e1677503180133-36x36.jpg",36,36,true],"square":["https:\/\/saisonsculturelleschaumont.fr\/mdxpuixt\/wp-content\/uploads\/2023\/02\/DSC_4791-e1677503180133-180x180.jpg",180,180,true],"featured":["https:\/\/saisonsculturelleschaumont.fr\/mdxpuixt\/wp-content\/uploads\/2023\/02\/DSC_4791-e1677503180133-650x430.jpg",650,430,true],"featured_large":["https:\/\/saisonsculturelleschaumont.fr\/mdxpuixt\/wp-content\/uploads\/2023\/02\/DSC_4791-1500x630.jpg",1500,630,true],"extra_large":["https:\/\/saisonsculturelleschaumont.fr\/mdxpuixt\/wp-content\/uploads\/2023\/02\/DSC_4791-1500x1001.jpg",1500,1001,true],"portfolio":["https:\/\/saisonsculturelleschaumont.fr\/mdxpuixt\/wp-content\/uploads\/2023\/02\/DSC_4791-e1677503180133-495x400.jpg",495,400,true],"portfolio_small":["https:\/\/saisonsculturelleschaumont.fr\/mdxpuixt\/wp-content\/uploads\/2023\/02\/DSC_4791-e1677503180133-260x185.jpg",260,185,true],"gallery":["https:\/\/saisonsculturelleschaumont.fr\/mdxpuixt\/wp-content\/uploads\/2023\/02\/DSC_4791-845x684.jpg",845,684,true],"magazine":["https:\/\/saisonsculturelleschaumont.fr\/mdxpuixt\/wp-content\/uploads\/2023\/02\/DSC_4791-e1677503180133-650x375.jpg",650,375,true],"masonry":["https:\/\/saisonsculturelleschaumont.fr\/mdxpuixt\/wp-content\/uploads\/2023\/02\/DSC_4791-705x471.jpg",705,471,true],"entry_with_sidebar":["https:\/\/saisonsculturelleschaumont.fr\/mdxpuixt\/wp-content\/uploads\/2023\/02\/DSC_4791-e1677503180133-650x321.jpg",650,321,true],"entry_without_sidebar":["https:\/\/saisonsculturelleschaumont.fr\/mdxpuixt\/wp-content\/uploads\/2023\/02\/DSC_4791-e1677503180133-650x423.jpg",650,423,true]},"uagb_author_info":{"display_name":"Justine Ansel","author_link":"https:\/\/saisonsculturelleschaumont.fr\/mdxpuixt\/author\/justine-ansel\/"},"uagb_comment_info":0,"uagb_excerpt":"Les Nuits Electro reviennent \u00e0 La Chapelle des J\u00e9suites de Chaumont ! Entre d\u00e9montage et montage d\u2019expositions, platines et baffles reviennent \u00e0 la Chapelle pour deux soir\u00e9es ! Le collectif [&hellip;]","_links":{"self":[{"href":"https:\/\/saisonsculturelleschaumont.fr\/mdxpuixt\/wp-json\/wp\/v2\/tribe_events\/10001696"}],"collection":[{"href":"https:\/\/saisonsculturelleschaumont.fr\/mdxpuixt\/wp-json\/wp\/v2\/tribe_events"}],"about":[{"href":"https:\/\/saisonsculturelleschaumont.fr\/mdxpuixt\/wp-json\/wp\/v2\/types\/tribe_events"}],"author":[{"embeddable":true,"href":"https:\/\/saisonsculturelleschaumont.fr\/mdxpuixt\/wp-json\/wp\/v2\/users\/3"}],"replies":[{"embeddable":true,"href":"https:\/\/saisonsculturelleschaumont.fr\/mdxpuixt\/wp-json\/wp\/v2\/comments?post=10001696"}],"version-history":[{"count":0,"href":"https:\/\/saisonsculturelleschaumont.fr\/mdxpuixt\/wp-json\/wp\/v2\/tribe_events\/10001696\/revisions"}],"wp:featuredmedia":[{"embeddable":true,"href":"https:\/\/saisonsculturelleschaumont.fr\/mdxpuixt\/wp-json\/wp\/v2\/media\/9876"}],"wp:attachment":[{"href":"https:\/\/saisonsculturelleschaumont.fr\/mdxpuixt\/wp-json\/wp\/v2\/media?parent=10001696"}],"wp:term":[{"taxonomy":"post_tag","embeddable":true,"href":"https:\/\/saisonsculturelleschaumont.fr\/mdxpuixt\/wp-json\/wp\/v2\/tags?post=10001696"},{"taxonomy":"tribe_events_cat","embeddable":true,"href":"https:\/\/saisonsculturelleschaumont.fr\/mdxpuixt\/wp-json\/wp\/v2\/tribe_events_cat?post=10001696"}],"curies":[{"name":"wp","href":"https:\/\/api.w.org\/{rel}","templated":true}]}}