{"id":10012,"date":"2023-04-24T15:07:12","date_gmt":"2023-04-24T13:07:12","guid":{"rendered":"https:\/\/saisonsculturelleschaumont.fr\/mdxpuixt\/?post_type=tribe_events&#038;p=10012"},"modified":"2023-06-30T09:40:54","modified_gmt":"2023-06-30T07:40:54","slug":"journee-portes-ouvertes-du-conservatoire","status":"publish","type":"tribe_events","link":"https:\/\/saisonsculturelleschaumont.fr\/mdxpuixt\/evenement\/journee-portes-ouvertes-du-conservatoire\/","title":{"rendered":"Journ\u00e9e Portes Ouvertes du Conservatoire"},"content":{"rendered":"<p><strong>Le Conservatoire de Musique de Chaumont ouvre ses portes le mercredi 21 juin !<\/strong><\/p>\n<p style=\"font-weight: 400;\">A l\u2019occasion de la f\u00eate de la Musique, mercredi 21 juin, Le Conservatoire de Musique de la Ville de Chaumont est heureux d&rsquo;annoncer sa Journ\u00e9e Portes Ouvertes annuelle qui se tiendra de 10h \u00e0 12h30 et de 13h30 \u00e0 17h30. Cet \u00e9v\u00e9nement sp\u00e9cial offre une occasion unique aux amateurs de musique de tous \u00e2ges de d\u00e9couvrir le monde merveilleux de la musique et d&rsquo;explorer les nombreuses opportunit\u00e9s offertes par cet \u00e9tablissement.<\/p>\n<p style=\"font-weight: 400;\">Que vous soyez un passionn\u00e9 de musique classique, de jazz, de musiques actuelles ou simplement curieux d&rsquo;en apprendre davantage sur les instruments, la voix et les diff\u00e9rents cours possibles, la Journ\u00e9e Portes Ouvertes du Conservatoire de Musique est l&rsquo;occasion id\u00e9ale pour vous immerger dans l&rsquo;univers musical.<\/p>\n<p style=\"font-weight: 400;\">Lors de cette journ\u00e9e, nos portes seront grandes ouvertes pour accueillir les visiteurs. Vous aurez la possibilit\u00e9 de participer \u00e0 des cours d&rsquo;essai, d\u2019\u00e9couter des concerts d\u2019\u00e9l\u00e8ves, des r\u00e9p\u00e9titions et de rencontrer nos enseignants.<\/p>\n<p style=\"font-weight: 400;\">Le Conservatoire de Musique est reconnu pour son enseignement de qualit\u00e9, son atmosph\u00e8re conviviale et bienveillante. Notre engagement envers l&rsquo;\u00e9panouissement de chaque \u00e9l\u00e8ve fait de notre \u00e9tablissement un choix privil\u00e9gi\u00e9 pour tous ceux qui aspirent \u00e0 d\u00e9velopper leur talent musical. Ne manquez pas cette occasion de vous plonger dans le monde de la musique et de vivre une exp\u00e9rience enrichissante.<\/p>\n<p style=\"font-weight: 400;\">Pour plus d&rsquo;informations, n\u2019h\u00e9sitez pas \u00e0 nous contacter au 03 25 30 60 50 ou par mail \u00e0 <a href=\"mailto:ecole.musique@ville-chaumont.fr\">ecole.musique@ville-chaumont.fr<\/a>.<\/p>\n<p style=\"font-weight: 400;\">Nous sommes impatients de vous accueillir lors de notre Journ\u00e9e Portes Ouvertes !<\/p>\n<p style=\"font-weight: 400;\">\n","protected":false},"excerpt":{"rendered":"<p>Le Conservatoire de Musique de Chaumont ouvre ses portes le mercredi 21 juin ! A l\u2019occasion de la f\u00eate de la Musique, mercredi 21 juin, Le Conservatoire de Musique de [&hellip;]<\/p>\n","protected":false},"author":3,"featured_media":10165,"comment_status":"open","ping_status":"closed","template":"","meta":{"_uag_custom_page_level_css":"","_tribe_events_status":"","_tribe_events_status_reason":""},"tags":[114,141,390,99,391],"tribe_events_cat":[305],"yoast_head":"<!-- This site is optimized with the Yoast SEO plugin v21.1 - https:\/\/yoast.com\/wordpress\/plugins\/seo\/ -->\n<title>Journ\u00e9e Portes Ouvertes du Conservatoire - Les Saisons Culturelles de Chaumont<\/title>\n<meta name=\"description\" content=\"D\u00e9couvrez la programmation culturelle de la saison culturelle de la ville de Chaumont. Expositions, visites, rencontres, ateliers, concerts, spectacles, animations et plus encore.\" \/>\n<meta name=\"robots\" content=\"noindex, follow, max-snippet:-1, max-image-preview:large, max-video-preview:-1\" \/>\n<meta property=\"og:locale\" content=\"fr_FR\" \/>\n<meta property=\"og:type\" content=\"article\" \/>\n<meta property=\"og:title\" content=\"Journ\u00e9e Portes Ouvertes du Conservatoire - Les Saisons Culturelles de Chaumont\" \/>\n<meta property=\"og:description\" content=\"D\u00e9couvrez la programmation culturelle de la saison culturelle de la ville de Chaumont. Expositions, visites, rencontres, ateliers, concerts, spectacles, animations et plus encore.\" \/>\n<meta property=\"og:url\" content=\"https:\/\/saisonsculturelleschaumont.fr\/mdxpuixt\/evenement\/journee-portes-ouvertes-du-conservatoire\/\" \/>\n<meta property=\"og:site_name\" content=\"Les Saisons Culturelles de Chaumont\" \/>\n<meta property=\"article:publisher\" content=\"https:\/\/www.facebook.com\/saisonsculturelleschaumont\/\" \/>\n<meta property=\"article:modified_time\" content=\"2023-06-30T07:40:54+00:00\" \/>\n<meta property=\"og:image\" content=\"https:\/\/saisonsculturelleschaumont.fr\/mdxpuixt\/wp-content\/uploads\/2023\/04\/JPO_2022_photo-darchive-\u00a9droits-reserves-e1686152461400.jpeg\" \/>\n\t<meta property=\"og:image:width\" content=\"650\" \/>\n\t<meta property=\"og:image:height\" content=\"434\" \/>\n\t<meta property=\"og:image:type\" content=\"image\/jpeg\" \/>\n<meta name=\"twitter:card\" content=\"summary_large_image\" \/>\n<meta name=\"twitter:label1\" content=\"Dur\u00e9e de lecture estim\u00e9e\" \/>\n\t<meta name=\"twitter:data1\" content=\"2 minutes\" \/>\n<script type=\"application\/ld+json\" class=\"yoast-schema-graph\">{\"@context\":\"https:\/\/schema.org\",\"@graph\":[{\"@type\":\"WebPage\",\"@id\":\"https:\/\/saisonsculturelleschaumont.fr\/mdxpuixt\/evenement\/journee-portes-ouvertes-du-conservatoire\/\",\"url\":\"https:\/\/saisonsculturelleschaumont.fr\/mdxpuixt\/evenement\/journee-portes-ouvertes-du-conservatoire\/\",\"name\":\"Journ\u00e9e Portes Ouvertes du Conservatoire - Les Saisons Culturelles de Chaumont\",\"isPartOf\":{\"@id\":\"https:\/\/saisonsculturelleschaumont.fr\/mdxpuixt\/#website\"},\"datePublished\":\"2023-04-24T13:07:12+00:00\",\"dateModified\":\"2023-06-30T07:40:54+00:00\",\"description\":\"D\u00e9couvrez la programmation culturelle de la saison culturelle de la ville de Chaumont. Expositions, visites, rencontres, ateliers, concerts, spectacles, animations et plus encore.\",\"breadcrumb\":{\"@id\":\"https:\/\/saisonsculturelleschaumont.fr\/mdxpuixt\/evenement\/journee-portes-ouvertes-du-conservatoire\/#breadcrumb\"},\"inLanguage\":\"fr-FR\",\"potentialAction\":[{\"@type\":\"ReadAction\",\"target\":[\"https:\/\/saisonsculturelleschaumont.fr\/mdxpuixt\/evenement\/journee-portes-ouvertes-du-conservatoire\/\"]}]},{\"@type\":\"BreadcrumbList\",\"@id\":\"https:\/\/saisonsculturelleschaumont.fr\/mdxpuixt\/evenement\/journee-portes-ouvertes-du-conservatoire\/#breadcrumb\",\"itemListElement\":[{\"@type\":\"ListItem\",\"position\":1,\"name\":\"Accueil\",\"item\":\"https:\/\/saisonsculturelleschaumont.fr\/mdxpuixt\/\"},{\"@type\":\"ListItem\",\"position\":2,\"name\":\"\u00c9v\u00e8nements\",\"item\":\"https:\/\/saisonsculturelleschaumont.fr\/mdxpuixt\/agenda\/\"},{\"@type\":\"ListItem\",\"position\":3,\"name\":\"Journ\u00e9e Portes Ouvertes du Conservatoire\"}]},{\"@type\":\"WebSite\",\"@id\":\"https:\/\/saisonsculturelleschaumont.fr\/mdxpuixt\/#website\",\"url\":\"https:\/\/saisonsculturelleschaumont.fr\/mdxpuixt\/\",\"name\":\"Les Saisons Culturelles de Chaumont\",\"description\":\"\",\"potentialAction\":[{\"@type\":\"SearchAction\",\"target\":{\"@type\":\"EntryPoint\",\"urlTemplate\":\"https:\/\/saisonsculturelleschaumont.fr\/mdxpuixt\/?s={search_term_string}\"},\"query-input\":\"required name=search_term_string\"}],\"inLanguage\":\"fr-FR\"}]}<\/script>\n<!-- \/ Yoast SEO plugin. -->","yoast_head_json":{"title":"Journ\u00e9e Portes Ouvertes du Conservatoire - Les Saisons Culturelles de Chaumont","description":"D\u00e9couvrez la programmation culturelle de la saison culturelle de la ville de Chaumont. Expositions, visites, rencontres, ateliers, concerts, spectacles, animations et plus encore.","robots":{"index":"noindex","follow":"follow","max-snippet":"max-snippet:-1","max-image-preview":"max-image-preview:large","max-video-preview":"max-video-preview:-1"},"og_locale":"fr_FR","og_type":"article","og_title":"Journ\u00e9e Portes Ouvertes du Conservatoire - Les Saisons Culturelles de Chaumont","og_description":"D\u00e9couvrez la programmation culturelle de la saison culturelle de la ville de Chaumont. Expositions, visites, rencontres, ateliers, concerts, spectacles, animations et plus encore.","og_url":"https:\/\/saisonsculturelleschaumont.fr\/mdxpuixt\/evenement\/journee-portes-ouvertes-du-conservatoire\/","og_site_name":"Les Saisons Culturelles de Chaumont","article_publisher":"https:\/\/www.facebook.com\/saisonsculturelleschaumont\/","article_modified_time":"2023-06-30T07:40:54+00:00","og_image":[{"width":650,"height":434,"url":"https:\/\/saisonsculturelleschaumont.fr\/mdxpuixt\/wp-content\/uploads\/2023\/04\/JPO_2022_photo-darchive-\u00a9droits-reserves-e1686152461400.jpeg","type":"image\/jpeg"}],"twitter_card":"summary_large_image","twitter_misc":{"Dur\u00e9e de lecture estim\u00e9e":"2 minutes"},"schema":{"@context":"https:\/\/schema.org","@graph":[{"@type":"WebPage","@id":"https:\/\/saisonsculturelleschaumont.fr\/mdxpuixt\/evenement\/journee-portes-ouvertes-du-conservatoire\/","url":"https:\/\/saisonsculturelleschaumont.fr\/mdxpuixt\/evenement\/journee-portes-ouvertes-du-conservatoire\/","name":"Journ\u00e9e Portes Ouvertes du Conservatoire - Les Saisons Culturelles de Chaumont","isPartOf":{"@id":"https:\/\/saisonsculturelleschaumont.fr\/mdxpuixt\/#website"},"datePublished":"2023-04-24T13:07:12+00:00","dateModified":"2023-06-30T07:40:54+00:00","description":"D\u00e9couvrez la programmation culturelle de la saison culturelle de la ville de Chaumont. Expositions, visites, rencontres, ateliers, concerts, spectacles, animations et plus encore.","breadcrumb":{"@id":"https:\/\/saisonsculturelleschaumont.fr\/mdxpuixt\/evenement\/journee-portes-ouvertes-du-conservatoire\/#breadcrumb"},"inLanguage":"fr-FR","potentialAction":[{"@type":"ReadAction","target":["https:\/\/saisonsculturelleschaumont.fr\/mdxpuixt\/evenement\/journee-portes-ouvertes-du-conservatoire\/"]}]},{"@type":"BreadcrumbList","@id":"https:\/\/saisonsculturelleschaumont.fr\/mdxpuixt\/evenement\/journee-portes-ouvertes-du-conservatoire\/#breadcrumb","itemListElement":[{"@type":"ListItem","position":1,"name":"Accueil","item":"https:\/\/saisonsculturelleschaumont.fr\/mdxpuixt\/"},{"@type":"ListItem","position":2,"name":"\u00c9v\u00e8nements","item":"https:\/\/saisonsculturelleschaumont.fr\/mdxpuixt\/agenda\/"},{"@type":"ListItem","position":3,"name":"Journ\u00e9e Portes Ouvertes du Conservatoire"}]},{"@type":"WebSite","@id":"https:\/\/saisonsculturelleschaumont.fr\/mdxpuixt\/#website","url":"https:\/\/saisonsculturelleschaumont.fr\/mdxpuixt\/","name":"Les Saisons Culturelles de Chaumont","description":"","potentialAction":[{"@type":"SearchAction","target":{"@type":"EntryPoint","urlTemplate":"https:\/\/saisonsculturelleschaumont.fr\/mdxpuixt\/?s={search_term_string}"},"query-input":"required name=search_term_string"}],"inLanguage":"fr-FR"}]}},"uagb_featured_image_src":{"full":["https:\/\/saisonsculturelleschaumont.fr\/mdxpuixt\/wp-content\/uploads\/2023\/04\/JPO_2022_photo-darchive-\u00a9droits-reserves-e1686152461400.jpeg",650,434,false],"thumbnail":["https:\/\/saisonsculturelleschaumont.fr\/mdxpuixt\/wp-content\/uploads\/2023\/04\/JPO_2022_photo-darchive-\u00a9droits-reserves-e1686152461400-80x80.jpeg",80,80,true],"medium":["https:\/\/saisonsculturelleschaumont.fr\/mdxpuixt\/wp-content\/uploads\/2023\/04\/JPO_2022_photo-darchive-\u00a9droits-reserves-e1686152461400-300x300.jpeg",300,300,true],"medium_large":["https:\/\/saisonsculturelleschaumont.fr\/mdxpuixt\/wp-content\/uploads\/2023\/04\/JPO_2022_photo-darchive-\u00a9droits-reserves-768x768.jpeg",768,768,true],"large":["https:\/\/saisonsculturelleschaumont.fr\/mdxpuixt\/wp-content\/uploads\/2023\/04\/JPO_2022_photo-darchive-\u00a9droits-reserves-1030x1030.jpeg",1030,1030,true],"1536x1536":["https:\/\/saisonsculturelleschaumont.fr\/mdxpuixt\/wp-content\/uploads\/2023\/04\/JPO_2022_photo-darchive-\u00a9droits-reserves-1536x1025.jpeg",1536,1025,true],"2048x2048":["https:\/\/saisonsculturelleschaumont.fr\/mdxpuixt\/wp-content\/uploads\/2023\/04\/JPO_2022_photo-darchive-\u00a9droits-reserves-e1686152461400.jpeg",650,434,false],"widget":["https:\/\/saisonsculturelleschaumont.fr\/mdxpuixt\/wp-content\/uploads\/2023\/04\/JPO_2022_photo-darchive-\u00a9droits-reserves-e1686152461400-36x36.jpeg",36,36,true],"square":["https:\/\/saisonsculturelleschaumont.fr\/mdxpuixt\/wp-content\/uploads\/2023\/04\/JPO_2022_photo-darchive-\u00a9droits-reserves-e1686152461400-180x180.jpeg",180,180,true],"featured":["https:\/\/saisonsculturelleschaumont.fr\/mdxpuixt\/wp-content\/uploads\/2023\/04\/JPO_2022_photo-darchive-\u00a9droits-reserves-e1686152461400-650x430.jpeg",650,430,true],"featured_large":["https:\/\/saisonsculturelleschaumont.fr\/mdxpuixt\/wp-content\/uploads\/2023\/04\/JPO_2022_photo-darchive-\u00a9droits-reserves-1500x630.jpeg",1500,630,true],"extra_large":["https:\/\/saisonsculturelleschaumont.fr\/mdxpuixt\/wp-content\/uploads\/2023\/04\/JPO_2022_photo-darchive-\u00a9droits-reserves-1500x1001.jpeg",1500,1001,true],"portfolio":["https:\/\/saisonsculturelleschaumont.fr\/mdxpuixt\/wp-content\/uploads\/2023\/04\/JPO_2022_photo-darchive-\u00a9droits-reserves-e1686152461400-495x400.jpeg",495,400,true],"portfolio_small":["https:\/\/saisonsculturelleschaumont.fr\/mdxpuixt\/wp-content\/uploads\/2023\/04\/JPO_2022_photo-darchive-\u00a9droits-reserves-e1686152461400-260x185.jpeg",260,185,true],"gallery":["https:\/\/saisonsculturelleschaumont.fr\/mdxpuixt\/wp-content\/uploads\/2023\/04\/JPO_2022_photo-darchive-\u00a9droits-reserves-845x684.jpeg",845,684,true],"magazine":["https:\/\/saisonsculturelleschaumont.fr\/mdxpuixt\/wp-content\/uploads\/2023\/04\/JPO_2022_photo-darchive-\u00a9droits-reserves-e1686152461400-650x375.jpeg",650,375,true],"masonry":["https:\/\/saisonsculturelleschaumont.fr\/mdxpuixt\/wp-content\/uploads\/2023\/04\/JPO_2022_photo-darchive-\u00a9droits-reserves-705x471.jpeg",705,471,true],"entry_with_sidebar":["https:\/\/saisonsculturelleschaumont.fr\/mdxpuixt\/wp-content\/uploads\/2023\/04\/JPO_2022_photo-darchive-\u00a9droits-reserves-e1686152461400-650x321.jpeg",650,321,true],"entry_without_sidebar":["https:\/\/saisonsculturelleschaumont.fr\/mdxpuixt\/wp-content\/uploads\/2023\/04\/JPO_2022_photo-darchive-\u00a9droits-reserves-e1686152461400-650x423.jpeg",650,423,true]},"uagb_author_info":{"display_name":"Justine Ansel","author_link":"https:\/\/saisonsculturelleschaumont.fr\/mdxpuixt\/author\/justine-ansel\/"},"uagb_comment_info":0,"uagb_excerpt":"Le Conservatoire de Musique de Chaumont ouvre ses portes le mercredi 21 juin ! A l\u2019occasion de la f\u00eate de la Musique, mercredi 21 juin, Le Conservatoire de Musique de [&hellip;]","_links":{"self":[{"href":"https:\/\/saisonsculturelleschaumont.fr\/mdxpuixt\/wp-json\/wp\/v2\/tribe_events\/10012"}],"collection":[{"href":"https:\/\/saisonsculturelleschaumont.fr\/mdxpuixt\/wp-json\/wp\/v2\/tribe_events"}],"about":[{"href":"https:\/\/saisonsculturelleschaumont.fr\/mdxpuixt\/wp-json\/wp\/v2\/types\/tribe_events"}],"author":[{"embeddable":true,"href":"https:\/\/saisonsculturelleschaumont.fr\/mdxpuixt\/wp-json\/wp\/v2\/users\/3"}],"replies":[{"embeddable":true,"href":"https:\/\/saisonsculturelleschaumont.fr\/mdxpuixt\/wp-json\/wp\/v2\/comments?post=10012"}],"version-history":[{"count":0,"href":"https:\/\/saisonsculturelleschaumont.fr\/mdxpuixt\/wp-json\/wp\/v2\/tribe_events\/10012\/revisions"}],"wp:featuredmedia":[{"embeddable":true,"href":"https:\/\/saisonsculturelleschaumont.fr\/mdxpuixt\/wp-json\/wp\/v2\/media\/10165"}],"wp:attachment":[{"href":"https:\/\/saisonsculturelleschaumont.fr\/mdxpuixt\/wp-json\/wp\/v2\/media?parent=10012"}],"wp:term":[{"taxonomy":"post_tag","embeddable":true,"href":"https:\/\/saisonsculturelleschaumont.fr\/mdxpuixt\/wp-json\/wp\/v2\/tags?post=10012"},{"taxonomy":"tribe_events_cat","embeddable":true,"href":"https:\/\/saisonsculturelleschaumont.fr\/mdxpuixt\/wp-json\/wp\/v2\/tribe_events_cat?post=10012"}],"curies":[{"name":"wp","href":"https:\/\/api.w.org\/{rel}","templated":true}]}}