{"id":10014,"date":"2023-05-04T16:27:37","date_gmt":"2023-05-04T14:27:37","guid":{"rendered":"https:\/\/saisonsculturelleschaumont.fr\/mdxpuixt\/?post_type=tribe_events&#038;p=10014"},"modified":"2023-06-19T09:53:55","modified_gmt":"2023-06-19T07:53:55","slug":"harmonies-celestes-concert-de-lensemble-vocal-monteclair","status":"publish","type":"tribe_events","link":"https:\/\/saisonsculturelleschaumont.fr\/mdxpuixt\/evenement\/harmonies-celestes-concert-de-lensemble-vocal-monteclair\/","title":{"rendered":"Harmonies C\u00e9lestes &#8211; concert de l&rsquo;Ensemble Vocal Mont\u00e9clair"},"content":{"rendered":"<p>\u00ab\u00a0Apr\u00e8s les concerts de juin 2022, consacr\u00e9s au r\u00e9pertoire vocal europ\u00e9en du XVIIIe si\u00e8cle, l\u2019Ensemble Vocal Mont\u00e9clair vous propose de d\u00e9couvrir quelques magnifiques pages plus anciennes d\u2019un si\u00e8cle. Les instruments baroques, principalement \u00e0 cordes, de La R\u00e9jouissance se muent cette ann\u00e9e en une formation de cuivres typique du XVIIe si\u00e8cle : cornets et sacqueboutes accompagneront les voix dans un tour d\u2019Europe qui commence en Italie avec deux compositions de Cavalli pour atteindre ensuite l\u2019Espagne du Catalan Franc\u00e8sc Valls et la France d\u2019Henry du Mont. Pour conclure dignement ce parcours, impossible d\u2019ignorer Johann Sebastian Bach, dont nous proposons une composition de jeunesse: le motet BWV 231, dont certains musicologues contestent la paternit\u00e9. Inscrit jusqu\u2019\u00e0 son adolescence dans les limites chronologiques du XVIIe si\u00e8cle, le grand compositeur \u00e9tait d\u00e9j\u00e0 par sa musique destin\u00e9 \u00e0 \u00e9chapper au temps !\u00a0\u00bb<\/p>\n<p style=\"text-align: right;\">St\u00e9fano Intrieri, directeur musical de l&rsquo;EVM<\/p>\n<p>&nbsp;<\/p>\n<p>L&rsquo;Ensemble Vocal Mont\u00e9clair accueille le choeur arm\u00e9nien Nareg Gyumri pour un concert rassemblant deux choeurs :<\/p>\n<ul>\n<li><strong>ENSEMBLE VOCAL MONT\u00c9CLAIR<span class=\"Apple-converted-space\">\u00a0<\/span><\/strong><\/li>\n<li><strong>NAREG GYUMRI &amp; CHOEUR DU CONSERVATOIRE DE GYUMRI (ARM\u00c9NIE)<span class=\"Apple-converted-space\">\u00a0<\/span><\/strong><\/li>\n<\/ul>\n<p>55 choristes r\u00e9partis en 5 voix: soprano I et II, alto, t\u00e9nor et basse.<\/p>\n<p>ENSEMBLE INSTRUMENTAL <i>L<\/i><i>A <\/i><i>R<\/i><i>\u00c9JOUISSANCE <\/i>:<span class=\"Apple-converted-space\">\u00a0<\/span><\/p>\n<p>9 instrumentistes professionnels distribu\u00e9s en:<\/p>\n<p>2 cornets (et\/ou fl\u00fbtes \u00e0 bec)<\/p>\n<p>3 sacqueboutes<\/p>\n<p>viole ou violoncelle<\/p>\n<p>violone<\/p>\n<p>orgue<\/p>\n<p>clavecin<\/p>\n<p>DIRECTION &amp; CLAVECIN : STEFANO INTRIERI<\/p>\n<p><span class=\"Apple-converted-space\">\u00a0<\/span><\/p>\n<p><strong><em>AVEC LE SOUTIEN\u00a0<\/em><\/strong><\/p>\n<p>-des Villes de Langres, Saints-Geosmes, Varennes-sur-Amance et Chaumont.<br \/>\n-de l\u2019association Les Petits Loups 52400 et l\u2019association de l\u2019\u00c9glise de Varennes-sur-Amance.<br \/>\n-des M\u00e9c\u00e8nes et Annonceurs.<\/p>\n<p><em><strong>BILLETTERIE <span class=\"Apple-converted-space\">\u00a0<\/span><\/strong><\/em><\/p>\n<p>HELLOASSO Monteclair\u00a0<span class=\"Apple-converted-space\"><br \/>\n<\/span>https:\/\/www.helloasso.com\/associations\/ensemble-vocal-monteclair<span class=\"Apple-converted-space\">\u00a0<\/span><\/p>\n<p><em><strong>CONTACTS\u00a0<\/strong><\/em><\/p>\n<p>Ensemble Vocal Mont\u00e9clair \u201342, bd de Lattre de Tassigny \u201352200 LANGRES<span class=\"Apple-converted-space\"><br \/>\n<\/span>Dominique Viard \u201306 74 89 44 96 \u2013dom.viard@wanadoo.fr<span class=\"Apple-converted-space\"><br \/>\n<\/span>Chaumont: Office de Tourisme de Chaumont: 03 25 03 80 80<br \/>\nSaints-Geosmes: Patricia Berthelot \u201306 65 55 12 90 \u2013pat.berthelot@free.fr<br \/>\nVarennes-sur-Amance: Association Les Petits Loups: 07 80 30 12 80<\/p>\n<p>&nbsp;<\/p>\n","protected":false},"excerpt":{"rendered":"<p>\u00ab\u00a0Apr\u00e8s les concerts de juin 2022, consacr\u00e9s au r\u00e9pertoire vocal europ\u00e9en du XVIIIe si\u00e8cle, l\u2019Ensemble Vocal Mont\u00e9clair vous propose de d\u00e9couvrir quelques magnifiques pages plus anciennes d\u2019un si\u00e8cle. Les instruments [&hellip;]<\/p>\n","protected":false},"author":3,"featured_media":10015,"comment_status":"open","ping_status":"closed","template":"","meta":{"_uag_custom_page_level_css":"","_tribe_events_status":"","_tribe_events_status_reason":""},"tags":[368,51,377],"tribe_events_cat":[305],"yoast_head":"<!-- This site is optimized with the Yoast SEO plugin v21.1 - https:\/\/yoast.com\/wordpress\/plugins\/seo\/ -->\n<title>Harmonies C\u00e9lestes - concert de l&#039;Ensemble Vocal Mont\u00e9clair - Les Saisons Culturelles de Chaumont<\/title>\n<meta name=\"description\" content=\"D\u00e9couvrez la programmation culturelle de la saison culturelle de la ville de Chaumont. Expositions, visites, rencontres, ateliers, concerts, spectacles, animations et plus encore.\" \/>\n<meta name=\"robots\" content=\"noindex, follow, max-snippet:-1, max-image-preview:large, max-video-preview:-1\" \/>\n<meta property=\"og:locale\" content=\"fr_FR\" \/>\n<meta property=\"og:type\" content=\"article\" \/>\n<meta property=\"og:title\" content=\"Harmonies C\u00e9lestes - concert de l&#039;Ensemble Vocal Mont\u00e9clair - Les Saisons Culturelles de Chaumont\" \/>\n<meta property=\"og:description\" content=\"D\u00e9couvrez la programmation culturelle de la saison culturelle de la ville de Chaumont. Expositions, visites, rencontres, ateliers, concerts, spectacles, animations et plus encore.\" \/>\n<meta property=\"og:url\" content=\"https:\/\/saisonsculturelleschaumont.fr\/mdxpuixt\/evenement\/harmonies-celestes-concert-de-lensemble-vocal-monteclair\/\" \/>\n<meta property=\"og:site_name\" content=\"Les Saisons Culturelles de Chaumont\" \/>\n<meta property=\"article:publisher\" content=\"https:\/\/www.facebook.com\/saisonsculturelleschaumont\/\" \/>\n<meta property=\"article:modified_time\" content=\"2023-06-19T07:53:55+00:00\" \/>\n<meta property=\"og:image\" content=\"https:\/\/saisonsculturelleschaumont.fr\/mdxpuixt\/wp-content\/uploads\/2023\/05\/E.V.-Monteclair-Chaumont-ND-du-Rosaire-26-juin-2022-Concert-Passe-pour-lEurope--e1683210424446.jpg\" \/>\n\t<meta property=\"og:image:width\" content=\"650\" \/>\n\t<meta property=\"og:image:height\" content=\"239\" \/>\n\t<meta property=\"og:image:type\" content=\"image\/jpeg\" \/>\n<meta name=\"twitter:card\" content=\"summary_large_image\" \/>\n<meta name=\"twitter:label1\" content=\"Dur\u00e9e de lecture estim\u00e9e\" \/>\n\t<meta name=\"twitter:data1\" content=\"2 minutes\" \/>\n<script type=\"application\/ld+json\" class=\"yoast-schema-graph\">{\"@context\":\"https:\/\/schema.org\",\"@graph\":[{\"@type\":\"WebPage\",\"@id\":\"https:\/\/saisonsculturelleschaumont.fr\/mdxpuixt\/evenement\/harmonies-celestes-concert-de-lensemble-vocal-monteclair\/\",\"url\":\"https:\/\/saisonsculturelleschaumont.fr\/mdxpuixt\/evenement\/harmonies-celestes-concert-de-lensemble-vocal-monteclair\/\",\"name\":\"Harmonies C\u00e9lestes - concert de l'Ensemble Vocal Mont\u00e9clair - Les Saisons Culturelles de Chaumont\",\"isPartOf\":{\"@id\":\"https:\/\/saisonsculturelleschaumont.fr\/mdxpuixt\/#website\"},\"datePublished\":\"2023-05-04T14:27:37+00:00\",\"dateModified\":\"2023-06-19T07:53:55+00:00\",\"description\":\"D\u00e9couvrez la programmation culturelle de la saison culturelle de la ville de Chaumont. Expositions, visites, rencontres, ateliers, concerts, spectacles, animations et plus encore.\",\"breadcrumb\":{\"@id\":\"https:\/\/saisonsculturelleschaumont.fr\/mdxpuixt\/evenement\/harmonies-celestes-concert-de-lensemble-vocal-monteclair\/#breadcrumb\"},\"inLanguage\":\"fr-FR\",\"potentialAction\":[{\"@type\":\"ReadAction\",\"target\":[\"https:\/\/saisonsculturelleschaumont.fr\/mdxpuixt\/evenement\/harmonies-celestes-concert-de-lensemble-vocal-monteclair\/\"]}]},{\"@type\":\"BreadcrumbList\",\"@id\":\"https:\/\/saisonsculturelleschaumont.fr\/mdxpuixt\/evenement\/harmonies-celestes-concert-de-lensemble-vocal-monteclair\/#breadcrumb\",\"itemListElement\":[{\"@type\":\"ListItem\",\"position\":1,\"name\":\"Accueil\",\"item\":\"https:\/\/saisonsculturelleschaumont.fr\/mdxpuixt\/\"},{\"@type\":\"ListItem\",\"position\":2,\"name\":\"\u00c9v\u00e8nements\",\"item\":\"https:\/\/saisonsculturelleschaumont.fr\/mdxpuixt\/agenda\/\"},{\"@type\":\"ListItem\",\"position\":3,\"name\":\"Harmonies C\u00e9lestes &#8211; concert de l&rsquo;Ensemble Vocal Mont\u00e9clair\"}]},{\"@type\":\"WebSite\",\"@id\":\"https:\/\/saisonsculturelleschaumont.fr\/mdxpuixt\/#website\",\"url\":\"https:\/\/saisonsculturelleschaumont.fr\/mdxpuixt\/\",\"name\":\"Les Saisons Culturelles de Chaumont\",\"description\":\"\",\"potentialAction\":[{\"@type\":\"SearchAction\",\"target\":{\"@type\":\"EntryPoint\",\"urlTemplate\":\"https:\/\/saisonsculturelleschaumont.fr\/mdxpuixt\/?s={search_term_string}\"},\"query-input\":\"required name=search_term_string\"}],\"inLanguage\":\"fr-FR\"}]}<\/script>\n<!-- \/ Yoast SEO plugin. -->","yoast_head_json":{"title":"Harmonies C\u00e9lestes - concert de l'Ensemble Vocal Mont\u00e9clair - Les Saisons Culturelles de Chaumont","description":"D\u00e9couvrez la programmation culturelle de la saison culturelle de la ville de Chaumont. Expositions, visites, rencontres, ateliers, concerts, spectacles, animations et plus encore.","robots":{"index":"noindex","follow":"follow","max-snippet":"max-snippet:-1","max-image-preview":"max-image-preview:large","max-video-preview":"max-video-preview:-1"},"og_locale":"fr_FR","og_type":"article","og_title":"Harmonies C\u00e9lestes - concert de l'Ensemble Vocal Mont\u00e9clair - Les Saisons Culturelles de Chaumont","og_description":"D\u00e9couvrez la programmation culturelle de la saison culturelle de la ville de Chaumont. Expositions, visites, rencontres, ateliers, concerts, spectacles, animations et plus encore.","og_url":"https:\/\/saisonsculturelleschaumont.fr\/mdxpuixt\/evenement\/harmonies-celestes-concert-de-lensemble-vocal-monteclair\/","og_site_name":"Les Saisons Culturelles de Chaumont","article_publisher":"https:\/\/www.facebook.com\/saisonsculturelleschaumont\/","article_modified_time":"2023-06-19T07:53:55+00:00","og_image":[{"width":650,"height":239,"url":"https:\/\/saisonsculturelleschaumont.fr\/mdxpuixt\/wp-content\/uploads\/2023\/05\/E.V.-Monteclair-Chaumont-ND-du-Rosaire-26-juin-2022-Concert-Passe-pour-lEurope--e1683210424446.jpg","type":"image\/jpeg"}],"twitter_card":"summary_large_image","twitter_misc":{"Dur\u00e9e de lecture estim\u00e9e":"2 minutes"},"schema":{"@context":"https:\/\/schema.org","@graph":[{"@type":"WebPage","@id":"https:\/\/saisonsculturelleschaumont.fr\/mdxpuixt\/evenement\/harmonies-celestes-concert-de-lensemble-vocal-monteclair\/","url":"https:\/\/saisonsculturelleschaumont.fr\/mdxpuixt\/evenement\/harmonies-celestes-concert-de-lensemble-vocal-monteclair\/","name":"Harmonies C\u00e9lestes - concert de l'Ensemble Vocal Mont\u00e9clair - Les Saisons Culturelles de Chaumont","isPartOf":{"@id":"https:\/\/saisonsculturelleschaumont.fr\/mdxpuixt\/#website"},"datePublished":"2023-05-04T14:27:37+00:00","dateModified":"2023-06-19T07:53:55+00:00","description":"D\u00e9couvrez la programmation culturelle de la saison culturelle de la ville de Chaumont. Expositions, visites, rencontres, ateliers, concerts, spectacles, animations et plus encore.","breadcrumb":{"@id":"https:\/\/saisonsculturelleschaumont.fr\/mdxpuixt\/evenement\/harmonies-celestes-concert-de-lensemble-vocal-monteclair\/#breadcrumb"},"inLanguage":"fr-FR","potentialAction":[{"@type":"ReadAction","target":["https:\/\/saisonsculturelleschaumont.fr\/mdxpuixt\/evenement\/harmonies-celestes-concert-de-lensemble-vocal-monteclair\/"]}]},{"@type":"BreadcrumbList","@id":"https:\/\/saisonsculturelleschaumont.fr\/mdxpuixt\/evenement\/harmonies-celestes-concert-de-lensemble-vocal-monteclair\/#breadcrumb","itemListElement":[{"@type":"ListItem","position":1,"name":"Accueil","item":"https:\/\/saisonsculturelleschaumont.fr\/mdxpuixt\/"},{"@type":"ListItem","position":2,"name":"\u00c9v\u00e8nements","item":"https:\/\/saisonsculturelleschaumont.fr\/mdxpuixt\/agenda\/"},{"@type":"ListItem","position":3,"name":"Harmonies C\u00e9lestes &#8211; concert de l&rsquo;Ensemble Vocal Mont\u00e9clair"}]},{"@type":"WebSite","@id":"https:\/\/saisonsculturelleschaumont.fr\/mdxpuixt\/#website","url":"https:\/\/saisonsculturelleschaumont.fr\/mdxpuixt\/","name":"Les Saisons Culturelles de Chaumont","description":"","potentialAction":[{"@type":"SearchAction","target":{"@type":"EntryPoint","urlTemplate":"https:\/\/saisonsculturelleschaumont.fr\/mdxpuixt\/?s={search_term_string}"},"query-input":"required name=search_term_string"}],"inLanguage":"fr-FR"}]}},"uagb_featured_image_src":{"full":["https:\/\/saisonsculturelleschaumont.fr\/mdxpuixt\/wp-content\/uploads\/2023\/05\/E.V.-Monteclair-Chaumont-ND-du-Rosaire-26-juin-2022-Concert-Passe-pour-lEurope--e1683210424446.jpg",650,239,false],"thumbnail":["https:\/\/saisonsculturelleschaumont.fr\/mdxpuixt\/wp-content\/uploads\/2023\/05\/E.V.-Monteclair-Chaumont-ND-du-Rosaire-26-juin-2022-Concert-Passe-pour-lEurope--e1683210424446-80x80.jpg",80,80,true],"medium":["https:\/\/saisonsculturelleschaumont.fr\/mdxpuixt\/wp-content\/uploads\/2023\/05\/E.V.-Monteclair-Chaumont-ND-du-Rosaire-26-juin-2022-Concert-Passe-pour-lEurope--e1683210424446-300x239.jpg",300,239,true],"medium_large":["https:\/\/saisonsculturelleschaumont.fr\/mdxpuixt\/wp-content\/uploads\/2023\/05\/E.V.-Monteclair-Chaumont-ND-du-Rosaire-26-juin-2022-Concert-Passe-pour-lEurope--768x355.jpg",768,355,true],"large":["https:\/\/saisonsculturelleschaumont.fr\/mdxpuixt\/wp-content\/uploads\/2023\/05\/E.V.-Monteclair-Chaumont-ND-du-Rosaire-26-juin-2022-Concert-Passe-pour-lEurope--e1683210424446.jpg",650,239,false],"1536x1536":["https:\/\/saisonsculturelleschaumont.fr\/mdxpuixt\/wp-content\/uploads\/2023\/05\/E.V.-Monteclair-Chaumont-ND-du-Rosaire-26-juin-2022-Concert-Passe-pour-lEurope--e1683210424446.jpg",650,239,false],"2048x2048":["https:\/\/saisonsculturelleschaumont.fr\/mdxpuixt\/wp-content\/uploads\/2023\/05\/E.V.-Monteclair-Chaumont-ND-du-Rosaire-26-juin-2022-Concert-Passe-pour-lEurope--e1683210424446.jpg",650,239,false],"widget":["https:\/\/saisonsculturelleschaumont.fr\/mdxpuixt\/wp-content\/uploads\/2023\/05\/E.V.-Monteclair-Chaumont-ND-du-Rosaire-26-juin-2022-Concert-Passe-pour-lEurope--e1683210424446-36x36.jpg",36,36,true],"square":["https:\/\/saisonsculturelleschaumont.fr\/mdxpuixt\/wp-content\/uploads\/2023\/05\/E.V.-Monteclair-Chaumont-ND-du-Rosaire-26-juin-2022-Concert-Passe-pour-lEurope--e1683210424446-180x180.jpg",180,180,true],"featured":["https:\/\/saisonsculturelleschaumont.fr\/mdxpuixt\/wp-content\/uploads\/2023\/05\/E.V.-Monteclair-Chaumont-ND-du-Rosaire-26-juin-2022-Concert-Passe-pour-lEurope--e1683210424446.jpg",650,239,false],"featured_large":["https:\/\/saisonsculturelleschaumont.fr\/mdxpuixt\/wp-content\/uploads\/2023\/05\/E.V.-Monteclair-Chaumont-ND-du-Rosaire-26-juin-2022-Concert-Passe-pour-lEurope--e1683210424446.jpg",650,239,false],"extra_large":["https:\/\/saisonsculturelleschaumont.fr\/mdxpuixt\/wp-content\/uploads\/2023\/05\/E.V.-Monteclair-Chaumont-ND-du-Rosaire-26-juin-2022-Concert-Passe-pour-lEurope--e1683210424446.jpg",650,239,false],"portfolio":["https:\/\/saisonsculturelleschaumont.fr\/mdxpuixt\/wp-content\/uploads\/2023\/05\/E.V.-Monteclair-Chaumont-ND-du-Rosaire-26-juin-2022-Concert-Passe-pour-lEurope--e1683210424446-495x239.jpg",495,239,true],"portfolio_small":["https:\/\/saisonsculturelleschaumont.fr\/mdxpuixt\/wp-content\/uploads\/2023\/05\/E.V.-Monteclair-Chaumont-ND-du-Rosaire-26-juin-2022-Concert-Passe-pour-lEurope--e1683210424446-260x185.jpg",260,185,true],"gallery":["https:\/\/saisonsculturelleschaumont.fr\/mdxpuixt\/wp-content\/uploads\/2023\/05\/E.V.-Monteclair-Chaumont-ND-du-Rosaire-26-juin-2022-Concert-Passe-pour-lEurope--845x355.jpg",845,355,true],"magazine":["https:\/\/saisonsculturelleschaumont.fr\/mdxpuixt\/wp-content\/uploads\/2023\/05\/E.V.-Monteclair-Chaumont-ND-du-Rosaire-26-juin-2022-Concert-Passe-pour-lEurope--710x355.jpg",710,355,true],"masonry":["https:\/\/saisonsculturelleschaumont.fr\/mdxpuixt\/wp-content\/uploads\/2023\/05\/E.V.-Monteclair-Chaumont-ND-du-Rosaire-26-juin-2022-Concert-Passe-pour-lEurope--705x259.jpg",705,259,true],"entry_with_sidebar":["https:\/\/saisonsculturelleschaumont.fr\/mdxpuixt\/wp-content\/uploads\/2023\/05\/E.V.-Monteclair-Chaumont-ND-du-Rosaire-26-juin-2022-Concert-Passe-pour-lEurope--845x321.jpg",845,321,true],"entry_without_sidebar":["https:\/\/saisonsculturelleschaumont.fr\/mdxpuixt\/wp-content\/uploads\/2023\/05\/E.V.-Monteclair-Chaumont-ND-du-Rosaire-26-juin-2022-Concert-Passe-pour-lEurope--e1683210424446.jpg",650,239,false]},"uagb_author_info":{"display_name":"Justine Ansel","author_link":"https:\/\/saisonsculturelleschaumont.fr\/mdxpuixt\/author\/justine-ansel\/"},"uagb_comment_info":0,"uagb_excerpt":"\u00ab\u00a0Apr\u00e8s les concerts de juin 2022, consacr\u00e9s au r\u00e9pertoire vocal europ\u00e9en du XVIIIe si\u00e8cle, l\u2019Ensemble Vocal Mont\u00e9clair vous propose de d\u00e9couvrir quelques magnifiques pages plus anciennes d\u2019un si\u00e8cle. Les instruments [&hellip;]","_links":{"self":[{"href":"https:\/\/saisonsculturelleschaumont.fr\/mdxpuixt\/wp-json\/wp\/v2\/tribe_events\/10014"}],"collection":[{"href":"https:\/\/saisonsculturelleschaumont.fr\/mdxpuixt\/wp-json\/wp\/v2\/tribe_events"}],"about":[{"href":"https:\/\/saisonsculturelleschaumont.fr\/mdxpuixt\/wp-json\/wp\/v2\/types\/tribe_events"}],"author":[{"embeddable":true,"href":"https:\/\/saisonsculturelleschaumont.fr\/mdxpuixt\/wp-json\/wp\/v2\/users\/3"}],"replies":[{"embeddable":true,"href":"https:\/\/saisonsculturelleschaumont.fr\/mdxpuixt\/wp-json\/wp\/v2\/comments?post=10014"}],"version-history":[{"count":0,"href":"https:\/\/saisonsculturelleschaumont.fr\/mdxpuixt\/wp-json\/wp\/v2\/tribe_events\/10014\/revisions"}],"wp:featuredmedia":[{"embeddable":true,"href":"https:\/\/saisonsculturelleschaumont.fr\/mdxpuixt\/wp-json\/wp\/v2\/media\/10015"}],"wp:attachment":[{"href":"https:\/\/saisonsculturelleschaumont.fr\/mdxpuixt\/wp-json\/wp\/v2\/media?parent=10014"}],"wp:term":[{"taxonomy":"post_tag","embeddable":true,"href":"https:\/\/saisonsculturelleschaumont.fr\/mdxpuixt\/wp-json\/wp\/v2\/tags?post=10014"},{"taxonomy":"tribe_events_cat","embeddable":true,"href":"https:\/\/saisonsculturelleschaumont.fr\/mdxpuixt\/wp-json\/wp\/v2\/tribe_events_cat?post=10014"}],"curies":[{"name":"wp","href":"https:\/\/api.w.org\/{rel}","templated":true}]}}