{"id":10019,"date":"2023-05-15T09:01:24","date_gmt":"2023-05-15T07:01:24","guid":{"rendered":"https:\/\/saisonsculturelleschaumont.fr\/mdxpuixt\/?post_type=tribe_events&#038;p=10019"},"modified":"2023-05-15T09:01:24","modified_gmt":"2023-05-15T07:01:24","slug":"concert-la-toute-multiple-liken","status":"publish","type":"tribe_events","link":"https:\/\/saisonsculturelleschaumont.fr\/mdxpuixt\/evenement\/concert-la-toute-multiple-liken\/","title":{"rendered":"Concert \u00ab\u00a0La Toute Multiple\u00a0\u00bb &#8211; LIKEN"},"content":{"rendered":"<div class=\"xdj266r x11i5rnm xat24cr x1mh8g0r x1vvkbs\">Simone s\u2019invite \u00e0 La Chapelle !<\/div>\n<div class=\"x11i5rnm xat24cr x1mh8g0r x1vvkbs xtlvy1s\">Simone a le plaisir d\u2019accueillir de nouveau l\u2019ensemble LIK\u03a3N pour un concert hors-norme dont ils ont le secret, \u00e0 la Chapelle des J\u00e9suites cette fois, en partenariat avec les Saisons Culturelles.<br \/>\nUn concert \u00e0 ne manquer sous aucun pr\u00e9texte !<\/div>\n<div><\/div>\n<div class=\"x11i5rnm xat24cr x1mh8g0r x1vvkbs xtlvy1s\">LA TOUTE MULTIPLE : ensemble LIK\u03a3N<\/div>\n<div class=\"x11i5rnm xat24cr x1mh8g0r x1vvkbs xtlvy1s\">Le concert d\u00e9bute par un temps de pr\u00e9sentation de l\u2019oeuvre et des instruments, qui donne des cl\u00e9s pour pouvoir entrer pleinement dans cette saisissante musique.<\/div>\n<div class=\"x11i5rnm xat24cr x1mh8g0r x1vvkbs xtlvy1s\">La toute multiple, \u00e9manation de Notre-dame-des-fleurs de Jean Genet, est la nouvelle pi\u00e8ce de l\u2019ensemble LIK\u03a3N imagin\u00e9e par le compositeur et trompettiste Timoth\u00e9e Quost et \u00e9labor\u00e9e avec les musicien(ne)s de l\u2019ensemble.<\/div>\n<div class=\"x11i5rnm xat24cr x1mh8g0r x1vvkbs xtlvy1s\">Ils inventent un sentier de sonorit\u00e9s qui touchent \u00e0 notre intimit\u00e9 la plus profonde. Gr\u00e2ce \u00e0 un travail de pr\u00e9cision avec le microphone, ils d\u00e9gagent des mondes sonores imperceptibles pour l\u2019oreille nue.<\/div>\n<div class=\"x11i5rnm xat24cr x1mh8g0r x1vvkbs xtlvy1s\">En r\u00e9v\u00e9lant ces parties cach\u00e9es du sonore, LIK\u03a3N met \u00e0 jour une v\u00e9ritable po\u00e9sie de l\u2019intime, un discours venant activer nos \u00e9motions int\u00e9rieures.<\/div>\n<div class=\"x11i5rnm xat24cr x1mh8g0r x1vvkbs xtlvy1s\">Timoth\u00e9e Quost et L\u00e9o Margue d\u00e9veloppent via la composition et la direction des syst\u00e8mes d\u2019\u00e9critures permettant d\u2019envisager de nouveaux rapports entre l\u2019improvisation et la composition.<\/div>\n<div class=\"x11i5rnm xat24cr x1mh8g0r x1vvkbs xtlvy1s\">La toute multiple est aussi un monstre sonore qui se d\u00e9ploie sur sc\u00e8ne, une musique inou\u00efe qui saisit l\u2019auditeur pour lui procurer des ressentis hors normes.<\/div>\n<div class=\"x11i5rnm xat24cr x1mh8g0r x1vvkbs xtlvy1s\">LIK\u03a3N renverse les codes et donne \u00e0 voir et \u00e0 entendre une expression artistique fra\u00eeche et puissante.<\/div>\n<div><\/div>\n<div class=\"x11i5rnm xat24cr x1mh8g0r x1vvkbs xtlvy1s\">Quentin Coppalle \/ fl\u00fbte<br \/>\nAriane Bacquet \/ hautbois, cor anglais<br \/>\nXavi\u00e8re Fertin \/ clarinettes<br \/>\nLo\u00efc Vergnaux \/ clarinette basse<br \/>\nJean Wagner \/ cor<br \/>\nFanny Meteier \/ tuba<br \/>\nTimoth\u00e9e Quost \/ trompette, composition<br \/>\nL\u00e9o Margue \/ direction<br \/>\nPaul Alkhallaf \/ ing\u00e9nieur du son<\/div>\n<div><\/div>\n<div class=\"x11i5rnm xat24cr x1mh8g0r x1vvkbs xtlvy1s\">dimanche 14 mai 2023<br \/>\n\u00e0 16h<br \/>\n\u00e0 La Chapelle des J\u00e9suites de Chaumont<br \/>\ngratuit<\/div>\n<div><\/div>\n<div class=\"x11i5rnm xat24cr x1mh8g0r x1vvkbs xtlvy1s\">TEASER : <a class=\"x1i10hfl xjbqb8w x6umtig x1b1mbwd xaqea5y xav7gou x9f619 x1ypdohk xt0psk2 xe8uvvx xdj266r x11i5rnm xat24cr x1mh8g0r xexx8yu x4uap5 x18d9i69 xkhd6sd x16tdsg8 x1hl2dhg xggy1nq x1a2a7pz xt0b8zv x1fey0fg\" tabindex=\"0\" role=\"link\" href=\"https:\/\/l.facebook.com\/l.php?u=https%3A%2F%2Fwww.youtube.com%2Fwatch%3Fv%3DIpsr2WgkoIo%26fbclid%3DIwAR1GNXYgrQU2rQMzy7d8WpbdPyJTvUakC9F-ZgfD2l_D-5HsxaaQKbJxdO0&amp;h=AT0G0tdQB5rK9bnbuh3vSgbzNDi4c-d_9G4UprzRJGLTvc-pNGJkyiNxDXRfoKs4nU8k5IYSOMPSsxIbRosn6CE1bB9_hKxaL5hjq6FRKT-xuNrAmqC7-dQobKP81FmVPyaPhDFlywusFpX9t5cqJic&amp;__tn__=q&amp;c[0]=AT1Y3qdMDsZgznt74dOZlB93O6l5XlL2bY6ysuhdcyf7ntQUi1kMZiN-y3jEd3N2mdwTdRJ28TvoUGE0UFxnrikvu4EO5QIAfhKPh3vGwlgGL8M584qxCG8UX6wH2Sk83hVMLHF7CR8dMb9DoMm3Mr0usZok\" target=\"_blank\" rel=\"nofollow noopener\">https:\/\/www.youtube.com\/watch?v=Ipsr2WgkoIo<\/a><\/div>\n<div><\/div>\n<div class=\"x11i5rnm xat24cr x1mh8g0r x1vvkbs xtlvy1s\"><em>Simone re\u00e7oit le soutien de la CC3F et de France Active Champagne Ardenne | elle est conventionn\u00e9e avec le Conseil d\u00e9partemental de Haute-Marne, la R\u00e9gion Grand Est, la DRAC Grand Est (Atelier de Fabrique artistique) et l&rsquo;\u00c9tat (Agence Nationale de la coh\u00e9sion des territoires, programme Nouveaux Lieux Nouveaux Liens, label Fabrique de Territoire). Simone est dans le Parc National de for\u00eats. Simone est labellis\u00e9e Espace de Vie Sociale de la CAF, et Tiers-lieu du Grand Est.<\/em><\/div>\n","protected":false},"excerpt":{"rendered":"<p>Simone s\u2019invite \u00e0 La Chapelle ! Simone a le plaisir d\u2019accueillir de nouveau l\u2019ensemble LIK\u03a3N pour un concert hors-norme dont ils ont le secret, \u00e0 la Chapelle des J\u00e9suites cette [&hellip;]<\/p>\n","protected":false},"author":3,"featured_media":10020,"comment_status":"open","ping_status":"closed","template":"","meta":{"_uag_custom_page_level_css":"","_tribe_events_status":"","_tribe_events_status_reason":""},"tags":[51,377,229],"tribe_events_cat":[305],"yoast_head":"<!-- This site is optimized with the Yoast SEO plugin v21.1 - https:\/\/yoast.com\/wordpress\/plugins\/seo\/ -->\n<title>Concert &quot;La Toute Multiple&quot; - LIKEN - Les Saisons Culturelles de Chaumont<\/title>\n<meta name=\"description\" content=\"D\u00e9couvrez la programmation culturelle de la saison culturelle de la ville de Chaumont. Expositions, visites, rencontres, ateliers, concerts, spectacles, animations et plus encore.\" \/>\n<meta name=\"robots\" content=\"noindex, follow, max-snippet:-1, max-image-preview:large, max-video-preview:-1\" \/>\n<meta property=\"og:locale\" content=\"fr_FR\" \/>\n<meta property=\"og:type\" content=\"article\" \/>\n<meta property=\"og:title\" content=\"Concert &quot;La Toute Multiple&quot; - LIKEN - Les Saisons Culturelles de Chaumont\" \/>\n<meta property=\"og:description\" content=\"D\u00e9couvrez la programmation culturelle de la saison culturelle de la ville de Chaumont. Expositions, visites, rencontres, ateliers, concerts, spectacles, animations et plus encore.\" \/>\n<meta property=\"og:url\" content=\"https:\/\/saisonsculturelleschaumont.fr\/mdxpuixt\/evenement\/concert-la-toute-multiple-liken\/\" \/>\n<meta property=\"og:site_name\" content=\"Les Saisons Culturelles de Chaumont\" \/>\n<meta property=\"article:publisher\" content=\"https:\/\/www.facebook.com\/saisonsculturelleschaumont\/\" \/>\n<meta property=\"og:image\" content=\"https:\/\/saisonsculturelleschaumont.fr\/mdxpuixt\/wp-content\/uploads\/2023\/05\/96580c93e75d__LIKEN-scaled-e1684134003749.jpg\" \/>\n\t<meta property=\"og:image:width\" content=\"650\" \/>\n\t<meta property=\"og:image:height\" content=\"408\" \/>\n\t<meta property=\"og:image:type\" content=\"image\/jpeg\" \/>\n<meta name=\"twitter:card\" content=\"summary_large_image\" \/>\n<meta name=\"twitter:label1\" content=\"Dur\u00e9e de lecture estim\u00e9e\" \/>\n\t<meta name=\"twitter:data1\" content=\"2 minutes\" \/>\n<script type=\"application\/ld+json\" class=\"yoast-schema-graph\">{\"@context\":\"https:\/\/schema.org\",\"@graph\":[{\"@type\":\"WebPage\",\"@id\":\"https:\/\/saisonsculturelleschaumont.fr\/mdxpuixt\/evenement\/concert-la-toute-multiple-liken\/\",\"url\":\"https:\/\/saisonsculturelleschaumont.fr\/mdxpuixt\/evenement\/concert-la-toute-multiple-liken\/\",\"name\":\"Concert \\\"La Toute Multiple\\\" - LIKEN - Les Saisons Culturelles de Chaumont\",\"isPartOf\":{\"@id\":\"https:\/\/saisonsculturelleschaumont.fr\/mdxpuixt\/#website\"},\"datePublished\":\"2023-05-15T07:01:24+00:00\",\"dateModified\":\"2023-05-15T07:01:24+00:00\",\"description\":\"D\u00e9couvrez la programmation culturelle de la saison culturelle de la ville de Chaumont. Expositions, visites, rencontres, ateliers, concerts, spectacles, animations et plus encore.\",\"breadcrumb\":{\"@id\":\"https:\/\/saisonsculturelleschaumont.fr\/mdxpuixt\/evenement\/concert-la-toute-multiple-liken\/#breadcrumb\"},\"inLanguage\":\"fr-FR\",\"potentialAction\":[{\"@type\":\"ReadAction\",\"target\":[\"https:\/\/saisonsculturelleschaumont.fr\/mdxpuixt\/evenement\/concert-la-toute-multiple-liken\/\"]}]},{\"@type\":\"BreadcrumbList\",\"@id\":\"https:\/\/saisonsculturelleschaumont.fr\/mdxpuixt\/evenement\/concert-la-toute-multiple-liken\/#breadcrumb\",\"itemListElement\":[{\"@type\":\"ListItem\",\"position\":1,\"name\":\"Accueil\",\"item\":\"https:\/\/saisonsculturelleschaumont.fr\/mdxpuixt\/\"},{\"@type\":\"ListItem\",\"position\":2,\"name\":\"\u00c9v\u00e8nements\",\"item\":\"https:\/\/saisonsculturelleschaumont.fr\/mdxpuixt\/agenda\/\"},{\"@type\":\"ListItem\",\"position\":3,\"name\":\"Concert \u00ab\u00a0La Toute Multiple\u00a0\u00bb &#8211; LIKEN\"}]},{\"@type\":\"WebSite\",\"@id\":\"https:\/\/saisonsculturelleschaumont.fr\/mdxpuixt\/#website\",\"url\":\"https:\/\/saisonsculturelleschaumont.fr\/mdxpuixt\/\",\"name\":\"Les Saisons Culturelles de Chaumont\",\"description\":\"\",\"potentialAction\":[{\"@type\":\"SearchAction\",\"target\":{\"@type\":\"EntryPoint\",\"urlTemplate\":\"https:\/\/saisonsculturelleschaumont.fr\/mdxpuixt\/?s={search_term_string}\"},\"query-input\":\"required name=search_term_string\"}],\"inLanguage\":\"fr-FR\"}]}<\/script>\n<!-- \/ Yoast SEO plugin. -->","yoast_head_json":{"title":"Concert \"La Toute Multiple\" - LIKEN - Les Saisons Culturelles de Chaumont","description":"D\u00e9couvrez la programmation culturelle de la saison culturelle de la ville de Chaumont. Expositions, visites, rencontres, ateliers, concerts, spectacles, animations et plus encore.","robots":{"index":"noindex","follow":"follow","max-snippet":"max-snippet:-1","max-image-preview":"max-image-preview:large","max-video-preview":"max-video-preview:-1"},"og_locale":"fr_FR","og_type":"article","og_title":"Concert \"La Toute Multiple\" - LIKEN - Les Saisons Culturelles de Chaumont","og_description":"D\u00e9couvrez la programmation culturelle de la saison culturelle de la ville de Chaumont. Expositions, visites, rencontres, ateliers, concerts, spectacles, animations et plus encore.","og_url":"https:\/\/saisonsculturelleschaumont.fr\/mdxpuixt\/evenement\/concert-la-toute-multiple-liken\/","og_site_name":"Les Saisons Culturelles de Chaumont","article_publisher":"https:\/\/www.facebook.com\/saisonsculturelleschaumont\/","og_image":[{"width":650,"height":408,"url":"https:\/\/saisonsculturelleschaumont.fr\/mdxpuixt\/wp-content\/uploads\/2023\/05\/96580c93e75d__LIKEN-scaled-e1684134003749.jpg","type":"image\/jpeg"}],"twitter_card":"summary_large_image","twitter_misc":{"Dur\u00e9e de lecture estim\u00e9e":"2 minutes"},"schema":{"@context":"https:\/\/schema.org","@graph":[{"@type":"WebPage","@id":"https:\/\/saisonsculturelleschaumont.fr\/mdxpuixt\/evenement\/concert-la-toute-multiple-liken\/","url":"https:\/\/saisonsculturelleschaumont.fr\/mdxpuixt\/evenement\/concert-la-toute-multiple-liken\/","name":"Concert \"La Toute Multiple\" - LIKEN - Les Saisons Culturelles de Chaumont","isPartOf":{"@id":"https:\/\/saisonsculturelleschaumont.fr\/mdxpuixt\/#website"},"datePublished":"2023-05-15T07:01:24+00:00","dateModified":"2023-05-15T07:01:24+00:00","description":"D\u00e9couvrez la programmation culturelle de la saison culturelle de la ville de Chaumont. Expositions, visites, rencontres, ateliers, concerts, spectacles, animations et plus encore.","breadcrumb":{"@id":"https:\/\/saisonsculturelleschaumont.fr\/mdxpuixt\/evenement\/concert-la-toute-multiple-liken\/#breadcrumb"},"inLanguage":"fr-FR","potentialAction":[{"@type":"ReadAction","target":["https:\/\/saisonsculturelleschaumont.fr\/mdxpuixt\/evenement\/concert-la-toute-multiple-liken\/"]}]},{"@type":"BreadcrumbList","@id":"https:\/\/saisonsculturelleschaumont.fr\/mdxpuixt\/evenement\/concert-la-toute-multiple-liken\/#breadcrumb","itemListElement":[{"@type":"ListItem","position":1,"name":"Accueil","item":"https:\/\/saisonsculturelleschaumont.fr\/mdxpuixt\/"},{"@type":"ListItem","position":2,"name":"\u00c9v\u00e8nements","item":"https:\/\/saisonsculturelleschaumont.fr\/mdxpuixt\/agenda\/"},{"@type":"ListItem","position":3,"name":"Concert \u00ab\u00a0La Toute Multiple\u00a0\u00bb &#8211; LIKEN"}]},{"@type":"WebSite","@id":"https:\/\/saisonsculturelleschaumont.fr\/mdxpuixt\/#website","url":"https:\/\/saisonsculturelleschaumont.fr\/mdxpuixt\/","name":"Les Saisons Culturelles de Chaumont","description":"","potentialAction":[{"@type":"SearchAction","target":{"@type":"EntryPoint","urlTemplate":"https:\/\/saisonsculturelleschaumont.fr\/mdxpuixt\/?s={search_term_string}"},"query-input":"required name=search_term_string"}],"inLanguage":"fr-FR"}]}},"uagb_featured_image_src":{"full":["https:\/\/saisonsculturelleschaumont.fr\/mdxpuixt\/wp-content\/uploads\/2023\/05\/96580c93e75d__LIKEN-scaled-e1684134003749.jpg",650,408,false],"thumbnail":["https:\/\/saisonsculturelleschaumont.fr\/mdxpuixt\/wp-content\/uploads\/2023\/05\/96580c93e75d__LIKEN-scaled-e1684134003749-80x80.jpg",80,80,true],"medium":["https:\/\/saisonsculturelleschaumont.fr\/mdxpuixt\/wp-content\/uploads\/2023\/05\/96580c93e75d__LIKEN-scaled-e1684134003749-300x300.jpg",300,300,true],"medium_large":["https:\/\/saisonsculturelleschaumont.fr\/mdxpuixt\/wp-content\/uploads\/2023\/05\/96580c93e75d__LIKEN-768x768.jpg",768,768,true],"large":["https:\/\/saisonsculturelleschaumont.fr\/mdxpuixt\/wp-content\/uploads\/2023\/05\/96580c93e75d__LIKEN-1030x1030.jpg",1030,1030,true],"1536x1536":["https:\/\/saisonsculturelleschaumont.fr\/mdxpuixt\/wp-content\/uploads\/2023\/05\/96580c93e75d__LIKEN-1536x964.jpg",1536,964,true],"2048x2048":["https:\/\/saisonsculturelleschaumont.fr\/mdxpuixt\/wp-content\/uploads\/2023\/05\/96580c93e75d__LIKEN-2048x1286.jpg",2048,1286,true],"widget":["https:\/\/saisonsculturelleschaumont.fr\/mdxpuixt\/wp-content\/uploads\/2023\/05\/96580c93e75d__LIKEN-scaled-e1684134003749-36x36.jpg",36,36,true],"square":["https:\/\/saisonsculturelleschaumont.fr\/mdxpuixt\/wp-content\/uploads\/2023\/05\/96580c93e75d__LIKEN-scaled-e1684134003749-180x180.jpg",180,180,true],"featured":["https:\/\/saisonsculturelleschaumont.fr\/mdxpuixt\/wp-content\/uploads\/2023\/05\/96580c93e75d__LIKEN-1500x430.jpg",1500,430,true],"featured_large":["https:\/\/saisonsculturelleschaumont.fr\/mdxpuixt\/wp-content\/uploads\/2023\/05\/96580c93e75d__LIKEN-1500x630.jpg",1500,630,true],"extra_large":["https:\/\/saisonsculturelleschaumont.fr\/mdxpuixt\/wp-content\/uploads\/2023\/05\/96580c93e75d__LIKEN-1500x942.jpg",1500,942,true],"portfolio":["https:\/\/saisonsculturelleschaumont.fr\/mdxpuixt\/wp-content\/uploads\/2023\/05\/96580c93e75d__LIKEN-scaled-e1684134003749-495x400.jpg",495,400,true],"portfolio_small":["https:\/\/saisonsculturelleschaumont.fr\/mdxpuixt\/wp-content\/uploads\/2023\/05\/96580c93e75d__LIKEN-scaled-e1684134003749-260x185.jpg",260,185,true],"gallery":["https:\/\/saisonsculturelleschaumont.fr\/mdxpuixt\/wp-content\/uploads\/2023\/05\/96580c93e75d__LIKEN-845x684.jpg",845,684,true],"magazine":["https:\/\/saisonsculturelleschaumont.fr\/mdxpuixt\/wp-content\/uploads\/2023\/05\/96580c93e75d__LIKEN-scaled-e1684134003749-650x375.jpg",650,375,true],"masonry":["https:\/\/saisonsculturelleschaumont.fr\/mdxpuixt\/wp-content\/uploads\/2023\/05\/96580c93e75d__LIKEN-705x443.jpg",705,443,true],"entry_with_sidebar":["https:\/\/saisonsculturelleschaumont.fr\/mdxpuixt\/wp-content\/uploads\/2023\/05\/96580c93e75d__LIKEN-scaled-e1684134003749-650x321.jpg",650,321,true],"entry_without_sidebar":["https:\/\/saisonsculturelleschaumont.fr\/mdxpuixt\/wp-content\/uploads\/2023\/05\/96580c93e75d__LIKEN-1210x423.jpg",1210,423,true]},"uagb_author_info":{"display_name":"Justine Ansel","author_link":"https:\/\/saisonsculturelleschaumont.fr\/mdxpuixt\/author\/justine-ansel\/"},"uagb_comment_info":0,"uagb_excerpt":"Simone s\u2019invite \u00e0 La Chapelle ! Simone a le plaisir d\u2019accueillir de nouveau l\u2019ensemble LIK\u03a3N pour un concert hors-norme dont ils ont le secret, \u00e0 la Chapelle des J\u00e9suites cette [&hellip;]","_links":{"self":[{"href":"https:\/\/saisonsculturelleschaumont.fr\/mdxpuixt\/wp-json\/wp\/v2\/tribe_events\/10019"}],"collection":[{"href":"https:\/\/saisonsculturelleschaumont.fr\/mdxpuixt\/wp-json\/wp\/v2\/tribe_events"}],"about":[{"href":"https:\/\/saisonsculturelleschaumont.fr\/mdxpuixt\/wp-json\/wp\/v2\/types\/tribe_events"}],"author":[{"embeddable":true,"href":"https:\/\/saisonsculturelleschaumont.fr\/mdxpuixt\/wp-json\/wp\/v2\/users\/3"}],"replies":[{"embeddable":true,"href":"https:\/\/saisonsculturelleschaumont.fr\/mdxpuixt\/wp-json\/wp\/v2\/comments?post=10019"}],"version-history":[{"count":0,"href":"https:\/\/saisonsculturelleschaumont.fr\/mdxpuixt\/wp-json\/wp\/v2\/tribe_events\/10019\/revisions"}],"wp:featuredmedia":[{"embeddable":true,"href":"https:\/\/saisonsculturelleschaumont.fr\/mdxpuixt\/wp-json\/wp\/v2\/media\/10020"}],"wp:attachment":[{"href":"https:\/\/saisonsculturelleschaumont.fr\/mdxpuixt\/wp-json\/wp\/v2\/media?parent=10019"}],"wp:term":[{"taxonomy":"post_tag","embeddable":true,"href":"https:\/\/saisonsculturelleschaumont.fr\/mdxpuixt\/wp-json\/wp\/v2\/tags?post=10019"},{"taxonomy":"tribe_events_cat","embeddable":true,"href":"https:\/\/saisonsculturelleschaumont.fr\/mdxpuixt\/wp-json\/wp\/v2\/tribe_events_cat?post=10019"}],"curies":[{"name":"wp","href":"https:\/\/api.w.org\/{rel}","templated":true}]}}