{"id":10053,"date":"2023-05-25T17:17:01","date_gmt":"2023-05-25T15:17:01","guid":{"rendered":"https:\/\/saisonsculturelleschaumont.fr\/mdxpuixt\/?post_type=tribe_events&#038;p=10053"},"modified":"2023-06-30T09:41:09","modified_gmt":"2023-06-30T07:41:09","slug":"fete-de-la-musique-2023","status":"publish","type":"tribe_events","link":"https:\/\/saisonsculturelleschaumont.fr\/mdxpuixt\/evenement\/fete-de-la-musique-2023\/","title":{"rendered":"F\u00caTE DE LA MUSIQUE 2023"},"content":{"rendered":"<p class=\"xdj266r x11i5rnm xat24cr x1mh8g0r x1vvkbs\">Nous vous attendons nombreux le 21 juin 2023 pour c\u00e9l\u00e9brer la musique sous toutes ses formes et dans tous ses genres.<\/p>\n<h3>PROGRAMME<\/h3>\n<p>&nbsp;<\/p>\n<p><strong>Journ\u00e9e Portes Ouvertes<\/strong><br \/>\ntoute la journ\u00e9e<br \/>\n<strong>&amp; concerts d\u2019\u00e9l\u00e8ves<\/strong><br \/>\n11h &amp; 16h30<br \/>\n\ud83d\udccc Conservatoire de Musique<\/p>\n<p><strong>LUCIE JOY TRIO<\/strong><br \/>\n20h30<br \/>\n<strong>KIPLAN<\/strong><br \/>\n21h45<br \/>\n<strong>GOYA<\/strong><br \/>\n23h15<br \/>\n<em>Tremplin du Chien \u00e0 Plumes<\/em><br \/>\n\ud83d\udccc Place de l\u2019H\u00f4tel de Ville<\/p>\n<p class=\"x11i5rnm xat24cr x1mh8g0r x1vvkbs xtlvy1s\"><strong>Association Orcivalys d&rsquo;Orquevaux<\/strong><br \/>\n15h30<br \/>\norgue<br \/>\n<span class=\"x3nfvp2 x1j61x8r x1fcty0u xdj266r xhhsvwb xat24cr xgzva0m xxymvpz xlup9mm x1kky2od\"><img decoding=\"async\" loading=\"lazy\" src=\"https:\/\/static.xx.fbcdn.net\/images\/emoji.php\/v9\/t4b\/2\/16\/1f4cc.png\" alt=\"\ud83d\udccc\" width=\"16\" height=\"16\" \/><\/span> Hall d&rsquo;honneur de la pr\u00e9fecture<\/p>\n<p class=\"x11i5rnm xat24cr x1mh8g0r x1vvkbs xtlvy1s\"><strong>Les Percus &amp; Chemises<\/strong> <span class=\"x3nfvp2 x1j61x8r x1fcty0u xdj266r xhhsvwb xat24cr xgzva0m xxymvpz xlup9mm x1kky2od\"><br \/>\n<\/span>16h45<br \/>\npercussions<br \/>\n<span class=\"x3nfvp2 x1j61x8r x1fcty0u xdj266r xhhsvwb xat24cr xgzva0m xxymvpz xlup9mm x1kky2od\"><img decoding=\"async\" loading=\"lazy\" src=\"https:\/\/static.xx.fbcdn.net\/images\/emoji.php\/v9\/t4b\/2\/16\/1f4cc.png\" alt=\"\ud83d\udccc\" width=\"16\" height=\"16\" \/><\/span> Cour d&rsquo;honneur de la pr\u00e9fecture<\/p>\n<p class=\"x11i5rnm xat24cr x1mh8g0r x1vvkbs xtlvy1s\"><strong>Ambiance guinguette avec Ren\u00e9 GROLLIER, artiste accord\u00e9oniste haut-marnais et Bibi MILESI accompagn\u00e9 par Allan, chanteurs haut-marnais &amp; pr\u00e9sentation de la fresque de l&rsquo;artiste Boris BELUCHE\u00a0<\/strong><span class=\"x3nfvp2 x1j61x8r x1fcty0u xdj266r xhhsvwb xat24cr xgzva0m xxymvpz xlup9mm x1kky2od\"><br \/>\n<\/span>18h15<br \/>\n<span class=\"x3nfvp2 x1j61x8r x1fcty0u xdj266r xhhsvwb xat24cr xgzva0m xxymvpz xlup9mm x1kky2od\"><img decoding=\"async\" loading=\"lazy\" src=\"https:\/\/static.xx.fbcdn.net\/images\/emoji.php\/v9\/t4b\/2\/16\/1f4cc.png\" alt=\"\ud83d\udccc\" width=\"16\" height=\"16\" \/><\/span> Cour arri\u00e8re de la pr\u00e9fecture<\/p>\n<p><strong>Trio de Jazz<\/strong><br \/>\n<em>jazz<\/em><br \/>\n\ud83d\udccc Bistrot des Halles<\/p>\n<p><strong>Penelop\u2019<\/strong><br \/>\n21h<br \/>\n<em>reprises rock<\/em><br \/>\n\ud83d\udccc Brasserie \u00e0 l\u2019Affiche<\/p>\n<p><strong>Les Copains d\u2019Accords<\/strong><br \/>\n18h30<br \/>\n<em>reprises chansons fran\u00e7aises<\/em><br \/>\n\ud83d\udccc Cour de l\u2019\u00e9cole de Brottes<\/p>\n<p><strong>Manhattan<\/strong><br \/>\n20h<br \/>\n<em>rock<\/em><br \/>\n\ud83d\udccc Institut du Patrimoine Haut-Marnais (entr\u00e9e par le 19 rue Girardon)<\/p>\n<p><strong>Georges Agouazi\u00a0<\/strong><br \/>\n21h<br \/>\n<em>vari\u00e9t\u00e9 club<\/em><br \/>\n\ud83d\udccc K32 factory<\/p>\n<p><strong>St\u00e9phane James Roncier<\/strong><br \/>\n20h<br \/>\n<em>DJ<\/em><br \/>\n\ud83d\udccc Le Parisien<\/p>\n<p><strong>Les Jambes d\u2019Hollywood<\/strong><br \/>\n<em>reprises 70\u2019s\/80\u2019s<\/em><br \/>\n\ud83d\udccc Les 4 fesses<\/p>\n<p><strong>Orchestre d\u2019Harmonie de Chaumont<\/strong><br \/>\ndirig\u00e9 par Audrey Fertier &amp; Anthony Perrin<br \/>\n19h<br \/>\n\ud83d\udccc Place des Arts<\/p>\n<p><strong>G\u00e9n\u00e9ration Club<\/strong><br \/>\n20h<br \/>\n<em>dance\/techno\/hardstyle<\/em><br \/>\n\ud83d\udccc Square Boulingrin<\/p>\n<p><strong>FMMR<\/strong><br \/>\n21h<br \/>\n<em>reprises pop-rock<\/em><br \/>\n\ud83d\udccc Ze bock<\/p>\n<p><strong>Chris &amp; Isaac<\/strong><br \/>\n21h<br \/>\n<span class=\"x3nfvp2 x1j61x8r x1fcty0u xdj266r xhhsvwb xat24cr xgzva0m xxymvpz xlup9mm x1kky2od\"><img decoding=\"async\" loading=\"lazy\" src=\"https:\/\/static.xx.fbcdn.net\/images\/emoji.php\/v9\/t4b\/2\/16\/1f4cc.png\" alt=\"\ud83d\udccc\" width=\"16\" height=\"16\" \/><\/span> L&rsquo;Utopiste<\/p>\n<p>&nbsp;<\/p>\n<p>&nbsp;<\/p>\n","protected":false},"excerpt":{"rendered":"<p>Nous vous attendons nombreux le 21 juin 2023 pour c\u00e9l\u00e9brer la musique sous toutes ses formes et dans tous ses genres. PROGRAMME &nbsp; Journ\u00e9e Portes Ouvertes toute la journ\u00e9e &amp; [&hellip;]<\/p>\n","protected":false},"author":3,"featured_media":10054,"comment_status":"open","ping_status":"closed","template":"","meta":{"_uag_custom_page_level_css":"","_tribe_events_status":"","_tribe_events_status_reason":""},"tags":[285,163,248,99,256,394],"tribe_events_cat":[305],"yoast_head":"<!-- This site is optimized with the Yoast SEO plugin v21.1 - https:\/\/yoast.com\/wordpress\/plugins\/seo\/ -->\n<title>F\u00caTE DE LA MUSIQUE 2023 - Les Saisons Culturelles de Chaumont<\/title>\n<meta name=\"description\" content=\"D\u00e9couvrez la programmation culturelle de la saison culturelle de la ville de Chaumont. Expositions, visites, rencontres, ateliers, concerts, spectacles, animations et plus encore.\" \/>\n<meta name=\"robots\" content=\"noindex, follow, max-snippet:-1, max-image-preview:large, max-video-preview:-1\" \/>\n<meta property=\"og:locale\" content=\"fr_FR\" \/>\n<meta property=\"og:type\" content=\"article\" \/>\n<meta property=\"og:title\" content=\"F\u00caTE DE LA MUSIQUE 2023 - Les Saisons Culturelles de Chaumont\" \/>\n<meta property=\"og:description\" content=\"D\u00e9couvrez la programmation culturelle de la saison culturelle de la ville de Chaumont. Expositions, visites, rencontres, ateliers, concerts, spectacles, animations et plus encore.\" \/>\n<meta property=\"og:url\" content=\"https:\/\/saisonsculturelleschaumont.fr\/mdxpuixt\/evenement\/fete-de-la-musique-2023\/\" \/>\n<meta property=\"og:site_name\" content=\"Les Saisons Culturelles de Chaumont\" \/>\n<meta property=\"article:publisher\" content=\"https:\/\/www.facebook.com\/saisonsculturelleschaumont\/\" \/>\n<meta property=\"article:modified_time\" content=\"2023-06-30T07:41:09+00:00\" \/>\n<meta property=\"og:image\" content=\"https:\/\/saisonsculturelleschaumont.fr\/mdxpuixt\/wp-content\/uploads\/2023\/05\/FM-23_1080x1080_visueltypo-e1685027672570.jpg\" \/>\n\t<meta property=\"og:image:width\" content=\"650\" \/>\n\t<meta property=\"og:image:height\" content=\"650\" \/>\n\t<meta property=\"og:image:type\" content=\"image\/jpeg\" \/>\n<meta name=\"twitter:card\" content=\"summary_large_image\" \/>\n<meta name=\"twitter:label1\" content=\"Dur\u00e9e de lecture estim\u00e9e\" \/>\n\t<meta name=\"twitter:data1\" content=\"2 minutes\" \/>\n<script type=\"application\/ld+json\" class=\"yoast-schema-graph\">{\"@context\":\"https:\/\/schema.org\",\"@graph\":[{\"@type\":\"WebPage\",\"@id\":\"https:\/\/saisonsculturelleschaumont.fr\/mdxpuixt\/evenement\/fete-de-la-musique-2023\/\",\"url\":\"https:\/\/saisonsculturelleschaumont.fr\/mdxpuixt\/evenement\/fete-de-la-musique-2023\/\",\"name\":\"F\u00caTE DE LA MUSIQUE 2023 - Les Saisons Culturelles de Chaumont\",\"isPartOf\":{\"@id\":\"https:\/\/saisonsculturelleschaumont.fr\/mdxpuixt\/#website\"},\"datePublished\":\"2023-05-25T15:17:01+00:00\",\"dateModified\":\"2023-06-30T07:41:09+00:00\",\"description\":\"D\u00e9couvrez la programmation culturelle de la saison culturelle de la ville de Chaumont. Expositions, visites, rencontres, ateliers, concerts, spectacles, animations et plus encore.\",\"breadcrumb\":{\"@id\":\"https:\/\/saisonsculturelleschaumont.fr\/mdxpuixt\/evenement\/fete-de-la-musique-2023\/#breadcrumb\"},\"inLanguage\":\"fr-FR\",\"potentialAction\":[{\"@type\":\"ReadAction\",\"target\":[\"https:\/\/saisonsculturelleschaumont.fr\/mdxpuixt\/evenement\/fete-de-la-musique-2023\/\"]}]},{\"@type\":\"BreadcrumbList\",\"@id\":\"https:\/\/saisonsculturelleschaumont.fr\/mdxpuixt\/evenement\/fete-de-la-musique-2023\/#breadcrumb\",\"itemListElement\":[{\"@type\":\"ListItem\",\"position\":1,\"name\":\"Accueil\",\"item\":\"https:\/\/saisonsculturelleschaumont.fr\/mdxpuixt\/\"},{\"@type\":\"ListItem\",\"position\":2,\"name\":\"\u00c9v\u00e8nements\",\"item\":\"https:\/\/saisonsculturelleschaumont.fr\/mdxpuixt\/agenda\/\"},{\"@type\":\"ListItem\",\"position\":3,\"name\":\"F\u00caTE DE LA MUSIQUE 2023\"}]},{\"@type\":\"WebSite\",\"@id\":\"https:\/\/saisonsculturelleschaumont.fr\/mdxpuixt\/#website\",\"url\":\"https:\/\/saisonsculturelleschaumont.fr\/mdxpuixt\/\",\"name\":\"Les Saisons Culturelles de Chaumont\",\"description\":\"\",\"potentialAction\":[{\"@type\":\"SearchAction\",\"target\":{\"@type\":\"EntryPoint\",\"urlTemplate\":\"https:\/\/saisonsculturelleschaumont.fr\/mdxpuixt\/?s={search_term_string}\"},\"query-input\":\"required name=search_term_string\"}],\"inLanguage\":\"fr-FR\"}]}<\/script>\n<!-- \/ Yoast SEO plugin. -->","yoast_head_json":{"title":"F\u00caTE DE LA MUSIQUE 2023 - Les Saisons Culturelles de Chaumont","description":"D\u00e9couvrez la programmation culturelle de la saison culturelle de la ville de Chaumont. Expositions, visites, rencontres, ateliers, concerts, spectacles, animations et plus encore.","robots":{"index":"noindex","follow":"follow","max-snippet":"max-snippet:-1","max-image-preview":"max-image-preview:large","max-video-preview":"max-video-preview:-1"},"og_locale":"fr_FR","og_type":"article","og_title":"F\u00caTE DE LA MUSIQUE 2023 - Les Saisons Culturelles de Chaumont","og_description":"D\u00e9couvrez la programmation culturelle de la saison culturelle de la ville de Chaumont. Expositions, visites, rencontres, ateliers, concerts, spectacles, animations et plus encore.","og_url":"https:\/\/saisonsculturelleschaumont.fr\/mdxpuixt\/evenement\/fete-de-la-musique-2023\/","og_site_name":"Les Saisons Culturelles de Chaumont","article_publisher":"https:\/\/www.facebook.com\/saisonsculturelleschaumont\/","article_modified_time":"2023-06-30T07:41:09+00:00","og_image":[{"width":650,"height":650,"url":"https:\/\/saisonsculturelleschaumont.fr\/mdxpuixt\/wp-content\/uploads\/2023\/05\/FM-23_1080x1080_visueltypo-e1685027672570.jpg","type":"image\/jpeg"}],"twitter_card":"summary_large_image","twitter_misc":{"Dur\u00e9e de lecture estim\u00e9e":"2 minutes"},"schema":{"@context":"https:\/\/schema.org","@graph":[{"@type":"WebPage","@id":"https:\/\/saisonsculturelleschaumont.fr\/mdxpuixt\/evenement\/fete-de-la-musique-2023\/","url":"https:\/\/saisonsculturelleschaumont.fr\/mdxpuixt\/evenement\/fete-de-la-musique-2023\/","name":"F\u00caTE DE LA MUSIQUE 2023 - Les Saisons Culturelles de Chaumont","isPartOf":{"@id":"https:\/\/saisonsculturelleschaumont.fr\/mdxpuixt\/#website"},"datePublished":"2023-05-25T15:17:01+00:00","dateModified":"2023-06-30T07:41:09+00:00","description":"D\u00e9couvrez la programmation culturelle de la saison culturelle de la ville de Chaumont. Expositions, visites, rencontres, ateliers, concerts, spectacles, animations et plus encore.","breadcrumb":{"@id":"https:\/\/saisonsculturelleschaumont.fr\/mdxpuixt\/evenement\/fete-de-la-musique-2023\/#breadcrumb"},"inLanguage":"fr-FR","potentialAction":[{"@type":"ReadAction","target":["https:\/\/saisonsculturelleschaumont.fr\/mdxpuixt\/evenement\/fete-de-la-musique-2023\/"]}]},{"@type":"BreadcrumbList","@id":"https:\/\/saisonsculturelleschaumont.fr\/mdxpuixt\/evenement\/fete-de-la-musique-2023\/#breadcrumb","itemListElement":[{"@type":"ListItem","position":1,"name":"Accueil","item":"https:\/\/saisonsculturelleschaumont.fr\/mdxpuixt\/"},{"@type":"ListItem","position":2,"name":"\u00c9v\u00e8nements","item":"https:\/\/saisonsculturelleschaumont.fr\/mdxpuixt\/agenda\/"},{"@type":"ListItem","position":3,"name":"F\u00caTE DE LA MUSIQUE 2023"}]},{"@type":"WebSite","@id":"https:\/\/saisonsculturelleschaumont.fr\/mdxpuixt\/#website","url":"https:\/\/saisonsculturelleschaumont.fr\/mdxpuixt\/","name":"Les Saisons Culturelles de Chaumont","description":"","potentialAction":[{"@type":"SearchAction","target":{"@type":"EntryPoint","urlTemplate":"https:\/\/saisonsculturelleschaumont.fr\/mdxpuixt\/?s={search_term_string}"},"query-input":"required name=search_term_string"}],"inLanguage":"fr-FR"}]}},"uagb_featured_image_src":{"full":["https:\/\/saisonsculturelleschaumont.fr\/mdxpuixt\/wp-content\/uploads\/2023\/05\/FM-23_1080x1080_visueltypo-e1685027672570.jpg",650,650,false],"thumbnail":["https:\/\/saisonsculturelleschaumont.fr\/mdxpuixt\/wp-content\/uploads\/2023\/05\/FM-23_1080x1080_visueltypo-e1685027672570-80x80.jpg",80,80,true],"medium":["https:\/\/saisonsculturelleschaumont.fr\/mdxpuixt\/wp-content\/uploads\/2023\/05\/FM-23_1080x1080_visueltypo-e1685027672570-300x300.jpg",300,300,true],"medium_large":["https:\/\/saisonsculturelleschaumont.fr\/mdxpuixt\/wp-content\/uploads\/2023\/05\/FM-23_1080x1080_visueltypo-768x768.jpg",768,768,true],"large":["https:\/\/saisonsculturelleschaumont.fr\/mdxpuixt\/wp-content\/uploads\/2023\/05\/FM-23_1080x1080_visueltypo-1030x1030.jpg",1030,1030,true],"1536x1536":["https:\/\/saisonsculturelleschaumont.fr\/mdxpuixt\/wp-content\/uploads\/2023\/05\/FM-23_1080x1080_visueltypo-e1685027672570.jpg",650,650,false],"2048x2048":["https:\/\/saisonsculturelleschaumont.fr\/mdxpuixt\/wp-content\/uploads\/2023\/05\/FM-23_1080x1080_visueltypo-e1685027672570.jpg",650,650,false],"widget":["https:\/\/saisonsculturelleschaumont.fr\/mdxpuixt\/wp-content\/uploads\/2023\/05\/FM-23_1080x1080_visueltypo-e1685027672570-36x36.jpg",36,36,true],"square":["https:\/\/saisonsculturelleschaumont.fr\/mdxpuixt\/wp-content\/uploads\/2023\/05\/FM-23_1080x1080_visueltypo-e1685027672570-180x180.jpg",180,180,true],"featured":["https:\/\/saisonsculturelleschaumont.fr\/mdxpuixt\/wp-content\/uploads\/2023\/05\/FM-23_1080x1080_visueltypo-e1685027672570-650x430.jpg",650,430,true],"featured_large":["https:\/\/saisonsculturelleschaumont.fr\/mdxpuixt\/wp-content\/uploads\/2023\/05\/FM-23_1080x1080_visueltypo-e1685027672570-650x630.jpg",650,630,true],"extra_large":["https:\/\/saisonsculturelleschaumont.fr\/mdxpuixt\/wp-content\/uploads\/2023\/05\/FM-23_1080x1080_visueltypo-e1685027672570.jpg",650,650,false],"portfolio":["https:\/\/saisonsculturelleschaumont.fr\/mdxpuixt\/wp-content\/uploads\/2023\/05\/FM-23_1080x1080_visueltypo-e1685027672570-495x400.jpg",495,400,true],"portfolio_small":["https:\/\/saisonsculturelleschaumont.fr\/mdxpuixt\/wp-content\/uploads\/2023\/05\/FM-23_1080x1080_visueltypo-e1685027672570-260x185.jpg",260,185,true],"gallery":["https:\/\/saisonsculturelleschaumont.fr\/mdxpuixt\/wp-content\/uploads\/2023\/05\/FM-23_1080x1080_visueltypo-845x684.jpg",845,684,true],"magazine":["https:\/\/saisonsculturelleschaumont.fr\/mdxpuixt\/wp-content\/uploads\/2023\/05\/FM-23_1080x1080_visueltypo-e1685027672570-650x375.jpg",650,375,true],"masonry":["https:\/\/saisonsculturelleschaumont.fr\/mdxpuixt\/wp-content\/uploads\/2023\/05\/FM-23_1080x1080_visueltypo-705x705.jpg",705,705,true],"entry_with_sidebar":["https:\/\/saisonsculturelleschaumont.fr\/mdxpuixt\/wp-content\/uploads\/2023\/05\/FM-23_1080x1080_visueltypo-e1685027672570-650x321.jpg",650,321,true],"entry_without_sidebar":["https:\/\/saisonsculturelleschaumont.fr\/mdxpuixt\/wp-content\/uploads\/2023\/05\/FM-23_1080x1080_visueltypo-e1685027672570-650x423.jpg",650,423,true]},"uagb_author_info":{"display_name":"Justine Ansel","author_link":"https:\/\/saisonsculturelleschaumont.fr\/mdxpuixt\/author\/justine-ansel\/"},"uagb_comment_info":0,"uagb_excerpt":"Nous vous attendons nombreux le 21 juin 2023 pour c\u00e9l\u00e9brer la musique sous toutes ses formes et dans tous ses genres. PROGRAMME &nbsp; Journ\u00e9e Portes Ouvertes toute la journ\u00e9e &amp; [&hellip;]","_links":{"self":[{"href":"https:\/\/saisonsculturelleschaumont.fr\/mdxpuixt\/wp-json\/wp\/v2\/tribe_events\/10053"}],"collection":[{"href":"https:\/\/saisonsculturelleschaumont.fr\/mdxpuixt\/wp-json\/wp\/v2\/tribe_events"}],"about":[{"href":"https:\/\/saisonsculturelleschaumont.fr\/mdxpuixt\/wp-json\/wp\/v2\/types\/tribe_events"}],"author":[{"embeddable":true,"href":"https:\/\/saisonsculturelleschaumont.fr\/mdxpuixt\/wp-json\/wp\/v2\/users\/3"}],"replies":[{"embeddable":true,"href":"https:\/\/saisonsculturelleschaumont.fr\/mdxpuixt\/wp-json\/wp\/v2\/comments?post=10053"}],"version-history":[{"count":0,"href":"https:\/\/saisonsculturelleschaumont.fr\/mdxpuixt\/wp-json\/wp\/v2\/tribe_events\/10053\/revisions"}],"wp:featuredmedia":[{"embeddable":true,"href":"https:\/\/saisonsculturelleschaumont.fr\/mdxpuixt\/wp-json\/wp\/v2\/media\/10054"}],"wp:attachment":[{"href":"https:\/\/saisonsculturelleschaumont.fr\/mdxpuixt\/wp-json\/wp\/v2\/media?parent=10053"}],"wp:term":[{"taxonomy":"post_tag","embeddable":true,"href":"https:\/\/saisonsculturelleschaumont.fr\/mdxpuixt\/wp-json\/wp\/v2\/tags?post=10053"},{"taxonomy":"tribe_events_cat","embeddable":true,"href":"https:\/\/saisonsculturelleschaumont.fr\/mdxpuixt\/wp-json\/wp\/v2\/tribe_events_cat?post=10053"}],"curies":[{"name":"wp","href":"https:\/\/api.w.org\/{rel}","templated":true}]}}