{"id":10210,"date":"2023-06-20T15:08:28","date_gmt":"2023-06-20T13:08:28","guid":{"rendered":"https:\/\/saisonsculturelleschaumont.fr\/mdxpuixt\/?post_type=tribe_events&#038;p=10210"},"modified":"2023-07-31T11:10:59","modified_gmt":"2023-07-31T09:10:59","slug":"spectacle-pulse-de-la-compagnie-kiai","status":"publish","type":"tribe_events","link":"https:\/\/saisonsculturelleschaumont.fr\/mdxpuixt\/evenement\/spectacle-pulse-de-la-compagnie-kiai\/","title":{"rendered":"Spectacle PULSE de la Compagnie Kia\u00ef"},"content":{"rendered":"<p>PULSE est une forme radicalement chor\u00e9graphique. Une pi\u00e8ce de cirque g\u00e9n\u00e9reuse o\u00f9 l\u2019engagement physique est au c\u0153ur du propos. La sc\u00e9nographie est \u00e9pur\u00e9e. Un espace rebondissant de 9m de diam\u00e8tre propulse les acrobates dans un ballet a\u00e9rien o\u00f9 la pulsation musicale donne le la. Six t\u00eates, douze bras et douze jambes se synchronisent dans une transe acrobatique faisant appel aux sens plut\u00f4t qu\u2019au mental. Les six artistes mutualisent leurs vocabulaires pour cr\u00e9er un langage commun. Gr\u00e2ce au travail de ch\u0153ur, ils deviennent groupe, tribu. La partition chor\u00e9graphique se d\u00e9cline dans tous les plans. La chaleur augmente, le rythme cardiaque s\u2019acc\u00e9l\u00e8re et les corps se d\u00e9ploient dans toutes les dimensions. L\u2019acrobatie est \u00e0 l\u2019\u0153uvre et repousse les limites de la physique. Il n\u2019y a plus de gravit\u00e9, de haut, de bas, d\u2019envers ni d\u2019endroit, la terre et les aires se confondent. En perturbant les rep\u00e8res, les six partenaires de jeu invitent le spectateur \u00e0 se laisser traverser par l\u2019\u00e9nergie brut de l\u2019acrobatie. Ils l\u2019 embarquent dans un voyage sensoriel o\u00f9 l\u2019odeur de transpiration se m\u00eale aux sons des souffles et des corps qui s\u2019entrechoquent\u2026<\/p>\n<p>Dur\u00e9e : 35 minutes<br \/>\nD\u00e8s 8 ans<br \/>\nGratuit<\/p>\n","protected":false},"excerpt":{"rendered":"<p>PULSE est une forme radicalement chor\u00e9graphique. Une pi\u00e8ce de cirque g\u00e9n\u00e9reuse o\u00f9 l\u2019engagement physique est au c\u0153ur du propos. La sc\u00e9nographie est \u00e9pur\u00e9e. Un espace rebondissant de 9m de diam\u00e8tre [&hellip;]<\/p>\n","protected":false},"author":3,"featured_media":10211,"comment_status":"open","ping_status":"closed","template":"","meta":{"_uag_custom_page_level_css":"","_tribe_events_status":"","_tribe_events_status_reason":""},"tags":[55,405,404],"tribe_events_cat":[44],"yoast_head":"<!-- This site is optimized with the Yoast SEO plugin v21.1 - https:\/\/yoast.com\/wordpress\/plugins\/seo\/ -->\n<title>Spectacle PULSE de la Compagnie Kia\u00ef - Les Saisons Culturelles de Chaumont<\/title>\n<meta name=\"description\" content=\"D\u00e9couvrez la programmation culturelle de la saison culturelle de la ville de Chaumont. Expositions, visites, rencontres, ateliers, concerts, spectacles, animations et plus encore.\" \/>\n<meta name=\"robots\" content=\"noindex, follow, max-snippet:-1, max-image-preview:large, max-video-preview:-1\" \/>\n<meta property=\"og:locale\" content=\"fr_FR\" \/>\n<meta property=\"og:type\" content=\"article\" \/>\n<meta property=\"og:title\" content=\"Spectacle PULSE de la Compagnie Kia\u00ef - Les Saisons Culturelles de Chaumont\" \/>\n<meta property=\"og:description\" content=\"D\u00e9couvrez la programmation culturelle de la saison culturelle de la ville de Chaumont. Expositions, visites, rencontres, ateliers, concerts, spectacles, animations et plus encore.\" \/>\n<meta property=\"og:url\" content=\"https:\/\/saisonsculturelleschaumont.fr\/mdxpuixt\/evenement\/spectacle-pulse-de-la-compagnie-kiai\/\" \/>\n<meta property=\"og:site_name\" content=\"Les Saisons Culturelles de Chaumont\" \/>\n<meta property=\"article:publisher\" content=\"https:\/\/www.facebook.com\/saisonsculturelleschaumont\/\" \/>\n<meta property=\"article:modified_time\" content=\"2023-07-31T09:10:59+00:00\" \/>\n<meta property=\"og:image\" content=\"https:\/\/saisonsculturelleschaumont.fr\/mdxpuixt\/wp-content\/uploads\/2023\/06\/1-credit-Elly-Contini-1024x1024-1-e1687266480664.jpeg\" \/>\n\t<meta property=\"og:image:width\" content=\"650\" \/>\n\t<meta property=\"og:image:height\" content=\"650\" \/>\n\t<meta property=\"og:image:type\" content=\"image\/jpeg\" \/>\n<meta name=\"twitter:card\" content=\"summary_large_image\" \/>\n<meta name=\"twitter:label1\" content=\"Dur\u00e9e de lecture estim\u00e9e\" \/>\n\t<meta name=\"twitter:data1\" content=\"1 minute\" \/>\n<script type=\"application\/ld+json\" class=\"yoast-schema-graph\">{\"@context\":\"https:\/\/schema.org\",\"@graph\":[{\"@type\":\"WebPage\",\"@id\":\"https:\/\/saisonsculturelleschaumont.fr\/mdxpuixt\/evenement\/spectacle-pulse-de-la-compagnie-kiai\/\",\"url\":\"https:\/\/saisonsculturelleschaumont.fr\/mdxpuixt\/evenement\/spectacle-pulse-de-la-compagnie-kiai\/\",\"name\":\"Spectacle PULSE de la Compagnie Kia\u00ef - Les Saisons Culturelles de Chaumont\",\"isPartOf\":{\"@id\":\"https:\/\/saisonsculturelleschaumont.fr\/mdxpuixt\/#website\"},\"datePublished\":\"2023-06-20T13:08:28+00:00\",\"dateModified\":\"2023-07-31T09:10:59+00:00\",\"description\":\"D\u00e9couvrez la programmation culturelle de la saison culturelle de la ville de Chaumont. Expositions, visites, rencontres, ateliers, concerts, spectacles, animations et plus encore.\",\"breadcrumb\":{\"@id\":\"https:\/\/saisonsculturelleschaumont.fr\/mdxpuixt\/evenement\/spectacle-pulse-de-la-compagnie-kiai\/#breadcrumb\"},\"inLanguage\":\"fr-FR\",\"potentialAction\":[{\"@type\":\"ReadAction\",\"target\":[\"https:\/\/saisonsculturelleschaumont.fr\/mdxpuixt\/evenement\/spectacle-pulse-de-la-compagnie-kiai\/\"]}]},{\"@type\":\"BreadcrumbList\",\"@id\":\"https:\/\/saisonsculturelleschaumont.fr\/mdxpuixt\/evenement\/spectacle-pulse-de-la-compagnie-kiai\/#breadcrumb\",\"itemListElement\":[{\"@type\":\"ListItem\",\"position\":1,\"name\":\"Accueil\",\"item\":\"https:\/\/saisonsculturelleschaumont.fr\/mdxpuixt\/\"},{\"@type\":\"ListItem\",\"position\":2,\"name\":\"\u00c9v\u00e8nements\",\"item\":\"https:\/\/saisonsculturelleschaumont.fr\/mdxpuixt\/agenda\/\"},{\"@type\":\"ListItem\",\"position\":3,\"name\":\"Spectacle PULSE de la Compagnie Kia\u00ef\"}]},{\"@type\":\"WebSite\",\"@id\":\"https:\/\/saisonsculturelleschaumont.fr\/mdxpuixt\/#website\",\"url\":\"https:\/\/saisonsculturelleschaumont.fr\/mdxpuixt\/\",\"name\":\"Les Saisons Culturelles de Chaumont\",\"description\":\"\",\"potentialAction\":[{\"@type\":\"SearchAction\",\"target\":{\"@type\":\"EntryPoint\",\"urlTemplate\":\"https:\/\/saisonsculturelleschaumont.fr\/mdxpuixt\/?s={search_term_string}\"},\"query-input\":\"required name=search_term_string\"}],\"inLanguage\":\"fr-FR\"}]}<\/script>\n<!-- \/ Yoast SEO plugin. -->","yoast_head_json":{"title":"Spectacle PULSE de la Compagnie Kia\u00ef - Les Saisons Culturelles de Chaumont","description":"D\u00e9couvrez la programmation culturelle de la saison culturelle de la ville de Chaumont. Expositions, visites, rencontres, ateliers, concerts, spectacles, animations et plus encore.","robots":{"index":"noindex","follow":"follow","max-snippet":"max-snippet:-1","max-image-preview":"max-image-preview:large","max-video-preview":"max-video-preview:-1"},"og_locale":"fr_FR","og_type":"article","og_title":"Spectacle PULSE de la Compagnie Kia\u00ef - Les Saisons Culturelles de Chaumont","og_description":"D\u00e9couvrez la programmation culturelle de la saison culturelle de la ville de Chaumont. Expositions, visites, rencontres, ateliers, concerts, spectacles, animations et plus encore.","og_url":"https:\/\/saisonsculturelleschaumont.fr\/mdxpuixt\/evenement\/spectacle-pulse-de-la-compagnie-kiai\/","og_site_name":"Les Saisons Culturelles de Chaumont","article_publisher":"https:\/\/www.facebook.com\/saisonsculturelleschaumont\/","article_modified_time":"2023-07-31T09:10:59+00:00","og_image":[{"width":650,"height":650,"url":"https:\/\/saisonsculturelleschaumont.fr\/mdxpuixt\/wp-content\/uploads\/2023\/06\/1-credit-Elly-Contini-1024x1024-1-e1687266480664.jpeg","type":"image\/jpeg"}],"twitter_card":"summary_large_image","twitter_misc":{"Dur\u00e9e de lecture estim\u00e9e":"1 minute"},"schema":{"@context":"https:\/\/schema.org","@graph":[{"@type":"WebPage","@id":"https:\/\/saisonsculturelleschaumont.fr\/mdxpuixt\/evenement\/spectacle-pulse-de-la-compagnie-kiai\/","url":"https:\/\/saisonsculturelleschaumont.fr\/mdxpuixt\/evenement\/spectacle-pulse-de-la-compagnie-kiai\/","name":"Spectacle PULSE de la Compagnie Kia\u00ef - Les Saisons Culturelles de Chaumont","isPartOf":{"@id":"https:\/\/saisonsculturelleschaumont.fr\/mdxpuixt\/#website"},"datePublished":"2023-06-20T13:08:28+00:00","dateModified":"2023-07-31T09:10:59+00:00","description":"D\u00e9couvrez la programmation culturelle de la saison culturelle de la ville de Chaumont. Expositions, visites, rencontres, ateliers, concerts, spectacles, animations et plus encore.","breadcrumb":{"@id":"https:\/\/saisonsculturelleschaumont.fr\/mdxpuixt\/evenement\/spectacle-pulse-de-la-compagnie-kiai\/#breadcrumb"},"inLanguage":"fr-FR","potentialAction":[{"@type":"ReadAction","target":["https:\/\/saisonsculturelleschaumont.fr\/mdxpuixt\/evenement\/spectacle-pulse-de-la-compagnie-kiai\/"]}]},{"@type":"BreadcrumbList","@id":"https:\/\/saisonsculturelleschaumont.fr\/mdxpuixt\/evenement\/spectacle-pulse-de-la-compagnie-kiai\/#breadcrumb","itemListElement":[{"@type":"ListItem","position":1,"name":"Accueil","item":"https:\/\/saisonsculturelleschaumont.fr\/mdxpuixt\/"},{"@type":"ListItem","position":2,"name":"\u00c9v\u00e8nements","item":"https:\/\/saisonsculturelleschaumont.fr\/mdxpuixt\/agenda\/"},{"@type":"ListItem","position":3,"name":"Spectacle PULSE de la Compagnie Kia\u00ef"}]},{"@type":"WebSite","@id":"https:\/\/saisonsculturelleschaumont.fr\/mdxpuixt\/#website","url":"https:\/\/saisonsculturelleschaumont.fr\/mdxpuixt\/","name":"Les Saisons Culturelles de Chaumont","description":"","potentialAction":[{"@type":"SearchAction","target":{"@type":"EntryPoint","urlTemplate":"https:\/\/saisonsculturelleschaumont.fr\/mdxpuixt\/?s={search_term_string}"},"query-input":"required name=search_term_string"}],"inLanguage":"fr-FR"}]}},"uagb_featured_image_src":{"full":["https:\/\/saisonsculturelleschaumont.fr\/mdxpuixt\/wp-content\/uploads\/2023\/06\/1-credit-Elly-Contini-1024x1024-1-e1687266480664.jpeg",650,650,false],"thumbnail":["https:\/\/saisonsculturelleschaumont.fr\/mdxpuixt\/wp-content\/uploads\/2023\/06\/1-credit-Elly-Contini-1024x1024-1-e1687266480664-80x80.jpeg",80,80,true],"medium":["https:\/\/saisonsculturelleschaumont.fr\/mdxpuixt\/wp-content\/uploads\/2023\/06\/1-credit-Elly-Contini-1024x1024-1-e1687266480664-300x300.jpeg",300,300,true],"medium_large":["https:\/\/saisonsculturelleschaumont.fr\/mdxpuixt\/wp-content\/uploads\/2023\/06\/1-credit-Elly-Contini-1024x1024-1-768x768.jpeg",768,768,true],"large":["https:\/\/saisonsculturelleschaumont.fr\/mdxpuixt\/wp-content\/uploads\/2023\/06\/1-credit-Elly-Contini-1024x1024-1-e1687266480664.jpeg",650,650,false],"1536x1536":["https:\/\/saisonsculturelleschaumont.fr\/mdxpuixt\/wp-content\/uploads\/2023\/06\/1-credit-Elly-Contini-1024x1024-1-e1687266480664.jpeg",650,650,false],"2048x2048":["https:\/\/saisonsculturelleschaumont.fr\/mdxpuixt\/wp-content\/uploads\/2023\/06\/1-credit-Elly-Contini-1024x1024-1-e1687266480664.jpeg",650,650,false],"widget":["https:\/\/saisonsculturelleschaumont.fr\/mdxpuixt\/wp-content\/uploads\/2023\/06\/1-credit-Elly-Contini-1024x1024-1-e1687266480664-36x36.jpeg",36,36,true],"square":["https:\/\/saisonsculturelleschaumont.fr\/mdxpuixt\/wp-content\/uploads\/2023\/06\/1-credit-Elly-Contini-1024x1024-1-e1687266480664-180x180.jpeg",180,180,true],"featured":["https:\/\/saisonsculturelleschaumont.fr\/mdxpuixt\/wp-content\/uploads\/2023\/06\/1-credit-Elly-Contini-1024x1024-1-e1687266480664-650x430.jpeg",650,430,true],"featured_large":["https:\/\/saisonsculturelleschaumont.fr\/mdxpuixt\/wp-content\/uploads\/2023\/06\/1-credit-Elly-Contini-1024x1024-1-e1687266480664-650x630.jpeg",650,630,true],"extra_large":["https:\/\/saisonsculturelleschaumont.fr\/mdxpuixt\/wp-content\/uploads\/2023\/06\/1-credit-Elly-Contini-1024x1024-1-e1687266480664.jpeg",650,650,false],"portfolio":["https:\/\/saisonsculturelleschaumont.fr\/mdxpuixt\/wp-content\/uploads\/2023\/06\/1-credit-Elly-Contini-1024x1024-1-e1687266480664-495x400.jpeg",495,400,true],"portfolio_small":["https:\/\/saisonsculturelleschaumont.fr\/mdxpuixt\/wp-content\/uploads\/2023\/06\/1-credit-Elly-Contini-1024x1024-1-e1687266480664-260x185.jpeg",260,185,true],"gallery":["https:\/\/saisonsculturelleschaumont.fr\/mdxpuixt\/wp-content\/uploads\/2023\/06\/1-credit-Elly-Contini-1024x1024-1-845x684.jpeg",845,684,true],"magazine":["https:\/\/saisonsculturelleschaumont.fr\/mdxpuixt\/wp-content\/uploads\/2023\/06\/1-credit-Elly-Contini-1024x1024-1-e1687266480664-650x375.jpeg",650,375,true],"masonry":["https:\/\/saisonsculturelleschaumont.fr\/mdxpuixt\/wp-content\/uploads\/2023\/06\/1-credit-Elly-Contini-1024x1024-1-705x705.jpeg",705,705,true],"entry_with_sidebar":["https:\/\/saisonsculturelleschaumont.fr\/mdxpuixt\/wp-content\/uploads\/2023\/06\/1-credit-Elly-Contini-1024x1024-1-e1687266480664-650x321.jpeg",650,321,true],"entry_without_sidebar":["https:\/\/saisonsculturelleschaumont.fr\/mdxpuixt\/wp-content\/uploads\/2023\/06\/1-credit-Elly-Contini-1024x1024-1-e1687266480664-650x423.jpeg",650,423,true]},"uagb_author_info":{"display_name":"Justine Ansel","author_link":"https:\/\/saisonsculturelleschaumont.fr\/mdxpuixt\/author\/justine-ansel\/"},"uagb_comment_info":0,"uagb_excerpt":"PULSE est une forme radicalement chor\u00e9graphique. Une pi\u00e8ce de cirque g\u00e9n\u00e9reuse o\u00f9 l\u2019engagement physique est au c\u0153ur du propos. La sc\u00e9nographie est \u00e9pur\u00e9e. Un espace rebondissant de 9m de diam\u00e8tre [&hellip;]","_links":{"self":[{"href":"https:\/\/saisonsculturelleschaumont.fr\/mdxpuixt\/wp-json\/wp\/v2\/tribe_events\/10210"}],"collection":[{"href":"https:\/\/saisonsculturelleschaumont.fr\/mdxpuixt\/wp-json\/wp\/v2\/tribe_events"}],"about":[{"href":"https:\/\/saisonsculturelleschaumont.fr\/mdxpuixt\/wp-json\/wp\/v2\/types\/tribe_events"}],"author":[{"embeddable":true,"href":"https:\/\/saisonsculturelleschaumont.fr\/mdxpuixt\/wp-json\/wp\/v2\/users\/3"}],"replies":[{"embeddable":true,"href":"https:\/\/saisonsculturelleschaumont.fr\/mdxpuixt\/wp-json\/wp\/v2\/comments?post=10210"}],"version-history":[{"count":0,"href":"https:\/\/saisonsculturelleschaumont.fr\/mdxpuixt\/wp-json\/wp\/v2\/tribe_events\/10210\/revisions"}],"wp:featuredmedia":[{"embeddable":true,"href":"https:\/\/saisonsculturelleschaumont.fr\/mdxpuixt\/wp-json\/wp\/v2\/media\/10211"}],"wp:attachment":[{"href":"https:\/\/saisonsculturelleschaumont.fr\/mdxpuixt\/wp-json\/wp\/v2\/media?parent=10210"}],"wp:term":[{"taxonomy":"post_tag","embeddable":true,"href":"https:\/\/saisonsculturelleschaumont.fr\/mdxpuixt\/wp-json\/wp\/v2\/tags?post=10210"},{"taxonomy":"tribe_events_cat","embeddable":true,"href":"https:\/\/saisonsculturelleschaumont.fr\/mdxpuixt\/wp-json\/wp\/v2\/tribe_events_cat?post=10210"}],"curies":[{"name":"wp","href":"https:\/\/api.w.org\/{rel}","templated":true}]}}