{"id":10463,"date":"2023-09-14T11:36:15","date_gmt":"2023-09-14T09:36:15","guid":{"rendered":"https:\/\/saisonsculturelleschaumont.fr\/mdxpuixt\/?post_type=tribe_events&#038;p=10463"},"modified":"2023-09-16T08:37:20","modified_gmt":"2023-09-16T06:37:20","slug":"journees-europeennes-du-patrimoine-5","status":"publish","type":"tribe_events","link":"https:\/\/saisonsculturelleschaumont.fr\/mdxpuixt\/evenement\/journees-europeennes-du-patrimoine-5\/","title":{"rendered":"Journ\u00e9es Europ\u00e9ennes du Patrimoine"},"content":{"rendered":"<h3><strong>Cr\u00e9\u00e9es en 1984, les journ\u00e9es europ\u00e9ennes du patrimoine ont lieu chaque ann\u00e9e le 3\u00e8me week-end de septembre. Cette ann\u00e9e, la quaranti\u00e8me \u00e9dition des Journ\u00e9es europ\u00e9ennes du patrimoine aura lieu les vendredi 15, samedi 16 et dimanche 17 septembre 2023 sur les th\u00e8mes \u00ab Patrimoine vivant \u00bb et \u00ab Patrimoine du sport \u00bb.<\/strong><br \/>\n<strong>D\u00e9couvrez le programme des JOURN\u00c9ES DU PATRIMOINE \u00e0 Chaumont ici !<\/strong><\/h3>\n<p>&nbsp;<\/p>\n<h3>VENDREDI 15<\/h3>\n<hr \/>\n<p style=\"font-weight: 400;\">10h \u2192 12h &amp; 14h \u2192 18h<br \/>\n<strong>Ouverture des mus\u00e9es de Chaumont<\/strong><br \/>\n\u2192 Mus\u00e9e d&rsquo;Art &amp; d&rsquo;Histoire<br \/>\nPlace du Palais<br \/>\n\u2192 Mus\u00e9e de la Cr\u00e8che<br \/>\n1 Rue des Fr\u00e8res Mistarlet<br \/>\nVisite<\/p>\n<p>10h \u2192 19h<br \/>\n<strong>Les chercheurs de l&rsquo;\u00e2me<\/strong><br \/>\n\u2192 Maison des Carm\u00e9lites<br \/>\n83 rue Victoire de la Marne<br \/>\nExposition<\/p>\n<p>14h \u2192 18h<br \/>\n<strong>Exposition de livres anciens des silos<\/strong><br \/>\n\u2192 Silos \u00c9ph\u00e9m\u00e8res<br \/>\nEspace Bouchardon<br \/>\n87 rue Victoire de la Marne<br \/>\nExposition<\/p>\n<p>14h \u2192 18h<br \/>\n<strong>Visite libre de la chapelle des J\u00e9suites<\/strong><br \/>\n\u2192 Chapelle des J\u00e9suites<br \/>\nRue Victoire de la Marne<br \/>\nVisite<\/p>\n<p>14h \u2192 18h<br \/>\n<strong>Faire revivre l&rsquo;ancienne \u00e9cole Sainte Marie<\/strong><br \/>\n\u2192 Institut du patrimoine haut-marnais<br \/>\n19 rue Girardon<br \/>\nVisite<\/p>\n<p>18h30<br \/>\n<strong>EBRU &amp; OUD : Prestation artistique et musicale de Marc Loopuyt et Zeynep Uysal<\/strong><br \/>\n\u2192 Silos \u00c9ph\u00e9m\u00e8res<br \/>\nAuditorium de l&rsquo;espace<br \/>\nBouchardon<br \/>\n87 rue Victoire de la Marne<br \/>\nSpectacle<\/p>\n<h3 style=\"font-weight: 400;\"><strong>SAMEDI 16<\/strong><\/h3>\n<hr \/>\n<p style=\"font-weight: 400;\">9h \u2192 12h<br \/>\n<strong>Le Vieux Chaumont d&rsquo;hier et d&rsquo;aujourd&rsquo;hui, par l&rsquo;association du Vieux Chaumont<\/strong><br \/>\n\u2192 March\u00e9 couvert<br \/>\nRue Georges Cl\u00e9menceau<br \/>\nExposition<\/p>\n<p>10h \u2192 18h<br \/>\n<strong>Ouverture du Signe, Centre National du Graphisme<\/strong><br \/>\n\u2192 Le Signe<br \/>\n1 place \u00c9mile Goguenheim<br \/>\nVisite<\/p>\n<p>10h \u2192 12h &amp; 14h \u2192 18h<br \/>\n<strong>Exposition de livres anciens des silos<\/strong><br \/>\n\u2192 Silos \u00c9ph\u00e9m\u00e8res<br \/>\nRotonde de l&rsquo;espace Bouchardon<br \/>\n87 rue Victoire de la Marne<br \/>\nExposition<\/p>\n<p>10h \u2192 12h &amp; 14h \u2192 18h<br \/>\n<strong>Ouverture des mus\u00e9es de Chaumont<\/strong><br \/>\n\u2192 Mus\u00e9e d&rsquo;Art &amp; d&rsquo;Histoire<br \/>\nPlace du Palais<br \/>\n\u2192 Mus\u00e9e de la Cr\u00e8che<br \/>\n1 Rue des Fr\u00e8res Mistarlet<br \/>\nVisite<\/p>\n<p>10h \u2192 12h &amp; 14h \u2192 18h<br \/>\n<strong>Visite libre de la chapelle des J\u00e9suites<\/strong><br \/>\n\u2192 Chapelle des J\u00e9suites<br \/>\nRue Victoire de la Marne<br \/>\nVisite<\/p>\n<p>10h, 11h, 14h, 15h, 16h &amp; 17h<br \/>\n<strong>Visite comment\u00e9e de la chapelle des J\u00e9suites<\/strong><br \/>\n\u2192 Chapelle des J\u00e9suites<br \/>\nRue Victoire de la Marne<br \/>\nVisite<\/p>\n<p>10h \u2192 12h &amp; 14h \u2192 18h<br \/>\n<strong>\u00c0 d\u00e9couvrir : \u00e9l\u00e9ments de parure chinois en plumes de martin-p\u00eacheur<\/strong><br \/>\n\u2192 Mus\u00e9e d&rsquo;Art &amp; d&rsquo;Histoire<br \/>\nPlace du Palais<br \/>\nExposition<\/p>\n<p>10h \u2192 12h &amp; 14h \u2192 18h<br \/>\n<strong>D\u00e9monstration de papier marbr\u00e9 \u00e0 la cuve par Zeynep Uysal<\/strong><br \/>\n\u2192 Silos \u00c9ph\u00e9m\u00e8res<br \/>\nRotonde de l&rsquo;espace Bouchardon<br \/>\n87 rue Victoire de la Marne<br \/>\nAtelier<\/p>\n<p>10h<br \/>\n<strong>D\u00e9voilement officiel de la nouvelle identit\u00e9 visuelle de la Ville de Chaumont r\u00e9alis\u00e9e par le studio Baldinger Vu-Huu<\/strong><br \/>\n\u2192 March\u00e9 couvert<br \/>\nRue Georges Cl\u00e9menceau<br \/>\nPr\u00e9sentation<\/p>\n<p>10h<br \/>\n<strong>Amusez-vous avec la nouvelle typographie Dina Chaumont, en compagnie du studio Baldinger Vu-Huu<\/strong><br \/>\n\u2192 March\u00e9 couvert<br \/>\nRue Georges Cl\u00e9menceau<br \/>\nAtelier<\/p>\n<p>10h \u2192 19h<br \/>\n<strong>Les chercheurs de l&rsquo;\u00e2me<\/strong><br \/>\n\u2192 Maison des Carm\u00e9lites<br \/>\n83 rue Victoire de la Marne<br \/>\nExposition<\/p>\n<p>11h<br \/>\n<strong>S\u00e9lection du Concours International d&rsquo;Affiches 2023<\/strong><br \/>\n\u2192 Le Signe<br \/>\n1 place \u00c9mile Goguenheim<br \/>\nVisite<\/p>\n<p>11h \u2192 12h30<br \/>\n<strong>D\u00e9couvrez l&rsquo;histoire de l&rsquo;h\u00f4pital de Chaumont et de sa chapelle<\/strong><br \/>\n\u2192 Chapelle de l&rsquo;h\u00f4pital<br \/>\nAvenue Carnot<br \/>\nVisite<\/p>\n<p>14h<br \/>\n<strong>Chaumont sens dessus dessous : portrait de la ville et balade dessin\u00e9e par Cl\u00e9ment Gy<\/strong><br \/>\n\u2192 Centre-ville, d\u00e9part au Gymnase Jean Masson<br \/>\nRue du Val Barizien<br \/>\nParcours urbain<\/p>\n<p>14h \u2192 18h<br \/>\n<strong>Exposition comment\u00e9e de l&rsquo;Eglise Protestante Unie de Chaumont Sud Haute-Marne<\/strong><br \/>\n\u2192 Eglise protestante Unie<br \/>\n7 rue du temple<br \/>\nVisite<\/p>\n<p>14h \u2192 18h<br \/>\n<strong>La pr\u00e9sence am\u00e9ricaine \u00e0 Bourmont en 1917<\/strong><br \/>\n\u2192 Institut du patrimoine haut-marnais<br \/>\n12 rue Decr\u00e9s<br \/>\nExposition<\/p>\n<p>14h \u2192 18h<br \/>\n<strong>Faire revivre l&rsquo;ancienne \u00e9cole Sainte Marie<\/strong><br \/>\n\u2192 Institut du patrimoine haut-marnais<br \/>\n19 rue Girardon<br \/>\nVisite<\/p>\n<p>14h \u2192 18h<br \/>\n<strong>Un week-end de (Micro-)Folie aux Archives d\u00e9partementales !<\/strong><br \/>\n\u2192 Archives d\u00e9partementales de la Haute-Marne<br \/>\nRue du lyc\u00e9e agricole<br \/>\nVisite<\/p>\n<p>14h, 15h &amp; 16h<br \/>\n<strong>D\u00e9couvrez les locaux, missions et services d&rsquo;une m\u00e9diath\u00e8que<\/strong><br \/>\n\u2192 M\u00e9diath\u00e8que d\u00e9partementale de la Haute-Marne<br \/>\nRue du lyc\u00e9e agricole<br \/>\nVisite<br \/>\nsur r\u00e9servation<br \/>\n03 25 03 29 19<br \/>\nmediatheque.departementale@haute-marne.fr<\/p>\n<p>14h \u00e0 18h<br \/>\n<strong>Faisons revivre le Donjon, par M\u00e9di\u00e9valys<\/strong><br \/>\n\u2192 Donjon de Chaumont<br \/>\nRue du Palais<br \/>\nVisite<\/p>\n<p>14h30<br \/>\n<strong>Investigations sur Joseph Le Callenec, designer graphique du Mille bornes par Tony Durand, par le Signe<\/strong><br \/>\n\u2192 Institut du patrimoine haut-marnais<br \/>\n12 rue Decr\u00e9s<br \/>\nConf\u00e9rence<\/p>\n<p>14h30, 15h30, 16h30 &amp; 17h30<br \/>\n<strong>Exposition de cinq \u00e9l\u00e9ments de parure chinois en plumes<\/strong><br \/>\n\u2192 Mus\u00e9e d&rsquo;Art &amp; d&rsquo;Histoire<br \/>\nPlace du Palais<br \/>\nVisite<\/p>\n<p>15h<br \/>\n<strong>Focus sur les principaux parcs et jardins de Chaumont, par l&rsquo;agence d&rsquo;attractivit\u00e9<\/strong><br \/>\n\u2192 D\u00e9part du Square Philippe Lebon<br \/>\nVisite (n\u00e9cessite un v\u00e9hicule)<\/p>\n<p>15h<br \/>\n<strong>Expositions Proc\u00e8s d&rsquo;intention &amp; Parade<\/strong><br \/>\n\u2192 Le Signe<br \/>\n1 place \u00c9mile Goguenheim<br \/>\nVisite<\/p>\n<p>15h \u2192 17h30<br \/>\n<strong>D\u00e9couvrez la s\u00e9rigraphie !<\/strong><br \/>\n\u2192 Le Signe<br \/>\n1 place \u00c9mile Goguenheim<br \/>\nAtelier<\/p>\n<p>15h30<br \/>\n<strong>Rencontre avec l&rsquo;auteur Tony Durand pour la sortie de son livre Mille et une bornes, par le Signe<\/strong><br \/>\n\u2192 Institut du patrimoine haut-marnais<br \/>\n12 rue Decr\u00e9s<br \/>\nDiscussion<\/p>\n<p>16h<br \/>\n<strong>\u00c0 vos jeux ! Apportez votre version du Mille bornes et partagez une partie, par le Signe<\/strong><br \/>\n\u2192 Institut du patrimoine haut-marnais<br \/>\n12 rue Decr\u00e9s<br \/>\nJeu<\/p>\n<p>16h30<br \/>\n<strong>S\u00e9lection du Concours International d&rsquo;Affiches 2023<\/strong><br \/>\n\u2192 Le Signe<br \/>\n1 place \u00c9mile Goguenheim<br \/>\nVisite<\/p>\n<p>17h<br \/>\n<strong>Balade musicale pianistique par le Conservatoire de musique de Chaumont<\/strong><br \/>\n\u2192 Auditorium de l&rsquo;espace Bouchardon<br \/>\n87 rue Victoire de la Marne<br \/>\nConcert<\/p>\n<p>&nbsp;<\/p>\n<p>&nbsp;<\/p>\n<h3><strong>DIMANCHE 17<\/strong><\/h3>\n<hr \/>\n<p style=\"font-weight: 400;\">9h \u2192 12h &amp; 14h \u2192 16h<br \/>\n<strong>Ouverture de l&rsquo;\u00e9glise de Saint-Aignan<\/strong><br \/>\n\u2192 Eglise de Saint-Aignan<br \/>\n2 rue des Pinsons<br \/>\nVisite<\/p>\n<p>10h \u2192 18h<br \/>\n<strong>Ouverture du Signe, Centre National du Graphisme<\/strong><br \/>\n\u2192 Le Signe<br \/>\n1 place \u00c9mile Goguenheim<br \/>\nVisite<\/p>\n<p>10h\u219219h<br \/>\n<strong>Les chercheurs de l&rsquo;\u00e2me<\/strong><br \/>\n\u2192 Maison des Carm\u00e9lites<br \/>\n83 rue Victoire de la Marne<br \/>\nExposition<\/p>\n<p>10h\u219212h &amp; 14h\u219218h<br \/>\n<strong>Visite libre de la chapelle des J\u00e9suites<br \/>\n<\/strong>\u2192 Chapelle des J\u00e9suites<br \/>\nRue Victoire de la Marne<br \/>\nVisite<\/p>\n<p>10h, 11h, 14h, 15h, 16h &amp; 17h<br \/>\n<strong>Visite comment\u00e9e de la chapelle des J\u00e9suites<br \/>\n<\/strong>\u2192 Chapelle des J\u00e9suites<br \/>\nRue Victoire de la Marne<br \/>\nVisite<\/p>\n<p>11h<br \/>\n<strong>Balade musicale pianistique par le Conservatoire de musique de Chaumont<br \/>\n<\/strong>\u2192 Auditorium de l&rsquo;espace Bouchardon<br \/>\n87 rue Victoire de la Marne<br \/>\nConcert<\/p>\n<p>11h, 14h, 15h, 16h &amp; 17h<br \/>\n<strong>D\u00e9couvrez les coffres de la Banque de France !<br \/>\n<\/strong>\u2192 Le Signe<br \/>\n1 place \u00c9mile Goguenheim<br \/>\nVisite<br \/>\nsur r\u00e9servation<br \/>\n03 25 35 79 01<br \/>\nresa@cndg.fr<\/p>\n<p>14h<br \/>\n<strong>Chaumont sens dessus dessous : portrait de la ville et balade dessin\u00e9e par Cl\u00e9ment Gy<\/strong><br \/>\n\u2192 Centre-ville, d\u00e9part au Gymnase Jean Masson<br \/>\nRue du Val Barizien<br \/>\nParcours urbain<\/p>\n<p>14h \u2192 15h30<br \/>\n<strong>Fabriquez votre m\u00e9daille !<\/strong><br \/>\n\u2192 Le Signe<br \/>\n1 place \u00c9mile Goguenheim<br \/>\nVisite<br \/>\nsur r\u00e9servation<br \/>\n03 25 35 79 01<br \/>\nresa@cndg.fr<\/p>\n<p>14h, 15h &amp; 16h<br \/>\n<strong>D\u00e9couvrez les locaux, missions et services d&rsquo;une m\u00e9diath\u00e8que<br \/>\n<\/strong>\u2192 M\u00e9diath\u00e8que d\u00e9partementale de la Haute-Marne<br \/>\nRue du lyc\u00e9e agricole<br \/>\nVisite<br \/>\nsur r\u00e9servation<br \/>\n03 25 03 29 19<br \/>\nmediatheque.departementale@haute-marne.fr<\/p>\n<p>14h, 15h &amp; 16h<br \/>\n<strong>D\u00e9couvrez l&rsquo;histoire de l&rsquo;h\u00f4pital de Chaumont et de sa chapelle<br \/>\n<\/strong>\u2192 Chapelle de l&rsquo;h\u00f4pital<br \/>\nAvenue Carnot<br \/>\nVisite<\/p>\n<p>14h \u2192 18h<br \/>\n<strong>Ouverture des mus\u00e9es de Chaumont<br \/>\n<\/strong>\u2192 Mus\u00e9e d&rsquo;Art &amp; d&rsquo;Histoire<br \/>\nPlace du Palais<br \/>\n\u2192 Mus\u00e9e de la Cr\u00e8che<br \/>\n1 Rue des Fr\u00e8res Mistarlet<br \/>\nVisite<\/p>\n<p>14h \u2192 18h<br \/>\n<strong>\u00c0 d\u00e9couvrir : \u00e9l\u00e9ments de parure chinois en plumes de martin-p\u00eacheur<\/strong><br \/>\n\u2192 Mus\u00e9e d&rsquo;Art &amp; d&rsquo;Histoire<br \/>\nPlace du Palais<br \/>\nExposition<\/p>\n<p>14h \u2192 18h<br \/>\n<strong>Exposition comment\u00e9e de l&rsquo;Eglise Protestante Unie de Chaumont Sud Haute-Marne<\/strong><br \/>\n\u2192 Eglise protestante Unie<br \/>\n7 rue du temple<br \/>\nVisite<\/p>\n<p>14h \u2192 18h<br \/>\n<strong>La pr\u00e9sence am\u00e9ricaine \u00e0 Bourmont en 1917<br \/>\n<\/strong>\u2192 Institut du patrimoine haut-marnais<br \/>\n12 rue Decr\u00e9s<br \/>\nExposition<\/p>\n<p>14h \u2192 18h<br \/>\n<strong>Faire revivre l&rsquo;ancienne \u00e9cole Sainte Marie<br \/>\n<\/strong>\u2192 Institut du patrimoine haut-marnais<br \/>\n19 rue Girardon<br \/>\nVisite<\/p>\n<p>14h \u2192 18h<br \/>\n<strong>Faisons revivre le Donjon, par M\u00e9di\u00e9valys<br \/>\n<\/strong>\u2192 Donjon de Chaumont<br \/>\nRue du Palais<br \/>\nVisite<\/p>\n<p>14h \u2192 18h<br \/>\n<strong>Un week-end de (Micro-)Folie aux Archives d\u00e9partementales !<br \/>\n<\/strong>\u2192 Archives d\u00e9partementales de la Haute-Marne<br \/>\nRue du lyc\u00e9e agricole<br \/>\nVisite<\/p>\n<p>14h30, 15h30, 16h30 &amp; 17h30<br \/>\n<strong>Exposition de cinq \u00e9l\u00e9ments de parure chinois en plumes<\/strong><br \/>\n\u2192 Mus\u00e9e d&rsquo;Art &amp; d&rsquo;Histoire<br \/>\nPlace du Palais<br \/>\nVisite<\/p>\n<p>14h30 \u2192 17h<br \/>\n<strong>S\u00e9rigraphie \u00e0 l&rsquo;effigie de la fontaine Wallace \u00e0 l&rsquo;occasion de ses 150 ans, par le Signe<\/strong><br \/>\n\u2192 Metallurgic Park<br \/>\nRue du Mal Leclerc, Dommartin<br \/>\nAtelier<\/p>\n<p>15h<br \/>\n<strong>Focus sur les principaux parcs et jardins de Chaumont, par l&rsquo;agence d&rsquo;attractivit\u00e9<\/strong><br \/>\n\u2192 D\u00e9part du Square Philippe Lebon<br \/>\nVisite (n\u00e9cessite un v\u00e9hicule)<\/p>\n<p>16h<br \/>\n<strong>Curieuse m\u00e9nagerie en balade, par les associations Chaumont Design Graphique &amp; du Vieux Chaumont<br \/>\n<\/strong>\u2192 Quartier du Vieux Chaumont<br \/>\nD\u00e9part \u00e0 l&rsquo;intersection des rues Monseigneur Desprez et Pasteur<br \/>\nBalade graphique<\/p>\n<p>16h \u2192 17h30<br \/>\n<strong>Fabriquez votre m\u00e9daille !<br \/>\n<\/strong>\u2192 Le Signe<br \/>\n1 place \u00c9mile Goguenheim<br \/>\nVisite<\/p>\n<p>17h<br \/>\n<strong>Balade musicale pianistique par le Conservatoire de musique de Chaumont<br \/>\n<\/strong>\u2192 Auditorium de l&rsquo;espace Bouchardon<br \/>\n87 rue Victoire de la Marne<br \/>\nConcert<\/p>\n<p>18h<br \/>\n<strong>Duo AUJON<\/strong><br \/>\n\u2192 Lavoir d&rsquo;En Buez<br \/>\nQuartier des Tanneries<br \/>\nConcert de jazz fusion<br \/>\nrepli au march\u00e9 couvert en cas de mauvais temps<\/p>\n<p style=\"font-weight: 400;\">\n","protected":false},"excerpt":{"rendered":"<p>Cr\u00e9\u00e9es en 1984, les journ\u00e9es europ\u00e9ennes du patrimoine ont lieu chaque ann\u00e9e le 3\u00e8me week-end de septembre. Cette ann\u00e9e, la quaranti\u00e8me \u00e9dition des Journ\u00e9es europ\u00e9ennes du patrimoine aura lieu les [&hellip;]<\/p>\n","protected":false},"author":3,"featured_media":8932,"comment_status":"closed","ping_status":"closed","template":"","meta":{"_uag_custom_page_level_css":"","_tribe_events_status":"","_tribe_events_status_reason":""},"tags":[204,115,51,129,113],"tribe_events_cat":[111],"yoast_head":"<!-- This site is optimized with the Yoast SEO plugin v21.1 - https:\/\/yoast.com\/wordpress\/plugins\/seo\/ -->\n<title>Journ\u00e9es Europ\u00e9ennes du Patrimoine - Les Saisons Culturelles de Chaumont<\/title>\n<meta name=\"description\" content=\"D\u00e9couvrez la programmation culturelle de la saison culturelle de la ville de Chaumont. Expositions, visites, rencontres, ateliers, concerts, spectacles, animations et plus encore.\" \/>\n<meta name=\"robots\" content=\"noindex, follow, max-snippet:-1, max-image-preview:large, max-video-preview:-1\" \/>\n<meta property=\"og:locale\" content=\"fr_FR\" \/>\n<meta property=\"og:type\" content=\"article\" \/>\n<meta property=\"og:title\" content=\"Journ\u00e9es Europ\u00e9ennes du Patrimoine - Les Saisons Culturelles de Chaumont\" \/>\n<meta property=\"og:description\" content=\"D\u00e9couvrez la programmation culturelle de la saison culturelle de la ville de Chaumont. Expositions, visites, rencontres, ateliers, concerts, spectacles, animations et plus encore.\" \/>\n<meta property=\"og:url\" content=\"https:\/\/saisonsculturelleschaumont.fr\/mdxpuixt\/evenement\/journees-europeennes-du-patrimoine-5\/\" \/>\n<meta property=\"og:site_name\" content=\"Les Saisons Culturelles de Chaumont\" \/>\n<meta property=\"article:publisher\" content=\"https:\/\/www.facebook.com\/saisonsculturelleschaumont\/\" \/>\n<meta property=\"article:modified_time\" content=\"2023-09-16T06:37:20+00:00\" \/>\n<meta property=\"og:image\" content=\"https:\/\/saisonsculturelleschaumont.fr\/mdxpuixt\/wp-content\/uploads\/2022\/09\/Devotion-Baroque-e1663080722137.jpg\" \/>\n\t<meta property=\"og:image:width\" content=\"650\" \/>\n\t<meta property=\"og:image:height\" content=\"433\" \/>\n\t<meta property=\"og:image:type\" content=\"image\/jpeg\" \/>\n<meta name=\"twitter:card\" content=\"summary_large_image\" \/>\n<meta name=\"twitter:label1\" content=\"Dur\u00e9e de lecture estim\u00e9e\" \/>\n\t<meta name=\"twitter:data1\" content=\"8 minutes\" \/>\n<script type=\"application\/ld+json\" class=\"yoast-schema-graph\">{\"@context\":\"https:\/\/schema.org\",\"@graph\":[{\"@type\":\"WebPage\",\"@id\":\"https:\/\/saisonsculturelleschaumont.fr\/mdxpuixt\/evenement\/journees-europeennes-du-patrimoine-5\/\",\"url\":\"https:\/\/saisonsculturelleschaumont.fr\/mdxpuixt\/evenement\/journees-europeennes-du-patrimoine-5\/\",\"name\":\"Journ\u00e9es Europ\u00e9ennes du Patrimoine - Les Saisons Culturelles de Chaumont\",\"isPartOf\":{\"@id\":\"https:\/\/saisonsculturelleschaumont.fr\/mdxpuixt\/#website\"},\"datePublished\":\"2023-09-14T09:36:15+00:00\",\"dateModified\":\"2023-09-16T06:37:20+00:00\",\"description\":\"D\u00e9couvrez la programmation culturelle de la saison culturelle de la ville de Chaumont. Expositions, visites, rencontres, ateliers, concerts, spectacles, animations et plus encore.\",\"breadcrumb\":{\"@id\":\"https:\/\/saisonsculturelleschaumont.fr\/mdxpuixt\/evenement\/journees-europeennes-du-patrimoine-5\/#breadcrumb\"},\"inLanguage\":\"fr-FR\",\"potentialAction\":[{\"@type\":\"ReadAction\",\"target\":[\"https:\/\/saisonsculturelleschaumont.fr\/mdxpuixt\/evenement\/journees-europeennes-du-patrimoine-5\/\"]}]},{\"@type\":\"BreadcrumbList\",\"@id\":\"https:\/\/saisonsculturelleschaumont.fr\/mdxpuixt\/evenement\/journees-europeennes-du-patrimoine-5\/#breadcrumb\",\"itemListElement\":[{\"@type\":\"ListItem\",\"position\":1,\"name\":\"Accueil\",\"item\":\"https:\/\/saisonsculturelleschaumont.fr\/mdxpuixt\/\"},{\"@type\":\"ListItem\",\"position\":2,\"name\":\"\u00c9v\u00e8nements\",\"item\":\"https:\/\/saisonsculturelleschaumont.fr\/mdxpuixt\/agenda\/\"},{\"@type\":\"ListItem\",\"position\":3,\"name\":\"Journ\u00e9es Europ\u00e9ennes du Patrimoine\"}]},{\"@type\":\"WebSite\",\"@id\":\"https:\/\/saisonsculturelleschaumont.fr\/mdxpuixt\/#website\",\"url\":\"https:\/\/saisonsculturelleschaumont.fr\/mdxpuixt\/\",\"name\":\"Les Saisons Culturelles de Chaumont\",\"description\":\"\",\"potentialAction\":[{\"@type\":\"SearchAction\",\"target\":{\"@type\":\"EntryPoint\",\"urlTemplate\":\"https:\/\/saisonsculturelleschaumont.fr\/mdxpuixt\/?s={search_term_string}\"},\"query-input\":\"required name=search_term_string\"}],\"inLanguage\":\"fr-FR\"}]}<\/script>\n<!-- \/ Yoast SEO plugin. -->","yoast_head_json":{"title":"Journ\u00e9es Europ\u00e9ennes du Patrimoine - Les Saisons Culturelles de Chaumont","description":"D\u00e9couvrez la programmation culturelle de la saison culturelle de la ville de Chaumont. Expositions, visites, rencontres, ateliers, concerts, spectacles, animations et plus encore.","robots":{"index":"noindex","follow":"follow","max-snippet":"max-snippet:-1","max-image-preview":"max-image-preview:large","max-video-preview":"max-video-preview:-1"},"og_locale":"fr_FR","og_type":"article","og_title":"Journ\u00e9es Europ\u00e9ennes du Patrimoine - Les Saisons Culturelles de Chaumont","og_description":"D\u00e9couvrez la programmation culturelle de la saison culturelle de la ville de Chaumont. Expositions, visites, rencontres, ateliers, concerts, spectacles, animations et plus encore.","og_url":"https:\/\/saisonsculturelleschaumont.fr\/mdxpuixt\/evenement\/journees-europeennes-du-patrimoine-5\/","og_site_name":"Les Saisons Culturelles de Chaumont","article_publisher":"https:\/\/www.facebook.com\/saisonsculturelleschaumont\/","article_modified_time":"2023-09-16T06:37:20+00:00","og_image":[{"width":650,"height":433,"url":"https:\/\/saisonsculturelleschaumont.fr\/mdxpuixt\/wp-content\/uploads\/2022\/09\/Devotion-Baroque-e1663080722137.jpg","type":"image\/jpeg"}],"twitter_card":"summary_large_image","twitter_misc":{"Dur\u00e9e de lecture estim\u00e9e":"8 minutes"},"schema":{"@context":"https:\/\/schema.org","@graph":[{"@type":"WebPage","@id":"https:\/\/saisonsculturelleschaumont.fr\/mdxpuixt\/evenement\/journees-europeennes-du-patrimoine-5\/","url":"https:\/\/saisonsculturelleschaumont.fr\/mdxpuixt\/evenement\/journees-europeennes-du-patrimoine-5\/","name":"Journ\u00e9es Europ\u00e9ennes du Patrimoine - Les Saisons Culturelles de Chaumont","isPartOf":{"@id":"https:\/\/saisonsculturelleschaumont.fr\/mdxpuixt\/#website"},"datePublished":"2023-09-14T09:36:15+00:00","dateModified":"2023-09-16T06:37:20+00:00","description":"D\u00e9couvrez la programmation culturelle de la saison culturelle de la ville de Chaumont. Expositions, visites, rencontres, ateliers, concerts, spectacles, animations et plus encore.","breadcrumb":{"@id":"https:\/\/saisonsculturelleschaumont.fr\/mdxpuixt\/evenement\/journees-europeennes-du-patrimoine-5\/#breadcrumb"},"inLanguage":"fr-FR","potentialAction":[{"@type":"ReadAction","target":["https:\/\/saisonsculturelleschaumont.fr\/mdxpuixt\/evenement\/journees-europeennes-du-patrimoine-5\/"]}]},{"@type":"BreadcrumbList","@id":"https:\/\/saisonsculturelleschaumont.fr\/mdxpuixt\/evenement\/journees-europeennes-du-patrimoine-5\/#breadcrumb","itemListElement":[{"@type":"ListItem","position":1,"name":"Accueil","item":"https:\/\/saisonsculturelleschaumont.fr\/mdxpuixt\/"},{"@type":"ListItem","position":2,"name":"\u00c9v\u00e8nements","item":"https:\/\/saisonsculturelleschaumont.fr\/mdxpuixt\/agenda\/"},{"@type":"ListItem","position":3,"name":"Journ\u00e9es Europ\u00e9ennes du Patrimoine"}]},{"@type":"WebSite","@id":"https:\/\/saisonsculturelleschaumont.fr\/mdxpuixt\/#website","url":"https:\/\/saisonsculturelleschaumont.fr\/mdxpuixt\/","name":"Les Saisons Culturelles de Chaumont","description":"","potentialAction":[{"@type":"SearchAction","target":{"@type":"EntryPoint","urlTemplate":"https:\/\/saisonsculturelleschaumont.fr\/mdxpuixt\/?s={search_term_string}"},"query-input":"required name=search_term_string"}],"inLanguage":"fr-FR"}]}},"uagb_featured_image_src":{"full":["https:\/\/saisonsculturelleschaumont.fr\/mdxpuixt\/wp-content\/uploads\/2022\/09\/Devotion-Baroque-e1663080722137.jpg",650,433,false],"thumbnail":["https:\/\/saisonsculturelleschaumont.fr\/mdxpuixt\/wp-content\/uploads\/2022\/09\/Devotion-Baroque-e1663080722137-80x80.jpg",80,80,true],"medium":["https:\/\/saisonsculturelleschaumont.fr\/mdxpuixt\/wp-content\/uploads\/2022\/09\/Devotion-Baroque-e1663080722137-300x300.jpg",300,300,true],"medium_large":["https:\/\/saisonsculturelleschaumont.fr\/mdxpuixt\/wp-content\/uploads\/2022\/09\/Devotion-Baroque-768x768.jpg",768,768,true],"large":["https:\/\/saisonsculturelleschaumont.fr\/mdxpuixt\/wp-content\/uploads\/2022\/09\/Devotion-Baroque-1030x1030.jpg",1030,1030,true],"1536x1536":["https:\/\/saisonsculturelleschaumont.fr\/mdxpuixt\/wp-content\/uploads\/2022\/09\/Devotion-Baroque-1536x1024.jpg",1536,1024,true],"2048x2048":["https:\/\/saisonsculturelleschaumont.fr\/mdxpuixt\/wp-content\/uploads\/2022\/09\/Devotion-Baroque-e1663080722137.jpg",650,433,false],"widget":["https:\/\/saisonsculturelleschaumont.fr\/mdxpuixt\/wp-content\/uploads\/2022\/09\/Devotion-Baroque-e1663080722137-36x36.jpg",36,36,true],"square":["https:\/\/saisonsculturelleschaumont.fr\/mdxpuixt\/wp-content\/uploads\/2022\/09\/Devotion-Baroque-e1663080722137-180x180.jpg",180,180,true],"featured":["https:\/\/saisonsculturelleschaumont.fr\/mdxpuixt\/wp-content\/uploads\/2022\/09\/Devotion-Baroque-e1663080722137-650x430.jpg",650,430,true],"featured_large":["https:\/\/saisonsculturelleschaumont.fr\/mdxpuixt\/wp-content\/uploads\/2022\/09\/Devotion-Baroque-1500x630.jpg",1500,630,true],"extra_large":["https:\/\/saisonsculturelleschaumont.fr\/mdxpuixt\/wp-content\/uploads\/2022\/09\/Devotion-Baroque-1500x1000.jpg",1500,1000,true],"portfolio":["https:\/\/saisonsculturelleschaumont.fr\/mdxpuixt\/wp-content\/uploads\/2022\/09\/Devotion-Baroque-e1663080722137-495x400.jpg",495,400,true],"portfolio_small":["https:\/\/saisonsculturelleschaumont.fr\/mdxpuixt\/wp-content\/uploads\/2022\/09\/Devotion-Baroque-e1663080722137-260x185.jpg",260,185,true],"gallery":["https:\/\/saisonsculturelleschaumont.fr\/mdxpuixt\/wp-content\/uploads\/2022\/09\/Devotion-Baroque-845x684.jpg",845,684,true],"magazine":["https:\/\/saisonsculturelleschaumont.fr\/mdxpuixt\/wp-content\/uploads\/2022\/09\/Devotion-Baroque-e1663080722137-650x375.jpg",650,375,true],"masonry":["https:\/\/saisonsculturelleschaumont.fr\/mdxpuixt\/wp-content\/uploads\/2022\/09\/Devotion-Baroque-705x470.jpg",705,470,true],"entry_with_sidebar":["https:\/\/saisonsculturelleschaumont.fr\/mdxpuixt\/wp-content\/uploads\/2022\/09\/Devotion-Baroque-e1663080722137-650x321.jpg",650,321,true],"entry_without_sidebar":["https:\/\/saisonsculturelleschaumont.fr\/mdxpuixt\/wp-content\/uploads\/2022\/09\/Devotion-Baroque-e1663080722137-650x423.jpg",650,423,true]},"uagb_author_info":{"display_name":"Justine Ansel","author_link":"https:\/\/saisonsculturelleschaumont.fr\/mdxpuixt\/author\/justine-ansel\/"},"uagb_comment_info":0,"uagb_excerpt":"Cr\u00e9\u00e9es en 1984, les journ\u00e9es europ\u00e9ennes du patrimoine ont lieu chaque ann\u00e9e le 3\u00e8me week-end de septembre. Cette ann\u00e9e, la quaranti\u00e8me \u00e9dition des Journ\u00e9es europ\u00e9ennes du patrimoine aura lieu les [&hellip;]","_links":{"self":[{"href":"https:\/\/saisonsculturelleschaumont.fr\/mdxpuixt\/wp-json\/wp\/v2\/tribe_events\/10463"}],"collection":[{"href":"https:\/\/saisonsculturelleschaumont.fr\/mdxpuixt\/wp-json\/wp\/v2\/tribe_events"}],"about":[{"href":"https:\/\/saisonsculturelleschaumont.fr\/mdxpuixt\/wp-json\/wp\/v2\/types\/tribe_events"}],"author":[{"embeddable":true,"href":"https:\/\/saisonsculturelleschaumont.fr\/mdxpuixt\/wp-json\/wp\/v2\/users\/3"}],"replies":[{"embeddable":true,"href":"https:\/\/saisonsculturelleschaumont.fr\/mdxpuixt\/wp-json\/wp\/v2\/comments?post=10463"}],"version-history":[{"count":0,"href":"https:\/\/saisonsculturelleschaumont.fr\/mdxpuixt\/wp-json\/wp\/v2\/tribe_events\/10463\/revisions"}],"wp:featuredmedia":[{"embeddable":true,"href":"https:\/\/saisonsculturelleschaumont.fr\/mdxpuixt\/wp-json\/wp\/v2\/media\/8932"}],"wp:attachment":[{"href":"https:\/\/saisonsculturelleschaumont.fr\/mdxpuixt\/wp-json\/wp\/v2\/media?parent=10463"}],"wp:term":[{"taxonomy":"post_tag","embeddable":true,"href":"https:\/\/saisonsculturelleschaumont.fr\/mdxpuixt\/wp-json\/wp\/v2\/tags?post=10463"},{"taxonomy":"tribe_events_cat","embeddable":true,"href":"https:\/\/saisonsculturelleschaumont.fr\/mdxpuixt\/wp-json\/wp\/v2\/tribe_events_cat?post=10463"}],"curies":[{"name":"wp","href":"https:\/\/api.w.org\/{rel}","templated":true}]}}