{"id":10466,"date":"2023-09-14T11:05:55","date_gmt":"2023-09-14T09:05:55","guid":{"rendered":"https:\/\/saisonsculturelleschaumont.fr\/mdxpuixt\/?post_type=tribe_events&#038;p=10466"},"modified":"2023-10-26T16:34:47","modified_gmt":"2023-10-26T14:34:47","slug":"chaumont-sens-dessus-dessous-portrait-dessine-de-la-ville","status":"publish","type":"tribe_events","link":"https:\/\/saisonsculturelleschaumont.fr\/mdxpuixt\/evenement\/chaumont-sens-dessus-dessous-portrait-dessine-de-la-ville\/","title":{"rendered":"Chaumont sens dessus dessous : Portrait dessin\u00e9 de la ville"},"content":{"rendered":"<p><strong>Qui est Cl\u00e9ment Gy ?<\/strong><br \/>\nVoil\u00e0 bient\u00f4t dix ans que j\u2019arpente territoires, villes et rues ainsi devenus mon terrain d\u2019\u00e9tude de pr\u00e9dilection. Je dessine comme on tient un journal de bord ou un carnet de route, au fil des opportunit\u00e9s et des envies, pour tenter de partager \u00ab l\u2019extraordinaire esth\u00e9tique du banal \u00bb que l\u2019on ne regarde parfois plus, tant notre oeil s\u2019est habitu\u00e9 \u00e0 l\u2019environnement quotidien. Form\u00e9 \u00e0 l\u2019\u00c9cole d\u2019Architecture de Paris-Belleville ainsi qu\u2019\u00e0 la Mackintosh Glasgow School of Art, j\u2019ai aujourd\u2019hui une double pratique, architecte et dessinateur. Dessiner est le moyen de me confronter au r\u00e9el en appr\u00e9hendant le monde au travers des diff\u00e9rentes mat\u00e9rialit\u00e9s, des g\u00e9om\u00e9tries, des couleurs et des textures. C\u2019est par ma vision d\u2019architecte que je m\u2019efforce de repr\u00e9senter les atmosph\u00e8res et l\u2019espace qui nous entourent, l\u2019essence de ma d\u00e9marche r\u00e9side dans un travail sur les ambiances : celle de l\u2019architecture face \u00e0 la lumi\u00e8re.<\/p>\n<p>Pendant plusieurs mois en r\u00e9sidence artistique \u00e0 Chaumont, l&rsquo;architecte et dessinateur Cl\u00e9ment Gy a explor\u00e9 rues, places, quartiers et faubourgs de la ville. La s\u00e9rie de trois dessins que Cl\u00e9ment Gy pr\u00e9sente dans le cadre de ce projet artistique constitue un portrait de la ville de Chaumont, cr\u00e9\u00e9 \u00e0 partir d\u2019une combinaison de ses diverses architectures. Ces dessins architecturaux enchev\u00eatr\u00e9s prennent la forme d\u2019un puzzle m\u00e9taphorique, visant \u00e0 mettre en lumi\u00e8re la richesse et la diversit\u00e9 qui caract\u00e9risent le territoire chaumontais. Sa d\u00e9marche a consist\u00e9 \u00e0 orchestrer une fusion de mille ans d\u2019histoire architecturale et urbaine. \u00c0 travers ces dessins, il a souhait\u00e9 r\u00e9unir des \u00e9l\u00e9ments qui traversent le temps, des \u00e9difices historiques aux constructions plus r\u00e9centes, capturant ainsi la dynamique \u00e9volutive de Chaumont au fil des si\u00e8cles. \u00c0 travers ces illustrations uniques, chaque perspective propos\u00e9e au regard offre un angle inattendu sur la ville, invitant le spectateur \u00e0 explorer ces paysages urbains d\u2019un oeil curieux.<\/p>\n<p><strong>Venez chercher votre d\u00e9pliant \u00e0 l&rsquo;H\u00f4tel de ville et chez vos commer\u00e7ants pour retrouver les trois dessins de Cl\u00e9ment Gy coll\u00e9s dans la ville !<\/strong><\/p>\n<p><em>Projet soutenu par la Ville de Chaumont, la r\u00e9gion Grand Est et la Maison Laurentine.<\/em><\/p>\n","protected":false},"excerpt":{"rendered":"<p>Qui est Cl\u00e9ment Gy ? Voil\u00e0 bient\u00f4t dix ans que j\u2019arpente territoires, villes et rues ainsi devenus mon terrain d\u2019\u00e9tude de pr\u00e9dilection. Je dessine comme on tient un journal de [&hellip;]<\/p>\n","protected":false},"author":3,"featured_media":10455,"comment_status":"closed","ping_status":"closed","template":"","meta":{"_uag_custom_page_level_css":"","_tribe_events_status":"","_tribe_events_status_reason":""},"tags":[150,73,407],"tribe_events_cat":[41],"yoast_head":"<!-- This site is optimized with the Yoast SEO plugin v21.1 - https:\/\/yoast.com\/wordpress\/plugins\/seo\/ -->\n<title>Chaumont sens dessus dessous : Portrait dessin\u00e9 de la ville - Les Saisons Culturelles de Chaumont<\/title>\n<meta name=\"description\" content=\"D\u00e9couvrez la programmation culturelle de la saison culturelle de la ville de Chaumont. Expositions, visites, rencontres, ateliers, concerts, spectacles, animations et plus encore.\" \/>\n<meta name=\"robots\" content=\"noindex, follow, max-snippet:-1, max-image-preview:large, max-video-preview:-1\" \/>\n<meta property=\"og:locale\" content=\"fr_FR\" \/>\n<meta property=\"og:type\" content=\"article\" \/>\n<meta property=\"og:title\" content=\"Chaumont sens dessus dessous : Portrait dessin\u00e9 de la ville - Les Saisons Culturelles de Chaumont\" \/>\n<meta property=\"og:description\" content=\"D\u00e9couvrez la programmation culturelle de la saison culturelle de la ville de Chaumont. Expositions, visites, rencontres, ateliers, concerts, spectacles, animations et plus encore.\" \/>\n<meta property=\"og:url\" content=\"https:\/\/saisonsculturelleschaumont.fr\/mdxpuixt\/evenement\/chaumont-sens-dessus-dessous-portrait-dessine-de-la-ville\/\" \/>\n<meta property=\"og:site_name\" content=\"Les Saisons Culturelles de Chaumont\" \/>\n<meta property=\"article:publisher\" content=\"https:\/\/www.facebook.com\/saisonsculturelleschaumont\/\" \/>\n<meta property=\"article:modified_time\" content=\"2023-10-26T14:34:47+00:00\" \/>\n<meta property=\"og:image\" content=\"https:\/\/saisonsculturelleschaumont.fr\/mdxpuixt\/wp-content\/uploads\/2023\/09\/cha-01-scaled-e1694682772539-1030x1030.jpg\" \/>\n\t<meta property=\"og:image:width\" content=\"1030\" \/>\n\t<meta property=\"og:image:height\" content=\"1030\" \/>\n\t<meta property=\"og:image:type\" content=\"image\/jpeg\" \/>\n<meta name=\"twitter:card\" content=\"summary_large_image\" \/>\n<meta name=\"twitter:label1\" content=\"Dur\u00e9e de lecture estim\u00e9e\" \/>\n\t<meta name=\"twitter:data1\" content=\"2 minutes\" \/>\n<script type=\"application\/ld+json\" class=\"yoast-schema-graph\">{\"@context\":\"https:\/\/schema.org\",\"@graph\":[{\"@type\":\"WebPage\",\"@id\":\"https:\/\/saisonsculturelleschaumont.fr\/mdxpuixt\/evenement\/chaumont-sens-dessus-dessous-portrait-dessine-de-la-ville\/\",\"url\":\"https:\/\/saisonsculturelleschaumont.fr\/mdxpuixt\/evenement\/chaumont-sens-dessus-dessous-portrait-dessine-de-la-ville\/\",\"name\":\"Chaumont sens dessus dessous : Portrait dessin\u00e9 de la ville - Les Saisons Culturelles de Chaumont\",\"isPartOf\":{\"@id\":\"https:\/\/saisonsculturelleschaumont.fr\/mdxpuixt\/#website\"},\"datePublished\":\"2023-09-14T09:05:55+00:00\",\"dateModified\":\"2023-10-26T14:34:47+00:00\",\"description\":\"D\u00e9couvrez la programmation culturelle de la saison culturelle de la ville de Chaumont. Expositions, visites, rencontres, ateliers, concerts, spectacles, animations et plus encore.\",\"breadcrumb\":{\"@id\":\"https:\/\/saisonsculturelleschaumont.fr\/mdxpuixt\/evenement\/chaumont-sens-dessus-dessous-portrait-dessine-de-la-ville\/#breadcrumb\"},\"inLanguage\":\"fr-FR\",\"potentialAction\":[{\"@type\":\"ReadAction\",\"target\":[\"https:\/\/saisonsculturelleschaumont.fr\/mdxpuixt\/evenement\/chaumont-sens-dessus-dessous-portrait-dessine-de-la-ville\/\"]}]},{\"@type\":\"BreadcrumbList\",\"@id\":\"https:\/\/saisonsculturelleschaumont.fr\/mdxpuixt\/evenement\/chaumont-sens-dessus-dessous-portrait-dessine-de-la-ville\/#breadcrumb\",\"itemListElement\":[{\"@type\":\"ListItem\",\"position\":1,\"name\":\"Accueil\",\"item\":\"https:\/\/saisonsculturelleschaumont.fr\/mdxpuixt\/\"},{\"@type\":\"ListItem\",\"position\":2,\"name\":\"\u00c9v\u00e8nements\",\"item\":\"https:\/\/saisonsculturelleschaumont.fr\/mdxpuixt\/agenda\/\"},{\"@type\":\"ListItem\",\"position\":3,\"name\":\"Chaumont sens dessus dessous : Portrait dessin\u00e9 de la ville\"}]},{\"@type\":\"WebSite\",\"@id\":\"https:\/\/saisonsculturelleschaumont.fr\/mdxpuixt\/#website\",\"url\":\"https:\/\/saisonsculturelleschaumont.fr\/mdxpuixt\/\",\"name\":\"Les Saisons Culturelles de Chaumont\",\"description\":\"\",\"potentialAction\":[{\"@type\":\"SearchAction\",\"target\":{\"@type\":\"EntryPoint\",\"urlTemplate\":\"https:\/\/saisonsculturelleschaumont.fr\/mdxpuixt\/?s={search_term_string}\"},\"query-input\":\"required name=search_term_string\"}],\"inLanguage\":\"fr-FR\"}]}<\/script>\n<!-- \/ Yoast SEO plugin. -->","yoast_head_json":{"title":"Chaumont sens dessus dessous : Portrait dessin\u00e9 de la ville - Les Saisons Culturelles de Chaumont","description":"D\u00e9couvrez la programmation culturelle de la saison culturelle de la ville de Chaumont. Expositions, visites, rencontres, ateliers, concerts, spectacles, animations et plus encore.","robots":{"index":"noindex","follow":"follow","max-snippet":"max-snippet:-1","max-image-preview":"max-image-preview:large","max-video-preview":"max-video-preview:-1"},"og_locale":"fr_FR","og_type":"article","og_title":"Chaumont sens dessus dessous : Portrait dessin\u00e9 de la ville - Les Saisons Culturelles de Chaumont","og_description":"D\u00e9couvrez la programmation culturelle de la saison culturelle de la ville de Chaumont. Expositions, visites, rencontres, ateliers, concerts, spectacles, animations et plus encore.","og_url":"https:\/\/saisonsculturelleschaumont.fr\/mdxpuixt\/evenement\/chaumont-sens-dessus-dessous-portrait-dessine-de-la-ville\/","og_site_name":"Les Saisons Culturelles de Chaumont","article_publisher":"https:\/\/www.facebook.com\/saisonsculturelleschaumont\/","article_modified_time":"2023-10-26T14:34:47+00:00","og_image":[{"width":1030,"height":1030,"url":"https:\/\/saisonsculturelleschaumont.fr\/mdxpuixt\/wp-content\/uploads\/2023\/09\/cha-01-scaled-e1694682772539-1030x1030.jpg","type":"image\/jpeg"}],"twitter_card":"summary_large_image","twitter_misc":{"Dur\u00e9e de lecture estim\u00e9e":"2 minutes"},"schema":{"@context":"https:\/\/schema.org","@graph":[{"@type":"WebPage","@id":"https:\/\/saisonsculturelleschaumont.fr\/mdxpuixt\/evenement\/chaumont-sens-dessus-dessous-portrait-dessine-de-la-ville\/","url":"https:\/\/saisonsculturelleschaumont.fr\/mdxpuixt\/evenement\/chaumont-sens-dessus-dessous-portrait-dessine-de-la-ville\/","name":"Chaumont sens dessus dessous : Portrait dessin\u00e9 de la ville - Les Saisons Culturelles de Chaumont","isPartOf":{"@id":"https:\/\/saisonsculturelleschaumont.fr\/mdxpuixt\/#website"},"datePublished":"2023-09-14T09:05:55+00:00","dateModified":"2023-10-26T14:34:47+00:00","description":"D\u00e9couvrez la programmation culturelle de la saison culturelle de la ville de Chaumont. Expositions, visites, rencontres, ateliers, concerts, spectacles, animations et plus encore.","breadcrumb":{"@id":"https:\/\/saisonsculturelleschaumont.fr\/mdxpuixt\/evenement\/chaumont-sens-dessus-dessous-portrait-dessine-de-la-ville\/#breadcrumb"},"inLanguage":"fr-FR","potentialAction":[{"@type":"ReadAction","target":["https:\/\/saisonsculturelleschaumont.fr\/mdxpuixt\/evenement\/chaumont-sens-dessus-dessous-portrait-dessine-de-la-ville\/"]}]},{"@type":"BreadcrumbList","@id":"https:\/\/saisonsculturelleschaumont.fr\/mdxpuixt\/evenement\/chaumont-sens-dessus-dessous-portrait-dessine-de-la-ville\/#breadcrumb","itemListElement":[{"@type":"ListItem","position":1,"name":"Accueil","item":"https:\/\/saisonsculturelleschaumont.fr\/mdxpuixt\/"},{"@type":"ListItem","position":2,"name":"\u00c9v\u00e8nements","item":"https:\/\/saisonsculturelleschaumont.fr\/mdxpuixt\/agenda\/"},{"@type":"ListItem","position":3,"name":"Chaumont sens dessus dessous : Portrait dessin\u00e9 de la ville"}]},{"@type":"WebSite","@id":"https:\/\/saisonsculturelleschaumont.fr\/mdxpuixt\/#website","url":"https:\/\/saisonsculturelleschaumont.fr\/mdxpuixt\/","name":"Les Saisons Culturelles de Chaumont","description":"","potentialAction":[{"@type":"SearchAction","target":{"@type":"EntryPoint","urlTemplate":"https:\/\/saisonsculturelleschaumont.fr\/mdxpuixt\/?s={search_term_string}"},"query-input":"required name=search_term_string"}],"inLanguage":"fr-FR"}]}},"uagb_featured_image_src":{"full":["https:\/\/saisonsculturelleschaumont.fr\/mdxpuixt\/wp-content\/uploads\/2023\/09\/cha-01-scaled-e1694684897977.jpg",650,767,false],"thumbnail":["https:\/\/saisonsculturelleschaumont.fr\/mdxpuixt\/wp-content\/uploads\/2023\/09\/cha-01-scaled-e1694684897977-80x80.jpg",80,80,true],"medium":["https:\/\/saisonsculturelleschaumont.fr\/mdxpuixt\/wp-content\/uploads\/2023\/09\/cha-01-scaled-e1694684897977-300x300.jpg",300,300,true],"medium_large":["https:\/\/saisonsculturelleschaumont.fr\/mdxpuixt\/wp-content\/uploads\/2023\/09\/cha-01-scaled-e1694682772539-768x768.jpg",768,768,true],"large":["https:\/\/saisonsculturelleschaumont.fr\/mdxpuixt\/wp-content\/uploads\/2023\/09\/cha-01-scaled-e1694682772539-1030x1030.jpg",1030,1030,true],"1536x1536":["https:\/\/saisonsculturelleschaumont.fr\/mdxpuixt\/wp-content\/uploads\/2023\/09\/cha-01-scaled-e1694682772539-1302x1536.jpg",1302,1536,true],"2048x2048":["https:\/\/saisonsculturelleschaumont.fr\/mdxpuixt\/wp-content\/uploads\/2023\/09\/cha-01-1152x2048.jpg",1152,2048,true],"widget":["https:\/\/saisonsculturelleschaumont.fr\/mdxpuixt\/wp-content\/uploads\/2023\/09\/cha-01-scaled-e1694684897977-36x36.jpg",36,36,true],"square":["https:\/\/saisonsculturelleschaumont.fr\/mdxpuixt\/wp-content\/uploads\/2023\/09\/cha-01-scaled-e1694684897977-180x180.jpg",180,180,true],"featured":["https:\/\/saisonsculturelleschaumont.fr\/mdxpuixt\/wp-content\/uploads\/2023\/09\/cha-01-scaled-e1694684897977-650x430.jpg",650,430,true],"featured_large":["https:\/\/saisonsculturelleschaumont.fr\/mdxpuixt\/wp-content\/uploads\/2023\/09\/cha-01-scaled-e1694684897977-650x630.jpg",650,630,true],"extra_large":["https:\/\/saisonsculturelleschaumont.fr\/mdxpuixt\/wp-content\/uploads\/2023\/09\/cha-01-scaled-e1694682772539-1271x1500.jpg",1271,1500,true],"portfolio":["https:\/\/saisonsculturelleschaumont.fr\/mdxpuixt\/wp-content\/uploads\/2023\/09\/cha-01-scaled-e1694684897977-495x400.jpg",495,400,true],"portfolio_small":["https:\/\/saisonsculturelleschaumont.fr\/mdxpuixt\/wp-content\/uploads\/2023\/09\/cha-01-scaled-e1694684897977-260x185.jpg",260,185,true],"gallery":["https:\/\/saisonsculturelleschaumont.fr\/mdxpuixt\/wp-content\/uploads\/2023\/09\/cha-01-scaled-e1694684897977-650x684.jpg",650,684,true],"magazine":["https:\/\/saisonsculturelleschaumont.fr\/mdxpuixt\/wp-content\/uploads\/2023\/09\/cha-01-scaled-e1694684897977-650x375.jpg",650,375,true],"masonry":["https:\/\/saisonsculturelleschaumont.fr\/mdxpuixt\/wp-content\/uploads\/2023\/09\/cha-01-scaled-e1694684897977-597x705.jpg",597,705,true],"entry_with_sidebar":["https:\/\/saisonsculturelleschaumont.fr\/mdxpuixt\/wp-content\/uploads\/2023\/09\/cha-01-scaled-e1694684897977-650x321.jpg",650,321,true],"entry_without_sidebar":["https:\/\/saisonsculturelleschaumont.fr\/mdxpuixt\/wp-content\/uploads\/2023\/09\/cha-01-scaled-e1694684897977-650x423.jpg",650,423,true]},"uagb_author_info":{"display_name":"Justine Ansel","author_link":"https:\/\/saisonsculturelleschaumont.fr\/mdxpuixt\/author\/justine-ansel\/"},"uagb_comment_info":0,"uagb_excerpt":"Qui est Cl\u00e9ment Gy ? Voil\u00e0 bient\u00f4t dix ans que j\u2019arpente territoires, villes et rues ainsi devenus mon terrain d\u2019\u00e9tude de pr\u00e9dilection. Je dessine comme on tient un journal de [&hellip;]","_links":{"self":[{"href":"https:\/\/saisonsculturelleschaumont.fr\/mdxpuixt\/wp-json\/wp\/v2\/tribe_events\/10466"}],"collection":[{"href":"https:\/\/saisonsculturelleschaumont.fr\/mdxpuixt\/wp-json\/wp\/v2\/tribe_events"}],"about":[{"href":"https:\/\/saisonsculturelleschaumont.fr\/mdxpuixt\/wp-json\/wp\/v2\/types\/tribe_events"}],"author":[{"embeddable":true,"href":"https:\/\/saisonsculturelleschaumont.fr\/mdxpuixt\/wp-json\/wp\/v2\/users\/3"}],"replies":[{"embeddable":true,"href":"https:\/\/saisonsculturelleschaumont.fr\/mdxpuixt\/wp-json\/wp\/v2\/comments?post=10466"}],"version-history":[{"count":0,"href":"https:\/\/saisonsculturelleschaumont.fr\/mdxpuixt\/wp-json\/wp\/v2\/tribe_events\/10466\/revisions"}],"wp:featuredmedia":[{"embeddable":true,"href":"https:\/\/saisonsculturelleschaumont.fr\/mdxpuixt\/wp-json\/wp\/v2\/media\/10455"}],"wp:attachment":[{"href":"https:\/\/saisonsculturelleschaumont.fr\/mdxpuixt\/wp-json\/wp\/v2\/media?parent=10466"}],"wp:term":[{"taxonomy":"post_tag","embeddable":true,"href":"https:\/\/saisonsculturelleschaumont.fr\/mdxpuixt\/wp-json\/wp\/v2\/tags?post=10466"},{"taxonomy":"tribe_events_cat","embeddable":true,"href":"https:\/\/saisonsculturelleschaumont.fr\/mdxpuixt\/wp-json\/wp\/v2\/tribe_events_cat?post=10466"}],"curies":[{"name":"wp","href":"https:\/\/api.w.org\/{rel}","templated":true}]}}