{"id":10560,"date":"2023-09-19T16:55:06","date_gmt":"2023-09-19T14:55:06","guid":{"rendered":"https:\/\/saisonsculturelleschaumont.fr\/mdxpuixt\/?post_type=tribe_events&#038;p=10560"},"modified":"2023-10-26T10:39:26","modified_gmt":"2023-10-26T08:39:26","slug":"brunch-avec-celine-ripoll-et-toi-cest-quoi-ta-vraie-langue","status":"publish","type":"tribe_events","link":"https:\/\/saisonsculturelleschaumont.fr\/mdxpuixt\/evenement\/brunch-avec-celine-ripoll-et-toi-cest-quoi-ta-vraie-langue\/","title":{"rendered":"Brunch avec C\u00e9line Ripoll \u00ab\u00a0Et toi, c&rsquo;est quoi ta vraie langue ?\u00a0\u00bb"},"content":{"rendered":"<p>Entr\u00e9e libre, tout public<br \/>\nSur inscription au 03 25 03 86 86<br \/>\nVenez partager un brunch et \u00e9changer avec l\u2019artiste sur l\u2019importance, l\u2019engagement et l\u2019action afin de conserver une langue comme celle de l\u2019\u00eele de P\u00e2ques alors que moins de 10% de la nouvelle g\u00e9n\u00e9ration sont locuteurs.<\/p>\n<p>C\u00e9line Ripoll, conteuse, autrice-illustratrice et \u00e9ditrice<br \/>\nDesigner dipl\u00f4m\u00e9e de l\u2019ENSAAMA \u00e0 Paris, C\u00e9line Ripoll se forme \u00e0 l\u2019art du conte aupr\u00e8s de Gilles Bizouerne au Conservatoire de Paris 12e. En 2005, une autre histoire, celle d\u2019un guerrier, lui fait prendre le chemin de la Polyn\u00e9sie. Apr\u00e8s des mois de collectage, elle revient initi\u00e9e \u00e0 cette tradition orale. Elle multiplie les voyages \u00e0 la recherche de l\u00e9gendes venues de la nuit des temps puis s\u2019installe sur l\u2019\u00eele de P\u00e2ques. Appel\u00e9e par le Mus\u00e9e du Quai Branly en 2006 pour son inauguration, elle y collaborera 13 ann\u00e9es, cr\u00e9ant de nombreuses visites cont\u00e9es, offrant au public un autre regard sur les \u0153uvres oc\u00e9aniennes, nourrissant sa parole de chants anciens et de gestes de danses. Autrice de nombreux recueils et albums jeunesse, fondatrice d\u2019une maison d\u2019\u00e9dition sur l\u2019\u00eele de P\u00e2ques, Moai Editions, elle nous guide sur un oc\u00e9an de mots pour d\u00e9couvrir les cultures d\u2019Oc\u00e9anie encore trop souvent m\u00e9connues.<\/p>\n","protected":false},"excerpt":{"rendered":"<p>Entr\u00e9e libre, tout public Sur inscription au 03 25 03 86 86 Venez partager un brunch et \u00e9changer avec l\u2019artiste sur l\u2019importance, l\u2019engagement et l\u2019action afin de conserver une langue [&hellip;]<\/p>\n","protected":false},"author":3,"featured_media":10629,"comment_status":"closed","ping_status":"closed","template":"","meta":{"_uag_custom_page_level_css":"","_tribe_events_status":"","_tribe_events_status_reason":""},"tags":[419],"tribe_events_cat":[45],"yoast_head":"<!-- This site is optimized with the Yoast SEO plugin v21.1 - https:\/\/yoast.com\/wordpress\/plugins\/seo\/ -->\n<title>Brunch avec C\u00e9line Ripoll &quot;Et toi, c&#039;est quoi ta vraie langue ?&quot; - Les Saisons Culturelles de Chaumont<\/title>\n<meta name=\"description\" content=\"D\u00e9couvrez la programmation culturelle de la saison culturelle de la ville de Chaumont. Expositions, visites, rencontres, ateliers, concerts, spectacles, animations et plus encore.\" \/>\n<meta name=\"robots\" content=\"noindex, follow, max-snippet:-1, max-image-preview:large, max-video-preview:-1\" \/>\n<meta property=\"og:locale\" content=\"fr_FR\" \/>\n<meta property=\"og:type\" content=\"article\" \/>\n<meta property=\"og:title\" content=\"Brunch avec C\u00e9line Ripoll &quot;Et toi, c&#039;est quoi ta vraie langue ?&quot; - Les Saisons Culturelles de Chaumont\" \/>\n<meta property=\"og:description\" content=\"D\u00e9couvrez la programmation culturelle de la saison culturelle de la ville de Chaumont. Expositions, visites, rencontres, ateliers, concerts, spectacles, animations et plus encore.\" \/>\n<meta property=\"og:url\" content=\"https:\/\/saisonsculturelleschaumont.fr\/mdxpuixt\/evenement\/brunch-avec-celine-ripoll-et-toi-cest-quoi-ta-vraie-langue\/\" \/>\n<meta property=\"og:site_name\" content=\"Les Saisons Culturelles de Chaumont\" \/>\n<meta property=\"article:publisher\" content=\"https:\/\/www.facebook.com\/saisonsculturelleschaumont\/\" \/>\n<meta property=\"article:modified_time\" content=\"2023-10-26T08:39:26+00:00\" \/>\n<meta property=\"og:image\" content=\"https:\/\/saisonsculturelleschaumont.fr\/mdxpuixt\/wp-content\/uploads\/2023\/09\/Conference-Et-toi-cest-quoi-ta-vraie-langue\u00a9andres-fernandez-scaled.jpg\" \/>\n\t<meta property=\"og:image:width\" content=\"1707\" \/>\n\t<meta property=\"og:image:height\" content=\"2560\" \/>\n\t<meta property=\"og:image:type\" content=\"image\/jpeg\" \/>\n<meta name=\"twitter:card\" content=\"summary_large_image\" \/>\n<meta name=\"twitter:label1\" content=\"Dur\u00e9e de lecture estim\u00e9e\" \/>\n\t<meta name=\"twitter:data1\" content=\"1 minute\" \/>\n<script type=\"application\/ld+json\" class=\"yoast-schema-graph\">{\"@context\":\"https:\/\/schema.org\",\"@graph\":[{\"@type\":\"WebPage\",\"@id\":\"https:\/\/saisonsculturelleschaumont.fr\/mdxpuixt\/evenement\/brunch-avec-celine-ripoll-et-toi-cest-quoi-ta-vraie-langue\/\",\"url\":\"https:\/\/saisonsculturelleschaumont.fr\/mdxpuixt\/evenement\/brunch-avec-celine-ripoll-et-toi-cest-quoi-ta-vraie-langue\/\",\"name\":\"Brunch avec C\u00e9line Ripoll \\\"Et toi, c'est quoi ta vraie langue ?\\\" - Les Saisons Culturelles de Chaumont\",\"isPartOf\":{\"@id\":\"https:\/\/saisonsculturelleschaumont.fr\/mdxpuixt\/#website\"},\"datePublished\":\"2023-09-19T14:55:06+00:00\",\"dateModified\":\"2023-10-26T08:39:26+00:00\",\"description\":\"D\u00e9couvrez la programmation culturelle de la saison culturelle de la ville de Chaumont. Expositions, visites, rencontres, ateliers, concerts, spectacles, animations et plus encore.\",\"breadcrumb\":{\"@id\":\"https:\/\/saisonsculturelleschaumont.fr\/mdxpuixt\/evenement\/brunch-avec-celine-ripoll-et-toi-cest-quoi-ta-vraie-langue\/#breadcrumb\"},\"inLanguage\":\"fr-FR\",\"potentialAction\":[{\"@type\":\"ReadAction\",\"target\":[\"https:\/\/saisonsculturelleschaumont.fr\/mdxpuixt\/evenement\/brunch-avec-celine-ripoll-et-toi-cest-quoi-ta-vraie-langue\/\"]}]},{\"@type\":\"BreadcrumbList\",\"@id\":\"https:\/\/saisonsculturelleschaumont.fr\/mdxpuixt\/evenement\/brunch-avec-celine-ripoll-et-toi-cest-quoi-ta-vraie-langue\/#breadcrumb\",\"itemListElement\":[{\"@type\":\"ListItem\",\"position\":1,\"name\":\"Accueil\",\"item\":\"https:\/\/saisonsculturelleschaumont.fr\/mdxpuixt\/\"},{\"@type\":\"ListItem\",\"position\":2,\"name\":\"\u00c9v\u00e8nements\",\"item\":\"https:\/\/saisonsculturelleschaumont.fr\/mdxpuixt\/agenda\/\"},{\"@type\":\"ListItem\",\"position\":3,\"name\":\"Brunch avec C\u00e9line Ripoll \u00ab\u00a0Et toi, c&rsquo;est quoi ta vraie langue ?\u00a0\u00bb\"}]},{\"@type\":\"WebSite\",\"@id\":\"https:\/\/saisonsculturelleschaumont.fr\/mdxpuixt\/#website\",\"url\":\"https:\/\/saisonsculturelleschaumont.fr\/mdxpuixt\/\",\"name\":\"Les Saisons Culturelles de Chaumont\",\"description\":\"\",\"potentialAction\":[{\"@type\":\"SearchAction\",\"target\":{\"@type\":\"EntryPoint\",\"urlTemplate\":\"https:\/\/saisonsculturelleschaumont.fr\/mdxpuixt\/?s={search_term_string}\"},\"query-input\":\"required name=search_term_string\"}],\"inLanguage\":\"fr-FR\"}]}<\/script>\n<!-- \/ Yoast SEO plugin. -->","yoast_head_json":{"title":"Brunch avec C\u00e9line Ripoll \"Et toi, c'est quoi ta vraie langue ?\" - Les Saisons Culturelles de Chaumont","description":"D\u00e9couvrez la programmation culturelle de la saison culturelle de la ville de Chaumont. Expositions, visites, rencontres, ateliers, concerts, spectacles, animations et plus encore.","robots":{"index":"noindex","follow":"follow","max-snippet":"max-snippet:-1","max-image-preview":"max-image-preview:large","max-video-preview":"max-video-preview:-1"},"og_locale":"fr_FR","og_type":"article","og_title":"Brunch avec C\u00e9line Ripoll \"Et toi, c'est quoi ta vraie langue ?\" - Les Saisons Culturelles de Chaumont","og_description":"D\u00e9couvrez la programmation culturelle de la saison culturelle de la ville de Chaumont. Expositions, visites, rencontres, ateliers, concerts, spectacles, animations et plus encore.","og_url":"https:\/\/saisonsculturelleschaumont.fr\/mdxpuixt\/evenement\/brunch-avec-celine-ripoll-et-toi-cest-quoi-ta-vraie-langue\/","og_site_name":"Les Saisons Culturelles de Chaumont","article_publisher":"https:\/\/www.facebook.com\/saisonsculturelleschaumont\/","article_modified_time":"2023-10-26T08:39:26+00:00","og_image":[{"width":1707,"height":2560,"url":"https:\/\/saisonsculturelleschaumont.fr\/mdxpuixt\/wp-content\/uploads\/2023\/09\/Conference-Et-toi-cest-quoi-ta-vraie-langue\u00a9andres-fernandez-scaled.jpg","type":"image\/jpeg"}],"twitter_card":"summary_large_image","twitter_misc":{"Dur\u00e9e de lecture estim\u00e9e":"1 minute"},"schema":{"@context":"https:\/\/schema.org","@graph":[{"@type":"WebPage","@id":"https:\/\/saisonsculturelleschaumont.fr\/mdxpuixt\/evenement\/brunch-avec-celine-ripoll-et-toi-cest-quoi-ta-vraie-langue\/","url":"https:\/\/saisonsculturelleschaumont.fr\/mdxpuixt\/evenement\/brunch-avec-celine-ripoll-et-toi-cest-quoi-ta-vraie-langue\/","name":"Brunch avec C\u00e9line Ripoll \"Et toi, c'est quoi ta vraie langue ?\" - Les Saisons Culturelles de Chaumont","isPartOf":{"@id":"https:\/\/saisonsculturelleschaumont.fr\/mdxpuixt\/#website"},"datePublished":"2023-09-19T14:55:06+00:00","dateModified":"2023-10-26T08:39:26+00:00","description":"D\u00e9couvrez la programmation culturelle de la saison culturelle de la ville de Chaumont. Expositions, visites, rencontres, ateliers, concerts, spectacles, animations et plus encore.","breadcrumb":{"@id":"https:\/\/saisonsculturelleschaumont.fr\/mdxpuixt\/evenement\/brunch-avec-celine-ripoll-et-toi-cest-quoi-ta-vraie-langue\/#breadcrumb"},"inLanguage":"fr-FR","potentialAction":[{"@type":"ReadAction","target":["https:\/\/saisonsculturelleschaumont.fr\/mdxpuixt\/evenement\/brunch-avec-celine-ripoll-et-toi-cest-quoi-ta-vraie-langue\/"]}]},{"@type":"BreadcrumbList","@id":"https:\/\/saisonsculturelleschaumont.fr\/mdxpuixt\/evenement\/brunch-avec-celine-ripoll-et-toi-cest-quoi-ta-vraie-langue\/#breadcrumb","itemListElement":[{"@type":"ListItem","position":1,"name":"Accueil","item":"https:\/\/saisonsculturelleschaumont.fr\/mdxpuixt\/"},{"@type":"ListItem","position":2,"name":"\u00c9v\u00e8nements","item":"https:\/\/saisonsculturelleschaumont.fr\/mdxpuixt\/agenda\/"},{"@type":"ListItem","position":3,"name":"Brunch avec C\u00e9line Ripoll \u00ab\u00a0Et toi, c&rsquo;est quoi ta vraie langue ?\u00a0\u00bb"}]},{"@type":"WebSite","@id":"https:\/\/saisonsculturelleschaumont.fr\/mdxpuixt\/#website","url":"https:\/\/saisonsculturelleschaumont.fr\/mdxpuixt\/","name":"Les Saisons Culturelles de Chaumont","description":"","potentialAction":[{"@type":"SearchAction","target":{"@type":"EntryPoint","urlTemplate":"https:\/\/saisonsculturelleschaumont.fr\/mdxpuixt\/?s={search_term_string}"},"query-input":"required name=search_term_string"}],"inLanguage":"fr-FR"}]}},"uagb_featured_image_src":{"full":["https:\/\/saisonsculturelleschaumont.fr\/mdxpuixt\/wp-content\/uploads\/2023\/09\/Conference-Et-toi-cest-quoi-ta-vraie-langue\u00a9andres-fernandez-scaled-e1698655934530.jpg",1706,1706,false],"thumbnail":["https:\/\/saisonsculturelleschaumont.fr\/mdxpuixt\/wp-content\/uploads\/2023\/09\/Conference-Et-toi-cest-quoi-ta-vraie-langue\u00a9andres-fernandez-scaled-e1698655934530-80x80.jpg",80,80,true],"medium":["https:\/\/saisonsculturelleschaumont.fr\/mdxpuixt\/wp-content\/uploads\/2023\/09\/Conference-Et-toi-cest-quoi-ta-vraie-langue\u00a9andres-fernandez-scaled-e1698655934530-300x300.jpg",300,300,true],"medium_large":["https:\/\/saisonsculturelleschaumont.fr\/mdxpuixt\/wp-content\/uploads\/2023\/09\/Conference-Et-toi-cest-quoi-ta-vraie-langue\u00a9andres-fernandez-scaled-e1698655934530-768x768.jpg",768,768,true],"large":["https:\/\/saisonsculturelleschaumont.fr\/mdxpuixt\/wp-content\/uploads\/2023\/09\/Conference-Et-toi-cest-quoi-ta-vraie-langue\u00a9andres-fernandez-scaled-e1698655934530-1030x1030.jpg",1030,1030,true],"1536x1536":["https:\/\/saisonsculturelleschaumont.fr\/mdxpuixt\/wp-content\/uploads\/2023\/09\/Conference-Et-toi-cest-quoi-ta-vraie-langue\u00a9andres-fernandez-scaled-e1698655934530-1536x1536.jpg",1536,1536,true],"2048x2048":["https:\/\/saisonsculturelleschaumont.fr\/mdxpuixt\/wp-content\/uploads\/2023\/09\/Conference-Et-toi-cest-quoi-ta-vraie-langue\u00a9andres-fernandez-1365x2048.jpg",1365,2048,true],"widget":["https:\/\/saisonsculturelleschaumont.fr\/mdxpuixt\/wp-content\/uploads\/2023\/09\/Conference-Et-toi-cest-quoi-ta-vraie-langue\u00a9andres-fernandez-scaled-e1698655934530-36x36.jpg",36,36,true],"square":["https:\/\/saisonsculturelleschaumont.fr\/mdxpuixt\/wp-content\/uploads\/2023\/09\/Conference-Et-toi-cest-quoi-ta-vraie-langue\u00a9andres-fernandez-scaled-e1698655934530-180x180.jpg",180,180,true],"featured":["https:\/\/saisonsculturelleschaumont.fr\/mdxpuixt\/wp-content\/uploads\/2023\/09\/Conference-Et-toi-cest-quoi-ta-vraie-langue\u00a9andres-fernandez-scaled-e1698655934530-1500x430.jpg",1500,430,true],"featured_large":["https:\/\/saisonsculturelleschaumont.fr\/mdxpuixt\/wp-content\/uploads\/2023\/09\/Conference-Et-toi-cest-quoi-ta-vraie-langue\u00a9andres-fernandez-scaled-e1698655934530-1500x630.jpg",1500,630,true],"extra_large":["https:\/\/saisonsculturelleschaumont.fr\/mdxpuixt\/wp-content\/uploads\/2023\/09\/Conference-Et-toi-cest-quoi-ta-vraie-langue\u00a9andres-fernandez-scaled-e1698655934530-1500x1500.jpg",1500,1500,true],"portfolio":["https:\/\/saisonsculturelleschaumont.fr\/mdxpuixt\/wp-content\/uploads\/2023\/09\/Conference-Et-toi-cest-quoi-ta-vraie-langue\u00a9andres-fernandez-scaled-e1698655934530-495x400.jpg",495,400,true],"portfolio_small":["https:\/\/saisonsculturelleschaumont.fr\/mdxpuixt\/wp-content\/uploads\/2023\/09\/Conference-Et-toi-cest-quoi-ta-vraie-langue\u00a9andres-fernandez-scaled-e1698655934530-260x185.jpg",260,185,true],"gallery":["https:\/\/saisonsculturelleschaumont.fr\/mdxpuixt\/wp-content\/uploads\/2023\/09\/Conference-Et-toi-cest-quoi-ta-vraie-langue\u00a9andres-fernandez-scaled-e1698655934530-845x684.jpg",845,684,true],"magazine":["https:\/\/saisonsculturelleschaumont.fr\/mdxpuixt\/wp-content\/uploads\/2023\/09\/Conference-Et-toi-cest-quoi-ta-vraie-langue\u00a9andres-fernandez-scaled-e1698655934530-710x375.jpg",710,375,true],"masonry":["https:\/\/saisonsculturelleschaumont.fr\/mdxpuixt\/wp-content\/uploads\/2023\/09\/Conference-Et-toi-cest-quoi-ta-vraie-langue\u00a9andres-fernandez-scaled-e1698655934530-705x705.jpg",705,705,true],"entry_with_sidebar":["https:\/\/saisonsculturelleschaumont.fr\/mdxpuixt\/wp-content\/uploads\/2023\/09\/Conference-Et-toi-cest-quoi-ta-vraie-langue\u00a9andres-fernandez-scaled-e1698655934530-845x321.jpg",845,321,true],"entry_without_sidebar":["https:\/\/saisonsculturelleschaumont.fr\/mdxpuixt\/wp-content\/uploads\/2023\/09\/Conference-Et-toi-cest-quoi-ta-vraie-langue\u00a9andres-fernandez-scaled-e1698655934530-1210x423.jpg",1210,423,true]},"uagb_author_info":{"display_name":"Justine Ansel","author_link":"https:\/\/saisonsculturelleschaumont.fr\/mdxpuixt\/author\/justine-ansel\/"},"uagb_comment_info":0,"uagb_excerpt":"Entr\u00e9e libre, tout public Sur inscription au 03 25 03 86 86 Venez partager un brunch et \u00e9changer avec l\u2019artiste sur l\u2019importance, l\u2019engagement et l\u2019action afin de conserver une langue [&hellip;]","_links":{"self":[{"href":"https:\/\/saisonsculturelleschaumont.fr\/mdxpuixt\/wp-json\/wp\/v2\/tribe_events\/10560"}],"collection":[{"href":"https:\/\/saisonsculturelleschaumont.fr\/mdxpuixt\/wp-json\/wp\/v2\/tribe_events"}],"about":[{"href":"https:\/\/saisonsculturelleschaumont.fr\/mdxpuixt\/wp-json\/wp\/v2\/types\/tribe_events"}],"author":[{"embeddable":true,"href":"https:\/\/saisonsculturelleschaumont.fr\/mdxpuixt\/wp-json\/wp\/v2\/users\/3"}],"replies":[{"embeddable":true,"href":"https:\/\/saisonsculturelleschaumont.fr\/mdxpuixt\/wp-json\/wp\/v2\/comments?post=10560"}],"version-history":[{"count":0,"href":"https:\/\/saisonsculturelleschaumont.fr\/mdxpuixt\/wp-json\/wp\/v2\/tribe_events\/10560\/revisions"}],"wp:featuredmedia":[{"embeddable":true,"href":"https:\/\/saisonsculturelleschaumont.fr\/mdxpuixt\/wp-json\/wp\/v2\/media\/10629"}],"wp:attachment":[{"href":"https:\/\/saisonsculturelleschaumont.fr\/mdxpuixt\/wp-json\/wp\/v2\/media?parent=10560"}],"wp:term":[{"taxonomy":"post_tag","embeddable":true,"href":"https:\/\/saisonsculturelleschaumont.fr\/mdxpuixt\/wp-json\/wp\/v2\/tags?post=10560"},{"taxonomy":"tribe_events_cat","embeddable":true,"href":"https:\/\/saisonsculturelleschaumont.fr\/mdxpuixt\/wp-json\/wp\/v2\/tribe_events_cat?post=10560"}],"curies":[{"name":"wp","href":"https:\/\/api.w.org\/{rel}","templated":true}]}}