{"id":10569,"date":"2023-09-14T14:30:09","date_gmt":"2023-09-14T12:30:09","guid":{"rendered":"https:\/\/saisonsculturelleschaumont.fr\/mdxpuixt\/?post_type=tribe_events&#038;p=10569"},"modified":"2023-10-26T16:43:00","modified_gmt":"2023-10-26T14:43:00","slug":"rencontre-avec-emilie-talon-moderee-par-sonia-dechamps","status":"publish","type":"tribe_events","link":"https:\/\/saisonsculturelleschaumont.fr\/mdxpuixt\/evenement\/rencontre-avec-emilie-talon-moderee-par-sonia-dechamps\/","title":{"rendered":"Rencontre avec Emilie Talon mod\u00e9r\u00e9e par Sonia D\u00e9champs"},"content":{"rendered":"<p>Rencontre avec \u00c9milie Talon, autrice de <em>Vertiges Persans<\/em>, paru en janvier 2023 au \u00c9dition Paulsen.<\/p>\n<p>Cette rencontre sera mod\u00e9r\u00e9e par Sonia D\u00e9champs<br \/>\nN\u00e9e en 1987, Sonia D\u00e9champs a int\u00e9gr\u00e9 \u00e0 20 ans, en parall\u00e8le de ses \u00e9tudes d\u2019histoire, la r\u00e9daction d\u2019Europe 1, o\u00f9 elle a travaill\u00e9 six ans avant de rejoindre Mouv\u2019, la radio jeune de Radio France. Journaliste litt\u00e9raire, pass\u00e9e par France Culture (Le R\u00e9veil Culturel, La Dispute), Polar+ (Pistes Noires), Le Monde des ados, Les Cahiers de la BD ou encore Casemate, elle a initi\u00e9 le cycle Les jeudis de la bande dessin\u00e9e au Centre Pompidou et assur\u00e9 la codirection artistique du Festival International de la Bande Dessin\u00e9e d\u2019Angoul\u00eame entre 2020 et 2023. Sonia est par ailleurs la cr\u00e9atrice de la collection de bandes dessin\u00e9es Virages graphiques (\u00e9ditions Rivages) dont les premiers titres ont paru en mars 2022.<\/p>\n","protected":false},"excerpt":{"rendered":"<p>Rencontre avec \u00c9milie Talon, autrice de Vertiges Persans, paru en janvier 2023 au \u00c9dition Paulsen. Cette rencontre sera mod\u00e9r\u00e9e par Sonia D\u00e9champs N\u00e9e en 1987, Sonia D\u00e9champs a int\u00e9gr\u00e9 \u00e0 [&hellip;]<\/p>\n","protected":false},"author":3,"featured_media":10668,"comment_status":"closed","ping_status":"closed","template":"","meta":{"_uag_custom_page_level_css":"","_tribe_events_status":"","_tribe_events_status_reason":""},"tags":[426,127,90],"tribe_events_cat":[45],"yoast_head":"<!-- This site is optimized with the Yoast SEO plugin v21.1 - https:\/\/yoast.com\/wordpress\/plugins\/seo\/ -->\n<title>Rencontre avec Emilie Talon mod\u00e9r\u00e9e par Sonia D\u00e9champs - Les Saisons Culturelles de Chaumont<\/title>\n<meta name=\"description\" content=\"D\u00e9couvrez la programmation culturelle de la saison culturelle de la ville de Chaumont. Expositions, visites, rencontres, ateliers, concerts, spectacles, animations et plus encore.\" \/>\n<meta name=\"robots\" content=\"noindex, follow, max-snippet:-1, max-image-preview:large, max-video-preview:-1\" \/>\n<meta property=\"og:locale\" content=\"fr_FR\" \/>\n<meta property=\"og:type\" content=\"article\" \/>\n<meta property=\"og:title\" content=\"Rencontre avec Emilie Talon mod\u00e9r\u00e9e par Sonia D\u00e9champs - Les Saisons Culturelles de Chaumont\" \/>\n<meta property=\"og:description\" content=\"D\u00e9couvrez la programmation culturelle de la saison culturelle de la ville de Chaumont. Expositions, visites, rencontres, ateliers, concerts, spectacles, animations et plus encore.\" \/>\n<meta property=\"og:url\" content=\"https:\/\/saisonsculturelleschaumont.fr\/mdxpuixt\/evenement\/rencontre-avec-emilie-talon-moderee-par-sonia-dechamps\/\" \/>\n<meta property=\"og:site_name\" content=\"Les Saisons Culturelles de Chaumont\" \/>\n<meta property=\"article:publisher\" content=\"https:\/\/www.facebook.com\/saisonsculturelleschaumont\/\" \/>\n<meta property=\"article:modified_time\" content=\"2023-10-26T14:43:00+00:00\" \/>\n<meta property=\"og:image\" content=\"https:\/\/saisonsculturelleschaumont.fr\/mdxpuixt\/wp-content\/uploads\/2023\/09\/DSC_7913-1030x1030.jpg\" \/>\n\t<meta property=\"og:image:width\" content=\"1030\" \/>\n\t<meta property=\"og:image:height\" content=\"1030\" \/>\n\t<meta property=\"og:image:type\" content=\"image\/jpeg\" \/>\n<meta name=\"twitter:card\" content=\"summary_large_image\" \/>\n<meta name=\"twitter:label1\" content=\"Dur\u00e9e de lecture estim\u00e9e\" \/>\n\t<meta name=\"twitter:data1\" content=\"1 minute\" \/>\n<script type=\"application\/ld+json\" class=\"yoast-schema-graph\">{\"@context\":\"https:\/\/schema.org\",\"@graph\":[{\"@type\":\"WebPage\",\"@id\":\"https:\/\/saisonsculturelleschaumont.fr\/mdxpuixt\/evenement\/rencontre-avec-emilie-talon-moderee-par-sonia-dechamps\/\",\"url\":\"https:\/\/saisonsculturelleschaumont.fr\/mdxpuixt\/evenement\/rencontre-avec-emilie-talon-moderee-par-sonia-dechamps\/\",\"name\":\"Rencontre avec Emilie Talon mod\u00e9r\u00e9e par Sonia D\u00e9champs - Les Saisons Culturelles de Chaumont\",\"isPartOf\":{\"@id\":\"https:\/\/saisonsculturelleschaumont.fr\/mdxpuixt\/#website\"},\"datePublished\":\"2023-09-14T12:30:09+00:00\",\"dateModified\":\"2023-10-26T14:43:00+00:00\",\"description\":\"D\u00e9couvrez la programmation culturelle de la saison culturelle de la ville de Chaumont. Expositions, visites, rencontres, ateliers, concerts, spectacles, animations et plus encore.\",\"breadcrumb\":{\"@id\":\"https:\/\/saisonsculturelleschaumont.fr\/mdxpuixt\/evenement\/rencontre-avec-emilie-talon-moderee-par-sonia-dechamps\/#breadcrumb\"},\"inLanguage\":\"fr-FR\",\"potentialAction\":[{\"@type\":\"ReadAction\",\"target\":[\"https:\/\/saisonsculturelleschaumont.fr\/mdxpuixt\/evenement\/rencontre-avec-emilie-talon-moderee-par-sonia-dechamps\/\"]}]},{\"@type\":\"BreadcrumbList\",\"@id\":\"https:\/\/saisonsculturelleschaumont.fr\/mdxpuixt\/evenement\/rencontre-avec-emilie-talon-moderee-par-sonia-dechamps\/#breadcrumb\",\"itemListElement\":[{\"@type\":\"ListItem\",\"position\":1,\"name\":\"Accueil\",\"item\":\"https:\/\/saisonsculturelleschaumont.fr\/mdxpuixt\/\"},{\"@type\":\"ListItem\",\"position\":2,\"name\":\"\u00c9v\u00e8nements\",\"item\":\"https:\/\/saisonsculturelleschaumont.fr\/mdxpuixt\/agenda\/\"},{\"@type\":\"ListItem\",\"position\":3,\"name\":\"Rencontre avec Emilie Talon mod\u00e9r\u00e9e par Sonia D\u00e9champs\"}]},{\"@type\":\"WebSite\",\"@id\":\"https:\/\/saisonsculturelleschaumont.fr\/mdxpuixt\/#website\",\"url\":\"https:\/\/saisonsculturelleschaumont.fr\/mdxpuixt\/\",\"name\":\"Les Saisons Culturelles de Chaumont\",\"description\":\"\",\"potentialAction\":[{\"@type\":\"SearchAction\",\"target\":{\"@type\":\"EntryPoint\",\"urlTemplate\":\"https:\/\/saisonsculturelleschaumont.fr\/mdxpuixt\/?s={search_term_string}\"},\"query-input\":\"required name=search_term_string\"}],\"inLanguage\":\"fr-FR\"}]}<\/script>\n<!-- \/ Yoast SEO plugin. -->","yoast_head_json":{"title":"Rencontre avec Emilie Talon mod\u00e9r\u00e9e par Sonia D\u00e9champs - Les Saisons Culturelles de Chaumont","description":"D\u00e9couvrez la programmation culturelle de la saison culturelle de la ville de Chaumont. Expositions, visites, rencontres, ateliers, concerts, spectacles, animations et plus encore.","robots":{"index":"noindex","follow":"follow","max-snippet":"max-snippet:-1","max-image-preview":"max-image-preview:large","max-video-preview":"max-video-preview:-1"},"og_locale":"fr_FR","og_type":"article","og_title":"Rencontre avec Emilie Talon mod\u00e9r\u00e9e par Sonia D\u00e9champs - Les Saisons Culturelles de Chaumont","og_description":"D\u00e9couvrez la programmation culturelle de la saison culturelle de la ville de Chaumont. Expositions, visites, rencontres, ateliers, concerts, spectacles, animations et plus encore.","og_url":"https:\/\/saisonsculturelleschaumont.fr\/mdxpuixt\/evenement\/rencontre-avec-emilie-talon-moderee-par-sonia-dechamps\/","og_site_name":"Les Saisons Culturelles de Chaumont","article_publisher":"https:\/\/www.facebook.com\/saisonsculturelleschaumont\/","article_modified_time":"2023-10-26T14:43:00+00:00","og_image":[{"width":1030,"height":1030,"url":"https:\/\/saisonsculturelleschaumont.fr\/mdxpuixt\/wp-content\/uploads\/2023\/09\/DSC_7913-1030x1030.jpg","type":"image\/jpeg"}],"twitter_card":"summary_large_image","twitter_misc":{"Dur\u00e9e de lecture estim\u00e9e":"1 minute"},"schema":{"@context":"https:\/\/schema.org","@graph":[{"@type":"WebPage","@id":"https:\/\/saisonsculturelleschaumont.fr\/mdxpuixt\/evenement\/rencontre-avec-emilie-talon-moderee-par-sonia-dechamps\/","url":"https:\/\/saisonsculturelleschaumont.fr\/mdxpuixt\/evenement\/rencontre-avec-emilie-talon-moderee-par-sonia-dechamps\/","name":"Rencontre avec Emilie Talon mod\u00e9r\u00e9e par Sonia D\u00e9champs - Les Saisons Culturelles de Chaumont","isPartOf":{"@id":"https:\/\/saisonsculturelleschaumont.fr\/mdxpuixt\/#website"},"datePublished":"2023-09-14T12:30:09+00:00","dateModified":"2023-10-26T14:43:00+00:00","description":"D\u00e9couvrez la programmation culturelle de la saison culturelle de la ville de Chaumont. Expositions, visites, rencontres, ateliers, concerts, spectacles, animations et plus encore.","breadcrumb":{"@id":"https:\/\/saisonsculturelleschaumont.fr\/mdxpuixt\/evenement\/rencontre-avec-emilie-talon-moderee-par-sonia-dechamps\/#breadcrumb"},"inLanguage":"fr-FR","potentialAction":[{"@type":"ReadAction","target":["https:\/\/saisonsculturelleschaumont.fr\/mdxpuixt\/evenement\/rencontre-avec-emilie-talon-moderee-par-sonia-dechamps\/"]}]},{"@type":"BreadcrumbList","@id":"https:\/\/saisonsculturelleschaumont.fr\/mdxpuixt\/evenement\/rencontre-avec-emilie-talon-moderee-par-sonia-dechamps\/#breadcrumb","itemListElement":[{"@type":"ListItem","position":1,"name":"Accueil","item":"https:\/\/saisonsculturelleschaumont.fr\/mdxpuixt\/"},{"@type":"ListItem","position":2,"name":"\u00c9v\u00e8nements","item":"https:\/\/saisonsculturelleschaumont.fr\/mdxpuixt\/agenda\/"},{"@type":"ListItem","position":3,"name":"Rencontre avec Emilie Talon mod\u00e9r\u00e9e par Sonia D\u00e9champs"}]},{"@type":"WebSite","@id":"https:\/\/saisonsculturelleschaumont.fr\/mdxpuixt\/#website","url":"https:\/\/saisonsculturelleschaumont.fr\/mdxpuixt\/","name":"Les Saisons Culturelles de Chaumont","description":"","potentialAction":[{"@type":"SearchAction","target":{"@type":"EntryPoint","urlTemplate":"https:\/\/saisonsculturelleschaumont.fr\/mdxpuixt\/?s={search_term_string}"},"query-input":"required name=search_term_string"}],"inLanguage":"fr-FR"}]}},"uagb_featured_image_src":{"full":["https:\/\/saisonsculturelleschaumont.fr\/mdxpuixt\/wp-content\/uploads\/2023\/09\/DSC_7913-scaled-e1698655404470.jpg",1792,1792,false],"thumbnail":["https:\/\/saisonsculturelleschaumont.fr\/mdxpuixt\/wp-content\/uploads\/2023\/09\/DSC_7913-scaled-e1698655404470-80x80.jpg",80,80,true],"medium":["https:\/\/saisonsculturelleschaumont.fr\/mdxpuixt\/wp-content\/uploads\/2023\/09\/DSC_7913-scaled-e1698655404470-300x300.jpg",300,300,true],"medium_large":["https:\/\/saisonsculturelleschaumont.fr\/mdxpuixt\/wp-content\/uploads\/2023\/09\/DSC_7913-scaled-e1698655404470-768x768.jpg",768,768,true],"large":["https:\/\/saisonsculturelleschaumont.fr\/mdxpuixt\/wp-content\/uploads\/2023\/09\/DSC_7913-scaled-e1698655404470-1030x1030.jpg",1030,1030,true],"1536x1536":["https:\/\/saisonsculturelleschaumont.fr\/mdxpuixt\/wp-content\/uploads\/2023\/09\/DSC_7913-scaled-e1698655404470-1536x1536.jpg",1536,1536,true],"2048x2048":["https:\/\/saisonsculturelleschaumont.fr\/mdxpuixt\/wp-content\/uploads\/2023\/09\/DSC_7913-1434x2048.jpg",1434,2048,true],"widget":["https:\/\/saisonsculturelleschaumont.fr\/mdxpuixt\/wp-content\/uploads\/2023\/09\/DSC_7913-scaled-e1698655404470-36x36.jpg",36,36,true],"square":["https:\/\/saisonsculturelleschaumont.fr\/mdxpuixt\/wp-content\/uploads\/2023\/09\/DSC_7913-scaled-e1698655404470-180x180.jpg",180,180,true],"featured":["https:\/\/saisonsculturelleschaumont.fr\/mdxpuixt\/wp-content\/uploads\/2023\/09\/DSC_7913-scaled-e1698655404470-1500x430.jpg",1500,430,true],"featured_large":["https:\/\/saisonsculturelleschaumont.fr\/mdxpuixt\/wp-content\/uploads\/2023\/09\/DSC_7913-scaled-e1698655404470-1500x630.jpg",1500,630,true],"extra_large":["https:\/\/saisonsculturelleschaumont.fr\/mdxpuixt\/wp-content\/uploads\/2023\/09\/DSC_7913-scaled-e1698655404470-1500x1500.jpg",1500,1500,true],"portfolio":["https:\/\/saisonsculturelleschaumont.fr\/mdxpuixt\/wp-content\/uploads\/2023\/09\/DSC_7913-scaled-e1698655404470-495x400.jpg",495,400,true],"portfolio_small":["https:\/\/saisonsculturelleschaumont.fr\/mdxpuixt\/wp-content\/uploads\/2023\/09\/DSC_7913-scaled-e1698655404470-260x185.jpg",260,185,true],"gallery":["https:\/\/saisonsculturelleschaumont.fr\/mdxpuixt\/wp-content\/uploads\/2023\/09\/DSC_7913-scaled-e1698655404470-845x684.jpg",845,684,true],"magazine":["https:\/\/saisonsculturelleschaumont.fr\/mdxpuixt\/wp-content\/uploads\/2023\/09\/DSC_7913-scaled-e1698655404470-710x375.jpg",710,375,true],"masonry":["https:\/\/saisonsculturelleschaumont.fr\/mdxpuixt\/wp-content\/uploads\/2023\/09\/DSC_7913-scaled-e1698655404470-705x705.jpg",705,705,true],"entry_with_sidebar":["https:\/\/saisonsculturelleschaumont.fr\/mdxpuixt\/wp-content\/uploads\/2023\/09\/DSC_7913-scaled-e1698655404470-845x321.jpg",845,321,true],"entry_without_sidebar":["https:\/\/saisonsculturelleschaumont.fr\/mdxpuixt\/wp-content\/uploads\/2023\/09\/DSC_7913-scaled-e1698655404470-1210x423.jpg",1210,423,true]},"uagb_author_info":{"display_name":"Justine Ansel","author_link":"https:\/\/saisonsculturelleschaumont.fr\/mdxpuixt\/author\/justine-ansel\/"},"uagb_comment_info":0,"uagb_excerpt":"Rencontre avec \u00c9milie Talon, autrice de Vertiges Persans, paru en janvier 2023 au \u00c9dition Paulsen. Cette rencontre sera mod\u00e9r\u00e9e par Sonia D\u00e9champs N\u00e9e en 1987, Sonia D\u00e9champs a int\u00e9gr\u00e9 \u00e0 [&hellip;]","_links":{"self":[{"href":"https:\/\/saisonsculturelleschaumont.fr\/mdxpuixt\/wp-json\/wp\/v2\/tribe_events\/10569"}],"collection":[{"href":"https:\/\/saisonsculturelleschaumont.fr\/mdxpuixt\/wp-json\/wp\/v2\/tribe_events"}],"about":[{"href":"https:\/\/saisonsculturelleschaumont.fr\/mdxpuixt\/wp-json\/wp\/v2\/types\/tribe_events"}],"author":[{"embeddable":true,"href":"https:\/\/saisonsculturelleschaumont.fr\/mdxpuixt\/wp-json\/wp\/v2\/users\/3"}],"replies":[{"embeddable":true,"href":"https:\/\/saisonsculturelleschaumont.fr\/mdxpuixt\/wp-json\/wp\/v2\/comments?post=10569"}],"version-history":[{"count":0,"href":"https:\/\/saisonsculturelleschaumont.fr\/mdxpuixt\/wp-json\/wp\/v2\/tribe_events\/10569\/revisions"}],"wp:featuredmedia":[{"embeddable":true,"href":"https:\/\/saisonsculturelleschaumont.fr\/mdxpuixt\/wp-json\/wp\/v2\/media\/10668"}],"wp:attachment":[{"href":"https:\/\/saisonsculturelleschaumont.fr\/mdxpuixt\/wp-json\/wp\/v2\/media?parent=10569"}],"wp:term":[{"taxonomy":"post_tag","embeddable":true,"href":"https:\/\/saisonsculturelleschaumont.fr\/mdxpuixt\/wp-json\/wp\/v2\/tags?post=10569"},{"taxonomy":"tribe_events_cat","embeddable":true,"href":"https:\/\/saisonsculturelleschaumont.fr\/mdxpuixt\/wp-json\/wp\/v2\/tribe_events_cat?post=10569"}],"curies":[{"name":"wp","href":"https:\/\/api.w.org\/{rel}","templated":true}]}}