{"id":10572,"date":"2023-11-06T10:07:42","date_gmt":"2023-11-06T09:07:42","guid":{"rendered":"https:\/\/saisonsculturelleschaumont.fr\/mdxpuixt\/?post_type=tribe_events&#038;p=10572"},"modified":"2023-11-06T10:10:39","modified_gmt":"2023-11-06T09:10:39","slug":"rencontre-avec-maryam-madjidi-tania-de-montaigne","status":"publish","type":"tribe_events","link":"https:\/\/saisonsculturelleschaumont.fr\/mdxpuixt\/evenement\/rencontre-avec-maryam-madjidi-tania-de-montaigne\/","title":{"rendered":"Rencontre avec Maryam Madjidi &amp; Tania de Montaigne"},"content":{"rendered":"<p><em>Dans le cadre du festival litt\u00e9raire Au fil des ailes, en partenariat avec Interbibly, le Nouveau Relax et la M\u00e9diath\u00e8que D\u00e9partementale de la Haute-Marne, un service du Conseil d\u00e9partemental.<\/em><\/p>\n<p>Suivie d\u2019un temps de d\u00e9dicaces avec la librairie Apostrophe<br \/>\nMod\u00e9ration : Tara Lennart<\/p>\n<p><strong>Tania de Montaigne<\/strong> est l\u2019autrice de romans et d\u2019essais dont Noire, la vie m\u00e9connue de Claudette Colvin aux \u00e9ditions Grasset, prix Simone Veil 2015 et finaliste du Grand prix des lectrices de ELLE 2016. Son essai L\u2019Assignation, les Noirs n\u2019existent pas paru aux \u00e9ditions Grasset a re\u00e7u le Prix de la la\u00efcit\u00e9 2018. Son dernier roman Sensibilit\u00e9s (Grasset, septembre 2023) interroge la censure des \u0153uvres litt\u00e9raires pour en retirer tous les mots jug\u00e9s infamants.<\/p>\n<p><strong>Maryam Madjidi<\/strong> est n\u00e9e en 1980 \u00e0 T\u00e9h\u00e9ran, et quitte l\u2019Iran \u00e0 l\u2019\u00e2ge de 6 ans pour vivre \u00e0 Paris puis \u00e0 Drancy. Aujourd\u2019hui, elle enseigne le fran\u00e7ais \u00e0 des mineurs \u00e9trangers isol\u00e9s, apr\u00e8s l\u2019avoir enseign\u00e9 \u00e0 des coll\u00e9giens et lyc\u00e9ens de banlieue puis des beaux quartiers, des handicap\u00e9s moteur et psychiques, des \u00e9tudiants chinois et turcs, et des d\u00e9tenus. Elle a v\u00e9cu quatre ans \u00e0 P\u00e9kin et deux ans \u00e0 Istanbul.<br \/>\nMarx et la poup\u00e9e (Nouvel Attila, 2017), son premier roman, obtient le prix Goncourt du premier roman 2017 et le prix Ouest-France \u00c9tonnants Voyageurs 2017. Avec Pour que je m\u2019aime encore (Points, 2022) elle offre une vision singuli\u00e8rement dr\u00f4le, aimante et charnelle d\u2019une cit\u00e9 ordinaire de la banlieue parisienne, rendue forte par le pi\u00e8ge douloureux de l\u2019int\u00e9gration et de l&rsquo;initiation.<\/p>\n<p><strong>Tara Lennart<\/strong><br \/>\nJournaliste sp\u00e9cialis\u00e9e dans le secteur de l\u2019\u00e9dition, Tara Lennart anime \u00e9galement des rencontres d\u2019auteur\u2022rice\u2022s et assure la programmation litt\u00e9raire du festival Col\u00e8res du Pr\u00e9sent. Depuis 2014, elle nourrit Bookalicious, m\u00e9dia d\u00e9di\u00e9 \u00e0 l\u2019\u00e9dition ind\u00e9pendante et ses coulisses.<\/p>\n<p>&nbsp;<\/p>\n<p>Rencontre suivie d&rsquo;une s\u00e9ance de d\u00e9dicaces en pr\u00e9sence de la librairie Apostrophe .<\/p>\n<p>&nbsp;<\/p>\n<p>Entr\u00e9e libre<\/p>\n<p>Tout public<\/p>\n","protected":false},"excerpt":{"rendered":"<p>Dans le cadre du festival litt\u00e9raire Au fil des ailes, en partenariat avec Interbibly, le Nouveau Relax et la M\u00e9diath\u00e8que D\u00e9partementale de la Haute-Marne, un service du Conseil d\u00e9partemental. Suivie [&hellip;]<\/p>\n","protected":false},"author":3,"featured_media":10864,"comment_status":"closed","ping_status":"closed","template":"","meta":{"_uag_custom_page_level_css":"","_tribe_events_status":"","_tribe_events_status_reason":""},"tags":[422,430,429,90],"tribe_events_cat":[45],"yoast_head":"<!-- This site is optimized with the Yoast SEO plugin v21.1 - https:\/\/yoast.com\/wordpress\/plugins\/seo\/ -->\n<title>Rencontre avec Maryam Madjidi &amp; Tania de Montaigne - Les Saisons Culturelles de Chaumont<\/title>\n<meta name=\"description\" content=\"D\u00e9couvrez la programmation culturelle de la saison culturelle de la ville de Chaumont. Expositions, visites, rencontres, ateliers, concerts, spectacles, animations et plus encore.\" \/>\n<meta name=\"robots\" content=\"noindex, follow, max-snippet:-1, max-image-preview:large, max-video-preview:-1\" \/>\n<meta property=\"og:locale\" content=\"fr_FR\" \/>\n<meta property=\"og:type\" content=\"article\" \/>\n<meta property=\"og:title\" content=\"Rencontre avec Maryam Madjidi &amp; Tania de Montaigne - Les Saisons Culturelles de Chaumont\" \/>\n<meta property=\"og:description\" content=\"D\u00e9couvrez la programmation culturelle de la saison culturelle de la ville de Chaumont. Expositions, visites, rencontres, ateliers, concerts, spectacles, animations et plus encore.\" \/>\n<meta property=\"og:url\" content=\"https:\/\/saisonsculturelleschaumont.fr\/mdxpuixt\/evenement\/rencontre-avec-maryam-madjidi-tania-de-montaigne\/\" \/>\n<meta property=\"og:site_name\" content=\"Les Saisons Culturelles de Chaumont\" \/>\n<meta property=\"article:publisher\" content=\"https:\/\/www.facebook.com\/saisonsculturelleschaumont\/\" \/>\n<meta property=\"article:modified_time\" content=\"2023-11-06T09:10:39+00:00\" \/>\n<meta property=\"og:image\" content=\"https:\/\/saisonsculturelleschaumont.fr\/mdxpuixt\/wp-content\/uploads\/2023\/11\/NOIRE_GiovanniCittadiniCesi_032-scaled-e1699261642909.jpg\" \/>\n\t<meta property=\"og:image:width\" content=\"1706\" \/>\n\t<meta property=\"og:image:height\" content=\"1706\" \/>\n\t<meta property=\"og:image:type\" content=\"image\/jpeg\" \/>\n<meta name=\"twitter:card\" content=\"summary_large_image\" \/>\n<meta name=\"twitter:label1\" content=\"Dur\u00e9e de lecture estim\u00e9e\" \/>\n\t<meta name=\"twitter:data1\" content=\"2 minutes\" \/>\n<script type=\"application\/ld+json\" class=\"yoast-schema-graph\">{\"@context\":\"https:\/\/schema.org\",\"@graph\":[{\"@type\":\"WebPage\",\"@id\":\"https:\/\/saisonsculturelleschaumont.fr\/mdxpuixt\/evenement\/rencontre-avec-maryam-madjidi-tania-de-montaigne\/\",\"url\":\"https:\/\/saisonsculturelleschaumont.fr\/mdxpuixt\/evenement\/rencontre-avec-maryam-madjidi-tania-de-montaigne\/\",\"name\":\"Rencontre avec Maryam Madjidi &amp; Tania de Montaigne - Les Saisons Culturelles de Chaumont\",\"isPartOf\":{\"@id\":\"https:\/\/saisonsculturelleschaumont.fr\/mdxpuixt\/#website\"},\"datePublished\":\"2023-11-06T09:07:42+00:00\",\"dateModified\":\"2023-11-06T09:10:39+00:00\",\"description\":\"D\u00e9couvrez la programmation culturelle de la saison culturelle de la ville de Chaumont. Expositions, visites, rencontres, ateliers, concerts, spectacles, animations et plus encore.\",\"breadcrumb\":{\"@id\":\"https:\/\/saisonsculturelleschaumont.fr\/mdxpuixt\/evenement\/rencontre-avec-maryam-madjidi-tania-de-montaigne\/#breadcrumb\"},\"inLanguage\":\"fr-FR\",\"potentialAction\":[{\"@type\":\"ReadAction\",\"target\":[\"https:\/\/saisonsculturelleschaumont.fr\/mdxpuixt\/evenement\/rencontre-avec-maryam-madjidi-tania-de-montaigne\/\"]}]},{\"@type\":\"BreadcrumbList\",\"@id\":\"https:\/\/saisonsculturelleschaumont.fr\/mdxpuixt\/evenement\/rencontre-avec-maryam-madjidi-tania-de-montaigne\/#breadcrumb\",\"itemListElement\":[{\"@type\":\"ListItem\",\"position\":1,\"name\":\"Accueil\",\"item\":\"https:\/\/saisonsculturelleschaumont.fr\/mdxpuixt\/\"},{\"@type\":\"ListItem\",\"position\":2,\"name\":\"\u00c9v\u00e8nements\",\"item\":\"https:\/\/saisonsculturelleschaumont.fr\/mdxpuixt\/agenda\/\"},{\"@type\":\"ListItem\",\"position\":3,\"name\":\"Rencontre avec Maryam Madjidi &amp; Tania de Montaigne\"}]},{\"@type\":\"WebSite\",\"@id\":\"https:\/\/saisonsculturelleschaumont.fr\/mdxpuixt\/#website\",\"url\":\"https:\/\/saisonsculturelleschaumont.fr\/mdxpuixt\/\",\"name\":\"Les Saisons Culturelles de Chaumont\",\"description\":\"\",\"potentialAction\":[{\"@type\":\"SearchAction\",\"target\":{\"@type\":\"EntryPoint\",\"urlTemplate\":\"https:\/\/saisonsculturelleschaumont.fr\/mdxpuixt\/?s={search_term_string}\"},\"query-input\":\"required name=search_term_string\"}],\"inLanguage\":\"fr-FR\"}]}<\/script>\n<!-- \/ Yoast SEO plugin. -->","yoast_head_json":{"title":"Rencontre avec Maryam Madjidi &amp; Tania de Montaigne - Les Saisons Culturelles de Chaumont","description":"D\u00e9couvrez la programmation culturelle de la saison culturelle de la ville de Chaumont. Expositions, visites, rencontres, ateliers, concerts, spectacles, animations et plus encore.","robots":{"index":"noindex","follow":"follow","max-snippet":"max-snippet:-1","max-image-preview":"max-image-preview:large","max-video-preview":"max-video-preview:-1"},"og_locale":"fr_FR","og_type":"article","og_title":"Rencontre avec Maryam Madjidi &amp; Tania de Montaigne - Les Saisons Culturelles de Chaumont","og_description":"D\u00e9couvrez la programmation culturelle de la saison culturelle de la ville de Chaumont. Expositions, visites, rencontres, ateliers, concerts, spectacles, animations et plus encore.","og_url":"https:\/\/saisonsculturelleschaumont.fr\/mdxpuixt\/evenement\/rencontre-avec-maryam-madjidi-tania-de-montaigne\/","og_site_name":"Les Saisons Culturelles de Chaumont","article_publisher":"https:\/\/www.facebook.com\/saisonsculturelleschaumont\/","article_modified_time":"2023-11-06T09:10:39+00:00","og_image":[{"width":1706,"height":1706,"url":"https:\/\/saisonsculturelleschaumont.fr\/mdxpuixt\/wp-content\/uploads\/2023\/11\/NOIRE_GiovanniCittadiniCesi_032-scaled-e1699261642909.jpg","type":"image\/jpeg"}],"twitter_card":"summary_large_image","twitter_misc":{"Dur\u00e9e de lecture estim\u00e9e":"2 minutes"},"schema":{"@context":"https:\/\/schema.org","@graph":[{"@type":"WebPage","@id":"https:\/\/saisonsculturelleschaumont.fr\/mdxpuixt\/evenement\/rencontre-avec-maryam-madjidi-tania-de-montaigne\/","url":"https:\/\/saisonsculturelleschaumont.fr\/mdxpuixt\/evenement\/rencontre-avec-maryam-madjidi-tania-de-montaigne\/","name":"Rencontre avec Maryam Madjidi &amp; Tania de Montaigne - Les Saisons Culturelles de Chaumont","isPartOf":{"@id":"https:\/\/saisonsculturelleschaumont.fr\/mdxpuixt\/#website"},"datePublished":"2023-11-06T09:07:42+00:00","dateModified":"2023-11-06T09:10:39+00:00","description":"D\u00e9couvrez la programmation culturelle de la saison culturelle de la ville de Chaumont. Expositions, visites, rencontres, ateliers, concerts, spectacles, animations et plus encore.","breadcrumb":{"@id":"https:\/\/saisonsculturelleschaumont.fr\/mdxpuixt\/evenement\/rencontre-avec-maryam-madjidi-tania-de-montaigne\/#breadcrumb"},"inLanguage":"fr-FR","potentialAction":[{"@type":"ReadAction","target":["https:\/\/saisonsculturelleschaumont.fr\/mdxpuixt\/evenement\/rencontre-avec-maryam-madjidi-tania-de-montaigne\/"]}]},{"@type":"BreadcrumbList","@id":"https:\/\/saisonsculturelleschaumont.fr\/mdxpuixt\/evenement\/rencontre-avec-maryam-madjidi-tania-de-montaigne\/#breadcrumb","itemListElement":[{"@type":"ListItem","position":1,"name":"Accueil","item":"https:\/\/saisonsculturelleschaumont.fr\/mdxpuixt\/"},{"@type":"ListItem","position":2,"name":"\u00c9v\u00e8nements","item":"https:\/\/saisonsculturelleschaumont.fr\/mdxpuixt\/agenda\/"},{"@type":"ListItem","position":3,"name":"Rencontre avec Maryam Madjidi &amp; Tania de Montaigne"}]},{"@type":"WebSite","@id":"https:\/\/saisonsculturelleschaumont.fr\/mdxpuixt\/#website","url":"https:\/\/saisonsculturelleschaumont.fr\/mdxpuixt\/","name":"Les Saisons Culturelles de Chaumont","description":"","potentialAction":[{"@type":"SearchAction","target":{"@type":"EntryPoint","urlTemplate":"https:\/\/saisonsculturelleschaumont.fr\/mdxpuixt\/?s={search_term_string}"},"query-input":"required name=search_term_string"}],"inLanguage":"fr-FR"}]}},"uagb_featured_image_src":{"full":["https:\/\/saisonsculturelleschaumont.fr\/mdxpuixt\/wp-content\/uploads\/2023\/11\/NOIRE_GiovanniCittadiniCesi_032-scaled-e1699261642909.jpg",1706,1706,false],"thumbnail":["https:\/\/saisonsculturelleschaumont.fr\/mdxpuixt\/wp-content\/uploads\/2023\/11\/NOIRE_GiovanniCittadiniCesi_032-scaled-e1699261642909-80x80.jpg",80,80,true],"medium":["https:\/\/saisonsculturelleschaumont.fr\/mdxpuixt\/wp-content\/uploads\/2023\/11\/NOIRE_GiovanniCittadiniCesi_032-scaled-e1699261642909-300x300.jpg",300,300,true],"medium_large":["https:\/\/saisonsculturelleschaumont.fr\/mdxpuixt\/wp-content\/uploads\/2023\/11\/NOIRE_GiovanniCittadiniCesi_032-scaled-e1699261642909-768x768.jpg",768,768,true],"large":["https:\/\/saisonsculturelleschaumont.fr\/mdxpuixt\/wp-content\/uploads\/2023\/11\/NOIRE_GiovanniCittadiniCesi_032-scaled-e1699261642909-1030x1030.jpg",1030,1030,true],"1536x1536":["https:\/\/saisonsculturelleschaumont.fr\/mdxpuixt\/wp-content\/uploads\/2023\/11\/NOIRE_GiovanniCittadiniCesi_032-scaled-e1699261642909-1536x1536.jpg",1536,1536,true],"2048x2048":["https:\/\/saisonsculturelleschaumont.fr\/mdxpuixt\/wp-content\/uploads\/2023\/11\/NOIRE_GiovanniCittadiniCesi_032-1366x2048.jpg",1366,2048,true],"widget":["https:\/\/saisonsculturelleschaumont.fr\/mdxpuixt\/wp-content\/uploads\/2023\/11\/NOIRE_GiovanniCittadiniCesi_032-scaled-e1699261642909-36x36.jpg",36,36,true],"square":["https:\/\/saisonsculturelleschaumont.fr\/mdxpuixt\/wp-content\/uploads\/2023\/11\/NOIRE_GiovanniCittadiniCesi_032-scaled-e1699261642909-180x180.jpg",180,180,true],"featured":["https:\/\/saisonsculturelleschaumont.fr\/mdxpuixt\/wp-content\/uploads\/2023\/11\/NOIRE_GiovanniCittadiniCesi_032-scaled-e1699261642909-1500x430.jpg",1500,430,true],"featured_large":["https:\/\/saisonsculturelleschaumont.fr\/mdxpuixt\/wp-content\/uploads\/2023\/11\/NOIRE_GiovanniCittadiniCesi_032-scaled-e1699261642909-1500x630.jpg",1500,630,true],"extra_large":["https:\/\/saisonsculturelleschaumont.fr\/mdxpuixt\/wp-content\/uploads\/2023\/11\/NOIRE_GiovanniCittadiniCesi_032-scaled-e1699261642909-1500x1500.jpg",1500,1500,true],"portfolio":["https:\/\/saisonsculturelleschaumont.fr\/mdxpuixt\/wp-content\/uploads\/2023\/11\/NOIRE_GiovanniCittadiniCesi_032-scaled-e1699261642909-495x400.jpg",495,400,true],"portfolio_small":["https:\/\/saisonsculturelleschaumont.fr\/mdxpuixt\/wp-content\/uploads\/2023\/11\/NOIRE_GiovanniCittadiniCesi_032-scaled-e1699261642909-260x185.jpg",260,185,true],"gallery":["https:\/\/saisonsculturelleschaumont.fr\/mdxpuixt\/wp-content\/uploads\/2023\/11\/NOIRE_GiovanniCittadiniCesi_032-scaled-e1699261642909-845x684.jpg",845,684,true],"magazine":["https:\/\/saisonsculturelleschaumont.fr\/mdxpuixt\/wp-content\/uploads\/2023\/11\/NOIRE_GiovanniCittadiniCesi_032-scaled-e1699261642909-710x375.jpg",710,375,true],"masonry":["https:\/\/saisonsculturelleschaumont.fr\/mdxpuixt\/wp-content\/uploads\/2023\/11\/NOIRE_GiovanniCittadiniCesi_032-scaled-e1699261642909-705x705.jpg",705,705,true],"entry_with_sidebar":["https:\/\/saisonsculturelleschaumont.fr\/mdxpuixt\/wp-content\/uploads\/2023\/11\/NOIRE_GiovanniCittadiniCesi_032-scaled-e1699261642909-845x321.jpg",845,321,true],"entry_without_sidebar":["https:\/\/saisonsculturelleschaumont.fr\/mdxpuixt\/wp-content\/uploads\/2023\/11\/NOIRE_GiovanniCittadiniCesi_032-scaled-e1699261642909-1210x423.jpg",1210,423,true]},"uagb_author_info":{"display_name":"Justine Ansel","author_link":"https:\/\/saisonsculturelleschaumont.fr\/mdxpuixt\/author\/justine-ansel\/"},"uagb_comment_info":0,"uagb_excerpt":"Dans le cadre du festival litt\u00e9raire Au fil des ailes, en partenariat avec Interbibly, le Nouveau Relax et la M\u00e9diath\u00e8que D\u00e9partementale de la Haute-Marne, un service du Conseil d\u00e9partemental. Suivie [&hellip;]","_links":{"self":[{"href":"https:\/\/saisonsculturelleschaumont.fr\/mdxpuixt\/wp-json\/wp\/v2\/tribe_events\/10572"}],"collection":[{"href":"https:\/\/saisonsculturelleschaumont.fr\/mdxpuixt\/wp-json\/wp\/v2\/tribe_events"}],"about":[{"href":"https:\/\/saisonsculturelleschaumont.fr\/mdxpuixt\/wp-json\/wp\/v2\/types\/tribe_events"}],"author":[{"embeddable":true,"href":"https:\/\/saisonsculturelleschaumont.fr\/mdxpuixt\/wp-json\/wp\/v2\/users\/3"}],"replies":[{"embeddable":true,"href":"https:\/\/saisonsculturelleschaumont.fr\/mdxpuixt\/wp-json\/wp\/v2\/comments?post=10572"}],"version-history":[{"count":0,"href":"https:\/\/saisonsculturelleschaumont.fr\/mdxpuixt\/wp-json\/wp\/v2\/tribe_events\/10572\/revisions"}],"wp:featuredmedia":[{"embeddable":true,"href":"https:\/\/saisonsculturelleschaumont.fr\/mdxpuixt\/wp-json\/wp\/v2\/media\/10864"}],"wp:attachment":[{"href":"https:\/\/saisonsculturelleschaumont.fr\/mdxpuixt\/wp-json\/wp\/v2\/media?parent=10572"}],"wp:term":[{"taxonomy":"post_tag","embeddable":true,"href":"https:\/\/saisonsculturelleschaumont.fr\/mdxpuixt\/wp-json\/wp\/v2\/tags?post=10572"},{"taxonomy":"tribe_events_cat","embeddable":true,"href":"https:\/\/saisonsculturelleschaumont.fr\/mdxpuixt\/wp-json\/wp\/v2\/tribe_events_cat?post=10572"}],"curies":[{"name":"wp","href":"https:\/\/api.w.org\/{rel}","templated":true}]}}