{"id":10578,"date":"2023-10-26T09:59:34","date_gmt":"2023-10-26T07:59:34","guid":{"rendered":"https:\/\/saisonsculturelleschaumont.fr\/mdxpuixt\/?post_type=tribe_events&#038;p=10578"},"modified":"2024-01-11T12:18:15","modified_gmt":"2024-01-11T11:18:15","slug":"la-mediatheque-les-silos-participe-a-la-8eme-edition-des-nuits-de-la-lecture-theme-le-corps","status":"publish","type":"tribe_events","link":"https:\/\/saisonsculturelleschaumont.fr\/mdxpuixt\/evenement\/la-mediatheque-les-silos-participe-a-la-8eme-edition-des-nuits-de-la-lecture-theme-le-corps\/","title":{"rendered":"8\u00e8me \u00e9dition des Nuits de la lecture \u2013 Th\u00e8me : \u00ab Le corps \u00bb"},"content":{"rendered":"<div>\n<p class=\"Standard\">Le corps peut \u00eatre tour \u00e0 tour une \u00e9vocation po\u00e9tique, un sujet d\u2019anatomie pour la science, le cadavre ultime du polar, un support artistique avec le<em> tatouage comme premi\u00e8re forme d\u2019art\u2026<\/em><\/p>\n<\/div>\n<div>\n<p class=\"Standard\"><em>C\u2019est ce dernier aspect que votre m\u00e9diath\u00e8que vous invite \u00e0 explorer car depuis plus de cinq mille ans, cet art remplit des fonctions rituelles, sacr\u00e9es et sociales&#8230; j<\/em><em>usqu\u2019\u00e0 ce qu\u2019il devienne aujourd\u2019hui un outil d\u2019affirmation de soi.<\/em><\/p>\n<\/div>\n<div>\n<p class=\"Standard\"><em>Au programme :<\/em> une d\u00e9monstration de bodypainting, des \u00e9changes avec un tatoueur passionn\u00e9, un atelier cr\u00e9atif \u00ab\u00a0Cr\u00e9e ton tatoo\u00a0\u00bb avec l\u2019association Schmilblik inspir\u00e9 des documents patrimoniaux de la m\u00e9diath\u00e8que, des lectures, une rencontre avec l\u2019auteur Ghislain Gilberti\u2026 Une murder party \u00ab tatou\u00e9e \u00bb, sp\u00e9cialement con\u00e7ue par vos biblioth\u00e9caires vous sera \u00e9galement d\u00e9voil\u00e9e.<\/p>\n<\/div>\n<div>\n<p class=\"Standard\"><b>\u00a0<\/b><\/p>\n<\/div>\n<div>\n<h5 class=\"Standard\"><b>Murder party<\/b><\/h5>\n<\/div>\n<div>\n<p class=\"Standard\">Une soir\u00e9e urbex tourne mal. Alors que cette soir\u00e9e de retrouvailles aurait d\u00fb \u00eatre festive, qui aurait pu deviner qu\u2019elle finirait dans un bain de sang&#8230; L\u2019inspecteur Hercule Pommot r\u00e9quisitionne une \u00e9quipe d\u2019enqu\u00eateurs pour l\u2019aider \u00e0 r\u00e9soudre le meurtre de Pierre Lebois, survenu le mercredi 17 janvier 2024. Son corps a \u00e9t\u00e9 d\u00e9couvert peu apr\u00e8s minuit, en bas des escaliers de l\u2019ancienne \u00e9cole Sainte-Marie, assassin\u00e9 de deux coups de couteau. Votre mission sera de d\u00e9couvrir qui, parmi les sept suspects, est le meurtrier.<\/p>\n<\/div>\n<div>\n<p class=\"Standard\">Ancienne \u00e9cole Sainte-Marie 19, rue Girardon<br \/>\nvendredi 19 janvier de 19h \u00e0 21h<\/p>\n<\/div>\n<div>\n<p class=\"Standard\">Pour les ados (\u00e0 partir de 16 ans) et les adultes<br \/>\nSur inscription au 03.25.03.86.86<\/p>\n<\/div>\n<div>\n<p class=\"Standard\">Pr\u00e9voir v\u00eatements chauds et une lampe de poche\/t\u00e9l\u00e9phone<\/p>\n<\/div>\n<div>\n<h5><\/h5>\n<h5 class=\"Standard\"><b>D\u00e9monstration de bodypainting <\/b><span style=\"font-weight: 600;\">avec Clo\u00e9 Goldi, maquilleuse artistique<\/span><\/h5>\n<\/div>\n<div>\n<p class=\"Standard\">Issue d&rsquo;une formation en maquillage artistique au sein de l&rsquo;\u00e9cole Backstage Dijo, Clo\u00e9 Goldi est d\u00e9sormais assistante et formatrice au sein de cette m\u00eame \u00e9cole. En parall\u00e8le, elle travaille en tant que maquilleuse artistique dans des domaines vari\u00e9s : mode, beaut\u00e9, cin\u00e9ma, \u00e9v\u00e9nementiel et bien d&rsquo;autres. C&rsquo;est au cours de sa formation qu&rsquo;elle d\u00e9couvre le bodypainting, discipline pour laquelle elle aura un v\u00e9ritable coup de c\u0153ur. Pour sa premi\u00e8re participation aux rencontres bodypainting France en mai 2023, Clo\u00e9 remporte la 1re place du championnat de bodypainting. \u00a0Clo\u00e9 Goldi proposera lors des 8e Nuits de la lecture une d\u00e9monstration d&rsquo;un bodypainting et partagera avec vous son travail.<\/p>\n<\/div>\n<div>\n<p class=\"Standard\">samedi 20 janvier de 9h30 \u00e0 12h et de 13h30 \u00e0 18h30<br \/>\nAcc\u00e8s libre, espace Bouchardon<br \/>\nTout public<\/p>\n<\/div>\n<div>\n<h5 class=\"Standard\"><b>Atelier \u00ab Cr\u00e9e ton tatoo \u00bb<\/b><\/h5>\n<\/div>\n<div>\n<p class=\"Standarduser\">Viens t\u2019inspirer des motifs et figures que l\u2019on trouve dans les manuscrits et livres imprim\u00e9s anciens conserv\u00e9s aux silos qui seront expos\u00e9s \u00e0 cette occasion. \u00a0Chaque participant repartira avec un tatouage \u00e9ph\u00e9m\u00e8re original extrait d\u2019un document ancien des silos.<\/p>\n<\/div>\n<div>\n<p class=\"Standarduser\">samedi 20 janvier de 9h30 \u00e0 12h et de 13h30 \u00e0 18h30<br \/>\nAcc\u00e8s libre, espace Bouchardon<br \/>\nTout public<\/p>\n<\/div>\n<div>\n<p class=\"Standarduser\">\n<\/div>\n<div>\n<h5 class=\"Standard\"><b>Lectures<\/b><\/h5>\n<\/div>\n<div>\n<p class=\"Standard\">Tatouages, gros bras et explorations\u2026 Les aventuriers et pirates en tout genre auront fort \u00e0 faire cette nuit\u00a0!<\/p>\n<\/div>\n<div>\n<p class=\"Standard\">samedi 20 janvier de 10h30 \u00e0 11h30 et de 17h30 \u00e0 18h30<br \/>\nSur inscription au 03.25.03.86.86, espace Bouchardon<br \/>\nPour les 4-9 ans<\/p>\n<\/div>\n<h5><b>Rencontre avec un tatoueur <\/b><b>avec <\/b><b>Romuald, artiste tatoueur chaumontais chez Design Art\u00a0<\/b><\/h5>\n<div>\n<p class=\"Standard\">Multi r\u00e9compens\u00e9 pour son travail dans toute la France et fort d\u2019une exp\u00e9rience de plus de 20 ans, Romuald vous proposera un atelier participatif au cours duquel vous pourrez d\u00e9couvrir le m\u00e9tier de tatoueur mais \u00e9galement la possibilit\u00e9 de d\u00e9couvrir avec lui l\u2019histoire du tatouage \u00e0 travers les \u00e2ges, les diff\u00e9rentes cultures ainsi que de\u00a0multiples conseils si vous envisagez prochainement de vous faire tatouer.<\/p>\n<\/div>\n<div>\n<p class=\"Standard\">samedi 20 janvier de 13h30 \u00e0 18h30<br \/>\nAcc\u00e8s libre, espace Bouchardon<br \/>\nPublic ado (\u00e0 partir de 16 ans) et adultes<\/p>\n<\/div>\n<h5><\/h5>\n<h5><b>Rencontre avec l\u2019auteur de polars Ghislain Gilberti<\/b><\/h5>\n<h5><b>Mod\u00e9ration Tara Lennart<\/b><\/h5>\n<div>\n<p class=\"Standard\">samedi 20 janvier de 15h \u00e0 16h<br \/>\nAcc\u00e8s libre, espace Bouchardon<br \/>\nTout public<\/p>\n<\/div>\n<div>\n<p class=\"Standard\">Suivie d\u2019un temps de d\u00e9dicaces avec la librairie A la une<\/p>\n<\/div>\n<div>\n<p class=\"Standard\"><u>\u00a0<\/u><\/p>\n<\/div>\n<div>\n<p class=\"Standard\">Ghislain Gilberti, apr\u00e8s plus de dix ans \u00e0 son compte dans le monde du tatouage, du piercing et des modifications corporelles permanentes, d\u00e9cide de se consacrer exclusivement \u00e0 l\u2019\u00e9criture. Travaillant principalement dans le registre contemporain noir, il visite la marge, les ombres et les replis de notre soci\u00e9t\u00e9 et alimente ses ouvrages d\u2019un r\u00e9alisme gla\u00e7ant.<\/p>\n<\/div>\n<div>\n<p class=\"western\">Avec neuf romans \u00e0 son actif, Ghislain Gilberti est vivement soutenu par G\u00e9rard Collard, chroniqueur litt\u00e9raire, pour sa <i>Trilogie des Ombres (Sa majest\u00e9 des ombres, <\/i>\u00c9ditions RING\/La M\u00e9canique G\u00e9n\u00e9rale, 2018\u00a0; <i>Les anges de Babylone<\/i>, \u00c9ditions Cosmopolis, 2018\u00a0; <i>Le sacre des impies<\/i> \/ \u00c9ditions Cosmopolis, 2020) qui re\u00e7oit de nombreuses chroniques unanimes.<\/p>\n<\/div>\n<div>\n<p class=\"Standard\">La simplicit\u00e9 de son style est brandie comme un atout et son univers tr\u00e8s accessible rassemble de plus en plus de fid\u00e8les qui adh\u00e8rent \u00e0 la franchise de ses textes. Des adeptes d\u2019autres styles, fantasy, romance et d\u2019autres genres ont ainsi d\u00e9couvert gr\u00e2ce \u00e0 lui la litt\u00e9rature noire.<\/p>\n<\/div>\n<div>\n<p class=\"Standard\">Son prochain nouveau roman dont la parution est pr\u00e9vue en 2024 sera une autofiction et un roman noir\u00a0; il sera le pr\u00e9quel de <i>Dynamique du Chaos<\/i> (Editions RING\/La M\u00e9canique G\u00e9n\u00e9rale, 2017), le livre culte de cet auteur atypique.<\/p>\n<\/div>\n<div>\n<p class=\"Standard\">\n<\/div>\n<div>\n<p class=\"Standard\"><span class=\"Aucun\">Journaliste sp\u00e9cialis\u00e9e dans le secteur de l\u2019\u00e9dition, Tara Lennart anime \u00e9galement des rencontres d\u2019auteur\u00b7rice\u00b7s et assure la programmation litt\u00e9raire du festival Col\u00e8res du Pr\u00e9sent. Depuis 2014, elle nourrit Bookalicious, m\u00e9dia d\u00e9di\u00e9 \u00e0 l\u2019\u00e9dition ind\u00e9pendante et ses coulisses.<\/span><\/p>\n<\/div>\n<div>\n<p class=\"Standard\">\n<\/div>\n","protected":false},"excerpt":{"rendered":"<p>Le corps peut \u00eatre tour \u00e0 tour une \u00e9vocation po\u00e9tique, un sujet d\u2019anatomie pour la science, le cadavre ultime du polar, un support artistique avec le tatouage comme premi\u00e8re forme [&hellip;]<\/p>\n","protected":false},"author":3,"featured_media":10642,"comment_status":"closed","ping_status":"closed","template":"","meta":{"_uag_custom_page_level_css":"","_tribe_events_status":"","_tribe_events_status_reason":""},"tags":[],"tribe_events_cat":[45],"yoast_head":"<!-- This site is optimized with the Yoast SEO plugin v21.1 - https:\/\/yoast.com\/wordpress\/plugins\/seo\/ -->\n<title>8\u00e8me \u00e9dition des Nuits de la lecture \u2013 Th\u00e8me : \u00ab Le corps \u00bb - Les Saisons Culturelles de Chaumont<\/title>\n<meta name=\"description\" content=\"D\u00e9couvrez la programmation culturelle de la saison culturelle de la ville de Chaumont. Expositions, visites, rencontres, ateliers, concerts, spectacles, animations et plus encore.\" \/>\n<meta name=\"robots\" content=\"noindex, follow, max-snippet:-1, max-image-preview:large, max-video-preview:-1\" \/>\n<meta property=\"og:locale\" content=\"fr_FR\" \/>\n<meta property=\"og:type\" content=\"article\" \/>\n<meta property=\"og:title\" content=\"8\u00e8me \u00e9dition des Nuits de la lecture \u2013 Th\u00e8me : \u00ab Le corps \u00bb - Les Saisons Culturelles de Chaumont\" \/>\n<meta property=\"og:description\" content=\"D\u00e9couvrez la programmation culturelle de la saison culturelle de la ville de Chaumont. Expositions, visites, rencontres, ateliers, concerts, spectacles, animations et plus encore.\" \/>\n<meta property=\"og:url\" content=\"https:\/\/saisonsculturelleschaumont.fr\/mdxpuixt\/evenement\/la-mediatheque-les-silos-participe-a-la-8eme-edition-des-nuits-de-la-lecture-theme-le-corps\/\" \/>\n<meta property=\"og:site_name\" content=\"Les Saisons Culturelles de Chaumont\" \/>\n<meta property=\"article:publisher\" content=\"https:\/\/www.facebook.com\/saisonsculturelleschaumont\/\" \/>\n<meta property=\"article:modified_time\" content=\"2024-01-11T11:18:15+00:00\" \/>\n<meta property=\"og:image\" content=\"https:\/\/saisonsculturelleschaumont.fr\/mdxpuixt\/wp-content\/uploads\/2023\/09\/Nuit-de-la-lecture_A-A.Leopold.png\" \/>\n\t<meta property=\"og:image:width\" content=\"500\" \/>\n\t<meta property=\"og:image:height\" content=\"500\" \/>\n\t<meta property=\"og:image:type\" content=\"image\/png\" \/>\n<meta name=\"twitter:card\" content=\"summary_large_image\" \/>\n<meta name=\"twitter:label1\" content=\"Dur\u00e9e de lecture estim\u00e9e\" \/>\n\t<meta name=\"twitter:data1\" content=\"5 minutes\" \/>\n<script type=\"application\/ld+json\" class=\"yoast-schema-graph\">{\"@context\":\"https:\/\/schema.org\",\"@graph\":[{\"@type\":\"WebPage\",\"@id\":\"https:\/\/saisonsculturelleschaumont.fr\/mdxpuixt\/evenement\/la-mediatheque-les-silos-participe-a-la-8eme-edition-des-nuits-de-la-lecture-theme-le-corps\/\",\"url\":\"https:\/\/saisonsculturelleschaumont.fr\/mdxpuixt\/evenement\/la-mediatheque-les-silos-participe-a-la-8eme-edition-des-nuits-de-la-lecture-theme-le-corps\/\",\"name\":\"8\u00e8me \u00e9dition des Nuits de la lecture \u2013 Th\u00e8me : \u00ab Le corps \u00bb - Les Saisons Culturelles de Chaumont\",\"isPartOf\":{\"@id\":\"https:\/\/saisonsculturelleschaumont.fr\/mdxpuixt\/#website\"},\"datePublished\":\"2023-10-26T07:59:34+00:00\",\"dateModified\":\"2024-01-11T11:18:15+00:00\",\"description\":\"D\u00e9couvrez la programmation culturelle de la saison culturelle de la ville de Chaumont. Expositions, visites, rencontres, ateliers, concerts, spectacles, animations et plus encore.\",\"breadcrumb\":{\"@id\":\"https:\/\/saisonsculturelleschaumont.fr\/mdxpuixt\/evenement\/la-mediatheque-les-silos-participe-a-la-8eme-edition-des-nuits-de-la-lecture-theme-le-corps\/#breadcrumb\"},\"inLanguage\":\"fr-FR\",\"potentialAction\":[{\"@type\":\"ReadAction\",\"target\":[\"https:\/\/saisonsculturelleschaumont.fr\/mdxpuixt\/evenement\/la-mediatheque-les-silos-participe-a-la-8eme-edition-des-nuits-de-la-lecture-theme-le-corps\/\"]}]},{\"@type\":\"BreadcrumbList\",\"@id\":\"https:\/\/saisonsculturelleschaumont.fr\/mdxpuixt\/evenement\/la-mediatheque-les-silos-participe-a-la-8eme-edition-des-nuits-de-la-lecture-theme-le-corps\/#breadcrumb\",\"itemListElement\":[{\"@type\":\"ListItem\",\"position\":1,\"name\":\"Accueil\",\"item\":\"https:\/\/saisonsculturelleschaumont.fr\/mdxpuixt\/\"},{\"@type\":\"ListItem\",\"position\":2,\"name\":\"\u00c9v\u00e8nements\",\"item\":\"https:\/\/saisonsculturelleschaumont.fr\/mdxpuixt\/agenda\/\"},{\"@type\":\"ListItem\",\"position\":3,\"name\":\"8\u00e8me \u00e9dition des Nuits de la lecture \u2013 Th\u00e8me : \u00ab Le corps \u00bb\"}]},{\"@type\":\"WebSite\",\"@id\":\"https:\/\/saisonsculturelleschaumont.fr\/mdxpuixt\/#website\",\"url\":\"https:\/\/saisonsculturelleschaumont.fr\/mdxpuixt\/\",\"name\":\"Les Saisons Culturelles de Chaumont\",\"description\":\"\",\"potentialAction\":[{\"@type\":\"SearchAction\",\"target\":{\"@type\":\"EntryPoint\",\"urlTemplate\":\"https:\/\/saisonsculturelleschaumont.fr\/mdxpuixt\/?s={search_term_string}\"},\"query-input\":\"required name=search_term_string\"}],\"inLanguage\":\"fr-FR\"}]}<\/script>\n<!-- \/ Yoast SEO plugin. -->","yoast_head_json":{"title":"8\u00e8me \u00e9dition des Nuits de la lecture \u2013 Th\u00e8me : \u00ab Le corps \u00bb - Les Saisons Culturelles de Chaumont","description":"D\u00e9couvrez la programmation culturelle de la saison culturelle de la ville de Chaumont. Expositions, visites, rencontres, ateliers, concerts, spectacles, animations et plus encore.","robots":{"index":"noindex","follow":"follow","max-snippet":"max-snippet:-1","max-image-preview":"max-image-preview:large","max-video-preview":"max-video-preview:-1"},"og_locale":"fr_FR","og_type":"article","og_title":"8\u00e8me \u00e9dition des Nuits de la lecture \u2013 Th\u00e8me : \u00ab Le corps \u00bb - Les Saisons Culturelles de Chaumont","og_description":"D\u00e9couvrez la programmation culturelle de la saison culturelle de la ville de Chaumont. Expositions, visites, rencontres, ateliers, concerts, spectacles, animations et plus encore.","og_url":"https:\/\/saisonsculturelleschaumont.fr\/mdxpuixt\/evenement\/la-mediatheque-les-silos-participe-a-la-8eme-edition-des-nuits-de-la-lecture-theme-le-corps\/","og_site_name":"Les Saisons Culturelles de Chaumont","article_publisher":"https:\/\/www.facebook.com\/saisonsculturelleschaumont\/","article_modified_time":"2024-01-11T11:18:15+00:00","og_image":[{"width":500,"height":500,"url":"https:\/\/saisonsculturelleschaumont.fr\/mdxpuixt\/wp-content\/uploads\/2023\/09\/Nuit-de-la-lecture_A-A.Leopold.png","type":"image\/png"}],"twitter_card":"summary_large_image","twitter_misc":{"Dur\u00e9e de lecture estim\u00e9e":"5 minutes"},"schema":{"@context":"https:\/\/schema.org","@graph":[{"@type":"WebPage","@id":"https:\/\/saisonsculturelleschaumont.fr\/mdxpuixt\/evenement\/la-mediatheque-les-silos-participe-a-la-8eme-edition-des-nuits-de-la-lecture-theme-le-corps\/","url":"https:\/\/saisonsculturelleschaumont.fr\/mdxpuixt\/evenement\/la-mediatheque-les-silos-participe-a-la-8eme-edition-des-nuits-de-la-lecture-theme-le-corps\/","name":"8\u00e8me \u00e9dition des Nuits de la lecture \u2013 Th\u00e8me : \u00ab Le corps \u00bb - Les Saisons Culturelles de Chaumont","isPartOf":{"@id":"https:\/\/saisonsculturelleschaumont.fr\/mdxpuixt\/#website"},"datePublished":"2023-10-26T07:59:34+00:00","dateModified":"2024-01-11T11:18:15+00:00","description":"D\u00e9couvrez la programmation culturelle de la saison culturelle de la ville de Chaumont. Expositions, visites, rencontres, ateliers, concerts, spectacles, animations et plus encore.","breadcrumb":{"@id":"https:\/\/saisonsculturelleschaumont.fr\/mdxpuixt\/evenement\/la-mediatheque-les-silos-participe-a-la-8eme-edition-des-nuits-de-la-lecture-theme-le-corps\/#breadcrumb"},"inLanguage":"fr-FR","potentialAction":[{"@type":"ReadAction","target":["https:\/\/saisonsculturelleschaumont.fr\/mdxpuixt\/evenement\/la-mediatheque-les-silos-participe-a-la-8eme-edition-des-nuits-de-la-lecture-theme-le-corps\/"]}]},{"@type":"BreadcrumbList","@id":"https:\/\/saisonsculturelleschaumont.fr\/mdxpuixt\/evenement\/la-mediatheque-les-silos-participe-a-la-8eme-edition-des-nuits-de-la-lecture-theme-le-corps\/#breadcrumb","itemListElement":[{"@type":"ListItem","position":1,"name":"Accueil","item":"https:\/\/saisonsculturelleschaumont.fr\/mdxpuixt\/"},{"@type":"ListItem","position":2,"name":"\u00c9v\u00e8nements","item":"https:\/\/saisonsculturelleschaumont.fr\/mdxpuixt\/agenda\/"},{"@type":"ListItem","position":3,"name":"8\u00e8me \u00e9dition des Nuits de la lecture \u2013 Th\u00e8me : \u00ab Le corps \u00bb"}]},{"@type":"WebSite","@id":"https:\/\/saisonsculturelleschaumont.fr\/mdxpuixt\/#website","url":"https:\/\/saisonsculturelleschaumont.fr\/mdxpuixt\/","name":"Les Saisons Culturelles de Chaumont","description":"","potentialAction":[{"@type":"SearchAction","target":{"@type":"EntryPoint","urlTemplate":"https:\/\/saisonsculturelleschaumont.fr\/mdxpuixt\/?s={search_term_string}"},"query-input":"required name=search_term_string"}],"inLanguage":"fr-FR"}]}},"uagb_featured_image_src":{"full":["https:\/\/saisonsculturelleschaumont.fr\/mdxpuixt\/wp-content\/uploads\/2023\/09\/Nuit-de-la-lecture_A-A.Leopold.png",500,500,false],"thumbnail":["https:\/\/saisonsculturelleschaumont.fr\/mdxpuixt\/wp-content\/uploads\/2023\/09\/Nuit-de-la-lecture_A-A.Leopold-80x80.png",80,80,true],"medium":["https:\/\/saisonsculturelleschaumont.fr\/mdxpuixt\/wp-content\/uploads\/2023\/09\/Nuit-de-la-lecture_A-A.Leopold-300x300.png",300,300,true],"medium_large":["https:\/\/saisonsculturelleschaumont.fr\/mdxpuixt\/wp-content\/uploads\/2023\/09\/Nuit-de-la-lecture_A-A.Leopold.png",500,500,false],"large":["https:\/\/saisonsculturelleschaumont.fr\/mdxpuixt\/wp-content\/uploads\/2023\/09\/Nuit-de-la-lecture_A-A.Leopold.png",500,500,false],"1536x1536":["https:\/\/saisonsculturelleschaumont.fr\/mdxpuixt\/wp-content\/uploads\/2023\/09\/Nuit-de-la-lecture_A-A.Leopold.png",500,500,false],"2048x2048":["https:\/\/saisonsculturelleschaumont.fr\/mdxpuixt\/wp-content\/uploads\/2023\/09\/Nuit-de-la-lecture_A-A.Leopold.png",500,500,false],"widget":["https:\/\/saisonsculturelleschaumont.fr\/mdxpuixt\/wp-content\/uploads\/2023\/09\/Nuit-de-la-lecture_A-A.Leopold-36x36.png",36,36,true],"square":["https:\/\/saisonsculturelleschaumont.fr\/mdxpuixt\/wp-content\/uploads\/2023\/09\/Nuit-de-la-lecture_A-A.Leopold-180x180.png",180,180,true],"featured":["https:\/\/saisonsculturelleschaumont.fr\/mdxpuixt\/wp-content\/uploads\/2023\/09\/Nuit-de-la-lecture_A-A.Leopold-500x430.png",500,430,true],"featured_large":["https:\/\/saisonsculturelleschaumont.fr\/mdxpuixt\/wp-content\/uploads\/2023\/09\/Nuit-de-la-lecture_A-A.Leopold.png",500,500,false],"extra_large":["https:\/\/saisonsculturelleschaumont.fr\/mdxpuixt\/wp-content\/uploads\/2023\/09\/Nuit-de-la-lecture_A-A.Leopold.png",500,500,false],"portfolio":["https:\/\/saisonsculturelleschaumont.fr\/mdxpuixt\/wp-content\/uploads\/2023\/09\/Nuit-de-la-lecture_A-A.Leopold-495x400.png",495,400,true],"portfolio_small":["https:\/\/saisonsculturelleschaumont.fr\/mdxpuixt\/wp-content\/uploads\/2023\/09\/Nuit-de-la-lecture_A-A.Leopold-260x185.png",260,185,true],"gallery":["https:\/\/saisonsculturelleschaumont.fr\/mdxpuixt\/wp-content\/uploads\/2023\/09\/Nuit-de-la-lecture_A-A.Leopold.png",500,500,false],"magazine":["https:\/\/saisonsculturelleschaumont.fr\/mdxpuixt\/wp-content\/uploads\/2023\/09\/Nuit-de-la-lecture_A-A.Leopold-500x375.png",500,375,true],"masonry":["https:\/\/saisonsculturelleschaumont.fr\/mdxpuixt\/wp-content\/uploads\/2023\/09\/Nuit-de-la-lecture_A-A.Leopold.png",500,500,false],"entry_with_sidebar":["https:\/\/saisonsculturelleschaumont.fr\/mdxpuixt\/wp-content\/uploads\/2023\/09\/Nuit-de-la-lecture_A-A.Leopold-500x321.png",500,321,true],"entry_without_sidebar":["https:\/\/saisonsculturelleschaumont.fr\/mdxpuixt\/wp-content\/uploads\/2023\/09\/Nuit-de-la-lecture_A-A.Leopold-500x423.png",500,423,true]},"uagb_author_info":{"display_name":"Justine Ansel","author_link":"https:\/\/saisonsculturelleschaumont.fr\/mdxpuixt\/author\/justine-ansel\/"},"uagb_comment_info":0,"uagb_excerpt":"Le corps peut \u00eatre tour \u00e0 tour une \u00e9vocation po\u00e9tique, un sujet d\u2019anatomie pour la science, le cadavre ultime du polar, un support artistique avec le tatouage comme premi\u00e8re forme [&hellip;]","_links":{"self":[{"href":"https:\/\/saisonsculturelleschaumont.fr\/mdxpuixt\/wp-json\/wp\/v2\/tribe_events\/10578"}],"collection":[{"href":"https:\/\/saisonsculturelleschaumont.fr\/mdxpuixt\/wp-json\/wp\/v2\/tribe_events"}],"about":[{"href":"https:\/\/saisonsculturelleschaumont.fr\/mdxpuixt\/wp-json\/wp\/v2\/types\/tribe_events"}],"author":[{"embeddable":true,"href":"https:\/\/saisonsculturelleschaumont.fr\/mdxpuixt\/wp-json\/wp\/v2\/users\/3"}],"replies":[{"embeddable":true,"href":"https:\/\/saisonsculturelleschaumont.fr\/mdxpuixt\/wp-json\/wp\/v2\/comments?post=10578"}],"version-history":[{"count":0,"href":"https:\/\/saisonsculturelleschaumont.fr\/mdxpuixt\/wp-json\/wp\/v2\/tribe_events\/10578\/revisions"}],"wp:featuredmedia":[{"embeddable":true,"href":"https:\/\/saisonsculturelleschaumont.fr\/mdxpuixt\/wp-json\/wp\/v2\/media\/10642"}],"wp:attachment":[{"href":"https:\/\/saisonsculturelleschaumont.fr\/mdxpuixt\/wp-json\/wp\/v2\/media?parent=10578"}],"wp:term":[{"taxonomy":"post_tag","embeddable":true,"href":"https:\/\/saisonsculturelleschaumont.fr\/mdxpuixt\/wp-json\/wp\/v2\/tags?post=10578"},{"taxonomy":"tribe_events_cat","embeddable":true,"href":"https:\/\/saisonsculturelleschaumont.fr\/mdxpuixt\/wp-json\/wp\/v2\/tribe_events_cat?post=10578"}],"curies":[{"name":"wp","href":"https:\/\/api.w.org\/{rel}","templated":true}]}}