{"id":10726,"date":"2023-10-26T15:28:08","date_gmt":"2023-10-26T13:28:08","guid":{"rendered":"https:\/\/saisonsculturelleschaumont.fr\/mdxpuixt\/?post_type=tribe_events&#038;p=10726"},"modified":"2023-10-26T15:28:08","modified_gmt":"2023-10-26T13:28:08","slug":"les-possedes-dillfurth","status":"publish","type":"tribe_events","link":"https:\/\/saisonsculturelleschaumont.fr\/mdxpuixt\/evenement\/les-possedes-dillfurth\/","title":{"rendered":"Les Poss\u00e9d\u00e9s d&rsquo;Illfurth"},"content":{"rendered":"<div class=\"header-spectacle\">\n<div class=\"d-flex info-bottom\">\n<div class=\"tags\">\n<div class=\"tags-holder\"><span class=\"tag\">th\u00e9\u00e2tre<br \/>\n<\/span><span class=\"tag\">1h15<br \/>\n<\/span><span class=\"tag\">+ 14 ans<\/span><\/div>\n<\/div>\n<\/div>\n<\/div>\n<div class=\"presentation-spectacle\">\n<div class=\"main-text\">\n<p><em>\u00ab\u00a0On me raconte l\u2019histoire des Poss\u00e9d\u00e9s d\u2019Illfurth depuis que je suis tout petit. Elle s\u2019est pass\u00e9e dans mon village natal, en Alsace. <\/em><\/p>\n<p><em>De quel \u00ab mal \u00bb \u00e9trange \u00e9taient atteints ces deux petits gar\u00e7ons ? Si cette question a pu me hanter petit, aujourd\u2019hui, d\u2019autres interrogations surgissent. Comment nos croyances fa\u00e7onnent-elles notre rapport au r\u00e9el, \u00e0 la morale ? Pourquoi avons-nous besoin de croire ? Aujourd\u2019hui, par quoi nous laissons-nous poss\u00e9der ?\u00a0\u00bb <\/em>Lionel Lingelser<\/p>\n<\/div>\n<div class=\"distribution\">\n<p><strong>Mise en sc\u00e8ne et interpr\u00e9tation\u00a0\u202f:<\/strong>\u202fLionel Lingelser<\/p>\n<p><strong>Texte :<\/strong>\u00a0Yann Verburgh\u00a0en collaboration avec\u00a0Lionel Lingelser<\/p>\n<p><strong>Collaboration artistique :<\/strong>\u00a0Louis Arene<\/p>\n<p><strong>Cr\u00e9ation lumi\u00e8re :<\/strong>\u00a0Victor Arancio<\/p>\n<p><strong>Cr\u00e9ation sonore :<\/strong>\u00a0Claudius Pan<\/p>\n<p><strong>R\u00e9gie :<\/strong>\u00a0Valentin Paul<\/p>\n<p><strong>Administration, production :<\/strong>\u00a0Cl\u00e9mence Huckel \u2013 Les Ind\u00e9pendances<\/p>\n<p><strong>Diffusion :<\/strong>\u00a0Florence Bourgeon<\/p>\n<p><strong>Presse :<\/strong>\u00a0Murielle Richard<\/p>\n<\/div>\n<p>Billetterie : https:\/\/billetterie-nouveaurelax.mapado.com\/<\/p>\n<\/div>\n","protected":false},"excerpt":{"rendered":"<p>th\u00e9\u00e2tre 1h15 + 14 ans \u00ab\u00a0On me raconte l\u2019histoire des Poss\u00e9d\u00e9s d\u2019Illfurth depuis que je suis tout petit. Elle s\u2019est pass\u00e9e dans mon village natal, en Alsace. De quel \u00ab [&hellip;]<\/p>\n","protected":false},"author":3,"featured_media":10727,"comment_status":"open","ping_status":"closed","template":"","meta":{"_uag_custom_page_level_css":"","_tribe_events_status":"","_tribe_events_status_reason":""},"tags":[55,106],"tribe_events_cat":[44],"yoast_head":"<!-- This site is optimized with the Yoast SEO plugin v21.1 - https:\/\/yoast.com\/wordpress\/plugins\/seo\/ -->\n<title>Les Poss\u00e9d\u00e9s d&#039;Illfurth - Les Saisons Culturelles de Chaumont<\/title>\n<meta name=\"description\" content=\"D\u00e9couvrez la programmation culturelle de la saison culturelle de la ville de Chaumont. Expositions, visites, rencontres, ateliers, concerts, spectacles, animations et plus encore.\" \/>\n<meta name=\"robots\" content=\"noindex, follow, max-snippet:-1, max-image-preview:large, max-video-preview:-1\" \/>\n<meta property=\"og:locale\" content=\"fr_FR\" \/>\n<meta property=\"og:type\" content=\"article\" \/>\n<meta property=\"og:title\" content=\"Les Poss\u00e9d\u00e9s d&#039;Illfurth - Les Saisons Culturelles de Chaumont\" \/>\n<meta property=\"og:description\" content=\"D\u00e9couvrez la programmation culturelle de la saison culturelle de la ville de Chaumont. Expositions, visites, rencontres, ateliers, concerts, spectacles, animations et plus encore.\" \/>\n<meta property=\"og:url\" content=\"https:\/\/saisonsculturelleschaumont.fr\/mdxpuixt\/evenement\/les-possedes-dillfurth\/\" \/>\n<meta property=\"og:site_name\" content=\"Les Saisons Culturelles de Chaumont\" \/>\n<meta property=\"article:publisher\" content=\"https:\/\/www.facebook.com\/saisonsculturelleschaumont\/\" \/>\n<meta property=\"og:image\" content=\"https:\/\/saisonsculturelleschaumont.fr\/mdxpuixt\/wp-content\/uploads\/2023\/10\/les-posseudeusdillfurthjeanlouisfernandez-019-1600x.jpg\" \/>\n\t<meta property=\"og:image:width\" content=\"1600\" \/>\n\t<meta property=\"og:image:height\" content=\"1066\" \/>\n\t<meta property=\"og:image:type\" content=\"image\/jpeg\" \/>\n<meta name=\"twitter:card\" content=\"summary_large_image\" \/>\n<meta name=\"twitter:label1\" content=\"Dur\u00e9e de lecture estim\u00e9e\" \/>\n\t<meta name=\"twitter:data1\" content=\"1 minute\" \/>\n<script type=\"application\/ld+json\" class=\"yoast-schema-graph\">{\"@context\":\"https:\/\/schema.org\",\"@graph\":[{\"@type\":\"WebPage\",\"@id\":\"https:\/\/saisonsculturelleschaumont.fr\/mdxpuixt\/evenement\/les-possedes-dillfurth\/\",\"url\":\"https:\/\/saisonsculturelleschaumont.fr\/mdxpuixt\/evenement\/les-possedes-dillfurth\/\",\"name\":\"Les Poss\u00e9d\u00e9s d'Illfurth - Les Saisons Culturelles de Chaumont\",\"isPartOf\":{\"@id\":\"https:\/\/saisonsculturelleschaumont.fr\/mdxpuixt\/#website\"},\"datePublished\":\"2023-10-26T13:28:08+00:00\",\"dateModified\":\"2023-10-26T13:28:08+00:00\",\"description\":\"D\u00e9couvrez la programmation culturelle de la saison culturelle de la ville de Chaumont. Expositions, visites, rencontres, ateliers, concerts, spectacles, animations et plus encore.\",\"breadcrumb\":{\"@id\":\"https:\/\/saisonsculturelleschaumont.fr\/mdxpuixt\/evenement\/les-possedes-dillfurth\/#breadcrumb\"},\"inLanguage\":\"fr-FR\",\"potentialAction\":[{\"@type\":\"ReadAction\",\"target\":[\"https:\/\/saisonsculturelleschaumont.fr\/mdxpuixt\/evenement\/les-possedes-dillfurth\/\"]}]},{\"@type\":\"BreadcrumbList\",\"@id\":\"https:\/\/saisonsculturelleschaumont.fr\/mdxpuixt\/evenement\/les-possedes-dillfurth\/#breadcrumb\",\"itemListElement\":[{\"@type\":\"ListItem\",\"position\":1,\"name\":\"Accueil\",\"item\":\"https:\/\/saisonsculturelleschaumont.fr\/mdxpuixt\/\"},{\"@type\":\"ListItem\",\"position\":2,\"name\":\"\u00c9v\u00e8nements\",\"item\":\"https:\/\/saisonsculturelleschaumont.fr\/mdxpuixt\/agenda\/\"},{\"@type\":\"ListItem\",\"position\":3,\"name\":\"Les Poss\u00e9d\u00e9s d&rsquo;Illfurth\"}]},{\"@type\":\"WebSite\",\"@id\":\"https:\/\/saisonsculturelleschaumont.fr\/mdxpuixt\/#website\",\"url\":\"https:\/\/saisonsculturelleschaumont.fr\/mdxpuixt\/\",\"name\":\"Les Saisons Culturelles de Chaumont\",\"description\":\"\",\"potentialAction\":[{\"@type\":\"SearchAction\",\"target\":{\"@type\":\"EntryPoint\",\"urlTemplate\":\"https:\/\/saisonsculturelleschaumont.fr\/mdxpuixt\/?s={search_term_string}\"},\"query-input\":\"required name=search_term_string\"}],\"inLanguage\":\"fr-FR\"}]}<\/script>\n<!-- \/ Yoast SEO plugin. -->","yoast_head_json":{"title":"Les Poss\u00e9d\u00e9s d'Illfurth - Les Saisons Culturelles de Chaumont","description":"D\u00e9couvrez la programmation culturelle de la saison culturelle de la ville de Chaumont. Expositions, visites, rencontres, ateliers, concerts, spectacles, animations et plus encore.","robots":{"index":"noindex","follow":"follow","max-snippet":"max-snippet:-1","max-image-preview":"max-image-preview:large","max-video-preview":"max-video-preview:-1"},"og_locale":"fr_FR","og_type":"article","og_title":"Les Poss\u00e9d\u00e9s d'Illfurth - Les Saisons Culturelles de Chaumont","og_description":"D\u00e9couvrez la programmation culturelle de la saison culturelle de la ville de Chaumont. Expositions, visites, rencontres, ateliers, concerts, spectacles, animations et plus encore.","og_url":"https:\/\/saisonsculturelleschaumont.fr\/mdxpuixt\/evenement\/les-possedes-dillfurth\/","og_site_name":"Les Saisons Culturelles de Chaumont","article_publisher":"https:\/\/www.facebook.com\/saisonsculturelleschaumont\/","og_image":[{"width":1600,"height":1066,"url":"https:\/\/saisonsculturelleschaumont.fr\/mdxpuixt\/wp-content\/uploads\/2023\/10\/les-posseudeusdillfurthjeanlouisfernandez-019-1600x.jpg","type":"image\/jpeg"}],"twitter_card":"summary_large_image","twitter_misc":{"Dur\u00e9e de lecture estim\u00e9e":"1 minute"},"schema":{"@context":"https:\/\/schema.org","@graph":[{"@type":"WebPage","@id":"https:\/\/saisonsculturelleschaumont.fr\/mdxpuixt\/evenement\/les-possedes-dillfurth\/","url":"https:\/\/saisonsculturelleschaumont.fr\/mdxpuixt\/evenement\/les-possedes-dillfurth\/","name":"Les Poss\u00e9d\u00e9s d'Illfurth - Les Saisons Culturelles de Chaumont","isPartOf":{"@id":"https:\/\/saisonsculturelleschaumont.fr\/mdxpuixt\/#website"},"datePublished":"2023-10-26T13:28:08+00:00","dateModified":"2023-10-26T13:28:08+00:00","description":"D\u00e9couvrez la programmation culturelle de la saison culturelle de la ville de Chaumont. Expositions, visites, rencontres, ateliers, concerts, spectacles, animations et plus encore.","breadcrumb":{"@id":"https:\/\/saisonsculturelleschaumont.fr\/mdxpuixt\/evenement\/les-possedes-dillfurth\/#breadcrumb"},"inLanguage":"fr-FR","potentialAction":[{"@type":"ReadAction","target":["https:\/\/saisonsculturelleschaumont.fr\/mdxpuixt\/evenement\/les-possedes-dillfurth\/"]}]},{"@type":"BreadcrumbList","@id":"https:\/\/saisonsculturelleschaumont.fr\/mdxpuixt\/evenement\/les-possedes-dillfurth\/#breadcrumb","itemListElement":[{"@type":"ListItem","position":1,"name":"Accueil","item":"https:\/\/saisonsculturelleschaumont.fr\/mdxpuixt\/"},{"@type":"ListItem","position":2,"name":"\u00c9v\u00e8nements","item":"https:\/\/saisonsculturelleschaumont.fr\/mdxpuixt\/agenda\/"},{"@type":"ListItem","position":3,"name":"Les Poss\u00e9d\u00e9s d&rsquo;Illfurth"}]},{"@type":"WebSite","@id":"https:\/\/saisonsculturelleschaumont.fr\/mdxpuixt\/#website","url":"https:\/\/saisonsculturelleschaumont.fr\/mdxpuixt\/","name":"Les Saisons Culturelles de Chaumont","description":"","potentialAction":[{"@type":"SearchAction","target":{"@type":"EntryPoint","urlTemplate":"https:\/\/saisonsculturelleschaumont.fr\/mdxpuixt\/?s={search_term_string}"},"query-input":"required name=search_term_string"}],"inLanguage":"fr-FR"}]}},"uagb_featured_image_src":{"full":["https:\/\/saisonsculturelleschaumont.fr\/mdxpuixt\/wp-content\/uploads\/2023\/10\/les-posseudeusdillfurthjeanlouisfernandez-019-1600x-e1698655105494.jpg",1066,1066,false],"thumbnail":["https:\/\/saisonsculturelleschaumont.fr\/mdxpuixt\/wp-content\/uploads\/2023\/10\/les-posseudeusdillfurthjeanlouisfernandez-019-1600x-e1698655105494-80x80.jpg",80,80,true],"medium":["https:\/\/saisonsculturelleschaumont.fr\/mdxpuixt\/wp-content\/uploads\/2023\/10\/les-posseudeusdillfurthjeanlouisfernandez-019-1600x-e1698655105494-300x300.jpg",300,300,true],"medium_large":["https:\/\/saisonsculturelleschaumont.fr\/mdxpuixt\/wp-content\/uploads\/2023\/10\/les-posseudeusdillfurthjeanlouisfernandez-019-1600x-e1698655105494-768x768.jpg",768,768,true],"large":["https:\/\/saisonsculturelleschaumont.fr\/mdxpuixt\/wp-content\/uploads\/2023\/10\/les-posseudeusdillfurthjeanlouisfernandez-019-1600x-e1698655105494-1030x1030.jpg",1030,1030,true],"1536x1536":["https:\/\/saisonsculturelleschaumont.fr\/mdxpuixt\/wp-content\/uploads\/2023\/10\/les-posseudeusdillfurthjeanlouisfernandez-019-1600x-1536x1023.jpg",1536,1023,true],"2048x2048":["https:\/\/saisonsculturelleschaumont.fr\/mdxpuixt\/wp-content\/uploads\/2023\/10\/les-posseudeusdillfurthjeanlouisfernandez-019-1600x-e1698655105494.jpg",1066,1066,false],"widget":["https:\/\/saisonsculturelleschaumont.fr\/mdxpuixt\/wp-content\/uploads\/2023\/10\/les-posseudeusdillfurthjeanlouisfernandez-019-1600x-e1698655105494-36x36.jpg",36,36,true],"square":["https:\/\/saisonsculturelleschaumont.fr\/mdxpuixt\/wp-content\/uploads\/2023\/10\/les-posseudeusdillfurthjeanlouisfernandez-019-1600x-e1698655105494-180x180.jpg",180,180,true],"featured":["https:\/\/saisonsculturelleschaumont.fr\/mdxpuixt\/wp-content\/uploads\/2023\/10\/les-posseudeusdillfurthjeanlouisfernandez-019-1600x-e1698655105494-1066x430.jpg",1066,430,true],"featured_large":["https:\/\/saisonsculturelleschaumont.fr\/mdxpuixt\/wp-content\/uploads\/2023\/10\/les-posseudeusdillfurthjeanlouisfernandez-019-1600x-e1698655105494-1066x630.jpg",1066,630,true],"extra_large":["https:\/\/saisonsculturelleschaumont.fr\/mdxpuixt\/wp-content\/uploads\/2023\/10\/les-posseudeusdillfurthjeanlouisfernandez-019-1600x-1500x999.jpg",1500,999,true],"portfolio":["https:\/\/saisonsculturelleschaumont.fr\/mdxpuixt\/wp-content\/uploads\/2023\/10\/les-posseudeusdillfurthjeanlouisfernandez-019-1600x-e1698655105494-495x400.jpg",495,400,true],"portfolio_small":["https:\/\/saisonsculturelleschaumont.fr\/mdxpuixt\/wp-content\/uploads\/2023\/10\/les-posseudeusdillfurthjeanlouisfernandez-019-1600x-e1698655105494-260x185.jpg",260,185,true],"gallery":["https:\/\/saisonsculturelleschaumont.fr\/mdxpuixt\/wp-content\/uploads\/2023\/10\/les-posseudeusdillfurthjeanlouisfernandez-019-1600x-e1698655105494-845x684.jpg",845,684,true],"magazine":["https:\/\/saisonsculturelleschaumont.fr\/mdxpuixt\/wp-content\/uploads\/2023\/10\/les-posseudeusdillfurthjeanlouisfernandez-019-1600x-e1698655105494-710x375.jpg",710,375,true],"masonry":["https:\/\/saisonsculturelleschaumont.fr\/mdxpuixt\/wp-content\/uploads\/2023\/10\/les-posseudeusdillfurthjeanlouisfernandez-019-1600x-e1698655105494-705x705.jpg",705,705,true],"entry_with_sidebar":["https:\/\/saisonsculturelleschaumont.fr\/mdxpuixt\/wp-content\/uploads\/2023\/10\/les-posseudeusdillfurthjeanlouisfernandez-019-1600x-e1698655105494-845x321.jpg",845,321,true],"entry_without_sidebar":["https:\/\/saisonsculturelleschaumont.fr\/mdxpuixt\/wp-content\/uploads\/2023\/10\/les-posseudeusdillfurthjeanlouisfernandez-019-1600x-e1698655105494-1066x423.jpg",1066,423,true]},"uagb_author_info":{"display_name":"Justine Ansel","author_link":"https:\/\/saisonsculturelleschaumont.fr\/mdxpuixt\/author\/justine-ansel\/"},"uagb_comment_info":0,"uagb_excerpt":"th\u00e9\u00e2tre 1h15 + 14 ans \u00ab\u00a0On me raconte l\u2019histoire des Poss\u00e9d\u00e9s d\u2019Illfurth depuis que je suis tout petit. Elle s\u2019est pass\u00e9e dans mon village natal, en Alsace. De quel \u00ab [&hellip;]","_links":{"self":[{"href":"https:\/\/saisonsculturelleschaumont.fr\/mdxpuixt\/wp-json\/wp\/v2\/tribe_events\/10726"}],"collection":[{"href":"https:\/\/saisonsculturelleschaumont.fr\/mdxpuixt\/wp-json\/wp\/v2\/tribe_events"}],"about":[{"href":"https:\/\/saisonsculturelleschaumont.fr\/mdxpuixt\/wp-json\/wp\/v2\/types\/tribe_events"}],"author":[{"embeddable":true,"href":"https:\/\/saisonsculturelleschaumont.fr\/mdxpuixt\/wp-json\/wp\/v2\/users\/3"}],"replies":[{"embeddable":true,"href":"https:\/\/saisonsculturelleschaumont.fr\/mdxpuixt\/wp-json\/wp\/v2\/comments?post=10726"}],"version-history":[{"count":0,"href":"https:\/\/saisonsculturelleschaumont.fr\/mdxpuixt\/wp-json\/wp\/v2\/tribe_events\/10726\/revisions"}],"wp:featuredmedia":[{"embeddable":true,"href":"https:\/\/saisonsculturelleschaumont.fr\/mdxpuixt\/wp-json\/wp\/v2\/media\/10727"}],"wp:attachment":[{"href":"https:\/\/saisonsculturelleschaumont.fr\/mdxpuixt\/wp-json\/wp\/v2\/media?parent=10726"}],"wp:term":[{"taxonomy":"post_tag","embeddable":true,"href":"https:\/\/saisonsculturelleschaumont.fr\/mdxpuixt\/wp-json\/wp\/v2\/tags?post=10726"},{"taxonomy":"tribe_events_cat","embeddable":true,"href":"https:\/\/saisonsculturelleschaumont.fr\/mdxpuixt\/wp-json\/wp\/v2\/tribe_events_cat?post=10726"}],"curies":[{"name":"wp","href":"https:\/\/api.w.org\/{rel}","templated":true}]}}