{"id":10743,"date":"2023-10-26T15:38:07","date_gmt":"2023-10-26T13:38:07","guid":{"rendered":"https:\/\/saisonsculturelleschaumont.fr\/mdxpuixt\/?post_type=tribe_events&#038;p=10743"},"modified":"2023-10-26T15:38:07","modified_gmt":"2023-10-26T13:38:07","slug":"des-jambes-pour-une-sirene","status":"publish","type":"tribe_events","link":"https:\/\/saisonsculturelleschaumont.fr\/mdxpuixt\/evenement\/des-jambes-pour-une-sirene\/","title":{"rendered":"Des jambes pour une sir\u00e8ne"},"content":{"rendered":"<div class=\"header-spectacle\">\n<div class=\"d-flex info-bottom\">\n<div class=\"tags\">\n<div class=\"tags-holder\"><span class=\"tag\">conte<br \/>\n<\/span><span class=\"tag\">1h<br \/>\n<\/span><span class=\"tag\">+ 6 ans<\/span><\/div>\n<\/div>\n<\/div>\n<\/div>\n<div class=\"presentation-spectacle\">\n<div class=\"main-text\">\n<p>Lazare revisite tr\u00e8s librement <em>La petite sir\u00e8ne<\/em> en abordant avec un humour tout moderne les grands sujets que soul\u00e8ve le conte. La d\u00e9couverte de l\u2019amour, qui est un adieu \u00e0 notre enfance et nos parents, bondir vers l\u2019inconnu, vivre dans le d\u00e9s\u00e9quilibre, tenter de s\u2019adapter, se m\u00e9tamorphoser\u2026<\/p>\n<p>Cette Sir\u00e8ne est un jeu de questions et de d\u00e9couvertes. C\u2019est toute la turbulence de notre \u00e9poque qui flotte devant ses yeux innocents. Mais la vitalit\u00e9 de sa curiosit\u00e9 l\u2019emporte sur la tristesse, d\u00e9jouant cet abime au fond duquel les c\u0153urs s\u2019usent. Si l\u2019Homme savait s\u2019adapter au miracle, il n\u2019aurait pas d\u00e9laiss\u00e9 les sir\u00e8nes. Musique et Po\u00e9sie, toujours pr\u00e9sentes dans le th\u00e9\u00e2tre de Lazare, ne renonceront pas \u00e0 la beaut\u00e9 et \u00e0 la joie.<\/p>\n<\/div>\n<p>&nbsp;<\/p>\n<div class=\"distribution\">\n<p><strong>Texte et mise en sc\u00e8ne \u202f:<\/strong>\u202fLazare<\/p>\n<p><strong>Collaboration artistique et coordination musicale \u202f:<\/strong>\u202fLaurie Bellanca<\/p>\n<p><strong>Avec \u202f:<\/strong>\u202fLaurie Bellanca, Louis Jeffroy, Ana\u00efs Defay et Paul Foug\u00e8re<\/p>\n<p><strong>Lumi\u00e8re \u202f:<\/strong>\u202fPhilippe Ulysse<\/p>\n<p><strong>Son \u202f:<\/strong>\u202fEn cours<\/p>\n<p><strong>Costumes \u202f:<\/strong>\u202fEn cours<\/p>\n<p><strong>Sc\u00e9nographie et accessoires \u202f:<\/strong>\u202fEn cours<\/p>\n<p><strong>Administration et diffusion \u202f:<\/strong>\u202fLa Gestion des Spectacles &#8211; Les 2 Bureaux<\/p>\n<\/div>\n<\/div>\n<p>&nbsp;<\/p>\n<p>Billetterie : https:\/\/billetterie-nouveaurelax.mapado.com\/<\/p>\n","protected":false},"excerpt":{"rendered":"<p>conte 1h + 6 ans Lazare revisite tr\u00e8s librement La petite sir\u00e8ne en abordant avec un humour tout moderne les grands sujets que soul\u00e8ve le conte. La d\u00e9couverte de l\u2019amour, [&hellip;]<\/p>\n","protected":false},"author":3,"featured_media":10745,"comment_status":"open","ping_status":"closed","template":"","meta":{"_uag_custom_page_level_css":"","_tribe_events_status":"","_tribe_events_status_reason":""},"tags":[389,55],"tribe_events_cat":[44],"yoast_head":"<!-- This site is optimized with the Yoast SEO plugin v21.1 - https:\/\/yoast.com\/wordpress\/plugins\/seo\/ -->\n<title>Des jambes pour une sir\u00e8ne - Les Saisons Culturelles de Chaumont<\/title>\n<meta name=\"description\" content=\"D\u00e9couvrez la programmation culturelle de la saison culturelle de la ville de Chaumont. Expositions, visites, rencontres, ateliers, concerts, spectacles, animations et plus encore.\" \/>\n<meta name=\"robots\" content=\"noindex, follow, max-snippet:-1, max-image-preview:large, max-video-preview:-1\" \/>\n<meta property=\"og:locale\" content=\"fr_FR\" \/>\n<meta property=\"og:type\" content=\"article\" \/>\n<meta property=\"og:title\" content=\"Des jambes pour une sir\u00e8ne - Les Saisons Culturelles de Chaumont\" \/>\n<meta property=\"og:description\" content=\"D\u00e9couvrez la programmation culturelle de la saison culturelle de la ville de Chaumont. Expositions, visites, rencontres, ateliers, concerts, spectacles, animations et plus encore.\" \/>\n<meta property=\"og:url\" content=\"https:\/\/saisonsculturelleschaumont.fr\/mdxpuixt\/evenement\/des-jambes-pour-une-sirene\/\" \/>\n<meta property=\"og:site_name\" content=\"Les Saisons Culturelles de Chaumont\" \/>\n<meta property=\"article:publisher\" content=\"https:\/\/www.facebook.com\/saisonsculturelleschaumont\/\" \/>\n<meta property=\"og:image\" content=\"https:\/\/saisonsculturelleschaumont.fr\/mdxpuixt\/wp-content\/uploads\/2023\/10\/sirenevisuel-big.jpeg\" \/>\n\t<meta property=\"og:image:width\" content=\"1181\" \/>\n\t<meta property=\"og:image:height\" content=\"1575\" \/>\n\t<meta property=\"og:image:type\" content=\"image\/jpeg\" \/>\n<meta name=\"twitter:card\" content=\"summary_large_image\" \/>\n<meta name=\"twitter:label1\" content=\"Dur\u00e9e de lecture estim\u00e9e\" \/>\n\t<meta name=\"twitter:data1\" content=\"1 minute\" \/>\n<script type=\"application\/ld+json\" class=\"yoast-schema-graph\">{\"@context\":\"https:\/\/schema.org\",\"@graph\":[{\"@type\":\"WebPage\",\"@id\":\"https:\/\/saisonsculturelleschaumont.fr\/mdxpuixt\/evenement\/des-jambes-pour-une-sirene\/\",\"url\":\"https:\/\/saisonsculturelleschaumont.fr\/mdxpuixt\/evenement\/des-jambes-pour-une-sirene\/\",\"name\":\"Des jambes pour une sir\u00e8ne - Les Saisons Culturelles de Chaumont\",\"isPartOf\":{\"@id\":\"https:\/\/saisonsculturelleschaumont.fr\/mdxpuixt\/#website\"},\"datePublished\":\"2023-10-26T13:38:07+00:00\",\"dateModified\":\"2023-10-26T13:38:07+00:00\",\"description\":\"D\u00e9couvrez la programmation culturelle de la saison culturelle de la ville de Chaumont. Expositions, visites, rencontres, ateliers, concerts, spectacles, animations et plus encore.\",\"breadcrumb\":{\"@id\":\"https:\/\/saisonsculturelleschaumont.fr\/mdxpuixt\/evenement\/des-jambes-pour-une-sirene\/#breadcrumb\"},\"inLanguage\":\"fr-FR\",\"potentialAction\":[{\"@type\":\"ReadAction\",\"target\":[\"https:\/\/saisonsculturelleschaumont.fr\/mdxpuixt\/evenement\/des-jambes-pour-une-sirene\/\"]}]},{\"@type\":\"BreadcrumbList\",\"@id\":\"https:\/\/saisonsculturelleschaumont.fr\/mdxpuixt\/evenement\/des-jambes-pour-une-sirene\/#breadcrumb\",\"itemListElement\":[{\"@type\":\"ListItem\",\"position\":1,\"name\":\"Accueil\",\"item\":\"https:\/\/saisonsculturelleschaumont.fr\/mdxpuixt\/\"},{\"@type\":\"ListItem\",\"position\":2,\"name\":\"\u00c9v\u00e8nements\",\"item\":\"https:\/\/saisonsculturelleschaumont.fr\/mdxpuixt\/agenda\/\"},{\"@type\":\"ListItem\",\"position\":3,\"name\":\"Des jambes pour une sir\u00e8ne\"}]},{\"@type\":\"WebSite\",\"@id\":\"https:\/\/saisonsculturelleschaumont.fr\/mdxpuixt\/#website\",\"url\":\"https:\/\/saisonsculturelleschaumont.fr\/mdxpuixt\/\",\"name\":\"Les Saisons Culturelles de Chaumont\",\"description\":\"\",\"potentialAction\":[{\"@type\":\"SearchAction\",\"target\":{\"@type\":\"EntryPoint\",\"urlTemplate\":\"https:\/\/saisonsculturelleschaumont.fr\/mdxpuixt\/?s={search_term_string}\"},\"query-input\":\"required name=search_term_string\"}],\"inLanguage\":\"fr-FR\"}]}<\/script>\n<!-- \/ Yoast SEO plugin. -->","yoast_head_json":{"title":"Des jambes pour une sir\u00e8ne - Les Saisons Culturelles de Chaumont","description":"D\u00e9couvrez la programmation culturelle de la saison culturelle de la ville de Chaumont. Expositions, visites, rencontres, ateliers, concerts, spectacles, animations et plus encore.","robots":{"index":"noindex","follow":"follow","max-snippet":"max-snippet:-1","max-image-preview":"max-image-preview:large","max-video-preview":"max-video-preview:-1"},"og_locale":"fr_FR","og_type":"article","og_title":"Des jambes pour une sir\u00e8ne - Les Saisons Culturelles de Chaumont","og_description":"D\u00e9couvrez la programmation culturelle de la saison culturelle de la ville de Chaumont. Expositions, visites, rencontres, ateliers, concerts, spectacles, animations et plus encore.","og_url":"https:\/\/saisonsculturelleschaumont.fr\/mdxpuixt\/evenement\/des-jambes-pour-une-sirene\/","og_site_name":"Les Saisons Culturelles de Chaumont","article_publisher":"https:\/\/www.facebook.com\/saisonsculturelleschaumont\/","og_image":[{"width":1181,"height":1575,"url":"https:\/\/saisonsculturelleschaumont.fr\/mdxpuixt\/wp-content\/uploads\/2023\/10\/sirenevisuel-big.jpeg","type":"image\/jpeg"}],"twitter_card":"summary_large_image","twitter_misc":{"Dur\u00e9e de lecture estim\u00e9e":"1 minute"},"schema":{"@context":"https:\/\/schema.org","@graph":[{"@type":"WebPage","@id":"https:\/\/saisonsculturelleschaumont.fr\/mdxpuixt\/evenement\/des-jambes-pour-une-sirene\/","url":"https:\/\/saisonsculturelleschaumont.fr\/mdxpuixt\/evenement\/des-jambes-pour-une-sirene\/","name":"Des jambes pour une sir\u00e8ne - Les Saisons Culturelles de Chaumont","isPartOf":{"@id":"https:\/\/saisonsculturelleschaumont.fr\/mdxpuixt\/#website"},"datePublished":"2023-10-26T13:38:07+00:00","dateModified":"2023-10-26T13:38:07+00:00","description":"D\u00e9couvrez la programmation culturelle de la saison culturelle de la ville de Chaumont. Expositions, visites, rencontres, ateliers, concerts, spectacles, animations et plus encore.","breadcrumb":{"@id":"https:\/\/saisonsculturelleschaumont.fr\/mdxpuixt\/evenement\/des-jambes-pour-une-sirene\/#breadcrumb"},"inLanguage":"fr-FR","potentialAction":[{"@type":"ReadAction","target":["https:\/\/saisonsculturelleschaumont.fr\/mdxpuixt\/evenement\/des-jambes-pour-une-sirene\/"]}]},{"@type":"BreadcrumbList","@id":"https:\/\/saisonsculturelleschaumont.fr\/mdxpuixt\/evenement\/des-jambes-pour-une-sirene\/#breadcrumb","itemListElement":[{"@type":"ListItem","position":1,"name":"Accueil","item":"https:\/\/saisonsculturelleschaumont.fr\/mdxpuixt\/"},{"@type":"ListItem","position":2,"name":"\u00c9v\u00e8nements","item":"https:\/\/saisonsculturelleschaumont.fr\/mdxpuixt\/agenda\/"},{"@type":"ListItem","position":3,"name":"Des jambes pour une sir\u00e8ne"}]},{"@type":"WebSite","@id":"https:\/\/saisonsculturelleschaumont.fr\/mdxpuixt\/#website","url":"https:\/\/saisonsculturelleschaumont.fr\/mdxpuixt\/","name":"Les Saisons Culturelles de Chaumont","description":"","potentialAction":[{"@type":"SearchAction","target":{"@type":"EntryPoint","urlTemplate":"https:\/\/saisonsculturelleschaumont.fr\/mdxpuixt\/?s={search_term_string}"},"query-input":"required name=search_term_string"}],"inLanguage":"fr-FR"}]}},"uagb_featured_image_src":{"full":["https:\/\/saisonsculturelleschaumont.fr\/mdxpuixt\/wp-content\/uploads\/2023\/10\/sirenevisuel-big-e1698654961125.jpeg",1071,1071,false],"thumbnail":["https:\/\/saisonsculturelleschaumont.fr\/mdxpuixt\/wp-content\/uploads\/2023\/10\/sirenevisuel-big-e1698654961125-80x80.jpeg",80,80,true],"medium":["https:\/\/saisonsculturelleschaumont.fr\/mdxpuixt\/wp-content\/uploads\/2023\/10\/sirenevisuel-big-e1698654961125-300x300.jpeg",300,300,true],"medium_large":["https:\/\/saisonsculturelleschaumont.fr\/mdxpuixt\/wp-content\/uploads\/2023\/10\/sirenevisuel-big-e1698654961125-768x768.jpeg",768,768,true],"large":["https:\/\/saisonsculturelleschaumont.fr\/mdxpuixt\/wp-content\/uploads\/2023\/10\/sirenevisuel-big-e1698654961125-1030x1030.jpeg",1030,1030,true],"1536x1536":["https:\/\/saisonsculturelleschaumont.fr\/mdxpuixt\/wp-content\/uploads\/2023\/10\/sirenevisuel-big-1152x1536.jpeg",1152,1536,true],"2048x2048":["https:\/\/saisonsculturelleschaumont.fr\/mdxpuixt\/wp-content\/uploads\/2023\/10\/sirenevisuel-big-e1698654961125.jpeg",1071,1071,false],"widget":["https:\/\/saisonsculturelleschaumont.fr\/mdxpuixt\/wp-content\/uploads\/2023\/10\/sirenevisuel-big-e1698654961125-36x36.jpeg",36,36,true],"square":["https:\/\/saisonsculturelleschaumont.fr\/mdxpuixt\/wp-content\/uploads\/2023\/10\/sirenevisuel-big-e1698654961125-180x180.jpeg",180,180,true],"featured":["https:\/\/saisonsculturelleschaumont.fr\/mdxpuixt\/wp-content\/uploads\/2023\/10\/sirenevisuel-big-e1698654961125-1071x430.jpeg",1071,430,true],"featured_large":["https:\/\/saisonsculturelleschaumont.fr\/mdxpuixt\/wp-content\/uploads\/2023\/10\/sirenevisuel-big-e1698654961125-1071x630.jpeg",1071,630,true],"extra_large":["https:\/\/saisonsculturelleschaumont.fr\/mdxpuixt\/wp-content\/uploads\/2023\/10\/sirenevisuel-big-1125x1500.jpeg",1125,1500,true],"portfolio":["https:\/\/saisonsculturelleschaumont.fr\/mdxpuixt\/wp-content\/uploads\/2023\/10\/sirenevisuel-big-e1698654961125-495x400.jpeg",495,400,true],"portfolio_small":["https:\/\/saisonsculturelleschaumont.fr\/mdxpuixt\/wp-content\/uploads\/2023\/10\/sirenevisuel-big-e1698654961125-260x185.jpeg",260,185,true],"gallery":["https:\/\/saisonsculturelleschaumont.fr\/mdxpuixt\/wp-content\/uploads\/2023\/10\/sirenevisuel-big-e1698654961125-845x684.jpeg",845,684,true],"magazine":["https:\/\/saisonsculturelleschaumont.fr\/mdxpuixt\/wp-content\/uploads\/2023\/10\/sirenevisuel-big-e1698654961125-710x375.jpeg",710,375,true],"masonry":["https:\/\/saisonsculturelleschaumont.fr\/mdxpuixt\/wp-content\/uploads\/2023\/10\/sirenevisuel-big-e1698654961125-705x705.jpeg",705,705,true],"entry_with_sidebar":["https:\/\/saisonsculturelleschaumont.fr\/mdxpuixt\/wp-content\/uploads\/2023\/10\/sirenevisuel-big-e1698654961125-845x321.jpeg",845,321,true],"entry_without_sidebar":["https:\/\/saisonsculturelleschaumont.fr\/mdxpuixt\/wp-content\/uploads\/2023\/10\/sirenevisuel-big-e1698654961125-1071x423.jpeg",1071,423,true]},"uagb_author_info":{"display_name":"Justine Ansel","author_link":"https:\/\/saisonsculturelleschaumont.fr\/mdxpuixt\/author\/justine-ansel\/"},"uagb_comment_info":0,"uagb_excerpt":"conte 1h + 6 ans Lazare revisite tr\u00e8s librement La petite sir\u00e8ne en abordant avec un humour tout moderne les grands sujets que soul\u00e8ve le conte. La d\u00e9couverte de l\u2019amour, [&hellip;]","_links":{"self":[{"href":"https:\/\/saisonsculturelleschaumont.fr\/mdxpuixt\/wp-json\/wp\/v2\/tribe_events\/10743"}],"collection":[{"href":"https:\/\/saisonsculturelleschaumont.fr\/mdxpuixt\/wp-json\/wp\/v2\/tribe_events"}],"about":[{"href":"https:\/\/saisonsculturelleschaumont.fr\/mdxpuixt\/wp-json\/wp\/v2\/types\/tribe_events"}],"author":[{"embeddable":true,"href":"https:\/\/saisonsculturelleschaumont.fr\/mdxpuixt\/wp-json\/wp\/v2\/users\/3"}],"replies":[{"embeddable":true,"href":"https:\/\/saisonsculturelleschaumont.fr\/mdxpuixt\/wp-json\/wp\/v2\/comments?post=10743"}],"version-history":[{"count":0,"href":"https:\/\/saisonsculturelleschaumont.fr\/mdxpuixt\/wp-json\/wp\/v2\/tribe_events\/10743\/revisions"}],"wp:featuredmedia":[{"embeddable":true,"href":"https:\/\/saisonsculturelleschaumont.fr\/mdxpuixt\/wp-json\/wp\/v2\/media\/10745"}],"wp:attachment":[{"href":"https:\/\/saisonsculturelleschaumont.fr\/mdxpuixt\/wp-json\/wp\/v2\/media?parent=10743"}],"wp:term":[{"taxonomy":"post_tag","embeddable":true,"href":"https:\/\/saisonsculturelleschaumont.fr\/mdxpuixt\/wp-json\/wp\/v2\/tags?post=10743"},{"taxonomy":"tribe_events_cat","embeddable":true,"href":"https:\/\/saisonsculturelleschaumont.fr\/mdxpuixt\/wp-json\/wp\/v2\/tribe_events_cat?post=10743"}],"curies":[{"name":"wp","href":"https:\/\/api.w.org\/{rel}","templated":true}]}}