{"id":10755,"date":"2023-10-26T15:44:34","date_gmt":"2023-10-26T13:44:34","guid":{"rendered":"https:\/\/saisonsculturelleschaumont.fr\/mdxpuixt\/?post_type=tribe_events&#038;p=10755"},"modified":"2023-10-26T15:44:34","modified_gmt":"2023-10-26T13:44:34","slug":"cantique-quantique","status":"publish","type":"tribe_events","link":"https:\/\/saisonsculturelleschaumont.fr\/mdxpuixt\/evenement\/cantique-quantique\/","title":{"rendered":"Cantique Quantique"},"content":{"rendered":"<div class=\"header-spectacle\">\n<div class=\"d-flex info-bottom\">\n<div class=\"tags\">\n<div class=\"tags-holder\"><span class=\"tag\">th\u00e9\u00e2tre<br \/>\n<\/span><span class=\"tag\">1h10<br \/>\n<\/span><span class=\"tag\">+ 15 ans<\/span><\/div>\n<\/div>\n<\/div>\n<\/div>\n<div class=\"presentation-spectacle\">\n<div class=\"main-text\">\n<p><em>Cantique Quantique<\/em> est un conte, un voyage vers l\u2019obscur.<\/p>\n<p>S\u2019appuyant sur les r\u00e9flexions de la philosophe Vinciane Despret dans son livre <em>Au bonheur des morts<\/em>, Antoine Cegarra d\u00e9rive au fil de ses pens\u00e9es, d\u2019anecdotes historiques en r\u00e9cits personnels, allant \u00e0 la rencontre de ces spectres qui habitent la m\u00e9moire et le corps comme des ritournelles. De rapprochements empiriques en flottements spatio-temporels, la pi\u00e8ce nous invite \u00e0 explorer d\u2019autres r\u00e9alit\u00e9s, d\u2019autres \u00e9tats de pr\u00e9sence et \u00e0 renouveler notre approche du vivant.<\/p>\n<\/div>\n<p>&nbsp;<\/p>\n<div class=\"distribution\">\n<p><strong>Conception, \u00e9criture, performance :<\/strong>\u00a0Antoine Cegarra<\/p>\n<p><strong>\u00c0 partir du texte :<\/strong>\u00a0<em>Au bonheur des morts. R\u00e9cits de ceux qui restent<\/em>, de Vinciane Despret<\/p>\n<p><strong>Cr\u00e9ation lumi\u00e8re :<\/strong>\u00a0Ondine Trager<\/p>\n<p><strong>R\u00e9gie lumi\u00e8re :<\/strong>\u00a0Ondine Trager ou Lucie Cardinal<\/p>\n<p><strong>Cr\u00e9ation et r\u00e9gie :<\/strong>\u00a0son\u00a0Gilles Amalvi<\/p>\n<p><strong>Costumes :<\/strong>\u00a0Pauline Kieffer<\/p>\n<p><strong>Stagiaire lumi\u00e8re :<\/strong>\u00a0Mal\u00f9 Fran\u00e7a<\/p>\n<p><strong>Administration de production :<\/strong>\u00a0Laure Woelfli, Victor Hocquet &#8211; La Poulie Production<\/p>\n<\/div>\n<\/div>\n<p>&nbsp;<\/p>\n<p>Billetterie : https:\/\/billetterie-nouveaurelax.mapado.com\/<\/p>\n","protected":false},"excerpt":{"rendered":"<p>th\u00e9\u00e2tre 1h10 + 15 ans Cantique Quantique est un conte, un voyage vers l\u2019obscur. S\u2019appuyant sur les r\u00e9flexions de la philosophe Vinciane Despret dans son livre Au bonheur des morts, [&hellip;]<\/p>\n","protected":false},"author":3,"featured_media":10756,"comment_status":"open","ping_status":"closed","template":"","meta":{"_uag_custom_page_level_css":"","_tribe_events_status":"","_tribe_events_status_reason":""},"tags":[55,106],"tribe_events_cat":[44],"yoast_head":"<!-- This site is optimized with the Yoast SEO plugin v21.1 - https:\/\/yoast.com\/wordpress\/plugins\/seo\/ -->\n<title>Cantique Quantique - Les Saisons Culturelles de Chaumont<\/title>\n<meta name=\"description\" content=\"D\u00e9couvrez la programmation culturelle de la saison culturelle de la ville de Chaumont. Expositions, visites, rencontres, ateliers, concerts, spectacles, animations et plus encore.\" \/>\n<meta name=\"robots\" content=\"noindex, follow, max-snippet:-1, max-image-preview:large, max-video-preview:-1\" \/>\n<meta property=\"og:locale\" content=\"fr_FR\" \/>\n<meta property=\"og:type\" content=\"article\" \/>\n<meta property=\"og:title\" content=\"Cantique Quantique - Les Saisons Culturelles de Chaumont\" \/>\n<meta property=\"og:description\" content=\"D\u00e9couvrez la programmation culturelle de la saison culturelle de la ville de Chaumont. Expositions, visites, rencontres, ateliers, concerts, spectacles, animations et plus encore.\" \/>\n<meta property=\"og:url\" content=\"https:\/\/saisonsculturelleschaumont.fr\/mdxpuixt\/evenement\/cantique-quantique\/\" \/>\n<meta property=\"og:site_name\" content=\"Les Saisons Culturelles de Chaumont\" \/>\n<meta property=\"article:publisher\" content=\"https:\/\/www.facebook.com\/saisonsculturelleschaumont\/\" \/>\n<meta property=\"og:image\" content=\"https:\/\/saisonsculturelleschaumont.fr\/mdxpuixt\/wp-content\/uploads\/2023\/10\/Cantique-Quantique-25-06-21-Simon-Gosselin-33.jpg\" \/>\n\t<meta property=\"og:image:width\" content=\"2500\" \/>\n\t<meta property=\"og:image:height\" content=\"1667\" \/>\n\t<meta property=\"og:image:type\" content=\"image\/jpeg\" \/>\n<meta name=\"twitter:card\" content=\"summary_large_image\" \/>\n<meta name=\"twitter:label1\" content=\"Dur\u00e9e de lecture estim\u00e9e\" \/>\n\t<meta name=\"twitter:data1\" content=\"1 minute\" \/>\n<script type=\"application\/ld+json\" class=\"yoast-schema-graph\">{\"@context\":\"https:\/\/schema.org\",\"@graph\":[{\"@type\":\"WebPage\",\"@id\":\"https:\/\/saisonsculturelleschaumont.fr\/mdxpuixt\/evenement\/cantique-quantique\/\",\"url\":\"https:\/\/saisonsculturelleschaumont.fr\/mdxpuixt\/evenement\/cantique-quantique\/\",\"name\":\"Cantique Quantique - Les Saisons Culturelles de Chaumont\",\"isPartOf\":{\"@id\":\"https:\/\/saisonsculturelleschaumont.fr\/mdxpuixt\/#website\"},\"datePublished\":\"2023-10-26T13:44:34+00:00\",\"dateModified\":\"2023-10-26T13:44:34+00:00\",\"description\":\"D\u00e9couvrez la programmation culturelle de la saison culturelle de la ville de Chaumont. Expositions, visites, rencontres, ateliers, concerts, spectacles, animations et plus encore.\",\"breadcrumb\":{\"@id\":\"https:\/\/saisonsculturelleschaumont.fr\/mdxpuixt\/evenement\/cantique-quantique\/#breadcrumb\"},\"inLanguage\":\"fr-FR\",\"potentialAction\":[{\"@type\":\"ReadAction\",\"target\":[\"https:\/\/saisonsculturelleschaumont.fr\/mdxpuixt\/evenement\/cantique-quantique\/\"]}]},{\"@type\":\"BreadcrumbList\",\"@id\":\"https:\/\/saisonsculturelleschaumont.fr\/mdxpuixt\/evenement\/cantique-quantique\/#breadcrumb\",\"itemListElement\":[{\"@type\":\"ListItem\",\"position\":1,\"name\":\"Accueil\",\"item\":\"https:\/\/saisonsculturelleschaumont.fr\/mdxpuixt\/\"},{\"@type\":\"ListItem\",\"position\":2,\"name\":\"\u00c9v\u00e8nements\",\"item\":\"https:\/\/saisonsculturelleschaumont.fr\/mdxpuixt\/agenda\/\"},{\"@type\":\"ListItem\",\"position\":3,\"name\":\"Cantique Quantique\"}]},{\"@type\":\"WebSite\",\"@id\":\"https:\/\/saisonsculturelleschaumont.fr\/mdxpuixt\/#website\",\"url\":\"https:\/\/saisonsculturelleschaumont.fr\/mdxpuixt\/\",\"name\":\"Les Saisons Culturelles de Chaumont\",\"description\":\"\",\"potentialAction\":[{\"@type\":\"SearchAction\",\"target\":{\"@type\":\"EntryPoint\",\"urlTemplate\":\"https:\/\/saisonsculturelleschaumont.fr\/mdxpuixt\/?s={search_term_string}\"},\"query-input\":\"required name=search_term_string\"}],\"inLanguage\":\"fr-FR\"}]}<\/script>\n<!-- \/ Yoast SEO plugin. -->","yoast_head_json":{"title":"Cantique Quantique - Les Saisons Culturelles de Chaumont","description":"D\u00e9couvrez la programmation culturelle de la saison culturelle de la ville de Chaumont. Expositions, visites, rencontres, ateliers, concerts, spectacles, animations et plus encore.","robots":{"index":"noindex","follow":"follow","max-snippet":"max-snippet:-1","max-image-preview":"max-image-preview:large","max-video-preview":"max-video-preview:-1"},"og_locale":"fr_FR","og_type":"article","og_title":"Cantique Quantique - Les Saisons Culturelles de Chaumont","og_description":"D\u00e9couvrez la programmation culturelle de la saison culturelle de la ville de Chaumont. Expositions, visites, rencontres, ateliers, concerts, spectacles, animations et plus encore.","og_url":"https:\/\/saisonsculturelleschaumont.fr\/mdxpuixt\/evenement\/cantique-quantique\/","og_site_name":"Les Saisons Culturelles de Chaumont","article_publisher":"https:\/\/www.facebook.com\/saisonsculturelleschaumont\/","og_image":[{"width":2500,"height":1667,"url":"https:\/\/saisonsculturelleschaumont.fr\/mdxpuixt\/wp-content\/uploads\/2023\/10\/Cantique-Quantique-25-06-21-Simon-Gosselin-33.jpg","type":"image\/jpeg"}],"twitter_card":"summary_large_image","twitter_misc":{"Dur\u00e9e de lecture estim\u00e9e":"1 minute"},"schema":{"@context":"https:\/\/schema.org","@graph":[{"@type":"WebPage","@id":"https:\/\/saisonsculturelleschaumont.fr\/mdxpuixt\/evenement\/cantique-quantique\/","url":"https:\/\/saisonsculturelleschaumont.fr\/mdxpuixt\/evenement\/cantique-quantique\/","name":"Cantique Quantique - Les Saisons Culturelles de Chaumont","isPartOf":{"@id":"https:\/\/saisonsculturelleschaumont.fr\/mdxpuixt\/#website"},"datePublished":"2023-10-26T13:44:34+00:00","dateModified":"2023-10-26T13:44:34+00:00","description":"D\u00e9couvrez la programmation culturelle de la saison culturelle de la ville de Chaumont. Expositions, visites, rencontres, ateliers, concerts, spectacles, animations et plus encore.","breadcrumb":{"@id":"https:\/\/saisonsculturelleschaumont.fr\/mdxpuixt\/evenement\/cantique-quantique\/#breadcrumb"},"inLanguage":"fr-FR","potentialAction":[{"@type":"ReadAction","target":["https:\/\/saisonsculturelleschaumont.fr\/mdxpuixt\/evenement\/cantique-quantique\/"]}]},{"@type":"BreadcrumbList","@id":"https:\/\/saisonsculturelleschaumont.fr\/mdxpuixt\/evenement\/cantique-quantique\/#breadcrumb","itemListElement":[{"@type":"ListItem","position":1,"name":"Accueil","item":"https:\/\/saisonsculturelleschaumont.fr\/mdxpuixt\/"},{"@type":"ListItem","position":2,"name":"\u00c9v\u00e8nements","item":"https:\/\/saisonsculturelleschaumont.fr\/mdxpuixt\/agenda\/"},{"@type":"ListItem","position":3,"name":"Cantique Quantique"}]},{"@type":"WebSite","@id":"https:\/\/saisonsculturelleschaumont.fr\/mdxpuixt\/#website","url":"https:\/\/saisonsculturelleschaumont.fr\/mdxpuixt\/","name":"Les Saisons Culturelles de Chaumont","description":"","potentialAction":[{"@type":"SearchAction","target":{"@type":"EntryPoint","urlTemplate":"https:\/\/saisonsculturelleschaumont.fr\/mdxpuixt\/?s={search_term_string}"},"query-input":"required name=search_term_string"}],"inLanguage":"fr-FR"}]}},"uagb_featured_image_src":{"full":["https:\/\/saisonsculturelleschaumont.fr\/mdxpuixt\/wp-content\/uploads\/2023\/10\/Cantique-Quantique-25-06-21-Simon-Gosselin-33-e1698654882225.jpg",1550,1550,false],"thumbnail":["https:\/\/saisonsculturelleschaumont.fr\/mdxpuixt\/wp-content\/uploads\/2023\/10\/Cantique-Quantique-25-06-21-Simon-Gosselin-33-e1698654882225-80x80.jpg",80,80,true],"medium":["https:\/\/saisonsculturelleschaumont.fr\/mdxpuixt\/wp-content\/uploads\/2023\/10\/Cantique-Quantique-25-06-21-Simon-Gosselin-33-e1698654882225-300x300.jpg",300,300,true],"medium_large":["https:\/\/saisonsculturelleschaumont.fr\/mdxpuixt\/wp-content\/uploads\/2023\/10\/Cantique-Quantique-25-06-21-Simon-Gosselin-33-e1698654882225-768x768.jpg",768,768,true],"large":["https:\/\/saisonsculturelleschaumont.fr\/mdxpuixt\/wp-content\/uploads\/2023\/10\/Cantique-Quantique-25-06-21-Simon-Gosselin-33-e1698654882225-1030x1030.jpg",1030,1030,true],"1536x1536":["https:\/\/saisonsculturelleschaumont.fr\/mdxpuixt\/wp-content\/uploads\/2023\/10\/Cantique-Quantique-25-06-21-Simon-Gosselin-33-e1698654882225-1536x1536.jpg",1536,1536,true],"2048x2048":["https:\/\/saisonsculturelleschaumont.fr\/mdxpuixt\/wp-content\/uploads\/2023\/10\/Cantique-Quantique-25-06-21-Simon-Gosselin-33-2048x1366.jpg",2048,1366,true],"widget":["https:\/\/saisonsculturelleschaumont.fr\/mdxpuixt\/wp-content\/uploads\/2023\/10\/Cantique-Quantique-25-06-21-Simon-Gosselin-33-e1698654882225-36x36.jpg",36,36,true],"square":["https:\/\/saisonsculturelleschaumont.fr\/mdxpuixt\/wp-content\/uploads\/2023\/10\/Cantique-Quantique-25-06-21-Simon-Gosselin-33-e1698654882225-180x180.jpg",180,180,true],"featured":["https:\/\/saisonsculturelleschaumont.fr\/mdxpuixt\/wp-content\/uploads\/2023\/10\/Cantique-Quantique-25-06-21-Simon-Gosselin-33-e1698654882225-1500x430.jpg",1500,430,true],"featured_large":["https:\/\/saisonsculturelleschaumont.fr\/mdxpuixt\/wp-content\/uploads\/2023\/10\/Cantique-Quantique-25-06-21-Simon-Gosselin-33-e1698654882225-1500x630.jpg",1500,630,true],"extra_large":["https:\/\/saisonsculturelleschaumont.fr\/mdxpuixt\/wp-content\/uploads\/2023\/10\/Cantique-Quantique-25-06-21-Simon-Gosselin-33-e1698654882225-1500x1500.jpg",1500,1500,true],"portfolio":["https:\/\/saisonsculturelleschaumont.fr\/mdxpuixt\/wp-content\/uploads\/2023\/10\/Cantique-Quantique-25-06-21-Simon-Gosselin-33-e1698654882225-495x400.jpg",495,400,true],"portfolio_small":["https:\/\/saisonsculturelleschaumont.fr\/mdxpuixt\/wp-content\/uploads\/2023\/10\/Cantique-Quantique-25-06-21-Simon-Gosselin-33-e1698654882225-260x185.jpg",260,185,true],"gallery":["https:\/\/saisonsculturelleschaumont.fr\/mdxpuixt\/wp-content\/uploads\/2023\/10\/Cantique-Quantique-25-06-21-Simon-Gosselin-33-e1698654882225-845x684.jpg",845,684,true],"magazine":["https:\/\/saisonsculturelleschaumont.fr\/mdxpuixt\/wp-content\/uploads\/2023\/10\/Cantique-Quantique-25-06-21-Simon-Gosselin-33-e1698654882225-710x375.jpg",710,375,true],"masonry":["https:\/\/saisonsculturelleschaumont.fr\/mdxpuixt\/wp-content\/uploads\/2023\/10\/Cantique-Quantique-25-06-21-Simon-Gosselin-33-e1698654882225-705x705.jpg",705,705,true],"entry_with_sidebar":["https:\/\/saisonsculturelleschaumont.fr\/mdxpuixt\/wp-content\/uploads\/2023\/10\/Cantique-Quantique-25-06-21-Simon-Gosselin-33-e1698654882225-845x321.jpg",845,321,true],"entry_without_sidebar":["https:\/\/saisonsculturelleschaumont.fr\/mdxpuixt\/wp-content\/uploads\/2023\/10\/Cantique-Quantique-25-06-21-Simon-Gosselin-33-e1698654882225-1210x423.jpg",1210,423,true]},"uagb_author_info":{"display_name":"Justine Ansel","author_link":"https:\/\/saisonsculturelleschaumont.fr\/mdxpuixt\/author\/justine-ansel\/"},"uagb_comment_info":0,"uagb_excerpt":"th\u00e9\u00e2tre 1h10 + 15 ans Cantique Quantique est un conte, un voyage vers l\u2019obscur. S\u2019appuyant sur les r\u00e9flexions de la philosophe Vinciane Despret dans son livre Au bonheur des morts, [&hellip;]","_links":{"self":[{"href":"https:\/\/saisonsculturelleschaumont.fr\/mdxpuixt\/wp-json\/wp\/v2\/tribe_events\/10755"}],"collection":[{"href":"https:\/\/saisonsculturelleschaumont.fr\/mdxpuixt\/wp-json\/wp\/v2\/tribe_events"}],"about":[{"href":"https:\/\/saisonsculturelleschaumont.fr\/mdxpuixt\/wp-json\/wp\/v2\/types\/tribe_events"}],"author":[{"embeddable":true,"href":"https:\/\/saisonsculturelleschaumont.fr\/mdxpuixt\/wp-json\/wp\/v2\/users\/3"}],"replies":[{"embeddable":true,"href":"https:\/\/saisonsculturelleschaumont.fr\/mdxpuixt\/wp-json\/wp\/v2\/comments?post=10755"}],"version-history":[{"count":0,"href":"https:\/\/saisonsculturelleschaumont.fr\/mdxpuixt\/wp-json\/wp\/v2\/tribe_events\/10755\/revisions"}],"wp:featuredmedia":[{"embeddable":true,"href":"https:\/\/saisonsculturelleschaumont.fr\/mdxpuixt\/wp-json\/wp\/v2\/media\/10756"}],"wp:attachment":[{"href":"https:\/\/saisonsculturelleschaumont.fr\/mdxpuixt\/wp-json\/wp\/v2\/media?parent=10755"}],"wp:term":[{"taxonomy":"post_tag","embeddable":true,"href":"https:\/\/saisonsculturelleschaumont.fr\/mdxpuixt\/wp-json\/wp\/v2\/tags?post=10755"},{"taxonomy":"tribe_events_cat","embeddable":true,"href":"https:\/\/saisonsculturelleschaumont.fr\/mdxpuixt\/wp-json\/wp\/v2\/tribe_events_cat?post=10755"}],"curies":[{"name":"wp","href":"https:\/\/api.w.org\/{rel}","templated":true}]}}