{"id":10830,"date":"2023-10-30T14:54:40","date_gmt":"2023-10-30T13:54:40","guid":{"rendered":"https:\/\/saisonsculturelleschaumont.fr\/mdxpuixt\/?post_type=tribe_events&#038;p=10830"},"modified":"2023-10-30T14:54:40","modified_gmt":"2023-10-30T13:54:40","slug":"cine-asso-ecologie-2","status":"publish","type":"tribe_events","link":"https:\/\/saisonsculturelleschaumont.fr\/mdxpuixt\/evenement\/cine-asso-ecologie-2\/","title":{"rendered":"cin\u00e9 asso \u00e9cologie"},"content":{"rendered":"<p>Dans le cadre du cycle \u00ab\u00a0La MJC fait son cin\u00e9ma\u00a0\u00bb :<\/p>\n<h4>La belle ville de M. Turina &amp; F. Marques<\/h4>\n<p style=\"font-weight: 400;\">Film documentaire de 1h25\u2019<\/p>\n<p style=\"font-weight: 400;\"><strong>Et si&#8230; On imaginait la belle ville de demain ?<\/strong><\/p>\n<p style=\"font-weight: 400;\">\u00ab\u00a0Manon et Fran\u00e7ois vous propulsent au c\u0153ur de leur voyage inspirant aux quatre coins du monde. Ils vous proposent leur vision de la belle ville de demain, \u00e0 travers la rencontre de personnes ordinaires, aux initiatives r\u00e9volutionnaires, qui reconnectent Hommes, Villes et Nature\u00a0\u00bb.<\/p>\n<p style=\"font-weight: 400;\"><u>L&rsquo;objectif du film :<br \/>\n<\/u><strong>Sensibiliser<\/strong> le grand public et le jeune public, <strong>\u00eatre source d&rsquo;inspiration<\/strong>\u00a0pour tous les acteurs de la transition des villes (citadins, entreprises priv\u00e9es et collectivit\u00e9s), et <strong>impulser le passage \u00e0 l&rsquo;action<\/strong> \u00e0 toutes les \u00e9chelles.<\/p>\n<p>&nbsp;<\/p>\n<p style=\"font-weight: 400;\">Tarif plein : 6.40\u20ac<\/p>\n<p style=\"font-weight: 400;\">Tarif 12-17 ans\u00a0: 2.00\u20ac<\/p>\n<p style=\"font-weight: 400;\"><em>En fin de projection, Aurel Boillot le Pr\u00e9sident de l\u2019association du \u00ab Vieux Chaumont \u00bb pr\u00e9sentera des actions que m\u00e8ne l\u2019association pour la pr\u00e9servation de l\u2019environnement et du patrimoine sur le quartier du \u00ab Vieux Chaumont \u00bb.<\/em><\/p>\n","protected":false},"excerpt":{"rendered":"<p>Dans le cadre du cycle \u00ab\u00a0La MJC fait son cin\u00e9ma\u00a0\u00bb : La belle ville de M. Turina &amp; F. Marques Film documentaire de 1h25\u2019 Et si&#8230; On imaginait la belle [&hellip;]<\/p>\n","protected":false},"author":3,"featured_media":10831,"comment_status":"open","ping_status":"closed","template":"","meta":{"_uag_custom_page_level_css":"","_tribe_events_status":"","_tribe_events_status_reason":""},"tags":[88,188,93,428,62],"tribe_events_cat":[42],"yoast_head":"<!-- This site is optimized with the Yoast SEO plugin v21.1 - https:\/\/yoast.com\/wordpress\/plugins\/seo\/ -->\n<title>cin\u00e9 asso \u00e9cologie - Les Saisons Culturelles de Chaumont<\/title>\n<meta name=\"description\" content=\"D\u00e9couvrez la programmation culturelle de la saison culturelle de la ville de Chaumont. Expositions, visites, rencontres, ateliers, concerts, spectacles, animations et plus encore.\" \/>\n<meta name=\"robots\" content=\"noindex, follow, max-snippet:-1, max-image-preview:large, max-video-preview:-1\" \/>\n<meta property=\"og:locale\" content=\"fr_FR\" \/>\n<meta property=\"og:type\" content=\"article\" \/>\n<meta property=\"og:title\" content=\"cin\u00e9 asso \u00e9cologie - Les Saisons Culturelles de Chaumont\" \/>\n<meta property=\"og:description\" content=\"D\u00e9couvrez la programmation culturelle de la saison culturelle de la ville de Chaumont. Expositions, visites, rencontres, ateliers, concerts, spectacles, animations et plus encore.\" \/>\n<meta property=\"og:url\" content=\"https:\/\/saisonsculturelleschaumont.fr\/mdxpuixt\/evenement\/cine-asso-ecologie-2\/\" \/>\n<meta property=\"og:site_name\" content=\"Les Saisons Culturelles de Chaumont\" \/>\n<meta property=\"article:publisher\" content=\"https:\/\/www.facebook.com\/saisonsculturelleschaumont\/\" \/>\n<meta property=\"og:image\" content=\"https:\/\/saisonsculturelleschaumont.fr\/mdxpuixt\/wp-content\/uploads\/2023\/10\/LA-BELLE-VILLE-Affiche-web-1030x1030.jpg\" \/>\n\t<meta property=\"og:image:width\" content=\"1030\" \/>\n\t<meta property=\"og:image:height\" content=\"1030\" \/>\n\t<meta property=\"og:image:type\" content=\"image\/jpeg\" \/>\n<meta name=\"twitter:card\" content=\"summary_large_image\" \/>\n<meta name=\"twitter:label1\" content=\"Dur\u00e9e de lecture estim\u00e9e\" \/>\n\t<meta name=\"twitter:data1\" content=\"1 minute\" \/>\n<script type=\"application\/ld+json\" class=\"yoast-schema-graph\">{\"@context\":\"https:\/\/schema.org\",\"@graph\":[{\"@type\":\"WebPage\",\"@id\":\"https:\/\/saisonsculturelleschaumont.fr\/mdxpuixt\/evenement\/cine-asso-ecologie-2\/\",\"url\":\"https:\/\/saisonsculturelleschaumont.fr\/mdxpuixt\/evenement\/cine-asso-ecologie-2\/\",\"name\":\"cin\u00e9 asso \u00e9cologie - Les Saisons Culturelles de Chaumont\",\"isPartOf\":{\"@id\":\"https:\/\/saisonsculturelleschaumont.fr\/mdxpuixt\/#website\"},\"datePublished\":\"2023-10-30T13:54:40+00:00\",\"dateModified\":\"2023-10-30T13:54:40+00:00\",\"description\":\"D\u00e9couvrez la programmation culturelle de la saison culturelle de la ville de Chaumont. Expositions, visites, rencontres, ateliers, concerts, spectacles, animations et plus encore.\",\"breadcrumb\":{\"@id\":\"https:\/\/saisonsculturelleschaumont.fr\/mdxpuixt\/evenement\/cine-asso-ecologie-2\/#breadcrumb\"},\"inLanguage\":\"fr-FR\",\"potentialAction\":[{\"@type\":\"ReadAction\",\"target\":[\"https:\/\/saisonsculturelleschaumont.fr\/mdxpuixt\/evenement\/cine-asso-ecologie-2\/\"]}]},{\"@type\":\"BreadcrumbList\",\"@id\":\"https:\/\/saisonsculturelleschaumont.fr\/mdxpuixt\/evenement\/cine-asso-ecologie-2\/#breadcrumb\",\"itemListElement\":[{\"@type\":\"ListItem\",\"position\":1,\"name\":\"Accueil\",\"item\":\"https:\/\/saisonsculturelleschaumont.fr\/mdxpuixt\/\"},{\"@type\":\"ListItem\",\"position\":2,\"name\":\"\u00c9v\u00e8nements\",\"item\":\"https:\/\/saisonsculturelleschaumont.fr\/mdxpuixt\/agenda\/\"},{\"@type\":\"ListItem\",\"position\":3,\"name\":\"cin\u00e9 asso \u00e9cologie\"}]},{\"@type\":\"WebSite\",\"@id\":\"https:\/\/saisonsculturelleschaumont.fr\/mdxpuixt\/#website\",\"url\":\"https:\/\/saisonsculturelleschaumont.fr\/mdxpuixt\/\",\"name\":\"Les Saisons Culturelles de Chaumont\",\"description\":\"\",\"potentialAction\":[{\"@type\":\"SearchAction\",\"target\":{\"@type\":\"EntryPoint\",\"urlTemplate\":\"https:\/\/saisonsculturelleschaumont.fr\/mdxpuixt\/?s={search_term_string}\"},\"query-input\":\"required name=search_term_string\"}],\"inLanguage\":\"fr-FR\"}]}<\/script>\n<!-- \/ Yoast SEO plugin. -->","yoast_head_json":{"title":"cin\u00e9 asso \u00e9cologie - Les Saisons Culturelles de Chaumont","description":"D\u00e9couvrez la programmation culturelle de la saison culturelle de la ville de Chaumont. Expositions, visites, rencontres, ateliers, concerts, spectacles, animations et plus encore.","robots":{"index":"noindex","follow":"follow","max-snippet":"max-snippet:-1","max-image-preview":"max-image-preview:large","max-video-preview":"max-video-preview:-1"},"og_locale":"fr_FR","og_type":"article","og_title":"cin\u00e9 asso \u00e9cologie - Les Saisons Culturelles de Chaumont","og_description":"D\u00e9couvrez la programmation culturelle de la saison culturelle de la ville de Chaumont. Expositions, visites, rencontres, ateliers, concerts, spectacles, animations et plus encore.","og_url":"https:\/\/saisonsculturelleschaumont.fr\/mdxpuixt\/evenement\/cine-asso-ecologie-2\/","og_site_name":"Les Saisons Culturelles de Chaumont","article_publisher":"https:\/\/www.facebook.com\/saisonsculturelleschaumont\/","og_image":[{"width":1030,"height":1030,"url":"https:\/\/saisonsculturelleschaumont.fr\/mdxpuixt\/wp-content\/uploads\/2023\/10\/LA-BELLE-VILLE-Affiche-web-1030x1030.jpg","type":"image\/jpeg"}],"twitter_card":"summary_large_image","twitter_misc":{"Dur\u00e9e de lecture estim\u00e9e":"1 minute"},"schema":{"@context":"https:\/\/schema.org","@graph":[{"@type":"WebPage","@id":"https:\/\/saisonsculturelleschaumont.fr\/mdxpuixt\/evenement\/cine-asso-ecologie-2\/","url":"https:\/\/saisonsculturelleschaumont.fr\/mdxpuixt\/evenement\/cine-asso-ecologie-2\/","name":"cin\u00e9 asso \u00e9cologie - Les Saisons Culturelles de Chaumont","isPartOf":{"@id":"https:\/\/saisonsculturelleschaumont.fr\/mdxpuixt\/#website"},"datePublished":"2023-10-30T13:54:40+00:00","dateModified":"2023-10-30T13:54:40+00:00","description":"D\u00e9couvrez la programmation culturelle de la saison culturelle de la ville de Chaumont. Expositions, visites, rencontres, ateliers, concerts, spectacles, animations et plus encore.","breadcrumb":{"@id":"https:\/\/saisonsculturelleschaumont.fr\/mdxpuixt\/evenement\/cine-asso-ecologie-2\/#breadcrumb"},"inLanguage":"fr-FR","potentialAction":[{"@type":"ReadAction","target":["https:\/\/saisonsculturelleschaumont.fr\/mdxpuixt\/evenement\/cine-asso-ecologie-2\/"]}]},{"@type":"BreadcrumbList","@id":"https:\/\/saisonsculturelleschaumont.fr\/mdxpuixt\/evenement\/cine-asso-ecologie-2\/#breadcrumb","itemListElement":[{"@type":"ListItem","position":1,"name":"Accueil","item":"https:\/\/saisonsculturelleschaumont.fr\/mdxpuixt\/"},{"@type":"ListItem","position":2,"name":"\u00c9v\u00e8nements","item":"https:\/\/saisonsculturelleschaumont.fr\/mdxpuixt\/agenda\/"},{"@type":"ListItem","position":3,"name":"cin\u00e9 asso \u00e9cologie"}]},{"@type":"WebSite","@id":"https:\/\/saisonsculturelleschaumont.fr\/mdxpuixt\/#website","url":"https:\/\/saisonsculturelleschaumont.fr\/mdxpuixt\/","name":"Les Saisons Culturelles de Chaumont","description":"","potentialAction":[{"@type":"SearchAction","target":{"@type":"EntryPoint","urlTemplate":"https:\/\/saisonsculturelleschaumont.fr\/mdxpuixt\/?s={search_term_string}"},"query-input":"required name=search_term_string"}],"inLanguage":"fr-FR"}]}},"uagb_featured_image_src":{"full":["https:\/\/saisonsculturelleschaumont.fr\/mdxpuixt\/wp-content\/uploads\/2023\/10\/LA-BELLE-VILLE-Affiche-web.jpg",1500,2038,false],"thumbnail":["https:\/\/saisonsculturelleschaumont.fr\/mdxpuixt\/wp-content\/uploads\/2023\/10\/LA-BELLE-VILLE-Affiche-web-80x80.jpg",80,80,true],"medium":["https:\/\/saisonsculturelleschaumont.fr\/mdxpuixt\/wp-content\/uploads\/2023\/10\/LA-BELLE-VILLE-Affiche-web-300x300.jpg",300,300,true],"medium_large":["https:\/\/saisonsculturelleschaumont.fr\/mdxpuixt\/wp-content\/uploads\/2023\/10\/LA-BELLE-VILLE-Affiche-web-768x768.jpg",768,768,true],"large":["https:\/\/saisonsculturelleschaumont.fr\/mdxpuixt\/wp-content\/uploads\/2023\/10\/LA-BELLE-VILLE-Affiche-web-1030x1030.jpg",1030,1030,true],"1536x1536":["https:\/\/saisonsculturelleschaumont.fr\/mdxpuixt\/wp-content\/uploads\/2023\/10\/LA-BELLE-VILLE-Affiche-web-1131x1536.jpg",1131,1536,true],"2048x2048":["https:\/\/saisonsculturelleschaumont.fr\/mdxpuixt\/wp-content\/uploads\/2023\/10\/LA-BELLE-VILLE-Affiche-web.jpg",1500,2038,false],"widget":["https:\/\/saisonsculturelleschaumont.fr\/mdxpuixt\/wp-content\/uploads\/2023\/10\/LA-BELLE-VILLE-Affiche-web-36x36.jpg",36,36,true],"square":["https:\/\/saisonsculturelleschaumont.fr\/mdxpuixt\/wp-content\/uploads\/2023\/10\/LA-BELLE-VILLE-Affiche-web-180x180.jpg",180,180,true],"featured":["https:\/\/saisonsculturelleschaumont.fr\/mdxpuixt\/wp-content\/uploads\/2023\/10\/LA-BELLE-VILLE-Affiche-web-1500x430.jpg",1500,430,true],"featured_large":["https:\/\/saisonsculturelleschaumont.fr\/mdxpuixt\/wp-content\/uploads\/2023\/10\/LA-BELLE-VILLE-Affiche-web-1500x630.jpg",1500,630,true],"extra_large":["https:\/\/saisonsculturelleschaumont.fr\/mdxpuixt\/wp-content\/uploads\/2023\/10\/LA-BELLE-VILLE-Affiche-web-1104x1500.jpg",1104,1500,true],"portfolio":["https:\/\/saisonsculturelleschaumont.fr\/mdxpuixt\/wp-content\/uploads\/2023\/10\/LA-BELLE-VILLE-Affiche-web-495x400.jpg",495,400,true],"portfolio_small":["https:\/\/saisonsculturelleschaumont.fr\/mdxpuixt\/wp-content\/uploads\/2023\/10\/LA-BELLE-VILLE-Affiche-web-260x185.jpg",260,185,true],"gallery":["https:\/\/saisonsculturelleschaumont.fr\/mdxpuixt\/wp-content\/uploads\/2023\/10\/LA-BELLE-VILLE-Affiche-web-845x684.jpg",845,684,true],"magazine":["https:\/\/saisonsculturelleschaumont.fr\/mdxpuixt\/wp-content\/uploads\/2023\/10\/LA-BELLE-VILLE-Affiche-web-710x375.jpg",710,375,true],"masonry":["https:\/\/saisonsculturelleschaumont.fr\/mdxpuixt\/wp-content\/uploads\/2023\/10\/LA-BELLE-VILLE-Affiche-web-519x705.jpg",519,705,true],"entry_with_sidebar":["https:\/\/saisonsculturelleschaumont.fr\/mdxpuixt\/wp-content\/uploads\/2023\/10\/LA-BELLE-VILLE-Affiche-web-845x321.jpg",845,321,true],"entry_without_sidebar":["https:\/\/saisonsculturelleschaumont.fr\/mdxpuixt\/wp-content\/uploads\/2023\/10\/LA-BELLE-VILLE-Affiche-web-1210x423.jpg",1210,423,true]},"uagb_author_info":{"display_name":"Justine Ansel","author_link":"https:\/\/saisonsculturelleschaumont.fr\/mdxpuixt\/author\/justine-ansel\/"},"uagb_comment_info":0,"uagb_excerpt":"Dans le cadre du cycle \u00ab\u00a0La MJC fait son cin\u00e9ma\u00a0\u00bb : La belle ville de M. Turina &amp; F. Marques Film documentaire de 1h25\u2019 Et si&#8230; On imaginait la belle [&hellip;]","_links":{"self":[{"href":"https:\/\/saisonsculturelleschaumont.fr\/mdxpuixt\/wp-json\/wp\/v2\/tribe_events\/10830"}],"collection":[{"href":"https:\/\/saisonsculturelleschaumont.fr\/mdxpuixt\/wp-json\/wp\/v2\/tribe_events"}],"about":[{"href":"https:\/\/saisonsculturelleschaumont.fr\/mdxpuixt\/wp-json\/wp\/v2\/types\/tribe_events"}],"author":[{"embeddable":true,"href":"https:\/\/saisonsculturelleschaumont.fr\/mdxpuixt\/wp-json\/wp\/v2\/users\/3"}],"replies":[{"embeddable":true,"href":"https:\/\/saisonsculturelleschaumont.fr\/mdxpuixt\/wp-json\/wp\/v2\/comments?post=10830"}],"version-history":[{"count":0,"href":"https:\/\/saisonsculturelleschaumont.fr\/mdxpuixt\/wp-json\/wp\/v2\/tribe_events\/10830\/revisions"}],"wp:featuredmedia":[{"embeddable":true,"href":"https:\/\/saisonsculturelleschaumont.fr\/mdxpuixt\/wp-json\/wp\/v2\/media\/10831"}],"wp:attachment":[{"href":"https:\/\/saisonsculturelleschaumont.fr\/mdxpuixt\/wp-json\/wp\/v2\/media?parent=10830"}],"wp:term":[{"taxonomy":"post_tag","embeddable":true,"href":"https:\/\/saisonsculturelleschaumont.fr\/mdxpuixt\/wp-json\/wp\/v2\/tags?post=10830"},{"taxonomy":"tribe_events_cat","embeddable":true,"href":"https:\/\/saisonsculturelleschaumont.fr\/mdxpuixt\/wp-json\/wp\/v2\/tribe_events_cat?post=10830"}],"curies":[{"name":"wp","href":"https:\/\/api.w.org\/{rel}","templated":true}]}}