{"id":10873,"date":"2023-11-23T09:08:23","date_gmt":"2023-11-23T08:08:23","guid":{"rendered":"https:\/\/saisonsculturelleschaumont.fr\/mdxpuixt\/?post_type=tribe_events&#038;p=10873"},"modified":"2023-11-23T09:08:23","modified_gmt":"2023-11-23T08:08:23","slug":"merd-vla-lhiver-fugue-a-lopera","status":"publish","type":"tribe_events","link":"https:\/\/saisonsculturelleschaumont.fr\/mdxpuixt\/evenement\/merd-vla-lhiver-fugue-a-lopera\/","title":{"rendered":"Merd&rsquo; v&rsquo;l\u00e0 l&rsquo;hiver &#8211;  Fugue \u00e0 l&rsquo;op\u00e9ra"},"content":{"rendered":"<p><b>Merd\u2019 v\u2019l\u00e0 l\u2019hiver <\/b>c\u2019est ainsi que commencent <b><i>Les Soliloques du pauvre <\/i><\/b>du po\u00e8te Jehan Rictus (1867-1933), oeuvre sur laquelle Arnaud Marzorati a organis\u00e9 un programme s\u2019articulant autour du r\u00e9pertoire \u00ab des chansonniers des rues \u00bb qui expriment la condition mis\u00e9rable des gens, des sans-abris, des ouvriers&#8230;..<span class=\"Apple-converted-space\">\u00a0<\/span><\/p>\n<p>Pour les chanteurs de rues, rien n\u2019est plus compliqu\u00e9 que le mauvais temps qui arrive, d\u00e9j\u00e0 chass\u00e9s en permanence, ils devront entonner leurs couplets dans les cabarets ou les estaminets, o\u00f9 ils ne seront pas toujours les bienvenus\u2026<span class=\"Apple-converted-space\">\u00a0<\/span><\/p>\n<p><b>Ce r\u00e9pertoire vocal populaire qui nous est parfois familier constitue un pan important du patrimoine de la chanson.<span class=\"Apple-converted-space\">\u00a0<\/span><\/b><\/p>\n<p><b>LES LUNAISIENS, ensemble vocal et instrumental dirig\u00e9 par Arnaud Mazorati, poursuit un voyage historico politique la chanson populaire fran\u00e7aise de la Renaissance \u00e0 nos jours.<span class=\"Apple-converted-space\">\u00a0<\/span><\/b><\/p>\n<p><b>&#8212;&#8212;&#8212;&#8212;&#8212;&#8212;&#8212;&#8212;&#8212;&#8212;&#8212;&#8212;&#8212;&#8212;&#8212;&#8212;&#8212;&#8212;&#8212;&#8212;&#8212;&#8212;&#8212;&#8212;&#8212;&#8212;&#8212;&#8212;&#8212;&#8212;&#8212;&#8212;&#8212;&#8212;&#8212;&#8212;&#8212;&#8212;&#8212;&#8212;&#8212;&#8212;&#8212;&#8212;&#8212;&#8212;&#8212;&#8212;&#8211;<span class=\"Apple-converted-space\">\u00a0<\/span><\/b><\/p>\n<p><b>Fiona McGown <\/b>\u2013 mezzo- soprano <b>Arnaud Marzorati &#8211; <\/b>baryton, orgue de barbarie<span class=\"Apple-converted-space\">\u00a0<\/span><\/p>\n<p><b>Elsa Moatti &#8211; <\/b>violon <b>Christophe Tellart <\/b>&#8211; cornemuse, vielle a\u0300roue<span class=\"Apple-converted-space\">\u00a0<\/span><\/p>\n<p><b>Pernelle Marzorati <\/b>&#8211; harpe <b>Pierre Cussac <\/b>&#8211; accorde\u0301on<span class=\"Apple-converted-space\">\u00a0<\/span><\/p>\n<p>&nbsp;<\/p>\n<p>&nbsp;<\/p>\n<p>Tarifs \u2013 18 \u20ac &#8211; 15 \u20ac (adh\u00e9rents \u2013 moins de 30 ans) \u2013 5 \u20ac (coll\u00e9giens \u2013 e\u0301tudiants) &#8211; Gratuite\u0301pour les moins de 12 ans<span class=\"Apple-converted-space\"><br \/>\n<\/span>R\u00e9servation et renseignement : 06 78 65 16 38<span class=\"Apple-converted-space\"><br \/>\n<\/span>fugueopera@orange.fr<span class=\"Apple-converted-space\">\u00a0<\/span><\/p>\n<p>&nbsp;<\/p>\n<p>avec le soutien de la r\u00e9gion Grand Est, du conseil d\u00e9partemental de la Haute \u2013 Marne, de la ville de Chaumont \u2013 d\u2019un collectif de b\u00e9n\u00e9voles<span class=\"Apple-converted-space\">\u00a0<\/span><\/p>\n<p>Partenariat : Nouveau Relax et JHM<span class=\"Apple-converted-space\">\u00a0<\/span><\/p>\n","protected":false},"excerpt":{"rendered":"<p>Merd\u2019 v\u2019l\u00e0 l\u2019hiver c\u2019est ainsi que commencent Les Soliloques du pauvre du po\u00e8te Jehan Rictus (1867-1933), oeuvre sur laquelle Arnaud Marzorati a organis\u00e9 un programme s\u2019articulant autour du r\u00e9pertoire \u00ab [&hellip;]<\/p>\n","protected":false},"author":3,"featured_media":10874,"comment_status":"open","ping_status":"closed","template":"","meta":{"_uag_custom_page_level_css":"","_tribe_events_status":"","_tribe_events_status_reason":""},"tags":[51],"tribe_events_cat":[305,420],"yoast_head":"<!-- This site is optimized with the Yoast SEO plugin v21.1 - https:\/\/yoast.com\/wordpress\/plugins\/seo\/ -->\n<title>Merd&#039; v&#039;l\u00e0 l&#039;hiver - Fugue \u00e0 l&#039;op\u00e9ra - Les Saisons Culturelles de Chaumont<\/title>\n<meta name=\"description\" content=\"D\u00e9couvrez la programmation culturelle de la saison culturelle de la ville de Chaumont. Expositions, visites, rencontres, ateliers, concerts, spectacles, animations et plus encore.\" \/>\n<meta name=\"robots\" content=\"noindex, follow, max-snippet:-1, max-image-preview:large, max-video-preview:-1\" \/>\n<meta property=\"og:locale\" content=\"fr_FR\" \/>\n<meta property=\"og:type\" content=\"article\" \/>\n<meta property=\"og:title\" content=\"Merd&#039; v&#039;l\u00e0 l&#039;hiver - Fugue \u00e0 l&#039;op\u00e9ra - Les Saisons Culturelles de Chaumont\" \/>\n<meta property=\"og:description\" content=\"D\u00e9couvrez la programmation culturelle de la saison culturelle de la ville de Chaumont. Expositions, visites, rencontres, ateliers, concerts, spectacles, animations et plus encore.\" \/>\n<meta property=\"og:url\" content=\"https:\/\/saisonsculturelleschaumont.fr\/mdxpuixt\/evenement\/merd-vla-lhiver-fugue-a-lopera\/\" \/>\n<meta property=\"og:site_name\" content=\"Les Saisons Culturelles de Chaumont\" \/>\n<meta property=\"article:publisher\" content=\"https:\/\/www.facebook.com\/saisonsculturelleschaumont\/\" \/>\n<meta property=\"og:image\" content=\"https:\/\/saisonsculturelleschaumont.fr\/mdxpuixt\/wp-content\/uploads\/2023\/11\/Les-LUNAISIENS-affiche.jpeg\" \/>\n\t<meta property=\"og:image:width\" content=\"189\" \/>\n\t<meta property=\"og:image:height\" content=\"266\" \/>\n\t<meta property=\"og:image:type\" content=\"image\/jpeg\" \/>\n<meta name=\"twitter:card\" content=\"summary_large_image\" \/>\n<meta name=\"twitter:label1\" content=\"Dur\u00e9e de lecture estim\u00e9e\" \/>\n\t<meta name=\"twitter:data1\" content=\"2 minutes\" \/>\n<script type=\"application\/ld+json\" class=\"yoast-schema-graph\">{\"@context\":\"https:\/\/schema.org\",\"@graph\":[{\"@type\":\"WebPage\",\"@id\":\"https:\/\/saisonsculturelleschaumont.fr\/mdxpuixt\/evenement\/merd-vla-lhiver-fugue-a-lopera\/\",\"url\":\"https:\/\/saisonsculturelleschaumont.fr\/mdxpuixt\/evenement\/merd-vla-lhiver-fugue-a-lopera\/\",\"name\":\"Merd' v'l\u00e0 l'hiver - Fugue \u00e0 l'op\u00e9ra - Les Saisons Culturelles de Chaumont\",\"isPartOf\":{\"@id\":\"https:\/\/saisonsculturelleschaumont.fr\/mdxpuixt\/#website\"},\"datePublished\":\"2023-11-23T08:08:23+00:00\",\"dateModified\":\"2023-11-23T08:08:23+00:00\",\"description\":\"D\u00e9couvrez la programmation culturelle de la saison culturelle de la ville de Chaumont. Expositions, visites, rencontres, ateliers, concerts, spectacles, animations et plus encore.\",\"breadcrumb\":{\"@id\":\"https:\/\/saisonsculturelleschaumont.fr\/mdxpuixt\/evenement\/merd-vla-lhiver-fugue-a-lopera\/#breadcrumb\"},\"inLanguage\":\"fr-FR\",\"potentialAction\":[{\"@type\":\"ReadAction\",\"target\":[\"https:\/\/saisonsculturelleschaumont.fr\/mdxpuixt\/evenement\/merd-vla-lhiver-fugue-a-lopera\/\"]}]},{\"@type\":\"BreadcrumbList\",\"@id\":\"https:\/\/saisonsculturelleschaumont.fr\/mdxpuixt\/evenement\/merd-vla-lhiver-fugue-a-lopera\/#breadcrumb\",\"itemListElement\":[{\"@type\":\"ListItem\",\"position\":1,\"name\":\"Accueil\",\"item\":\"https:\/\/saisonsculturelleschaumont.fr\/mdxpuixt\/\"},{\"@type\":\"ListItem\",\"position\":2,\"name\":\"\u00c9v\u00e8nements\",\"item\":\"https:\/\/saisonsculturelleschaumont.fr\/mdxpuixt\/agenda\/\"},{\"@type\":\"ListItem\",\"position\":3,\"name\":\"Merd&rsquo; v&rsquo;l\u00e0 l&rsquo;hiver &#8211; Fugue \u00e0 l&rsquo;op\u00e9ra\"}]},{\"@type\":\"WebSite\",\"@id\":\"https:\/\/saisonsculturelleschaumont.fr\/mdxpuixt\/#website\",\"url\":\"https:\/\/saisonsculturelleschaumont.fr\/mdxpuixt\/\",\"name\":\"Les Saisons Culturelles de Chaumont\",\"description\":\"\",\"potentialAction\":[{\"@type\":\"SearchAction\",\"target\":{\"@type\":\"EntryPoint\",\"urlTemplate\":\"https:\/\/saisonsculturelleschaumont.fr\/mdxpuixt\/?s={search_term_string}\"},\"query-input\":\"required name=search_term_string\"}],\"inLanguage\":\"fr-FR\"}]}<\/script>\n<!-- \/ Yoast SEO plugin. -->","yoast_head_json":{"title":"Merd' v'l\u00e0 l'hiver - Fugue \u00e0 l'op\u00e9ra - Les Saisons Culturelles de Chaumont","description":"D\u00e9couvrez la programmation culturelle de la saison culturelle de la ville de Chaumont. Expositions, visites, rencontres, ateliers, concerts, spectacles, animations et plus encore.","robots":{"index":"noindex","follow":"follow","max-snippet":"max-snippet:-1","max-image-preview":"max-image-preview:large","max-video-preview":"max-video-preview:-1"},"og_locale":"fr_FR","og_type":"article","og_title":"Merd' v'l\u00e0 l'hiver - Fugue \u00e0 l'op\u00e9ra - Les Saisons Culturelles de Chaumont","og_description":"D\u00e9couvrez la programmation culturelle de la saison culturelle de la ville de Chaumont. Expositions, visites, rencontres, ateliers, concerts, spectacles, animations et plus encore.","og_url":"https:\/\/saisonsculturelleschaumont.fr\/mdxpuixt\/evenement\/merd-vla-lhiver-fugue-a-lopera\/","og_site_name":"Les Saisons Culturelles de Chaumont","article_publisher":"https:\/\/www.facebook.com\/saisonsculturelleschaumont\/","og_image":[{"width":189,"height":266,"url":"https:\/\/saisonsculturelleschaumont.fr\/mdxpuixt\/wp-content\/uploads\/2023\/11\/Les-LUNAISIENS-affiche.jpeg","type":"image\/jpeg"}],"twitter_card":"summary_large_image","twitter_misc":{"Dur\u00e9e de lecture estim\u00e9e":"2 minutes"},"schema":{"@context":"https:\/\/schema.org","@graph":[{"@type":"WebPage","@id":"https:\/\/saisonsculturelleschaumont.fr\/mdxpuixt\/evenement\/merd-vla-lhiver-fugue-a-lopera\/","url":"https:\/\/saisonsculturelleschaumont.fr\/mdxpuixt\/evenement\/merd-vla-lhiver-fugue-a-lopera\/","name":"Merd' v'l\u00e0 l'hiver - Fugue \u00e0 l'op\u00e9ra - Les Saisons Culturelles de Chaumont","isPartOf":{"@id":"https:\/\/saisonsculturelleschaumont.fr\/mdxpuixt\/#website"},"datePublished":"2023-11-23T08:08:23+00:00","dateModified":"2023-11-23T08:08:23+00:00","description":"D\u00e9couvrez la programmation culturelle de la saison culturelle de la ville de Chaumont. Expositions, visites, rencontres, ateliers, concerts, spectacles, animations et plus encore.","breadcrumb":{"@id":"https:\/\/saisonsculturelleschaumont.fr\/mdxpuixt\/evenement\/merd-vla-lhiver-fugue-a-lopera\/#breadcrumb"},"inLanguage":"fr-FR","potentialAction":[{"@type":"ReadAction","target":["https:\/\/saisonsculturelleschaumont.fr\/mdxpuixt\/evenement\/merd-vla-lhiver-fugue-a-lopera\/"]}]},{"@type":"BreadcrumbList","@id":"https:\/\/saisonsculturelleschaumont.fr\/mdxpuixt\/evenement\/merd-vla-lhiver-fugue-a-lopera\/#breadcrumb","itemListElement":[{"@type":"ListItem","position":1,"name":"Accueil","item":"https:\/\/saisonsculturelleschaumont.fr\/mdxpuixt\/"},{"@type":"ListItem","position":2,"name":"\u00c9v\u00e8nements","item":"https:\/\/saisonsculturelleschaumont.fr\/mdxpuixt\/agenda\/"},{"@type":"ListItem","position":3,"name":"Merd&rsquo; v&rsquo;l\u00e0 l&rsquo;hiver &#8211; Fugue \u00e0 l&rsquo;op\u00e9ra"}]},{"@type":"WebSite","@id":"https:\/\/saisonsculturelleschaumont.fr\/mdxpuixt\/#website","url":"https:\/\/saisonsculturelleschaumont.fr\/mdxpuixt\/","name":"Les Saisons Culturelles de Chaumont","description":"","potentialAction":[{"@type":"SearchAction","target":{"@type":"EntryPoint","urlTemplate":"https:\/\/saisonsculturelleschaumont.fr\/mdxpuixt\/?s={search_term_string}"},"query-input":"required name=search_term_string"}],"inLanguage":"fr-FR"}]}},"uagb_featured_image_src":{"full":["https:\/\/saisonsculturelleschaumont.fr\/mdxpuixt\/wp-content\/uploads\/2023\/11\/Les-LUNAISIENS-affiche.jpeg",189,266,false],"thumbnail":["https:\/\/saisonsculturelleschaumont.fr\/mdxpuixt\/wp-content\/uploads\/2023\/11\/Les-LUNAISIENS-affiche-80x80.jpeg",80,80,true],"medium":["https:\/\/saisonsculturelleschaumont.fr\/mdxpuixt\/wp-content\/uploads\/2023\/11\/Les-LUNAISIENS-affiche.jpeg",189,266,false],"medium_large":["https:\/\/saisonsculturelleschaumont.fr\/mdxpuixt\/wp-content\/uploads\/2023\/11\/Les-LUNAISIENS-affiche.jpeg",189,266,false],"large":["https:\/\/saisonsculturelleschaumont.fr\/mdxpuixt\/wp-content\/uploads\/2023\/11\/Les-LUNAISIENS-affiche.jpeg",189,266,false],"1536x1536":["https:\/\/saisonsculturelleschaumont.fr\/mdxpuixt\/wp-content\/uploads\/2023\/11\/Les-LUNAISIENS-affiche.jpeg",189,266,false],"2048x2048":["https:\/\/saisonsculturelleschaumont.fr\/mdxpuixt\/wp-content\/uploads\/2023\/11\/Les-LUNAISIENS-affiche.jpeg",189,266,false],"widget":["https:\/\/saisonsculturelleschaumont.fr\/mdxpuixt\/wp-content\/uploads\/2023\/11\/Les-LUNAISIENS-affiche-36x36.jpeg",36,36,true],"square":["https:\/\/saisonsculturelleschaumont.fr\/mdxpuixt\/wp-content\/uploads\/2023\/11\/Les-LUNAISIENS-affiche-180x180.jpeg",180,180,true],"featured":["https:\/\/saisonsculturelleschaumont.fr\/mdxpuixt\/wp-content\/uploads\/2023\/11\/Les-LUNAISIENS-affiche.jpeg",189,266,false],"featured_large":["https:\/\/saisonsculturelleschaumont.fr\/mdxpuixt\/wp-content\/uploads\/2023\/11\/Les-LUNAISIENS-affiche.jpeg",189,266,false],"extra_large":["https:\/\/saisonsculturelleschaumont.fr\/mdxpuixt\/wp-content\/uploads\/2023\/11\/Les-LUNAISIENS-affiche.jpeg",189,266,false],"portfolio":["https:\/\/saisonsculturelleschaumont.fr\/mdxpuixt\/wp-content\/uploads\/2023\/11\/Les-LUNAISIENS-affiche.jpeg",189,266,false],"portfolio_small":["https:\/\/saisonsculturelleschaumont.fr\/mdxpuixt\/wp-content\/uploads\/2023\/11\/Les-LUNAISIENS-affiche-189x185.jpeg",189,185,true],"gallery":["https:\/\/saisonsculturelleschaumont.fr\/mdxpuixt\/wp-content\/uploads\/2023\/11\/Les-LUNAISIENS-affiche.jpeg",189,266,false],"magazine":["https:\/\/saisonsculturelleschaumont.fr\/mdxpuixt\/wp-content\/uploads\/2023\/11\/Les-LUNAISIENS-affiche.jpeg",189,266,false],"masonry":["https:\/\/saisonsculturelleschaumont.fr\/mdxpuixt\/wp-content\/uploads\/2023\/11\/Les-LUNAISIENS-affiche.jpeg",189,266,false],"entry_with_sidebar":["https:\/\/saisonsculturelleschaumont.fr\/mdxpuixt\/wp-content\/uploads\/2023\/11\/Les-LUNAISIENS-affiche.jpeg",189,266,false],"entry_without_sidebar":["https:\/\/saisonsculturelleschaumont.fr\/mdxpuixt\/wp-content\/uploads\/2023\/11\/Les-LUNAISIENS-affiche.jpeg",189,266,false]},"uagb_author_info":{"display_name":"Justine Ansel","author_link":"https:\/\/saisonsculturelleschaumont.fr\/mdxpuixt\/author\/justine-ansel\/"},"uagb_comment_info":0,"uagb_excerpt":"Merd\u2019 v\u2019l\u00e0 l\u2019hiver c\u2019est ainsi que commencent Les Soliloques du pauvre du po\u00e8te Jehan Rictus (1867-1933), oeuvre sur laquelle Arnaud Marzorati a organis\u00e9 un programme s\u2019articulant autour du r\u00e9pertoire \u00ab [&hellip;]","_links":{"self":[{"href":"https:\/\/saisonsculturelleschaumont.fr\/mdxpuixt\/wp-json\/wp\/v2\/tribe_events\/10873"}],"collection":[{"href":"https:\/\/saisonsculturelleschaumont.fr\/mdxpuixt\/wp-json\/wp\/v2\/tribe_events"}],"about":[{"href":"https:\/\/saisonsculturelleschaumont.fr\/mdxpuixt\/wp-json\/wp\/v2\/types\/tribe_events"}],"author":[{"embeddable":true,"href":"https:\/\/saisonsculturelleschaumont.fr\/mdxpuixt\/wp-json\/wp\/v2\/users\/3"}],"replies":[{"embeddable":true,"href":"https:\/\/saisonsculturelleschaumont.fr\/mdxpuixt\/wp-json\/wp\/v2\/comments?post=10873"}],"version-history":[{"count":0,"href":"https:\/\/saisonsculturelleschaumont.fr\/mdxpuixt\/wp-json\/wp\/v2\/tribe_events\/10873\/revisions"}],"wp:featuredmedia":[{"embeddable":true,"href":"https:\/\/saisonsculturelleschaumont.fr\/mdxpuixt\/wp-json\/wp\/v2\/media\/10874"}],"wp:attachment":[{"href":"https:\/\/saisonsculturelleschaumont.fr\/mdxpuixt\/wp-json\/wp\/v2\/media?parent=10873"}],"wp:term":[{"taxonomy":"post_tag","embeddable":true,"href":"https:\/\/saisonsculturelleschaumont.fr\/mdxpuixt\/wp-json\/wp\/v2\/tags?post=10873"},{"taxonomy":"tribe_events_cat","embeddable":true,"href":"https:\/\/saisonsculturelleschaumont.fr\/mdxpuixt\/wp-json\/wp\/v2\/tribe_events_cat?post=10873"}],"curies":[{"name":"wp","href":"https:\/\/api.w.org\/{rel}","templated":true}]}}