{"id":10888,"date":"2023-12-04T09:33:41","date_gmt":"2023-12-04T08:33:41","guid":{"rendered":"https:\/\/saisonsculturelleschaumont.fr\/mdxpuixt\/?post_type=tribe_events&#038;p=10888"},"modified":"2023-12-04T09:34:03","modified_gmt":"2023-12-04T08:34:03","slug":"butsu-butsu-design-graphique-contemporain-au-japon","status":"publish","type":"tribe_events","link":"https:\/\/saisonsculturelleschaumont.fr\/mdxpuixt\/evenement\/butsu-butsu-design-graphique-contemporain-au-japon\/","title":{"rendered":"butsu butsu &#8211; design graphique contemporain au japon"},"content":{"rendered":"<p>Constitu\u00e9e \u00e0 partir d\u2019une enqu\u00eate de terrain, de rencontres et de la r\u00e9colte de t\u00e9moignages aupr\u00e8s de\u00a0designers graphiques, femmes et hommes issus d\u2019une g\u00e9n\u00e9ration n\u00e9e entre 1970 et 1990, la s\u00e9lection d\u2019objets pr\u00e9sent\u00e9e ici met en\u00a0lumi\u00e8re la multiplicit\u00e9 et la richesse des\u00a0pratiques contemporaines du design graphique au\u00a0Japon. Elle offre au public europ\u00e9en un \u00e9chantillon d\u2019\u0153uvres originales et in\u00e9dites, dont la grande majorit\u00e9 n\u2019a jamais \u00e9t\u00e9 montr\u00e9e en France.<\/p>\n<p>La figure du designer graphique appara\u00eet au Japon apr\u00e8s la seconde guerre mondiale. Dans l\u2019h\u00e9ritage d\u2019artistes d\u2019avant-guerre, nombreux sont les cr\u00e9ateurs qui trouvent dans la pratique du design un champ de cr\u00e9ation nouveau leur permettant de d\u00e9velopper un travail personnel. Leurs r\u00e9alisations, parfois devenues iconiques ont accompagn\u00e9 le d\u00e9veloppement \u00e9conomique du pays mais \u00e9galement ladiffusion de la culture japonaise \u00e0 travers le monde. Les designers ind\u00e9pendants et les agences de publicit\u00e9 se partagent ainsi les commandes qui, gr\u00e2ce \u00e0 l\u2019activit\u00e9 \u00e9conomique bondissante, sont nombreuses. Cinquante ans plus tard, qu\u2019en est-il de la production des designers graphiques japonais\u2009? Qu\u2019y a-t-il dans l\u2019interstice se situant entre l\u2019imagerie populaire, qui inonde les soci\u00e9t\u00e9s occidentales (manga, anim\u00e9, musique), et la culture traditionnelle, objet de fascination (artisanat, spiritualit\u00e9, architecture)\u2009?<\/p>\n<p>Cette s\u00e9lection donne \u00e0 voir la pluralit\u00e9 des pratiques qui couvrent le domaine du design visuel\u2009: livres, imprim\u00e9s, identit\u00e9s et communication visuelle, campagnes publicitaires, animation, vid\u00e9o, r\u00e9alit\u00e9 augment\u00e9e, signal\u00e9tique, sc\u00e9nographie, etc. Ces objets ont \u00e9t\u00e9 r\u00e9unis dans le but d\u2019\u00e9tablir une cartographie et de tenter de comprendre ce qui constitue la sp\u00e9cificit\u00e9 m\u00eame du design graphique japonais.<\/p>\n<p>L\u2019exposition est construite telle une galerie de portraits o\u00f9 chacune et chacun des protagonistes s\u2019attache \u00e0 affirmer sa singularit\u00e9, creuse un sillon caract\u00e9ristique de fa\u00e7on m\u00e9ticuleuse et montre ainsi sa sp\u00e9cificit\u00e9. Le travail d\u2019atelier, la recherche, l\u2019assiduit\u00e9, la pers\u00e9v\u00e9rance et la persistence caract\u00e9risent chacun\u2022e des cr\u00e9ateur\u2022ices ici pr\u00e9sent\u00e9\u2022es. Ils et elles travaillent seul, emploient quelques assistant\u2022es ou sont constitu\u00e9s en studio regroupant une dizaine de personnes.<\/p>\n<p>Comme dans la plupart des pays riches et industrialis\u00e9s, la pand\u00e9mie de Covid a impos\u00e9 \u00e0 chacun\u2022e un temps de pause. Ce temps d\u2019arr\u00eat forc\u00e9 qu\u2019elles et ils ont travers\u00e9, d\u2019autant plus fort dans un pays ayant ferm\u00e9 ses fronti\u00e8res plus de deux<\/p>\n<p>ann\u00e9es durant, leur a parfois permis de remettre en cause leurs fa\u00e7ons de cr\u00e9er et le rapport qu\u2019ils et elles entretiennent avec leur travail de cr\u00e9ateur. \u00c0 l\u2019issue de cette introspection, nombreux sont ceux ayant choisi de se concentrer sur leur activit\u00e9 personnelle. Ils et elles ont souhait\u00e9 donner davantage de sens \u00e0 leur pratique. La place des femmes dans la soci\u00e9t\u00e9 japonaise a aussi souvent \u00e9t\u00e9 \u00e9voqu\u00e9e. Le d\u00e9sir de plus d\u2019\u00e9galit\u00e9, de reconnaissance dans le monde du travail, de soutien lorsqu\u2019il s\u2019agit de fonder une famille sans n\u00e9cessairement arr\u00eater son activit\u00e9, ont \u00e9t\u00e9 des sujets r\u00e9currents lors des nombreux entretiens r\u00e9alis\u00e9s pendant le temps de recherche. L\u2019absence de parit\u00e9 homme-femme dans la s\u00e9lection des designers pr\u00e9sent\u00e9s ici en t\u00e9moigne.<\/p>\n<p>En quoi la pratique de ces cr\u00e9ateur\u2022ices nous informe-t-elle sur nos fa\u00e7ons de penser, de cr\u00e9er et d\u2019\u00eatre au monde\u2009? S\u2019il est certes difficile de conna\u00eetre processus de production des objets finis montr\u00e9s ici, il nous faut en imaginer le contexte dans lequel ils ont \u00e9t\u00e9 cr\u00e9\u00e9s. Quelle est la m\u00e9thode employ\u00e9e, comment le sujet et la probl\u00e9matique sont-ils envisag\u00e9s, comment une image est-elle ensuite cr\u00e9\u00e9e, construite\u2009? Ainsi, quel est le rapport qui s\u2019\u00e9tablit entre le client (celui qui commande) et chacun\u2022e des designers (celui qui met en forme) au Japon\u2009? La confiance est bien s\u00fbr un \u00e9l\u00e9ment essentiel mais pas seulement. C\u2019est\u00a0l\u00e0 que se concentrent de nombreux aspects propres \u00e0 la soci\u00e9t\u00e9 japonaise. Car\u00a0demander \u00e0 quelqu\u2019un une chose, c\u2019est s\u2019en remettre \u00e0 lui, lui confier une responsabilit\u00e9 et respecter son <em>savoir-faire<\/em>.<\/p>\n<p>Butsu Butsu (\u7269\u7269) \u00e9voque \u00e0 la fois la vari\u00e9t\u00e9 la multiplicit\u00e9 des objets et telle une collection, cette s\u00e9lection subjective a \u00e9t\u00e9 \u00e9tablie au gr\u00e9 des p\u00e9rigrinations et des rencontres. C\u2019est une des nombreuses portes d\u2019entr\u00e9e possibles dans le domaine du design. Et ce n\u2019est qu\u2019un tout petit aper\u00e7u de la richesse du design japonais.<\/p>\n<hr \/>\n<div class=\" prose-a:underline hover:prose-a:no-underline prose-a:decoration-2 md:prose-a:decoration-3 md:prose-p:mb-8 prose-p:mb-4 last:prose-p:mb-0 prose-p:max-w-[60ch] prose-h2:underline md:prose-h2:decoration-3 prose-h2:decoration-2 prose-h2:mb-4 prose-ol:ml-[2em] prose-ol:list-decimal prose-ol:mb-6 prose-li:list-outside prose-li:mb-2\">\n<p>Alexandre Dimos est un \u00e9diteur et designer graphique fran\u00e7ais n\u00e9 en 1978. Il a cofond\u00e9 le studio de cr\u00e9ation deValence en 2001 et cr\u00e9\u00e9 la maison d\u2019\u00e9dition B42 en 2008 au sein de laquelle il assure la direction \u00e9ditoriale. R\u00e9sident \u00e0 la Villa Kujoyama \u00e0 Kyoto en 2012 il m\u00e8ne depuis une \u00e9tude sur le design graphique japonais contemporain. Il est membre de l\u2019Alliance graphique internationale.<\/p>\n<\/div>\n<p>Avec <span class=\"after:content-[',_'] last:after:content-none\">All Right Graphics <\/span><span class=\"after:content-[',_'] last:after:content-none\">Kazunari Hattori, <\/span><span class=\"after:content-[',_'] last:after:content-none\">Midori Hirota, <\/span><span class=\"after:content-[',_'] last:after:content-none\">Yoshiaki Irobe, <\/span><span class=\"after:content-[',_'] last:after:content-none\">Atsuki Kikuchi, <\/span><span class=\"after:content-[',_'] last:after:content-none\">Kitasenju Design, <\/span><span class=\"after:content-[',_'] last:after:content-none\">Aiko Koike, <\/span><span class=\"after:content-[',_'] last:after:content-none\">Daito Manabe, <\/span><span class=\"after:content-[',_'] last:after:content-none\">Rikako Nagashima, <\/span><span class=\"after:content-[',_'] last:after:content-none\">Mariko Okazaki, <\/span><span class=\"after:content-[',_'] last:after:content-none\">Tomohiro Okazaki, <\/span><span class=\"after:content-[',_'] last:after:content-none\">Shun Sasaki, <\/span><span class=\"after:content-[',_'] last:after:content-none\">Tezzo Suzuki, <\/span><span class=\"after:content-[',_'] last:after:content-none\">Mina tabei, <\/span><span class=\"after:content-[',_'] last:after:content-none\">Yuri Uenishi, <\/span><span class=\"after:content-[',_'] last:after:content-none\"><span class=\"cursor-pointer md:hover:underline decoration-3 max-md:pointer-events-none\">Bunpei Yorifuji, <\/span><\/span><span class=\"after:content-[',_'] last:after:content-none\">UMA\/Design farm, <\/span><span class=\"after:content-[',_'] last:after:content-none\">Syunichi Suge.<\/span><\/p>\n<div>\n<h3><\/h3>\n<h3 class=\"border-black text-sm underline decoration-2 md:decoration-3\">partenaires<\/h3>\n<p class=\"text-sm italic\"><span class=\"after:content-[',_'] last:after:content-none\">Museum f\u00fcr Gestaltung of Zurich<\/span><span class=\"after:content-[',_'] last:after:content-none\">La Fondation des artistes<\/span><span class=\"after:content-[',_'] last:after:content-none\">Japan Foundation<\/span><\/p>\n<\/div>\n","protected":false},"excerpt":{"rendered":"<p>Constitu\u00e9e \u00e0 partir d\u2019une enqu\u00eate de terrain, de rencontres et de la r\u00e9colte de t\u00e9moignages aupr\u00e8s de\u00a0designers graphiques, femmes et hommes issus d\u2019une g\u00e9n\u00e9ration n\u00e9e entre 1970 et 1990, la [&hellip;]<\/p>\n","protected":false},"author":3,"featured_media":10889,"comment_status":"open","ping_status":"closed","template":"","meta":{"_uag_custom_page_level_css":"","_tribe_events_status":"","_tribe_events_status_reason":""},"tags":[50,81,431],"tribe_events_cat":[42],"yoast_head":"<!-- This site is optimized with the Yoast SEO plugin v21.1 - https:\/\/yoast.com\/wordpress\/plugins\/seo\/ -->\n<title>butsu butsu - design graphique contemporain au japon - Les Saisons Culturelles de Chaumont<\/title>\n<meta name=\"description\" content=\"D\u00e9couvrez la programmation culturelle de la saison culturelle de la ville de Chaumont. Expositions, visites, rencontres, ateliers, concerts, spectacles, animations et plus encore.\" \/>\n<meta name=\"robots\" content=\"noindex, follow, max-snippet:-1, max-image-preview:large, max-video-preview:-1\" \/>\n<meta property=\"og:locale\" content=\"fr_FR\" \/>\n<meta property=\"og:type\" content=\"article\" \/>\n<meta property=\"og:title\" content=\"butsu butsu - design graphique contemporain au japon - Les Saisons Culturelles de Chaumont\" \/>\n<meta property=\"og:description\" content=\"D\u00e9couvrez la programmation culturelle de la saison culturelle de la ville de Chaumont. Expositions, visites, rencontres, ateliers, concerts, spectacles, animations et plus encore.\" \/>\n<meta property=\"og:url\" content=\"https:\/\/saisonsculturelleschaumont.fr\/mdxpuixt\/evenement\/butsu-butsu-design-graphique-contemporain-au-japon\/\" \/>\n<meta property=\"og:site_name\" content=\"Les Saisons Culturelles de Chaumont\" \/>\n<meta property=\"article:publisher\" content=\"https:\/\/www.facebook.com\/saisonsculturelleschaumont\/\" \/>\n<meta property=\"article:modified_time\" content=\"2023-12-04T08:34:03+00:00\" \/>\n<meta property=\"og:image\" content=\"https:\/\/saisonsculturelleschaumont.fr\/mdxpuixt\/wp-content\/uploads\/2023\/12\/406097223_742125627951616_3798092682912659371_n.jpg\" \/>\n\t<meta property=\"og:image:width\" content=\"1486\" \/>\n\t<meta property=\"og:image:height\" content=\"1486\" \/>\n\t<meta property=\"og:image:type\" content=\"image\/jpeg\" \/>\n<meta name=\"twitter:card\" content=\"summary_large_image\" \/>\n<meta name=\"twitter:label1\" content=\"Dur\u00e9e de lecture estim\u00e9e\" \/>\n\t<meta name=\"twitter:data1\" content=\"5 minutes\" \/>\n<script type=\"application\/ld+json\" class=\"yoast-schema-graph\">{\"@context\":\"https:\/\/schema.org\",\"@graph\":[{\"@type\":\"WebPage\",\"@id\":\"https:\/\/saisonsculturelleschaumont.fr\/mdxpuixt\/evenement\/butsu-butsu-design-graphique-contemporain-au-japon\/\",\"url\":\"https:\/\/saisonsculturelleschaumont.fr\/mdxpuixt\/evenement\/butsu-butsu-design-graphique-contemporain-au-japon\/\",\"name\":\"butsu butsu - design graphique contemporain au japon - Les Saisons Culturelles de Chaumont\",\"isPartOf\":{\"@id\":\"https:\/\/saisonsculturelleschaumont.fr\/mdxpuixt\/#website\"},\"datePublished\":\"2023-12-04T08:33:41+00:00\",\"dateModified\":\"2023-12-04T08:34:03+00:00\",\"description\":\"D\u00e9couvrez la programmation culturelle de la saison culturelle de la ville de Chaumont. Expositions, visites, rencontres, ateliers, concerts, spectacles, animations et plus encore.\",\"breadcrumb\":{\"@id\":\"https:\/\/saisonsculturelleschaumont.fr\/mdxpuixt\/evenement\/butsu-butsu-design-graphique-contemporain-au-japon\/#breadcrumb\"},\"inLanguage\":\"fr-FR\",\"potentialAction\":[{\"@type\":\"ReadAction\",\"target\":[\"https:\/\/saisonsculturelleschaumont.fr\/mdxpuixt\/evenement\/butsu-butsu-design-graphique-contemporain-au-japon\/\"]}]},{\"@type\":\"BreadcrumbList\",\"@id\":\"https:\/\/saisonsculturelleschaumont.fr\/mdxpuixt\/evenement\/butsu-butsu-design-graphique-contemporain-au-japon\/#breadcrumb\",\"itemListElement\":[{\"@type\":\"ListItem\",\"position\":1,\"name\":\"Accueil\",\"item\":\"https:\/\/saisonsculturelleschaumont.fr\/mdxpuixt\/\"},{\"@type\":\"ListItem\",\"position\":2,\"name\":\"\u00c9v\u00e8nements\",\"item\":\"https:\/\/saisonsculturelleschaumont.fr\/mdxpuixt\/agenda\/\"},{\"@type\":\"ListItem\",\"position\":3,\"name\":\"butsu butsu &#8211; design graphique contemporain au japon\"}]},{\"@type\":\"WebSite\",\"@id\":\"https:\/\/saisonsculturelleschaumont.fr\/mdxpuixt\/#website\",\"url\":\"https:\/\/saisonsculturelleschaumont.fr\/mdxpuixt\/\",\"name\":\"Les Saisons Culturelles de Chaumont\",\"description\":\"\",\"potentialAction\":[{\"@type\":\"SearchAction\",\"target\":{\"@type\":\"EntryPoint\",\"urlTemplate\":\"https:\/\/saisonsculturelleschaumont.fr\/mdxpuixt\/?s={search_term_string}\"},\"query-input\":\"required name=search_term_string\"}],\"inLanguage\":\"fr-FR\"}]}<\/script>\n<!-- \/ Yoast SEO plugin. -->","yoast_head_json":{"title":"butsu butsu - design graphique contemporain au japon - Les Saisons Culturelles de Chaumont","description":"D\u00e9couvrez la programmation culturelle de la saison culturelle de la ville de Chaumont. Expositions, visites, rencontres, ateliers, concerts, spectacles, animations et plus encore.","robots":{"index":"noindex","follow":"follow","max-snippet":"max-snippet:-1","max-image-preview":"max-image-preview:large","max-video-preview":"max-video-preview:-1"},"og_locale":"fr_FR","og_type":"article","og_title":"butsu butsu - design graphique contemporain au japon - Les Saisons Culturelles de Chaumont","og_description":"D\u00e9couvrez la programmation culturelle de la saison culturelle de la ville de Chaumont. Expositions, visites, rencontres, ateliers, concerts, spectacles, animations et plus encore.","og_url":"https:\/\/saisonsculturelleschaumont.fr\/mdxpuixt\/evenement\/butsu-butsu-design-graphique-contemporain-au-japon\/","og_site_name":"Les Saisons Culturelles de Chaumont","article_publisher":"https:\/\/www.facebook.com\/saisonsculturelleschaumont\/","article_modified_time":"2023-12-04T08:34:03+00:00","og_image":[{"width":1486,"height":1486,"url":"https:\/\/saisonsculturelleschaumont.fr\/mdxpuixt\/wp-content\/uploads\/2023\/12\/406097223_742125627951616_3798092682912659371_n.jpg","type":"image\/jpeg"}],"twitter_card":"summary_large_image","twitter_misc":{"Dur\u00e9e de lecture estim\u00e9e":"5 minutes"},"schema":{"@context":"https:\/\/schema.org","@graph":[{"@type":"WebPage","@id":"https:\/\/saisonsculturelleschaumont.fr\/mdxpuixt\/evenement\/butsu-butsu-design-graphique-contemporain-au-japon\/","url":"https:\/\/saisonsculturelleschaumont.fr\/mdxpuixt\/evenement\/butsu-butsu-design-graphique-contemporain-au-japon\/","name":"butsu butsu - design graphique contemporain au japon - Les Saisons Culturelles de Chaumont","isPartOf":{"@id":"https:\/\/saisonsculturelleschaumont.fr\/mdxpuixt\/#website"},"datePublished":"2023-12-04T08:33:41+00:00","dateModified":"2023-12-04T08:34:03+00:00","description":"D\u00e9couvrez la programmation culturelle de la saison culturelle de la ville de Chaumont. Expositions, visites, rencontres, ateliers, concerts, spectacles, animations et plus encore.","breadcrumb":{"@id":"https:\/\/saisonsculturelleschaumont.fr\/mdxpuixt\/evenement\/butsu-butsu-design-graphique-contemporain-au-japon\/#breadcrumb"},"inLanguage":"fr-FR","potentialAction":[{"@type":"ReadAction","target":["https:\/\/saisonsculturelleschaumont.fr\/mdxpuixt\/evenement\/butsu-butsu-design-graphique-contemporain-au-japon\/"]}]},{"@type":"BreadcrumbList","@id":"https:\/\/saisonsculturelleschaumont.fr\/mdxpuixt\/evenement\/butsu-butsu-design-graphique-contemporain-au-japon\/#breadcrumb","itemListElement":[{"@type":"ListItem","position":1,"name":"Accueil","item":"https:\/\/saisonsculturelleschaumont.fr\/mdxpuixt\/"},{"@type":"ListItem","position":2,"name":"\u00c9v\u00e8nements","item":"https:\/\/saisonsculturelleschaumont.fr\/mdxpuixt\/agenda\/"},{"@type":"ListItem","position":3,"name":"butsu butsu &#8211; design graphique contemporain au japon"}]},{"@type":"WebSite","@id":"https:\/\/saisonsculturelleschaumont.fr\/mdxpuixt\/#website","url":"https:\/\/saisonsculturelleschaumont.fr\/mdxpuixt\/","name":"Les Saisons Culturelles de Chaumont","description":"","potentialAction":[{"@type":"SearchAction","target":{"@type":"EntryPoint","urlTemplate":"https:\/\/saisonsculturelleschaumont.fr\/mdxpuixt\/?s={search_term_string}"},"query-input":"required name=search_term_string"}],"inLanguage":"fr-FR"}]}},"uagb_featured_image_src":{"full":["https:\/\/saisonsculturelleschaumont.fr\/mdxpuixt\/wp-content\/uploads\/2023\/12\/406097223_742125627951616_3798092682912659371_n.jpg",1486,1486,false],"thumbnail":["https:\/\/saisonsculturelleschaumont.fr\/mdxpuixt\/wp-content\/uploads\/2023\/12\/406097223_742125627951616_3798092682912659371_n-80x80.jpg",80,80,true],"medium":["https:\/\/saisonsculturelleschaumont.fr\/mdxpuixt\/wp-content\/uploads\/2023\/12\/406097223_742125627951616_3798092682912659371_n-300x300.jpg",300,300,true],"medium_large":["https:\/\/saisonsculturelleschaumont.fr\/mdxpuixt\/wp-content\/uploads\/2023\/12\/406097223_742125627951616_3798092682912659371_n-768x768.jpg",768,768,true],"large":["https:\/\/saisonsculturelleschaumont.fr\/mdxpuixt\/wp-content\/uploads\/2023\/12\/406097223_742125627951616_3798092682912659371_n-1030x1030.jpg",1030,1030,true],"1536x1536":["https:\/\/saisonsculturelleschaumont.fr\/mdxpuixt\/wp-content\/uploads\/2023\/12\/406097223_742125627951616_3798092682912659371_n.jpg",1486,1486,false],"2048x2048":["https:\/\/saisonsculturelleschaumont.fr\/mdxpuixt\/wp-content\/uploads\/2023\/12\/406097223_742125627951616_3798092682912659371_n.jpg",1486,1486,false],"widget":["https:\/\/saisonsculturelleschaumont.fr\/mdxpuixt\/wp-content\/uploads\/2023\/12\/406097223_742125627951616_3798092682912659371_n-36x36.jpg",36,36,true],"square":["https:\/\/saisonsculturelleschaumont.fr\/mdxpuixt\/wp-content\/uploads\/2023\/12\/406097223_742125627951616_3798092682912659371_n-180x180.jpg",180,180,true],"featured":["https:\/\/saisonsculturelleschaumont.fr\/mdxpuixt\/wp-content\/uploads\/2023\/12\/406097223_742125627951616_3798092682912659371_n-1486x430.jpg",1486,430,true],"featured_large":["https:\/\/saisonsculturelleschaumont.fr\/mdxpuixt\/wp-content\/uploads\/2023\/12\/406097223_742125627951616_3798092682912659371_n-1486x630.jpg",1486,630,true],"extra_large":["https:\/\/saisonsculturelleschaumont.fr\/mdxpuixt\/wp-content\/uploads\/2023\/12\/406097223_742125627951616_3798092682912659371_n.jpg",1486,1486,false],"portfolio":["https:\/\/saisonsculturelleschaumont.fr\/mdxpuixt\/wp-content\/uploads\/2023\/12\/406097223_742125627951616_3798092682912659371_n-495x400.jpg",495,400,true],"portfolio_small":["https:\/\/saisonsculturelleschaumont.fr\/mdxpuixt\/wp-content\/uploads\/2023\/12\/406097223_742125627951616_3798092682912659371_n-260x185.jpg",260,185,true],"gallery":["https:\/\/saisonsculturelleschaumont.fr\/mdxpuixt\/wp-content\/uploads\/2023\/12\/406097223_742125627951616_3798092682912659371_n-845x684.jpg",845,684,true],"magazine":["https:\/\/saisonsculturelleschaumont.fr\/mdxpuixt\/wp-content\/uploads\/2023\/12\/406097223_742125627951616_3798092682912659371_n-710x375.jpg",710,375,true],"masonry":["https:\/\/saisonsculturelleschaumont.fr\/mdxpuixt\/wp-content\/uploads\/2023\/12\/406097223_742125627951616_3798092682912659371_n-705x705.jpg",705,705,true],"entry_with_sidebar":["https:\/\/saisonsculturelleschaumont.fr\/mdxpuixt\/wp-content\/uploads\/2023\/12\/406097223_742125627951616_3798092682912659371_n-845x321.jpg",845,321,true],"entry_without_sidebar":["https:\/\/saisonsculturelleschaumont.fr\/mdxpuixt\/wp-content\/uploads\/2023\/12\/406097223_742125627951616_3798092682912659371_n-1210x423.jpg",1210,423,true]},"uagb_author_info":{"display_name":"Justine Ansel","author_link":"https:\/\/saisonsculturelleschaumont.fr\/mdxpuixt\/author\/justine-ansel\/"},"uagb_comment_info":0,"uagb_excerpt":"Constitu\u00e9e \u00e0 partir d\u2019une enqu\u00eate de terrain, de rencontres et de la r\u00e9colte de t\u00e9moignages aupr\u00e8s de\u00a0designers graphiques, femmes et hommes issus d\u2019une g\u00e9n\u00e9ration n\u00e9e entre 1970 et 1990, la [&hellip;]","_links":{"self":[{"href":"https:\/\/saisonsculturelleschaumont.fr\/mdxpuixt\/wp-json\/wp\/v2\/tribe_events\/10888"}],"collection":[{"href":"https:\/\/saisonsculturelleschaumont.fr\/mdxpuixt\/wp-json\/wp\/v2\/tribe_events"}],"about":[{"href":"https:\/\/saisonsculturelleschaumont.fr\/mdxpuixt\/wp-json\/wp\/v2\/types\/tribe_events"}],"author":[{"embeddable":true,"href":"https:\/\/saisonsculturelleschaumont.fr\/mdxpuixt\/wp-json\/wp\/v2\/users\/3"}],"replies":[{"embeddable":true,"href":"https:\/\/saisonsculturelleschaumont.fr\/mdxpuixt\/wp-json\/wp\/v2\/comments?post=10888"}],"version-history":[{"count":0,"href":"https:\/\/saisonsculturelleschaumont.fr\/mdxpuixt\/wp-json\/wp\/v2\/tribe_events\/10888\/revisions"}],"wp:featuredmedia":[{"embeddable":true,"href":"https:\/\/saisonsculturelleschaumont.fr\/mdxpuixt\/wp-json\/wp\/v2\/media\/10889"}],"wp:attachment":[{"href":"https:\/\/saisonsculturelleschaumont.fr\/mdxpuixt\/wp-json\/wp\/v2\/media?parent=10888"}],"wp:term":[{"taxonomy":"post_tag","embeddable":true,"href":"https:\/\/saisonsculturelleschaumont.fr\/mdxpuixt\/wp-json\/wp\/v2\/tags?post=10888"},{"taxonomy":"tribe_events_cat","embeddable":true,"href":"https:\/\/saisonsculturelleschaumont.fr\/mdxpuixt\/wp-json\/wp\/v2\/tribe_events_cat?post=10888"}],"curies":[{"name":"wp","href":"https:\/\/api.w.org\/{rel}","templated":true}]}}