{"id":10901,"date":"2023-12-04T10:40:01","date_gmt":"2023-12-04T09:40:01","guid":{"rendered":"https:\/\/saisonsculturelleschaumont.fr\/mdxpuixt\/evenement\/rencontre-avec-lauteur-de-polars-ghislain-gilberti\/"},"modified":"2023-12-04T10:56:55","modified_gmt":"2023-12-04T09:56:55","slug":"rencontre-avec-lauteur-de-polars-ghislain-gilberti","status":"publish","type":"tribe_events","link":"https:\/\/saisonsculturelleschaumont.fr\/mdxpuixt\/evenement\/rencontre-avec-lauteur-de-polars-ghislain-gilberti\/","title":{"rendered":"Rencontre avec l\u2019auteur de polars Ghislain Gilberti"},"content":{"rendered":"<p>Ghislain Gilberti, apr\u00e8s plus de dix ans \u00e0 son compte dans le monde du tatouage, du piercing et des modifications corporelles permanentes, d\u00e9cide de se consacrer exclusivement \u00e0 l\u2019\u00e9criture. Travaillant principalement dans le registre contemporain noir, il visite la marge, les ombres et les replis de notre soci\u00e9t\u00e9 et alimente ses ouvrages d\u2019un r\u00e9alisme gla\u00e7ant. Avec neuf romans \u00e0 son actif, Ghislain Gilberti est vivement soutenu par G\u00e9rard Collard, chroniqueur litt\u00e9raire, pour sa <em>Trilogie des Ombres<\/em> (<em>Sa majest\u00e9 des ombres<\/em>, \u00c9ditions RING\/<em>La M\u00e9canique G\u00e9n\u00e9rale<\/em>, 2018 ; <em>Les anges de Babylone<\/em>, \u00c9ditions Cosmopolis, 2018 ; <em>Le sacre des impies<\/em> \/ \u00c9ditions Cosmopolis, 2020) qui re\u00e7oit de nombreuses chroniques unanimes. La simplicit\u00e9 de son style est brandie comme un atout et son univers tr\u00e8s accessible rassemble de plus en plus de fid\u00e8les qui adh\u00e8rent \u00e0 la franchise de ses textes. Des adeptes d\u2019autres styles, fantasy, romance et d\u2019autres genres ont ainsi d\u00e9couvert gr\u00e2ce \u00e0 lui la litt\u00e9rature noire. Son prochain nouveau roman dont la parution est pr\u00e9vue en 2024 sera une autofiction et un roman noir ; il sera le pr\u00e9quel de <em>Dynamique du Chaos<\/em> (Editions RING\/La <em>M\u00e9canique G\u00e9n\u00e9rale<\/em>, 2017), le livre culte de cet auteur atypique.<\/p>\n<p>Journaliste sp\u00e9cialis\u00e9e dans le secteur de l\u2019\u00e9dition, Tara Lennart anime \u00e9galement des rencontres d\u2019auteur\u2022rice\u2022s et assure la programmation litt\u00e9raire du festival Col\u00e8res du Pr\u00e9sent. Depuis 2014, elle nourrit Bookalicious, m\u00e9dia d\u00e9di\u00e9 \u00e0 l\u2019\u00e9dition ind\u00e9pendante et ses coulisses.<\/p>\n<p>Acc\u00e8s libre<br \/>\nTout public<br \/>\nLes silos &#8211; espace Bouchardon \u2013 87, rue Victoire de la Marne<br \/>\nSuivie d\u2019un temps de d\u00e9dicaces avec la librairie A la une<\/p>\n","protected":false},"excerpt":{"rendered":"<p>Ghislain Gilberti, apr\u00e8s plus de dix ans \u00e0 son compte dans le monde du tatouage, du piercing et des modifications corporelles permanentes, d\u00e9cide de se consacrer exclusivement \u00e0 l\u2019\u00e9criture. Travaillant [&hellip;]<\/p>\n","protected":false},"author":3,"featured_media":10910,"comment_status":"closed","ping_status":"closed","template":"","meta":{"_uag_custom_page_level_css":"","_tribe_events_status":"","_tribe_events_status_reason":""},"tags":[98,462,90],"tribe_events_cat":[45],"yoast_head":"<!-- This site is optimized with the Yoast SEO plugin v21.1 - https:\/\/yoast.com\/wordpress\/plugins\/seo\/ -->\n<title>Rencontre avec l\u2019auteur de polars Ghislain Gilberti - Les Saisons Culturelles de Chaumont<\/title>\n<meta name=\"description\" content=\"D\u00e9couvrez la programmation culturelle de la saison culturelle de la ville de Chaumont. Expositions, visites, rencontres, ateliers, concerts, spectacles, animations et plus encore.\" \/>\n<meta name=\"robots\" content=\"noindex, follow, max-snippet:-1, max-image-preview:large, max-video-preview:-1\" \/>\n<meta property=\"og:locale\" content=\"fr_FR\" \/>\n<meta property=\"og:type\" content=\"article\" \/>\n<meta property=\"og:title\" content=\"Rencontre avec l\u2019auteur de polars Ghislain Gilberti - Les Saisons Culturelles de Chaumont\" \/>\n<meta property=\"og:description\" content=\"D\u00e9couvrez la programmation culturelle de la saison culturelle de la ville de Chaumont. Expositions, visites, rencontres, ateliers, concerts, spectacles, animations et plus encore.\" \/>\n<meta property=\"og:url\" content=\"https:\/\/saisonsculturelleschaumont.fr\/mdxpuixt\/evenement\/rencontre-avec-lauteur-de-polars-ghislain-gilberti\/\" \/>\n<meta property=\"og:site_name\" content=\"Les Saisons Culturelles de Chaumont\" \/>\n<meta property=\"article:publisher\" content=\"https:\/\/www.facebook.com\/saisonsculturelleschaumont\/\" \/>\n<meta property=\"article:modified_time\" content=\"2023-12-04T09:56:55+00:00\" \/>\n<meta property=\"og:image\" content=\"https:\/\/saisonsculturelleschaumont.fr\/mdxpuixt\/wp-content\/uploads\/2023\/12\/Gishlain-Gilberti-\u00a9-DR-e1701683646336.jpg\" \/>\n\t<meta property=\"og:image:width\" content=\"349\" \/>\n\t<meta property=\"og:image:height\" content=\"349\" \/>\n\t<meta property=\"og:image:type\" content=\"image\/jpeg\" \/>\n<meta name=\"twitter:card\" content=\"summary_large_image\" \/>\n<meta name=\"twitter:label1\" content=\"Dur\u00e9e de lecture estim\u00e9e\" \/>\n\t<meta name=\"twitter:data1\" content=\"2 minutes\" \/>\n<script type=\"application\/ld+json\" class=\"yoast-schema-graph\">{\"@context\":\"https:\/\/schema.org\",\"@graph\":[{\"@type\":\"WebPage\",\"@id\":\"https:\/\/saisonsculturelleschaumont.fr\/mdxpuixt\/evenement\/rencontre-avec-lauteur-de-polars-ghislain-gilberti\/\",\"url\":\"https:\/\/saisonsculturelleschaumont.fr\/mdxpuixt\/evenement\/rencontre-avec-lauteur-de-polars-ghislain-gilberti\/\",\"name\":\"Rencontre avec l\u2019auteur de polars Ghislain Gilberti - Les Saisons Culturelles de Chaumont\",\"isPartOf\":{\"@id\":\"https:\/\/saisonsculturelleschaumont.fr\/mdxpuixt\/#website\"},\"datePublished\":\"2023-12-04T09:40:01+00:00\",\"dateModified\":\"2023-12-04T09:56:55+00:00\",\"description\":\"D\u00e9couvrez la programmation culturelle de la saison culturelle de la ville de Chaumont. Expositions, visites, rencontres, ateliers, concerts, spectacles, animations et plus encore.\",\"breadcrumb\":{\"@id\":\"https:\/\/saisonsculturelleschaumont.fr\/mdxpuixt\/evenement\/rencontre-avec-lauteur-de-polars-ghislain-gilberti\/#breadcrumb\"},\"inLanguage\":\"fr-FR\",\"potentialAction\":[{\"@type\":\"ReadAction\",\"target\":[\"https:\/\/saisonsculturelleschaumont.fr\/mdxpuixt\/evenement\/rencontre-avec-lauteur-de-polars-ghislain-gilberti\/\"]}]},{\"@type\":\"BreadcrumbList\",\"@id\":\"https:\/\/saisonsculturelleschaumont.fr\/mdxpuixt\/evenement\/rencontre-avec-lauteur-de-polars-ghislain-gilberti\/#breadcrumb\",\"itemListElement\":[{\"@type\":\"ListItem\",\"position\":1,\"name\":\"Accueil\",\"item\":\"https:\/\/saisonsculturelleschaumont.fr\/mdxpuixt\/\"},{\"@type\":\"ListItem\",\"position\":2,\"name\":\"\u00c9v\u00e8nements\",\"item\":\"https:\/\/saisonsculturelleschaumont.fr\/mdxpuixt\/agenda\/\"},{\"@type\":\"ListItem\",\"position\":3,\"name\":\"Rencontre avec l\u2019auteur de polars Ghislain Gilberti\"}]},{\"@type\":\"WebSite\",\"@id\":\"https:\/\/saisonsculturelleschaumont.fr\/mdxpuixt\/#website\",\"url\":\"https:\/\/saisonsculturelleschaumont.fr\/mdxpuixt\/\",\"name\":\"Les Saisons Culturelles de Chaumont\",\"description\":\"\",\"potentialAction\":[{\"@type\":\"SearchAction\",\"target\":{\"@type\":\"EntryPoint\",\"urlTemplate\":\"https:\/\/saisonsculturelleschaumont.fr\/mdxpuixt\/?s={search_term_string}\"},\"query-input\":\"required name=search_term_string\"}],\"inLanguage\":\"fr-FR\"}]}<\/script>\n<!-- \/ Yoast SEO plugin. -->","yoast_head_json":{"title":"Rencontre avec l\u2019auteur de polars Ghislain Gilberti - Les Saisons Culturelles de Chaumont","description":"D\u00e9couvrez la programmation culturelle de la saison culturelle de la ville de Chaumont. Expositions, visites, rencontres, ateliers, concerts, spectacles, animations et plus encore.","robots":{"index":"noindex","follow":"follow","max-snippet":"max-snippet:-1","max-image-preview":"max-image-preview:large","max-video-preview":"max-video-preview:-1"},"og_locale":"fr_FR","og_type":"article","og_title":"Rencontre avec l\u2019auteur de polars Ghislain Gilberti - Les Saisons Culturelles de Chaumont","og_description":"D\u00e9couvrez la programmation culturelle de la saison culturelle de la ville de Chaumont. Expositions, visites, rencontres, ateliers, concerts, spectacles, animations et plus encore.","og_url":"https:\/\/saisonsculturelleschaumont.fr\/mdxpuixt\/evenement\/rencontre-avec-lauteur-de-polars-ghislain-gilberti\/","og_site_name":"Les Saisons Culturelles de Chaumont","article_publisher":"https:\/\/www.facebook.com\/saisonsculturelleschaumont\/","article_modified_time":"2023-12-04T09:56:55+00:00","og_image":[{"width":349,"height":349,"url":"https:\/\/saisonsculturelleschaumont.fr\/mdxpuixt\/wp-content\/uploads\/2023\/12\/Gishlain-Gilberti-\u00a9-DR-e1701683646336.jpg","type":"image\/jpeg"}],"twitter_card":"summary_large_image","twitter_misc":{"Dur\u00e9e de lecture estim\u00e9e":"2 minutes"},"schema":{"@context":"https:\/\/schema.org","@graph":[{"@type":"WebPage","@id":"https:\/\/saisonsculturelleschaumont.fr\/mdxpuixt\/evenement\/rencontre-avec-lauteur-de-polars-ghislain-gilberti\/","url":"https:\/\/saisonsculturelleschaumont.fr\/mdxpuixt\/evenement\/rencontre-avec-lauteur-de-polars-ghislain-gilberti\/","name":"Rencontre avec l\u2019auteur de polars Ghislain Gilberti - Les Saisons Culturelles de Chaumont","isPartOf":{"@id":"https:\/\/saisonsculturelleschaumont.fr\/mdxpuixt\/#website"},"datePublished":"2023-12-04T09:40:01+00:00","dateModified":"2023-12-04T09:56:55+00:00","description":"D\u00e9couvrez la programmation culturelle de la saison culturelle de la ville de Chaumont. Expositions, visites, rencontres, ateliers, concerts, spectacles, animations et plus encore.","breadcrumb":{"@id":"https:\/\/saisonsculturelleschaumont.fr\/mdxpuixt\/evenement\/rencontre-avec-lauteur-de-polars-ghislain-gilberti\/#breadcrumb"},"inLanguage":"fr-FR","potentialAction":[{"@type":"ReadAction","target":["https:\/\/saisonsculturelleschaumont.fr\/mdxpuixt\/evenement\/rencontre-avec-lauteur-de-polars-ghislain-gilberti\/"]}]},{"@type":"BreadcrumbList","@id":"https:\/\/saisonsculturelleschaumont.fr\/mdxpuixt\/evenement\/rencontre-avec-lauteur-de-polars-ghislain-gilberti\/#breadcrumb","itemListElement":[{"@type":"ListItem","position":1,"name":"Accueil","item":"https:\/\/saisonsculturelleschaumont.fr\/mdxpuixt\/"},{"@type":"ListItem","position":2,"name":"\u00c9v\u00e8nements","item":"https:\/\/saisonsculturelleschaumont.fr\/mdxpuixt\/agenda\/"},{"@type":"ListItem","position":3,"name":"Rencontre avec l\u2019auteur de polars Ghislain Gilberti"}]},{"@type":"WebSite","@id":"https:\/\/saisonsculturelleschaumont.fr\/mdxpuixt\/#website","url":"https:\/\/saisonsculturelleschaumont.fr\/mdxpuixt\/","name":"Les Saisons Culturelles de Chaumont","description":"","potentialAction":[{"@type":"SearchAction","target":{"@type":"EntryPoint","urlTemplate":"https:\/\/saisonsculturelleschaumont.fr\/mdxpuixt\/?s={search_term_string}"},"query-input":"required name=search_term_string"}],"inLanguage":"fr-FR"}]}},"uagb_featured_image_src":{"full":["https:\/\/saisonsculturelleschaumont.fr\/mdxpuixt\/wp-content\/uploads\/2023\/12\/Gishlain-Gilberti-\u00a9-DR-e1701683646336.jpg",349,349,false],"thumbnail":["https:\/\/saisonsculturelleschaumont.fr\/mdxpuixt\/wp-content\/uploads\/2023\/12\/Gishlain-Gilberti-\u00a9-DR-e1701683646336-80x80.jpg",80,80,true],"medium":["https:\/\/saisonsculturelleschaumont.fr\/mdxpuixt\/wp-content\/uploads\/2023\/12\/Gishlain-Gilberti-\u00a9-DR-e1701683646336-300x300.jpg",300,300,true],"medium_large":["https:\/\/saisonsculturelleschaumont.fr\/mdxpuixt\/wp-content\/uploads\/2023\/12\/Gishlain-Gilberti-\u00a9-DR-e1701683646336.jpg",349,349,false],"large":["https:\/\/saisonsculturelleschaumont.fr\/mdxpuixt\/wp-content\/uploads\/2023\/12\/Gishlain-Gilberti-\u00a9-DR-e1701683646336.jpg",349,349,false],"1536x1536":["https:\/\/saisonsculturelleschaumont.fr\/mdxpuixt\/wp-content\/uploads\/2023\/12\/Gishlain-Gilberti-\u00a9-DR-e1701683646336.jpg",349,349,false],"2048x2048":["https:\/\/saisonsculturelleschaumont.fr\/mdxpuixt\/wp-content\/uploads\/2023\/12\/Gishlain-Gilberti-\u00a9-DR-e1701683646336.jpg",349,349,false],"widget":["https:\/\/saisonsculturelleschaumont.fr\/mdxpuixt\/wp-content\/uploads\/2023\/12\/Gishlain-Gilberti-\u00a9-DR-e1701683646336-36x36.jpg",36,36,true],"square":["https:\/\/saisonsculturelleschaumont.fr\/mdxpuixt\/wp-content\/uploads\/2023\/12\/Gishlain-Gilberti-\u00a9-DR-e1701683646336-180x180.jpg",180,180,true],"featured":["https:\/\/saisonsculturelleschaumont.fr\/mdxpuixt\/wp-content\/uploads\/2023\/12\/Gishlain-Gilberti-\u00a9-DR-349x430.jpg",349,430,true],"featured_large":["https:\/\/saisonsculturelleschaumont.fr\/mdxpuixt\/wp-content\/uploads\/2023\/12\/Gishlain-Gilberti-\u00a9-DR-e1701683646336.jpg",349,349,false],"extra_large":["https:\/\/saisonsculturelleschaumont.fr\/mdxpuixt\/wp-content\/uploads\/2023\/12\/Gishlain-Gilberti-\u00a9-DR-e1701683646336.jpg",349,349,false],"portfolio":["https:\/\/saisonsculturelleschaumont.fr\/mdxpuixt\/wp-content\/uploads\/2023\/12\/Gishlain-Gilberti-\u00a9-DR-349x400.jpg",349,400,true],"portfolio_small":["https:\/\/saisonsculturelleschaumont.fr\/mdxpuixt\/wp-content\/uploads\/2023\/12\/Gishlain-Gilberti-\u00a9-DR-e1701683646336-260x185.jpg",260,185,true],"gallery":["https:\/\/saisonsculturelleschaumont.fr\/mdxpuixt\/wp-content\/uploads\/2023\/12\/Gishlain-Gilberti-\u00a9-DR-e1701683646336.jpg",349,349,false],"magazine":["https:\/\/saisonsculturelleschaumont.fr\/mdxpuixt\/wp-content\/uploads\/2023\/12\/Gishlain-Gilberti-\u00a9-DR-349x375.jpg",349,375,true],"masonry":["https:\/\/saisonsculturelleschaumont.fr\/mdxpuixt\/wp-content\/uploads\/2023\/12\/Gishlain-Gilberti-\u00a9-DR-e1701683646336.jpg",349,349,false],"entry_with_sidebar":["https:\/\/saisonsculturelleschaumont.fr\/mdxpuixt\/wp-content\/uploads\/2023\/12\/Gishlain-Gilberti-\u00a9-DR-e1701683646336-349x321.jpg",349,321,true],"entry_without_sidebar":["https:\/\/saisonsculturelleschaumont.fr\/mdxpuixt\/wp-content\/uploads\/2023\/12\/Gishlain-Gilberti-\u00a9-DR-349x423.jpg",349,423,true]},"uagb_author_info":{"display_name":"Justine Ansel","author_link":"https:\/\/saisonsculturelleschaumont.fr\/mdxpuixt\/author\/justine-ansel\/"},"uagb_comment_info":0,"uagb_excerpt":"Ghislain Gilberti, apr\u00e8s plus de dix ans \u00e0 son compte dans le monde du tatouage, du piercing et des modifications corporelles permanentes, d\u00e9cide de se consacrer exclusivement \u00e0 l\u2019\u00e9criture. Travaillant [&hellip;]","_links":{"self":[{"href":"https:\/\/saisonsculturelleschaumont.fr\/mdxpuixt\/wp-json\/wp\/v2\/tribe_events\/10901"}],"collection":[{"href":"https:\/\/saisonsculturelleschaumont.fr\/mdxpuixt\/wp-json\/wp\/v2\/tribe_events"}],"about":[{"href":"https:\/\/saisonsculturelleschaumont.fr\/mdxpuixt\/wp-json\/wp\/v2\/types\/tribe_events"}],"author":[{"embeddable":true,"href":"https:\/\/saisonsculturelleschaumont.fr\/mdxpuixt\/wp-json\/wp\/v2\/users\/3"}],"replies":[{"embeddable":true,"href":"https:\/\/saisonsculturelleschaumont.fr\/mdxpuixt\/wp-json\/wp\/v2\/comments?post=10901"}],"version-history":[{"count":0,"href":"https:\/\/saisonsculturelleschaumont.fr\/mdxpuixt\/wp-json\/wp\/v2\/tribe_events\/10901\/revisions"}],"wp:featuredmedia":[{"embeddable":true,"href":"https:\/\/saisonsculturelleschaumont.fr\/mdxpuixt\/wp-json\/wp\/v2\/media\/10910"}],"wp:attachment":[{"href":"https:\/\/saisonsculturelleschaumont.fr\/mdxpuixt\/wp-json\/wp\/v2\/media?parent=10901"}],"wp:term":[{"taxonomy":"post_tag","embeddable":true,"href":"https:\/\/saisonsculturelleschaumont.fr\/mdxpuixt\/wp-json\/wp\/v2\/tags?post=10901"},{"taxonomy":"tribe_events_cat","embeddable":true,"href":"https:\/\/saisonsculturelleschaumont.fr\/mdxpuixt\/wp-json\/wp\/v2\/tribe_events_cat?post=10901"}],"curies":[{"name":"wp","href":"https:\/\/api.w.org\/{rel}","templated":true}]}}