{"id":10929,"date":"2023-12-04T11:35:13","date_gmt":"2023-12-04T10:35:13","guid":{"rendered":"https:\/\/saisonsculturelleschaumont.fr\/mdxpuixt\/?post_type=tribe_events&#038;p=10929"},"modified":"2024-01-12T13:18:25","modified_gmt":"2024-01-12T12:18:25","slug":"nuit-des-conservatoire","status":"publish","type":"tribe_events","link":"https:\/\/saisonsculturelleschaumont.fr\/mdxpuixt\/evenement\/nuit-des-conservatoire\/","title":{"rendered":"Nuit des Conservatoires"},"content":{"rendered":"<p style=\"font-weight: 400;\">La nuit des Conservatoires, un \u00e9v\u00e8nement national pour d\u00e9couvrir ce p\u00f4le artistique sous un nouveau jour &#8230;<\/p>\n<p style=\"font-weight: 400;\">Une promenade musicale sera propos\u00e9e au sein de l&rsquo;\u00e9tablissement avec des rencontres improbables et ludiques qui mettront en avant l&rsquo;imagination et la cr\u00e9ation. Cet \u00e9v\u00e8nement est co-organis\u00e9 avec Chaumont Ludik, qui proposera un jeu de piste avec des \u00e9nigmes musicales, mais pas seulement\u2026<\/p>\n<p>&nbsp;<\/p>\n<h4><b>salle de<span class=\"Apple-converted-space\">\u00a0<\/span><\/b><b>percussions<\/b><\/h4>\n<p>\u2192 19h<br \/>\n<b>Atelier Crossover (pop-rock)<\/b><\/p>\n<p>\u2192 19h30 et 21h30<br \/>\n<b>F2B (ensemble funky de cuivres, saxophones et percussions)<\/b><\/p>\n<p>\u2192 20h30<br \/>\n<b>The Lab (atelier rock)<\/b><\/p>\n<p>\u2192 20h45<br \/>\n<b>Premi\u00e8res lueurs (atelier rock)<\/b><\/p>\n<p><span class=\"Apple-converted-space\">\u00a0<\/span><\/p>\n<h4><b>salle Berlioz<\/b><\/h4>\n<p>\u2192 19h15<br \/>\n<b>Orchestre \u00e0 vent junior<\/b><\/p>\n<p>\u2192 21h<br \/>\n<b>Orchestre \u00abLa crois\u00e9e des cordes\u00bb<\/b><\/p>\n<p><span class=\"Apple-converted-space\">\u00a0<\/span><\/p>\n<h4><b>salle Mozart<\/b><\/h4>\n<p>\u2192 19h15 \u2014 20h15 \u2014 21h15<br \/>\n<b>Ateliers participatifs chant<\/b><\/p>\n<p>\u2192 19h45<br \/>\n<b>Atelier participatif cr\u00e9ation Boomwhackers<\/b><\/p>\n<p>\u2192 20h45 \u2014 21h45<br \/>\n<b>Pr\u00e9sentations d\u2019instruments<\/b><\/p>\n<p><span class=\"Apple-converted-space\">\u00a0<\/span><\/p>\n<h4><b>salle Rameau<\/b><\/h4>\n<p>\u2192 19h30<br \/>\n<b>Soundpainting (langage gestuel qui permet de cr\u00e9er en direct de v\u00e9ritables \u00ab peintures sonores \u00bb)<\/b><\/p>\n<p>\u2192 20h15 &#8211; 21h15<br \/>\n<b>Blind-tests<\/b><\/p>\n<p><span class=\"Apple-converted-space\">\u00a0<\/span><\/p>\n<p>&nbsp;<\/p>\n<h4><b>salle Brahms<\/b><\/h4>\n<p>\u2192 de 19h \u00e0 21h<br \/>\n<b>Salle d\u00e9tente, \u00e9coute,<br \/>\nsc\u00e8ne ouverte, MAO<\/b><\/p>\n<p>\u2192 21h<br \/>\n<b>Atelier participatif cr\u00e9ation zen<\/b><\/p>\n<h4><\/h4>\n<h4><b>salle Messiaen<\/b><b><span class=\"Apple-converted-space\">\u00a0 <\/span><\/b><span class=\"Apple-converted-space\">\u00a0 \u00a0 \u00a0 \u00a0 \u00a0 \u00a0 \u00a0<\/span><\/h4>\n<p>\u2192 de 19h \u00e0 22h<br \/>\n<b>Ensembles de fl\u00fbtes, contrebasses, cuivres, guitares, hautbois\u2026<\/b><\/p>\n<p><span class=\"Apple-converted-space\">\u00a0<\/span><\/p>\n<h4><b>salle Rossini<span class=\"Apple-converted-space\">\u00a0<\/span><\/b><\/h4>\n<p>\u2192 19h15 \u2014 20h15 \u2014 21h15<br \/>\n<b>Sc\u00e8ne ouverte pour les<br \/>\n\u00e9l\u00e8ves pianistes<\/b><\/p>\n<p><span class=\"Apple-converted-space\">\u00a0<\/span><\/p>\n<h4><b>salle Wagner<\/b><span class=\"Apple-converted-space\">\u00a0<\/span><\/h4>\n<p>\u2192 de 19h \u00e0 22h<br \/>\n<b>Ateliers jazz<\/b><\/p>\n<p><span class=\"Apple-converted-space\">\u00a0<\/span><\/p>\n<p>Et tout au long de la soir\u00e9e, un jeu<br \/>\nde piste, des d\u00e9fis, des ateliers<br \/>\nparticipatifs et des surprises\u2026<\/p>\n","protected":false},"excerpt":{"rendered":"<p>La nuit des Conservatoires, un \u00e9v\u00e8nement national pour d\u00e9couvrir ce p\u00f4le artistique sous un nouveau jour &#8230; Une promenade musicale sera propos\u00e9e au sein de l&rsquo;\u00e9tablissement avec des rencontres improbables [&hellip;]<\/p>\n","protected":false},"author":3,"featured_media":5128,"comment_status":"open","ping_status":"closed","template":"","meta":{"_uag_custom_page_level_css":"","_tribe_events_status":"","_tribe_events_status_reason":""},"tags":[114,141,99,342],"tribe_events_cat":[],"yoast_head":"<!-- This site is optimized with the Yoast SEO plugin v21.1 - https:\/\/yoast.com\/wordpress\/plugins\/seo\/ -->\n<title>Nuit des Conservatoires - Les Saisons Culturelles de Chaumont<\/title>\n<meta name=\"description\" content=\"D\u00e9couvrez la programmation culturelle de la saison culturelle de la ville de Chaumont. Expositions, visites, rencontres, ateliers, concerts, spectacles, animations et plus encore.\" \/>\n<meta name=\"robots\" content=\"noindex, follow, max-snippet:-1, max-image-preview:large, max-video-preview:-1\" \/>\n<meta property=\"og:locale\" content=\"fr_FR\" \/>\n<meta property=\"og:type\" content=\"article\" \/>\n<meta property=\"og:title\" content=\"Nuit des Conservatoires - Les Saisons Culturelles de Chaumont\" \/>\n<meta property=\"og:description\" content=\"D\u00e9couvrez la programmation culturelle de la saison culturelle de la ville de Chaumont. Expositions, visites, rencontres, ateliers, concerts, spectacles, animations et plus encore.\" \/>\n<meta property=\"og:url\" content=\"https:\/\/saisonsculturelleschaumont.fr\/mdxpuixt\/evenement\/nuit-des-conservatoire\/\" \/>\n<meta property=\"og:site_name\" content=\"Les Saisons Culturelles de Chaumont\" \/>\n<meta property=\"article:publisher\" content=\"https:\/\/www.facebook.com\/saisonsculturelleschaumont\/\" \/>\n<meta property=\"article:modified_time\" content=\"2024-01-12T12:18:25+00:00\" \/>\n<meta property=\"og:image\" content=\"https:\/\/saisonsculturelleschaumont.fr\/mdxpuixt\/wp-content\/uploads\/2020\/02\/Flutes.jpg\" \/>\n\t<meta property=\"og:image:width\" content=\"600\" \/>\n\t<meta property=\"og:image:height\" content=\"400\" \/>\n\t<meta property=\"og:image:type\" content=\"image\/jpeg\" \/>\n<meta name=\"twitter:card\" content=\"summary_large_image\" \/>\n<meta name=\"twitter:label1\" content=\"Dur\u00e9e de lecture estim\u00e9e\" \/>\n\t<meta name=\"twitter:data1\" content=\"2 minutes\" \/>\n<script type=\"application\/ld+json\" class=\"yoast-schema-graph\">{\"@context\":\"https:\/\/schema.org\",\"@graph\":[{\"@type\":\"WebPage\",\"@id\":\"https:\/\/saisonsculturelleschaumont.fr\/mdxpuixt\/evenement\/nuit-des-conservatoire\/\",\"url\":\"https:\/\/saisonsculturelleschaumont.fr\/mdxpuixt\/evenement\/nuit-des-conservatoire\/\",\"name\":\"Nuit des Conservatoires - Les Saisons Culturelles de Chaumont\",\"isPartOf\":{\"@id\":\"https:\/\/saisonsculturelleschaumont.fr\/mdxpuixt\/#website\"},\"datePublished\":\"2023-12-04T10:35:13+00:00\",\"dateModified\":\"2024-01-12T12:18:25+00:00\",\"description\":\"D\u00e9couvrez la programmation culturelle de la saison culturelle de la ville de Chaumont. Expositions, visites, rencontres, ateliers, concerts, spectacles, animations et plus encore.\",\"breadcrumb\":{\"@id\":\"https:\/\/saisonsculturelleschaumont.fr\/mdxpuixt\/evenement\/nuit-des-conservatoire\/#breadcrumb\"},\"inLanguage\":\"fr-FR\",\"potentialAction\":[{\"@type\":\"ReadAction\",\"target\":[\"https:\/\/saisonsculturelleschaumont.fr\/mdxpuixt\/evenement\/nuit-des-conservatoire\/\"]}]},{\"@type\":\"BreadcrumbList\",\"@id\":\"https:\/\/saisonsculturelleschaumont.fr\/mdxpuixt\/evenement\/nuit-des-conservatoire\/#breadcrumb\",\"itemListElement\":[{\"@type\":\"ListItem\",\"position\":1,\"name\":\"Accueil\",\"item\":\"https:\/\/saisonsculturelleschaumont.fr\/mdxpuixt\/\"},{\"@type\":\"ListItem\",\"position\":2,\"name\":\"\u00c9v\u00e8nements\",\"item\":\"https:\/\/saisonsculturelleschaumont.fr\/mdxpuixt\/agenda\/\"},{\"@type\":\"ListItem\",\"position\":3,\"name\":\"Nuit des Conservatoires\"}]},{\"@type\":\"WebSite\",\"@id\":\"https:\/\/saisonsculturelleschaumont.fr\/mdxpuixt\/#website\",\"url\":\"https:\/\/saisonsculturelleschaumont.fr\/mdxpuixt\/\",\"name\":\"Les Saisons Culturelles de Chaumont\",\"description\":\"\",\"potentialAction\":[{\"@type\":\"SearchAction\",\"target\":{\"@type\":\"EntryPoint\",\"urlTemplate\":\"https:\/\/saisonsculturelleschaumont.fr\/mdxpuixt\/?s={search_term_string}\"},\"query-input\":\"required name=search_term_string\"}],\"inLanguage\":\"fr-FR\"}]}<\/script>\n<!-- \/ Yoast SEO plugin. -->","yoast_head_json":{"title":"Nuit des Conservatoires - Les Saisons Culturelles de Chaumont","description":"D\u00e9couvrez la programmation culturelle de la saison culturelle de la ville de Chaumont. Expositions, visites, rencontres, ateliers, concerts, spectacles, animations et plus encore.","robots":{"index":"noindex","follow":"follow","max-snippet":"max-snippet:-1","max-image-preview":"max-image-preview:large","max-video-preview":"max-video-preview:-1"},"og_locale":"fr_FR","og_type":"article","og_title":"Nuit des Conservatoires - Les Saisons Culturelles de Chaumont","og_description":"D\u00e9couvrez la programmation culturelle de la saison culturelle de la ville de Chaumont. Expositions, visites, rencontres, ateliers, concerts, spectacles, animations et plus encore.","og_url":"https:\/\/saisonsculturelleschaumont.fr\/mdxpuixt\/evenement\/nuit-des-conservatoire\/","og_site_name":"Les Saisons Culturelles de Chaumont","article_publisher":"https:\/\/www.facebook.com\/saisonsculturelleschaumont\/","article_modified_time":"2024-01-12T12:18:25+00:00","og_image":[{"width":600,"height":400,"url":"https:\/\/saisonsculturelleschaumont.fr\/mdxpuixt\/wp-content\/uploads\/2020\/02\/Flutes.jpg","type":"image\/jpeg"}],"twitter_card":"summary_large_image","twitter_misc":{"Dur\u00e9e de lecture estim\u00e9e":"2 minutes"},"schema":{"@context":"https:\/\/schema.org","@graph":[{"@type":"WebPage","@id":"https:\/\/saisonsculturelleschaumont.fr\/mdxpuixt\/evenement\/nuit-des-conservatoire\/","url":"https:\/\/saisonsculturelleschaumont.fr\/mdxpuixt\/evenement\/nuit-des-conservatoire\/","name":"Nuit des Conservatoires - Les Saisons Culturelles de Chaumont","isPartOf":{"@id":"https:\/\/saisonsculturelleschaumont.fr\/mdxpuixt\/#website"},"datePublished":"2023-12-04T10:35:13+00:00","dateModified":"2024-01-12T12:18:25+00:00","description":"D\u00e9couvrez la programmation culturelle de la saison culturelle de la ville de Chaumont. Expositions, visites, rencontres, ateliers, concerts, spectacles, animations et plus encore.","breadcrumb":{"@id":"https:\/\/saisonsculturelleschaumont.fr\/mdxpuixt\/evenement\/nuit-des-conservatoire\/#breadcrumb"},"inLanguage":"fr-FR","potentialAction":[{"@type":"ReadAction","target":["https:\/\/saisonsculturelleschaumont.fr\/mdxpuixt\/evenement\/nuit-des-conservatoire\/"]}]},{"@type":"BreadcrumbList","@id":"https:\/\/saisonsculturelleschaumont.fr\/mdxpuixt\/evenement\/nuit-des-conservatoire\/#breadcrumb","itemListElement":[{"@type":"ListItem","position":1,"name":"Accueil","item":"https:\/\/saisonsculturelleschaumont.fr\/mdxpuixt\/"},{"@type":"ListItem","position":2,"name":"\u00c9v\u00e8nements","item":"https:\/\/saisonsculturelleschaumont.fr\/mdxpuixt\/agenda\/"},{"@type":"ListItem","position":3,"name":"Nuit des Conservatoires"}]},{"@type":"WebSite","@id":"https:\/\/saisonsculturelleschaumont.fr\/mdxpuixt\/#website","url":"https:\/\/saisonsculturelleschaumont.fr\/mdxpuixt\/","name":"Les Saisons Culturelles de Chaumont","description":"","potentialAction":[{"@type":"SearchAction","target":{"@type":"EntryPoint","urlTemplate":"https:\/\/saisonsculturelleschaumont.fr\/mdxpuixt\/?s={search_term_string}"},"query-input":"required name=search_term_string"}],"inLanguage":"fr-FR"}]}},"uagb_featured_image_src":{"full":["https:\/\/saisonsculturelleschaumont.fr\/mdxpuixt\/wp-content\/uploads\/2020\/02\/Flutes.jpg",600,400,false],"thumbnail":["https:\/\/saisonsculturelleschaumont.fr\/mdxpuixt\/wp-content\/uploads\/2020\/02\/Flutes-80x80.jpg",80,80,true],"medium":["https:\/\/saisonsculturelleschaumont.fr\/mdxpuixt\/wp-content\/uploads\/2020\/02\/Flutes-300x300.jpg",300,300,true],"medium_large":["https:\/\/saisonsculturelleschaumont.fr\/mdxpuixt\/wp-content\/uploads\/2020\/02\/Flutes.jpg",600,400,false],"large":["https:\/\/saisonsculturelleschaumont.fr\/mdxpuixt\/wp-content\/uploads\/2020\/02\/Flutes.jpg",600,400,false],"1536x1536":["https:\/\/saisonsculturelleschaumont.fr\/mdxpuixt\/wp-content\/uploads\/2020\/02\/Flutes.jpg",600,400,false],"2048x2048":["https:\/\/saisonsculturelleschaumont.fr\/mdxpuixt\/wp-content\/uploads\/2020\/02\/Flutes.jpg",600,400,false],"widget":["https:\/\/saisonsculturelleschaumont.fr\/mdxpuixt\/wp-content\/uploads\/2020\/02\/Flutes-36x36.jpg",36,36,true],"square":["https:\/\/saisonsculturelleschaumont.fr\/mdxpuixt\/wp-content\/uploads\/2020\/02\/Flutes-180x180.jpg",180,180,true],"featured":["https:\/\/saisonsculturelleschaumont.fr\/mdxpuixt\/wp-content\/uploads\/2020\/02\/Flutes.jpg",600,400,false],"featured_large":["https:\/\/saisonsculturelleschaumont.fr\/mdxpuixt\/wp-content\/uploads\/2020\/02\/Flutes.jpg",600,400,false],"extra_large":["https:\/\/saisonsculturelleschaumont.fr\/mdxpuixt\/wp-content\/uploads\/2020\/02\/Flutes.jpg",600,400,false],"portfolio":["https:\/\/saisonsculturelleschaumont.fr\/mdxpuixt\/wp-content\/uploads\/2020\/02\/Flutes-495x400.jpg",495,400,true],"portfolio_small":["https:\/\/saisonsculturelleschaumont.fr\/mdxpuixt\/wp-content\/uploads\/2020\/02\/Flutes-260x185.jpg",260,185,true],"gallery":["https:\/\/saisonsculturelleschaumont.fr\/mdxpuixt\/wp-content\/uploads\/2020\/02\/Flutes.jpg",600,400,false],"magazine":["https:\/\/saisonsculturelleschaumont.fr\/mdxpuixt\/wp-content\/uploads\/2020\/02\/Flutes-600x375.jpg",600,375,true],"masonry":["https:\/\/saisonsculturelleschaumont.fr\/mdxpuixt\/wp-content\/uploads\/2020\/02\/Flutes.jpg",600,400,false],"entry_with_sidebar":["https:\/\/saisonsculturelleschaumont.fr\/mdxpuixt\/wp-content\/uploads\/2020\/02\/Flutes-600x321.jpg",600,321,true],"entry_without_sidebar":["https:\/\/saisonsculturelleschaumont.fr\/mdxpuixt\/wp-content\/uploads\/2020\/02\/Flutes.jpg",600,400,false]},"uagb_author_info":{"display_name":"Justine Ansel","author_link":"https:\/\/saisonsculturelleschaumont.fr\/mdxpuixt\/author\/justine-ansel\/"},"uagb_comment_info":0,"uagb_excerpt":"La nuit des Conservatoires, un \u00e9v\u00e8nement national pour d\u00e9couvrir ce p\u00f4le artistique sous un nouveau jour &#8230; Une promenade musicale sera propos\u00e9e au sein de l&rsquo;\u00e9tablissement avec des rencontres improbables [&hellip;]","_links":{"self":[{"href":"https:\/\/saisonsculturelleschaumont.fr\/mdxpuixt\/wp-json\/wp\/v2\/tribe_events\/10929"}],"collection":[{"href":"https:\/\/saisonsculturelleschaumont.fr\/mdxpuixt\/wp-json\/wp\/v2\/tribe_events"}],"about":[{"href":"https:\/\/saisonsculturelleschaumont.fr\/mdxpuixt\/wp-json\/wp\/v2\/types\/tribe_events"}],"author":[{"embeddable":true,"href":"https:\/\/saisonsculturelleschaumont.fr\/mdxpuixt\/wp-json\/wp\/v2\/users\/3"}],"replies":[{"embeddable":true,"href":"https:\/\/saisonsculturelleschaumont.fr\/mdxpuixt\/wp-json\/wp\/v2\/comments?post=10929"}],"version-history":[{"count":0,"href":"https:\/\/saisonsculturelleschaumont.fr\/mdxpuixt\/wp-json\/wp\/v2\/tribe_events\/10929\/revisions"}],"wp:featuredmedia":[{"embeddable":true,"href":"https:\/\/saisonsculturelleschaumont.fr\/mdxpuixt\/wp-json\/wp\/v2\/media\/5128"}],"wp:attachment":[{"href":"https:\/\/saisonsculturelleschaumont.fr\/mdxpuixt\/wp-json\/wp\/v2\/media?parent=10929"}],"wp:term":[{"taxonomy":"post_tag","embeddable":true,"href":"https:\/\/saisonsculturelleschaumont.fr\/mdxpuixt\/wp-json\/wp\/v2\/tags?post=10929"},{"taxonomy":"tribe_events_cat","embeddable":true,"href":"https:\/\/saisonsculturelleschaumont.fr\/mdxpuixt\/wp-json\/wp\/v2\/tribe_events_cat?post=10929"}],"curies":[{"name":"wp","href":"https:\/\/api.w.org\/{rel}","templated":true}]}}