{"id":11050,"date":"2024-01-17T15:26:09","date_gmt":"2024-01-17T14:26:09","guid":{"rendered":"https:\/\/saisonsculturelleschaumont.fr\/mdxpuixt\/?post_type=tribe_events&#038;p=11050"},"modified":"2024-02-16T09:57:11","modified_gmt":"2024-02-16T08:57:11","slug":"tantz-du-sirba-octet","status":"publish","type":"tribe_events","link":"https:\/\/saisonsculturelleschaumont.fr\/mdxpuixt\/evenement\/tantz-du-sirba-octet\/","title":{"rendered":"Tantz ! Concert du Sirba Octet"},"content":{"rendered":"<p><strong>Concert de l&rsquo;ensemble Sirba Octet<\/strong><\/p>\n<p>\u00ab Tantz ! prend son origine dans les pays de l\u2019Est o\u00f9 ont v\u00e9cu mes grands-parents avant d\u2019\u00e9migrer il y a presque cent ans. J\u2019ai souhait\u00e9 retrouver un peu de cette histoire constitutive de ma culture et de ma sensibilit\u00e9 en choisissant de faire revivre ces musiques dans le pr\u00e9sent de musicien classique que je suis aujourd\u2019hui. J\u2019ai construit ce programme en m\u2019inspirant de l\u2019itin\u00e9rance, de la migration de la musique et des hommes en reliant en quelque sorte des \u00ab ponts \u00bb entre la Roumanie, la Moldavie, la Russie et la Hongrie riches d\u2019un r\u00e9pertoire m\u00e9tiss\u00e9 de musiques traditionnelles, klezmer et tziganes. Chacun des titres soigneusement choisis conserve l\u2019authenticit\u00e9 et l\u2019identit\u00e9 dont nous sommes les porteurs, les transmetteurs au service d\u2019un voyage musical qui s\u2019\u00e9crit tout naturellement comme un hymne \u00e0 la vie, sensible et po\u00e9tique, teint\u00e9 d\u2019humour et exaltant ! \u00bb<\/p>\n<p>Richard Schmoucler,<br \/>\ndirecteur artistique<\/p>\n<p>&nbsp;<\/p>\n<p><strong>Artistes<\/strong><\/p>\n<p>Le Sirba Octet :<\/p>\n<ul>\n<li>Richard Schmoucler violon 1<\/li>\n<li>Laurent Manaud-Pallas violon 2<\/li>\n<li>Gr\u00e9goire Vecchioni alto<\/li>\n<li>Claude Giron violoncelle<\/li>\n<li>Stanislas Kuchinski contrebasse<\/li>\n<li>Philippe Berrod clarinette<\/li>\n<li>Iurie Morar cymbalum<\/li>\n<li>Christophe Henry piano<\/li>\n<\/ul>\n<p>Arrangements : Cyrille Lehn<\/p>\n<p>Dur\u00e9e<br \/>\n1h45 (sans entracte)<\/p>\n<p>&nbsp;<\/p>\n<p>En 2003, le violoniste Richard Schmoucler prend le pari de cr\u00e9er un ensemble \u00e0 mi-chemin entre l\u2019academisme classique et la musique traditionnelle d\u2019Europe de l\u2019Est. Il s\u2019associe \u00e0 cinq de ses amis musiciens membres des orchestres de Paris, du National de France et de l\u2019Op\u00e9ra de Paris, \u00e0 un pianiste, un cymbaliste et \u00e0 l\u2019arrangeur Cyrille Lehn pour former le Sirba Octet. Cet ensemble singulier qui propose une lecture originale du r\u00e9pertoire klezmer, yiddish et tzigane sort son premier album A Yiddishe Mame chez le label Na\u00efve Classic en 2005. Ce programme acoustique et intimiste au coeur des m\u00e9lodies d\u2019Europe de l\u2019Est est un floril\u00e8ge d\u2019airs aux accents slaves et yiddish, souvenirs des ambiances festives et familiales de son fondateur Richard Schmoucler. C\u2019est \u00e0 travers cette histoire constitutive de sa culture et de sa sensibilit\u00e9 qu\u2019il con\u00e7oit ensuite ses diff\u00e9rents programmes et choisit de faire revivre ces musiques dans le pr\u00e9sent de musicien classique qu\u2019il est aujourd\u2019hui.<\/p>\n<p>&nbsp;<\/p>\n<p>Gratuit<\/p>\n","protected":false},"excerpt":{"rendered":"<p>Concert de l&rsquo;ensemble Sirba Octet \u00ab Tantz ! prend son origine dans les pays de l\u2019Est o\u00f9 ont v\u00e9cu mes grands-parents avant d\u2019\u00e9migrer il y a presque cent ans. J\u2019ai [&hellip;]<\/p>\n","protected":false},"author":3,"featured_media":11051,"comment_status":"open","ping_status":"closed","template":"","meta":{"_uag_custom_page_level_css":"","_tribe_events_status":"","_tribe_events_status_reason":""},"tags":[51,114,384],"tribe_events_cat":[305],"yoast_head":"<!-- This site is optimized with the Yoast SEO plugin v21.1 - https:\/\/yoast.com\/wordpress\/plugins\/seo\/ -->\n<title>Tantz ! Concert du Sirba Octet - Les Saisons Culturelles de Chaumont<\/title>\n<meta name=\"description\" content=\"D\u00e9couvrez la programmation culturelle de la saison culturelle de la ville de Chaumont. Expositions, visites, rencontres, ateliers, concerts, spectacles, animations et plus encore.\" \/>\n<meta name=\"robots\" content=\"noindex, follow, max-snippet:-1, max-image-preview:large, max-video-preview:-1\" \/>\n<meta property=\"og:locale\" content=\"fr_FR\" \/>\n<meta property=\"og:type\" content=\"article\" \/>\n<meta property=\"og:title\" content=\"Tantz ! Concert du Sirba Octet - Les Saisons Culturelles de Chaumont\" \/>\n<meta property=\"og:description\" content=\"D\u00e9couvrez la programmation culturelle de la saison culturelle de la ville de Chaumont. Expositions, visites, rencontres, ateliers, concerts, spectacles, animations et plus encore.\" \/>\n<meta property=\"og:url\" content=\"https:\/\/saisonsculturelleschaumont.fr\/mdxpuixt\/evenement\/tantz-du-sirba-octet\/\" \/>\n<meta property=\"og:site_name\" content=\"Les Saisons Culturelles de Chaumont\" \/>\n<meta property=\"article:publisher\" content=\"https:\/\/www.facebook.com\/saisonsculturelleschaumont\/\" \/>\n<meta property=\"article:modified_time\" content=\"2024-02-16T08:57:11+00:00\" \/>\n<meta property=\"og:image\" content=\"https:\/\/saisonsculturelleschaumont.fr\/mdxpuixt\/wp-content\/uploads\/2024\/01\/SIRBA-OCTET-CREDIT-PHOTO-CAROLINE-DOUTRE-21CD0403SBO_0141-1030x1030.jpg\" \/>\n\t<meta property=\"og:image:width\" content=\"1030\" \/>\n\t<meta property=\"og:image:height\" content=\"1030\" \/>\n\t<meta property=\"og:image:type\" content=\"image\/jpeg\" \/>\n<meta name=\"twitter:card\" content=\"summary_large_image\" \/>\n<meta name=\"twitter:label1\" content=\"Dur\u00e9e de lecture estim\u00e9e\" \/>\n\t<meta name=\"twitter:data1\" content=\"2 minutes\" \/>\n<script type=\"application\/ld+json\" class=\"yoast-schema-graph\">{\"@context\":\"https:\/\/schema.org\",\"@graph\":[{\"@type\":\"WebPage\",\"@id\":\"https:\/\/saisonsculturelleschaumont.fr\/mdxpuixt\/evenement\/tantz-du-sirba-octet\/\",\"url\":\"https:\/\/saisonsculturelleschaumont.fr\/mdxpuixt\/evenement\/tantz-du-sirba-octet\/\",\"name\":\"Tantz ! Concert du Sirba Octet - Les Saisons Culturelles de Chaumont\",\"isPartOf\":{\"@id\":\"https:\/\/saisonsculturelleschaumont.fr\/mdxpuixt\/#website\"},\"datePublished\":\"2024-01-17T14:26:09+00:00\",\"dateModified\":\"2024-02-16T08:57:11+00:00\",\"description\":\"D\u00e9couvrez la programmation culturelle de la saison culturelle de la ville de Chaumont. Expositions, visites, rencontres, ateliers, concerts, spectacles, animations et plus encore.\",\"breadcrumb\":{\"@id\":\"https:\/\/saisonsculturelleschaumont.fr\/mdxpuixt\/evenement\/tantz-du-sirba-octet\/#breadcrumb\"},\"inLanguage\":\"fr-FR\",\"potentialAction\":[{\"@type\":\"ReadAction\",\"target\":[\"https:\/\/saisonsculturelleschaumont.fr\/mdxpuixt\/evenement\/tantz-du-sirba-octet\/\"]}]},{\"@type\":\"BreadcrumbList\",\"@id\":\"https:\/\/saisonsculturelleschaumont.fr\/mdxpuixt\/evenement\/tantz-du-sirba-octet\/#breadcrumb\",\"itemListElement\":[{\"@type\":\"ListItem\",\"position\":1,\"name\":\"Accueil\",\"item\":\"https:\/\/saisonsculturelleschaumont.fr\/mdxpuixt\/\"},{\"@type\":\"ListItem\",\"position\":2,\"name\":\"\u00c9v\u00e8nements\",\"item\":\"https:\/\/saisonsculturelleschaumont.fr\/mdxpuixt\/agenda\/\"},{\"@type\":\"ListItem\",\"position\":3,\"name\":\"Tantz ! Concert du Sirba Octet\"}]},{\"@type\":\"WebSite\",\"@id\":\"https:\/\/saisonsculturelleschaumont.fr\/mdxpuixt\/#website\",\"url\":\"https:\/\/saisonsculturelleschaumont.fr\/mdxpuixt\/\",\"name\":\"Les Saisons Culturelles de Chaumont\",\"description\":\"\",\"potentialAction\":[{\"@type\":\"SearchAction\",\"target\":{\"@type\":\"EntryPoint\",\"urlTemplate\":\"https:\/\/saisonsculturelleschaumont.fr\/mdxpuixt\/?s={search_term_string}\"},\"query-input\":\"required name=search_term_string\"}],\"inLanguage\":\"fr-FR\"}]}<\/script>\n<!-- \/ Yoast SEO plugin. -->","yoast_head_json":{"title":"Tantz ! Concert du Sirba Octet - Les Saisons Culturelles de Chaumont","description":"D\u00e9couvrez la programmation culturelle de la saison culturelle de la ville de Chaumont. Expositions, visites, rencontres, ateliers, concerts, spectacles, animations et plus encore.","robots":{"index":"noindex","follow":"follow","max-snippet":"max-snippet:-1","max-image-preview":"max-image-preview:large","max-video-preview":"max-video-preview:-1"},"og_locale":"fr_FR","og_type":"article","og_title":"Tantz ! Concert du Sirba Octet - Les Saisons Culturelles de Chaumont","og_description":"D\u00e9couvrez la programmation culturelle de la saison culturelle de la ville de Chaumont. Expositions, visites, rencontres, ateliers, concerts, spectacles, animations et plus encore.","og_url":"https:\/\/saisonsculturelleschaumont.fr\/mdxpuixt\/evenement\/tantz-du-sirba-octet\/","og_site_name":"Les Saisons Culturelles de Chaumont","article_publisher":"https:\/\/www.facebook.com\/saisonsculturelleschaumont\/","article_modified_time":"2024-02-16T08:57:11+00:00","og_image":[{"width":1030,"height":1030,"url":"https:\/\/saisonsculturelleschaumont.fr\/mdxpuixt\/wp-content\/uploads\/2024\/01\/SIRBA-OCTET-CREDIT-PHOTO-CAROLINE-DOUTRE-21CD0403SBO_0141-1030x1030.jpg","type":"image\/jpeg"}],"twitter_card":"summary_large_image","twitter_misc":{"Dur\u00e9e de lecture estim\u00e9e":"2 minutes"},"schema":{"@context":"https:\/\/schema.org","@graph":[{"@type":"WebPage","@id":"https:\/\/saisonsculturelleschaumont.fr\/mdxpuixt\/evenement\/tantz-du-sirba-octet\/","url":"https:\/\/saisonsculturelleschaumont.fr\/mdxpuixt\/evenement\/tantz-du-sirba-octet\/","name":"Tantz ! Concert du Sirba Octet - Les Saisons Culturelles de Chaumont","isPartOf":{"@id":"https:\/\/saisonsculturelleschaumont.fr\/mdxpuixt\/#website"},"datePublished":"2024-01-17T14:26:09+00:00","dateModified":"2024-02-16T08:57:11+00:00","description":"D\u00e9couvrez la programmation culturelle de la saison culturelle de la ville de Chaumont. Expositions, visites, rencontres, ateliers, concerts, spectacles, animations et plus encore.","breadcrumb":{"@id":"https:\/\/saisonsculturelleschaumont.fr\/mdxpuixt\/evenement\/tantz-du-sirba-octet\/#breadcrumb"},"inLanguage":"fr-FR","potentialAction":[{"@type":"ReadAction","target":["https:\/\/saisonsculturelleschaumont.fr\/mdxpuixt\/evenement\/tantz-du-sirba-octet\/"]}]},{"@type":"BreadcrumbList","@id":"https:\/\/saisonsculturelleschaumont.fr\/mdxpuixt\/evenement\/tantz-du-sirba-octet\/#breadcrumb","itemListElement":[{"@type":"ListItem","position":1,"name":"Accueil","item":"https:\/\/saisonsculturelleschaumont.fr\/mdxpuixt\/"},{"@type":"ListItem","position":2,"name":"\u00c9v\u00e8nements","item":"https:\/\/saisonsculturelleschaumont.fr\/mdxpuixt\/agenda\/"},{"@type":"ListItem","position":3,"name":"Tantz ! Concert du Sirba Octet"}]},{"@type":"WebSite","@id":"https:\/\/saisonsculturelleschaumont.fr\/mdxpuixt\/#website","url":"https:\/\/saisonsculturelleschaumont.fr\/mdxpuixt\/","name":"Les Saisons Culturelles de Chaumont","description":"","potentialAction":[{"@type":"SearchAction","target":{"@type":"EntryPoint","urlTemplate":"https:\/\/saisonsculturelleschaumont.fr\/mdxpuixt\/?s={search_term_string}"},"query-input":"required name=search_term_string"}],"inLanguage":"fr-FR"}]}},"uagb_featured_image_src":{"full":["https:\/\/saisonsculturelleschaumont.fr\/mdxpuixt\/wp-content\/uploads\/2024\/01\/SIRBA-OCTET-CREDIT-PHOTO-CAROLINE-DOUTRE-21CD0403SBO_0141-scaled.jpg",2560,1707,false],"thumbnail":["https:\/\/saisonsculturelleschaumont.fr\/mdxpuixt\/wp-content\/uploads\/2024\/01\/SIRBA-OCTET-CREDIT-PHOTO-CAROLINE-DOUTRE-21CD0403SBO_0141-80x80.jpg",80,80,true],"medium":["https:\/\/saisonsculturelleschaumont.fr\/mdxpuixt\/wp-content\/uploads\/2024\/01\/SIRBA-OCTET-CREDIT-PHOTO-CAROLINE-DOUTRE-21CD0403SBO_0141-300x300.jpg",300,300,true],"medium_large":["https:\/\/saisonsculturelleschaumont.fr\/mdxpuixt\/wp-content\/uploads\/2024\/01\/SIRBA-OCTET-CREDIT-PHOTO-CAROLINE-DOUTRE-21CD0403SBO_0141-768x768.jpg",768,768,true],"large":["https:\/\/saisonsculturelleschaumont.fr\/mdxpuixt\/wp-content\/uploads\/2024\/01\/SIRBA-OCTET-CREDIT-PHOTO-CAROLINE-DOUTRE-21CD0403SBO_0141-1030x1030.jpg",1030,1030,true],"1536x1536":["https:\/\/saisonsculturelleschaumont.fr\/mdxpuixt\/wp-content\/uploads\/2024\/01\/SIRBA-OCTET-CREDIT-PHOTO-CAROLINE-DOUTRE-21CD0403SBO_0141-1536x1024.jpg",1536,1024,true],"2048x2048":["https:\/\/saisonsculturelleschaumont.fr\/mdxpuixt\/wp-content\/uploads\/2024\/01\/SIRBA-OCTET-CREDIT-PHOTO-CAROLINE-DOUTRE-21CD0403SBO_0141-2048x1365.jpg",2048,1365,true],"widget":["https:\/\/saisonsculturelleschaumont.fr\/mdxpuixt\/wp-content\/uploads\/2024\/01\/SIRBA-OCTET-CREDIT-PHOTO-CAROLINE-DOUTRE-21CD0403SBO_0141-36x36.jpg",36,36,true],"square":["https:\/\/saisonsculturelleschaumont.fr\/mdxpuixt\/wp-content\/uploads\/2024\/01\/SIRBA-OCTET-CREDIT-PHOTO-CAROLINE-DOUTRE-21CD0403SBO_0141-180x180.jpg",180,180,true],"featured":["https:\/\/saisonsculturelleschaumont.fr\/mdxpuixt\/wp-content\/uploads\/2024\/01\/SIRBA-OCTET-CREDIT-PHOTO-CAROLINE-DOUTRE-21CD0403SBO_0141-1500x430.jpg",1500,430,true],"featured_large":["https:\/\/saisonsculturelleschaumont.fr\/mdxpuixt\/wp-content\/uploads\/2024\/01\/SIRBA-OCTET-CREDIT-PHOTO-CAROLINE-DOUTRE-21CD0403SBO_0141-1500x630.jpg",1500,630,true],"extra_large":["https:\/\/saisonsculturelleschaumont.fr\/mdxpuixt\/wp-content\/uploads\/2024\/01\/SIRBA-OCTET-CREDIT-PHOTO-CAROLINE-DOUTRE-21CD0403SBO_0141-1500x1000.jpg",1500,1000,true],"portfolio":["https:\/\/saisonsculturelleschaumont.fr\/mdxpuixt\/wp-content\/uploads\/2024\/01\/SIRBA-OCTET-CREDIT-PHOTO-CAROLINE-DOUTRE-21CD0403SBO_0141-495x400.jpg",495,400,true],"portfolio_small":["https:\/\/saisonsculturelleschaumont.fr\/mdxpuixt\/wp-content\/uploads\/2024\/01\/SIRBA-OCTET-CREDIT-PHOTO-CAROLINE-DOUTRE-21CD0403SBO_0141-260x185.jpg",260,185,true],"gallery":["https:\/\/saisonsculturelleschaumont.fr\/mdxpuixt\/wp-content\/uploads\/2024\/01\/SIRBA-OCTET-CREDIT-PHOTO-CAROLINE-DOUTRE-21CD0403SBO_0141-845x684.jpg",845,684,true],"magazine":["https:\/\/saisonsculturelleschaumont.fr\/mdxpuixt\/wp-content\/uploads\/2024\/01\/SIRBA-OCTET-CREDIT-PHOTO-CAROLINE-DOUTRE-21CD0403SBO_0141-710x375.jpg",710,375,true],"masonry":["https:\/\/saisonsculturelleschaumont.fr\/mdxpuixt\/wp-content\/uploads\/2024\/01\/SIRBA-OCTET-CREDIT-PHOTO-CAROLINE-DOUTRE-21CD0403SBO_0141-705x470.jpg",705,470,true],"entry_with_sidebar":["https:\/\/saisonsculturelleschaumont.fr\/mdxpuixt\/wp-content\/uploads\/2024\/01\/SIRBA-OCTET-CREDIT-PHOTO-CAROLINE-DOUTRE-21CD0403SBO_0141-845x321.jpg",845,321,true],"entry_without_sidebar":["https:\/\/saisonsculturelleschaumont.fr\/mdxpuixt\/wp-content\/uploads\/2024\/01\/SIRBA-OCTET-CREDIT-PHOTO-CAROLINE-DOUTRE-21CD0403SBO_0141-1210x423.jpg",1210,423,true]},"uagb_author_info":{"display_name":"Justine Ansel","author_link":"https:\/\/saisonsculturelleschaumont.fr\/mdxpuixt\/author\/justine-ansel\/"},"uagb_comment_info":0,"uagb_excerpt":"Concert de l&rsquo;ensemble Sirba Octet \u00ab Tantz ! prend son origine dans les pays de l\u2019Est o\u00f9 ont v\u00e9cu mes grands-parents avant d\u2019\u00e9migrer il y a presque cent ans. J\u2019ai [&hellip;]","_links":{"self":[{"href":"https:\/\/saisonsculturelleschaumont.fr\/mdxpuixt\/wp-json\/wp\/v2\/tribe_events\/11050"}],"collection":[{"href":"https:\/\/saisonsculturelleschaumont.fr\/mdxpuixt\/wp-json\/wp\/v2\/tribe_events"}],"about":[{"href":"https:\/\/saisonsculturelleschaumont.fr\/mdxpuixt\/wp-json\/wp\/v2\/types\/tribe_events"}],"author":[{"embeddable":true,"href":"https:\/\/saisonsculturelleschaumont.fr\/mdxpuixt\/wp-json\/wp\/v2\/users\/3"}],"replies":[{"embeddable":true,"href":"https:\/\/saisonsculturelleschaumont.fr\/mdxpuixt\/wp-json\/wp\/v2\/comments?post=11050"}],"version-history":[{"count":1,"href":"https:\/\/saisonsculturelleschaumont.fr\/mdxpuixt\/wp-json\/wp\/v2\/tribe_events\/11050\/revisions"}],"predecessor-version":[{"id":11537,"href":"https:\/\/saisonsculturelleschaumont.fr\/mdxpuixt\/wp-json\/wp\/v2\/tribe_events\/11050\/revisions\/11537"}],"wp:featuredmedia":[{"embeddable":true,"href":"https:\/\/saisonsculturelleschaumont.fr\/mdxpuixt\/wp-json\/wp\/v2\/media\/11051"}],"wp:attachment":[{"href":"https:\/\/saisonsculturelleschaumont.fr\/mdxpuixt\/wp-json\/wp\/v2\/media?parent=11050"}],"wp:term":[{"taxonomy":"post_tag","embeddable":true,"href":"https:\/\/saisonsculturelleschaumont.fr\/mdxpuixt\/wp-json\/wp\/v2\/tags?post=11050"},{"taxonomy":"tribe_events_cat","embeddable":true,"href":"https:\/\/saisonsculturelleschaumont.fr\/mdxpuixt\/wp-json\/wp\/v2\/tribe_events_cat?post=11050"}],"curies":[{"name":"wp","href":"https:\/\/api.w.org\/{rel}","templated":true}]}}