{"id":11077,"date":"2024-01-17T15:49:32","date_gmt":"2024-01-17T14:49:32","guid":{"rendered":"https:\/\/saisonsculturelleschaumont.fr\/mdxpuixt\/?post_type=tribe_events&#038;p=11077"},"modified":"2024-01-17T15:49:32","modified_gmt":"2024-01-17T14:49:32","slug":"mariaj-en-chonsons","status":"publish","type":"tribe_events","link":"https:\/\/saisonsculturelleschaumont.fr\/mdxpuixt\/evenement\/mariaj-en-chonsons\/","title":{"rendered":"Mariaj en chonsons"},"content":{"rendered":"<p>Musique<br \/>\n1h<br \/>\n+ 14 ans<\/p>\n<p>&nbsp;<\/p>\n<div class=\"main-text\">\n<p>Apr\u00e8s H\u00d8M\u00c5J \u00c0 LA CH\u00d8NSON FRAN\u00c7AISE, venez (re)d\u00e9couvrir MARI\u00c5J EN CH\u00d8NSONS, le spectacle des Bl\u00f8nd and Bl\u00f6nd and Bl\u00f3nd !<\/p>\n<p>French touch, guimauve, vari\u00e9toche, java-musette, aucun classique ne r\u00e9siste \u00e0 leur su\u00e9ditude passionn\u00e9e mais corrosive.<\/p>\n<p>Vous \u00eates convi\u00e9s au repas de noce de Magnus et Gwendoline. C&rsquo;est tout naturellement que ce su\u00e9dois et cette fran\u00e7aise se sont tourn\u00e9s vers les Bl\u00f8nd and Bl\u00f6nd and Bl\u00f3nd pour c\u00e9l\u00e9brer leur union.<\/p>\n<p>Extraits du menu :<\/p>\n<p>\u2022 Velout\u00e9 de premiers \u00e9mois d\u2019amour<\/p>\n<p>\u2022 Carpaccio de douceur animale sauce L214<\/p>\n<p>\u2022 Terrine de Franchouille et son \u00e9mulsion au vin Johnny<\/p>\n<p>\u2022 Plateau de H\u00f8m\u00e5j de chansons vari\u00e9es \u00e0 p\u00e2te molle<\/p>\n<p>\u2022 Farandole soyeuse de sucre bruni Carla, d\u2019acidul\u00e9 Lio Ferr\u00e9 et autres friandises musicales et digestives<\/p>\n<p>En un mot, si vous aimez Ingmar Dassin et Joe Bergman, ce spectacle est pour vous\u00a0!<\/p>\n<p>&nbsp;<\/p>\n<\/div>\n<div class=\"distribution\">\n<p><strong>Avec Gl\u00e4r, M\u00e5r et T\u00f8\u00a0<\/strong><\/p>\n<p><strong>Mise en sc\u00e8ne \u202f:<\/strong>\u202fJean-Claude Cotillard &amp; les Blonds<\/p>\n<p><strong>Cr\u00e9ation costumes \u202f:<\/strong>\u202fSarah Dupont<\/p>\n<p><strong>Cr\u00e9ation lumi\u00e8re \u202f:<\/strong>\u202fDominique Peurois<\/p>\n<p><strong>Cr\u00e9ation son \u202f:<\/strong>\u202fMicha\u00ebl Houssier<\/p>\n<p>&nbsp;<\/p>\n<\/div>\n<p>Billetterie : https:\/\/billetterie-nouveaurelax.mapado.com\/<\/p>\n","protected":false},"excerpt":{"rendered":"<p>Musique 1h + 14 ans &nbsp; Apr\u00e8s H\u00d8M\u00c5J \u00c0 LA CH\u00d8NSON FRAN\u00c7AISE, venez (re)d\u00e9couvrir MARI\u00c5J EN CH\u00d8NSONS, le spectacle des Bl\u00f8nd and Bl\u00f6nd and Bl\u00f3nd ! French touch, guimauve, vari\u00e9toche, [&hellip;]<\/p>\n","protected":false},"author":3,"featured_media":11078,"comment_status":"open","ping_status":"closed","template":"","meta":{"_uag_custom_page_level_css":"","_tribe_events_status":"","_tribe_events_status_reason":""},"tags":[468,55],"tribe_events_cat":[44],"yoast_head":"<!-- This site is optimized with the Yoast SEO plugin v21.1 - https:\/\/yoast.com\/wordpress\/plugins\/seo\/ -->\n<title>Mariaj en chonsons - Les Saisons Culturelles de Chaumont<\/title>\n<meta name=\"description\" content=\"D\u00e9couvrez la programmation culturelle de la saison culturelle de la ville de Chaumont. Expositions, visites, rencontres, ateliers, concerts, spectacles, animations et plus encore.\" \/>\n<meta name=\"robots\" content=\"noindex, follow, max-snippet:-1, max-image-preview:large, max-video-preview:-1\" \/>\n<meta property=\"og:locale\" content=\"fr_FR\" \/>\n<meta property=\"og:type\" content=\"article\" \/>\n<meta property=\"og:title\" content=\"Mariaj en chonsons - Les Saisons Culturelles de Chaumont\" \/>\n<meta property=\"og:description\" content=\"D\u00e9couvrez la programmation culturelle de la saison culturelle de la ville de Chaumont. Expositions, visites, rencontres, ateliers, concerts, spectacles, animations et plus encore.\" \/>\n<meta property=\"og:url\" content=\"https:\/\/saisonsculturelleschaumont.fr\/mdxpuixt\/evenement\/mariaj-en-chonsons\/\" \/>\n<meta property=\"og:site_name\" content=\"Les Saisons Culturelles de Chaumont\" \/>\n<meta property=\"article:publisher\" content=\"https:\/\/www.facebook.com\/saisonsculturelleschaumont\/\" \/>\n<meta property=\"og:image\" content=\"https:\/\/saisonsculturelleschaumont.fr\/mdxpuixt\/wp-content\/uploads\/2024\/01\/Philippe_Escalier_DSC_9015-e1705502943939.jpg\" \/>\n\t<meta property=\"og:image:width\" content=\"1391\" \/>\n\t<meta property=\"og:image:height\" content=\"1391\" \/>\n\t<meta property=\"og:image:type\" content=\"image\/jpeg\" \/>\n<meta name=\"twitter:card\" content=\"summary_large_image\" \/>\n<meta name=\"twitter:label1\" content=\"Dur\u00e9e de lecture estim\u00e9e\" \/>\n\t<meta name=\"twitter:data1\" content=\"1 minute\" \/>\n<script type=\"application\/ld+json\" class=\"yoast-schema-graph\">{\"@context\":\"https:\/\/schema.org\",\"@graph\":[{\"@type\":\"WebPage\",\"@id\":\"https:\/\/saisonsculturelleschaumont.fr\/mdxpuixt\/evenement\/mariaj-en-chonsons\/\",\"url\":\"https:\/\/saisonsculturelleschaumont.fr\/mdxpuixt\/evenement\/mariaj-en-chonsons\/\",\"name\":\"Mariaj en chonsons - Les Saisons Culturelles de Chaumont\",\"isPartOf\":{\"@id\":\"https:\/\/saisonsculturelleschaumont.fr\/mdxpuixt\/#website\"},\"datePublished\":\"2024-01-17T14:49:32+00:00\",\"dateModified\":\"2024-01-17T14:49:32+00:00\",\"description\":\"D\u00e9couvrez la programmation culturelle de la saison culturelle de la ville de Chaumont. Expositions, visites, rencontres, ateliers, concerts, spectacles, animations et plus encore.\",\"breadcrumb\":{\"@id\":\"https:\/\/saisonsculturelleschaumont.fr\/mdxpuixt\/evenement\/mariaj-en-chonsons\/#breadcrumb\"},\"inLanguage\":\"fr-FR\",\"potentialAction\":[{\"@type\":\"ReadAction\",\"target\":[\"https:\/\/saisonsculturelleschaumont.fr\/mdxpuixt\/evenement\/mariaj-en-chonsons\/\"]}]},{\"@type\":\"BreadcrumbList\",\"@id\":\"https:\/\/saisonsculturelleschaumont.fr\/mdxpuixt\/evenement\/mariaj-en-chonsons\/#breadcrumb\",\"itemListElement\":[{\"@type\":\"ListItem\",\"position\":1,\"name\":\"Accueil\",\"item\":\"https:\/\/saisonsculturelleschaumont.fr\/mdxpuixt\/\"},{\"@type\":\"ListItem\",\"position\":2,\"name\":\"\u00c9v\u00e8nements\",\"item\":\"https:\/\/saisonsculturelleschaumont.fr\/mdxpuixt\/agenda\/\"},{\"@type\":\"ListItem\",\"position\":3,\"name\":\"Mariaj en chonsons\"}]},{\"@type\":\"WebSite\",\"@id\":\"https:\/\/saisonsculturelleschaumont.fr\/mdxpuixt\/#website\",\"url\":\"https:\/\/saisonsculturelleschaumont.fr\/mdxpuixt\/\",\"name\":\"Les Saisons Culturelles de Chaumont\",\"description\":\"\",\"potentialAction\":[{\"@type\":\"SearchAction\",\"target\":{\"@type\":\"EntryPoint\",\"urlTemplate\":\"https:\/\/saisonsculturelleschaumont.fr\/mdxpuixt\/?s={search_term_string}\"},\"query-input\":\"required name=search_term_string\"}],\"inLanguage\":\"fr-FR\"}]}<\/script>\n<!-- \/ Yoast SEO plugin. -->","yoast_head_json":{"title":"Mariaj en chonsons - Les Saisons Culturelles de Chaumont","description":"D\u00e9couvrez la programmation culturelle de la saison culturelle de la ville de Chaumont. Expositions, visites, rencontres, ateliers, concerts, spectacles, animations et plus encore.","robots":{"index":"noindex","follow":"follow","max-snippet":"max-snippet:-1","max-image-preview":"max-image-preview:large","max-video-preview":"max-video-preview:-1"},"og_locale":"fr_FR","og_type":"article","og_title":"Mariaj en chonsons - Les Saisons Culturelles de Chaumont","og_description":"D\u00e9couvrez la programmation culturelle de la saison culturelle de la ville de Chaumont. Expositions, visites, rencontres, ateliers, concerts, spectacles, animations et plus encore.","og_url":"https:\/\/saisonsculturelleschaumont.fr\/mdxpuixt\/evenement\/mariaj-en-chonsons\/","og_site_name":"Les Saisons Culturelles de Chaumont","article_publisher":"https:\/\/www.facebook.com\/saisonsculturelleschaumont\/","og_image":[{"width":1391,"height":1391,"url":"https:\/\/saisonsculturelleschaumont.fr\/mdxpuixt\/wp-content\/uploads\/2024\/01\/Philippe_Escalier_DSC_9015-e1705502943939.jpg","type":"image\/jpeg"}],"twitter_card":"summary_large_image","twitter_misc":{"Dur\u00e9e de lecture estim\u00e9e":"1 minute"},"schema":{"@context":"https:\/\/schema.org","@graph":[{"@type":"WebPage","@id":"https:\/\/saisonsculturelleschaumont.fr\/mdxpuixt\/evenement\/mariaj-en-chonsons\/","url":"https:\/\/saisonsculturelleschaumont.fr\/mdxpuixt\/evenement\/mariaj-en-chonsons\/","name":"Mariaj en chonsons - Les Saisons Culturelles de Chaumont","isPartOf":{"@id":"https:\/\/saisonsculturelleschaumont.fr\/mdxpuixt\/#website"},"datePublished":"2024-01-17T14:49:32+00:00","dateModified":"2024-01-17T14:49:32+00:00","description":"D\u00e9couvrez la programmation culturelle de la saison culturelle de la ville de Chaumont. Expositions, visites, rencontres, ateliers, concerts, spectacles, animations et plus encore.","breadcrumb":{"@id":"https:\/\/saisonsculturelleschaumont.fr\/mdxpuixt\/evenement\/mariaj-en-chonsons\/#breadcrumb"},"inLanguage":"fr-FR","potentialAction":[{"@type":"ReadAction","target":["https:\/\/saisonsculturelleschaumont.fr\/mdxpuixt\/evenement\/mariaj-en-chonsons\/"]}]},{"@type":"BreadcrumbList","@id":"https:\/\/saisonsculturelleschaumont.fr\/mdxpuixt\/evenement\/mariaj-en-chonsons\/#breadcrumb","itemListElement":[{"@type":"ListItem","position":1,"name":"Accueil","item":"https:\/\/saisonsculturelleschaumont.fr\/mdxpuixt\/"},{"@type":"ListItem","position":2,"name":"\u00c9v\u00e8nements","item":"https:\/\/saisonsculturelleschaumont.fr\/mdxpuixt\/agenda\/"},{"@type":"ListItem","position":3,"name":"Mariaj en chonsons"}]},{"@type":"WebSite","@id":"https:\/\/saisonsculturelleschaumont.fr\/mdxpuixt\/#website","url":"https:\/\/saisonsculturelleschaumont.fr\/mdxpuixt\/","name":"Les Saisons Culturelles de Chaumont","description":"","potentialAction":[{"@type":"SearchAction","target":{"@type":"EntryPoint","urlTemplate":"https:\/\/saisonsculturelleschaumont.fr\/mdxpuixt\/?s={search_term_string}"},"query-input":"required name=search_term_string"}],"inLanguage":"fr-FR"}]}},"uagb_featured_image_src":{"full":["https:\/\/saisonsculturelleschaumont.fr\/mdxpuixt\/wp-content\/uploads\/2024\/01\/Philippe_Escalier_DSC_9015-e1705502943939.jpg",1391,1391,false],"thumbnail":["https:\/\/saisonsculturelleschaumont.fr\/mdxpuixt\/wp-content\/uploads\/2024\/01\/Philippe_Escalier_DSC_9015-e1705502943939-80x80.jpg",80,80,true],"medium":["https:\/\/saisonsculturelleschaumont.fr\/mdxpuixt\/wp-content\/uploads\/2024\/01\/Philippe_Escalier_DSC_9015-e1705502943939-300x300.jpg",300,300,true],"medium_large":["https:\/\/saisonsculturelleschaumont.fr\/mdxpuixt\/wp-content\/uploads\/2024\/01\/Philippe_Escalier_DSC_9015-e1705502943939-768x768.jpg",768,768,true],"large":["https:\/\/saisonsculturelleschaumont.fr\/mdxpuixt\/wp-content\/uploads\/2024\/01\/Philippe_Escalier_DSC_9015-e1705502943939-1030x1030.jpg",1030,1030,true],"1536x1536":["https:\/\/saisonsculturelleschaumont.fr\/mdxpuixt\/wp-content\/uploads\/2024\/01\/\u252c\u00aePhilippe_Escalier_DSC_9015-1536x855.jpg",1536,855,true],"2048x2048":["https:\/\/saisonsculturelleschaumont.fr\/mdxpuixt\/wp-content\/uploads\/2024\/01\/\u252c\u00aePhilippe_Escalier_DSC_9015-2048x1140.jpg",2048,1140,true],"widget":["https:\/\/saisonsculturelleschaumont.fr\/mdxpuixt\/wp-content\/uploads\/2024\/01\/Philippe_Escalier_DSC_9015-e1705502943939-36x36.jpg",36,36,true],"square":["https:\/\/saisonsculturelleschaumont.fr\/mdxpuixt\/wp-content\/uploads\/2024\/01\/Philippe_Escalier_DSC_9015-e1705502943939-180x180.jpg",180,180,true],"featured":["https:\/\/saisonsculturelleschaumont.fr\/mdxpuixt\/wp-content\/uploads\/2024\/01\/Philippe_Escalier_DSC_9015-e1705502943939-1391x430.jpg",1391,430,true],"featured_large":["https:\/\/saisonsculturelleschaumont.fr\/mdxpuixt\/wp-content\/uploads\/2024\/01\/Philippe_Escalier_DSC_9015-e1705502943939-1391x630.jpg",1391,630,true],"extra_large":["https:\/\/saisonsculturelleschaumont.fr\/mdxpuixt\/wp-content\/uploads\/2024\/01\/\u252c\u00aePhilippe_Escalier_DSC_9015-1500x835.jpg",1500,835,true],"portfolio":["https:\/\/saisonsculturelleschaumont.fr\/mdxpuixt\/wp-content\/uploads\/2024\/01\/Philippe_Escalier_DSC_9015-e1705502943939-495x400.jpg",495,400,true],"portfolio_small":["https:\/\/saisonsculturelleschaumont.fr\/mdxpuixt\/wp-content\/uploads\/2024\/01\/Philippe_Escalier_DSC_9015-e1705502943939-260x185.jpg",260,185,true],"gallery":["https:\/\/saisonsculturelleschaumont.fr\/mdxpuixt\/wp-content\/uploads\/2024\/01\/Philippe_Escalier_DSC_9015-e1705502943939-845x684.jpg",845,684,true],"magazine":["https:\/\/saisonsculturelleschaumont.fr\/mdxpuixt\/wp-content\/uploads\/2024\/01\/Philippe_Escalier_DSC_9015-e1705502943939-710x375.jpg",710,375,true],"masonry":["https:\/\/saisonsculturelleschaumont.fr\/mdxpuixt\/wp-content\/uploads\/2024\/01\/Philippe_Escalier_DSC_9015-e1705502943939-705x705.jpg",705,705,true],"entry_with_sidebar":["https:\/\/saisonsculturelleschaumont.fr\/mdxpuixt\/wp-content\/uploads\/2024\/01\/Philippe_Escalier_DSC_9015-e1705502943939-845x321.jpg",845,321,true],"entry_without_sidebar":["https:\/\/saisonsculturelleschaumont.fr\/mdxpuixt\/wp-content\/uploads\/2024\/01\/Philippe_Escalier_DSC_9015-e1705502943939-1210x423.jpg",1210,423,true]},"uagb_author_info":{"display_name":"Justine Ansel","author_link":"https:\/\/saisonsculturelleschaumont.fr\/mdxpuixt\/author\/justine-ansel\/"},"uagb_comment_info":0,"uagb_excerpt":"Musique 1h + 14 ans &nbsp; Apr\u00e8s H\u00d8M\u00c5J \u00c0 LA CH\u00d8NSON FRAN\u00c7AISE, venez (re)d\u00e9couvrir MARI\u00c5J EN CH\u00d8NSONS, le spectacle des Bl\u00f8nd and Bl\u00f6nd and Bl\u00f3nd ! French touch, guimauve, vari\u00e9toche, [&hellip;]","_links":{"self":[{"href":"https:\/\/saisonsculturelleschaumont.fr\/mdxpuixt\/wp-json\/wp\/v2\/tribe_events\/11077"}],"collection":[{"href":"https:\/\/saisonsculturelleschaumont.fr\/mdxpuixt\/wp-json\/wp\/v2\/tribe_events"}],"about":[{"href":"https:\/\/saisonsculturelleschaumont.fr\/mdxpuixt\/wp-json\/wp\/v2\/types\/tribe_events"}],"author":[{"embeddable":true,"href":"https:\/\/saisonsculturelleschaumont.fr\/mdxpuixt\/wp-json\/wp\/v2\/users\/3"}],"replies":[{"embeddable":true,"href":"https:\/\/saisonsculturelleschaumont.fr\/mdxpuixt\/wp-json\/wp\/v2\/comments?post=11077"}],"version-history":[{"count":0,"href":"https:\/\/saisonsculturelleschaumont.fr\/mdxpuixt\/wp-json\/wp\/v2\/tribe_events\/11077\/revisions"}],"wp:featuredmedia":[{"embeddable":true,"href":"https:\/\/saisonsculturelleschaumont.fr\/mdxpuixt\/wp-json\/wp\/v2\/media\/11078"}],"wp:attachment":[{"href":"https:\/\/saisonsculturelleschaumont.fr\/mdxpuixt\/wp-json\/wp\/v2\/media?parent=11077"}],"wp:term":[{"taxonomy":"post_tag","embeddable":true,"href":"https:\/\/saisonsculturelleschaumont.fr\/mdxpuixt\/wp-json\/wp\/v2\/tags?post=11077"},{"taxonomy":"tribe_events_cat","embeddable":true,"href":"https:\/\/saisonsculturelleschaumont.fr\/mdxpuixt\/wp-json\/wp\/v2\/tribe_events_cat?post=11077"}],"curies":[{"name":"wp","href":"https:\/\/api.w.org\/{rel}","templated":true}]}}