{"id":11081,"date":"2024-01-17T15:53:15","date_gmt":"2024-01-17T14:53:15","guid":{"rendered":"https:\/\/saisonsculturelleschaumont.fr\/mdxpuixt\/?post_type=tribe_events&#038;p=11081"},"modified":"2024-01-17T15:53:15","modified_gmt":"2024-01-17T14:53:15","slug":"frequencia","status":"publish","type":"tribe_events","link":"https:\/\/saisonsculturelleschaumont.fr\/mdxpuixt\/evenement\/frequencia\/","title":{"rendered":"Frequ\u00eancia"},"content":{"rendered":"<div class=\"main-text\">\n<p>Cirque<br \/>\n1h<\/p>\n<p>+ 12 ans<\/p>\n<p>&nbsp;<\/p>\n<p><em>Frequ\u00eancia<\/em> \u00e9voque l\u2019immortalit\u00e9, le r\u00e9cit d\u2019un \u00ab \u00eatre \u00bb, figure po\u00e9tique et \u00e9ternelle, inspir\u00e9e par les grands portraits du cin\u00e9ma muet.<\/p>\n<p>Un voyage entre pass\u00e9 et futur, un pr\u00e9texte pour nous transporter entre valeurs postmodernes et projections futuristes. Par son acrobatie au sol et au m\u00e2t chinois, Leonardo Ferreira nous aspire dans un vortex chor\u00e9graphique et hypnotique.<\/p>\n<p>&nbsp;<\/p>\n<\/div>\n<div class=\"distribution\">\n<p><strong>Conception, \u00e9criture et interpr\u00e9tation\u00a0\u202f:<\/strong>\u202fLeonardo Ferreira<\/p>\n<p><strong>Assistance \u00e0 la mise en sc\u00e8ne\u00a0\u202f:<\/strong>\u202fMarie Seclet<\/p>\n<p><strong>Cr\u00e9ation sonore\u00a0\u202f:<\/strong>\u202fThomas Mirgaine<\/p>\n<p><strong>Cr\u00e9ation lumi\u00e8re\u00a0\u202f:<\/strong>\u202fSolange Dinand<\/p>\n<p><strong>R\u00e9gie lumi\u00e8re\u00a0\u202f:<\/strong>\u202fBruno Pillon<\/p>\n<p><strong>Plasticien\u00a0\u202f:<\/strong>\u202fFran\u00e7ois Gilles<\/p>\n<p><strong>Costume\u00a0\u202f:<\/strong>\u202fRomane Cassard<\/p>\n<p><strong>Machinerie et accessoires\u00a0\u202f:<\/strong>\u202fBertrand Duval<\/p>\n<p>&nbsp;<\/p>\n<\/div>\n<p>Billetterie : https:\/\/billetterie-nouveaurelax.mapado.com\/<\/p>\n","protected":false},"excerpt":{"rendered":"<p>Cirque 1h + 12 ans &nbsp; Frequ\u00eancia \u00e9voque l\u2019immortalit\u00e9, le r\u00e9cit d\u2019un \u00ab \u00eatre \u00bb, figure po\u00e9tique et \u00e9ternelle, inspir\u00e9e par les grands portraits du cin\u00e9ma muet. Un voyage entre [&hellip;]<\/p>\n","protected":false},"author":3,"featured_media":11082,"comment_status":"open","ping_status":"closed","template":"","meta":{"_uag_custom_page_level_css":"","_tribe_events_status":"","_tribe_events_status_reason":""},"tags":[468,55],"tribe_events_cat":[44],"yoast_head":"<!-- This site is optimized with the Yoast SEO plugin v21.1 - https:\/\/yoast.com\/wordpress\/plugins\/seo\/ -->\n<title>Frequ\u00eancia - Les Saisons Culturelles de Chaumont<\/title>\n<meta name=\"description\" content=\"D\u00e9couvrez la programmation culturelle de la saison culturelle de la ville de Chaumont. Expositions, visites, rencontres, ateliers, concerts, spectacles, animations et plus encore.\" \/>\n<meta name=\"robots\" content=\"noindex, follow, max-snippet:-1, max-image-preview:large, max-video-preview:-1\" \/>\n<meta property=\"og:locale\" content=\"fr_FR\" \/>\n<meta property=\"og:type\" content=\"article\" \/>\n<meta property=\"og:title\" content=\"Frequ\u00eancia - Les Saisons Culturelles de Chaumont\" \/>\n<meta property=\"og:description\" content=\"D\u00e9couvrez la programmation culturelle de la saison culturelle de la ville de Chaumont. Expositions, visites, rencontres, ateliers, concerts, spectacles, animations et plus encore.\" \/>\n<meta property=\"og:url\" content=\"https:\/\/saisonsculturelleschaumont.fr\/mdxpuixt\/evenement\/frequencia\/\" \/>\n<meta property=\"og:site_name\" content=\"Les Saisons Culturelles de Chaumont\" \/>\n<meta property=\"article:publisher\" content=\"https:\/\/www.facebook.com\/saisonsculturelleschaumont\/\" \/>\n<meta property=\"og:image\" content=\"https:\/\/saisonsculturelleschaumont.fr\/mdxpuixt\/wp-content\/uploads\/2024\/01\/HD-Portrait-Frequencia_Cie-Errance-Leonardo-Ferreira-e1705503174208.jpg\" \/>\n\t<meta property=\"og:image:width\" content=\"1875\" \/>\n\t<meta property=\"og:image:height\" content=\"1875\" \/>\n\t<meta property=\"og:image:type\" content=\"image\/jpeg\" \/>\n<meta name=\"twitter:card\" content=\"summary_large_image\" \/>\n<meta name=\"twitter:label1\" content=\"Dur\u00e9e de lecture estim\u00e9e\" \/>\n\t<meta name=\"twitter:data1\" content=\"1 minute\" \/>\n<script type=\"application\/ld+json\" class=\"yoast-schema-graph\">{\"@context\":\"https:\/\/schema.org\",\"@graph\":[{\"@type\":\"WebPage\",\"@id\":\"https:\/\/saisonsculturelleschaumont.fr\/mdxpuixt\/evenement\/frequencia\/\",\"url\":\"https:\/\/saisonsculturelleschaumont.fr\/mdxpuixt\/evenement\/frequencia\/\",\"name\":\"Frequ\u00eancia - Les Saisons Culturelles de Chaumont\",\"isPartOf\":{\"@id\":\"https:\/\/saisonsculturelleschaumont.fr\/mdxpuixt\/#website\"},\"datePublished\":\"2024-01-17T14:53:15+00:00\",\"dateModified\":\"2024-01-17T14:53:15+00:00\",\"description\":\"D\u00e9couvrez la programmation culturelle de la saison culturelle de la ville de Chaumont. Expositions, visites, rencontres, ateliers, concerts, spectacles, animations et plus encore.\",\"breadcrumb\":{\"@id\":\"https:\/\/saisonsculturelleschaumont.fr\/mdxpuixt\/evenement\/frequencia\/#breadcrumb\"},\"inLanguage\":\"fr-FR\",\"potentialAction\":[{\"@type\":\"ReadAction\",\"target\":[\"https:\/\/saisonsculturelleschaumont.fr\/mdxpuixt\/evenement\/frequencia\/\"]}]},{\"@type\":\"BreadcrumbList\",\"@id\":\"https:\/\/saisonsculturelleschaumont.fr\/mdxpuixt\/evenement\/frequencia\/#breadcrumb\",\"itemListElement\":[{\"@type\":\"ListItem\",\"position\":1,\"name\":\"Accueil\",\"item\":\"https:\/\/saisonsculturelleschaumont.fr\/mdxpuixt\/\"},{\"@type\":\"ListItem\",\"position\":2,\"name\":\"\u00c9v\u00e8nements\",\"item\":\"https:\/\/saisonsculturelleschaumont.fr\/mdxpuixt\/agenda\/\"},{\"@type\":\"ListItem\",\"position\":3,\"name\":\"Frequ\u00eancia\"}]},{\"@type\":\"WebSite\",\"@id\":\"https:\/\/saisonsculturelleschaumont.fr\/mdxpuixt\/#website\",\"url\":\"https:\/\/saisonsculturelleschaumont.fr\/mdxpuixt\/\",\"name\":\"Les Saisons Culturelles de Chaumont\",\"description\":\"\",\"potentialAction\":[{\"@type\":\"SearchAction\",\"target\":{\"@type\":\"EntryPoint\",\"urlTemplate\":\"https:\/\/saisonsculturelleschaumont.fr\/mdxpuixt\/?s={search_term_string}\"},\"query-input\":\"required name=search_term_string\"}],\"inLanguage\":\"fr-FR\"}]}<\/script>\n<!-- \/ Yoast SEO plugin. -->","yoast_head_json":{"title":"Frequ\u00eancia - Les Saisons Culturelles de Chaumont","description":"D\u00e9couvrez la programmation culturelle de la saison culturelle de la ville de Chaumont. Expositions, visites, rencontres, ateliers, concerts, spectacles, animations et plus encore.","robots":{"index":"noindex","follow":"follow","max-snippet":"max-snippet:-1","max-image-preview":"max-image-preview:large","max-video-preview":"max-video-preview:-1"},"og_locale":"fr_FR","og_type":"article","og_title":"Frequ\u00eancia - Les Saisons Culturelles de Chaumont","og_description":"D\u00e9couvrez la programmation culturelle de la saison culturelle de la ville de Chaumont. Expositions, visites, rencontres, ateliers, concerts, spectacles, animations et plus encore.","og_url":"https:\/\/saisonsculturelleschaumont.fr\/mdxpuixt\/evenement\/frequencia\/","og_site_name":"Les Saisons Culturelles de Chaumont","article_publisher":"https:\/\/www.facebook.com\/saisonsculturelleschaumont\/","og_image":[{"width":1875,"height":1875,"url":"https:\/\/saisonsculturelleschaumont.fr\/mdxpuixt\/wp-content\/uploads\/2024\/01\/HD-Portrait-Frequencia_Cie-Errance-Leonardo-Ferreira-e1705503174208.jpg","type":"image\/jpeg"}],"twitter_card":"summary_large_image","twitter_misc":{"Dur\u00e9e de lecture estim\u00e9e":"1 minute"},"schema":{"@context":"https:\/\/schema.org","@graph":[{"@type":"WebPage","@id":"https:\/\/saisonsculturelleschaumont.fr\/mdxpuixt\/evenement\/frequencia\/","url":"https:\/\/saisonsculturelleschaumont.fr\/mdxpuixt\/evenement\/frequencia\/","name":"Frequ\u00eancia - Les Saisons Culturelles de Chaumont","isPartOf":{"@id":"https:\/\/saisonsculturelleschaumont.fr\/mdxpuixt\/#website"},"datePublished":"2024-01-17T14:53:15+00:00","dateModified":"2024-01-17T14:53:15+00:00","description":"D\u00e9couvrez la programmation culturelle de la saison culturelle de la ville de Chaumont. Expositions, visites, rencontres, ateliers, concerts, spectacles, animations et plus encore.","breadcrumb":{"@id":"https:\/\/saisonsculturelleschaumont.fr\/mdxpuixt\/evenement\/frequencia\/#breadcrumb"},"inLanguage":"fr-FR","potentialAction":[{"@type":"ReadAction","target":["https:\/\/saisonsculturelleschaumont.fr\/mdxpuixt\/evenement\/frequencia\/"]}]},{"@type":"BreadcrumbList","@id":"https:\/\/saisonsculturelleschaumont.fr\/mdxpuixt\/evenement\/frequencia\/#breadcrumb","itemListElement":[{"@type":"ListItem","position":1,"name":"Accueil","item":"https:\/\/saisonsculturelleschaumont.fr\/mdxpuixt\/"},{"@type":"ListItem","position":2,"name":"\u00c9v\u00e8nements","item":"https:\/\/saisonsculturelleschaumont.fr\/mdxpuixt\/agenda\/"},{"@type":"ListItem","position":3,"name":"Frequ\u00eancia"}]},{"@type":"WebSite","@id":"https:\/\/saisonsculturelleschaumont.fr\/mdxpuixt\/#website","url":"https:\/\/saisonsculturelleschaumont.fr\/mdxpuixt\/","name":"Les Saisons Culturelles de Chaumont","description":"","potentialAction":[{"@type":"SearchAction","target":{"@type":"EntryPoint","urlTemplate":"https:\/\/saisonsculturelleschaumont.fr\/mdxpuixt\/?s={search_term_string}"},"query-input":"required name=search_term_string"}],"inLanguage":"fr-FR"}]}},"uagb_featured_image_src":{"full":["https:\/\/saisonsculturelleschaumont.fr\/mdxpuixt\/wp-content\/uploads\/2024\/01\/HD-Portrait-Frequencia_Cie-Errance-Leonardo-Ferreira-e1705503174208.jpg",1875,1875,false],"thumbnail":["https:\/\/saisonsculturelleschaumont.fr\/mdxpuixt\/wp-content\/uploads\/2024\/01\/HD-Portrait-Frequencia_Cie-Errance-Leonardo-Ferreira-e1705503174208-80x80.jpg",80,80,true],"medium":["https:\/\/saisonsculturelleschaumont.fr\/mdxpuixt\/wp-content\/uploads\/2024\/01\/HD-Portrait-Frequencia_Cie-Errance-Leonardo-Ferreira-e1705503174208-300x300.jpg",300,300,true],"medium_large":["https:\/\/saisonsculturelleschaumont.fr\/mdxpuixt\/wp-content\/uploads\/2024\/01\/HD-Portrait-Frequencia_Cie-Errance-Leonardo-Ferreira-e1705503174208-768x768.jpg",768,768,true],"large":["https:\/\/saisonsculturelleschaumont.fr\/mdxpuixt\/wp-content\/uploads\/2024\/01\/HD-Portrait-Frequencia_Cie-Errance-Leonardo-Ferreira-e1705503174208-1030x1030.jpg",1030,1030,true],"1536x1536":["https:\/\/saisonsculturelleschaumont.fr\/mdxpuixt\/wp-content\/uploads\/2024\/01\/HD-Portrait-Frequencia_Cie-Errance-Leonardo-Ferreira-e1705503174208-1536x1536.jpg",1536,1536,true],"2048x2048":["https:\/\/saisonsculturelleschaumont.fr\/mdxpuixt\/wp-content\/uploads\/2024\/01\/HD-Portrait-Frequencia_Cie-Errance-Leonardo-Ferreira-1536x2048.jpg",1536,2048,true],"widget":["https:\/\/saisonsculturelleschaumont.fr\/mdxpuixt\/wp-content\/uploads\/2024\/01\/HD-Portrait-Frequencia_Cie-Errance-Leonardo-Ferreira-e1705503174208-36x36.jpg",36,36,true],"square":["https:\/\/saisonsculturelleschaumont.fr\/mdxpuixt\/wp-content\/uploads\/2024\/01\/HD-Portrait-Frequencia_Cie-Errance-Leonardo-Ferreira-e1705503174208-180x180.jpg",180,180,true],"featured":["https:\/\/saisonsculturelleschaumont.fr\/mdxpuixt\/wp-content\/uploads\/2024\/01\/HD-Portrait-Frequencia_Cie-Errance-Leonardo-Ferreira-e1705503174208-1500x430.jpg",1500,430,true],"featured_large":["https:\/\/saisonsculturelleschaumont.fr\/mdxpuixt\/wp-content\/uploads\/2024\/01\/HD-Portrait-Frequencia_Cie-Errance-Leonardo-Ferreira-e1705503174208-1500x630.jpg",1500,630,true],"extra_large":["https:\/\/saisonsculturelleschaumont.fr\/mdxpuixt\/wp-content\/uploads\/2024\/01\/HD-Portrait-Frequencia_Cie-Errance-Leonardo-Ferreira-e1705503174208-1500x1500.jpg",1500,1500,true],"portfolio":["https:\/\/saisonsculturelleschaumont.fr\/mdxpuixt\/wp-content\/uploads\/2024\/01\/HD-Portrait-Frequencia_Cie-Errance-Leonardo-Ferreira-e1705503174208-495x400.jpg",495,400,true],"portfolio_small":["https:\/\/saisonsculturelleschaumont.fr\/mdxpuixt\/wp-content\/uploads\/2024\/01\/HD-Portrait-Frequencia_Cie-Errance-Leonardo-Ferreira-e1705503174208-260x185.jpg",260,185,true],"gallery":["https:\/\/saisonsculturelleschaumont.fr\/mdxpuixt\/wp-content\/uploads\/2024\/01\/HD-Portrait-Frequencia_Cie-Errance-Leonardo-Ferreira-e1705503174208-845x684.jpg",845,684,true],"magazine":["https:\/\/saisonsculturelleschaumont.fr\/mdxpuixt\/wp-content\/uploads\/2024\/01\/HD-Portrait-Frequencia_Cie-Errance-Leonardo-Ferreira-e1705503174208-710x375.jpg",710,375,true],"masonry":["https:\/\/saisonsculturelleschaumont.fr\/mdxpuixt\/wp-content\/uploads\/2024\/01\/HD-Portrait-Frequencia_Cie-Errance-Leonardo-Ferreira-e1705503174208-705x705.jpg",705,705,true],"entry_with_sidebar":["https:\/\/saisonsculturelleschaumont.fr\/mdxpuixt\/wp-content\/uploads\/2024\/01\/HD-Portrait-Frequencia_Cie-Errance-Leonardo-Ferreira-e1705503174208-845x321.jpg",845,321,true],"entry_without_sidebar":["https:\/\/saisonsculturelleschaumont.fr\/mdxpuixt\/wp-content\/uploads\/2024\/01\/HD-Portrait-Frequencia_Cie-Errance-Leonardo-Ferreira-e1705503174208-1210x423.jpg",1210,423,true]},"uagb_author_info":{"display_name":"Justine Ansel","author_link":"https:\/\/saisonsculturelleschaumont.fr\/mdxpuixt\/author\/justine-ansel\/"},"uagb_comment_info":0,"uagb_excerpt":"Cirque 1h + 12 ans &nbsp; Frequ\u00eancia \u00e9voque l\u2019immortalit\u00e9, le r\u00e9cit d\u2019un \u00ab \u00eatre \u00bb, figure po\u00e9tique et \u00e9ternelle, inspir\u00e9e par les grands portraits du cin\u00e9ma muet. Un voyage entre [&hellip;]","_links":{"self":[{"href":"https:\/\/saisonsculturelleschaumont.fr\/mdxpuixt\/wp-json\/wp\/v2\/tribe_events\/11081"}],"collection":[{"href":"https:\/\/saisonsculturelleschaumont.fr\/mdxpuixt\/wp-json\/wp\/v2\/tribe_events"}],"about":[{"href":"https:\/\/saisonsculturelleschaumont.fr\/mdxpuixt\/wp-json\/wp\/v2\/types\/tribe_events"}],"author":[{"embeddable":true,"href":"https:\/\/saisonsculturelleschaumont.fr\/mdxpuixt\/wp-json\/wp\/v2\/users\/3"}],"replies":[{"embeddable":true,"href":"https:\/\/saisonsculturelleschaumont.fr\/mdxpuixt\/wp-json\/wp\/v2\/comments?post=11081"}],"version-history":[{"count":0,"href":"https:\/\/saisonsculturelleschaumont.fr\/mdxpuixt\/wp-json\/wp\/v2\/tribe_events\/11081\/revisions"}],"wp:featuredmedia":[{"embeddable":true,"href":"https:\/\/saisonsculturelleschaumont.fr\/mdxpuixt\/wp-json\/wp\/v2\/media\/11082"}],"wp:attachment":[{"href":"https:\/\/saisonsculturelleschaumont.fr\/mdxpuixt\/wp-json\/wp\/v2\/media?parent=11081"}],"wp:term":[{"taxonomy":"post_tag","embeddable":true,"href":"https:\/\/saisonsculturelleschaumont.fr\/mdxpuixt\/wp-json\/wp\/v2\/tags?post=11081"},{"taxonomy":"tribe_events_cat","embeddable":true,"href":"https:\/\/saisonsculturelleschaumont.fr\/mdxpuixt\/wp-json\/wp\/v2\/tribe_events_cat?post=11081"}],"curies":[{"name":"wp","href":"https:\/\/api.w.org\/{rel}","templated":true}]}}