{"id":11105,"date":"2024-01-17T16:13:07","date_gmt":"2024-01-17T15:13:07","guid":{"rendered":"https:\/\/saisonsculturelleschaumont.fr\/mdxpuixt\/?post_type=tribe_events&#038;p=11105"},"modified":"2024-06-21T18:13:53","modified_gmt":"2024-06-21T16:13:53","slug":"dans-les-bois","status":"publish","type":"tribe_events","link":"https:\/\/saisonsculturelleschaumont.fr\/mdxpuixt\/evenement\/dans-les-bois\/","title":{"rendered":"Dans les bois"},"content":{"rendered":"<p>Projet de territoire<br \/>\n1h<br \/>\n+ 6 ans<br \/>\nGratuit<\/p>\n<p>&nbsp;<\/p>\n<p style=\"font-weight: 400;\">Comment la for\u00eat nous impr\u00e8gne-t-elle\u2009? Que d\u00e9pose-t-elle dans nos corps, nos tissus, nos cellules\u2009? Quelle est cette relation physique, sensorielle, sensible, invisible qui nous attire\u2009?<\/p>\n<p style=\"font-weight: 400;\">En 2018, Clara Cornil et David Subal d\u00e9butent le projet <em>Dans les bois<\/em> et retournent en for\u00eat pour y retrouver une exp\u00e9rience archa\u00efque de notre pr\u00e9sence au monde, un acheminement vers une \u00e9coute, un milieu. Ainsi s\u2019est construit un projet de territoire, anthropologique et chor\u00e9graphique pour la for\u00eat.<\/p>\n<p style=\"font-weight: 400;\">Le r\u00e9sultat\u00a0? Cinq formats artistiques pluridisciplinaires, interd\u00e9pendants et compl\u00e9mentaires, comme autant de rencontres possibles, avec la for\u00eat et les humains qui s\u2019y aventurent\u00a0:<\/p>\n<p style=\"font-weight: 400;\"><strong>Une installation\u00a0:<em> Diving in the leaves<\/em><\/strong><br \/>\n&gt; Vernissage le mercredi 19 juin \u00e0 20h<em><br \/>\n<\/em>Entr\u00e9e libre du 20 au 29 juin (ferm\u00e9 le 23 et 24 juin) de 15h \u00e0 18h au Studio<\/p>\n<p style=\"font-weight: 400;\"><strong>Un livre\u00a0:<em> La m\u00e9moire de la for\u00eat<\/em><\/strong><br \/>\nCet ouvrage r\u00e9unit les entretiens r\u00e9alis\u00e9s aupr\u00e8s des habitants\u00a0du Parc national de for\u00eats et du Parc Naturel R\u00e9gional des Monts d\u2019Ard\u00e8che ; des exp\u00e9riences sensibles, kinesth\u00e9siques et myst\u00e9rieuses qui racontent les multiples r\u00e9ceptions et relations de l&rsquo;homme avec la for\u00eat.<br \/>\n&gt; Rencontre autour du livre en pr\u00e9sence de Clara Cornil et de Timoth\u00e9e Gouraud<br \/>\nMardi 25 juin \u00e0 18h30<\/p>\n<p style=\"font-weight: 400;\"><strong>Des ateliers<\/strong>\u00a0: Plongez dans l\u2019\u00e9coute et la r\u00e9ception sensorielle que Clara et David pratiquent lorsqu\u2019ils jouent <em>Dans les bois<\/em>. Ils ram\u00e8neront des mati\u00e8res du milieu forestier sur le\u00a0plateau de Nouveau Relax pour les rencontrer en mouvement, avec nos sens. D\u00e9couvrez les relations qu\u2019elles proposent, les m\u00e9moires qu\u2019elles convoquent et le plaisir qu\u2019elles r\u00e9veillent.<\/p>\n<p style=\"font-weight: 400;\">Un atelier interg\u00e9n\u00e9rationnel (d\u00e8s 5 ans)<br \/>\nMercredi 26 juin de 16h \u00e0 18h<\/p>\n<p style=\"font-weight: 400;\">Deux ateliers d\u2019explorations sensorielles (d\u00e8s 12 ans)<br \/>\nJeudi 27 juin de 18h30 \u00e0 20h30<br \/>\nVendredi 28 juin de 18h30 \u00e0 20h30<\/p>\n<p><strong>Une pi\u00e8ce chor\u00e9graphique cr\u00e9\u00e9e pour la for\u00eat<em>\u00a0: Dans les bois<\/em><\/strong><span style=\"font-weight: 400;\"><br \/>\nSamedi 29 juin avec RDV en for\u00eat \u00e0 19h30<br \/>\nR\u00e9servation obligatoire \u2013 covoiturage possible<br \/>\n<\/span>Dans la for\u00eat du Corgebin, pour plus de pr\u00e9cision sur l&#8217;emplacement<br \/>\n03 25 01 68 80 (du mardi au vendredi de 14h \u00e0 18h)<\/p>\n<div class=\"main-text\"><\/div>\n<p>&nbsp;<\/p>\n","protected":false},"excerpt":{"rendered":"<p>Projet de territoire 1h + 6 ans Gratuit &nbsp; Comment la for\u00eat nous impr\u00e8gne-t-elle\u2009? Que d\u00e9pose-t-elle dans nos corps, nos tissus, nos cellules\u2009? Quelle est cette relation physique, sensorielle, sensible, [&hellip;]<\/p>\n","protected":false},"author":3,"featured_media":11106,"comment_status":"open","ping_status":"closed","template":"","meta":{"_uag_custom_page_level_css":"","_tribe_events_status":"","_tribe_events_status_reason":""},"tags":[468,55],"tribe_events_cat":[44],"yoast_head":"<!-- This site is optimized with the Yoast SEO plugin v21.1 - https:\/\/yoast.com\/wordpress\/plugins\/seo\/ -->\n<title>Dans les bois - Les Saisons Culturelles de Chaumont<\/title>\n<meta name=\"description\" content=\"D\u00e9couvrez la programmation culturelle de la saison culturelle de la ville de Chaumont. Expositions, visites, rencontres, ateliers, concerts, spectacles, animations et plus encore.\" \/>\n<meta name=\"robots\" content=\"noindex, follow, max-snippet:-1, max-image-preview:large, max-video-preview:-1\" \/>\n<meta property=\"og:locale\" content=\"fr_FR\" \/>\n<meta property=\"og:type\" content=\"article\" \/>\n<meta property=\"og:title\" content=\"Dans les bois - Les Saisons Culturelles de Chaumont\" \/>\n<meta property=\"og:description\" content=\"D\u00e9couvrez la programmation culturelle de la saison culturelle de la ville de Chaumont. Expositions, visites, rencontres, ateliers, concerts, spectacles, animations et plus encore.\" \/>\n<meta property=\"og:url\" content=\"https:\/\/saisonsculturelleschaumont.fr\/mdxpuixt\/evenement\/dans-les-bois\/\" \/>\n<meta property=\"og:site_name\" content=\"Les Saisons Culturelles de Chaumont\" \/>\n<meta property=\"article:publisher\" content=\"https:\/\/www.facebook.com\/saisonsculturelleschaumont\/\" \/>\n<meta property=\"article:modified_time\" content=\"2024-06-21T16:13:53+00:00\" \/>\n<meta property=\"og:image\" content=\"https:\/\/saisonsculturelleschaumont.fr\/mdxpuixt\/wp-content\/uploads\/2024\/01\/dans-les-bois4r-mudler-1600x-e1705504354546.jpg\" \/>\n\t<meta property=\"og:image:width\" content=\"1066\" \/>\n\t<meta property=\"og:image:height\" content=\"1066\" \/>\n\t<meta property=\"og:image:type\" content=\"image\/jpeg\" \/>\n<meta name=\"twitter:card\" content=\"summary_large_image\" \/>\n<meta name=\"twitter:label1\" content=\"Dur\u00e9e de lecture estim\u00e9e\" \/>\n\t<meta name=\"twitter:data1\" content=\"2 minutes\" \/>\n<script type=\"application\/ld+json\" class=\"yoast-schema-graph\">{\"@context\":\"https:\/\/schema.org\",\"@graph\":[{\"@type\":\"WebPage\",\"@id\":\"https:\/\/saisonsculturelleschaumont.fr\/mdxpuixt\/evenement\/dans-les-bois\/\",\"url\":\"https:\/\/saisonsculturelleschaumont.fr\/mdxpuixt\/evenement\/dans-les-bois\/\",\"name\":\"Dans les bois - Les Saisons Culturelles de Chaumont\",\"isPartOf\":{\"@id\":\"https:\/\/saisonsculturelleschaumont.fr\/mdxpuixt\/#website\"},\"datePublished\":\"2024-01-17T15:13:07+00:00\",\"dateModified\":\"2024-06-21T16:13:53+00:00\",\"description\":\"D\u00e9couvrez la programmation culturelle de la saison culturelle de la ville de Chaumont. Expositions, visites, rencontres, ateliers, concerts, spectacles, animations et plus encore.\",\"breadcrumb\":{\"@id\":\"https:\/\/saisonsculturelleschaumont.fr\/mdxpuixt\/evenement\/dans-les-bois\/#breadcrumb\"},\"inLanguage\":\"fr-FR\",\"potentialAction\":[{\"@type\":\"ReadAction\",\"target\":[\"https:\/\/saisonsculturelleschaumont.fr\/mdxpuixt\/evenement\/dans-les-bois\/\"]}]},{\"@type\":\"BreadcrumbList\",\"@id\":\"https:\/\/saisonsculturelleschaumont.fr\/mdxpuixt\/evenement\/dans-les-bois\/#breadcrumb\",\"itemListElement\":[{\"@type\":\"ListItem\",\"position\":1,\"name\":\"Accueil\",\"item\":\"https:\/\/saisonsculturelleschaumont.fr\/mdxpuixt\/\"},{\"@type\":\"ListItem\",\"position\":2,\"name\":\"\u00c9v\u00e8nements\",\"item\":\"https:\/\/saisonsculturelleschaumont.fr\/mdxpuixt\/agenda\/\"},{\"@type\":\"ListItem\",\"position\":3,\"name\":\"Dans les bois\"}]},{\"@type\":\"WebSite\",\"@id\":\"https:\/\/saisonsculturelleschaumont.fr\/mdxpuixt\/#website\",\"url\":\"https:\/\/saisonsculturelleschaumont.fr\/mdxpuixt\/\",\"name\":\"Les Saisons Culturelles de Chaumont\",\"description\":\"\",\"potentialAction\":[{\"@type\":\"SearchAction\",\"target\":{\"@type\":\"EntryPoint\",\"urlTemplate\":\"https:\/\/saisonsculturelleschaumont.fr\/mdxpuixt\/?s={search_term_string}\"},\"query-input\":\"required name=search_term_string\"}],\"inLanguage\":\"fr-FR\"}]}<\/script>\n<!-- \/ Yoast SEO plugin. -->","yoast_head_json":{"title":"Dans les bois - Les Saisons Culturelles de Chaumont","description":"D\u00e9couvrez la programmation culturelle de la saison culturelle de la ville de Chaumont. Expositions, visites, rencontres, ateliers, concerts, spectacles, animations et plus encore.","robots":{"index":"noindex","follow":"follow","max-snippet":"max-snippet:-1","max-image-preview":"max-image-preview:large","max-video-preview":"max-video-preview:-1"},"og_locale":"fr_FR","og_type":"article","og_title":"Dans les bois - Les Saisons Culturelles de Chaumont","og_description":"D\u00e9couvrez la programmation culturelle de la saison culturelle de la ville de Chaumont. Expositions, visites, rencontres, ateliers, concerts, spectacles, animations et plus encore.","og_url":"https:\/\/saisonsculturelleschaumont.fr\/mdxpuixt\/evenement\/dans-les-bois\/","og_site_name":"Les Saisons Culturelles de Chaumont","article_publisher":"https:\/\/www.facebook.com\/saisonsculturelleschaumont\/","article_modified_time":"2024-06-21T16:13:53+00:00","og_image":[{"width":1066,"height":1066,"url":"https:\/\/saisonsculturelleschaumont.fr\/mdxpuixt\/wp-content\/uploads\/2024\/01\/dans-les-bois4r-mudler-1600x-e1705504354546.jpg","type":"image\/jpeg"}],"twitter_card":"summary_large_image","twitter_misc":{"Dur\u00e9e de lecture estim\u00e9e":"2 minutes"},"schema":{"@context":"https:\/\/schema.org","@graph":[{"@type":"WebPage","@id":"https:\/\/saisonsculturelleschaumont.fr\/mdxpuixt\/evenement\/dans-les-bois\/","url":"https:\/\/saisonsculturelleschaumont.fr\/mdxpuixt\/evenement\/dans-les-bois\/","name":"Dans les bois - Les Saisons Culturelles de Chaumont","isPartOf":{"@id":"https:\/\/saisonsculturelleschaumont.fr\/mdxpuixt\/#website"},"datePublished":"2024-01-17T15:13:07+00:00","dateModified":"2024-06-21T16:13:53+00:00","description":"D\u00e9couvrez la programmation culturelle de la saison culturelle de la ville de Chaumont. Expositions, visites, rencontres, ateliers, concerts, spectacles, animations et plus encore.","breadcrumb":{"@id":"https:\/\/saisonsculturelleschaumont.fr\/mdxpuixt\/evenement\/dans-les-bois\/#breadcrumb"},"inLanguage":"fr-FR","potentialAction":[{"@type":"ReadAction","target":["https:\/\/saisonsculturelleschaumont.fr\/mdxpuixt\/evenement\/dans-les-bois\/"]}]},{"@type":"BreadcrumbList","@id":"https:\/\/saisonsculturelleschaumont.fr\/mdxpuixt\/evenement\/dans-les-bois\/#breadcrumb","itemListElement":[{"@type":"ListItem","position":1,"name":"Accueil","item":"https:\/\/saisonsculturelleschaumont.fr\/mdxpuixt\/"},{"@type":"ListItem","position":2,"name":"\u00c9v\u00e8nements","item":"https:\/\/saisonsculturelleschaumont.fr\/mdxpuixt\/agenda\/"},{"@type":"ListItem","position":3,"name":"Dans les bois"}]},{"@type":"WebSite","@id":"https:\/\/saisonsculturelleschaumont.fr\/mdxpuixt\/#website","url":"https:\/\/saisonsculturelleschaumont.fr\/mdxpuixt\/","name":"Les Saisons Culturelles de Chaumont","description":"","potentialAction":[{"@type":"SearchAction","target":{"@type":"EntryPoint","urlTemplate":"https:\/\/saisonsculturelleschaumont.fr\/mdxpuixt\/?s={search_term_string}"},"query-input":"required name=search_term_string"}],"inLanguage":"fr-FR"}]}},"uagb_featured_image_src":{"full":["https:\/\/saisonsculturelleschaumont.fr\/mdxpuixt\/wp-content\/uploads\/2024\/01\/dans-les-bois4r-mudler-1600x-e1705504354546.jpg",1066,1066,false],"thumbnail":["https:\/\/saisonsculturelleschaumont.fr\/mdxpuixt\/wp-content\/uploads\/2024\/01\/dans-les-bois4r-mudler-1600x-e1705504354546-80x80.jpg",80,80,true],"medium":["https:\/\/saisonsculturelleschaumont.fr\/mdxpuixt\/wp-content\/uploads\/2024\/01\/dans-les-bois4r-mudler-1600x-e1705504354546-300x300.jpg",300,300,true],"medium_large":["https:\/\/saisonsculturelleschaumont.fr\/mdxpuixt\/wp-content\/uploads\/2024\/01\/dans-les-bois4r-mudler-1600x-e1705504354546-768x768.jpg",768,768,true],"large":["https:\/\/saisonsculturelleschaumont.fr\/mdxpuixt\/wp-content\/uploads\/2024\/01\/dans-les-bois4r-mudler-1600x-e1705504354546-1030x1030.jpg",1030,1030,true],"1536x1536":["https:\/\/saisonsculturelleschaumont.fr\/mdxpuixt\/wp-content\/uploads\/2024\/01\/dans-les-bois4r-mudler-1600x-1536x1023.jpg",1536,1023,true],"2048x2048":["https:\/\/saisonsculturelleschaumont.fr\/mdxpuixt\/wp-content\/uploads\/2024\/01\/dans-les-bois4r-mudler-1600x-e1705504354546.jpg",1066,1066,false],"widget":["https:\/\/saisonsculturelleschaumont.fr\/mdxpuixt\/wp-content\/uploads\/2024\/01\/dans-les-bois4r-mudler-1600x-e1705504354546-36x36.jpg",36,36,true],"square":["https:\/\/saisonsculturelleschaumont.fr\/mdxpuixt\/wp-content\/uploads\/2024\/01\/dans-les-bois4r-mudler-1600x-e1705504354546-180x180.jpg",180,180,true],"featured":["https:\/\/saisonsculturelleschaumont.fr\/mdxpuixt\/wp-content\/uploads\/2024\/01\/dans-les-bois4r-mudler-1600x-e1705504354546-1066x430.jpg",1066,430,true],"featured_large":["https:\/\/saisonsculturelleschaumont.fr\/mdxpuixt\/wp-content\/uploads\/2024\/01\/dans-les-bois4r-mudler-1600x-e1705504354546-1066x630.jpg",1066,630,true],"extra_large":["https:\/\/saisonsculturelleschaumont.fr\/mdxpuixt\/wp-content\/uploads\/2024\/01\/dans-les-bois4r-mudler-1600x-1500x999.jpg",1500,999,true],"portfolio":["https:\/\/saisonsculturelleschaumont.fr\/mdxpuixt\/wp-content\/uploads\/2024\/01\/dans-les-bois4r-mudler-1600x-e1705504354546-495x400.jpg",495,400,true],"portfolio_small":["https:\/\/saisonsculturelleschaumont.fr\/mdxpuixt\/wp-content\/uploads\/2024\/01\/dans-les-bois4r-mudler-1600x-e1705504354546-260x185.jpg",260,185,true],"gallery":["https:\/\/saisonsculturelleschaumont.fr\/mdxpuixt\/wp-content\/uploads\/2024\/01\/dans-les-bois4r-mudler-1600x-e1705504354546-845x684.jpg",845,684,true],"magazine":["https:\/\/saisonsculturelleschaumont.fr\/mdxpuixt\/wp-content\/uploads\/2024\/01\/dans-les-bois4r-mudler-1600x-e1705504354546-710x375.jpg",710,375,true],"masonry":["https:\/\/saisonsculturelleschaumont.fr\/mdxpuixt\/wp-content\/uploads\/2024\/01\/dans-les-bois4r-mudler-1600x-e1705504354546-705x705.jpg",705,705,true],"entry_with_sidebar":["https:\/\/saisonsculturelleschaumont.fr\/mdxpuixt\/wp-content\/uploads\/2024\/01\/dans-les-bois4r-mudler-1600x-e1705504354546-845x321.jpg",845,321,true],"entry_without_sidebar":["https:\/\/saisonsculturelleschaumont.fr\/mdxpuixt\/wp-content\/uploads\/2024\/01\/dans-les-bois4r-mudler-1600x-e1705504354546-1066x423.jpg",1066,423,true]},"uagb_author_info":{"display_name":"Justine Ansel","author_link":"https:\/\/saisonsculturelleschaumont.fr\/mdxpuixt\/author\/justine-ansel\/"},"uagb_comment_info":0,"uagb_excerpt":"Projet de territoire 1h + 6 ans Gratuit &nbsp; Comment la for\u00eat nous impr\u00e8gne-t-elle\u2009? Que d\u00e9pose-t-elle dans nos corps, nos tissus, nos cellules\u2009? Quelle est cette relation physique, sensorielle, sensible, [&hellip;]","_links":{"self":[{"href":"https:\/\/saisonsculturelleschaumont.fr\/mdxpuixt\/wp-json\/wp\/v2\/tribe_events\/11105"}],"collection":[{"href":"https:\/\/saisonsculturelleschaumont.fr\/mdxpuixt\/wp-json\/wp\/v2\/tribe_events"}],"about":[{"href":"https:\/\/saisonsculturelleschaumont.fr\/mdxpuixt\/wp-json\/wp\/v2\/types\/tribe_events"}],"author":[{"embeddable":true,"href":"https:\/\/saisonsculturelleschaumont.fr\/mdxpuixt\/wp-json\/wp\/v2\/users\/3"}],"replies":[{"embeddable":true,"href":"https:\/\/saisonsculturelleschaumont.fr\/mdxpuixt\/wp-json\/wp\/v2\/comments?post=11105"}],"version-history":[{"count":5,"href":"https:\/\/saisonsculturelleschaumont.fr\/mdxpuixt\/wp-json\/wp\/v2\/tribe_events\/11105\/revisions"}],"predecessor-version":[{"id":11786,"href":"https:\/\/saisonsculturelleschaumont.fr\/mdxpuixt\/wp-json\/wp\/v2\/tribe_events\/11105\/revisions\/11786"}],"wp:featuredmedia":[{"embeddable":true,"href":"https:\/\/saisonsculturelleschaumont.fr\/mdxpuixt\/wp-json\/wp\/v2\/media\/11106"}],"wp:attachment":[{"href":"https:\/\/saisonsculturelleschaumont.fr\/mdxpuixt\/wp-json\/wp\/v2\/media?parent=11105"}],"wp:term":[{"taxonomy":"post_tag","embeddable":true,"href":"https:\/\/saisonsculturelleschaumont.fr\/mdxpuixt\/wp-json\/wp\/v2\/tags?post=11105"},{"taxonomy":"tribe_events_cat","embeddable":true,"href":"https:\/\/saisonsculturelleschaumont.fr\/mdxpuixt\/wp-json\/wp\/v2\/tribe_events_cat?post=11105"}],"curies":[{"name":"wp","href":"https:\/\/api.w.org\/{rel}","templated":true}]}}