{"id":11113,"date":"2024-01-17T16:25:25","date_gmt":"2024-01-17T15:25:25","guid":{"rendered":"https:\/\/saisonsculturelleschaumont.fr\/mdxpuixt\/?post_type=tribe_events&#038;p=11113"},"modified":"2024-01-17T16:25:25","modified_gmt":"2024-01-17T15:25:25","slug":"etudier-la-sculpture-champenoise-un-enjeu-intellectuel-et-politique","status":"publish","type":"tribe_events","link":"https:\/\/saisonsculturelleschaumont.fr\/mdxpuixt\/evenement\/etudier-la-sculpture-champenoise-un-enjeu-intellectuel-et-politique\/","title":{"rendered":"\u00c9tudier la sculpture champenoise : un enjeu intellectuel et politique ?"},"content":{"rendered":"<p><strong>CONF\u00c9RENCE DU MARDI <\/strong><\/p>\n<p>L\u2019\u00e9tude de la sculpture en Champagne \u00e0 la fin du Moyen \u00c2ge et \u00e0 la Renaissance a b\u00e9n\u00e9fici\u00e9 ces derni\u00e8res ann\u00e9es de travaux importants qui ont radicalement chang\u00e9 le regard port\u00e9 sur cet art. Mais il faut rendre hommage aux pionniers de la discipline, aux \u00e9rudits des deux derniers si\u00e8cles, aux soci\u00e9t\u00e9s savantes, aux archivistes, aux conservateurs de mus\u00e9e, qui ont rassembl\u00e9 un mat\u00e9riel consid\u00e9rable, d\u00e9couvert des documents, sauv\u00e9 des \u0153uvres.\u00a0 Si les conclusions \u00e9taient souvent d\u00e9form\u00e9es par l\u2019id\u00e9e que l\u2019art m\u00e9di\u00e9val \u00e9tait fran\u00e7ais, national, naturel et \u00ab primitif \u00bb, et qu\u2019un pr\u00e9sum\u00e9 italianisme, \u00e9tranger et artificiel, l\u2019avait d\u00e9natur\u00e9, le corpus qui a \u00e9t\u00e9 alors rassembl\u00e9 sert de base \u00e0 toute \u00e9tude.<\/p>\n<p>Au Mus\u00e9e d\u2019Art et d\u2019Histoire (Chaumont) \u2013 20h30<\/p>\n<p>Intervenante : <strong>Genevi\u00e8ve Bresc<\/strong>, directrice honoraire du d\u00e9partement des sculptures du mus\u00e9e du Louvre<\/p>\n<p>&nbsp;<\/p>\n<hr \/>\n<p>Conf\u00e9rence organis\u00e9e dans le cadre du cycle des CONF\u00c9RENCES DU MARDI, en partenariat avec les Archives D\u00e9partementales de Haute-Marne<\/p>\n","protected":false},"excerpt":{"rendered":"<p>CONF\u00c9RENCE DU MARDI L\u2019\u00e9tude de la sculpture en Champagne \u00e0 la fin du Moyen \u00c2ge et \u00e0 la Renaissance a b\u00e9n\u00e9fici\u00e9 ces derni\u00e8res ann\u00e9es de travaux importants qui ont radicalement [&hellip;]<\/p>\n","protected":false},"author":3,"featured_media":10193,"comment_status":"open","ping_status":"closed","template":"","meta":{"_uag_custom_page_level_css":"","_tribe_events_status":"","_tribe_events_status_reason":""},"tags":[84,417,85],"tribe_events_cat":[217],"yoast_head":"<!-- This site is optimized with the Yoast SEO plugin v21.1 - https:\/\/yoast.com\/wordpress\/plugins\/seo\/ -->\n<title>\u00c9tudier la sculpture champenoise : un enjeu intellectuel et politique ? - Les Saisons Culturelles de Chaumont<\/title>\n<meta name=\"description\" content=\"D\u00e9couvrez la programmation culturelle de la saison culturelle de la ville de Chaumont. Expositions, visites, rencontres, ateliers, concerts, spectacles, animations et plus encore.\" \/>\n<meta name=\"robots\" content=\"noindex, follow, max-snippet:-1, max-image-preview:large, max-video-preview:-1\" \/>\n<meta property=\"og:locale\" content=\"fr_FR\" \/>\n<meta property=\"og:type\" content=\"article\" \/>\n<meta property=\"og:title\" content=\"\u00c9tudier la sculpture champenoise : un enjeu intellectuel et politique ? - Les Saisons Culturelles de Chaumont\" \/>\n<meta property=\"og:description\" content=\"D\u00e9couvrez la programmation culturelle de la saison culturelle de la ville de Chaumont. Expositions, visites, rencontres, ateliers, concerts, spectacles, animations et plus encore.\" \/>\n<meta property=\"og:url\" content=\"https:\/\/saisonsculturelleschaumont.fr\/mdxpuixt\/evenement\/etudier-la-sculpture-champenoise-un-enjeu-intellectuel-et-politique\/\" \/>\n<meta property=\"og:site_name\" content=\"Les Saisons Culturelles de Chaumont\" \/>\n<meta property=\"article:publisher\" content=\"https:\/\/www.facebook.com\/saisonsculturelleschaumont\/\" \/>\n<meta property=\"og:image\" content=\"https:\/\/saisonsculturelleschaumont.fr\/mdxpuixt\/wp-content\/uploads\/2023\/06\/242406115_878462142786733_8089214752953602476_n-e1687265295714.png\" \/>\n\t<meta property=\"og:image:width\" content=\"650\" \/>\n\t<meta property=\"og:image:height\" content=\"499\" \/>\n\t<meta property=\"og:image:type\" content=\"image\/png\" \/>\n<meta name=\"twitter:card\" content=\"summary_large_image\" \/>\n<meta name=\"twitter:label1\" content=\"Dur\u00e9e de lecture estim\u00e9e\" \/>\n\t<meta name=\"twitter:data1\" content=\"1 minute\" \/>\n<script type=\"application\/ld+json\" class=\"yoast-schema-graph\">{\"@context\":\"https:\/\/schema.org\",\"@graph\":[{\"@type\":\"WebPage\",\"@id\":\"https:\/\/saisonsculturelleschaumont.fr\/mdxpuixt\/evenement\/etudier-la-sculpture-champenoise-un-enjeu-intellectuel-et-politique\/\",\"url\":\"https:\/\/saisonsculturelleschaumont.fr\/mdxpuixt\/evenement\/etudier-la-sculpture-champenoise-un-enjeu-intellectuel-et-politique\/\",\"name\":\"\u00c9tudier la sculpture champenoise : un enjeu intellectuel et politique ? - Les Saisons Culturelles de Chaumont\",\"isPartOf\":{\"@id\":\"https:\/\/saisonsculturelleschaumont.fr\/mdxpuixt\/#website\"},\"datePublished\":\"2024-01-17T15:25:25+00:00\",\"dateModified\":\"2024-01-17T15:25:25+00:00\",\"description\":\"D\u00e9couvrez la programmation culturelle de la saison culturelle de la ville de Chaumont. Expositions, visites, rencontres, ateliers, concerts, spectacles, animations et plus encore.\",\"breadcrumb\":{\"@id\":\"https:\/\/saisonsculturelleschaumont.fr\/mdxpuixt\/evenement\/etudier-la-sculpture-champenoise-un-enjeu-intellectuel-et-politique\/#breadcrumb\"},\"inLanguage\":\"fr-FR\",\"potentialAction\":[{\"@type\":\"ReadAction\",\"target\":[\"https:\/\/saisonsculturelleschaumont.fr\/mdxpuixt\/evenement\/etudier-la-sculpture-champenoise-un-enjeu-intellectuel-et-politique\/\"]}]},{\"@type\":\"BreadcrumbList\",\"@id\":\"https:\/\/saisonsculturelleschaumont.fr\/mdxpuixt\/evenement\/etudier-la-sculpture-champenoise-un-enjeu-intellectuel-et-politique\/#breadcrumb\",\"itemListElement\":[{\"@type\":\"ListItem\",\"position\":1,\"name\":\"Accueil\",\"item\":\"https:\/\/saisonsculturelleschaumont.fr\/mdxpuixt\/\"},{\"@type\":\"ListItem\",\"position\":2,\"name\":\"\u00c9v\u00e8nements\",\"item\":\"https:\/\/saisonsculturelleschaumont.fr\/mdxpuixt\/agenda\/\"},{\"@type\":\"ListItem\",\"position\":3,\"name\":\"\u00c9tudier la sculpture champenoise : un enjeu intellectuel et politique ?\"}]},{\"@type\":\"WebSite\",\"@id\":\"https:\/\/saisonsculturelleschaumont.fr\/mdxpuixt\/#website\",\"url\":\"https:\/\/saisonsculturelleschaumont.fr\/mdxpuixt\/\",\"name\":\"Les Saisons Culturelles de Chaumont\",\"description\":\"\",\"potentialAction\":[{\"@type\":\"SearchAction\",\"target\":{\"@type\":\"EntryPoint\",\"urlTemplate\":\"https:\/\/saisonsculturelleschaumont.fr\/mdxpuixt\/?s={search_term_string}\"},\"query-input\":\"required name=search_term_string\"}],\"inLanguage\":\"fr-FR\"}]}<\/script>\n<!-- \/ Yoast SEO plugin. -->","yoast_head_json":{"title":"\u00c9tudier la sculpture champenoise : un enjeu intellectuel et politique ? - Les Saisons Culturelles de Chaumont","description":"D\u00e9couvrez la programmation culturelle de la saison culturelle de la ville de Chaumont. Expositions, visites, rencontres, ateliers, concerts, spectacles, animations et plus encore.","robots":{"index":"noindex","follow":"follow","max-snippet":"max-snippet:-1","max-image-preview":"max-image-preview:large","max-video-preview":"max-video-preview:-1"},"og_locale":"fr_FR","og_type":"article","og_title":"\u00c9tudier la sculpture champenoise : un enjeu intellectuel et politique ? - Les Saisons Culturelles de Chaumont","og_description":"D\u00e9couvrez la programmation culturelle de la saison culturelle de la ville de Chaumont. Expositions, visites, rencontres, ateliers, concerts, spectacles, animations et plus encore.","og_url":"https:\/\/saisonsculturelleschaumont.fr\/mdxpuixt\/evenement\/etudier-la-sculpture-champenoise-un-enjeu-intellectuel-et-politique\/","og_site_name":"Les Saisons Culturelles de Chaumont","article_publisher":"https:\/\/www.facebook.com\/saisonsculturelleschaumont\/","og_image":[{"width":650,"height":499,"url":"https:\/\/saisonsculturelleschaumont.fr\/mdxpuixt\/wp-content\/uploads\/2023\/06\/242406115_878462142786733_8089214752953602476_n-e1687265295714.png","type":"image\/png"}],"twitter_card":"summary_large_image","twitter_misc":{"Dur\u00e9e de lecture estim\u00e9e":"1 minute"},"schema":{"@context":"https:\/\/schema.org","@graph":[{"@type":"WebPage","@id":"https:\/\/saisonsculturelleschaumont.fr\/mdxpuixt\/evenement\/etudier-la-sculpture-champenoise-un-enjeu-intellectuel-et-politique\/","url":"https:\/\/saisonsculturelleschaumont.fr\/mdxpuixt\/evenement\/etudier-la-sculpture-champenoise-un-enjeu-intellectuel-et-politique\/","name":"\u00c9tudier la sculpture champenoise : un enjeu intellectuel et politique ? - Les Saisons Culturelles de Chaumont","isPartOf":{"@id":"https:\/\/saisonsculturelleschaumont.fr\/mdxpuixt\/#website"},"datePublished":"2024-01-17T15:25:25+00:00","dateModified":"2024-01-17T15:25:25+00:00","description":"D\u00e9couvrez la programmation culturelle de la saison culturelle de la ville de Chaumont. Expositions, visites, rencontres, ateliers, concerts, spectacles, animations et plus encore.","breadcrumb":{"@id":"https:\/\/saisonsculturelleschaumont.fr\/mdxpuixt\/evenement\/etudier-la-sculpture-champenoise-un-enjeu-intellectuel-et-politique\/#breadcrumb"},"inLanguage":"fr-FR","potentialAction":[{"@type":"ReadAction","target":["https:\/\/saisonsculturelleschaumont.fr\/mdxpuixt\/evenement\/etudier-la-sculpture-champenoise-un-enjeu-intellectuel-et-politique\/"]}]},{"@type":"BreadcrumbList","@id":"https:\/\/saisonsculturelleschaumont.fr\/mdxpuixt\/evenement\/etudier-la-sculpture-champenoise-un-enjeu-intellectuel-et-politique\/#breadcrumb","itemListElement":[{"@type":"ListItem","position":1,"name":"Accueil","item":"https:\/\/saisonsculturelleschaumont.fr\/mdxpuixt\/"},{"@type":"ListItem","position":2,"name":"\u00c9v\u00e8nements","item":"https:\/\/saisonsculturelleschaumont.fr\/mdxpuixt\/agenda\/"},{"@type":"ListItem","position":3,"name":"\u00c9tudier la sculpture champenoise : un enjeu intellectuel et politique ?"}]},{"@type":"WebSite","@id":"https:\/\/saisonsculturelleschaumont.fr\/mdxpuixt\/#website","url":"https:\/\/saisonsculturelleschaumont.fr\/mdxpuixt\/","name":"Les Saisons Culturelles de Chaumont","description":"","potentialAction":[{"@type":"SearchAction","target":{"@type":"EntryPoint","urlTemplate":"https:\/\/saisonsculturelleschaumont.fr\/mdxpuixt\/?s={search_term_string}"},"query-input":"required name=search_term_string"}],"inLanguage":"fr-FR"}]}},"uagb_featured_image_src":{"full":["https:\/\/saisonsculturelleschaumont.fr\/mdxpuixt\/wp-content\/uploads\/2023\/06\/242406115_878462142786733_8089214752953602476_n-e1687265295714.png",650,499,false],"thumbnail":["https:\/\/saisonsculturelleschaumont.fr\/mdxpuixt\/wp-content\/uploads\/2023\/06\/242406115_878462142786733_8089214752953602476_n-e1687265295714-80x80.png",80,80,true],"medium":["https:\/\/saisonsculturelleschaumont.fr\/mdxpuixt\/wp-content\/uploads\/2023\/06\/242406115_878462142786733_8089214752953602476_n-e1687265295714-300x300.png",300,300,true],"medium_large":["https:\/\/saisonsculturelleschaumont.fr\/mdxpuixt\/wp-content\/uploads\/2023\/06\/242406115_878462142786733_8089214752953602476_n-768x675.png",768,675,true],"large":["https:\/\/saisonsculturelleschaumont.fr\/mdxpuixt\/wp-content\/uploads\/2023\/06\/242406115_878462142786733_8089214752953602476_n-e1687265295714.png",650,499,false],"1536x1536":["https:\/\/saisonsculturelleschaumont.fr\/mdxpuixt\/wp-content\/uploads\/2023\/06\/242406115_878462142786733_8089214752953602476_n-e1687265295714.png",650,499,false],"2048x2048":["https:\/\/saisonsculturelleschaumont.fr\/mdxpuixt\/wp-content\/uploads\/2023\/06\/242406115_878462142786733_8089214752953602476_n-e1687265295714.png",650,499,false],"widget":["https:\/\/saisonsculturelleschaumont.fr\/mdxpuixt\/wp-content\/uploads\/2023\/06\/242406115_878462142786733_8089214752953602476_n-e1687265295714-36x36.png",36,36,true],"square":["https:\/\/saisonsculturelleschaumont.fr\/mdxpuixt\/wp-content\/uploads\/2023\/06\/242406115_878462142786733_8089214752953602476_n-e1687265295714-180x180.png",180,180,true],"featured":["https:\/\/saisonsculturelleschaumont.fr\/mdxpuixt\/wp-content\/uploads\/2023\/06\/242406115_878462142786733_8089214752953602476_n-e1687265295714-650x430.png",650,430,true],"featured_large":["https:\/\/saisonsculturelleschaumont.fr\/mdxpuixt\/wp-content\/uploads\/2023\/06\/242406115_878462142786733_8089214752953602476_n-880x630.png",880,630,true],"extra_large":["https:\/\/saisonsculturelleschaumont.fr\/mdxpuixt\/wp-content\/uploads\/2023\/06\/242406115_878462142786733_8089214752953602476_n-e1687265295714.png",650,499,false],"portfolio":["https:\/\/saisonsculturelleschaumont.fr\/mdxpuixt\/wp-content\/uploads\/2023\/06\/242406115_878462142786733_8089214752953602476_n-e1687265295714-495x400.png",495,400,true],"portfolio_small":["https:\/\/saisonsculturelleschaumont.fr\/mdxpuixt\/wp-content\/uploads\/2023\/06\/242406115_878462142786733_8089214752953602476_n-e1687265295714-260x185.png",260,185,true],"gallery":["https:\/\/saisonsculturelleschaumont.fr\/mdxpuixt\/wp-content\/uploads\/2023\/06\/242406115_878462142786733_8089214752953602476_n-845x675.png",845,675,true],"magazine":["https:\/\/saisonsculturelleschaumont.fr\/mdxpuixt\/wp-content\/uploads\/2023\/06\/242406115_878462142786733_8089214752953602476_n-e1687265295714-650x375.png",650,375,true],"masonry":["https:\/\/saisonsculturelleschaumont.fr\/mdxpuixt\/wp-content\/uploads\/2023\/06\/242406115_878462142786733_8089214752953602476_n-705x541.png",705,541,true],"entry_with_sidebar":["https:\/\/saisonsculturelleschaumont.fr\/mdxpuixt\/wp-content\/uploads\/2023\/06\/242406115_878462142786733_8089214752953602476_n-e1687265295714-650x321.png",650,321,true],"entry_without_sidebar":["https:\/\/saisonsculturelleschaumont.fr\/mdxpuixt\/wp-content\/uploads\/2023\/06\/242406115_878462142786733_8089214752953602476_n-e1687265295714-650x423.png",650,423,true]},"uagb_author_info":{"display_name":"Justine Ansel","author_link":"https:\/\/saisonsculturelleschaumont.fr\/mdxpuixt\/author\/justine-ansel\/"},"uagb_comment_info":0,"uagb_excerpt":"CONF\u00c9RENCE DU MARDI L\u2019\u00e9tude de la sculpture en Champagne \u00e0 la fin du Moyen \u00c2ge et \u00e0 la Renaissance a b\u00e9n\u00e9fici\u00e9 ces derni\u00e8res ann\u00e9es de travaux importants qui ont radicalement [&hellip;]","_links":{"self":[{"href":"https:\/\/saisonsculturelleschaumont.fr\/mdxpuixt\/wp-json\/wp\/v2\/tribe_events\/11113"}],"collection":[{"href":"https:\/\/saisonsculturelleschaumont.fr\/mdxpuixt\/wp-json\/wp\/v2\/tribe_events"}],"about":[{"href":"https:\/\/saisonsculturelleschaumont.fr\/mdxpuixt\/wp-json\/wp\/v2\/types\/tribe_events"}],"author":[{"embeddable":true,"href":"https:\/\/saisonsculturelleschaumont.fr\/mdxpuixt\/wp-json\/wp\/v2\/users\/3"}],"replies":[{"embeddable":true,"href":"https:\/\/saisonsculturelleschaumont.fr\/mdxpuixt\/wp-json\/wp\/v2\/comments?post=11113"}],"version-history":[{"count":0,"href":"https:\/\/saisonsculturelleschaumont.fr\/mdxpuixt\/wp-json\/wp\/v2\/tribe_events\/11113\/revisions"}],"wp:featuredmedia":[{"embeddable":true,"href":"https:\/\/saisonsculturelleschaumont.fr\/mdxpuixt\/wp-json\/wp\/v2\/media\/10193"}],"wp:attachment":[{"href":"https:\/\/saisonsculturelleschaumont.fr\/mdxpuixt\/wp-json\/wp\/v2\/media?parent=11113"}],"wp:term":[{"taxonomy":"post_tag","embeddable":true,"href":"https:\/\/saisonsculturelleschaumont.fr\/mdxpuixt\/wp-json\/wp\/v2\/tags?post=11113"},{"taxonomy":"tribe_events_cat","embeddable":true,"href":"https:\/\/saisonsculturelleschaumont.fr\/mdxpuixt\/wp-json\/wp\/v2\/tribe_events_cat?post=11113"}],"curies":[{"name":"wp","href":"https:\/\/api.w.org\/{rel}","templated":true}]}}