{"id":11126,"date":"2024-01-18T10:11:51","date_gmt":"2024-01-18T09:11:51","guid":{"rendered":"https:\/\/saisonsculturelleschaumont.fr\/mdxpuixt\/?post_type=tribe_events&#038;p=11126"},"modified":"2024-01-30T16:49:32","modified_gmt":"2024-01-30T15:49:32","slug":"czardas","status":"publish","type":"tribe_events","link":"https:\/\/saisonsculturelleschaumont.fr\/mdxpuixt\/evenement\/czardas\/","title":{"rendered":"Czardas ! avec Fugue \u00e0 l&rsquo;Op\u00e9ra"},"content":{"rendered":"<p>Fugue \u00e0 l\u2019Op\u00e9ra a souhait\u00e9 adh\u00e9rer au th\u00e8me propos\u00e9 par la Ville de Chaumont pour sa saison 08 : LA DIVERSIT\u00c9 DU VIVANT, diversit\u00e9 entendue dans le sens de pluralit\u00e9 des inspirations musicales des compositeurs. Le th\u00e8me diversit\u00e9 a souvent inspir\u00e9 la programmation de Fugue \u00e0 l\u2019Op\u00e9ra. Les propositions programmation de la saison 2023 2024 de Fugue \u00e0 l\u2019Op\u00e9ra a voulu mettre en \u00e9vidence :<\/p>\n<ul>\n<li>les liens entre la culture musicale dite savante et la culture musicale dite populaire<\/li>\n<li>les liens entre diff\u00e9rentes \u00e9poques, les diff\u00e9rents genres musicaux et leurs spectateurs<\/li>\n<\/ul>\n<p>CZARDAS ! fait cohabiter la musique savante avec des rythmes plus populaires comme la czardas, la mazurka, la polka et la valse. Le concert r\u00e9unit<span class=\"Apple-converted-space\"> :<\/span><\/p>\n<ul>\n<li>des airs de l\u2019op\u00e9rette austro hongroise chant\u00e9s en allemand ou en hongrois accompagn\u00e9s par le piano et le violon<span class=\"Apple-converted-space\">\u00a0<\/span><\/li>\n<li>des airs tzigane au violon solo<span class=\"Apple-converted-space\">\u00a0<\/span><\/li>\n<li>des pi\u00e8ces au piano solo<span class=\"Apple-converted-space\">\u00a0<\/span><\/li>\n<\/ul>\n<p>&nbsp;<\/p>\n<hr \/>\n<h4><strong>Artistes<\/strong><\/h4>\n<p><b>Odile Heimburger<span class=\"Apple-converted-space\"> \/ <\/span><\/b><b>Soprano colorature<span class=\"Apple-converted-space\">\u00a0<\/span><\/b><\/p>\n<p>Form\u00e9e au Royaume-Uni et en France, ancienne \u00e9l\u00e8ve de Kh\u00e2gne au lyc\u00e9e F\u00e9nelon \u00e0 Paris, la voix d\u2019Odile est remarqu\u00e9e par le pianiste Jeff Cohen pendant une acad\u00e9mie de musique de chambre tandis qu\u2019elle \u00e9tait violoniste, titulaire de 2 premiers Prix et d\u2019un Bachelor de Violon. Il lui conseille ardemment de s\u2019orienter vers l\u2019art lyrique. Ses coloratures, ses suraigus faciles et sa personnalit\u00e9 musicale lui permettent d\u2019int\u00e9grer rapidement le Royal College of Music de Londres en chant et violon (2003) puis la Guildhall School of Music and Drama (2007). Elle y obtient un Master de chant avec la mention excellence.<span class=\"Apple-converted-space\">\u00a0<\/span>Elle est laur\u00e9ate de nombreux concours internationaux. Elle a d\u00e9velopp\u00e9 une triple carri\u00e8re de soprano colorature, de cr\u00e9atrice contemporaine improvisatrice et de p\u00e9dagogue passionn\u00e9e de recherche et de com\u00e9dienne.<span class=\"Apple-converted-space\">\u00a0<\/span><\/p>\n<p>&nbsp;<\/p>\n<p><b>Paul Montag<span class=\"Apple-converted-space\"> \/ <\/span><\/b><b>Pianiste<span class=\"Apple-converted-space\">\u00a0<\/span><\/b><\/p>\n<p>Personnalit\u00e9 atypique aux multiples facettes, le pianiste Paul Montag s\u2019est produit depuis son enfance sur les plus grandes sc\u00e8nes \u00e0 travers l\u2019Europe, les Etats-Unis, le Canada, l\u2019Asie et le Maghreb. Il est un des rares pianistes contemporains \u00e0 avoir eu le privil\u00e8ge de se produire \u00e0 plusieurs reprises \u00e0 Salzbourg sur le pianoforte original de W.A. Mozart. Sa discographie unanimement reconnue par la presse sp\u00e9cialis\u00e9e (Choc de Classica, 5 Diapasons\u2026) comprend : la musique de jeunesse pour piano de Paul Hindemith, la musique pour piano de Claude Debussy, \u00ab On Tour \u00bb avec Rapha\u00ebl S\u00e9v\u00e8re, l\u2019int\u00e9grale des m\u00e9lodies d\u2019Albert Roussel, ainsi que les m\u00e9lodies de F\u00e9licien David.<span class=\"Apple-converted-space\">\u00a0<\/span>Professeur au Conservatoire de Paris et \u00e0 l\u2019\u00c9cole Normale de Musique de Paris, Paul Montag a \u00e9t\u00e9 initi\u00e9 au piano d\u00e8s l\u2019\u00e2ge de 4 ans. A 13 ans, il est admis au Conservatoire National Sup\u00e9rieur de Musique de Paris dans la classe de Jean-Fran\u00e7ois Heisser puis se perfectionne aupr\u00e8s de Christian Ivaldi \u00e0 l\u2019\u00c9cole Normale de Musique de Paris et re\u00e7oit notamment les conseils de Jean-Claude Pennetier et Paul Badura-Skoda. Laur\u00e9at de la fondation Cziffra et du prix Charles Oulmont de la Fondation de France, il se passionne aussi bien par le r\u00e9pertoire de soliste que par la musique de chambre et vocale, il a partag\u00e9 les sc\u00e8nes avec de nombreux partenaires parmi lesquels Pumeza Matshikiza, Rolando Villazon, Karine Deshayes, Hugues Borsarello\u2026 Et Rapha\u00ebl S\u00e9v\u00e8re avec qui il forme un duo depuis plusieurs ann\u00e9es.<span class=\"Apple-converted-space\">\u00a0<\/span>C\u2019est toujours la passion qui anime ce motard, \u00e9picurien reconnu, lorsqu\u2019il collabore comme chroniqueur pour diff\u00e9rents m\u00e9dias dont le magazine Pianiste ou bien encore en qualit\u00e9 de photographe.<span class=\"Apple-converted-space\">\u00a0<\/span><\/p>\n<p>&nbsp;<\/p>\n<p><strong>Tarifs \u2013 18 \u20ac &#8211; 15 \u20ac (adh\u00e9rents \u2013 moins de 30 ans) \u2013 5 \u20ac (coll\u00e9giens \u2013 e\u0301tudiants) &#8211; gratuite\u0301 pour les moins de 12 ans<span class=\"Apple-converted-space\">\u00a0<\/span><\/strong><\/p>\n<p><strong>R\u00e9servation et renseignement : 06 78 65 16 38 fugueopera@orange.fr<span class=\"Apple-converted-space\">\u00a0<\/span><\/strong><\/p>\n","protected":false},"excerpt":{"rendered":"<p>Fugue \u00e0 l\u2019Op\u00e9ra a souhait\u00e9 adh\u00e9rer au th\u00e8me propos\u00e9 par la Ville de Chaumont pour sa saison 08 : LA DIVERSIT\u00c9 DU VIVANT, diversit\u00e9 entendue dans le sens de pluralit\u00e9 [&hellip;]<\/p>\n","protected":false},"author":3,"featured_media":11182,"comment_status":"open","ping_status":"closed","template":"","meta":{"_uag_custom_page_level_css":"","_tribe_events_status":"","_tribe_events_status_reason":""},"tags":[51,473,99,266,472],"tribe_events_cat":[305],"yoast_head":"<!-- This site is optimized with the Yoast SEO plugin v21.1 - https:\/\/yoast.com\/wordpress\/plugins\/seo\/ -->\n<title>Czardas ! avec Fugue \u00e0 l&#039;Op\u00e9ra - Les Saisons Culturelles de Chaumont<\/title>\n<meta name=\"description\" content=\"D\u00e9couvrez la programmation culturelle de la saison culturelle de la ville de Chaumont. Expositions, visites, rencontres, ateliers, concerts, spectacles, animations et plus encore.\" \/>\n<meta name=\"robots\" content=\"noindex, follow, max-snippet:-1, max-image-preview:large, max-video-preview:-1\" \/>\n<meta property=\"og:locale\" content=\"fr_FR\" \/>\n<meta property=\"og:type\" content=\"article\" \/>\n<meta property=\"og:title\" content=\"Czardas ! avec Fugue \u00e0 l&#039;Op\u00e9ra - Les Saisons Culturelles de Chaumont\" \/>\n<meta property=\"og:description\" content=\"D\u00e9couvrez la programmation culturelle de la saison culturelle de la ville de Chaumont. Expositions, visites, rencontres, ateliers, concerts, spectacles, animations et plus encore.\" \/>\n<meta property=\"og:url\" content=\"https:\/\/saisonsculturelleschaumont.fr\/mdxpuixt\/evenement\/czardas\/\" \/>\n<meta property=\"og:site_name\" content=\"Les Saisons Culturelles de Chaumont\" \/>\n<meta property=\"article:publisher\" content=\"https:\/\/www.facebook.com\/saisonsculturelleschaumont\/\" \/>\n<meta property=\"article:modified_time\" content=\"2024-01-30T15:49:32+00:00\" \/>\n<meta property=\"og:image\" content=\"https:\/\/saisonsculturelleschaumont.fr\/mdxpuixt\/wp-content\/uploads\/2024\/01\/visuel-Czardas.jpg\" \/>\n\t<meta property=\"og:image:width\" content=\"1275\" \/>\n\t<meta property=\"og:image:height\" content=\"1276\" \/>\n\t<meta property=\"og:image:type\" content=\"image\/jpeg\" \/>\n<meta name=\"twitter:card\" content=\"summary_large_image\" \/>\n<meta name=\"twitter:label1\" content=\"Dur\u00e9e de lecture estim\u00e9e\" \/>\n\t<meta name=\"twitter:data1\" content=\"3 minutes\" \/>\n<script type=\"application\/ld+json\" class=\"yoast-schema-graph\">{\"@context\":\"https:\/\/schema.org\",\"@graph\":[{\"@type\":\"WebPage\",\"@id\":\"https:\/\/saisonsculturelleschaumont.fr\/mdxpuixt\/evenement\/czardas\/\",\"url\":\"https:\/\/saisonsculturelleschaumont.fr\/mdxpuixt\/evenement\/czardas\/\",\"name\":\"Czardas ! avec Fugue \u00e0 l'Op\u00e9ra - Les Saisons Culturelles de Chaumont\",\"isPartOf\":{\"@id\":\"https:\/\/saisonsculturelleschaumont.fr\/mdxpuixt\/#website\"},\"datePublished\":\"2024-01-18T09:11:51+00:00\",\"dateModified\":\"2024-01-30T15:49:32+00:00\",\"description\":\"D\u00e9couvrez la programmation culturelle de la saison culturelle de la ville de Chaumont. Expositions, visites, rencontres, ateliers, concerts, spectacles, animations et plus encore.\",\"breadcrumb\":{\"@id\":\"https:\/\/saisonsculturelleschaumont.fr\/mdxpuixt\/evenement\/czardas\/#breadcrumb\"},\"inLanguage\":\"fr-FR\",\"potentialAction\":[{\"@type\":\"ReadAction\",\"target\":[\"https:\/\/saisonsculturelleschaumont.fr\/mdxpuixt\/evenement\/czardas\/\"]}]},{\"@type\":\"BreadcrumbList\",\"@id\":\"https:\/\/saisonsculturelleschaumont.fr\/mdxpuixt\/evenement\/czardas\/#breadcrumb\",\"itemListElement\":[{\"@type\":\"ListItem\",\"position\":1,\"name\":\"Accueil\",\"item\":\"https:\/\/saisonsculturelleschaumont.fr\/mdxpuixt\/\"},{\"@type\":\"ListItem\",\"position\":2,\"name\":\"\u00c9v\u00e8nements\",\"item\":\"https:\/\/saisonsculturelleschaumont.fr\/mdxpuixt\/agenda\/\"},{\"@type\":\"ListItem\",\"position\":3,\"name\":\"Czardas ! avec Fugue \u00e0 l&rsquo;Op\u00e9ra\"}]},{\"@type\":\"WebSite\",\"@id\":\"https:\/\/saisonsculturelleschaumont.fr\/mdxpuixt\/#website\",\"url\":\"https:\/\/saisonsculturelleschaumont.fr\/mdxpuixt\/\",\"name\":\"Les Saisons Culturelles de Chaumont\",\"description\":\"\",\"potentialAction\":[{\"@type\":\"SearchAction\",\"target\":{\"@type\":\"EntryPoint\",\"urlTemplate\":\"https:\/\/saisonsculturelleschaumont.fr\/mdxpuixt\/?s={search_term_string}\"},\"query-input\":\"required name=search_term_string\"}],\"inLanguage\":\"fr-FR\"}]}<\/script>\n<!-- \/ Yoast SEO plugin. -->","yoast_head_json":{"title":"Czardas ! avec Fugue \u00e0 l'Op\u00e9ra - Les Saisons Culturelles de Chaumont","description":"D\u00e9couvrez la programmation culturelle de la saison culturelle de la ville de Chaumont. Expositions, visites, rencontres, ateliers, concerts, spectacles, animations et plus encore.","robots":{"index":"noindex","follow":"follow","max-snippet":"max-snippet:-1","max-image-preview":"max-image-preview:large","max-video-preview":"max-video-preview:-1"},"og_locale":"fr_FR","og_type":"article","og_title":"Czardas ! avec Fugue \u00e0 l'Op\u00e9ra - Les Saisons Culturelles de Chaumont","og_description":"D\u00e9couvrez la programmation culturelle de la saison culturelle de la ville de Chaumont. Expositions, visites, rencontres, ateliers, concerts, spectacles, animations et plus encore.","og_url":"https:\/\/saisonsculturelleschaumont.fr\/mdxpuixt\/evenement\/czardas\/","og_site_name":"Les Saisons Culturelles de Chaumont","article_publisher":"https:\/\/www.facebook.com\/saisonsculturelleschaumont\/","article_modified_time":"2024-01-30T15:49:32+00:00","og_image":[{"width":1275,"height":1276,"url":"https:\/\/saisonsculturelleschaumont.fr\/mdxpuixt\/wp-content\/uploads\/2024\/01\/visuel-Czardas.jpg","type":"image\/jpeg"}],"twitter_card":"summary_large_image","twitter_misc":{"Dur\u00e9e de lecture estim\u00e9e":"3 minutes"},"schema":{"@context":"https:\/\/schema.org","@graph":[{"@type":"WebPage","@id":"https:\/\/saisonsculturelleschaumont.fr\/mdxpuixt\/evenement\/czardas\/","url":"https:\/\/saisonsculturelleschaumont.fr\/mdxpuixt\/evenement\/czardas\/","name":"Czardas ! avec Fugue \u00e0 l'Op\u00e9ra - Les Saisons Culturelles de Chaumont","isPartOf":{"@id":"https:\/\/saisonsculturelleschaumont.fr\/mdxpuixt\/#website"},"datePublished":"2024-01-18T09:11:51+00:00","dateModified":"2024-01-30T15:49:32+00:00","description":"D\u00e9couvrez la programmation culturelle de la saison culturelle de la ville de Chaumont. Expositions, visites, rencontres, ateliers, concerts, spectacles, animations et plus encore.","breadcrumb":{"@id":"https:\/\/saisonsculturelleschaumont.fr\/mdxpuixt\/evenement\/czardas\/#breadcrumb"},"inLanguage":"fr-FR","potentialAction":[{"@type":"ReadAction","target":["https:\/\/saisonsculturelleschaumont.fr\/mdxpuixt\/evenement\/czardas\/"]}]},{"@type":"BreadcrumbList","@id":"https:\/\/saisonsculturelleschaumont.fr\/mdxpuixt\/evenement\/czardas\/#breadcrumb","itemListElement":[{"@type":"ListItem","position":1,"name":"Accueil","item":"https:\/\/saisonsculturelleschaumont.fr\/mdxpuixt\/"},{"@type":"ListItem","position":2,"name":"\u00c9v\u00e8nements","item":"https:\/\/saisonsculturelleschaumont.fr\/mdxpuixt\/agenda\/"},{"@type":"ListItem","position":3,"name":"Czardas ! avec Fugue \u00e0 l&rsquo;Op\u00e9ra"}]},{"@type":"WebSite","@id":"https:\/\/saisonsculturelleschaumont.fr\/mdxpuixt\/#website","url":"https:\/\/saisonsculturelleschaumont.fr\/mdxpuixt\/","name":"Les Saisons Culturelles de Chaumont","description":"","potentialAction":[{"@type":"SearchAction","target":{"@type":"EntryPoint","urlTemplate":"https:\/\/saisonsculturelleschaumont.fr\/mdxpuixt\/?s={search_term_string}"},"query-input":"required name=search_term_string"}],"inLanguage":"fr-FR"}]}},"uagb_featured_image_src":{"full":["https:\/\/saisonsculturelleschaumont.fr\/mdxpuixt\/wp-content\/uploads\/2024\/01\/visuel-Czardas.jpg",1275,1276,false],"thumbnail":["https:\/\/saisonsculturelleschaumont.fr\/mdxpuixt\/wp-content\/uploads\/2024\/01\/visuel-Czardas-80x80.jpg",80,80,true],"medium":["https:\/\/saisonsculturelleschaumont.fr\/mdxpuixt\/wp-content\/uploads\/2024\/01\/visuel-Czardas-300x300.jpg",300,300,true],"medium_large":["https:\/\/saisonsculturelleschaumont.fr\/mdxpuixt\/wp-content\/uploads\/2024\/01\/visuel-Czardas-768x768.jpg",768,768,true],"large":["https:\/\/saisonsculturelleschaumont.fr\/mdxpuixt\/wp-content\/uploads\/2024\/01\/visuel-Czardas-1030x1030.jpg",1030,1030,true],"1536x1536":["https:\/\/saisonsculturelleschaumont.fr\/mdxpuixt\/wp-content\/uploads\/2024\/01\/visuel-Czardas.jpg",1275,1276,false],"2048x2048":["https:\/\/saisonsculturelleschaumont.fr\/mdxpuixt\/wp-content\/uploads\/2024\/01\/visuel-Czardas.jpg",1275,1276,false],"widget":["https:\/\/saisonsculturelleschaumont.fr\/mdxpuixt\/wp-content\/uploads\/2024\/01\/visuel-Czardas-36x36.jpg",36,36,true],"square":["https:\/\/saisonsculturelleschaumont.fr\/mdxpuixt\/wp-content\/uploads\/2024\/01\/visuel-Czardas-180x180.jpg",180,180,true],"featured":["https:\/\/saisonsculturelleschaumont.fr\/mdxpuixt\/wp-content\/uploads\/2024\/01\/visuel-Czardas-1275x430.jpg",1275,430,true],"featured_large":["https:\/\/saisonsculturelleschaumont.fr\/mdxpuixt\/wp-content\/uploads\/2024\/01\/visuel-Czardas-1275x630.jpg",1275,630,true],"extra_large":["https:\/\/saisonsculturelleschaumont.fr\/mdxpuixt\/wp-content\/uploads\/2024\/01\/visuel-Czardas.jpg",1275,1276,false],"portfolio":["https:\/\/saisonsculturelleschaumont.fr\/mdxpuixt\/wp-content\/uploads\/2024\/01\/visuel-Czardas-495x400.jpg",495,400,true],"portfolio_small":["https:\/\/saisonsculturelleschaumont.fr\/mdxpuixt\/wp-content\/uploads\/2024\/01\/visuel-Czardas-260x185.jpg",260,185,true],"gallery":["https:\/\/saisonsculturelleschaumont.fr\/mdxpuixt\/wp-content\/uploads\/2024\/01\/visuel-Czardas-845x684.jpg",845,684,true],"magazine":["https:\/\/saisonsculturelleschaumont.fr\/mdxpuixt\/wp-content\/uploads\/2024\/01\/visuel-Czardas-710x375.jpg",710,375,true],"masonry":["https:\/\/saisonsculturelleschaumont.fr\/mdxpuixt\/wp-content\/uploads\/2024\/01\/visuel-Czardas-705x705.jpg",705,705,true],"entry_with_sidebar":["https:\/\/saisonsculturelleschaumont.fr\/mdxpuixt\/wp-content\/uploads\/2024\/01\/visuel-Czardas-845x321.jpg",845,321,true],"entry_without_sidebar":["https:\/\/saisonsculturelleschaumont.fr\/mdxpuixt\/wp-content\/uploads\/2024\/01\/visuel-Czardas-1210x423.jpg",1210,423,true]},"uagb_author_info":{"display_name":"Justine Ansel","author_link":"https:\/\/saisonsculturelleschaumont.fr\/mdxpuixt\/author\/justine-ansel\/"},"uagb_comment_info":0,"uagb_excerpt":"Fugue \u00e0 l\u2019Op\u00e9ra a souhait\u00e9 adh\u00e9rer au th\u00e8me propos\u00e9 par la Ville de Chaumont pour sa saison 08 : LA DIVERSIT\u00c9 DU VIVANT, diversit\u00e9 entendue dans le sens de pluralit\u00e9 [&hellip;]","_links":{"self":[{"href":"https:\/\/saisonsculturelleschaumont.fr\/mdxpuixt\/wp-json\/wp\/v2\/tribe_events\/11126"}],"collection":[{"href":"https:\/\/saisonsculturelleschaumont.fr\/mdxpuixt\/wp-json\/wp\/v2\/tribe_events"}],"about":[{"href":"https:\/\/saisonsculturelleschaumont.fr\/mdxpuixt\/wp-json\/wp\/v2\/types\/tribe_events"}],"author":[{"embeddable":true,"href":"https:\/\/saisonsculturelleschaumont.fr\/mdxpuixt\/wp-json\/wp\/v2\/users\/3"}],"replies":[{"embeddable":true,"href":"https:\/\/saisonsculturelleschaumont.fr\/mdxpuixt\/wp-json\/wp\/v2\/comments?post=11126"}],"version-history":[{"count":0,"href":"https:\/\/saisonsculturelleschaumont.fr\/mdxpuixt\/wp-json\/wp\/v2\/tribe_events\/11126\/revisions"}],"wp:featuredmedia":[{"embeddable":true,"href":"https:\/\/saisonsculturelleschaumont.fr\/mdxpuixt\/wp-json\/wp\/v2\/media\/11182"}],"wp:attachment":[{"href":"https:\/\/saisonsculturelleschaumont.fr\/mdxpuixt\/wp-json\/wp\/v2\/media?parent=11126"}],"wp:term":[{"taxonomy":"post_tag","embeddable":true,"href":"https:\/\/saisonsculturelleschaumont.fr\/mdxpuixt\/wp-json\/wp\/v2\/tags?post=11126"},{"taxonomy":"tribe_events_cat","embeddable":true,"href":"https:\/\/saisonsculturelleschaumont.fr\/mdxpuixt\/wp-json\/wp\/v2\/tribe_events_cat?post=11126"}],"curies":[{"name":"wp","href":"https:\/\/api.w.org\/{rel}","templated":true}]}}