{"id":11145,"date":"2024-01-30T17:27:55","date_gmt":"2024-01-30T16:27:55","guid":{"rendered":"https:\/\/saisonsculturelleschaumont.fr\/mdxpuixt\/?post_type=tribe_events&#038;p=11145"},"modified":"2024-01-30T17:27:55","modified_gmt":"2024-01-30T16:27:55","slug":"le-temps-suspendu-diego-imbert-quartet","status":"publish","type":"tribe_events","link":"https:\/\/saisonsculturelleschaumont.fr\/mdxpuixt\/evenement\/le-temps-suspendu-diego-imbert-quartet\/","title":{"rendered":"Le temps suspendu \/\/ Diego Imbert Quartet"},"content":{"rendered":"<p>Diego Imbert, accompagn\u00e9 de David El-Malek, Quentin Ghomari &amp; Franck Agulhon en concert.<\/p>\n<h4 style=\"font-weight: 400;\"><strong>Le Temps Suspendu<\/strong><\/h4>\n<p style=\"font-weight: 400;\">Avec \u00ab\u00a0Le Temps Suspendu\u00a0\u00bb quatri\u00e8me opus du quartette de Diego Imbert qui c\u00e9l\u00e8bre \u00e0 sa mani\u00e8re le centenaire de la disparition de Marcel Proust, la formation emprunte, il serait difficile de faire autrement, les chemins ouverts par le pianoless quartet (quartette sans piano) de Gerry Mulligan et de Chet Baker, creuse un peu plus le sillon du quartette d\u2019Ornette Coleman, pour finalement tracer son propre layon, offrant ainsi de nouvelles perspectives. En retranchant le piano &#8211; ou tout instrument harmonique -, les musiciens savent qu\u2019ils se sont impos\u00e9 cette prise de risque les invitant \u00e0 \u00e9largir leur r\u00f4le \u00e0 la recherche des accords perdus qui les oblige \u00e0 faire preuve d\u2019une r\u00e9activit\u00e9 et d\u2019une interaction accrues. Les musiciens du quartet, dont la complicit\u00e9 ne se d\u00e9ment plus depuis des ann\u00e9es, explorent les sonorit\u00e9s, m\u00e9langent les timbres pour finalement produire ce son et cette couleur musicale qui leur est si sp\u00e9cifique o\u00f9 les accords retrouv\u00e9s s\u2019entrem\u00ealent \u00e0 merveille.\u00a0 (Vincent Oudot )<\/p>\n<p style=\"font-weight: 400;\"><strong>Diego Imbert Quartet<\/strong><\/p>\n<p style=\"font-weight: 400;\">Apr\u00e8s avoir enregistr\u00e9 plusieurs projets en hommage \u00e0 diff\u00e9rents musiciens l\u2019ayant influenc\u00e9 dans son parcours musical (Charlie Haden, Bill Evans, George Gerschwin, Django Reinhardt..), Diego souhaitait revenir \u00e0 ses premi\u00e8res envies musicales et continuer \u00e0 explorer ce son si sp\u00e9cifique qu\u2019il avait d\u00e9velopp\u00e9 avec son Quartet depuis 2008, trois albums studio (A l\u2019Ombre du Saule Pleureur, Next Move et Colors) et de nombreux concerts. La direction musicale que ce groupe exp\u00e9rimente depuis des ann\u00e9es au fil des concerts a amen\u00e9 Diego \u00e0 \u00e9crire un r\u00e9pertoire dans lequel l\u2019interaction, la r\u00e9activit\u00e9 et la prise de risque sont au centre du discours collectif. Les influences musicales de Diego sont multiples (Dave Holland, Wayne Shorter, Steve Reich, Debussy, etc ) et l\u2019\u00e9criture pour ce quartet acoustique sans instrument harmonique s\u2019est pench\u00e9 sur le m\u00e9lange des timbres, la r\u00e9p\u00e9tition et la superposition des instruments.<\/p>\n<p>&nbsp;<\/p>\n<h6 style=\"font-weight: 400;\"><strong><em>Line Up\u00a0<\/em><\/strong><\/h6>\n<p style=\"font-weight: 400;\">Diego Imbert\u00a0: compositions et contrebasse<\/p>\n<p style=\"font-weight: 400;\">David El Malek\u00a0: Saxophone t\u00e9nor<\/p>\n<p style=\"font-weight: 400;\">Quentin Ghomari\u00a0: Trompette \/ bugle<\/p>\n<p><span style=\"font-weight: 400;\">Franck Agulhon : Batterie<\/span><\/p>\n<p>&nbsp;<\/p>\n<hr \/>\n<h6 style=\"font-weight: 400;\"><strong>Diego Imbert<\/strong><\/h6>\n<p style=\"font-weight: 400;\">Contrebassiste tr\u00e8s actif sur la sc\u00e8ne jazz fran\u00e7aise depuis une vingtaine d\u2019ann\u00e9es, compagnon musical de longue date du Gipsy Project de Bireli Lagr\u00e8ne ou des projets avec Andr\u00e9 Ceccarelli, on a pu \u00e9galement l\u2019\u00e9couter avec des musiciens tels que\u00a0: Archie Shepp, Didier Lockwood, Laurent de Wilde, Aldo Romano, Richard Galliano, Eric Legnini, Philipp Catherine, Enrico Pieranunzi, Antonio Farao, Jean-Michel Pilc, St\u00e9phane Huchard, Franck Avitabile, Pierre de Bethmann, Guillaume de Chassy, Pierrick Pedron, Rosario Giuliani, Alain Jean-Marie, Sylvain Luc, Flavio Boltro, Michael Felberbaum, Michel Perez, Olivier Ker Ourio, Baptiste Trotignon, Tigran Hamasyan, Ari Hoenig, Julien Charlet,\u00a0 Sara Lazarus, Elisabeth Kontomanou, Claudia Solal \u2026.<\/p>\n<h6 style=\"font-weight: 400;\"><strong>David El Malek<\/strong><\/h6>\n<p style=\"font-weight: 400;\">Membre du Quartet Est de Bruno Angelini, David re\u00e7oit en 1995 un troisi\u00e8me prix de soliste, un second prix de composition et le prix sp\u00e9cial du jury du Concours National de la D\u00e9fense. Sideman sur de nombreux projets, il monte son propre quartet avec lequel il enregistre trois albums.puis un quartet avec Baptiste Trotignon avec lequel il sort deux albums. Puis, il enregistre \u00ab Music from Source \u00bb, r\u00e9pertoire de compositions originales et d\u2019arrangements sur des musiques folkloriques et liturgiques jud\u00e9o-arabo-espagnoles. En 2023, il poursuit sa cartographie int\u00e9rieure avec \u00ab\u00a0Travelling\u00a0\u00bb enregistr\u00e9 avec Pierre de Bethmann et Alex Tassel<\/p>\n<h6 style=\"font-weight: 400;\"><strong>Quentin Ghomari<\/strong><\/h6>\n<p style=\"font-weight: 400;\">Dipl\u00f4m\u00e9 du CNSM de Paris, Quentin Ghomari est membre\u00a0 du groupe \u00a0Papanosh depuis plus de dix ans. Parall\u00e8lement \u00e0 cette aventure, il tisse des liens forts avec la compagnie Pegazz &amp; l\u2019Helicon et multiplie les collaborations en tant que sideman au sein des plusieurs groupes (Flouxus, Lande, le\u00a0Brass Spirit, le nonet de Leila Olivesi ou le quintet de G\u00e9raudPortal). Il a sorti son projet, \u00d4trium, en 2022.<\/p>\n<h6 style=\"font-weight: 400;\"><strong>Franck Agulhon<\/strong><\/h6>\n<p style=\"font-weight: 400;\">Dipl\u00f4m\u00e9 du Centre Musical et Cr\u00e9atif de Nancy et de la Drummers Collective de New York \u00a0il devient un pilier incontournable d\u2019innombrables projets men\u00e9s par \u00e0 peu pr\u00e8s tout ce que la sc\u00e8ne jazz fran\u00e7aise compte de musiciens leaders.tels que Bireli Lagr\u00e8ne, Pierrick Pedron, Eric Legnini, Flavio Boltro, Sylvain Beuf, David El-Malek, Christophe dal Sasso, Pierre de Bethmann, Baptiste Trotignon, Pierre-Alain Goualch, Stefano di Battista \u2026<\/p>\n<p>&nbsp;<\/p>\n<p>Gratuit<br \/>\nDans la limite des places disponibles<\/p>\n","protected":false},"excerpt":{"rendered":"<p>Diego Imbert, accompagn\u00e9 de David El-Malek, Quentin Ghomari &amp; Franck Agulhon en concert. Le Temps Suspendu Avec \u00ab\u00a0Le Temps Suspendu\u00a0\u00bb quatri\u00e8me opus du quartette de Diego Imbert qui c\u00e9l\u00e8bre \u00e0 [&hellip;]<\/p>\n","protected":false},"author":3,"featured_media":11184,"comment_status":"open","ping_status":"closed","template":"","meta":{"_uag_custom_page_level_css":"","_tribe_events_status":"","_tribe_events_status_reason":""},"tags":[51,178,475,99],"tribe_events_cat":[305],"yoast_head":"<!-- This site is optimized with the Yoast SEO plugin v21.1 - https:\/\/yoast.com\/wordpress\/plugins\/seo\/ -->\n<title>Le temps suspendu \/\/ Diego Imbert Quartet - Les Saisons Culturelles de Chaumont<\/title>\n<meta name=\"description\" content=\"D\u00e9couvrez la programmation culturelle de la saison culturelle de la ville de Chaumont. Expositions, visites, rencontres, ateliers, concerts, spectacles, animations et plus encore.\" \/>\n<meta name=\"robots\" content=\"noindex, follow, max-snippet:-1, max-image-preview:large, max-video-preview:-1\" \/>\n<meta property=\"og:locale\" content=\"fr_FR\" \/>\n<meta property=\"og:type\" content=\"article\" \/>\n<meta property=\"og:title\" content=\"Le temps suspendu \/\/ Diego Imbert Quartet - Les Saisons Culturelles de Chaumont\" \/>\n<meta property=\"og:description\" content=\"D\u00e9couvrez la programmation culturelle de la saison culturelle de la ville de Chaumont. Expositions, visites, rencontres, ateliers, concerts, spectacles, animations et plus encore.\" \/>\n<meta property=\"og:url\" content=\"https:\/\/saisonsculturelleschaumont.fr\/mdxpuixt\/evenement\/le-temps-suspendu-diego-imbert-quartet\/\" \/>\n<meta property=\"og:site_name\" content=\"Les Saisons Culturelles de Chaumont\" \/>\n<meta property=\"article:publisher\" content=\"https:\/\/www.facebook.com\/saisonsculturelleschaumont\/\" \/>\n<meta property=\"og:image\" content=\"https:\/\/saisonsculturelleschaumont.fr\/mdxpuixt\/wp-content\/uploads\/2024\/01\/PIO0317-1030x1030.jpg\" \/>\n\t<meta property=\"og:image:width\" content=\"1030\" \/>\n\t<meta property=\"og:image:height\" content=\"1030\" \/>\n\t<meta property=\"og:image:type\" content=\"image\/jpeg\" \/>\n<meta name=\"twitter:card\" content=\"summary_large_image\" \/>\n<meta name=\"twitter:label1\" content=\"Dur\u00e9e de lecture estim\u00e9e\" \/>\n\t<meta name=\"twitter:data1\" content=\"4 minutes\" \/>\n<script type=\"application\/ld+json\" class=\"yoast-schema-graph\">{\"@context\":\"https:\/\/schema.org\",\"@graph\":[{\"@type\":\"WebPage\",\"@id\":\"https:\/\/saisonsculturelleschaumont.fr\/mdxpuixt\/evenement\/le-temps-suspendu-diego-imbert-quartet\/\",\"url\":\"https:\/\/saisonsculturelleschaumont.fr\/mdxpuixt\/evenement\/le-temps-suspendu-diego-imbert-quartet\/\",\"name\":\"Le temps suspendu \/\/ Diego Imbert Quartet - Les Saisons Culturelles de Chaumont\",\"isPartOf\":{\"@id\":\"https:\/\/saisonsculturelleschaumont.fr\/mdxpuixt\/#website\"},\"datePublished\":\"2024-01-30T16:27:55+00:00\",\"dateModified\":\"2024-01-30T16:27:55+00:00\",\"description\":\"D\u00e9couvrez la programmation culturelle de la saison culturelle de la ville de Chaumont. Expositions, visites, rencontres, ateliers, concerts, spectacles, animations et plus encore.\",\"breadcrumb\":{\"@id\":\"https:\/\/saisonsculturelleschaumont.fr\/mdxpuixt\/evenement\/le-temps-suspendu-diego-imbert-quartet\/#breadcrumb\"},\"inLanguage\":\"fr-FR\",\"potentialAction\":[{\"@type\":\"ReadAction\",\"target\":[\"https:\/\/saisonsculturelleschaumont.fr\/mdxpuixt\/evenement\/le-temps-suspendu-diego-imbert-quartet\/\"]}]},{\"@type\":\"BreadcrumbList\",\"@id\":\"https:\/\/saisonsculturelleschaumont.fr\/mdxpuixt\/evenement\/le-temps-suspendu-diego-imbert-quartet\/#breadcrumb\",\"itemListElement\":[{\"@type\":\"ListItem\",\"position\":1,\"name\":\"Accueil\",\"item\":\"https:\/\/saisonsculturelleschaumont.fr\/mdxpuixt\/\"},{\"@type\":\"ListItem\",\"position\":2,\"name\":\"\u00c9v\u00e8nements\",\"item\":\"https:\/\/saisonsculturelleschaumont.fr\/mdxpuixt\/agenda\/\"},{\"@type\":\"ListItem\",\"position\":3,\"name\":\"Le temps suspendu \/\/ Diego Imbert Quartet\"}]},{\"@type\":\"WebSite\",\"@id\":\"https:\/\/saisonsculturelleschaumont.fr\/mdxpuixt\/#website\",\"url\":\"https:\/\/saisonsculturelleschaumont.fr\/mdxpuixt\/\",\"name\":\"Les Saisons Culturelles de Chaumont\",\"description\":\"\",\"potentialAction\":[{\"@type\":\"SearchAction\",\"target\":{\"@type\":\"EntryPoint\",\"urlTemplate\":\"https:\/\/saisonsculturelleschaumont.fr\/mdxpuixt\/?s={search_term_string}\"},\"query-input\":\"required name=search_term_string\"}],\"inLanguage\":\"fr-FR\"}]}<\/script>\n<!-- \/ Yoast SEO plugin. -->","yoast_head_json":{"title":"Le temps suspendu \/\/ Diego Imbert Quartet - Les Saisons Culturelles de Chaumont","description":"D\u00e9couvrez la programmation culturelle de la saison culturelle de la ville de Chaumont. Expositions, visites, rencontres, ateliers, concerts, spectacles, animations et plus encore.","robots":{"index":"noindex","follow":"follow","max-snippet":"max-snippet:-1","max-image-preview":"max-image-preview:large","max-video-preview":"max-video-preview:-1"},"og_locale":"fr_FR","og_type":"article","og_title":"Le temps suspendu \/\/ Diego Imbert Quartet - Les Saisons Culturelles de Chaumont","og_description":"D\u00e9couvrez la programmation culturelle de la saison culturelle de la ville de Chaumont. Expositions, visites, rencontres, ateliers, concerts, spectacles, animations et plus encore.","og_url":"https:\/\/saisonsculturelleschaumont.fr\/mdxpuixt\/evenement\/le-temps-suspendu-diego-imbert-quartet\/","og_site_name":"Les Saisons Culturelles de Chaumont","article_publisher":"https:\/\/www.facebook.com\/saisonsculturelleschaumont\/","og_image":[{"width":1030,"height":1030,"url":"https:\/\/saisonsculturelleschaumont.fr\/mdxpuixt\/wp-content\/uploads\/2024\/01\/PIO0317-1030x1030.jpg","type":"image\/jpeg"}],"twitter_card":"summary_large_image","twitter_misc":{"Dur\u00e9e de lecture estim\u00e9e":"4 minutes"},"schema":{"@context":"https:\/\/schema.org","@graph":[{"@type":"WebPage","@id":"https:\/\/saisonsculturelleschaumont.fr\/mdxpuixt\/evenement\/le-temps-suspendu-diego-imbert-quartet\/","url":"https:\/\/saisonsculturelleschaumont.fr\/mdxpuixt\/evenement\/le-temps-suspendu-diego-imbert-quartet\/","name":"Le temps suspendu \/\/ Diego Imbert Quartet - Les Saisons Culturelles de Chaumont","isPartOf":{"@id":"https:\/\/saisonsculturelleschaumont.fr\/mdxpuixt\/#website"},"datePublished":"2024-01-30T16:27:55+00:00","dateModified":"2024-01-30T16:27:55+00:00","description":"D\u00e9couvrez la programmation culturelle de la saison culturelle de la ville de Chaumont. Expositions, visites, rencontres, ateliers, concerts, spectacles, animations et plus encore.","breadcrumb":{"@id":"https:\/\/saisonsculturelleschaumont.fr\/mdxpuixt\/evenement\/le-temps-suspendu-diego-imbert-quartet\/#breadcrumb"},"inLanguage":"fr-FR","potentialAction":[{"@type":"ReadAction","target":["https:\/\/saisonsculturelleschaumont.fr\/mdxpuixt\/evenement\/le-temps-suspendu-diego-imbert-quartet\/"]}]},{"@type":"BreadcrumbList","@id":"https:\/\/saisonsculturelleschaumont.fr\/mdxpuixt\/evenement\/le-temps-suspendu-diego-imbert-quartet\/#breadcrumb","itemListElement":[{"@type":"ListItem","position":1,"name":"Accueil","item":"https:\/\/saisonsculturelleschaumont.fr\/mdxpuixt\/"},{"@type":"ListItem","position":2,"name":"\u00c9v\u00e8nements","item":"https:\/\/saisonsculturelleschaumont.fr\/mdxpuixt\/agenda\/"},{"@type":"ListItem","position":3,"name":"Le temps suspendu \/\/ Diego Imbert Quartet"}]},{"@type":"WebSite","@id":"https:\/\/saisonsculturelleschaumont.fr\/mdxpuixt\/#website","url":"https:\/\/saisonsculturelleschaumont.fr\/mdxpuixt\/","name":"Les Saisons Culturelles de Chaumont","description":"","potentialAction":[{"@type":"SearchAction","target":{"@type":"EntryPoint","urlTemplate":"https:\/\/saisonsculturelleschaumont.fr\/mdxpuixt\/?s={search_term_string}"},"query-input":"required name=search_term_string"}],"inLanguage":"fr-FR"}]}},"uagb_featured_image_src":{"full":["https:\/\/saisonsculturelleschaumont.fr\/mdxpuixt\/wp-content\/uploads\/2024\/01\/PIO0317-scaled.jpg",2560,1920,false],"thumbnail":["https:\/\/saisonsculturelleschaumont.fr\/mdxpuixt\/wp-content\/uploads\/2024\/01\/PIO0317-80x80.jpg",80,80,true],"medium":["https:\/\/saisonsculturelleschaumont.fr\/mdxpuixt\/wp-content\/uploads\/2024\/01\/PIO0317-300x300.jpg",300,300,true],"medium_large":["https:\/\/saisonsculturelleschaumont.fr\/mdxpuixt\/wp-content\/uploads\/2024\/01\/PIO0317-768x768.jpg",768,768,true],"large":["https:\/\/saisonsculturelleschaumont.fr\/mdxpuixt\/wp-content\/uploads\/2024\/01\/PIO0317-1030x1030.jpg",1030,1030,true],"1536x1536":["https:\/\/saisonsculturelleschaumont.fr\/mdxpuixt\/wp-content\/uploads\/2024\/01\/PIO0317-1536x1152.jpg",1536,1152,true],"2048x2048":["https:\/\/saisonsculturelleschaumont.fr\/mdxpuixt\/wp-content\/uploads\/2024\/01\/PIO0317-2048x1536.jpg",2048,1536,true],"widget":["https:\/\/saisonsculturelleschaumont.fr\/mdxpuixt\/wp-content\/uploads\/2024\/01\/PIO0317-36x36.jpg",36,36,true],"square":["https:\/\/saisonsculturelleschaumont.fr\/mdxpuixt\/wp-content\/uploads\/2024\/01\/PIO0317-180x180.jpg",180,180,true],"featured":["https:\/\/saisonsculturelleschaumont.fr\/mdxpuixt\/wp-content\/uploads\/2024\/01\/PIO0317-1500x430.jpg",1500,430,true],"featured_large":["https:\/\/saisonsculturelleschaumont.fr\/mdxpuixt\/wp-content\/uploads\/2024\/01\/PIO0317-1500x630.jpg",1500,630,true],"extra_large":["https:\/\/saisonsculturelleschaumont.fr\/mdxpuixt\/wp-content\/uploads\/2024\/01\/PIO0317-1500x1125.jpg",1500,1125,true],"portfolio":["https:\/\/saisonsculturelleschaumont.fr\/mdxpuixt\/wp-content\/uploads\/2024\/01\/PIO0317-495x400.jpg",495,400,true],"portfolio_small":["https:\/\/saisonsculturelleschaumont.fr\/mdxpuixt\/wp-content\/uploads\/2024\/01\/PIO0317-260x185.jpg",260,185,true],"gallery":["https:\/\/saisonsculturelleschaumont.fr\/mdxpuixt\/wp-content\/uploads\/2024\/01\/PIO0317-845x684.jpg",845,684,true],"magazine":["https:\/\/saisonsculturelleschaumont.fr\/mdxpuixt\/wp-content\/uploads\/2024\/01\/PIO0317-710x375.jpg",710,375,true],"masonry":["https:\/\/saisonsculturelleschaumont.fr\/mdxpuixt\/wp-content\/uploads\/2024\/01\/PIO0317-705x529.jpg",705,529,true],"entry_with_sidebar":["https:\/\/saisonsculturelleschaumont.fr\/mdxpuixt\/wp-content\/uploads\/2024\/01\/PIO0317-845x321.jpg",845,321,true],"entry_without_sidebar":["https:\/\/saisonsculturelleschaumont.fr\/mdxpuixt\/wp-content\/uploads\/2024\/01\/PIO0317-1210x423.jpg",1210,423,true]},"uagb_author_info":{"display_name":"Justine Ansel","author_link":"https:\/\/saisonsculturelleschaumont.fr\/mdxpuixt\/author\/justine-ansel\/"},"uagb_comment_info":0,"uagb_excerpt":"Diego Imbert, accompagn\u00e9 de David El-Malek, Quentin Ghomari &amp; Franck Agulhon en concert. Le Temps Suspendu Avec \u00ab\u00a0Le Temps Suspendu\u00a0\u00bb quatri\u00e8me opus du quartette de Diego Imbert qui c\u00e9l\u00e8bre \u00e0 [&hellip;]","_links":{"self":[{"href":"https:\/\/saisonsculturelleschaumont.fr\/mdxpuixt\/wp-json\/wp\/v2\/tribe_events\/11145"}],"collection":[{"href":"https:\/\/saisonsculturelleschaumont.fr\/mdxpuixt\/wp-json\/wp\/v2\/tribe_events"}],"about":[{"href":"https:\/\/saisonsculturelleschaumont.fr\/mdxpuixt\/wp-json\/wp\/v2\/types\/tribe_events"}],"author":[{"embeddable":true,"href":"https:\/\/saisonsculturelleschaumont.fr\/mdxpuixt\/wp-json\/wp\/v2\/users\/3"}],"replies":[{"embeddable":true,"href":"https:\/\/saisonsculturelleschaumont.fr\/mdxpuixt\/wp-json\/wp\/v2\/comments?post=11145"}],"version-history":[{"count":0,"href":"https:\/\/saisonsculturelleschaumont.fr\/mdxpuixt\/wp-json\/wp\/v2\/tribe_events\/11145\/revisions"}],"wp:featuredmedia":[{"embeddable":true,"href":"https:\/\/saisonsculturelleschaumont.fr\/mdxpuixt\/wp-json\/wp\/v2\/media\/11184"}],"wp:attachment":[{"href":"https:\/\/saisonsculturelleschaumont.fr\/mdxpuixt\/wp-json\/wp\/v2\/media?parent=11145"}],"wp:term":[{"taxonomy":"post_tag","embeddable":true,"href":"https:\/\/saisonsculturelleschaumont.fr\/mdxpuixt\/wp-json\/wp\/v2\/tags?post=11145"},{"taxonomy":"tribe_events_cat","embeddable":true,"href":"https:\/\/saisonsculturelleschaumont.fr\/mdxpuixt\/wp-json\/wp\/v2\/tribe_events_cat?post=11145"}],"curies":[{"name":"wp","href":"https:\/\/api.w.org\/{rel}","templated":true}]}}