{"id":11147,"date":"2024-01-18T12:01:25","date_gmt":"2024-01-18T11:01:25","guid":{"rendered":"https:\/\/saisonsculturelleschaumont.fr\/mdxpuixt\/?post_type=tribe_events&#038;p=11147"},"modified":"2024-06-12T10:28:25","modified_gmt":"2024-06-12T08:28:25","slug":"queen-a-man","status":"publish","type":"tribe_events","link":"https:\/\/saisonsculturelleschaumont.fr\/mdxpuixt\/evenement\/queen-a-man\/","title":{"rendered":"Queen a man"},"content":{"rendered":"<p>Le 24 novembre 1991, Farrokh Bulsara d\u00e9c\u00e8de, des suites du Sida.<\/p>\n<p>Trente ans plus tard, l\u2019\u00e9quipe masculine de majorettes Queen-A-Man, men\u00e9e par leur capitaine bretonne, d\u00e9cide de lui rendre hommage et cr\u00e9e un spectacle en son honneur.<\/p>\n<p>V\u00eatus de jeans customis\u00e9s et marcel blancs moulants, moustaches et b\u00e2tons au vent, ils d\u00e9dient leur show \u00e0 Farrohk, mieux connu sous le nom de&#8230; Freddie Mercury, chanteur et leader charismatique du non moins mythique groupe de rock Queen.<\/p>\n<p>Sur les morceaux d\u2019anthologie de ce groupe mondialement c\u00e9l\u00e8bre, chor\u00e9graphies, lanc\u00e9s de b\u00e2ton breton, sourires et ch\u0153urs moustachus, rock\u2019n\u2019roll attitude seront de mise afin que cette date anniversaire soit c\u00e9l\u00e9br\u00e9e comme il se doit.<\/p>\n<p><strong>Un v\u00e9ritable hommage chor\u00e9graphique charg\u00e9 d\u2019\u00e9motion par des fans pas tout jeunes&#8230; mais pas si vieux\u00a0<\/strong><\/p>\n<p>&nbsp;<\/p>\n<p>Gratuit<br \/>\nOuvert \u00e0 tous<\/p>\n<p>Spectacle organis\u00e9 dans le cadre du passage de la flamme olympique \u00e0 Chaumont le 28 juin 2024<br \/>\n&amp; financ\u00e9 par les fonds europ\u00e9ens LEADER<\/p>\n<p>Une programmation Ville de Chaumont et Arts Vivants 52<\/p>\n<hr \/>\n<h4 class=\"font_9 wixui-rich-text__text\"><span class=\"wixui-rich-text__text\">Distribution<\/span><\/h4>\n<p class=\"font_7 wixui-rich-text__text\">Direction artistique, \u00e9criture : C\u00e9cile Le Guern et Cyrille G\u00e9rard<\/p>\n<p class=\"font_7 wixui-rich-text__text\">Chor\u00e9graphie, \u00e9criture, formation majorette :\u00a0Eric Martin<\/p>\n<p class=\"font_7 wixui-rich-text__text\">Regard ext\u00e9rieur: Michael Egard<br class=\"wixui-rich-text__text\" \/>Coaching play-back: Magali Julien<br class=\"wixui-rich-text__text\" \/>R\u00e9p\u00e9titeuse chor\u00e9graphique: C\u00e9line Rouleaud<br class=\"wixui-rich-text__text\" \/>Costumi\u00e8re: Cl\u00e9mentine Monsaingeon<\/p>\n<p class=\"font_7 wixui-rich-text__text\">Construction d\u00e9cor: Loic Le Gall, JF Legendre, Cyrille G\u00e9rard<\/p>\n<p class=\"font_7 wixui-rich-text__text\">Interpr\u00e9tation\u00a0: C\u00e9cile Le Guern, Cyrille G\u00e9rard, Olivier Cl\u00e9net, Denis Fayon, Anthony Fougeray, St\u00e9phane Chivot, Mario Hochet, Fran\u00e7ois Pacory\u200b \/ Samuel Augustin (tourn\u00e9e 2021)<\/p>\n<p class=\"font_7 wixui-rich-text__text\"><span class=\"wixui-rich-text__text\">R\u00e9gie de tourn\u00e9e :<\/span><span class=\"wixui-rich-text__text\"> Marie Roux<\/span><\/p>\n<p class=\"font_9 wixui-rich-text__text\"><span class=\"wixui-rich-text__text\"><span class=\"wixGuard wixui-rich-text__text\">\u200b<\/span><\/span><\/p>\n<h4 class=\"font_9 wixui-rich-text__text\"><span class=\"wixui-rich-text__text\">Co-productions<\/span><\/h4>\n<p class=\"font_7 wixui-rich-text__text\"><span class=\"wixui-rich-text__text\">L&rsquo;Intervalle &#8211; Sc\u00e8ne de Territoire pour la Danse \u00e0 Noyal sur Vilaine (35)<\/span><\/p>\n<p class=\"font_7 wixui-rich-text__text\"><span class=\"wixui-rich-text__text\">L&rsquo;Entracte &#8211; Sc\u00e8ne Conventionn\u00e9e d\u2019Int\u00e9r\u00eat National \u2013 Art en Territoire \u00e0 Sabl\u00e9 sur Sarthe (72) <\/span><\/p>\n<p class=\"font_7 wixui-rich-text__text\"><span class=\"wixui-rich-text__text\">Picnic Production &#8211; Angers (49)<\/span><\/p>\n<p class=\"font_7 wixui-rich-text__text\"><span class=\"wixui-rich-text__text\">avec le soutien 2021 de la Ville de Gu\u00e9men\u00e9-Penfao (44), Cie Pied&rsquo;n\u00e9(44), La R\u00e9gion Pays de La Loire, Le Conseil D\u00e9partemental de Loire Atlantique et La DRAC Pays de La Loire &#8211; Plan de relance \u00ab\u00a0France Relance\u00a0\u00bb<\/span><\/p>\n<p class=\"font_7 wixui-rich-text__text\"><span class=\"wixui-rich-text__text\">avec le soutien 2022 de l\u2019Etat, Direction r\u00e9gionale des affaires culturelles (D.R.A.C.) des Pays de la Loire<\/span><\/p>\n","protected":false},"excerpt":{"rendered":"<p>Le 24 novembre 1991, Farrokh Bulsara d\u00e9c\u00e8de, des suites du Sida. Trente ans plus tard, l\u2019\u00e9quipe masculine de majorettes Queen-A-Man, men\u00e9e par leur capitaine bretonne, d\u00e9cide de lui rendre hommage [&hellip;]<\/p>\n","protected":false},"author":3,"featured_media":11148,"comment_status":"open","ping_status":"closed","template":"","meta":{"_uag_custom_page_level_css":"","_tribe_events_status":"","_tribe_events_status_reason":""},"tags":[477,478,476,55],"tribe_events_cat":[44],"yoast_head":"<!-- This site is optimized with the Yoast SEO plugin v21.1 - https:\/\/yoast.com\/wordpress\/plugins\/seo\/ -->\n<title>Queen a man - Les Saisons Culturelles de Chaumont<\/title>\n<meta name=\"description\" content=\"D\u00e9couvrez la programmation culturelle de la saison culturelle de la ville de Chaumont. Expositions, visites, rencontres, ateliers, concerts, spectacles, animations et plus encore.\" \/>\n<meta name=\"robots\" content=\"noindex, follow, max-snippet:-1, max-image-preview:large, max-video-preview:-1\" \/>\n<meta property=\"og:locale\" content=\"fr_FR\" \/>\n<meta property=\"og:type\" content=\"article\" \/>\n<meta property=\"og:title\" content=\"Queen a man - Les Saisons Culturelles de Chaumont\" \/>\n<meta property=\"og:description\" content=\"D\u00e9couvrez la programmation culturelle de la saison culturelle de la ville de Chaumont. Expositions, visites, rencontres, ateliers, concerts, spectacles, animations et plus encore.\" \/>\n<meta property=\"og:url\" content=\"https:\/\/saisonsculturelleschaumont.fr\/mdxpuixt\/evenement\/queen-a-man\/\" \/>\n<meta property=\"og:site_name\" content=\"Les Saisons Culturelles de Chaumont\" \/>\n<meta property=\"article:publisher\" content=\"https:\/\/www.facebook.com\/saisonsculturelleschaumont\/\" \/>\n<meta property=\"article:modified_time\" content=\"2024-06-12T08:28:25+00:00\" \/>\n<meta property=\"og:image\" content=\"https:\/\/saisonsculturelleschaumont.fr\/mdxpuixt\/wp-content\/uploads\/2024\/01\/Queen-A-Man-A\u00a9-Marie-Whitead-e1705575675520.jpg\" \/>\n\t<meta property=\"og:image:width\" content=\"1688\" \/>\n\t<meta property=\"og:image:height\" content=\"1688\" \/>\n\t<meta property=\"og:image:type\" content=\"image\/jpeg\" \/>\n<meta name=\"twitter:card\" content=\"summary_large_image\" \/>\n<meta name=\"twitter:label1\" content=\"Dur\u00e9e de lecture estim\u00e9e\" \/>\n\t<meta name=\"twitter:data1\" content=\"2 minutes\" \/>\n<script type=\"application\/ld+json\" class=\"yoast-schema-graph\">{\"@context\":\"https:\/\/schema.org\",\"@graph\":[{\"@type\":\"WebPage\",\"@id\":\"https:\/\/saisonsculturelleschaumont.fr\/mdxpuixt\/evenement\/queen-a-man\/\",\"url\":\"https:\/\/saisonsculturelleschaumont.fr\/mdxpuixt\/evenement\/queen-a-man\/\",\"name\":\"Queen a man - Les Saisons Culturelles de Chaumont\",\"isPartOf\":{\"@id\":\"https:\/\/saisonsculturelleschaumont.fr\/mdxpuixt\/#website\"},\"datePublished\":\"2024-01-18T11:01:25+00:00\",\"dateModified\":\"2024-06-12T08:28:25+00:00\",\"description\":\"D\u00e9couvrez la programmation culturelle de la saison culturelle de la ville de Chaumont. Expositions, visites, rencontres, ateliers, concerts, spectacles, animations et plus encore.\",\"breadcrumb\":{\"@id\":\"https:\/\/saisonsculturelleschaumont.fr\/mdxpuixt\/evenement\/queen-a-man\/#breadcrumb\"},\"inLanguage\":\"fr-FR\",\"potentialAction\":[{\"@type\":\"ReadAction\",\"target\":[\"https:\/\/saisonsculturelleschaumont.fr\/mdxpuixt\/evenement\/queen-a-man\/\"]}]},{\"@type\":\"BreadcrumbList\",\"@id\":\"https:\/\/saisonsculturelleschaumont.fr\/mdxpuixt\/evenement\/queen-a-man\/#breadcrumb\",\"itemListElement\":[{\"@type\":\"ListItem\",\"position\":1,\"name\":\"Accueil\",\"item\":\"https:\/\/saisonsculturelleschaumont.fr\/mdxpuixt\/\"},{\"@type\":\"ListItem\",\"position\":2,\"name\":\"\u00c9v\u00e8nements\",\"item\":\"https:\/\/saisonsculturelleschaumont.fr\/mdxpuixt\/agenda\/\"},{\"@type\":\"ListItem\",\"position\":3,\"name\":\"Queen a man\"}]},{\"@type\":\"WebSite\",\"@id\":\"https:\/\/saisonsculturelleschaumont.fr\/mdxpuixt\/#website\",\"url\":\"https:\/\/saisonsculturelleschaumont.fr\/mdxpuixt\/\",\"name\":\"Les Saisons Culturelles de Chaumont\",\"description\":\"\",\"potentialAction\":[{\"@type\":\"SearchAction\",\"target\":{\"@type\":\"EntryPoint\",\"urlTemplate\":\"https:\/\/saisonsculturelleschaumont.fr\/mdxpuixt\/?s={search_term_string}\"},\"query-input\":\"required name=search_term_string\"}],\"inLanguage\":\"fr-FR\"}]}<\/script>\n<!-- \/ Yoast SEO plugin. -->","yoast_head_json":{"title":"Queen a man - Les Saisons Culturelles de Chaumont","description":"D\u00e9couvrez la programmation culturelle de la saison culturelle de la ville de Chaumont. Expositions, visites, rencontres, ateliers, concerts, spectacles, animations et plus encore.","robots":{"index":"noindex","follow":"follow","max-snippet":"max-snippet:-1","max-image-preview":"max-image-preview:large","max-video-preview":"max-video-preview:-1"},"og_locale":"fr_FR","og_type":"article","og_title":"Queen a man - Les Saisons Culturelles de Chaumont","og_description":"D\u00e9couvrez la programmation culturelle de la saison culturelle de la ville de Chaumont. Expositions, visites, rencontres, ateliers, concerts, spectacles, animations et plus encore.","og_url":"https:\/\/saisonsculturelleschaumont.fr\/mdxpuixt\/evenement\/queen-a-man\/","og_site_name":"Les Saisons Culturelles de Chaumont","article_publisher":"https:\/\/www.facebook.com\/saisonsculturelleschaumont\/","article_modified_time":"2024-06-12T08:28:25+00:00","og_image":[{"width":1688,"height":1688,"url":"https:\/\/saisonsculturelleschaumont.fr\/mdxpuixt\/wp-content\/uploads\/2024\/01\/Queen-A-Man-A\u00a9-Marie-Whitead-e1705575675520.jpg","type":"image\/jpeg"}],"twitter_card":"summary_large_image","twitter_misc":{"Dur\u00e9e de lecture estim\u00e9e":"2 minutes"},"schema":{"@context":"https:\/\/schema.org","@graph":[{"@type":"WebPage","@id":"https:\/\/saisonsculturelleschaumont.fr\/mdxpuixt\/evenement\/queen-a-man\/","url":"https:\/\/saisonsculturelleschaumont.fr\/mdxpuixt\/evenement\/queen-a-man\/","name":"Queen a man - Les Saisons Culturelles de Chaumont","isPartOf":{"@id":"https:\/\/saisonsculturelleschaumont.fr\/mdxpuixt\/#website"},"datePublished":"2024-01-18T11:01:25+00:00","dateModified":"2024-06-12T08:28:25+00:00","description":"D\u00e9couvrez la programmation culturelle de la saison culturelle de la ville de Chaumont. Expositions, visites, rencontres, ateliers, concerts, spectacles, animations et plus encore.","breadcrumb":{"@id":"https:\/\/saisonsculturelleschaumont.fr\/mdxpuixt\/evenement\/queen-a-man\/#breadcrumb"},"inLanguage":"fr-FR","potentialAction":[{"@type":"ReadAction","target":["https:\/\/saisonsculturelleschaumont.fr\/mdxpuixt\/evenement\/queen-a-man\/"]}]},{"@type":"BreadcrumbList","@id":"https:\/\/saisonsculturelleschaumont.fr\/mdxpuixt\/evenement\/queen-a-man\/#breadcrumb","itemListElement":[{"@type":"ListItem","position":1,"name":"Accueil","item":"https:\/\/saisonsculturelleschaumont.fr\/mdxpuixt\/"},{"@type":"ListItem","position":2,"name":"\u00c9v\u00e8nements","item":"https:\/\/saisonsculturelleschaumont.fr\/mdxpuixt\/agenda\/"},{"@type":"ListItem","position":3,"name":"Queen a man"}]},{"@type":"WebSite","@id":"https:\/\/saisonsculturelleschaumont.fr\/mdxpuixt\/#website","url":"https:\/\/saisonsculturelleschaumont.fr\/mdxpuixt\/","name":"Les Saisons Culturelles de Chaumont","description":"","potentialAction":[{"@type":"SearchAction","target":{"@type":"EntryPoint","urlTemplate":"https:\/\/saisonsculturelleschaumont.fr\/mdxpuixt\/?s={search_term_string}"},"query-input":"required name=search_term_string"}],"inLanguage":"fr-FR"}]}},"uagb_featured_image_src":{"full":["https:\/\/saisonsculturelleschaumont.fr\/mdxpuixt\/wp-content\/uploads\/2024\/01\/Queen-A-Man-A\u00a9-Marie-Whitead-e1705575675520.jpg",1688,1688,false],"thumbnail":["https:\/\/saisonsculturelleschaumont.fr\/mdxpuixt\/wp-content\/uploads\/2024\/01\/Queen-A-Man-A\u00a9-Marie-Whitead-e1705575675520-80x80.jpg",80,80,true],"medium":["https:\/\/saisonsculturelleschaumont.fr\/mdxpuixt\/wp-content\/uploads\/2024\/01\/Queen-A-Man-A\u00a9-Marie-Whitead-e1705575675520-300x300.jpg",300,300,true],"medium_large":["https:\/\/saisonsculturelleschaumont.fr\/mdxpuixt\/wp-content\/uploads\/2024\/01\/Queen-A-Man-A\u00a9-Marie-Whitead-e1705575675520-768x768.jpg",768,768,true],"large":["https:\/\/saisonsculturelleschaumont.fr\/mdxpuixt\/wp-content\/uploads\/2024\/01\/Queen-A-Man-A\u00a9-Marie-Whitead-e1705575675520-1030x1030.jpg",1030,1030,true],"1536x1536":["https:\/\/saisonsculturelleschaumont.fr\/mdxpuixt\/wp-content\/uploads\/2024\/01\/Queen-A-Man-A\u00a9-Marie-Whitead-e1705575675520-1536x1536.jpg",1536,1536,true],"2048x2048":["https:\/\/saisonsculturelleschaumont.fr\/mdxpuixt\/wp-content\/uploads\/2024\/01\/Queen-A-Man-A\u00a9-Marie-Whitead-2048x1365.jpg",2048,1365,true],"widget":["https:\/\/saisonsculturelleschaumont.fr\/mdxpuixt\/wp-content\/uploads\/2024\/01\/Queen-A-Man-A\u00a9-Marie-Whitead-e1705575675520-36x36.jpg",36,36,true],"square":["https:\/\/saisonsculturelleschaumont.fr\/mdxpuixt\/wp-content\/uploads\/2024\/01\/Queen-A-Man-A\u00a9-Marie-Whitead-e1705575675520-180x180.jpg",180,180,true],"featured":["https:\/\/saisonsculturelleschaumont.fr\/mdxpuixt\/wp-content\/uploads\/2024\/01\/Queen-A-Man-A\u00a9-Marie-Whitead-e1705575675520-1500x430.jpg",1500,430,true],"featured_large":["https:\/\/saisonsculturelleschaumont.fr\/mdxpuixt\/wp-content\/uploads\/2024\/01\/Queen-A-Man-A\u00a9-Marie-Whitead-e1705575675520-1500x630.jpg",1500,630,true],"extra_large":["https:\/\/saisonsculturelleschaumont.fr\/mdxpuixt\/wp-content\/uploads\/2024\/01\/Queen-A-Man-A\u00a9-Marie-Whitead-e1705575675520-1500x1500.jpg",1500,1500,true],"portfolio":["https:\/\/saisonsculturelleschaumont.fr\/mdxpuixt\/wp-content\/uploads\/2024\/01\/Queen-A-Man-A\u00a9-Marie-Whitead-e1705575675520-495x400.jpg",495,400,true],"portfolio_small":["https:\/\/saisonsculturelleschaumont.fr\/mdxpuixt\/wp-content\/uploads\/2024\/01\/Queen-A-Man-A\u00a9-Marie-Whitead-e1705575675520-260x185.jpg",260,185,true],"gallery":["https:\/\/saisonsculturelleschaumont.fr\/mdxpuixt\/wp-content\/uploads\/2024\/01\/Queen-A-Man-A\u00a9-Marie-Whitead-e1705575675520-845x684.jpg",845,684,true],"magazine":["https:\/\/saisonsculturelleschaumont.fr\/mdxpuixt\/wp-content\/uploads\/2024\/01\/Queen-A-Man-A\u00a9-Marie-Whitead-e1705575675520-710x375.jpg",710,375,true],"masonry":["https:\/\/saisonsculturelleschaumont.fr\/mdxpuixt\/wp-content\/uploads\/2024\/01\/Queen-A-Man-A\u00a9-Marie-Whitead-e1705575675520-705x705.jpg",705,705,true],"entry_with_sidebar":["https:\/\/saisonsculturelleschaumont.fr\/mdxpuixt\/wp-content\/uploads\/2024\/01\/Queen-A-Man-A\u00a9-Marie-Whitead-e1705575675520-845x321.jpg",845,321,true],"entry_without_sidebar":["https:\/\/saisonsculturelleschaumont.fr\/mdxpuixt\/wp-content\/uploads\/2024\/01\/Queen-A-Man-A\u00a9-Marie-Whitead-e1705575675520-1210x423.jpg",1210,423,true]},"uagb_author_info":{"display_name":"Justine Ansel","author_link":"https:\/\/saisonsculturelleschaumont.fr\/mdxpuixt\/author\/justine-ansel\/"},"uagb_comment_info":0,"uagb_excerpt":"Le 24 novembre 1991, Farrokh Bulsara d\u00e9c\u00e8de, des suites du Sida. Trente ans plus tard, l\u2019\u00e9quipe masculine de majorettes Queen-A-Man, men\u00e9e par leur capitaine bretonne, d\u00e9cide de lui rendre hommage [&hellip;]","_links":{"self":[{"href":"https:\/\/saisonsculturelleschaumont.fr\/mdxpuixt\/wp-json\/wp\/v2\/tribe_events\/11147"}],"collection":[{"href":"https:\/\/saisonsculturelleschaumont.fr\/mdxpuixt\/wp-json\/wp\/v2\/tribe_events"}],"about":[{"href":"https:\/\/saisonsculturelleschaumont.fr\/mdxpuixt\/wp-json\/wp\/v2\/types\/tribe_events"}],"author":[{"embeddable":true,"href":"https:\/\/saisonsculturelleschaumont.fr\/mdxpuixt\/wp-json\/wp\/v2\/users\/3"}],"replies":[{"embeddable":true,"href":"https:\/\/saisonsculturelleschaumont.fr\/mdxpuixt\/wp-json\/wp\/v2\/comments?post=11147"}],"version-history":[{"count":4,"href":"https:\/\/saisonsculturelleschaumont.fr\/mdxpuixt\/wp-json\/wp\/v2\/tribe_events\/11147\/revisions"}],"predecessor-version":[{"id":11662,"href":"https:\/\/saisonsculturelleschaumont.fr\/mdxpuixt\/wp-json\/wp\/v2\/tribe_events\/11147\/revisions\/11662"}],"wp:featuredmedia":[{"embeddable":true,"href":"https:\/\/saisonsculturelleschaumont.fr\/mdxpuixt\/wp-json\/wp\/v2\/media\/11148"}],"wp:attachment":[{"href":"https:\/\/saisonsculturelleschaumont.fr\/mdxpuixt\/wp-json\/wp\/v2\/media?parent=11147"}],"wp:term":[{"taxonomy":"post_tag","embeddable":true,"href":"https:\/\/saisonsculturelleschaumont.fr\/mdxpuixt\/wp-json\/wp\/v2\/tags?post=11147"},{"taxonomy":"tribe_events_cat","embeddable":true,"href":"https:\/\/saisonsculturelleschaumont.fr\/mdxpuixt\/wp-json\/wp\/v2\/tribe_events_cat?post=11147"}],"curies":[{"name":"wp","href":"https:\/\/api.w.org\/{rel}","templated":true}]}}