{"id":11151,"date":"2024-01-31T15:55:41","date_gmt":"2024-01-31T14:55:41","guid":{"rendered":"https:\/\/saisonsculturelleschaumont.fr\/mdxpuixt\/?post_type=tribe_events&#038;p=11151"},"modified":"2024-02-16T09:48:04","modified_gmt":"2024-02-16T08:48:04","slug":"strauss-co","status":"publish","type":"tribe_events","link":"https:\/\/saisonsculturelleschaumont.fr\/mdxpuixt\/evenement\/strauss-co\/","title":{"rendered":"Strauss &#038; Co"},"content":{"rendered":"<p>En collaboration avec la Ville de Chaumont, les Concerts de Poche sont de retour \u00e0 Chaumont ! Pour cette nouvelle ann\u00e9e de collaboration, la Ville de Chaumont accueille le concert Strauss &amp; Co !<\/p>\n<p>3 danseurs \u2014 classique, breakdance et contemporain \u2014 conjuguent, confrontent et entrelacent leurs mouvements avec 4 musiciens. Na\u00eet une chor\u00e9graphie o\u00f9 r\u00f4de l&rsquo;esprit de la Valse, et circule l&rsquo;\u00e9nergie entre les arts et les esth\u00e9tiques, entre les sons et les mouvements. Dans ce ballet flamboyant, les 7 artistes nous racontent comment la valse et la polka, \u00e0 l&rsquo;origine populaire, se sont r\u00e9pandues \u00e0 toutes les cours d&rsquo;Europe et au del\u00e0, propulsant Strauss au rang de superstar. Ils questionnent ainsi le public sur la perm\u00e9abilit\u00e9 des genres et cherchent comment s&rsquo;op\u00e8rent les glissements depuis la rue vers les salles de concert.<\/p>\n<p>&nbsp;<\/p>\n<p>&nbsp;<\/p>\n<hr \/>\n<p><strong>Quatuor Anches Hant\u00e9es<\/strong><\/p>\n<p><strong>Danse classique<\/strong> \/ Marine Pellerin<\/p>\n<p><strong>Danse contemporaine<\/strong> \/ David Mazon Fierro<\/p>\n<p><strong>Breakdance<\/strong> \/ Valentin Ipas<\/p>\n<p><strong>Chor\u00e9graphie<\/strong> \/ Mich\u00e8le Dhallu<\/p>\n<p>&nbsp;<\/p>\n<p>R\u00e9servez vos places sur www.concertsdepoche.com ou par t\u00e9l\u00e9phone au 06 76 61 83 91<br \/>\n10 \u20ac plein \/ 6 \u20ac r\u00e9duit<\/p>\n<p>En partenariat avec l\u2019Agglom\u00e9ration de Chaumont, le Conseil D\u00e9partemental de la Haute-Marne, l\u2019Agence Nationale de la Coh\u00e9sion des Territoires et la DRAC Grand Est.<\/p>\n","protected":false},"excerpt":{"rendered":"<p>En collaboration avec la Ville de Chaumont, les Concerts de Poche sont de retour \u00e0 Chaumont ! Pour cette nouvelle ann\u00e9e de collaboration, la Ville de Chaumont accueille le concert [&hellip;]<\/p>\n","protected":false},"author":3,"featured_media":11154,"comment_status":"open","ping_status":"closed","template":"","meta":{"_uag_custom_page_level_css":"","_tribe_events_status":"","_tribe_events_status_reason":""},"tags":[287,51,479,234,475,99],"tribe_events_cat":[305],"yoast_head":"<!-- This site is optimized with the Yoast SEO plugin v21.1 - https:\/\/yoast.com\/wordpress\/plugins\/seo\/ -->\n<title>Strauss &amp; Co - Les Saisons Culturelles de Chaumont<\/title>\n<meta name=\"description\" content=\"D\u00e9couvrez la programmation culturelle de la saison culturelle de la ville de Chaumont. Expositions, visites, rencontres, ateliers, concerts, spectacles, animations et plus encore.\" \/>\n<meta name=\"robots\" content=\"noindex, follow, max-snippet:-1, max-image-preview:large, max-video-preview:-1\" \/>\n<meta property=\"og:locale\" content=\"fr_FR\" \/>\n<meta property=\"og:type\" content=\"article\" \/>\n<meta property=\"og:title\" content=\"Strauss &amp; Co - Les Saisons Culturelles de Chaumont\" \/>\n<meta property=\"og:description\" content=\"D\u00e9couvrez la programmation culturelle de la saison culturelle de la ville de Chaumont. Expositions, visites, rencontres, ateliers, concerts, spectacles, animations et plus encore.\" \/>\n<meta property=\"og:url\" content=\"https:\/\/saisonsculturelleschaumont.fr\/mdxpuixt\/evenement\/strauss-co\/\" \/>\n<meta property=\"og:site_name\" content=\"Les Saisons Culturelles de Chaumont\" \/>\n<meta property=\"article:publisher\" content=\"https:\/\/www.facebook.com\/saisonsculturelleschaumont\/\" \/>\n<meta property=\"article:modified_time\" content=\"2024-02-16T08:48:04+00:00\" \/>\n<meta property=\"og:image\" content=\"https:\/\/saisonsculturelleschaumont.fr\/mdxpuixt\/wp-content\/uploads\/2024\/01\/QAH-STRAUSS-CO-1-\u00a9Jean-Elie-Eftekhari-scaled-e1705580058659-1030x1030.jpg\" \/>\n\t<meta property=\"og:image:width\" content=\"1030\" \/>\n\t<meta property=\"og:image:height\" content=\"1030\" \/>\n\t<meta property=\"og:image:type\" content=\"image\/jpeg\" \/>\n<meta name=\"twitter:card\" content=\"summary_large_image\" \/>\n<meta name=\"twitter:label1\" content=\"Dur\u00e9e de lecture estim\u00e9e\" \/>\n\t<meta name=\"twitter:data1\" content=\"2 minutes\" \/>\n<script type=\"application\/ld+json\" class=\"yoast-schema-graph\">{\"@context\":\"https:\/\/schema.org\",\"@graph\":[{\"@type\":\"WebPage\",\"@id\":\"https:\/\/saisonsculturelleschaumont.fr\/mdxpuixt\/evenement\/strauss-co\/\",\"url\":\"https:\/\/saisonsculturelleschaumont.fr\/mdxpuixt\/evenement\/strauss-co\/\",\"name\":\"Strauss & Co - Les Saisons Culturelles de Chaumont\",\"isPartOf\":{\"@id\":\"https:\/\/saisonsculturelleschaumont.fr\/mdxpuixt\/#website\"},\"datePublished\":\"2024-01-31T14:55:41+00:00\",\"dateModified\":\"2024-02-16T08:48:04+00:00\",\"description\":\"D\u00e9couvrez la programmation culturelle de la saison culturelle de la ville de Chaumont. Expositions, visites, rencontres, ateliers, concerts, spectacles, animations et plus encore.\",\"breadcrumb\":{\"@id\":\"https:\/\/saisonsculturelleschaumont.fr\/mdxpuixt\/evenement\/strauss-co\/#breadcrumb\"},\"inLanguage\":\"fr-FR\",\"potentialAction\":[{\"@type\":\"ReadAction\",\"target\":[\"https:\/\/saisonsculturelleschaumont.fr\/mdxpuixt\/evenement\/strauss-co\/\"]}]},{\"@type\":\"BreadcrumbList\",\"@id\":\"https:\/\/saisonsculturelleschaumont.fr\/mdxpuixt\/evenement\/strauss-co\/#breadcrumb\",\"itemListElement\":[{\"@type\":\"ListItem\",\"position\":1,\"name\":\"Accueil\",\"item\":\"https:\/\/saisonsculturelleschaumont.fr\/mdxpuixt\/\"},{\"@type\":\"ListItem\",\"position\":2,\"name\":\"\u00c9v\u00e8nements\",\"item\":\"https:\/\/saisonsculturelleschaumont.fr\/mdxpuixt\/agenda\/\"},{\"@type\":\"ListItem\",\"position\":3,\"name\":\"Strauss &#038; Co\"}]},{\"@type\":\"WebSite\",\"@id\":\"https:\/\/saisonsculturelleschaumont.fr\/mdxpuixt\/#website\",\"url\":\"https:\/\/saisonsculturelleschaumont.fr\/mdxpuixt\/\",\"name\":\"Les Saisons Culturelles de Chaumont\",\"description\":\"\",\"potentialAction\":[{\"@type\":\"SearchAction\",\"target\":{\"@type\":\"EntryPoint\",\"urlTemplate\":\"https:\/\/saisonsculturelleschaumont.fr\/mdxpuixt\/?s={search_term_string}\"},\"query-input\":\"required name=search_term_string\"}],\"inLanguage\":\"fr-FR\"}]}<\/script>\n<!-- \/ Yoast SEO plugin. -->","yoast_head_json":{"title":"Strauss & Co - Les Saisons Culturelles de Chaumont","description":"D\u00e9couvrez la programmation culturelle de la saison culturelle de la ville de Chaumont. Expositions, visites, rencontres, ateliers, concerts, spectacles, animations et plus encore.","robots":{"index":"noindex","follow":"follow","max-snippet":"max-snippet:-1","max-image-preview":"max-image-preview:large","max-video-preview":"max-video-preview:-1"},"og_locale":"fr_FR","og_type":"article","og_title":"Strauss & Co - Les Saisons Culturelles de Chaumont","og_description":"D\u00e9couvrez la programmation culturelle de la saison culturelle de la ville de Chaumont. Expositions, visites, rencontres, ateliers, concerts, spectacles, animations et plus encore.","og_url":"https:\/\/saisonsculturelleschaumont.fr\/mdxpuixt\/evenement\/strauss-co\/","og_site_name":"Les Saisons Culturelles de Chaumont","article_publisher":"https:\/\/www.facebook.com\/saisonsculturelleschaumont\/","article_modified_time":"2024-02-16T08:48:04+00:00","og_image":[{"width":1030,"height":1030,"url":"https:\/\/saisonsculturelleschaumont.fr\/mdxpuixt\/wp-content\/uploads\/2024\/01\/QAH-STRAUSS-CO-1-\u00a9Jean-Elie-Eftekhari-scaled-e1705580058659-1030x1030.jpg","type":"image\/jpeg"}],"twitter_card":"summary_large_image","twitter_misc":{"Dur\u00e9e de lecture estim\u00e9e":"2 minutes"},"schema":{"@context":"https:\/\/schema.org","@graph":[{"@type":"WebPage","@id":"https:\/\/saisonsculturelleschaumont.fr\/mdxpuixt\/evenement\/strauss-co\/","url":"https:\/\/saisonsculturelleschaumont.fr\/mdxpuixt\/evenement\/strauss-co\/","name":"Strauss & Co - Les Saisons Culturelles de Chaumont","isPartOf":{"@id":"https:\/\/saisonsculturelleschaumont.fr\/mdxpuixt\/#website"},"datePublished":"2024-01-31T14:55:41+00:00","dateModified":"2024-02-16T08:48:04+00:00","description":"D\u00e9couvrez la programmation culturelle de la saison culturelle de la ville de Chaumont. Expositions, visites, rencontres, ateliers, concerts, spectacles, animations et plus encore.","breadcrumb":{"@id":"https:\/\/saisonsculturelleschaumont.fr\/mdxpuixt\/evenement\/strauss-co\/#breadcrumb"},"inLanguage":"fr-FR","potentialAction":[{"@type":"ReadAction","target":["https:\/\/saisonsculturelleschaumont.fr\/mdxpuixt\/evenement\/strauss-co\/"]}]},{"@type":"BreadcrumbList","@id":"https:\/\/saisonsculturelleschaumont.fr\/mdxpuixt\/evenement\/strauss-co\/#breadcrumb","itemListElement":[{"@type":"ListItem","position":1,"name":"Accueil","item":"https:\/\/saisonsculturelleschaumont.fr\/mdxpuixt\/"},{"@type":"ListItem","position":2,"name":"\u00c9v\u00e8nements","item":"https:\/\/saisonsculturelleschaumont.fr\/mdxpuixt\/agenda\/"},{"@type":"ListItem","position":3,"name":"Strauss &#038; Co"}]},{"@type":"WebSite","@id":"https:\/\/saisonsculturelleschaumont.fr\/mdxpuixt\/#website","url":"https:\/\/saisonsculturelleschaumont.fr\/mdxpuixt\/","name":"Les Saisons Culturelles de Chaumont","description":"","potentialAction":[{"@type":"SearchAction","target":{"@type":"EntryPoint","urlTemplate":"https:\/\/saisonsculturelleschaumont.fr\/mdxpuixt\/?s={search_term_string}"},"query-input":"required name=search_term_string"}],"inLanguage":"fr-FR"}]}},"uagb_featured_image_src":{"full":["https:\/\/saisonsculturelleschaumont.fr\/mdxpuixt\/wp-content\/uploads\/2024\/01\/QAH-STRAUSS-CO-1-\u00a9Jean-Elie-Eftekhari-scaled-e1705580058659.jpg",2048,2048,false],"thumbnail":["https:\/\/saisonsculturelleschaumont.fr\/mdxpuixt\/wp-content\/uploads\/2024\/01\/QAH-STRAUSS-CO-1-\u00a9Jean-Elie-Eftekhari-scaled-e1705580058659-80x80.jpg",80,80,true],"medium":["https:\/\/saisonsculturelleschaumont.fr\/mdxpuixt\/wp-content\/uploads\/2024\/01\/QAH-STRAUSS-CO-1-\u00a9Jean-Elie-Eftekhari-scaled-e1705580058659-300x300.jpg",300,300,true],"medium_large":["https:\/\/saisonsculturelleschaumont.fr\/mdxpuixt\/wp-content\/uploads\/2024\/01\/QAH-STRAUSS-CO-1-\u00a9Jean-Elie-Eftekhari-scaled-e1705580058659-768x768.jpg",768,768,true],"large":["https:\/\/saisonsculturelleschaumont.fr\/mdxpuixt\/wp-content\/uploads\/2024\/01\/QAH-STRAUSS-CO-1-\u00a9Jean-Elie-Eftekhari-scaled-e1705580058659-1030x1030.jpg",1030,1030,true],"1536x1536":["https:\/\/saisonsculturelleschaumont.fr\/mdxpuixt\/wp-content\/uploads\/2024\/01\/QAH-STRAUSS-CO-1-\u00a9Jean-Elie-Eftekhari-scaled-e1705580058659-1536x1536.jpg",1536,1536,true],"2048x2048":["https:\/\/saisonsculturelleschaumont.fr\/mdxpuixt\/wp-content\/uploads\/2024\/01\/QAH-STRAUSS-CO-1-\u00a9Jean-Elie-Eftekhari-1639x2048.jpg",1639,2048,true],"widget":["https:\/\/saisonsculturelleschaumont.fr\/mdxpuixt\/wp-content\/uploads\/2024\/01\/QAH-STRAUSS-CO-1-\u00a9Jean-Elie-Eftekhari-scaled-e1705580058659-36x36.jpg",36,36,true],"square":["https:\/\/saisonsculturelleschaumont.fr\/mdxpuixt\/wp-content\/uploads\/2024\/01\/QAH-STRAUSS-CO-1-\u00a9Jean-Elie-Eftekhari-scaled-e1705580058659-180x180.jpg",180,180,true],"featured":["https:\/\/saisonsculturelleschaumont.fr\/mdxpuixt\/wp-content\/uploads\/2024\/01\/QAH-STRAUSS-CO-1-\u00a9Jean-Elie-Eftekhari-scaled-e1705580058659-1500x430.jpg",1500,430,true],"featured_large":["https:\/\/saisonsculturelleschaumont.fr\/mdxpuixt\/wp-content\/uploads\/2024\/01\/QAH-STRAUSS-CO-1-\u00a9Jean-Elie-Eftekhari-scaled-e1705580058659-1500x630.jpg",1500,630,true],"extra_large":["https:\/\/saisonsculturelleschaumont.fr\/mdxpuixt\/wp-content\/uploads\/2024\/01\/QAH-STRAUSS-CO-1-\u00a9Jean-Elie-Eftekhari-scaled-e1705580058659-1500x1500.jpg",1500,1500,true],"portfolio":["https:\/\/saisonsculturelleschaumont.fr\/mdxpuixt\/wp-content\/uploads\/2024\/01\/QAH-STRAUSS-CO-1-\u00a9Jean-Elie-Eftekhari-scaled-e1705580058659-495x400.jpg",495,400,true],"portfolio_small":["https:\/\/saisonsculturelleschaumont.fr\/mdxpuixt\/wp-content\/uploads\/2024\/01\/QAH-STRAUSS-CO-1-\u00a9Jean-Elie-Eftekhari-scaled-e1705580058659-260x185.jpg",260,185,true],"gallery":["https:\/\/saisonsculturelleschaumont.fr\/mdxpuixt\/wp-content\/uploads\/2024\/01\/QAH-STRAUSS-CO-1-\u00a9Jean-Elie-Eftekhari-scaled-e1705580058659-845x684.jpg",845,684,true],"magazine":["https:\/\/saisonsculturelleschaumont.fr\/mdxpuixt\/wp-content\/uploads\/2024\/01\/QAH-STRAUSS-CO-1-\u00a9Jean-Elie-Eftekhari-scaled-e1705580058659-710x375.jpg",710,375,true],"masonry":["https:\/\/saisonsculturelleschaumont.fr\/mdxpuixt\/wp-content\/uploads\/2024\/01\/QAH-STRAUSS-CO-1-\u00a9Jean-Elie-Eftekhari-scaled-e1705580058659-705x705.jpg",705,705,true],"entry_with_sidebar":["https:\/\/saisonsculturelleschaumont.fr\/mdxpuixt\/wp-content\/uploads\/2024\/01\/QAH-STRAUSS-CO-1-\u00a9Jean-Elie-Eftekhari-scaled-e1705580058659-845x321.jpg",845,321,true],"entry_without_sidebar":["https:\/\/saisonsculturelleschaumont.fr\/mdxpuixt\/wp-content\/uploads\/2024\/01\/QAH-STRAUSS-CO-1-\u00a9Jean-Elie-Eftekhari-scaled-e1705580058659-1210x423.jpg",1210,423,true]},"uagb_author_info":{"display_name":"Justine Ansel","author_link":"https:\/\/saisonsculturelleschaumont.fr\/mdxpuixt\/author\/justine-ansel\/"},"uagb_comment_info":0,"uagb_excerpt":"En collaboration avec la Ville de Chaumont, les Concerts de Poche sont de retour \u00e0 Chaumont ! Pour cette nouvelle ann\u00e9e de collaboration, la Ville de Chaumont accueille le concert [&hellip;]","_links":{"self":[{"href":"https:\/\/saisonsculturelleschaumont.fr\/mdxpuixt\/wp-json\/wp\/v2\/tribe_events\/11151"}],"collection":[{"href":"https:\/\/saisonsculturelleschaumont.fr\/mdxpuixt\/wp-json\/wp\/v2\/tribe_events"}],"about":[{"href":"https:\/\/saisonsculturelleschaumont.fr\/mdxpuixt\/wp-json\/wp\/v2\/types\/tribe_events"}],"author":[{"embeddable":true,"href":"https:\/\/saisonsculturelleschaumont.fr\/mdxpuixt\/wp-json\/wp\/v2\/users\/3"}],"replies":[{"embeddable":true,"href":"https:\/\/saisonsculturelleschaumont.fr\/mdxpuixt\/wp-json\/wp\/v2\/comments?post=11151"}],"version-history":[{"count":1,"href":"https:\/\/saisonsculturelleschaumont.fr\/mdxpuixt\/wp-json\/wp\/v2\/tribe_events\/11151\/revisions"}],"predecessor-version":[{"id":11564,"href":"https:\/\/saisonsculturelleschaumont.fr\/mdxpuixt\/wp-json\/wp\/v2\/tribe_events\/11151\/revisions\/11564"}],"wp:featuredmedia":[{"embeddable":true,"href":"https:\/\/saisonsculturelleschaumont.fr\/mdxpuixt\/wp-json\/wp\/v2\/media\/11154"}],"wp:attachment":[{"href":"https:\/\/saisonsculturelleschaumont.fr\/mdxpuixt\/wp-json\/wp\/v2\/media?parent=11151"}],"wp:term":[{"taxonomy":"post_tag","embeddable":true,"href":"https:\/\/saisonsculturelleschaumont.fr\/mdxpuixt\/wp-json\/wp\/v2\/tags?post=11151"},{"taxonomy":"tribe_events_cat","embeddable":true,"href":"https:\/\/saisonsculturelleschaumont.fr\/mdxpuixt\/wp-json\/wp\/v2\/tribe_events_cat?post=11151"}],"curies":[{"name":"wp","href":"https:\/\/api.w.org\/{rel}","templated":true}]}}