{"id":11291,"date":"2024-03-01T11:55:43","date_gmt":"2024-03-01T10:55:43","guid":{"rendered":"https:\/\/saisonsculturelleschaumont.fr\/mdxpuixt\/?post_type=tribe_events&#038;p=11291"},"modified":"2024-03-01T11:55:43","modified_gmt":"2024-03-01T10:55:43","slug":"oh-jacno","status":"publish","type":"tribe_events","link":"https:\/\/saisonsculturelleschaumont.fr\/mdxpuixt\/evenement\/oh-jacno\/","title":{"rendered":"Oh jacno !"},"content":{"rendered":"<p><em>Parcours patrimonial et matrimonial<\/em><\/p>\n<div class=\"\n  prose-a:underline hover:prose-a:no-underline prose-a:decoration-2 md:prose-a:decoration-3\n  md:prose-p:mb-8 prose-p:mb-4 last:prose-p:mb-0 prose-p:max-w-[60ch]\n  prose-h2:underline md:prose-h2:decoration-3 prose-h2:decoration-2 prose-h2:mb-4\n  prose-ol:ml-[2em] prose-ol:list-decimal prose-ol:mb-6\n  prose-li:list-outside prose-li:mb-2\"><\/p>\n<p>Derri\u00e8re \u00ab Jacno \u00bb, il y a plusieurs hommes : le typographe, l\u2019amoureux des lettres, le dessinateur d\u2019alphabets qui ont fait les beaux jours des r\u00e9clames de magazines, des programmes de cin\u00e9ma et de th\u00e9\u00e2tre comme le caract\u00e8re \u00ab Chaillot \u00bb cr\u00e9\u00e9 pour le TNP ; l\u2019affichiste, signataire de l\u2019image de marque du Th\u00e9\u00e2tre National Populaire ou des trois cl\u00e9s du Festival d\u2019Avignon ; le designer, qui redessina le fameux casque ail\u00e9 du paquet de Gauloises et qui travailla pour des marques aussi prestigieuses que R\u00e9villon ou Guerlain ; le graphiste, enfin, concepteur de la formule de L\u2019Observateur, de France soir, de la manchette des journaux Ici Paris, Radar ou D\u00e9tective et des jaquettes pour de c\u00e9l\u00e8bres maisons d\u2019\u00e9dition.<\/p>\n<p>20 designers europ\u00e9ens ont relev\u00e9 un m\u00eame d\u00e9fi : cr\u00e9er une affiche en \u00e9cho au travail singulier de Marcel Jacno, signant ainsi vingt affiches originales.<\/p>\n<p>L\u2019exposition pr\u00e9sente aussi le travail de 14 \u00e9tudiant\u2022e\u2022s issus de 7 \u00e9coles d\u2019art fran\u00e7aises , r\u00e9alis\u00e9 lors d\u2019un workshop encadr\u00e9 par Isabelle J\u00e9go et Philippe Delangle : Xavier Amigues, Rosine Rivaud-Labarre, Lidka Vallet, Clara Barthod-Malat, Antonin Gallon, Seyoung Kim, Zo\u00eb Raude, Haokun An, Esp\u00e9rance Baux, Pome Saint-Bonnet, Marine Beuve, Lucile Delaval, Zachary-Joe Pauvert et Ingmar Unterrege, de ESAD Amiens, ENSAD Nancy, ENSBA Lyon, EESAB Rennes, isdaT Toulouse, ESAD Valence et la HEAR.<\/p>\n<\/div>\n<p>Avec <span class=\"after:content-[',_'] last:after:content-none\">Silvana Amato, <\/span><span class=\"after:content-[',_'] last:after:content-none\">Atelier 25, <\/span><span class=\"after:content-[',_'] last:after:content-none\"><span class=\"cursor-pointer md:hover:underline decoration-3 max-md:pointer-events-none\">Baldinger\u2022Vu-Huu, <\/span><\/span><span class=\"after:content-[',_'] last:after:content-none\">Sarah Boris, <\/span><span class=\"after:content-[',_'] last:after:content-none\"><span class=\"cursor-pointer md:hover:underline decoration-3 max-md:pointer-events-none\">Bureau 205, <\/span><\/span><span class=\"after:content-[',_'] last:after:content-none\"><span class=\"cursor-pointer md:hover:underline decoration-3 max-md:pointer-events-none\">Change is Good, <\/span><\/span><span class=\"after:content-[',_'] last:after:content-none\"><span class=\"cursor-pointer md:hover:underline decoration-3 max-md:pointer-events-none\">Helmo, <\/span><\/span><span class=\"after:content-[',_'] last:after:content-none\"><span class=\"cursor-pointer md:hover:underline decoration-3 max-md:pointer-events-none\">Atelier Anette Lenz, <\/span><\/span><span class=\"after:content-[',_'] last:after:content-none\">Harmen Liemburg, <\/span><span class=\"after:content-[',_'] last:after:content-none\">Anja Lutz, <\/span><span class=\"after:content-[',_'] last:after:content-none\"><span class=\"cursor-pointer md:hover:underline decoration-3 max-md:pointer-events-none\">Fanette Mellier, <\/span><\/span><span class=\"after:content-[',_'] last:after:content-none\"><span class=\"cursor-pointer md:hover:underline decoration-3 max-md:pointer-events-none\">Richard Niessen, <\/span><\/span><span class=\"after:content-[',_'] last:after:content-none\"><span class=\"cursor-pointer md:hover:underline decoration-3 max-md:pointer-events-none\">Sandrine Nugue, <\/span><\/span><span class=\"after:content-[',_'] last:after:content-none\"><span class=\"cursor-pointer md:hover:underline decoration-3 max-md:pointer-events-none\">Atelier Poste 4, <\/span><\/span><span class=\"after:content-[',_'] last:after:content-none\">St\u00e9r\u00e9o Buro, <\/span><span class=\"after:content-[',_'] last:after:content-none\">Studio aper\u00e7u, <\/span><span class=\"after:content-[',_'] last:after:content-none\"><span class=\"cursor-pointer md:hover:underline decoration-3 max-md:pointer-events-none\">Tereza Ruller, <\/span><\/span><span class=\"after:content-[',_'] last:after:content-none\">Silvia Sfligiotti, <\/span><span class=\"after:content-[',_'] last:after:content-none\">Michel Lepetitdidier, <\/span><span class=\"after:content-[',_'] last:after:content-none\">Pierre di Sciullo<\/span><\/p>\n<p>&nbsp;<\/p>\n<div class=\"flex-1 md:flex-none flex flex-col gap-y-4\">\n<div class=\"flex flex-col gap-y-4\">\n<p>commissariat -Philippe Delangle<\/p>\n<p>sc\u00e9nographie &#8211; K\u00e9vin Cadinot &amp; Romain Petit<\/p>\n<\/div>\n<\/div>\n<div class=\"flex-1 md:flex-none flex flex-col gap-y-4\">\n<div class=\"flex flex-col gap-y-4\">\n<p>&nbsp;<\/p>\n<p>Gratuit<br \/>\nouvert \u00e0 toutes et tous<\/p>\n<\/div>\n<\/div>\n","protected":false},"excerpt":{"rendered":"<p>Parcours patrimonial et matrimonial Derri\u00e8re \u00ab Jacno \u00bb, il y a plusieurs hommes : le typographe, l\u2019amoureux des lettres, le dessinateur d\u2019alphabets qui ont fait les beaux jours des r\u00e9clames [&hellip;]<\/p>\n","protected":false},"author":3,"featured_media":11293,"comment_status":"open","ping_status":"closed","template":"","meta":{"_uag_custom_page_level_css":"","_tribe_events_status":"","_tribe_events_status_reason":""},"tags":[50],"tribe_events_cat":[42],"yoast_head":"<!-- This site is optimized with the Yoast SEO plugin v21.1 - https:\/\/yoast.com\/wordpress\/plugins\/seo\/ -->\n<title>Oh jacno ! - Les Saisons Culturelles de Chaumont<\/title>\n<meta name=\"description\" content=\"D\u00e9couvrez la programmation culturelle de la saison culturelle de la ville de Chaumont. Expositions, visites, rencontres, ateliers, concerts, spectacles, animations et plus encore.\" \/>\n<meta name=\"robots\" content=\"noindex, follow, max-snippet:-1, max-image-preview:large, max-video-preview:-1\" \/>\n<meta property=\"og:locale\" content=\"fr_FR\" \/>\n<meta property=\"og:type\" content=\"article\" \/>\n<meta property=\"og:title\" content=\"Oh jacno ! - Les Saisons Culturelles de Chaumont\" \/>\n<meta property=\"og:description\" content=\"D\u00e9couvrez la programmation culturelle de la saison culturelle de la ville de Chaumont. Expositions, visites, rencontres, ateliers, concerts, spectacles, animations et plus encore.\" \/>\n<meta property=\"og:url\" content=\"https:\/\/saisonsculturelleschaumont.fr\/mdxpuixt\/evenement\/oh-jacno\/\" \/>\n<meta property=\"og:site_name\" content=\"Les Saisons Culturelles de Chaumont\" \/>\n<meta property=\"article:publisher\" content=\"https:\/\/www.facebook.com\/saisonsculturelleschaumont\/\" \/>\n<meta property=\"og:image\" content=\"https:\/\/saisonsculturelleschaumont.fr\/mdxpuixt\/wp-content\/uploads\/2024\/03\/Oh-Jacno.jpeg\" \/>\n\t<meta property=\"og:image:width\" content=\"1486\" \/>\n\t<meta property=\"og:image:height\" content=\"1857\" \/>\n\t<meta property=\"og:image:type\" content=\"image\/jpeg\" \/>\n<meta name=\"twitter:card\" content=\"summary_large_image\" \/>\n<meta name=\"twitter:label1\" content=\"Dur\u00e9e de lecture estim\u00e9e\" \/>\n\t<meta name=\"twitter:data1\" content=\"2 minutes\" \/>\n<script type=\"application\/ld+json\" class=\"yoast-schema-graph\">{\"@context\":\"https:\/\/schema.org\",\"@graph\":[{\"@type\":\"WebPage\",\"@id\":\"https:\/\/saisonsculturelleschaumont.fr\/mdxpuixt\/evenement\/oh-jacno\/\",\"url\":\"https:\/\/saisonsculturelleschaumont.fr\/mdxpuixt\/evenement\/oh-jacno\/\",\"name\":\"Oh jacno ! - Les Saisons Culturelles de Chaumont\",\"isPartOf\":{\"@id\":\"https:\/\/saisonsculturelleschaumont.fr\/mdxpuixt\/#website\"},\"datePublished\":\"2024-03-01T10:55:43+00:00\",\"dateModified\":\"2024-03-01T10:55:43+00:00\",\"description\":\"D\u00e9couvrez la programmation culturelle de la saison culturelle de la ville de Chaumont. Expositions, visites, rencontres, ateliers, concerts, spectacles, animations et plus encore.\",\"breadcrumb\":{\"@id\":\"https:\/\/saisonsculturelleschaumont.fr\/mdxpuixt\/evenement\/oh-jacno\/#breadcrumb\"},\"inLanguage\":\"fr-FR\",\"potentialAction\":[{\"@type\":\"ReadAction\",\"target\":[\"https:\/\/saisonsculturelleschaumont.fr\/mdxpuixt\/evenement\/oh-jacno\/\"]}]},{\"@type\":\"BreadcrumbList\",\"@id\":\"https:\/\/saisonsculturelleschaumont.fr\/mdxpuixt\/evenement\/oh-jacno\/#breadcrumb\",\"itemListElement\":[{\"@type\":\"ListItem\",\"position\":1,\"name\":\"Accueil\",\"item\":\"https:\/\/saisonsculturelleschaumont.fr\/mdxpuixt\/\"},{\"@type\":\"ListItem\",\"position\":2,\"name\":\"\u00c9v\u00e8nements\",\"item\":\"https:\/\/saisonsculturelleschaumont.fr\/mdxpuixt\/agenda\/\"},{\"@type\":\"ListItem\",\"position\":3,\"name\":\"Oh jacno !\"}]},{\"@type\":\"WebSite\",\"@id\":\"https:\/\/saisonsculturelleschaumont.fr\/mdxpuixt\/#website\",\"url\":\"https:\/\/saisonsculturelleschaumont.fr\/mdxpuixt\/\",\"name\":\"Les Saisons Culturelles de Chaumont\",\"description\":\"\",\"potentialAction\":[{\"@type\":\"SearchAction\",\"target\":{\"@type\":\"EntryPoint\",\"urlTemplate\":\"https:\/\/saisonsculturelleschaumont.fr\/mdxpuixt\/?s={search_term_string}\"},\"query-input\":\"required name=search_term_string\"}],\"inLanguage\":\"fr-FR\"}]}<\/script>\n<!-- \/ Yoast SEO plugin. -->","yoast_head_json":{"title":"Oh jacno ! - Les Saisons Culturelles de Chaumont","description":"D\u00e9couvrez la programmation culturelle de la saison culturelle de la ville de Chaumont. Expositions, visites, rencontres, ateliers, concerts, spectacles, animations et plus encore.","robots":{"index":"noindex","follow":"follow","max-snippet":"max-snippet:-1","max-image-preview":"max-image-preview:large","max-video-preview":"max-video-preview:-1"},"og_locale":"fr_FR","og_type":"article","og_title":"Oh jacno ! - Les Saisons Culturelles de Chaumont","og_description":"D\u00e9couvrez la programmation culturelle de la saison culturelle de la ville de Chaumont. Expositions, visites, rencontres, ateliers, concerts, spectacles, animations et plus encore.","og_url":"https:\/\/saisonsculturelleschaumont.fr\/mdxpuixt\/evenement\/oh-jacno\/","og_site_name":"Les Saisons Culturelles de Chaumont","article_publisher":"https:\/\/www.facebook.com\/saisonsculturelleschaumont\/","og_image":[{"width":1486,"height":1857,"url":"https:\/\/saisonsculturelleschaumont.fr\/mdxpuixt\/wp-content\/uploads\/2024\/03\/Oh-Jacno.jpeg","type":"image\/jpeg"}],"twitter_card":"summary_large_image","twitter_misc":{"Dur\u00e9e de lecture estim\u00e9e":"2 minutes"},"schema":{"@context":"https:\/\/schema.org","@graph":[{"@type":"WebPage","@id":"https:\/\/saisonsculturelleschaumont.fr\/mdxpuixt\/evenement\/oh-jacno\/","url":"https:\/\/saisonsculturelleschaumont.fr\/mdxpuixt\/evenement\/oh-jacno\/","name":"Oh jacno ! - Les Saisons Culturelles de Chaumont","isPartOf":{"@id":"https:\/\/saisonsculturelleschaumont.fr\/mdxpuixt\/#website"},"datePublished":"2024-03-01T10:55:43+00:00","dateModified":"2024-03-01T10:55:43+00:00","description":"D\u00e9couvrez la programmation culturelle de la saison culturelle de la ville de Chaumont. Expositions, visites, rencontres, ateliers, concerts, spectacles, animations et plus encore.","breadcrumb":{"@id":"https:\/\/saisonsculturelleschaumont.fr\/mdxpuixt\/evenement\/oh-jacno\/#breadcrumb"},"inLanguage":"fr-FR","potentialAction":[{"@type":"ReadAction","target":["https:\/\/saisonsculturelleschaumont.fr\/mdxpuixt\/evenement\/oh-jacno\/"]}]},{"@type":"BreadcrumbList","@id":"https:\/\/saisonsculturelleschaumont.fr\/mdxpuixt\/evenement\/oh-jacno\/#breadcrumb","itemListElement":[{"@type":"ListItem","position":1,"name":"Accueil","item":"https:\/\/saisonsculturelleschaumont.fr\/mdxpuixt\/"},{"@type":"ListItem","position":2,"name":"\u00c9v\u00e8nements","item":"https:\/\/saisonsculturelleschaumont.fr\/mdxpuixt\/agenda\/"},{"@type":"ListItem","position":3,"name":"Oh jacno !"}]},{"@type":"WebSite","@id":"https:\/\/saisonsculturelleschaumont.fr\/mdxpuixt\/#website","url":"https:\/\/saisonsculturelleschaumont.fr\/mdxpuixt\/","name":"Les Saisons Culturelles de Chaumont","description":"","potentialAction":[{"@type":"SearchAction","target":{"@type":"EntryPoint","urlTemplate":"https:\/\/saisonsculturelleschaumont.fr\/mdxpuixt\/?s={search_term_string}"},"query-input":"required name=search_term_string"}],"inLanguage":"fr-FR"}]}},"uagb_featured_image_src":{"full":["https:\/\/saisonsculturelleschaumont.fr\/mdxpuixt\/wp-content\/uploads\/2024\/03\/Oh-Jacno.jpeg",1486,1857,false],"thumbnail":["https:\/\/saisonsculturelleschaumont.fr\/mdxpuixt\/wp-content\/uploads\/2024\/03\/Oh-Jacno-80x80.jpeg",80,80,true],"medium":["https:\/\/saisonsculturelleschaumont.fr\/mdxpuixt\/wp-content\/uploads\/2024\/03\/Oh-Jacno-300x300.jpeg",300,300,true],"medium_large":["https:\/\/saisonsculturelleschaumont.fr\/mdxpuixt\/wp-content\/uploads\/2024\/03\/Oh-Jacno-768x768.jpeg",768,768,true],"large":["https:\/\/saisonsculturelleschaumont.fr\/mdxpuixt\/wp-content\/uploads\/2024\/03\/Oh-Jacno-1030x1030.jpeg",1030,1030,true],"1536x1536":["https:\/\/saisonsculturelleschaumont.fr\/mdxpuixt\/wp-content\/uploads\/2024\/03\/Oh-Jacno-1229x1536.jpeg",1229,1536,true],"2048x2048":["https:\/\/saisonsculturelleschaumont.fr\/mdxpuixt\/wp-content\/uploads\/2024\/03\/Oh-Jacno.jpeg",1486,1857,false],"widget":["https:\/\/saisonsculturelleschaumont.fr\/mdxpuixt\/wp-content\/uploads\/2024\/03\/Oh-Jacno-36x36.jpeg",36,36,true],"square":["https:\/\/saisonsculturelleschaumont.fr\/mdxpuixt\/wp-content\/uploads\/2024\/03\/Oh-Jacno-180x180.jpeg",180,180,true],"featured":["https:\/\/saisonsculturelleschaumont.fr\/mdxpuixt\/wp-content\/uploads\/2024\/03\/Oh-Jacno-1486x430.jpeg",1486,430,true],"featured_large":["https:\/\/saisonsculturelleschaumont.fr\/mdxpuixt\/wp-content\/uploads\/2024\/03\/Oh-Jacno-1486x630.jpeg",1486,630,true],"extra_large":["https:\/\/saisonsculturelleschaumont.fr\/mdxpuixt\/wp-content\/uploads\/2024\/03\/Oh-Jacno-1200x1500.jpeg",1200,1500,true],"portfolio":["https:\/\/saisonsculturelleschaumont.fr\/mdxpuixt\/wp-content\/uploads\/2024\/03\/Oh-Jacno-495x400.jpeg",495,400,true],"portfolio_small":["https:\/\/saisonsculturelleschaumont.fr\/mdxpuixt\/wp-content\/uploads\/2024\/03\/Oh-Jacno-260x185.jpeg",260,185,true],"gallery":["https:\/\/saisonsculturelleschaumont.fr\/mdxpuixt\/wp-content\/uploads\/2024\/03\/Oh-Jacno-845x684.jpeg",845,684,true],"magazine":["https:\/\/saisonsculturelleschaumont.fr\/mdxpuixt\/wp-content\/uploads\/2024\/03\/Oh-Jacno-710x375.jpeg",710,375,true],"masonry":["https:\/\/saisonsculturelleschaumont.fr\/mdxpuixt\/wp-content\/uploads\/2024\/03\/Oh-Jacno-564x705.jpeg",564,705,true],"entry_with_sidebar":["https:\/\/saisonsculturelleschaumont.fr\/mdxpuixt\/wp-content\/uploads\/2024\/03\/Oh-Jacno-845x321.jpeg",845,321,true],"entry_without_sidebar":["https:\/\/saisonsculturelleschaumont.fr\/mdxpuixt\/wp-content\/uploads\/2024\/03\/Oh-Jacno-1210x423.jpeg",1210,423,true]},"uagb_author_info":{"display_name":"Justine Ansel","author_link":"https:\/\/saisonsculturelleschaumont.fr\/mdxpuixt\/author\/justine-ansel\/"},"uagb_comment_info":0,"uagb_excerpt":"Parcours patrimonial et matrimonial Derri\u00e8re \u00ab Jacno \u00bb, il y a plusieurs hommes : le typographe, l\u2019amoureux des lettres, le dessinateur d\u2019alphabets qui ont fait les beaux jours des r\u00e9clames [&hellip;]","_links":{"self":[{"href":"https:\/\/saisonsculturelleschaumont.fr\/mdxpuixt\/wp-json\/wp\/v2\/tribe_events\/11291"}],"collection":[{"href":"https:\/\/saisonsculturelleschaumont.fr\/mdxpuixt\/wp-json\/wp\/v2\/tribe_events"}],"about":[{"href":"https:\/\/saisonsculturelleschaumont.fr\/mdxpuixt\/wp-json\/wp\/v2\/types\/tribe_events"}],"author":[{"embeddable":true,"href":"https:\/\/saisonsculturelleschaumont.fr\/mdxpuixt\/wp-json\/wp\/v2\/users\/3"}],"replies":[{"embeddable":true,"href":"https:\/\/saisonsculturelleschaumont.fr\/mdxpuixt\/wp-json\/wp\/v2\/comments?post=11291"}],"version-history":[{"count":3,"href":"https:\/\/saisonsculturelleschaumont.fr\/mdxpuixt\/wp-json\/wp\/v2\/tribe_events\/11291\/revisions"}],"predecessor-version":[{"id":11295,"href":"https:\/\/saisonsculturelleschaumont.fr\/mdxpuixt\/wp-json\/wp\/v2\/tribe_events\/11291\/revisions\/11295"}],"wp:featuredmedia":[{"embeddable":true,"href":"https:\/\/saisonsculturelleschaumont.fr\/mdxpuixt\/wp-json\/wp\/v2\/media\/11293"}],"wp:attachment":[{"href":"https:\/\/saisonsculturelleschaumont.fr\/mdxpuixt\/wp-json\/wp\/v2\/media?parent=11291"}],"wp:term":[{"taxonomy":"post_tag","embeddable":true,"href":"https:\/\/saisonsculturelleschaumont.fr\/mdxpuixt\/wp-json\/wp\/v2\/tags?post=11291"},{"taxonomy":"tribe_events_cat","embeddable":true,"href":"https:\/\/saisonsculturelleschaumont.fr\/mdxpuixt\/wp-json\/wp\/v2\/tribe_events_cat?post=11291"}],"curies":[{"name":"wp","href":"https:\/\/api.w.org\/{rel}","templated":true}]}}