{"id":11619,"date":"2024-05-07T17:31:05","date_gmt":"2024-05-07T15:31:05","guid":{"rendered":"https:\/\/saisonsculturelleschaumont.fr\/mdxpuixt\/?post_type=tribe_events&#038;p=11619"},"modified":"2024-05-07T17:31:05","modified_gmt":"2024-05-07T15:31:05","slug":"figure-imposee","status":"publish","type":"tribe_events","link":"https:\/\/saisonsculturelleschaumont.fr\/mdxpuixt\/evenement\/figure-imposee\/","title":{"rendered":"Figure impos\u00e9e"},"content":{"rendered":"<p>L\u2019exposition <em>Figure Impos\u00e9e<\/em> donne \u00e0 voir une large s\u00e9lection de la collection constitu\u00e9e par Gustave Dutailly (1846-1906), et l\u00e9gu\u00e9e \u00e0 la ville de Chaumont.<\/p>\n<p>Cet ensemble recueilli par le Botaniste &#8211; deux vari\u00e9t\u00e9s de roses portent son nom -, collectionneur, d\u00e9put\u00e9 de la Haute-Marne, durant ce que l\u2019on nomme r\u00e9trospectivement la Belle \u00c9poque (1896-1914), est caract\u00e9ristique de son temps.<\/p>\n<p>Avec <span class=\"after:content-[',_'] last:after:content-none\"><span class=\"cursor-pointer md:hover:underline cndg-underline max-md:pointer-events-none\">Jules Ch\u00e9ret, <\/span><\/span><span class=\"after:content-[',_'] last:after:content-none\"><span class=\"cursor-pointer md:hover:underline cndg-underline max-md:pointer-events-none\">Henri de Toulouse-Lautrec, <\/span><\/span><span class=\"after:content-[',_'] last:after:content-none\"><span class=\"cursor-pointer md:hover:underline cndg-underline max-md:pointer-events-none\">Pierre Bonnard, <\/span><\/span><span class=\"after:content-[',_'] last:after:content-none\"><span class=\"cursor-pointer md:hover:underline cndg-underline max-md:pointer-events-none\">Eug\u00e8ne Grasset, <\/span><\/span><span class=\"after:content-[',_'] last:after:content-none\"><span class=\"cursor-pointer md:hover:underline cndg-underline max-md:pointer-events-none\">F\u00e9lix Vallotton, <\/span><\/span><span class=\"after:content-[',_'] last:after:content-none\"><span class=\"cursor-pointer md:hover:underline cndg-underline max-md:pointer-events-none\">Adolphe Willette et <\/span><\/span><span class=\"after:content-[',_'] last:after:content-none\"><span class=\"cursor-pointer md:hover:underline cndg-underline max-md:pointer-events-none\">Firmin Bouisset.<\/span><\/span><\/p>\n<p>&nbsp;<\/p>\n<p>commissariat : \u00a0Jean-Michel G\u00e9ridan<\/p>\n<p>sc\u00e9nographie : K\u00e9vin Cadinot<\/p>\n<p>&nbsp;<\/p>\n<p>Gratuit<\/p>\n<p>Tout public<\/p>\n","protected":false},"excerpt":{"rendered":"<p>L\u2019exposition Figure Impos\u00e9e donne \u00e0 voir une large s\u00e9lection de la collection constitu\u00e9e par Gustave Dutailly (1846-1906), et l\u00e9gu\u00e9e \u00e0 la ville de Chaumont. Cet ensemble recueilli par le Botaniste [&hellip;]<\/p>\n","protected":false},"author":3,"featured_media":11620,"comment_status":"open","ping_status":"closed","template":"","meta":{"_uag_custom_page_level_css":"","_tribe_events_status":"","_tribe_events_status_reason":""},"tags":[132,82,50,493,81],"tribe_events_cat":[42],"yoast_head":"<!-- This site is optimized with the Yoast SEO plugin v21.1 - https:\/\/yoast.com\/wordpress\/plugins\/seo\/ -->\n<title>Figure impos\u00e9e - Les Saisons Culturelles de Chaumont<\/title>\n<meta name=\"description\" content=\"D\u00e9couvrez la programmation culturelle de la saison culturelle de la ville de Chaumont. Expositions, visites, rencontres, ateliers, concerts, spectacles, animations et plus encore.\" \/>\n<meta name=\"robots\" content=\"noindex, follow, max-snippet:-1, max-image-preview:large, max-video-preview:-1\" \/>\n<meta property=\"og:locale\" content=\"fr_FR\" \/>\n<meta property=\"og:type\" content=\"article\" \/>\n<meta property=\"og:title\" content=\"Figure impos\u00e9e - Les Saisons Culturelles de Chaumont\" \/>\n<meta property=\"og:description\" content=\"D\u00e9couvrez la programmation culturelle de la saison culturelle de la ville de Chaumont. Expositions, visites, rencontres, ateliers, concerts, spectacles, animations et plus encore.\" \/>\n<meta property=\"og:url\" content=\"https:\/\/saisonsculturelleschaumont.fr\/mdxpuixt\/evenement\/figure-imposee\/\" \/>\n<meta property=\"og:site_name\" content=\"Les Saisons Culturelles de Chaumont\" \/>\n<meta property=\"article:publisher\" content=\"https:\/\/www.facebook.com\/saisonsculturelleschaumont\/\" \/>\n<meta property=\"og:image\" content=\"https:\/\/saisonsculturelleschaumont.fr\/mdxpuixt\/wp-content\/uploads\/2024\/05\/100ce62ba507d7c9cb930b1292f36910.webp\" \/>\n\t<meta property=\"og:image:width\" content=\"960\" \/>\n\t<meta property=\"og:image:height\" content=\"1280\" \/>\n\t<meta property=\"og:image:type\" content=\"image\/webp\" \/>\n<meta name=\"twitter:card\" content=\"summary_large_image\" \/>\n<meta name=\"twitter:label1\" content=\"Dur\u00e9e de lecture estim\u00e9e\" \/>\n\t<meta name=\"twitter:data1\" content=\"1 minute\" \/>\n<script type=\"application\/ld+json\" class=\"yoast-schema-graph\">{\"@context\":\"https:\/\/schema.org\",\"@graph\":[{\"@type\":\"WebPage\",\"@id\":\"https:\/\/saisonsculturelleschaumont.fr\/mdxpuixt\/evenement\/figure-imposee\/\",\"url\":\"https:\/\/saisonsculturelleschaumont.fr\/mdxpuixt\/evenement\/figure-imposee\/\",\"name\":\"Figure impos\u00e9e - Les Saisons Culturelles de Chaumont\",\"isPartOf\":{\"@id\":\"https:\/\/saisonsculturelleschaumont.fr\/mdxpuixt\/#website\"},\"datePublished\":\"2024-05-07T15:31:05+00:00\",\"dateModified\":\"2024-05-07T15:31:05+00:00\",\"description\":\"D\u00e9couvrez la programmation culturelle de la saison culturelle de la ville de Chaumont. Expositions, visites, rencontres, ateliers, concerts, spectacles, animations et plus encore.\",\"breadcrumb\":{\"@id\":\"https:\/\/saisonsculturelleschaumont.fr\/mdxpuixt\/evenement\/figure-imposee\/#breadcrumb\"},\"inLanguage\":\"fr-FR\",\"potentialAction\":[{\"@type\":\"ReadAction\",\"target\":[\"https:\/\/saisonsculturelleschaumont.fr\/mdxpuixt\/evenement\/figure-imposee\/\"]}]},{\"@type\":\"BreadcrumbList\",\"@id\":\"https:\/\/saisonsculturelleschaumont.fr\/mdxpuixt\/evenement\/figure-imposee\/#breadcrumb\",\"itemListElement\":[{\"@type\":\"ListItem\",\"position\":1,\"name\":\"Accueil\",\"item\":\"https:\/\/saisonsculturelleschaumont.fr\/mdxpuixt\/\"},{\"@type\":\"ListItem\",\"position\":2,\"name\":\"\u00c9v\u00e8nements\",\"item\":\"https:\/\/saisonsculturelleschaumont.fr\/mdxpuixt\/agenda\/\"},{\"@type\":\"ListItem\",\"position\":3,\"name\":\"Figure impos\u00e9e\"}]},{\"@type\":\"WebSite\",\"@id\":\"https:\/\/saisonsculturelleschaumont.fr\/mdxpuixt\/#website\",\"url\":\"https:\/\/saisonsculturelleschaumont.fr\/mdxpuixt\/\",\"name\":\"Les Saisons Culturelles de Chaumont\",\"description\":\"\",\"potentialAction\":[{\"@type\":\"SearchAction\",\"target\":{\"@type\":\"EntryPoint\",\"urlTemplate\":\"https:\/\/saisonsculturelleschaumont.fr\/mdxpuixt\/?s={search_term_string}\"},\"query-input\":\"required name=search_term_string\"}],\"inLanguage\":\"fr-FR\"}]}<\/script>\n<!-- \/ Yoast SEO plugin. -->","yoast_head_json":{"title":"Figure impos\u00e9e - Les Saisons Culturelles de Chaumont","description":"D\u00e9couvrez la programmation culturelle de la saison culturelle de la ville de Chaumont. Expositions, visites, rencontres, ateliers, concerts, spectacles, animations et plus encore.","robots":{"index":"noindex","follow":"follow","max-snippet":"max-snippet:-1","max-image-preview":"max-image-preview:large","max-video-preview":"max-video-preview:-1"},"og_locale":"fr_FR","og_type":"article","og_title":"Figure impos\u00e9e - Les Saisons Culturelles de Chaumont","og_description":"D\u00e9couvrez la programmation culturelle de la saison culturelle de la ville de Chaumont. Expositions, visites, rencontres, ateliers, concerts, spectacles, animations et plus encore.","og_url":"https:\/\/saisonsculturelleschaumont.fr\/mdxpuixt\/evenement\/figure-imposee\/","og_site_name":"Les Saisons Culturelles de Chaumont","article_publisher":"https:\/\/www.facebook.com\/saisonsculturelleschaumont\/","og_image":[{"width":960,"height":1280,"url":"https:\/\/saisonsculturelleschaumont.fr\/mdxpuixt\/wp-content\/uploads\/2024\/05\/100ce62ba507d7c9cb930b1292f36910.webp","type":"image\/webp"}],"twitter_card":"summary_large_image","twitter_misc":{"Dur\u00e9e de lecture estim\u00e9e":"1 minute"},"schema":{"@context":"https:\/\/schema.org","@graph":[{"@type":"WebPage","@id":"https:\/\/saisonsculturelleschaumont.fr\/mdxpuixt\/evenement\/figure-imposee\/","url":"https:\/\/saisonsculturelleschaumont.fr\/mdxpuixt\/evenement\/figure-imposee\/","name":"Figure impos\u00e9e - Les Saisons Culturelles de Chaumont","isPartOf":{"@id":"https:\/\/saisonsculturelleschaumont.fr\/mdxpuixt\/#website"},"datePublished":"2024-05-07T15:31:05+00:00","dateModified":"2024-05-07T15:31:05+00:00","description":"D\u00e9couvrez la programmation culturelle de la saison culturelle de la ville de Chaumont. Expositions, visites, rencontres, ateliers, concerts, spectacles, animations et plus encore.","breadcrumb":{"@id":"https:\/\/saisonsculturelleschaumont.fr\/mdxpuixt\/evenement\/figure-imposee\/#breadcrumb"},"inLanguage":"fr-FR","potentialAction":[{"@type":"ReadAction","target":["https:\/\/saisonsculturelleschaumont.fr\/mdxpuixt\/evenement\/figure-imposee\/"]}]},{"@type":"BreadcrumbList","@id":"https:\/\/saisonsculturelleschaumont.fr\/mdxpuixt\/evenement\/figure-imposee\/#breadcrumb","itemListElement":[{"@type":"ListItem","position":1,"name":"Accueil","item":"https:\/\/saisonsculturelleschaumont.fr\/mdxpuixt\/"},{"@type":"ListItem","position":2,"name":"\u00c9v\u00e8nements","item":"https:\/\/saisonsculturelleschaumont.fr\/mdxpuixt\/agenda\/"},{"@type":"ListItem","position":3,"name":"Figure impos\u00e9e"}]},{"@type":"WebSite","@id":"https:\/\/saisonsculturelleschaumont.fr\/mdxpuixt\/#website","url":"https:\/\/saisonsculturelleschaumont.fr\/mdxpuixt\/","name":"Les Saisons Culturelles de Chaumont","description":"","potentialAction":[{"@type":"SearchAction","target":{"@type":"EntryPoint","urlTemplate":"https:\/\/saisonsculturelleschaumont.fr\/mdxpuixt\/?s={search_term_string}"},"query-input":"required name=search_term_string"}],"inLanguage":"fr-FR"}]}},"uagb_featured_image_src":{"full":["https:\/\/saisonsculturelleschaumont.fr\/mdxpuixt\/wp-content\/uploads\/2024\/05\/100ce62ba507d7c9cb930b1292f36910.webp",960,1280,false],"thumbnail":["https:\/\/saisonsculturelleschaumont.fr\/mdxpuixt\/wp-content\/uploads\/2024\/05\/100ce62ba507d7c9cb930b1292f36910-80x80.webp",80,80,true],"medium":["https:\/\/saisonsculturelleschaumont.fr\/mdxpuixt\/wp-content\/uploads\/2024\/05\/100ce62ba507d7c9cb930b1292f36910-300x300.webp",300,300,true],"medium_large":["https:\/\/saisonsculturelleschaumont.fr\/mdxpuixt\/wp-content\/uploads\/2024\/05\/100ce62ba507d7c9cb930b1292f36910-768x768.webp",768,768,true],"large":["https:\/\/saisonsculturelleschaumont.fr\/mdxpuixt\/wp-content\/uploads\/2024\/05\/100ce62ba507d7c9cb930b1292f36910-960x1030.webp",960,1030,true],"1536x1536":["https:\/\/saisonsculturelleschaumont.fr\/mdxpuixt\/wp-content\/uploads\/2024\/05\/100ce62ba507d7c9cb930b1292f36910.webp",960,1280,false],"2048x2048":["https:\/\/saisonsculturelleschaumont.fr\/mdxpuixt\/wp-content\/uploads\/2024\/05\/100ce62ba507d7c9cb930b1292f36910.webp",960,1280,false],"widget":["https:\/\/saisonsculturelleschaumont.fr\/mdxpuixt\/wp-content\/uploads\/2024\/05\/100ce62ba507d7c9cb930b1292f36910-36x36.webp",36,36,true],"square":["https:\/\/saisonsculturelleschaumont.fr\/mdxpuixt\/wp-content\/uploads\/2024\/05\/100ce62ba507d7c9cb930b1292f36910-180x180.webp",180,180,true],"featured":["https:\/\/saisonsculturelleschaumont.fr\/mdxpuixt\/wp-content\/uploads\/2024\/05\/100ce62ba507d7c9cb930b1292f36910-960x430.webp",960,430,true],"featured_large":["https:\/\/saisonsculturelleschaumont.fr\/mdxpuixt\/wp-content\/uploads\/2024\/05\/100ce62ba507d7c9cb930b1292f36910-960x630.webp",960,630,true],"extra_large":["https:\/\/saisonsculturelleschaumont.fr\/mdxpuixt\/wp-content\/uploads\/2024\/05\/100ce62ba507d7c9cb930b1292f36910.webp",960,1280,false],"portfolio":["https:\/\/saisonsculturelleschaumont.fr\/mdxpuixt\/wp-content\/uploads\/2024\/05\/100ce62ba507d7c9cb930b1292f36910-495x400.webp",495,400,true],"portfolio_small":["https:\/\/saisonsculturelleschaumont.fr\/mdxpuixt\/wp-content\/uploads\/2024\/05\/100ce62ba507d7c9cb930b1292f36910-260x185.webp",260,185,true],"gallery":["https:\/\/saisonsculturelleschaumont.fr\/mdxpuixt\/wp-content\/uploads\/2024\/05\/100ce62ba507d7c9cb930b1292f36910-845x684.webp",845,684,true],"magazine":["https:\/\/saisonsculturelleschaumont.fr\/mdxpuixt\/wp-content\/uploads\/2024\/05\/100ce62ba507d7c9cb930b1292f36910-710x375.webp",710,375,true],"masonry":["https:\/\/saisonsculturelleschaumont.fr\/mdxpuixt\/wp-content\/uploads\/2024\/05\/100ce62ba507d7c9cb930b1292f36910-529x705.webp",529,705,true],"entry_with_sidebar":["https:\/\/saisonsculturelleschaumont.fr\/mdxpuixt\/wp-content\/uploads\/2024\/05\/100ce62ba507d7c9cb930b1292f36910-845x321.webp",845,321,true],"entry_without_sidebar":["https:\/\/saisonsculturelleschaumont.fr\/mdxpuixt\/wp-content\/uploads\/2024\/05\/100ce62ba507d7c9cb930b1292f36910-960x423.webp",960,423,true]},"uagb_author_info":{"display_name":"Justine Ansel","author_link":"https:\/\/saisonsculturelleschaumont.fr\/mdxpuixt\/author\/justine-ansel\/"},"uagb_comment_info":0,"uagb_excerpt":"L\u2019exposition Figure Impos\u00e9e donne \u00e0 voir une large s\u00e9lection de la collection constitu\u00e9e par Gustave Dutailly (1846-1906), et l\u00e9gu\u00e9e \u00e0 la ville de Chaumont. Cet ensemble recueilli par le Botaniste [&hellip;]","_links":{"self":[{"href":"https:\/\/saisonsculturelleschaumont.fr\/mdxpuixt\/wp-json\/wp\/v2\/tribe_events\/11619"}],"collection":[{"href":"https:\/\/saisonsculturelleschaumont.fr\/mdxpuixt\/wp-json\/wp\/v2\/tribe_events"}],"about":[{"href":"https:\/\/saisonsculturelleschaumont.fr\/mdxpuixt\/wp-json\/wp\/v2\/types\/tribe_events"}],"author":[{"embeddable":true,"href":"https:\/\/saisonsculturelleschaumont.fr\/mdxpuixt\/wp-json\/wp\/v2\/users\/3"}],"replies":[{"embeddable":true,"href":"https:\/\/saisonsculturelleschaumont.fr\/mdxpuixt\/wp-json\/wp\/v2\/comments?post=11619"}],"version-history":[{"count":2,"href":"https:\/\/saisonsculturelleschaumont.fr\/mdxpuixt\/wp-json\/wp\/v2\/tribe_events\/11619\/revisions"}],"predecessor-version":[{"id":11623,"href":"https:\/\/saisonsculturelleschaumont.fr\/mdxpuixt\/wp-json\/wp\/v2\/tribe_events\/11619\/revisions\/11623"}],"wp:featuredmedia":[{"embeddable":true,"href":"https:\/\/saisonsculturelleschaumont.fr\/mdxpuixt\/wp-json\/wp\/v2\/media\/11620"}],"wp:attachment":[{"href":"https:\/\/saisonsculturelleschaumont.fr\/mdxpuixt\/wp-json\/wp\/v2\/media?parent=11619"}],"wp:term":[{"taxonomy":"post_tag","embeddable":true,"href":"https:\/\/saisonsculturelleschaumont.fr\/mdxpuixt\/wp-json\/wp\/v2\/tags?post=11619"},{"taxonomy":"tribe_events_cat","embeddable":true,"href":"https:\/\/saisonsculturelleschaumont.fr\/mdxpuixt\/wp-json\/wp\/v2\/tribe_events_cat?post=11619"}],"curies":[{"name":"wp","href":"https:\/\/api.w.org\/{rel}","templated":true}]}}