{"id":1275,"date":"2019-08-01T22:54:00","date_gmt":"2019-08-01T22:54:00","guid":{"rendered":"http:\/\/ipag.dk-tech.fr\/index.php\/event\/laurence-piaget-dubuis-causes-perdues-2\/"},"modified":"2020-02-11T20:58:02","modified_gmt":"2020-02-11T19:58:02","slug":"laurence-piaget-dubuis-causes-perdues","status":"publish","type":"tribe_events","link":"https:\/\/saisonsculturelleschaumont.fr\/mdxpuixt\/evenement\/laurence-piaget-dubuis-causes-perdues\/","title":{"rendered":"Laurence Piaget-Dubuis"},"content":{"rendered":"<p>Utiliser ce qui se voit pour parler de ce qui ne se voit pas : c\u2019est la d\u00e9marche de Laurence Piaget-Dubuis. Le changement climatique et notamment la fonte des glaces est immat\u00e9rielle et pourtant bien r\u00e9elle. A travers ses oeuvres, l\u2019artiste aborde une probl\u00e9matique qui nousconcerne tous. L\u2019art est un levier et permet de questionner et d\u2019interpeller chacun d\u2019entrenous. Le processus cr\u00e9atif de l\u2019artiste se d\u00e9coupe en trois \u00e9tapes : la prise de vue, la conception d\u2019une installation et la prise de vue de l\u2019installation dans un nouveau contexte. Chaque \u00e9tape tend vers une symbolique voire m\u00eame une mise en abyme pour certains projets. L\u2019exposition Causes perdues\/Lost causes permet aux visiteurs d\u2019explorer la th\u00e9matique du bouleversement climatique et de ces cons\u00e9quences parfois irr\u00e9vocables. Cette exposition ne fait pas juste un constat des d\u00e9gradations de notre plan\u00e8te mais a un objectif d\u2019utilit\u00e9 publique et p\u00e9dagogique.<\/p>\n","protected":false},"excerpt":{"rendered":"<p>Utiliser ce qui se voit pour parler de ce qui ne se voit pas : c\u2019est la d\u00e9marche de Laurence Piaget-Dubuis. Le changement climatique et notamment la fonte des glaces [&hellip;]<\/p>\n","protected":false},"author":3,"featured_media":3281,"comment_status":"closed","ping_status":"closed","template":"","meta":{"_uag_custom_page_level_css":"","_tribe_events_status":"","_tribe_events_status_reason":""},"tags":[50,74,76,75],"tribe_events_cat":[42],"yoast_head":"<!-- This site is optimized with the Yoast SEO plugin v21.1 - https:\/\/yoast.com\/wordpress\/plugins\/seo\/ -->\n<title>Laurence Piaget-Dubuis - Les Saisons Culturelles de Chaumont<\/title>\n<meta name=\"description\" content=\"D\u00e9couvrez la programmation culturelle de la saison culturelle de la ville de Chaumont. Expositions, visites, rencontres, ateliers, concerts, spectacles, animations et plus encore.\" \/>\n<meta name=\"robots\" content=\"noindex, follow, max-snippet:-1, max-image-preview:large, max-video-preview:-1\" \/>\n<meta property=\"og:locale\" content=\"fr_FR\" \/>\n<meta property=\"og:type\" content=\"article\" \/>\n<meta property=\"og:title\" content=\"Laurence Piaget-Dubuis - Les Saisons Culturelles de Chaumont\" \/>\n<meta property=\"og:description\" content=\"D\u00e9couvrez la programmation culturelle de la saison culturelle de la ville de Chaumont. Expositions, visites, rencontres, ateliers, concerts, spectacles, animations et plus encore.\" \/>\n<meta property=\"og:url\" content=\"https:\/\/saisonsculturelleschaumont.fr\/mdxpuixt\/evenement\/laurence-piaget-dubuis-causes-perdues\/\" \/>\n<meta property=\"og:site_name\" content=\"Les Saisons Culturelles de Chaumont\" \/>\n<meta property=\"article:publisher\" content=\"https:\/\/www.facebook.com\/saisonsculturelleschaumont\/\" \/>\n<meta property=\"article:modified_time\" content=\"2020-02-11T19:58:02+00:00\" \/>\n<meta property=\"og:image\" content=\"https:\/\/saisonsculturelleschaumont.fr\/mdxpuixt\/wp-content\/uploads\/2019\/07\/30cm_web_100ppi_Glacier_du_Rhone_Laurence_Piaget-Dubuis_sRVB.jpg.jpg\" \/>\n\t<meta property=\"og:image:width\" content=\"1181\" \/>\n\t<meta property=\"og:image:height\" content=\"788\" \/>\n\t<meta property=\"og:image:type\" content=\"image\/jpeg\" \/>\n<meta name=\"twitter:card\" content=\"summary_large_image\" \/>\n<meta name=\"twitter:label1\" content=\"Dur\u00e9e de lecture estim\u00e9e\" \/>\n\t<meta name=\"twitter:data1\" content=\"1 minute\" \/>\n<script type=\"application\/ld+json\" class=\"yoast-schema-graph\">{\"@context\":\"https:\/\/schema.org\",\"@graph\":[{\"@type\":\"WebPage\",\"@id\":\"https:\/\/saisonsculturelleschaumont.fr\/mdxpuixt\/evenement\/laurence-piaget-dubuis-causes-perdues\/\",\"url\":\"https:\/\/saisonsculturelleschaumont.fr\/mdxpuixt\/evenement\/laurence-piaget-dubuis-causes-perdues\/\",\"name\":\"Laurence Piaget-Dubuis - Les Saisons Culturelles de Chaumont\",\"isPartOf\":{\"@id\":\"https:\/\/saisonsculturelleschaumont.fr\/mdxpuixt\/#website\"},\"datePublished\":\"2019-08-01T22:54:00+00:00\",\"dateModified\":\"2020-02-11T19:58:02+00:00\",\"description\":\"D\u00e9couvrez la programmation culturelle de la saison culturelle de la ville de Chaumont. Expositions, visites, rencontres, ateliers, concerts, spectacles, animations et plus encore.\",\"breadcrumb\":{\"@id\":\"https:\/\/saisonsculturelleschaumont.fr\/mdxpuixt\/evenement\/laurence-piaget-dubuis-causes-perdues\/#breadcrumb\"},\"inLanguage\":\"fr-FR\",\"potentialAction\":[{\"@type\":\"ReadAction\",\"target\":[\"https:\/\/saisonsculturelleschaumont.fr\/mdxpuixt\/evenement\/laurence-piaget-dubuis-causes-perdues\/\"]}]},{\"@type\":\"BreadcrumbList\",\"@id\":\"https:\/\/saisonsculturelleschaumont.fr\/mdxpuixt\/evenement\/laurence-piaget-dubuis-causes-perdues\/#breadcrumb\",\"itemListElement\":[{\"@type\":\"ListItem\",\"position\":1,\"name\":\"Accueil\",\"item\":\"https:\/\/saisonsculturelleschaumont.fr\/mdxpuixt\/\"},{\"@type\":\"ListItem\",\"position\":2,\"name\":\"\u00c9v\u00e8nements\",\"item\":\"https:\/\/saisonsculturelleschaumont.fr\/mdxpuixt\/agenda\/\"},{\"@type\":\"ListItem\",\"position\":3,\"name\":\"Laurence Piaget-Dubuis\"}]},{\"@type\":\"WebSite\",\"@id\":\"https:\/\/saisonsculturelleschaumont.fr\/mdxpuixt\/#website\",\"url\":\"https:\/\/saisonsculturelleschaumont.fr\/mdxpuixt\/\",\"name\":\"Les Saisons Culturelles de Chaumont\",\"description\":\"\",\"potentialAction\":[{\"@type\":\"SearchAction\",\"target\":{\"@type\":\"EntryPoint\",\"urlTemplate\":\"https:\/\/saisonsculturelleschaumont.fr\/mdxpuixt\/?s={search_term_string}\"},\"query-input\":\"required name=search_term_string\"}],\"inLanguage\":\"fr-FR\"}]}<\/script>\n<!-- \/ Yoast SEO plugin. -->","yoast_head_json":{"title":"Laurence Piaget-Dubuis - Les Saisons Culturelles de Chaumont","description":"D\u00e9couvrez la programmation culturelle de la saison culturelle de la ville de Chaumont. Expositions, visites, rencontres, ateliers, concerts, spectacles, animations et plus encore.","robots":{"index":"noindex","follow":"follow","max-snippet":"max-snippet:-1","max-image-preview":"max-image-preview:large","max-video-preview":"max-video-preview:-1"},"og_locale":"fr_FR","og_type":"article","og_title":"Laurence Piaget-Dubuis - Les Saisons Culturelles de Chaumont","og_description":"D\u00e9couvrez la programmation culturelle de la saison culturelle de la ville de Chaumont. Expositions, visites, rencontres, ateliers, concerts, spectacles, animations et plus encore.","og_url":"https:\/\/saisonsculturelleschaumont.fr\/mdxpuixt\/evenement\/laurence-piaget-dubuis-causes-perdues\/","og_site_name":"Les Saisons Culturelles de Chaumont","article_publisher":"https:\/\/www.facebook.com\/saisonsculturelleschaumont\/","article_modified_time":"2020-02-11T19:58:02+00:00","og_image":[{"width":1181,"height":788,"url":"https:\/\/saisonsculturelleschaumont.fr\/mdxpuixt\/wp-content\/uploads\/2019\/07\/30cm_web_100ppi_Glacier_du_Rhone_Laurence_Piaget-Dubuis_sRVB.jpg.jpg","type":"image\/jpeg"}],"twitter_card":"summary_large_image","twitter_misc":{"Dur\u00e9e de lecture estim\u00e9e":"1 minute"},"schema":{"@context":"https:\/\/schema.org","@graph":[{"@type":"WebPage","@id":"https:\/\/saisonsculturelleschaumont.fr\/mdxpuixt\/evenement\/laurence-piaget-dubuis-causes-perdues\/","url":"https:\/\/saisonsculturelleschaumont.fr\/mdxpuixt\/evenement\/laurence-piaget-dubuis-causes-perdues\/","name":"Laurence Piaget-Dubuis - Les Saisons Culturelles de Chaumont","isPartOf":{"@id":"https:\/\/saisonsculturelleschaumont.fr\/mdxpuixt\/#website"},"datePublished":"2019-08-01T22:54:00+00:00","dateModified":"2020-02-11T19:58:02+00:00","description":"D\u00e9couvrez la programmation culturelle de la saison culturelle de la ville de Chaumont. Expositions, visites, rencontres, ateliers, concerts, spectacles, animations et plus encore.","breadcrumb":{"@id":"https:\/\/saisonsculturelleschaumont.fr\/mdxpuixt\/evenement\/laurence-piaget-dubuis-causes-perdues\/#breadcrumb"},"inLanguage":"fr-FR","potentialAction":[{"@type":"ReadAction","target":["https:\/\/saisonsculturelleschaumont.fr\/mdxpuixt\/evenement\/laurence-piaget-dubuis-causes-perdues\/"]}]},{"@type":"BreadcrumbList","@id":"https:\/\/saisonsculturelleschaumont.fr\/mdxpuixt\/evenement\/laurence-piaget-dubuis-causes-perdues\/#breadcrumb","itemListElement":[{"@type":"ListItem","position":1,"name":"Accueil","item":"https:\/\/saisonsculturelleschaumont.fr\/mdxpuixt\/"},{"@type":"ListItem","position":2,"name":"\u00c9v\u00e8nements","item":"https:\/\/saisonsculturelleschaumont.fr\/mdxpuixt\/agenda\/"},{"@type":"ListItem","position":3,"name":"Laurence Piaget-Dubuis"}]},{"@type":"WebSite","@id":"https:\/\/saisonsculturelleschaumont.fr\/mdxpuixt\/#website","url":"https:\/\/saisonsculturelleschaumont.fr\/mdxpuixt\/","name":"Les Saisons Culturelles de Chaumont","description":"","potentialAction":[{"@type":"SearchAction","target":{"@type":"EntryPoint","urlTemplate":"https:\/\/saisonsculturelleschaumont.fr\/mdxpuixt\/?s={search_term_string}"},"query-input":"required name=search_term_string"}],"inLanguage":"fr-FR"}]}},"uagb_featured_image_src":{"full":["https:\/\/saisonsculturelleschaumont.fr\/mdxpuixt\/wp-content\/uploads\/2019\/07\/30cm_web_100ppi_Glacier_du_Rhone_Laurence_Piaget-Dubuis_sRVB.jpg.jpg",1181,788,false],"thumbnail":["https:\/\/saisonsculturelleschaumont.fr\/mdxpuixt\/wp-content\/uploads\/2019\/07\/30cm_web_100ppi_Glacier_du_Rhone_Laurence_Piaget-Dubuis_sRVB.jpg-80x80.jpg",80,80,true],"medium":["https:\/\/saisonsculturelleschaumont.fr\/mdxpuixt\/wp-content\/uploads\/2019\/07\/30cm_web_100ppi_Glacier_du_Rhone_Laurence_Piaget-Dubuis_sRVB.jpg-300x300.jpg",300,300,true],"medium_large":["https:\/\/saisonsculturelleschaumont.fr\/mdxpuixt\/wp-content\/uploads\/2019\/07\/30cm_web_100ppi_Glacier_du_Rhone_Laurence_Piaget-Dubuis_sRVB.jpg-768x768.jpg",768,768,true],"large":["https:\/\/saisonsculturelleschaumont.fr\/mdxpuixt\/wp-content\/uploads\/2019\/07\/30cm_web_100ppi_Glacier_du_Rhone_Laurence_Piaget-Dubuis_sRVB.jpg-1030x788.jpg",1030,788,true],"1536x1536":["https:\/\/saisonsculturelleschaumont.fr\/mdxpuixt\/wp-content\/uploads\/2019\/07\/30cm_web_100ppi_Glacier_du_Rhone_Laurence_Piaget-Dubuis_sRVB.jpg.jpg",1181,788,false],"2048x2048":["https:\/\/saisonsculturelleschaumont.fr\/mdxpuixt\/wp-content\/uploads\/2019\/07\/30cm_web_100ppi_Glacier_du_Rhone_Laurence_Piaget-Dubuis_sRVB.jpg.jpg",1181,788,false],"widget":["https:\/\/saisonsculturelleschaumont.fr\/mdxpuixt\/wp-content\/uploads\/2019\/07\/30cm_web_100ppi_Glacier_du_Rhone_Laurence_Piaget-Dubuis_sRVB.jpg-36x36.jpg",36,36,true],"square":["https:\/\/saisonsculturelleschaumont.fr\/mdxpuixt\/wp-content\/uploads\/2019\/07\/30cm_web_100ppi_Glacier_du_Rhone_Laurence_Piaget-Dubuis_sRVB.jpg-180x180.jpg",180,180,true],"featured":["https:\/\/saisonsculturelleschaumont.fr\/mdxpuixt\/wp-content\/uploads\/2019\/07\/30cm_web_100ppi_Glacier_du_Rhone_Laurence_Piaget-Dubuis_sRVB.jpg-1181x430.jpg",1181,430,true],"featured_large":["https:\/\/saisonsculturelleschaumont.fr\/mdxpuixt\/wp-content\/uploads\/2019\/07\/30cm_web_100ppi_Glacier_du_Rhone_Laurence_Piaget-Dubuis_sRVB.jpg-1181x630.jpg",1181,630,true],"extra_large":["https:\/\/saisonsculturelleschaumont.fr\/mdxpuixt\/wp-content\/uploads\/2019\/07\/30cm_web_100ppi_Glacier_du_Rhone_Laurence_Piaget-Dubuis_sRVB.jpg.jpg",1181,788,false],"portfolio":["https:\/\/saisonsculturelleschaumont.fr\/mdxpuixt\/wp-content\/uploads\/2019\/07\/30cm_web_100ppi_Glacier_du_Rhone_Laurence_Piaget-Dubuis_sRVB.jpg-495x400.jpg",495,400,true],"portfolio_small":["https:\/\/saisonsculturelleschaumont.fr\/mdxpuixt\/wp-content\/uploads\/2019\/07\/30cm_web_100ppi_Glacier_du_Rhone_Laurence_Piaget-Dubuis_sRVB.jpg-260x185.jpg",260,185,true],"gallery":["https:\/\/saisonsculturelleschaumont.fr\/mdxpuixt\/wp-content\/uploads\/2019\/07\/30cm_web_100ppi_Glacier_du_Rhone_Laurence_Piaget-Dubuis_sRVB.jpg-845x684.jpg",845,684,true],"magazine":["https:\/\/saisonsculturelleschaumont.fr\/mdxpuixt\/wp-content\/uploads\/2019\/07\/30cm_web_100ppi_Glacier_du_Rhone_Laurence_Piaget-Dubuis_sRVB.jpg-710x375.jpg",710,375,true],"masonry":["https:\/\/saisonsculturelleschaumont.fr\/mdxpuixt\/wp-content\/uploads\/2019\/07\/30cm_web_100ppi_Glacier_du_Rhone_Laurence_Piaget-Dubuis_sRVB.jpg-705x470.jpg",705,470,true],"entry_with_sidebar":["https:\/\/saisonsculturelleschaumont.fr\/mdxpuixt\/wp-content\/uploads\/2019\/07\/30cm_web_100ppi_Glacier_du_Rhone_Laurence_Piaget-Dubuis_sRVB.jpg-845x321.jpg",845,321,true],"entry_without_sidebar":["https:\/\/saisonsculturelleschaumont.fr\/mdxpuixt\/wp-content\/uploads\/2019\/07\/30cm_web_100ppi_Glacier_du_Rhone_Laurence_Piaget-Dubuis_sRVB.jpg-1181x423.jpg",1181,423,true]},"uagb_author_info":{"display_name":"Justine Ansel","author_link":"https:\/\/saisonsculturelleschaumont.fr\/mdxpuixt\/author\/justine-ansel\/"},"uagb_comment_info":0,"uagb_excerpt":"Utiliser ce qui se voit pour parler de ce qui ne se voit pas : c\u2019est la d\u00e9marche de Laurence Piaget-Dubuis. Le changement climatique et notamment la fonte des glaces [&hellip;]","_links":{"self":[{"href":"https:\/\/saisonsculturelleschaumont.fr\/mdxpuixt\/wp-json\/wp\/v2\/tribe_events\/1275"}],"collection":[{"href":"https:\/\/saisonsculturelleschaumont.fr\/mdxpuixt\/wp-json\/wp\/v2\/tribe_events"}],"about":[{"href":"https:\/\/saisonsculturelleschaumont.fr\/mdxpuixt\/wp-json\/wp\/v2\/types\/tribe_events"}],"author":[{"embeddable":true,"href":"https:\/\/saisonsculturelleschaumont.fr\/mdxpuixt\/wp-json\/wp\/v2\/users\/3"}],"replies":[{"embeddable":true,"href":"https:\/\/saisonsculturelleschaumont.fr\/mdxpuixt\/wp-json\/wp\/v2\/comments?post=1275"}],"version-history":[{"count":0,"href":"https:\/\/saisonsculturelleschaumont.fr\/mdxpuixt\/wp-json\/wp\/v2\/tribe_events\/1275\/revisions"}],"wp:featuredmedia":[{"embeddable":true,"href":"https:\/\/saisonsculturelleschaumont.fr\/mdxpuixt\/wp-json\/wp\/v2\/media\/3281"}],"wp:attachment":[{"href":"https:\/\/saisonsculturelleschaumont.fr\/mdxpuixt\/wp-json\/wp\/v2\/media?parent=1275"}],"wp:term":[{"taxonomy":"post_tag","embeddable":true,"href":"https:\/\/saisonsculturelleschaumont.fr\/mdxpuixt\/wp-json\/wp\/v2\/tags?post=1275"},{"taxonomy":"tribe_events_cat","embeddable":true,"href":"https:\/\/saisonsculturelleschaumont.fr\/mdxpuixt\/wp-json\/wp\/v2\/tribe_events_cat?post=1275"}],"curies":[{"name":"wp","href":"https:\/\/api.w.org\/{rel}","templated":true}]}}