{"id":3793,"date":"2019-08-01T22:54:00","date_gmt":"2019-08-01T22:54:00","guid":{"rendered":"https:\/\/saisonsculturelleschaumont.fr\/mdxpuixt\/?post_type=tribe_events&#038;p=3793"},"modified":"2020-07-01T18:21:25","modified_gmt":"2020-07-01T16:21:25","slug":"journees-europeennes-du-patrimoine","status":"publish","type":"tribe_events","link":"https:\/\/saisonsculturelleschaumont.fr\/mdxpuixt\/evenement\/journees-europeennes-du-patrimoine\/","title":{"rendered":"Journ\u00e9es Europ\u00e9ennes du Patrimoine"},"content":{"rendered":"<p>Rendez-vous culturel incontournable chaque ann\u00e9e, les Journ\u00e9es Europ\u00e9ennes du Patrimoine ont lieu les 21 et 22 septembre. Cette 36e \u00e9dition a pour th\u00e9matique le patrimoine des arts et des divertissements. Les \u00e9tablissements culturels mais aussi les lieux embl\u00e9matiques de la ville ouvrent leurs portes le temps d\u2019un weekend. Expositions, visites, conf\u00e9rences, concerts, ateliers mais aussi escape games rythment ces deux journ\u00e9es d\u00e9di\u00e9es \u00e0 l\u2019art et aux tr\u00e9sors de la ville de Chaumont.<\/p>\n<h2><img decoding=\"async\" loading=\"lazy\" class=\"alignnone wp-image-5474 size-full\" src=\"https:\/\/saisonsculturelleschaumont.fr\/mdxpuixt\/wp-content\/uploads\/2019\/08\/Affiche-JDP-version-de\u0301finitive.png\" alt=\"\" width=\"1929\" height=\"5457\" srcset=\"https:\/\/saisonsculturelleschaumont.fr\/mdxpuixt\/wp-content\/uploads\/2019\/08\/Affiche-JDP-version-de\u0301finitive.png 1929w, https:\/\/saisonsculturelleschaumont.fr\/mdxpuixt\/wp-content\/uploads\/2019\/08\/Affiche-JDP-version-de\u0301finitive-543x1536.png 543w, https:\/\/saisonsculturelleschaumont.fr\/mdxpuixt\/wp-content\/uploads\/2019\/08\/Affiche-JDP-version-de\u0301finitive-724x2048.png 724w, https:\/\/saisonsculturelleschaumont.fr\/mdxpuixt\/wp-content\/uploads\/2019\/08\/Affiche-JDP-version-de\u0301finitive-530x1500.png 530w, https:\/\/saisonsculturelleschaumont.fr\/mdxpuixt\/wp-content\/uploads\/2019\/08\/Affiche-JDP-version-de\u0301finitive-249x705.png 249w\" sizes=\"(max-width: 1929px) 100vw, 1929px\" \/><\/h2>\n<h2><strong>21.09<\/strong><\/h2>\n<p>9h-17h<\/p>\n<p>Visites libres et guid\u00e9es de la Maison de la R\u00e9gion<\/p>\n<p>en pr\u00e9sence de Christine Guillemy, conseill\u00e8re r\u00e9gionale<\/p>\n<p>la maison de la r\u00e9gion<\/p>\n<p>&nbsp;<\/p>\n<p>9h-17h<\/p>\n<p>Animation de rue<\/p>\n<p>par Les Clowns de la Maison de Courcelles<\/p>\n<p>la maison de la r\u00e9gion<\/p>\n<p>&nbsp;<\/p>\n<p>9h-17h<\/p>\n<p>Exposition et atelier<\/p>\n<p>La vannerie<\/p>\n<p>la maison de la r\u00e9gion<\/p>\n<p>&nbsp;<\/p>\n<p>9h30 et 11h \/ 14h et 15h30<\/p>\n<p>Circuit de la ville en car<\/p>\n<p>la maison de la r\u00e9gion<\/p>\n<p>&nbsp;<\/p>\n<p>9h30 et 14h30<\/p>\n<p>Pr\u00e9sentations et visites guid\u00e9es du patrimoine chaumontais<\/p>\n<p>Clin d\u2019Oeil sur Chaumont<\/p>\n<p>par l\u2019Office du Tourisme<\/p>\n<p>office du tourisme<\/p>\n<p>&nbsp;<\/p>\n<p>10h-18h<\/p>\n<p>Escape game<\/p>\n<p>L\u2019\u00e9pop\u00e9e mortelle &#8211; 3 \u00e0 5 personnes \u2013 pour tous \u2013 dur\u00e9e\u00a0: 30 minutes<\/p>\n<p>Une aventure aussi extraordinaire que dangereuse se pr\u00e9sente face \u00e0 vous. Votre voyage sera long et sem\u00e9 d&#8217;emb\u00fbches. L&rsquo;objectif est simple, traverser les quatre climats qui se dressent sur votre chemin et en ressortir victorieux.<\/p>\n<p>par La Tanni\u00e8re du Lion<\/p>\n<p>donjon<\/p>\n<p>Inscription sur <a href=\"https:\/\/docs.google.com\/forms\/d\/e\/1FAIpQLSfnVyo1MounW_WaSYHtMHepJu4wZFl9cwlvab6neccqaVkKEQ\/viewform\">https:\/\/docs.google.com\/forms\/d\/e\/1FAIpQLSfnVyo1MounW_WaSYHtMHepJu4wZFl9cwlvab6neccqaVkKEQ\/viewform<\/a><\/p>\n<p>&nbsp;<\/p>\n<p>10h-18h<\/p>\n<p>Visites libres et guid\u00e9es de la chapelle des j\u00e9suites<\/p>\n<p>la chapelle<span class=\"Apple-converted-space\">\u00a0<\/span><\/p>\n<p>&nbsp;<\/p>\n<p>10h-18h<\/p>\n<p>Visite libre des jardins, animations<\/p>\n<p>h\u00f4tel du d\u00e9partement de la Haute-Marne<\/p>\n<p>&nbsp;<\/p>\n<p>10h30 \/ 11h30 \/ 14h30 \/ 16h30<\/p>\n<p>Visites guid\u00e9es des b\u00e2timents du Conseil D\u00e9partemental<\/p>\n<p>h\u00f4tel du d\u00e9partement de la Haute-Marne<\/p>\n<p>&nbsp;<\/p>\n<p>14h-19h<\/p>\n<p>Exposition sur la restauration de la basilique<\/p>\n<p>par Innovatis Basilica<\/p>\n<p>la maison des carm\u00e9lites<\/p>\n<p>&nbsp;<\/p>\n<p>14h \/ 15h et 16h<\/p>\n<p>Visites comment\u00e9es de la salle des coffres<\/p>\n<p>le signe<\/p>\n<p>&nbsp;<\/p>\n<p>14h<span class=\"Apple-converted-space\">\u00a0<\/span><\/p>\n<p>Visite comment\u00e9e de l\u2019exposition<span class=\"Apple-converted-space\">\u00a0<\/span><\/p>\n<p>Concours international d\u2019affiches<\/p>\n<p>le signe<\/p>\n<p>&nbsp;<\/p>\n<p>14h15 \/ 15h15 \/ 16h15 \/ 17h15<\/p>\n<p>Visites comment\u00e9es des archives<\/p>\n<p>et des coulisses de la conservation<\/p>\n<p>les archives d\u00e9partementales<\/p>\n<p>&nbsp;<\/p>\n<p>14h15 \/ 15h15 \/ 16h15 \/ 17h15<\/p>\n<p>Visites comment\u00e9es de l\u2019exposition<span class=\"Apple-converted-space\">\u00a0<\/span><\/p>\n<p>La Haute-Marne vue par les premiers photographes,<span class=\"Apple-converted-space\">\u00a0<\/span><\/p>\n<p>1850-1880<span class=\"Apple-converted-space\">\u00a0<\/span><\/p>\n<p>les archives d\u00e9partementales<\/p>\n<p>&nbsp;<\/p>\n<p>14h30-18h30<\/p>\n<p>Visites guid\u00e9es de la Basilique<\/p>\n<p>par G\u00e9rard Bocquillon<\/p>\n<p>la basilique<span class=\"Apple-converted-space\">\u00a0<\/span><\/p>\n<p>&nbsp;<\/p>\n<p>11h et 17h<\/p>\n<p>Visite comment\u00e9e de l\u2019exposition<span class=\"Apple-converted-space\">\u00a0<\/span><\/p>\n<p>Causes perdues\/Lost causes<span class=\"Apple-converted-space\">\u00a0<\/span><\/p>\n<p>de Laurence Piaget Dubuis<\/p>\n<p>la chapelle<\/p>\n<p>&nbsp;<\/p>\n<p>15h<\/p>\n<p>Inauguration du cycle Fragrances<span class=\"Apple-converted-space\">\u00a0<\/span><\/p>\n<p>Visite guid\u00e9e de l\u2019exposition<span class=\"Apple-converted-space\">\u00a0<\/span><\/p>\n<p>F.Millot, Parfumeur :<span class=\"Apple-converted-space\">\u00a0<\/span><\/p>\n<p>De l\u2019eau Magique \u00e0 Cr\u00eape de Chine, une histoire de famille<span class=\"Apple-converted-space\">\u00a0<\/span><\/p>\n<p>par Odile Thiriot et Laurianne Millot<\/p>\n<p>les silos<\/p>\n<p>&nbsp;<\/p>\n<p>16h<\/p>\n<p>Visite comment\u00e9e de l\u2019exposition<span class=\"Apple-converted-space\">\u00a0<\/span><\/p>\n<p>Locomotions I<\/p>\n<p>le signe<\/p>\n<p>&nbsp;<\/p>\n<p>16h et 18h<\/p>\n<p>Pr\u00e9sentation de deux sculptures in\u00e9dites des 16\u00b0 et 17\u00b0 si\u00e8cle, r\u00e9cemment restaur\u00e9es<\/p>\n<p>le mus\u00e9e de la cr\u00e8che<\/p>\n<p>&nbsp;<\/p>\n<p>17h30<\/p>\n<p>Conf\u00e9rence olfactive<span class=\"Apple-converted-space\">\u00a0<\/span><\/p>\n<p>Si l\u2019Histoire du parfum m\u2019\u00e9tait cont\u00e9e\u2026<span class=\"Apple-converted-space\">\u00a0<\/span><\/p>\n<p>par Laurianne Millot<\/p>\n<p>les silos<\/p>\n<p>&nbsp;<\/p>\n<p>19h-22h<\/p>\n<p>Escape game<\/p>\n<p>La mal\u00e9diction du donjon &#8211; r\u00e9serv\u00e9e aux adultes \u2013 dur\u00e9e\u00a0: 30 minutes<\/p>\n<p>Si vous aimez sentir votre peau fr\u00e9mir de peur, soyez les bienvenus. La mal\u00e9diction du donjon vous ouvre ses portes. Un scientifique cruel, des prisonniers tortur\u00e9s, une fillette innocente, voici 3 des \u00e9l\u00e9ments qui ont constitu\u00e9 cette l\u00e9gende. Nous devons contenir le mal entre ces murs, saurez-vous nous y aider ?<\/p>\n<p>par La Tanni\u00e8re du Lion<\/p>\n<p>donjon<\/p>\n<p>Inscription sur <a href=\"https:\/\/docs.google.com\/forms\/d\/e\/1FAIpQLSfnVyo1MounW_WaSYHtMHepJu4wZFl9cwlvab6neccqaVkKEQ\/viewform\">https:\/\/docs.google.com\/forms\/d\/e\/1FAIpQLSfnVyo1MounW_WaSYHtMHepJu4wZFl9cwlvab6neccqaVkKEQ\/viewform<\/a><\/p>\n<h2>22.09<\/h2>\n<p>10h-12h \/ 14h-18h<\/p>\n<p>Interm\u00e8des musicaux<\/p>\n<p>par Les Rideaux Rouges<\/p>\n<p>esplanade du donjon<\/p>\n<p>&nbsp;<\/p>\n<p>10h-18h<\/p>\n<p>Escape game<\/p>\n<p>L\u2019\u00e9pop\u00e9e mortelle\u00a0&#8211; 3 \u00e0 5 personnes \u2013 pour tous \u2013 dur\u00e9e\u00a0: 30 minutes<\/p>\n<p>Une aventure aussi extraordinaire que dangereuse se pr\u00e9sente face \u00e0 vous. Votre voyage sera long et sem\u00e9 d&#8217;emb\u00fbches. L&rsquo;objectif est simple, traverser les quatre climats qui se dressent sur votre chemin et en ressortir victorieux.<\/p>\n<p>par La Tanni\u00e8re du Lion<\/p>\n<p>donjon<\/p>\n<p>Inscription sur <a href=\"https:\/\/docs.google.com\/forms\/d\/e\/1FAIpQLSfnVyo1MounW_WaSYHtMHepJu4wZFl9cwlvab6neccqaVkKEQ\/viewform\">https:\/\/docs.google.com\/forms\/d\/e\/1FAIpQLSfnVyo1MounW_WaSYHtMHepJu4wZFl9cwlvab6neccqaVkKEQ\/viewform<\/a><\/p>\n<p>&nbsp;<\/p>\n<p>10h-18h<\/p>\n<p>Escape game<\/p>\n<p>L\u2019union royale compromise &#8211; 3 \u00e0 6 personnes \u2013 age minimum\u00a0: 14h \u2013 dur\u00e9e\u00a0: 1h<\/p>\n<p>Un mariage digne des plus beaux contes de f\u00e9e est sur le point de se r\u00e9aliser. H\u00e9las, comme dans toute histoire, un probl\u00e8me va venir obscurcir la f\u00eate. Le prince ayant trop n\u00e9glig\u00e9 sa belle, celle-ci ne se pr\u00e9sente pas \u00e0 la c\u00e9r\u00e9monie. Saurez-vous aider cet apprenti gentleman \u00e0 reconqu\u00e9rir son \u00e9pouse et ainsi \u00e9viter la guerre entre leurs deux nations ?<\/p>\n<p>par La Tanni\u00e8re du Lion<\/p>\n<p>h\u00f4tel de ville<\/p>\n<p>Inscription sur <a href=\"https:\/\/docs.google.com\/forms\/d\/e\/1FAIpQLSfnVyo1MounW_WaSYHtMHepJu4wZFl9cwlvab6neccqaVkKEQ\/viewform\">https:\/\/docs.google.com\/forms\/d\/e\/1FAIpQLSfnVyo1MounW_WaSYHtMHepJu4wZFl9cwlvab6neccqaVkKEQ\/viewform<\/a><\/p>\n<p>&nbsp;<\/p>\n<p>10h-18h<\/p>\n<p>Visites libres et guid\u00e9es de la chapelle des j\u00e9suites<\/p>\n<p>la chapelle<\/p>\n<p>&nbsp;<\/p>\n<p>10h30 \/ 14h \/ 16h<\/p>\n<p>Atelier Frappez la monnaie du Signe !<\/p>\n<p>avec M\u00e9tallurgic Park<\/p>\n<p>Adultes\/enfants (+de 10 ans)<span class=\"Apple-converted-space\">\u00a0<\/span><\/p>\n<p>R\u00e9servation \u00e0 resa@cndg.fr<\/p>\n<p>le signe<\/p>\n<p>&nbsp;<\/p>\n<p>11h et 17h<\/p>\n<p>Visite comment\u00e9e de l\u2019exposition<span class=\"Apple-converted-space\">\u00a0<\/span><\/p>\n<p>Causes perdues\/Lost causes<span class=\"Apple-converted-space\">\u00a0<\/span><\/p>\n<p>de Laurence Piaget Dubuis<\/p>\n<p>la chapelle<span class=\"Apple-converted-space\">\u00a0<\/span><\/p>\n<p>&nbsp;<\/p>\n<p>14h-17h<\/p>\n<p>Made in Fragrance : atelier de cr\u00e9ation d\u2019un parfum<\/p>\n<p>par Pauline de M\u00e9deiros<\/p>\n<p>les silos<span class=\"Apple-converted-space\">\u00a0<\/span><\/p>\n<p>&nbsp;<\/p>\n<p>14h-19h<\/p>\n<p>Exposition sur la restauration de la basilique<\/p>\n<p>par Innovatis Basilica<\/p>\n<p>la maison des carm\u00e9lites<\/p>\n<p>&nbsp;<\/p>\n<p>14h \/ 15h et 17h<\/p>\n<p>Visites comment\u00e9es de la salle des coffres<\/p>\n<p>le signe<\/p>\n<p>&nbsp;<\/p>\n<p>14h15 \/ 15h15 \/ 16h15 \/ 17h15<\/p>\n<p>Visites comment\u00e9es des archives<span class=\"Apple-converted-space\">\u00a0<\/span><\/p>\n<p>et des coulisses de la conservation<\/p>\n<p>les archives d\u00e9partementales<\/p>\n<p>&nbsp;<\/p>\n<p>14h15 \/ 15h15 \/ 16h15 \/ 17h15<\/p>\n<p>Visites comment\u00e9es de l\u2019exposition<\/p>\n<p>La Haute-Marne vue par les premiers photographes,<span class=\"Apple-converted-space\">\u00a0<\/span><\/p>\n<p>1850-1880<span class=\"Apple-converted-space\">\u00a0<\/span><\/p>\n<p>les archives d\u00e9partementales<\/p>\n<p>&nbsp;<\/p>\n<p>14h30-18h30<\/p>\n<p>Visites guid\u00e9es de la basilique<\/p>\n<p>par G\u00e9rard Bocquillon<\/p>\n<p>la basilique<\/p>\n<p>&nbsp;<\/p>\n<p>15h et 17h<span class=\"Apple-converted-space\">\u00a0<\/span><\/p>\n<p>Visites guid\u00e9es de l\u2019exposition<span class=\"Apple-converted-space\">\u00a0<\/span><\/p>\n<p>F.Millot, Parfumeur :<span class=\"Apple-converted-space\">\u00a0<\/span><\/p>\n<p>De l\u2019eau Magique \u00e0 Cr\u00eape de Chine, une histoire de famille<span class=\"Apple-converted-space\">\u00a0<\/span><\/p>\n<p>les silos<span class=\"Apple-converted-space\">\u00a0<\/span><\/p>\n<p>&nbsp;<\/p>\n<p>15h<span class=\"Apple-converted-space\">\u00a0<\/span><\/p>\n<p>Visite comment\u00e9e de l\u2019exposition<span class=\"Apple-converted-space\">\u00a0<\/span><\/p>\n<p>Concours international d\u2019affiches<\/p>\n<p>le signe<\/p>\n<p>&nbsp;<\/p>\n<p>15h-17h<\/p>\n<p>Atelier d\u2019impression en s\u00e9rigraphie propos\u00e9 par Le Signe<\/p>\n<p>Tarifs et acc\u00e8s sur place<\/p>\n<p>M\u00e9tallurgic Park<span class=\"Apple-converted-space\">\u00a0<\/span><\/p>\n<p>Rue du Mal Leclerc, 52110 Dommartin-le-Franc<\/p>\n<p>&nbsp;<\/p>\n<p>15h-18h<\/p>\n<p>Visites th\u00e9matiques et concert<\/p>\n<p>par Innovatis Basilica<\/p>\n<p>la basilique<span class=\"Apple-converted-space\">\u00a0<\/span><\/p>\n<p>&nbsp;<\/p>\n<p>16h et 18h<\/p>\n<p>Pr\u00e9sentation de deux sculptures in\u00e9dites des 16\u00b0 et 17\u00b0 si\u00e8cles, r\u00e9cemment restaur\u00e9es<\/p>\n<p>le mus\u00e9e de la cr\u00e8che<\/p>\n","protected":false},"excerpt":{"rendered":"<p>Rendez-vous culturel incontournable chaque ann\u00e9e, les Journ\u00e9es Europ\u00e9ennes du Patrimoine ont lieu les 21 et 22 septembre. Cette 36e \u00e9dition a pour th\u00e9matique le patrimoine des arts et des divertissements. [&hellip;]<\/p>\n","protected":false},"author":3,"featured_media":3880,"comment_status":"open","ping_status":"closed","template":"","meta":{"_uag_custom_page_level_css":"","_tribe_events_status":"","_tribe_events_status_reason":""},"tags":[130,50,128,129,113],"tribe_events_cat":[111],"yoast_head":"<!-- This site is optimized with the Yoast SEO plugin v21.1 - https:\/\/yoast.com\/wordpress\/plugins\/seo\/ -->\n<title>Journ\u00e9es Europ\u00e9ennes du Patrimoine - Les Saisons Culturelles de Chaumont<\/title>\n<meta name=\"description\" content=\"D\u00e9couvrez la programmation culturelle de la saison culturelle de la ville de Chaumont. Expositions, visites, rencontres, ateliers, concerts, spectacles, animations et plus encore.\" \/>\n<meta name=\"robots\" content=\"noindex, follow, max-snippet:-1, max-image-preview:large, max-video-preview:-1\" \/>\n<meta property=\"og:locale\" content=\"fr_FR\" \/>\n<meta property=\"og:type\" content=\"article\" \/>\n<meta property=\"og:title\" content=\"Journ\u00e9es Europ\u00e9ennes du Patrimoine - Les Saisons Culturelles de Chaumont\" \/>\n<meta property=\"og:description\" content=\"D\u00e9couvrez la programmation culturelle de la saison culturelle de la ville de Chaumont. Expositions, visites, rencontres, ateliers, concerts, spectacles, animations et plus encore.\" \/>\n<meta property=\"og:url\" content=\"https:\/\/saisonsculturelleschaumont.fr\/mdxpuixt\/evenement\/journees-europeennes-du-patrimoine\/\" \/>\n<meta property=\"og:site_name\" content=\"Les Saisons Culturelles de Chaumont\" \/>\n<meta property=\"article:publisher\" content=\"https:\/\/www.facebook.com\/saisonsculturelleschaumont\/\" \/>\n<meta property=\"article:modified_time\" content=\"2020-07-01T16:21:25+00:00\" \/>\n<meta property=\"og:image\" content=\"https:\/\/saisonsculturelleschaumont.fr\/mdxpuixt\/wp-content\/uploads\/2019\/08\/fond-jep.jpg\" \/>\n\t<meta property=\"og:image:width\" content=\"600\" \/>\n\t<meta property=\"og:image:height\" content=\"486\" \/>\n\t<meta property=\"og:image:type\" content=\"image\/jpeg\" \/>\n<meta name=\"twitter:card\" content=\"summary_large_image\" \/>\n<meta name=\"twitter:label1\" content=\"Dur\u00e9e de lecture estim\u00e9e\" \/>\n\t<meta name=\"twitter:data1\" content=\"6 minutes\" \/>\n<script type=\"application\/ld+json\" class=\"yoast-schema-graph\">{\"@context\":\"https:\/\/schema.org\",\"@graph\":[{\"@type\":\"WebPage\",\"@id\":\"https:\/\/saisonsculturelleschaumont.fr\/mdxpuixt\/evenement\/journees-europeennes-du-patrimoine\/\",\"url\":\"https:\/\/saisonsculturelleschaumont.fr\/mdxpuixt\/evenement\/journees-europeennes-du-patrimoine\/\",\"name\":\"Journ\u00e9es Europ\u00e9ennes du Patrimoine - Les Saisons Culturelles de Chaumont\",\"isPartOf\":{\"@id\":\"https:\/\/saisonsculturelleschaumont.fr\/mdxpuixt\/#website\"},\"datePublished\":\"2019-08-01T22:54:00+00:00\",\"dateModified\":\"2020-07-01T16:21:25+00:00\",\"description\":\"D\u00e9couvrez la programmation culturelle de la saison culturelle de la ville de Chaumont. Expositions, visites, rencontres, ateliers, concerts, spectacles, animations et plus encore.\",\"breadcrumb\":{\"@id\":\"https:\/\/saisonsculturelleschaumont.fr\/mdxpuixt\/evenement\/journees-europeennes-du-patrimoine\/#breadcrumb\"},\"inLanguage\":\"fr-FR\",\"potentialAction\":[{\"@type\":\"ReadAction\",\"target\":[\"https:\/\/saisonsculturelleschaumont.fr\/mdxpuixt\/evenement\/journees-europeennes-du-patrimoine\/\"]}]},{\"@type\":\"BreadcrumbList\",\"@id\":\"https:\/\/saisonsculturelleschaumont.fr\/mdxpuixt\/evenement\/journees-europeennes-du-patrimoine\/#breadcrumb\",\"itemListElement\":[{\"@type\":\"ListItem\",\"position\":1,\"name\":\"Accueil\",\"item\":\"https:\/\/saisonsculturelleschaumont.fr\/mdxpuixt\/\"},{\"@type\":\"ListItem\",\"position\":2,\"name\":\"\u00c9v\u00e8nements\",\"item\":\"https:\/\/saisonsculturelleschaumont.fr\/mdxpuixt\/agenda\/\"},{\"@type\":\"ListItem\",\"position\":3,\"name\":\"Journ\u00e9es Europ\u00e9ennes du Patrimoine\"}]},{\"@type\":\"WebSite\",\"@id\":\"https:\/\/saisonsculturelleschaumont.fr\/mdxpuixt\/#website\",\"url\":\"https:\/\/saisonsculturelleschaumont.fr\/mdxpuixt\/\",\"name\":\"Les Saisons Culturelles de Chaumont\",\"description\":\"\",\"potentialAction\":[{\"@type\":\"SearchAction\",\"target\":{\"@type\":\"EntryPoint\",\"urlTemplate\":\"https:\/\/saisonsculturelleschaumont.fr\/mdxpuixt\/?s={search_term_string}\"},\"query-input\":\"required name=search_term_string\"}],\"inLanguage\":\"fr-FR\"}]}<\/script>\n<!-- \/ Yoast SEO plugin. -->","yoast_head_json":{"title":"Journ\u00e9es Europ\u00e9ennes du Patrimoine - Les Saisons Culturelles de Chaumont","description":"D\u00e9couvrez la programmation culturelle de la saison culturelle de la ville de Chaumont. Expositions, visites, rencontres, ateliers, concerts, spectacles, animations et plus encore.","robots":{"index":"noindex","follow":"follow","max-snippet":"max-snippet:-1","max-image-preview":"max-image-preview:large","max-video-preview":"max-video-preview:-1"},"og_locale":"fr_FR","og_type":"article","og_title":"Journ\u00e9es Europ\u00e9ennes du Patrimoine - Les Saisons Culturelles de Chaumont","og_description":"D\u00e9couvrez la programmation culturelle de la saison culturelle de la ville de Chaumont. Expositions, visites, rencontres, ateliers, concerts, spectacles, animations et plus encore.","og_url":"https:\/\/saisonsculturelleschaumont.fr\/mdxpuixt\/evenement\/journees-europeennes-du-patrimoine\/","og_site_name":"Les Saisons Culturelles de Chaumont","article_publisher":"https:\/\/www.facebook.com\/saisonsculturelleschaumont\/","article_modified_time":"2020-07-01T16:21:25+00:00","og_image":[{"width":600,"height":486,"url":"https:\/\/saisonsculturelleschaumont.fr\/mdxpuixt\/wp-content\/uploads\/2019\/08\/fond-jep.jpg","type":"image\/jpeg"}],"twitter_card":"summary_large_image","twitter_misc":{"Dur\u00e9e de lecture estim\u00e9e":"6 minutes"},"schema":{"@context":"https:\/\/schema.org","@graph":[{"@type":"WebPage","@id":"https:\/\/saisonsculturelleschaumont.fr\/mdxpuixt\/evenement\/journees-europeennes-du-patrimoine\/","url":"https:\/\/saisonsculturelleschaumont.fr\/mdxpuixt\/evenement\/journees-europeennes-du-patrimoine\/","name":"Journ\u00e9es Europ\u00e9ennes du Patrimoine - Les Saisons Culturelles de Chaumont","isPartOf":{"@id":"https:\/\/saisonsculturelleschaumont.fr\/mdxpuixt\/#website"},"datePublished":"2019-08-01T22:54:00+00:00","dateModified":"2020-07-01T16:21:25+00:00","description":"D\u00e9couvrez la programmation culturelle de la saison culturelle de la ville de Chaumont. Expositions, visites, rencontres, ateliers, concerts, spectacles, animations et plus encore.","breadcrumb":{"@id":"https:\/\/saisonsculturelleschaumont.fr\/mdxpuixt\/evenement\/journees-europeennes-du-patrimoine\/#breadcrumb"},"inLanguage":"fr-FR","potentialAction":[{"@type":"ReadAction","target":["https:\/\/saisonsculturelleschaumont.fr\/mdxpuixt\/evenement\/journees-europeennes-du-patrimoine\/"]}]},{"@type":"BreadcrumbList","@id":"https:\/\/saisonsculturelleschaumont.fr\/mdxpuixt\/evenement\/journees-europeennes-du-patrimoine\/#breadcrumb","itemListElement":[{"@type":"ListItem","position":1,"name":"Accueil","item":"https:\/\/saisonsculturelleschaumont.fr\/mdxpuixt\/"},{"@type":"ListItem","position":2,"name":"\u00c9v\u00e8nements","item":"https:\/\/saisonsculturelleschaumont.fr\/mdxpuixt\/agenda\/"},{"@type":"ListItem","position":3,"name":"Journ\u00e9es Europ\u00e9ennes du Patrimoine"}]},{"@type":"WebSite","@id":"https:\/\/saisonsculturelleschaumont.fr\/mdxpuixt\/#website","url":"https:\/\/saisonsculturelleschaumont.fr\/mdxpuixt\/","name":"Les Saisons Culturelles de Chaumont","description":"","potentialAction":[{"@type":"SearchAction","target":{"@type":"EntryPoint","urlTemplate":"https:\/\/saisonsculturelleschaumont.fr\/mdxpuixt\/?s={search_term_string}"},"query-input":"required name=search_term_string"}],"inLanguage":"fr-FR"}]}},"uagb_featured_image_src":{"full":["https:\/\/saisonsculturelleschaumont.fr\/mdxpuixt\/wp-content\/uploads\/2019\/08\/fond-jep.jpg",600,486,false],"thumbnail":["https:\/\/saisonsculturelleschaumont.fr\/mdxpuixt\/wp-content\/uploads\/2019\/08\/fond-jep-80x80.jpg",80,80,true],"medium":["https:\/\/saisonsculturelleschaumont.fr\/mdxpuixt\/wp-content\/uploads\/2019\/08\/fond-jep-300x300.jpg",300,300,true],"medium_large":["https:\/\/saisonsculturelleschaumont.fr\/mdxpuixt\/wp-content\/uploads\/2019\/08\/fond-jep.jpg",600,486,false],"large":["https:\/\/saisonsculturelleschaumont.fr\/mdxpuixt\/wp-content\/uploads\/2019\/08\/fond-jep.jpg",600,486,false],"1536x1536":["https:\/\/saisonsculturelleschaumont.fr\/mdxpuixt\/wp-content\/uploads\/2019\/08\/fond-jep.jpg",600,486,false],"2048x2048":["https:\/\/saisonsculturelleschaumont.fr\/mdxpuixt\/wp-content\/uploads\/2019\/08\/fond-jep.jpg",600,486,false],"widget":["https:\/\/saisonsculturelleschaumont.fr\/mdxpuixt\/wp-content\/uploads\/2019\/08\/fond-jep-36x36.jpg",36,36,true],"square":["https:\/\/saisonsculturelleschaumont.fr\/mdxpuixt\/wp-content\/uploads\/2019\/08\/fond-jep-180x180.jpg",180,180,true],"featured":["https:\/\/saisonsculturelleschaumont.fr\/mdxpuixt\/wp-content\/uploads\/2019\/08\/fond-jep-600x430.jpg",600,430,true],"featured_large":["https:\/\/saisonsculturelleschaumont.fr\/mdxpuixt\/wp-content\/uploads\/2019\/08\/fond-jep.jpg",600,486,false],"extra_large":["https:\/\/saisonsculturelleschaumont.fr\/mdxpuixt\/wp-content\/uploads\/2019\/08\/fond-jep.jpg",600,486,false],"portfolio":["https:\/\/saisonsculturelleschaumont.fr\/mdxpuixt\/wp-content\/uploads\/2019\/08\/fond-jep-495x400.jpg",495,400,true],"portfolio_small":["https:\/\/saisonsculturelleschaumont.fr\/mdxpuixt\/wp-content\/uploads\/2019\/08\/fond-jep-260x185.jpg",260,185,true],"gallery":["https:\/\/saisonsculturelleschaumont.fr\/mdxpuixt\/wp-content\/uploads\/2019\/08\/fond-jep.jpg",600,486,false],"magazine":["https:\/\/saisonsculturelleschaumont.fr\/mdxpuixt\/wp-content\/uploads\/2019\/08\/fond-jep-600x375.jpg",600,375,true],"masonry":["https:\/\/saisonsculturelleschaumont.fr\/mdxpuixt\/wp-content\/uploads\/2019\/08\/fond-jep.jpg",600,486,false],"entry_with_sidebar":["https:\/\/saisonsculturelleschaumont.fr\/mdxpuixt\/wp-content\/uploads\/2019\/08\/fond-jep-600x321.jpg",600,321,true],"entry_without_sidebar":["https:\/\/saisonsculturelleschaumont.fr\/mdxpuixt\/wp-content\/uploads\/2019\/08\/fond-jep-600x423.jpg",600,423,true]},"uagb_author_info":{"display_name":"Justine Ansel","author_link":"https:\/\/saisonsculturelleschaumont.fr\/mdxpuixt\/author\/justine-ansel\/"},"uagb_comment_info":0,"uagb_excerpt":"Rendez-vous culturel incontournable chaque ann\u00e9e, les Journ\u00e9es Europ\u00e9ennes du Patrimoine ont lieu les 21 et 22 septembre. Cette 36e \u00e9dition a pour th\u00e9matique le patrimoine des arts et des divertissements. [&hellip;]","_links":{"self":[{"href":"https:\/\/saisonsculturelleschaumont.fr\/mdxpuixt\/wp-json\/wp\/v2\/tribe_events\/3793"}],"collection":[{"href":"https:\/\/saisonsculturelleschaumont.fr\/mdxpuixt\/wp-json\/wp\/v2\/tribe_events"}],"about":[{"href":"https:\/\/saisonsculturelleschaumont.fr\/mdxpuixt\/wp-json\/wp\/v2\/types\/tribe_events"}],"author":[{"embeddable":true,"href":"https:\/\/saisonsculturelleschaumont.fr\/mdxpuixt\/wp-json\/wp\/v2\/users\/3"}],"replies":[{"embeddable":true,"href":"https:\/\/saisonsculturelleschaumont.fr\/mdxpuixt\/wp-json\/wp\/v2\/comments?post=3793"}],"version-history":[{"count":0,"href":"https:\/\/saisonsculturelleschaumont.fr\/mdxpuixt\/wp-json\/wp\/v2\/tribe_events\/3793\/revisions"}],"wp:featuredmedia":[{"embeddable":true,"href":"https:\/\/saisonsculturelleschaumont.fr\/mdxpuixt\/wp-json\/wp\/v2\/media\/3880"}],"wp:attachment":[{"href":"https:\/\/saisonsculturelleschaumont.fr\/mdxpuixt\/wp-json\/wp\/v2\/media?parent=3793"}],"wp:term":[{"taxonomy":"post_tag","embeddable":true,"href":"https:\/\/saisonsculturelleschaumont.fr\/mdxpuixt\/wp-json\/wp\/v2\/tags?post=3793"},{"taxonomy":"tribe_events_cat","embeddable":true,"href":"https:\/\/saisonsculturelleschaumont.fr\/mdxpuixt\/wp-json\/wp\/v2\/tribe_events_cat?post=3793"}],"curies":[{"name":"wp","href":"https:\/\/api.w.org\/{rel}","templated":true}]}}