{"id":4540,"date":"2020-01-01T22:47:00","date_gmt":"2020-01-01T21:47:00","guid":{"rendered":"https:\/\/saisonsculturelleschaumont.fr\/mdxpuixt\/?post_type=tribe_events&#038;p=4540"},"modified":"2023-09-15T15:03:35","modified_gmt":"2023-09-15T13:03:35","slug":"heroines-fugue-a-lopera","status":"publish","type":"tribe_events","link":"https:\/\/saisonsculturelleschaumont.fr\/mdxpuixt\/evenement\/heroines-fugue-a-lopera\/","title":{"rendered":"H\u00e9ro\u00efnes &#8211; Fugue \u00e0 l&rsquo;op\u00e9ra"},"content":{"rendered":"<p>Nuit claire, bruissements d\u2019\u00e9t\u00e9. Atmosph\u00e8re surnaturelle et onirique pour cette soir\u00e9e. D\u00e9couvrez toute l\u2019agilit\u00e9 de la Compagnie les Monts du Reuil pour cette soir\u00e9e enchanteresse mettant \u00e0 l\u2019honneur les compositrices embl\u00e9matiques et les h\u00e9ro\u00efnes lyriques de l\u2019\u00e9poque baroque.<span class=\"Apple-converted-space\">\u00a0<\/span><\/p>\n<p>Apr\u00e8s La 7e FEMME DE BARBE BLEUE, et FEMME, FEMME, FEMME ! ce concert est le 3e volet du th\u00e8me la femme, port\u00e9e par la voix de la soprano Hadhoum Tunc.<\/p>\n<p>&nbsp;<\/p>\n<p><b>Programme<span class=\"Apple-converted-space\">\u00a0<\/span><\/b><\/p>\n<p>Un programme inspirant et malicieux.<span class=\"Apple-converted-space\">\u00a0<\/span><\/p>\n<p>En d\u00e9but de concert, le choeur du coll\u00e8ge la Rochotte interpr\u00e8tera <b>\u00ab <\/b>Bonjour Ma Voisine \u00bb, extrait de l\u2019acte I sc\u00e8ne 7 de l\u2019op\u00e9ra-comique de Gr\u00e9try, Guillaumes Tell, cr\u00e9\u00e9 en 1791 \u00e0 la Com\u00e9die Italienne de Paris en 1791<span class=\"Apple-converted-space\">\u00a0<\/span><\/p>\n<p><b>M\u00e9d\u00e9e &#8211; Louis-Nicolas Cl\u00e9rambault <\/b>(1676-1749) <i>Cantate <\/i>pour soprano, violon et basse-continue : R\u00e9cit \u2013 Lentement \u2013 Pr\u00e9lude \u2013 Air\u2013 R\u00e9cit &#8211; Air tendre \u2013 R\u00e9cit\u2013 \u00c9vocation \u2013 R\u00e9cit \u2013 Pr\u00e9lude<span class=\"Apple-converted-space\">\u00a0<\/span><\/p>\n<p><b>Sonate pour violon et basse-continue de Isabella L\u00e9onarda <\/b>(1620-1704)<span class=\"Apple-converted-space\">\u00a0<\/span><\/p>\n<p><b>La mort de Didon \u2013 Michel Pignolet de Mont\u00e9clair <\/b>(1667-1737) <i>Cantate <\/i>pour soprano, violon et BC : Lent, marqu\u00e9 et d\u00e9tach\u00e9 ; Lent ; R\u00e9cit ; Vivement ; R\u00e9cit ; Air Gay ;<span class=\"Apple-converted-space\">\u00a0<\/span><\/p>\n<p><b>Suite pour clavecin seul, \u00c9lisabeth Jacquet de la Guerre <\/b>(1665-1729)<span class=\"Apple-converted-space\">\u00a0<\/span><\/p>\n<p><b>Piangero, Air de Cl\u00e9op\u00e2<\/b><b>tre, extrait de Jules C\u00e9sar \u2013 George-Friedrich H\u00e4n<\/b><b>del <\/b>(1685-1759) Air pour soprano, violon et basse-continue<span class=\"Apple-converted-space\">\u00a0<\/span><\/p>\n<p>&nbsp;<\/p>\n<p>RESERVATIONS -INFORMATIONS &#8211; 06 08 45 24 15 &#8211; fugueopera@orange.fr<span class=\"Apple-converted-space\">\u00a0<\/span><\/p>\n<p>&#8211; tarif : 18 euros<span class=\"Apple-converted-space\">\u00a0<\/span><\/p>\n<p>&#8211; tarif r\u00e9duit : 15 adh\u00e9rents et moins de 30 ans) :15 euros<span class=\"Apple-converted-space\">\u00a0<\/span><\/p>\n<p>&#8211; tarif \u00e9tudiant : 5 euros<span class=\"Apple-converted-space\">\u00a0<\/span><\/p>\n<p>&#8211; pass adh\u00e9rent 3 concerts : 30 euros<\/p>\n<p>S\u00e9ances :<\/p>\n<p>20 janv. 14:30-16:30<br \/>\n20 janv. 20:30-22:30<\/p>\n","protected":false},"excerpt":{"rendered":"<p>Nuit claire, bruissements d\u2019\u00e9t\u00e9. Atmosph\u00e8re surnaturelle et onirique pour cette soir\u00e9e. D\u00e9couvrez toute l\u2019agilit\u00e9 de la Compagnie les Monts du Reuil pour cette soir\u00e9e enchanteresse mettant \u00e0 l\u2019honneur les compositrices [&hellip;]<\/p>\n","protected":false},"author":3,"featured_media":4551,"comment_status":"open","ping_status":"closed","template":"","meta":{"_uag_custom_page_level_css":"","_tribe_events_status":"","_tribe_events_status_reason":""},"tags":[51,99,55],"tribe_events_cat":[305],"yoast_head":"<!-- This site is optimized with the Yoast SEO plugin v21.1 - https:\/\/yoast.com\/wordpress\/plugins\/seo\/ -->\n<title>H\u00e9ro\u00efnes - Fugue \u00e0 l&#039;op\u00e9ra - Les Saisons Culturelles de Chaumont<\/title>\n<meta name=\"description\" content=\"D\u00e9couvrez la programmation culturelle de la saison culturelle de la ville de Chaumont. Expositions, visites, rencontres, ateliers, concerts, spectacles, animations et plus encore.\" \/>\n<meta name=\"robots\" content=\"noindex, follow, max-snippet:-1, max-image-preview:large, max-video-preview:-1\" \/>\n<meta property=\"og:locale\" content=\"fr_FR\" \/>\n<meta property=\"og:type\" content=\"article\" \/>\n<meta property=\"og:title\" content=\"H\u00e9ro\u00efnes - Fugue \u00e0 l&#039;op\u00e9ra - Les Saisons Culturelles de Chaumont\" \/>\n<meta property=\"og:description\" content=\"D\u00e9couvrez la programmation culturelle de la saison culturelle de la ville de Chaumont. Expositions, visites, rencontres, ateliers, concerts, spectacles, animations et plus encore.\" \/>\n<meta property=\"og:url\" content=\"https:\/\/saisonsculturelleschaumont.fr\/mdxpuixt\/evenement\/heroines-fugue-a-lopera\/\" \/>\n<meta property=\"og:site_name\" content=\"Les Saisons Culturelles de Chaumont\" \/>\n<meta property=\"article:publisher\" content=\"https:\/\/www.facebook.com\/saisonsculturelleschaumont\/\" \/>\n<meta property=\"article:modified_time\" content=\"2023-09-15T13:03:35+00:00\" \/>\n<meta property=\"og:image\" content=\"https:\/\/saisonsculturelleschaumont.fr\/mdxpuixt\/wp-content\/uploads\/2020\/01\/AFFICHE-3-1.png\" \/>\n\t<meta property=\"og:image:width\" content=\"724\" \/>\n\t<meta property=\"og:image:height\" content=\"407\" \/>\n\t<meta property=\"og:image:type\" content=\"image\/png\" \/>\n<meta name=\"twitter:card\" content=\"summary_large_image\" \/>\n<meta name=\"twitter:label1\" content=\"Dur\u00e9e de lecture estim\u00e9e\" \/>\n\t<meta name=\"twitter:data1\" content=\"1 minute\" \/>\n<script type=\"application\/ld+json\" class=\"yoast-schema-graph\">{\"@context\":\"https:\/\/schema.org\",\"@graph\":[{\"@type\":\"WebPage\",\"@id\":\"https:\/\/saisonsculturelleschaumont.fr\/mdxpuixt\/evenement\/heroines-fugue-a-lopera\/\",\"url\":\"https:\/\/saisonsculturelleschaumont.fr\/mdxpuixt\/evenement\/heroines-fugue-a-lopera\/\",\"name\":\"H\u00e9ro\u00efnes - Fugue \u00e0 l'op\u00e9ra - Les Saisons Culturelles de Chaumont\",\"isPartOf\":{\"@id\":\"https:\/\/saisonsculturelleschaumont.fr\/mdxpuixt\/#website\"},\"datePublished\":\"2020-01-01T21:47:00+00:00\",\"dateModified\":\"2023-09-15T13:03:35+00:00\",\"description\":\"D\u00e9couvrez la programmation culturelle de la saison culturelle de la ville de Chaumont. Expositions, visites, rencontres, ateliers, concerts, spectacles, animations et plus encore.\",\"breadcrumb\":{\"@id\":\"https:\/\/saisonsculturelleschaumont.fr\/mdxpuixt\/evenement\/heroines-fugue-a-lopera\/#breadcrumb\"},\"inLanguage\":\"fr-FR\",\"potentialAction\":[{\"@type\":\"ReadAction\",\"target\":[\"https:\/\/saisonsculturelleschaumont.fr\/mdxpuixt\/evenement\/heroines-fugue-a-lopera\/\"]}]},{\"@type\":\"BreadcrumbList\",\"@id\":\"https:\/\/saisonsculturelleschaumont.fr\/mdxpuixt\/evenement\/heroines-fugue-a-lopera\/#breadcrumb\",\"itemListElement\":[{\"@type\":\"ListItem\",\"position\":1,\"name\":\"Accueil\",\"item\":\"https:\/\/saisonsculturelleschaumont.fr\/mdxpuixt\/\"},{\"@type\":\"ListItem\",\"position\":2,\"name\":\"\u00c9v\u00e8nements\",\"item\":\"https:\/\/saisonsculturelleschaumont.fr\/mdxpuixt\/agenda\/\"},{\"@type\":\"ListItem\",\"position\":3,\"name\":\"H\u00e9ro\u00efnes &#8211; Fugue \u00e0 l&rsquo;op\u00e9ra\"}]},{\"@type\":\"WebSite\",\"@id\":\"https:\/\/saisonsculturelleschaumont.fr\/mdxpuixt\/#website\",\"url\":\"https:\/\/saisonsculturelleschaumont.fr\/mdxpuixt\/\",\"name\":\"Les Saisons Culturelles de Chaumont\",\"description\":\"\",\"potentialAction\":[{\"@type\":\"SearchAction\",\"target\":{\"@type\":\"EntryPoint\",\"urlTemplate\":\"https:\/\/saisonsculturelleschaumont.fr\/mdxpuixt\/?s={search_term_string}\"},\"query-input\":\"required name=search_term_string\"}],\"inLanguage\":\"fr-FR\"}]}<\/script>\n<!-- \/ Yoast SEO plugin. -->","yoast_head_json":{"title":"H\u00e9ro\u00efnes - Fugue \u00e0 l'op\u00e9ra - Les Saisons Culturelles de Chaumont","description":"D\u00e9couvrez la programmation culturelle de la saison culturelle de la ville de Chaumont. Expositions, visites, rencontres, ateliers, concerts, spectacles, animations et plus encore.","robots":{"index":"noindex","follow":"follow","max-snippet":"max-snippet:-1","max-image-preview":"max-image-preview:large","max-video-preview":"max-video-preview:-1"},"og_locale":"fr_FR","og_type":"article","og_title":"H\u00e9ro\u00efnes - Fugue \u00e0 l'op\u00e9ra - Les Saisons Culturelles de Chaumont","og_description":"D\u00e9couvrez la programmation culturelle de la saison culturelle de la ville de Chaumont. Expositions, visites, rencontres, ateliers, concerts, spectacles, animations et plus encore.","og_url":"https:\/\/saisonsculturelleschaumont.fr\/mdxpuixt\/evenement\/heroines-fugue-a-lopera\/","og_site_name":"Les Saisons Culturelles de Chaumont","article_publisher":"https:\/\/www.facebook.com\/saisonsculturelleschaumont\/","article_modified_time":"2023-09-15T13:03:35+00:00","og_image":[{"width":724,"height":407,"url":"https:\/\/saisonsculturelleschaumont.fr\/mdxpuixt\/wp-content\/uploads\/2020\/01\/AFFICHE-3-1.png","type":"image\/png"}],"twitter_card":"summary_large_image","twitter_misc":{"Dur\u00e9e de lecture estim\u00e9e":"1 minute"},"schema":{"@context":"https:\/\/schema.org","@graph":[{"@type":"WebPage","@id":"https:\/\/saisonsculturelleschaumont.fr\/mdxpuixt\/evenement\/heroines-fugue-a-lopera\/","url":"https:\/\/saisonsculturelleschaumont.fr\/mdxpuixt\/evenement\/heroines-fugue-a-lopera\/","name":"H\u00e9ro\u00efnes - Fugue \u00e0 l'op\u00e9ra - Les Saisons Culturelles de Chaumont","isPartOf":{"@id":"https:\/\/saisonsculturelleschaumont.fr\/mdxpuixt\/#website"},"datePublished":"2020-01-01T21:47:00+00:00","dateModified":"2023-09-15T13:03:35+00:00","description":"D\u00e9couvrez la programmation culturelle de la saison culturelle de la ville de Chaumont. Expositions, visites, rencontres, ateliers, concerts, spectacles, animations et plus encore.","breadcrumb":{"@id":"https:\/\/saisonsculturelleschaumont.fr\/mdxpuixt\/evenement\/heroines-fugue-a-lopera\/#breadcrumb"},"inLanguage":"fr-FR","potentialAction":[{"@type":"ReadAction","target":["https:\/\/saisonsculturelleschaumont.fr\/mdxpuixt\/evenement\/heroines-fugue-a-lopera\/"]}]},{"@type":"BreadcrumbList","@id":"https:\/\/saisonsculturelleschaumont.fr\/mdxpuixt\/evenement\/heroines-fugue-a-lopera\/#breadcrumb","itemListElement":[{"@type":"ListItem","position":1,"name":"Accueil","item":"https:\/\/saisonsculturelleschaumont.fr\/mdxpuixt\/"},{"@type":"ListItem","position":2,"name":"\u00c9v\u00e8nements","item":"https:\/\/saisonsculturelleschaumont.fr\/mdxpuixt\/agenda\/"},{"@type":"ListItem","position":3,"name":"H\u00e9ro\u00efnes &#8211; Fugue \u00e0 l&rsquo;op\u00e9ra"}]},{"@type":"WebSite","@id":"https:\/\/saisonsculturelleschaumont.fr\/mdxpuixt\/#website","url":"https:\/\/saisonsculturelleschaumont.fr\/mdxpuixt\/","name":"Les Saisons Culturelles de Chaumont","description":"","potentialAction":[{"@type":"SearchAction","target":{"@type":"EntryPoint","urlTemplate":"https:\/\/saisonsculturelleschaumont.fr\/mdxpuixt\/?s={search_term_string}"},"query-input":"required name=search_term_string"}],"inLanguage":"fr-FR"}]}},"uagb_featured_image_src":{"full":["https:\/\/saisonsculturelleschaumont.fr\/mdxpuixt\/wp-content\/uploads\/2020\/01\/AFFICHE-3-1.png",724,407,false],"thumbnail":["https:\/\/saisonsculturelleschaumont.fr\/mdxpuixt\/wp-content\/uploads\/2020\/01\/AFFICHE-3-1-80x80.png",80,80,true],"medium":["https:\/\/saisonsculturelleschaumont.fr\/mdxpuixt\/wp-content\/uploads\/2020\/01\/AFFICHE-3-1-300x300.png",300,300,true],"medium_large":["https:\/\/saisonsculturelleschaumont.fr\/mdxpuixt\/wp-content\/uploads\/2020\/01\/AFFICHE-3-1.png",724,407,false],"large":["https:\/\/saisonsculturelleschaumont.fr\/mdxpuixt\/wp-content\/uploads\/2020\/01\/AFFICHE-3-1.png",724,407,false],"1536x1536":["https:\/\/saisonsculturelleschaumont.fr\/mdxpuixt\/wp-content\/uploads\/2020\/01\/AFFICHE-3-1.png",724,407,false],"2048x2048":["https:\/\/saisonsculturelleschaumont.fr\/mdxpuixt\/wp-content\/uploads\/2020\/01\/AFFICHE-3-1.png",724,407,false],"widget":["https:\/\/saisonsculturelleschaumont.fr\/mdxpuixt\/wp-content\/uploads\/2020\/01\/AFFICHE-3-1-36x36.png",36,36,true],"square":["https:\/\/saisonsculturelleschaumont.fr\/mdxpuixt\/wp-content\/uploads\/2020\/01\/AFFICHE-3-1-180x180.png",180,180,true],"featured":["https:\/\/saisonsculturelleschaumont.fr\/mdxpuixt\/wp-content\/uploads\/2020\/01\/AFFICHE-3-1.png",724,407,false],"featured_large":["https:\/\/saisonsculturelleschaumont.fr\/mdxpuixt\/wp-content\/uploads\/2020\/01\/AFFICHE-3-1.png",724,407,false],"extra_large":["https:\/\/saisonsculturelleschaumont.fr\/mdxpuixt\/wp-content\/uploads\/2020\/01\/AFFICHE-3-1.png",724,407,false],"portfolio":["https:\/\/saisonsculturelleschaumont.fr\/mdxpuixt\/wp-content\/uploads\/2020\/01\/AFFICHE-3-1-495x400.png",495,400,true],"portfolio_small":["https:\/\/saisonsculturelleschaumont.fr\/mdxpuixt\/wp-content\/uploads\/2020\/01\/AFFICHE-3-1-260x185.png",260,185,true],"gallery":["https:\/\/saisonsculturelleschaumont.fr\/mdxpuixt\/wp-content\/uploads\/2020\/01\/AFFICHE-3-1.png",724,407,false],"magazine":["https:\/\/saisonsculturelleschaumont.fr\/mdxpuixt\/wp-content\/uploads\/2020\/01\/AFFICHE-3-1-710x375.png",710,375,true],"masonry":["https:\/\/saisonsculturelleschaumont.fr\/mdxpuixt\/wp-content\/uploads\/2020\/01\/AFFICHE-3-1-705x396.png",705,396,true],"entry_with_sidebar":["https:\/\/saisonsculturelleschaumont.fr\/mdxpuixt\/wp-content\/uploads\/2020\/01\/AFFICHE-3-1-724x321.png",724,321,true],"entry_without_sidebar":["https:\/\/saisonsculturelleschaumont.fr\/mdxpuixt\/wp-content\/uploads\/2020\/01\/AFFICHE-3-1.png",724,407,false]},"uagb_author_info":{"display_name":"Justine Ansel","author_link":"https:\/\/saisonsculturelleschaumont.fr\/mdxpuixt\/author\/justine-ansel\/"},"uagb_comment_info":0,"uagb_excerpt":"Nuit claire, bruissements d\u2019\u00e9t\u00e9. Atmosph\u00e8re surnaturelle et onirique pour cette soir\u00e9e. D\u00e9couvrez toute l\u2019agilit\u00e9 de la Compagnie les Monts du Reuil pour cette soir\u00e9e enchanteresse mettant \u00e0 l\u2019honneur les compositrices [&hellip;]","_links":{"self":[{"href":"https:\/\/saisonsculturelleschaumont.fr\/mdxpuixt\/wp-json\/wp\/v2\/tribe_events\/4540"}],"collection":[{"href":"https:\/\/saisonsculturelleschaumont.fr\/mdxpuixt\/wp-json\/wp\/v2\/tribe_events"}],"about":[{"href":"https:\/\/saisonsculturelleschaumont.fr\/mdxpuixt\/wp-json\/wp\/v2\/types\/tribe_events"}],"author":[{"embeddable":true,"href":"https:\/\/saisonsculturelleschaumont.fr\/mdxpuixt\/wp-json\/wp\/v2\/users\/3"}],"replies":[{"embeddable":true,"href":"https:\/\/saisonsculturelleschaumont.fr\/mdxpuixt\/wp-json\/wp\/v2\/comments?post=4540"}],"version-history":[{"count":0,"href":"https:\/\/saisonsculturelleschaumont.fr\/mdxpuixt\/wp-json\/wp\/v2\/tribe_events\/4540\/revisions"}],"wp:featuredmedia":[{"embeddable":true,"href":"https:\/\/saisonsculturelleschaumont.fr\/mdxpuixt\/wp-json\/wp\/v2\/media\/4551"}],"wp:attachment":[{"href":"https:\/\/saisonsculturelleschaumont.fr\/mdxpuixt\/wp-json\/wp\/v2\/media?parent=4540"}],"wp:term":[{"taxonomy":"post_tag","embeddable":true,"href":"https:\/\/saisonsculturelleschaumont.fr\/mdxpuixt\/wp-json\/wp\/v2\/tags?post=4540"},{"taxonomy":"tribe_events_cat","embeddable":true,"href":"https:\/\/saisonsculturelleschaumont.fr\/mdxpuixt\/wp-json\/wp\/v2\/tribe_events_cat?post=4540"}],"curies":[{"name":"wp","href":"https:\/\/api.w.org\/{rel}","templated":true}]}}