{"id":4576,"date":"2020-01-01T22:47:00","date_gmt":"2020-01-01T22:47:00","guid":{"rendered":"https:\/\/saisonsculturelleschaumont.fr\/mdxpuixt\/?post_type=tribe_events&#038;p=4576"},"modified":"2020-02-10T15:41:06","modified_gmt":"2020-02-10T14:41:06","slug":"conferences-du-mardi-3","status":"publish","type":"tribe_events","link":"https:\/\/saisonsculturelleschaumont.fr\/mdxpuixt\/evenement\/conferences-du-mardi-3\/","title":{"rendered":"Conf\u00e9rences du mardi"},"content":{"rendered":"<p><strong>Narcisse Berch\u00e8re et le paysage orientaliste<\/strong><br \/><strong>De l&rsquo;exp\u00e9rience du d\u00e9sert \u00e0 la nostalgie du Caire<br \/>Par Thomas Crosnier, charg\u00e9 des collections au Mus\u00e9e intercommunal d&rsquo;Etampes<br \/>Dans le nouvel accrochage des peintures du Mus\u00e9e d\u2019Art consacr\u00e9 au paysage, figure un petit panneau peint intitul\u00e9 Troupeau en Egypte et sign\u00e9 du m\u00e9connu Narcisse Berch\u00e8re (1819-1891). Si ce peintre, n\u00e9 \u00e0 Etampes, n&rsquo;est pas un pionnier de l&rsquo;orientalisme, il en est l&rsquo;un des repr\u00e9sentants les plus remarquables. Il appartient \u00e0 la g\u00e9n\u00e9ration qui lui a donn\u00e9 ses plus belles lettres de noblesse avec Eug\u00e8ne Fromentin, L\u00e9on Belly ou Jean-L\u00e9on G\u00e9r\u00f4me, avec qui il a voyag\u00e9.<br \/>Peintre officiel de la Compagnie du Canal de Suez, l&rsquo;originalit\u00e9 de l&rsquo;art de Berch\u00e8re r\u00e9side dans la retranscription sensible et pittoresque des paysages d&rsquo;Orient et notamment d\u2019\u00c9gypte. Entre 1849 et 1869, il se rendait quatre fois de l&rsquo;autre c\u00f4t\u00e9 de la M\u00e9diterran\u00e9e. De Beyrouth au Caire, traversant le d\u00e9sert et remontant le Nil jusqu&rsquo;en Nubie, son \u0153uvre s&rsquo;appr\u00e9hende comme un carnet de voyage qui puise son inspiration dans la nostalgie de l&rsquo;Orient.<br \/>Au Mus\u00e9e d\u2019Art et d\u2019Histoire, place du Palais, \u00e0 20h30.entr\u00e9e libre<\/p>\n","protected":false},"excerpt":{"rendered":"<p>Narcisse Berch\u00e8re et le paysage orientalisteDe l&rsquo;exp\u00e9rience du d\u00e9sert \u00e0 la nostalgie du CairePar Thomas Crosnier, charg\u00e9 des collections au Mus\u00e9e intercommunal d&rsquo;EtampesDans le nouvel accrochage des peintures du Mus\u00e9e [&hellip;]<\/p>\n","protected":false},"author":3,"featured_media":4577,"comment_status":"closed","ping_status":"closed","template":"","meta":{"_uag_custom_page_level_css":"","_tribe_events_status":"","_tribe_events_status_reason":""},"tags":[137,84,80],"tribe_events_cat":[42],"yoast_head":"<!-- This site is optimized with the Yoast SEO plugin v21.1 - https:\/\/yoast.com\/wordpress\/plugins\/seo\/ -->\n<title>Conf\u00e9rences du mardi - Les Saisons Culturelles de Chaumont<\/title>\n<meta name=\"description\" content=\"D\u00e9couvrez la programmation culturelle de la saison culturelle de la ville de Chaumont. Expositions, visites, rencontres, ateliers, concerts, spectacles, animations et plus encore.\" \/>\n<meta name=\"robots\" content=\"noindex, follow, max-snippet:-1, max-image-preview:large, max-video-preview:-1\" \/>\n<meta property=\"og:locale\" content=\"fr_FR\" \/>\n<meta property=\"og:type\" content=\"article\" \/>\n<meta property=\"og:title\" content=\"Conf\u00e9rences du mardi - Les Saisons Culturelles de Chaumont\" \/>\n<meta property=\"og:description\" content=\"D\u00e9couvrez la programmation culturelle de la saison culturelle de la ville de Chaumont. Expositions, visites, rencontres, ateliers, concerts, spectacles, animations et plus encore.\" \/>\n<meta property=\"og:url\" content=\"https:\/\/saisonsculturelleschaumont.fr\/mdxpuixt\/evenement\/conferences-du-mardi-3\/\" \/>\n<meta property=\"og:site_name\" content=\"Les Saisons Culturelles de Chaumont\" \/>\n<meta property=\"article:publisher\" content=\"https:\/\/www.facebook.com\/saisonsculturelleschaumont\/\" \/>\n<meta property=\"article:modified_time\" content=\"2020-02-10T14:41:06+00:00\" \/>\n<meta property=\"og:image\" content=\"https:\/\/saisonsculturelleschaumont.fr\/mdxpuixt\/wp-content\/uploads\/2020\/01\/F3B214B2-B6FD-4C19-B48B-0C3CA8F6B18E-2.jpeg\" \/>\n\t<meta property=\"og:image:width\" content=\"3264\" \/>\n\t<meta property=\"og:image:height\" content=\"2448\" \/>\n\t<meta property=\"og:image:type\" content=\"image\/jpeg\" \/>\n<meta name=\"twitter:card\" content=\"summary_large_image\" \/>\n<meta name=\"twitter:label1\" content=\"Dur\u00e9e de lecture estim\u00e9e\" \/>\n\t<meta name=\"twitter:data1\" content=\"1 minute\" \/>\n<script type=\"application\/ld+json\" class=\"yoast-schema-graph\">{\"@context\":\"https:\/\/schema.org\",\"@graph\":[{\"@type\":\"WebPage\",\"@id\":\"https:\/\/saisonsculturelleschaumont.fr\/mdxpuixt\/evenement\/conferences-du-mardi-3\/\",\"url\":\"https:\/\/saisonsculturelleschaumont.fr\/mdxpuixt\/evenement\/conferences-du-mardi-3\/\",\"name\":\"Conf\u00e9rences du mardi - Les Saisons Culturelles de Chaumont\",\"isPartOf\":{\"@id\":\"https:\/\/saisonsculturelleschaumont.fr\/mdxpuixt\/#website\"},\"datePublished\":\"2020-01-01T22:47:00+00:00\",\"dateModified\":\"2020-02-10T14:41:06+00:00\",\"description\":\"D\u00e9couvrez la programmation culturelle de la saison culturelle de la ville de Chaumont. Expositions, visites, rencontres, ateliers, concerts, spectacles, animations et plus encore.\",\"breadcrumb\":{\"@id\":\"https:\/\/saisonsculturelleschaumont.fr\/mdxpuixt\/evenement\/conferences-du-mardi-3\/#breadcrumb\"},\"inLanguage\":\"fr-FR\",\"potentialAction\":[{\"@type\":\"ReadAction\",\"target\":[\"https:\/\/saisonsculturelleschaumont.fr\/mdxpuixt\/evenement\/conferences-du-mardi-3\/\"]}]},{\"@type\":\"BreadcrumbList\",\"@id\":\"https:\/\/saisonsculturelleschaumont.fr\/mdxpuixt\/evenement\/conferences-du-mardi-3\/#breadcrumb\",\"itemListElement\":[{\"@type\":\"ListItem\",\"position\":1,\"name\":\"Accueil\",\"item\":\"https:\/\/saisonsculturelleschaumont.fr\/mdxpuixt\/\"},{\"@type\":\"ListItem\",\"position\":2,\"name\":\"\u00c9v\u00e8nements\",\"item\":\"https:\/\/saisonsculturelleschaumont.fr\/mdxpuixt\/agenda\/\"},{\"@type\":\"ListItem\",\"position\":3,\"name\":\"Conf\u00e9rences du mardi\"}]},{\"@type\":\"WebSite\",\"@id\":\"https:\/\/saisonsculturelleschaumont.fr\/mdxpuixt\/#website\",\"url\":\"https:\/\/saisonsculturelleschaumont.fr\/mdxpuixt\/\",\"name\":\"Les Saisons Culturelles de Chaumont\",\"description\":\"\",\"potentialAction\":[{\"@type\":\"SearchAction\",\"target\":{\"@type\":\"EntryPoint\",\"urlTemplate\":\"https:\/\/saisonsculturelleschaumont.fr\/mdxpuixt\/?s={search_term_string}\"},\"query-input\":\"required name=search_term_string\"}],\"inLanguage\":\"fr-FR\"}]}<\/script>\n<!-- \/ Yoast SEO plugin. -->","yoast_head_json":{"title":"Conf\u00e9rences du mardi - Les Saisons Culturelles de Chaumont","description":"D\u00e9couvrez la programmation culturelle de la saison culturelle de la ville de Chaumont. Expositions, visites, rencontres, ateliers, concerts, spectacles, animations et plus encore.","robots":{"index":"noindex","follow":"follow","max-snippet":"max-snippet:-1","max-image-preview":"max-image-preview:large","max-video-preview":"max-video-preview:-1"},"og_locale":"fr_FR","og_type":"article","og_title":"Conf\u00e9rences du mardi - Les Saisons Culturelles de Chaumont","og_description":"D\u00e9couvrez la programmation culturelle de la saison culturelle de la ville de Chaumont. Expositions, visites, rencontres, ateliers, concerts, spectacles, animations et plus encore.","og_url":"https:\/\/saisonsculturelleschaumont.fr\/mdxpuixt\/evenement\/conferences-du-mardi-3\/","og_site_name":"Les Saisons Culturelles de Chaumont","article_publisher":"https:\/\/www.facebook.com\/saisonsculturelleschaumont\/","article_modified_time":"2020-02-10T14:41:06+00:00","og_image":[{"width":3264,"height":2448,"url":"https:\/\/saisonsculturelleschaumont.fr\/mdxpuixt\/wp-content\/uploads\/2020\/01\/F3B214B2-B6FD-4C19-B48B-0C3CA8F6B18E-2.jpeg","type":"image\/jpeg"}],"twitter_card":"summary_large_image","twitter_misc":{"Dur\u00e9e de lecture estim\u00e9e":"1 minute"},"schema":{"@context":"https:\/\/schema.org","@graph":[{"@type":"WebPage","@id":"https:\/\/saisonsculturelleschaumont.fr\/mdxpuixt\/evenement\/conferences-du-mardi-3\/","url":"https:\/\/saisonsculturelleschaumont.fr\/mdxpuixt\/evenement\/conferences-du-mardi-3\/","name":"Conf\u00e9rences du mardi - Les Saisons Culturelles de Chaumont","isPartOf":{"@id":"https:\/\/saisonsculturelleschaumont.fr\/mdxpuixt\/#website"},"datePublished":"2020-01-01T22:47:00+00:00","dateModified":"2020-02-10T14:41:06+00:00","description":"D\u00e9couvrez la programmation culturelle de la saison culturelle de la ville de Chaumont. Expositions, visites, rencontres, ateliers, concerts, spectacles, animations et plus encore.","breadcrumb":{"@id":"https:\/\/saisonsculturelleschaumont.fr\/mdxpuixt\/evenement\/conferences-du-mardi-3\/#breadcrumb"},"inLanguage":"fr-FR","potentialAction":[{"@type":"ReadAction","target":["https:\/\/saisonsculturelleschaumont.fr\/mdxpuixt\/evenement\/conferences-du-mardi-3\/"]}]},{"@type":"BreadcrumbList","@id":"https:\/\/saisonsculturelleschaumont.fr\/mdxpuixt\/evenement\/conferences-du-mardi-3\/#breadcrumb","itemListElement":[{"@type":"ListItem","position":1,"name":"Accueil","item":"https:\/\/saisonsculturelleschaumont.fr\/mdxpuixt\/"},{"@type":"ListItem","position":2,"name":"\u00c9v\u00e8nements","item":"https:\/\/saisonsculturelleschaumont.fr\/mdxpuixt\/agenda\/"},{"@type":"ListItem","position":3,"name":"Conf\u00e9rences du mardi"}]},{"@type":"WebSite","@id":"https:\/\/saisonsculturelleschaumont.fr\/mdxpuixt\/#website","url":"https:\/\/saisonsculturelleschaumont.fr\/mdxpuixt\/","name":"Les Saisons Culturelles de Chaumont","description":"","potentialAction":[{"@type":"SearchAction","target":{"@type":"EntryPoint","urlTemplate":"https:\/\/saisonsculturelleschaumont.fr\/mdxpuixt\/?s={search_term_string}"},"query-input":"required name=search_term_string"}],"inLanguage":"fr-FR"}]}},"uagb_featured_image_src":{"full":["https:\/\/saisonsculturelleschaumont.fr\/mdxpuixt\/wp-content\/uploads\/2020\/01\/F3B214B2-B6FD-4C19-B48B-0C3CA8F6B18E-2.jpeg",3264,2448,false],"thumbnail":["https:\/\/saisonsculturelleschaumont.fr\/mdxpuixt\/wp-content\/uploads\/2020\/01\/F3B214B2-B6FD-4C19-B48B-0C3CA8F6B18E-2-80x80.jpeg",80,80,true],"medium":["https:\/\/saisonsculturelleschaumont.fr\/mdxpuixt\/wp-content\/uploads\/2020\/01\/F3B214B2-B6FD-4C19-B48B-0C3CA8F6B18E-2-300x300.jpeg",300,300,true],"medium_large":["https:\/\/saisonsculturelleschaumont.fr\/mdxpuixt\/wp-content\/uploads\/2020\/01\/F3B214B2-B6FD-4C19-B48B-0C3CA8F6B18E-2-768x768.jpeg",768,768,true],"large":["https:\/\/saisonsculturelleschaumont.fr\/mdxpuixt\/wp-content\/uploads\/2020\/01\/F3B214B2-B6FD-4C19-B48B-0C3CA8F6B18E-2-1030x1030.jpeg",1030,1030,true],"1536x1536":["https:\/\/saisonsculturelleschaumont.fr\/mdxpuixt\/wp-content\/uploads\/2020\/01\/F3B214B2-B6FD-4C19-B48B-0C3CA8F6B18E-2.jpeg",1536,1152,false],"2048x2048":["https:\/\/saisonsculturelleschaumont.fr\/mdxpuixt\/wp-content\/uploads\/2020\/01\/F3B214B2-B6FD-4C19-B48B-0C3CA8F6B18E-2.jpeg",2048,1536,false],"widget":["https:\/\/saisonsculturelleschaumont.fr\/mdxpuixt\/wp-content\/uploads\/2020\/01\/F3B214B2-B6FD-4C19-B48B-0C3CA8F6B18E-2-36x36.jpeg",36,36,true],"square":["https:\/\/saisonsculturelleschaumont.fr\/mdxpuixt\/wp-content\/uploads\/2020\/01\/F3B214B2-B6FD-4C19-B48B-0C3CA8F6B18E-2-180x180.jpeg",180,180,true],"featured":["https:\/\/saisonsculturelleschaumont.fr\/mdxpuixt\/wp-content\/uploads\/2020\/01\/F3B214B2-B6FD-4C19-B48B-0C3CA8F6B18E-2-1500x430.jpeg",1500,430,true],"featured_large":["https:\/\/saisonsculturelleschaumont.fr\/mdxpuixt\/wp-content\/uploads\/2020\/01\/F3B214B2-B6FD-4C19-B48B-0C3CA8F6B18E-2-1500x630.jpeg",1500,630,true],"extra_large":["https:\/\/saisonsculturelleschaumont.fr\/mdxpuixt\/wp-content\/uploads\/2020\/01\/F3B214B2-B6FD-4C19-B48B-0C3CA8F6B18E-2-1500x1125.jpeg",1500,1125,true],"portfolio":["https:\/\/saisonsculturelleschaumont.fr\/mdxpuixt\/wp-content\/uploads\/2020\/01\/F3B214B2-B6FD-4C19-B48B-0C3CA8F6B18E-2-495x400.jpeg",495,400,true],"portfolio_small":["https:\/\/saisonsculturelleschaumont.fr\/mdxpuixt\/wp-content\/uploads\/2020\/01\/F3B214B2-B6FD-4C19-B48B-0C3CA8F6B18E-2-260x185.jpeg",260,185,true],"gallery":["https:\/\/saisonsculturelleschaumont.fr\/mdxpuixt\/wp-content\/uploads\/2020\/01\/F3B214B2-B6FD-4C19-B48B-0C3CA8F6B18E-2-845x684.jpeg",845,684,true],"magazine":["https:\/\/saisonsculturelleschaumont.fr\/mdxpuixt\/wp-content\/uploads\/2020\/01\/F3B214B2-B6FD-4C19-B48B-0C3CA8F6B18E-2-710x375.jpeg",710,375,true],"masonry":["https:\/\/saisonsculturelleschaumont.fr\/mdxpuixt\/wp-content\/uploads\/2020\/01\/F3B214B2-B6FD-4C19-B48B-0C3CA8F6B18E-2-705x529.jpeg",705,529,true],"entry_with_sidebar":["https:\/\/saisonsculturelleschaumont.fr\/mdxpuixt\/wp-content\/uploads\/2020\/01\/F3B214B2-B6FD-4C19-B48B-0C3CA8F6B18E-2-845x321.jpeg",845,321,true],"entry_without_sidebar":["https:\/\/saisonsculturelleschaumont.fr\/mdxpuixt\/wp-content\/uploads\/2020\/01\/F3B214B2-B6FD-4C19-B48B-0C3CA8F6B18E-2-1210x423.jpeg",1210,423,true]},"uagb_author_info":{"display_name":"Justine Ansel","author_link":"https:\/\/saisonsculturelleschaumont.fr\/mdxpuixt\/author\/justine-ansel\/"},"uagb_comment_info":0,"uagb_excerpt":"Narcisse Berch\u00e8re et le paysage orientalisteDe l&rsquo;exp\u00e9rience du d\u00e9sert \u00e0 la nostalgie du CairePar Thomas Crosnier, charg\u00e9 des collections au Mus\u00e9e intercommunal d&rsquo;EtampesDans le nouvel accrochage des peintures du Mus\u00e9e [&hellip;]","_links":{"self":[{"href":"https:\/\/saisonsculturelleschaumont.fr\/mdxpuixt\/wp-json\/wp\/v2\/tribe_events\/4576"}],"collection":[{"href":"https:\/\/saisonsculturelleschaumont.fr\/mdxpuixt\/wp-json\/wp\/v2\/tribe_events"}],"about":[{"href":"https:\/\/saisonsculturelleschaumont.fr\/mdxpuixt\/wp-json\/wp\/v2\/types\/tribe_events"}],"author":[{"embeddable":true,"href":"https:\/\/saisonsculturelleschaumont.fr\/mdxpuixt\/wp-json\/wp\/v2\/users\/3"}],"replies":[{"embeddable":true,"href":"https:\/\/saisonsculturelleschaumont.fr\/mdxpuixt\/wp-json\/wp\/v2\/comments?post=4576"}],"version-history":[{"count":0,"href":"https:\/\/saisonsculturelleschaumont.fr\/mdxpuixt\/wp-json\/wp\/v2\/tribe_events\/4576\/revisions"}],"wp:featuredmedia":[{"embeddable":true,"href":"https:\/\/saisonsculturelleschaumont.fr\/mdxpuixt\/wp-json\/wp\/v2\/media\/4577"}],"wp:attachment":[{"href":"https:\/\/saisonsculturelleschaumont.fr\/mdxpuixt\/wp-json\/wp\/v2\/media?parent=4576"}],"wp:term":[{"taxonomy":"post_tag","embeddable":true,"href":"https:\/\/saisonsculturelleschaumont.fr\/mdxpuixt\/wp-json\/wp\/v2\/tags?post=4576"},{"taxonomy":"tribe_events_cat","embeddable":true,"href":"https:\/\/saisonsculturelleschaumont.fr\/mdxpuixt\/wp-json\/wp\/v2\/tribe_events_cat?post=4576"}],"curies":[{"name":"wp","href":"https:\/\/api.w.org\/{rel}","templated":true}]}}