{"id":4726,"date":"2019-08-01T08:23:31","date_gmt":"2019-08-01T06:23:31","guid":{"rendered":"https:\/\/staging.saisonsculturelleschaumont.fr\/?post_type=tribe_events&#038;p=4726"},"modified":"2020-02-11T20:58:01","modified_gmt":"2020-02-11T19:58:01","slug":"visite-guidee-le-tour-de-loeuvre","status":"publish","type":"tribe_events","link":"https:\/\/saisonsculturelleschaumont.fr\/mdxpuixt\/evenement\/visite-guidee-le-tour-de-loeuvre\/","title":{"rendered":"Visite guid\u00e9e \u2013 Le Tour de l\u2019oeuvre"},"content":{"rendered":"<p><strong>\u00c9l\u00e9ments de retable allemand<\/strong><\/p>\n<p>Les Mus\u00e9es\u00a0de Chaumont proposent un rendez-vous intitul\u00e9 \u00ab\u00a0Le Tour de l\u2019\u0153uvre\u00a0\u00bb. Tous les deux mois, il s\u2019agit de d\u00e9couvrir en d\u00e9tail une \u0153uvre ou un objet d\u2019art. La premi\u00e8re s\u00e9ance de la saison mettra \u00e0 l\u2019honneur des \u00e9l\u00e9ments de retable polychrom\u00e9s provenant d\u2019Allemagne et datant de la fin du Moyen-Age. Les reliefs, issus de la collection Jacquinot, sont tr\u00e8s certainement constitutifs d\u2019un m\u00eame retable dont le th\u00e8me serait la Vie de la Vierge.<\/p>\n<p>Dur\u00e9e\u00a0: 45 min<\/p>\n<p>Tarif\u00a0: 3 euros par adulte, 2 euros par enfant<\/p>\n<p>Places limit\u00e9es<\/p>\n","protected":false},"excerpt":{"rendered":"<p>\u00c9l\u00e9ments de retable allemand Les Mus\u00e9es\u00a0de Chaumont proposent un rendez-vous intitul\u00e9 \u00ab\u00a0Le Tour de l\u2019\u0153uvre\u00a0\u00bb. Tous les deux mois, il s\u2019agit de d\u00e9couvrir en d\u00e9tail une \u0153uvre ou un objet [&hellip;]<\/p>\n","protected":false},"author":3,"featured_media":3878,"comment_status":"open","ping_status":"closed","template":"","meta":{"_uag_custom_page_level_css":"","_tribe_events_status":"","_tribe_events_status_reason":""},"tags":[115,85,113,131],"tribe_events_cat":[42],"yoast_head":"<!-- This site is optimized with the Yoast SEO plugin v21.1 - https:\/\/yoast.com\/wordpress\/plugins\/seo\/ -->\n<title>Visite guid\u00e9e \u2013 Le Tour de l\u2019oeuvre - Les Saisons Culturelles de Chaumont<\/title>\n<meta name=\"description\" content=\"D\u00e9couvrez la programmation culturelle de la saison culturelle de la ville de Chaumont. Expositions, visites, rencontres, ateliers, concerts, spectacles, animations et plus encore.\" \/>\n<meta name=\"robots\" content=\"noindex, follow, max-snippet:-1, max-image-preview:large, max-video-preview:-1\" \/>\n<meta property=\"og:locale\" content=\"fr_FR\" \/>\n<meta property=\"og:type\" content=\"article\" \/>\n<meta property=\"og:title\" content=\"Visite guid\u00e9e \u2013 Le Tour de l\u2019oeuvre - Les Saisons Culturelles de Chaumont\" \/>\n<meta property=\"og:description\" content=\"D\u00e9couvrez la programmation culturelle de la saison culturelle de la ville de Chaumont. Expositions, visites, rencontres, ateliers, concerts, spectacles, animations et plus encore.\" \/>\n<meta property=\"og:url\" content=\"https:\/\/saisonsculturelleschaumont.fr\/mdxpuixt\/evenement\/visite-guidee-le-tour-de-loeuvre\/\" \/>\n<meta property=\"og:site_name\" content=\"Les Saisons Culturelles de Chaumont\" \/>\n<meta property=\"article:publisher\" content=\"https:\/\/www.facebook.com\/saisonsculturelleschaumont\/\" \/>\n<meta property=\"article:modified_time\" content=\"2020-02-11T19:58:01+00:00\" \/>\n<meta property=\"og:image\" content=\"https:\/\/saisonsculturelleschaumont.fr\/mdxpuixt\/wp-content\/uploads\/2019\/08\/fond-mus\u00e9e.jpg\" \/>\n\t<meta property=\"og:image:width\" content=\"600\" \/>\n\t<meta property=\"og:image:height\" content=\"465\" \/>\n\t<meta property=\"og:image:type\" content=\"image\/jpeg\" \/>\n<meta name=\"twitter:card\" content=\"summary_large_image\" \/>\n<meta name=\"twitter:label1\" content=\"Dur\u00e9e de lecture estim\u00e9e\" \/>\n\t<meta name=\"twitter:data1\" content=\"1 minute\" \/>\n<script type=\"application\/ld+json\" class=\"yoast-schema-graph\">{\"@context\":\"https:\/\/schema.org\",\"@graph\":[{\"@type\":\"WebPage\",\"@id\":\"https:\/\/saisonsculturelleschaumont.fr\/mdxpuixt\/evenement\/visite-guidee-le-tour-de-loeuvre\/\",\"url\":\"https:\/\/saisonsculturelleschaumont.fr\/mdxpuixt\/evenement\/visite-guidee-le-tour-de-loeuvre\/\",\"name\":\"Visite guid\u00e9e \u2013 Le Tour de l\u2019oeuvre - Les Saisons Culturelles de Chaumont\",\"isPartOf\":{\"@id\":\"https:\/\/saisonsculturelleschaumont.fr\/mdxpuixt\/#website\"},\"datePublished\":\"2019-08-01T06:23:31+00:00\",\"dateModified\":\"2020-02-11T19:58:01+00:00\",\"description\":\"D\u00e9couvrez la programmation culturelle de la saison culturelle de la ville de Chaumont. Expositions, visites, rencontres, ateliers, concerts, spectacles, animations et plus encore.\",\"breadcrumb\":{\"@id\":\"https:\/\/saisonsculturelleschaumont.fr\/mdxpuixt\/evenement\/visite-guidee-le-tour-de-loeuvre\/#breadcrumb\"},\"inLanguage\":\"fr-FR\",\"potentialAction\":[{\"@type\":\"ReadAction\",\"target\":[\"https:\/\/saisonsculturelleschaumont.fr\/mdxpuixt\/evenement\/visite-guidee-le-tour-de-loeuvre\/\"]}]},{\"@type\":\"BreadcrumbList\",\"@id\":\"https:\/\/saisonsculturelleschaumont.fr\/mdxpuixt\/evenement\/visite-guidee-le-tour-de-loeuvre\/#breadcrumb\",\"itemListElement\":[{\"@type\":\"ListItem\",\"position\":1,\"name\":\"Accueil\",\"item\":\"https:\/\/saisonsculturelleschaumont.fr\/mdxpuixt\/\"},{\"@type\":\"ListItem\",\"position\":2,\"name\":\"\u00c9v\u00e8nements\",\"item\":\"https:\/\/saisonsculturelleschaumont.fr\/mdxpuixt\/agenda\/\"},{\"@type\":\"ListItem\",\"position\":3,\"name\":\"Visite guid\u00e9e \u2013 Le Tour de l\u2019oeuvre\"}]},{\"@type\":\"WebSite\",\"@id\":\"https:\/\/saisonsculturelleschaumont.fr\/mdxpuixt\/#website\",\"url\":\"https:\/\/saisonsculturelleschaumont.fr\/mdxpuixt\/\",\"name\":\"Les Saisons Culturelles de Chaumont\",\"description\":\"\",\"potentialAction\":[{\"@type\":\"SearchAction\",\"target\":{\"@type\":\"EntryPoint\",\"urlTemplate\":\"https:\/\/saisonsculturelleschaumont.fr\/mdxpuixt\/?s={search_term_string}\"},\"query-input\":\"required name=search_term_string\"}],\"inLanguage\":\"fr-FR\"}]}<\/script>\n<!-- \/ Yoast SEO plugin. -->","yoast_head_json":{"title":"Visite guid\u00e9e \u2013 Le Tour de l\u2019oeuvre - Les Saisons Culturelles de Chaumont","description":"D\u00e9couvrez la programmation culturelle de la saison culturelle de la ville de Chaumont. Expositions, visites, rencontres, ateliers, concerts, spectacles, animations et plus encore.","robots":{"index":"noindex","follow":"follow","max-snippet":"max-snippet:-1","max-image-preview":"max-image-preview:large","max-video-preview":"max-video-preview:-1"},"og_locale":"fr_FR","og_type":"article","og_title":"Visite guid\u00e9e \u2013 Le Tour de l\u2019oeuvre - Les Saisons Culturelles de Chaumont","og_description":"D\u00e9couvrez la programmation culturelle de la saison culturelle de la ville de Chaumont. Expositions, visites, rencontres, ateliers, concerts, spectacles, animations et plus encore.","og_url":"https:\/\/saisonsculturelleschaumont.fr\/mdxpuixt\/evenement\/visite-guidee-le-tour-de-loeuvre\/","og_site_name":"Les Saisons Culturelles de Chaumont","article_publisher":"https:\/\/www.facebook.com\/saisonsculturelleschaumont\/","article_modified_time":"2020-02-11T19:58:01+00:00","og_image":[{"width":600,"height":465,"url":"https:\/\/saisonsculturelleschaumont.fr\/mdxpuixt\/wp-content\/uploads\/2019\/08\/fond-mus\u00e9e.jpg","type":"image\/jpeg"}],"twitter_card":"summary_large_image","twitter_misc":{"Dur\u00e9e de lecture estim\u00e9e":"1 minute"},"schema":{"@context":"https:\/\/schema.org","@graph":[{"@type":"WebPage","@id":"https:\/\/saisonsculturelleschaumont.fr\/mdxpuixt\/evenement\/visite-guidee-le-tour-de-loeuvre\/","url":"https:\/\/saisonsculturelleschaumont.fr\/mdxpuixt\/evenement\/visite-guidee-le-tour-de-loeuvre\/","name":"Visite guid\u00e9e \u2013 Le Tour de l\u2019oeuvre - Les Saisons Culturelles de Chaumont","isPartOf":{"@id":"https:\/\/saisonsculturelleschaumont.fr\/mdxpuixt\/#website"},"datePublished":"2019-08-01T06:23:31+00:00","dateModified":"2020-02-11T19:58:01+00:00","description":"D\u00e9couvrez la programmation culturelle de la saison culturelle de la ville de Chaumont. Expositions, visites, rencontres, ateliers, concerts, spectacles, animations et plus encore.","breadcrumb":{"@id":"https:\/\/saisonsculturelleschaumont.fr\/mdxpuixt\/evenement\/visite-guidee-le-tour-de-loeuvre\/#breadcrumb"},"inLanguage":"fr-FR","potentialAction":[{"@type":"ReadAction","target":["https:\/\/saisonsculturelleschaumont.fr\/mdxpuixt\/evenement\/visite-guidee-le-tour-de-loeuvre\/"]}]},{"@type":"BreadcrumbList","@id":"https:\/\/saisonsculturelleschaumont.fr\/mdxpuixt\/evenement\/visite-guidee-le-tour-de-loeuvre\/#breadcrumb","itemListElement":[{"@type":"ListItem","position":1,"name":"Accueil","item":"https:\/\/saisonsculturelleschaumont.fr\/mdxpuixt\/"},{"@type":"ListItem","position":2,"name":"\u00c9v\u00e8nements","item":"https:\/\/saisonsculturelleschaumont.fr\/mdxpuixt\/agenda\/"},{"@type":"ListItem","position":3,"name":"Visite guid\u00e9e \u2013 Le Tour de l\u2019oeuvre"}]},{"@type":"WebSite","@id":"https:\/\/saisonsculturelleschaumont.fr\/mdxpuixt\/#website","url":"https:\/\/saisonsculturelleschaumont.fr\/mdxpuixt\/","name":"Les Saisons Culturelles de Chaumont","description":"","potentialAction":[{"@type":"SearchAction","target":{"@type":"EntryPoint","urlTemplate":"https:\/\/saisonsculturelleschaumont.fr\/mdxpuixt\/?s={search_term_string}"},"query-input":"required name=search_term_string"}],"inLanguage":"fr-FR"}]}},"uagb_featured_image_src":{"full":["https:\/\/saisonsculturelleschaumont.fr\/mdxpuixt\/wp-content\/uploads\/2019\/08\/fond-mus\u00e9e.jpg",600,465,false],"thumbnail":["https:\/\/saisonsculturelleschaumont.fr\/mdxpuixt\/wp-content\/uploads\/2019\/08\/fond-mus\u00e9e-80x80.jpg",80,80,true],"medium":["https:\/\/saisonsculturelleschaumont.fr\/mdxpuixt\/wp-content\/uploads\/2019\/08\/fond-mus\u00e9e-300x300.jpg",300,300,true],"medium_large":["https:\/\/saisonsculturelleschaumont.fr\/mdxpuixt\/wp-content\/uploads\/2019\/08\/fond-mus\u00e9e.jpg",600,465,false],"large":["https:\/\/saisonsculturelleschaumont.fr\/mdxpuixt\/wp-content\/uploads\/2019\/08\/fond-mus\u00e9e.jpg",600,465,false],"1536x1536":["https:\/\/saisonsculturelleschaumont.fr\/mdxpuixt\/wp-content\/uploads\/2019\/08\/fond-mus\u00e9e.jpg",600,465,false],"2048x2048":["https:\/\/saisonsculturelleschaumont.fr\/mdxpuixt\/wp-content\/uploads\/2019\/08\/fond-mus\u00e9e.jpg",600,465,false],"widget":["https:\/\/saisonsculturelleschaumont.fr\/mdxpuixt\/wp-content\/uploads\/2019\/08\/fond-mus\u00e9e-36x36.jpg",36,36,true],"square":["https:\/\/saisonsculturelleschaumont.fr\/mdxpuixt\/wp-content\/uploads\/2019\/08\/fond-mus\u00e9e-180x180.jpg",180,180,true],"featured":["https:\/\/saisonsculturelleschaumont.fr\/mdxpuixt\/wp-content\/uploads\/2019\/08\/fond-mus\u00e9e-600x430.jpg",600,430,true],"featured_large":["https:\/\/saisonsculturelleschaumont.fr\/mdxpuixt\/wp-content\/uploads\/2019\/08\/fond-mus\u00e9e.jpg",600,465,false],"extra_large":["https:\/\/saisonsculturelleschaumont.fr\/mdxpuixt\/wp-content\/uploads\/2019\/08\/fond-mus\u00e9e.jpg",600,465,false],"portfolio":["https:\/\/saisonsculturelleschaumont.fr\/mdxpuixt\/wp-content\/uploads\/2019\/08\/fond-mus\u00e9e-495x400.jpg",495,400,true],"portfolio_small":["https:\/\/saisonsculturelleschaumont.fr\/mdxpuixt\/wp-content\/uploads\/2019\/08\/fond-mus\u00e9e-260x185.jpg",260,185,true],"gallery":["https:\/\/saisonsculturelleschaumont.fr\/mdxpuixt\/wp-content\/uploads\/2019\/08\/fond-mus\u00e9e.jpg",600,465,false],"magazine":["https:\/\/saisonsculturelleschaumont.fr\/mdxpuixt\/wp-content\/uploads\/2019\/08\/fond-mus\u00e9e-600x375.jpg",600,375,true],"masonry":["https:\/\/saisonsculturelleschaumont.fr\/mdxpuixt\/wp-content\/uploads\/2019\/08\/fond-mus\u00e9e.jpg",600,465,false],"entry_with_sidebar":["https:\/\/saisonsculturelleschaumont.fr\/mdxpuixt\/wp-content\/uploads\/2019\/08\/fond-mus\u00e9e-600x321.jpg",600,321,true],"entry_without_sidebar":["https:\/\/saisonsculturelleschaumont.fr\/mdxpuixt\/wp-content\/uploads\/2019\/08\/fond-mus\u00e9e-600x423.jpg",600,423,true]},"uagb_author_info":{"display_name":"Justine Ansel","author_link":"https:\/\/saisonsculturelleschaumont.fr\/mdxpuixt\/author\/justine-ansel\/"},"uagb_comment_info":0,"uagb_excerpt":"\u00c9l\u00e9ments de retable allemand Les Mus\u00e9es\u00a0de Chaumont proposent un rendez-vous intitul\u00e9 \u00ab\u00a0Le Tour de l\u2019\u0153uvre\u00a0\u00bb. Tous les deux mois, il s\u2019agit de d\u00e9couvrir en d\u00e9tail une \u0153uvre ou un objet [&hellip;]","_links":{"self":[{"href":"https:\/\/saisonsculturelleschaumont.fr\/mdxpuixt\/wp-json\/wp\/v2\/tribe_events\/4726"}],"collection":[{"href":"https:\/\/saisonsculturelleschaumont.fr\/mdxpuixt\/wp-json\/wp\/v2\/tribe_events"}],"about":[{"href":"https:\/\/saisonsculturelleschaumont.fr\/mdxpuixt\/wp-json\/wp\/v2\/types\/tribe_events"}],"author":[{"embeddable":true,"href":"https:\/\/saisonsculturelleschaumont.fr\/mdxpuixt\/wp-json\/wp\/v2\/users\/3"}],"replies":[{"embeddable":true,"href":"https:\/\/saisonsculturelleschaumont.fr\/mdxpuixt\/wp-json\/wp\/v2\/comments?post=4726"}],"version-history":[{"count":0,"href":"https:\/\/saisonsculturelleschaumont.fr\/mdxpuixt\/wp-json\/wp\/v2\/tribe_events\/4726\/revisions"}],"wp:featuredmedia":[{"embeddable":true,"href":"https:\/\/saisonsculturelleschaumont.fr\/mdxpuixt\/wp-json\/wp\/v2\/media\/3878"}],"wp:attachment":[{"href":"https:\/\/saisonsculturelleschaumont.fr\/mdxpuixt\/wp-json\/wp\/v2\/media?parent=4726"}],"wp:term":[{"taxonomy":"post_tag","embeddable":true,"href":"https:\/\/saisonsculturelleschaumont.fr\/mdxpuixt\/wp-json\/wp\/v2\/tags?post=4726"},{"taxonomy":"tribe_events_cat","embeddable":true,"href":"https:\/\/saisonsculturelleschaumont.fr\/mdxpuixt\/wp-json\/wp\/v2\/tribe_events_cat?post=4726"}],"curies":[{"name":"wp","href":"https:\/\/api.w.org\/{rel}","templated":true}]}}